{"id":2518,"date":"2025-04-18T15:03:09","date_gmt":"2025-04-18T15:03:09","guid":{"rendered":"https:\/\/www.vap-camping.fr\/campings\/complexe-des-oustalous\/"},"modified":"2026-02-26T09:16:16","modified_gmt":"2026-02-26T09:16:16","slug":"complexe-des-oustalous","status":"publish","type":"campings","link":"https:\/\/www.vap-camping.fr\/de\/campings\/complexe-des-oustalous\/","title":{"rendered":"Oustalous-Komplex"},"content":{"rendered":"\n<div class=\"wp-block-group alignfull is-layout-flow wp-container-core-group-is-layout-8af317cd wp-block-group-is-layout-flow\">\n<div class=\"wp-block-group hero-camp fromOpacity is-layout-flow wp-block-group-is-layout-flow\" style=\"margin-bottom:20rem\">\n<div class=\"wp-block-group alignfull hero-img is-layout-flow wp-block-group-is-layout-flow\">\n<figure class=\"wp-block-image size-full\"><img alt=\"\" decoding=\"async\" width=\"2016\" height=\"1512\" src=\"https:\/\/www.vap-camping.fr\/wp-content\/uploads\/2025\/04\/piscine.jpg\" alt=\"\" class=\"wp-image-2045\" srcset=\"https:\/\/www.vap-camping.fr\/wp-content\/uploads\/2025\/04\/piscine.jpg 2016w, https:\/\/www.vap-camping.fr\/wp-content\/uploads\/2025\/04\/piscine-600x450.jpg 600w, https:\/\/www.vap-camping.fr\/wp-content\/uploads\/2025\/04\/piscine-1024x768.jpg 1024w, https:\/\/www.vap-camping.fr\/wp-content\/uploads\/2025\/04\/piscine-768x576.jpg 768w, https:\/\/www.vap-camping.fr\/wp-content\/uploads\/2025\/04\/piscine-1536x1152.jpg 1536w\" sizes=\"(max-width: 2016px) 100vw, 2016px\" \/><\/figure>\n<\/div>\n\n\n\n<div class=\"wp-block-group hero-desc has-secondary-background-color has-background is-layout-flow wp-block-group-is-layout-flow\" style=\"border-top-right-radius:90px;border-bottom-right-radius:90px;padding-top:2rem;padding-bottom:2rem;padding-left:5rem\"><h1 style=\"font-size:clamp(3.037rem, 3.037rem + ((1vw - 0.2rem) * 4.018), 6rem);\" class=\"has-link-color wp-elements-971196805a816ee349c8ae4f34a1c7a7 wp-block-post-title has-text-color has-white-color has-secondary-font-family\">Oustalous-Komplex<\/h1>\n\n\n<div class=\"wp-block-group is-nowrap is-layout-flex wp-container-core-group-is-layout-3b4e9d3e wp-block-group-is-layout-flex\">\n<p class=\"has-white-color has-text-color has-link-color has-sm-font-size wp-elements-cf308c57fa99bf3c099816d564ec8adb\" style=\"font-style:normal;font-weight:500;text-transform:uppercase\">Unterkunft<\/p>\n\n\n\n<p class=\"has-white-color has-text-color has-link-color has-sm-font-size wp-elements-59d236b5b779bc8dab4fa9fc14244dfb\" style=\"font-style:normal;font-weight:500;text-transform:uppercase\">&#8211; Ari\u00e8ge &#8211; Les Cabannes<\/p>\n<\/div>\n<\/div>\n<\/div>\n\n\n\n<div class=\"wp-block-group has-global-padding is-layout-constrained wp-container-core-group-is-layout-4f9f0532 wp-block-group-is-layout-constrained\">\n<div class=\"wp-block-columns are-vertically-aligned-top m-ti is-layout-flex wp-container-core-columns-is-layout-c4788e2e wp-block-columns-is-layout-flex\">\n<div class=\"wp-block-column is-vertically-aligned-top m-ti-text-camp is-layout-flow wp-container-core-column-is-layout-58dbe9e9 wp-block-column-is-layout-flow\" style=\"padding-left:10rem;flex-basis:60%\">\n<div class=\"wp-block-group is-style-title-left fromOpacity is-layout-flow wp-block-group-is-layout-flow is-style-title-left--1\">\n<p class=\"has-secondary-color has-text-color has-link-color has-secondary-font-family has-xl-font-size wp-elements-26ce745ddf7f1783fb4930532dbf5034\">\n  Willkommen bei<\/p>\n\n\n\n<p class=\"has-primary-color has-text-color has-link-color has-primary-font-family has-sm-font-size wp-elements-b79e402bd8156386912a768f77b4dcff\" style=\"text-transform:uppercase\"><strong>im Complex des Oustalous in den Pyren\u00e4en<\/strong><\/p>\n<\/div>\n\n\n\n<h2 class=\"wp-block-heading text-title\">Treffen Sie sich in einer Etappen- und Gruppenunterkunft in der Ari\u00e8ge in einer au\u00dfergew\u00f6hnlichen Umgebung!<\/h2>\n\n\n\n<p class=\"has-link-color has-m-font-size wp-elements-e997c97ba60a8e212633af7ea89c1ef2\" style=\"padding-left:2rem\">Willkommen im Complexe Les Oustalous, einer Etappen- und Gruppenunterkunft in einer au\u00dfergew\u00f6hnlichen Umgebung, am Fu\u00dfe des Plateau de Beille, im charmanten Dorf Les Cabannes. Hier finden Sie alles, was Sie f\u00fcr einen angenehmen Aufenthalt brauchen: Restaurants, Lebensmittelgesch\u00e4ft, Tabakladen, Postamt, Tankstelle, Schwimmbad und viele andere Dienstleistungen, die zur Belebung dieses dynamischen Dorfes in der Haute-Ari\u00e8ge beitragen. Es liegt uns am Herzen, Ihnen eine Unterkunft anzubieten, die Ihren W\u00fcnschen entspricht. Es gibt f\u00fcnf verschiedene Arten von Unterk\u00fcnften, die alle auf die Bed\u00fcrfnisse von Alleinreisenden, Familien oder Gruppen zugeschnitten sind. Erleben Sie einen unvergesslichen Aufenthalt in unserem Haus. <strong><a href=\"https:\/\/www.vap-camping.fr\/de\/\" data-type=\"page\" data-id=\"128\">Ferienhaus im Herzen der Pyren\u00e4en Ari\u00e9geoises.<\/a><\/strong>Der Urlaub in den Pyren\u00e4en ist ein unvergessliches Erlebnis zwischen Natur, Sport und Entspannung.   <\/p>\n<\/div>\n\n\n\n<div class=\"wp-block-column is-vertically-aligned-top wp-block-image alignright size-large has-custom-border camping-info-desc m-ti-text is-layout-flow wp-block-column-is-layout-flow\" style=\"flex-basis:40%\">\n<div class=\"wp-block-group animBase is-vertical is-content-justification-stretch is-layout-flex wp-container-core-group-is-layout-353c4f5a wp-block-group-is-layout-flex\">\n<div class=\"wp-block-group is-style-title-splash is-layout-flow wp-block-group-is-layout-flow is-style-title-splash--2\" style=\"margin-bottom:4rem\">\n<p class=\"has-secondary-color has-text-color has-link-color has-secondary-font-family wp-elements-6e473b9e6cfe9d64b46efa9099f032bd\" style=\"font-size:clamp(3.195rem, 3.195rem + ((1vw - 0.2rem) * 4.346), 6.4rem);\">Allgemeine Informationen<\/p>\n<\/div>\n\n\n\n<div class=\"wp-block-group has-grey-background-color has-background animItem is-nowrap is-layout-flex wp-container-core-group-is-layout-f89dbd13 wp-block-group-is-layout-flex\" style=\"border-top-right-radius:40px;border-bottom-right-radius:40px;padding-top:2rem;padding-right:1rem;padding-bottom:2rem;padding-left:3rem\">\n<figure class=\"wp-block-image size-full\"><img decoding=\"async\" src=\"https:\/\/www.vap-camping.fr\/wp-content\/themes\/vap\/assets\/img\/svg\/calendar.svg\" alt=\"Campingpl\u00e4tze VAP\" class=\"wp-image-430\"\/><\/figure>\n\n\n<p style=\"font-style:normal;font-weight:500\">Das ganze Jahr \u00fcber ge\u00f6ffnet<\/p><\/div>\n\n\n\n<div class=\"wp-block-group animItem is-content-justification-left is-nowrap is-layout-flex wp-container-core-group-is-layout-82550dec wp-block-group-is-layout-flex\" style=\"padding-top:2rem;padding-right:1rem;padding-bottom:2rem;padding-left:3rem\">\n<figure class=\"wp-block-image size-full\"><img decoding=\"async\" src=\"https:\/\/www.vap-camping.fr\/wp-content\/themes\/vap\/assets\/img\/svg\/house-chimney-window.svg\" alt=\"Campingpl\u00e4tze VAP\" class=\"wp-image-433\"\/><\/figure>\n\n\n<p style=\"font-style:normal;font-weight:500\">240 Personen<\/p><\/div>\n\n\n\n<div class=\"wp-block-group has-grey-background-color has-background animItem is-nowrap is-layout-flex wp-container-core-group-is-layout-f89dbd13 wp-block-group-is-layout-flex\" style=\"border-top-right-radius:40px;border-bottom-right-radius:40px;padding-top:2rem;padding-right:1rem;padding-bottom:2rem;padding-left:3rem\">\n<figure class=\"wp-block-image size-full\"><img decoding=\"async\" src=\"https:\/\/www.vap-camping.fr\/wp-content\/themes\/vap\/assets\/img\/svg\/location-dot.svg\" alt=\"Campingpl\u00e4tze VAP\" class=\"wp-image-437\"\/><\/figure>\n\n\n<p style=\"font-style:normal;font-weight:500\">Chemin de Nazebe, 09310 Les Cabannes<\/p><\/div>\n\n\n\n<div class=\"wp-block-group animItem is-nowrap is-layout-flex wp-container-core-group-is-layout-f89dbd13 wp-block-group-is-layout-flex\" style=\"border-top-right-radius:40px;border-bottom-right-radius:40px;padding-top:2rem;padding-right:1rem;padding-bottom:2rem;padding-left:3rem\">\n<figure class=\"wp-block-image size-full\"><img decoding=\"async\" src=\"https:\/\/www.vap-camping.fr\/wp-content\/themes\/vap\/assets\/img\/svg\/location-dot.svg\" alt=\"Campingpl\u00e4tze VAP\" class=\"wp-image-437\"\/><\/figure>\n\n\n\n<p class=\"has-secondary-color has-text-color has-link-color wp-elements-801e284aa8c7b9503f2f88da392b3c6c\" style=\"font-style:normal;font-weight:500\"><a href=\"https:\/\/www.google.com\/maps\/dir\/\/Nazebe,+09310+Les+Cabannes\/@42.7876923,1.6764993,15z\/data=!4m8!4m7!1m0!1m5!1m1!1s0x12af7211f4b96df1:0xeb7693ee1da52b23!2m2!1d1.686799!2d42.787677?entry=ttu&amp;g_ep=EgoyMDI1MDUyMS4wIKXMDSoASAFQAw%3D%3D\" data-type=\"page\" data-id=\"226\" target=\"_blank\" rel=\"noreferrer noopener\">Route<\/a><\/p>\n<\/div>\n\n\n\n<div class=\"wp-block-group has-grey-background-color has-background animItem is-content-justification-left is-nowrap is-layout-flex wp-container-core-group-is-layout-82550dec wp-block-group-is-layout-flex\" style=\"border-top-right-radius:40px;border-bottom-right-radius:40px;padding-top:2rem;padding-right:1rem;padding-bottom:2rem;padding-left:3rem\">\n<figure class=\"wp-block-image size-full\"><img decoding=\"async\" src=\"https:\/\/www.vap-camping.fr\/wp-content\/themes\/vap\/assets\/img\/svg\/phone.svg\" alt=\"Campingpl\u00e4tze VAP\" class=\"wp-image-439\"\/><\/figure>\n\n\n\n<a href=\"tel:0000000000\" target=\"_self\"><div class=\"wp-block-group has-global-padding is-layout-constrained wp-block-group-is-layout-constrained\">\n<p style=\"font-style:normal;font-weight:500\"><a href=\"tel:0561649540\">0561649540<\/a><\/p>\n<\/div><\/a>\n<\/div>\n\n\n\n<div class=\"wp-block-group animItem is-content-justification-left is-nowrap is-layout-flex wp-container-core-group-is-layout-82550dec wp-block-group-is-layout-flex\" style=\"border-top-right-radius:40px;border-bottom-right-radius:40px;padding-top:2rem;padding-right:1rem;padding-bottom:2rem;padding-left:3rem\">\n<figure class=\"wp-block-image size-full\"><img decoding=\"async\" src=\"https:\/\/www.vap-camping.fr\/wp-content\/themes\/vap\/assets\/img\/svg\/envelope.svg\" alt=\"Campingpl\u00e4tze VAP\" class=\"wp-image-441\"\/><\/figure>\n\n\n\n<a href=\"mailto:mail@mail.com\" target=\"_self\"><div class=\"wp-block-group has-global-padding is-layout-constrained wp-block-group-is-layout-constrained\">\n<p style=\"font-style:normal;font-weight:500\"><a href=\"mailto:lesoustalous@orange.fr\">lesoustalous@orange.fr<\/a><\/p>\n<\/div><\/a>\n<\/div>\n\n\n\n<div class=\"wp-block-group has-grey-background-color has-background animItem is-content-justification-space-between is-nowrap is-layout-flex wp-container-core-group-is-layout-866cca21 wp-block-group-is-layout-flex\" style=\"border-top-right-radius:40px;border-bottom-right-radius:40px;padding-top:2rem;padding-right:1rem;padding-bottom:2rem;padding-left:3rem\">\n<div class=\"wp-block-group is-content-justification-left is-nowrap is-layout-flex wp-container-core-group-is-layout-af23f760 wp-block-group-is-layout-flex\">\n<p style=\"font-style:normal;font-weight:500\">Leistungen vor Ort :<\/p>\n\n\n\n<figure class=\"wp-block-image size-full is-resized\"><img alt=\"wifi\" decoding=\"async\" src=\"https:\/\/www.vap-camping.fr\/wp-content\/uploads\/2025\/04\/wifi-ico.svg\" alt=\"\" class=\"wp-image-97\" style=\"width:23px\" title=\"Wifi\"\/><\/figure>\n\n\n\n<figure class=\"wp-block-image size-full is-resized\"><img alt=\"piscine\" decoding=\"async\" src=\"https:\/\/www.vap-camping.fr\/wp-content\/uploads\/2025\/04\/water-ladder-ico.svg\" alt=\"\" class=\"wp-image-99\" style=\"width:23px\" title=\"Swimmingpool\"\/><\/figure>\n\n\n\n<figure class=\"wp-block-image size-full is-resized\"><img alt=\"\" decoding=\"async\" src=\"https:\/\/www.vap-camping.fr\/wp-content\/uploads\/2025\/04\/dice-solid.svg\" alt=\"\" class=\"wp-image-333\" style=\"width:23px\" title=\"Spiele\"\/><\/figure>\n\n\n\n<figure class=\"wp-block-image size-full is-resized\"><img alt=\"ping-pong\" decoding=\"async\" src=\"https:\/\/www.vap-camping.fr\/wp-content\/uploads\/2025\/04\/table-tennis-paddle-ball.svg\" alt=\"\" class=\"wp-image-92\" style=\"width:23px\" title=\"Spiele im Freien\"\/><\/figure>\n<\/div>\n<\/div>\n\n\n\n<div class=\"wp-block-group animItem is-content-justification-left is-nowrap is-layout-flex wp-container-core-group-is-layout-82550dec wp-block-group-is-layout-flex\" style=\"border-top-right-radius:40px;border-bottom-right-radius:40px;padding-top:2rem;padding-right:1rem;padding-bottom:2rem;padding-left:3rem\">\n<p style=\"font-style:normal;font-weight:500\">Folgen Sie uns :<\/p>\n\n\n\n<figure class=\"wp-block-image size-full\"><a href=\"https:\/\/www.facebook.com\/share\/1LYf5nsdnB\/?mibextid=wwXIfr\"><img alt=\"\" decoding=\"async\" src=\"https:\/\/www.vap-camping.fr\/wp-content\/uploads\/2025\/05\/facebook.svg\" alt=\"\" class=\"wp-image-977\"\/><\/a><\/figure>\n\n\n\n<figure class=\"wp-block-image size-full\"><a href=\"https:\/\/www.instagram.com\/complexe_des_oustalous\/\"><img alt=\"\" decoding=\"async\" src=\"https:\/\/www.vap-camping.fr\/wp-content\/uploads\/2025\/04\/Icon-insta.svg\" alt=\"\" class=\"wp-image-312\"\/><\/a><\/figure>\n\n\n\n<figure class=\"wp-block-image size-full\"><a href=\"https:\/\/www.youtube.com\/@vapcampingsetgite\"><img alt=\"\" decoding=\"async\" src=\"https:\/\/www.vap-camping.fr\/wp-content\/uploads\/2025\/04\/Icon-youtube.svg\" alt=\"\" class=\"wp-image-314\"\/><\/a><\/figure>\n<\/div>\n\n\n\n<div class=\"wp-block-group has-grey-background-color has-background animItem is-nowrap is-layout-flex wp-container-core-group-is-layout-f89dbd13 wp-block-group-is-layout-flex\" style=\"border-top-right-radius:40px;border-bottom-right-radius:40px;padding-top:2rem;padding-right:1rem;padding-bottom:2rem;padding-left:3rem\">\n<p class=\"has-secondary-color has-text-color has-link-color wp-elements-7257e8de2a449b537219347d052308ed\" style=\"font-style:normal;font-weight:500\"><a href=\"https:\/\/www.vap-camping.fr\/wp-content\/uploads\/2025\/06\/plan-des-oustalous_v3.pdf\" target=\"_blank\" rel=\"noreferrer noopener\">Plan des Campingplatzes<\/a><\/p>\n<\/div>\n<\/div>\n<\/div>\n<\/div>\n<\/div>\n\n\n\n<div class=\"wp-block-group has-global-padding is-layout-constrained wp-container-core-group-is-layout-8a400663 wp-block-group-is-layout-constrained\">\n<h2 class=\"wp-block-heading has-text-align-center\">Angebote und Aktionen des Oustalous-Komplexes in der Ari\u00e8ge<\/h2>\n\n\n\n<p class=\"has-text-align-center\">Entdecken Sie unsere aktuellen Angebote!<\/p>\n\n\n\n<script>\n    window.ctoutvert = {\n\t\tid: 716, \n\t\tlang: 'de', \n\t\turl: 'https:\/\/reservation.secureholiday.net\/widgets\/'\n    };\n    (function (w, d, s, ctv, r, js, fjs) {\n        r=new XMLHttpRequest();r.open('GET',w[ctv].url+'js\/src.json');\n        r.responseType='json';r.json=true;r.send();\n        r.onload=function(){w[ctv].src=r.responseType=='json'?r.response:JSON.parse(r.response);\n        js.src=w[ctv].src[0];fjs.parentNode.insertBefore(js, fjs);}\n        js=d.createElement(s),fjs=d.getElementsByTagName(s)[0];\n        js.id='ctvwidget';js.async=1;\n    }(window, document, 'script', 'ctoutvert'));\n<\/script>\n<style>.vap-w { display: block; max-width: 60%; }<\/style>\n<ctv-offers data-display-mode=\"carousel\" class=\"vap-w\"><\/ctv-offers>\n<\/div>\n\n\n\n<div class=\"wp-block-group has-global-padding is-layout-constrained wp-block-group-is-layout-constrained\">\n<div class=\"wp-block-group alignwide is-style-title-simple fromTop is-layout-flow wp-block-group-is-layout-flow is-style-title-simple--3\" style=\"margin-top:4rem;margin-bottom:4rem\">\n<p class=\"has-text-align-center has-secondary-color has-text-color has-link-color has-secondary-font-family has-xl-font-size wp-elements-417a09004c2076f63ee15c99230330c4\">\n  Fotoarchiv<\/p>\n\n\n\n<p class=\"has-text-align-center has-primary-font-family has-sm-font-size\" style=\"text-transform:uppercase\">\n            <strong>Ihr Urlaub in Bildern<\/strong><\/p>\n<\/div>\n\n\n\n<div class=\"wp-block-group alignfull galery-wrapper is-layout-flow wp-block-group-is-layout-flow\">\n<div class=\"wp-block-group galery-row is-nowrap is-layout-flex wp-container-core-group-is-layout-6c531013 wp-block-group-is-layout-flex\">\n<figure data-wp-context=\"{&quot;imageId&quot;:&quot;69f329d8095a1&quot;}\" data-wp-interactive=\"core\/image\" class=\"wp-block-image size-large wp-lightbox-container\"><img alt=\"\" decoding=\"async\" width=\"768\" height=\"1024\" data-wp-class--hide=\"state.isContentHidden\" data-wp-class--show=\"state.isContentVisible\" data-wp-init=\"callbacks.setButtonStyles\" data-wp-on-async--click=\"actions.showLightbox\" data-wp-on-async--load=\"callbacks.setButtonStyles\" data-wp-on-async-window--resize=\"callbacks.setButtonStyles\" src=\"https:\/\/www.vap-camping.fr\/wp-content\/uploads\/2025\/04\/img_8164-768x1024.jpg\" alt=\"\" class=\"wp-image-2050\" srcset=\"https:\/\/www.vap-camping.fr\/wp-content\/uploads\/2025\/04\/img_8164-768x1024.jpg 768w, https:\/\/www.vap-camping.fr\/wp-content\/uploads\/2025\/04\/img_8164-450x600.jpg 450w, https:\/\/www.vap-camping.fr\/wp-content\/uploads\/2025\/04\/img_8164-1152x1536.jpg 1152w, https:\/\/www.vap-camping.fr\/wp-content\/uploads\/2025\/04\/img_8164-rotated.jpg 1512w\" sizes=\"(max-width: 768px) 100vw, 768px\" \/><button\n\t\t\tclass=\"lightbox-trigger\"\n\t\t\ttype=\"button\"\n\t\t\taria-haspopup=\"dialog\"\n\t\t\taria-label=\"Enlarge\"\n\t\t\tdata-wp-init=\"callbacks.initTriggerButton\"\n\t\t\tdata-wp-on-async--click=\"actions.showLightbox\"\n\t\t\tdata-wp-style--right=\"state.imageButtonRight\"\n\t\t\tdata-wp-style--top=\"state.imageButtonTop\"\n\t\t>\n\t\t\t<svg xmlns=\"http:\/\/www.w3.org\/2000\/svg\" width=\"12\" height=\"12\" fill=\"none\" viewBox=\"0 0 12 12\">\n\t\t\t\t<path fill=\"#fff\" d=\"M2 0a2 2 0 0 0-2 2v2h1.5V2a.5.5 0 0 1 .5-.5h2V0H2Zm2 10.5H2a.5.5 0 0 1-.5-.5V8H0v2a2 2 0 0 0 2 2h2v-1.5ZM8 12v-1.5h2a.5.5 0 0 0 .5-.5V8H12v2a2 2 0 0 1-2 2H8Zm2-12a2 2 0 0 1 2 2v2h-1.5V2a.5.5 0 0 0-.5-.5H8V0h2Z\" \/>\n\t\t\t<\/svg>\n\t\t<\/button><\/figure>\n\n\n\n<figure data-wp-context=\"{&quot;imageId&quot;:&quot;69f329d809e1f&quot;}\" data-wp-interactive=\"core\/image\" class=\"wp-block-image size-large wp-lightbox-container\"><img alt=\"\" decoding=\"async\" width=\"1024\" height=\"768\" data-wp-class--hide=\"state.isContentHidden\" data-wp-class--show=\"state.isContentVisible\" data-wp-init=\"callbacks.setButtonStyles\" data-wp-on-async--click=\"actions.showLightbox\" data-wp-on-async--load=\"callbacks.setButtonStyles\" data-wp-on-async-window--resize=\"callbacks.setButtonStyles\" src=\"https:\/\/www.vap-camping.fr\/wp-content\/uploads\/2025\/04\/img_8166-1024x768.jpg\" alt=\"\" class=\"wp-image-2052\" srcset=\"https:\/\/www.vap-camping.fr\/wp-content\/uploads\/2025\/04\/img_8166-1024x768.jpg 1024w, https:\/\/www.vap-camping.fr\/wp-content\/uploads\/2025\/04\/img_8166-600x450.jpg 600w, https:\/\/www.vap-camping.fr\/wp-content\/uploads\/2025\/04\/img_8166-768x576.jpg 768w, https:\/\/www.vap-camping.fr\/wp-content\/uploads\/2025\/04\/img_8166-1536x1152.jpg 1536w, https:\/\/www.vap-camping.fr\/wp-content\/uploads\/2025\/04\/img_8166.jpg 2016w\" sizes=\"(max-width: 1024px) 100vw, 1024px\" \/><button\n\t\t\tclass=\"lightbox-trigger\"\n\t\t\ttype=\"button\"\n\t\t\taria-haspopup=\"dialog\"\n\t\t\taria-label=\"Enlarge\"\n\t\t\tdata-wp-init=\"callbacks.initTriggerButton\"\n\t\t\tdata-wp-on-async--click=\"actions.showLightbox\"\n\t\t\tdata-wp-style--right=\"state.imageButtonRight\"\n\t\t\tdata-wp-style--top=\"state.imageButtonTop\"\n\t\t>\n\t\t\t<svg xmlns=\"http:\/\/www.w3.org\/2000\/svg\" width=\"12\" height=\"12\" fill=\"none\" viewBox=\"0 0 12 12\">\n\t\t\t\t<path fill=\"#fff\" d=\"M2 0a2 2 0 0 0-2 2v2h1.5V2a.5.5 0 0 1 .5-.5h2V0H2Zm2 10.5H2a.5.5 0 0 1-.5-.5V8H0v2a2 2 0 0 0 2 2h2v-1.5ZM8 12v-1.5h2a.5.5 0 0 0 .5-.5V8H12v2a2 2 0 0 1-2 2H8Zm2-12a2 2 0 0 1 2 2v2h-1.5V2a.5.5 0 0 0-.5-.5H8V0h2Z\" \/>\n\t\t\t<\/svg>\n\t\t<\/button><\/figure>\n\n\n\n<figure data-wp-context=\"{&quot;imageId&quot;:&quot;69f329d80a872&quot;}\" data-wp-interactive=\"core\/image\" class=\"wp-block-image size-large wp-lightbox-container\"><img alt=\"\" decoding=\"async\" width=\"1024\" height=\"768\" data-wp-class--hide=\"state.isContentHidden\" data-wp-class--show=\"state.isContentVisible\" data-wp-init=\"callbacks.setButtonStyles\" data-wp-on-async--click=\"actions.showLightbox\" data-wp-on-async--load=\"callbacks.setButtonStyles\" data-wp-on-async-window--resize=\"callbacks.setButtonStyles\" src=\"https:\/\/www.vap-camping.fr\/wp-content\/uploads\/2025\/04\/img_8167-1024x768.jpg\" alt=\"\" class=\"wp-image-2054\" srcset=\"https:\/\/www.vap-camping.fr\/wp-content\/uploads\/2025\/04\/img_8167-1024x768.jpg 1024w, https:\/\/www.vap-camping.fr\/wp-content\/uploads\/2025\/04\/img_8167-600x450.jpg 600w, https:\/\/www.vap-camping.fr\/wp-content\/uploads\/2025\/04\/img_8167-768x576.jpg 768w, https:\/\/www.vap-camping.fr\/wp-content\/uploads\/2025\/04\/img_8167-1536x1152.jpg 1536w, https:\/\/www.vap-camping.fr\/wp-content\/uploads\/2025\/04\/img_8167.jpg 2016w\" sizes=\"(max-width: 1024px) 100vw, 1024px\" \/><button\n\t\t\tclass=\"lightbox-trigger\"\n\t\t\ttype=\"button\"\n\t\t\taria-haspopup=\"dialog\"\n\t\t\taria-label=\"Enlarge\"\n\t\t\tdata-wp-init=\"callbacks.initTriggerButton\"\n\t\t\tdata-wp-on-async--click=\"actions.showLightbox\"\n\t\t\tdata-wp-style--right=\"state.imageButtonRight\"\n\t\t\tdata-wp-style--top=\"state.imageButtonTop\"\n\t\t>\n\t\t\t<svg xmlns=\"http:\/\/www.w3.org\/2000\/svg\" width=\"12\" height=\"12\" fill=\"none\" viewBox=\"0 0 12 12\">\n\t\t\t\t<path fill=\"#fff\" d=\"M2 0a2 2 0 0 0-2 2v2h1.5V2a.5.5 0 0 1 .5-.5h2V0H2Zm2 10.5H2a.5.5 0 0 1-.5-.5V8H0v2a2 2 0 0 0 2 2h2v-1.5ZM8 12v-1.5h2a.5.5 0 0 0 .5-.5V8H12v2a2 2 0 0 1-2 2H8Zm2-12a2 2 0 0 1 2 2v2h-1.5V2a.5.5 0 0 0-.5-.5H8V0h2Z\" \/>\n\t\t\t<\/svg>\n\t\t<\/button><\/figure>\n\n\n\n<figure data-wp-context=\"{&quot;imageId&quot;:&quot;69f329d80b072&quot;}\" data-wp-interactive=\"core\/image\" class=\"wp-block-image size-large wp-lightbox-container\"><img alt=\"\" decoding=\"async\" width=\"1024\" height=\"768\" data-wp-class--hide=\"state.isContentHidden\" data-wp-class--show=\"state.isContentVisible\" data-wp-init=\"callbacks.setButtonStyles\" data-wp-on-async--click=\"actions.showLightbox\" data-wp-on-async--load=\"callbacks.setButtonStyles\" data-wp-on-async-window--resize=\"callbacks.setButtonStyles\" src=\"https:\/\/www.vap-camping.fr\/wp-content\/uploads\/2025\/04\/img_8170-1024x768.jpg\" alt=\"\" class=\"wp-image-2056\" srcset=\"https:\/\/www.vap-camping.fr\/wp-content\/uploads\/2025\/04\/img_8170-1024x768.jpg 1024w, https:\/\/www.vap-camping.fr\/wp-content\/uploads\/2025\/04\/img_8170-600x450.jpg 600w, https:\/\/www.vap-camping.fr\/wp-content\/uploads\/2025\/04\/img_8170-768x576.jpg 768w, https:\/\/www.vap-camping.fr\/wp-content\/uploads\/2025\/04\/img_8170-1536x1152.jpg 1536w, https:\/\/www.vap-camping.fr\/wp-content\/uploads\/2025\/04\/img_8170.jpg 2016w\" sizes=\"(max-width: 1024px) 100vw, 1024px\" \/><button\n\t\t\tclass=\"lightbox-trigger\"\n\t\t\ttype=\"button\"\n\t\t\taria-haspopup=\"dialog\"\n\t\t\taria-label=\"Enlarge\"\n\t\t\tdata-wp-init=\"callbacks.initTriggerButton\"\n\t\t\tdata-wp-on-async--click=\"actions.showLightbox\"\n\t\t\tdata-wp-style--right=\"state.imageButtonRight\"\n\t\t\tdata-wp-style--top=\"state.imageButtonTop\"\n\t\t>\n\t\t\t<svg xmlns=\"http:\/\/www.w3.org\/2000\/svg\" width=\"12\" height=\"12\" fill=\"none\" viewBox=\"0 0 12 12\">\n\t\t\t\t<path fill=\"#fff\" d=\"M2 0a2 2 0 0 0-2 2v2h1.5V2a.5.5 0 0 1 .5-.5h2V0H2Zm2 10.5H2a.5.5 0 0 1-.5-.5V8H0v2a2 2 0 0 0 2 2h2v-1.5ZM8 12v-1.5h2a.5.5 0 0 0 .5-.5V8H12v2a2 2 0 0 1-2 2H8Zm2-12a2 2 0 0 1 2 2v2h-1.5V2a.5.5 0 0 0-.5-.5H8V0h2Z\" \/>\n\t\t\t<\/svg>\n\t\t<\/button><\/figure>\n<\/div>\n\n\n\n<div class=\"wp-block-group galery-row is-nowrap is-layout-flex wp-container-core-group-is-layout-6c531013 wp-block-group-is-layout-flex\">\n<figure data-wp-context=\"{&quot;imageId&quot;:&quot;69f329d80ba08&quot;}\" data-wp-interactive=\"core\/image\" class=\"wp-block-image size-large wp-lightbox-container\"><img alt=\"\" decoding=\"async\" width=\"768\" height=\"1024\" data-wp-class--hide=\"state.isContentHidden\" data-wp-class--show=\"state.isContentVisible\" data-wp-init=\"callbacks.setButtonStyles\" data-wp-on-async--click=\"actions.showLightbox\" data-wp-on-async--load=\"callbacks.setButtonStyles\" data-wp-on-async-window--resize=\"callbacks.setButtonStyles\" src=\"https:\/\/www.vap-camping.fr\/wp-content\/uploads\/2025\/04\/img_8171-768x1024.jpg\" alt=\"\" class=\"wp-image-2058\" srcset=\"https:\/\/www.vap-camping.fr\/wp-content\/uploads\/2025\/04\/img_8171-768x1024.jpg 768w, https:\/\/www.vap-camping.fr\/wp-content\/uploads\/2025\/04\/img_8171-450x600.jpg 450w, https:\/\/www.vap-camping.fr\/wp-content\/uploads\/2025\/04\/img_8171-1152x1536.jpg 1152w, https:\/\/www.vap-camping.fr\/wp-content\/uploads\/2025\/04\/img_8171-rotated.jpg 1512w\" sizes=\"(max-width: 768px) 100vw, 768px\" \/><button\n\t\t\tclass=\"lightbox-trigger\"\n\t\t\ttype=\"button\"\n\t\t\taria-haspopup=\"dialog\"\n\t\t\taria-label=\"Enlarge\"\n\t\t\tdata-wp-init=\"callbacks.initTriggerButton\"\n\t\t\tdata-wp-on-async--click=\"actions.showLightbox\"\n\t\t\tdata-wp-style--right=\"state.imageButtonRight\"\n\t\t\tdata-wp-style--top=\"state.imageButtonTop\"\n\t\t>\n\t\t\t<svg xmlns=\"http:\/\/www.w3.org\/2000\/svg\" width=\"12\" height=\"12\" fill=\"none\" viewBox=\"0 0 12 12\">\n\t\t\t\t<path fill=\"#fff\" d=\"M2 0a2 2 0 0 0-2 2v2h1.5V2a.5.5 0 0 1 .5-.5h2V0H2Zm2 10.5H2a.5.5 0 0 1-.5-.5V8H0v2a2 2 0 0 0 2 2h2v-1.5ZM8 12v-1.5h2a.5.5 0 0 0 .5-.5V8H12v2a2 2 0 0 1-2 2H8Zm2-12a2 2 0 0 1 2 2v2h-1.5V2a.5.5 0 0 0-.5-.5H8V0h2Z\" \/>\n\t\t\t<\/svg>\n\t\t<\/button><\/figure>\n\n\n\n<figure data-wp-context=\"{&quot;imageId&quot;:&quot;69f329d80c25b&quot;}\" data-wp-interactive=\"core\/image\" class=\"wp-block-image size-full wp-lightbox-container\"><img alt=\"\" decoding=\"async\" width=\"1024\" height=\"768\" data-wp-class--hide=\"state.isContentHidden\" data-wp-class--show=\"state.isContentVisible\" data-wp-init=\"callbacks.setButtonStyles\" data-wp-on-async--click=\"actions.showLightbox\" data-wp-on-async--load=\"callbacks.setButtonStyles\" data-wp-on-async-window--resize=\"callbacks.setButtonStyles\" src=\"https:\/\/www.vap-camping.fr\/wp-content\/uploads\/2025\/04\/photo-2023-06-22-11-59-43.jpg\" alt=\"\" class=\"wp-image-2060\" srcset=\"https:\/\/www.vap-camping.fr\/wp-content\/uploads\/2025\/04\/photo-2023-06-22-11-59-43.jpg 1024w, https:\/\/www.vap-camping.fr\/wp-content\/uploads\/2025\/04\/photo-2023-06-22-11-59-43-600x450.jpg 600w, https:\/\/www.vap-camping.fr\/wp-content\/uploads\/2025\/04\/photo-2023-06-22-11-59-43-768x576.jpg 768w\" sizes=\"(max-width: 1024px) 100vw, 1024px\" \/><button\n\t\t\tclass=\"lightbox-trigger\"\n\t\t\ttype=\"button\"\n\t\t\taria-haspopup=\"dialog\"\n\t\t\taria-label=\"Enlarge\"\n\t\t\tdata-wp-init=\"callbacks.initTriggerButton\"\n\t\t\tdata-wp-on-async--click=\"actions.showLightbox\"\n\t\t\tdata-wp-style--right=\"state.imageButtonRight\"\n\t\t\tdata-wp-style--top=\"state.imageButtonTop\"\n\t\t>\n\t\t\t<svg xmlns=\"http:\/\/www.w3.org\/2000\/svg\" width=\"12\" height=\"12\" fill=\"none\" viewBox=\"0 0 12 12\">\n\t\t\t\t<path fill=\"#fff\" d=\"M2 0a2 2 0 0 0-2 2v2h1.5V2a.5.5 0 0 1 .5-.5h2V0H2Zm2 10.5H2a.5.5 0 0 1-.5-.5V8H0v2a2 2 0 0 0 2 2h2v-1.5ZM8 12v-1.5h2a.5.5 0 0 0 .5-.5V8H12v2a2 2 0 0 1-2 2H8Zm2-12a2 2 0 0 1 2 2v2h-1.5V2a.5.5 0 0 0-.5-.5H8V0h2Z\" \/>\n\t\t\t<\/svg>\n\t\t<\/button><\/figure>\n\n\n\n<figure data-wp-context=\"{&quot;imageId&quot;:&quot;69f329d80ca6f&quot;}\" data-wp-interactive=\"core\/image\" class=\"wp-block-image size-large wp-lightbox-container\"><img alt=\"complexe des Oustalous\" decoding=\"async\" width=\"1024\" height=\"768\" data-wp-class--hide=\"state.isContentHidden\" data-wp-class--show=\"state.isContentVisible\" data-wp-init=\"callbacks.setButtonStyles\" data-wp-on-async--click=\"actions.showLightbox\" data-wp-on-async--load=\"callbacks.setButtonStyles\" data-wp-on-async-window--resize=\"callbacks.setButtonStyles\" src=\"https:\/\/www.vap-camping.fr\/wp-content\/uploads\/2025\/04\/img_3355-1024x768.jpg\" alt=\"\" class=\"wp-image-2062\" srcset=\"https:\/\/www.vap-camping.fr\/wp-content\/uploads\/2025\/04\/img_3355-1024x768.jpg 1024w, https:\/\/www.vap-camping.fr\/wp-content\/uploads\/2025\/04\/img_3355-600x450.jpg 600w, https:\/\/www.vap-camping.fr\/wp-content\/uploads\/2025\/04\/img_3355-768x576.jpg 768w, https:\/\/www.vap-camping.fr\/wp-content\/uploads\/2025\/04\/img_3355-1536x1152.jpg 1536w, https:\/\/www.vap-camping.fr\/wp-content\/uploads\/2025\/04\/img_3355-2048x1536.jpg 2048w\" sizes=\"(max-width: 1024px) 100vw, 1024px\" \/><button\n\t\t\tclass=\"lightbox-trigger\"\n\t\t\ttype=\"button\"\n\t\t\taria-haspopup=\"dialog\"\n\t\t\taria-label=\"Enlarge\"\n\t\t\tdata-wp-init=\"callbacks.initTriggerButton\"\n\t\t\tdata-wp-on-async--click=\"actions.showLightbox\"\n\t\t\tdata-wp-style--right=\"state.imageButtonRight\"\n\t\t\tdata-wp-style--top=\"state.imageButtonTop\"\n\t\t>\n\t\t\t<svg xmlns=\"http:\/\/www.w3.org\/2000\/svg\" width=\"12\" height=\"12\" fill=\"none\" viewBox=\"0 0 12 12\">\n\t\t\t\t<path fill=\"#fff\" d=\"M2 0a2 2 0 0 0-2 2v2h1.5V2a.5.5 0 0 1 .5-.5h2V0H2Zm2 10.5H2a.5.5 0 0 1-.5-.5V8H0v2a2 2 0 0 0 2 2h2v-1.5ZM8 12v-1.5h2a.5.5 0 0 0 .5-.5V8H12v2a2 2 0 0 1-2 2H8Zm2-12a2 2 0 0 1 2 2v2h-1.5V2a.5.5 0 0 0-.5-.5H8V0h2Z\" \/>\n\t\t\t<\/svg>\n\t\t<\/button><\/figure>\n\n\n\n<figure data-wp-context=\"{&quot;imageId&quot;:&quot;69f329d80d1a5&quot;}\" data-wp-interactive=\"core\/image\" class=\"wp-block-image size-large wp-lightbox-container\"><img alt=\"\" decoding=\"async\" width=\"1024\" height=\"768\" data-wp-class--hide=\"state.isContentHidden\" data-wp-class--show=\"state.isContentVisible\" data-wp-init=\"callbacks.setButtonStyles\" data-wp-on-async--click=\"actions.showLightbox\" data-wp-on-async--load=\"callbacks.setButtonStyles\" data-wp-on-async-window--resize=\"callbacks.setButtonStyles\" src=\"https:\/\/www.vap-camping.fr\/wp-content\/uploads\/2025\/04\/img_5444-1024x768.jpg\" alt=\"\" class=\"wp-image-2064\" srcset=\"https:\/\/www.vap-camping.fr\/wp-content\/uploads\/2025\/04\/img_5444-1024x768.jpg 1024w, https:\/\/www.vap-camping.fr\/wp-content\/uploads\/2025\/04\/img_5444-600x450.jpg 600w, https:\/\/www.vap-camping.fr\/wp-content\/uploads\/2025\/04\/img_5444-768x576.jpg 768w, https:\/\/www.vap-camping.fr\/wp-content\/uploads\/2025\/04\/img_5444-1536x1152.jpg 1536w, https:\/\/www.vap-camping.fr\/wp-content\/uploads\/2025\/04\/img_5444-2048x1536.jpg 2048w\" sizes=\"(max-width: 1024px) 100vw, 1024px\" \/><button\n\t\t\tclass=\"lightbox-trigger\"\n\t\t\ttype=\"button\"\n\t\t\taria-haspopup=\"dialog\"\n\t\t\taria-label=\"Enlarge\"\n\t\t\tdata-wp-init=\"callbacks.initTriggerButton\"\n\t\t\tdata-wp-on-async--click=\"actions.showLightbox\"\n\t\t\tdata-wp-style--right=\"state.imageButtonRight\"\n\t\t\tdata-wp-style--top=\"state.imageButtonTop\"\n\t\t>\n\t\t\t<svg xmlns=\"http:\/\/www.w3.org\/2000\/svg\" width=\"12\" height=\"12\" fill=\"none\" viewBox=\"0 0 12 12\">\n\t\t\t\t<path fill=\"#fff\" d=\"M2 0a2 2 0 0 0-2 2v2h1.5V2a.5.5 0 0 1 .5-.5h2V0H2Zm2 10.5H2a.5.5 0 0 1-.5-.5V8H0v2a2 2 0 0 0 2 2h2v-1.5ZM8 12v-1.5h2a.5.5 0 0 0 .5-.5V8H12v2a2 2 0 0 1-2 2H8Zm2-12a2 2 0 0 1 2 2v2h-1.5V2a.5.5 0 0 0-.5-.5H8V0h2Z\" \/>\n\t\t\t<\/svg>\n\t\t<\/button><\/figure>\n<\/div>\n<\/div>\n<\/div>\n\n\n\n<div class=\"wp-block-group alignwide is-style-title-simple fromTop is-layout-flow wp-block-group-is-layout-flow is-style-title-simple--4\" style=\"margin-top:4rem;margin-bottom:4rem\">\n<p class=\"has-text-align-center has-secondary-color has-text-color has-link-color has-secondary-font-family has-xl-font-size wp-elements-328a18b7bcd7edbba6323f70147ce901\">Unterk\u00fcnfte<\/p>\n\n\n\n<p class=\"has-text-align-center has-primary-font-family has-sm-font-size\" style=\"text-transform:uppercase\"><strong>Komfort im Kontakt mit der Natur<\/strong><\/p>\n<\/div>\n\n\n\n<div style=\"background-image:url(&#039;https:\/\/www.vap-camping.fr\/wp-content\/uploads\/2025\/04\/img_8172.jpg&#039;);background-size:cover;\" class=\"wp-block-group bg-img-part reveal is-layout-flow wp-block-group-is-layout-flow has-background\">\n<div class=\"wp-block-columns alignfull is-layout-flex wp-container-core-columns-is-layout-28f84493 wp-block-columns-is-layout-flex\">\n<div class=\"wp-block-column part-void is-layout-flow wp-block-column-is-layout-flow\" style=\"flex-basis:55%\"><\/div>\n\n\n\n<div class=\"wp-block-column part-content is-layout-flow wp-block-column-is-layout-flow\" style=\"flex-basis:45%\">\n<div class=\"wp-block-group is-bg-rounded is-layout-flow wp-container-core-group-is-layout-75c87b2e wp-block-group-is-layout-flow\">\n<div class=\"wp-block-group is-style-title-flip has-global-padding is-layout-constrained wp-block-group-is-layout-constrained is-style-title-flip--5\">\n<p class=\"has-text-align-right has-secondary-font-family has-xl-font-size\">Ferienh\u00e4user<\/p>\n\n\n\n<p class=\"has-text-align-right has-sm-font-size\" style=\"text-transform:uppercase\"><strong>&amp; Chalets nach Ihrer Wahl<\/strong><\/p>\n<\/div>\n\n\n\n<h2 class=\"wp-block-heading has-text-align-right text-title\">Besuchen Sie die Ari\u00e8ge und die Pyren\u00e4en und \u00fcbernachten Sie in einer Gruppenunterkunft im Dorf Les Cabannes!<\/h2>\n\n\n\n<p class=\"has-text-align-right\">Unser Komplex bietet Ihnen Zwei- oder Dreibettzimmer mit Gemeinschaftsbad und -k\u00fcche im Stil einer Jugendherberge (keine Schlafs\u00e4le!). Die Bettw\u00e4sche wird nicht gestellt. Die m\u00f6blierten 2-Sterne-Ferienwohnungen sind private, komfortable Apartments mit Bad, K\u00fcche (Geschirrsp\u00fcler), Wohnzimmer mit Fernseher und Sonnenterrasse.  <\/p>\n\n\n\n<p class=\"has-text-align-right\">Die Familienferienh\u00e4user f\u00fcr 14 Personen sind ideale Villen f\u00fcr einen Aufenthalt mit der Familie oder mit Freunden. Das Holzchalet ist ein gem\u00fctlicher Kokon f\u00fcr 4 Personen, mit einer voll ausgestatteten K\u00fcche, Geschirrsp\u00fcler, Fernseher und einer m\u00f6blierten Terrasse. Die Gruppenunterkunft ist eine ideale L\u00f6sung f\u00fcr gro\u00dfe Familientreffen, Vereinsaufenthalte oder Klassenfahrten.  <\/p>\n\n\n\n<div class=\"wp-block-buttons is-content-justification-right is-layout-flex wp-container-core-buttons-is-layout-d445cf74 wp-block-buttons-is-layout-flex\">\n<div class=\"wp-block-button button is-style-fill\"><a class=\"wp-block-button__link wp-element-button\" href=\"#holidays\" style=\"padding-top:0px;padding-right:0px;padding-bottom:0px;padding-left:0px\">Entdecken Sie<\/a><\/div>\n<\/div>\n<\/div>\n<\/div>\n<\/div>\n<\/div>\n\n\n\n<div id=\"holidays\" class=\"wp-block-group has-global-padding is-layout-constrained wp-container-core-group-is-layout-8a400663 wp-block-group-is-layout-constrained\">\n<script>\n            window.ctoutvert = {\n                id: 13395,\n                lang: 'de',\n                url: 'https:\/\/reservation.secureholiday.net\/widgets\/'\n            };\n            (function (w, d, s, ctv, r, js, fjs) {\n                r = new XMLHttpRequest(); r.open('GET', w[ctv].url + 'js\/src.json');\n                r.responseType = 'json'; r.json = true; r.send();\n                r.onload = function () {\n                    w[ctv].src = r.responseType == 'json' ? r.response : JSON.parse(r.response);\n                    js.src = w[ctv].src[0]; fjs.parentNode.insertBefore(js, fjs);\n                }\n                js = d.createElement(s), fjs = d.getElementsByTagName(s)[0];\n                js.id = 'ctvwidget'; js.async = 1;\n            }(window, document, 'script', 'ctoutvert'));\n        <\/script>\n        <ctv-availability data-background-color=\"#FFFFFF00\"><\/ctv-availability>\n<\/div>\n\n\n\n<div class=\"wp-block-group leftRight has-global-padding is-layout-constrained wp-block-group-is-layout-constrained\">\n<div class=\"wp-block-columns alignfull are-vertically-aligned-center m-ti is-layout-flex wp-container-core-columns-is-layout-0c0b91ec wp-block-columns-is-layout-flex\">\n<div class=\"wp-block-column is-vertically-aligned-center m-ti-text is-layout-flow wp-container-core-column-is-layout-58dbe9e9 wp-block-column-is-layout-flow\" style=\"padding-left:10rem;flex-basis:40%\">\n<div class=\"wp-block-group is-style-title-left is-layout-flow wp-block-group-is-layout-flow is-style-title-left--6\">\n<p class=\"has-secondary-color has-text-color has-link-color has-secondary-font-family has-xl-font-size wp-elements-2445612064104345f38bfc08ed55b018\">Was tun<\/p>\n\n\n\n<p class=\"has-primary-color has-text-color has-link-color has-primary-font-family has-sm-font-size wp-elements-e6674d60c8b8e6e59b3207c9ae0f5991\" style=\"text-transform:uppercase\"><strong>Bei uns in Les Oustalous?<\/strong><\/p>\n<\/div>\n\n\n\n<h2 class=\"wp-block-heading text-title\">Erkunden Sie die Bergaktivit\u00e4ten rund um den Komplex Les Oustalous in den Pyren\u00e4en!<\/h2>\n\n\n\n<p class=\"has-m-font-size\" style=\"padding-left:2rem\">Nur 5 Minuten von den gro\u00dfen Kletterrouten von Qui\u00e9 de Sinsat entfernt, ist der Komplex Les Oustalous ideal gelegen, um die 70 km an eingerichteten Kletterrouten in der Ari\u00e8ge zu erkunden. Er befindet sich auch am Fu\u00dfe des nordischen Skigebiets von Beille, das perfekt zum Skifahren, Schneeschuhwandern und Hundeschlittenfahren geeignet ist. In der N\u00e4he k\u00f6nnen Sie auf der Ari\u00e8ge Kanu fahren oder die H\u00f6hle von Niaux mit ihren pr\u00e4historischen Malereien besuchen. Die Region ist reich an Aktivit\u00e4ten, von Klettern und Canyoning bis hin zu einem Hochseilgarten und dem Naturreservat von Orlu, wo Sie Murmeltiere und W\u00f6lfe beobachten k\u00f6nnen.   <\/p>\n<\/div>\n\n\n\n<div class=\"wp-block-column is-vertically-aligned-center wp-block-image alignright size-large has-custom-border is-style-travel m-ti-image is-layout-flow wp-block-column-is-layout-flow is-style-travel--7\" style=\"flex-basis:60%\">\n<figure class=\"wp-block-image alignright size-large\"><img alt=\"\" decoding=\"async\" width=\"1024\" height=\"690\" src=\"https:\/\/www.vap-camping.fr\/wp-content\/uploads\/2025\/05\/AdobeStock_297858299-1024x690.jpeg\" alt=\"\" class=\"wp-image-1280\" srcset=\"https:\/\/www.vap-camping.fr\/wp-content\/uploads\/2025\/05\/AdobeStock_297858299-1024x690.jpeg 1024w, https:\/\/www.vap-camping.fr\/wp-content\/uploads\/2025\/05\/AdobeStock_297858299-600x404.jpeg 600w, https:\/\/www.vap-camping.fr\/wp-content\/uploads\/2025\/05\/AdobeStock_297858299-768x518.jpeg 768w, https:\/\/www.vap-camping.fr\/wp-content\/uploads\/2025\/05\/AdobeStock_297858299-1536x1035.jpeg 1536w, https:\/\/www.vap-camping.fr\/wp-content\/uploads\/2025\/05\/AdobeStock_297858299-2048x1380.jpeg 2048w\" sizes=\"(max-width: 1024px) 100vw, 1024px\" \/><\/figure>\n<\/div>\n<\/div>\n<\/div>\n\n\n\n<div class=\"wp-block-group rightLeft has-global-padding is-layout-constrained wp-block-group-is-layout-constrained\">\n<div class=\"wp-block-columns alignfull are-vertically-aligned-center m-ti is-layout-flex wp-container-core-columns-is-layout-0c0b91ec wp-block-columns-is-layout-flex\">\n<div class=\"wp-block-column is-vertically-aligned-center wp-block-image alignright size-large has-custom-border is-style-simple-left m-ti-image is-layout-flow wp-block-column-is-layout-flow is-style-simple-left--8\" style=\"flex-basis:60%\">\n<figure class=\"wp-block-image alignleft size-large\"><img alt=\"\" decoding=\"async\" width=\"1024\" height=\"768\" src=\"https:\/\/www.vap-camping.fr\/wp-content\/uploads\/2025\/04\/piscine-1024x768.jpg\" alt=\"\" class=\"wp-image-2045\" srcset=\"https:\/\/www.vap-camping.fr\/wp-content\/uploads\/2025\/04\/piscine-1024x768.jpg 1024w, https:\/\/www.vap-camping.fr\/wp-content\/uploads\/2025\/04\/piscine-600x450.jpg 600w, https:\/\/www.vap-camping.fr\/wp-content\/uploads\/2025\/04\/piscine-768x576.jpg 768w, https:\/\/www.vap-camping.fr\/wp-content\/uploads\/2025\/04\/piscine-1536x1152.jpg 1536w, https:\/\/www.vap-camping.fr\/wp-content\/uploads\/2025\/04\/piscine.jpg 2016w\" sizes=\"(max-width: 1024px) 100vw, 1024px\" \/><\/figure>\n<\/div>\n\n\n\n<div class=\"wp-block-column is-vertically-aligned-center m-ti-text is-layout-flow wp-container-core-column-is-layout-58dbe9e9 wp-block-column-is-layout-flow\" style=\"padding-left:10rem;flex-basis:40%\">\n<div class=\"wp-block-group is-style-title-left is-layout-flow wp-block-group-is-layout-flow is-style-title-left--9\">\n<p class=\"has-secondary-color has-text-color has-link-color has-secondary-font-family has-xl-font-size wp-elements-c3be1823d9b68db45749e2348b06eb06\">Unsere Dienstleistungen<\/p>\n\n\n\n<p class=\"has-primary-color has-text-color has-link-color has-primary-font-family has-sm-font-size wp-elements-e22d7e362d452d3fc25fd11d4de28c3b\" style=\"text-transform:uppercase\"><strong>F\u00fcr Ihren Komfort<\/strong><\/p>\n<\/div>\n\n\n\n<h2 class=\"wp-block-heading text-title\">Genie\u00dfen Sie die Komfort- und Freizeiteinrichtungen f\u00fcr einen angenehmen Aufenthalt im Complexe Les Oustalous.<\/h2>\n\n\n\n<p class=\"has-m-font-size\" style=\"padding-left:2rem\">Der Complexe Les Oustalous verf\u00fcgt \u00fcber einen beheizten Pool, der von Mitte Juni bis Mitte September (oder l\u00e4nger, je nach Wetterlage) ge\u00f6ffnet ist, kostenloses Wi-Fi in der gesamten Anlage und einen Waschsalon vor Ort. Ein Bouleplatz mit Picknickbereich steht Ihnen das ganze Jahr \u00fcber zur Verf\u00fcgung. <\/p>\n<\/div>\n<\/div>\n<\/div>\n\n\n\n<div class=\"wp-block-group has-global-padding is-layout-constrained wp-block-group-is-layout-constrained\">\n<div class=\"wp-block-group is-style-title-simple is-layout-flow wp-block-group-is-layout-flow is-style-title-simple--10\" style=\"margin-top:4rem;margin-bottom:4rem\">\n<p class=\"has-text-align-center has-secondary-color has-text-color has-link-color has-secondary-font-family has-xl-font-size wp-elements-25e0177d982a075a6790d2cd94665046\">Besichtigungen &amp; Entdeckungen<\/p>\n\n\n\n<p class=\"has-text-align-center has-primary-font-family has-sm-font-size\" style=\"text-transform:uppercase\"><strong>in der N\u00e4he des Komplexes<\/strong><\/p>\n<\/div>\n<\/div>\n\n\n\n    <div class=\"journey-wrapper is-layout-flow wp-block-slider-taxo-is-layout-flow\">\n        <div class=\"journey-slides\">\n                            <div class=\"journey-slide\">\n                    <a href=\"https:\/\/www.vap-camping.fr\/de\/lieux\/parc-de-la-prehistoire\/\" class=\"journey\" title=\"Park der Vorgeschichte\">\n                        <img decoding=\"async\" width=\"1024\" height=\"683\" src=\"https:\/\/www.vap-camping.fr\/wp-content\/uploads\/2025\/04\/Parc_prehistoire2_ariege_pyrenees_tourisme.jpg\" class=\"attachment-6780 size-6780 wp-post-image\" alt=\"\" large=\"\" srcset=\"https:\/\/www.vap-camping.fr\/wp-content\/uploads\/2025\/04\/Parc_prehistoire2_ariege_pyrenees_tourisme.jpg 1024w, https:\/\/www.vap-camping.fr\/wp-content\/uploads\/2025\/04\/Parc_prehistoire2_ariege_pyrenees_tourisme-600x400.jpg 600w, https:\/\/www.vap-camping.fr\/wp-content\/uploads\/2025\/04\/Parc_prehistoire2_ariege_pyrenees_tourisme-768x512.jpg 768w\" sizes=\"(max-width: 1024px) 100vw, 1024px\" \/>                        <p class=\"j-title\">\n                            Park der Vorgeschichte                        <\/p>\n                        <p class=\"j-more\">\n                            Entdecken                        <\/p>\n                    <\/a>\n                <\/div>\n\n                            <div class=\"journey-slide\">\n                    <a href=\"https:\/\/www.vap-camping.fr\/de\/lieux\/camping-tarascon-sur-ariege\/\" class=\"journey\" title=\"Tarascon sur Ari\u00e8ge\">\n                        <img decoding=\"async\" width=\"1200\" height=\"900\" src=\"https:\/\/www.vap-camping.fr\/wp-content\/uploads\/2025\/04\/19567638-diaporama-1200x900-1.jpg\" class=\"attachment-6745 size-6745 wp-post-image\" alt=\"\" large=\"\" srcset=\"https:\/\/www.vap-camping.fr\/wp-content\/uploads\/2025\/04\/19567638-diaporama-1200x900-1.jpg 1200w, https:\/\/www.vap-camping.fr\/wp-content\/uploads\/2025\/04\/19567638-diaporama-1200x900-1-600x450.jpg 600w, https:\/\/www.vap-camping.fr\/wp-content\/uploads\/2025\/04\/19567638-diaporama-1200x900-1-1024x768.jpg 1024w, https:\/\/www.vap-camping.fr\/wp-content\/uploads\/2025\/04\/19567638-diaporama-1200x900-1-768x576.jpg 768w\" sizes=\"(max-width: 1200px) 100vw, 1200px\" \/>                        <p class=\"j-title\">\n                            Tarascon sur Ari\u00e8ge                        <\/p>\n                        <p class=\"j-more\">\n                            Entdecken                        <\/p>\n                    <\/a>\n                <\/div>\n\n                            <div class=\"journey-slide\">\n                    <a href=\"https:\/\/www.vap-camping.fr\/de\/lieux\/grotte-de-niaux\/\" class=\"journey\" title=\"H\u00f6hle von Niaux\">\n                        <img decoding=\"async\" width=\"1024\" height=\"683\" src=\"https:\/\/www.vap-camping.fr\/wp-content\/uploads\/2025\/04\/niaux3__ariege_pyrenees_tourisme.jpg\" class=\"attachment-6738 size-6738 wp-post-image\" alt=\"Grotte de Niaux Ari\u00e8ge\" large=\"\" srcset=\"https:\/\/www.vap-camping.fr\/wp-content\/uploads\/2025\/04\/niaux3__ariege_pyrenees_tourisme.jpg 1024w, https:\/\/www.vap-camping.fr\/wp-content\/uploads\/2025\/04\/niaux3__ariege_pyrenees_tourisme-600x400.jpg 600w, https:\/\/www.vap-camping.fr\/wp-content\/uploads\/2025\/04\/niaux3__ariege_pyrenees_tourisme-768x512.jpg 768w\" sizes=\"(max-width: 1024px) 100vw, 1024px\" \/>                        <p class=\"j-title\">\n                            H\u00f6hle von Niaux                        <\/p>\n                        <p class=\"j-more\">\n                            Entdecken                        <\/p>\n                    <\/a>\n                <\/div>\n\n                            <div class=\"journey-slide\">\n                    <a href=\"https:\/\/www.vap-camping.fr\/de\/lieux\/chateau-de-montsegur\/\" class=\"journey\" title=\"Burg Monts\u00e9gur\">\n                        <img decoding=\"async\" width=\"1024\" height=\"683\" src=\"https:\/\/www.vap-camping.fr\/wp-content\/uploads\/2025\/04\/montsegur_ariege_pyrenees_tourisme.jpg\" class=\"attachment-6669 size-6669 wp-post-image\" alt=\"Montsegur\" large=\"\" srcset=\"https:\/\/www.vap-camping.fr\/wp-content\/uploads\/2025\/04\/montsegur_ariege_pyrenees_tourisme.jpg 1024w, https:\/\/www.vap-camping.fr\/wp-content\/uploads\/2025\/04\/montsegur_ariege_pyrenees_tourisme-600x400.jpg 600w, https:\/\/www.vap-camping.fr\/wp-content\/uploads\/2025\/04\/montsegur_ariege_pyrenees_tourisme-768x512.jpg 768w\" sizes=\"(max-width: 1024px) 100vw, 1024px\" \/>                        <p class=\"j-title\">\n                            Burg Monts\u00e9gur                        <\/p>\n                        <p class=\"j-more\">\n                            Entdecken                        <\/p>\n                    <\/a>\n                <\/div>\n\n                            <div class=\"journey-slide\">\n                    <a href=\"https:\/\/www.vap-camping.fr\/de\/lieux\/station-thermale-bains-du-couloubret\/\" class=\"journey\" title=\"Couloubret-B\u00e4der\">\n                        <img decoding=\"async\" width=\"1536\" height=\"1024\" src=\"https:\/\/www.vap-camping.fr\/wp-content\/uploads\/2025\/05\/Les-Bains-du-Couloubret.jpg\" class=\"attachment-6697 size-6697 wp-post-image\" alt=\"\" large=\"\" srcset=\"https:\/\/www.vap-camping.fr\/wp-content\/uploads\/2025\/05\/Les-Bains-du-Couloubret.jpg 1536w, https:\/\/www.vap-camping.fr\/wp-content\/uploads\/2025\/05\/Les-Bains-du-Couloubret-600x400.jpg 600w, https:\/\/www.vap-camping.fr\/wp-content\/uploads\/2025\/05\/Les-Bains-du-Couloubret-1024x683.jpg 1024w, https:\/\/www.vap-camping.fr\/wp-content\/uploads\/2025\/05\/Les-Bains-du-Couloubret-768x512.jpg 768w\" sizes=\"(max-width: 1536px) 100vw, 1536px\" \/>                        <p class=\"j-title\">\n                            Couloubret-B\u00e4der                        <\/p>\n                        <p class=\"j-more\">\n                            Entdecken                        <\/p>\n                    <\/a>\n                <\/div>\n\n                            <div class=\"journey-slide\">\n                    <a href=\"https:\/\/www.vap-camping.fr\/de\/lieux\/etang-d-appy\/\" class=\"journey\" title=\"Teich von Appy\">\n                        <img decoding=\"async\" width=\"2560\" height=\"1707\" src=\"https:\/\/www.vap-camping.fr\/wp-content\/uploads\/2025\/05\/AdobeStock_432688085-scaled.jpeg\" class=\"attachment-6648 size-6648 wp-post-image\" alt=\"\" large=\"\" srcset=\"https:\/\/www.vap-camping.fr\/wp-content\/uploads\/2025\/05\/AdobeStock_432688085-scaled.jpeg 2560w, https:\/\/www.vap-camping.fr\/wp-content\/uploads\/2025\/05\/AdobeStock_432688085-600x400.jpeg 600w, https:\/\/www.vap-camping.fr\/wp-content\/uploads\/2025\/05\/AdobeStock_432688085-1024x683.jpeg 1024w, https:\/\/www.vap-camping.fr\/wp-content\/uploads\/2025\/05\/AdobeStock_432688085-768x512.jpeg 768w, https:\/\/www.vap-camping.fr\/wp-content\/uploads\/2025\/05\/AdobeStock_432688085-1536x1024.jpeg 1536w, https:\/\/www.vap-camping.fr\/wp-content\/uploads\/2025\/05\/AdobeStock_432688085-2048x1365.jpeg 2048w\" sizes=\"(max-width: 2560px) 100vw, 2560px\" \/>                        <p class=\"j-title\">\n                            Teich von Appy                        <\/p>\n                        <p class=\"j-more\">\n                            Entdecken                        <\/p>\n                    <\/a>\n                <\/div>\n\n                            <div class=\"journey-slide\">\n                    <a href=\"https:\/\/www.vap-camping.fr\/de\/lieux\/pic-de-saint-barthelemy\/\" class=\"journey\" title=\"Gipfel von Saint-Barth\u00e9lemy\">\n                        <img decoding=\"async\" width=\"2500\" height=\"1641\" src=\"https:\/\/www.vap-camping.fr\/wp-content\/uploads\/2025\/05\/AdobeStock_76352589.jpeg\" class=\"attachment-6636 size-6636 wp-post-image\" alt=\"\" large=\"\" srcset=\"https:\/\/www.vap-camping.fr\/wp-content\/uploads\/2025\/05\/AdobeStock_76352589.jpeg 2500w, https:\/\/www.vap-camping.fr\/wp-content\/uploads\/2025\/05\/AdobeStock_76352589-600x394.jpeg 600w, https:\/\/www.vap-camping.fr\/wp-content\/uploads\/2025\/05\/AdobeStock_76352589-1024x672.jpeg 1024w, https:\/\/www.vap-camping.fr\/wp-content\/uploads\/2025\/05\/AdobeStock_76352589-768x504.jpeg 768w, https:\/\/www.vap-camping.fr\/wp-content\/uploads\/2025\/05\/AdobeStock_76352589-1536x1008.jpeg 1536w, https:\/\/www.vap-camping.fr\/wp-content\/uploads\/2025\/05\/AdobeStock_76352589-2048x1344.jpeg 2048w\" sizes=\"(max-width: 2500px) 100vw, 2500px\" \/>                        <p class=\"j-title\">\n                            Gipfel von Saint-Barth\u00e9lemy                        <\/p>\n                        <p class=\"j-more\">\n                            Entdecken                        <\/p>\n                    <\/a>\n                <\/div>\n\n                            <div class=\"journey-slide\">\n                    <a href=\"https:\/\/www.vap-camping.fr\/de\/lieux\/escalade-a-bedeilhac\/\" class=\"journey\" title=\"Klettern in Bedeilhac\">\n                        <img decoding=\"async\" width=\"2560\" height=\"1725\" src=\"https:\/\/www.vap-camping.fr\/wp-content\/uploads\/2025\/05\/AdobeStock_297858299-scaled.jpeg\" class=\"attachment-6594 size-6594 wp-post-image\" alt=\"\" large=\"\" srcset=\"https:\/\/www.vap-camping.fr\/wp-content\/uploads\/2025\/05\/AdobeStock_297858299-scaled.jpeg 2560w, https:\/\/www.vap-camping.fr\/wp-content\/uploads\/2025\/05\/AdobeStock_297858299-600x404.jpeg 600w, https:\/\/www.vap-camping.fr\/wp-content\/uploads\/2025\/05\/AdobeStock_297858299-1024x690.jpeg 1024w, https:\/\/www.vap-camping.fr\/wp-content\/uploads\/2025\/05\/AdobeStock_297858299-768x518.jpeg 768w, https:\/\/www.vap-camping.fr\/wp-content\/uploads\/2025\/05\/AdobeStock_297858299-1536x1035.jpeg 1536w, https:\/\/www.vap-camping.fr\/wp-content\/uploads\/2025\/05\/AdobeStock_297858299-2048x1380.jpeg 2048w\" sizes=\"(max-width: 2560px) 100vw, 2560px\" \/>                        <p class=\"j-title\">\n                            Klettern in Bedeilhac                        <\/p>\n                        <p class=\"j-more\">\n                            Entdecken                        <\/p>\n                    <\/a>\n                <\/div>\n\n                            <div class=\"journey-slide\">\n                    <a href=\"https:\/\/www.vap-camping.fr\/de\/lieux\/camping-orgeix\/\" class=\"journey\" title=\"Orgeix\">\n                        <img decoding=\"async\" width=\"2560\" height=\"1707\" src=\"https:\/\/www.vap-camping.fr\/wp-content\/uploads\/2025\/05\/AdobeStock_124848663-scaled.jpeg\" class=\"attachment-6611 size-6611 wp-post-image\" alt=\"\" large=\"\" srcset=\"https:\/\/www.vap-camping.fr\/wp-content\/uploads\/2025\/05\/AdobeStock_124848663-scaled.jpeg 2560w, https:\/\/www.vap-camping.fr\/wp-content\/uploads\/2025\/05\/AdobeStock_124848663-600x400.jpeg 600w, https:\/\/www.vap-camping.fr\/wp-content\/uploads\/2025\/05\/AdobeStock_124848663-1024x683.jpeg 1024w, https:\/\/www.vap-camping.fr\/wp-content\/uploads\/2025\/05\/AdobeStock_124848663-768x512.jpeg 768w, https:\/\/www.vap-camping.fr\/wp-content\/uploads\/2025\/05\/AdobeStock_124848663-1536x1024.jpeg 1536w, https:\/\/www.vap-camping.fr\/wp-content\/uploads\/2025\/05\/AdobeStock_124848663-2048x1365.jpeg 2048w\" sizes=\"(max-width: 2560px) 100vw, 2560px\" \/>                        <p class=\"j-title\">\n                            Orgeix                        <\/p>\n                        <p class=\"j-more\">\n                            Entdecken                        <\/p>\n                    <\/a>\n                <\/div>\n\n                            <div class=\"journey-slide\">\n                    <a href=\"https:\/\/www.vap-camping.fr\/de\/lieux\/grotte-de-lombrive\/\" class=\"journey\" title=\"Die H\u00f6hle von Lombrive\">\n                        <img decoding=\"async\" width=\"2560\" height=\"1707\" src=\"https:\/\/www.vap-camping.fr\/wp-content\/uploads\/2025\/05\/AdobeStock_885725978-scaled.jpeg\" class=\"attachment-6576 size-6576 wp-post-image\" alt=\"\" large=\"\" srcset=\"https:\/\/www.vap-camping.fr\/wp-content\/uploads\/2025\/05\/AdobeStock_885725978-scaled.jpeg 2560w, https:\/\/www.vap-camping.fr\/wp-content\/uploads\/2025\/05\/AdobeStock_885725978-600x400.jpeg 600w, https:\/\/www.vap-camping.fr\/wp-content\/uploads\/2025\/05\/AdobeStock_885725978-1024x683.jpeg 1024w, https:\/\/www.vap-camping.fr\/wp-content\/uploads\/2025\/05\/AdobeStock_885725978-768x512.jpeg 768w, https:\/\/www.vap-camping.fr\/wp-content\/uploads\/2025\/05\/AdobeStock_885725978-1536x1024.jpeg 1536w, https:\/\/www.vap-camping.fr\/wp-content\/uploads\/2025\/05\/AdobeStock_885725978-2048x1365.jpeg 2048w\" sizes=\"(max-width: 2560px) 100vw, 2560px\" \/>                        <p class=\"j-title\">\n                            Die H\u00f6hle von Lombrive                        <\/p>\n                        <p class=\"j-more\">\n                            Entdecken                        <\/p>\n                    <\/a>\n                <\/div>\n\n                            <div class=\"journey-slide\">\n                    <a href=\"https:\/\/www.vap-camping.fr\/de\/lieux\/grotte-de-vicdessos\/\" class=\"journey\" title=\"H\u00f6hle von Vicdessos\">\n                        <img decoding=\"async\" width=\"2560\" height=\"1709\" src=\"https:\/\/www.vap-camping.fr\/wp-content\/uploads\/2025\/05\/AdobeStock_274495436-scaled.jpeg\" class=\"attachment-6550 size-6550 wp-post-image\" alt=\"speleological\" large=\"\" srcset=\"https:\/\/www.vap-camping.fr\/wp-content\/uploads\/2025\/05\/AdobeStock_274495436-scaled.jpeg 2560w, https:\/\/www.vap-camping.fr\/wp-content\/uploads\/2025\/05\/AdobeStock_274495436-600x401.jpeg 600w, https:\/\/www.vap-camping.fr\/wp-content\/uploads\/2025\/05\/AdobeStock_274495436-1024x684.jpeg 1024w, https:\/\/www.vap-camping.fr\/wp-content\/uploads\/2025\/05\/AdobeStock_274495436-768x513.jpeg 768w, https:\/\/www.vap-camping.fr\/wp-content\/uploads\/2025\/05\/AdobeStock_274495436-1536x1025.jpeg 1536w, https:\/\/www.vap-camping.fr\/wp-content\/uploads\/2025\/05\/AdobeStock_274495436-2048x1367.jpeg 2048w\" sizes=\"(max-width: 2560px) 100vw, 2560px\" \/>                        <p class=\"j-title\">\n                            H\u00f6hle von Vicdessos                        <\/p>\n                        <p class=\"j-more\">\n                            Entdecken                        <\/p>\n                    <\/a>\n                <\/div>\n\n                            <div class=\"journey-slide\">\n                    <a href=\"https:\/\/www.vap-camping.fr\/de\/lieux\/chateau-de-lordat\/\" class=\"journey\" title=\"Schloss Lordat\">\n                        <img decoding=\"async\" width=\"1400\" height=\"933\" src=\"https:\/\/www.vap-camping.fr\/wp-content\/uploads\/2025\/05\/image.jpeg\" class=\"attachment-6562 size-6562 wp-post-image\" alt=\"Ch\u00e2teau lordat\" large=\"\" srcset=\"https:\/\/www.vap-camping.fr\/wp-content\/uploads\/2025\/05\/image.jpeg 1400w, https:\/\/www.vap-camping.fr\/wp-content\/uploads\/2025\/05\/image-600x400.jpeg 600w, https:\/\/www.vap-camping.fr\/wp-content\/uploads\/2025\/05\/image-1024x682.jpeg 1024w, https:\/\/www.vap-camping.fr\/wp-content\/uploads\/2025\/05\/image-768x512.jpeg 768w\" sizes=\"(max-width: 1400px) 100vw, 1400px\" \/>                        <p class=\"j-title\">\n                            Schloss Lordat                        <\/p>\n                        <p class=\"j-more\">\n                            Entdecken                        <\/p>\n                    <\/a>\n                <\/div>\n\n                            <div class=\"journey-slide\">\n                    <a href=\"https:\/\/www.vap-camping.fr\/de\/lieux\/forteresse-de-calames\/\" class=\"journey\" title=\"Festung Calam\u00e8s\">\n                        <img decoding=\"async\" width=\"2560\" height=\"1920\" src=\"https:\/\/www.vap-camping.fr\/wp-content\/uploads\/2025\/05\/Chateau_de_Calames-scaled.jpg\" class=\"attachment-6540 size-6540 wp-post-image\" alt=\"fortress de calames Ari\u00e8ge\" large=\"\" srcset=\"https:\/\/www.vap-camping.fr\/wp-content\/uploads\/2025\/05\/Chateau_de_Calames-scaled.jpg 2560w, https:\/\/www.vap-camping.fr\/wp-content\/uploads\/2025\/05\/Chateau_de_Calames-600x450.jpg 600w, https:\/\/www.vap-camping.fr\/wp-content\/uploads\/2025\/05\/Chateau_de_Calames-1024x768.jpg 1024w, https:\/\/www.vap-camping.fr\/wp-content\/uploads\/2025\/05\/Chateau_de_Calames-768x576.jpg 768w, https:\/\/www.vap-camping.fr\/wp-content\/uploads\/2025\/05\/Chateau_de_Calames-1536x1152.jpg 1536w, https:\/\/www.vap-camping.fr\/wp-content\/uploads\/2025\/05\/Chateau_de_Calames-2048x1536.jpg 2048w\" sizes=\"(max-width: 2560px) 100vw, 2560px\" \/>                        <p class=\"j-title\">\n                            Festung Calam\u00e8s                        <\/p>\n                        <p class=\"j-more\">\n                            Entdecken                        <\/p>\n                    <\/a>\n                <\/div>\n\n                            <div class=\"journey-slide\">\n                    <a href=\"https:\/\/www.vap-camping.fr\/de\/lieux\/camping-village-des-cabannes\/\" class=\"journey\" title=\"Dorf Les Cabannes\">\n                        <img decoding=\"async\" width=\"2560\" height=\"1707\" src=\"https:\/\/www.vap-camping.fr\/wp-content\/uploads\/2025\/05\/AdobeStock_124848611-scaled.jpeg\" class=\"attachment-2684 size-2684 wp-post-image\" alt=\"\" large=\"\" srcset=\"https:\/\/www.vap-camping.fr\/wp-content\/uploads\/2025\/05\/AdobeStock_124848611-scaled.jpeg 2560w, https:\/\/www.vap-camping.fr\/wp-content\/uploads\/2025\/05\/AdobeStock_124848611-600x400.jpeg 600w, https:\/\/www.vap-camping.fr\/wp-content\/uploads\/2025\/05\/AdobeStock_124848611-1024x683.jpeg 1024w, https:\/\/www.vap-camping.fr\/wp-content\/uploads\/2025\/05\/AdobeStock_124848611-768x512.jpeg 768w, https:\/\/www.vap-camping.fr\/wp-content\/uploads\/2025\/05\/AdobeStock_124848611-1536x1024.jpeg 1536w, https:\/\/www.vap-camping.fr\/wp-content\/uploads\/2025\/05\/AdobeStock_124848611-2048x1365.jpeg 2048w\" sizes=\"(max-width: 2560px) 100vw, 2560px\" \/>                        <p class=\"j-title\">\n                            Dorf Les Cabannes                        <\/p>\n                        <p class=\"j-more\">\n                            Entdecken                        <\/p>\n                    <\/a>\n                <\/div>\n\n                            <div class=\"journey-slide\">\n                    <a href=\"https:\/\/www.vap-camping.fr\/de\/lieux\/camping-angaka\/\" class=\"journey\" title=\"Angaka\">\n                        <img decoding=\"async\" width=\"2560\" height=\"1703\" src=\"https:\/\/www.vap-camping.fr\/wp-content\/uploads\/2025\/05\/AdobeStock_80426247-scaled.jpeg\" class=\"attachment-2776 size-2776 wp-post-image\" alt=\"hiver\" large=\"\" srcset=\"https:\/\/www.vap-camping.fr\/wp-content\/uploads\/2025\/05\/AdobeStock_80426247-scaled.jpeg 2560w, https:\/\/www.vap-camping.fr\/wp-content\/uploads\/2025\/05\/AdobeStock_80426247-600x399.jpeg 600w, https:\/\/www.vap-camping.fr\/wp-content\/uploads\/2025\/05\/AdobeStock_80426247-1024x681.jpeg 1024w, https:\/\/www.vap-camping.fr\/wp-content\/uploads\/2025\/05\/AdobeStock_80426247-768x511.jpeg 768w, https:\/\/www.vap-camping.fr\/wp-content\/uploads\/2025\/05\/AdobeStock_80426247-1536x1022.jpeg 1536w, https:\/\/www.vap-camping.fr\/wp-content\/uploads\/2025\/05\/AdobeStock_80426247-2048x1363.jpeg 2048w\" sizes=\"(max-width: 2560px) 100vw, 2560px\" \/>                        <p class=\"j-title\">\n                            Angaka                        <\/p>\n                        <p class=\"j-more\">\n                            Entdecken                        <\/p>\n                    <\/a>\n                <\/div>\n\n                            <div class=\"journey-slide\">\n                    <a href=\"https:\/\/www.vap-camping.fr\/de\/lieux\/plateau-de-beille\/\" class=\"journey\" title=\"Plateau de Beille\">\n                        <img decoding=\"async\" width=\"2560\" height=\"1707\" src=\"https:\/\/www.vap-camping.fr\/wp-content\/uploads\/2025\/05\/AdobeStock_125132376-scaled.jpeg\" class=\"attachment-2815 size-2815 wp-post-image\" alt=\"famille avec des enfants en montagne\" large=\"\" srcset=\"https:\/\/www.vap-camping.fr\/wp-content\/uploads\/2025\/05\/AdobeStock_125132376-scaled.jpeg 2560w, https:\/\/www.vap-camping.fr\/wp-content\/uploads\/2025\/05\/AdobeStock_125132376-600x400.jpeg 600w, https:\/\/www.vap-camping.fr\/wp-content\/uploads\/2025\/05\/AdobeStock_125132376-1024x683.jpeg 1024w, https:\/\/www.vap-camping.fr\/wp-content\/uploads\/2025\/05\/AdobeStock_125132376-768x512.jpeg 768w, https:\/\/www.vap-camping.fr\/wp-content\/uploads\/2025\/05\/AdobeStock_125132376-1536x1024.jpeg 1536w, https:\/\/www.vap-camping.fr\/wp-content\/uploads\/2025\/05\/AdobeStock_125132376-2048x1365.jpeg 2048w\" sizes=\"(max-width: 2560px) 100vw, 2560px\" \/>                        <p class=\"j-title\">\n                            Plateau de Beille                        <\/p>\n                        <p class=\"j-more\">\n                            Entdecken                        <\/p>\n                    <\/a>\n                <\/div>\n\n                            <div class=\"journey-slide\">\n                    <a href=\"https:\/\/www.vap-camping.fr\/de\/lieux\/etang-bleu\/\" class=\"journey\" title=\"Blauer Teich\">\n                        <img decoding=\"async\" width=\"700\" height=\"465\" src=\"https:\/\/www.vap-camping.fr\/wp-content\/uploads\/2025\/04\/lac-de-montbel-2.jpg\" class=\"attachment-2825 size-2825 wp-post-image\" alt=\"\" large=\"\" srcset=\"https:\/\/www.vap-camping.fr\/wp-content\/uploads\/2025\/04\/lac-de-montbel-2.jpg 700w, https:\/\/www.vap-camping.fr\/wp-content\/uploads\/2025\/04\/lac-de-montbel-2-600x399.jpg 600w\" sizes=\"(max-width: 700px) 100vw, 700px\" \/>                        <p class=\"j-title\">\n                            Blauer Teich                        <\/p>\n                        <p class=\"j-more\">\n                            Entdecken                        <\/p>\n                    <\/a>\n                <\/div>\n\n                            <div class=\"journey-slide\">\n                    <a href=\"https:\/\/www.vap-camping.fr\/de\/lieux\/plateau-de-beille-en-velo\/\" class=\"journey\" title=\"Plateau de beille mit dem Fahrrad\">\n                                                <p class=\"j-title\">\n                            Plateau de beille mit dem Fahrrad                        <\/p>\n                        <p class=\"j-more\">\n                            Entdecken                        <\/p>\n                    <\/a>\n                <\/div>\n\n                            <div class=\"journey-slide\">\n                    <a href=\"https:\/\/www.vap-camping.fr\/de\/lieux\/mountaneo\/\" class=\"journey\" title=\"Mountane\u00f4\">\n                        <img decoding=\"async\" width=\"1920\" height=\"1280\" src=\"https:\/\/www.vap-camping.fr\/wp-content\/uploads\/2025\/08\/vacances-petit-prix-pyrenees-ariege.webp\" class=\"attachment-3898 size-3898 wp-post-image\" alt=\"Vacances \u00e0 petit prix dans l&#039;Ari\u00e8ge-Pyr\u00e9n\u00e9es.\" large=\"\" srcset=\"https:\/\/www.vap-camping.fr\/wp-content\/uploads\/2025\/08\/vacances-petit-prix-pyrenees-ariege.webp 1920w, https:\/\/www.vap-camping.fr\/wp-content\/uploads\/2025\/08\/vacances-petit-prix-pyrenees-ariege-600x400.webp 600w, https:\/\/www.vap-camping.fr\/wp-content\/uploads\/2025\/08\/vacances-petit-prix-pyrenees-ariege-1024x683.webp 1024w, https:\/\/www.vap-camping.fr\/wp-content\/uploads\/2025\/08\/vacances-petit-prix-pyrenees-ariege-768x512.webp 768w, https:\/\/www.vap-camping.fr\/wp-content\/uploads\/2025\/08\/vacances-petit-prix-pyrenees-ariege-1536x1024.webp 1536w\" sizes=\"(max-width: 1920px) 100vw, 1920px\" \/>                        <p class=\"j-title\">\n                            Mountane\u00f4                        <\/p>\n                        <p class=\"j-more\">\n                            Entdecken                        <\/p>\n                    <\/a>\n                <\/div>\n\n                            <div class=\"journey-slide\">\n                    <a href=\"https:\/\/www.vap-camping.fr\/de\/lieux\/talcaneo\/\" class=\"journey\" title=\"Talcane\u00f4\">\n                        <img decoding=\"async\" width=\"1200\" height=\"789\" src=\"https:\/\/www.vap-camping.fr\/wp-content\/uploads\/2025\/09\/image-2.jpeg\" class=\"attachment-3918 size-3918 wp-post-image\" alt=\"Talcane\u00f4\" large=\"\" srcset=\"https:\/\/www.vap-camping.fr\/wp-content\/uploads\/2025\/09\/image-2.jpeg 1200w, https:\/\/www.vap-camping.fr\/wp-content\/uploads\/2025\/09\/image-2-600x395.jpeg 600w, https:\/\/www.vap-camping.fr\/wp-content\/uploads\/2025\/09\/image-2-1024x673.jpeg 1024w, https:\/\/www.vap-camping.fr\/wp-content\/uploads\/2025\/09\/image-2-768x505.jpeg 768w\" sizes=\"(max-width: 1200px) 100vw, 1200px\" \/>                        <p class=\"j-title\">\n                            Talcane\u00f4                        <\/p>\n                        <p class=\"j-more\">\n                            Entdecken                        <\/p>\n                    <\/a>\n                <\/div>\n\n                            <div class=\"journey-slide\">\n                    <a href=\"https:\/\/www.vap-camping.fr\/de\/lieux\/activite-nordique\/\" class=\"journey\" title=\"Nordische Aktivit\u00e4t\">\n                        <img decoding=\"async\" width=\"2560\" height=\"1703\" src=\"https:\/\/www.vap-camping.fr\/wp-content\/uploads\/2025\/05\/AdobeStock_80426247-scaled.jpeg\" class=\"attachment-3923 size-3923 wp-post-image\" alt=\"hiver\" large=\"\" srcset=\"https:\/\/www.vap-camping.fr\/wp-content\/uploads\/2025\/05\/AdobeStock_80426247-scaled.jpeg 2560w, https:\/\/www.vap-camping.fr\/wp-content\/uploads\/2025\/05\/AdobeStock_80426247-600x399.jpeg 600w, https:\/\/www.vap-camping.fr\/wp-content\/uploads\/2025\/05\/AdobeStock_80426247-1024x681.jpeg 1024w, https:\/\/www.vap-camping.fr\/wp-content\/uploads\/2025\/05\/AdobeStock_80426247-768x511.jpeg 768w, https:\/\/www.vap-camping.fr\/wp-content\/uploads\/2025\/05\/AdobeStock_80426247-1536x1022.jpeg 1536w, https:\/\/www.vap-camping.fr\/wp-content\/uploads\/2025\/05\/AdobeStock_80426247-2048x1363.jpeg 2048w\" sizes=\"(max-width: 2560px) 100vw, 2560px\" \/>                        <p class=\"j-title\">\n                            Nordische Aktivit\u00e4t                        <\/p>\n                        <p class=\"j-more\">\n                            Entdecken                        <\/p>\n                    <\/a>\n                <\/div>\n\n                            <div class=\"journey-slide\">\n                    <a href=\"https:\/\/www.vap-camping.fr\/de\/lieux\/chioula\/\" class=\"journey\" title=\"CHIOULA\">\n                        <img decoding=\"async\" width=\"2560\" height=\"1714\" src=\"https:\/\/www.vap-camping.fr\/wp-content\/uploads\/2025\/05\/AdobeStock_12111915-scaled.jpeg\" class=\"attachment-3936 size-3936 wp-post-image\" alt=\"hiver\" large=\"\" srcset=\"https:\/\/www.vap-camping.fr\/wp-content\/uploads\/2025\/05\/AdobeStock_12111915-scaled.jpeg 2560w, https:\/\/www.vap-camping.fr\/wp-content\/uploads\/2025\/05\/AdobeStock_12111915-600x402.jpeg 600w, https:\/\/www.vap-camping.fr\/wp-content\/uploads\/2025\/05\/AdobeStock_12111915-1024x685.jpeg 1024w, https:\/\/www.vap-camping.fr\/wp-content\/uploads\/2025\/05\/AdobeStock_12111915-768x514.jpeg 768w, https:\/\/www.vap-camping.fr\/wp-content\/uploads\/2025\/05\/AdobeStock_12111915-1536x1028.jpeg 1536w, https:\/\/www.vap-camping.fr\/wp-content\/uploads\/2025\/05\/AdobeStock_12111915-2048x1371.jpeg 2048w\" sizes=\"(max-width: 2560px) 100vw, 2560px\" \/>                        <p class=\"j-title\">\n                            CHIOULA                        <\/p>\n                        <p class=\"j-more\">\n                            Entdecken                        <\/p>\n                    <\/a>\n                <\/div>\n\n                            <div class=\"journey-slide\">\n                    <a href=\"https:\/\/www.vap-camping.fr\/de\/lieux\/etang-bleu-en-ariege\/\" class=\"journey\" title=\"\u00c9tang Bleu in der Ari\u00e8ge\">\n                        <img decoding=\"async\" width=\"2560\" height=\"1707\" src=\"https:\/\/www.vap-camping.fr\/wp-content\/uploads\/2025\/05\/AdobeStock_521373218-scaled.jpeg\" class=\"attachment-6448 size-6448 wp-post-image\" alt=\"\" large=\"\" srcset=\"https:\/\/www.vap-camping.fr\/wp-content\/uploads\/2025\/05\/AdobeStock_521373218-scaled.jpeg 2560w, https:\/\/www.vap-camping.fr\/wp-content\/uploads\/2025\/05\/AdobeStock_521373218-600x400.jpeg 600w, https:\/\/www.vap-camping.fr\/wp-content\/uploads\/2025\/05\/AdobeStock_521373218-1024x683.jpeg 1024w, https:\/\/www.vap-camping.fr\/wp-content\/uploads\/2025\/05\/AdobeStock_521373218-768x512.jpeg 768w, https:\/\/www.vap-camping.fr\/wp-content\/uploads\/2025\/05\/AdobeStock_521373218-1536x1024.jpeg 1536w, https:\/\/www.vap-camping.fr\/wp-content\/uploads\/2025\/05\/AdobeStock_521373218-2048x1365.jpeg 2048w\" sizes=\"(max-width: 2560px) 100vw, 2560px\" \/>                        <p class=\"j-title\">\n                            \u00c9tang Bleu in der Ari\u00e8ge                        <\/p>\n                        <p class=\"j-more\">\n                            Entdecken                        <\/p>\n                    <\/a>\n                <\/div>\n\n                            <div class=\"journey-slide\">\n                    <a href=\"https:\/\/www.vap-camping.fr\/de\/lieux\/mont-fourcat-en-ariege\/\" class=\"journey\" title=\"Mont Fourcat in Ari\u00e8ge\">\n                        <img decoding=\"async\" width=\"1024\" height=\"610\" src=\"https:\/\/www.vap-camping.fr\/wp-content\/uploads\/2025\/11\/randonnee_pedestre2_adt_ariegepyrenees.jpg\" class=\"attachment-6452 size-6452 wp-post-image\" alt=\"Randon\u00e9e en Ari\u00e8ge\" large=\"\" srcset=\"https:\/\/www.vap-camping.fr\/wp-content\/uploads\/2025\/11\/randonnee_pedestre2_adt_ariegepyrenees.jpg 1024w, https:\/\/www.vap-camping.fr\/wp-content\/uploads\/2025\/11\/randonnee_pedestre2_adt_ariegepyrenees-600x357.jpg 600w, https:\/\/www.vap-camping.fr\/wp-content\/uploads\/2025\/11\/randonnee_pedestre2_adt_ariegepyrenees-768x458.jpg 768w\" sizes=\"(max-width: 1024px) 100vw, 1024px\" \/>                        <p class=\"j-title\">\n                            Mont Fourcat in Ari\u00e8ge                        <\/p>\n                        <p class=\"j-more\">\n                            Entdecken                        <\/p>\n                    <\/a>\n                <\/div>\n\n                            <div class=\"journey-slide\">\n                    <a href=\"https:\/\/www.vap-camping.fr\/de\/lieux\/cascade-dartigue-en-ariege\/\" class=\"journey\" title=\"Wasserfall von Artigue in der Ari\u00e8ge\">\n                        <img decoding=\"async\" width=\"1920\" height=\"2560\" src=\"https:\/\/www.vap-camping.fr\/wp-content\/uploads\/2025\/11\/img_6596-scaled.jpeg\" class=\"attachment-6410 size-6410 wp-post-image\" alt=\"cascade d&#039;artigue en Ari\u00e8ge\" large=\"\" srcset=\"https:\/\/www.vap-camping.fr\/wp-content\/uploads\/2025\/11\/img_6596-scaled.jpeg 1920w, https:\/\/www.vap-camping.fr\/wp-content\/uploads\/2025\/11\/img_6596-450x600.jpeg 450w, https:\/\/www.vap-camping.fr\/wp-content\/uploads\/2025\/11\/img_6596-768x1024.jpeg 768w, https:\/\/www.vap-camping.fr\/wp-content\/uploads\/2025\/11\/img_6596-1152x1536.jpeg 1152w, https:\/\/www.vap-camping.fr\/wp-content\/uploads\/2025\/11\/img_6596-1536x2048.jpeg 1536w\" sizes=\"(max-width: 1920px) 100vw, 1920px\" \/>                        <p class=\"j-title\">\n                            Wasserfall von Artigue in der Ari\u00e8ge                        <\/p>\n                        <p class=\"j-more\">\n                            Entdecken                        <\/p>\n                    <\/a>\n                <\/div>\n\n                            <div class=\"journey-slide\">\n                    <a href=\"https:\/\/www.vap-camping.fr\/de\/lieux\/velo-au-prat-dalbis\/\" class=\"journey\" title=\"La Camina von Les Cabannes aus\">\n                        <img decoding=\"async\" width=\"1024\" height=\"683\" src=\"https:\/\/www.vap-camping.fr\/wp-content\/uploads\/2025\/04\/Cyclo2_ariege_pyrenees_tourisme.jpg\" class=\"attachment-6375 size-6375 wp-post-image\" alt=\"\" large=\"\" srcset=\"https:\/\/www.vap-camping.fr\/wp-content\/uploads\/2025\/04\/Cyclo2_ariege_pyrenees_tourisme.jpg 1024w, https:\/\/www.vap-camping.fr\/wp-content\/uploads\/2025\/04\/Cyclo2_ariege_pyrenees_tourisme-600x400.jpg 600w, https:\/\/www.vap-camping.fr\/wp-content\/uploads\/2025\/04\/Cyclo2_ariege_pyrenees_tourisme-768x512.jpg 768w\" sizes=\"(max-width: 1024px) 100vw, 1024px\" \/>                        <p class=\"j-title\">\n                            La Camina von Les Cabannes aus                        <\/p>\n                        <p class=\"j-more\">\n                            Entdecken                        <\/p>\n                    <\/a>\n                <\/div>\n\n                            <div class=\"journey-slide\">\n                    <a href=\"https:\/\/www.vap-camping.fr\/de\/lieux\/ussat-les-bains\/\" class=\"journey\" title=\"Ussat-les-Bains\">\n                        <img decoding=\"async\" width=\"1024\" height=\"768\" src=\"https:\/\/www.vap-camping.fr\/wp-content\/uploads\/2025\/12\/thermes_ussat_les_bains_ariege_pyreneescopywiki-commons-pinpin-.jpg\" class=\"attachment-6329 size-6329 wp-post-image\" alt=\"\" large=\"\" srcset=\"https:\/\/www.vap-camping.fr\/wp-content\/uploads\/2025\/12\/thermes_ussat_les_bains_ariege_pyreneescopywiki-commons-pinpin-.jpg 1024w, https:\/\/www.vap-camping.fr\/wp-content\/uploads\/2025\/12\/thermes_ussat_les_bains_ariege_pyreneescopywiki-commons-pinpin--600x450.jpg 600w, https:\/\/www.vap-camping.fr\/wp-content\/uploads\/2025\/12\/thermes_ussat_les_bains_ariege_pyreneescopywiki-commons-pinpin--768x576.jpg 768w\" sizes=\"(max-width: 1024px) 100vw, 1024px\" \/>                        <p class=\"j-title\">\n                            Ussat-les-Bains                        <\/p>\n                        <p class=\"j-more\">\n                            Entdecken                        <\/p>\n                    <\/a>\n                <\/div>\n\n                            <div class=\"journey-slide\">\n                    <a href=\"https:\/\/www.vap-camping.fr\/de\/lieux\/aulus-les-bains-spa-pyreneen\/\" class=\"journey\" title=\"Aulus-les-Bains \u2014 spa pyr\u00e9n\u00e9en\">\n                        <img decoding=\"async\" width=\"400\" height=\"400\" src=\"https:\/\/www.vap-camping.fr\/wp-content\/uploads\/2025\/12\/image-12.jpeg\" class=\"attachment-6328 size-6328 wp-post-image\" alt=\"\" large=\"\" srcset=\"https:\/\/www.vap-camping.fr\/wp-content\/uploads\/2025\/12\/image-12.jpeg 400w, https:\/\/www.vap-camping.fr\/wp-content\/uploads\/2025\/12\/image-12-300x300.jpeg 300w\" sizes=\"(max-width: 400px) 100vw, 400px\" \/>                        <p class=\"j-title\">\n                            Aulus-les-Bains \u2014 spa pyr\u00e9n\u00e9en                        <\/p>\n                        <p class=\"j-more\">\n                            Entdecken                        <\/p>\n                    <\/a>\n                <\/div>\n\n                            <div class=\"journey-slide\">\n                    <a href=\"https:\/\/www.vap-camping.fr\/de\/lieux\/canoying-a-auzat\/\" class=\"journey\" title=\"Canyoning in Auzat\">\n                        <img decoding=\"async\" width=\"2560\" height=\"1707\" src=\"https:\/\/www.vap-camping.fr\/wp-content\/uploads\/2025\/05\/AdobeStock_1440626613-scaled.jpeg\" class=\"attachment-6290 size-6290 wp-post-image\" alt=\"\" large=\"\" srcset=\"https:\/\/www.vap-camping.fr\/wp-content\/uploads\/2025\/05\/AdobeStock_1440626613-scaled.jpeg 2560w, https:\/\/www.vap-camping.fr\/wp-content\/uploads\/2025\/05\/AdobeStock_1440626613-600x400.jpeg 600w, https:\/\/www.vap-camping.fr\/wp-content\/uploads\/2025\/05\/AdobeStock_1440626613-1024x683.jpeg 1024w, https:\/\/www.vap-camping.fr\/wp-content\/uploads\/2025\/05\/AdobeStock_1440626613-768x512.jpeg 768w, https:\/\/www.vap-camping.fr\/wp-content\/uploads\/2025\/05\/AdobeStock_1440626613-1536x1024.jpeg 1536w, https:\/\/www.vap-camping.fr\/wp-content\/uploads\/2025\/05\/AdobeStock_1440626613-2048x1365.jpeg 2048w\" sizes=\"(max-width: 2560px) 100vw, 2560px\" \/>                        <p class=\"j-title\">\n                            Canyoning in Auzat                        <\/p>\n                        <p class=\"j-more\">\n                            Entdecken                        <\/p>\n                    <\/a>\n                <\/div>\n\n                            <div class=\"journey-slide\">\n                    <a href=\"https:\/\/www.vap-camping.fr\/de\/lieux\/speleologie-en-ariege\/\" class=\"journey\" title=\"Sibelle Escapade en Ari\u00e8ge (Ausflug in die Ari\u00e8ge)\">\n                        <img decoding=\"async\" width=\"1280\" height=\"800\" src=\"https:\/\/www.vap-camping.fr\/wp-content\/uploads\/2025\/12\/image-22.jpeg\" class=\"attachment-6288 size-6288 wp-post-image\" alt=\"\" large=\"\" srcset=\"https:\/\/www.vap-camping.fr\/wp-content\/uploads\/2025\/12\/image-22.jpeg 1280w, https:\/\/www.vap-camping.fr\/wp-content\/uploads\/2025\/12\/image-22-600x375.jpeg 600w, https:\/\/www.vap-camping.fr\/wp-content\/uploads\/2025\/12\/image-22-1024x640.jpeg 1024w, https:\/\/www.vap-camping.fr\/wp-content\/uploads\/2025\/12\/image-22-768x480.jpeg 768w\" sizes=\"(max-width: 1280px) 100vw, 1280px\" \/>                        <p class=\"j-title\">\n                            Sibelle Escapade en Ari\u00e8ge (Ausflug in die Ari\u00e8ge)                        <\/p>\n                        <p class=\"j-more\">\n                            Entdecken                        <\/p>\n                    <\/a>\n                <\/div>\n\n                            <div class=\"journey-slide\">\n                    <a href=\"https:\/\/www.vap-camping.fr\/de\/lieux\/marche-des-cabannes\/\" class=\"journey\" title=\"Markt in Les Cabannes\">\n                        <img decoding=\"async\" width=\"1920\" height=\"2560\" src=\"https:\/\/www.vap-camping.fr\/wp-content\/uploads\/2025\/09\/img_0053-scaled.jpeg\" class=\"attachment-6268 size-6268 wp-post-image\" alt=\"\" large=\"\" srcset=\"https:\/\/www.vap-camping.fr\/wp-content\/uploads\/2025\/09\/img_0053-scaled.jpeg 1920w, https:\/\/www.vap-camping.fr\/wp-content\/uploads\/2025\/09\/img_0053-450x600.jpeg 450w, https:\/\/www.vap-camping.fr\/wp-content\/uploads\/2025\/09\/img_0053-768x1024.jpeg 768w, https:\/\/www.vap-camping.fr\/wp-content\/uploads\/2025\/09\/img_0053-1152x1536.jpeg 1152w, https:\/\/www.vap-camping.fr\/wp-content\/uploads\/2025\/09\/img_0053-1536x2048.jpeg 1536w\" sizes=\"(max-width: 1920px) 100vw, 1920px\" \/>                        <p class=\"j-title\">\n                            Markt in Les Cabannes                        <\/p>\n                        <p class=\"j-more\">\n                            Entdecken                        <\/p>\n                    <\/a>\n                <\/div>\n\n                            <div class=\"journey-slide\">\n                    <a href=\"https:\/\/www.vap-camping.fr\/de\/lieux\/les-truites-de-laston\/\" class=\"journey\" title=\"Les Truites de l&#8217;Aston\">\n                        <img decoding=\"async\" width=\"2507\" height=\"1880\" src=\"https:\/\/www.vap-camping.fr\/wp-content\/uploads\/2025\/12\/image-24.jpeg\" class=\"attachment-6256 size-6256 wp-post-image\" alt=\"\" large=\"\" srcset=\"https:\/\/www.vap-camping.fr\/wp-content\/uploads\/2025\/12\/image-24.jpeg 2507w, https:\/\/www.vap-camping.fr\/wp-content\/uploads\/2025\/12\/image-24-600x450.jpeg 600w, https:\/\/www.vap-camping.fr\/wp-content\/uploads\/2025\/12\/image-24-1024x768.jpeg 1024w, https:\/\/www.vap-camping.fr\/wp-content\/uploads\/2025\/12\/image-24-768x576.jpeg 768w, https:\/\/www.vap-camping.fr\/wp-content\/uploads\/2025\/12\/image-24-1536x1152.jpeg 1536w, https:\/\/www.vap-camping.fr\/wp-content\/uploads\/2025\/12\/image-24-2048x1536.jpeg 2048w\" sizes=\"(max-width: 2507px) 100vw, 2507px\" \/>                        <p class=\"j-title\">\n                            Les Truites de l&#8217;Aston                        <\/p>\n                        <p class=\"j-more\">\n                            Entdecken                        <\/p>\n                    <\/a>\n                <\/div>\n\n                            <div class=\"journey-slide\">\n                    <a href=\"https:\/\/www.vap-camping.fr\/de\/lieux\/biscuiterie-du-moulin-sinsat\/\" class=\"journey\" title=\"Biscuititerie du Moulin Sinsat\">\n                        <img decoding=\"async\" width=\"550\" height=\"550\" src=\"https:\/\/www.vap-camping.fr\/wp-content\/uploads\/2025\/12\/image-27.jpeg\" class=\"attachment-6262 size-6262 wp-post-image\" alt=\"\" large=\"\" srcset=\"https:\/\/www.vap-camping.fr\/wp-content\/uploads\/2025\/12\/image-27.jpeg 550w, https:\/\/www.vap-camping.fr\/wp-content\/uploads\/2025\/12\/image-27-300x300.jpeg 300w\" sizes=\"(max-width: 550px) 100vw, 550px\" \/>                        <p class=\"j-title\">\n                            Biscuititerie du Moulin Sinsat                        <\/p>\n                        <p class=\"j-more\">\n                            Entdecken                        <\/p>\n                    <\/a>\n                <\/div>\n\n                            <div class=\"journey-slide\">\n                    <a href=\"https:\/\/www.vap-camping.fr\/de\/lieux\/ferme-les-vieux-pres\/\" class=\"journey\" title=\"Bauernhof Les Vieux Pr\u00e9s\">\n                        <img decoding=\"async\" width=\"901\" height=\"1200\" src=\"https:\/\/www.vap-camping.fr\/wp-content\/uploads\/2025\/12\/image-31.jpeg\" class=\"attachment-6244 size-6244 wp-post-image\" alt=\"\" large=\"\" srcset=\"https:\/\/www.vap-camping.fr\/wp-content\/uploads\/2025\/12\/image-31.jpeg 901w, https:\/\/www.vap-camping.fr\/wp-content\/uploads\/2025\/12\/image-31-451x600.jpeg 451w, https:\/\/www.vap-camping.fr\/wp-content\/uploads\/2025\/12\/image-31-769x1024.jpeg 769w, https:\/\/www.vap-camping.fr\/wp-content\/uploads\/2025\/12\/image-31-768x1023.jpeg 768w\" sizes=\"(max-width: 901px) 100vw, 901px\" \/>                        <p class=\"j-title\">\n                            Bauernhof Les Vieux Pr\u00e9s                        <\/p>\n                        <p class=\"j-more\">\n                            Entdecken                        <\/p>\n                    <\/a>\n                <\/div>\n\n                    <\/div>\n        <div class=\"journey-buttons\">\n            <button class=\"j-prev\">ARR<\/button>\n            <button class=\"j-next\">AV<\/button>\n        <\/div>\n    <\/div>\n\n\n\n\n\n<div class=\"wp-block-group has-global-padding is-layout-constrained wp-block-group-is-layout-constrained\">\n<div class=\"wp-block-group alignwide is-style-title-simple is-layout-flow wp-block-group-is-layout-flow is-style-title-simple--11\" style=\"margin-top:4rem;margin-bottom:4rem\">\n<p class=\"has-text-align-center has-secondary-color has-text-color has-link-color has-secondary-font-family has-xl-font-size wp-elements-b52900ba3ea20b3e9f710279243c2264\">Entdecken Sie<\/p>\n\n\n\n<p class=\"has-text-align-center has-primary-font-family has-sm-font-size\" style=\"text-transform:uppercase\"><strong>unsere anderen Einrichtungen<\/strong><\/p>\n<\/div>\n\n\n<div class=\"campings-wrapper is-layout-flow wp-block-slider-campings-is-layout-flow\">\n            <div class=\"campings-list\">\n                            <div class=\"camping-item\"\n                    style=\"background-image: linear-gradient(to top, rgba(0, 0, 0, 0.6), transparent), url('https:\/\/www.vap-camping.fr\/wp-content\/uploads\/2025\/04\/camping-avec-piscine-1024x767.jpg');\">\n                    <a href=\"https:\/\/www.vap-camping.fr\/de\/campings\/camping-du-lac\/\" title=\"Campingplatz du lac(Foix)\" class=\"camping-link\">\n                        <p class=\"title\">Campingplatz du lac(Foix)<\/p>\n                        <p class=\"camping-button\">Entdecken<\/p>\n                    <\/a>\n                <\/div>\n                            <div class=\"camping-item\"\n                    style=\"background-image: linear-gradient(to top, rgba(0, 0, 0, 0.6), transparent), url('https:\/\/www.vap-camping.fr\/wp-content\/uploads\/2025\/07\/dji_0589-2-1024x767.jpg');\">\n                    <a href=\"https:\/\/www.vap-camping.fr\/de\/campings\/camping-la-bastide\/\" title=\"Campingplatz la Bastide(Maz\u00e8res)\" class=\"camping-link\">\n                        <p class=\"title\">Campingplatz la Bastide(Maz\u00e8res)<\/p>\n                        <p class=\"camping-button\">Entdecken<\/p>\n                    <\/a>\n                <\/div>\n                            <div class=\"camping-item\"\n                    style=\"background-image: linear-gradient(to top, rgba(0, 0, 0, 0.6), transparent), url('https:\/\/www.vap-camping.fr\/wp-content\/uploads\/2025\/04\/dsc03930-1024x500.jpg');\">\n                    <a href=\"https:\/\/www.vap-camping.fr\/de\/campings\/camping-le-rupe\/\" title=\"Campingplatz le Rup\u00e9(Toulouse)\" class=\"camping-link\">\n                        <p class=\"title\">Campingplatz le Rup\u00e9(Toulouse)<\/p>\n                        <p class=\"camping-button\">Entdecken<\/p>\n                    <\/a>\n                <\/div>\n                            <div class=\"camping-item\"\n                    style=\"background-image: linear-gradient(to top, rgba(0, 0, 0, 0.6), transparent), url('https:\/\/www.vap-camping.fr\/wp-content\/uploads\/2025\/04\/4479-1024x461.jpeg');\">\n                    <a href=\"https:\/\/www.vap-camping.fr\/de\/campings\/camping-le-bourdieu\/\" title=\"Campingplatz Le Bourdieu\" class=\"camping-link\">\n                        <p class=\"title\">Campingplatz Le Bourdieu<\/p>\n                        <p class=\"camping-button\">Entdecken<\/p>\n                    <\/a>\n                <\/div>\n                    <\/div>\n    <\/div>\n\n<\/div>\n\n\n\n<div class=\"wp-block-group reveal has-global-padding is-layout-constrained wp-block-group-is-layout-constrained\">\n<div class=\"wp-block-columns alignfull are-vertically-aligned-center is-faq-wrapper is-layout-flex wp-container-core-columns-is-layout-28f84493 wp-block-columns-is-layout-flex\">\n<div class=\"wp-block-column is-vertically-aligned-center is-layout-flow wp-block-column-is-layout-flow\" style=\"flex-basis:33.33%\">\n<div class=\"wp-block-group is-faq is-layout-flow wp-block-group-is-layout-flow has-background\" style=\"border-radius:100%;background-image:url(&#039;https:\/\/www.vap-camping.fr\/wp-content\/themes\/vap\/assets\/img\/faq.jpg&#039;);background-position:73% 47%;background-size:cover;\"><\/div>\n<\/div>\n\n\n\n<div class=\"wp-block-column is-vertically-aligned-center is-layout-flow wp-block-column-is-layout-flow\" style=\"flex-basis:66.66%\">\n<div class=\"wp-block-group is-style-title-left is-layout-flow wp-block-group-is-layout-flow is-style-title-left--12\">\n<p class=\"has-secondary-color has-text-color has-link-color has-secondary-font-family has-xl-font-size wp-elements-b8d209e59c03caf8beafd191d43c8acb\">H\u00e4ufig gestellte Fragen<\/p>\n\n\n\n<p class=\"has-primary-color has-text-color has-link-color has-primary-font-family has-sm-font-size wp-elements-4a6d732f50c7544ec9ba68cb8e501743\" style=\"text-transform:uppercase\"><strong>Sie m\u00f6chten mehr erfahren<\/strong><\/p>\n<\/div>\n\n\n\n<div class=\"wp-block-group has-global-padding is-layout-constrained wp-block-group-is-layout-constrained\">\n<div class=\"pfq\">\n  \n  \n  <nav class=\"pfq__themes\">\n    <h2>Th\u00e9matiques<\/h2>\n    <ul>\n      \n        <li class=\"pfq__theme active\" data-pfq-group=\"group-0\">\n          <a href=\"#\">H\u00e4ufig gestellte Fragen<\/a>\n        <\/li>\n\n          <\/ul>\n  <\/nav>\n\n  <div class=\"pfq__questions\">\n    \n      <div class=\"pfq__questions__group visible\" data-pfq-group=\"group-0\">\n\n        <h3>H\u00e4ufig gestellte Fragen<\/h3>\n\n        \n          <div class=\"pfq__question\"  >\n            <h4 class=\"pfq__question__title\">Wie wird verfahren, wenn wir nach der Schlie\u00dfungszeit der Rezeption ankommen?<\/h4>\n            <div class=\"pfq__answer\"><p><span style=\"font-weight: 400;\">Wir werden Ihnen an der T\u00fcr der Rezeption Anweisungen geben, wie Sie zu Ihrem Zimmer gelangen. An der T\u00fcr zu Ihrem Zimmer finden Sie Ihren Namen und die Schl\u00fcssel. <\/span><\/p>\n<\/div>\n          <\/div>\n\n        \n          <div class=\"pfq__question\"  >\n            <h4 class=\"pfq__question__title\">Sind Hunde erlaubt?<\/h4>\n            <div class=\"pfq__answer\"><p><span style=\"font-weight: 400;\">Ja, sie sind an der Leine in den Gemeinschaftsbereichen willkommen, vorausgesetzt, Sie beseitigen ihren Kot.<\/span><\/p>\n<\/div>\n          <\/div>\n\n        \n          <div class=\"pfq__question\"  >\n            <h4 class=\"pfq__question__title\">Was sind die Bedingungen f\u00fcr die Nutzung des Pools?<\/h4>\n            <div class=\"pfq__answer\"><p><span style=\"font-weight: 400;\">Der Pool wird nicht \u00fcberwacht, Sie sind also f\u00fcr die Nutzung verantwortlich und die Nutzung ist von 10.00 bis 19.00 Uhr beschr\u00e4nkt, damit alle Bewohner ihre Ruhe haben.<\/span><\/p>\n<\/div>\n          <\/div>\n\n        \n          <div class=\"pfq__question\"  >\n            <h4 class=\"pfq__question__title\">Ist Bettw\u00e4sche vorhanden?<\/h4>\n            <div class=\"pfq__answer\"><p><span style=\"font-weight: 400;\">Nein, Sie m\u00fcssen Ihre eigenen Bettlaken oder Schlafs\u00e4cke mitbringen, ansonsten k\u00f6nnen Sie Bettw\u00e4sche und Handt\u00fccher f\u00fcr 10\u20ac mieten.<\/span><\/p>\n<\/div>\n          <\/div>\n\n        \n          <div class=\"pfq__question\"  >\n            <h4 class=\"pfq__question__title\">Gibt es Animationen in Ihrer Einrichtung?<\/h4>\n            <div class=\"pfq__answer\"><p><span style=\"font-weight: 400;\">Nein, unsere Einrichtung bietet keine Animation an. Der Pool und die Boulebahn sind frei zug\u00e4nglich. <\/span><\/p>\n<\/div>\n          <\/div>\n\n        \n          <div class=\"pfq__question\"  >\n            <h4 class=\"pfq__question__title\">Gibt es eine Bar oder ein Restaurant in Ihrer Einrichtung?<\/h4>\n            <div class=\"pfq__answer\"><p><span style=\"font-weight: 400;\">Nein, aber Sie finden sie auf dem Dorfplatz, der nur 5 Minuten zu Fu\u00df entfernt ist.<\/span><\/p>\n<\/div>\n          <\/div>\n\n        \n          <div class=\"pfq__question\"  >\n            <h4 class=\"pfq__question__title\">Kommt ein Zug bei Ihnen an?<\/h4>\n            <div class=\"pfq__answer\"><p><span style=\"font-weight: 400;\">Ja, die Linie Paris-Latour de Carol h\u00e4lt in Les Cabannes, der Bahnhof ist 5 Minuten zu Fu\u00df entfernt.<\/span><\/p>\n<\/div>\n          <\/div>\n\n        \n          <div class=\"pfq__question\"  >\n            <h4 class=\"pfq__question__title\">Welche Zahlungsmethoden akzeptieren Sie?<\/h4>\n            <div class=\"pfq__answer\"><p><span style=\"font-weight: 400;\">Cb\/ohne Kontakt\/ANCV\/Schecks\/M\u00fcnzen<\/span><\/p>\n<\/div>\n          <\/div>\n\n        \n      <\/div>\n\n    \n  <\/div>\n<\/div>\n<\/div>\n<\/div>\n<\/div>\n<\/div>\n\n\n\n<div class=\"wp-block-group btn-resa has-background has-global-padding is-layout-constrained wp-block-group-is-layout-constrained\" style=\"background:linear-gradient(0deg,rgba(255,255,255,0.74) 0%,rgba(255,255,255,0) 100%)\">\n<div class=\"wp-block-buttons is-content-justification-center is-layout-flex wp-container-core-buttons-is-layout-a89b3969 wp-block-buttons-is-layout-flex\">\n<div class=\"wp-block-button\"><a class=\"wp-block-button__link wp-element-button\" href=\"https:\/\/reservation.secureholiday.net\/group\/fr\/108\/search\/estab-view\/13395\/products\" target=\"_blank\" rel=\"noreferrer noopener\">buchen Sie Ihren Aufenthalt<\/a><\/div>\n<\/div>\n<\/div>\n<\/div>\n","protected":false},"excerpt":{"rendered":"<p>Unterkunft &#8211; Ari\u00e8ge &#8211; Les Cabannes Willkommen bei im Complex des Oustalous in den Pyren\u00e4en Treffen Sie sich in einer Etappen- und Gruppenunterkunft in der Ari\u00e8ge in einer au\u00dfergew\u00f6hnlichen Umgebung! Willkommen im Complexe Les Oustalous, einer Etappen- und Gruppenunterkunft in einer au\u00dfergew\u00f6hnlichen Umgebung, am Fu\u00dfe des Plateau de Beille, im charmanten Dorf Les Cabannes. Hier [&hellip;]<\/p>\n","protected":false},"featured_media":2522,"parent":0,"template":"","format":"standard","meta":{"_acf_changed":false,"_seopress_robots_primary_cat":"","_seopress_titles_title":"Ferienhaus Les Cabannes | Complexe des Oustalous in den Pyren\u00e4en Ari\u00e9geoises","_seopress_titles_desc":"Bleiben Sie in Les Cabannes im Complexe des Oustalous, am Fu\u00dfe des Plateau de Beille: ein naturnahes und geselliges Ferienhaus, ideal f\u00fcr die Erkundung der Pyren\u00e4en Ari\u00e9geoises.","_seopress_robots_index":"","ouverture":"Das ganze Jahr \u00fcber ge\u00f6ffnet","nombre_de_locations":"240 Personen","nombre_demplacements":"240 Personen","adresse":"Chemin de Nazebe, 09310 Les Cabannes","numero_de_telephone":"0561649540","email":"lesoustalous@orange.fr","url_du_site":"Website","footnotes":""},"class_list":["post-2518","campings","type-campings","status-publish","format-standard","has-post-thumbnail","hentry"],"acf":{"latitude":"42.7874289","longitude":"1.6828079","ouverture":"Das ganze Jahr \u00fcber ge\u00f6ffnet","nombre_de_locations":"240 Personen","nombre_demplacements":"240 Personen","adresse":"Chemin de Nazebe, 09310 Les Cabannes","numero_de_telephone":"0561649540","email":"lesoustalous@orange.fr","url_du_site":"Website","stars":"","services":[{"label":"Swimmingpool","icon":3087},{"label":"Wifi","icon":3085},{"label":"Boulodrome","icon":2521},{"label":"Tischtennisplatte","icon":3080}]},"_links":{"self":[{"href":"https:\/\/www.vap-camping.fr\/de\/wp-json\/wp\/v2\/campings\/2518","targetHints":{"allow":["GET"]}}],"collection":[{"href":"https:\/\/www.vap-camping.fr\/de\/wp-json\/wp\/v2\/campings"}],"about":[{"href":"https:\/\/www.vap-camping.fr\/de\/wp-json\/wp\/v2\/types\/campings"}],"version-history":[{"count":8,"href":"https:\/\/www.vap-camping.fr\/de\/wp-json\/wp\/v2\/campings\/2518\/revisions"}],"predecessor-version":[{"id":7342,"href":"https:\/\/www.vap-camping.fr\/de\/wp-json\/wp\/v2\/campings\/2518\/revisions\/7342"}],"wp:featuredmedia":[{"embeddable":true,"href":"https:\/\/www.vap-camping.fr\/de\/wp-json\/wp\/v2\/media\/2522"}],"wp:attachment":[{"href":"https:\/\/www.vap-camping.fr\/de\/wp-json\/wp\/v2\/media?parent=2518"}],"curies":[{"name":"wp","href":"https:\/\/api.w.org\/{rel}","templated":true}]}}