{"id":2587,"date":"2025-04-18T15:03:52","date_gmt":"2025-04-18T15:03:52","guid":{"rendered":"https:\/\/www.vap-camping.fr\/campings\/camping-le-bourdieu\/"},"modified":"2026-02-26T09:21:17","modified_gmt":"2026-02-26T09:21:17","slug":"camping-le-bourdieu","status":"publish","type":"campings","link":"https:\/\/www.vap-camping.fr\/de\/campings\/camping-le-bourdieu\/","title":{"rendered":"Campingplatz Le Bourdieu"},"content":{"rendered":"\n<div class=\"wp-block-group alignfull is-layout-flow wp-container-core-group-is-layout-8af317cd wp-block-group-is-layout-flow\">\n<div class=\"wp-block-group hero-camp fromOpacity is-layout-flow wp-block-group-is-layout-flow\" style=\"margin-bottom:20rem\">\n<div class=\"wp-block-group alignfull hero-img is-layout-flow wp-block-group-is-layout-flow\">\n<figure class=\"wp-block-image size-full\"><img alt=\"\" decoding=\"async\" width=\"2560\" height=\"1440\" src=\"https:\/\/www.vap-camping.fr\/wp-content\/uploads\/2025\/04\/img_1952-scaled.jpeg\" alt=\"\" class=\"wp-image-2145\" srcset=\"https:\/\/www.vap-camping.fr\/wp-content\/uploads\/2025\/04\/img_1952-scaled.jpeg 2560w, https:\/\/www.vap-camping.fr\/wp-content\/uploads\/2025\/04\/img_1952-600x338.jpeg 600w, https:\/\/www.vap-camping.fr\/wp-content\/uploads\/2025\/04\/img_1952-1024x576.jpeg 1024w, https:\/\/www.vap-camping.fr\/wp-content\/uploads\/2025\/04\/img_1952-768x432.jpeg 768w, https:\/\/www.vap-camping.fr\/wp-content\/uploads\/2025\/04\/img_1952-1536x864.jpeg 1536w, https:\/\/www.vap-camping.fr\/wp-content\/uploads\/2025\/04\/img_1952-2048x1152.jpeg 2048w\" sizes=\"(max-width: 2560px) 100vw, 2560px\" \/><\/figure>\n<\/div>\n\n\n\n<div class=\"wp-block-group hero-desc has-secondary-background-color has-background is-layout-flow wp-block-group-is-layout-flow\" style=\"border-top-right-radius:90px;border-bottom-right-radius:90px;padding-top:2rem;padding-bottom:2rem;padding-left:5rem\"><h1 style=\"font-size:clamp(3.037rem, 3.037rem + ((1vw - 0.2rem) * 4.018), 6rem);\" class=\"has-link-color wp-elements-971196805a816ee349c8ae4f34a1c7a7 wp-block-post-title has-text-color has-white-color has-secondary-font-family\">Campingplatz Le Bourdieu<\/h1>\n\n\n<div class=\"wp-block-group is-nowrap is-layout-flex wp-container-core-group-is-layout-3b4e9d3e wp-block-group-is-layout-flex\">\n<p class=\"has-white-color has-text-color has-link-color has-sm-font-size wp-elements-dd16cb079116deed779a5a32e1d728d8\" style=\"font-style:normal;font-weight:500;text-transform:uppercase\">Campingplatz  <\/p>\n\n\n\n<figure class=\"wp-block-image size-full\"><img alt=\"\" decoding=\"async\" src=\"https:\/\/www.vap-camping.fr\/wp-content\/themes\/vap\/assets\/img\/svg\/star-white.svg\" alt=\"\" class=\"wp-image-657\"\/><\/figure>\n\n\n\n<figure class=\"wp-block-image size-full\"><img alt=\"\" decoding=\"async\" src=\"https:\/\/www.vap-camping.fr\/wp-content\/themes\/vap\/assets\/img\/svg\/star-white.svg\" alt=\"\" class=\"wp-image-657\"\/><\/figure>\n\n\n\n<figure class=\"wp-block-image size-full\"><img alt=\"\" decoding=\"async\" src=\"https:\/\/www.vap-camping.fr\/wp-content\/themes\/vap\/assets\/img\/svg\/star-white.svg\" alt=\"\" class=\"wp-image-657\"\/><\/figure>\n\n\n\n<p class=\"has-white-color has-text-color has-link-color has-sm-font-size wp-elements-4fe64cdeb6ace56190ae94803488e7be\" style=\"font-style:normal;font-weight:500;text-transform:uppercase\">&#8211; Ariege &#8211; Durfort<\/p>\n<\/div>\n<\/div>\n<\/div>\n\n\n\n<div class=\"wp-block-group has-global-padding is-layout-constrained wp-container-core-group-is-layout-4f9f0532 wp-block-group-is-layout-constrained\">\n<div class=\"wp-block-columns are-vertically-aligned-top m-ti is-layout-flex wp-container-core-columns-is-layout-c4788e2e wp-block-columns-is-layout-flex\">\n<div class=\"wp-block-column is-vertically-aligned-top m-ti-text-camp has-primary-color has-text-color has-link-color wp-elements-a40c23e23d108798cf6694b2947c649b is-layout-flow wp-container-core-column-is-layout-58dbe9e9 wp-block-column-is-layout-flow\" style=\"padding-left:10rem;flex-basis:60%\">\n<div class=\"wp-block-group is-style-title-left leftRight is-layout-flow wp-block-group-is-layout-flow is-style-title-left--1\">\n<p class=\"has-secondary-color has-text-color has-link-color has-secondary-font-family has-xl-font-size wp-elements-26ce745ddf7f1783fb4930532dbf5034\">\n  Willkommen bei<\/p>\n\n\n\n<p class=\"has-primary-color has-text-color has-link-color has-primary-font-family has-sm-font-size wp-elements-aa4e42f240c042bb7f9f1069e8a49527\" style=\"text-transform:uppercase\"><strong>Auf dem Campingplatz Le Bourdieu in der Ari\u00e8ge<\/strong><\/p>\n<\/div>\n\n\n\n<h1 class=\"wp-block-heading text-title\">Im Herzen des L\u00e8ze-Tals, genie\u00dfen Sie eine gr\u00fcne und famili\u00e4re Umgebung f\u00fcr einen ruhigen und geselligen Urlaub in der Ari\u00e8ge!<\/h1>\n\n\n\n<p class=\"has-link-color has-m-font-size wp-elements-5183bdc198a6e85b38230749997430c6\" style=\"padding-left:2rem\">Am Rande des L\u00e8ze-Tals empf\u00e4ngt Sie die Familie Secco in einer famili\u00e4ren und freundlichen Atmosph\u00e4re, die ideal ist, um sich zu entspannen und gemeinsame Momente mit Ihren Lieben zu genie\u00dfen. Hier f\u00fchlt sich jeder Besucher wie zu Hause und viele kommen jedes Jahr wieder, um mit unserem Team und den anderen Urlaubern eine echte Beziehung aufzubauen.   <\/p>\n\n\n\n<p class=\"has-m-font-size\" style=\"padding-left:2rem\">Ob Sie nun gerne wandern, Sehensw\u00fcrdigkeiten oder nat\u00fcrliche H\u00f6hlen besichtigen oder einfach nur entspannen und abschalten m\u00f6chten, unser Campingplatz bietet Ihnen eine ruhige Umgebung, in der Sie die umliegende Natur genie\u00dfen k\u00f6nnen.<\/p>\n\n\n\n<p class=\"has-link-color has-m-font-size wp-elements-746f1dff0b06d8b021a33fc4f4c1644b\" style=\"padding-left:2rem\">Genie\u00dfen Sie die au\u00dfergew\u00f6hnliche nat\u00fcrliche Umgebung und die Aktivit\u00e4ten in der N\u00e4he f\u00fcr gesellige Stunden mit der Familie oder mit Freunden, in der N\u00e4he unseres <strong><a href=\"https:\/\/www.vap-camping.fr\/de\/\" data-type=\"page\" data-id=\"128\">Campingplatz in der Ari\u00e8ge<\/a><\/strong>.<\/p>\n<\/div>\n\n\n\n<div class=\"wp-block-column is-vertically-aligned-top wp-block-image alignright size-large has-custom-border camping-info-desc m-ti-text is-layout-flow wp-block-column-is-layout-flow\" style=\"flex-basis:40%\">\n<div class=\"wp-block-group animBase is-vertical is-content-justification-stretch is-layout-flex wp-container-core-group-is-layout-353c4f5a wp-block-group-is-layout-flex\">\n<div class=\"wp-block-group is-style-title-splash is-layout-flow wp-block-group-is-layout-flow is-style-title-splash--2\" style=\"margin-bottom:4rem\">\n<p class=\"has-secondary-color has-text-color has-link-color has-secondary-font-family wp-elements-6e473b9e6cfe9d64b46efa9099f032bd\" style=\"font-size:clamp(3.195rem, 3.195rem + ((1vw - 0.2rem) * 4.346), 6.4rem);\">Allgemeine Informationen<\/p>\n<\/div>\n\n\n\n<div class=\"wp-block-group has-grey-background-color has-background animItem is-nowrap is-layout-flex wp-container-core-group-is-layout-f89dbd13 wp-block-group-is-layout-flex\" style=\"border-top-right-radius:40px;border-bottom-right-radius:40px;padding-top:2rem;padding-right:1rem;padding-bottom:2rem;padding-left:3rem\">\n<figure class=\"wp-block-image size-full\"><img decoding=\"async\" src=\"https:\/\/www.vap-camping.fr\/wp-content\/themes\/vap\/assets\/img\/svg\/calendar.svg\" alt=\"Campingpl\u00e4tze VAP\" class=\"wp-image-430\"\/><\/figure>\n\n\n<p style=\"font-style:normal;font-weight:500\">Das ganze Jahr \u00fcber ge\u00f6ffnet<\/p><\/div>\n\n\n\n<div class=\"wp-block-group animItem is-content-justification-left is-nowrap is-layout-flex wp-container-core-group-is-layout-82550dec wp-block-group-is-layout-flex\" style=\"padding-top:2rem;padding-right:1rem;padding-bottom:2rem;padding-left:3rem\">\n<figure class=\"wp-block-image size-full\"><img decoding=\"async\" src=\"https:\/\/www.vap-camping.fr\/wp-content\/themes\/vap\/assets\/img\/svg\/house-chimney-window.svg\" alt=\"Campingpl\u00e4tze VAP\" class=\"wp-image-433\"\/><\/figure>\n\n\n<p style=\"font-style:normal;font-weight:500\">42 Mietobjekte<\/p><\/div>\n\n\n\n<div class=\"wp-block-group has-grey-background-color has-background animItem is-content-justification-left is-nowrap is-layout-flex wp-container-core-group-is-layout-82550dec wp-block-group-is-layout-flex\" style=\"border-top-right-radius:40px;border-bottom-right-radius:40px;padding-top:2rem;padding-right:1rem;padding-bottom:2rem;padding-left:3rem\">\n<figure class=\"wp-block-image size-full\"><img decoding=\"async\" src=\"https:\/\/www.vap-camping.fr\/wp-content\/themes\/vap\/assets\/img\/svg\/caravan-simple.svg\" alt=\"Campingpl\u00e4tze VAP\" class=\"wp-image-435\"\/><\/figure>\n\n\n<p style=\"font-style:normal;font-weight:500\">1 nackter Stellplatz<\/p><\/div>\n\n\n\n<div class=\"wp-block-group animItem is-nowrap is-layout-flex wp-container-core-group-is-layout-f89dbd13 wp-block-group-is-layout-flex\" style=\"padding-top:2rem;padding-right:1rem;padding-bottom:2rem;padding-left:3rem\">\n<figure class=\"wp-block-image size-full\"><img decoding=\"async\" src=\"https:\/\/www.vap-camping.fr\/wp-content\/themes\/vap\/assets\/img\/svg\/location-dot.svg\" alt=\"Campingpl\u00e4tze VAP\" class=\"wp-image-437\"\/><\/figure>\n\n\n<p style=\"font-style:normal;font-weight:500\">Durfort, 09100 Ari\u00e8ge<\/p><\/div>\n\n\n\n<div class=\"wp-block-group has-grey-background-color has-background animItem is-nowrap is-layout-flex wp-container-core-group-is-layout-f89dbd13 wp-block-group-is-layout-flex\" style=\"border-top-right-radius:40px;border-bottom-right-radius:40px;padding-top:2rem;padding-right:1rem;padding-bottom:2rem;padding-left:3rem\">\n<figure class=\"wp-block-image size-full is-resized\"><img alt=\"\" decoding=\"async\" src=\"https:\/\/www.vap-camping.fr\/wp-content\/uploads\/2025\/07\/bookmark-regular.svg\" alt=\"\" class=\"wp-image-2202\" style=\"object-fit:contain;width:32px;height:32px\"\/><\/figure>\n\n\n\n<p class=\"has-secondary-color has-text-color has-link-color wp-elements-3869e609638a651aede19ef10a96f047\" style=\"font-style:normal;font-weight:500\"><a href=\"https:\/\/www.google.com\/maps\/dir\/\/Durfort,+09130\/@43.2061972,1.4158834,13z\/data=!4m8!4m7!1m0!1m5!1m1!1s0x12aeded93b144e67:0x948f90d9e35fde1c!2m2!1d1.4570829!2d43.206142?entry=ttu&amp;g_ep=EgoyMDI1MDUyMS4wIKXMDSoASAFQAw%3D%3D\" data-type=\"page\" data-id=\"226\" target=\"_blank\" rel=\"noreferrer noopener\">Route<\/a><\/p>\n<\/div>\n\n\n\n<div class=\"wp-block-group animItem is-content-justification-left is-nowrap is-layout-flex wp-container-core-group-is-layout-82550dec wp-block-group-is-layout-flex\" style=\"border-top-right-radius:40px;border-bottom-right-radius:40px;padding-top:2rem;padding-right:1rem;padding-bottom:2rem;padding-left:3rem\">\n<figure class=\"wp-block-image size-full\"><img decoding=\"async\" src=\"https:\/\/www.vap-camping.fr\/wp-content\/themes\/vap\/assets\/img\/svg\/phone.svg\" alt=\"Campingpl\u00e4tze VAP\" class=\"wp-image-439\"\/><\/figure>\n\n\n\n<a href=\"tel:0000000000\" target=\"_self\"><div class=\"wp-block-group has-global-padding is-layout-constrained wp-block-group-is-layout-constrained\">\n<p style=\"font-style:normal;font-weight:500\"><a href=\"tel:0561673017\">0561673017<\/a><\/p>\n<\/div><\/a>\n<\/div>\n\n\n\n<div class=\"wp-block-group has-grey-background-color has-background animItem is-content-justification-left is-nowrap is-layout-flex wp-container-core-group-is-layout-82550dec wp-block-group-is-layout-flex\" style=\"border-top-right-radius:40px;border-bottom-right-radius:40px;padding-top:2rem;padding-right:1rem;padding-bottom:2rem;padding-left:3rem\">\n<figure class=\"wp-block-image size-full\"><img decoding=\"async\" src=\"https:\/\/www.vap-camping.fr\/wp-content\/themes\/vap\/assets\/img\/svg\/envelope.svg\" alt=\"Campingpl\u00e4tze VAP\" class=\"wp-image-441\"\/><\/figure>\n\n\n\n<a href=\"mailto:mail@mail.com\" target=\"_self\"><div class=\"wp-block-group has-global-padding is-layout-constrained wp-block-group-is-layout-constrained\">\n<p style=\"font-style:normal;font-weight:500\"><a href=\"mailto:campinglebourdieu@orange.fr\">campinglebourdieu@orange.fr<\/a><\/p>\n<\/div><\/a>\n<\/div>\n\n\n\n<div class=\"wp-block-group animItem is-content-justification-space-between is-nowrap is-layout-flex wp-container-core-group-is-layout-866cca21 wp-block-group-is-layout-flex\" style=\"padding-top:2rem;padding-right:1rem;padding-bottom:2rem;padding-left:3rem\">\n<div class=\"wp-block-group is-content-justification-left is-nowrap is-layout-flex wp-container-core-group-is-layout-af23f760 wp-block-group-is-layout-flex\">\n<p style=\"font-style:normal;font-weight:500\">Leistungen vor Ort :<\/p>\n\n\n\n<figure class=\"wp-block-image size-full is-resized\"><img alt=\"piscine\" decoding=\"async\" src=\"https:\/\/www.vap-camping.fr\/wp-content\/uploads\/2025\/04\/water-ladder-ico.svg\" alt=\"\" class=\"wp-image-99\" style=\"width:23px;height:auto\" title=\"Swimmingpool\"\/><\/figure>\n\n\n\n<figure class=\"wp-block-image size-full is-resized\"><img alt=\"bar restaurant\" decoding=\"async\" src=\"https:\/\/www.vap-camping.fr\/wp-content\/uploads\/2025\/04\/martini-glass.svg\" alt=\"\" class=\"wp-image-98\" style=\"width:23px\" title=\"Bar\/Restaurant\"\/><\/figure>\n\n\n\n<figure class=\"wp-block-image size-full is-resized\"><img alt=\"wifi\" decoding=\"async\" src=\"https:\/\/www.vap-camping.fr\/wp-content\/uploads\/2025\/04\/wifi-ico.svg\" alt=\"\" class=\"wp-image-97\" style=\"width:23px\" title=\"Wifi\"\/><\/figure>\n\n\n\n<figure class=\"wp-block-image size-full is-resized\"><img alt=\"animation\" decoding=\"async\" src=\"https:\/\/www.vap-camping.fr\/wp-content\/uploads\/2025\/04\/party-horn-ico.svg\" alt=\"\" class=\"wp-image-95\" style=\"width:23px\" title=\"Animationen\"\/><\/figure>\n\n\n\n<figure class=\"wp-block-image size-full is-resized\"><img alt=\"ping-pong\" decoding=\"async\" src=\"https:\/\/www.vap-camping.fr\/wp-content\/uploads\/2025\/04\/table-tennis-paddle-ball.svg\" alt=\"\" class=\"wp-image-92\" style=\"width:23px\" title=\"Spiele\"\/><\/figure>\n\n\n\n<figure class=\"wp-block-image size-full is-resized\"><img alt=\"animaux\" decoding=\"async\" src=\"https:\/\/www.vap-camping.fr\/wp-content\/uploads\/2025\/04\/paw-solid.svg\" alt=\"\" class=\"wp-image-326\" style=\"width:23px\" title=\"Haustiere akzeptiert\"\/><\/figure>\n\n\n\n<figure class=\"wp-block-image size-full is-resized\"><img alt=\"laverie\" decoding=\"async\" src=\"https:\/\/www.vap-camping.fr\/wp-content\/uploads\/2025\/04\/dryer.svg\" alt=\"\" class=\"wp-image-93\" style=\"width:23px\" title=\"Waschsalon\"\/><\/figure>\n<\/div>\n<\/div>\n\n\n\n<div class=\"wp-block-group has-grey-background-color has-background animItem is-content-justification-left is-nowrap is-layout-flex wp-container-core-group-is-layout-82550dec wp-block-group-is-layout-flex\" style=\"border-top-right-radius:40px;border-bottom-right-radius:40px;padding-top:2rem;padding-right:1rem;padding-bottom:2rem;padding-left:3rem\">\n<p style=\"font-style:normal;font-weight:500\">Folgen Sie uns :<\/p>\n\n\n\n<figure class=\"wp-block-image size-full\"><a href=\"https:\/\/www.facebook.com\/share\/18qtmfbkqF\/?mibextid=wwXIfr\"><img alt=\"\" decoding=\"async\" src=\"https:\/\/www.vap-camping.fr\/wp-content\/uploads\/2025\/05\/facebook.svg\" alt=\"\" class=\"wp-image-977\"\/><\/a><\/figure>\n\n\n\n<figure class=\"wp-block-image size-full\"><a href=\"https:\/\/www.instagram.com\/lebourdieu\/\"><img alt=\"\" decoding=\"async\" src=\"https:\/\/www.vap-camping.fr\/wp-content\/uploads\/2025\/04\/Icon-insta.svg\" alt=\"\" class=\"wp-image-312\"\/><\/a><\/figure>\n\n\n\n<figure class=\"wp-block-image size-full\"><a href=\"https:\/\/www.youtube.com\/@vapcampingsetgite\"><img alt=\"\" decoding=\"async\" src=\"https:\/\/www.vap-camping.fr\/wp-content\/uploads\/2025\/04\/Icon-youtube.svg\" alt=\"\" class=\"wp-image-314\"\/><\/a><\/figure>\n<\/div>\n\n\n\n<div class=\"wp-block-group animItem is-vertical is-layout-flex wp-container-core-group-is-layout-5a70b6f9 wp-block-group-is-layout-flex\" style=\"padding-top:2rem;padding-right:1rem;padding-bottom:2rem;padding-left:3rem\">\n<p><strong>N\u00fctzliche Dokumente :<\/strong><\/p>\n\n\n\n<p class=\"has-secondary-color has-text-color has-link-color wp-elements-35a0cee8a7ef595a751c5ecc80fb1f81\" style=\"font-style:normal;font-weight:500\"><a href=\"https:\/\/www.vap-camping.fr\/wp-content\/uploads\/2025\/06\/camping-le-bourdieu.pdf\" target=\"_blank\" rel=\"noreferrer noopener\">Plan des Campingplatzes<\/a><\/p>\n\n\n\n<p><a href=\"https:\/\/www.vap-camping.fr\/wp-content\/uploads\/2025\/07\/condition-de-vente-bourdieu.pdf\">Allgemeine Gesch\u00e4ftsbedingungen<\/a><\/p>\n<\/div>\n<\/div>\n<\/div>\n<\/div>\n\n\n\n<div class=\"wp-block-group has-global-padding is-layout-constrained wp-container-core-group-is-layout-8a400663 wp-block-group-is-layout-constrained\">\n<h2 class=\"wp-block-heading has-text-align-center\">Angebote und Aktionen auf dem Campingplatz du Lac in der Ari\u00e8ge<\/h2>\n\n\n\n<p class=\"has-text-align-center\">Entdecken Sie unsere aktuellen Angebote!<\/p>\n\n\n\n<script>\n    window.ctoutvert = {\n\t\tid: 436, \n\t\tlang: 'de', \n\t\turl: 'https:\/\/reservation.secureholiday.net\/widgets\/'\n    };\n    (function (w, d, s, ctv, r, js, fjs) {\n        r=new XMLHttpRequest();r.open('GET',w[ctv].url+'js\/src.json');\n        r.responseType='json';r.json=true;r.send();\n        r.onload=function(){w[ctv].src=r.responseType=='json'?r.response:JSON.parse(r.response);\n        js.src=w[ctv].src[0];fjs.parentNode.insertBefore(js, fjs);}\n        js=d.createElement(s),fjs=d.getElementsByTagName(s)[0];\n        js.id='ctvwidget';js.async=1;\n    }(window, document, 'script', 'ctoutvert'));\n<\/script>\n<style>.vap-w { display: block; max-width: 60%; }<\/style>\n<ctv-offers data-display-mode=\"carousel\" class=\"vap-w\"><\/ctv-offers>\n<\/div>\n<\/div>\n\n\n\n<div class=\"wp-block-group has-global-padding is-layout-constrained wp-block-group-is-layout-constrained\">\n<div class=\"wp-block-group alignwide is-style-title-simple fromTop is-layout-flow wp-block-group-is-layout-flow is-style-title-simple--3\" style=\"margin-top:4rem;margin-bottom:4rem\">\n<p class=\"has-text-align-center has-secondary-color has-text-color has-link-color has-secondary-font-family has-xl-font-size wp-elements-417a09004c2076f63ee15c99230330c4\">\n  Fotoarchiv<\/p>\n\n\n\n<p class=\"has-text-align-center has-primary-font-family has-sm-font-size\" style=\"text-transform:uppercase\">\n            <strong>Ihr Urlaub in Bildern<\/strong><\/p>\n<\/div>\n\n\n\n<div class=\"wp-block-group alignfull galery-wrapper is-layout-flow wp-block-group-is-layout-flow\">\n<div class=\"wp-block-group galery-row is-nowrap is-layout-flex wp-container-core-group-is-layout-6c531013 wp-block-group-is-layout-flex\">\n<figure data-wp-context=\"{&quot;imageId&quot;:&quot;69f32acdcc9a0&quot;}\" data-wp-interactive=\"core\/image\" class=\"wp-block-image size-large wp-lightbox-container\"><img alt=\"\" decoding=\"async\" width=\"768\" height=\"1024\" data-wp-class--hide=\"state.isContentHidden\" data-wp-class--show=\"state.isContentVisible\" data-wp-init=\"callbacks.setButtonStyles\" data-wp-on-async--click=\"actions.showLightbox\" data-wp-on-async--load=\"callbacks.setButtonStyles\" data-wp-on-async-window--resize=\"callbacks.setButtonStyles\" src=\"https:\/\/www.vap-camping.fr\/wp-content\/uploads\/2025\/04\/IMG_4400-768x1024.jpeg\" alt=\"\" class=\"wp-image-516\" srcset=\"https:\/\/www.vap-camping.fr\/wp-content\/uploads\/2025\/04\/IMG_4400-768x1024.jpeg 768w, https:\/\/www.vap-camping.fr\/wp-content\/uploads\/2025\/04\/IMG_4400-450x600.jpeg 450w, https:\/\/www.vap-camping.fr\/wp-content\/uploads\/2025\/04\/IMG_4400-1152x1536.jpeg 1152w, https:\/\/www.vap-camping.fr\/wp-content\/uploads\/2025\/04\/IMG_4400-1536x2048.jpeg 1536w, https:\/\/www.vap-camping.fr\/wp-content\/uploads\/2025\/04\/IMG_4400-scaled.jpeg 1920w\" sizes=\"(max-width: 768px) 100vw, 768px\" \/><button\n\t\t\tclass=\"lightbox-trigger\"\n\t\t\ttype=\"button\"\n\t\t\taria-haspopup=\"dialog\"\n\t\t\taria-label=\"Enlarge\"\n\t\t\tdata-wp-init=\"callbacks.initTriggerButton\"\n\t\t\tdata-wp-on-async--click=\"actions.showLightbox\"\n\t\t\tdata-wp-style--right=\"state.imageButtonRight\"\n\t\t\tdata-wp-style--top=\"state.imageButtonTop\"\n\t\t>\n\t\t\t<svg xmlns=\"http:\/\/www.w3.org\/2000\/svg\" width=\"12\" height=\"12\" fill=\"none\" viewBox=\"0 0 12 12\">\n\t\t\t\t<path fill=\"#fff\" d=\"M2 0a2 2 0 0 0-2 2v2h1.5V2a.5.5 0 0 1 .5-.5h2V0H2Zm2 10.5H2a.5.5 0 0 1-.5-.5V8H0v2a2 2 0 0 0 2 2h2v-1.5ZM8 12v-1.5h2a.5.5 0 0 0 .5-.5V8H12v2a2 2 0 0 1-2 2H8Zm2-12a2 2 0 0 1 2 2v2h-1.5V2a.5.5 0 0 0-.5-.5H8V0h2Z\" \/>\n\t\t\t<\/svg>\n\t\t<\/button><\/figure>\n\n\n\n<figure data-wp-context=\"{&quot;imageId&quot;:&quot;69f32acdcd1cf&quot;}\" data-wp-interactive=\"core\/image\" class=\"wp-block-image size-large wp-lightbox-container\"><img alt=\"\" decoding=\"async\" width=\"768\" height=\"1024\" data-wp-class--hide=\"state.isContentHidden\" data-wp-class--show=\"state.isContentVisible\" data-wp-init=\"callbacks.setButtonStyles\" data-wp-on-async--click=\"actions.showLightbox\" data-wp-on-async--load=\"callbacks.setButtonStyles\" data-wp-on-async-window--resize=\"callbacks.setButtonStyles\" src=\"https:\/\/www.vap-camping.fr\/wp-content\/uploads\/2025\/04\/IMG_4392-768x1024.jpeg\" alt=\"\" class=\"wp-image-518\" srcset=\"https:\/\/www.vap-camping.fr\/wp-content\/uploads\/2025\/04\/IMG_4392-768x1024.jpeg 768w, https:\/\/www.vap-camping.fr\/wp-content\/uploads\/2025\/04\/IMG_4392-450x600.jpeg 450w, https:\/\/www.vap-camping.fr\/wp-content\/uploads\/2025\/04\/IMG_4392-1152x1536.jpeg 1152w, https:\/\/www.vap-camping.fr\/wp-content\/uploads\/2025\/04\/IMG_4392-1536x2048.jpeg 1536w, https:\/\/www.vap-camping.fr\/wp-content\/uploads\/2025\/04\/IMG_4392-scaled.jpeg 1920w\" sizes=\"(max-width: 768px) 100vw, 768px\" \/><button\n\t\t\tclass=\"lightbox-trigger\"\n\t\t\ttype=\"button\"\n\t\t\taria-haspopup=\"dialog\"\n\t\t\taria-label=\"Enlarge\"\n\t\t\tdata-wp-init=\"callbacks.initTriggerButton\"\n\t\t\tdata-wp-on-async--click=\"actions.showLightbox\"\n\t\t\tdata-wp-style--right=\"state.imageButtonRight\"\n\t\t\tdata-wp-style--top=\"state.imageButtonTop\"\n\t\t>\n\t\t\t<svg xmlns=\"http:\/\/www.w3.org\/2000\/svg\" width=\"12\" height=\"12\" fill=\"none\" viewBox=\"0 0 12 12\">\n\t\t\t\t<path fill=\"#fff\" d=\"M2 0a2 2 0 0 0-2 2v2h1.5V2a.5.5 0 0 1 .5-.5h2V0H2Zm2 10.5H2a.5.5 0 0 1-.5-.5V8H0v2a2 2 0 0 0 2 2h2v-1.5ZM8 12v-1.5h2a.5.5 0 0 0 .5-.5V8H12v2a2 2 0 0 1-2 2H8Zm2-12a2 2 0 0 1 2 2v2h-1.5V2a.5.5 0 0 0-.5-.5H8V0h2Z\" \/>\n\t\t\t<\/svg>\n\t\t<\/button><\/figure>\n\n\n\n<figure data-wp-context=\"{&quot;imageId&quot;:&quot;69f32acdcd922&quot;}\" data-wp-interactive=\"core\/image\" class=\"wp-block-image size-large wp-lightbox-container\"><img alt=\"\" decoding=\"async\" width=\"1024\" height=\"576\" data-wp-class--hide=\"state.isContentHidden\" data-wp-class--show=\"state.isContentVisible\" data-wp-init=\"callbacks.setButtonStyles\" data-wp-on-async--click=\"actions.showLightbox\" data-wp-on-async--load=\"callbacks.setButtonStyles\" data-wp-on-async-window--resize=\"callbacks.setButtonStyles\" src=\"https:\/\/www.vap-camping.fr\/wp-content\/uploads\/2025\/04\/img_4951-1024x576.jpeg\" alt=\"\" class=\"wp-image-2150\" srcset=\"https:\/\/www.vap-camping.fr\/wp-content\/uploads\/2025\/04\/img_4951-1024x576.jpeg 1024w, https:\/\/www.vap-camping.fr\/wp-content\/uploads\/2025\/04\/img_4951-600x338.jpeg 600w, https:\/\/www.vap-camping.fr\/wp-content\/uploads\/2025\/04\/img_4951-768x432.jpeg 768w, https:\/\/www.vap-camping.fr\/wp-content\/uploads\/2025\/04\/img_4951-1536x864.jpeg 1536w, https:\/\/www.vap-camping.fr\/wp-content\/uploads\/2025\/04\/img_4951-2048x1152.jpeg 2048w\" sizes=\"(max-width: 1024px) 100vw, 1024px\" \/><button\n\t\t\tclass=\"lightbox-trigger\"\n\t\t\ttype=\"button\"\n\t\t\taria-haspopup=\"dialog\"\n\t\t\taria-label=\"Enlarge\"\n\t\t\tdata-wp-init=\"callbacks.initTriggerButton\"\n\t\t\tdata-wp-on-async--click=\"actions.showLightbox\"\n\t\t\tdata-wp-style--right=\"state.imageButtonRight\"\n\t\t\tdata-wp-style--top=\"state.imageButtonTop\"\n\t\t>\n\t\t\t<svg xmlns=\"http:\/\/www.w3.org\/2000\/svg\" width=\"12\" height=\"12\" fill=\"none\" viewBox=\"0 0 12 12\">\n\t\t\t\t<path fill=\"#fff\" d=\"M2 0a2 2 0 0 0-2 2v2h1.5V2a.5.5 0 0 1 .5-.5h2V0H2Zm2 10.5H2a.5.5 0 0 1-.5-.5V8H0v2a2 2 0 0 0 2 2h2v-1.5ZM8 12v-1.5h2a.5.5 0 0 0 .5-.5V8H12v2a2 2 0 0 1-2 2H8Zm2-12a2 2 0 0 1 2 2v2h-1.5V2a.5.5 0 0 0-.5-.5H8V0h2Z\" \/>\n\t\t\t<\/svg>\n\t\t<\/button><\/figure>\n\n\n\n<figure data-wp-context=\"{&quot;imageId&quot;:&quot;69f32acdce01d&quot;}\" data-wp-interactive=\"core\/image\" class=\"wp-block-image size-large wp-lightbox-container\"><img alt=\"chalet au Bourdieu\" decoding=\"async\" width=\"1024\" height=\"768\" data-wp-class--hide=\"state.isContentHidden\" data-wp-class--show=\"state.isContentVisible\" data-wp-init=\"callbacks.setButtonStyles\" data-wp-on-async--click=\"actions.showLightbox\" data-wp-on-async--load=\"callbacks.setButtonStyles\" data-wp-on-async-window--resize=\"callbacks.setButtonStyles\" src=\"https:\/\/www.vap-camping.fr\/wp-content\/uploads\/2025\/04\/img_4950-1024x768.jpeg\" alt=\"\" class=\"wp-image-2152\" srcset=\"https:\/\/www.vap-camping.fr\/wp-content\/uploads\/2025\/04\/img_4950-1024x768.jpeg 1024w, https:\/\/www.vap-camping.fr\/wp-content\/uploads\/2025\/04\/img_4950-600x450.jpeg 600w, https:\/\/www.vap-camping.fr\/wp-content\/uploads\/2025\/04\/img_4950-768x576.jpeg 768w, https:\/\/www.vap-camping.fr\/wp-content\/uploads\/2025\/04\/img_4950-1536x1152.jpeg 1536w, https:\/\/www.vap-camping.fr\/wp-content\/uploads\/2025\/04\/img_4950-2048x1536.jpeg 2048w\" sizes=\"(max-width: 1024px) 100vw, 1024px\" \/><button\n\t\t\tclass=\"lightbox-trigger\"\n\t\t\ttype=\"button\"\n\t\t\taria-haspopup=\"dialog\"\n\t\t\taria-label=\"Enlarge\"\n\t\t\tdata-wp-init=\"callbacks.initTriggerButton\"\n\t\t\tdata-wp-on-async--click=\"actions.showLightbox\"\n\t\t\tdata-wp-style--right=\"state.imageButtonRight\"\n\t\t\tdata-wp-style--top=\"state.imageButtonTop\"\n\t\t>\n\t\t\t<svg xmlns=\"http:\/\/www.w3.org\/2000\/svg\" width=\"12\" height=\"12\" fill=\"none\" viewBox=\"0 0 12 12\">\n\t\t\t\t<path fill=\"#fff\" d=\"M2 0a2 2 0 0 0-2 2v2h1.5V2a.5.5 0 0 1 .5-.5h2V0H2Zm2 10.5H2a.5.5 0 0 1-.5-.5V8H0v2a2 2 0 0 0 2 2h2v-1.5ZM8 12v-1.5h2a.5.5 0 0 0 .5-.5V8H12v2a2 2 0 0 1-2 2H8Zm2-12a2 2 0 0 1 2 2v2h-1.5V2a.5.5 0 0 0-.5-.5H8V0h2Z\" \/>\n\t\t\t<\/svg>\n\t\t<\/button><\/figure>\n<\/div>\n\n\n\n<div class=\"wp-block-group galery-row is-nowrap is-layout-flex wp-container-core-group-is-layout-6c531013 wp-block-group-is-layout-flex\">\n<figure data-wp-context=\"{&quot;imageId&quot;:&quot;69f32acdce9a9&quot;}\" data-wp-interactive=\"core\/image\" class=\"wp-block-image size-large wp-lightbox-container\"><img alt=\"\" decoding=\"async\" width=\"1024\" height=\"768\" data-wp-class--hide=\"state.isContentHidden\" data-wp-class--show=\"state.isContentVisible\" data-wp-init=\"callbacks.setButtonStyles\" data-wp-on-async--click=\"actions.showLightbox\" data-wp-on-async--load=\"callbacks.setButtonStyles\" data-wp-on-async-window--resize=\"callbacks.setButtonStyles\" src=\"https:\/\/www.vap-camping.fr\/wp-content\/uploads\/2025\/04\/img_0046-1024x768.jpeg\" alt=\"\" class=\"wp-image-2155\" srcset=\"https:\/\/www.vap-camping.fr\/wp-content\/uploads\/2025\/04\/img_0046-1024x768.jpeg 1024w, https:\/\/www.vap-camping.fr\/wp-content\/uploads\/2025\/04\/img_0046-600x450.jpeg 600w, https:\/\/www.vap-camping.fr\/wp-content\/uploads\/2025\/04\/img_0046-768x576.jpeg 768w, https:\/\/www.vap-camping.fr\/wp-content\/uploads\/2025\/04\/img_0046-1536x1152.jpeg 1536w, https:\/\/www.vap-camping.fr\/wp-content\/uploads\/2025\/04\/img_0046-2048x1536.jpeg 2048w\" sizes=\"(max-width: 1024px) 100vw, 1024px\" \/><button\n\t\t\tclass=\"lightbox-trigger\"\n\t\t\ttype=\"button\"\n\t\t\taria-haspopup=\"dialog\"\n\t\t\taria-label=\"Enlarge\"\n\t\t\tdata-wp-init=\"callbacks.initTriggerButton\"\n\t\t\tdata-wp-on-async--click=\"actions.showLightbox\"\n\t\t\tdata-wp-style--right=\"state.imageButtonRight\"\n\t\t\tdata-wp-style--top=\"state.imageButtonTop\"\n\t\t>\n\t\t\t<svg xmlns=\"http:\/\/www.w3.org\/2000\/svg\" width=\"12\" height=\"12\" fill=\"none\" viewBox=\"0 0 12 12\">\n\t\t\t\t<path fill=\"#fff\" d=\"M2 0a2 2 0 0 0-2 2v2h1.5V2a.5.5 0 0 1 .5-.5h2V0H2Zm2 10.5H2a.5.5 0 0 1-.5-.5V8H0v2a2 2 0 0 0 2 2h2v-1.5ZM8 12v-1.5h2a.5.5 0 0 0 .5-.5V8H12v2a2 2 0 0 1-2 2H8Zm2-12a2 2 0 0 1 2 2v2h-1.5V2a.5.5 0 0 0-.5-.5H8V0h2Z\" \/>\n\t\t\t<\/svg>\n\t\t<\/button><\/figure>\n\n\n\n<figure data-wp-context=\"{&quot;imageId&quot;:&quot;69f32acdcf08b&quot;}\" data-wp-interactive=\"core\/image\" class=\"wp-block-image size-large wp-lightbox-container\"><img alt=\"\" decoding=\"async\" width=\"1024\" height=\"461\" data-wp-class--hide=\"state.isContentHidden\" data-wp-class--show=\"state.isContentVisible\" data-wp-init=\"callbacks.setButtonStyles\" data-wp-on-async--click=\"actions.showLightbox\" data-wp-on-async--load=\"callbacks.setButtonStyles\" data-wp-on-async-window--resize=\"callbacks.setButtonStyles\" src=\"https:\/\/www.vap-camping.fr\/wp-content\/uploads\/2025\/04\/4493-1024x461.jpeg\" alt=\"\" class=\"wp-image-2157\" srcset=\"https:\/\/www.vap-camping.fr\/wp-content\/uploads\/2025\/04\/4493-1024x461.jpeg 1024w, https:\/\/www.vap-camping.fr\/wp-content\/uploads\/2025\/04\/4493-600x270.jpeg 600w, https:\/\/www.vap-camping.fr\/wp-content\/uploads\/2025\/04\/4493-768x346.jpeg 768w, https:\/\/www.vap-camping.fr\/wp-content\/uploads\/2025\/04\/4493-1536x692.jpeg 1536w, https:\/\/www.vap-camping.fr\/wp-content\/uploads\/2025\/04\/4493-2048x922.jpeg 2048w\" sizes=\"(max-width: 1024px) 100vw, 1024px\" \/><button\n\t\t\tclass=\"lightbox-trigger\"\n\t\t\ttype=\"button\"\n\t\t\taria-haspopup=\"dialog\"\n\t\t\taria-label=\"Enlarge\"\n\t\t\tdata-wp-init=\"callbacks.initTriggerButton\"\n\t\t\tdata-wp-on-async--click=\"actions.showLightbox\"\n\t\t\tdata-wp-style--right=\"state.imageButtonRight\"\n\t\t\tdata-wp-style--top=\"state.imageButtonTop\"\n\t\t>\n\t\t\t<svg xmlns=\"http:\/\/www.w3.org\/2000\/svg\" width=\"12\" height=\"12\" fill=\"none\" viewBox=\"0 0 12 12\">\n\t\t\t\t<path fill=\"#fff\" d=\"M2 0a2 2 0 0 0-2 2v2h1.5V2a.5.5 0 0 1 .5-.5h2V0H2Zm2 10.5H2a.5.5 0 0 1-.5-.5V8H0v2a2 2 0 0 0 2 2h2v-1.5ZM8 12v-1.5h2a.5.5 0 0 0 .5-.5V8H12v2a2 2 0 0 1-2 2H8Zm2-12a2 2 0 0 1 2 2v2h-1.5V2a.5.5 0 0 0-.5-.5H8V0h2Z\" \/>\n\t\t\t<\/svg>\n\t\t<\/button><\/figure>\n\n\n\n<figure data-wp-context=\"{&quot;imageId&quot;:&quot;69f32acdcf7a9&quot;}\" data-wp-interactive=\"core\/image\" class=\"wp-block-image size-large wp-lightbox-container\"><img alt=\"\" decoding=\"async\" width=\"768\" height=\"1024\" data-wp-class--hide=\"state.isContentHidden\" data-wp-class--show=\"state.isContentVisible\" data-wp-init=\"callbacks.setButtonStyles\" data-wp-on-async--click=\"actions.showLightbox\" data-wp-on-async--load=\"callbacks.setButtonStyles\" data-wp-on-async-window--resize=\"callbacks.setButtonStyles\" src=\"https:\/\/www.vap-camping.fr\/wp-content\/uploads\/2025\/04\/IMG_4364-768x1024.jpeg\" alt=\"\" class=\"wp-image-526\" srcset=\"https:\/\/www.vap-camping.fr\/wp-content\/uploads\/2025\/04\/IMG_4364-768x1024.jpeg 768w, https:\/\/www.vap-camping.fr\/wp-content\/uploads\/2025\/04\/IMG_4364-450x600.jpeg 450w, https:\/\/www.vap-camping.fr\/wp-content\/uploads\/2025\/04\/IMG_4364-1152x1536.jpeg 1152w, https:\/\/www.vap-camping.fr\/wp-content\/uploads\/2025\/04\/IMG_4364-1536x2048.jpeg 1536w, https:\/\/www.vap-camping.fr\/wp-content\/uploads\/2025\/04\/IMG_4364-scaled.jpeg 1920w\" sizes=\"(max-width: 768px) 100vw, 768px\" \/><button\n\t\t\tclass=\"lightbox-trigger\"\n\t\t\ttype=\"button\"\n\t\t\taria-haspopup=\"dialog\"\n\t\t\taria-label=\"Enlarge\"\n\t\t\tdata-wp-init=\"callbacks.initTriggerButton\"\n\t\t\tdata-wp-on-async--click=\"actions.showLightbox\"\n\t\t\tdata-wp-style--right=\"state.imageButtonRight\"\n\t\t\tdata-wp-style--top=\"state.imageButtonTop\"\n\t\t>\n\t\t\t<svg xmlns=\"http:\/\/www.w3.org\/2000\/svg\" width=\"12\" height=\"12\" fill=\"none\" viewBox=\"0 0 12 12\">\n\t\t\t\t<path fill=\"#fff\" d=\"M2 0a2 2 0 0 0-2 2v2h1.5V2a.5.5 0 0 1 .5-.5h2V0H2Zm2 10.5H2a.5.5 0 0 1-.5-.5V8H0v2a2 2 0 0 0 2 2h2v-1.5ZM8 12v-1.5h2a.5.5 0 0 0 .5-.5V8H12v2a2 2 0 0 1-2 2H8Zm2-12a2 2 0 0 1 2 2v2h-1.5V2a.5.5 0 0 0-.5-.5H8V0h2Z\" \/>\n\t\t\t<\/svg>\n\t\t<\/button><\/figure>\n\n\n\n<figure data-wp-context=\"{&quot;imageId&quot;:&quot;69f32acdcfe81&quot;}\" data-wp-interactive=\"core\/image\" class=\"wp-block-image size-large wp-lightbox-container\"><img alt=\"\" decoding=\"async\" width=\"768\" height=\"1024\" data-wp-class--hide=\"state.isContentHidden\" data-wp-class--show=\"state.isContentVisible\" data-wp-init=\"callbacks.setButtonStyles\" data-wp-on-async--click=\"actions.showLightbox\" data-wp-on-async--load=\"callbacks.setButtonStyles\" data-wp-on-async-window--resize=\"callbacks.setButtonStyles\" src=\"https:\/\/www.vap-camping.fr\/wp-content\/uploads\/2025\/04\/IMG_4383-768x1024.jpeg\" alt=\"\" class=\"wp-image-528\" srcset=\"https:\/\/www.vap-camping.fr\/wp-content\/uploads\/2025\/04\/IMG_4383-768x1024.jpeg 768w, https:\/\/www.vap-camping.fr\/wp-content\/uploads\/2025\/04\/IMG_4383-450x600.jpeg 450w, https:\/\/www.vap-camping.fr\/wp-content\/uploads\/2025\/04\/IMG_4383-1152x1536.jpeg 1152w, https:\/\/www.vap-camping.fr\/wp-content\/uploads\/2025\/04\/IMG_4383-1536x2048.jpeg 1536w, https:\/\/www.vap-camping.fr\/wp-content\/uploads\/2025\/04\/IMG_4383-scaled.jpeg 1920w\" sizes=\"(max-width: 768px) 100vw, 768px\" \/><button\n\t\t\tclass=\"lightbox-trigger\"\n\t\t\ttype=\"button\"\n\t\t\taria-haspopup=\"dialog\"\n\t\t\taria-label=\"Enlarge\"\n\t\t\tdata-wp-init=\"callbacks.initTriggerButton\"\n\t\t\tdata-wp-on-async--click=\"actions.showLightbox\"\n\t\t\tdata-wp-style--right=\"state.imageButtonRight\"\n\t\t\tdata-wp-style--top=\"state.imageButtonTop\"\n\t\t>\n\t\t\t<svg xmlns=\"http:\/\/www.w3.org\/2000\/svg\" width=\"12\" height=\"12\" fill=\"none\" viewBox=\"0 0 12 12\">\n\t\t\t\t<path fill=\"#fff\" d=\"M2 0a2 2 0 0 0-2 2v2h1.5V2a.5.5 0 0 1 .5-.5h2V0H2Zm2 10.5H2a.5.5 0 0 1-.5-.5V8H0v2a2 2 0 0 0 2 2h2v-1.5ZM8 12v-1.5h2a.5.5 0 0 0 .5-.5V8H12v2a2 2 0 0 1-2 2H8Zm2-12a2 2 0 0 1 2 2v2h-1.5V2a.5.5 0 0 0-.5-.5H8V0h2Z\" \/>\n\t\t\t<\/svg>\n\t\t<\/button><\/figure>\n<\/div>\n<\/div>\n<\/div>\n\n\n\n<div class=\"wp-block-group alignwide is-style-title-simple fromTop is-layout-flow wp-block-group-is-layout-flow is-style-title-simple--4\" style=\"margin-top:4rem;margin-bottom:4rem\">\n<p class=\"has-text-align-center has-secondary-color has-text-color has-link-color has-secondary-font-family has-xl-font-size wp-elements-328a18b7bcd7edbba6323f70147ce901\">Unterk\u00fcnfte<\/p>\n\n\n\n<p class=\"has-text-align-center has-primary-font-family has-sm-font-size\" style=\"text-transform:uppercase\"><strong>Komfort im Kontakt mit der Natur<\/strong><\/p>\n<\/div>\n\n\n\n<div style=\"background-image:url(&#039;https:\/\/www.vap-camping.fr\/wp-content\/uploads\/2025\/04\/Camping-du-bourdieu-scaled.jpg&#039;);background-size:cover;\" class=\"wp-block-group bg-img-part is-layout-flow wp-block-group-is-layout-flow has-background\">\n<div class=\"wp-block-columns alignfull is-layout-flex wp-container-core-columns-is-layout-28f84493 wp-block-columns-is-layout-flex\">\n<div class=\"wp-block-column part-void is-layout-flow wp-block-column-is-layout-flow\" style=\"flex-basis:55%\"><\/div>\n\n\n\n<div class=\"wp-block-column part-content is-layout-flow wp-block-column-is-layout-flow\" style=\"flex-basis:45%\">\n<div class=\"wp-block-group is-bg-rounded is-layout-flow wp-container-core-group-is-layout-75c87b2e wp-block-group-is-layout-flow\">\n<div class=\"wp-block-group is-style-title-flip has-global-padding is-layout-constrained wp-block-group-is-layout-constrained is-style-title-flip--5\">\n<p class=\"has-text-align-right has-secondary-font-family has-xl-font-size\">Vermietungen<\/p>\n\n\n\n<p class=\"has-text-align-right has-sm-font-size\" style=\"text-transform:uppercase\"><strong>&amp; Lage<\/strong><\/p>\n\n\n\n<h1 class=\"wp-block-heading has-text-align-right text-title\">Entdecken Sie einen entspannten Urlaub in der Ari\u00e8ge, der Natur und Komfort miteinander verbindet!<\/h1>\n\n\n\n<p>Genie\u00dfen Sie auf dem Campingplatz Le Bourdieu einen komfortablen Natururlaub in einer friedlichen und gr\u00fcnen Umgebung im Herzen des L\u00e8ze-Tals.  <\/p>\n\n\n\n<p>W\u00e4hlen Sie die Unterkunft, die zu Ihnen passt: Cottage Duo (16 m\u00b2): ideal f\u00fcr einen Aufenthalt zu zweit, gem\u00fctlich und funktionell. Cottage 2 Zimmer (30 m\u00b2): perfekt f\u00fcr 4 Personen, mit viel Platz und Gem\u00fctlichkeit. Cottage 2 Zimmer (31 m\u00b2): f\u00fcr 5 Personen, mit allem Komfort, den Sie f\u00fcr einen entspannten Urlaub ben\u00f6tigen. M\u00f6bliertes Zelt Cyrus (4 Personen): eine Glamping-Erfahrung, die Authentizit\u00e4t und Einfachheit verbindet.    <\/p>\n\n\n\n<p>Die Cottages sind f\u00fcr Ihren Komfort ausgestattet, mit optionaler Klimaanlage (au\u00dfer Zelte), so dass jeder einen Aufenthalt nach seinem eigenen Rhythmus genie\u00dfen kann.  <\/p>\n\n\n\n<p>Hier treffen sich Entspannung, Natur und Geselligkeit f\u00fcr einen unkomplizierten Urlaub. <\/p>\n<\/div>\n\n\n\n<div class=\"wp-block-buttons is-content-justification-right is-layout-flex wp-container-core-buttons-is-layout-d445cf74 wp-block-buttons-is-layout-flex\">\n<div class=\"wp-block-button button is-style-fill\"><a class=\"wp-block-button__link wp-element-button\" href=\"#holidays\" style=\"padding-top:0px;padding-right:0px;padding-bottom:0px;padding-left:0px\">Entdecken Sie<\/a><\/div>\n<\/div>\n<\/div>\n<\/div>\n<\/div>\n<\/div>\n\n\n\n<div id=\"holidays\" class=\"wp-block-group has-global-padding is-layout-constrained wp-container-core-group-is-layout-8a400663 wp-block-group-is-layout-constrained\">\n<script>\n            window.ctoutvert = {\n                id: 436,\n                lang: 'de',\n                url: 'https:\/\/reservation.secureholiday.net\/widgets\/'\n            };\n            (function (w, d, s, ctv, r, js, fjs) {\n                r = new XMLHttpRequest(); r.open('GET', w[ctv].url + 'js\/src.json');\n                r.responseType = 'json'; r.json = true; r.send();\n                r.onload = function () {\n                    w[ctv].src = r.responseType == 'json' ? r.response : JSON.parse(r.response);\n                    js.src = w[ctv].src[0]; fjs.parentNode.insertBefore(js, fjs);\n                }\n                js = d.createElement(s), fjs = d.getElementsByTagName(s)[0];\n                js.id = 'ctvwidget'; js.async = 1;\n            }(window, document, 'script', 'ctoutvert'));\n        <\/script>\n        <ctv-availability data-background-color=\"#FFFFFF00\"><\/ctv-availability>\n<\/div>\n\n\n\n<div class=\"wp-block-group leftRight has-global-padding is-layout-constrained wp-block-group-is-layout-constrained\">\n<div class=\"wp-block-columns alignfull are-vertically-aligned-center m-ti is-layout-flex wp-container-core-columns-is-layout-0c0b91ec wp-block-columns-is-layout-flex\">\n<div class=\"wp-block-column is-vertically-aligned-center m-ti-text is-layout-flow wp-container-core-column-is-layout-58dbe9e9 wp-block-column-is-layout-flow\" style=\"padding-left:10rem;flex-basis:50%\">\n<div class=\"wp-block-group is-style-title-left is-layout-flow wp-block-group-is-layout-flow is-style-title-left--6\">\n<p class=\"has-secondary-color has-text-color has-link-color has-secondary-font-family has-xl-font-size wp-elements-2445612064104345f38bfc08ed55b018\">Was tun<\/p>\n\n\n\n<p class=\"has-primary-color has-text-color has-link-color has-primary-font-family has-sm-font-size wp-elements-403159bb8a5b040e0d001b8ffcb9309f\" style=\"text-transform:uppercase\"><strong>in der N\u00e4he <\/strong><\/p>\n<\/div>\n\n\n\n<h1 class=\"wp-block-heading text-title\">Ganz in der N\u00e4he des Campingplatzes k\u00f6nnen Sie die Ari\u00e8ge und ihre Wunder erkunden!<\/h1>\n\n\n\n<p class=\"has-m-font-size\" style=\"padding-left:2rem\">M\u00f6chten Sie wandern?<br>Zwischen den T\u00e4lern der L\u00e8ze und Arize gelegen, bietet die Region viele Wanderwege f\u00fcr Wanderer und Naturliebhaber. Vom Campingplatz aus k\u00f6nnen Sie zu Fu\u00df oder mit dem Auto die H\u00fcgel, W\u00e4lder und die Aussicht auf die Pyren\u00e4en erkunden.  <\/p>\n\n\n\n<p class=\"has-m-font-size\" style=\"padding-left:2rem\">Lust auf einen Spaziergang?<br>Die Dorfm\u00e4rkte laden Sie ein, die Produkte der Region zu entdecken und mit den lokalen Erzeugern zu plaudern. Oder das Village du Carla-Bayle, ein charmantes K\u00fcnstlerdorf mit einer atemberaubenden Aussicht auf die Pyren\u00e4en. <\/p>\n\n\n\n<p class=\"has-m-font-size\" style=\"padding-left:2rem\">Lust auf Entdeckung?<br>Besuchen Sie die mittelalterlichen Schl\u00f6sser von Foix und Monts\u00e9gur und lassen Sie sich von der Grotte du Mas-d&#8217;Azil \u00fcberraschen, einem nat\u00fcrlichen und arch\u00e4ologischen Juwel, das nur wenige Kilometer vom Campingplatz entfernt liegt.<\/p>\n<\/div>\n\n\n\n<div class=\"wp-block-column is-vertically-aligned-center wp-block-image alignright size-large has-custom-border is-style-travel m-ti-image is-layout-flow wp-block-column-is-layout-flow is-style-travel--7\" style=\"flex-basis:60%\">\n<figure class=\"wp-block-image alignright size-full\"><img alt=\"\" decoding=\"async\" width=\"1920\" height=\"2560\" src=\"https:\/\/www.vap-camping.fr\/wp-content\/uploads\/2025\/09\/img_0060-scaled.jpeg\" alt=\"\" class=\"wp-image-3771\" style=\"aspect-ratio:16\/9;object-fit:cover\" srcset=\"https:\/\/www.vap-camping.fr\/wp-content\/uploads\/2025\/09\/img_0060-scaled.jpeg 1920w, https:\/\/www.vap-camping.fr\/wp-content\/uploads\/2025\/09\/img_0060-450x600.jpeg 450w, https:\/\/www.vap-camping.fr\/wp-content\/uploads\/2025\/09\/img_0060-768x1024.jpeg 768w, https:\/\/www.vap-camping.fr\/wp-content\/uploads\/2025\/09\/img_0060-1152x1536.jpeg 1152w, https:\/\/www.vap-camping.fr\/wp-content\/uploads\/2025\/09\/img_0060-1536x2048.jpeg 1536w\" sizes=\"(max-width: 1920px) 100vw, 1920px\" \/><\/figure>\n<\/div>\n<\/div>\n<\/div>\n\n\n\n<div class=\"wp-block-group rightLeft has-global-padding is-layout-constrained wp-block-group-is-layout-constrained\">\n<div class=\"wp-block-columns alignfull are-vertically-aligned-center m-ti is-layout-flex wp-container-core-columns-is-layout-0c0b91ec wp-block-columns-is-layout-flex\">\n<div class=\"wp-block-column is-vertically-aligned-center wp-block-image alignright size-large has-custom-border is-style-simple-left m-ti-image is-layout-flow wp-block-column-is-layout-flow is-style-simple-left--8\" style=\"flex-basis:60%\">\n<figure class=\"wp-block-image alignleft size-full\"><img alt=\"\" decoding=\"async\" width=\"2560\" height=\"1703\" src=\"https:\/\/www.vap-camping.fr\/wp-content\/uploads\/2025\/04\/DSC_3303-scaled.jpg\" alt=\"\" class=\"wp-image-18\" srcset=\"https:\/\/www.vap-camping.fr\/wp-content\/uploads\/2025\/04\/DSC_3303-scaled.jpg 2560w, https:\/\/www.vap-camping.fr\/wp-content\/uploads\/2025\/04\/DSC_3303-300x200.jpg 300w, https:\/\/www.vap-camping.fr\/wp-content\/uploads\/2025\/04\/DSC_3303-1024x681.jpg 1024w, https:\/\/www.vap-camping.fr\/wp-content\/uploads\/2025\/04\/DSC_3303-768x511.jpg 768w, https:\/\/www.vap-camping.fr\/wp-content\/uploads\/2025\/04\/DSC_3303-1536x1022.jpg 1536w, https:\/\/www.vap-camping.fr\/wp-content\/uploads\/2025\/04\/DSC_3303-2048x1363.jpg 2048w\" sizes=\"(max-width: 2560px) 100vw, 2560px\" \/><\/figure>\n<\/div>\n\n\n\n<div class=\"wp-block-column is-vertically-aligned-center m-ti-text is-layout-flow wp-container-core-column-is-layout-58dbe9e9 wp-block-column-is-layout-flow\" style=\"padding-left:10rem;flex-basis:40%\">\n<div class=\"wp-block-group is-style-title-left is-layout-flow wp-block-group-is-layout-flow is-style-title-left--9\">\n<p class=\"has-secondary-color has-text-color has-link-color has-secondary-font-family has-xl-font-size wp-elements-c3be1823d9b68db45749e2348b06eb06\">Unsere Dienstleistungen<\/p>\n\n\n\n<p class=\"has-primary-color has-text-color has-link-color has-primary-font-family has-sm-font-size wp-elements-0854f3ed698765abe4643709fbec47f4\" style=\"text-transform:uppercase\"><strong>F\u00fcr einen komfortablen Aufenthalt<\/strong><\/p>\n<\/div>\n\n\n\n<h2 class=\"wp-block-heading text-title\">Unser Campingplatz empf\u00e4ngt Sie das ganze Jahr \u00fcber f\u00fcr einen entspannten Zen-Urlaub.<\/h2>\n\n\n\n<p class=\"has-m-font-size\" style=\"padding-left:2rem\">Der Campingplatz Le Bourdieu empf\u00e4ngt Sie das ganze Jahr \u00fcber f\u00fcr einen Urlaub im Zeichen der Entspannung und des Wohlbefindens.  <\/p>\n\n\n\n<p class=\"has-m-font-size\" style=\"padding-left:2rem\">Gro\u00df und Klein k\u00f6nnen die Spielpl\u00e4tze, Minigolf oder Tischtennis nutzen, die das ganze Jahr \u00fcber zug\u00e4nglich sind. <\/p>\n\n\n\n<p class=\"has-m-font-size\" style=\"padding-left:2rem\">In der Saison, vom 1. Juli bis zum 31. August, ist f\u00fcr Stimmung gesorgt: Konzerte, Karaoke-Abende und andere gesellige Veranstaltungen, um sch\u00f6ne Momente mit der Familie oder mit Freunden zu verbringen. <\/p>\n\n\n\n<p class=\"has-m-font-size\" style=\"padding-left:2rem\">Die Snackbar bietet Tapas, Paninis und Pizzas in einer entspannten Atmosph\u00e4re. Der Swimmingpool ist vom 15. Juni bis 15. September ge\u00f6ffnet.   <\/p>\n\n\n\n<p class=\"has-m-font-size\" style=\"padding-left:2rem\">W\u00e4hrend der Saison k\u00f6nnen Sie jeden Morgen frisches Brot und Geb\u00e4ck bestellen. Alles ist darauf ausgerichtet, Ihren Aufenthalt angenehm, praktisch und unvergesslich zu machen, mit einem Wunsch: im n\u00e4chsten Jahr wiederzukommen! <\/p>\n<\/div>\n<\/div>\n<\/div>\n\n\n\n<div class=\"wp-block-group has-global-padding is-layout-constrained wp-block-group-is-layout-constrained\">\n<div class=\"wp-block-group alignwide is-style-title-simple fromTop is-layout-flow wp-block-group-is-layout-flow is-style-title-simple--10\" style=\"margin-top:4rem;margin-bottom:4rem\">\n<p class=\"has-text-align-center has-secondary-color has-text-color has-link-color has-secondary-font-family has-xl-font-size wp-elements-25e0177d982a075a6790d2cd94665046\">Besichtigungen &amp; Entdeckungen<\/p>\n\n\n\n<p class=\"has-text-align-center has-primary-font-family has-sm-font-size\" style=\"text-transform:uppercase\"><strong>in der N\u00e4he des Campingplatzes<\/strong><\/p>\n<\/div>\n<\/div>\n\n\n\n    <div class=\"journey-wrapper is-layout-flow wp-block-slider-taxo-is-layout-flow\">\n        <div class=\"journey-slides\">\n                            <div class=\"journey-slide\">\n                    <a href=\"https:\/\/www.vap-camping.fr\/de\/lieux\/camping-le-mas-d-azil\/\" class=\"journey\" title=\"Le Mas d&#8217;Azil\">\n                        <img decoding=\"async\" width=\"2560\" height=\"1706\" src=\"https:\/\/www.vap-camping.fr\/wp-content\/uploads\/2025\/05\/AdobeStock_389978579-scaled.jpeg\" class=\"attachment-6602 size-6602 wp-post-image\" alt=\"\" large=\"\" srcset=\"https:\/\/www.vap-camping.fr\/wp-content\/uploads\/2025\/05\/AdobeStock_389978579-scaled.jpeg 2560w, https:\/\/www.vap-camping.fr\/wp-content\/uploads\/2025\/05\/AdobeStock_389978579-600x400.jpeg 600w, https:\/\/www.vap-camping.fr\/wp-content\/uploads\/2025\/05\/AdobeStock_389978579-1024x683.jpeg 1024w, https:\/\/www.vap-camping.fr\/wp-content\/uploads\/2025\/05\/AdobeStock_389978579-768x512.jpeg 768w, https:\/\/www.vap-camping.fr\/wp-content\/uploads\/2025\/05\/AdobeStock_389978579-1536x1024.jpeg 1536w, https:\/\/www.vap-camping.fr\/wp-content\/uploads\/2025\/05\/AdobeStock_389978579-2048x1365.jpeg 2048w\" sizes=\"(max-width: 2560px) 100vw, 2560px\" \/>                        <p class=\"j-title\">\n                            Le Mas d&#8217;Azil                        <\/p>\n                        <p class=\"j-more\">\n                            Entdecken                        <\/p>\n                    <\/a>\n                <\/div>\n\n                            <div class=\"journey-slide\">\n                    <a href=\"https:\/\/www.vap-camping.fr\/de\/lieux\/camping-granges-de-cominac\/\" class=\"journey\" title=\"Cominac Scheunen\">\n                        <img decoding=\"async\" width=\"2560\" height=\"1709\" src=\"https:\/\/www.vap-camping.fr\/wp-content\/uploads\/2025\/05\/AdobeStock_334128502-scaled.jpeg\" class=\"attachment-2671 size-2671 wp-post-image\" alt=\"\" large=\"\" srcset=\"https:\/\/www.vap-camping.fr\/wp-content\/uploads\/2025\/05\/AdobeStock_334128502-scaled.jpeg 2560w, https:\/\/www.vap-camping.fr\/wp-content\/uploads\/2025\/05\/AdobeStock_334128502-600x400.jpeg 600w, https:\/\/www.vap-camping.fr\/wp-content\/uploads\/2025\/05\/AdobeStock_334128502-1024x683.jpeg 1024w, https:\/\/www.vap-camping.fr\/wp-content\/uploads\/2025\/05\/AdobeStock_334128502-768x513.jpeg 768w, https:\/\/www.vap-camping.fr\/wp-content\/uploads\/2025\/05\/AdobeStock_334128502-1536x1025.jpeg 1536w, https:\/\/www.vap-camping.fr\/wp-content\/uploads\/2025\/05\/AdobeStock_334128502-2048x1367.jpeg 2048w\" sizes=\"(max-width: 2560px) 100vw, 2560px\" \/>                        <p class=\"j-title\">\n                            Cominac Scheunen                        <\/p>\n                        <p class=\"j-more\">\n                            Entdecken                        <\/p>\n                    <\/a>\n                <\/div>\n\n                            <div class=\"journey-slide\">\n                    <a href=\"https:\/\/www.vap-camping.fr\/de\/lieux\/camping-saint-lizier\/\" class=\"journey\" title=\"Bischofspalast in Saint-Lizier\">\n                        <img decoding=\"async\" width=\"2560\" height=\"1595\" src=\"https:\/\/www.vap-camping.fr\/wp-content\/uploads\/2025\/05\/AdobeStock_515690445-scaled.jpeg\" class=\"attachment-2767 size-2767 wp-post-image\" alt=\"\" large=\"\" srcset=\"https:\/\/www.vap-camping.fr\/wp-content\/uploads\/2025\/05\/AdobeStock_515690445-scaled.jpeg 2560w, https:\/\/www.vap-camping.fr\/wp-content\/uploads\/2025\/05\/AdobeStock_515690445-600x374.jpeg 600w, https:\/\/www.vap-camping.fr\/wp-content\/uploads\/2025\/05\/AdobeStock_515690445-1024x638.jpeg 1024w, https:\/\/www.vap-camping.fr\/wp-content\/uploads\/2025\/05\/AdobeStock_515690445-768x479.jpeg 768w, https:\/\/www.vap-camping.fr\/wp-content\/uploads\/2025\/05\/AdobeStock_515690445-1536x957.jpeg 1536w, https:\/\/www.vap-camping.fr\/wp-content\/uploads\/2025\/05\/AdobeStock_515690445-2048x1276.jpeg 2048w\" sizes=\"(max-width: 2560px) 100vw, 2560px\" \/>                        <p class=\"j-title\">\n                            Bischofspalast in Saint-Lizier                        <\/p>\n                        <p class=\"j-more\">\n                            Entdecken                        <\/p>\n                    <\/a>\n                <\/div>\n\n                            <div class=\"journey-slide\">\n                    <a href=\"https:\/\/www.vap-camping.fr\/de\/lieux\/camping-carla-bayle\/\" class=\"journey\" title=\"Carla Bayle\">\n                        <img decoding=\"async\" width=\"2560\" height=\"1707\" src=\"https:\/\/www.vap-camping.fr\/wp-content\/uploads\/2025\/05\/AdobeStock_906786868_Editorial_Use_Only-scaled.jpeg\" class=\"attachment-2808 size-2808 wp-post-image\" alt=\"\" large=\"\" srcset=\"https:\/\/www.vap-camping.fr\/wp-content\/uploads\/2025\/05\/AdobeStock_906786868_Editorial_Use_Only-scaled.jpeg 2560w, https:\/\/www.vap-camping.fr\/wp-content\/uploads\/2025\/05\/AdobeStock_906786868_Editorial_Use_Only-600x400.jpeg 600w, https:\/\/www.vap-camping.fr\/wp-content\/uploads\/2025\/05\/AdobeStock_906786868_Editorial_Use_Only-1024x683.jpeg 1024w, https:\/\/www.vap-camping.fr\/wp-content\/uploads\/2025\/05\/AdobeStock_906786868_Editorial_Use_Only-768x512.jpeg 768w, https:\/\/www.vap-camping.fr\/wp-content\/uploads\/2025\/05\/AdobeStock_906786868_Editorial_Use_Only-1536x1024.jpeg 1536w, https:\/\/www.vap-camping.fr\/wp-content\/uploads\/2025\/05\/AdobeStock_906786868_Editorial_Use_Only-2048x1365.jpeg 2048w\" sizes=\"(max-width: 2560px) 100vw, 2560px\" \/>                        <p class=\"j-title\">\n                            Carla Bayle                        <\/p>\n                        <p class=\"j-more\">\n                            Entdecken                        <\/p>\n                    <\/a>\n                <\/div>\n\n                            <div class=\"journey-slide\">\n                    <a href=\"https:\/\/www.vap-camping.fr\/de\/lieux\/saute-elastique-depuis-la-grotte-du-mas-dazil\/\" class=\"journey\" title=\"Elastischer Sprung aus der H\u00f6hle von Mas d&#8217;Azil\">\n                        <img decoding=\"async\" width=\"1500\" height=\"1125\" src=\"https:\/\/www.vap-camping.fr\/wp-content\/uploads\/2025\/09\/image.jpeg\" class=\"attachment-3884 size-3884 wp-post-image\" alt=\"saute \u00e9lastique\" large=\"\" srcset=\"https:\/\/www.vap-camping.fr\/wp-content\/uploads\/2025\/09\/image.jpeg 1500w, https:\/\/www.vap-camping.fr\/wp-content\/uploads\/2025\/09\/image-600x450.jpeg 600w, https:\/\/www.vap-camping.fr\/wp-content\/uploads\/2025\/09\/image-1024x768.jpeg 1024w, https:\/\/www.vap-camping.fr\/wp-content\/uploads\/2025\/09\/image-768x576.jpeg 768w\" sizes=\"(max-width: 1500px) 100vw, 1500px\" \/>                        <p class=\"j-title\">\n                            Elastischer Sprung aus der H\u00f6hle von Mas d&#8217;Azil                        <\/p>\n                        <p class=\"j-more\">\n                            Entdecken                        <\/p>\n                    <\/a>\n                <\/div>\n\n                            <div class=\"journey-slide\">\n                    <a href=\"https:\/\/www.vap-camping.fr\/de\/lieux\/la-grotte-de-mas-dazil\/\" class=\"journey\" title=\"Die H\u00f6hle von Mas d&#8217;Azil\">\n                        <img decoding=\"async\" width=\"2560\" height=\"1706\" src=\"https:\/\/www.vap-camping.fr\/wp-content\/uploads\/2025\/05\/AdobeStock_389978579-scaled.jpeg\" class=\"attachment-6488 size-6488 wp-post-image\" alt=\"\" large=\"\" srcset=\"https:\/\/www.vap-camping.fr\/wp-content\/uploads\/2025\/05\/AdobeStock_389978579-scaled.jpeg 2560w, https:\/\/www.vap-camping.fr\/wp-content\/uploads\/2025\/05\/AdobeStock_389978579-600x400.jpeg 600w, https:\/\/www.vap-camping.fr\/wp-content\/uploads\/2025\/05\/AdobeStock_389978579-1024x683.jpeg 1024w, https:\/\/www.vap-camping.fr\/wp-content\/uploads\/2025\/05\/AdobeStock_389978579-768x512.jpeg 768w, https:\/\/www.vap-camping.fr\/wp-content\/uploads\/2025\/05\/AdobeStock_389978579-1536x1024.jpeg 1536w, https:\/\/www.vap-camping.fr\/wp-content\/uploads\/2025\/05\/AdobeStock_389978579-2048x1365.jpeg 2048w\" sizes=\"(max-width: 2560px) 100vw, 2560px\" \/>                        <p class=\"j-title\">\n                            Die H\u00f6hle von Mas d&#8217;Azil                        <\/p>\n                        <p class=\"j-more\">\n                            Entdecken                        <\/p>\n                    <\/a>\n                <\/div>\n\n                            <div class=\"journey-slide\">\n                    <a href=\"https:\/\/www.vap-camping.fr\/de\/lieux\/bourdieu-auf-dem-fahrrad\/\" class=\"journey\" title=\"Bourdieu auf dem Fahrrad\">\n                        <img decoding=\"async\" width=\"2133\" height=\"1419\" src=\"https:\/\/www.vap-camping.fr\/wp-content\/uploads\/2025\/09\/stephane_meurisse_adt09_0005758_bd.jpg\" class=\"attachment-3847 size-3847 wp-post-image\" alt=\"\" large=\"\" srcset=\"https:\/\/www.vap-camping.fr\/wp-content\/uploads\/2025\/09\/stephane_meurisse_adt09_0005758_bd.jpg 2133w, https:\/\/www.vap-camping.fr\/wp-content\/uploads\/2025\/09\/stephane_meurisse_adt09_0005758_bd-600x399.jpg 600w, https:\/\/www.vap-camping.fr\/wp-content\/uploads\/2025\/09\/stephane_meurisse_adt09_0005758_bd-1024x681.jpg 1024w, https:\/\/www.vap-camping.fr\/wp-content\/uploads\/2025\/09\/stephane_meurisse_adt09_0005758_bd-768x511.jpg 768w, https:\/\/www.vap-camping.fr\/wp-content\/uploads\/2025\/09\/stephane_meurisse_adt09_0005758_bd-1536x1022.jpg 1536w, https:\/\/www.vap-camping.fr\/wp-content\/uploads\/2025\/09\/stephane_meurisse_adt09_0005758_bd-2048x1362.jpg 2048w\" sizes=\"(max-width: 2133px) 100vw, 2133px\" \/>                        <p class=\"j-title\">\n                            Bourdieu auf dem Fahrrad                        <\/p>\n                        <p class=\"j-more\">\n                            Entdecken                        <\/p>\n                    <\/a>\n                <\/div>\n\n                            <div class=\"journey-slide\">\n                    <a href=\"https:\/\/www.vap-camping.fr\/de\/lieux\/mas-dazil-en-velo\/\" class=\"journey\" title=\"Mas d&#8217;Azil mit dem Fahrrad\">\n                        <img decoding=\"async\" width=\"1024\" height=\"683\" src=\"https:\/\/www.vap-camping.fr\/wp-content\/uploads\/2025\/04\/cyclo_mas_dazil_ariege_pyrenees_tourisme.jpg\" class=\"attachment-6476 size-6476 wp-post-image\" alt=\"\" large=\"\" srcset=\"https:\/\/www.vap-camping.fr\/wp-content\/uploads\/2025\/04\/cyclo_mas_dazil_ariege_pyrenees_tourisme.jpg 1024w, https:\/\/www.vap-camping.fr\/wp-content\/uploads\/2025\/04\/cyclo_mas_dazil_ariege_pyrenees_tourisme-600x400.jpg 600w, https:\/\/www.vap-camping.fr\/wp-content\/uploads\/2025\/04\/cyclo_mas_dazil_ariege_pyrenees_tourisme-768x512.jpg 768w\" sizes=\"(max-width: 1024px) 100vw, 1024px\" \/>                        <p class=\"j-title\">\n                            Mas d&#8217;Azil mit dem Fahrrad                        <\/p>\n                        <p class=\"j-more\">\n                            Entdecken                        <\/p>\n                    <\/a>\n                <\/div>\n\n                            <div class=\"journey-slide\">\n                    <a href=\"https:\/\/www.vap-camping.fr\/de\/lieux\/saute-a-lelastique-a-la-grotte-prehistorique\/\" class=\"journey\" title=\"Bungee-Jumping in der pr\u00e4historischen H\u00f6hle\">\n                        <img decoding=\"async\" width=\"1920\" height=\"960\" src=\"https:\/\/www.vap-camping.fr\/wp-content\/uploads\/2025\/04\/saute_elastique_ariege.jpg\" class=\"attachment-6458 size-6458 wp-post-image\" alt=\"\" large=\"\" srcset=\"https:\/\/www.vap-camping.fr\/wp-content\/uploads\/2025\/04\/saute_elastique_ariege.jpg 1920w, https:\/\/www.vap-camping.fr\/wp-content\/uploads\/2025\/04\/saute_elastique_ariege-600x300.jpg 600w, https:\/\/www.vap-camping.fr\/wp-content\/uploads\/2025\/04\/saute_elastique_ariege-1024x512.jpg 1024w, https:\/\/www.vap-camping.fr\/wp-content\/uploads\/2025\/04\/saute_elastique_ariege-768x384.jpg 768w, https:\/\/www.vap-camping.fr\/wp-content\/uploads\/2025\/04\/saute_elastique_ariege-1536x768.jpg 1536w\" sizes=\"(max-width: 1920px) 100vw, 1920px\" \/>                        <p class=\"j-title\">\n                            Bungee-Jumping in der pr\u00e4historischen H\u00f6hle                        <\/p>\n                        <p class=\"j-more\">\n                            Entdecken                        <\/p>\n                    <\/a>\n                <\/div>\n\n                            <div class=\"journey-slide\">\n                    <a href=\"https:\/\/www.vap-camping.fr\/de\/lieux\/les-coteaux-au-nord-de-carla-bayle\/\" class=\"journey\" title=\"Les Coteaux au Nord von Carla Bayle\">\n                        <img decoding=\"async\" width=\"1200\" height=\"900\" src=\"https:\/\/www.vap-camping.fr\/wp-content\/uploads\/2025\/11\/image-3-2.jpeg\" class=\"attachment-6498 size-6498 wp-post-image\" alt=\"\" large=\"\" srcset=\"https:\/\/www.vap-camping.fr\/wp-content\/uploads\/2025\/11\/image-3-2.jpeg 1200w, https:\/\/www.vap-camping.fr\/wp-content\/uploads\/2025\/11\/image-3-2-600x450.jpeg 600w, https:\/\/www.vap-camping.fr\/wp-content\/uploads\/2025\/11\/image-3-2-1024x768.jpeg 1024w, https:\/\/www.vap-camping.fr\/wp-content\/uploads\/2025\/11\/image-3-2-768x576.jpeg 768w\" sizes=\"(max-width: 1200px) 100vw, 1200px\" \/>                        <p class=\"j-title\">\n                            Les Coteaux au Nord von Carla Bayle                        <\/p>\n                        <p class=\"j-more\">\n                            Entdecken                        <\/p>\n                    <\/a>\n                <\/div>\n\n                            <div class=\"journey-slide\">\n                    <a href=\"https:\/\/www.vap-camping.fr\/de\/lieux\/circuit-des-dolmens-du-mas-dazil\/\" class=\"journey\" title=\"Rundgang zu den Dolmen von Mas-d&#8217;Azil\">\n                        <img decoding=\"async\" width=\"2560\" height=\"1582\" src=\"https:\/\/www.vap-camping.fr\/wp-content\/uploads\/2025\/05\/AdobeStock_254615770-scaled.jpeg\" class=\"attachment-6480 size-6480 wp-post-image\" alt=\"\" large=\"\" srcset=\"https:\/\/www.vap-camping.fr\/wp-content\/uploads\/2025\/05\/AdobeStock_254615770-scaled.jpeg 2560w, https:\/\/www.vap-camping.fr\/wp-content\/uploads\/2025\/05\/AdobeStock_254615770-600x371.jpeg 600w, https:\/\/www.vap-camping.fr\/wp-content\/uploads\/2025\/05\/AdobeStock_254615770-1024x633.jpeg 1024w, https:\/\/www.vap-camping.fr\/wp-content\/uploads\/2025\/05\/AdobeStock_254615770-768x475.jpeg 768w, https:\/\/www.vap-camping.fr\/wp-content\/uploads\/2025\/05\/AdobeStock_254615770-1536x949.jpeg 1536w, https:\/\/www.vap-camping.fr\/wp-content\/uploads\/2025\/05\/AdobeStock_254615770-2048x1266.jpeg 2048w\" sizes=\"(max-width: 2560px) 100vw, 2560px\" \/>                        <p class=\"j-title\">\n                            Rundgang zu den Dolmen von Mas-d&#8217;Azil                        <\/p>\n                        <p class=\"j-more\">\n                            Entdecken                        <\/p>\n                    <\/a>\n                <\/div>\n\n                            <div class=\"journey-slide\">\n                    <a href=\"https:\/\/www.vap-camping.fr\/de\/lieux\/boucle-au-depart-du-fossat\/\" class=\"journey\" title=\"Rundweg ab Le Fossat\">\n                        <img decoding=\"async\" width=\"640\" height=\"640\" src=\"https:\/\/www.vap-camping.fr\/wp-content\/uploads\/2025\/11\/image-4-1.jpeg\" class=\"attachment-6465 size-6465 wp-post-image\" alt=\"Fossat-commune-en-ariege\" large=\"\" srcset=\"https:\/\/www.vap-camping.fr\/wp-content\/uploads\/2025\/11\/image-4-1.jpeg 640w, https:\/\/www.vap-camping.fr\/wp-content\/uploads\/2025\/11\/image-4-1-600x600.jpeg 600w, https:\/\/www.vap-camping.fr\/wp-content\/uploads\/2025\/11\/image-4-1-300x300.jpeg 300w\" sizes=\"(max-width: 640px) 100vw, 640px\" \/>                        <p class=\"j-title\">\n                            Rundweg ab Le Fossat                        <\/p>\n                        <p class=\"j-more\">\n                            Entdecken                        <\/p>\n                    <\/a>\n                <\/div>\n\n                            <div class=\"journey-slide\">\n                    <a href=\"https:\/\/www.vap-camping.fr\/de\/lieux\/la-fromagerie-soulere-a-sieuras\/\" class=\"journey\" title=\"Die K\u00e4serei Soul\u00e8re in Sieuras\">\n                        <img decoding=\"async\" width=\"600\" height=\"600\" src=\"https:\/\/www.vap-camping.fr\/wp-content\/uploads\/2025\/12\/image-47.jpeg\" class=\"attachment-6210 size-6210 wp-post-image\" alt=\"\" large=\"\" srcset=\"https:\/\/www.vap-camping.fr\/wp-content\/uploads\/2025\/12\/image-47.jpeg 600w, https:\/\/www.vap-camping.fr\/wp-content\/uploads\/2025\/12\/image-47-300x300.jpeg 300w\" sizes=\"(max-width: 600px) 100vw, 600px\" \/>                        <p class=\"j-title\">\n                            Die K\u00e4serei Soul\u00e8re in Sieuras                        <\/p>\n                        <p class=\"j-more\">\n                            Entdecken                        <\/p>\n                    <\/a>\n                <\/div>\n\n                            <div class=\"journey-slide\">\n                    <a href=\"https:\/\/www.vap-camping.fr\/de\/lieux\/fermier-porc-traditions-ariegeoises\/\" class=\"journey\" title=\"Fermier-Schweinefleisch &amp; Traditionen der Ariegeoise\">\n                        <img decoding=\"async\" width=\"1920\" height=\"700\" src=\"https:\/\/www.vap-camping.fr\/wp-content\/uploads\/2025\/12\/image-50.jpeg\" class=\"attachment-6198 size-6198 wp-post-image\" alt=\"\" large=\"\" srcset=\"https:\/\/www.vap-camping.fr\/wp-content\/uploads\/2025\/12\/image-50.jpeg 1920w, https:\/\/www.vap-camping.fr\/wp-content\/uploads\/2025\/12\/image-50-600x219.jpeg 600w, https:\/\/www.vap-camping.fr\/wp-content\/uploads\/2025\/12\/image-50-1024x373.jpeg 1024w, https:\/\/www.vap-camping.fr\/wp-content\/uploads\/2025\/12\/image-50-768x280.jpeg 768w, https:\/\/www.vap-camping.fr\/wp-content\/uploads\/2025\/12\/image-50-1536x560.jpeg 1536w\" sizes=\"(max-width: 1920px) 100vw, 1920px\" \/>                        <p class=\"j-title\">\n                            Fermier-Schweinefleisch &amp; Traditionen der Ariegeoise                        <\/p>\n                        <p class=\"j-more\">\n                            Entdecken                        <\/p>\n                    <\/a>\n                <\/div>\n\n                            <div class=\"journey-slide\">\n                    <a href=\"https:\/\/www.vap-camping.fr\/de\/lieux\/cosmetiques-artisanaux-au-lait-danesse\/\" class=\"journey\" title=\"Handgefertigte Kosmetika aus Eselsmilch\">\n                        <img decoding=\"async\" width=\"1300\" height=\"1300\" src=\"https:\/\/www.vap-camping.fr\/wp-content\/uploads\/2025\/12\/image-51.jpeg\" class=\"attachment-6187 size-6187 wp-post-image\" alt=\"\" large=\"\" srcset=\"https:\/\/www.vap-camping.fr\/wp-content\/uploads\/2025\/12\/image-51.jpeg 1300w, https:\/\/www.vap-camping.fr\/wp-content\/uploads\/2025\/12\/image-51-600x600.jpeg 600w, https:\/\/www.vap-camping.fr\/wp-content\/uploads\/2025\/12\/image-51-1024x1024.jpeg 1024w, https:\/\/www.vap-camping.fr\/wp-content\/uploads\/2025\/12\/image-51-300x300.jpeg 300w, https:\/\/www.vap-camping.fr\/wp-content\/uploads\/2025\/12\/image-51-768x768.jpeg 768w\" sizes=\"(max-width: 1300px) 100vw, 1300px\" \/>                        <p class=\"j-title\">\n                            Handgefertigte Kosmetika aus Eselsmilch                        <\/p>\n                        <p class=\"j-more\">\n                            Entdecken                        <\/p>\n                    <\/a>\n                <\/div>\n\n                    <\/div>\n        <div class=\"journey-buttons\">\n            <button class=\"j-prev\">ARR<\/button>\n            <button class=\"j-next\">AV<\/button>\n        <\/div>\n    <\/div>\n\n\n\n\n\n<div class=\"wp-block-group has-global-padding is-layout-constrained wp-block-group-is-layout-constrained\">\n<div class=\"wp-block-group alignwide is-style-title-simple is-layout-flow wp-block-group-is-layout-flow is-style-title-simple--11\" style=\"margin-top:4rem;margin-bottom:4rem\">\n<p class=\"has-text-align-center has-secondary-color has-text-color has-link-color has-secondary-font-family has-xl-font-size wp-elements-b52900ba3ea20b3e9f710279243c2264\">Entdecken Sie<\/p>\n\n\n\n<p class=\"has-text-align-center has-primary-font-family has-sm-font-size\" style=\"text-transform:uppercase\"><strong>unsere anderen Einrichtungen<\/strong><\/p>\n<\/div>\n\n\n<div class=\"campings-wrapper is-layout-flow wp-block-slider-campings-is-layout-flow\">\n            <div class=\"campings-list\">\n                            <div class=\"camping-item\"\n                    style=\"background-image: linear-gradient(to top, rgba(0, 0, 0, 0.6), transparent), url('https:\/\/www.vap-camping.fr\/wp-content\/uploads\/2025\/04\/camping-avec-piscine-1024x767.jpg');\">\n                    <a href=\"https:\/\/www.vap-camping.fr\/de\/campings\/camping-du-lac\/\" title=\"Campingplatz du lac(Foix)\" class=\"camping-link\">\n                        <p class=\"title\">Campingplatz du lac(Foix)<\/p>\n                        <p class=\"camping-button\">Entdecken<\/p>\n                    <\/a>\n                <\/div>\n                            <div class=\"camping-item\"\n                    style=\"background-image: linear-gradient(to top, rgba(0, 0, 0, 0.6), transparent), url('https:\/\/www.vap-camping.fr\/wp-content\/uploads\/2025\/07\/dji_0589-2-1024x767.jpg');\">\n                    <a href=\"https:\/\/www.vap-camping.fr\/de\/campings\/camping-la-bastide\/\" title=\"Campingplatz la Bastide(Maz\u00e8res)\" class=\"camping-link\">\n                        <p class=\"title\">Campingplatz la Bastide(Maz\u00e8res)<\/p>\n                        <p class=\"camping-button\">Entdecken<\/p>\n                    <\/a>\n                <\/div>\n                            <div class=\"camping-item\"\n                    style=\"background-image: linear-gradient(to top, rgba(0, 0, 0, 0.6), transparent), url('https:\/\/www.vap-camping.fr\/wp-content\/uploads\/2025\/04\/dsc03930-1024x500.jpg');\">\n                    <a href=\"https:\/\/www.vap-camping.fr\/de\/campings\/camping-le-rupe\/\" title=\"Campingplatz le Rup\u00e9(Toulouse)\" class=\"camping-link\">\n                        <p class=\"title\">Campingplatz le Rup\u00e9(Toulouse)<\/p>\n                        <p class=\"camping-button\">Entdecken<\/p>\n                    <\/a>\n                <\/div>\n                            <div class=\"camping-item\"\n                    style=\"background-image: linear-gradient(to top, rgba(0, 0, 0, 0.6), transparent), url('https:\/\/www.vap-camping.fr\/wp-content\/uploads\/2025\/04\/img_5291-1024x768-1.jpg');\">\n                    <a href=\"https:\/\/www.vap-camping.fr\/de\/campings\/complexe-des-oustalous\/\" title=\"Oustalous-Komplex\" class=\"camping-link\">\n                        <p class=\"title\">Oustalous-Komplex<\/p>\n                        <p class=\"camping-button\">Entdecken<\/p>\n                    <\/a>\n                <\/div>\n                    <\/div>\n    <\/div>\n\n<\/div>\n\n\n\n<div class=\"wp-block-group reveal has-global-padding is-layout-constrained wp-block-group-is-layout-constrained\">\n<div class=\"wp-block-columns alignfull are-vertically-aligned-center is-faq-wrapper is-layout-flex wp-container-core-columns-is-layout-28f84493 wp-block-columns-is-layout-flex\">\n<div class=\"wp-block-column is-vertically-aligned-center is-layout-flow wp-block-column-is-layout-flow\" style=\"flex-basis:33.33%\">\n<div class=\"wp-block-group is-faq is-layout-flow wp-block-group-is-layout-flow has-background\" style=\"border-radius:100%;background-image:url(&#039;https:\/\/www.vap-camping.fr\/wp-content\/themes\/vap\/assets\/img\/faq.jpg&#039;);background-position:73% 47%;background-size:cover;\"><\/div>\n<\/div>\n\n\n\n<div class=\"wp-block-column is-vertically-aligned-center is-layout-flow wp-block-column-is-layout-flow\" style=\"flex-basis:66.66%\">\n<div class=\"wp-block-group is-style-title-left is-layout-flow wp-block-group-is-layout-flow is-style-title-left--12\">\n<p class=\"has-secondary-color has-text-color has-link-color has-secondary-font-family has-xl-font-size wp-elements-b8d209e59c03caf8beafd191d43c8acb\">H\u00e4ufig gestellte Fragen<\/p>\n\n\n\n<p class=\"has-primary-color has-text-color has-link-color has-primary-font-family has-sm-font-size wp-elements-4a6d732f50c7544ec9ba68cb8e501743\" style=\"text-transform:uppercase\"><strong>Sie m\u00f6chten mehr erfahren<\/strong><\/p>\n<\/div>\n\n\n\n<div class=\"wp-block-group has-global-padding is-layout-constrained wp-block-group-is-layout-constrained\">\n<div class=\"pfq\">\n  \n  \n  <nav class=\"pfq__themes\">\n    <h2>Th\u00e9matiques<\/h2>\n    <ul>\n      \n        <li class=\"pfq__theme active\" data-pfq-group=\"group-0\">\n          <a href=\"#\">H\u00e4ufig gestellte Fragen<\/a>\n        <\/li>\n\n          <\/ul>\n  <\/nav>\n\n  <div class=\"pfq__questions\">\n    \n      <div class=\"pfq__questions__group visible\" data-pfq-group=\"group-0\">\n\n        <h3>H\u00e4ufig gestellte Fragen<\/h3>\n\n        \n          <div class=\"pfq__question\"  >\n            <h4 class=\"pfq__question__title\">Wird in den Unterk\u00fcnften Bettw\u00e4sche bereitgestellt?<\/h4>\n            <div class=\"pfq__answer\"><p><span style=\"font-weight: 400;\">Ja, Bettw\u00e4sche und Handt\u00fccher sind in den Unterk\u00fcnften vorhanden.  <\/span><\/p>\n<\/div>\n          <\/div>\n\n        \n          <div class=\"pfq__question\"  >\n            <h4 class=\"pfq__question__title\">Wie sind die Ankunfts- und Abflugzeiten?<\/h4>\n            <div class=\"pfq__answer\"><p><span style=\"font-weight: 400;\">Die Anreise kann ab 16.00 Uhr erfolgen und die Abreise muss bis 10.00 Uhr erfolgen.<\/span><\/p>\n<\/div>\n          <\/div>\n\n        \n          <div class=\"pfq__question\"  >\n            <h4 class=\"pfq__question__title\">Ist der Pool beheizt?<\/h4>\n            <div class=\"pfq__answer\"><p><span style=\"font-weight: 400;\">Nein, der Pool hat eine nat\u00fcrliche Temperatur.<\/span><\/p>\n<\/div>\n          <\/div>\n\n        \n          <div class=\"pfq__question\"  >\n            <h4 class=\"pfq__question__title\">Bieten Sie auf dem Campingplatz Animationen an?<\/h4>\n            <div class=\"pfq__answer\"><p><span style=\"font-weight: 400;\">Ja, in der Hochsaison gibt es jeden Tag Samstagabend ein Konzert.<\/span><\/p>\n<\/div>\n          <\/div>\n\n        \n          <div class=\"pfq__question\"  >\n            <h4 class=\"pfq__question__title\">Liegt der Campingplatz in der N\u00e4he von Gesch\u00e4ften?<\/h4>\n            <div class=\"pfq__answer\"><p>B\u00e4ckerei und Handel 6 km<\/p>\n<\/div>\n          <\/div>\n\n        \n          <div class=\"pfq__question\"  >\n            <h4 class=\"pfq__question__title\">Ist der Campingplatz mit \u00f6ffentlichen Verkehrsmitteln erreichbar?<\/h4>\n            <div class=\"pfq__answer\"><p><span style=\"font-weight: 400;\">Nein.<\/span><\/p>\n<\/div>\n          <\/div>\n\n        \n          <div class=\"pfq__question\"  >\n            <h4 class=\"pfq__question__title\">Akzeptieren Sie Tiere?<\/h4>\n            <div class=\"pfq__answer\"><p><span style=\"font-weight: 400;\">Wir akzeptieren Haustiere, wenn sie an der Leine gehalten werden. Es kann ein Aufpreis erhoben werden. <\/span><\/p>\n<\/div>\n          <\/div>\n\n        \n          <div class=\"pfq__question\"  >\n            <h4 class=\"pfq__question__title\">Bis zu welcher Uhrzeit darf man L\u00e4rm machen?<\/h4>\n            <div class=\"pfq__answer\"><p><span style=\"font-weight: 400;\">Wir bitten unsere G\u00e4ste, die Ruhe nach 22:30 Uhr zu respektieren.<\/span><\/p>\n<\/div>\n          <\/div>\n\n        \n      <\/div>\n\n    \n  <\/div>\n<\/div>\n<\/div>\n<\/div>\n<\/div>\n<\/div>\n\n\n\n<div class=\"wp-block-group btn-resa has-background has-global-padding is-layout-constrained wp-block-group-is-layout-constrained\" style=\"background:linear-gradient(0deg,rgba(255,255,255,0.74) 0%,rgba(255,255,255,0) 100%)\">\n<div class=\"wp-block-buttons is-content-justification-center is-layout-flex wp-container-core-buttons-is-layout-a89b3969 wp-block-buttons-is-layout-flex\">\n<div class=\"wp-block-button\"><a class=\"wp-block-button__link wp-element-button\" href=\"https:\/\/reservation.secureholiday.net\/group\/fr\/108\/search\/estab-view\/436\/products\" target=\"_blank\" rel=\"noreferrer noopener\">buchen Sie Ihren Aufenthalt<\/a><\/div>\n<\/div>\n<\/div>\n<\/div>\n","protected":false},"excerpt":{"rendered":"<p>Campingplatz &#8211; Ariege &#8211; Durfort Willkommen bei Auf dem Campingplatz Le Bourdieu in der Ari\u00e8ge Im Herzen des L\u00e8ze-Tals, genie\u00dfen Sie eine gr\u00fcne und famili\u00e4re Umgebung f\u00fcr einen ruhigen und geselligen Urlaub in der Ari\u00e8ge! Am Rande des L\u00e8ze-Tals empf\u00e4ngt Sie die Familie Secco in einer famili\u00e4ren und freundlichen Atmosph\u00e4re, die ideal ist, um sich [&hellip;]<\/p>\n","protected":false},"featured_media":2605,"parent":0,"template":"","format":"standard","meta":{"_acf_changed":false,"_seopress_robots_primary_cat":"","_seopress_titles_title":"Campingplatz Durfort | Campingplatz Le Bourdieu 3 Sterne in Ari\u00e8ge","_seopress_titles_desc":"Der Campingplatz Le Bourdieu in Durfort liegt im Herzen des L\u00e8ze-Tals und bietet Ihnen einen Natururlaub in der Ari\u00e8ge, zwischen Ruhe, Entdeckungen und Geselligkeit.","_seopress_robots_index":"","ouverture":"Das ganze Jahr \u00fcber ge\u00f6ffnet","nombre_de_locations":"42 Mietobjekte","nombre_demplacements":"1 nackter Stellplatz","adresse":"Durfort, 09100 Ari\u00e8ge","numero_de_telephone":"0561673017","email":"campinglebourdieu@orange.fr","url_du_site":"Website","footnotes":""},"class_list":["post-2587","campings","type-campings","status-publish","format-standard","has-post-thumbnail","hentry"],"acf":{"latitude":"43.1921463","longitude":"1.4571379","ouverture":"Das ganze Jahr \u00fcber ge\u00f6ffnet","nombre_de_locations":"42 Mietobjekte","nombre_demplacements":"1 nackter Stellplatz","adresse":"Durfort, 09100 Ari\u00e8ge","numero_de_telephone":"0561673017","email":"campinglebourdieu@orange.fr","url_du_site":"Website","stars":3,"services":[{"label":"Swimmingpool (nicht beheizt)","icon":3087},{"label":"Bar","icon":3086},{"label":"Wifi","icon":3085},{"label":"Saisonale Animationen","icon":3083},{"label":"Spielplatz","icon":3080},{"label":"Haustiere akzeptiert","icon":3088},{"label":"Waschmaschine","icon":3081}]},"_links":{"self":[{"href":"https:\/\/www.vap-camping.fr\/de\/wp-json\/wp\/v2\/campings\/2587","targetHints":{"allow":["GET"]}}],"collection":[{"href":"https:\/\/www.vap-camping.fr\/de\/wp-json\/wp\/v2\/campings"}],"about":[{"href":"https:\/\/www.vap-camping.fr\/de\/wp-json\/wp\/v2\/types\/campings"}],"version-history":[{"count":10,"href":"https:\/\/www.vap-camping.fr\/de\/wp-json\/wp\/v2\/campings\/2587\/revisions"}],"predecessor-version":[{"id":7346,"href":"https:\/\/www.vap-camping.fr\/de\/wp-json\/wp\/v2\/campings\/2587\/revisions\/7346"}],"wp:featuredmedia":[{"embeddable":true,"href":"https:\/\/www.vap-camping.fr\/de\/wp-json\/wp\/v2\/media\/2605"}],"wp:attachment":[{"href":"https:\/\/www.vap-camping.fr\/de\/wp-json\/wp\/v2\/media?parent=2587"}],"curies":[{"name":"wp","href":"https:\/\/api.w.org\/{rel}","templated":true}]}}