{"id":2610,"date":"2025-04-18T15:02:18","date_gmt":"2025-04-18T15:02:18","guid":{"rendered":"https:\/\/www.vap-camping.fr\/campings\/camping-le-rupe\/"},"modified":"2026-02-26T08:51:57","modified_gmt":"2026-02-26T08:51:57","slug":"camping-le-rupe","status":"publish","type":"campings","link":"https:\/\/www.vap-camping.fr\/de\/campings\/camping-le-rupe\/","title":{"rendered":"Campingplatz le Rup\u00e9(Toulouse)"},"content":{"rendered":"\n<div class=\"wp-block-group alignfull is-layout-flow wp-container-core-group-is-layout-8af317cd wp-block-group-is-layout-flow\">\n<div class=\"wp-block-group hero-camp fromOpacity is-layout-flow wp-block-group-is-layout-flow\" style=\"margin-bottom:20rem\">\n<div class=\"wp-block-group alignfull hero-img fromOpacity is-layout-flow wp-block-group-is-layout-flow\">\n<figure class=\"wp-block-image size-full\"><img alt=\"\" decoding=\"async\" width=\"2560\" height=\"1250\" src=\"https:\/\/www.vap-camping.fr\/wp-content\/uploads\/2025\/04\/dsc03930-scaled.jpg\" alt=\"\" class=\"wp-image-5333\" srcset=\"https:\/\/www.vap-camping.fr\/wp-content\/uploads\/2025\/04\/dsc03930-scaled.jpg 2560w, https:\/\/www.vap-camping.fr\/wp-content\/uploads\/2025\/04\/dsc03930-600x293.jpg 600w, https:\/\/www.vap-camping.fr\/wp-content\/uploads\/2025\/04\/dsc03930-1024x500.jpg 1024w, https:\/\/www.vap-camping.fr\/wp-content\/uploads\/2025\/04\/dsc03930-768x375.jpg 768w, https:\/\/www.vap-camping.fr\/wp-content\/uploads\/2025\/04\/dsc03930-1536x750.jpg 1536w, https:\/\/www.vap-camping.fr\/wp-content\/uploads\/2025\/04\/dsc03930-2048x1000.jpg 2048w\" sizes=\"(max-width: 2560px) 100vw, 2560px\" \/><\/figure>\n<\/div>\n\n\n\n<div class=\"wp-block-group hero-desc has-secondary-background-color has-background fromOpacity is-layout-flow wp-block-group-is-layout-flow\" style=\"border-top-right-radius:90px;border-bottom-right-radius:90px;padding-top:2rem;padding-bottom:2rem;padding-left:5rem\"><h1 style=\"font-size:clamp(3.037rem, 3.037rem + ((1vw - 0.2rem) * 4.018), 6rem);\" class=\"has-link-color wp-elements-971196805a816ee349c8ae4f34a1c7a7 wp-block-post-title has-text-color has-white-color has-secondary-font-family\">Campingplatz le Rup\u00e9(Toulouse)<\/h1>\n\n\n<div class=\"wp-block-group is-nowrap is-layout-flex wp-container-core-group-is-layout-3b4e9d3e wp-block-group-is-layout-flex\">\n<p class=\"has-white-color has-text-color has-link-color has-sm-font-size wp-elements-dd16cb079116deed779a5a32e1d728d8\" style=\"font-style:normal;font-weight:500;text-transform:uppercase\">Campingplatz  <\/p>\n\n\n\n<figure class=\"wp-block-image size-full\"><img alt=\"\" decoding=\"async\" src=\"https:\/\/www.vap-camping.fr\/wp-content\/themes\/vap\/assets\/img\/svg\/star-white.svg\" alt=\"\" class=\"wp-image-657\"\/><\/figure>\n\n\n\n<figure class=\"wp-block-image size-full\"><img alt=\"\" decoding=\"async\" src=\"https:\/\/www.vap-camping.fr\/wp-content\/themes\/vap\/assets\/img\/svg\/star-white.svg\" alt=\"\" class=\"wp-image-657\"\/><\/figure>\n\n\n\n<figure class=\"wp-block-image size-full\"><img alt=\"\" decoding=\"async\" src=\"https:\/\/www.vap-camping.fr\/wp-content\/themes\/vap\/assets\/img\/svg\/star-white.svg\" alt=\"\" class=\"wp-image-657\"\/><\/figure>\n\n\n\n<p class=\"has-white-color has-text-color has-link-color has-sm-font-size wp-elements-6770bdd6a8a2614f716717f485f1c1b8\" style=\"font-style:normal;font-weight:500;text-transform:uppercase\">&#8211; Haute-Garonne &#8211; Toulouse<\/p>\n<\/div>\n<\/div>\n<\/div>\n\n\n\n<div class=\"wp-block-group has-global-padding is-layout-constrained wp-container-core-group-is-layout-4f9f0532 wp-block-group-is-layout-constrained\">\n<div class=\"wp-block-columns are-vertically-aligned-top m-ti is-layout-flex wp-container-core-columns-is-layout-c4788e2e wp-block-columns-is-layout-flex\">\n<div class=\"wp-block-column is-vertically-aligned-top m-ti-text-camp is-layout-flow wp-container-core-column-is-layout-58dbe9e9 wp-block-column-is-layout-flow\" style=\"padding-left:10rem;flex-basis:60%\">\n<div class=\"wp-block-group is-style-title-left fromOpacity is-layout-flow wp-block-group-is-layout-flow is-style-title-left--1\">\n<p class=\"has-secondary-color has-text-color has-link-color has-secondary-font-family has-xl-font-size wp-elements-26ce745ddf7f1783fb4930532dbf5034\">\n  Willkommen bei<\/p>\n\n\n\n<p class=\"has-primary-color has-text-color has-link-color has-primary-font-family has-sm-font-size wp-elements-9243c4bfe7c7e5a6f4a584b688ccf423\" style=\"text-transform:uppercase\"><strong>Auf dem Campingplatz Le Rup\u00e9<\/strong><\/p>\n<\/div>\n\n\n\n<h1 class=\"wp-block-heading text-title\">Ob Sie mit dem Fahrrad, dem Wohnmobil oder mit der Familie nach Toulouse kommen, der Campingplatz Le Rup\u00e9 bietet Ihnen einen angenehmen Aufenthalt!<\/h1>\n\n\n\n<p class=\"has-m-font-size\" style=\"padding-left:2rem\">Nur wenige Minuten vom Stadtzentrum entfernt, empf\u00e4ngt Sie der Campingplatz Le Rup\u00e9 in einer gr\u00fcnen Oase im Herzen von Toulouse. In der N\u00e4he des Freizeitzentrums Sesqui\u00e8res (Wam Park) ist dies ein idealer Ort, um einen ruhigen Urlaub zu genie\u00dfen und gleichzeitig in der N\u00e4he der st\u00e4dtischen Annehmlichkeiten zu bleiben.   <\/p>\n\n\n\n<p class=\"has-m-font-size\" style=\"padding-left:2rem\">Der Campingplatz wird wegen seiner g\u00fcnstigen Lage gesch\u00e4tzt und ist f\u00fcr Familien, Radfahrer und Liebhaber von Wohnmobilen oder Zelten gleicherma\u00dfen attraktiv.  <\/p>\n\n\n\n<p class=\"has-m-font-size\" style=\"padding-left:2rem\">Die komfortablen Mobilheime bieten einen gem\u00fctlichen Raum zum Entspannen, w\u00e4hrend die Stellpl\u00e4tze f\u00fcr Zelte und Wohnmobile jedem einen flexiblen und ruhigen Aufenthalt erm\u00f6glichen.  <\/p>\n\n\n\n<p class=\"has-m-font-size\" style=\"padding-left:2rem\">Der Campingplatz liegt in der N\u00e4he des Canal du Midi und ist ein beliebter Zwischenstopp f\u00fcr Radfahrer, die zwischen Toulouse, Carcassonne und S\u00e8te unterwegs sind.  <\/p>\n\n\n\n<p class=\"has-m-font-size\" style=\"padding-left:2rem\">  In der Saison gibt es einige Animationen in der Snackbar, die die Urlauber dazu einladen, sich in einer entspannten und freundlichen Atmosph\u00e4re zu treffen.  <\/p>\n\n\n\n<p class=\"has-m-font-size\" style=\"padding-left:2rem\">Das Team ist immer verf\u00fcgbar, sorgt f\u00fcr das Wohlbefinden jedes Einzelnen und hat ein offenes Ohr f\u00fcr die kleinen Bed\u00fcrfnisse des Alltags.<\/p>\n\n\n\n<p class=\"has-link-color has-m-font-size wp-elements-dc978cbc7731e1db48f9769c440c77dd\" style=\"padding-left:2rem\">Unser <strong><a href=\"https:\/\/www.vap-camping.fr\/de\/\" data-type=\"page\" data-id=\"128\">Campingplatz in Toulouse<\/a><\/strong> ist der ideale Ausgangspunkt, um Toulouse und seine Umgebung zu erkunden und dabei die frische Luft zu genie\u00dfen.<\/p>\n\n\n\n<div class=\"wp-block-columns is-layout-flex wp-container-core-columns-is-layout-28f84493 wp-block-columns-is-layout-flex\">\n<div class=\"wp-block-column is-vertically-aligned-center is-layout-flow wp-block-column-is-layout-flow\" style=\"flex-basis:33.9%\">\n<figure class=\"wp-block-image aligncenter size-full is-resized\"><a href=\"https:\/\/qualite-tourisme-occitanie.fr\" target=\"_blank\" rel=\" noreferrer noopener\"><img alt=\"\" decoding=\"async\" width=\"1252\" height=\"413\" src=\"https:\/\/www.vap-camping.fr\/wp-content\/uploads\/2025\/04\/excosdf.jpg\" alt=\"\" class=\"wp-image-3970\" style=\"width:auto;height:150px\" srcset=\"https:\/\/www.vap-camping.fr\/wp-content\/uploads\/2025\/04\/excosdf.jpg 1252w, https:\/\/www.vap-camping.fr\/wp-content\/uploads\/2025\/04\/excosdf-600x198.jpg 600w, https:\/\/www.vap-camping.fr\/wp-content\/uploads\/2025\/04\/excosdf-1024x338.jpg 1024w, https:\/\/www.vap-camping.fr\/wp-content\/uploads\/2025\/04\/excosdf-768x253.jpg 768w\" sizes=\"(max-width: 1252px) 100vw, 1252px\" \/><\/a><\/figure>\n<\/div>\n\n\n\n<div class=\"wp-block-column is-vertically-aligned-center is-layout-flow wp-block-column-is-layout-flow\" style=\"flex-basis:20.55%\">\n<figure class=\"wp-block-image aligncenter size-full is-resized\"><img alt=\"\" decoding=\"async\" width=\"800\" height=\"668\" src=\"https:\/\/www.vap-camping.fr\/wp-content\/uploads\/2025\/04\/acsi_fc.webp\" alt=\"\" class=\"wp-image-4041\" style=\"width:150px;height:auto\" srcset=\"https:\/\/www.vap-camping.fr\/wp-content\/uploads\/2025\/04\/acsi_fc.webp 800w, https:\/\/www.vap-camping.fr\/wp-content\/uploads\/2025\/04\/acsi_fc-600x501.webp 600w, https:\/\/www.vap-camping.fr\/wp-content\/uploads\/2025\/04\/acsi_fc-768x641.webp 768w\" sizes=\"(max-width: 800px) 100vw, 800px\" \/><\/figure>\n<\/div>\n\n\n\n<div class=\"wp-block-column is-vertically-aligned-center is-layout-flow wp-block-column-is-layout-flow\" style=\"flex-basis:20.55%\">\n<figure class=\"wp-block-image aligncenter size-full\"><a href=\"https:\/\/www.culture.gouv.fr\/thematiques\/transition-ecologique\/Centre-de-ressources-Transition-ecologique-de-la-Culture\/Labels-normes\/label-accueil-velo\" target=\"_blank\" rel=\" noreferrer noopener\"><img alt=\"accueil-v\u00e9lo\" decoding=\"async\" width=\"2560\" height=\"2560\" src=\"https:\/\/www.vap-camping.fr\/wp-content\/uploads\/2025\/04\/accueil-velo-png-scaled.png\" alt=\"\" class=\"wp-image-3978\" srcset=\"https:\/\/www.vap-camping.fr\/wp-content\/uploads\/2025\/04\/accueil-velo-png-scaled.png 2560w, https:\/\/www.vap-camping.fr\/wp-content\/uploads\/2025\/04\/accueil-velo-png-600x600.png 600w, https:\/\/www.vap-camping.fr\/wp-content\/uploads\/2025\/04\/accueil-velo-png-1024x1024.png 1024w, https:\/\/www.vap-camping.fr\/wp-content\/uploads\/2025\/04\/accueil-velo-png-300x300.png 300w, https:\/\/www.vap-camping.fr\/wp-content\/uploads\/2025\/04\/accueil-velo-png-768x768.png 768w, https:\/\/www.vap-camping.fr\/wp-content\/uploads\/2025\/04\/accueil-velo-png-1536x1536.png 1536w, https:\/\/www.vap-camping.fr\/wp-content\/uploads\/2025\/04\/accueil-velo-png-2048x2048.png 2048w\" sizes=\"(max-width: 2560px) 100vw, 2560px\" \/><\/a><\/figure>\n<\/div>\n\n\n\n<div class=\"wp-block-column is-vertically-aligned-center is-layout-flow wp-block-column-is-layout-flow\" style=\"flex-basis:25%\">\n<figure class=\"wp-block-image size-large\"><a href=\"https:\/\/www.fredonoccitanie.com\/jevi\/charte-regionale-engage-pour-le-vegetal\/\" target=\"_blank\" rel=\" noreferrer noopener\"><img alt=\"\" decoding=\"async\" width=\"1024\" height=\"504\" src=\"https:\/\/www.vap-camping.fr\/wp-content\/uploads\/2025\/10\/image-56-1024x504.jpeg\" alt=\"\" class=\"wp-image-5837\" srcset=\"https:\/\/www.vap-camping.fr\/wp-content\/uploads\/2025\/10\/image-56-1024x504.jpeg 1024w, https:\/\/www.vap-camping.fr\/wp-content\/uploads\/2025\/10\/image-56-600x295.jpeg 600w, https:\/\/www.vap-camping.fr\/wp-content\/uploads\/2025\/10\/image-56-768x378.jpeg 768w, https:\/\/www.vap-camping.fr\/wp-content\/uploads\/2025\/10\/image-56-1536x756.jpeg 1536w, https:\/\/www.vap-camping.fr\/wp-content\/uploads\/2025\/10\/image-56-2048x1008.jpeg 2048w\" sizes=\"(max-width: 1024px) 100vw, 1024px\" \/><\/a><\/figure>\n<\/div>\n<\/div>\n<\/div>\n\n\n\n<div class=\"wp-block-column is-vertically-aligned-top wp-block-image alignright size-large has-custom-border camping-info-desc m-ti-text is-layout-flow wp-block-column-is-layout-flow\" style=\"flex-basis:40%\">\n<div class=\"wp-block-group animBase is-vertical is-content-justification-stretch is-layout-flex wp-container-core-group-is-layout-353c4f5a wp-block-group-is-layout-flex\">\n<div class=\"wp-block-group is-style-title-splash animItem is-layout-flow wp-block-group-is-layout-flow is-style-title-splash--2\" style=\"margin-bottom:4rem\">\n<p class=\"has-secondary-color has-text-color has-link-color has-secondary-font-family wp-elements-6e473b9e6cfe9d64b46efa9099f032bd\" style=\"font-size:clamp(3.195rem, 3.195rem + ((1vw - 0.2rem) * 4.346), 6.4rem);\">Allgemeine Informationen<\/p>\n<\/div>\n\n\n\n<div class=\"wp-block-group has-grey-background-color has-background animItem is-nowrap is-layout-flex wp-container-core-group-is-layout-f89dbd13 wp-block-group-is-layout-flex\" style=\"border-top-right-radius:40px;border-bottom-right-radius:40px;padding-top:2rem;padding-right:1rem;padding-bottom:2rem;padding-left:3rem\">\n<figure class=\"wp-block-image size-full\"><img decoding=\"async\" src=\"https:\/\/www.vap-camping.fr\/wp-content\/themes\/vap\/assets\/img\/svg\/calendar.svg\" alt=\"Campingpl\u00e4tze VAP\" class=\"wp-image-430\"\/><\/figure>\n\n\n<p style=\"font-style:normal;font-weight:500\">Das ganze Jahr \u00fcber ge\u00f6ffnet<\/p><\/div>\n\n\n\n<div class=\"wp-block-group animItem is-content-justification-left is-nowrap is-layout-flex wp-container-core-group-is-layout-82550dec wp-block-group-is-layout-flex\" style=\"padding-top:2rem;padding-right:1rem;padding-bottom:2rem;padding-left:3rem\">\n<figure class=\"wp-block-image size-full\"><img decoding=\"async\" src=\"https:\/\/www.vap-camping.fr\/wp-content\/themes\/vap\/assets\/img\/svg\/house-chimney-window.svg\" alt=\"Campingpl\u00e4tze VAP\" class=\"wp-image-433\"\/><\/figure>\n\n\n<p style=\"font-style:normal;font-weight:500\">57 Mietobjekte auf 4,5 ha<\/p><\/div>\n\n\n\n<div class=\"wp-block-group has-grey-background-color has-background animItem is-content-justification-left is-nowrap is-layout-flex wp-container-core-group-is-layout-82550dec wp-block-group-is-layout-flex\" style=\"border-top-right-radius:40px;border-bottom-right-radius:40px;padding-top:2rem;padding-right:1rem;padding-bottom:2rem;padding-left:3rem\">\n<figure class=\"wp-block-image size-full\"><img decoding=\"async\" src=\"https:\/\/www.vap-camping.fr\/wp-content\/themes\/vap\/assets\/img\/svg\/caravan-simple.svg\" alt=\"Campingpl\u00e4tze VAP\" class=\"wp-image-435\"\/><\/figure>\n\n\n<p style=\"font-style:normal;font-weight:500\">130 sowie ein Naturgebiet f\u00fcr Radfahrer und Camper zu Fu\u00df.<\/p><\/div>\n\n\n\n<div class=\"wp-block-group has-white-background-color has-background animItem is-nowrap is-layout-flex wp-container-core-group-is-layout-f89dbd13 wp-block-group-is-layout-flex\" style=\"border-top-right-radius:40px;border-bottom-right-radius:40px;padding-top:2rem;padding-right:1rem;padding-bottom:2rem;padding-left:3rem\">\n<figure class=\"wp-block-image size-full\"><img decoding=\"async\" src=\"https:\/\/www.vap-camping.fr\/wp-content\/themes\/vap\/assets\/img\/svg\/location-dot.svg\" alt=\"Campingpl\u00e4tze VAP\" class=\"wp-image-437\"\/><\/figure>\n\n\n<p style=\"font-style:normal;font-weight:500\">21 chemin pont de Rup\u00e9, 31200, Toulouse<\/p><\/div>\n\n\n\n<div class=\"wp-block-group has-grey-background-color has-background animItem is-nowrap is-layout-flex wp-container-core-group-is-layout-f89dbd13 wp-block-group-is-layout-flex\" style=\"border-top-right-radius:40px;border-bottom-right-radius:40px;padding-top:2rem;padding-right:1rem;padding-bottom:2rem;padding-left:3rem\">\n<figure class=\"wp-block-image size-full is-resized\"><img alt=\"\" decoding=\"async\" src=\"https:\/\/www.vap-camping.fr\/wp-content\/uploads\/2025\/07\/bookmark-regular.svg\" alt=\"\" class=\"wp-image-2202\" style=\"object-fit:contain;width:32px;height:32px\"\/><\/figure>\n\n\n\n<p class=\"has-secondary-color has-text-color has-link-color wp-elements-153a2ae5f4cf51709fb046b069e824ca\" style=\"font-style:normal;font-weight:500\"><a href=\"https:\/\/www.google.com\/maps\/dir\/\/21+Chem.+du+Pont+de+Rup%C3%A9,+31200+Toulouse\/@43.6561433,1.3745584,13z\/data=!4m8!4m7!1m0!1m5!1m1!1s0x12aea4efbe0a04f9:0x15fc908bac5a8a14!2m2!1d1.4157578!2d43.6560886?entry=ttu&amp;g_ep=EgoyMDI1MDUyMS4wIKXMDSoASAFQAw%3D%3D\" data-type=\"page\" data-id=\"226\" target=\"_blank\" rel=\"noreferrer noopener\">Route<\/a><\/p>\n<\/div>\n\n\n\n<div class=\"wp-block-group animItem is-content-justification-left is-nowrap is-layout-flex wp-container-core-group-is-layout-82550dec wp-block-group-is-layout-flex\" style=\"border-top-right-radius:40px;border-bottom-right-radius:40px;padding-top:2rem;padding-right:1rem;padding-bottom:2rem;padding-left:3rem\">\n<figure class=\"wp-block-image size-full\"><img decoding=\"async\" src=\"https:\/\/www.vap-camping.fr\/wp-content\/themes\/vap\/assets\/img\/svg\/phone.svg\" alt=\"Campingpl\u00e4tze VAP\" class=\"wp-image-439\"\/><\/figure>\n\n\n\n<a href=\"tel:0561700735\" target=\"_self\"><div class=\"wp-block-group has-global-padding is-layout-constrained wp-block-group-is-layout-constrained\">\n<p style=\"font-style:normal;font-weight:500\"><a href=\"tel:0561700735\">0561700735<\/a><\/p>\n<\/div><\/a>\n<\/div>\n\n\n\n<div class=\"wp-block-group has-grey-background-color has-background animItem is-content-justification-left is-nowrap is-layout-flex wp-container-core-group-is-layout-82550dec wp-block-group-is-layout-flex\" style=\"border-top-right-radius:40px;border-bottom-right-radius:40px;padding-top:2rem;padding-right:1rem;padding-bottom:2rem;padding-left:3rem\">\n<figure class=\"wp-block-image size-full\"><img decoding=\"async\" src=\"https:\/\/www.vap-camping.fr\/wp-content\/themes\/vap\/assets\/img\/svg\/envelope.svg\" alt=\"Campingpl\u00e4tze VAP\" class=\"wp-image-441\"\/><\/figure>\n\n\n\n<a href=\"mailto:mail@mail.com\" target=\"_self\"><div class=\"wp-block-group has-global-padding is-layout-constrained wp-block-group-is-layout-constrained\">\n<p style=\"font-style:normal;font-weight:500\"><a href=\"mailto:campinglerupe@orange.fr\">campinglerupe@orange.fr<\/a><\/p>\n<\/div><\/a>\n<\/div>\n\n\n\n<div class=\"wp-block-group animItem is-content-justification-space-between is-nowrap is-layout-flex wp-container-core-group-is-layout-866cca21 wp-block-group-is-layout-flex\" style=\"padding-top:2rem;padding-right:1rem;padding-bottom:2rem;padding-left:3rem\">\n<div class=\"wp-block-group is-content-justification-left is-nowrap is-layout-flex wp-container-core-group-is-layout-af23f760 wp-block-group-is-layout-flex\">\n<p style=\"font-style:normal;font-weight:500\">Leistungen vor Ort :<\/p>\n\n\n\n<figure class=\"wp-block-image size-full is-resized\"><img alt=\"Sanitaires PMR\" decoding=\"async\" src=\"https:\/\/www.vap-camping.fr\/wp-content\/uploads\/2025\/04\/wheelchair-solid.svg\" alt=\"\" class=\"wp-image-323\" style=\"width:23px\" title=\"PMR-Zugang\"\/><\/figure>\n\n\n\n<figure class=\"wp-block-image size-full is-resized\"><img decoding=\"async\" src=\"https:\/\/www.vap-camping.fr\/wp-content\/uploads\/2025\/04\/wifi-ico.svg\" alt=\"wifi\" class=\"wp-image-97\" style=\"width:23px\" title=\"Wifi\"\/><\/figure>\n\n\n\n<figure class=\"wp-block-image size-full is-resized\"><img decoding=\"async\" src=\"https:\/\/www.vap-camping.fr\/wp-content\/uploads\/2025\/04\/party-horn-ico.svg\" alt=\"Animation\" class=\"wp-image-95\" style=\"width:23px\" title=\"Animation\"\/><\/figure>\n\n\n\n<figure class=\"wp-block-image size-full is-resized\"><img decoding=\"async\" src=\"https:\/\/www.vap-camping.fr\/wp-content\/uploads\/2025\/04\/martini-glass.svg\" alt=\"Bar und Restaurant\" class=\"wp-image-98\" style=\"width:23px\" title=\"Bar &amp;amp; Restaurant\"\/><\/figure>\n\n\n\n<figure class=\"wp-block-image size-full is-resized\"><img decoding=\"async\" src=\"https:\/\/www.vap-camping.fr\/wp-content\/uploads\/2025\/04\/basket-shopping.svg\" alt=\"Lebensmittelgesch\u00e4ft\" class=\"wp-image-94\" style=\"width:23px\" title=\"Lebensmittelgesch\u00e4ft\"\/><\/figure>\n\n\n\n<figure class=\"wp-block-image size-full is-resized\"><img decoding=\"async\" src=\"https:\/\/www.vap-camping.fr\/wp-content\/uploads\/2025\/04\/dryer.svg\" alt=\"W\u00e4scherei\" class=\"wp-image-93\" style=\"width:23px\" title=\"Waschsalon\"\/><\/figure>\n\n\n\n<figure class=\"wp-block-image size-full is-resized\"><img decoding=\"async\" src=\"https:\/\/www.vap-camping.fr\/wp-content\/uploads\/2025\/04\/bicycle-solid.svg\" alt=\"Fahrradfreundlich\" class=\"wp-image-328\" style=\"width:23px\" title=\"Fahrradfreundlich\"\/><\/figure>\n\n\n\n<figure class=\"wp-block-image size-full is-resized\"><img decoding=\"async\" src=\"https:\/\/www.vap-camping.fr\/wp-content\/uploads\/2025\/07\/bolt-solid.svg\" alt=\"6 Ladestationen f\u00fcr Elektrofahrzeuge\" class=\"wp-image-2198\" style=\"width:23px\" title=\"6 Ladestationen f\u00fcr Elektrofahrzeuge\"\/><\/figure>\n<\/div>\n<\/div>\n\n\n\n<div class=\"wp-block-group has-grey-background-color has-background animItem is-content-justification-left is-nowrap is-layout-flex wp-container-core-group-is-layout-82550dec wp-block-group-is-layout-flex\" style=\"border-top-right-radius:40px;border-bottom-right-radius:40px;padding-top:2rem;padding-right:1rem;padding-bottom:2rem;padding-left:3rem\">\n<p style=\"font-style:normal;font-weight:500\">Folgen Sie uns :<\/p>\n\n\n\n<figure class=\"wp-block-image size-full\"><a href=\"https:\/\/www.facebook.com\/share\/16iHzfjbv4\/?mibextid=wwXIfr\"><img alt=\"\" decoding=\"async\" src=\"https:\/\/www.vap-camping.fr\/wp-content\/uploads\/2025\/05\/facebook.svg\" alt=\"\" class=\"wp-image-977\"\/><\/a><\/figure>\n\n\n\n<figure class=\"wp-block-image size-full\"><a href=\"https:\/\/www.instagram.com\/camping_le_rupe\/?igsh=NHJ4bHE1Z3A3cjZz\"><img alt=\"\" decoding=\"async\" src=\"https:\/\/www.vap-camping.fr\/wp-content\/uploads\/2025\/04\/Icon-insta.svg\" alt=\"\" class=\"wp-image-312\"\/><\/a><\/figure>\n\n\n\n<figure class=\"wp-block-image size-full\"><a href=\"https:\/\/www.youtube.com\/@vapcampingsetgite\"><img alt=\"\" decoding=\"async\" src=\"https:\/\/www.vap-camping.fr\/wp-content\/uploads\/2025\/04\/Icon-youtube.svg\" alt=\"\" class=\"wp-image-314\"\/><\/a><\/figure>\n<\/div>\n\n\n\n<div class=\"wp-block-group has-white-background-color has-background animItem is-vertical is-layout-flex wp-container-core-group-is-layout-5a70b6f9 wp-block-group-is-layout-flex\" style=\"border-top-right-radius:40px;border-bottom-right-radius:40px;padding-top:2rem;padding-right:1rem;padding-bottom:2rem;padding-left:3rem\">\n<p><strong>N\u00fctzliche Dokumente :<\/strong><\/p>\n\n\n\n<p class=\"has-secondary-color has-text-color has-link-color wp-elements-e38e237ef256cb3675874dcffd098ee9\" style=\"font-style:normal;font-weight:500\"><a href=\"https:\/\/www.vap-camping.fr\/wp-content\/uploads\/2025\/06\/camping-du-rupe_1_v6.pdf\" target=\"_blank\" rel=\"noreferrer noopener\">Plan des Campingplatzes<\/a><\/p>\n\n\n\n<p><a href=\"https:\/\/www.vap-camping.fr\/wp-content\/uploads\/2025\/09\/condition-de-vente-de-toulouse.pdf\" target=\"_blank\" rel=\"noreferrer noopener\">Allgemeine Gesch\u00e4ftsbedingungen<\/a><\/p>\n<\/div>\n<\/div>\n<\/div>\n<\/div>\n<\/div>\n\n\n\n<div class=\"wp-block-group has-global-padding is-layout-constrained wp-container-core-group-is-layout-8a400663 wp-block-group-is-layout-constrained\">\n<h2 class=\"wp-block-heading has-text-align-center\">Angebote und Sonderangebote des Campingplatzes Le Rup\u00e9 (Toulouse)<\/h2>\n\n\n\n<p class=\"has-text-align-center\">Entdecken Sie unsere aktuellen Angebote!<\/p>\n\n\n\n<script>\n    window.ctoutvert = {\n\t\tid: 716, \n\t\tlang: 'de', \n\t\turl: 'https:\/\/reservation.secureholiday.net\/widgets\/'\n    };\n    (function (w, d, s, ctv, r, js, fjs) {\n        r=new XMLHttpRequest();r.open('GET',w[ctv].url+'js\/src.json');\n        r.responseType='json';r.json=true;r.send();\n        r.onload=function(){w[ctv].src=r.responseType=='json'?r.response:JSON.parse(r.response);\n        js.src=w[ctv].src[0];fjs.parentNode.insertBefore(js, fjs);}\n        js=d.createElement(s),fjs=d.getElementsByTagName(s)[0];\n        js.id='ctvwidget';js.async=1;\n    }(window, document, 'script', 'ctoutvert'));\n<\/script>\n<style>.vap-w { display: block; max-width: 60%; }<\/style>\n<ctv-offers data-display-mode=\"carousel\" class=\"vap-w\"><\/ctv-offers>\n<\/div>\n\n\n\n<div class=\"wp-block-group reveal has-global-padding is-layout-constrained wp-block-group-is-layout-constrained\">\n<div class=\"wp-block-group alignwide is-style-title-simple fromTop is-layout-flow wp-block-group-is-layout-flow is-style-title-simple--3\" style=\"margin-top:4rem;margin-bottom:4rem\">\n<p class=\"has-text-align-center has-secondary-color has-text-color has-link-color has-secondary-font-family has-xl-font-size wp-elements-417a09004c2076f63ee15c99230330c4\">\n  Fotoarchiv<\/p>\n\n\n\n<p class=\"has-text-align-center has-primary-font-family has-sm-font-size\" style=\"text-transform:uppercase\">\n            <strong>Ihr Urlaub in Bildern<\/strong><\/p>\n<\/div>\n\n\n\n<div class=\"wp-block-group alignfull galery-wrapper is-layout-flow wp-block-group-is-layout-flow\">\n<div class=\"wp-block-group galery-row is-nowrap is-layout-flex wp-container-core-group-is-layout-6c531013 wp-block-group-is-layout-flex\">\n<figure data-wp-context=\"{&quot;imageId&quot;:&quot;69f2d8b651cba&quot;}\" data-wp-interactive=\"core\/image\" class=\"wp-block-image size-full wp-lightbox-container\"><img alt=\"\" decoding=\"async\" width=\"591\" height=\"600\" data-wp-class--hide=\"state.isContentHidden\" data-wp-class--show=\"state.isContentVisible\" data-wp-init=\"callbacks.setButtonStyles\" data-wp-on-async--click=\"actions.showLightbox\" data-wp-on-async--load=\"callbacks.setButtonStyles\" data-wp-on-async-window--resize=\"callbacks.setButtonStyles\" src=\"https:\/\/www.vap-camping.fr\/wp-content\/uploads\/2025\/04\/base-nautique-a-sesquieres.jpg\" alt=\"\" class=\"wp-image-542\"\/><button\n\t\t\tclass=\"lightbox-trigger\"\n\t\t\ttype=\"button\"\n\t\t\taria-haspopup=\"dialog\"\n\t\t\taria-label=\"Enlarge\"\n\t\t\tdata-wp-init=\"callbacks.initTriggerButton\"\n\t\t\tdata-wp-on-async--click=\"actions.showLightbox\"\n\t\t\tdata-wp-style--right=\"state.imageButtonRight\"\n\t\t\tdata-wp-style--top=\"state.imageButtonTop\"\n\t\t>\n\t\t\t<svg xmlns=\"http:\/\/www.w3.org\/2000\/svg\" width=\"12\" height=\"12\" fill=\"none\" viewBox=\"0 0 12 12\">\n\t\t\t\t<path fill=\"#fff\" d=\"M2 0a2 2 0 0 0-2 2v2h1.5V2a.5.5 0 0 1 .5-.5h2V0H2Zm2 10.5H2a.5.5 0 0 1-.5-.5V8H0v2a2 2 0 0 0 2 2h2v-1.5ZM8 12v-1.5h2a.5.5 0 0 0 .5-.5V8H12v2a2 2 0 0 1-2 2H8Zm2-12a2 2 0 0 1 2 2v2h-1.5V2a.5.5 0 0 0-.5-.5H8V0h2Z\" \/>\n\t\t\t<\/svg>\n\t\t<\/button><\/figure>\n\n\n\n<figure data-wp-context=\"{&quot;imageId&quot;:&quot;69f2d8b6528eb&quot;}\" data-wp-interactive=\"core\/image\" class=\"wp-block-image size-full wp-lightbox-container\"><img alt=\"\" decoding=\"async\" width=\"1024\" height=\"683\" data-wp-class--hide=\"state.isContentHidden\" data-wp-class--show=\"state.isContentVisible\" data-wp-init=\"callbacks.setButtonStyles\" data-wp-on-async--click=\"actions.showLightbox\" data-wp-on-async--load=\"callbacks.setButtonStyles\" data-wp-on-async-window--resize=\"callbacks.setButtonStyles\" src=\"https:\/\/www.vap-camping.fr\/wp-content\/uploads\/2025\/04\/camping-le-rupe-bloc-sanitaire.jpg\" alt=\"\" class=\"wp-image-544\" srcset=\"https:\/\/www.vap-camping.fr\/wp-content\/uploads\/2025\/04\/camping-le-rupe-bloc-sanitaire.jpg 1024w, https:\/\/www.vap-camping.fr\/wp-content\/uploads\/2025\/04\/camping-le-rupe-bloc-sanitaire-600x400.jpg 600w, https:\/\/www.vap-camping.fr\/wp-content\/uploads\/2025\/04\/camping-le-rupe-bloc-sanitaire-768x512.jpg 768w\" sizes=\"(max-width: 1024px) 100vw, 1024px\" \/><button\n\t\t\tclass=\"lightbox-trigger\"\n\t\t\ttype=\"button\"\n\t\t\taria-haspopup=\"dialog\"\n\t\t\taria-label=\"Enlarge\"\n\t\t\tdata-wp-init=\"callbacks.initTriggerButton\"\n\t\t\tdata-wp-on-async--click=\"actions.showLightbox\"\n\t\t\tdata-wp-style--right=\"state.imageButtonRight\"\n\t\t\tdata-wp-style--top=\"state.imageButtonTop\"\n\t\t>\n\t\t\t<svg xmlns=\"http:\/\/www.w3.org\/2000\/svg\" width=\"12\" height=\"12\" fill=\"none\" viewBox=\"0 0 12 12\">\n\t\t\t\t<path fill=\"#fff\" d=\"M2 0a2 2 0 0 0-2 2v2h1.5V2a.5.5 0 0 1 .5-.5h2V0H2Zm2 10.5H2a.5.5 0 0 1-.5-.5V8H0v2a2 2 0 0 0 2 2h2v-1.5ZM8 12v-1.5h2a.5.5 0 0 0 .5-.5V8H12v2a2 2 0 0 1-2 2H8Zm2-12a2 2 0 0 1 2 2v2h-1.5V2a.5.5 0 0 0-.5-.5H8V0h2Z\" \/>\n\t\t\t<\/svg>\n\t\t<\/button><\/figure>\n\n\n\n<figure data-wp-context=\"{&quot;imageId&quot;:&quot;69f2d8b653148&quot;}\" data-wp-interactive=\"core\/image\" class=\"wp-block-image size-full wp-lightbox-container\"><img alt=\"\" decoding=\"async\" width=\"800\" height=\"524\" data-wp-class--hide=\"state.isContentHidden\" data-wp-class--show=\"state.isContentVisible\" data-wp-init=\"callbacks.setButtonStyles\" data-wp-on-async--click=\"actions.showLightbox\" data-wp-on-async--load=\"callbacks.setButtonStyles\" data-wp-on-async-window--resize=\"callbacks.setButtonStyles\" src=\"https:\/\/www.vap-camping.fr\/wp-content\/uploads\/2025\/04\/canal-du-midi-toulouse.jpg\" alt=\"\" class=\"wp-image-546\" srcset=\"https:\/\/www.vap-camping.fr\/wp-content\/uploads\/2025\/04\/canal-du-midi-toulouse.jpg 800w, https:\/\/www.vap-camping.fr\/wp-content\/uploads\/2025\/04\/canal-du-midi-toulouse-600x393.jpg 600w, https:\/\/www.vap-camping.fr\/wp-content\/uploads\/2025\/04\/canal-du-midi-toulouse-768x503.jpg 768w\" sizes=\"(max-width: 800px) 100vw, 800px\" \/><button\n\t\t\tclass=\"lightbox-trigger\"\n\t\t\ttype=\"button\"\n\t\t\taria-haspopup=\"dialog\"\n\t\t\taria-label=\"Enlarge\"\n\t\t\tdata-wp-init=\"callbacks.initTriggerButton\"\n\t\t\tdata-wp-on-async--click=\"actions.showLightbox\"\n\t\t\tdata-wp-style--right=\"state.imageButtonRight\"\n\t\t\tdata-wp-style--top=\"state.imageButtonTop\"\n\t\t>\n\t\t\t<svg xmlns=\"http:\/\/www.w3.org\/2000\/svg\" width=\"12\" height=\"12\" fill=\"none\" viewBox=\"0 0 12 12\">\n\t\t\t\t<path fill=\"#fff\" d=\"M2 0a2 2 0 0 0-2 2v2h1.5V2a.5.5 0 0 1 .5-.5h2V0H2Zm2 10.5H2a.5.5 0 0 1-.5-.5V8H0v2a2 2 0 0 0 2 2h2v-1.5ZM8 12v-1.5h2a.5.5 0 0 0 .5-.5V8H12v2a2 2 0 0 1-2 2H8Zm2-12a2 2 0 0 1 2 2v2h-1.5V2a.5.5 0 0 0-.5-.5H8V0h2Z\" \/>\n\t\t\t<\/svg>\n\t\t<\/button><\/figure>\n\n\n\n<figure data-wp-context=\"{&quot;imageId&quot;:&quot;69f2d8b6538f6&quot;}\" data-wp-interactive=\"core\/image\" class=\"wp-block-image size-full wp-lightbox-container\"><img alt=\"\" decoding=\"async\" width=\"1024\" height=\"1024\" data-wp-class--hide=\"state.isContentHidden\" data-wp-class--show=\"state.isContentVisible\" data-wp-init=\"callbacks.setButtonStyles\" data-wp-on-async--click=\"actions.showLightbox\" data-wp-on-async--load=\"callbacks.setButtonStyles\" data-wp-on-async-window--resize=\"callbacks.setButtonStyles\" src=\"https:\/\/www.vap-camping.fr\/wp-content\/uploads\/2025\/04\/le-salon-de-grand-confort-3-chambres.jpg\" alt=\"\" class=\"wp-image-548\" srcset=\"https:\/\/www.vap-camping.fr\/wp-content\/uploads\/2025\/04\/le-salon-de-grand-confort-3-chambres.jpg 1024w, https:\/\/www.vap-camping.fr\/wp-content\/uploads\/2025\/04\/le-salon-de-grand-confort-3-chambres-600x600.jpg 600w, https:\/\/www.vap-camping.fr\/wp-content\/uploads\/2025\/04\/le-salon-de-grand-confort-3-chambres-300x300.jpg 300w, https:\/\/www.vap-camping.fr\/wp-content\/uploads\/2025\/04\/le-salon-de-grand-confort-3-chambres-768x768.jpg 768w\" sizes=\"(max-width: 1024px) 100vw, 1024px\" \/><button\n\t\t\tclass=\"lightbox-trigger\"\n\t\t\ttype=\"button\"\n\t\t\taria-haspopup=\"dialog\"\n\t\t\taria-label=\"Enlarge\"\n\t\t\tdata-wp-init=\"callbacks.initTriggerButton\"\n\t\t\tdata-wp-on-async--click=\"actions.showLightbox\"\n\t\t\tdata-wp-style--right=\"state.imageButtonRight\"\n\t\t\tdata-wp-style--top=\"state.imageButtonTop\"\n\t\t>\n\t\t\t<svg xmlns=\"http:\/\/www.w3.org\/2000\/svg\" width=\"12\" height=\"12\" fill=\"none\" viewBox=\"0 0 12 12\">\n\t\t\t\t<path fill=\"#fff\" d=\"M2 0a2 2 0 0 0-2 2v2h1.5V2a.5.5 0 0 1 .5-.5h2V0H2Zm2 10.5H2a.5.5 0 0 1-.5-.5V8H0v2a2 2 0 0 0 2 2h2v-1.5ZM8 12v-1.5h2a.5.5 0 0 0 .5-.5V8H12v2a2 2 0 0 1-2 2H8Zm2-12a2 2 0 0 1 2 2v2h-1.5V2a.5.5 0 0 0-.5-.5H8V0h2Z\" \/>\n\t\t\t<\/svg>\n\t\t<\/button><\/figure>\n<\/div>\n\n\n\n<div class=\"wp-block-group galery-row is-nowrap is-layout-flex wp-container-core-group-is-layout-6c531013 wp-block-group-is-layout-flex\">\n<figure data-wp-context=\"{&quot;imageId&quot;:&quot;69f2d8b6542bc&quot;}\" data-wp-interactive=\"core\/image\" class=\"wp-block-image size-full wp-lightbox-container\"><img alt=\"\" decoding=\"async\" width=\"972\" height=\"646\" data-wp-class--hide=\"state.isContentHidden\" data-wp-class--show=\"state.isContentVisible\" data-wp-init=\"callbacks.setButtonStyles\" data-wp-on-async--click=\"actions.showLightbox\" data-wp-on-async--load=\"callbacks.setButtonStyles\" data-wp-on-async-window--resize=\"callbacks.setButtonStyles\" src=\"https:\/\/www.vap-camping.fr\/wp-content\/uploads\/2025\/04\/vue-canal-du-midi.jpg\" alt=\"\" class=\"wp-image-550\" srcset=\"https:\/\/www.vap-camping.fr\/wp-content\/uploads\/2025\/04\/vue-canal-du-midi.jpg 972w, https:\/\/www.vap-camping.fr\/wp-content\/uploads\/2025\/04\/vue-canal-du-midi-600x399.jpg 600w, https:\/\/www.vap-camping.fr\/wp-content\/uploads\/2025\/04\/vue-canal-du-midi-768x510.jpg 768w\" sizes=\"(max-width: 972px) 100vw, 972px\" \/><button\n\t\t\tclass=\"lightbox-trigger\"\n\t\t\ttype=\"button\"\n\t\t\taria-haspopup=\"dialog\"\n\t\t\taria-label=\"Enlarge\"\n\t\t\tdata-wp-init=\"callbacks.initTriggerButton\"\n\t\t\tdata-wp-on-async--click=\"actions.showLightbox\"\n\t\t\tdata-wp-style--right=\"state.imageButtonRight\"\n\t\t\tdata-wp-style--top=\"state.imageButtonTop\"\n\t\t>\n\t\t\t<svg xmlns=\"http:\/\/www.w3.org\/2000\/svg\" width=\"12\" height=\"12\" fill=\"none\" viewBox=\"0 0 12 12\">\n\t\t\t\t<path fill=\"#fff\" d=\"M2 0a2 2 0 0 0-2 2v2h1.5V2a.5.5 0 0 1 .5-.5h2V0H2Zm2 10.5H2a.5.5 0 0 1-.5-.5V8H0v2a2 2 0 0 0 2 2h2v-1.5ZM8 12v-1.5h2a.5.5 0 0 0 .5-.5V8H12v2a2 2 0 0 1-2 2H8Zm2-12a2 2 0 0 1 2 2v2h-1.5V2a.5.5 0 0 0-.5-.5H8V0h2Z\" \/>\n\t\t\t<\/svg>\n\t\t<\/button><\/figure>\n\n\n\n<figure data-wp-context=\"{&quot;imageId&quot;:&quot;69f2d8b655051&quot;}\" data-wp-interactive=\"core\/image\" class=\"wp-block-image size-full wp-lightbox-container\"><img alt=\"p\u00e9tanque\" decoding=\"async\" width=\"800\" height=\"533\" data-wp-class--hide=\"state.isContentHidden\" data-wp-class--show=\"state.isContentVisible\" data-wp-init=\"callbacks.setButtonStyles\" data-wp-on-async--click=\"actions.showLightbox\" data-wp-on-async--load=\"callbacks.setButtonStyles\" data-wp-on-async-window--resize=\"callbacks.setButtonStyles\" src=\"https:\/\/www.vap-camping.fr\/wp-content\/uploads\/2025\/04\/terrain-de-petanque-camping-le-rupe.jpg\" alt=\"\" class=\"wp-image-552\" srcset=\"https:\/\/www.vap-camping.fr\/wp-content\/uploads\/2025\/04\/terrain-de-petanque-camping-le-rupe.jpg 800w, https:\/\/www.vap-camping.fr\/wp-content\/uploads\/2025\/04\/terrain-de-petanque-camping-le-rupe-600x400.jpg 600w, https:\/\/www.vap-camping.fr\/wp-content\/uploads\/2025\/04\/terrain-de-petanque-camping-le-rupe-768x512.jpg 768w\" sizes=\"(max-width: 800px) 100vw, 800px\" \/><button\n\t\t\tclass=\"lightbox-trigger\"\n\t\t\ttype=\"button\"\n\t\t\taria-haspopup=\"dialog\"\n\t\t\taria-label=\"Enlarge\"\n\t\t\tdata-wp-init=\"callbacks.initTriggerButton\"\n\t\t\tdata-wp-on-async--click=\"actions.showLightbox\"\n\t\t\tdata-wp-style--right=\"state.imageButtonRight\"\n\t\t\tdata-wp-style--top=\"state.imageButtonTop\"\n\t\t>\n\t\t\t<svg xmlns=\"http:\/\/www.w3.org\/2000\/svg\" width=\"12\" height=\"12\" fill=\"none\" viewBox=\"0 0 12 12\">\n\t\t\t\t<path fill=\"#fff\" d=\"M2 0a2 2 0 0 0-2 2v2h1.5V2a.5.5 0 0 1 .5-.5h2V0H2Zm2 10.5H2a.5.5 0 0 1-.5-.5V8H0v2a2 2 0 0 0 2 2h2v-1.5ZM8 12v-1.5h2a.5.5 0 0 0 .5-.5V8H12v2a2 2 0 0 1-2 2H8Zm2-12a2 2 0 0 1 2 2v2h-1.5V2a.5.5 0 0 0-.5-.5H8V0h2Z\" \/>\n\t\t\t<\/svg>\n\t\t<\/button><\/figure>\n\n\n\n<figure data-wp-context=\"{&quot;imageId&quot;:&quot;69f2d8b656a46&quot;}\" data-wp-interactive=\"core\/image\" class=\"wp-block-image size-full wp-lightbox-container\"><img alt=\"\" decoding=\"async\" width=\"1024\" height=\"1024\" data-wp-class--hide=\"state.isContentHidden\" data-wp-class--show=\"state.isContentVisible\" data-wp-init=\"callbacks.setButtonStyles\" data-wp-on-async--click=\"actions.showLightbox\" data-wp-on-async--load=\"callbacks.setButtonStyles\" data-wp-on-async-window--resize=\"callbacks.setButtonStyles\" src=\"https:\/\/www.vap-camping.fr\/wp-content\/uploads\/2025\/04\/salon-grand-confort.jpg\" alt=\"\" class=\"wp-image-554\" srcset=\"https:\/\/www.vap-camping.fr\/wp-content\/uploads\/2025\/04\/salon-grand-confort.jpg 1024w, https:\/\/www.vap-camping.fr\/wp-content\/uploads\/2025\/04\/salon-grand-confort-600x600.jpg 600w, https:\/\/www.vap-camping.fr\/wp-content\/uploads\/2025\/04\/salon-grand-confort-300x300.jpg 300w, https:\/\/www.vap-camping.fr\/wp-content\/uploads\/2025\/04\/salon-grand-confort-768x768.jpg 768w\" sizes=\"(max-width: 1024px) 100vw, 1024px\" \/><button\n\t\t\tclass=\"lightbox-trigger\"\n\t\t\ttype=\"button\"\n\t\t\taria-haspopup=\"dialog\"\n\t\t\taria-label=\"Enlarge\"\n\t\t\tdata-wp-init=\"callbacks.initTriggerButton\"\n\t\t\tdata-wp-on-async--click=\"actions.showLightbox\"\n\t\t\tdata-wp-style--right=\"state.imageButtonRight\"\n\t\t\tdata-wp-style--top=\"state.imageButtonTop\"\n\t\t>\n\t\t\t<svg xmlns=\"http:\/\/www.w3.org\/2000\/svg\" width=\"12\" height=\"12\" fill=\"none\" viewBox=\"0 0 12 12\">\n\t\t\t\t<path fill=\"#fff\" d=\"M2 0a2 2 0 0 0-2 2v2h1.5V2a.5.5 0 0 1 .5-.5h2V0H2Zm2 10.5H2a.5.5 0 0 1-.5-.5V8H0v2a2 2 0 0 0 2 2h2v-1.5ZM8 12v-1.5h2a.5.5 0 0 0 .5-.5V8H12v2a2 2 0 0 1-2 2H8Zm2-12a2 2 0 0 1 2 2v2h-1.5V2a.5.5 0 0 0-.5-.5H8V0h2Z\" \/>\n\t\t\t<\/svg>\n\t\t<\/button><\/figure>\n\n\n\n<figure data-wp-context=\"{&quot;imageId&quot;:&quot;69f2d8b65754c&quot;}\" data-wp-interactive=\"core\/image\" class=\"wp-block-image size-full wp-lightbox-container\"><img alt=\"\" decoding=\"async\" width=\"1024\" height=\"1024\" data-wp-class--hide=\"state.isContentHidden\" data-wp-class--show=\"state.isContentVisible\" data-wp-init=\"callbacks.setButtonStyles\" data-wp-on-async--click=\"actions.showLightbox\" data-wp-on-async--load=\"callbacks.setButtonStyles\" data-wp-on-async-window--resize=\"callbacks.setButtonStyles\" src=\"https:\/\/www.vap-camping.fr\/wp-content\/uploads\/2025\/04\/terrasse-grand-confort.jpg\" alt=\"\" class=\"wp-image-556\" srcset=\"https:\/\/www.vap-camping.fr\/wp-content\/uploads\/2025\/04\/terrasse-grand-confort.jpg 1024w, https:\/\/www.vap-camping.fr\/wp-content\/uploads\/2025\/04\/terrasse-grand-confort-600x600.jpg 600w, https:\/\/www.vap-camping.fr\/wp-content\/uploads\/2025\/04\/terrasse-grand-confort-300x300.jpg 300w, https:\/\/www.vap-camping.fr\/wp-content\/uploads\/2025\/04\/terrasse-grand-confort-768x768.jpg 768w\" sizes=\"(max-width: 1024px) 100vw, 1024px\" \/><button\n\t\t\tclass=\"lightbox-trigger\"\n\t\t\ttype=\"button\"\n\t\t\taria-haspopup=\"dialog\"\n\t\t\taria-label=\"Enlarge\"\n\t\t\tdata-wp-init=\"callbacks.initTriggerButton\"\n\t\t\tdata-wp-on-async--click=\"actions.showLightbox\"\n\t\t\tdata-wp-style--right=\"state.imageButtonRight\"\n\t\t\tdata-wp-style--top=\"state.imageButtonTop\"\n\t\t>\n\t\t\t<svg xmlns=\"http:\/\/www.w3.org\/2000\/svg\" width=\"12\" height=\"12\" fill=\"none\" viewBox=\"0 0 12 12\">\n\t\t\t\t<path fill=\"#fff\" d=\"M2 0a2 2 0 0 0-2 2v2h1.5V2a.5.5 0 0 1 .5-.5h2V0H2Zm2 10.5H2a.5.5 0 0 1-.5-.5V8H0v2a2 2 0 0 0 2 2h2v-1.5ZM8 12v-1.5h2a.5.5 0 0 0 .5-.5V8H12v2a2 2 0 0 1-2 2H8Zm2-12a2 2 0 0 1 2 2v2h-1.5V2a.5.5 0 0 0-.5-.5H8V0h2Z\" \/>\n\t\t\t<\/svg>\n\t\t<\/button><\/figure>\n<\/div>\n<\/div>\n<\/div>\n\n\n\n<div class=\"wp-block-group alignwide is-style-title-simple fromTop is-layout-flow wp-block-group-is-layout-flow is-style-title-simple--4\" style=\"margin-top:4rem;margin-bottom:4rem\">\n<p class=\"has-text-align-center has-secondary-color has-text-color has-link-color has-secondary-font-family has-xl-font-size wp-elements-328a18b7bcd7edbba6323f70147ce901\">Unterk\u00fcnfte<\/p>\n\n\n\n<p class=\"has-text-align-center has-primary-font-family has-sm-font-size\" style=\"text-transform:uppercase\"><strong>Komfort im Kontakt mit der Natur<\/strong><\/p>\n<\/div>\n\n\n\n<div style=\"background-image:url(&#039;https:\/\/www.vap-camping.fr\/wp-content\/uploads\/2025\/04\/vue-des-grands-conforts-scaled.jpg&#039;);background-size:cover;\" class=\"wp-block-group bg-img-part is-layout-flow wp-block-group-is-layout-flow has-background\">\n<div class=\"wp-block-columns alignfull is-layout-flex wp-container-core-columns-is-layout-28f84493 wp-block-columns-is-layout-flex\">\n<div class=\"wp-block-column is-vertically-aligned-top part-void is-style-default is-layout-flow wp-block-column-is-layout-flow\"><\/div>\n\n\n\n<div class=\"wp-block-column part-content is-layout-flow wp-block-column-is-layout-flow\" style=\"flex-basis:45%\">\n<div class=\"wp-block-group is-bg-rounded has-global-padding is-content-justification-right is-layout-constrained wp-container-core-group-is-layout-42ecb5a2 wp-block-group-is-layout-constrained\">\n<div class=\"wp-block-group alignfull is-style-title-flip has-global-padding is-content-justification-right is-layout-constrained wp-container-core-group-is-layout-f1f2ed93 wp-block-group-is-layout-constrained is-style-title-flip--5\">\n<p class=\"has-text-align-right has-secondary-font-family has-xl-font-size\">Vermietungen<\/p>\n\n\n\n<p class=\"has-text-align-right has-sm-font-size\" style=\"text-transform:uppercase\"><strong>und Standorte<\/strong><\/p>\n\n\n\n<h1 class=\"wp-block-heading has-text-align-right text-title\"><strong>Komfortable Unterk\u00fcnfte und ger\u00e4umige Stellpl\u00e4tze f\u00fcr alle: Familien, Radfahrer und Wohnmobilisten.<\/strong><\/h1>\n\n\n\n<p class=\"has-link-color wp-elements-f849ccb74e98156f2c7e0866696913f3\">Unser <strong><a href=\"https:\/\/www.vap-camping.fr\/de\/camping-pas-cher-toulouse\/\" data-type=\"page\" data-id=\"2332\">Campingplatz in Toulouse<\/a><\/strong> bietet Ihnen Mobilheime mit 3 Schlafzimmern und allem Komfort, ideal f\u00fcr Familien oder kleine Gruppen, mit allem, was Sie brauchen, um sich wie zu Hause zu f\u00fchlen. Diese Unterk\u00fcnfte bieten einen gem\u00fctlichen und funktionellen Raum, ideal zum Entspannen nach einer Radtour oder einem Stadtbummel. <\/p>\n\n\n\n<p>Es gibt auch ger\u00e4umige Stellpl\u00e4tze f\u00fcr Zelte, Wohnwagen und Wohnmobile, mit Stromanschluss. Es gibt einen speziellen Bereich f\u00fcr Radfahrer und Wandercamper, ideal f\u00fcr Sportler und Abenteurer auf dem Canal du Midi. <\/p>\n\n\n\n<p class=\"has-link-color wp-elements-a9b5069d694785e9e2b2fa9b5bf61c48\">Der Campingplatz ist auch f\u00fcr Personen mit eingeschr\u00e4nkter Mobilit\u00e4t zug\u00e4nglich: einige Stellpl\u00e4tze befinden sich in der N\u00e4he von behindertengerechten Sanit\u00e4ranlagen und Hunde, die Personen mit Behinderungen begleiten, sind kostenlos erlaubt.<\/p>\n<\/div>\n\n\n\n<div class=\"wp-block-buttons is-content-justification-right is-layout-flex wp-container-core-buttons-is-layout-d445cf74 wp-block-buttons-is-layout-flex\">\n<div class=\"wp-block-button button is-style-fill\"><a class=\"wp-block-button__link wp-element-button\" href=\"#holidays\" style=\"padding-top:0px;padding-right:0px;padding-bottom:0px;padding-left:0px\">Entdecken Sie<\/a><\/div>\n<\/div>\n<\/div>\n<\/div>\n<\/div>\n<\/div>\n\n\n\n<div id=\"holidays\" class=\"wp-block-group fromTop has-global-padding is-layout-constrained wp-container-core-group-is-layout-8a400663 wp-block-group-is-layout-constrained\">\n<script>\n    window.ctoutvert = {\n\t\tid: 16800, \n\t\tlang: 'de', \n\t\turl: 'https:\/\/reservation.secureholiday.net\/widgets\/'\n    };\n    (function (w, d, s, ctv, r, js, fjs) {\n        r=new XMLHttpRequest();r.open('GET',w[ctv].url+'js\/src.json');\n        r.responseType='json';r.json=true;r.send();\n        r.onload=function(){w[ctv].src=r.responseType=='json'?r.response:JSON.parse(r.response);\n        js.src=w[ctv].src[0];fjs.parentNode.insertBefore(js, fjs);}\n        js=d.createElement(s),fjs=d.getElementsByTagName(s)[0];\n        js.id='ctvwidget';js.async=1;\n    }(window, document, 'script', 'ctoutvert'));\n<\/script>\n<ctv-availability data-background-color=\"#FFFFFF00\"><\/ctv-availability>\n<\/div>\n\n\n\n<div class=\"wp-block-group rightLeft has-global-padding is-layout-constrained wp-block-group-is-layout-constrained\">\n<div class=\"wp-block-columns alignfull are-vertically-aligned-center m-ti is-layout-flex wp-container-core-columns-is-layout-0c0b91ec wp-block-columns-is-layout-flex\">\n<div class=\"wp-block-column is-vertically-aligned-center m-ti-text is-layout-flow wp-container-core-column-is-layout-58dbe9e9 wp-block-column-is-layout-flow\" style=\"padding-left:10rem;flex-basis:40%\">\n<div class=\"wp-block-group is-style-title-left is-layout-flow wp-block-group-is-layout-flow is-style-title-left--6\">\n<p class=\"has-secondary-color has-text-color has-link-color has-secondary-font-family has-xl-font-size wp-elements-2445612064104345f38bfc08ed55b018\">Was tun<\/p>\n\n\n\n<p class=\"has-primary-color has-text-color has-link-color has-primary-font-family has-sm-font-size wp-elements-403159bb8a5b040e0d001b8ffcb9309f\" style=\"text-transform:uppercase\"><strong>in der N\u00e4he <\/strong><\/p>\n<\/div>\n\n\n\n<h2 class=\"wp-block-heading text-title\">Genie\u00dfen Sie einen lebhaften Aufenthalt mit vielen Aktivit\u00e4ten in der N\u00e4he und in der Umgebung unseres Campingplatzes!<\/h2>\n\n\n\n<p class=\"has-m-font-size\" style=\"padding-left:2rem\">Lust auf Sensationen und Freizeit?<br>Nutzen Sie den WAM Park &#8211; Base de Loisirs Sesqui\u00e8res, ein Partner des Campingplatzes, f\u00fcr Wakeboarding, Paddle, aufblasbare Parcours auf dem Wasser oder entspannen Sie sich einfach am See.  <\/p>\n\n\n\n<p class=\"has-m-font-size\" style=\"padding-left:2rem\">Lust auf Radfahren?<br>Radfahrer werden begeistert sein! Folgen Sie dem Canal du Midi f\u00fcr gem\u00fctliche Spazierg\u00e4nge oder sportliche Ausfl\u00fcge, ideal, um Toulouse und seine Umgebung auf zwei R\u00e4dern zu erkunden.  <\/p>\n\n\n\n<p class=\"has-m-font-size\" style=\"padding-left:2rem\">Lust auf Kultur und Entdeckungen?<br>Das Aeroscopia Museum und die Grands Machines werden Jung und Alt mit ihren Flugzeugen, Simulatoren und interaktiven Ausstellungen faszinieren.  <\/p>\n\n\n\n<p class=\"has-m-font-size\" style=\"padding-left:2rem\">Lust auf Ruhe und Natur?<br>Der Japanische Garten in Compans-Caffarelli ist perfekt f\u00fcr einen Zen-Spaziergang mit der Familie oder mit Freunden. Die Parks der Stadt bieten ebenfalls Raum zum Entspannen und Picknicken.  <\/p>\n\n\n\n<p class=\"has-m-font-size\" style=\"padding-left:2rem\">Und das ist noch nicht alles! In Toulouse und Umgebung warten noch viele andere Aktivit\u00e4ten auf Sie, um Ihren Aufenthalt abzurunden. <\/p>\n<\/div>\n\n\n\n<div class=\"wp-block-column is-vertically-aligned-center wp-block-image alignright size-large has-custom-border is-style-travel m-ti-image is-layout-flow wp-block-column-is-layout-flow is-style-travel--7\" style=\"flex-basis:60%\">\n<figure class=\"wp-block-image alignright size-full\"><img decoding=\"async\" width=\"1200\" height=\"900\" src=\"https:\/\/www.vap-camping.fr\/wp-content\/uploads\/2025\/05\/photo-halle-de-la-machine.jpg\" alt=\"Maschinenhalle\" class=\"wp-image-1763\" srcset=\"https:\/\/www.vap-camping.fr\/wp-content\/uploads\/2025\/05\/photo-halle-de-la-machine.jpg 1200w, https:\/\/www.vap-camping.fr\/wp-content\/uploads\/2025\/05\/photo-halle-de-la-machine-600x450.jpg 600w, https:\/\/www.vap-camping.fr\/wp-content\/uploads\/2025\/05\/photo-halle-de-la-machine-1024x768.jpg 1024w, https:\/\/www.vap-camping.fr\/wp-content\/uploads\/2025\/05\/photo-halle-de-la-machine-768x576.jpg 768w\" sizes=\"(max-width: 1200px) 100vw, 1200px\" \/><\/figure>\n<\/div>\n<\/div>\n<\/div>\n\n\n\n<div class=\"wp-block-group leftRight has-global-padding is-layout-constrained wp-block-group-is-layout-constrained\">\n<div class=\"wp-block-columns alignfull are-vertically-aligned-center m-ti is-layout-flex wp-container-core-columns-is-layout-0c0b91ec wp-block-columns-is-layout-flex\">\n<div class=\"wp-block-column is-vertically-aligned-center wp-block-image alignright size-large has-custom-border is-style-simple-left m-ti-image is-layout-flow wp-block-column-is-layout-flow is-style-simple-left--8\" style=\"flex-basis:60%\">\n<figure class=\"wp-block-image alignleft size-full\"><img decoding=\"async\" width=\"1920\" height=\"1078\" src=\"https:\/\/www.vap-camping.fr\/wp-content\/uploads\/2025\/07\/canal-du-midi-haute-garonne.webp\" alt=\"Bootsfahrt auf dem Canal du Midi in der N\u00e4he des Campingplatzes in Toulouse.\" class=\"wp-image-2392\" srcset=\"https:\/\/www.vap-camping.fr\/wp-content\/uploads\/2025\/07\/canal-du-midi-haute-garonne.webp 1920w, https:\/\/www.vap-camping.fr\/wp-content\/uploads\/2025\/07\/canal-du-midi-haute-garonne-600x337.webp 600w, https:\/\/www.vap-camping.fr\/wp-content\/uploads\/2025\/07\/canal-du-midi-haute-garonne-1024x575.webp 1024w, https:\/\/www.vap-camping.fr\/wp-content\/uploads\/2025\/07\/canal-du-midi-haute-garonne-768x431.webp 768w, https:\/\/www.vap-camping.fr\/wp-content\/uploads\/2025\/07\/canal-du-midi-haute-garonne-1536x862.webp 1536w\" sizes=\"(max-width: 1920px) 100vw, 1920px\" \/><\/figure>\n<\/div>\n\n\n\n<div class=\"wp-block-column is-vertically-aligned-center m-ti-text is-layout-flow wp-container-core-column-is-layout-58dbe9e9 wp-block-column-is-layout-flow\" style=\"padding-left:10rem;flex-basis:60%\">\n<div class=\"wp-block-group is-style-title-left is-layout-flow wp-block-group-is-layout-flow is-style-title-left--9\">\n<p class=\"has-secondary-color has-text-color has-link-color has-secondary-font-family has-xl-font-size wp-elements-c3be1823d9b68db45749e2348b06eb06\">Unsere Dienstleistungen<\/p>\n\n\n\n<p class=\"has-primary-color has-text-color has-link-color has-primary-font-family has-sm-font-size wp-elements-4ee9bb544f3f1fe16dc68b88813f2df4\" style=\"text-transform:uppercase\"><strong>F\u00fcr Ihren Komfort  <\/strong><\/p>\n<\/div>\n\n\n\n<h1 class=\"wp-block-heading text-title\"><strong>Alles ist f\u00fcr einen praktischen, geselligen und komfortablen Aufenthalt vorgesehen!<\/strong><\/h1>\n\n\n\n<p class=\"has-m-font-size\" style=\"padding-left:2rem\">Kostenloses Wi-Fi, Gesellschaftsspiele, Tischtennis und Bouleplatz f\u00fcr Gro\u00df und Klein.<br>Die Snackbar bietet leckere Gerichte und im Sommer sorgen Karaoke-Abende, Nachtm\u00e4rkte und Animationen f\u00fcr Abwechslung.<br>An der Rezeption gibt es einen kleinen Lebensmittelladen mit Produkten des t\u00e4glichen Bedarfs und lokalen Spezialit\u00e4ten.<br>Radfahrern steht ein gesicherter Bereich mit Fahrradraum, Unterstand zum Aufw\u00e4rmen von Speisen und K\u00fchlschrank zur Verf\u00fcgung, ideal, um den Canal du Midi oder Toulouse mit dem Fahrrad zu erkunden.<br>Sanit\u00e4ranlagen f\u00fcr Behinderte, Waschsalon, Stroms\u00e4ule, Verleih von Bettw\u00e4sche und Handt\u00fcchern und Babysets vervollst\u00e4ndigen die Dienstleistungen f\u00fcr einen komfortablen und sorgenfreien Aufenthalt. Alles ist so konzipiert, dass Sie Ihren Aufenthalt in aller Ruhe und Einfachheit genie\u00dfen k\u00f6nnen. <\/p>\n<\/div>\n<\/div>\n\n\n\n<div class=\"wp-block-columns alignfull are-vertically-aligned-center m-ti is-layout-flex wp-container-core-columns-is-layout-0c0b91ec wp-block-columns-is-layout-flex\">\n<div class=\"wp-block-column is-vertically-aligned-center m-ti-text is-layout-flow wp-container-core-column-is-layout-58dbe9e9 wp-block-column-is-layout-flow\" style=\"padding-left:10rem;flex-basis:40%\">\n<div class=\"wp-block-group is-style-title-left is-layout-flow wp-block-group-is-layout-flow is-style-title-left--10\">\n<p class=\"has-secondary-color has-text-color has-link-color has-secondary-font-family has-xl-font-size wp-elements-debe83a7ff595fd26ddb9a5d6786adfa\"> Restaurant <\/p>\n\n\n\n<p class=\"has-primary-color has-text-color has-link-color has-primary-font-family has-sm-font-size wp-elements-78e7a27c42157070dc8236b555834a8a\" style=\"text-transform:uppercase\"><strong><strong>Snack<\/strong><\/strong><\/p>\n<\/div>\n\n\n\n<h2 class=\"wp-block-heading text-title\"><strong><strong>Wir bieten Ihnen einfache, schmackhafte Gerichte, die in einem guten Geist zubereitet werden.<\/strong><\/strong><\/h2>\n\n\n\n<p class=\"has-m-font-size\" style=\"padding-left:2rem\">Die Snackbar des Campingplatzes ist in der Saison ge\u00f6ffnet und ist der ideale Ort, um sich zu entspannen und einen geselligen Moment zu verbringen.  <\/p>\n\n\n\n<p class=\"has-m-font-size\" style=\"padding-left:2rem\">Die Snackbar befindet sich in der N\u00e4he der Animationen und des Spielplatzes und erm\u00f6glicht es den Eltern, eine Mahlzeit oder eine Kaffeepause zu genie\u00dfen, w\u00e4hrend die Kinder sich in aller Sicherheit am\u00fcsieren.<\/p>\n\n\n\n<p class=\"has-m-font-size\" style=\"padding-left:2rem\">  Im Sommer finden Karaoke-Abende und Nachtm\u00e4rkte statt, die das Leben auf dem Campingplatz bestimmen und f\u00fcr unvergessliche Momente sorgen.<\/p>\n\n\n\n<p class=\"has-m-font-size\" style=\"padding-left:2rem\">Ob f\u00fcr eine Gourmet-Pause, ein schnelles Mittagessen oder einen gem\u00fctlichen Moment auf der Terrasse, unser Imbiss empf\u00e4ngt Sie in einer herzlichen und famili\u00e4ren Atmosph\u00e4re.<\/p>\n<\/div>\n\n\n\n<div class=\"wp-block-column is-vertically-aligned-center wp-block-image alignright size-large has-custom-border m-ti-image is-style-simple-right is-layout-flow wp-block-column-is-layout-flow is-style-simple-right--11\" style=\"flex-basis:60%\">\n<figure class=\"wp-block-image alignright size-full\"><img alt=\"ap\u00e9ro\" decoding=\"async\" width=\"2560\" height=\"1707\" src=\"https:\/\/www.vap-camping.fr\/wp-content\/uploads\/2025\/05\/AdobeStock_693006007-scaled.jpeg\" alt=\"\" class=\"wp-image-1217\" srcset=\"https:\/\/www.vap-camping.fr\/wp-content\/uploads\/2025\/05\/AdobeStock_693006007-scaled.jpeg 2560w, https:\/\/www.vap-camping.fr\/wp-content\/uploads\/2025\/05\/AdobeStock_693006007-600x400.jpeg 600w, https:\/\/www.vap-camping.fr\/wp-content\/uploads\/2025\/05\/AdobeStock_693006007-1024x683.jpeg 1024w, https:\/\/www.vap-camping.fr\/wp-content\/uploads\/2025\/05\/AdobeStock_693006007-768x512.jpeg 768w, https:\/\/www.vap-camping.fr\/wp-content\/uploads\/2025\/05\/AdobeStock_693006007-1536x1024.jpeg 1536w, https:\/\/www.vap-camping.fr\/wp-content\/uploads\/2025\/05\/AdobeStock_693006007-2048x1365.jpeg 2048w\" sizes=\"(max-width: 2560px) 100vw, 2560px\" \/><\/figure>\n<\/div>\n<\/div>\n<\/div>\n\n\n\n<div class=\"wp-block-group fromTop has-global-padding is-layout-constrained wp-block-group-is-layout-constrained\">\n<div class=\"wp-block-group alignwide is-style-title-simple is-layout-flow wp-block-group-is-layout-flow is-style-title-simple--12\" style=\"margin-top:4rem;margin-bottom:4rem\">\n<p class=\"has-text-align-center has-secondary-color has-text-color has-link-color has-secondary-font-family has-xl-font-size wp-elements-25e0177d982a075a6790d2cd94665046\">Besichtigungen &amp; Entdeckungen<\/p>\n\n\n\n<p class=\"has-text-align-center has-primary-font-family has-sm-font-size\" style=\"text-transform:uppercase\"><strong>in der N\u00e4he des Campingplatzes<\/strong><\/p>\n<\/div>\n\n\n\n    <div class=\"journey-wrapper is-layout-flow wp-block-slider-taxo-is-layout-flow\">\n        <div class=\"journey-slides\">\n                            <div class=\"journey-slide\">\n                    <a href=\"https:\/\/www.vap-camping.fr\/de\/lieux\/jardin-japonais-de-toulouse\/\" class=\"journey\" title=\"Japanischer Garten in Toulouse\">\n                        <img decoding=\"async\" width=\"2560\" height=\"1707\" src=\"https:\/\/www.vap-camping.fr\/wp-content\/uploads\/2025\/05\/AdobeStock_219540266-scaled.jpeg\" class=\"attachment-6723 size-6723 wp-post-image\" alt=\"\" large=\"\" srcset=\"https:\/\/www.vap-camping.fr\/wp-content\/uploads\/2025\/05\/AdobeStock_219540266-scaled.jpeg 2560w, https:\/\/www.vap-camping.fr\/wp-content\/uploads\/2025\/05\/AdobeStock_219540266-600x400.jpeg 600w, https:\/\/www.vap-camping.fr\/wp-content\/uploads\/2025\/05\/AdobeStock_219540266-1024x683.jpeg 1024w, https:\/\/www.vap-camping.fr\/wp-content\/uploads\/2025\/05\/AdobeStock_219540266-768x512.jpeg 768w, https:\/\/www.vap-camping.fr\/wp-content\/uploads\/2025\/05\/AdobeStock_219540266-1536x1024.jpeg 1536w, https:\/\/www.vap-camping.fr\/wp-content\/uploads\/2025\/05\/AdobeStock_219540266-2048x1365.jpeg 2048w\" sizes=\"(max-width: 2560px) 100vw, 2560px\" \/>                        <p class=\"j-title\">\n                            Japanischer Garten in Toulouse                        <\/p>\n                        <p class=\"j-more\">\n                            Entdecken                        <\/p>\n                    <\/a>\n                <\/div>\n\n                            <div class=\"journey-slide\">\n                    <a href=\"https:\/\/www.vap-camping.fr\/de\/lieux\/escape-game-de-toulouse\/\" class=\"journey\" title=\"Escape game Enigma in Toulouse\">\n                        <img decoding=\"async\" width=\"2560\" height=\"1440\" src=\"https:\/\/www.vap-camping.fr\/wp-content\/uploads\/2025\/05\/AdobeStock_217196168-scaled.jpeg\" class=\"attachment-6729 size-6729 wp-post-image\" alt=\"\" large=\"\" srcset=\"https:\/\/www.vap-camping.fr\/wp-content\/uploads\/2025\/05\/AdobeStock_217196168-scaled.jpeg 2560w, https:\/\/www.vap-camping.fr\/wp-content\/uploads\/2025\/05\/AdobeStock_217196168-600x338.jpeg 600w, https:\/\/www.vap-camping.fr\/wp-content\/uploads\/2025\/05\/AdobeStock_217196168-1024x576.jpeg 1024w, https:\/\/www.vap-camping.fr\/wp-content\/uploads\/2025\/05\/AdobeStock_217196168-768x432.jpeg 768w, https:\/\/www.vap-camping.fr\/wp-content\/uploads\/2025\/05\/AdobeStock_217196168-1536x864.jpeg 1536w, https:\/\/www.vap-camping.fr\/wp-content\/uploads\/2025\/05\/AdobeStock_217196168-2048x1152.jpeg 2048w\" sizes=\"(max-width: 2560px) 100vw, 2560px\" \/>                        <p class=\"j-title\">\n                            Escape game Enigma in Toulouse                        <\/p>\n                        <p class=\"j-more\">\n                            Entdecken                        <\/p>\n                    <\/a>\n                <\/div>\n\n                            <div class=\"journey-slide\">\n                    <a href=\"https:\/\/www.vap-camping.fr\/de\/lieux\/camping-toulouse\/\" class=\"journey\" title=\"Toulouse\">\n                        <img decoding=\"async\" width=\"2000\" height=\"1334\" src=\"https:\/\/www.vap-camping.fr\/wp-content\/uploads\/2025\/05\/placeholder.jpg\" class=\"attachment-2657 size-2657 wp-post-image\" alt=\"\" large=\"\" srcset=\"https:\/\/www.vap-camping.fr\/wp-content\/uploads\/2025\/05\/placeholder.jpg 2000w, https:\/\/www.vap-camping.fr\/wp-content\/uploads\/2025\/05\/placeholder-600x400.jpg 600w, https:\/\/www.vap-camping.fr\/wp-content\/uploads\/2025\/05\/placeholder-1024x683.jpg 1024w, https:\/\/www.vap-camping.fr\/wp-content\/uploads\/2025\/05\/placeholder-768x512.jpg 768w, https:\/\/www.vap-camping.fr\/wp-content\/uploads\/2025\/05\/placeholder-1536x1025.jpg 1536w\" sizes=\"(max-width: 2000px) 100vw, 2000px\" \/>                        <p class=\"j-title\">\n                            Toulouse                        <\/p>\n                        <p class=\"j-more\">\n                            Entdecken                        <\/p>\n                    <\/a>\n                <\/div>\n\n                            <div class=\"journey-slide\">\n                    <a href=\"https:\/\/www.vap-camping.fr\/de\/lieux\/africa-safari\/\" class=\"journey\" title=\"Africa Safari\">\n                        <img decoding=\"async\" width=\"2560\" height=\"1463\" src=\"https:\/\/www.vap-camping.fr\/wp-content\/uploads\/2025\/05\/AdobeStock_1244397702-scaled.jpeg\" class=\"attachment-3164 size-3164 wp-post-image\" alt=\"\" large=\"\" srcset=\"https:\/\/www.vap-camping.fr\/wp-content\/uploads\/2025\/05\/AdobeStock_1244397702-scaled.jpeg 2560w, https:\/\/www.vap-camping.fr\/wp-content\/uploads\/2025\/05\/AdobeStock_1244397702-600x343.jpeg 600w, https:\/\/www.vap-camping.fr\/wp-content\/uploads\/2025\/05\/AdobeStock_1244397702-1024x585.jpeg 1024w, https:\/\/www.vap-camping.fr\/wp-content\/uploads\/2025\/05\/AdobeStock_1244397702-768x439.jpeg 768w, https:\/\/www.vap-camping.fr\/wp-content\/uploads\/2025\/05\/AdobeStock_1244397702-1536x878.jpeg 1536w, https:\/\/www.vap-camping.fr\/wp-content\/uploads\/2025\/05\/AdobeStock_1244397702-2048x1170.jpeg 2048w\" sizes=\"(max-width: 2560px) 100vw, 2560px\" \/>                        <p class=\"j-title\">\n                            Africa Safari                        <\/p>\n                        <p class=\"j-more\">\n                            Entdecken                        <\/p>\n                    <\/a>\n                <\/div>\n\n                            <div class=\"journey-slide\">\n                    <a href=\"https:\/\/www.vap-camping.fr\/de\/lieux\/cite-despace-toulouse\/\" class=\"journey\" title=\"Cit\u00e9 de l&#8217;espace Toulouse\">\n                        <img decoding=\"async\" width=\"860\" height=\"650\" src=\"https:\/\/www.vap-camping.fr\/wp-content\/uploads\/2025\/05\/image-12.jpeg\" class=\"attachment-2837 size-2837 wp-post-image\" alt=\"Cit\u00e9 de l&#039;espace\" large=\"\" srcset=\"https:\/\/www.vap-camping.fr\/wp-content\/uploads\/2025\/05\/image-12.jpeg 860w, https:\/\/www.vap-camping.fr\/wp-content\/uploads\/2025\/05\/image-12-600x453.jpeg 600w, https:\/\/www.vap-camping.fr\/wp-content\/uploads\/2025\/05\/image-12-768x580.jpeg 768w\" sizes=\"(max-width: 860px) 100vw, 860px\" \/>                        <p class=\"j-title\">\n                            Cit\u00e9 de l&#8217;espace Toulouse                        <\/p>\n                        <p class=\"j-more\">\n                            Entdecken                        <\/p>\n                    <\/a>\n                <\/div>\n\n                            <div class=\"journey-slide\">\n                    <a href=\"https:\/\/www.vap-camping.fr\/de\/lieux\/envol-des-pionniers\/\" class=\"journey\" title=\"Flug der Pioniere\">\n                        <img decoding=\"async\" width=\"800\" height=\"524\" src=\"https:\/\/www.vap-camping.fr\/wp-content\/uploads\/2025\/04\/canal-du-midi-toulouse.jpg\" class=\"attachment-2816 size-2816 wp-post-image\" alt=\"\" large=\"\" srcset=\"https:\/\/www.vap-camping.fr\/wp-content\/uploads\/2025\/04\/canal-du-midi-toulouse.jpg 800w, https:\/\/www.vap-camping.fr\/wp-content\/uploads\/2025\/04\/canal-du-midi-toulouse-600x393.jpg 600w, https:\/\/www.vap-camping.fr\/wp-content\/uploads\/2025\/04\/canal-du-midi-toulouse-768x503.jpg 768w\" sizes=\"(max-width: 800px) 100vw, 800px\" \/>                        <p class=\"j-title\">\n                            Flug der Pioniere                        <\/p>\n                        <p class=\"j-more\">\n                            Entdecken                        <\/p>\n                    <\/a>\n                <\/div>\n\n                            <div class=\"journey-slide\">\n                    <a href=\"https:\/\/www.vap-camping.fr\/de\/lieux\/la-halle-de-la-machine\/\" class=\"journey\" title=\"Die Maschinenhalle\">\n                        <img decoding=\"async\" width=\"1200\" height=\"900\" src=\"https:\/\/www.vap-camping.fr\/wp-content\/uploads\/2025\/05\/photo-halle-de-la-machine.jpg\" class=\"attachment-2826 size-2826 wp-post-image\" alt=\"\" large=\"\" srcset=\"https:\/\/www.vap-camping.fr\/wp-content\/uploads\/2025\/05\/photo-halle-de-la-machine.jpg 1200w, https:\/\/www.vap-camping.fr\/wp-content\/uploads\/2025\/05\/photo-halle-de-la-machine-600x450.jpg 600w, https:\/\/www.vap-camping.fr\/wp-content\/uploads\/2025\/05\/photo-halle-de-la-machine-1024x768.jpg 1024w, https:\/\/www.vap-camping.fr\/wp-content\/uploads\/2025\/05\/photo-halle-de-la-machine-768x576.jpg 768w\" sizes=\"(max-width: 1200px) 100vw, 1200px\" \/>                        <p class=\"j-title\">\n                            Die Maschinenhalle                        <\/p>\n                        <p class=\"j-more\">\n                            Entdecken                        <\/p>\n                    <\/a>\n                <\/div>\n\n                            <div class=\"journey-slide\">\n                    <a href=\"https:\/\/www.vap-camping.fr\/de\/lieux\/musee-aeroscopia\/\" class=\"journey\" title=\"Aeroscopia Museum\">\n                        <img decoding=\"async\" width=\"860\" height=\"576\" src=\"https:\/\/www.vap-camping.fr\/wp-content\/uploads\/2025\/05\/image-15.jpeg\" class=\"attachment-3114 size-3114 wp-post-image\" alt=\"mus\u00e9e Aeroscopia\" large=\"\" srcset=\"https:\/\/www.vap-camping.fr\/wp-content\/uploads\/2025\/05\/image-15.jpeg 860w, https:\/\/www.vap-camping.fr\/wp-content\/uploads\/2025\/05\/image-15-600x402.jpeg 600w, https:\/\/www.vap-camping.fr\/wp-content\/uploads\/2025\/05\/image-15-768x514.jpeg 768w\" sizes=\"(max-width: 860px) 100vw, 860px\" \/>                        <p class=\"j-title\">\n                            Aeroscopia Museum                        <\/p>\n                        <p class=\"j-more\">\n                            Entdecken                        <\/p>\n                    <\/a>\n                <\/div>\n\n                            <div class=\"journey-slide\">\n                    <a href=\"https:\/\/www.vap-camping.fr\/de\/lieux\/museum-de-toulouse\/\" class=\"journey\" title=\"Museum von Toulouse\">\n                        <img decoding=\"async\" width=\"1200\" height=\"800\" src=\"https:\/\/www.vap-camping.fr\/wp-content\/uploads\/2025\/05\/image-10.jpeg\" class=\"attachment-3168 size-3168 wp-post-image\" alt=\"Toulouse Museum\" large=\"\" srcset=\"https:\/\/www.vap-camping.fr\/wp-content\/uploads\/2025\/05\/image-10.jpeg 1200w, https:\/\/www.vap-camping.fr\/wp-content\/uploads\/2025\/05\/image-10-600x400.jpeg 600w, https:\/\/www.vap-camping.fr\/wp-content\/uploads\/2025\/05\/image-10-1024x683.jpeg 1024w, https:\/\/www.vap-camping.fr\/wp-content\/uploads\/2025\/05\/image-10-768x512.jpeg 768w\" sizes=\"(max-width: 1200px) 100vw, 1200px\" \/>                        <p class=\"j-title\">\n                            Museum von Toulouse                        <\/p>\n                        <p class=\"j-more\">\n                            Entdecken                        <\/p>\n                    <\/a>\n                <\/div>\n\n                            <div class=\"journey-slide\">\n                    <a href=\"https:\/\/www.vap-camping.fr\/de\/lieux\/toulouse-en-velo\/\" class=\"journey\" title=\"Toulouse mit dem Fahrrad\">\n                        <img decoding=\"async\" width=\"2560\" height=\"1218\" src=\"https:\/\/www.vap-camping.fr\/wp-content\/uploads\/2025\/05\/AdobeStock_492836814-scaled.jpeg\" class=\"attachment-6939 size-6939 wp-post-image\" alt=\"\" large=\"\" srcset=\"https:\/\/www.vap-camping.fr\/wp-content\/uploads\/2025\/05\/AdobeStock_492836814-scaled.jpeg 2560w, https:\/\/www.vap-camping.fr\/wp-content\/uploads\/2025\/05\/AdobeStock_492836814-600x285.jpeg 600w, https:\/\/www.vap-camping.fr\/wp-content\/uploads\/2025\/05\/AdobeStock_492836814-1024x487.jpeg 1024w, https:\/\/www.vap-camping.fr\/wp-content\/uploads\/2025\/05\/AdobeStock_492836814-768x365.jpeg 768w, https:\/\/www.vap-camping.fr\/wp-content\/uploads\/2025\/05\/AdobeStock_492836814-1536x731.jpeg 1536w, https:\/\/www.vap-camping.fr\/wp-content\/uploads\/2025\/05\/AdobeStock_492836814-2048x974.jpeg 2048w\" sizes=\"(max-width: 2560px) 100vw, 2560px\" \/>                        <p class=\"j-title\">\n                            Toulouse mit dem Fahrrad                        <\/p>\n                        <p class=\"j-more\">\n                            Entdecken                        <\/p>\n                    <\/a>\n                <\/div>\n\n                            <div class=\"journey-slide\">\n                    <a href=\"https:\/\/www.vap-camping.fr\/de\/lieux\/edf-toulouse\/\" class=\"journey\" title=\"Bazacle, Kunst, Energie &amp; Kulturerbe\">\n                        <img decoding=\"async\" width=\"1920\" height=\"1080\" src=\"https:\/\/www.vap-camping.fr\/wp-content\/uploads\/2025\/07\/toulouse-haute-garonne.webp\" class=\"attachment-3871 size-3871 wp-post-image\" alt=\"\" large=\"\" srcset=\"https:\/\/www.vap-camping.fr\/wp-content\/uploads\/2025\/07\/toulouse-haute-garonne.webp 1920w, https:\/\/www.vap-camping.fr\/wp-content\/uploads\/2025\/07\/toulouse-haute-garonne-600x338.webp 600w, https:\/\/www.vap-camping.fr\/wp-content\/uploads\/2025\/07\/toulouse-haute-garonne-1024x576.webp 1024w, https:\/\/www.vap-camping.fr\/wp-content\/uploads\/2025\/07\/toulouse-haute-garonne-768x432.webp 768w, https:\/\/www.vap-camping.fr\/wp-content\/uploads\/2025\/07\/toulouse-haute-garonne-1536x864.webp 1536w\" sizes=\"(max-width: 1920px) 100vw, 1920px\" \/>                        <p class=\"j-title\">\n                            Bazacle, Kunst, Energie &amp; Kulturerbe                        <\/p>\n                        <p class=\"j-more\">\n                            Entdecken                        <\/p>\n                    <\/a>\n                <\/div>\n\n                            <div class=\"journey-slide\">\n                    <a href=\"https:\/\/www.vap-camping.fr\/de\/lieux\/le-couvent-jacobin\/\" class=\"journey\" title=\"Das Jakobinerkloster\">\n                        <img decoding=\"async\" width=\"1920\" height=\"2560\" src=\"https:\/\/www.vap-camping.fr\/wp-content\/uploads\/2025\/08\/couvent-des-jacobins-toulouse-1-scaled.jpg\" class=\"attachment-6590 size-6590 wp-post-image\" alt=\"couvent Jacobin\" large=\"\" srcset=\"https:\/\/www.vap-camping.fr\/wp-content\/uploads\/2025\/08\/couvent-des-jacobins-toulouse-1-scaled.jpg 1920w, https:\/\/www.vap-camping.fr\/wp-content\/uploads\/2025\/08\/couvent-des-jacobins-toulouse-1-450x600.jpg 450w, https:\/\/www.vap-camping.fr\/wp-content\/uploads\/2025\/08\/couvent-des-jacobins-toulouse-1-768x1024.jpg 768w, https:\/\/www.vap-camping.fr\/wp-content\/uploads\/2025\/08\/couvent-des-jacobins-toulouse-1-1152x1536.jpg 1152w, https:\/\/www.vap-camping.fr\/wp-content\/uploads\/2025\/08\/couvent-des-jacobins-toulouse-1-1536x2048.jpg 1536w\" sizes=\"(max-width: 1920px) 100vw, 1920px\" \/>                        <p class=\"j-title\">\n                            Das Jakobinerkloster                        <\/p>\n                        <p class=\"j-more\">\n                            Entdecken                        <\/p>\n                    <\/a>\n                <\/div>\n\n                            <div class=\"journey-slide\">\n                    <a href=\"https:\/\/www.vap-camping.fr\/de\/lieux\/la-chapelle-des-carmelites\/\" class=\"journey\" title=\"Die Kapelle der Karmeliterinnen\">\n                        <img decoding=\"async\" width=\"780\" height=\"560\" src=\"https:\/\/www.vap-camping.fr\/wp-content\/uploads\/2025\/11\/image.jpeg\" class=\"attachment-6546 size-6546 wp-post-image\" alt=\"Chapelle des Carm\u00e9lites\" large=\"\" srcset=\"https:\/\/www.vap-camping.fr\/wp-content\/uploads\/2025\/11\/image.jpeg 780w, https:\/\/www.vap-camping.fr\/wp-content\/uploads\/2025\/11\/image-600x431.jpeg 600w, https:\/\/www.vap-camping.fr\/wp-content\/uploads\/2025\/11\/image-768x551.jpeg 768w\" sizes=\"(max-width: 780px) 100vw, 780px\" \/>                        <p class=\"j-title\">\n                            Die Kapelle der Karmeliterinnen                        <\/p>\n                        <p class=\"j-more\">\n                            Entdecken                        <\/p>\n                    <\/a>\n                <\/div>\n\n                            <div class=\"journey-slide\">\n                    <a href=\"https:\/\/www.vap-camping.fr\/de\/lieux\/la-basilique-saint-sernin\/\" class=\"journey\" title=\"Die Basilika Saint-Sernin\">\n                        <img decoding=\"async\" width=\"2560\" height=\"1920\" src=\"https:\/\/www.vap-camping.fr\/wp-content\/uploads\/2025\/11\/img_3773-scaled.jpeg\" class=\"attachment-6543 size-6543 wp-post-image\" alt=\"La basilique saint serein\" large=\"\" srcset=\"https:\/\/www.vap-camping.fr\/wp-content\/uploads\/2025\/11\/img_3773-scaled.jpeg 2560w, https:\/\/www.vap-camping.fr\/wp-content\/uploads\/2025\/11\/img_3773-600x450.jpeg 600w, https:\/\/www.vap-camping.fr\/wp-content\/uploads\/2025\/11\/img_3773-1024x768.jpeg 1024w, https:\/\/www.vap-camping.fr\/wp-content\/uploads\/2025\/11\/img_3773-768x576.jpeg 768w, https:\/\/www.vap-camping.fr\/wp-content\/uploads\/2025\/11\/img_3773-1536x1152.jpeg 1536w, https:\/\/www.vap-camping.fr\/wp-content\/uploads\/2025\/11\/img_3773-2048x1536.jpeg 2048w\" sizes=\"(max-width: 2560px) 100vw, 2560px\" \/>                        <p class=\"j-title\">\n                            Die Basilika Saint-Sernin                        <\/p>\n                        <p class=\"j-more\">\n                            Entdecken                        <\/p>\n                    <\/a>\n                <\/div>\n\n                            <div class=\"journey-slide\">\n                    <a href=\"https:\/\/www.vap-camping.fr\/de\/lieux\/le-chateau-bellevue-toulouse\/\" class=\"journey\" title=\"Schloss Bellevue Toulouse\">\n                                                <p class=\"j-title\">\n                            Schloss Bellevue Toulouse                        <\/p>\n                        <p class=\"j-more\">\n                            Entdecken                        <\/p>\n                    <\/a>\n                <\/div>\n\n                            <div class=\"journey-slide\">\n                    <a href=\"https:\/\/www.vap-camping.fr\/de\/lieux\/lhotel-dassezat\/\" class=\"journey\" title=\"Das Hotel d&#8217;Ass\u00e9zat\">\n                        <img decoding=\"async\" width=\"1920\" height=\"1280\" src=\"https:\/\/www.vap-camping.fr\/wp-content\/uploads\/2025\/11\/image-1-1.jpeg\" class=\"attachment-6516 size-6516 wp-post-image\" alt=\"L\u2019H\u00f4tel d&#039;Ass\u00e9zat\" large=\"\" srcset=\"https:\/\/www.vap-camping.fr\/wp-content\/uploads\/2025\/11\/image-1-1.jpeg 1920w, https:\/\/www.vap-camping.fr\/wp-content\/uploads\/2025\/11\/image-1-1-600x400.jpeg 600w, https:\/\/www.vap-camping.fr\/wp-content\/uploads\/2025\/11\/image-1-1-1024x683.jpeg 1024w, https:\/\/www.vap-camping.fr\/wp-content\/uploads\/2025\/11\/image-1-1-768x512.jpeg 768w, https:\/\/www.vap-camping.fr\/wp-content\/uploads\/2025\/11\/image-1-1-1536x1024.jpeg 1536w\" sizes=\"(max-width: 1920px) 100vw, 1920px\" \/>                        <p class=\"j-title\">\n                            Das Hotel d&#8217;Ass\u00e9zat                        <\/p>\n                        <p class=\"j-more\">\n                            Entdecken                        <\/p>\n                    <\/a>\n                <\/div>\n\n                            <div class=\"journey-slide\">\n                    <a href=\"https:\/\/www.vap-camping.fr\/de\/lieux\/boucle-de-la-comtesse\/\" class=\"journey\" title=\"Comtesse Loop\">\n                        <img decoding=\"async\" width=\"2048\" height=\"1365\" src=\"https:\/\/www.vap-camping.fr\/wp-content\/uploads\/2025\/11\/image-5-1.jpeg\" class=\"attachment-6436 size-6436 wp-post-image\" alt=\"\" large=\"\" srcset=\"https:\/\/www.vap-camping.fr\/wp-content\/uploads\/2025\/11\/image-5-1.jpeg 2048w, https:\/\/www.vap-camping.fr\/wp-content\/uploads\/2025\/11\/image-5-1-600x400.jpeg 600w, https:\/\/www.vap-camping.fr\/wp-content\/uploads\/2025\/11\/image-5-1-1024x683.jpeg 1024w, https:\/\/www.vap-camping.fr\/wp-content\/uploads\/2025\/11\/image-5-1-768x512.jpeg 768w, https:\/\/www.vap-camping.fr\/wp-content\/uploads\/2025\/11\/image-5-1-1536x1024.jpeg 1536w\" sizes=\"(max-width: 2048px) 100vw, 2048px\" \/>                        <p class=\"j-title\">\n                            Comtesse Loop                        <\/p>\n                        <p class=\"j-more\">\n                            Entdecken                        <\/p>\n                    <\/a>\n                <\/div>\n\n                            <div class=\"journey-slide\">\n                    <a href=\"https:\/\/www.vap-camping.fr\/de\/lieux\/circuit-tonique-aux-portes-de-toulouse\/\" class=\"journey\" title=\"Belebende Rundreise vor den Toren von Toulouse\">\n                        <img decoding=\"async\" width=\"800\" height=\"483\" src=\"https:\/\/www.vap-camping.fr\/wp-content\/uploads\/2025\/11\/image-7.jpeg\" class=\"attachment-6445 size-6445 wp-post-image\" alt=\"\" large=\"\" srcset=\"https:\/\/www.vap-camping.fr\/wp-content\/uploads\/2025\/11\/image-7.jpeg 800w, https:\/\/www.vap-camping.fr\/wp-content\/uploads\/2025\/11\/image-7-600x362.jpeg 600w, https:\/\/www.vap-camping.fr\/wp-content\/uploads\/2025\/11\/image-7-768x464.jpeg 768w\" sizes=\"(max-width: 800px) 100vw, 800px\" \/>                        <p class=\"j-title\">\n                            Belebende Rundreise vor den Toren von Toulouse                        <\/p>\n                        <p class=\"j-more\">\n                            Entdecken                        <\/p>\n                    <\/a>\n                <\/div>\n\n                            <div class=\"journey-slide\">\n                    <a href=\"https:\/\/www.vap-camping.fr\/de\/lieux\/balade-au-canal-du-mide\/\" class=\"journey\" title=\"Spaziergang am Canal du Midi\">\n                        <img decoding=\"async\" width=\"1920\" height=\"1078\" src=\"https:\/\/www.vap-camping.fr\/wp-content\/uploads\/2025\/07\/canal-du-midi-haute-garonne.webp\" class=\"attachment-6428 size-6428 wp-post-image\" alt=\"\" large=\"\" srcset=\"https:\/\/www.vap-camping.fr\/wp-content\/uploads\/2025\/07\/canal-du-midi-haute-garonne.webp 1920w, https:\/\/www.vap-camping.fr\/wp-content\/uploads\/2025\/07\/canal-du-midi-haute-garonne-600x337.webp 600w, https:\/\/www.vap-camping.fr\/wp-content\/uploads\/2025\/07\/canal-du-midi-haute-garonne-1024x575.webp 1024w, https:\/\/www.vap-camping.fr\/wp-content\/uploads\/2025\/07\/canal-du-midi-haute-garonne-768x431.webp 768w, https:\/\/www.vap-camping.fr\/wp-content\/uploads\/2025\/07\/canal-du-midi-haute-garonne-1536x862.webp 1536w\" sizes=\"(max-width: 1920px) 100vw, 1920px\" \/>                        <p class=\"j-title\">\n                            Spaziergang am Canal du Midi                        <\/p>\n                        <p class=\"j-more\">\n                            Entdecken                        <\/p>\n                    <\/a>\n                <\/div>\n\n                            <div class=\"journey-slide\">\n                    <a href=\"https:\/\/www.vap-camping.fr\/de\/lieux\/garonne-et-canal-a-velo\/\" class=\"journey\" title=\"Garonne und Kanal mit dem Fahrrad\">\n                        <img decoding=\"async\" width=\"1920\" height=\"1284\" src=\"https:\/\/www.vap-camping.fr\/wp-content\/uploads\/2025\/07\/velo-canal-du-midi-haute-garonne.webp\" class=\"attachment-6414 size-6414 wp-post-image\" alt=\"\" large=\"\" srcset=\"https:\/\/www.vap-camping.fr\/wp-content\/uploads\/2025\/07\/velo-canal-du-midi-haute-garonne.webp 1920w, https:\/\/www.vap-camping.fr\/wp-content\/uploads\/2025\/07\/velo-canal-du-midi-haute-garonne-600x401.webp 600w, https:\/\/www.vap-camping.fr\/wp-content\/uploads\/2025\/07\/velo-canal-du-midi-haute-garonne-1024x685.webp 1024w, https:\/\/www.vap-camping.fr\/wp-content\/uploads\/2025\/07\/velo-canal-du-midi-haute-garonne-768x514.webp 768w, https:\/\/www.vap-camping.fr\/wp-content\/uploads\/2025\/07\/velo-canal-du-midi-haute-garonne-1536x1027.webp 1536w\" sizes=\"(max-width: 1920px) 100vw, 1920px\" \/>                        <p class=\"j-title\">\n                            Garonne und Kanal mit dem Fahrrad                        <\/p>\n                        <p class=\"j-more\">\n                            Entdecken                        <\/p>\n                    <\/a>\n                <\/div>\n\n                            <div class=\"journey-slide\">\n                    <a href=\"https:\/\/www.vap-camping.fr\/de\/lieux\/caliceo-toulouse\/\" class=\"journey\" title=\"Calic\u00e9o Toulouse\">\n                        <img decoding=\"async\" width=\"2560\" height=\"1637\" src=\"https:\/\/www.vap-camping.fr\/wp-content\/uploads\/2025\/05\/AdobeStock_1074550848-scaled.jpeg\" class=\"attachment-6349 size-6349 wp-post-image\" alt=\"\" large=\"\" srcset=\"https:\/\/www.vap-camping.fr\/wp-content\/uploads\/2025\/05\/AdobeStock_1074550848-scaled.jpeg 2560w, https:\/\/www.vap-camping.fr\/wp-content\/uploads\/2025\/05\/AdobeStock_1074550848-600x384.jpeg 600w, https:\/\/www.vap-camping.fr\/wp-content\/uploads\/2025\/05\/AdobeStock_1074550848-1024x655.jpeg 1024w, https:\/\/www.vap-camping.fr\/wp-content\/uploads\/2025\/05\/AdobeStock_1074550848-768x491.jpeg 768w, https:\/\/www.vap-camping.fr\/wp-content\/uploads\/2025\/05\/AdobeStock_1074550848-1536x982.jpeg 1536w, https:\/\/www.vap-camping.fr\/wp-content\/uploads\/2025\/05\/AdobeStock_1074550848-2048x1310.jpeg 2048w\" sizes=\"(max-width: 2560px) 100vw, 2560px\" \/>                        <p class=\"j-title\">\n                            Calic\u00e9o Toulouse                        <\/p>\n                        <p class=\"j-more\">\n                            Entdecken                        <\/p>\n                    <\/a>\n                <\/div>\n\n                            <div class=\"journey-slide\">\n                    <a href=\"https:\/\/www.vap-camping.fr\/de\/lieux\/vol-a-la-lune\/\" class=\"journey\" title=\"Reisen Sie in den Weltraum\">\n                        <img decoding=\"async\" width=\"1200\" height=\"799\" src=\"https:\/\/www.vap-camping.fr\/wp-content\/uploads\/2025\/05\/image-13.jpeg\" class=\"attachment-6280 size-6280 wp-post-image\" alt=\"voyage \u00e0 l&#039;espace\" large=\"\" srcset=\"https:\/\/www.vap-camping.fr\/wp-content\/uploads\/2025\/05\/image-13.jpeg 1200w, https:\/\/www.vap-camping.fr\/wp-content\/uploads\/2025\/05\/image-13-600x400.jpeg 600w, https:\/\/www.vap-camping.fr\/wp-content\/uploads\/2025\/05\/image-13-1024x682.jpeg 1024w, https:\/\/www.vap-camping.fr\/wp-content\/uploads\/2025\/05\/image-13-768x511.jpeg 768w\" sizes=\"(max-width: 1200px) 100vw, 1200px\" \/>                        <p class=\"j-title\">\n                            Reisen Sie in den Weltraum                        <\/p>\n                        <p class=\"j-more\">\n                            Entdecken                        <\/p>\n                    <\/a>\n                <\/div>\n\n                            <div class=\"journey-slide\">\n                    <a href=\"https:\/\/www.vap-camping.fr\/de\/lieux\/pilote-pour-un-jour\/\" class=\"journey\" title=\"Pilot f\u00fcr einen Tag\">\n                        <img decoding=\"async\" width=\"600\" height=\"600\" src=\"https:\/\/www.vap-camping.fr\/wp-content\/uploads\/2025\/12\/image-23.jpeg\" class=\"attachment-6270 size-6270 wp-post-image\" alt=\"\" large=\"\" srcset=\"https:\/\/www.vap-camping.fr\/wp-content\/uploads\/2025\/12\/image-23.jpeg 600w, https:\/\/www.vap-camping.fr\/wp-content\/uploads\/2025\/12\/image-23-300x300.jpeg 300w\" sizes=\"(max-width: 600px) 100vw, 600px\" \/>                        <p class=\"j-title\">\n                            Pilot f\u00fcr einen Tag                        <\/p>\n                        <p class=\"j-more\">\n                            Entdecken                        <\/p>\n                    <\/a>\n                <\/div>\n\n                            <div class=\"journey-slide\">\n                    <a href=\"https:\/\/www.vap-camping.fr\/de\/lieux\/march-victor-hugo\/\" class=\"journey\" title=\"Victor Hugo Markt\">\n                        <img decoding=\"async\" width=\"1920\" height=\"2560\" src=\"https:\/\/www.vap-camping.fr\/wp-content\/uploads\/2025\/12\/img_4133-scaled.jpeg\" class=\"attachment-6218 size-6218 wp-post-image\" alt=\"\" large=\"\" srcset=\"https:\/\/www.vap-camping.fr\/wp-content\/uploads\/2025\/12\/img_4133-scaled.jpeg 1920w, https:\/\/www.vap-camping.fr\/wp-content\/uploads\/2025\/12\/img_4133-450x600.jpeg 450w, https:\/\/www.vap-camping.fr\/wp-content\/uploads\/2025\/12\/img_4133-768x1024.jpeg 768w, https:\/\/www.vap-camping.fr\/wp-content\/uploads\/2025\/12\/img_4133-1152x1536.jpeg 1152w, https:\/\/www.vap-camping.fr\/wp-content\/uploads\/2025\/12\/img_4133-1536x2048.jpeg 1536w\" sizes=\"(max-width: 1920px) 100vw, 1920px\" \/>                        <p class=\"j-title\">\n                            Victor Hugo Markt                        <\/p>\n                        <p class=\"j-more\">\n                            Entdecken                        <\/p>\n                    <\/a>\n                <\/div>\n\n                            <div class=\"journey-slide\">\n                    <a href=\"https:\/\/www.vap-camping.fr\/de\/lieux\/marche-des-carmes\/\" class=\"journey\" title=\"Carmes-Markt\">\n                        <img decoding=\"async\" width=\"685\" height=\"1000\" src=\"https:\/\/www.vap-camping.fr\/wp-content\/uploads\/2025\/12\/image-46.jpeg\" class=\"attachment-6204 size-6204 wp-post-image\" alt=\"\" large=\"\" srcset=\"https:\/\/www.vap-camping.fr\/wp-content\/uploads\/2025\/12\/image-46.jpeg 685w, https:\/\/www.vap-camping.fr\/wp-content\/uploads\/2025\/12\/image-46-411x600.jpeg 411w\" sizes=\"(max-width: 685px) 100vw, 685px\" \/>                        <p class=\"j-title\">\n                            Carmes-Markt                        <\/p>\n                        <p class=\"j-more\">\n                            Entdecken                        <\/p>\n                    <\/a>\n                <\/div>\n\n                    <\/div>\n        <div class=\"journey-buttons\">\n            <button class=\"j-prev\">ARR<\/button>\n            <button class=\"j-next\">AV<\/button>\n        <\/div>\n    <\/div>\n\n\n<\/div>\n\n\n\n<div class=\"wp-block-group has-global-padding is-layout-constrained wp-block-group-is-layout-constrained\">\n<div class=\"wp-block-group alignwide is-style-title-simple is-layout-flow wp-block-group-is-layout-flow is-style-title-simple--13\" style=\"margin-top:4rem;margin-bottom:4rem\">\n<p class=\"has-text-align-center has-secondary-color has-text-color has-link-color has-secondary-font-family has-xl-font-size wp-elements-b52900ba3ea20b3e9f710279243c2264\">Entdecken Sie<\/p>\n\n\n\n<p class=\"has-text-align-center has-primary-font-family has-sm-font-size\" style=\"text-transform:uppercase\"><strong>unsere anderen Einrichtungen<\/strong><\/p>\n<\/div>\n\n\n<div class=\"campings-wrapper is-layout-flow wp-block-slider-campings-is-layout-flow\">\n            <div class=\"campings-list\">\n                            <div class=\"camping-item\"\n                    style=\"background-image: linear-gradient(to top, rgba(0, 0, 0, 0.6), transparent), url('https:\/\/www.vap-camping.fr\/wp-content\/uploads\/2025\/04\/camping-avec-piscine-1024x767.jpg');\">\n                    <a href=\"https:\/\/www.vap-camping.fr\/de\/campings\/camping-du-lac\/\" title=\"Campingplatz du lac(Foix)\" class=\"camping-link\">\n                        <p class=\"title\">Campingplatz du lac(Foix)<\/p>\n                        <p class=\"camping-button\">Entdecken<\/p>\n                    <\/a>\n                <\/div>\n                            <div class=\"camping-item\"\n                    style=\"background-image: linear-gradient(to top, rgba(0, 0, 0, 0.6), transparent), url('https:\/\/www.vap-camping.fr\/wp-content\/uploads\/2025\/07\/dji_0589-2-1024x767.jpg');\">\n                    <a href=\"https:\/\/www.vap-camping.fr\/de\/campings\/camping-la-bastide\/\" title=\"Campingplatz la Bastide(Maz\u00e8res)\" class=\"camping-link\">\n                        <p class=\"title\">Campingplatz la Bastide(Maz\u00e8res)<\/p>\n                        <p class=\"camping-button\">Entdecken<\/p>\n                    <\/a>\n                <\/div>\n                            <div class=\"camping-item\"\n                    style=\"background-image: linear-gradient(to top, rgba(0, 0, 0, 0.6), transparent), url('https:\/\/www.vap-camping.fr\/wp-content\/uploads\/2025\/04\/img_5291-1024x768-1.jpg');\">\n                    <a href=\"https:\/\/www.vap-camping.fr\/de\/campings\/complexe-des-oustalous\/\" title=\"Oustalous-Komplex\" class=\"camping-link\">\n                        <p class=\"title\">Oustalous-Komplex<\/p>\n                        <p class=\"camping-button\">Entdecken<\/p>\n                    <\/a>\n                <\/div>\n                            <div class=\"camping-item\"\n                    style=\"background-image: linear-gradient(to top, rgba(0, 0, 0, 0.6), transparent), url('https:\/\/www.vap-camping.fr\/wp-content\/uploads\/2025\/04\/4479-1024x461.jpeg');\">\n                    <a href=\"https:\/\/www.vap-camping.fr\/de\/campings\/camping-le-bourdieu\/\" title=\"Campingplatz Le Bourdieu\" class=\"camping-link\">\n                        <p class=\"title\">Campingplatz Le Bourdieu<\/p>\n                        <p class=\"camping-button\">Entdecken<\/p>\n                    <\/a>\n                <\/div>\n                    <\/div>\n    <\/div>\n\n<\/div>\n\n\n\n<div class=\"wp-block-group fromOpacity reveal has-global-padding is-layout-constrained wp-block-group-is-layout-constrained\">\n<div class=\"wp-block-columns alignfull are-vertically-aligned-center is-faq-wrapper is-layout-flex wp-container-core-columns-is-layout-28f84493 wp-block-columns-is-layout-flex\">\n<div class=\"wp-block-column is-vertically-aligned-center is-layout-flow wp-block-column-is-layout-flow\" style=\"flex-basis:33.33%\">\n<div class=\"wp-block-group is-faq is-layout-flow wp-block-group-is-layout-flow has-background\" style=\"border-radius:100%;background-image:url(&#039;https:\/\/www.vap-camping.fr\/wp-content\/themes\/vap\/assets\/img\/faq.jpg&#039;);background-position:73% 47%;background-size:cover;\"><\/div>\n<\/div>\n\n\n\n<div class=\"wp-block-column is-vertically-aligned-center is-layout-flow wp-block-column-is-layout-flow\" style=\"flex-basis:66.66%\">\n<div class=\"wp-block-group is-style-title-left is-layout-flow wp-block-group-is-layout-flow is-style-title-left--14\">\n<p class=\"has-secondary-color has-text-color has-link-color has-secondary-font-family has-xl-font-size wp-elements-b8d209e59c03caf8beafd191d43c8acb\">H\u00e4ufig gestellte Fragen<\/p>\n\n\n\n<p class=\"has-primary-color has-text-color has-link-color has-primary-font-family has-sm-font-size wp-elements-93b495d346e31c0679730f844d305791\" style=\"text-transform:uppercase\"><strong><strong>Sie m\u00f6chten mehr erfahren<\/strong><\/strong><\/p>\n<\/div>\n\n\n\n<div class=\"wp-block-group has-global-padding is-layout-constrained wp-block-group-is-layout-constrained\">\n<div class=\"pfq\">\n  \n  \n  <nav class=\"pfq__themes\">\n    <h2>Th\u00e9matiques<\/h2>\n    <ul>\n      \n        <li class=\"pfq__theme active\" data-pfq-group=\"group-0\">\n          <a href=\"#\">H\u00e4ufig gestellte Fragen<\/a>\n        <\/li>\n\n          <\/ul>\n  <\/nav>\n\n  <div class=\"pfq__questions\">\n    \n      <div class=\"pfq__questions__group visible\" data-pfq-group=\"group-0\">\n\n        <h3>H\u00e4ufig gestellte Fragen<\/h3>\n\n        \n          <div class=\"pfq__question\"  >\n            <h4 class=\"pfq__question__title\">Wie weit sind wir vom Stadtzentrum entfernt?<\/h4>\n            <div class=\"pfq__answer\"><p><span style=\"font-weight: 400;\">Wir befinden uns 7 km vom Stadtzentrum entfernt.<\/span><\/p>\n<\/div>\n          <\/div>\n\n        \n          <div class=\"pfq__question\"  >\n            <h4 class=\"pfq__question__title\">Ist es m\u00f6glich, mit dem Fahrrad oder \u00f6ffentlichen Verkehrsmitteln ins Stadtzentrum zu gelangen?<\/h4>\n            <div class=\"pfq__answer\"><p><span style=\"font-weight: 400;\">Die Stadt ist mit Bus und U-Bahn sowie mit dem Fahrrad zu erreichen.<\/span><\/p>\n<\/div>\n          <\/div>\n\n        \n          <div class=\"pfq__question\"  >\n            <h4 class=\"pfq__question__title\">Gibt es Restaurants in der N\u00e4he des Campingplatzes?<\/h4>\n            <div class=\"pfq__answer\"><p><span style=\"font-weight: 400;\">Die n\u00e4chstgelegenen Restaurants sind das L&#8217;ardoise und das Memphis.<\/span><\/p>\n<\/div>\n          <\/div>\n\n        \n          <div class=\"pfq__question\"  >\n            <h4 class=\"pfq__question__title\">Gibt es einen Radweg in der N\u00e4he des Campingplatzes?<\/h4>\n            <div class=\"pfq__answer\"><p><span style=\"font-weight: 400;\">Ja, in 3 Minuten mit dem Fahrrad erreichen Sie den Radweg, der am Kanal entlang f\u00fchrt.<\/span><\/p>\n<\/div>\n          <\/div>\n\n        \n          <div class=\"pfq__question\"  >\n            <h4 class=\"pfq__question__title\">Ist es m\u00f6glich, in der N\u00e4he einzukaufen?<\/h4>\n            <div class=\"pfq__answer\"><p><span style=\"font-weight: 400;\">Ja, in der Avenue des \u00c9tats-Unis finden Sie ein Grand Frais-Gesch\u00e4ft und wenn Sie einen klassischen Hypermarkt w\u00fcnschen, finden Sie etwas weiter entfernt einen Intermarch\u00e9.<\/span><\/p>\n<\/div>\n          <\/div>\n\n        \n          <div class=\"pfq__question\"  >\n            <h4 class=\"pfq__question__title\">Gibt es eine Autowerkstatt in der N\u00e4he?<\/h4>\n            <div class=\"pfq__answer\"><p><span style=\"font-weight: 400;\">Ja, es gibt mehrere Autowerkst\u00e4tten entlang der Avenue des \u00c9tats-Unis.<\/span><\/p>\n<\/div>\n          <\/div>\n\n        \n          <div class=\"pfq__question\"  >\n            <h4 class=\"pfq__question__title\">Gibt es in der N\u00e4he des Campingplatzes Gesch\u00e4fte, die Wohnmobilausstattungen verkaufen?<\/h4>\n            <div class=\"pfq__answer\"><p><span style=\"font-weight: 400;\">In der Tat gibt es in der N\u00e4he ein Gesch\u00e4ft mit Wohnmobilausstattung (Caravaning loisirs).<\/span><\/p>\n<\/div>\n          <\/div>\n\n        \n          <div class=\"pfq__question\"  >\n            <h4 class=\"pfq__question__title\">Ist es m\u00f6glich, den Campingplatz sp\u00e4t zu betreten?<\/h4>\n            <div class=\"pfq__answer\"><p><span style=\"font-weight: 400;\">Ja, die Schranke des Campingplatzes funktioniert mit einem Code, es gibt keine Uhrzeit, zu der sie blockiert wird.<\/span><\/p>\n<\/div>\n          <\/div>\n\n        \n          <div class=\"pfq__question\"  >\n            <h4 class=\"pfq__question__title\">M\u00f6glichkeit, sich in der Stadt mit dem Auto fortzubewegen (crit&#039;air...)<\/h4>\n            <div class=\"pfq__answer\"><p><span style=\"font-weight: 400;\">Es ist m\u00f6glich, sich in Toulouse mit dem Auto fortzubewegen, aber achten Sie auf die kritischen Luftzonen.<\/span><\/p>\n<\/div>\n          <\/div>\n\n        \n          <div class=\"pfq__question\"  >\n            <h4 class=\"pfq__question__title\">Ist die Strecke sicher mit dem Fahrrad zu fahren (oder zu parken)?<\/h4>\n            <div class=\"pfq__answer\"><p><span style=\"font-weight: 400;\">Ja, die Strecke ist sicher, Sie fahren fast die ganze Zeit am Garonne-Kanal entlang und wenn Sie in Toulouse angekommen sind, k\u00f6nnen Sie Ihre Fahrr\u00e4der in der Tiefgarage des Capitols abstellen.<\/span><\/p>\n<\/div>\n          <\/div>\n\n        \n      <\/div>\n\n    \n  <\/div>\n<\/div>\n<\/div>\n<\/div>\n<\/div>\n<\/div>\n\n\n\n<div class=\"wp-block-group btn-resa has-background has-global-padding is-layout-constrained wp-block-group-is-layout-constrained\" style=\"background:linear-gradient(0deg,rgba(255,255,255,0.74) 0%,rgba(255,255,255,0) 100%)\">\n<div class=\"wp-block-buttons is-content-justification-center is-layout-flex wp-container-core-buttons-is-layout-a89b3969 wp-block-buttons-is-layout-flex\">\n<div class=\"wp-block-button\"><a class=\"wp-block-button__link wp-element-button\" href=\"https:\/\/reservation.secureholiday.net\/group\/fr\/108\/search\/estab-view\/16800\/products\" target=\"_blank\" rel=\"noreferrer noopener\">buchen Sie Ihren Aufenthalt<\/a><\/div>\n<\/div>\n<\/div>\n<\/div>\n","protected":false},"excerpt":{"rendered":"<p>Campingplatz &#8211; Haute-Garonne &#8211; Toulouse Willkommen bei Auf dem Campingplatz Le Rup\u00e9 Ob Sie mit dem Fahrrad, dem Wohnmobil oder mit der Familie nach Toulouse kommen, der Campingplatz Le Rup\u00e9 bietet Ihnen einen angenehmen Aufenthalt! Nur wenige Minuten vom Stadtzentrum entfernt, empf\u00e4ngt Sie der Campingplatz Le Rup\u00e9 in einer gr\u00fcnen Oase im Herzen von Toulouse. [&hellip;]<\/p>\n","protected":false},"featured_media":5335,"parent":0,"template":"","format":"standard","meta":{"_acf_changed":false,"_seopress_robots_primary_cat":"","_seopress_titles_title":"Campingplatz Toulouse | Campingplatz Le Rup\u00e9 3 Sterne in Haute-Garonne","_seopress_titles_desc":"Genie\u00dfen Sie einen Urlaub im Gr\u00fcnen, nur 7 km vom Zentrum von Toulouse entfernt. Der Campingplatz Le Rup\u00e9 liegt am Ufer des Sees von Sesqui\u00e8res und ist der ideale Ort, um die Rosenstadt zu erkunden.","_seopress_robots_index":"","ouverture":"Das ganze Jahr \u00fcber ge\u00f6ffnet","nombre_de_locations":"57 Mietobjekte auf 4,5 ha","nombre_demplacements":"130 sowie ein Naturgebiet f\u00fcr Radfahrer und Camper zu Fu\u00df.","adresse":"21 chemin pont de Rup\u00e9, 31200, Toulouse","numero_de_telephone":"0561700735","email":"campinglerupe@orange.fr","url_du_site":"Website","footnotes":""},"class_list":["post-2610","campings","type-campings","status-publish","format-standard","has-post-thumbnail","hentry"],"acf":{"latitude":"43.656093","longitude":"1.4131837","ouverture":"Das ganze Jahr \u00fcber ge\u00f6ffnet","nombre_de_locations":"57 Mietobjekte auf 4,5 ha","nombre_demplacements":"130 sowie ein Naturgebiet f\u00fcr Radfahrer und Camper zu Fu\u00df.","adresse":"21 chemin pont de Rup\u00e9, 31200, Toulouse","numero_de_telephone":"0561700735","email":"campinglerupe@orange.fr","url_du_site":"Website","stars":3,"services":[{"label":"PMR-Zugang","icon":2611},{"label":"Wifi","icon":3085},{"label":"6 Ladestationen f\u00fcr Elektrofahrzeuge","icon":2625}]},"_links":{"self":[{"href":"https:\/\/www.vap-camping.fr\/de\/wp-json\/wp\/v2\/campings\/2610","targetHints":{"allow":["GET"]}}],"collection":[{"href":"https:\/\/www.vap-camping.fr\/de\/wp-json\/wp\/v2\/campings"}],"about":[{"href":"https:\/\/www.vap-camping.fr\/de\/wp-json\/wp\/v2\/types\/campings"}],"version-history":[{"count":19,"href":"https:\/\/www.vap-camping.fr\/de\/wp-json\/wp\/v2\/campings\/2610\/revisions"}],"predecessor-version":[{"id":7311,"href":"https:\/\/www.vap-camping.fr\/de\/wp-json\/wp\/v2\/campings\/2610\/revisions\/7311"}],"wp:featuredmedia":[{"embeddable":true,"href":"https:\/\/www.vap-camping.fr\/de\/wp-json\/wp\/v2\/media\/5335"}],"wp:attachment":[{"href":"https:\/\/www.vap-camping.fr\/de\/wp-json\/wp\/v2\/media?parent=2610"}],"curies":[{"name":"wp","href":"https:\/\/api.w.org\/{rel}","templated":true}]}}