{"id":3079,"date":"2025-04-18T14:53:37","date_gmt":"2025-04-18T14:53:37","guid":{"rendered":"https:\/\/www.vap-camping.fr\/campings\/camping-du-lac\/"},"modified":"2026-03-31T10:05:26","modified_gmt":"2026-03-31T10:05:26","slug":"camping-du-lac","status":"publish","type":"campings","link":"https:\/\/www.vap-camping.fr\/de\/campings\/camping-du-lac\/","title":{"rendered":"Campingplatz du lac(Foix)"},"content":{"rendered":"\n<div class=\"wp-block-group alignfull is-layout-flow wp-container-core-group-is-layout-8af317cd wp-block-group-is-layout-flow\">\n<div class=\"wp-block-group hero-camp fromOpacity is-layout-flow wp-block-group-is-layout-flow\" style=\"margin-bottom:20rem\">\n<div class=\"wp-block-group alignfull hero-img is-layout-flow wp-block-group-is-layout-flow\">\n<figure class=\"wp-block-image size-full\"><img alt=\"camping-foix\" decoding=\"async\" width=\"2560\" height=\"1918\" src=\"https:\/\/www.vap-camping.fr\/wp-content\/uploads\/2025\/04\/camping-ariege-foix-scaled.jpg\" alt=\"\" class=\"wp-image-2464\" srcset=\"https:\/\/www.vap-camping.fr\/wp-content\/uploads\/2025\/04\/camping-ariege-foix-scaled.jpg 2560w, https:\/\/www.vap-camping.fr\/wp-content\/uploads\/2025\/04\/camping-ariege-foix-600x450.jpg 600w, https:\/\/www.vap-camping.fr\/wp-content\/uploads\/2025\/04\/camping-ariege-foix-1024x767.jpg 1024w, https:\/\/www.vap-camping.fr\/wp-content\/uploads\/2025\/04\/camping-ariege-foix-768x575.jpg 768w, https:\/\/www.vap-camping.fr\/wp-content\/uploads\/2025\/04\/camping-ariege-foix-1536x1151.jpg 1536w, https:\/\/www.vap-camping.fr\/wp-content\/uploads\/2025\/04\/camping-ariege-foix-2048x1534.jpg 2048w\" sizes=\"(max-width: 2560px) 100vw, 2560px\" \/><figcaption class=\"wp-element-caption\">default<\/figcaption><\/figure>\n<\/div>\n\n\n\n<div class=\"wp-block-group hero-desc has-secondary-background-color has-background is-layout-flow wp-block-group-is-layout-flow\" style=\"border-top-right-radius:90px;border-bottom-right-radius:90px;padding-top:2rem;padding-bottom:2rem;padding-left:5rem\"><h1 style=\"font-size:clamp(3.037rem, 3.037rem + ((1vw - 0.2rem) * 4.018), 6rem);\" class=\"has-link-color wp-elements-971196805a816ee349c8ae4f34a1c7a7 wp-block-post-title has-text-color has-white-color has-secondary-font-family\">Campingplatz du lac(Foix)<\/h1>\n\n\n<div class=\"wp-block-group is-nowrap is-layout-flex wp-container-core-group-is-layout-3b4e9d3e wp-block-group-is-layout-flex\">\n<p class=\"has-white-color has-text-color has-link-color has-sm-font-size wp-elements-dd16cb079116deed779a5a32e1d728d8\" style=\"font-style:normal;font-weight:500;text-transform:uppercase\">Campingplatz  <\/p>\n\n\n\n<figure class=\"wp-block-image size-full\"><img alt=\"\" decoding=\"async\" src=\"https:\/\/www.vap-camping.fr\/wp-content\/themes\/vap\/assets\/img\/svg\/star-white.svg\" alt=\"\" class=\"wp-image-657\"\/><\/figure>\n\n\n\n<figure class=\"wp-block-image size-full\"><img alt=\"\" decoding=\"async\" src=\"https:\/\/www.vap-camping.fr\/wp-content\/themes\/vap\/assets\/img\/svg\/star-white.svg\" alt=\"\" class=\"wp-image-657\"\/><\/figure>\n\n\n\n<figure class=\"wp-block-image size-full\"><img alt=\"\" decoding=\"async\" src=\"https:\/\/www.vap-camping.fr\/wp-content\/themes\/vap\/assets\/img\/svg\/star-white.svg\" alt=\"\" class=\"wp-image-657\"\/><\/figure>\n\n\n\n<figure class=\"wp-block-image size-full\"><img alt=\"\" decoding=\"async\" src=\"https:\/\/www.vap-camping.fr\/wp-content\/themes\/vap\/assets\/img\/svg\/star-white.svg\" alt=\"\" class=\"wp-image-657\"\/><\/figure>\n\n\n\n<p class=\"has-white-color has-text-color has-link-color has-sm-font-size wp-elements-96544003afda2dafc010658122c4a8ae\" style=\"font-style:normal;font-weight:500;text-transform:uppercase\">&#8211; Ari\u00e8ge &#8211; foix<\/p>\n<\/div>\n<\/div>\n<\/div>\n\n\n\n<div class=\"wp-block-group has-global-padding is-layout-constrained wp-container-core-group-is-layout-4f9f0532 wp-block-group-is-layout-constrained\">\n<div class=\"wp-block-columns m-ti is-layout-flex wp-container-core-columns-is-layout-c4788e2e wp-block-columns-is-layout-flex\">\n<div class=\"wp-block-column is-vertically-aligned-top m-ti-text-camp is-style-default is-layout-flow wp-container-core-column-is-layout-58dbe9e9 wp-block-column-is-layout-flow\" style=\"padding-left:10rem;flex-basis:60%\">\n<div class=\"wp-block-group is-style-title-left leftRight is-layout-flow wp-block-group-is-layout-flow is-style-title-left--1\">\n<p class=\"has-secondary-color has-text-color has-link-color has-secondary-font-family has-xl-font-size wp-elements-44c6c36fedd6bc004e7f8bf2962886b1\">Willkommen bei <\/p>\n\n\n\n<p class=\"has-primary-color has-text-color has-link-color has-primary-font-family has-sm-font-size wp-elements-c2a26bc55caa0aba9412642fae361c6a\" style=\"text-transform:uppercase\"><strong>am benutzerfreundlichen und zug\u00e4nglichen Campingplatz<\/strong><\/p>\n<\/div>\n\n\n\n<h2 class=\"wp-block-heading text-title\">Am Ufer der Ari\u00e8ge empf\u00e4ngt Sie der Campingplatz du Lac f\u00fcr einen geselligen Urlaub, der Natur, Komfort und Entdeckungen miteinander verbindet.  <\/h2>\n\n\n\n<p class=\"has-link-color wp-elements-9b0ce9bb2aa2b65428928febc01773b8\" style=\"padding-left:2rem\">Ob Sie einen Familienurlaub mit Kindern oder Enkelkindern planen, eine sportliche Radtour, ein Motorradabenteuer mit Freunden oder Kollegen, ein Fu\u00dfball-, Rugby- oder Boule-Spiel oder einen Kanu-Wettbewerb auf der Ari\u00e8ge, Camping du Lac ist die ideale Wahl f\u00fcr Ihre Unterkunft in Foix.<\/p>\n\n\n\n<p class=\"has-link-color wp-elements-0a0d14520d6eac896c10a386ea2ef4f7\" style=\"padding-left:2rem\">M\u00f6chten Sie ohne Auto reisen? Nur 200 m von der Haltestelle des Pendelbusses entfernt, erreichen Sie leicht das historische Zentrum von Foix und den Bahnhof.Suchen Sie eine famili\u00e4re und gesellige Atmosph\u00e4re? <\/p>\n\n\n\n<p class=\"has-link-color wp-elements-bc61439cc13463cbddb3c67cc10ed62f\" style=\"padding-left:2rem\">Unser freundliches und hilfsbereites Team ist immer bereit, zuzuh\u00f6ren, zu beraten und zu diskutieren, um Ihren Aufenthalt angenehm, lebhaft und unvergesslich zu machen. Ob Sie nun gerne wandern, Abenteuer erleben, Kultur genie\u00dfen oder sich einfach nur entspannen m\u00f6chten, unser <strong><a href=\"https:\/\/www.vap-camping.fr\/de\/\" data-type=\"page\" data-id=\"128\">Campingplatz in der Ari\u00e8ge<\/a><\/strong> ist der ideale Ausgangspunkt, um die Sch\u00e4tze der Region zu entdecken.  <\/p>\n\n\n\n<p><\/p>\n\n\n\n<p><\/p>\n\n\n\n<p><\/p>\n\n\n\n<p><\/p>\n\n\n\n<div class=\"wp-block-columns is-layout-flex wp-container-core-columns-is-layout-28f84493 wp-block-columns-is-layout-flex\">\n<div class=\"wp-block-column is-vertically-aligned-center is-layout-flow wp-block-column-is-layout-flow\" style=\"flex-basis:33.9%\">\n<figure class=\"wp-block-image aligncenter size-full is-resized\"><a href=\"https:\/\/qualite-tourisme-occitanie.fr\" target=\"_blank\" rel=\" noreferrer noopener\"><img alt=\"\" decoding=\"async\" width=\"1252\" height=\"413\" src=\"https:\/\/www.vap-camping.fr\/wp-content\/uploads\/2025\/04\/excosdf.jpg\" alt=\"\" class=\"wp-image-3970\" style=\"width:auto;height:150px\" srcset=\"https:\/\/www.vap-camping.fr\/wp-content\/uploads\/2025\/04\/excosdf.jpg 1252w, https:\/\/www.vap-camping.fr\/wp-content\/uploads\/2025\/04\/excosdf-600x198.jpg 600w, https:\/\/www.vap-camping.fr\/wp-content\/uploads\/2025\/04\/excosdf-1024x338.jpg 1024w, https:\/\/www.vap-camping.fr\/wp-content\/uploads\/2025\/04\/excosdf-768x253.jpg 768w\" sizes=\"(max-width: 1252px) 100vw, 1252px\" \/><\/a><\/figure>\n<\/div>\n\n\n\n<div class=\"wp-block-column is-vertically-aligned-center is-layout-flow wp-block-column-is-layout-flow\" style=\"flex-basis:20.55%\">\n<figure class=\"wp-block-image aligncenter size-full is-resized\"><img alt=\"\" decoding=\"async\" width=\"800\" height=\"668\" src=\"https:\/\/www.vap-camping.fr\/wp-content\/uploads\/2025\/04\/acsi_fc.webp\" alt=\"\" class=\"wp-image-4041\" style=\"width:150px;height:auto\" srcset=\"https:\/\/www.vap-camping.fr\/wp-content\/uploads\/2025\/04\/acsi_fc.webp 800w, https:\/\/www.vap-camping.fr\/wp-content\/uploads\/2025\/04\/acsi_fc-600x501.webp 600w, https:\/\/www.vap-camping.fr\/wp-content\/uploads\/2025\/04\/acsi_fc-768x641.webp 768w\" sizes=\"(max-width: 800px) 100vw, 800px\" \/><\/figure>\n<\/div>\n\n\n\n<div class=\"wp-block-column is-vertically-aligned-center is-layout-flow wp-block-column-is-layout-flow\" style=\"flex-basis:20.55%\">\n<figure class=\"wp-block-image aligncenter size-full\"><a href=\"https:\/\/www.culture.gouv.fr\/thematiques\/transition-ecologique\/Centre-de-ressources-Transition-ecologique-de-la-Culture\/Labels-normes\/label-accueil-velo\" target=\"_blank\" rel=\" noreferrer noopener\"><img alt=\"accueil-v\u00e9lo\" decoding=\"async\" width=\"2560\" height=\"2560\" src=\"https:\/\/www.vap-camping.fr\/wp-content\/uploads\/2025\/04\/accueil-velo-png-scaled.png\" alt=\"\" class=\"wp-image-3978\" srcset=\"https:\/\/www.vap-camping.fr\/wp-content\/uploads\/2025\/04\/accueil-velo-png-scaled.png 2560w, https:\/\/www.vap-camping.fr\/wp-content\/uploads\/2025\/04\/accueil-velo-png-600x600.png 600w, https:\/\/www.vap-camping.fr\/wp-content\/uploads\/2025\/04\/accueil-velo-png-1024x1024.png 1024w, https:\/\/www.vap-camping.fr\/wp-content\/uploads\/2025\/04\/accueil-velo-png-300x300.png 300w, https:\/\/www.vap-camping.fr\/wp-content\/uploads\/2025\/04\/accueil-velo-png-768x768.png 768w, https:\/\/www.vap-camping.fr\/wp-content\/uploads\/2025\/04\/accueil-velo-png-1536x1536.png 1536w, https:\/\/www.vap-camping.fr\/wp-content\/uploads\/2025\/04\/accueil-velo-png-2048x2048.png 2048w\" sizes=\"(max-width: 2560px) 100vw, 2560px\" \/><\/a><\/figure>\n<\/div>\n\n\n\n<div class=\"wp-block-column is-vertically-aligned-center is-layout-flow wp-block-column-is-layout-flow\" style=\"flex-basis:25%\">\n<figure class=\"wp-block-image size-large\"><a href=\"https:\/\/www.fredonoccitanie.com\/jevi\/charte-regionale-engage-pour-le-vegetal\/\" target=\"_blank\" rel=\" noreferrer noopener\"><img alt=\"\" decoding=\"async\" width=\"1024\" height=\"504\" src=\"https:\/\/www.vap-camping.fr\/wp-content\/uploads\/2025\/10\/image-56-1024x504.jpeg\" alt=\"\" class=\"wp-image-5837\" srcset=\"https:\/\/www.vap-camping.fr\/wp-content\/uploads\/2025\/10\/image-56-1024x504.jpeg 1024w, https:\/\/www.vap-camping.fr\/wp-content\/uploads\/2025\/10\/image-56-600x295.jpeg 600w, https:\/\/www.vap-camping.fr\/wp-content\/uploads\/2025\/10\/image-56-768x378.jpeg 768w, https:\/\/www.vap-camping.fr\/wp-content\/uploads\/2025\/10\/image-56-1536x756.jpeg 1536w, https:\/\/www.vap-camping.fr\/wp-content\/uploads\/2025\/10\/image-56-2048x1008.jpeg 2048w\" sizes=\"(max-width: 1024px) 100vw, 1024px\" \/><\/a><\/figure>\n<\/div>\n<\/div>\n<\/div>\n\n\n\n<div class=\"wp-block-column is-vertically-aligned-top wp-block-image alignright size-large has-custom-border camping-info-desc m-ti-text is-layout-flow wp-block-column-is-layout-flow\" style=\"flex-basis:40%\">\n<div class=\"wp-block-group animBase is-vertical is-content-justification-stretch is-layout-flex wp-container-core-group-is-layout-353c4f5a wp-block-group-is-layout-flex\">\n<div class=\"wp-block-group is-style-title-splash is-layout-flow wp-block-group-is-layout-flow is-style-title-splash--2\" style=\"margin-bottom:4rem\">\n<p class=\"has-secondary-color has-text-color has-link-color has-secondary-font-family wp-elements-6e473b9e6cfe9d64b46efa9099f032bd\" style=\"font-size:clamp(3.195rem, 3.195rem + ((1vw - 0.2rem) * 4.346), 6.4rem);\">Allgemeine Informationen<\/p>\n<\/div>\n\n\n\n<div class=\"wp-block-group has-grey-background-color has-background animItem is-nowrap is-layout-flex wp-container-core-group-is-layout-f89dbd13 wp-block-group-is-layout-flex\" style=\"border-top-right-radius:40px;border-bottom-right-radius:40px;padding-top:2rem;padding-right:1rem;padding-bottom:2rem;padding-left:3rem\">\n<figure class=\"wp-block-image size-full\"><img decoding=\"async\" src=\"https:\/\/www.vap-camping.fr\/wp-content\/themes\/vap\/assets\/img\/svg\/calendar.svg\" alt=\"Campingpl\u00e4tze VAP\" class=\"wp-image-430\"\/><\/figure>\n\n\n<p style=\"font-style:normal;font-weight:500\">Ge\u00f6ffnet vom 1. M\u00e4rz bis zum 1. November<\/p><\/div>\n\n\n\n<div class=\"wp-block-group animItem is-content-justification-left is-nowrap is-layout-flex wp-container-core-group-is-layout-82550dec wp-block-group-is-layout-flex\" style=\"padding-top:2rem;padding-right:1rem;padding-bottom:2rem;padding-left:3rem\">\n<figure class=\"wp-block-image size-full\"><img decoding=\"async\" src=\"https:\/\/www.vap-camping.fr\/wp-content\/themes\/vap\/assets\/img\/svg\/house-chimney-window.svg\" alt=\"Campingpl\u00e4tze VAP\" class=\"wp-image-433\"\/><\/figure>\n\n\n<p style=\"font-style:normal;font-weight:500\">95 Ferienh\u00e4user auf 5 ha<\/p><\/div>\n\n\n\n<div class=\"wp-block-group has-grey-background-color has-background animItem is-content-justification-left is-nowrap is-layout-flex wp-container-core-group-is-layout-82550dec wp-block-group-is-layout-flex\" style=\"border-top-right-radius:40px;border-bottom-right-radius:40px;padding-top:2rem;padding-right:1rem;padding-bottom:2rem;padding-left:3rem\">\n<figure class=\"wp-block-image size-full\"><img decoding=\"async\" src=\"https:\/\/www.vap-camping.fr\/wp-content\/themes\/vap\/assets\/img\/svg\/caravan-simple.svg\" alt=\"Campingpl\u00e4tze VAP\" class=\"wp-image-435\"\/><\/figure>\n\n\n<p style=\"font-style:normal;font-weight:500\">40 nackte Stellpl\u00e4tze<\/p><\/div>\n\n\n\n<div class=\"wp-block-group animItem is-nowrap is-layout-flex wp-container-core-group-is-layout-f89dbd13 wp-block-group-is-layout-flex\" style=\"border-radius:0px;padding-top:2rem;padding-right:1rem;padding-bottom:2rem;padding-left:3rem\">\n<figure class=\"wp-block-image size-full\"><img decoding=\"async\" src=\"https:\/\/www.vap-camping.fr\/wp-content\/themes\/vap\/assets\/img\/svg\/location-dot.svg\" alt=\"Campingpl\u00e4tze VAP\" class=\"wp-image-437\"\/><\/figure>\n\n\n<p style=\"font-style:normal;font-weight:500\">Nationalstra\u00dfe 20 Labarre, 09000 Foix<\/p><\/div>\n\n\n\n<div class=\"wp-block-group has-grey-background-color has-background animItem is-nowrap is-layout-flex wp-container-core-group-is-layout-f89dbd13 wp-block-group-is-layout-flex\" style=\"border-top-right-radius:40px;border-bottom-right-radius:40px;padding-top:2rem;padding-right:1rem;padding-bottom:2rem;padding-left:3rem\">\n<figure class=\"wp-block-image size-full is-resized\"><img alt=\"\" decoding=\"async\" src=\"https:\/\/www.vap-camping.fr\/wp-content\/uploads\/2025\/07\/bookmark-regular.svg\" alt=\"\" class=\"wp-image-2202\" style=\"object-fit:contain;width:32px;height:32px\"\/><\/figure>\n\n\n\n<p class=\"has-secondary-color has-text-color has-link-color wp-elements-e5391ae6312fde57caf479624c71a874\" style=\"font-style:normal;font-weight:500\"><a href=\"https:\/\/www.google.com\/maps\/dir\/\/Camping+du+Lac+VAP!,+09000+Foix\/@42.9893144,1.5744565,13z\/data=!4m8!4m7!1m0!1m5!1m1!1s0x12af10bf78216def:0x2678277d5a74af53!2m2!1d1.615656!2d42.989259?entry=ttu&amp;g_ep=EgoyMDI1MDUyMS4wIKXMDSoASAFQAw%3D%3D\" data-type=\"page\" data-id=\"226\" target=\"_blank\" rel=\"noreferrer noopener\">Route<\/a><\/p>\n<\/div>\n\n\n\n<div class=\"wp-block-group animItem is-content-justification-left is-nowrap is-layout-flex wp-container-core-group-is-layout-82550dec wp-block-group-is-layout-flex\" style=\"border-top-right-radius:40px;border-bottom-right-radius:40px;padding-top:2rem;padding-right:1rem;padding-bottom:2rem;padding-left:3rem\">\n<figure class=\"wp-block-image size-full\"><img decoding=\"async\" src=\"https:\/\/www.vap-camping.fr\/wp-content\/themes\/vap\/assets\/img\/svg\/phone.svg\" alt=\"Campingpl\u00e4tze VAP\" class=\"wp-image-439\"\/><\/figure>\n\n\n\n<a href=\"tel:0000000000\" target=\"_self\"><div class=\"wp-block-group has-global-padding is-layout-constrained wp-block-group-is-layout-constrained\">\n<p style=\"font-style:normal;font-weight:500\"><a href=\"tel:0561651158\">0561651158<\/a><\/p>\n<\/div><\/a>\n<\/div>\n\n\n\n<div class=\"wp-block-group has-grey-background-color has-background animItem is-content-justification-left is-nowrap is-layout-flex wp-container-core-group-is-layout-82550dec wp-block-group-is-layout-flex\" style=\"border-top-right-radius:40px;border-bottom-right-radius:40px;padding-top:2rem;padding-right:1rem;padding-bottom:2rem;padding-left:3rem\">\n<figure class=\"wp-block-image size-full\"><img decoding=\"async\" src=\"https:\/\/www.vap-camping.fr\/wp-content\/themes\/vap\/assets\/img\/svg\/envelope.svg\" alt=\"Campingpl\u00e4tze VAP\" class=\"wp-image-441\"\/><\/figure>\n\n\n\n<a href=\"mailto:mail@mail.com\" target=\"_self\"><div class=\"wp-block-group has-global-padding is-layout-constrained wp-block-group-is-layout-constrained\">\n<p style=\"font-style:normal;font-weight:500\"><a href=\"mailto:contact@vap-campings.fr\" data-type=\"mailto\" data-id=\"mailto:contact@vap-campings.fr\">contact@vap-campings.fr<\/a><\/p>\n<\/div><\/a>\n<\/div>\n\n\n\n<div class=\"wp-block-group animItem is-content-justification-space-between is-nowrap is-layout-flex wp-container-core-group-is-layout-866cca21 wp-block-group-is-layout-flex\" style=\"padding-top:2rem;padding-right:1rem;padding-bottom:2rem;padding-left:3rem\">\n<div class=\"wp-block-group is-content-justification-left is-nowrap is-layout-flex wp-container-core-group-is-layout-af23f760 wp-block-group-is-layout-flex\">\n<p style=\"font-style:normal;font-weight:500\">Leistungen vor Ort :<\/p>\n\n\n\n<figure class=\"wp-block-image size-full is-resized\"><img alt=\"piscine\" decoding=\"async\" src=\"https:\/\/www.vap-camping.fr\/wp-content\/uploads\/2025\/04\/water-ladder-ico.svg\" alt=\"\" class=\"wp-image-99\" style=\"width:23px\" title=\"Swimmingpool\"\/><\/figure>\n\n\n\n<figure class=\"wp-block-image size-full is-resized\"><img alt=\"bar restaurant\" decoding=\"async\" src=\"https:\/\/www.vap-camping.fr\/wp-content\/uploads\/2025\/04\/martini-glass.svg\" alt=\"\" class=\"wp-image-98\" style=\"width:23px\" title=\"Bar\/Restaurant\"\/><\/figure>\n\n\n\n<figure class=\"wp-block-image size-full is-resized\"><img alt=\"wifi\" decoding=\"async\" src=\"https:\/\/www.vap-camping.fr\/wp-content\/uploads\/2025\/04\/wifi-ico.svg\" alt=\"\" class=\"wp-image-97\" style=\"width:23px\" title=\"Wifi\"\/><\/figure>\n\n\n\n<figure class=\"wp-block-image size-full is-resized\"><img alt=\"animaux\" decoding=\"async\" src=\"https:\/\/www.vap-camping.fr\/wp-content\/uploads\/2025\/04\/paw-solid.svg\" alt=\"\" class=\"wp-image-326\" style=\"width:23px\" title=\"Haustiere akzeptiert\"\/><\/figure>\n\n\n\n<figure class=\"wp-block-image size-full is-resized\"><img alt=\"animation\" decoding=\"async\" src=\"https:\/\/www.vap-camping.fr\/wp-content\/uploads\/2025\/04\/party-horn-ico.svg\" alt=\"\" class=\"wp-image-95\" style=\"width:23px\" title=\"Animationen\"\/><\/figure>\n\n\n\n<figure class=\"wp-block-image size-full is-resized\"><img alt=\"epicerie\" decoding=\"async\" src=\"https:\/\/www.vap-camping.fr\/wp-content\/uploads\/2025\/04\/basket-shopping.svg\" alt=\"\" class=\"wp-image-94\" style=\"width:23px\" title=\"Lebensmittelgesch\u00e4ft\"\/><\/figure>\n\n\n\n<figure class=\"wp-block-image size-full is-resized\"><img alt=\"accueil v\u00e9lo\" decoding=\"async\" src=\"https:\/\/www.vap-camping.fr\/wp-content\/uploads\/2025\/04\/bicycle-solid.svg\" alt=\"\" class=\"wp-image-328\" style=\"width:23px\" title=\"Fahrradunterstand\"\/><\/figure>\n\n\n\n<figure class=\"wp-block-image size-full is-resized\"><img alt=\"borne \u00e9lectrique\" decoding=\"async\" src=\"https:\/\/www.vap-camping.fr\/wp-content\/uploads\/2025\/07\/bolt-solid.svg\" alt=\"\" class=\"wp-image-2198\" style=\"width:23px\" title=\"Ladestationen f\u00fcr Elektrofahrzeuge\"\/><\/figure>\n\n\n\n<figure class=\"wp-block-image size-full is-resized\"><img decoding=\"async\" src=\"https:\/\/www.vap-camping.fr\/wp-content\/uploads\/2025\/04\/wheelchair-solid.svg\" alt=\"PMR\" class=\"wp-image-323\" style=\"width:23px\" title=\"Ladestationen f\u00fcr Elektrofahrzeuge\"\/><\/figure>\n<\/div>\n<\/div>\n\n\n\n<div class=\"wp-block-group has-grey-background-color has-background animItem is-content-justification-left is-nowrap is-layout-flex wp-container-core-group-is-layout-82550dec wp-block-group-is-layout-flex\" style=\"border-top-right-radius:40px;border-bottom-right-radius:40px;padding-top:2rem;padding-right:1rem;padding-bottom:2rem;padding-left:3rem\">\n<p style=\"font-style:normal;font-weight:500\">Folgen Sie uns :<\/p>\n\n\n\n<figure class=\"wp-block-image size-full\"><a href=\"https:\/\/www.facebook.com\/share\/16JoPMYuvJ\/?mibextid=wwXIfr\" target=\"_blank\" rel=\" noreferrer noopener\"><img alt=\"\" decoding=\"async\" src=\"https:\/\/www.vap-camping.fr\/wp-content\/uploads\/2025\/05\/facebook.svg\" alt=\"\" class=\"wp-image-977\"\/><\/a><\/figure>\n\n\n\n<figure class=\"wp-block-image size-full\"><a href=\"https:\/\/www.instagram.com\/campingdulac_vap\/\"><img alt=\"\" decoding=\"async\" src=\"https:\/\/www.vap-camping.fr\/wp-content\/uploads\/2025\/04\/Icon-insta.svg\" alt=\"\" class=\"wp-image-312\"\/><\/a><\/figure>\n\n\n\n<figure class=\"wp-block-image size-full\"><a href=\"https:\/\/www.youtube.com\/@vapcampingsetgite\"><img alt=\"\" decoding=\"async\" src=\"https:\/\/www.vap-camping.fr\/wp-content\/uploads\/2025\/04\/Icon-youtube.svg\" alt=\"\" class=\"wp-image-314\"\/><\/a><\/figure>\n<\/div>\n\n\n\n<div class=\"wp-block-group animItem is-vertical is-layout-flex wp-container-core-group-is-layout-5a70b6f9 wp-block-group-is-layout-flex\" style=\"border-top-right-radius:40px;border-bottom-right-radius:40px;padding-top:2rem;padding-right:1rem;padding-bottom:2rem;padding-left:3rem\">\n<p><strong>N\u00fctzliche Dokumente :<\/strong><\/p>\n\n\n\n<p style=\"font-style:normal;font-weight:500\"><a href=\"https:\/\/www.vap-camping.fr\/wp-content\/uploads\/2026\/03\/vap-plan-foix-2026.pdf\" target=\"_blank\" rel=\"noreferrer noopener\">Plan des Campingplatzes<\/a><\/p>\n\n\n\n<p style=\"font-style:normal;font-weight:500\"><a href=\"https:\/\/www.vap-camping.fr\/wp-content\/uploads\/2025\/07\/condition-de-vente-foix.pdf\" target=\"_blank\" rel=\"noreferrer noopener\">Allgemeine Gesch\u00e4ftsbedingungen<\/a><\/p>\n\n\n\n<p style=\"font-style:normal;font-weight:500\"><a href=\"https:\/\/www.vap-camping.fr\/wp-content\/uploads\/2026\/03\/vap-tarifs-foix-2026.pdf\" target=\"_blank\" rel=\"noreferrer noopener\">Preise<\/a><\/p>\n<\/div>\n<\/div>\n<\/div>\n<\/div>\n<\/div>\n\n\n\n<div class=\"wp-block-group has-global-padding is-layout-constrained wp-container-core-group-is-layout-8a400663 wp-block-group-is-layout-constrained\">\n<h2 class=\"wp-block-heading has-text-align-center\">Angebote und Aktionen auf dem Campingplatz du Lac in der Ari\u00e8ge<\/h2>\n\n\n\n<p class=\"has-text-align-center\">Entdecken Sie unsere aktuellen Angebote!<\/p>\n\n\n\n<script>\n    window.ctoutvert = {\n\t\tid: 716, \n\t\tlang: 'de', \n\t\turl: 'https:\/\/reservation.secureholiday.net\/widgets\/'\n    };\n    (function (w, d, s, ctv, r, js, fjs) {\n        r=new XMLHttpRequest();r.open('GET',w[ctv].url+'js\/src.json');\n        r.responseType='json';r.json=true;r.send();\n        r.onload=function(){w[ctv].src=r.responseType=='json'?r.response:JSON.parse(r.response);\n        js.src=w[ctv].src[0];fjs.parentNode.insertBefore(js, fjs);}\n        js=d.createElement(s),fjs=d.getElementsByTagName(s)[0];\n        js.id='ctvwidget';js.async=1;\n    }(window, document, 'script', 'ctoutvert'));\n<\/script>\n<style>.vap-w { display: block; max-width: 60%; }<\/style>\n<ctv-offers data-display-mode=\"carousel\" class=\"vap-w\"><\/ctv-offers>\n<\/div>\n\n\n\n<div class=\"wp-block-group has-global-padding is-layout-constrained wp-block-group-is-layout-constrained\">\n<div class=\"wp-block-group alignwide is-style-title-simple fromTop is-layout-flow wp-block-group-is-layout-flow is-style-title-simple--3\" style=\"margin-top:4rem;margin-bottom:4rem\">\n<p class=\"has-text-align-center has-secondary-color has-text-color has-link-color has-secondary-font-family has-xl-font-size wp-elements-417a09004c2076f63ee15c99230330c4\">\n  Fotoarchiv<\/p>\n\n\n\n<p class=\"has-text-align-center has-primary-font-family has-sm-font-size\" style=\"text-transform:uppercase\">\n            <strong>Ihr Urlaub in Bildern<\/strong><\/p>\n<\/div>\n\n\n\n<div class=\"wp-block-group alignfull galery-wrapper is-layout-flow wp-block-group-is-layout-flow\">\n<div class=\"wp-block-group galery-row is-nowrap is-layout-flex wp-container-core-group-is-layout-6c531013 wp-block-group-is-layout-flex\">\n<figure data-wp-context=\"{&quot;imageId&quot;:&quot;69f3c2a795a88&quot;}\" data-wp-interactive=\"core\/image\" class=\"wp-block-image size-large wp-lightbox-container\"><img alt=\"CAMPING foix\" decoding=\"async\" width=\"1024\" height=\"683\" data-wp-class--hide=\"state.isContentHidden\" data-wp-class--show=\"state.isContentVisible\" data-wp-init=\"callbacks.setButtonStyles\" data-wp-on-async--click=\"actions.showLightbox\" data-wp-on-async--load=\"callbacks.setButtonStyles\" data-wp-on-async-window--resize=\"callbacks.setButtonStyles\" src=\"https:\/\/www.vap-camping.fr\/wp-content\/uploads\/2025\/04\/nosclients-campingfoix-1024x683.jpeg\" alt=\"\" class=\"wp-image-570\" style=\"object-fit:cover\" srcset=\"https:\/\/www.vap-camping.fr\/wp-content\/uploads\/2025\/04\/nosclients-campingfoix-1024x683.jpeg 1024w, https:\/\/www.vap-camping.fr\/wp-content\/uploads\/2025\/04\/nosclients-campingfoix-600x400.jpeg 600w, https:\/\/www.vap-camping.fr\/wp-content\/uploads\/2025\/04\/nosclients-campingfoix-768x512.jpeg 768w, https:\/\/www.vap-camping.fr\/wp-content\/uploads\/2025\/04\/nosclients-campingfoix-1536x1024.jpeg 1536w, https:\/\/www.vap-camping.fr\/wp-content\/uploads\/2025\/04\/nosclients-campingfoix-2048x1365.jpeg 2048w\" sizes=\"(max-width: 1024px) 100vw, 1024px\" \/><button\n\t\t\tclass=\"lightbox-trigger\"\n\t\t\ttype=\"button\"\n\t\t\taria-haspopup=\"dialog\"\n\t\t\taria-label=\"Enlarge\"\n\t\t\tdata-wp-init=\"callbacks.initTriggerButton\"\n\t\t\tdata-wp-on-async--click=\"actions.showLightbox\"\n\t\t\tdata-wp-style--right=\"state.imageButtonRight\"\n\t\t\tdata-wp-style--top=\"state.imageButtonTop\"\n\t\t>\n\t\t\t<svg xmlns=\"http:\/\/www.w3.org\/2000\/svg\" width=\"12\" height=\"12\" fill=\"none\" viewBox=\"0 0 12 12\">\n\t\t\t\t<path fill=\"#fff\" d=\"M2 0a2 2 0 0 0-2 2v2h1.5V2a.5.5 0 0 1 .5-.5h2V0H2Zm2 10.5H2a.5.5 0 0 1-.5-.5V8H0v2a2 2 0 0 0 2 2h2v-1.5ZM8 12v-1.5h2a.5.5 0 0 0 .5-.5V8H12v2a2 2 0 0 1-2 2H8Zm2-12a2 2 0 0 1 2 2v2h-1.5V2a.5.5 0 0 0-.5-.5H8V0h2Z\" \/>\n\t\t\t<\/svg>\n\t\t<\/button><\/figure>\n\n\n\n<figure data-wp-context=\"{&quot;imageId&quot;:&quot;69f3c2a796778&quot;}\" data-wp-interactive=\"core\/image\" class=\"wp-block-image size-large wp-lightbox-container\"><img alt=\"\" decoding=\"async\" width=\"1024\" height=\"576\" data-wp-class--hide=\"state.isContentHidden\" data-wp-class--show=\"state.isContentVisible\" data-wp-init=\"callbacks.setButtonStyles\" data-wp-on-async--click=\"actions.showLightbox\" data-wp-on-async--load=\"callbacks.setButtonStyles\" data-wp-on-async-window--resize=\"callbacks.setButtonStyles\" src=\"https:\/\/www.vap-camping.fr\/wp-content\/uploads\/2025\/04\/dsc01013-2-1024x576.jpg\" alt=\"\" class=\"wp-image-2471\" style=\"object-fit:cover\" srcset=\"https:\/\/www.vap-camping.fr\/wp-content\/uploads\/2025\/04\/dsc01013-2-1024x576.jpg 1024w, https:\/\/www.vap-camping.fr\/wp-content\/uploads\/2025\/04\/dsc01013-2-600x337.jpg 600w, https:\/\/www.vap-camping.fr\/wp-content\/uploads\/2025\/04\/dsc01013-2-768x432.jpg 768w, https:\/\/www.vap-camping.fr\/wp-content\/uploads\/2025\/04\/dsc01013-2-1536x863.jpg 1536w, https:\/\/www.vap-camping.fr\/wp-content\/uploads\/2025\/04\/dsc01013-2-2048x1151.jpg 2048w\" sizes=\"(max-width: 1024px) 100vw, 1024px\" \/><button\n\t\t\tclass=\"lightbox-trigger\"\n\t\t\ttype=\"button\"\n\t\t\taria-haspopup=\"dialog\"\n\t\t\taria-label=\"Enlarge\"\n\t\t\tdata-wp-init=\"callbacks.initTriggerButton\"\n\t\t\tdata-wp-on-async--click=\"actions.showLightbox\"\n\t\t\tdata-wp-style--right=\"state.imageButtonRight\"\n\t\t\tdata-wp-style--top=\"state.imageButtonTop\"\n\t\t>\n\t\t\t<svg xmlns=\"http:\/\/www.w3.org\/2000\/svg\" width=\"12\" height=\"12\" fill=\"none\" viewBox=\"0 0 12 12\">\n\t\t\t\t<path fill=\"#fff\" d=\"M2 0a2 2 0 0 0-2 2v2h1.5V2a.5.5 0 0 1 .5-.5h2V0H2Zm2 10.5H2a.5.5 0 0 1-.5-.5V8H0v2a2 2 0 0 0 2 2h2v-1.5ZM8 12v-1.5h2a.5.5 0 0 0 .5-.5V8H12v2a2 2 0 0 1-2 2H8Zm2-12a2 2 0 0 1 2 2v2h-1.5V2a.5.5 0 0 0-.5-.5H8V0h2Z\" \/>\n\t\t\t<\/svg>\n\t\t<\/button><\/figure>\n\n\n\n<figure data-wp-context=\"{&quot;imageId&quot;:&quot;69f3c2a796f39&quot;}\" data-wp-interactive=\"core\/image\" class=\"wp-block-image size-large wp-lightbox-container\"><img alt=\"\" decoding=\"async\" width=\"1024\" height=\"683\" data-wp-class--hide=\"state.isContentHidden\" data-wp-class--show=\"state.isContentVisible\" data-wp-init=\"callbacks.setButtonStyles\" data-wp-on-async--click=\"actions.showLightbox\" data-wp-on-async--load=\"callbacks.setButtonStyles\" data-wp-on-async-window--resize=\"callbacks.setButtonStyles\" src=\"https:\/\/www.vap-camping.fr\/wp-content\/uploads\/2025\/04\/skyvue-campingfoix-1024x683.jpg\" alt=\"\" class=\"wp-image-576\" style=\"object-fit:cover\" srcset=\"https:\/\/www.vap-camping.fr\/wp-content\/uploads\/2025\/04\/skyvue-campingfoix-1024x683.jpg 1024w, https:\/\/www.vap-camping.fr\/wp-content\/uploads\/2025\/04\/skyvue-campingfoix-600x400.jpg 600w, https:\/\/www.vap-camping.fr\/wp-content\/uploads\/2025\/04\/skyvue-campingfoix-768x512.jpg 768w, https:\/\/www.vap-camping.fr\/wp-content\/uploads\/2025\/04\/skyvue-campingfoix-1536x1024.jpg 1536w, https:\/\/www.vap-camping.fr\/wp-content\/uploads\/2025\/04\/skyvue-campingfoix-2048x1365.jpg 2048w\" sizes=\"(max-width: 1024px) 100vw, 1024px\" \/><button\n\t\t\tclass=\"lightbox-trigger\"\n\t\t\ttype=\"button\"\n\t\t\taria-haspopup=\"dialog\"\n\t\t\taria-label=\"Enlarge\"\n\t\t\tdata-wp-init=\"callbacks.initTriggerButton\"\n\t\t\tdata-wp-on-async--click=\"actions.showLightbox\"\n\t\t\tdata-wp-style--right=\"state.imageButtonRight\"\n\t\t\tdata-wp-style--top=\"state.imageButtonTop\"\n\t\t>\n\t\t\t<svg xmlns=\"http:\/\/www.w3.org\/2000\/svg\" width=\"12\" height=\"12\" fill=\"none\" viewBox=\"0 0 12 12\">\n\t\t\t\t<path fill=\"#fff\" d=\"M2 0a2 2 0 0 0-2 2v2h1.5V2a.5.5 0 0 1 .5-.5h2V0H2Zm2 10.5H2a.5.5 0 0 1-.5-.5V8H0v2a2 2 0 0 0 2 2h2v-1.5ZM8 12v-1.5h2a.5.5 0 0 0 .5-.5V8H12v2a2 2 0 0 1-2 2H8Zm2-12a2 2 0 0 1 2 2v2h-1.5V2a.5.5 0 0 0-.5-.5H8V0h2Z\" \/>\n\t\t\t<\/svg>\n\t\t<\/button><\/figure>\n\n\n\n<figure data-wp-context=\"{&quot;imageId&quot;:&quot;69f3c2a797684&quot;}\" data-wp-interactive=\"core\/image\" class=\"wp-block-image size-large wp-lightbox-container\"><img alt=\"\" decoding=\"async\" width=\"1024\" height=\"683\" data-wp-class--hide=\"state.isContentHidden\" data-wp-class--show=\"state.isContentVisible\" data-wp-init=\"callbacks.setButtonStyles\" data-wp-on-async--click=\"actions.showLightbox\" data-wp-on-async--load=\"callbacks.setButtonStyles\" data-wp-on-async-window--resize=\"callbacks.setButtonStyles\" src=\"https:\/\/www.vap-camping.fr\/wp-content\/uploads\/2025\/04\/petitjeudesenfant-campingfoix-1024x683.jpeg\" alt=\"\" class=\"wp-image-572\" style=\"object-fit:cover\" srcset=\"https:\/\/www.vap-camping.fr\/wp-content\/uploads\/2025\/04\/petitjeudesenfant-campingfoix-1024x683.jpeg 1024w, https:\/\/www.vap-camping.fr\/wp-content\/uploads\/2025\/04\/petitjeudesenfant-campingfoix-600x400.jpeg 600w, https:\/\/www.vap-camping.fr\/wp-content\/uploads\/2025\/04\/petitjeudesenfant-campingfoix-768x512.jpeg 768w, https:\/\/www.vap-camping.fr\/wp-content\/uploads\/2025\/04\/petitjeudesenfant-campingfoix-1536x1024.jpeg 1536w, https:\/\/www.vap-camping.fr\/wp-content\/uploads\/2025\/04\/petitjeudesenfant-campingfoix-2048x1365.jpeg 2048w\" sizes=\"(max-width: 1024px) 100vw, 1024px\" \/><button\n\t\t\tclass=\"lightbox-trigger\"\n\t\t\ttype=\"button\"\n\t\t\taria-haspopup=\"dialog\"\n\t\t\taria-label=\"Enlarge\"\n\t\t\tdata-wp-init=\"callbacks.initTriggerButton\"\n\t\t\tdata-wp-on-async--click=\"actions.showLightbox\"\n\t\t\tdata-wp-style--right=\"state.imageButtonRight\"\n\t\t\tdata-wp-style--top=\"state.imageButtonTop\"\n\t\t>\n\t\t\t<svg xmlns=\"http:\/\/www.w3.org\/2000\/svg\" width=\"12\" height=\"12\" fill=\"none\" viewBox=\"0 0 12 12\">\n\t\t\t\t<path fill=\"#fff\" d=\"M2 0a2 2 0 0 0-2 2v2h1.5V2a.5.5 0 0 1 .5-.5h2V0H2Zm2 10.5H2a.5.5 0 0 1-.5-.5V8H0v2a2 2 0 0 0 2 2h2v-1.5ZM8 12v-1.5h2a.5.5 0 0 0 .5-.5V8H12v2a2 2 0 0 1-2 2H8Zm2-12a2 2 0 0 1 2 2v2h-1.5V2a.5.5 0 0 0-.5-.5H8V0h2Z\" \/>\n\t\t\t<\/svg>\n\t\t<\/button><\/figure>\n\n\n\n<figure data-wp-context=\"{&quot;imageId&quot;:&quot;69f3c2a797db1&quot;}\" data-wp-interactive=\"core\/image\" class=\"wp-block-image size-large wp-lightbox-container\"><img alt=\"\" decoding=\"async\" width=\"1024\" height=\"576\" data-wp-class--hide=\"state.isContentHidden\" data-wp-class--show=\"state.isContentVisible\" data-wp-init=\"callbacks.setButtonStyles\" data-wp-on-async--click=\"actions.showLightbox\" data-wp-on-async--load=\"callbacks.setButtonStyles\" data-wp-on-async-window--resize=\"callbacks.setButtonStyles\" src=\"https:\/\/www.vap-camping.fr\/wp-content\/uploads\/2025\/04\/jeu-denfant-1024x576.jpg\" alt=\"\" class=\"wp-image-2473\" style=\"object-fit:cover\" srcset=\"https:\/\/www.vap-camping.fr\/wp-content\/uploads\/2025\/04\/jeu-denfant-1024x576.jpg 1024w, https:\/\/www.vap-camping.fr\/wp-content\/uploads\/2025\/04\/jeu-denfant-600x337.jpg 600w, https:\/\/www.vap-camping.fr\/wp-content\/uploads\/2025\/04\/jeu-denfant-768x432.jpg 768w, https:\/\/www.vap-camping.fr\/wp-content\/uploads\/2025\/04\/jeu-denfant-1536x863.jpg 1536w, https:\/\/www.vap-camping.fr\/wp-content\/uploads\/2025\/04\/jeu-denfant-2048x1151.jpg 2048w\" sizes=\"(max-width: 1024px) 100vw, 1024px\" \/><button\n\t\t\tclass=\"lightbox-trigger\"\n\t\t\ttype=\"button\"\n\t\t\taria-haspopup=\"dialog\"\n\t\t\taria-label=\"Enlarge\"\n\t\t\tdata-wp-init=\"callbacks.initTriggerButton\"\n\t\t\tdata-wp-on-async--click=\"actions.showLightbox\"\n\t\t\tdata-wp-style--right=\"state.imageButtonRight\"\n\t\t\tdata-wp-style--top=\"state.imageButtonTop\"\n\t\t>\n\t\t\t<svg xmlns=\"http:\/\/www.w3.org\/2000\/svg\" width=\"12\" height=\"12\" fill=\"none\" viewBox=\"0 0 12 12\">\n\t\t\t\t<path fill=\"#fff\" d=\"M2 0a2 2 0 0 0-2 2v2h1.5V2a.5.5 0 0 1 .5-.5h2V0H2Zm2 10.5H2a.5.5 0 0 1-.5-.5V8H0v2a2 2 0 0 0 2 2h2v-1.5ZM8 12v-1.5h2a.5.5 0 0 0 .5-.5V8H12v2a2 2 0 0 1-2 2H8Zm2-12a2 2 0 0 1 2 2v2h-1.5V2a.5.5 0 0 0-.5-.5H8V0h2Z\" \/>\n\t\t\t<\/svg>\n\t\t<\/button><\/figure>\n<\/div>\n\n\n\n<div class=\"wp-block-group galery-row is-nowrap is-layout-flex wp-container-core-group-is-layout-6c531013 wp-block-group-is-layout-flex\">\n<figure data-wp-context=\"{&quot;imageId&quot;:&quot;69f3c2a7985e6&quot;}\" data-wp-interactive=\"core\/image\" class=\"wp-block-image size-large wp-lightbox-container\"><img alt=\"snack\" decoding=\"async\" width=\"1024\" height=\"683\" data-wp-class--hide=\"state.isContentHidden\" data-wp-class--show=\"state.isContentVisible\" data-wp-init=\"callbacks.setButtonStyles\" data-wp-on-async--click=\"actions.showLightbox\" data-wp-on-async--load=\"callbacks.setButtonStyles\" data-wp-on-async-window--resize=\"callbacks.setButtonStyles\" src=\"https:\/\/www.vap-camping.fr\/wp-content\/uploads\/2025\/04\/snackvue-campingfoix-1-1024x683.jpeg\" alt=\"\" class=\"wp-image-578\" style=\"object-fit:cover\" srcset=\"https:\/\/www.vap-camping.fr\/wp-content\/uploads\/2025\/04\/snackvue-campingfoix-1-1024x683.jpeg 1024w, https:\/\/www.vap-camping.fr\/wp-content\/uploads\/2025\/04\/snackvue-campingfoix-1-600x400.jpeg 600w, https:\/\/www.vap-camping.fr\/wp-content\/uploads\/2025\/04\/snackvue-campingfoix-1-768x512.jpeg 768w, https:\/\/www.vap-camping.fr\/wp-content\/uploads\/2025\/04\/snackvue-campingfoix-1-1536x1024.jpeg 1536w, https:\/\/www.vap-camping.fr\/wp-content\/uploads\/2025\/04\/snackvue-campingfoix-1-2048x1365.jpeg 2048w\" sizes=\"(max-width: 1024px) 100vw, 1024px\" \/><button\n\t\t\tclass=\"lightbox-trigger\"\n\t\t\ttype=\"button\"\n\t\t\taria-haspopup=\"dialog\"\n\t\t\taria-label=\"Enlarge\"\n\t\t\tdata-wp-init=\"callbacks.initTriggerButton\"\n\t\t\tdata-wp-on-async--click=\"actions.showLightbox\"\n\t\t\tdata-wp-style--right=\"state.imageButtonRight\"\n\t\t\tdata-wp-style--top=\"state.imageButtonTop\"\n\t\t>\n\t\t\t<svg xmlns=\"http:\/\/www.w3.org\/2000\/svg\" width=\"12\" height=\"12\" fill=\"none\" viewBox=\"0 0 12 12\">\n\t\t\t\t<path fill=\"#fff\" d=\"M2 0a2 2 0 0 0-2 2v2h1.5V2a.5.5 0 0 1 .5-.5h2V0H2Zm2 10.5H2a.5.5 0 0 1-.5-.5V8H0v2a2 2 0 0 0 2 2h2v-1.5ZM8 12v-1.5h2a.5.5 0 0 0 .5-.5V8H12v2a2 2 0 0 1-2 2H8Zm2-12a2 2 0 0 1 2 2v2h-1.5V2a.5.5 0 0 0-.5-.5H8V0h2Z\" \/>\n\t\t\t<\/svg>\n\t\t<\/button><\/figure>\n\n\n\n<figure data-wp-context=\"{&quot;imageId&quot;:&quot;69f3c2a798cf3&quot;}\" data-wp-interactive=\"core\/image\" class=\"wp-block-image size-large wp-lightbox-container\"><img alt=\"\" decoding=\"async\" width=\"1024\" height=\"683\" data-wp-class--hide=\"state.isContentHidden\" data-wp-class--show=\"state.isContentVisible\" data-wp-init=\"callbacks.setButtonStyles\" data-wp-on-async--click=\"actions.showLightbox\" data-wp-on-async--load=\"callbacks.setButtonStyles\" data-wp-on-async-window--resize=\"callbacks.setButtonStyles\" src=\"https:\/\/www.vap-camping.fr\/wp-content\/uploads\/2025\/04\/chalet-information-foix-1024x683.jpeg\" alt=\"\" class=\"wp-image-586\" style=\"object-fit:cover\" srcset=\"https:\/\/www.vap-camping.fr\/wp-content\/uploads\/2025\/04\/chalet-information-foix-1024x683.jpeg 1024w, https:\/\/www.vap-camping.fr\/wp-content\/uploads\/2025\/04\/chalet-information-foix-600x400.jpeg 600w, https:\/\/www.vap-camping.fr\/wp-content\/uploads\/2025\/04\/chalet-information-foix-768x512.jpeg 768w, https:\/\/www.vap-camping.fr\/wp-content\/uploads\/2025\/04\/chalet-information-foix-1536x1024.jpeg 1536w, https:\/\/www.vap-camping.fr\/wp-content\/uploads\/2025\/04\/chalet-information-foix-2048x1365.jpeg 2048w\" sizes=\"(max-width: 1024px) 100vw, 1024px\" \/><button\n\t\t\tclass=\"lightbox-trigger\"\n\t\t\ttype=\"button\"\n\t\t\taria-haspopup=\"dialog\"\n\t\t\taria-label=\"Enlarge\"\n\t\t\tdata-wp-init=\"callbacks.initTriggerButton\"\n\t\t\tdata-wp-on-async--click=\"actions.showLightbox\"\n\t\t\tdata-wp-style--right=\"state.imageButtonRight\"\n\t\t\tdata-wp-style--top=\"state.imageButtonTop\"\n\t\t>\n\t\t\t<svg xmlns=\"http:\/\/www.w3.org\/2000\/svg\" width=\"12\" height=\"12\" fill=\"none\" viewBox=\"0 0 12 12\">\n\t\t\t\t<path fill=\"#fff\" d=\"M2 0a2 2 0 0 0-2 2v2h1.5V2a.5.5 0 0 1 .5-.5h2V0H2Zm2 10.5H2a.5.5 0 0 1-.5-.5V8H0v2a2 2 0 0 0 2 2h2v-1.5ZM8 12v-1.5h2a.5.5 0 0 0 .5-.5V8H12v2a2 2 0 0 1-2 2H8Zm2-12a2 2 0 0 1 2 2v2h-1.5V2a.5.5 0 0 0-.5-.5H8V0h2Z\" \/>\n\t\t\t<\/svg>\n\t\t<\/button><\/figure>\n\n\n\n<figure data-wp-context=\"{&quot;imageId&quot;:&quot;69f3c2a799791&quot;}\" data-wp-interactive=\"core\/image\" class=\"wp-block-image size-large wp-lightbox-container\"><img alt=\"\" decoding=\"async\" width=\"1024\" height=\"683\" data-wp-class--hide=\"state.isContentHidden\" data-wp-class--show=\"state.isContentVisible\" data-wp-init=\"callbacks.setButtonStyles\" data-wp-on-async--click=\"actions.showLightbox\" data-wp-on-async--load=\"callbacks.setButtonStyles\" data-wp-on-async-window--resize=\"callbacks.setButtonStyles\" src=\"https:\/\/www.vap-camping.fr\/wp-content\/uploads\/2025\/04\/vue-Cocosweet-1024x683.jpeg\" alt=\"\" class=\"wp-image-588\" style=\"object-fit:cover\" srcset=\"https:\/\/www.vap-camping.fr\/wp-content\/uploads\/2025\/04\/vue-Cocosweet-1024x683.jpeg 1024w, https:\/\/www.vap-camping.fr\/wp-content\/uploads\/2025\/04\/vue-Cocosweet-600x400.jpeg 600w, https:\/\/www.vap-camping.fr\/wp-content\/uploads\/2025\/04\/vue-Cocosweet-768x512.jpeg 768w, https:\/\/www.vap-camping.fr\/wp-content\/uploads\/2025\/04\/vue-Cocosweet-1536x1024.jpeg 1536w, https:\/\/www.vap-camping.fr\/wp-content\/uploads\/2025\/04\/vue-Cocosweet-2048x1365.jpeg 2048w\" sizes=\"(max-width: 1024px) 100vw, 1024px\" \/><button\n\t\t\tclass=\"lightbox-trigger\"\n\t\t\ttype=\"button\"\n\t\t\taria-haspopup=\"dialog\"\n\t\t\taria-label=\"Enlarge\"\n\t\t\tdata-wp-init=\"callbacks.initTriggerButton\"\n\t\t\tdata-wp-on-async--click=\"actions.showLightbox\"\n\t\t\tdata-wp-style--right=\"state.imageButtonRight\"\n\t\t\tdata-wp-style--top=\"state.imageButtonTop\"\n\t\t>\n\t\t\t<svg xmlns=\"http:\/\/www.w3.org\/2000\/svg\" width=\"12\" height=\"12\" fill=\"none\" viewBox=\"0 0 12 12\">\n\t\t\t\t<path fill=\"#fff\" d=\"M2 0a2 2 0 0 0-2 2v2h1.5V2a.5.5 0 0 1 .5-.5h2V0H2Zm2 10.5H2a.5.5 0 0 1-.5-.5V8H0v2a2 2 0 0 0 2 2h2v-1.5ZM8 12v-1.5h2a.5.5 0 0 0 .5-.5V8H12v2a2 2 0 0 1-2 2H8Zm2-12a2 2 0 0 1 2 2v2h-1.5V2a.5.5 0 0 0-.5-.5H8V0h2Z\" \/>\n\t\t\t<\/svg>\n\t\t<\/button><\/figure>\n\n\n\n<figure data-wp-context=\"{&quot;imageId&quot;:&quot;69f3c2a79a22d&quot;}\" data-wp-interactive=\"core\/image\" class=\"wp-block-image size-large wp-lightbox-container\"><img alt=\"\" decoding=\"async\" width=\"1024\" height=\"683\" data-wp-class--hide=\"state.isContentHidden\" data-wp-class--show=\"state.isContentVisible\" data-wp-init=\"callbacks.setButtonStyles\" data-wp-on-async--click=\"actions.showLightbox\" data-wp-on-async--load=\"callbacks.setButtonStyles\" data-wp-on-async-window--resize=\"callbacks.setButtonStyles\" src=\"https:\/\/www.vap-camping.fr\/wp-content\/uploads\/2025\/04\/cottage-XL-terrasse-3-1024x683.jpg\" alt=\"\" class=\"wp-image-590\" style=\"object-fit:cover\" srcset=\"https:\/\/www.vap-camping.fr\/wp-content\/uploads\/2025\/04\/cottage-XL-terrasse-3-1024x683.jpg 1024w, https:\/\/www.vap-camping.fr\/wp-content\/uploads\/2025\/04\/cottage-XL-terrasse-3-600x400.jpg 600w, https:\/\/www.vap-camping.fr\/wp-content\/uploads\/2025\/04\/cottage-XL-terrasse-3-768x512.jpg 768w, https:\/\/www.vap-camping.fr\/wp-content\/uploads\/2025\/04\/cottage-XL-terrasse-3-1536x1024.jpg 1536w, https:\/\/www.vap-camping.fr\/wp-content\/uploads\/2025\/04\/cottage-XL-terrasse-3-2048x1365.jpg 2048w\" sizes=\"(max-width: 1024px) 100vw, 1024px\" \/><button\n\t\t\tclass=\"lightbox-trigger\"\n\t\t\ttype=\"button\"\n\t\t\taria-haspopup=\"dialog\"\n\t\t\taria-label=\"Enlarge\"\n\t\t\tdata-wp-init=\"callbacks.initTriggerButton\"\n\t\t\tdata-wp-on-async--click=\"actions.showLightbox\"\n\t\t\tdata-wp-style--right=\"state.imageButtonRight\"\n\t\t\tdata-wp-style--top=\"state.imageButtonTop\"\n\t\t>\n\t\t\t<svg xmlns=\"http:\/\/www.w3.org\/2000\/svg\" width=\"12\" height=\"12\" fill=\"none\" viewBox=\"0 0 12 12\">\n\t\t\t\t<path fill=\"#fff\" d=\"M2 0a2 2 0 0 0-2 2v2h1.5V2a.5.5 0 0 1 .5-.5h2V0H2Zm2 10.5H2a.5.5 0 0 1-.5-.5V8H0v2a2 2 0 0 0 2 2h2v-1.5ZM8 12v-1.5h2a.5.5 0 0 0 .5-.5V8H12v2a2 2 0 0 1-2 2H8Zm2-12a2 2 0 0 1 2 2v2h-1.5V2a.5.5 0 0 0-.5-.5H8V0h2Z\" \/>\n\t\t\t<\/svg>\n\t\t<\/button><\/figure>\n\n\n\n<figure data-wp-context=\"{&quot;imageId&quot;:&quot;69f3c2a79a9b7&quot;}\" data-wp-interactive=\"core\/image\" class=\"wp-block-image size-large wp-lightbox-container\"><img alt=\"\" decoding=\"async\" width=\"1024\" height=\"683\" data-wp-class--hide=\"state.isContentHidden\" data-wp-class--show=\"state.isContentVisible\" data-wp-init=\"callbacks.setButtonStyles\" data-wp-on-async--click=\"actions.showLightbox\" data-wp-on-async--load=\"callbacks.setButtonStyles\" data-wp-on-async-window--resize=\"callbacks.setButtonStyles\" src=\"https:\/\/www.vap-camping.fr\/wp-content\/uploads\/2025\/04\/reception-campingfoix-1024x683.jpg\" alt=\"\" class=\"wp-image-574\" style=\"object-fit:cover\" srcset=\"https:\/\/www.vap-camping.fr\/wp-content\/uploads\/2025\/04\/reception-campingfoix-1024x683.jpg 1024w, https:\/\/www.vap-camping.fr\/wp-content\/uploads\/2025\/04\/reception-campingfoix-600x400.jpg 600w, https:\/\/www.vap-camping.fr\/wp-content\/uploads\/2025\/04\/reception-campingfoix-768x512.jpg 768w, https:\/\/www.vap-camping.fr\/wp-content\/uploads\/2025\/04\/reception-campingfoix-1536x1024.jpg 1536w, https:\/\/www.vap-camping.fr\/wp-content\/uploads\/2025\/04\/reception-campingfoix-2048x1365.jpg 2048w\" sizes=\"(max-width: 1024px) 100vw, 1024px\" \/><button\n\t\t\tclass=\"lightbox-trigger\"\n\t\t\ttype=\"button\"\n\t\t\taria-haspopup=\"dialog\"\n\t\t\taria-label=\"Enlarge\"\n\t\t\tdata-wp-init=\"callbacks.initTriggerButton\"\n\t\t\tdata-wp-on-async--click=\"actions.showLightbox\"\n\t\t\tdata-wp-style--right=\"state.imageButtonRight\"\n\t\t\tdata-wp-style--top=\"state.imageButtonTop\"\n\t\t>\n\t\t\t<svg xmlns=\"http:\/\/www.w3.org\/2000\/svg\" width=\"12\" height=\"12\" fill=\"none\" viewBox=\"0 0 12 12\">\n\t\t\t\t<path fill=\"#fff\" d=\"M2 0a2 2 0 0 0-2 2v2h1.5V2a.5.5 0 0 1 .5-.5h2V0H2Zm2 10.5H2a.5.5 0 0 1-.5-.5V8H0v2a2 2 0 0 0 2 2h2v-1.5ZM8 12v-1.5h2a.5.5 0 0 0 .5-.5V8H12v2a2 2 0 0 1-2 2H8Zm2-12a2 2 0 0 1 2 2v2h-1.5V2a.5.5 0 0 0-.5-.5H8V0h2Z\" \/>\n\t\t\t<\/svg>\n\t\t<\/button><\/figure>\n<\/div>\n<\/div>\n<\/div>\n\n\n\n<div class=\"wp-block-group alignwide is-style-title-simple fromTop is-layout-flow wp-block-group-is-layout-flow is-style-title-simple--4\" style=\"margin-top:4rem;margin-bottom:4rem\">\n<p class=\"has-text-align-center has-secondary-color has-text-color has-link-color has-secondary-font-family has-xl-font-size wp-elements-262993bd09650215bf0bb72cec1f846e\">Finden Sie<\/p>\n\n\n\n<p class=\"has-text-align-center has-primary-font-family has-sm-font-size\" style=\"text-transform:uppercase\"><strong>Ihren Stellplatz oder Ihre Unterkunft<\/strong><\/p>\n<\/div>\n\n\n\n<div style=\"background-image:url(&#039;https:\/\/www.vap-camping.fr\/wp-content\/uploads\/2025\/04\/vue-des-mobilhome-campingfoix-scaled.jpeg&#039;);background-size:cover;\" class=\"wp-block-group bg-img-part is-layout-flow wp-block-group-is-layout-flow has-background\">\n<div class=\"wp-block-columns alignfull is-layout-flex wp-container-core-columns-is-layout-28f84493 wp-block-columns-is-layout-flex\">\n<div class=\"wp-block-column part-void is-layout-flow wp-block-column-is-layout-flow\"><\/div>\n\n\n\n<div class=\"wp-block-column part-content is-layout-flow wp-block-column-is-layout-flow\" style=\"flex-basis:45%\">\n<div class=\"wp-block-group is-bg-rounded has-global-padding is-content-justification-right is-layout-constrained wp-container-core-group-is-layout-42ecb5a2 wp-block-group-is-layout-constrained\">\n<div class=\"wp-block-group alignfull is-style-title-flip has-global-padding is-content-justification-right is-layout-constrained wp-container-core-group-is-layout-f1f2ed93 wp-block-group-is-layout-constrained is-style-title-flip--5\">\n<p class=\"has-text-align-right has-secondary-font-family has-xl-font-size\">Vermietungen<\/p>\n\n\n\n<p class=\"has-text-align-right has-sm-font-size\" style=\"text-transform:uppercase\"><strong>und Standorte<\/strong><\/p>\n\n\n\n<h1 class=\"wp-block-heading text-title\">  Der <strong>Campingplatz du Lac ist f\u00fcr alle Profile geeignet, damit Sie Ihr Gl\u00fcck in der Ari\u00e8ge, 1 Stunde von Toulouse entfernt, finden k\u00f6nnen!<\/strong><\/h1>\n\n\n\n<div class=\"wp-block-group has-global-padding is-content-justification-right is-layout-constrained wp-container-core-group-is-layout-f1f2ed93 wp-block-group-is-layout-constrained\">\n<div class=\"wp-block-columns is-layout-flex wp-container-core-columns-is-layout-28f84493 wp-block-columns-is-layout-flex\">\n<div class=\"wp-block-column is-layout-flow wp-block-column-is-layout-flow\" style=\"flex-basis:100%\">\n<div class=\"wp-block-group alignfull is-vertical is-layout-flex wp-container-core-group-is-layout-fe9cc265 wp-block-group-is-layout-flex\">\n<div class=\"wp-block-group has-global-padding is-layout-constrained wp-block-group-is-layout-constrained\">\n<p class=\"has-link-color wp-elements-808db589a1d13624000bd4d05ee94b0b\">Unser <a href=\"https:\/\/www.vap-camping.fr\/de\/camping-pas-cher-foix\/\" data-type=\"page\" data-id=\"2418\">Campingplatz in Foix<\/a> bietet Ihnen :<\/p>\n\n\n\n<p class=\"has-link-color wp-elements-fc7c8b27da264a942818a8c0d620fd22\">Komfortable Unterk\u00fcnfte: Cottages f\u00fcr 4 bis 6 Personen, mit oder ohne Klimaanlage, eingerichtete Coco Sweet Zelte f\u00fcr Abenteurer und kleine Valentin Bungalows f\u00fcr Kurzaufenthalte.<\/p>\n\n\n\n<p class=\"has-link-color wp-elements-c037bf329b2fb0c3f6f74bcdb58a7c77\">Gro\u00dfz\u00fcgige Stellpl\u00e4tze f\u00fcr Zelte, Wohnwagen und Wohnmobile, mit oder ohne Stromanschluss, f\u00fcr Liebhaber des traditionellen Campings.<\/p>\n<\/div>\n\n\n\n<p class=\"has-link-color wp-elements-d3c304fe786f29af5f35fb5592ea7e95\">Unser Campingplatz ist auch f\u00fcr Personen mit eingeschr\u00e4nkter Mobilit\u00e4t geeignet und wir hei\u00dfen Assistenzhunde kostenlos willkommen.<\/p>\n\n\n\n<p class=\"has-link-color wp-elements-8de9046bb2ee0557fa31ec017ce6e1cd\">  Genie\u00dfen Sie die gr\u00fcne Umgebung, die famili\u00e4re Atmosph\u00e4re und die N\u00e4he zum historischen Zentrum und den sportlichen und touristischen Aktivit\u00e4ten von Foix.<\/p>\n<\/div>\n<\/div>\n<\/div>\n<\/div>\n<\/div>\n\n\n\n<div class=\"wp-block-buttons is-horizontal is-content-justification-right is-layout-flex wp-container-core-buttons-is-layout-30af2ff6 wp-block-buttons-is-layout-flex\">\n<div class=\"wp-block-button button is-style-fill\"><a class=\"wp-block-button__link wp-element-button\" href=\"#holidays\" style=\"padding-top:0px;padding-right:0px;padding-bottom:0px;padding-left:0px\">Entdecken Sie<\/a><\/div>\n<\/div>\n<\/div>\n<\/div>\n<\/div>\n<\/div>\n\n\n\n<div id=\"holidays\" class=\"wp-block-group has-global-padding is-layout-constrained wp-container-core-group-is-layout-8a400663 wp-block-group-is-layout-constrained\">\n<script>\n            window.ctoutvert = {\n                id: 716,\n                url: 'https:\/\/reservation.secureholiday.net\/widgets\/'\n            };\n            (function (w, d, s, ctv, r, js, fjs) {\n                r = new XMLHttpRequest(); r.open('GET', w[ctv].url + 'js\/src.json');\n                r.responseType = 'json'; r.json = true; r.send();\n                r.onload = function () {\n                    w[ctv].src = r.responseType == 'json' ? r.response : JSON.parse(r.response);\n                    js.src = w[ctv].src[0]; fjs.parentNode.insertBefore(js, fjs);\n                }\n                js = d.createElement(s), fjs = d.getElementsByTagName(s)[0];\n                js.id = 'ctvwidget'; js.async = 1;\n            }(window, document, 'script', 'ctoutvert'));\n        <\/script>\n        <ctv-availability data-background-color=\"#FFFFFF00\"><\/ctv-availability>\n<\/div>\n\n\n\n<div class=\"wp-block-group has-global-padding is-layout-constrained wp-block-group-is-layout-constrained\">\n<div class=\"wp-block-columns alignfull are-vertically-aligned-center m-ti is-layout-flex wp-container-core-columns-is-layout-0c0b91ec wp-block-columns-is-layout-flex\">\n<div class=\"wp-block-column is-vertically-aligned-center wp-block-image alignright size-large has-custom-border is-style-simple-left m-ti-image is-layout-flow wp-block-column-is-layout-flow is-style-simple-left--6\" style=\"flex-basis:60%\">\n<figure class=\"wp-block-image alignleft size-large\"><img alt=\"\" decoding=\"async\" width=\"1024\" height=\"683\" src=\"https:\/\/www.vap-camping.fr\/wp-content\/uploads\/2025\/04\/vuepiscine-campingfoix-1024x683.jpg\" alt=\"\" class=\"wp-image-568\" srcset=\"https:\/\/www.vap-camping.fr\/wp-content\/uploads\/2025\/04\/vuepiscine-campingfoix-1024x683.jpg 1024w, https:\/\/www.vap-camping.fr\/wp-content\/uploads\/2025\/04\/vuepiscine-campingfoix-600x400.jpg 600w, https:\/\/www.vap-camping.fr\/wp-content\/uploads\/2025\/04\/vuepiscine-campingfoix-768x512.jpg 768w, https:\/\/www.vap-camping.fr\/wp-content\/uploads\/2025\/04\/vuepiscine-campingfoix-1536x1024.jpg 1536w, https:\/\/www.vap-camping.fr\/wp-content\/uploads\/2025\/04\/vuepiscine-campingfoix-2048x1365.jpg 2048w\" sizes=\"(max-width: 1024px) 100vw, 1024px\" \/><\/figure>\n<\/div>\n\n\n\n<div class=\"wp-block-column is-vertically-aligned-center m-ti-text is-layout-flow wp-container-core-column-is-layout-58dbe9e9 wp-block-column-is-layout-flow\" style=\"padding-left:10rem;flex-basis:40%\">\n<div class=\"wp-block-group is-style-title-left is-layout-flow wp-block-group-is-layout-flow is-style-title-left--7\">\n<p class=\"has-secondary-color has-text-color has-link-color has-secondary-font-family has-xl-font-size wp-elements-c3be1823d9b68db45749e2348b06eb06\">Unsere Dienstleistungen<\/p>\n\n\n\n<p class=\"has-primary-color has-text-color has-link-color has-primary-font-family has-sm-font-size wp-elements-450b800f99d05a7549c1d78ba7a7376b\" style=\"text-transform:uppercase\"><strong>F\u00fcr Ihren Aufenthalt mit allem Komfort<\/strong><\/p>\n<\/div>\n\n\n\n<h2 class=\"wp-block-heading text-title\">Es gibt alles f\u00fcr Eltern, Kinder, Sportler und Freunde!<\/h2>\n\n\n\n<p class=\"has-primary-color has-text-color has-link-color has-m-font-size wp-elements-bdd7c64b7023bd27e25027d25b2ebd5d\" style=\"padding-left:2rem\">In unserem <a href=\"https:\/\/www.vap-camping.fr\/de\/camping-4-etoiles-ariege\/\" data-type=\"page\" data-id=\"3390\"><strong>4-Sterne-Campingplatz in der Ari\u00e8ge<\/strong><\/a>ist alles vorhanden, um Ihren Aufenthalt so angenehm wie m\u00f6glich zu gestalten. Nutzen Sie den Au\u00dfenpool und das Planschbecken (ge\u00f6ffnet von Juni bis September), das Bar-Restaurant (in der Saison ge\u00f6ffnet), den Brot- und Geb\u00e4ckservice, den sicheren Kinderspielplatz sowie das Animationsprogramm und die Sommerabende. <\/p>\n\n\n\n<p class=\"has-primary-color has-text-color has-link-color has-m-font-size wp-elements-87c80e51bec3ce3a3fc79d1f2c6cb49e\" style=\"padding-left:2rem\">Radfahrer werden unseren sicheren Fahrradraum mit Reparaturkit zu sch\u00e4tzen wissen. F\u00fcr zus\u00e4tzlichen Komfort stehen Ihnen eine Ladestation, kostenloses Wi-Fi und ein Waschsalon zur Verf\u00fcgung.<\/p>\n\n\n\n<p class=\"has-primary-color has-text-color has-link-color has-m-font-size wp-elements-f4c71c5b7d030a441e01e97c9fb99554\" style=\"padding-left:2rem\">F\u00fcr gemeinsame Momente nutzen Sie auch die Gemeinschaftseinrichtungen: Tischtennis, Grill, Bouleplatz und Picknicktische&#8230;&#8230;<\/p>\n\n\n\n<p class=\"has-primary-color has-text-color has-link-color has-m-font-size wp-elements-5434e68157db924be3616e5781705531\" style=\"padding-left:2rem\">Um Ihren Aufenthalt noch komfortabler zu gestalten, k\u00f6nnen Sie sich f\u00fcr gemachte Betten bei der Ankunft entscheiden, ein Babyset mieten oder zus\u00e4tzliche Bettw\u00e4sche anfordern.<\/p>\n\n\n\n<p class=\"has-primary-color has-text-color has-link-color has-m-font-size wp-elements-c744800d7a56997e10e5046aa469f8e4\" style=\"padding-left:2rem\">Und Ihre vierbeinigen Freunde sind unter bestimmten Bedingungen willkommen, einschlie\u00dflich Assistenzhunde.<\/p>\n\n\n\n<p class=\"has-link-color has-m-font-size wp-elements-5e83586e273277811aab6a6975bcb326\" style=\"padding-left:2rem\"><\/p>\n<\/div>\n<\/div>\n<\/div>\n\n\n\n<div class=\"wp-block-group has-global-padding is-layout-constrained wp-block-group-is-layout-constrained\">\n<div class=\"wp-block-columns alignfull are-vertically-aligned-center m-ti is-layout-flex wp-container-core-columns-is-layout-0c0b91ec wp-block-columns-is-layout-flex\">\n<div class=\"wp-block-column is-vertically-aligned-center m-ti-text is-layout-flow wp-container-core-column-is-layout-58dbe9e9 wp-block-column-is-layout-flow\" style=\"padding-left:10rem;flex-basis:40%\">\n<div class=\"wp-block-group is-style-title-left is-layout-flow wp-block-group-is-layout-flow is-style-title-left--8\">\n<p class=\"has-secondary-color has-text-color has-link-color has-secondary-font-family has-xl-font-size wp-elements-0d7dc4818b8ce2410eaf1913f7336c12\">Restaurant<\/p>\n\n\n\n<p class=\"has-primary-color has-text-color has-link-color has-primary-font-family has-sm-font-size wp-elements-0d0871511dc1e0b602ac6c73005f9211\" style=\"text-transform:uppercase\"><strong><strong>Essen Sie vor Ort und genie\u00dfen Sie die Atmosph\u00e4re.  <\/strong><\/strong><\/p>\n<\/div>\n\n\n\n<h2 class=\"wp-block-heading text-title\">Eine Terrasse, Planchas, ein k\u00fchler Drink: der Urlaub schmeckt endlich wie Sommer!<\/h2>\n\n\n\n<p class=\"has-m-font-size\" style=\"padding-left:2rem\">Das Restaurant La Table Capricieuse ist von Juni bis September mittags und abends ge\u00f6ffnet und ist der perfekte Ort, um die Urlaubsstimmung zu genie\u00dfen.<br>Famili\u00e4re und entspannte Atmosph\u00e4re, k\u00f6stliche und gro\u00dfz\u00fcgige Gerichte und Planchas, die nach Sommer riechen: Hier wird geteilt, gelacht und genossen.<\/p>\n\n\n\n<p class=\"has-m-font-size\" style=\"padding-left:2rem\">Gelegentlich wird der Abend mit einem Konzert oder einer musikalischen Darbietung verl\u00e4ngert, um eine noch geselligere Atmosph\u00e4re zu schaffen.<br>Ob Sie mit Ihrer Familie, Ihren Freunden oder Ihren Campingnachbarn kommen, La Table Capricieuse verspricht herzliche und leckere Momente.<\/p>\n<\/div>\n\n\n\n<div class=\"wp-block-column is-vertically-aligned-center wp-block-image alignright size-large has-custom-border m-ti-image is-style-simple-right is-layout-flow wp-block-column-is-layout-flow is-style-simple-right--9\" style=\"flex-basis:60%\">\n<figure class=\"wp-block-image alignright size-full is-resized is-style-default wp-duotone-unset-10\"><img decoding=\"async\" width=\"2560\" height=\"1920\" src=\"https:\/\/www.vap-camping.fr\/wp-content\/uploads\/2025\/04\/restaurant-foix-scaled.jpg\" alt=\"restaurant foix\" class=\"wp-image-1671\" style=\"width:677px;height:auto\" srcset=\"https:\/\/www.vap-camping.fr\/wp-content\/uploads\/2025\/04\/restaurant-foix-scaled.jpg 2560w, https:\/\/www.vap-camping.fr\/wp-content\/uploads\/2025\/04\/restaurant-foix-600x450.jpg 600w, https:\/\/www.vap-camping.fr\/wp-content\/uploads\/2025\/04\/restaurant-foix-1024x768.jpg 1024w, https:\/\/www.vap-camping.fr\/wp-content\/uploads\/2025\/04\/restaurant-foix-768x576.jpg 768w, https:\/\/www.vap-camping.fr\/wp-content\/uploads\/2025\/04\/restaurant-foix-1536x1152.jpg 1536w, https:\/\/www.vap-camping.fr\/wp-content\/uploads\/2025\/04\/restaurant-foix-2048x1536.jpg 2048w\" sizes=\"(max-width: 2560px) 100vw, 2560px\" \/><\/figure>\n<\/div>\n<\/div>\n<\/div>\n\n\n\n<div class=\"wp-block-group has-global-padding is-layout-constrained wp-block-group-is-layout-constrained\">\n<div class=\"wp-block-columns alignfull are-vertically-aligned-center m-ti is-layout-flex wp-container-core-columns-is-layout-0c0b91ec wp-block-columns-is-layout-flex\">\n<div class=\"wp-block-column is-vertically-aligned-center wp-block-image alignright size-large has-custom-border is-style-simple-left m-ti-image is-layout-flow wp-block-column-is-layout-flow is-style-simple-left--11\" style=\"flex-basis:60%\">\n<figure class=\"wp-block-image alignleft size-large\"><img alt=\"\" decoding=\"async\" width=\"1024\" height=\"683\" src=\"https:\/\/www.vap-camping.fr\/wp-content\/uploads\/2025\/04\/image-1-1024x683.jpeg\" alt=\"\" class=\"wp-image-6075\" srcset=\"https:\/\/www.vap-camping.fr\/wp-content\/uploads\/2025\/04\/image-1-1024x683.jpeg 1024w, https:\/\/www.vap-camping.fr\/wp-content\/uploads\/2025\/04\/image-1-600x400.jpeg 600w, https:\/\/www.vap-camping.fr\/wp-content\/uploads\/2025\/04\/image-1-768x512.jpeg 768w, https:\/\/www.vap-camping.fr\/wp-content\/uploads\/2025\/04\/image-1.jpeg 1536w\" sizes=\"(max-width: 1024px) 100vw, 1024px\" \/><\/figure>\n<\/div>\n\n\n\n<div class=\"wp-block-column is-vertically-aligned-center m-ti-text is-layout-flow wp-container-core-column-is-layout-58dbe9e9 wp-block-column-is-layout-flow\" style=\"padding-left:10rem;flex-basis:40%\">\n<div class=\"wp-block-group is-style-title-left is-layout-flow wp-block-group-is-layout-flow is-style-title-left--12\">\n<p class=\"has-secondary-color has-text-color has-link-color has-secondary-font-family has-xl-font-size wp-elements-d3341d7158bbe83fca4f73b561f56e5c\">Unsere Animationen<\/p>\n\n\n\n<p class=\"has-primary-color has-text-color has-link-color has-primary-font-family has-sm-font-size wp-elements-8cfe3003702ba6efe78f69067b6d0888\" style=\"text-transform:uppercase\"><strong><strong>f\u00fcr diesen Sommer  <\/strong><\/strong><\/p>\n<\/div>\n\n\n\n<h1 class=\"wp-block-heading text-title\"><strong>Animierter Sommer auf dem Camping du Lac in Foix: Animationen f\u00fcr Kinder und Eltern, Wassergymnastik, Kabarett, Disco, Kino, Shows (Termine vom 6. Juli bis 28. August).<\/strong><\/h1>\n\n\n\n<p class=\"has-primary-color has-text-color has-link-color has-m-font-size wp-elements-a51381b312498d6fd88b24bf77244d91\" style=\"padding-left:2rem\">Lust auf einen lebendigen Sommer?  <\/p>\n\n\n\n<p class=\"has-primary-color has-text-color has-link-color has-m-font-size wp-elements-b5f4f616fc4efcf24294ed8f1b9e4ac3\" style=\"padding-left:2rem\">Der Sommer auf dem Camping du Lac in Foix ist gepr\u00e4gt von Animationen, Lachen und gemeinsamen Momenten. Jede Woche gibt es ein abwechslungsreiches Programm f\u00fcr Kinder und Eltern: Wassergymnastik im Pool, um sanft in Form zu kommen, Discoabende, um unter den Sternen zu tanzen, Kabarettshows f\u00fcr einen Hauch von Magie, Freiluftkino f\u00fcr einen gem\u00fctlichen Moment und echte Shows, die Sie gemeinsam erleben k\u00f6nnen. Hier ist die Atmosph\u00e4re gesellig, die Energie ist da und jeder findet seine Lieblingsaktivit\u00e4t: Spiele, Entspannung und Erinnerungen sind garantiert. Buchen Sie Ihren Aufenthalt und genie\u00dfen Sie einen lebhaften Sommer im Herzen der Ari\u00e8ge!   <\/p>\n<\/div>\n<\/div>\n<\/div>\n\n\n\n<div class=\"wp-block-group has-global-padding is-layout-constrained wp-block-group-is-layout-constrained\">\n<div class=\"wp-block-columns alignfull are-vertically-aligned-center m-ti is-layout-flex wp-container-core-columns-is-layout-0c0b91ec wp-block-columns-is-layout-flex\">\n<div class=\"wp-block-column is-vertically-aligned-center m-ti-text is-layout-flow wp-container-core-column-is-layout-58dbe9e9 wp-block-column-is-layout-flow\" style=\"padding-left:10rem;flex-basis:40%\">\n<div class=\"wp-block-group is-style-title-left is-layout-flow wp-block-group-is-layout-flow is-style-title-left--13\">\n<p class=\"has-secondary-color has-text-color has-link-color has-secondary-font-family has-xl-font-size wp-elements-2445612064104345f38bfc08ed55b018\">Was tun<\/p>\n\n\n\n<p class=\"has-primary-color has-text-color has-link-color has-primary-font-family has-sm-font-size wp-elements-990e02e353a0329d746d6903bf4ea439\" style=\"text-transform:uppercase\"><strong>in der N\u00e4he von uns<\/strong><\/p>\n<\/div>\n\n\n\n<h2 class=\"wp-block-heading text-title\">Radfahren, Motorradfahren, Kajakfahren, Wandern oder Angeln: Vom Camping du Lac aus k\u00f6nnen Sie eine einzigartige Umgebung zwischen Natur und Geselligkeit genie\u00dfen.<\/h2>\n\n\n\n<p class=\"has-m-font-size\" style=\"padding-left:2rem\">Lust auf Abenteuer?<\/p>\n\n\n\n<p class=\"has-m-font-size\" style=\"padding-left:2rem\">Sie sind nur 1 km vom Start der Voie Verte entfernt, auf der Sie die Landschaft der Ari\u00e8ge mit dem Fahrrad oder zu Fu\u00df erkunden k\u00f6nnen. Motorradfahrer werden die sch\u00f6nen kurvenreichen Stra\u00dfen der Pyren\u00e4en genie\u00dfen, w\u00e4hrend Kajakfahrer in Foix ein Wildwasserstadion finden, das ideal f\u00fcr Kanutraining ist.   <\/p>\n\n\n\n<p class=\"has-m-font-size\" style=\"padding-left:2rem\">Lust auf Entdeckung?<\/p>\n\n\n\n<p class=\"has-m-font-size\" style=\"padding-left:2rem\">Erkunden Sie das Schloss von Foix, die pr\u00e4historischen H\u00f6hlen oder wandern Sie zum Prat d&#8217;Albis oder zum Wasserfall von Ars. Die Natur ist hier \u00fcberall: Seen, Berge und W\u00e4lder umgeben Sie.   <\/p>\n\n\n\n<p class=\"has-m-font-size\" style=\"padding-left:2rem\">Lust auf eine Pause am Ufer der Ari\u00e8ge?<\/p>\n\n\n\n<p class=\"has-m-font-size\" style=\"padding-left:2rem\">Vom Campingplatz aus k\u00f6nnen Sie angeln, paddeln oder einfach nur die Ruhe des Flusses genie\u00dfen.  <\/p>\n\n\n\n<p class=\"has-m-font-size\" style=\"padding-left:2rem\">Und um die Geselligkeit zu verl\u00e4ngern, entdecken Sie das Guinguette nur 2 Minuten vom Campingplatz entfernt (nur in der Saison ge\u00f6ffnet).<\/p>\n\n\n\n<p class=\"has-m-font-size\" style=\"padding-left:2rem\">Auf dem Campingplatz du Lac werden Freiluft- und Freiheitsliebhaber ihr Gl\u00fcck finden!<\/p>\n<\/div>\n\n\n\n<div class=\"wp-block-column is-vertically-aligned-center wp-block-image alignright size-large has-custom-border is-style-travel m-ti-image is-layout-flow wp-block-column-is-layout-flow is-style-travel--14\" style=\"flex-basis:60%\">\n<figure class=\"wp-block-image alignright size-full\"><img decoding=\"async\" width=\"2048\" height=\"1536\" src=\"https:\/\/www.vap-camping.fr\/wp-content\/uploads\/2025\/07\/chateau-foix-automne-ariege.jpg\" alt=\"Schloss Foix\" class=\"wp-image-2258\" srcset=\"https:\/\/www.vap-camping.fr\/wp-content\/uploads\/2025\/07\/chateau-foix-automne-ariege.jpg 2048w, https:\/\/www.vap-camping.fr\/wp-content\/uploads\/2025\/07\/chateau-foix-automne-ariege-600x450.jpg 600w, https:\/\/www.vap-camping.fr\/wp-content\/uploads\/2025\/07\/chateau-foix-automne-ariege-1024x768.jpg 1024w, https:\/\/www.vap-camping.fr\/wp-content\/uploads\/2025\/07\/chateau-foix-automne-ariege-768x576.jpg 768w, https:\/\/www.vap-camping.fr\/wp-content\/uploads\/2025\/07\/chateau-foix-automne-ariege-1536x1152.jpg 1536w\" sizes=\"(max-width: 2048px) 100vw, 2048px\" \/><\/figure>\n<\/div>\n<\/div>\n<\/div>\n\n\n\n<div class=\"wp-block-columns alignfull are-vertically-aligned-center m-ti is-layout-flex wp-container-core-columns-is-layout-0c0b91ec wp-block-columns-is-layout-flex\">\n<div class=\"wp-block-column is-vertically-aligned-center wp-block-image alignright size-large has-custom-border m-ti-image is-style-simple-left is-layout-flow wp-block-column-is-layout-flow is-style-simple-left--15\" style=\"flex-basis:60%\">\n<figure class=\"wp-block-image alignleft size-full\"><img alt=\"\" decoding=\"async\" width=\"2133\" height=\"1423\" src=\"https:\/\/www.vap-camping.fr\/wp-content\/uploads\/2025\/04\/charles_ripon_velo.jpg\" alt=\"\" class=\"wp-image-2467\" srcset=\"https:\/\/www.vap-camping.fr\/wp-content\/uploads\/2025\/04\/charles_ripon_velo.jpg 2133w, https:\/\/www.vap-camping.fr\/wp-content\/uploads\/2025\/04\/charles_ripon_velo-600x400.jpg 600w, https:\/\/www.vap-camping.fr\/wp-content\/uploads\/2025\/04\/charles_ripon_velo-1024x683.jpg 1024w, https:\/\/www.vap-camping.fr\/wp-content\/uploads\/2025\/04\/charles_ripon_velo-768x512.jpg 768w, https:\/\/www.vap-camping.fr\/wp-content\/uploads\/2025\/04\/charles_ripon_velo-1536x1025.jpg 1536w, https:\/\/www.vap-camping.fr\/wp-content\/uploads\/2025\/04\/charles_ripon_velo-2048x1366.jpg 2048w\" sizes=\"(max-width: 2133px) 100vw, 2133px\" \/><\/figure>\n<\/div>\n\n\n\n<div class=\"wp-block-column is-vertically-aligned-center m-ti-text is-layout-flow wp-container-core-column-is-layout-58dbe9e9 wp-block-column-is-layout-flow\" style=\"padding-left:10rem;flex-basis:40%\">\n<div class=\"wp-block-group is-style-title-left is-layout-flow wp-block-group-is-layout-flow is-style-title-left--16\">\n<p class=\"has-secondary-color has-text-color has-link-color has-secondary-font-family has-xl-font-size wp-elements-4240b988130f8183c9d9d5bcd90e7d57\">Ohne Auto  <\/p>\n\n\n\n<p class=\"has-primary-color has-text-color has-link-color has-primary-font-family has-sm-font-size wp-elements-1d2577525f2338f0d41fd198a863ab3e\" style=\"text-transform:uppercase\"><strong><strong>in ARI\u00c8GE  <\/strong><\/strong><\/p>\n<\/div>\n\n\n\n<h2 class=\"wp-block-heading text-title\">Ob auf zwei R\u00e4dern oder auf Schienen, erleben Sie Ihren Urlaub im Rhythmus der Natur und der Freiheit!<\/h2>\n\n\n\n<p class=\"has-link-color has-m-font-size wp-elements-ff01e70c31fa85f8ccffb8e47a5522cb\" style=\"padding-left:2rem\">Lassen Sie das Auto stehen und entdecken Sie die Ari\u00e8ge in Ihrem eigenen Rhythmus, zwischen Natur und Pyren\u00e4enpanorama!<\/p>\n\n\n\n<p class=\"has-link-color has-m-font-size wp-elements-386bb722c33453a00ca66c5e1b7102ad\" style=\"padding-left:2rem\">Nur 1 km vom Camping du Lac entfernt l\u00e4dt Sie die Voie Verte zu herrlichen Rad- und Wandertouren entlang von Fl\u00fcssen und Bergen ein. Unser Partner Air-Bikes, nur 3 Minuten vom Campingplatz entfernt, vermietet klassische Fahrr\u00e4der, Elektro- und Kinderfahrr\u00e4der, damit Sie Ihren Ausflug in vollen Z\u00fcgen genie\u00dfen k\u00f6nnen. Weitere Informationen: <a href=\"https:\/\/air-bikes.com\/?vue=Carte\">https:\/\/air-bikes.com\/?vue=Carte<\/a> <\/p>\n\n\n\n<p class=\"has-link-color has-m-font-size wp-elements-6ca381ff150c4bed4cb354c27f401fa6\" style=\"padding-left:2rem\">Sie bevorzugen den Zug? Das ist kein Problem! Der Campingplatz ist leicht \u00fcber den SNCF-Bahnhof von Foix zu erreichen. Nehmen Sie am Ausgang des Bahnhofs den Pendelbus (Linie 1 &#8211; \u20ac 1 pro Person) und steigen Sie an der Haltestelle Capitany aus, die nur 3 Minuten zu Fu\u00df vom Campingplatz entfernt ist. [Die Fahrpl\u00e4ne finden Sie hier.    <\/p>\n\n\n\n<p class=\"has-link-color has-m-font-size wp-elements-0e2f53cc5a196e21b446f8f1066292f1\" style=\"padding-left:2rem\">Ob Sie mit der Familie, Freunden oder einer Sportgruppe unterwegs sind, Fahrrad und Zug sind Ihre Verb\u00fcndeten, um die Region auf verantwortungsvolle und angenehme Weise zu erkunden und dabei Ihren Urlaub an der Ari\u00e8ge in vollen Z\u00fcgen zu genie\u00dfen. Fahrpl\u00e4ne finden Sie unter folgendem Link: https: <a href=\"https:\/\/lagglobus.fr\/wp-content\/uploads\/2024\/08\/GABARIT-L1.pdf\">\/\/lagglobus.fr\/wp-content\/uploads\/2024\/08\/GABARIT-L1.pdf<\/a>. <\/p>\n\n\n\n<p class=\"has-m-font-size\" style=\"padding-left:2rem\"><\/p>\n\n\n\n<p><\/p>\n<\/div>\n<\/div>\n\n\n\n<div class=\"wp-block-group has-global-padding is-layout-constrained wp-container-core-group-is-layout-79e1f3ce wp-block-group-is-layout-constrained\" style=\"margin-top:5rem;margin-bottom:5rem\">\n<div class=\"wp-block-columns is-layout-flex wp-container-core-columns-is-layout-28f84493 wp-block-columns-is-layout-flex\">\n<div class=\"wp-block-column is-vertically-aligned-center is-layout-flow wp-block-column-is-layout-flow\" style=\"flex-basis:33.9%\">\n<figure class=\"wp-block-image aligncenter size-full is-resized\"><a href=\"https:\/\/qualite-tourisme-occitanie.fr\" target=\"_blank\" rel=\" noreferrer noopener\"><img alt=\"\" decoding=\"async\" width=\"1252\" height=\"413\" src=\"https:\/\/www.vap-camping.fr\/wp-content\/uploads\/2025\/04\/excosdf.jpg\" alt=\"\" class=\"wp-image-3970\" style=\"width:auto;height:150px\" srcset=\"https:\/\/www.vap-camping.fr\/wp-content\/uploads\/2025\/04\/excosdf.jpg 1252w, https:\/\/www.vap-camping.fr\/wp-content\/uploads\/2025\/04\/excosdf-600x198.jpg 600w, https:\/\/www.vap-camping.fr\/wp-content\/uploads\/2025\/04\/excosdf-1024x338.jpg 1024w, https:\/\/www.vap-camping.fr\/wp-content\/uploads\/2025\/04\/excosdf-768x253.jpg 768w\" sizes=\"(max-width: 1252px) 100vw, 1252px\" \/><\/a><\/figure>\n<\/div>\n\n\n\n<div class=\"wp-block-column is-vertically-aligned-center is-layout-flow wp-block-column-is-layout-flow\" style=\"flex-basis:20.55%\">\n<figure class=\"wp-block-image aligncenter size-full is-resized\"><img alt=\"\" decoding=\"async\" width=\"800\" height=\"668\" src=\"https:\/\/www.vap-camping.fr\/wp-content\/uploads\/2025\/04\/acsi_fc.webp\" alt=\"\" class=\"wp-image-4041\" style=\"width:150px;height:auto\" srcset=\"https:\/\/www.vap-camping.fr\/wp-content\/uploads\/2025\/04\/acsi_fc.webp 800w, https:\/\/www.vap-camping.fr\/wp-content\/uploads\/2025\/04\/acsi_fc-600x501.webp 600w, https:\/\/www.vap-camping.fr\/wp-content\/uploads\/2025\/04\/acsi_fc-768x641.webp 768w\" sizes=\"(max-width: 800px) 100vw, 800px\" \/><\/figure>\n<\/div>\n\n\n\n<div class=\"wp-block-column is-vertically-aligned-center is-layout-flow wp-block-column-is-layout-flow\" style=\"flex-basis:20.55%\">\n<figure class=\"wp-block-image aligncenter size-full\"><a href=\"https:\/\/www.culture.gouv.fr\/thematiques\/transition-ecologique\/Centre-de-ressources-Transition-ecologique-de-la-Culture\/Labels-normes\/label-accueil-velo\" target=\"_blank\" rel=\" noreferrer noopener\"><img alt=\"accueil-v\u00e9lo\" decoding=\"async\" width=\"2560\" height=\"2560\" src=\"https:\/\/www.vap-camping.fr\/wp-content\/uploads\/2025\/04\/accueil-velo-png-scaled.png\" alt=\"\" class=\"wp-image-3978\" srcset=\"https:\/\/www.vap-camping.fr\/wp-content\/uploads\/2025\/04\/accueil-velo-png-scaled.png 2560w, https:\/\/www.vap-camping.fr\/wp-content\/uploads\/2025\/04\/accueil-velo-png-600x600.png 600w, https:\/\/www.vap-camping.fr\/wp-content\/uploads\/2025\/04\/accueil-velo-png-1024x1024.png 1024w, https:\/\/www.vap-camping.fr\/wp-content\/uploads\/2025\/04\/accueil-velo-png-300x300.png 300w, https:\/\/www.vap-camping.fr\/wp-content\/uploads\/2025\/04\/accueil-velo-png-768x768.png 768w, https:\/\/www.vap-camping.fr\/wp-content\/uploads\/2025\/04\/accueil-velo-png-1536x1536.png 1536w, https:\/\/www.vap-camping.fr\/wp-content\/uploads\/2025\/04\/accueil-velo-png-2048x2048.png 2048w\" sizes=\"(max-width: 2560px) 100vw, 2560px\" \/><\/a><\/figure>\n<\/div>\n\n\n\n<div class=\"wp-block-column is-vertically-aligned-center is-layout-flow wp-block-column-is-layout-flow\" style=\"flex-basis:25%\">\n<figure class=\"wp-block-image size-large\"><a href=\"https:\/\/www.fredonoccitanie.com\/jevi\/charte-regionale-engage-pour-le-vegetal\/\" target=\"_blank\" rel=\" noreferrer noopener\"><img alt=\"\" decoding=\"async\" width=\"1024\" height=\"504\" src=\"https:\/\/www.vap-camping.fr\/wp-content\/uploads\/2025\/10\/image-56-1024x504.jpeg\" alt=\"\" class=\"wp-image-5837\" srcset=\"https:\/\/www.vap-camping.fr\/wp-content\/uploads\/2025\/10\/image-56-1024x504.jpeg 1024w, https:\/\/www.vap-camping.fr\/wp-content\/uploads\/2025\/10\/image-56-600x295.jpeg 600w, https:\/\/www.vap-camping.fr\/wp-content\/uploads\/2025\/10\/image-56-768x378.jpeg 768w, https:\/\/www.vap-camping.fr\/wp-content\/uploads\/2025\/10\/image-56-1536x756.jpeg 1536w, https:\/\/www.vap-camping.fr\/wp-content\/uploads\/2025\/10\/image-56-2048x1008.jpeg 2048w\" sizes=\"(max-width: 1024px) 100vw, 1024px\" \/><\/a><\/figure>\n<\/div>\n<\/div>\n<\/div>\n\n\n\n<div class=\"wp-block-group leftRight has-global-padding is-layout-constrained wp-block-group-is-layout-constrained\">\n<div class=\"wp-block-group alignwide is-style-title-simple is-layout-flow wp-block-group-is-layout-flow is-style-title-simple--17\" style=\"margin-top:4rem;margin-bottom:4rem\">\n<p class=\"has-text-align-center has-secondary-color has-text-color has-link-color has-secondary-font-family has-xl-font-size wp-elements-25e0177d982a075a6790d2cd94665046\">Besichtigungen &amp; Entdeckungen<\/p>\n\n\n\n<p class=\"has-text-align-center has-primary-font-family has-sm-font-size\" style=\"text-transform:uppercase\"><strong>in der N\u00e4he des Campingplatzes<\/strong><\/p>\n<\/div>\n\n\n\n    <div class=\"journey-wrapper is-layout-flow wp-block-slider-taxo-is-layout-flow\">\n        <div class=\"journey-slides\">\n                            <div class=\"journey-slide\">\n                    <a href=\"https:\/\/www.vap-camping.fr\/de\/lieux\/camping-foix\/\" class=\"journey\" title=\"Foix\">\n                        <img decoding=\"async\" width=\"290\" height=\"350\" src=\"https:\/\/www.vap-camping.fr\/wp-content\/uploads\/2025\/04\/ville-foix-ariege.jpg\" class=\"attachment-6792 size-6792 wp-post-image\" alt=\"\" large=\"\" \/>                        <p class=\"j-title\">\n                            Foix                        <\/p>\n                        <p class=\"j-more\">\n                            Entdecken                        <\/p>\n                    <\/a>\n                <\/div>\n\n                            <div class=\"journey-slide\">\n                    <a href=\"https:\/\/www.vap-camping.fr\/de\/lieux\/camping-mirepoix\/\" class=\"journey\" title=\"Mirepoix\">\n                        <img decoding=\"async\" width=\"2133\" height=\"1346\" src=\"https:\/\/www.vap-camping.fr\/wp-content\/uploads\/2025\/04\/marche_mirepoix.jpg\" class=\"attachment-6759 size-6759 wp-post-image\" alt=\"le march\u00e9 du lundi de Mirepoix\" large=\"\" srcset=\"https:\/\/www.vap-camping.fr\/wp-content\/uploads\/2025\/04\/marche_mirepoix.jpg 2133w, https:\/\/www.vap-camping.fr\/wp-content\/uploads\/2025\/04\/marche_mirepoix-600x379.jpg 600w, https:\/\/www.vap-camping.fr\/wp-content\/uploads\/2025\/04\/marche_mirepoix-1024x646.jpg 1024w, https:\/\/www.vap-camping.fr\/wp-content\/uploads\/2025\/04\/marche_mirepoix-768x485.jpg 768w, https:\/\/www.vap-camping.fr\/wp-content\/uploads\/2025\/04\/marche_mirepoix-1536x969.jpg 1536w, https:\/\/www.vap-camping.fr\/wp-content\/uploads\/2025\/04\/marche_mirepoix-2048x1292.jpg 2048w\" sizes=\"(max-width: 2133px) 100vw, 2133px\" \/>                        <p class=\"j-title\">\n                            Mirepoix                        <\/p>\n                        <p class=\"j-more\">\n                            Entdecken                        <\/p>\n                    <\/a>\n                <\/div>\n\n                            <div class=\"journey-slide\">\n                    <a href=\"https:\/\/www.vap-camping.fr\/de\/lieux\/camping-tarascon-sur-ariege\/\" class=\"journey\" title=\"Tarascon sur Ari\u00e8ge\">\n                        <img decoding=\"async\" width=\"1200\" height=\"900\" src=\"https:\/\/www.vap-camping.fr\/wp-content\/uploads\/2025\/04\/19567638-diaporama-1200x900-1.jpg\" class=\"attachment-6745 size-6745 wp-post-image\" alt=\"\" large=\"\" srcset=\"https:\/\/www.vap-camping.fr\/wp-content\/uploads\/2025\/04\/19567638-diaporama-1200x900-1.jpg 1200w, https:\/\/www.vap-camping.fr\/wp-content\/uploads\/2025\/04\/19567638-diaporama-1200x900-1-600x450.jpg 600w, https:\/\/www.vap-camping.fr\/wp-content\/uploads\/2025\/04\/19567638-diaporama-1200x900-1-1024x768.jpg 1024w, https:\/\/www.vap-camping.fr\/wp-content\/uploads\/2025\/04\/19567638-diaporama-1200x900-1-768x576.jpg 768w\" sizes=\"(max-width: 1200px) 100vw, 1200px\" \/>                        <p class=\"j-title\">\n                            Tarascon sur Ari\u00e8ge                        <\/p>\n                        <p class=\"j-more\">\n                            Entdecken                        <\/p>\n                    <\/a>\n                <\/div>\n\n                            <div class=\"journey-slide\">\n                    <a href=\"https:\/\/www.vap-camping.fr\/de\/lieux\/grotte-de-niaux\/\" class=\"journey\" title=\"H\u00f6hle von Niaux\">\n                        <img decoding=\"async\" width=\"1024\" height=\"683\" src=\"https:\/\/www.vap-camping.fr\/wp-content\/uploads\/2025\/04\/niaux3__ariege_pyrenees_tourisme.jpg\" class=\"attachment-6738 size-6738 wp-post-image\" alt=\"Grotte de Niaux Ari\u00e8ge\" large=\"\" srcset=\"https:\/\/www.vap-camping.fr\/wp-content\/uploads\/2025\/04\/niaux3__ariege_pyrenees_tourisme.jpg 1024w, https:\/\/www.vap-camping.fr\/wp-content\/uploads\/2025\/04\/niaux3__ariege_pyrenees_tourisme-600x400.jpg 600w, https:\/\/www.vap-camping.fr\/wp-content\/uploads\/2025\/04\/niaux3__ariege_pyrenees_tourisme-768x512.jpg 768w\" sizes=\"(max-width: 1024px) 100vw, 1024px\" \/>                        <p class=\"j-title\">\n                            H\u00f6hle von Niaux                        <\/p>\n                        <p class=\"j-more\">\n                            Entdecken                        <\/p>\n                    <\/a>\n                <\/div>\n\n                            <div class=\"journey-slide\">\n                    <a href=\"https:\/\/www.vap-camping.fr\/de\/lieux\/chateau-de-montsegur\/\" class=\"journey\" title=\"Burg Monts\u00e9gur\">\n                        <img decoding=\"async\" width=\"1024\" height=\"683\" src=\"https:\/\/www.vap-camping.fr\/wp-content\/uploads\/2025\/04\/montsegur_ariege_pyrenees_tourisme.jpg\" class=\"attachment-6669 size-6669 wp-post-image\" alt=\"Montsegur\" large=\"\" srcset=\"https:\/\/www.vap-camping.fr\/wp-content\/uploads\/2025\/04\/montsegur_ariege_pyrenees_tourisme.jpg 1024w, https:\/\/www.vap-camping.fr\/wp-content\/uploads\/2025\/04\/montsegur_ariege_pyrenees_tourisme-600x400.jpg 600w, https:\/\/www.vap-camping.fr\/wp-content\/uploads\/2025\/04\/montsegur_ariege_pyrenees_tourisme-768x512.jpg 768w\" sizes=\"(max-width: 1024px) 100vw, 1024px\" \/>                        <p class=\"j-title\">\n                            Burg Monts\u00e9gur                        <\/p>\n                        <p class=\"j-more\">\n                            Entdecken                        <\/p>\n                    <\/a>\n                <\/div>\n\n                            <div class=\"journey-slide\">\n                    <a href=\"https:\/\/www.vap-camping.fr\/de\/lieux\/chateau-de-foix\/\" class=\"journey\" title=\"Schloss von Foix\">\n                        <img decoding=\"async\" width=\"2134\" height=\"965\" src=\"https:\/\/www.vap-camping.fr\/wp-content\/uploads\/2025\/04\/gaillard-munsch_adt09_0011842_bd.png\" class=\"attachment-6692 size-6692 wp-post-image\" alt=\"Visiter Foix en v\u00e9lo\" large=\"\" srcset=\"https:\/\/www.vap-camping.fr\/wp-content\/uploads\/2025\/04\/gaillard-munsch_adt09_0011842_bd.png 2134w, https:\/\/www.vap-camping.fr\/wp-content\/uploads\/2025\/04\/gaillard-munsch_adt09_0011842_bd-600x271.png 600w, https:\/\/www.vap-camping.fr\/wp-content\/uploads\/2025\/04\/gaillard-munsch_adt09_0011842_bd-1024x463.png 1024w, https:\/\/www.vap-camping.fr\/wp-content\/uploads\/2025\/04\/gaillard-munsch_adt09_0011842_bd-768x347.png 768w, https:\/\/www.vap-camping.fr\/wp-content\/uploads\/2025\/04\/gaillard-munsch_adt09_0011842_bd-1536x695.png 1536w, https:\/\/www.vap-camping.fr\/wp-content\/uploads\/2025\/04\/gaillard-munsch_adt09_0011842_bd-2048x926.png 2048w\" sizes=\"(max-width: 2134px) 100vw, 2134px\" \/>                        <p class=\"j-title\">\n                            Schloss von Foix                        <\/p>\n                        <p class=\"j-more\">\n                            Entdecken                        <\/p>\n                    <\/a>\n                <\/div>\n\n                            <div class=\"journey-slide\">\n                    <a href=\"https:\/\/www.vap-camping.fr\/de\/lieux\/hydro-and-fun\/\" class=\"journey\" title=\"Hydro&amp;Fun\">\n                        <img decoding=\"async\" width=\"2560\" height=\"1696\" src=\"https:\/\/www.vap-camping.fr\/wp-content\/uploads\/2025\/05\/AdobeStock_336258-scaled.jpeg\" class=\"attachment-6654 size-6654 wp-post-image\" alt=\"\" large=\"\" srcset=\"https:\/\/www.vap-camping.fr\/wp-content\/uploads\/2025\/05\/AdobeStock_336258-scaled.jpeg 2560w, https:\/\/www.vap-camping.fr\/wp-content\/uploads\/2025\/05\/AdobeStock_336258-600x397.jpeg 600w, https:\/\/www.vap-camping.fr\/wp-content\/uploads\/2025\/05\/AdobeStock_336258-1024x678.jpeg 1024w, https:\/\/www.vap-camping.fr\/wp-content\/uploads\/2025\/05\/AdobeStock_336258-768x509.jpeg 768w, https:\/\/www.vap-camping.fr\/wp-content\/uploads\/2025\/05\/AdobeStock_336258-1536x1018.jpeg 1536w, https:\/\/www.vap-camping.fr\/wp-content\/uploads\/2025\/05\/AdobeStock_336258-2048x1357.jpeg 2048w\" sizes=\"(max-width: 2560px) 100vw, 2560px\" \/>                        <p class=\"j-title\">\n                            Hydro&amp;Fun                        <\/p>\n                        <p class=\"j-more\">\n                            Entdecken                        <\/p>\n                    <\/a>\n                <\/div>\n\n                            <div class=\"journey-slide\">\n                    <a href=\"https:\/\/www.vap-camping.fr\/de\/lieux\/escalade-a-bedeilhac\/\" class=\"journey\" title=\"Klettern in Bedeilhac\">\n                        <img decoding=\"async\" width=\"2560\" height=\"1725\" src=\"https:\/\/www.vap-camping.fr\/wp-content\/uploads\/2025\/05\/AdobeStock_297858299-scaled.jpeg\" class=\"attachment-6594 size-6594 wp-post-image\" alt=\"\" large=\"\" srcset=\"https:\/\/www.vap-camping.fr\/wp-content\/uploads\/2025\/05\/AdobeStock_297858299-scaled.jpeg 2560w, https:\/\/www.vap-camping.fr\/wp-content\/uploads\/2025\/05\/AdobeStock_297858299-600x404.jpeg 600w, https:\/\/www.vap-camping.fr\/wp-content\/uploads\/2025\/05\/AdobeStock_297858299-1024x690.jpeg 1024w, https:\/\/www.vap-camping.fr\/wp-content\/uploads\/2025\/05\/AdobeStock_297858299-768x518.jpeg 768w, https:\/\/www.vap-camping.fr\/wp-content\/uploads\/2025\/05\/AdobeStock_297858299-1536x1035.jpeg 1536w, https:\/\/www.vap-camping.fr\/wp-content\/uploads\/2025\/05\/AdobeStock_297858299-2048x1380.jpeg 2048w\" sizes=\"(max-width: 2560px) 100vw, 2560px\" \/>                        <p class=\"j-title\">\n                            Klettern in Bedeilhac                        <\/p>\n                        <p class=\"j-more\">\n                            Entdecken                        <\/p>\n                    <\/a>\n                <\/div>\n\n                            <div class=\"journey-slide\">\n                    <a href=\"https:\/\/www.vap-camping.fr\/de\/lieux\/camping-camont\/\" class=\"journey\" title=\"Camon\">\n                        <img decoding=\"async\" width=\"1024\" height=\"683\" src=\"https:\/\/www.vap-camping.fr\/wp-content\/uploads\/2025\/05\/camon-village-fortifie-ariege-pyrenees-1.jpg\" class=\"attachment-6621 size-6621 wp-post-image\" alt=\"\" large=\"\" srcset=\"https:\/\/www.vap-camping.fr\/wp-content\/uploads\/2025\/05\/camon-village-fortifie-ariege-pyrenees-1.jpg 1024w, https:\/\/www.vap-camping.fr\/wp-content\/uploads\/2025\/05\/camon-village-fortifie-ariege-pyrenees-1-600x400.jpg 600w, https:\/\/www.vap-camping.fr\/wp-content\/uploads\/2025\/05\/camon-village-fortifie-ariege-pyrenees-1-768x512.jpg 768w\" sizes=\"(max-width: 1024px) 100vw, 1024px\" \/>                        <p class=\"j-title\">\n                            Camon                        <\/p>\n                        <p class=\"j-more\">\n                            Entdecken                        <\/p>\n                    <\/a>\n                <\/div>\n\n                            <div class=\"journey-slide\">\n                    <a href=\"https:\/\/www.vap-camping.fr\/de\/lieux\/grotte-de-lombrive\/\" class=\"journey\" title=\"Die H\u00f6hle von Lombrive\">\n                        <img decoding=\"async\" width=\"2560\" height=\"1707\" src=\"https:\/\/www.vap-camping.fr\/wp-content\/uploads\/2025\/05\/AdobeStock_885725978-scaled.jpeg\" class=\"attachment-6576 size-6576 wp-post-image\" alt=\"\" large=\"\" srcset=\"https:\/\/www.vap-camping.fr\/wp-content\/uploads\/2025\/05\/AdobeStock_885725978-scaled.jpeg 2560w, https:\/\/www.vap-camping.fr\/wp-content\/uploads\/2025\/05\/AdobeStock_885725978-600x400.jpeg 600w, https:\/\/www.vap-camping.fr\/wp-content\/uploads\/2025\/05\/AdobeStock_885725978-1024x683.jpeg 1024w, https:\/\/www.vap-camping.fr\/wp-content\/uploads\/2025\/05\/AdobeStock_885725978-768x512.jpeg 768w, https:\/\/www.vap-camping.fr\/wp-content\/uploads\/2025\/05\/AdobeStock_885725978-1536x1024.jpeg 1536w, https:\/\/www.vap-camping.fr\/wp-content\/uploads\/2025\/05\/AdobeStock_885725978-2048x1365.jpeg 2048w\" sizes=\"(max-width: 2560px) 100vw, 2560px\" \/>                        <p class=\"j-title\">\n                            Die H\u00f6hle von Lombrive                        <\/p>\n                        <p class=\"j-more\">\n                            Entdecken                        <\/p>\n                    <\/a>\n                <\/div>\n\n                            <div class=\"journey-slide\">\n                    <a href=\"https:\/\/www.vap-camping.fr\/de\/lieux\/riviere-souterraine-de-labouiche\/\" class=\"journey\" title=\"Unterirdischer Fluss von Labouiche\">\n                        <img decoding=\"async\" width=\"800\" height=\"1067\" src=\"https:\/\/www.vap-camping.fr\/wp-content\/uploads\/2025\/05\/Riviere_souterraine_de_Labouiche_5.jpg\" class=\"attachment-6567 size-6567 wp-post-image\" alt=\"\" large=\"\" srcset=\"https:\/\/www.vap-camping.fr\/wp-content\/uploads\/2025\/05\/Riviere_souterraine_de_Labouiche_5.jpg 800w, https:\/\/www.vap-camping.fr\/wp-content\/uploads\/2025\/05\/Riviere_souterraine_de_Labouiche_5-450x600.jpg 450w, https:\/\/www.vap-camping.fr\/wp-content\/uploads\/2025\/05\/Riviere_souterraine_de_Labouiche_5-768x1024.jpg 768w\" sizes=\"(max-width: 800px) 100vw, 800px\" \/>                        <p class=\"j-title\">\n                            Unterirdischer Fluss von Labouiche                        <\/p>\n                        <p class=\"j-more\">\n                            Entdecken                        <\/p>\n                    <\/a>\n                <\/div>\n\n                            <div class=\"journey-slide\">\n                    <a href=\"https:\/\/www.vap-camping.fr\/de\/lieux\/forteresse-de-calames\/\" class=\"journey\" title=\"Festung Calam\u00e8s\">\n                        <img decoding=\"async\" width=\"2560\" height=\"1920\" src=\"https:\/\/www.vap-camping.fr\/wp-content\/uploads\/2025\/05\/Chateau_de_Calames-scaled.jpg\" class=\"attachment-6540 size-6540 wp-post-image\" alt=\"fortress de calames Ari\u00e8ge\" large=\"\" srcset=\"https:\/\/www.vap-camping.fr\/wp-content\/uploads\/2025\/05\/Chateau_de_Calames-scaled.jpg 2560w, https:\/\/www.vap-camping.fr\/wp-content\/uploads\/2025\/05\/Chateau_de_Calames-600x450.jpg 600w, https:\/\/www.vap-camping.fr\/wp-content\/uploads\/2025\/05\/Chateau_de_Calames-1024x768.jpg 1024w, https:\/\/www.vap-camping.fr\/wp-content\/uploads\/2025\/05\/Chateau_de_Calames-768x576.jpg 768w, https:\/\/www.vap-camping.fr\/wp-content\/uploads\/2025\/05\/Chateau_de_Calames-1536x1152.jpg 1536w, https:\/\/www.vap-camping.fr\/wp-content\/uploads\/2025\/05\/Chateau_de_Calames-2048x1536.jpg 2048w\" sizes=\"(max-width: 2560px) 100vw, 2560px\" \/>                        <p class=\"j-title\">\n                            Festung Calam\u00e8s                        <\/p>\n                        <p class=\"j-more\">\n                            Entdecken                        <\/p>\n                    <\/a>\n                <\/div>\n\n                            <div class=\"journey-slide\">\n                    <a href=\"https:\/\/www.vap-camping.fr\/de\/lieux\/chateau-de-roquefixade\/\" class=\"journey\" title=\"Schloss Roquefixade\">\n                        <img decoding=\"async\" width=\"1024\" height=\"683\" src=\"https:\/\/www.vap-camping.fr\/wp-content\/uploads\/2025\/04\/roquefixade__ariege_pyrenees_tourisme.jpg\" class=\"attachment-2698 size-2698 wp-post-image\" alt=\"roquefixade Ari\u00e8ge\" large=\"\" srcset=\"https:\/\/www.vap-camping.fr\/wp-content\/uploads\/2025\/04\/roquefixade__ariege_pyrenees_tourisme.jpg 1024w, https:\/\/www.vap-camping.fr\/wp-content\/uploads\/2025\/04\/roquefixade__ariege_pyrenees_tourisme-600x400.jpg 600w, https:\/\/www.vap-camping.fr\/wp-content\/uploads\/2025\/04\/roquefixade__ariege_pyrenees_tourisme-768x512.jpg 768w\" sizes=\"(max-width: 1024px) 100vw, 1024px\" \/>                        <p class=\"j-title\">\n                            Schloss Roquefixade                        <\/p>\n                        <p class=\"j-more\">\n                            Entdecken                        <\/p>\n                    <\/a>\n                <\/div>\n\n                            <div class=\"journey-slide\">\n                    <a href=\"https:\/\/www.vap-camping.fr\/de\/lieux\/cascade-d-ars\/\" class=\"journey\" title=\"Wasserfall von Ars\">\n                        <img decoding=\"async\" width=\"2560\" height=\"1707\" src=\"https:\/\/www.vap-camping.fr\/wp-content\/uploads\/2025\/05\/AdobeStock_223242688-scaled.jpeg\" class=\"attachment-2757 size-2757 wp-post-image\" alt=\"\" large=\"\" srcset=\"https:\/\/www.vap-camping.fr\/wp-content\/uploads\/2025\/05\/AdobeStock_223242688-scaled.jpeg 2560w, https:\/\/www.vap-camping.fr\/wp-content\/uploads\/2025\/05\/AdobeStock_223242688-600x400.jpeg 600w, https:\/\/www.vap-camping.fr\/wp-content\/uploads\/2025\/05\/AdobeStock_223242688-1024x683.jpeg 1024w, https:\/\/www.vap-camping.fr\/wp-content\/uploads\/2025\/05\/AdobeStock_223242688-768x512.jpeg 768w, https:\/\/www.vap-camping.fr\/wp-content\/uploads\/2025\/05\/AdobeStock_223242688-1536x1024.jpeg 1536w, https:\/\/www.vap-camping.fr\/wp-content\/uploads\/2025\/05\/AdobeStock_223242688-2048x1365.jpeg 2048w\" sizes=\"(max-width: 2560px) 100vw, 2560px\" \/>                        <p class=\"j-title\">\n                            Wasserfall von Ars                        <\/p>\n                        <p class=\"j-more\">\n                            Entdecken                        <\/p>\n                    <\/a>\n                <\/div>\n\n                            <div class=\"journey-slide\">\n                    <a href=\"https:\/\/www.vap-camping.fr\/de\/lieux\/chemin-des-bonshommes\/\" class=\"journey\" title=\"Weg der Bonshommes\">\n                        <img decoding=\"async\" width=\"2560\" height=\"1707\" src=\"https:\/\/www.vap-camping.fr\/wp-content\/uploads\/2025\/05\/AdobeStock_319005766-scaled.jpeg\" class=\"attachment-2712 size-2712 wp-post-image\" alt=\"\" large=\"\" srcset=\"https:\/\/www.vap-camping.fr\/wp-content\/uploads\/2025\/05\/AdobeStock_319005766-scaled.jpeg 2560w, https:\/\/www.vap-camping.fr\/wp-content\/uploads\/2025\/05\/AdobeStock_319005766-600x400.jpeg 600w, https:\/\/www.vap-camping.fr\/wp-content\/uploads\/2025\/05\/AdobeStock_319005766-1024x683.jpeg 1024w, https:\/\/www.vap-camping.fr\/wp-content\/uploads\/2025\/05\/AdobeStock_319005766-768x512.jpeg 768w, https:\/\/www.vap-camping.fr\/wp-content\/uploads\/2025\/05\/AdobeStock_319005766-1536x1024.jpeg 1536w, https:\/\/www.vap-camping.fr\/wp-content\/uploads\/2025\/05\/AdobeStock_319005766-2048x1365.jpeg 2048w\" sizes=\"(max-width: 2560px) 100vw, 2560px\" \/>                        <p class=\"j-title\">\n                            Weg der Bonshommes                        <\/p>\n                        <p class=\"j-more\">\n                            Entdecken                        <\/p>\n                    <\/a>\n                <\/div>\n\n                            <div class=\"journey-slide\">\n                    <a href=\"https:\/\/www.vap-camping.fr\/de\/lieux\/parapente-a-foix\/\" class=\"journey\" title=\"Paragliding in Foix\">\n                        <img decoding=\"async\" width=\"1024\" height=\"650\" src=\"https:\/\/www.vap-camping.fr\/wp-content\/uploads\/2025\/04\/parapente_adt_ariegepyrenees.jpg\" class=\"attachment-3872 size-3872 wp-post-image\" alt=\"parapente\" large=\"\" srcset=\"https:\/\/www.vap-camping.fr\/wp-content\/uploads\/2025\/04\/parapente_adt_ariegepyrenees.jpg 1024w, https:\/\/www.vap-camping.fr\/wp-content\/uploads\/2025\/04\/parapente_adt_ariegepyrenees-600x381.jpg 600w, https:\/\/www.vap-camping.fr\/wp-content\/uploads\/2025\/04\/parapente_adt_ariegepyrenees-768x488.jpg 768w\" sizes=\"(max-width: 1024px) 100vw, 1024px\" \/>                        <p class=\"j-title\">\n                            Paragliding in Foix                        <\/p>\n                        <p class=\"j-more\">\n                            Entdecken                        <\/p>\n                    <\/a>\n                <\/div>\n\n                            <div class=\"journey-slide\">\n                    <a href=\"https:\/\/www.vap-camping.fr\/de\/lieux\/canyoning-en-ariege-sensations-garanties\/\" class=\"journey\" title=\"CANYONING IN ARI\u00c8GE &#8211; GARANTIERTE ERLEBNISSE\">\n                        <img decoding=\"async\" width=\"2560\" height=\"1709\" src=\"https:\/\/www.vap-camping.fr\/wp-content\/uploads\/2025\/05\/AdobeStock_274495436-scaled.jpeg\" class=\"attachment-3862 size-3862 wp-post-image\" alt=\"speleological\" large=\"\" srcset=\"https:\/\/www.vap-camping.fr\/wp-content\/uploads\/2025\/05\/AdobeStock_274495436-scaled.jpeg 2560w, https:\/\/www.vap-camping.fr\/wp-content\/uploads\/2025\/05\/AdobeStock_274495436-600x401.jpeg 600w, https:\/\/www.vap-camping.fr\/wp-content\/uploads\/2025\/05\/AdobeStock_274495436-1024x684.jpeg 1024w, https:\/\/www.vap-camping.fr\/wp-content\/uploads\/2025\/05\/AdobeStock_274495436-768x513.jpeg 768w, https:\/\/www.vap-camping.fr\/wp-content\/uploads\/2025\/05\/AdobeStock_274495436-1536x1025.jpeg 1536w, https:\/\/www.vap-camping.fr\/wp-content\/uploads\/2025\/05\/AdobeStock_274495436-2048x1367.jpeg 2048w\" sizes=\"(max-width: 2560px) 100vw, 2560px\" \/>                        <p class=\"j-title\">\n                            CANYONING IN ARI\u00c8GE &#8211; GARANTIERTE ERLEBNISSE                        <\/p>\n                        <p class=\"j-more\">\n                            Entdecken                        <\/p>\n                    <\/a>\n                <\/div>\n\n                            <div class=\"journey-slide\">\n                    <a href=\"https:\/\/www.vap-camping.fr\/de\/lieux\/forge-de-pyrene\/\" class=\"journey\" title=\"Pyrene Schmiede\">\n                        <img decoding=\"async\" width=\"1400\" height=\"933\" src=\"https:\/\/www.vap-camping.fr\/wp-content\/uploads\/2025\/09\/image-1.jpeg\" class=\"attachment-3901 size-3901 wp-post-image\" alt=\"forge de pyr\u00e8ne\" large=\"\" srcset=\"https:\/\/www.vap-camping.fr\/wp-content\/uploads\/2025\/09\/image-1.jpeg 1400w, https:\/\/www.vap-camping.fr\/wp-content\/uploads\/2025\/09\/image-1-600x400.jpeg 600w, https:\/\/www.vap-camping.fr\/wp-content\/uploads\/2025\/09\/image-1-1024x682.jpeg 1024w, https:\/\/www.vap-camping.fr\/wp-content\/uploads\/2025\/09\/image-1-768x512.jpeg 768w\" sizes=\"(max-width: 1400px) 100vw, 1400px\" \/>                        <p class=\"j-title\">\n                            Pyrene Schmiede                        <\/p>\n                        <p class=\"j-more\">\n                            Entdecken                        <\/p>\n                    <\/a>\n                <\/div>\n\n                            <div class=\"journey-slide\">\n                    <a href=\"https:\/\/www.vap-camping.fr\/de\/lieux\/musee-du-textile-et-du-peigne\/\" class=\"journey\" title=\"Textil- und Kamm-Museum\">\n                        <img decoding=\"async\" width=\"570\" height=\"380\" src=\"https:\/\/www.vap-camping.fr\/wp-content\/uploads\/2025\/09\/image-4.jpeg\" class=\"attachment-3929 size-3929 wp-post-image\" alt=\"Mus\u00e9e textile\" large=\"\" \/>                        <p class=\"j-title\">\n                            Textil- und Kamm-Museum                        <\/p>\n                        <p class=\"j-more\">\n                            Entdecken                        <\/p>\n                    <\/a>\n                <\/div>\n\n                            <div class=\"journey-slide\">\n                    <a href=\"https:\/\/www.vap-camping.fr\/de\/lieux\/marche-de-foix\/\" class=\"journey\" title=\"Markt von foix\">\n                        <img decoding=\"async\" width=\"2560\" height=\"1920\" src=\"https:\/\/www.vap-camping.fr\/wp-content\/uploads\/2025\/09\/img_0064-scaled.jpeg\" class=\"attachment-3942 size-3942 wp-post-image\" alt=\"march\u00e9 de foix\" large=\"\" srcset=\"https:\/\/www.vap-camping.fr\/wp-content\/uploads\/2025\/09\/img_0064-scaled.jpeg 2560w, https:\/\/www.vap-camping.fr\/wp-content\/uploads\/2025\/09\/img_0064-600x450.jpeg 600w, https:\/\/www.vap-camping.fr\/wp-content\/uploads\/2025\/09\/img_0064-1024x768.jpeg 1024w, https:\/\/www.vap-camping.fr\/wp-content\/uploads\/2025\/09\/img_0064-768x576.jpeg 768w, https:\/\/www.vap-camping.fr\/wp-content\/uploads\/2025\/09\/img_0064-1536x1152.jpeg 1536w, https:\/\/www.vap-camping.fr\/wp-content\/uploads\/2025\/09\/img_0064-2048x1536.jpeg 2048w\" sizes=\"(max-width: 2560px) 100vw, 2560px\" \/>                        <p class=\"j-title\">\n                            Markt von foix                        <\/p>\n                        <p class=\"j-more\">\n                            Entdecken                        <\/p>\n                    <\/a>\n                <\/div>\n\n                            <div class=\"journey-slide\">\n                    <a href=\"https:\/\/www.vap-camping.fr\/de\/lieux\/terrasse-de-peche-foix\/\" class=\"journey\" title=\"Terrasse de p\u00eache Foix\">\n                        <img decoding=\"async\" width=\"290\" height=\"350\" src=\"https:\/\/www.vap-camping.fr\/wp-content\/uploads\/2025\/04\/ville-foix-ariege.jpg\" class=\"attachment-6413 size-6413 wp-post-image\" alt=\"\" large=\"\" \/>                        <p class=\"j-title\">\n                            Terrasse de p\u00eache Foix                        <\/p>\n                        <p class=\"j-more\">\n                            Entdecken                        <\/p>\n                    <\/a>\n                <\/div>\n\n                            <div class=\"journey-slide\">\n                    <a href=\"https:\/\/www.vap-camping.fr\/de\/lieux\/les-trois-cascades-pres-de-foix\/\" class=\"journey\" title=\"Les Trois Cascades in der N\u00e4he von Foix\">\n                        <img decoding=\"async\" width=\"1920\" height=\"2560\" src=\"https:\/\/www.vap-camping.fr\/wp-content\/uploads\/2025\/11\/img_4546-scaled.jpeg\" class=\"attachment-6376 size-6376 wp-post-image\" alt=\"\" large=\"\" srcset=\"https:\/\/www.vap-camping.fr\/wp-content\/uploads\/2025\/11\/img_4546-scaled.jpeg 1920w, https:\/\/www.vap-camping.fr\/wp-content\/uploads\/2025\/11\/img_4546-450x600.jpeg 450w, https:\/\/www.vap-camping.fr\/wp-content\/uploads\/2025\/11\/img_4546-768x1024.jpeg 768w, https:\/\/www.vap-camping.fr\/wp-content\/uploads\/2025\/11\/img_4546-1152x1536.jpeg 1152w, https:\/\/www.vap-camping.fr\/wp-content\/uploads\/2025\/11\/img_4546-1536x2048.jpeg 1536w\" sizes=\"(max-width: 1920px) 100vw, 1920px\" \/>                        <p class=\"j-title\">\n                            Les Trois Cascades in der N\u00e4he von Foix                        <\/p>\n                        <p class=\"j-more\">\n                            Entdecken                        <\/p>\n                    <\/a>\n                <\/div>\n\n                            <div class=\"journey-slide\">\n                    <a href=\"https:\/\/www.vap-camping.fr\/de\/lieux\/prat-dalbi-foix\/\" class=\"journey\" title=\"Prat d&#8217;albis foix\">\n                        <img decoding=\"async\" width=\"1920\" height=\"2560\" src=\"https:\/\/www.vap-camping.fr\/wp-content\/uploads\/2025\/11\/img_5080-scaled.jpeg\" class=\"attachment-6380 size-6380 wp-post-image\" alt=\"\" large=\"\" srcset=\"https:\/\/www.vap-camping.fr\/wp-content\/uploads\/2025\/11\/img_5080-scaled.jpeg 1920w, https:\/\/www.vap-camping.fr\/wp-content\/uploads\/2025\/11\/img_5080-450x600.jpeg 450w, https:\/\/www.vap-camping.fr\/wp-content\/uploads\/2025\/11\/img_5080-768x1024.jpeg 768w, https:\/\/www.vap-camping.fr\/wp-content\/uploads\/2025\/11\/img_5080-1152x1536.jpeg 1152w, https:\/\/www.vap-camping.fr\/wp-content\/uploads\/2025\/11\/img_5080-1536x2048.jpeg 1536w\" sizes=\"(max-width: 1920px) 100vw, 1920px\" \/>                        <p class=\"j-title\">\n                            Prat d&#8217;albis foix                        <\/p>\n                        <p class=\"j-more\">\n                            Entdecken                        <\/p>\n                    <\/a>\n                <\/div>\n\n                            <div class=\"journey-slide\">\n                    <a href=\"https:\/\/www.vap-camping.fr\/de\/lieux\/la-balade-du-saint%e2%80%91sauveur\/\" class=\"journey\" title=\"die Balade du Saint-Sauveur\">\n                        <img decoding=\"async\" width=\"1600\" height=\"1200\" src=\"https:\/\/www.vap-camping.fr\/wp-content\/uploads\/2025\/11\/image-20.jpeg\" class=\"attachment-6396 size-6396 wp-post-image\" alt=\"\" large=\"\" srcset=\"https:\/\/www.vap-camping.fr\/wp-content\/uploads\/2025\/11\/image-20.jpeg 1600w, https:\/\/www.vap-camping.fr\/wp-content\/uploads\/2025\/11\/image-20-600x450.jpeg 600w, https:\/\/www.vap-camping.fr\/wp-content\/uploads\/2025\/11\/image-20-1024x768.jpeg 1024w, https:\/\/www.vap-camping.fr\/wp-content\/uploads\/2025\/11\/image-20-768x576.jpeg 768w, https:\/\/www.vap-camping.fr\/wp-content\/uploads\/2025\/11\/image-20-1536x1152.jpeg 1536w\" sizes=\"(max-width: 1600px) 100vw, 1600px\" \/>                        <p class=\"j-title\">\n                            die Balade du Saint-Sauveur                        <\/p>\n                        <p class=\"j-more\">\n                            Entdecken                        <\/p>\n                    <\/a>\n                <\/div>\n\n                            <div class=\"journey-slide\">\n                    <a href=\"https:\/\/www.vap-camping.fr\/de\/lieux\/les-3-bosses-pres-de-foix\/\" class=\"journey\" title=\"Les 3 bosses in der N\u00e4he von Foix\">\n                        <img decoding=\"async\" width=\"1920\" height=\"1080\" src=\"https:\/\/www.vap-camping.fr\/wp-content\/uploads\/2025\/12\/image-10.jpeg\" class=\"attachment-6418 size-6418 wp-post-image\" alt=\"\" large=\"\" srcset=\"https:\/\/www.vap-camping.fr\/wp-content\/uploads\/2025\/12\/image-10.jpeg 1920w, https:\/\/www.vap-camping.fr\/wp-content\/uploads\/2025\/12\/image-10-600x338.jpeg 600w, https:\/\/www.vap-camping.fr\/wp-content\/uploads\/2025\/12\/image-10-1024x576.jpeg 1024w, https:\/\/www.vap-camping.fr\/wp-content\/uploads\/2025\/12\/image-10-768x432.jpeg 768w, https:\/\/www.vap-camping.fr\/wp-content\/uploads\/2025\/12\/image-10-1536x864.jpeg 1536w\" sizes=\"(max-width: 1920px) 100vw, 1920px\" \/>                        <p class=\"j-title\">\n                            Les 3 bosses in der N\u00e4he von Foix                        <\/p>\n                        <p class=\"j-more\">\n                            Entdecken                        <\/p>\n                    <\/a>\n                <\/div>\n\n                            <div class=\"journey-slide\">\n                    <a href=\"https:\/\/www.vap-camping.fr\/de\/lieux\/le-mur-de-peguere-a-velo\/\" class=\"journey\" title=\"die Mur de P\u00e9gu\u00e8re mit dem Fahrrad\">\n                        <img decoding=\"async\" width=\"2133\" height=\"1423\" src=\"https:\/\/www.vap-camping.fr\/wp-content\/uploads\/2025\/04\/charles_ripon_velo.jpg\" class=\"attachment-6372 size-6372 wp-post-image\" alt=\"\" large=\"\" srcset=\"https:\/\/www.vap-camping.fr\/wp-content\/uploads\/2025\/04\/charles_ripon_velo.jpg 2133w, https:\/\/www.vap-camping.fr\/wp-content\/uploads\/2025\/04\/charles_ripon_velo-600x400.jpg 600w, https:\/\/www.vap-camping.fr\/wp-content\/uploads\/2025\/04\/charles_ripon_velo-1024x683.jpg 1024w, https:\/\/www.vap-camping.fr\/wp-content\/uploads\/2025\/04\/charles_ripon_velo-768x512.jpg 768w, https:\/\/www.vap-camping.fr\/wp-content\/uploads\/2025\/04\/charles_ripon_velo-1536x1025.jpg 1536w, https:\/\/www.vap-camping.fr\/wp-content\/uploads\/2025\/04\/charles_ripon_velo-2048x1366.jpg 2048w\" sizes=\"(max-width: 2133px) 100vw, 2133px\" \/>                        <p class=\"j-title\">\n                            die Mur de P\u00e9gu\u00e8re mit dem Fahrrad                        <\/p>\n                        <p class=\"j-more\">\n                            Entdecken                        <\/p>\n                    <\/a>\n                <\/div>\n\n                            <div class=\"journey-slide\">\n                    <a href=\"https:\/\/www.vap-camping.fr\/de\/lieux\/ussat-les-bains\/\" class=\"journey\" title=\"Ussat-les-Bains\">\n                        <img decoding=\"async\" width=\"1024\" height=\"768\" src=\"https:\/\/www.vap-camping.fr\/wp-content\/uploads\/2025\/12\/thermes_ussat_les_bains_ariege_pyreneescopywiki-commons-pinpin-.jpg\" class=\"attachment-6329 size-6329 wp-post-image\" alt=\"\" large=\"\" srcset=\"https:\/\/www.vap-camping.fr\/wp-content\/uploads\/2025\/12\/thermes_ussat_les_bains_ariege_pyreneescopywiki-commons-pinpin-.jpg 1024w, https:\/\/www.vap-camping.fr\/wp-content\/uploads\/2025\/12\/thermes_ussat_les_bains_ariege_pyreneescopywiki-commons-pinpin--600x450.jpg 600w, https:\/\/www.vap-camping.fr\/wp-content\/uploads\/2025\/12\/thermes_ussat_les_bains_ariege_pyreneescopywiki-commons-pinpin--768x576.jpg 768w\" sizes=\"(max-width: 1024px) 100vw, 1024px\" \/>                        <p class=\"j-title\">\n                            Ussat-les-Bains                        <\/p>\n                        <p class=\"j-more\">\n                            Entdecken                        <\/p>\n                    <\/a>\n                <\/div>\n\n                            <div class=\"journey-slide\">\n                    <a href=\"https:\/\/www.vap-camping.fr\/de\/lieux\/canoe-kayak-a-vernajoul\/\" class=\"journey\" title=\"Kanu- und Kajakfahren in Vernajoul\">\n                        <img decoding=\"async\" width=\"1500\" height=\"900\" src=\"https:\/\/www.vap-camping.fr\/wp-content\/uploads\/2025\/12\/image-13.jpeg\" class=\"attachment-6341 size-6341 wp-post-image\" alt=\"\" large=\"\" srcset=\"https:\/\/www.vap-camping.fr\/wp-content\/uploads\/2025\/12\/image-13.jpeg 1500w, https:\/\/www.vap-camping.fr\/wp-content\/uploads\/2025\/12\/image-13-600x360.jpeg 600w, https:\/\/www.vap-camping.fr\/wp-content\/uploads\/2025\/12\/image-13-1024x614.jpeg 1024w, https:\/\/www.vap-camping.fr\/wp-content\/uploads\/2025\/12\/image-13-768x461.jpeg 768w\" sizes=\"(max-width: 1500px) 100vw, 1500px\" \/>                        <p class=\"j-title\">\n                            Kanu- und Kajakfahren in Vernajoul                        <\/p>\n                        <p class=\"j-more\">\n                            Entdecken                        <\/p>\n                    <\/a>\n                <\/div>\n\n                            <div class=\"journey-slide\">\n                    <a href=\"https:\/\/www.vap-camping.fr\/de\/lieux\/la-belle-verte-rafting-foix\/\" class=\"journey\" title=\"La Belle verte Rafting Foix\">\n                        <img decoding=\"async\" width=\"1200\" height=\"797\" src=\"https:\/\/www.vap-camping.fr\/wp-content\/uploads\/2025\/12\/image-15.jpeg\" class=\"attachment-6353 size-6353 wp-post-image\" alt=\"\" large=\"\" srcset=\"https:\/\/www.vap-camping.fr\/wp-content\/uploads\/2025\/12\/image-15.jpeg 1200w, https:\/\/www.vap-camping.fr\/wp-content\/uploads\/2025\/12\/image-15-600x399.jpeg 600w, https:\/\/www.vap-camping.fr\/wp-content\/uploads\/2025\/12\/image-15-1024x680.jpeg 1024w, https:\/\/www.vap-camping.fr\/wp-content\/uploads\/2025\/12\/image-15-768x510.jpeg 768w\" sizes=\"(max-width: 1200px) 100vw, 1200px\" \/>                        <p class=\"j-title\">\n                            La Belle verte Rafting Foix                        <\/p>\n                        <p class=\"j-more\">\n                            Entdecken                        <\/p>\n                    <\/a>\n                <\/div>\n\n                            <div class=\"journey-slide\">\n                    <a href=\"https:\/\/www.vap-camping.fr\/de\/lieux\/camin-rafting\/\" class=\"journey\" title=\"Camin Rafting\">\n                        <img decoding=\"async\" width=\"2048\" height=\"1536\" src=\"https:\/\/www.vap-camping.fr\/wp-content\/uploads\/2025\/05\/rafting-en-ariege-2.jpg\" class=\"attachment-6362 size-6362 wp-post-image\" alt=\"\" large=\"\" srcset=\"https:\/\/www.vap-camping.fr\/wp-content\/uploads\/2025\/05\/rafting-en-ariege-2.jpg 2048w, https:\/\/www.vap-camping.fr\/wp-content\/uploads\/2025\/05\/rafting-en-ariege-2-600x450.jpg 600w, https:\/\/www.vap-camping.fr\/wp-content\/uploads\/2025\/05\/rafting-en-ariege-2-1024x768.jpg 1024w, https:\/\/www.vap-camping.fr\/wp-content\/uploads\/2025\/05\/rafting-en-ariege-2-768x576.jpg 768w, https:\/\/www.vap-camping.fr\/wp-content\/uploads\/2025\/05\/rafting-en-ariege-2-1536x1152.jpg 1536w\" sizes=\"(max-width: 2048px) 100vw, 2048px\" \/>                        <p class=\"j-title\">\n                            Camin Rafting                        <\/p>\n                        <p class=\"j-more\">\n                            Entdecken                        <\/p>\n                    <\/a>\n                <\/div>\n\n                            <div class=\"journey-slide\">\n                    <a href=\"https:\/\/www.vap-camping.fr\/de\/lieux\/speleo-canyon-ariege\/\" class=\"journey\" title=\"Speleo Canyon Ari\u00e8ge\">\n                        <img decoding=\"async\" width=\"780\" height=\"560\" src=\"https:\/\/www.vap-camping.fr\/wp-content\/uploads\/2025\/12\/image-16.jpeg\" class=\"attachment-6356 size-6356 wp-post-image\" alt=\"\" large=\"\" srcset=\"https:\/\/www.vap-camping.fr\/wp-content\/uploads\/2025\/12\/image-16.jpeg 780w, https:\/\/www.vap-camping.fr\/wp-content\/uploads\/2025\/12\/image-16-600x431.jpeg 600w, https:\/\/www.vap-camping.fr\/wp-content\/uploads\/2025\/12\/image-16-768x551.jpeg 768w\" sizes=\"(max-width: 780px) 100vw, 780px\" \/>                        <p class=\"j-title\">\n                            Speleo Canyon Ari\u00e8ge                        <\/p>\n                        <p class=\"j-more\">\n                            Entdecken                        <\/p>\n                    <\/a>\n                <\/div>\n\n                            <div class=\"journey-slide\">\n                    <a href=\"https:\/\/www.vap-camping.fr\/de\/lieux\/la-ferme-du-malpassadou\/\" class=\"journey\" title=\"La Ferme du Malpassadou\">\n                        <img decoding=\"async\" width=\"768\" height=\"1024\" src=\"https:\/\/www.vap-camping.fr\/wp-content\/uploads\/2025\/12\/image-33.jpeg\" class=\"attachment-6250 size-6250 wp-post-image\" alt=\"\" large=\"\" srcset=\"https:\/\/www.vap-camping.fr\/wp-content\/uploads\/2025\/12\/image-33.jpeg 768w, https:\/\/www.vap-camping.fr\/wp-content\/uploads\/2025\/12\/image-33-450x600.jpeg 450w\" sizes=\"(max-width: 768px) 100vw, 768px\" \/>                        <p class=\"j-title\">\n                            La Ferme du Malpassadou                        <\/p>\n                        <p class=\"j-more\">\n                            Entdecken                        <\/p>\n                    <\/a>\n                <\/div>\n\n                            <div class=\"journey-slide\">\n                    <a href=\"https:\/\/www.vap-camping.fr\/de\/lieux\/retour-aux-sources\/\" class=\"journey\" title=\"Zur\u00fcck zu den Wurzeln\">\n                        <img decoding=\"async\" width=\"680\" height=\"453\" src=\"https:\/\/www.vap-camping.fr\/wp-content\/uploads\/2025\/12\/image-35.jpeg\" class=\"attachment-6240 size-6240 wp-post-image\" alt=\"\" large=\"\" srcset=\"https:\/\/www.vap-camping.fr\/wp-content\/uploads\/2025\/12\/image-35.jpeg 680w, https:\/\/www.vap-camping.fr\/wp-content\/uploads\/2025\/12\/image-35-600x400.jpeg 600w\" sizes=\"(max-width: 680px) 100vw, 680px\" \/>                        <p class=\"j-title\">\n                            Zur\u00fcck zu den Wurzeln                        <\/p>\n                        <p class=\"j-more\">\n                            Entdecken                        <\/p>\n                    <\/a>\n                <\/div>\n\n                            <div class=\"journey-slide\">\n                    <a href=\"https:\/\/www.vap-camping.fr\/de\/lieux\/domaine-des-coteaux-dengravies\/\" class=\"journey\" title=\"Domaine des Coteaux d&#8217;Engravi\u00e8s\">\n                                                <p class=\"j-title\">\n                            Domaine des Coteaux d&#8217;Engravi\u00e8s                        <\/p>\n                        <p class=\"j-more\">\n                            Entdecken                        <\/p>\n                    <\/a>\n                <\/div>\n\n                            <div class=\"journey-slide\">\n                    <a href=\"https:\/\/www.vap-camping.fr\/de\/lieux\/fromagerie-de-la-sestiere\/\" class=\"journey\" title=\"Fromagerie de la Sesti\u00e8re\">\n                        <img decoding=\"async\" width=\"1200\" height=\"901\" src=\"https:\/\/www.vap-camping.fr\/wp-content\/uploads\/2025\/12\/image-30.jpeg\" class=\"attachment-6230 size-6230 wp-post-image\" alt=\"\" large=\"\" srcset=\"https:\/\/www.vap-camping.fr\/wp-content\/uploads\/2025\/12\/image-30.jpeg 1200w, https:\/\/www.vap-camping.fr\/wp-content\/uploads\/2025\/12\/image-30-600x451.jpeg 600w, https:\/\/www.vap-camping.fr\/wp-content\/uploads\/2025\/12\/image-30-1024x769.jpeg 1024w, https:\/\/www.vap-camping.fr\/wp-content\/uploads\/2025\/12\/image-30-768x577.jpeg 768w\" sizes=\"(max-width: 1200px) 100vw, 1200px\" \/>                        <p class=\"j-title\">\n                            Fromagerie de la Sesti\u00e8re                        <\/p>\n                        <p class=\"j-more\">\n                            Entdecken                        <\/p>\n                    <\/a>\n                <\/div>\n\n                            <div class=\"journey-slide\">\n                    <a href=\"https:\/\/www.vap-camping.fr\/de\/lieux\/a-fleurs-dabeilles\/\" class=\"journey\" title=\"A Bienenbl\u00fcten\">\n                        <img decoding=\"async\" width=\"800\" height=\"520\" src=\"https:\/\/www.vap-camping.fr\/wp-content\/uploads\/2025\/12\/image-40.jpeg\" class=\"attachment-6212 size-6212 wp-post-image\" alt=\"\" large=\"\" srcset=\"https:\/\/www.vap-camping.fr\/wp-content\/uploads\/2025\/12\/image-40.jpeg 800w, https:\/\/www.vap-camping.fr\/wp-content\/uploads\/2025\/12\/image-40-600x390.jpeg 600w, https:\/\/www.vap-camping.fr\/wp-content\/uploads\/2025\/12\/image-40-768x499.jpeg 768w\" sizes=\"(max-width: 800px) 100vw, 800px\" \/>                        <p class=\"j-title\">\n                            A Bienenbl\u00fcten                        <\/p>\n                        <p class=\"j-more\">\n                            Entdecken                        <\/p>\n                    <\/a>\n                <\/div>\n\n                    <\/div>\n        <div class=\"journey-buttons\">\n            <button class=\"j-prev\">ARR<\/button>\n            <button class=\"j-next\">AV<\/button>\n        <\/div>\n    <\/div>\n\n\n<\/div>\n\n\n\n<div class=\"wp-block-group has-global-padding is-layout-constrained wp-block-group-is-layout-constrained\">\n<div class=\"wp-block-group alignwide is-style-title-simple is-layout-flow wp-block-group-is-layout-flow is-style-title-simple--18\" style=\"margin-top:4rem;margin-bottom:4rem\">\n<p class=\"has-text-align-center has-secondary-color has-text-color has-link-color has-secondary-font-family has-xl-font-size wp-elements-b52900ba3ea20b3e9f710279243c2264\">Entdecken Sie<\/p>\n\n\n\n<p class=\"has-text-align-center has-primary-font-family has-sm-font-size\" style=\"text-transform:uppercase\"><strong>unsere anderen Einrichtungen<\/strong><\/p>\n<\/div>\n\n\n<div class=\"campings-wrapper is-layout-flow wp-block-slider-campings-is-layout-flow\">\n            <div class=\"campings-list\">\n                            <div class=\"camping-item\"\n                    style=\"background-image: linear-gradient(to top, rgba(0, 0, 0, 0.6), transparent), url('https:\/\/www.vap-camping.fr\/wp-content\/uploads\/2025\/07\/dji_0589-2-1024x767.jpg');\">\n                    <a href=\"https:\/\/www.vap-camping.fr\/de\/campings\/camping-la-bastide\/\" title=\"Campingplatz la Bastide(Maz\u00e8res)\" class=\"camping-link\">\n                        <p class=\"title\">Campingplatz la Bastide(Maz\u00e8res)<\/p>\n                        <p class=\"camping-button\">Entdecken<\/p>\n                    <\/a>\n                <\/div>\n                            <div class=\"camping-item\"\n                    style=\"background-image: linear-gradient(to top, rgba(0, 0, 0, 0.6), transparent), url('https:\/\/www.vap-camping.fr\/wp-content\/uploads\/2025\/04\/dsc03930-1024x500.jpg');\">\n                    <a href=\"https:\/\/www.vap-camping.fr\/de\/campings\/camping-le-rupe\/\" title=\"Campingplatz le Rup\u00e9(Toulouse)\" class=\"camping-link\">\n                        <p class=\"title\">Campingplatz le Rup\u00e9(Toulouse)<\/p>\n                        <p class=\"camping-button\">Entdecken<\/p>\n                    <\/a>\n                <\/div>\n                            <div class=\"camping-item\"\n                    style=\"background-image: linear-gradient(to top, rgba(0, 0, 0, 0.6), transparent), url('https:\/\/www.vap-camping.fr\/wp-content\/uploads\/2025\/04\/img_5291-1024x768-1.jpg');\">\n                    <a href=\"https:\/\/www.vap-camping.fr\/de\/campings\/complexe-des-oustalous\/\" title=\"Oustalous-Komplex\" class=\"camping-link\">\n                        <p class=\"title\">Oustalous-Komplex<\/p>\n                        <p class=\"camping-button\">Entdecken<\/p>\n                    <\/a>\n                <\/div>\n                            <div class=\"camping-item\"\n                    style=\"background-image: linear-gradient(to top, rgba(0, 0, 0, 0.6), transparent), url('https:\/\/www.vap-camping.fr\/wp-content\/uploads\/2025\/04\/4479-1024x461.jpeg');\">\n                    <a href=\"https:\/\/www.vap-camping.fr\/de\/campings\/camping-le-bourdieu\/\" title=\"Campingplatz Le Bourdieu\" class=\"camping-link\">\n                        <p class=\"title\">Campingplatz Le Bourdieu<\/p>\n                        <p class=\"camping-button\">Entdecken<\/p>\n                    <\/a>\n                <\/div>\n                    <\/div>\n    <\/div>\n\n<\/div>\n\n\n\n<div class=\"wp-block-group has-global-padding is-layout-constrained wp-block-group-is-layout-constrained\">\n<div class=\"wp-block-columns alignfull are-vertically-aligned-center is-faq-wrapper is-layout-flex wp-container-core-columns-is-layout-28f84493 wp-block-columns-is-layout-flex\">\n<div class=\"wp-block-column is-vertically-aligned-center is-layout-flow wp-block-column-is-layout-flow\" style=\"flex-basis:33.33%\">\n<div class=\"wp-block-group is-faq has-global-padding is-layout-constrained wp-container-core-group-is-layout-182edfea wp-block-group-is-layout-constrained has-background\" style=\"border-radius:100%;background-image:url(&#039;https:\/\/www.vap-camping.fr\/wp-content\/themes\/vap\/assets\/img\/faq.jpg&#039;);background-position:73% 47%;background-size:cover;\"><\/div>\n<\/div>\n\n\n\n<div class=\"wp-block-column is-vertically-aligned-center is-layout-flow wp-block-column-is-layout-flow\" style=\"flex-basis:66.66%\">\n<div class=\"wp-block-group is-style-title-left is-layout-flow wp-block-group-is-layout-flow is-style-title-left--19\">\n<p class=\"has-secondary-color has-text-color has-link-color has-secondary-font-family has-xl-font-size wp-elements-b8d209e59c03caf8beafd191d43c8acb\">H\u00e4ufig gestellte Fragen<\/p>\n\n\n\n<p class=\"has-primary-color has-text-color has-link-color has-primary-font-family has-sm-font-size wp-elements-4a6d732f50c7544ec9ba68cb8e501743\" style=\"text-transform:uppercase\"><strong>Sie m\u00f6chten mehr erfahren<\/strong><\/p>\n<\/div>\n\n\n\n<div class=\"wp-block-group has-global-padding is-layout-constrained wp-block-group-is-layout-constrained\">\n<div class=\"pfq\">\n  \n  \n  <nav class=\"pfq__themes\">\n    <h2>Th\u00e9matiques<\/h2>\n    <ul>\n      \n        <li class=\"pfq__theme active\" data-pfq-group=\"group-0\">\n          <a href=\"#\">H\u00e4ufig gestellte Fragen<\/a>\n        <\/li>\n\n          <\/ul>\n  <\/nav>\n\n  <div class=\"pfq__questions\">\n    \n      <div class=\"pfq__questions__group visible\" data-pfq-group=\"group-0\">\n\n        <h3>H\u00e4ufig gestellte Fragen<\/h3>\n\n        \n          <div class=\"pfq__question\"  >\n            <h4 class=\"pfq__question__title\">Welche Art von Kaffeemaschine gibt es in den Unterk\u00fcnften?<\/h4>\n            <div class=\"pfq__answer\"><p><span style=\"font-weight: 400;\">Die meisten Unterk\u00fcnfte sind mit Filterkaffeemaschinen ausgestattet, aber einige verf\u00fcgen auch \u00fcber Senseo-Kaffeemaschinen.  <\/span><\/p>\n<\/div>\n          <\/div>\n\n        \n          <div class=\"pfq__question\"  >\n            <h4 class=\"pfq__question__title\">Wird in den Unterk\u00fcnften Bettw\u00e4sche bereitgestellt?<\/h4>\n            <div class=\"pfq__answer\"><p><span style=\"font-weight: 400;\">Bettw\u00e4sche wird nicht zur Verf\u00fcgung gestellt, au\u00dfer in den Valentin Cottages. Sie k\u00f6nnen sie jedoch gegen Aufpreis mieten. <\/span><\/p>\n<\/div>\n          <\/div>\n\n        \n          <div class=\"pfq__question\"  >\n            <h4 class=\"pfq__question__title\">Wie sind die Ankunfts- und Abflugzeiten?<\/h4>\n            <div class=\"pfq__answer\"><p><span style=\"font-weight: 400;\">Die Anreise kann ab 16.00 Uhr erfolgen und die Abreise muss bis 10.00 Uhr erfolgen.<\/span><\/p>\n<\/div>\n          <\/div>\n\n        \n          <div class=\"pfq__question\"  >\n            <h4 class=\"pfq__question__title\">Was passiert mit versp\u00e4teten Ank\u00fcnften?<\/h4>\n            <div class=\"pfq__answer\"><p><span style=\"font-weight: 400;\">Sie k\u00f6nnen bis 22.00 Uhr anreisen, auch wenn die Rezeption geschlossen ist. Es gibt einen Bereitschaftsdienst, der Ihnen helfen kann. Nach 22.00 Uhr wird Ihnen ein Self-Check-in erkl\u00e4rt.  <\/span><\/p>\n<\/div>\n          <\/div>\n\n        \n          <div class=\"pfq__question\"  >\n            <h4 class=\"pfq__question__title\">Ist der Pool beheizt?<\/h4>\n            <div class=\"pfq__answer\"><p><span style=\"font-weight: 400;\">Nein, der Pool hat eine nat\u00fcrliche Temperatur.<\/span><\/p>\n<\/div>\n          <\/div>\n\n        \n          <div class=\"pfq__question\"  >\n            <h4 class=\"pfq__question__title\">Bieten Sie auf dem Campingplatz Animationen an?<\/h4>\n            <div class=\"pfq__answer\"><p><span style=\"font-weight: 400;\">Ja, in der Hochsaison (Juli-August) organisieren wir jeden Tag Animationen, au\u00dfer am Samstag, dem Tag der Ankunft.<\/span><\/p>\n<\/div>\n          <\/div>\n\n        \n          <div class=\"pfq__question\"  >\n            <h4 class=\"pfq__question__title\">Liegt der Campingplatz in der N\u00e4he von Gesch\u00e4ften?<\/h4>\n            <div class=\"pfq__answer\"><p><span style=\"font-weight: 400;\">Ja, wir haben eine B\u00e4ckerei und einen Supermarkt in 300 m Entfernung und einen Obst- und Gem\u00fcseladen auf der anderen Stra\u00dfenseite.<\/span><\/p>\n<\/div>\n          <\/div>\n\n        \n          <div class=\"pfq__question\"  >\n            <h4 class=\"pfq__question__title\">Liegt der Campingplatz in der N\u00e4he von \u00f6ffentlichen Verkehrsmitteln, um ins Stadtzentrum zu gelangen?<\/h4>\n            <div class=\"pfq__answer\"><p><span style=\"font-weight: 400;\">Ja, ein Shuttlebus f\u00e4hrt direkt neben dem Campingplatz, nur 3 Minuten zu Fu\u00df entfernt.<\/span><\/p>\n<\/div>\n          <\/div>\n\n        \n          <div class=\"pfq__question\"  >\n            <h4 class=\"pfq__question__title\">Akzeptieren Sie Tiere?<\/h4>\n            <div class=\"pfq__answer\"><p><span style=\"font-weight: 400;\">Wir akzeptieren Haustiere (au\u00dfer Kategorie A) mit einem Impfpass, au\u00dfer in den Valentin Cottages.<\/span><\/p>\n<\/div>\n          <\/div>\n\n        \n          <div class=\"pfq__question\"  >\n            <h4 class=\"pfq__question__title\">Bis zu welcher Uhrzeit darf man L\u00e4rm machen?<\/h4>\n            <div class=\"pfq__answer\"><p><span style=\"font-weight: 400;\">Um die Ruhe aller zu respektieren, muss der L\u00e4rm nach 22.30 Uhr begrenzt werden.<\/span><\/p>\n<\/div>\n          <\/div>\n\n        \n      <\/div>\n\n    \n  <\/div>\n<\/div>\n<\/div>\n<\/div>\n<\/div>\n<\/div>\n\n\n\n<div class=\"wp-block-group btn-resa has-background has-global-padding is-layout-constrained wp-block-group-is-layout-constrained\" style=\"background:linear-gradient(0deg,rgba(255,255,255,0.74) 0%,rgba(255,255,255,0) 100%)\">\n<div class=\"wp-block-buttons is-content-justification-center is-layout-flex wp-container-core-buttons-is-layout-a89b3969 wp-block-buttons-is-layout-flex\">\n<div class=\"wp-block-button\"><a class=\"wp-block-button__link wp-element-button\" href=\"https:\/\/reservation.secureholiday.net\/group\/fr\/108\/search\/estab-view\/716\/products\" target=\"_blank\" rel=\"noreferrer noopener\">buchen Sie Ihren Aufenthalt<\/a><\/div>\n<\/div>\n<\/div>\n<\/div>\n","protected":false},"excerpt":{"rendered":"<p>3 km vom Stadtzentrum von Foix und dem Schloss von Foix entfernt!<\/p>\n","protected":false},"featured_media":3112,"parent":0,"template":"","format":"standard","meta":{"_acf_changed":false,"_seopress_robots_primary_cat":"","_seopress_titles_title":"Camping Foix | Camping du Lac 4 \u00e9toiles en Ari\u00e8ge","_seopress_titles_desc":"Vivez un s\u00e9jour inoubliable au Camping du Lac \u00e0 Foix : entre randonn\u00e9es, baignades, culture et d\u00e9tente, l\u2019Ari\u00e8ge s\u2019offre \u00e0 vous en 4 \u00e9toiles.","_seopress_robots_index":"","ouverture":"Ge\u00f6ffnet vom 1. M\u00e4rz bis zum 1. November","nombre_de_locations":"95 Ferienh\u00e4user auf 5 ha","nombre_demplacements":"40 nackte Stellpl\u00e4tze","adresse":"Nationalstra\u00dfe 20 Labarre, 09000 Foix","numero_de_telephone":"0561651158","email":"contact@vap-campings.fr","url_du_site":"","footnotes":""},"class_list":["post-3079","campings","type-campings","status-publish","format-standard","has-post-thumbnail","hentry"],"acf":{"latitude":"42.9892629","longitude":"1.6130811","ouverture":"Ge\u00f6ffnet vom 1. M\u00e4rz bis zum 1. November","nombre_de_locations":"95 Ferienh\u00e4user auf 5 ha","nombre_demplacements":"40 nackte Stellpl\u00e4tze","adresse":"Nationalstra\u00dfe 20 Labarre, 09000 Foix","numero_de_telephone":"0561651158","email":"contact@vap-campings.fr","url_du_site":"","stars":4,"services":[{"label":"Swimmingpool (nicht beheizt)","icon":3087},{"label":"Restaurant\/Bar","icon":3086},{"label":"Wifi","icon":3085},{"label":"Haustiere akzeptiert","icon":3088},{"label":"Animationen in der Saison","icon":3083},{"label":"Souvenirshop","icon":3082},{"label":"Fahrradraum","icon":3089},{"label":"PMR-Zugang","icon":2611},{"label":"Ladestationen f\u00fcr Elektrofahrzeuge","icon":""}]},"_links":{"self":[{"href":"https:\/\/www.vap-camping.fr\/de\/wp-json\/wp\/v2\/campings\/3079","targetHints":{"allow":["GET"]}}],"collection":[{"href":"https:\/\/www.vap-camping.fr\/de\/wp-json\/wp\/v2\/campings"}],"about":[{"href":"https:\/\/www.vap-camping.fr\/de\/wp-json\/wp\/v2\/types\/campings"}],"version-history":[{"count":15,"href":"https:\/\/www.vap-camping.fr\/de\/wp-json\/wp\/v2\/campings\/3079\/revisions"}],"predecessor-version":[{"id":8525,"href":"https:\/\/www.vap-camping.fr\/de\/wp-json\/wp\/v2\/campings\/3079\/revisions\/8525"}],"wp:featuredmedia":[{"embeddable":true,"href":"https:\/\/www.vap-camping.fr\/de\/wp-json\/wp\/v2\/media\/3112"}],"wp:attachment":[{"href":"https:\/\/www.vap-camping.fr\/de\/wp-json\/wp\/v2\/media?parent=3079"}],"curies":[{"name":"wp","href":"https:\/\/api.w.org\/{rel}","templated":true}]}}