{"id":2728,"date":"2025-05-09T14:24:02","date_gmt":"2025-05-09T14:24:02","guid":{"rendered":"https:\/\/www.vap-camping.fr\/lieux\/pic-du-tarbesou\/"},"modified":"2026-02-05T09:18:52","modified_gmt":"2026-02-05T09:18:52","slug":"pic-du-tarbesou","status":"publish","type":"lieux","link":"https:\/\/www.vap-camping.fr\/de\/lieux\/pic-du-tarbesou\/","title":{"rendered":"Tarbesou-Gipfel"},"content":{"rendered":"\n<div class=\"wp-block-group alignfull is-layout-flow wp-container-core-group-is-layout-12cc3699 wp-block-group-is-layout-flow\" style=\"padding-top:10rem\">\n<div class=\"wp-block-group has-global-padding is-layout-constrained wp-container-core-group-is-layout-2931b900 wp-block-group-is-layout-constrained\">\n<div class=\"wp-block-columns alignfull are-vertically-aligned-center is-layout-flex wp-container-core-columns-is-layout-0c0b91ec wp-block-columns-is-layout-flex\">\n<div class=\"wp-block-column is-vertically-aligned-center leftRight is-layout-flow wp-container-core-column-is-layout-58dbe9e9 wp-block-column-is-layout-flow\" style=\"padding-left:10rem;flex-basis:40%\">\n<div class=\"wp-block-group is-style-title-left is-layout-flow wp-block-group-is-layout-flow is-style-title-left--1\">\n<p class=\"has-secondary-color has-text-color has-link-color has-secondary-font-family has-xl-font-size wp-elements-94e73d15f99eb4f837d9518ef2ebf683\">Tarb\u00e9sou-Gipfel<\/p>\n\n\n\n<p class=\"has-primary-color has-text-color has-link-color has-primary-font-family has-sm-font-size wp-elements-bf05189cc00a6488b2810a8b75e5e918\" style=\"text-transform:uppercase\"><strong>leichter Gipfel mit grandioser Aussicht<\/strong><\/p>\n<\/div>\n\n\n\n<h1 class=\"wp-block-heading text-title\">Eine unumg\u00e4ngliche Wanderung zwischen Ari\u00e8ge und Aude<\/h1>\n\n\n\n<p class=\"has-m-font-size\" style=\"padding-left:2rem\">Der 2.364 m hohe <strong>Pic du Tarb\u00e9sou<\/strong> \u00fcberragt die T\u00e4ler von Donezan, die Bergseen und die K\u00e4mme von Capcir. Er liegt an der Grenze zwischen den Departements Ari\u00e8ge und Aude und bietet ein <strong>au\u00dfergew\u00f6hnliches 360\u00b0-Panorama<\/strong>, das \u00fcber eine Wanderung ohne technische Schwierigkeiten erreichbar ist.<\/p>\n<\/div>\n\n\n\n<div class=\"wp-block-column is-vertically-aligned-center rightLeft wp-block-image alignright size-large has-custom-border is-style-travel is-layout-flow wp-block-column-is-layout-flow is-style-travel--2\" style=\"flex-basis:60%\">\n<figure class=\"wp-block-image alignright size-large\"><img alt=\"\" decoding=\"async\" width=\"1024\" height=\"683\" src=\"https:\/\/www.vap-camping.fr\/wp-content\/uploads\/2025\/05\/AdobeStock_10276534-1024x683.jpeg\" alt=\"\" class=\"wp-image-1116\" srcset=\"https:\/\/www.vap-camping.fr\/wp-content\/uploads\/2025\/05\/AdobeStock_10276534-1024x683.jpeg 1024w, https:\/\/www.vap-camping.fr\/wp-content\/uploads\/2025\/05\/AdobeStock_10276534-600x400.jpeg 600w, https:\/\/www.vap-camping.fr\/wp-content\/uploads\/2025\/05\/AdobeStock_10276534-768x512.jpeg 768w, https:\/\/www.vap-camping.fr\/wp-content\/uploads\/2025\/05\/AdobeStock_10276534-1536x1024.jpeg 1536w, https:\/\/www.vap-camping.fr\/wp-content\/uploads\/2025\/05\/AdobeStock_10276534-2048x1365.jpeg 2048w\" sizes=\"(max-width: 1024px) 100vw, 1024px\" \/><\/figure>\n<\/div>\n<\/div>\n<\/div>\n\n\n\n<div class=\"wp-block-group has-global-padding is-layout-constrained wp-block-group-is-layout-constrained\">\n<div class=\"wp-block-columns alignfull are-vertically-aligned-center is-layout-flex wp-container-core-columns-is-layout-0c0b91ec wp-block-columns-is-layout-flex\">\n<div class=\"wp-block-column is-vertically-aligned-center wp-block-image alignright size-large has-custom-border is-style-simple-left leftRight is-layout-flow wp-block-column-is-layout-flow is-style-simple-left--3\" style=\"flex-basis:60%\">\n<figure class=\"wp-block-image alignleft size-large\"><img alt=\"\" decoding=\"async\" width=\"1024\" height=\"683\" src=\"https:\/\/www.vap-camping.fr\/wp-content\/uploads\/2025\/05\/AdobeStock_521369755-1024x683.jpeg\" alt=\"\" class=\"wp-image-1120\" srcset=\"https:\/\/www.vap-camping.fr\/wp-content\/uploads\/2025\/05\/AdobeStock_521369755-1024x683.jpeg 1024w, https:\/\/www.vap-camping.fr\/wp-content\/uploads\/2025\/05\/AdobeStock_521369755-600x400.jpeg 600w, https:\/\/www.vap-camping.fr\/wp-content\/uploads\/2025\/05\/AdobeStock_521369755-768x512.jpeg 768w, https:\/\/www.vap-camping.fr\/wp-content\/uploads\/2025\/05\/AdobeStock_521369755-1536x1024.jpeg 1536w, https:\/\/www.vap-camping.fr\/wp-content\/uploads\/2025\/05\/AdobeStock_521369755-2048x1365.jpeg 2048w\" sizes=\"(max-width: 1024px) 100vw, 1024px\" \/><\/figure>\n<\/div>\n\n\n\n<div class=\"wp-block-column is-vertically-aligned-center rightLeft is-layout-flow wp-container-core-column-is-layout-58dbe9e9 wp-block-column-is-layout-flow\" style=\"padding-left:10rem;flex-basis:40%\">\n<div class=\"wp-block-group is-style-title-left is-layout-flow wp-block-group-is-layout-flow is-style-title-left--4\">\n<p class=\"has-secondary-color has-text-color has-link-color has-secondary-font-family has-xl-font-size wp-elements-c3585a51e001e2b7c4ccf2cb91939cc9\">Eine Familienwanderung<\/p>\n\n\n\n<p class=\"has-primary-color has-text-color has-link-color has-primary-font-family has-sm-font-size wp-elements-669bf8d90bf2601666531a152db8b0fe\" style=\"text-transform:uppercase\"><strong>und Panorama<\/strong><\/p>\n<\/div>\n\n\n\n<h2 class=\"wp-block-heading text-title\">Start vom Col de Pailh\u00e8res, m\u00f6gliche Schleife \u00fcber die Teiche<\/h2>\n\n\n\n<p class=\"has-m-font-size\" style=\"padding-left:2rem\">Die Wanderung beginnt am <strong>Col de Pailh\u00e8res<\/strong> (2.001 m), der mit dem Auto von Ax-les-Thermes aus erreichbar ist (au\u00dferhalb der Wintersaison). Der Weg zum Gipfel betr\u00e4gt ca. 2,5 Stunden hin und zur\u00fcck, mit <strong>der M\u00f6glichkeit einer Schleife \u00fcber die wundersch\u00f6nen Teiche von Rabassoles<\/strong>. Diese Route ist im Sommer wegen ihrer landschaftlichen Vielfalt sehr beliebt.<\/p>\n<\/div>\n<\/div>\n<\/div>\n\n\n\n<div class=\"wp-block-group has-global-padding is-layout-constrained wp-block-group-is-layout-constrained\">\n<div class=\"wp-block-columns alignfull are-vertically-aligned-center is-layout-flex wp-container-core-columns-is-layout-0c0b91ec wp-block-columns-is-layout-flex\">\n<div class=\"wp-block-column is-vertically-aligned-center leftRight is-layout-flow wp-container-core-column-is-layout-58dbe9e9 wp-block-column-is-layout-flow\" style=\"padding-left:10rem;flex-basis:40%\">\n<div class=\"wp-block-group is-style-title-left is-layout-flow wp-block-group-is-layout-flow is-style-title-left--5\">\n<p class=\"has-secondary-color has-text-color has-link-color has-secondary-font-family has-xl-font-size wp-elements-2bd377ed8d4ac850ae4f909bedd64fbf\">Eine spektakul\u00e4re Aussicht<\/p>\n\n\n\n<p class=\"has-primary-color has-text-color has-link-color has-primary-font-family has-sm-font-size wp-elements-cf0247435c7d461fc0d0819be151c1f9\" style=\"text-transform:uppercase\"><strong>vom Gipfel aus<\/strong><\/p>\n<\/div>\n\n\n\n<h2 class=\"wp-block-heading text-title\">Pyren\u00e4enkette, Canigou, Ari\u00e8ge-Tal und blaue Teiche<\/h2>\n\n\n\n<p class=\"has-m-font-size\" style=\"padding-left:2rem\">Vom Gipfel aus reicht der Blick von den <strong>Pics d&#8217;Envalira<\/strong> \u00fcber die T\u00e4ler der Ari\u00e8ge, die Bergseen und die Hochebenen bis zum <strong>Canigou<\/strong>. Es ist ein <strong>idealer Ort f\u00fcr Fotografie, Kontemplation oder ein Picknick in der H\u00f6he<\/strong>.<\/p>\n<\/div>\n\n\n\n<div class=\"wp-block-column is-vertically-aligned-center rightLeft wp-block-image alignright size-large has-custom-border is-style-simple-right is-layout-flow wp-block-column-is-layout-flow is-style-simple-right--6\" style=\"flex-basis:60%\">\n<figure class=\"wp-block-image alignright size-large\"><img alt=\"\" decoding=\"async\" width=\"1024\" height=\"683\" src=\"https:\/\/www.vap-camping.fr\/wp-content\/uploads\/2025\/05\/AdobeStock_521373218-1024x683.jpeg\" alt=\"\" class=\"wp-image-1114\" style=\"aspect-ratio:3\/2;object-fit:cover\" srcset=\"https:\/\/www.vap-camping.fr\/wp-content\/uploads\/2025\/05\/AdobeStock_521373218-1024x683.jpeg 1024w, https:\/\/www.vap-camping.fr\/wp-content\/uploads\/2025\/05\/AdobeStock_521373218-600x400.jpeg 600w, https:\/\/www.vap-camping.fr\/wp-content\/uploads\/2025\/05\/AdobeStock_521373218-768x512.jpeg 768w, https:\/\/www.vap-camping.fr\/wp-content\/uploads\/2025\/05\/AdobeStock_521373218-1536x1024.jpeg 1536w, https:\/\/www.vap-camping.fr\/wp-content\/uploads\/2025\/05\/AdobeStock_521373218-2048x1365.jpeg 2048w\" sizes=\"(max-width: 1024px) 100vw, 1024px\" \/><\/figure>\n<\/div>\n<\/div>\n<\/div>\n\n\n\n<div class=\"wp-block-group reveal has-global-padding is-layout-constrained wp-block-group-is-layout-constrained\">\n<div class=\"wp-block-group alignwide is-style-title-simple is-layout-flow wp-block-group-is-layout-flow is-style-title-simple--7\" style=\"margin-top:4rem;margin-bottom:4rem\">\n<p class=\"has-text-align-center has-secondary-color has-text-color has-link-color has-secondary-font-family has-xl-font-size wp-elements-668f08e3453b1f2b5bf725d2930ca7db\">\n Unsere Einrichtungen<\/p>\n\n\n\n<p class=\"has-text-align-center has-primary-font-family has-sm-font-size\" style=\"text-transform:uppercase\">\n                <strong>in der N\u00e4he<\/strong>\n            <\/p>\n<\/div>\n\n\n<div class=\"campings-wrapper is-layout-flow wp-block-slider-campings-is-layout-flow\">\n            <div class=\"campings-list\">\n                            <div class=\"camping-item\"\n                    style=\"background-image: linear-gradient(to top, rgba(0, 0, 0, 0.6), transparent), url('https:\/\/www.vap-camping.fr\/wp-content\/uploads\/2025\/04\/img_5291-1024x768-1.jpg');\">\n                    <a href=\"https:\/\/www.vap-camping.fr\/de\/campings\/complexe-des-oustalous\/\" title=\"Oustalous-Komplex\" class=\"camping-link\">\n                        <p class=\"title\">Oustalous-Komplex<\/p>\n                        <p class=\"camping-button\">Entdecken<\/p>\n                    <\/a>\n                <\/div>\n                    <\/div>\n    <\/div>\n\n<\/div>\n<\/div>\n","protected":false},"excerpt":{"rendered":"<p>Der Pic du Tarbesou ist ein Muss f\u00fcr jeden Wanderer und bietet spektakul\u00e4re Aussichten, die im Herbst besonders sch\u00f6n sind. Inmitten der schillernden Farben der Saison erstrahlen die W\u00e4lder und Bergk\u00e4mme in goldenen und orangenen T\u00f6nen. Es ist ein einzigartiges Erlebnis, diesen Berg mit den ersten Herbstgef\u00fchlen zu entdecken.<\/p>\n","protected":false},"author":1,"featured_media":2740,"parent":0,"template":"","format":"standard","tax-category-lieux":[71],"class_list":["post-2728","lieux","type-lieux","status-publish","format-standard","has-post-thumbnail","hentry","tax-category-lieux-wanderungen-und-spaziergange"],"acf":{"latitude":"42.7138858","longitude":"1.9605583","distance":37,"pm_lieu_url":"","pm_lieu_phone":"","adresse":"","pm_lieu_title_short":"","af_camping":null},"_links":{"self":[{"href":"https:\/\/www.vap-camping.fr\/de\/wp-json\/wp\/v2\/lieux\/2728","targetHints":{"allow":["GET"]}}],"collection":[{"href":"https:\/\/www.vap-camping.fr\/de\/wp-json\/wp\/v2\/lieux"}],"about":[{"href":"https:\/\/www.vap-camping.fr\/de\/wp-json\/wp\/v2\/types\/lieux"}],"author":[{"embeddable":true,"href":"https:\/\/www.vap-camping.fr\/de\/wp-json\/wp\/v2\/users\/1"}],"version-history":[{"count":3,"href":"https:\/\/www.vap-camping.fr\/de\/wp-json\/wp\/v2\/lieux\/2728\/revisions"}],"predecessor-version":[{"id":6978,"href":"https:\/\/www.vap-camping.fr\/de\/wp-json\/wp\/v2\/lieux\/2728\/revisions\/6978"}],"wp:featuredmedia":[{"embeddable":true,"href":"https:\/\/www.vap-camping.fr\/de\/wp-json\/wp\/v2\/media\/2740"}],"wp:attachment":[{"href":"https:\/\/www.vap-camping.fr\/de\/wp-json\/wp\/v2\/media?parent=2728"}],"wp:term":[{"taxonomy":"tax-category-lieux","embeddable":true,"href":"https:\/\/www.vap-camping.fr\/de\/wp-json\/wp\/v2\/tax-category-lieux?post=2728"}],"curies":[{"name":"wp","href":"https:\/\/api.w.org\/{rel}","templated":true}]}}