{"id":6333,"date":"2025-11-30T13:17:20","date_gmt":"2025-11-30T13:17:20","guid":{"rendered":"https:\/\/www.vap-camping.fr\/lieux\/boucle-calmont-aubouissous\/"},"modified":"2026-01-30T00:15:54","modified_gmt":"2026-01-30T00:15:54","slug":"boucle-calmont-aubouissous","status":"publish","type":"lieux","link":"https:\/\/www.vap-camping.fr\/de\/lieux\/boucle-calmont-aubouissous\/","title":{"rendered":"Calmont-Aubouissous Schleife"},"content":{"rendered":"\n<div class=\"wp-block-group alignfull is-layout-flow wp-container-core-group-is-layout-12cc3699 wp-block-group-is-layout-flow\" style=\"padding-top:10rem\">\n<div class=\"wp-block-group has-global-padding is-layout-constrained wp-container-core-group-is-layout-2931b900 wp-block-group-is-layout-constrained\">\n<div class=\"wp-block-columns alignfull are-vertically-aligned-center is-layout-flex wp-container-core-columns-is-layout-0c0b91ec wp-block-columns-is-layout-flex\">\n<div class=\"wp-block-column is-vertically-aligned-center leftRight is-layout-flow wp-container-core-column-is-layout-58dbe9e9 wp-block-column-is-layout-flow\" style=\"padding-left:10rem;flex-basis:40%\">\n<div class=\"wp-block-group is-style-title-left is-layout-flow wp-block-group-is-layout-flow is-style-title-left--1\">\n<p class=\"has-secondary-color has-text-color has-link-color has-secondary-font-family has-xl-font-size wp-elements-3db4c497809d73f89c0f27f0a15fd569\">Schleife  <\/p>\n\n\n\n<p class=\"has-primary-color has-text-color has-link-color has-primary-font-family has-sm-font-size wp-elements-78b90edbcb2c10e7ab1a79ceff173002\" style=\"text-transform:uppercase\"><strong>Calmont-Aubouissous<\/strong><\/p>\n<\/div>\n\n\n\n<h1 class=\"wp-block-heading text-title\">Bergk\u00e4mme, T\u00e4ler und Aussicht auf die Ebene von Ari\u00e8ge.<\/h1>\n\n\n\n<p class=\"has-m-font-size\" style=\"padding-left:2rem\">Diese Rundwanderung beginnt in Calmont und f\u00fchrt \u00fcber die H\u00fcgel und Bergr\u00fccken, die das Hers-Tal \u00fcberragen, hinunter zum Flussufer und wieder zur\u00fcck zum Ausgangspunkt. Der Weg bietet sch\u00f6ne Ausblicke auf die Ebene und an klaren Tagen auf das Pyren\u00e4envorland &#8211; ein gutes Gleichgewicht zwischen Natur, Relief und freiem Horizont. <\/p>\n<\/div>\n\n\n\n<div class=\"wp-block-column is-vertically-aligned-center rightLeft wp-block-image alignright size-large has-custom-border is-style-travel is-layout-flow wp-block-column-is-layout-flow is-style-travel--2\" style=\"flex-basis:60%\">\n<figure class=\"wp-block-image alignright size-large\"><img decoding=\"async\" width=\"1024\" height=\"410\" src=\"https:\/\/www.vap-camping.fr\/wp-content\/uploads\/2025\/08\/camping-pas-cher-ariege-1-1024x410.webp\" alt=\"G&#xFC;nstiger Campingplatz in den Pyren&#xE4;en von Ari&#xE8;ge.\" class=\"wp-image-3348\" srcset=\"https:\/\/www.vap-camping.fr\/wp-content\/uploads\/2025\/08\/camping-pas-cher-ariege-1-1024x410.webp 1024w, https:\/\/www.vap-camping.fr\/wp-content\/uploads\/2025\/08\/camping-pas-cher-ariege-1-600x240.webp 600w, https:\/\/www.vap-camping.fr\/wp-content\/uploads\/2025\/08\/camping-pas-cher-ariege-1-768x308.webp 768w, https:\/\/www.vap-camping.fr\/wp-content\/uploads\/2025\/08\/camping-pas-cher-ariege-1-1536x615.webp 1536w, https:\/\/www.vap-camping.fr\/wp-content\/uploads\/2025\/08\/camping-pas-cher-ariege-1.webp 1920w\" sizes=\"(max-width: 1024px) 100vw, 1024px\" \/><\/figure>\n<\/div>\n<\/div>\n<\/div>\n\n\n\n<div class=\"wp-block-group has-global-padding is-layout-constrained wp-block-group-is-layout-constrained\">\n<div class=\"wp-block-columns alignfull are-vertically-aligned-center is-layout-flex wp-container-core-columns-is-layout-0c0b91ec wp-block-columns-is-layout-flex\">\n<div class=\"wp-block-column is-vertically-aligned-center wp-block-image alignright size-large has-custom-border is-style-simple-left leftRight is-layout-flow wp-block-column-is-layout-flow is-style-simple-left--3\" style=\"flex-basis:60%\">\n<figure class=\"wp-block-image alignleft size-large\"><img decoding=\"async\" width=\"1024\" height=\"576\" src=\"https:\/\/www.vap-camping.fr\/wp-content\/uploads\/2025\/08\/promo-vacances-ariege-1024x576.webp\" alt=\"Wandern in der Ari&#xE8;ge  \" class=\"wp-image-3364\" srcset=\"https:\/\/www.vap-camping.fr\/wp-content\/uploads\/2025\/08\/promo-vacances-ariege-1024x576.webp 1024w, https:\/\/www.vap-camping.fr\/wp-content\/uploads\/2025\/08\/promo-vacances-ariege-600x338.webp 600w, https:\/\/www.vap-camping.fr\/wp-content\/uploads\/2025\/08\/promo-vacances-ariege-768x432.webp 768w, https:\/\/www.vap-camping.fr\/wp-content\/uploads\/2025\/08\/promo-vacances-ariege-1536x864.webp 1536w, https:\/\/www.vap-camping.fr\/wp-content\/uploads\/2025\/08\/promo-vacances-ariege-2048x1152.webp 2048w\" sizes=\"(max-width: 1024px) 100vw, 1024px\" \/><\/figure>\n<\/div>\n\n\n\n<div class=\"wp-block-column is-vertically-aligned-center rightLeft is-layout-flow wp-container-core-column-is-layout-58dbe9e9 wp-block-column-is-layout-flow\" style=\"padding-left:10rem;flex-basis:40%\">\n<div class=\"wp-block-group is-style-title-left is-layout-flow wp-block-group-is-layout-flow is-style-title-left--4\">\n<p class=\"has-secondary-color has-text-color has-link-color has-secondary-font-family has-xl-font-size wp-elements-44f041115ec10c2e1bec4b86dbb8cadc\"><strong>Mittlere Ebene<\/strong><\/p>\n\n\n\n<p class=\"has-primary-color has-text-color has-link-color has-primary-font-family has-sm-font-size wp-elements-03217d51291cd3d068f96b5ef8fc6c08\" style=\"text-transform:uppercase\"><strong>bis zug\u00e4nglich<\/strong><\/p>\n<\/div>\n\n\n\n<h2 class=\"wp-block-heading text-title\">Einige Steigungen sind etwas steil, aber zu bew\u00e4ltigen.<\/h2>\n\n\n\n<p class=\"has-m-font-size\" style=\"padding-left:2rem\">Die Wanderung ist ~8,9 km lang und umfasst ~+352 m \/ -301 m H\u00f6henunterschied. Zwei Anstiege sind zwar kurz, aber etwas steil. Der Weg wird als schlecht markiert beschrieben &#8211; folgen Sie am besten dem GPS-Track. Bei feuchtem Wetter kann der Abstieg in einigen Abschnitten rutschig sein. Planen Sie gutes Schuhwerk und ein wenig Aufmerksamkeit ein. Weitere Informationen \u00fcber den Calmont Loop finden Sie hier: <a href=\"https:\/\/www.visorando.com\/randonnee-boucle-d-aubouissous-a-calmont\/\"><mark style=\"background-color:rgba(0, 0, 0, 0)\" class=\"has-inline-color has-secondary-color\">https:\/\/www.visorando.com\/randonnee-boucle-d-aubouissous-a-calmont\/<\/mark><\/a> .       <\/p>\n<\/div>\n<\/div>\n<\/div>\n\n\n\n<div class=\"wp-block-group has-global-padding is-layout-constrained wp-block-group-is-layout-constrained\">\n<div class=\"wp-block-columns alignfull are-vertically-aligned-center is-layout-flex wp-container-core-columns-is-layout-0c0b91ec wp-block-columns-is-layout-flex\">\n<div class=\"wp-block-column is-vertically-aligned-center leftRight is-layout-flow wp-container-core-column-is-layout-58dbe9e9 wp-block-column-is-layout-flow\" style=\"padding-left:10rem;flex-basis:40%\">\n<div class=\"wp-block-group is-style-title-left is-layout-flow wp-block-group-is-layout-flow is-style-title-left--5\">\n<p class=\"has-secondary-color has-text-color has-link-color has-secondary-font-family has-xl-font-size wp-elements-d8016f5bdc3b1d79ad4396427f8b85b8\">Wie man hingeht<\/p>\n\n\n\n<p class=\"has-primary-color has-text-color has-link-color has-primary-font-family has-sm-font-size wp-elements-068dff6bde934375e0a45f3f263aff0c\" style=\"text-transform:uppercase\"><strong>zum Ausgangspunkt<\/strong><\/p>\n<\/div>\n\n\n\n<h2 class=\"wp-block-heading text-title\">Weniger als 10 Minuten Fahrt vom Campingplatz nach Calmont, dem Ausgangspunkt!<\/h2>\n\n\n\n<p class=\"has-m-font-size\" style=\"padding-left:2rem\">Von Maz\u00e8res (Camping La Bastide) nehmen Sie die Stra\u00dfe nach Calmont (Haute-Garonne). Der Rundweg beginnt am Parkplatz in der N\u00e4he des Friedhofs von Calmont. Der Parkplatz ist ein guter Ausgangspunkt f\u00fcr die Wanderung.  <\/p>\n<\/div>\n\n\n\n<div class=\"wp-block-column is-vertically-aligned-center rightLeft wp-block-image alignright size-large has-custom-border is-style-travel is-layout-flow wp-block-column-is-layout-flow is-style-travel--6\" style=\"flex-basis:60%\">\n<figure class=\"wp-block-image alignright size-large\"><img decoding=\"async\" width=\"1024\" height=\"576\" src=\"https:\/\/www.vap-camping.fr\/wp-content\/uploads\/2025\/04\/cottage-clim-8-place-exterieur-1024x576.jpg\" alt=\"camping la bastide ari&#xE8;ge\" class=\"wp-image-4114\" srcset=\"https:\/\/www.vap-camping.fr\/wp-content\/uploads\/2025\/04\/cottage-clim-8-place-exterieur-1024x576.jpg 1024w, https:\/\/www.vap-camping.fr\/wp-content\/uploads\/2025\/04\/cottage-clim-8-place-exterieur-600x337.jpg 600w, https:\/\/www.vap-camping.fr\/wp-content\/uploads\/2025\/04\/cottage-clim-8-place-exterieur-768x432.jpg 768w, https:\/\/www.vap-camping.fr\/wp-content\/uploads\/2025\/04\/cottage-clim-8-place-exterieur-1536x863.jpg 1536w, https:\/\/www.vap-camping.fr\/wp-content\/uploads\/2025\/04\/cottage-clim-8-place-exterieur-2048x1151.jpg 2048w\" sizes=\"(max-width: 1024px) 100vw, 1024px\" \/><\/figure>\n<\/div>\n<\/div>\n<\/div>\n\n\n\n<div class=\"wp-block-group reveal has-global-padding is-layout-constrained wp-block-group-is-layout-constrained\">\n<div class=\"wp-block-group alignwide is-style-title-simple is-layout-flow wp-block-group-is-layout-flow is-style-title-simple--7\" style=\"margin-top:4rem;margin-bottom:4rem\">\n<p class=\"has-text-align-center has-secondary-color has-text-color has-link-color has-secondary-font-family has-xl-font-size wp-elements-754a17b6465ac1fab313b12ad098c134\">\n  Unsere Einrichtungen<\/p>\n\n\n\n<p class=\"has-text-align-center has-primary-font-family has-sm-font-size\" style=\"text-transform:uppercase\">\n                <strong>in der N\u00e4he<\/strong>\n            <\/p>\n<\/div>\n\n\n<div class=\"campings-wrapper is-layout-flow wp-block-slider-campings-is-layout-flow\">\n            <div class=\"campings-list\">\n                            <div class=\"camping-item\"\n                    style=\"background-image: linear-gradient(to top, rgba(0, 0, 0, 0.6), transparent), url('https:\/\/www.vap-camping.fr\/wp-content\/uploads\/2025\/07\/dji_0589-2-1024x767.jpg');\">\n                    <a href=\"https:\/\/www.vap-camping.fr\/de\/campings\/camping-la-bastide\/\" title=\"Campingplatz la Bastide(Maz\u00e8res)\" class=\"camping-link\">\n                        <p class=\"title\">Campingplatz la Bastide(Maz\u00e8res)<\/p>\n                        <p class=\"camping-button\">Entdecken<\/p>\n                    <\/a>\n                <\/div>\n                    <\/div>\n    <\/div>\n\n<\/div>\n<\/div>\n","protected":false},"excerpt":{"rendered":"<p>Erreichen Sie den Ausgangspunkt f\u00fcr Ihre Wanderung in Calmont in 10 Minuten Fahrt vom Campingplatz aus!<\/p>\n","protected":false},"author":1,"featured_media":3350,"parent":0,"template":"","format":"standard","tax-category-lieux":[71],"class_list":["post-6333","lieux","type-lieux","status-publish","format-standard","has-post-thumbnail","hentry","tax-category-lieux-wanderungen-und-spaziergange"],"acf":{"latitude":"43.287715","longitude":"1.629059","distance":6.2,"pm_lieu_url":"https:\/\/www.visorando.com\/randonnee-boucle-d-aubouissous-a-calmont\/","pm_lieu_phone":"","adresse":"","pm_lieu_title_short":"","af_camping":[101]},"_links":{"self":[{"href":"https:\/\/www.vap-camping.fr\/de\/wp-json\/wp\/v2\/lieux\/6333","targetHints":{"allow":["GET"]}}],"collection":[{"href":"https:\/\/www.vap-camping.fr\/de\/wp-json\/wp\/v2\/lieux"}],"about":[{"href":"https:\/\/www.vap-camping.fr\/de\/wp-json\/wp\/v2\/types\/lieux"}],"author":[{"embeddable":true,"href":"https:\/\/www.vap-camping.fr\/de\/wp-json\/wp\/v2\/users\/1"}],"version-history":[{"count":1,"href":"https:\/\/www.vap-camping.fr\/de\/wp-json\/wp\/v2\/lieux\/6333\/revisions"}],"predecessor-version":[{"id":6334,"href":"https:\/\/www.vap-camping.fr\/de\/wp-json\/wp\/v2\/lieux\/6333\/revisions\/6334"}],"acf:post":[{"embeddable":true,"href":"https:\/\/www.vap-camping.fr\/de\/wp-json\/wp\/v2\/campings\/101"}],"wp:featuredmedia":[{"embeddable":true,"href":"https:\/\/www.vap-camping.fr\/de\/wp-json\/wp\/v2\/media\/3350"}],"wp:attachment":[{"href":"https:\/\/www.vap-camping.fr\/de\/wp-json\/wp\/v2\/media?parent=6333"}],"wp:term":[{"taxonomy":"tax-category-lieux","embeddable":true,"href":"https:\/\/www.vap-camping.fr\/de\/wp-json\/wp\/v2\/tax-category-lieux?post=6333"}],"curies":[{"name":"wp","href":"https:\/\/api.w.org\/{rel}","templated":true}]}}