{"id":6636,"date":"2025-05-09T12:43:37","date_gmt":"2025-05-09T12:43:37","guid":{"rendered":"https:\/\/www.vap-camping.fr\/lieux\/pic-de-saint-barthelemy\/"},"modified":"2026-01-30T00:55:59","modified_gmt":"2026-01-30T00:55:59","slug":"pic-de-saint-barthelemy","status":"publish","type":"lieux","link":"https:\/\/www.vap-camping.fr\/de\/lieux\/pic-de-saint-barthelemy\/","title":{"rendered":"Gipfel von Saint-Barth\u00e9lemy"},"content":{"rendered":"\n<div class=\"wp-block-group alignfull is-layout-flow wp-container-core-group-is-layout-12cc3699 wp-block-group-is-layout-flow\" style=\"padding-top:10rem\">\n<div class=\"wp-block-group has-global-padding is-layout-constrained wp-container-core-group-is-layout-2931b900 wp-block-group-is-layout-constrained\">\n<div class=\"wp-block-columns alignfull are-vertically-aligned-center is-layout-flex wp-container-core-columns-is-layout-0c0b91ec wp-block-columns-is-layout-flex\">\n<div class=\"wp-block-column is-vertically-aligned-center leftRight is-layout-flow wp-container-core-column-is-layout-58dbe9e9 wp-block-column-is-layout-flow\" style=\"padding-left:10rem;flex-basis:40%\">\n<div class=\"wp-block-group is-style-title-left is-layout-flow wp-block-group-is-layout-flow is-style-title-left--1\">\n<p class=\"has-secondary-color has-text-color has-link-color has-secondary-font-family has-xl-font-size wp-elements-23d375d6e05b0a6f73c36f87d4b1eb39\">Der Gipfel von Saint-Barth\u00e9lemy<\/p>\n\n\n\n<p class=\"has-primary-color has-text-color has-link-color has-primary-font-family has-sm-font-size wp-elements-31b6405f1dd199b7b1659653ba891502\" style=\"text-transform:uppercase\"><strong>emblematischer Gipfel der Ari\u00e8ge<\/strong><\/p>\n<\/div>\n\n\n\n<h1 class=\"wp-block-heading text-title\">Ein au\u00dfergew\u00f6hnliches Panorama auf \u00fcber 2.300 Metern H\u00f6he<\/h1>\n\n\n\n<p class=\"has-m-font-size\" style=\"padding-left:2rem\">Der Pic de Saint-Barth\u00e9lemy (2.348 m), der die Region Pays d&#8217;Olmes dominiert, ist einer der h\u00f6chsten Gipfel des Tabe-Massivs. Er ist f\u00fcr erfahrene Wanderer zug\u00e4nglich und bietet einen atemberaubenden Blick auf die Pyren\u00e4en, die Ebene der Ari\u00e8ge und an klaren Tagen bis zu den Ausl\u00e4ufern des Zentralmassivs. <\/p>\n<\/div>\n\n\n\n<div class=\"wp-block-column is-vertically-aligned-center wp-block-image alignright size-large has-custom-border is-style-travel rightLeft is-layout-flow wp-block-column-is-layout-flow is-style-travel--2\" style=\"flex-basis:60%\">\n<figure class=\"wp-block-image alignright size-large\"><img alt=\"\" decoding=\"async\" width=\"1024\" height=\"672\" src=\"https:\/\/www.vap-camping.fr\/wp-content\/uploads\/2025\/05\/AdobeStock_76352589-1024x672.jpeg\" alt=\"\" class=\"wp-image-1260\" srcset=\"https:\/\/www.vap-camping.fr\/wp-content\/uploads\/2025\/05\/AdobeStock_76352589-1024x672.jpeg 1024w, https:\/\/www.vap-camping.fr\/wp-content\/uploads\/2025\/05\/AdobeStock_76352589-600x394.jpeg 600w, https:\/\/www.vap-camping.fr\/wp-content\/uploads\/2025\/05\/AdobeStock_76352589-768x504.jpeg 768w, https:\/\/www.vap-camping.fr\/wp-content\/uploads\/2025\/05\/AdobeStock_76352589-1536x1008.jpeg 1536w, https:\/\/www.vap-camping.fr\/wp-content\/uploads\/2025\/05\/AdobeStock_76352589-2048x1344.jpeg 2048w\" sizes=\"(max-width: 1024px) 100vw, 1024px\" \/><\/figure>\n<\/div>\n<\/div>\n<\/div>\n\n\n\n<div class=\"wp-block-group has-global-padding is-layout-constrained wp-block-group-is-layout-constrained\">\n<div class=\"wp-block-columns alignfull are-vertically-aligned-center is-layout-flex wp-container-core-columns-is-layout-0c0b91ec wp-block-columns-is-layout-flex\">\n<div class=\"wp-block-column is-vertically-aligned-center wp-block-image alignright size-large has-custom-border is-style-simple-left leftRight is-layout-flow wp-block-column-is-layout-flow is-style-simple-left--3\" style=\"flex-basis:60%\">\n<figure class=\"wp-block-image alignleft size-large\"><img alt=\"\" decoding=\"async\" width=\"1024\" height=\"669\" src=\"https:\/\/www.vap-camping.fr\/wp-content\/uploads\/2025\/05\/AdobeStock_76379544-1024x669.jpeg\" alt=\"\" class=\"wp-image-1262\" srcset=\"https:\/\/www.vap-camping.fr\/wp-content\/uploads\/2025\/05\/AdobeStock_76379544-1024x669.jpeg 1024w, https:\/\/www.vap-camping.fr\/wp-content\/uploads\/2025\/05\/AdobeStock_76379544-600x392.jpeg 600w, https:\/\/www.vap-camping.fr\/wp-content\/uploads\/2025\/05\/AdobeStock_76379544-768x502.jpeg 768w, https:\/\/www.vap-camping.fr\/wp-content\/uploads\/2025\/05\/AdobeStock_76379544-1536x1003.jpeg 1536w, https:\/\/www.vap-camping.fr\/wp-content\/uploads\/2025\/05\/AdobeStock_76379544-2048x1338.jpeg 2048w\" sizes=\"(max-width: 1024px) 100vw, 1024px\" \/><\/figure>\n<\/div>\n\n\n\n<div class=\"wp-block-column is-vertically-aligned-center rightLeft is-layout-flow wp-container-core-column-is-layout-58dbe9e9 wp-block-column-is-layout-flow\" style=\"padding-left:10rem;flex-basis:40%\">\n<div class=\"wp-block-group is-style-title-left is-layout-flow wp-block-group-is-layout-flow is-style-title-left--4\">\n<p class=\"has-secondary-color has-text-color has-link-color has-secondary-font-family has-xl-font-size wp-elements-b5bc0b5a63fe12531463f1732c046039\">Eine Wanderung<\/p>\n\n\n\n<p class=\"has-primary-color has-text-color has-link-color has-primary-font-family has-sm-font-size wp-elements-d9047f393fdf067264ee85c30a20fc9b\" style=\"text-transform:uppercase\"><strong>anspruchsvoll, aber spektakul\u00e4r<\/strong><\/p>\n<\/div>\n\n\n\n<h2 class=\"wp-block-heading text-title\">Eine Route f\u00fcr erfahrene Wanderer ab dem Col de Monts\u00e9gur oder Montferrier.<\/h2>\n\n\n\n<p class=\"has-m-font-size\" style=\"padding-left:2rem\">Der Aufstieg dauert in der Regel 4-5 Stunden hin und zur\u00fcck, mit einem guten H\u00f6henunterschied (ca. 1.000 m). Auf dem Weg wechselt die Landschaft zwischen Wald, Weiden und felsigen Bergr\u00fccken. Der Gipfel bietet eine 360\u00b0-Aussicht, die Sie sich mit dem nahe gelegenen Pic de Soularac teilen.  <\/p>\n<\/div>\n<\/div>\n<\/div>\n\n\n\n<div class=\"wp-block-group has-global-padding is-layout-constrained wp-block-group-is-layout-constrained\">\n<div class=\"wp-block-columns alignfull are-vertically-aligned-center is-layout-flex wp-container-core-columns-is-layout-0c0b91ec wp-block-columns-is-layout-flex\">\n<div class=\"wp-block-column is-vertically-aligned-center leftRight is-layout-flow wp-container-core-column-is-layout-58dbe9e9 wp-block-column-is-layout-flow\" style=\"padding-left:10rem;flex-basis:40%\">\n<div class=\"wp-block-group is-style-title-left is-layout-flow wp-block-group-is-layout-flow is-style-title-left--5\">\n<p class=\"has-secondary-color has-text-color has-link-color has-secondary-font-family has-xl-font-size wp-elements-ca8952648836e11de7b79a354c7830a3\">Panorama<\/p>\n\n\n\n<p class=\"has-primary-color has-text-color has-link-color has-primary-font-family has-sm-font-size wp-elements-fe051d76a81d34436d9baa12d08b59e4\" style=\"text-transform:uppercase\"><strong>und Stille pur<\/strong><\/p>\n<\/div>\n\n\n\n<h2 class=\"wp-block-heading text-title\">Ein Gipfel, der die Anstrengung mit der rauen Sch\u00f6nheit der Pyren\u00e4en belohnt.<\/h2>\n\n\n\n<p class=\"has-m-font-size\" style=\"padding-left:2rem\">Vom Kamm aus haben Sie einen Blick auf die T\u00e4ler von Ax-les-Thermes, die H\u00f6hen des Donezan und die andorranischen Massive. Der Ort ist ruhig, weit weg von den Menschenmassen und eignet sich gut, um in der H\u00f6he abzuschalten. <\/p>\n<\/div>\n\n\n\n<div class=\"wp-block-column is-vertically-aligned-center wp-block-image alignright size-large has-custom-border rightLeft is-style-simple-right is-layout-flow wp-block-column-is-layout-flow is-style-simple-right--6\" style=\"flex-basis:60%\">\n<figure class=\"wp-block-image alignright size-large\"><img alt=\"\" decoding=\"async\" width=\"1024\" height=\"678\" src=\"https:\/\/www.vap-camping.fr\/wp-content\/uploads\/2025\/05\/AdobeStock_182442786-1024x678.jpeg\" alt=\"\" class=\"wp-image-1264\" srcset=\"https:\/\/www.vap-camping.fr\/wp-content\/uploads\/2025\/05\/AdobeStock_182442786-1024x678.jpeg 1024w, https:\/\/www.vap-camping.fr\/wp-content\/uploads\/2025\/05\/AdobeStock_182442786-600x397.jpeg 600w, https:\/\/www.vap-camping.fr\/wp-content\/uploads\/2025\/05\/AdobeStock_182442786-768x509.jpeg 768w, https:\/\/www.vap-camping.fr\/wp-content\/uploads\/2025\/05\/AdobeStock_182442786-1536x1017.jpeg 1536w, https:\/\/www.vap-camping.fr\/wp-content\/uploads\/2025\/05\/AdobeStock_182442786-2048x1356.jpeg 2048w\" sizes=\"(max-width: 1024px) 100vw, 1024px\" \/><\/figure>\n<\/div>\n<\/div>\n<\/div>\n\n\n\n<div class=\"wp-block-group reveal has-global-padding is-layout-constrained wp-block-group-is-layout-constrained\">\n<div class=\"wp-block-group alignwide is-style-title-simple is-layout-flow wp-block-group-is-layout-flow is-style-title-simple--7\" style=\"margin-top:4rem;margin-bottom:4rem\">\n<p class=\"has-text-align-center has-secondary-color has-text-color has-link-color has-secondary-font-family has-xl-font-size wp-elements-754a17b6465ac1fab313b12ad098c134\">\n  Unsere Einrichtungen<\/p>\n\n\n\n<p class=\"has-text-align-center has-primary-font-family has-sm-font-size\" style=\"text-transform:uppercase\">\n                <strong>in der N\u00e4he<\/strong><\/p>\n<\/div>\n\n\n<div class=\"campings-wrapper is-layout-flow wp-block-slider-campings-is-layout-flow\">\n            <div class=\"campings-list\">\n                            <div class=\"camping-item\"\n                    style=\"background-image: linear-gradient(to top, rgba(0, 0, 0, 0.6), transparent), url('https:\/\/www.vap-camping.fr\/wp-content\/uploads\/2025\/04\/img_5291-1024x768-1.jpg');\">\n                    <a href=\"https:\/\/www.vap-camping.fr\/de\/campings\/complexe-des-oustalous\/\" title=\"Oustalous-Komplex\" class=\"camping-link\">\n                        <p class=\"title\">Oustalous-Komplex<\/p>\n                        <p class=\"camping-button\">Entdecken<\/p>\n                    <\/a>\n                <\/div>\n                    <\/div>\n    <\/div>\n\n<\/div>\n<\/div>\n","protected":false},"excerpt":{"rendered":"<p>Der Pic de Saint-Barth\u00e9lemy bietet eine au\u00dfergew\u00f6hnliche Aussicht auf die Pyren\u00e4en und das Ari\u00e8ge-Tal. Erkunden Sie wilde Landschaften und setzen Sie Ihr Abenteuer zum \u00c9tang d&#8217;Appy fort, einem See inmitten einer nat\u00fcrlichen Umgebung, ideal f\u00fcr Naturliebhaber und Liebhaber von gro\u00dfartigen Aussichten. <\/p>\n","protected":false},"author":1,"featured_media":6638,"parent":0,"template":"","format":"standard","tax-category-lieux":[71],"class_list":["post-6636","lieux","type-lieux","status-publish","format-standard","has-post-thumbnail","hentry","tax-category-lieux-wanderungen-und-spaziergange"],"acf":{"latitude":"42.8192908","longitude":"1.7609553","distance":27,"pm_lieu_url":"","pm_lieu_phone":"","adresse":"","pm_lieu_title_short":"","af_camping":[105]},"_links":{"self":[{"href":"https:\/\/www.vap-camping.fr\/de\/wp-json\/wp\/v2\/lieux\/6636","targetHints":{"allow":["GET"]}}],"collection":[{"href":"https:\/\/www.vap-camping.fr\/de\/wp-json\/wp\/v2\/lieux"}],"about":[{"href":"https:\/\/www.vap-camping.fr\/de\/wp-json\/wp\/v2\/types\/lieux"}],"author":[{"embeddable":true,"href":"https:\/\/www.vap-camping.fr\/de\/wp-json\/wp\/v2\/users\/1"}],"version-history":[{"count":1,"href":"https:\/\/www.vap-camping.fr\/de\/wp-json\/wp\/v2\/lieux\/6636\/revisions"}],"predecessor-version":[{"id":6641,"href":"https:\/\/www.vap-camping.fr\/de\/wp-json\/wp\/v2\/lieux\/6636\/revisions\/6641"}],"acf:post":[{"embeddable":true,"href":"https:\/\/www.vap-camping.fr\/de\/wp-json\/wp\/v2\/campings\/105"}],"wp:featuredmedia":[{"embeddable":true,"href":"https:\/\/www.vap-camping.fr\/de\/wp-json\/wp\/v2\/media\/6638"}],"wp:attachment":[{"href":"https:\/\/www.vap-camping.fr\/de\/wp-json\/wp\/v2\/media?parent=6636"}],"wp:term":[{"taxonomy":"tax-category-lieux","embeddable":true,"href":"https:\/\/www.vap-camping.fr\/de\/wp-json\/wp\/v2\/tax-category-lieux?post=6636"}],"curies":[{"name":"wp","href":"https:\/\/api.w.org\/{rel}","templated":true}]}}