{"id":2969,"date":"2025-04-29T12:01:44","date_gmt":"2025-04-29T12:01:44","guid":{"rendered":"https:\/\/www.vap-camping.fr\/sejours\/le-temps-des-legendes-a-travers-les-chateaux-de-lariege\/"},"modified":"2026-02-26T11:12:51","modified_gmt":"2026-02-26T11:12:51","slug":"le-temps-des-legendes-a-travers-les-chateaux-de-lariege","status":"publish","type":"sejours","link":"https:\/\/www.vap-camping.fr\/de\/sejours\/le-temps-des-legendes-a-travers-les-chateaux-de-lariege\/","title":{"rendered":"Toulouse &amp; Ari\u00e8ge mit dem Fahrrad"},"content":{"rendered":"\n<div class=\"wp-block-group alignfull is-layout-flow wp-container-core-group-is-layout-8af317cd wp-block-group-is-layout-flow\">\n<div class=\"wp-block-group fromTop has-global-padding is-layout-constrained wp-block-group-is-layout-constrained\" style=\"margin-top:15rem\">\n<div class=\"wp-block-columns alignfull are-vertically-aligned-center m-ti is-layout-flex wp-container-core-columns-is-layout-0c0b91ec wp-block-columns-is-layout-flex\">\n<div class=\"wp-block-column is-vertically-aligned-center m-ti-text is-layout-flow wp-container-core-column-is-layout-58dbe9e9 wp-block-column-is-layout-flow\" style=\"padding-left:10rem;flex-basis:40%\">\n<div class=\"wp-block-group is-style-title-left is-layout-flow wp-block-group-is-layout-flow is-style-title-left--1\">\n<p class=\"has-secondary-color has-text-color has-link-color has-secondary-font-family has-xl-font-size wp-elements-0c537f5dcaa3d8d31980d22dba80d060\">Radtouren<\/p>\n\n\n\n<p class=\"has-primary-color has-text-color has-link-color has-primary-font-family has-sm-font-size wp-elements-38372570404ae1d33174371d1e1e722c\" style=\"text-transform:uppercase\"><strong>in der N\u00e4he unserer Einrichtungen  <\/strong><\/p>\n<\/div>\n\n\n\n<h1 class=\"wp-block-heading text-title\"><strong>Erkunden Sie von unseren Campingpl\u00e4tzen aus verschiedene Routen<\/strong>!<\/h1>\n\n\n\n<p class=\"has-m-font-size\" style=\"padding-left:2rem\">  Wenn Sie Toulouse und die Ari\u00e8ge mit dem Fahrrad erkunden, k\u00f6nnen Sie das Beste aus zwei Welten genie\u00dfen: die sanfte Energie der rosafarbenen Stadt und die ruhige Landschaft der Ari\u00e8ge. Auf den Radwegen in Toulouse k\u00f6nnen Sie entlang der Garonne oder des Canal du Midi flanieren, w\u00e4hrend die Ari\u00e8ge ruhige Stra\u00dfen, helle T\u00e4ler und charmante D\u00f6rfer bietet.   <\/p>\n\n\n\n<p class=\"has-m-font-size\" style=\"padding-left:2rem\">Zwischen dem lebendigen Toulouse und der ruhigen Ari\u00e8ge ist das Fahrrad eine sch\u00f6ne Art zu reisen&#8230; und sich einfach Zeit zu nehmen. Unsere Einrichtungen sind praktische Ausgangspunkte, um die Region Okzitanien mit dem Fahrrad zu erkunden. Kontaktieren Sie uns f\u00fcr Ihre Unterkunft w\u00e4hrend Ihres Abenteuers.    <strong>Wichtiger Hinweis: VAP bietet nur Unterkunft an.<\/strong>  Alle Aktivit\u00e4ten m\u00fcssen direkt bei den lokalen Anbietern gebucht werden.<\/p>\n<\/div>\n\n\n\n<div class=\"wp-block-column is-vertically-aligned-center wp-block-image alignright size-large has-custom-border is-style-travel m-ti-image is-layout-flow wp-block-column-is-layout-flow is-style-travel--2\" style=\"flex-basis:60%\">\n<figure class=\"wp-block-image alignright size-full\"><img alt=\"\" decoding=\"async\" width=\"1024\" height=\"683\" src=\"https:\/\/www.vap-camping.fr\/wp-content\/uploads\/2025\/04\/Cyclo2_ariege_pyrenees_tourisme.jpg\" alt=\"\" class=\"wp-image-700\" srcset=\"https:\/\/www.vap-camping.fr\/wp-content\/uploads\/2025\/04\/Cyclo2_ariege_pyrenees_tourisme.jpg 1024w, https:\/\/www.vap-camping.fr\/wp-content\/uploads\/2025\/04\/Cyclo2_ariege_pyrenees_tourisme-600x400.jpg 600w, https:\/\/www.vap-camping.fr\/wp-content\/uploads\/2025\/04\/Cyclo2_ariege_pyrenees_tourisme-768x512.jpg 768w\" sizes=\"(max-width: 1024px) 100vw, 1024px\" \/><\/figure>\n<\/div>\n<\/div>\n<\/div>\n\n\n\n<div class=\"wp-block-buttons is-content-justification-center is-layout-flex wp-container-core-buttons-is-layout-a89b3969 wp-block-buttons-is-layout-flex\">\n<div class=\"wp-block-button\"><a class=\"wp-block-button__link wp-element-button\" href=\"https:\/\/www.vap-camping.fr\/de\/vap-hebergements\/\">Erhalten Sie ein pers\u00f6nliches Angebot<\/a><\/div>\n<\/div>\n\n\n\n<div class=\"map-container is-layout-flow wp-block-map-vap-is-layout-flow\">\n    <aside class=\"map\">\n        <div class=\"map-steps\">\n            <ul>\n                                                            <li data-step-index=\"1\">1<\/li>\n                                            <li data-step-index=\"2\">2<\/li>\n                                            <li data-step-index=\"3\">3<\/li>\n                                            <li data-step-index=\"4\">4<\/li>\n                                            <li data-step-index=\"5\">5<\/li>\n                                                <\/ul>\n        <\/div>\n        <div id=\"map\"><\/div>\n    <\/aside>\n\n    <div class=\"postMap post-2969\">\n                                    <div class=\"step-desc step-0\" data-step-index=\"0\">\n                    <h3 class=\"step-title\">Tag 1<\/h3>\n\n                                                                                            <div class=\"camping-wrapper\" data-lat=\"43.656093\"\n                                data-long=\"1.4131837\"\n                                data-name=\"Campingplatz le Rup\u00e9(Toulouse)\"\n                                data-image=\"https:\/\/www.vap-camping.fr\/wp-content\/uploads\/2025\/04\/dsc03930-scaled.jpg\">\n                                                                    <a href=\"https:\/\/www.vap-camping.fr\/de\/campings\/camping-le-rupe\/\" class=\"c-link\"\n                                        title=\"Campingplatz le Rup\u00e9(Toulouse)\">\n                                        <img decoding=\"async\" width=\"600\" height=\"293\" src=\"https:\/\/www.vap-camping.fr\/wp-content\/uploads\/2025\/04\/dsc03930-600x293.jpg\" class=\"attachment-medium size-medium wp-post-image\" alt=\"\" srcset=\"https:\/\/www.vap-camping.fr\/wp-content\/uploads\/2025\/04\/dsc03930-600x293.jpg 600w, https:\/\/www.vap-camping.fr\/wp-content\/uploads\/2025\/04\/dsc03930-1024x500.jpg 1024w, https:\/\/www.vap-camping.fr\/wp-content\/uploads\/2025\/04\/dsc03930-768x375.jpg 768w, https:\/\/www.vap-camping.fr\/wp-content\/uploads\/2025\/04\/dsc03930-1536x750.jpg 1536w, https:\/\/www.vap-camping.fr\/wp-content\/uploads\/2025\/04\/dsc03930-2048x1000.jpg 2048w\" sizes=\"(max-width: 600px) 100vw, 600px\" \/>                                        <p class=\"c-button\">Entdecken<\/p>\n                                    <\/a>\n                                                                    <div class=\"camping-infos\">\n                                    <p class=\"c-title\">Campingplatz le Rup\u00e9(Toulouse)<\/p>\n                                    <ul class=\"c-list\">\n                                                                                    <li>\n                                                Rangliste                                                                                                    <img decoding=\"async\" src=\"\/wp-content\/themes\/vap\/assets\/img\/svg\/star-rating.svg\" alt=\"Classement\" \/>\n                                                                                                        <img decoding=\"async\" src=\"\/wp-content\/themes\/vap\/assets\/img\/svg\/star-rating.svg\" alt=\"Classement\" \/>\n                                                                                                        <img decoding=\"async\" src=\"\/wp-content\/themes\/vap\/assets\/img\/svg\/star-rating.svg\" alt=\"Classement\" \/>\n                                                                                                <\/li>\n                                                                                    <li>57 Mietobjekte auf 4,5 ha<\/li>\n                                        <li>130 sowie ein Naturgebiet f\u00fcr Radfahrer und Camper zu Fu\u00df.<\/li>\n                                                                                    <li style=\"display: flex; gap: 1rem; margin-top: 1rem;\">\n                                                                                                    <img decoding=\"async\" src=\"https:\/\/www.vap-camping.fr\/wp-content\/uploads\/2025\/04\/wheelchair-solid.svg\" alt=\"PMR-Zugang\" \/>\n                                                                                                        <img decoding=\"async\" src=\"https:\/\/www.vap-camping.fr\/wp-content\/uploads\/2025\/04\/wifi-ico.svg\" alt=\"Wifi\" \/>\n                                                                                                        <img decoding=\"async\" src=\"https:\/\/www.vap-camping.fr\/wp-content\/uploads\/2025\/07\/bolt-solid.svg\" alt=\"6 Ladestationen f\u00fcr Elektrofahrzeuge\" \/>\n                                                                                                <\/li>\n                                                                                <\/ul>\n                                <\/div>\n                            <\/div>\n                                            \n                                        <h4 class=\"journey-title\">Erlebnisse zum Entdecken<\/h4>\n                    <div class=\"journey-container\">\n                                                                                                                        <div class=\"swiper-slide\" data-lat=\"43.615424\"\n                                        data-long=\"1.434058\"\n                                        data-name=\"Garonne und Kanal mit dem Fahrrad\"\n                                        data-image=\"https:\/\/www.vap-camping.fr\/wp-content\/uploads\/2025\/07\/velo-canal-du-midi-haute-garonne.webp\">\n                                        <div class=\"j-link\">\n                                            <img decoding=\"async\" width=\"1024\" height=\"685\" src=\"https:\/\/www.vap-camping.fr\/wp-content\/uploads\/2025\/07\/velo-canal-du-midi-haute-garonne-1024x685.webp\" class=\"attachment-large size-large wp-post-image\" alt=\"\" srcset=\"https:\/\/www.vap-camping.fr\/wp-content\/uploads\/2025\/07\/velo-canal-du-midi-haute-garonne-1024x685.webp 1024w, https:\/\/www.vap-camping.fr\/wp-content\/uploads\/2025\/07\/velo-canal-du-midi-haute-garonne-600x401.webp 600w, https:\/\/www.vap-camping.fr\/wp-content\/uploads\/2025\/07\/velo-canal-du-midi-haute-garonne-768x514.webp 768w, https:\/\/www.vap-camping.fr\/wp-content\/uploads\/2025\/07\/velo-canal-du-midi-haute-garonne-1536x1027.webp 1536w, https:\/\/www.vap-camping.fr\/wp-content\/uploads\/2025\/07\/velo-canal-du-midi-haute-garonne.webp 1920w\" sizes=\"(max-width: 1024px) 100vw, 1024px\" \/>                                            <p class=\"j-title\">Garonne und Kanal mit dem Fahrrad<\/p>\n                                            <a href=\"https:\/\/www.vap-camping.fr\/de\/lieux\/garonne-et-canal-a-velo\/\"\n                                                title=\"Garonne und Kanal mit dem Fahrrad\"\n                                                class=\"j-button\">Entdecken<\/a>\n                                        <\/div>\n                                        <div class=\"j-desc\">\n                                            <p class=\"j-desc-title\">Garonne und Kanal mit dem Fahrrad<\/p>\n                                            <p class=\"j-desc-excerpt\">Canal du midi mit dem Fahrrad vom Campingplatz Le Rup\u00e9 aus f\u00fcr einen angenehmen Tag<\/p>\n                                            <a href=\"https:\/\/www.vap-camping.fr\/de\/lieux\/garonne-et-canal-a-velo\/\"\n                                                title=\"Garonne und Kanal mit dem Fahrrad\"\n                                                class=\"j-desc-button\">Mehr sehen<\/a>\n                                        <\/div>\n                                    <\/div>\n                                                                                                                                    <div class=\"swiper-slide\" data-lat=\"43.604464\"\n                                        data-long=\"1.444008\"\n                                        data-name=\"Toulouse mit dem Fahrrad\"\n                                        data-image=\"https:\/\/www.vap-camping.fr\/wp-content\/uploads\/2025\/05\/AdobeStock_492836814-scaled.jpeg\">\n                                        <div class=\"j-link\">\n                                            <img decoding=\"async\" width=\"1024\" height=\"487\" src=\"https:\/\/www.vap-camping.fr\/wp-content\/uploads\/2025\/05\/AdobeStock_492836814-1024x487.jpeg\" class=\"attachment-large size-large wp-post-image\" alt=\"\" srcset=\"https:\/\/www.vap-camping.fr\/wp-content\/uploads\/2025\/05\/AdobeStock_492836814-1024x487.jpeg 1024w, https:\/\/www.vap-camping.fr\/wp-content\/uploads\/2025\/05\/AdobeStock_492836814-600x285.jpeg 600w, https:\/\/www.vap-camping.fr\/wp-content\/uploads\/2025\/05\/AdobeStock_492836814-768x365.jpeg 768w, https:\/\/www.vap-camping.fr\/wp-content\/uploads\/2025\/05\/AdobeStock_492836814-1536x731.jpeg 1536w, https:\/\/www.vap-camping.fr\/wp-content\/uploads\/2025\/05\/AdobeStock_492836814-2048x974.jpeg 2048w\" sizes=\"(max-width: 1024px) 100vw, 1024px\" \/>                                            <p class=\"j-title\">Toulouse mit dem Fahrrad<\/p>\n                                            <a href=\"https:\/\/www.vap-camping.fr\/de\/lieux\/toulouse-en-velo\/\"\n                                                title=\"Toulouse mit dem Fahrrad\"\n                                                class=\"j-button\">Entdecken<\/a>\n                                        <\/div>\n                                        <div class=\"j-desc\">\n                                            <p class=\"j-desc-title\">Toulouse mit dem Fahrrad<\/p>\n                                            <p class=\"j-desc-excerpt\">Vom Camping du Rup\u00e9 in Toulouse aus k\u00f6nnen Sie auf dem ber\u00fchmten gr\u00fcnen Weg die rosafarbene Stadt besichtigen.<\/p>\n                                            <a href=\"https:\/\/www.vap-camping.fr\/de\/lieux\/toulouse-en-velo\/\"\n                                                title=\"Toulouse mit dem Fahrrad\"\n                                                class=\"j-desc-button\">Mehr sehen<\/a>\n                                        <\/div>\n                                    <\/div>\n                                                                                                            <\/div>\n                <\/div>\n                            <div class=\"step-desc step-1\" data-step-index=\"1\">\n                    <h3 class=\"step-title\">Tag 2 &amp; 3  <\/h3>\n\n                                                                                            <div class=\"camping-wrapper\" data-lat=\"43.1921463\"\n                                data-long=\"1.4571379\"\n                                data-name=\"Campingplatz Le Bourdieu\"\n                                data-image=\"https:\/\/www.vap-camping.fr\/wp-content\/uploads\/2025\/04\/4479-scaled.jpeg\">\n                                                                    <a href=\"https:\/\/www.vap-camping.fr\/de\/campings\/camping-le-bourdieu\/\" class=\"c-link\"\n                                        title=\"Campingplatz Le Bourdieu\">\n                                        <img decoding=\"async\" width=\"600\" height=\"270\" src=\"https:\/\/www.vap-camping.fr\/wp-content\/uploads\/2025\/04\/4479-600x270.jpeg\" class=\"attachment-medium size-medium wp-post-image\" alt=\"\" srcset=\"https:\/\/www.vap-camping.fr\/wp-content\/uploads\/2025\/04\/4479-600x270.jpeg 600w, https:\/\/www.vap-camping.fr\/wp-content\/uploads\/2025\/04\/4479-1024x461.jpeg 1024w, https:\/\/www.vap-camping.fr\/wp-content\/uploads\/2025\/04\/4479-768x346.jpeg 768w, https:\/\/www.vap-camping.fr\/wp-content\/uploads\/2025\/04\/4479-1536x692.jpeg 1536w, https:\/\/www.vap-camping.fr\/wp-content\/uploads\/2025\/04\/4479-2048x922.jpeg 2048w\" sizes=\"(max-width: 600px) 100vw, 600px\" \/>                                        <p class=\"c-button\">Entdecken<\/p>\n                                    <\/a>\n                                                                    <div class=\"camping-infos\">\n                                    <p class=\"c-title\">Campingplatz Le Bourdieu<\/p>\n                                    <ul class=\"c-list\">\n                                                                                    <li>\n                                                Rangliste                                                                                                    <img decoding=\"async\" src=\"\/wp-content\/themes\/vap\/assets\/img\/svg\/star-rating.svg\" alt=\"Classement\" \/>\n                                                                                                        <img decoding=\"async\" src=\"\/wp-content\/themes\/vap\/assets\/img\/svg\/star-rating.svg\" alt=\"Classement\" \/>\n                                                                                                        <img decoding=\"async\" src=\"\/wp-content\/themes\/vap\/assets\/img\/svg\/star-rating.svg\" alt=\"Classement\" \/>\n                                                                                                <\/li>\n                                                                                    <li>42 Mietobjekte<\/li>\n                                        <li>1 nackter Stellplatz<\/li>\n                                                                                    <li style=\"display: flex; gap: 1rem; margin-top: 1rem;\">\n                                                                                                    <img decoding=\"async\" src=\"https:\/\/www.vap-camping.fr\/wp-content\/uploads\/2025\/04\/water-ladder-ico.svg\" alt=\"Swimmingpool (nicht beheizt)\" \/>\n                                                                                                        <img decoding=\"async\" src=\"https:\/\/www.vap-camping.fr\/wp-content\/uploads\/2025\/04\/martini-glass.svg\" alt=\"Bar\" \/>\n                                                                                                        <img decoding=\"async\" src=\"https:\/\/www.vap-camping.fr\/wp-content\/uploads\/2025\/04\/wifi-ico.svg\" alt=\"Wifi\" \/>\n                                                                                                        <img decoding=\"async\" src=\"https:\/\/www.vap-camping.fr\/wp-content\/uploads\/2025\/04\/party-horn-ico.svg\" alt=\"Saisonale Animationen\" \/>\n                                                                                                        <img decoding=\"async\" src=\"https:\/\/www.vap-camping.fr\/wp-content\/uploads\/2025\/04\/table-tennis-paddle-ball.svg\" alt=\"Spielplatz\" \/>\n                                                                                                        <img decoding=\"async\" src=\"https:\/\/www.vap-camping.fr\/wp-content\/uploads\/2025\/04\/paw-solid.svg\" alt=\"Haustiere akzeptiert\" \/>\n                                                                                                        <img decoding=\"async\" src=\"https:\/\/www.vap-camping.fr\/wp-content\/uploads\/2025\/04\/dryer.svg\" alt=\"Waschmaschine\" \/>\n                                                                                                <\/li>\n                                                                                <\/ul>\n                                <\/div>\n                            <\/div>\n                                            \n                                        <h4 class=\"journey-title\">Erlebnisse zum Entdecken<\/h4>\n                    <div class=\"journey-container\">\n                                                                                                                        <div class=\"swiper-slide\" data-lat=\"43.068740\"\n                                        data-long=\"  1.354790\"\n                                        data-name=\"Mas d&#8217;Azil mit dem Fahrrad\"\n                                        data-image=\"https:\/\/www.vap-camping.fr\/wp-content\/uploads\/2025\/04\/cyclo_mas_dazil_ariege_pyrenees_tourisme.jpg\">\n                                        <div class=\"j-link\">\n                                            <img decoding=\"async\" width=\"1024\" height=\"683\" src=\"https:\/\/www.vap-camping.fr\/wp-content\/uploads\/2025\/04\/cyclo_mas_dazil_ariege_pyrenees_tourisme.jpg\" class=\"attachment-large size-large wp-post-image\" alt=\"\" srcset=\"https:\/\/www.vap-camping.fr\/wp-content\/uploads\/2025\/04\/cyclo_mas_dazil_ariege_pyrenees_tourisme.jpg 1024w, https:\/\/www.vap-camping.fr\/wp-content\/uploads\/2025\/04\/cyclo_mas_dazil_ariege_pyrenees_tourisme-600x400.jpg 600w, https:\/\/www.vap-camping.fr\/wp-content\/uploads\/2025\/04\/cyclo_mas_dazil_ariege_pyrenees_tourisme-768x512.jpg 768w\" sizes=\"(max-width: 1024px) 100vw, 1024px\" \/>                                            <p class=\"j-title\">Mas d&#8217;Azil mit dem Fahrrad<\/p>\n                                            <a href=\"https:\/\/www.vap-camping.fr\/de\/lieux\/mas-dazil-en-velo\/\"\n                                                title=\"Mas d&#8217;Azil mit dem Fahrrad\"\n                                                class=\"j-button\">Entdecken<\/a>\n                                        <\/div>\n                                        <div class=\"j-desc\">\n                                            <p class=\"j-desc-title\">Mas d&#8217;Azil mit dem Fahrrad<\/p>\n                                            <p class=\"j-desc-excerpt\">mas d&#039;azil mit dem Fahrrad vom Campingplatz aus<\/p>\n                                            <a href=\"https:\/\/www.vap-camping.fr\/de\/lieux\/mas-dazil-en-velo\/\"\n                                                title=\"Mas d&#8217;Azil mit dem Fahrrad\"\n                                                class=\"j-desc-button\">Mehr sehen<\/a>\n                                        <\/div>\n                                    <\/div>\n                                                                                                            <\/div>\n                <\/div>\n                            <div class=\"step-desc step-2\" data-step-index=\"2\">\n                    <h3 class=\"step-title\">Tag 4 <\/h3>\n\n                                                                                            <div class=\"camping-wrapper\" data-lat=\"43.2493673\"\n                                data-long=\"1.6806113\"\n                                data-name=\"Campingplatz la Bastide(Maz\u00e8res)\"\n                                data-image=\"https:\/\/www.vap-camping.fr\/wp-content\/uploads\/2025\/07\/dji_0589-2-scaled.jpg\">\n                                                                    <a href=\"https:\/\/www.vap-camping.fr\/de\/campings\/camping-la-bastide\/\" class=\"c-link\"\n                                        title=\"Campingplatz la Bastide(Maz\u00e8res)\">\n                                        <img decoding=\"async\" width=\"600\" height=\"450\" src=\"https:\/\/www.vap-camping.fr\/wp-content\/uploads\/2025\/07\/dji_0589-2-600x450.jpg\" class=\"attachment-medium size-medium wp-post-image\" alt=\"camping la bastide\" srcset=\"https:\/\/www.vap-camping.fr\/wp-content\/uploads\/2025\/07\/dji_0589-2-600x450.jpg 600w, https:\/\/www.vap-camping.fr\/wp-content\/uploads\/2025\/07\/dji_0589-2-1024x767.jpg 1024w, https:\/\/www.vap-camping.fr\/wp-content\/uploads\/2025\/07\/dji_0589-2-768x575.jpg 768w, https:\/\/www.vap-camping.fr\/wp-content\/uploads\/2025\/07\/dji_0589-2-1536x1151.jpg 1536w, https:\/\/www.vap-camping.fr\/wp-content\/uploads\/2025\/07\/dji_0589-2-2048x1534.jpg 2048w\" sizes=\"(max-width: 600px) 100vw, 600px\" \/>                                        <p class=\"c-button\">Entdecken<\/p>\n                                    <\/a>\n                                                                    <div class=\"camping-infos\">\n                                    <p class=\"c-title\">Campingplatz la Bastide(Maz\u00e8res)<\/p>\n                                    <ul class=\"c-list\">\n                                                                                    <li>\n                                                Rangliste                                                                                                    <img decoding=\"async\" src=\"\/wp-content\/themes\/vap\/assets\/img\/svg\/star-rating.svg\" alt=\"Classement\" \/>\n                                                                                                        <img decoding=\"async\" src=\"\/wp-content\/themes\/vap\/assets\/img\/svg\/star-rating.svg\" alt=\"Classement\" \/>\n                                                                                                        <img decoding=\"async\" src=\"\/wp-content\/themes\/vap\/assets\/img\/svg\/star-rating.svg\" alt=\"Classement\" \/>\n                                                                                                <\/li>\n                                                                                    <li>62 Vermietungen<\/li>\n                                        <li>48 nackte Stellpl\u00e4tze<\/li>\n                                                                                    <li style=\"display: flex; gap: 1rem; margin-top: 1rem;\">\n                                                                                                    <img decoding=\"async\" src=\"https:\/\/www.vap-camping.fr\/wp-content\/uploads\/2025\/04\/water-ladder-ico.svg\" alt=\"Swimmingpool (nicht beheizt)\" \/>\n                                                                                                        <img decoding=\"async\" src=\"https:\/\/www.vap-camping.fr\/wp-content\/uploads\/2025\/04\/martini-glass.svg\" alt=\"Restaurant\/Bar\" \/>\n                                                                                                        <img decoding=\"async\" src=\"https:\/\/www.vap-camping.fr\/wp-content\/uploads\/2025\/04\/wifi-ico.svg\" alt=\"Wifi\" \/>\n                                                                                                        <img decoding=\"async\" src=\"https:\/\/www.vap-camping.fr\/wp-content\/uploads\/2025\/04\/paw-solid.svg\" alt=\"Haustiere akzeptiert\" \/>\n                                                                                                        <img decoding=\"async\" src=\"https:\/\/www.vap-camping.fr\/wp-content\/uploads\/2025\/04\/party-horn-ico.svg\" alt=\"Animation in der Saison\" \/>\n                                                                                                        <img decoding=\"async\" src=\"https:\/\/www.vap-camping.fr\/wp-content\/uploads\/2025\/04\/table-tennis-paddle-ball.svg\" alt=\"Kinderspiele\" \/>\n                                                                                                        <img decoding=\"async\" src=\"https:\/\/www.vap-camping.fr\/wp-content\/uploads\/2025\/04\/wheelchair-solid.svg\" alt=\"Souvenirshop\" \/>\n                                                                                                <\/li>\n                                                                                <\/ul>\n                                <\/div>\n                            <\/div>\n                                            \n                                        <h4 class=\"journey-title\">Erlebnisse zum Entdecken<\/h4>\n                    <div class=\"journey-container\">\n                                                                                                                        <div class=\"swiper-slide\" data-lat=\"43.286881\"\n                                        data-long=\"  1.633152\"\n                                        data-name=\"Rundfahrt Maz\u00e8res &#8211; Calmont mit dem Fahrrad\"\n                                        data-image=\"https:\/\/www.vap-camping.fr\/wp-content\/uploads\/2025\/08\/img_4728.jpeg\">\n                                        <div class=\"j-link\">\n                                            <img decoding=\"async\" width=\"934\" height=\"523\" src=\"https:\/\/www.vap-camping.fr\/wp-content\/uploads\/2025\/08\/img_4728.jpeg\" class=\"attachment-large size-large wp-post-image\" alt=\"\" srcset=\"https:\/\/www.vap-camping.fr\/wp-content\/uploads\/2025\/08\/img_4728.jpeg 934w, https:\/\/www.vap-camping.fr\/wp-content\/uploads\/2025\/08\/img_4728-600x336.jpeg 600w, https:\/\/www.vap-camping.fr\/wp-content\/uploads\/2025\/08\/img_4728-768x430.jpeg 768w\" sizes=\"(max-width: 934px) 100vw, 934px\" \/>                                            <p class=\"j-title\">Rundfahrt Maz\u00e8res &#8211; Calmont mit dem Fahrrad<\/p>\n                                            <a href=\"https:\/\/www.vap-camping.fr\/de\/lieux\/boucle-mazeres-calmont-en-velo\/\"\n                                                title=\"Rundfahrt Maz\u00e8res &#8211; Calmont mit dem Fahrrad\"\n                                                class=\"j-button\">Entdecken<\/a>\n                                        <\/div>\n                                        <div class=\"j-desc\">\n                                            <p class=\"j-desc-title\">Rundfahrt Maz\u00e8res &#8211; Calmont mit dem Fahrrad<\/p>\n                                            <p class=\"j-desc-excerpt\">eine stressfreie Radtour f\u00fcr einen entspannten Tag!<\/p>\n                                            <a href=\"https:\/\/www.vap-camping.fr\/de\/lieux\/boucle-mazeres-calmont-en-velo\/\"\n                                                title=\"Rundfahrt Maz\u00e8res &#8211; Calmont mit dem Fahrrad\"\n                                                class=\"j-desc-button\">Mehr sehen<\/a>\n                                        <\/div>\n                                    <\/div>\n                                                                                                            <\/div>\n                <\/div>\n                            <div class=\"step-desc step-3\" data-step-index=\"3\">\n                    <h3 class=\"step-title\">Tag 5 &amp; 6 <\/h3>\n\n                                                                                            <div class=\"camping-wrapper\" data-lat=\"42.9892629\"\n                                data-long=\"1.6130811\"\n                                data-name=\"Campingplatz du lac(Foix)\"\n                                data-image=\"https:\/\/www.vap-camping.fr\/wp-content\/uploads\/2025\/04\/camping-avec-piscine-scaled.jpg\">\n                                                                    <a href=\"https:\/\/www.vap-camping.fr\/de\/campings\/camping-du-lac\/\" class=\"c-link\"\n                                        title=\"Campingplatz du lac(Foix)\">\n                                        <img decoding=\"async\" width=\"600\" height=\"450\" src=\"https:\/\/www.vap-camping.fr\/wp-content\/uploads\/2025\/04\/camping-avec-piscine-600x450.jpg\" class=\"attachment-medium size-medium wp-post-image\" alt=\"\" srcset=\"https:\/\/www.vap-camping.fr\/wp-content\/uploads\/2025\/04\/camping-avec-piscine-600x450.jpg 600w, https:\/\/www.vap-camping.fr\/wp-content\/uploads\/2025\/04\/camping-avec-piscine-1024x767.jpg 1024w, https:\/\/www.vap-camping.fr\/wp-content\/uploads\/2025\/04\/camping-avec-piscine-768x575.jpg 768w, https:\/\/www.vap-camping.fr\/wp-content\/uploads\/2025\/04\/camping-avec-piscine-1536x1151.jpg 1536w, https:\/\/www.vap-camping.fr\/wp-content\/uploads\/2025\/04\/camping-avec-piscine-2048x1534.jpg 2048w\" sizes=\"(max-width: 600px) 100vw, 600px\" \/>                                        <p class=\"c-button\">Entdecken<\/p>\n                                    <\/a>\n                                                                    <div class=\"camping-infos\">\n                                    <p class=\"c-title\">Campingplatz du lac(Foix)<\/p>\n                                    <ul class=\"c-list\">\n                                                                                    <li>\n                                                Rangliste                                                                                                    <img decoding=\"async\" src=\"\/wp-content\/themes\/vap\/assets\/img\/svg\/star-rating.svg\" alt=\"Classement\" \/>\n                                                                                                        <img decoding=\"async\" src=\"\/wp-content\/themes\/vap\/assets\/img\/svg\/star-rating.svg\" alt=\"Classement\" \/>\n                                                                                                        <img decoding=\"async\" src=\"\/wp-content\/themes\/vap\/assets\/img\/svg\/star-rating.svg\" alt=\"Classement\" \/>\n                                                                                                        <img decoding=\"async\" src=\"\/wp-content\/themes\/vap\/assets\/img\/svg\/star-rating.svg\" alt=\"Classement\" \/>\n                                                                                                <\/li>\n                                                                                    <li>95 Ferienh\u00e4user auf 5 ha<\/li>\n                                        <li>40 nackte Stellpl\u00e4tze<\/li>\n                                                                                    <li style=\"display: flex; gap: 1rem; margin-top: 1rem;\">\n                                                                                                    <img decoding=\"async\" src=\"https:\/\/www.vap-camping.fr\/wp-content\/uploads\/2025\/04\/water-ladder-ico.svg\" alt=\"Swimmingpool (nicht beheizt)\" \/>\n                                                                                                        <img decoding=\"async\" src=\"https:\/\/www.vap-camping.fr\/wp-content\/uploads\/2025\/04\/martini-glass.svg\" alt=\"Restaurant\/Bar\" \/>\n                                                                                                        <img decoding=\"async\" src=\"https:\/\/www.vap-camping.fr\/wp-content\/uploads\/2025\/04\/wifi-ico.svg\" alt=\"Wifi\" \/>\n                                                                                                        <img decoding=\"async\" src=\"https:\/\/www.vap-camping.fr\/wp-content\/uploads\/2025\/04\/paw-solid.svg\" alt=\"Haustiere akzeptiert\" \/>\n                                                                                                        <img decoding=\"async\" src=\"https:\/\/www.vap-camping.fr\/wp-content\/uploads\/2025\/04\/party-horn-ico.svg\" alt=\"Animationen in der Saison\" \/>\n                                                                                                        <img decoding=\"async\" src=\"https:\/\/www.vap-camping.fr\/wp-content\/uploads\/2025\/04\/basket-shopping.svg\" alt=\"Souvenirshop\" \/>\n                                                                                                        <img decoding=\"async\" src=\"https:\/\/www.vap-camping.fr\/wp-content\/uploads\/2025\/04\/bicycle-solid.svg\" alt=\"Fahrradraum\" \/>\n                                                                                                        <img decoding=\"async\" src=\"https:\/\/www.vap-camping.fr\/wp-content\/uploads\/2025\/04\/wheelchair-solid.svg\" alt=\"PMR-Zugang\" \/>\n                                                                                                        <img decoding=\"async\" src=\"\" alt=\"Ladestationen f\u00fcr Elektrofahrzeuge\" \/>\n                                                                                                <\/li>\n                                                                                <\/ul>\n                                <\/div>\n                            <\/div>\n                                            \n                                        <h4 class=\"journey-title\">Erlebnisse zum Entdecken<\/h4>\n                    <div class=\"journey-container\">\n                                                                                                                        <div class=\"swiper-slide\" data-lat=\"42.919562\"\n                                        data-long=\"1.579699\"\n                                        data-name=\"Les 3 bosses in der N\u00e4he von Foix\"\n                                        data-image=\"https:\/\/www.vap-camping.fr\/wp-content\/uploads\/2025\/12\/image-10.jpeg\">\n                                        <div class=\"j-link\">\n                                            <img decoding=\"async\" width=\"1024\" height=\"576\" src=\"https:\/\/www.vap-camping.fr\/wp-content\/uploads\/2025\/12\/image-10-1024x576.jpeg\" class=\"attachment-large size-large wp-post-image\" alt=\"\" srcset=\"https:\/\/www.vap-camping.fr\/wp-content\/uploads\/2025\/12\/image-10-1024x576.jpeg 1024w, https:\/\/www.vap-camping.fr\/wp-content\/uploads\/2025\/12\/image-10-600x338.jpeg 600w, https:\/\/www.vap-camping.fr\/wp-content\/uploads\/2025\/12\/image-10-768x432.jpeg 768w, https:\/\/www.vap-camping.fr\/wp-content\/uploads\/2025\/12\/image-10-1536x864.jpeg 1536w, https:\/\/www.vap-camping.fr\/wp-content\/uploads\/2025\/12\/image-10.jpeg 1920w\" sizes=\"(max-width: 1024px) 100vw, 1024px\" \/>                                            <p class=\"j-title\">Les 3 bosses in der N\u00e4he von Foix<\/p>\n                                            <a href=\"https:\/\/www.vap-camping.fr\/de\/lieux\/les-3-bosses-pres-de-foix\/\"\n                                                title=\"Les 3 bosses in der N\u00e4he von Foix\"\n                                                class=\"j-button\">Entdecken<\/a>\n                                        <\/div>\n                                        <div class=\"j-desc\">\n                                            <p class=\"j-desc-title\">Les 3 bosses in der N\u00e4he von Foix<\/p>\n                                            <p class=\"j-desc-excerpt\">Sportlicher Tag mit dem Fahrrad in der N\u00e4he von Foix vom Campingplatz am See aus.<\/p>\n                                            <a href=\"https:\/\/www.vap-camping.fr\/de\/lieux\/les-3-bosses-pres-de-foix\/\"\n                                                title=\"Les 3 bosses in der N\u00e4he von Foix\"\n                                                class=\"j-desc-button\">Mehr sehen<\/a>\n                                        <\/div>\n                                    <\/div>\n                                                                                                                                    <div class=\"swiper-slide\" data-lat=\"42.918333\"\n                                        data-long=\"1.389167\"\n                                        data-name=\"die Mur de P\u00e9gu\u00e8re mit dem Fahrrad\"\n                                        data-image=\"https:\/\/www.vap-camping.fr\/wp-content\/uploads\/2025\/04\/charles_ripon_velo.jpg\">\n                                        <div class=\"j-link\">\n                                            <img decoding=\"async\" width=\"1024\" height=\"683\" src=\"https:\/\/www.vap-camping.fr\/wp-content\/uploads\/2025\/04\/charles_ripon_velo-1024x683.jpg\" class=\"attachment-large size-large wp-post-image\" alt=\"\" srcset=\"https:\/\/www.vap-camping.fr\/wp-content\/uploads\/2025\/04\/charles_ripon_velo-1024x683.jpg 1024w, https:\/\/www.vap-camping.fr\/wp-content\/uploads\/2025\/04\/charles_ripon_velo-600x400.jpg 600w, https:\/\/www.vap-camping.fr\/wp-content\/uploads\/2025\/04\/charles_ripon_velo-768x512.jpg 768w, https:\/\/www.vap-camping.fr\/wp-content\/uploads\/2025\/04\/charles_ripon_velo-1536x1025.jpg 1536w, https:\/\/www.vap-camping.fr\/wp-content\/uploads\/2025\/04\/charles_ripon_velo-2048x1366.jpg 2048w\" sizes=\"(max-width: 1024px) 100vw, 1024px\" \/>                                            <p class=\"j-title\">die Mur de P\u00e9gu\u00e8re mit dem Fahrrad<\/p>\n                                            <a href=\"https:\/\/www.vap-camping.fr\/de\/lieux\/le-mur-de-peguere-a-velo\/\"\n                                                title=\"die Mur de P\u00e9gu\u00e8re mit dem Fahrrad\"\n                                                class=\"j-button\">Entdecken<\/a>\n                                        <\/div>\n                                        <div class=\"j-desc\">\n                                            <p class=\"j-desc-title\">die Mur de P\u00e9gu\u00e8re mit dem Fahrrad<\/p>\n                                            <p class=\"j-desc-excerpt\">Sportlicher Fahrradtag in der Ari\u00e8ge und Entspannung auf dem 4-Sterne-Campingplatz in Foix!<\/p>\n                                            <a href=\"https:\/\/www.vap-camping.fr\/de\/lieux\/le-mur-de-peguere-a-velo\/\"\n                                                title=\"die Mur de P\u00e9gu\u00e8re mit dem Fahrrad\"\n                                                class=\"j-desc-button\">Mehr sehen<\/a>\n                                        <\/div>\n                                    <\/div>\n                                                                                                            <\/div>\n                <\/div>\n                            <div class=\"step-desc step-4\" data-step-index=\"4\">\n                    <h3 class=\"step-title\">Tag 7 &amp; 8<\/h3>\n\n                                                                                            <div class=\"camping-wrapper\" data-lat=\"42.7874289\"\n                                data-long=\"1.6828079\"\n                                data-name=\"Oustalous-Komplex\"\n                                data-image=\"https:\/\/www.vap-camping.fr\/wp-content\/uploads\/2025\/04\/img_5291-1024x768-1.jpg\">\n                                                                    <a href=\"https:\/\/www.vap-camping.fr\/de\/campings\/complexe-des-oustalous\/\" class=\"c-link\"\n                                        title=\"Oustalous-Komplex\">\n                                        <img decoding=\"async\" width=\"600\" height=\"450\" src=\"https:\/\/www.vap-camping.fr\/wp-content\/uploads\/2025\/04\/img_5291-1024x768-1-600x450.jpg\" class=\"attachment-medium size-medium wp-post-image\" alt=\"\" srcset=\"https:\/\/www.vap-camping.fr\/wp-content\/uploads\/2025\/04\/img_5291-1024x768-1-600x450.jpg 600w, https:\/\/www.vap-camping.fr\/wp-content\/uploads\/2025\/04\/img_5291-1024x768-1-768x576.jpg 768w, https:\/\/www.vap-camping.fr\/wp-content\/uploads\/2025\/04\/img_5291-1024x768-1.jpg 1024w\" sizes=\"(max-width: 600px) 100vw, 600px\" \/>                                        <p class=\"c-button\">Entdecken<\/p>\n                                    <\/a>\n                                                                    <div class=\"camping-infos\">\n                                    <p class=\"c-title\">Oustalous-Komplex<\/p>\n                                    <ul class=\"c-list\">\n                                                                                <li>240 Personen<\/li>\n                                        <li>240 Personen<\/li>\n                                                                                    <li style=\"display: flex; gap: 1rem; margin-top: 1rem;\">\n                                                                                                    <img decoding=\"async\" src=\"https:\/\/www.vap-camping.fr\/wp-content\/uploads\/2025\/04\/water-ladder-ico.svg\" alt=\"Swimmingpool\" \/>\n                                                                                                        <img decoding=\"async\" src=\"https:\/\/www.vap-camping.fr\/wp-content\/uploads\/2025\/04\/wifi-ico.svg\" alt=\"Wifi\" \/>\n                                                                                                        <img decoding=\"async\" src=\"https:\/\/www.vap-camping.fr\/wp-content\/uploads\/2025\/04\/dice-solid.svg\" alt=\"Boulodrome\" \/>\n                                                                                                        <img decoding=\"async\" src=\"https:\/\/www.vap-camping.fr\/wp-content\/uploads\/2025\/04\/table-tennis-paddle-ball.svg\" alt=\"Tischtennisplatte\" \/>\n                                                                                                <\/li>\n                                                                                <\/ul>\n                                <\/div>\n                            <\/div>\n                                            \n                                        <h4 class=\"journey-title\">Erlebnisse zum Entdecken<\/h4>\n                    <div class=\"journey-container\">\n                                                                                                                        <div class=\"swiper-slide\" data-lat=\"42.702109\"\n                                        data-long=\"  1.889437\"\n                                        data-name=\"La Camina von Les Cabannes aus\"\n                                        data-image=\"https:\/\/www.vap-camping.fr\/wp-content\/uploads\/2025\/04\/Cyclo2_ariege_pyrenees_tourisme.jpg\">\n                                        <div class=\"j-link\">\n                                            <img decoding=\"async\" width=\"1024\" height=\"683\" src=\"https:\/\/www.vap-camping.fr\/wp-content\/uploads\/2025\/04\/Cyclo2_ariege_pyrenees_tourisme.jpg\" class=\"attachment-large size-large wp-post-image\" alt=\"\" srcset=\"https:\/\/www.vap-camping.fr\/wp-content\/uploads\/2025\/04\/Cyclo2_ariege_pyrenees_tourisme.jpg 1024w, https:\/\/www.vap-camping.fr\/wp-content\/uploads\/2025\/04\/Cyclo2_ariege_pyrenees_tourisme-600x400.jpg 600w, https:\/\/www.vap-camping.fr\/wp-content\/uploads\/2025\/04\/Cyclo2_ariege_pyrenees_tourisme-768x512.jpg 768w\" sizes=\"(max-width: 1024px) 100vw, 1024px\" \/>                                            <p class=\"j-title\">La Camina von Les Cabannes aus<\/p>\n                                            <a href=\"https:\/\/www.vap-camping.fr\/de\/lieux\/velo-au-prat-dalbis\/\"\n                                                title=\"La Camina von Les Cabannes aus\"\n                                                class=\"j-button\">Entdecken<\/a>\n                                        <\/div>\n                                        <div class=\"j-desc\">\n                                            <p class=\"j-desc-title\">La Camina von Les Cabannes aus<\/p>\n                                            <p class=\"j-desc-excerpt\">Ein sportlicher Tag mit dem Fahrrad am Fu\u00dfe der Pyren\u00e4en in Ariege.<\/p>\n                                            <a href=\"https:\/\/www.vap-camping.fr\/de\/lieux\/velo-au-prat-dalbis\/\"\n                                                title=\"La Camina von Les Cabannes aus\"\n                                                class=\"j-desc-button\">Mehr sehen<\/a>\n                                        <\/div>\n                                    <\/div>\n                                                                                                                                                                        <\/div>\n                <\/div>\n                        <\/div>\n<\/div>\n\n\n<div class=\"wp-block-group reveal has-global-padding is-layout-constrained wp-block-group-is-layout-constrained\">\n<div class=\"wp-block-group alignwide is-style-title-simple is-layout-flow wp-block-group-is-layout-flow is-style-title-simple--3\" style=\"margin-top:4rem;margin-bottom:4rem\">\n<p class=\"has-text-align-center has-secondary-color has-text-color has-link-color has-secondary-font-family has-xl-font-size wp-elements-142955f7047d52fa44e1d4ac30f9d860\">W\u00e4hlen Sie<\/p>\n\n\n\n<p class=\"has-text-align-center has-primary-font-family has-sm-font-size\" style=\"text-transform:uppercase\"><strong>Ihr Abenteuer<\/strong><\/p>\n<\/div>\n\n\n\n    <div class=\"journey-wrapper is-layout-flow wp-block-slider-taxo-is-layout-flow\">\n        <div class=\"journey-slides\">\n                            <div class=\"journey-slide\">\n                    <a href=\"https:\/\/www.vap-camping.fr\/de\/sejours\/weekend-depaysant-dans-les-paysages-verdoyants-de-lariege\/\" class=\"journey\" title=\"Ein Wochenende in den gr\u00fcnen Landschaften der Ari\u00e8ge.\">\n                        <img decoding=\"async\" width=\"2560\" height=\"1707\" src=\"https:\/\/www.vap-camping.fr\/wp-content\/uploads\/2025\/05\/AdobeStock_1440628082-scaled.jpeg\" class=\"attachment-3024 size-3024 wp-post-image\" alt=\"waterfall Ari\u00e8ge\" large=\"\" srcset=\"https:\/\/www.vap-camping.fr\/wp-content\/uploads\/2025\/05\/AdobeStock_1440628082-scaled.jpeg 2560w, https:\/\/www.vap-camping.fr\/wp-content\/uploads\/2025\/05\/AdobeStock_1440628082-600x400.jpeg 600w, https:\/\/www.vap-camping.fr\/wp-content\/uploads\/2025\/05\/AdobeStock_1440628082-1024x683.jpeg 1024w, https:\/\/www.vap-camping.fr\/wp-content\/uploads\/2025\/05\/AdobeStock_1440628082-768x512.jpeg 768w, https:\/\/www.vap-camping.fr\/wp-content\/uploads\/2025\/05\/AdobeStock_1440628082-1536x1024.jpeg 1536w, https:\/\/www.vap-camping.fr\/wp-content\/uploads\/2025\/05\/AdobeStock_1440628082-2048x1365.jpeg 2048w\" sizes=\"(max-width: 2560px) 100vw, 2560px\" \/>                        <p class=\"j-title\">\n                            Abwechslung garantiert                        <\/p>\n                        <p class=\"j-more\">\n                            Entdecken                        <\/p>\n                    <\/a>\n                <\/div>\n\n                            <div class=\"journey-slide\">\n                    <a href=\"https:\/\/www.vap-camping.fr\/de\/sejours\/5-tage-in-aargau-fur-einen-kompletten-tauchgang\/\" class=\"journey\" title=\"Kulturelle Besuche\">\n                        <img decoding=\"async\" width=\"1920\" height=\"2560\" src=\"https:\/\/www.vap-camping.fr\/wp-content\/uploads\/2025\/08\/couvent-des-jacobins-toulouse-scaled.jpg\" class=\"attachment-3019 size-3019 wp-post-image\" alt=\"\" large=\"\" srcset=\"https:\/\/www.vap-camping.fr\/wp-content\/uploads\/2025\/08\/couvent-des-jacobins-toulouse-scaled.jpg 1920w, https:\/\/www.vap-camping.fr\/wp-content\/uploads\/2025\/08\/couvent-des-jacobins-toulouse-450x600.jpg 450w, https:\/\/www.vap-camping.fr\/wp-content\/uploads\/2025\/08\/couvent-des-jacobins-toulouse-768x1024.jpg 768w, https:\/\/www.vap-camping.fr\/wp-content\/uploads\/2025\/08\/couvent-des-jacobins-toulouse-1152x1536.jpg 1152w, https:\/\/www.vap-camping.fr\/wp-content\/uploads\/2025\/08\/couvent-des-jacobins-toulouse-1536x2048.jpg 1536w\" sizes=\"(max-width: 1920px) 100vw, 1920px\" \/>                        <p class=\"j-title\">\n                            Kulturelle Besuche                        <\/p>\n                        <p class=\"j-more\">\n                            Entdecken                        <\/p>\n                    <\/a>\n                <\/div>\n\n                            <div class=\"journey-slide\">\n                    <a href=\"https:\/\/www.vap-camping.fr\/de\/sejours\/10-jours-dans-la-terre-ariegeoise\/\" class=\"journey\" title=\"10 Tage im Land der Ariegeoise\">\n                        <img decoding=\"async\" width=\"2000\" height=\"1333\" src=\"https:\/\/www.vap-camping.fr\/wp-content\/uploads\/2025\/04\/AdobeStock_917113788.jpg\" class=\"attachment-3030 size-3030 wp-post-image\" alt=\"\" large=\"\" srcset=\"https:\/\/www.vap-camping.fr\/wp-content\/uploads\/2025\/04\/AdobeStock_917113788.jpg 2000w, https:\/\/www.vap-camping.fr\/wp-content\/uploads\/2025\/04\/AdobeStock_917113788-300x200.jpg 300w, https:\/\/www.vap-camping.fr\/wp-content\/uploads\/2025\/04\/AdobeStock_917113788-1024x682.jpg 1024w, https:\/\/www.vap-camping.fr\/wp-content\/uploads\/2025\/04\/AdobeStock_917113788-768x512.jpg 768w, https:\/\/www.vap-camping.fr\/wp-content\/uploads\/2025\/04\/AdobeStock_917113788-1536x1024.jpg 1536w\" sizes=\"(max-width: 2000px) 100vw, 2000px\" \/>                        <p class=\"j-title\">\n                            Totales Abenteuer                        <\/p>\n                        <p class=\"j-more\">\n                            Entdecken                        <\/p>\n                    <\/a>\n                <\/div>\n\n                            <div class=\"journey-slide\">\n                    <a href=\"https:\/\/www.vap-camping.fr\/de\/sejours\/3-tage-abenteuer-zwischen-natur-und-geschichte-in-karien\/\" class=\"journey\" title=\"Schl\u00f6sser und Festungen\">\n                        <img decoding=\"async\" width=\"2560\" height=\"1750\" src=\"https:\/\/www.vap-camping.fr\/wp-content\/uploads\/2025\/05\/AdobeStock_505119846-scaled.jpeg\" class=\"attachment-3033 size-3033 wp-post-image\" alt=\"\" large=\"\" srcset=\"https:\/\/www.vap-camping.fr\/wp-content\/uploads\/2025\/05\/AdobeStock_505119846-scaled.jpeg 2560w, https:\/\/www.vap-camping.fr\/wp-content\/uploads\/2025\/05\/AdobeStock_505119846-600x410.jpeg 600w, https:\/\/www.vap-camping.fr\/wp-content\/uploads\/2025\/05\/AdobeStock_505119846-1024x700.jpeg 1024w, https:\/\/www.vap-camping.fr\/wp-content\/uploads\/2025\/05\/AdobeStock_505119846-768x525.jpeg 768w, https:\/\/www.vap-camping.fr\/wp-content\/uploads\/2025\/05\/AdobeStock_505119846-1536x1050.jpeg 1536w, https:\/\/www.vap-camping.fr\/wp-content\/uploads\/2025\/05\/AdobeStock_505119846-2048x1400.jpeg 2048w\" sizes=\"(max-width: 2560px) 100vw, 2560px\" \/>                        <p class=\"j-title\">\n                            Schl\u00f6sser und Landg\u00fcter                        <\/p>\n                        <p class=\"j-more\">\n                            Entdecken                        <\/p>\n                    <\/a>\n                <\/div>\n\n                            <div class=\"journey-slide\">\n                    <a href=\"https:\/\/www.vap-camping.fr\/de\/sejours\/des-sensations-fortes-a-vivre\/\" class=\"journey\" title=\"Nervenkitzel f\u00fcr das ganze Leben\">\n                        <img decoding=\"async\" width=\"2560\" height=\"1709\" src=\"https:\/\/www.vap-camping.fr\/wp-content\/uploads\/2025\/05\/AdobeStock_135226020-scaled.jpeg\" class=\"attachment-2941 size-2941 wp-post-image\" alt=\"parapente\" large=\"\" srcset=\"https:\/\/www.vap-camping.fr\/wp-content\/uploads\/2025\/05\/AdobeStock_135226020-scaled.jpeg 2560w, https:\/\/www.vap-camping.fr\/wp-content\/uploads\/2025\/05\/AdobeStock_135226020-600x401.jpeg 600w, https:\/\/www.vap-camping.fr\/wp-content\/uploads\/2025\/05\/AdobeStock_135226020-1024x684.jpeg 1024w, https:\/\/www.vap-camping.fr\/wp-content\/uploads\/2025\/05\/AdobeStock_135226020-768x513.jpeg 768w, https:\/\/www.vap-camping.fr\/wp-content\/uploads\/2025\/05\/AdobeStock_135226020-1536x1025.jpeg 1536w, https:\/\/www.vap-camping.fr\/wp-content\/uploads\/2025\/05\/AdobeStock_135226020-2048x1367.jpeg 2048w\" sizes=\"(max-width: 2560px) 100vw, 2560px\" \/>                        <p class=\"j-title\">\n                            Starke Empfindungen                        <\/p>\n                        <p class=\"j-more\">\n                            Entdecken                        <\/p>\n                    <\/a>\n                <\/div>\n\n                            <div class=\"journey-slide\">\n                    <a href=\"https:\/\/www.vap-camping.fr\/de\/sejours\/les-sommets-des-pyrenees-a-travers-des-activites-montagne\/\" class=\"journey\" title=\"Wanderungen oder Spazierg\u00e4nge in der Umgebung unserer Einrichtungen\">\n                        <img decoding=\"async\" width=\"2560\" height=\"1434\" src=\"https:\/\/www.vap-camping.fr\/wp-content\/uploads\/2025\/05\/AdobeStock_773958435-scaled.jpeg\" class=\"attachment-2935 size-2935 wp-post-image\" alt=\"\" large=\"\" srcset=\"https:\/\/www.vap-camping.fr\/wp-content\/uploads\/2025\/05\/AdobeStock_773958435-scaled.jpeg 2560w, https:\/\/www.vap-camping.fr\/wp-content\/uploads\/2025\/05\/AdobeStock_773958435-600x336.jpeg 600w, https:\/\/www.vap-camping.fr\/wp-content\/uploads\/2025\/05\/AdobeStock_773958435-1024x574.jpeg 1024w, https:\/\/www.vap-camping.fr\/wp-content\/uploads\/2025\/05\/AdobeStock_773958435-768x430.jpeg 768w, https:\/\/www.vap-camping.fr\/wp-content\/uploads\/2025\/05\/AdobeStock_773958435-1536x861.jpeg 1536w, https:\/\/www.vap-camping.fr\/wp-content\/uploads\/2025\/05\/AdobeStock_773958435-2048x1148.jpeg 2048w\" sizes=\"(max-width: 2560px) 100vw, 2560px\" \/>                        <p class=\"j-title\">\n                            Wanderungen oder Spazierg\u00e4nge                          <\/p>\n                        <p class=\"j-more\">\n                            Entdecken                        <\/p>\n                    <\/a>\n                <\/div>\n\n                            <div class=\"journey-slide\">\n                    <a href=\"https:\/\/www.vap-camping.fr\/de\/sejours\/lhiver-en-ariege-pour-vos-vacances-en-famille\/\" class=\"journey\" title=\"Winter mit VAP\">\n                        <img decoding=\"async\" width=\"2560\" height=\"1707\" src=\"https:\/\/www.vap-camping.fr\/wp-content\/uploads\/2025\/05\/AdobeStock_23369091-scaled.jpeg\" class=\"attachment-2973 size-2973 wp-post-image\" alt=\"\" large=\"\" srcset=\"https:\/\/www.vap-camping.fr\/wp-content\/uploads\/2025\/05\/AdobeStock_23369091-scaled.jpeg 2560w, https:\/\/www.vap-camping.fr\/wp-content\/uploads\/2025\/05\/AdobeStock_23369091-600x400.jpeg 600w, https:\/\/www.vap-camping.fr\/wp-content\/uploads\/2025\/05\/AdobeStock_23369091-1024x683.jpeg 1024w, https:\/\/www.vap-camping.fr\/wp-content\/uploads\/2025\/05\/AdobeStock_23369091-768x512.jpeg 768w, https:\/\/www.vap-camping.fr\/wp-content\/uploads\/2025\/05\/AdobeStock_23369091-1536x1024.jpeg 1536w, https:\/\/www.vap-camping.fr\/wp-content\/uploads\/2025\/05\/AdobeStock_23369091-2048x1365.jpeg 2048w\" sizes=\"(max-width: 2560px) 100vw, 2560px\" \/>                        <p class=\"j-title\">\n                            Winter mit VAP                        <\/p>\n                        <p class=\"j-more\">\n                            Entdecken                        <\/p>\n                    <\/a>\n                <\/div>\n\n                            <div class=\"journey-slide\">\n                    <a href=\"https:\/\/www.vap-camping.fr\/de\/sejours\/offrez-vous-une-pause-bien-etre-en-ariege\/\" class=\"journey\" title=\"5 Ideen f\u00fcr einen Wellness-Urlaub\">\n                        <img decoding=\"async\" width=\"2560\" height=\"1637\" src=\"https:\/\/www.vap-camping.fr\/wp-content\/uploads\/2025\/05\/AdobeStock_1074550848-scaled.jpeg\" class=\"attachment-2929 size-2929 wp-post-image\" alt=\"\" large=\"\" srcset=\"https:\/\/www.vap-camping.fr\/wp-content\/uploads\/2025\/05\/AdobeStock_1074550848-scaled.jpeg 2560w, https:\/\/www.vap-camping.fr\/wp-content\/uploads\/2025\/05\/AdobeStock_1074550848-600x384.jpeg 600w, https:\/\/www.vap-camping.fr\/wp-content\/uploads\/2025\/05\/AdobeStock_1074550848-1024x655.jpeg 1024w, https:\/\/www.vap-camping.fr\/wp-content\/uploads\/2025\/05\/AdobeStock_1074550848-768x491.jpeg 768w, https:\/\/www.vap-camping.fr\/wp-content\/uploads\/2025\/05\/AdobeStock_1074550848-1536x982.jpeg 1536w, https:\/\/www.vap-camping.fr\/wp-content\/uploads\/2025\/05\/AdobeStock_1074550848-2048x1310.jpeg 2048w\" sizes=\"(max-width: 2560px) 100vw, 2560px\" \/>                        <p class=\"j-title\">\n                            Wohlbefinden                        <\/p>\n                        <p class=\"j-more\">\n                            Entdecken                        <\/p>\n                    <\/a>\n                <\/div>\n\n                            <div class=\"journey-slide\">\n                    <a href=\"https:\/\/www.vap-camping.fr\/de\/sejours\/fruhlings-in-ariege-a-leben-die-sinnliche-erneuerung\/\" class=\"journey\" title=\"Industriebesuche\">\n                        <img decoding=\"async\" width=\"1200\" height=\"789\" src=\"https:\/\/www.vap-camping.fr\/wp-content\/uploads\/2025\/09\/image-2.jpeg\" class=\"attachment-2995 size-2995 wp-post-image\" alt=\"Talcane\u00f4\" large=\"\" srcset=\"https:\/\/www.vap-camping.fr\/wp-content\/uploads\/2025\/09\/image-2.jpeg 1200w, https:\/\/www.vap-camping.fr\/wp-content\/uploads\/2025\/09\/image-2-600x395.jpeg 600w, https:\/\/www.vap-camping.fr\/wp-content\/uploads\/2025\/09\/image-2-1024x673.jpeg 1024w, https:\/\/www.vap-camping.fr\/wp-content\/uploads\/2025\/09\/image-2-768x505.jpeg 768w\" sizes=\"(max-width: 1200px) 100vw, 1200px\" \/>                        <p class=\"j-title\">\n                            Industriebesuche                          <\/p>\n                        <p class=\"j-more\">\n                            Entdecken                        <\/p>\n                    <\/a>\n                <\/div>\n\n                            <div class=\"journey-slide\">\n                    <a href=\"https:\/\/www.vap-camping.fr\/de\/sejours\/voyage-prehistorique-a-travers-les-grottes-cachees-de-l-ariege\/\" class=\"journey\" title=\"Besichtigung der H\u00f6hlen\">\n                        <img decoding=\"async\" width=\"2560\" height=\"1707\" src=\"https:\/\/www.vap-camping.fr\/wp-content\/uploads\/2025\/04\/AdobeStock_885725894-scaled.jpeg\" class=\"attachment-2957 size-2957 wp-post-image\" alt=\"\" large=\"\" srcset=\"https:\/\/www.vap-camping.fr\/wp-content\/uploads\/2025\/04\/AdobeStock_885725894-scaled.jpeg 2560w, https:\/\/www.vap-camping.fr\/wp-content\/uploads\/2025\/04\/AdobeStock_885725894-600x400.jpeg 600w, https:\/\/www.vap-camping.fr\/wp-content\/uploads\/2025\/04\/AdobeStock_885725894-1024x683.jpeg 1024w, https:\/\/www.vap-camping.fr\/wp-content\/uploads\/2025\/04\/AdobeStock_885725894-768x512.jpeg 768w, https:\/\/www.vap-camping.fr\/wp-content\/uploads\/2025\/04\/AdobeStock_885725894-1536x1024.jpeg 1536w, https:\/\/www.vap-camping.fr\/wp-content\/uploads\/2025\/04\/AdobeStock_885725894-2048x1365.jpeg 2048w\" sizes=\"(max-width: 2560px) 100vw, 2560px\" \/>                        <p class=\"j-title\">\n                            Besichtigung der H\u00f6hlen                        <\/p>\n                        <p class=\"j-more\">\n                            Entdecken                        <\/p>\n                    <\/a>\n                <\/div>\n\n                            <div class=\"journey-slide\">\n                    <a href=\"https:\/\/www.vap-camping.fr\/de\/sejours\/voyage-romantique-vos-vacances-a-deux-en-ariege\/\" class=\"journey\" title=\"Romantische Reise, Ihr Urlaub zu zweit in Ari\u00e8ge\">\n                        <img decoding=\"async\" width=\"2560\" height=\"1707\" src=\"https:\/\/www.vap-camping.fr\/wp-content\/uploads\/2025\/05\/AdobeStock_693006007-scaled.jpeg\" class=\"attachment-3012 size-3012 wp-post-image\" alt=\"ap\u00e9ro\" large=\"\" srcset=\"https:\/\/www.vap-camping.fr\/wp-content\/uploads\/2025\/05\/AdobeStock_693006007-scaled.jpeg 2560w, https:\/\/www.vap-camping.fr\/wp-content\/uploads\/2025\/05\/AdobeStock_693006007-600x400.jpeg 600w, https:\/\/www.vap-camping.fr\/wp-content\/uploads\/2025\/05\/AdobeStock_693006007-1024x683.jpeg 1024w, https:\/\/www.vap-camping.fr\/wp-content\/uploads\/2025\/05\/AdobeStock_693006007-768x512.jpeg 768w, https:\/\/www.vap-camping.fr\/wp-content\/uploads\/2025\/05\/AdobeStock_693006007-1536x1024.jpeg 1536w, https:\/\/www.vap-camping.fr\/wp-content\/uploads\/2025\/05\/AdobeStock_693006007-2048x1365.jpeg 2048w\" sizes=\"(max-width: 2560px) 100vw, 2560px\" \/>                        <p class=\"j-title\">\n                            Romantische Reise                        <\/p>\n                        <p class=\"j-more\">\n                            Entdecken                        <\/p>\n                    <\/a>\n                <\/div>\n\n                            <div class=\"journey-slide\">\n                    <a href=\"https:\/\/www.vap-camping.fr\/de\/sejours\/aventure-en-groupe-au-coeur-de-lariege\/\" class=\"journey\" title=\"Abenteuer in der Gruppe im Herzen der Ari\u00e8ge\">\n                        <img decoding=\"async\" width=\"2560\" height=\"1709\" src=\"https:\/\/www.vap-camping.fr\/wp-content\/uploads\/2025\/05\/AdobeStock_274495436-scaled.jpeg\" class=\"attachment-3000 size-3000 wp-post-image\" alt=\"speleological\" large=\"\" srcset=\"https:\/\/www.vap-camping.fr\/wp-content\/uploads\/2025\/05\/AdobeStock_274495436-scaled.jpeg 2560w, https:\/\/www.vap-camping.fr\/wp-content\/uploads\/2025\/05\/AdobeStock_274495436-600x401.jpeg 600w, https:\/\/www.vap-camping.fr\/wp-content\/uploads\/2025\/05\/AdobeStock_274495436-1024x684.jpeg 1024w, https:\/\/www.vap-camping.fr\/wp-content\/uploads\/2025\/05\/AdobeStock_274495436-768x513.jpeg 768w, https:\/\/www.vap-camping.fr\/wp-content\/uploads\/2025\/05\/AdobeStock_274495436-1536x1025.jpeg 1536w, https:\/\/www.vap-camping.fr\/wp-content\/uploads\/2025\/05\/AdobeStock_274495436-2048x1367.jpeg 2048w\" sizes=\"(max-width: 2560px) 100vw, 2560px\" \/>                        <p class=\"j-title\">\n                            Abenteuer in der Gruppe                        <\/p>\n                        <p class=\"j-more\">\n                            Entdecken                        <\/p>\n                    <\/a>\n                <\/div>\n\n                            <div class=\"journey-slide\">\n                    <a href=\"https:\/\/www.vap-camping.fr\/de\/sejours\/moments-partages-en-famille-au-coeur-de-lariege\/\" class=\"journey\" title=\"Gemeinsame Momente mit der Familie im Herzen der Ari\u00e8ge\">\n                        <img decoding=\"async\" width=\"2560\" height=\"1683\" src=\"https:\/\/www.vap-camping.fr\/wp-content\/uploads\/2025\/05\/AdobeStock_285782136-scaled.jpeg\" class=\"attachment-2989 size-2989 wp-post-image\" alt=\"\" large=\"\" srcset=\"https:\/\/www.vap-camping.fr\/wp-content\/uploads\/2025\/05\/AdobeStock_285782136-scaled.jpeg 2560w, https:\/\/www.vap-camping.fr\/wp-content\/uploads\/2025\/05\/AdobeStock_285782136-600x395.jpeg 600w, https:\/\/www.vap-camping.fr\/wp-content\/uploads\/2025\/05\/AdobeStock_285782136-1024x673.jpeg 1024w, https:\/\/www.vap-camping.fr\/wp-content\/uploads\/2025\/05\/AdobeStock_285782136-768x505.jpeg 768w, https:\/\/www.vap-camping.fr\/wp-content\/uploads\/2025\/05\/AdobeStock_285782136-1536x1010.jpeg 1536w, https:\/\/www.vap-camping.fr\/wp-content\/uploads\/2025\/05\/AdobeStock_285782136-2048x1347.jpeg 2048w\" sizes=\"(max-width: 2560px) 100vw, 2560px\" \/>                        <p class=\"j-title\">\n                            Momente mit der Familie                        <\/p>\n                        <p class=\"j-more\">\n                            Entdecken                        <\/p>\n                    <\/a>\n                <\/div>\n\n                            <div class=\"journey-slide\">\n                    <a href=\"https:\/\/www.vap-camping.fr\/de\/sejours\/voyageur-solo-une-rencontre-avec-soi-meme-en-ariege\/\" class=\"journey\" title=\"Alleinreisende, eine Begegnung mit sich selbst in der Ari\u00e8ge\">\n                        <img decoding=\"async\" width=\"2560\" height=\"1920\" src=\"https:\/\/www.vap-camping.fr\/wp-content\/uploads\/2025\/05\/AdobeStock_1312971900.jpeg\" class=\"attachment-3007 size-3007 wp-post-image\" alt=\"randonee Ari\u00e8ge\" large=\"\" srcset=\"https:\/\/www.vap-camping.fr\/wp-content\/uploads\/2025\/05\/AdobeStock_1312971900.jpeg 2560w, https:\/\/www.vap-camping.fr\/wp-content\/uploads\/2025\/05\/AdobeStock_1312971900-600x450.jpeg 600w, https:\/\/www.vap-camping.fr\/wp-content\/uploads\/2025\/05\/AdobeStock_1312971900-1024x768.jpeg 1024w, https:\/\/www.vap-camping.fr\/wp-content\/uploads\/2025\/05\/AdobeStock_1312971900-768x576.jpeg 768w, https:\/\/www.vap-camping.fr\/wp-content\/uploads\/2025\/05\/AdobeStock_1312971900-1536x1152.jpeg 1536w, https:\/\/www.vap-camping.fr\/wp-content\/uploads\/2025\/05\/AdobeStock_1312971900-2048x1536.jpeg 2048w\" sizes=\"(max-width: 2560px) 100vw, 2560px\" \/>                        <p class=\"j-title\">\n                            Allein reisen                        <\/p>\n                        <p class=\"j-more\">\n                            Entdecken                        <\/p>\n                    <\/a>\n                <\/div>\n\n                            <div class=\"journey-slide\">\n                    <a href=\"https:\/\/www.vap-camping.fr\/de\/sejours\/lautomne-en-ariege-a-travers-des-paysages-colores\/\" class=\"journey\" title=\"Herbst in der Ari\u00e8ge durch farbenfrohe Landschaften\">\n                        <img decoding=\"async\" width=\"2560\" height=\"1707\" src=\"https:\/\/www.vap-camping.fr\/wp-content\/uploads\/2025\/05\/AdobeStock_417307917-scaled.jpeg\" class=\"attachment-2985 size-2985 wp-post-image\" alt=\"lac de bexhmale printemps\" large=\"\" srcset=\"https:\/\/www.vap-camping.fr\/wp-content\/uploads\/2025\/05\/AdobeStock_417307917-scaled.jpeg 2560w, https:\/\/www.vap-camping.fr\/wp-content\/uploads\/2025\/05\/AdobeStock_417307917-600x400.jpeg 600w, https:\/\/www.vap-camping.fr\/wp-content\/uploads\/2025\/05\/AdobeStock_417307917-1024x683.jpeg 1024w, https:\/\/www.vap-camping.fr\/wp-content\/uploads\/2025\/05\/AdobeStock_417307917-768x512.jpeg 768w, https:\/\/www.vap-camping.fr\/wp-content\/uploads\/2025\/05\/AdobeStock_417307917-1536x1024.jpeg 1536w, https:\/\/www.vap-camping.fr\/wp-content\/uploads\/2025\/05\/AdobeStock_417307917-2048x1365.jpeg 2048w\" sizes=\"(max-width: 2560px) 100vw, 2560px\" \/>                        <p class=\"j-title\">\n                            Herbst in der Ari\u00e8ge                        <\/p>\n                        <p class=\"j-more\">\n                            Entdecken                        <\/p>\n                    <\/a>\n                <\/div>\n\n                            <div class=\"journey-slide\">\n                    <a href=\"https:\/\/www.vap-camping.fr\/de\/sejours\/votre-ete-entre-charme-et-authenticite-en-ariege\/\" class=\"journey\" title=\"Ihr Sommer zwischen Charme und Authentizit\u00e4t in der Ari\u00e8ge\">\n                        <img decoding=\"async\" width=\"2560\" height=\"1919\" src=\"https:\/\/www.vap-camping.fr\/wp-content\/uploads\/2025\/05\/AdobeStock_289802388-scaled.jpeg\" class=\"attachment-2962 size-2962 wp-post-image\" alt=\"\" large=\"\" srcset=\"https:\/\/www.vap-camping.fr\/wp-content\/uploads\/2025\/05\/AdobeStock_289802388-scaled.jpeg 2560w, https:\/\/www.vap-camping.fr\/wp-content\/uploads\/2025\/05\/AdobeStock_289802388-600x450.jpeg 600w, https:\/\/www.vap-camping.fr\/wp-content\/uploads\/2025\/05\/AdobeStock_289802388-1024x767.jpeg 1024w, https:\/\/www.vap-camping.fr\/wp-content\/uploads\/2025\/05\/AdobeStock_289802388-768x576.jpeg 768w, https:\/\/www.vap-camping.fr\/wp-content\/uploads\/2025\/05\/AdobeStock_289802388-1536x1151.jpeg 1536w, https:\/\/www.vap-camping.fr\/wp-content\/uploads\/2025\/05\/AdobeStock_289802388-2048x1535.jpeg 2048w\" sizes=\"(max-width: 2560px) 100vw, 2560px\" \/>                        <p class=\"j-title\">\n                            Charms                        <\/p>\n                        <p class=\"j-more\">\n                            Entdecken                        <\/p>\n                    <\/a>\n                <\/div>\n\n                            <div class=\"journey-slide\">\n                    <a href=\"https:\/\/www.vap-camping.fr\/de\/sejours\/les-stations-thermales-pour-votre-bien-etre-et-votre-serenite\/\" class=\"journey\" title=\"Kurorte f\u00fcr Ihr Wohlbefinden und Ihre Gelassenheit\">\n                        <img decoding=\"async\" width=\"2560\" height=\"1707\" src=\"https:\/\/www.vap-camping.fr\/wp-content\/uploads\/2025\/05\/AdobeStock_519183132-1-scaled.jpeg\" class=\"attachment-2979 size-2979 wp-post-image\" alt=\"\" large=\"\" srcset=\"https:\/\/www.vap-camping.fr\/wp-content\/uploads\/2025\/05\/AdobeStock_519183132-1-scaled.jpeg 2560w, https:\/\/www.vap-camping.fr\/wp-content\/uploads\/2025\/05\/AdobeStock_519183132-1-600x400.jpeg 600w, https:\/\/www.vap-camping.fr\/wp-content\/uploads\/2025\/05\/AdobeStock_519183132-1-1024x683.jpeg 1024w, https:\/\/www.vap-camping.fr\/wp-content\/uploads\/2025\/05\/AdobeStock_519183132-1-768x512.jpeg 768w, https:\/\/www.vap-camping.fr\/wp-content\/uploads\/2025\/05\/AdobeStock_519183132-1-1536x1024.jpeg 1536w, https:\/\/www.vap-camping.fr\/wp-content\/uploads\/2025\/05\/AdobeStock_519183132-1-2048x1365.jpeg 2048w\" sizes=\"(max-width: 2560px) 100vw, 2560px\" \/>                        <p class=\"j-title\">\n                            Gelassenheit                        <\/p>\n                        <p class=\"j-more\">\n                            Entdecken                        <\/p>\n                    <\/a>\n                <\/div>\n\n                            <div class=\"journey-slide\">\n                    <a href=\"https:\/\/www.vap-camping.fr\/de\/sejours\/marche-et-producteurs-locaux\/\" class=\"journey\" title=\"Markt und lokale Erzeuger\">\n                        <img decoding=\"async\" width=\"1200\" height=\"901\" src=\"https:\/\/www.vap-camping.fr\/wp-content\/uploads\/2025\/12\/image-30.jpeg\" class=\"attachment-6155 size-6155 wp-post-image\" alt=\"\" large=\"\" srcset=\"https:\/\/www.vap-camping.fr\/wp-content\/uploads\/2025\/12\/image-30.jpeg 1200w, https:\/\/www.vap-camping.fr\/wp-content\/uploads\/2025\/12\/image-30-600x451.jpeg 600w, https:\/\/www.vap-camping.fr\/wp-content\/uploads\/2025\/12\/image-30-1024x769.jpeg 1024w, https:\/\/www.vap-camping.fr\/wp-content\/uploads\/2025\/12\/image-30-768x577.jpeg 768w\" sizes=\"(max-width: 1200px) 100vw, 1200px\" \/>                        <p class=\"j-title\">\n                            M\u00e4rkte und Produzenten                          <\/p>\n                        <p class=\"j-more\">\n                            Entdecken                        <\/p>\n                    <\/a>\n                <\/div>\n\n                            <div class=\"journey-slide\">\n                    <a href=\"https:\/\/www.vap-camping.fr\/de\/sejours\/rendez-vous-aux-plus-beaux-villages-ariegeois\/\" class=\"journey\" title=\"Treffpunkt in den sch\u00f6nsten D\u00f6rfern der Ari\u00e8ge\">\n                        <img decoding=\"async\" width=\"2560\" height=\"1707\" src=\"https:\/\/www.vap-camping.fr\/wp-content\/uploads\/2025\/05\/AdobeStock_124848663-scaled.jpeg\" class=\"attachment-2945 size-2945 wp-post-image\" alt=\"\" large=\"\" srcset=\"https:\/\/www.vap-camping.fr\/wp-content\/uploads\/2025\/05\/AdobeStock_124848663-scaled.jpeg 2560w, https:\/\/www.vap-camping.fr\/wp-content\/uploads\/2025\/05\/AdobeStock_124848663-600x400.jpeg 600w, https:\/\/www.vap-camping.fr\/wp-content\/uploads\/2025\/05\/AdobeStock_124848663-1024x683.jpeg 1024w, https:\/\/www.vap-camping.fr\/wp-content\/uploads\/2025\/05\/AdobeStock_124848663-768x512.jpeg 768w, https:\/\/www.vap-camping.fr\/wp-content\/uploads\/2025\/05\/AdobeStock_124848663-1536x1024.jpeg 1536w, https:\/\/www.vap-camping.fr\/wp-content\/uploads\/2025\/05\/AdobeStock_124848663-2048x1365.jpeg 2048w\" sizes=\"(max-width: 2560px) 100vw, 2560px\" \/>                        <p class=\"j-title\">\n                            Im Herzen der D\u00f6rfer                        <\/p>\n                        <p class=\"j-more\">\n                            Entdecken                        <\/p>\n                    <\/a>\n                <\/div>\n\n                            <div class=\"journey-slide\">\n                    <a href=\"https:\/\/www.vap-camping.fr\/de\/sejours\/nature-sauvage-de-l-ariege-a-decouvrir\/\" class=\"journey\" title=\"Entdecken Sie die wilde Natur der Ari\u00e8ge\">\n                        <img decoding=\"async\" width=\"2560\" height=\"1463\" src=\"https:\/\/www.vap-camping.fr\/wp-content\/uploads\/2025\/05\/AdobeStock_1244397702-scaled.jpeg\" class=\"attachment-2951 size-2951 wp-post-image\" alt=\"\" large=\"\" srcset=\"https:\/\/www.vap-camping.fr\/wp-content\/uploads\/2025\/05\/AdobeStock_1244397702-scaled.jpeg 2560w, https:\/\/www.vap-camping.fr\/wp-content\/uploads\/2025\/05\/AdobeStock_1244397702-600x343.jpeg 600w, https:\/\/www.vap-camping.fr\/wp-content\/uploads\/2025\/05\/AdobeStock_1244397702-1024x585.jpeg 1024w, https:\/\/www.vap-camping.fr\/wp-content\/uploads\/2025\/05\/AdobeStock_1244397702-768x439.jpeg 768w, https:\/\/www.vap-camping.fr\/wp-content\/uploads\/2025\/05\/AdobeStock_1244397702-1536x878.jpeg 1536w, https:\/\/www.vap-camping.fr\/wp-content\/uploads\/2025\/05\/AdobeStock_1244397702-2048x1170.jpeg 2048w\" sizes=\"(max-width: 2560px) 100vw, 2560px\" \/>                        <p class=\"j-title\">\n                            Wilde Natur                        <\/p>\n                        <p class=\"j-more\">\n                            Entdecken                        <\/p>\n                    <\/a>\n                <\/div>\n\n                    <\/div>\n        <div class=\"journey-buttons\">\n            <button class=\"j-prev\">ARR<\/button>\n            <button class=\"j-next\">AV<\/button>\n        <\/div>\n    <\/div>\n\n\n<\/div>\n<\/div>\n","protected":false},"excerpt":{"rendered":"<p>Radtouren in der N\u00e4he unserer Einrichtungen Erkunden Sie von unseren Campingpl\u00e4tzen aus verschiedene Routen! Wenn Sie Toulouse und die Ari\u00e8ge mit dem Fahrrad erkunden, k\u00f6nnen Sie das Beste aus zwei Welten genie\u00dfen: die sanfte Energie der rosafarbenen Stadt und die ruhige Landschaft der Ari\u00e8ge. Auf den Radwegen in Toulouse k\u00f6nnen Sie entlang der Garonne oder [&hellip;]<\/p>\n","protected":false},"featured_media":3375,"parent":0,"template":"","format":"standard","meta":{"_acf_changed":false,"_seopress_robots_primary_cat":"","_seopress_titles_title":"","_seopress_titles_desc":"","_seopress_robots_index":"","ouverture":"","nombre_de_locations":"","nombre_demplacements":"","adresse":"","numero_de_telephone":"","email":"","url_du_site":"","footnotes":""},"class_list":["post-2969","sejours","type-sejours","status-publish","format-standard","has-post-thumbnail","hentry"],"acf":{"titre_court":"Toulouse & Ari\u00e8ge mit dem Fahrrad","steps":[{"step_title":"Tag 1","af_camping":[2610],"af_places":[6414,6939]},{"step_title":"Tag 2 & 3  ","af_camping":[2587],"af_places":[6476]},{"step_title":"Tag 4 ","af_camping":[2533],"af_places":[6398]},{"step_title":"Tag 5 & 6 ","af_camping":[3079],"af_places":[6418,6372]},{"step_title":"Tag 7 & 8","af_camping":[2518],"af_places":[6375,6956]}]},"_links":{"self":[{"href":"https:\/\/www.vap-camping.fr\/de\/wp-json\/wp\/v2\/sejours\/2969","targetHints":{"allow":["GET"]}}],"collection":[{"href":"https:\/\/www.vap-camping.fr\/de\/wp-json\/wp\/v2\/sejours"}],"about":[{"href":"https:\/\/www.vap-camping.fr\/de\/wp-json\/wp\/v2\/types\/sejours"}],"version-history":[{"count":7,"href":"https:\/\/www.vap-camping.fr\/de\/wp-json\/wp\/v2\/sejours\/2969\/revisions"}],"predecessor-version":[{"id":7397,"href":"https:\/\/www.vap-camping.fr\/de\/wp-json\/wp\/v2\/sejours\/2969\/revisions\/7397"}],"wp:featuredmedia":[{"embeddable":true,"href":"https:\/\/www.vap-camping.fr\/de\/wp-json\/wp\/v2\/media\/3375"}],"wp:attachment":[{"href":"https:\/\/www.vap-camping.fr\/de\/wp-json\/wp\/v2\/media?parent=2969"}],"curies":[{"name":"wp","href":"https:\/\/api.w.org\/{rel}","templated":true}]}}