{"id":6155,"date":"2025-12-12T10:30:18","date_gmt":"2025-12-12T10:30:18","guid":{"rendered":"https:\/\/www.vap-camping.fr\/sejours\/marche-et-producteurs-locaux\/"},"modified":"2026-02-26T11:42:32","modified_gmt":"2026-02-26T11:42:32","slug":"marche-et-producteurs-locaux","status":"publish","type":"sejours","link":"https:\/\/www.vap-camping.fr\/de\/sejours\/marche-et-producteurs-locaux\/","title":{"rendered":"Markt und lokale Erzeuger"},"content":{"rendered":"\n<div class=\"wp-block-group alignfull is-layout-flow wp-container-core-group-is-layout-8af317cd wp-block-group-is-layout-flow\">\n<div class=\"wp-block-group fromTop has-global-padding is-layout-constrained wp-block-group-is-layout-constrained\" style=\"margin-top:15rem\">\n<div class=\"wp-block-columns alignfull are-vertically-aligned-center m-ti is-layout-flex wp-container-core-columns-is-layout-0c0b91ec wp-block-columns-is-layout-flex\">\n<div class=\"wp-block-column is-vertically-aligned-center m-ti-text is-layout-flow wp-container-core-column-is-layout-58dbe9e9 wp-block-column-is-layout-flow\" style=\"padding-left:10rem;flex-basis:40%\">\n<div class=\"wp-block-group is-style-title-left is-layout-flow wp-block-group-is-layout-flow is-style-title-left--1\">\n<p class=\"has-secondary-color has-text-color has-link-color has-secondary-font-family has-xl-font-size wp-elements-06fadff88b3ba3855e3ed13b26584c01\"><strong>M\u00e4rkte und Produzenten<\/strong><\/p>\n\n\n\n<p class=\"has-primary-color has-text-color has-link-color has-primary-font-family has-sm-font-size wp-elements-f9f6d3bc147c86481d3e1cc500af6d6a\" style=\"text-transform:uppercase\"><strong>des Territoriums zu entdecken<\/strong><\/p>\n<\/div>\n\n\n\n<h1 class=\"wp-block-heading text-title\">Treffen Sie passionierte Erzeuger und genie\u00dfen Sie frische, authentische und lokale Produkte auf den lebendigen M\u00e4rkten.<\/h1>\n\n\n\n<p class=\"has-m-font-size\" style=\"padding-left:2rem\">Entdecken Sie die authentischen Geschm\u00e4cker und das Know-how unserer Region. Mit VAP k\u00f6nnen Sie die farbenfrohen M\u00e4rkte und die leidenschaftlichen Erzeuger nutzen, um frische, lokale und saisonale Produkte zu probieren. K\u00e4se, Obst, Gem\u00fcse, Honig oder handwerkliche Spezialit\u00e4ten&#8230; jeder Besuch wird zu einem leckeren und geselligen Erlebnis, ideal, um den Erzeugern n\u00e4her zu kommen und einfache und herzliche Momente mit der Familie oder mit Freunden zu teilen. Mit den VAP-Campingpl\u00e4tzen und -Ferienh\u00e4usern als Ausgangspunkt k\u00f6nnen Sie sich Ihren Aufenthalt ganz nach Wunsch zusammenstellen: Jeder Tag wird zur Gelegenheit, lokale Produkte zu entdecken, leidenschaftliche Erzeuger zu treffen, authentische Geschm\u00e4cker zu genie\u00dfen und gesellige Momente zu teilen, bevor Sie eine komfortable und gastfreundliche Unterkunft genie\u00dfen.   <\/p>\n\n\n\n<p class=\"has-m-font-size\" style=\"padding-left:2rem\"><strong>Wichtiger Hinweis: VAP bietet nur Unterkunft an.<\/strong>  Alle Aktivit\u00e4ten m\u00fcssen direkt bei den lokalen Anbietern gebucht werden.<\/p>\n\n\n\n<div style=\"height:100px\" aria-hidden=\"true\" class=\"wp-block-spacer\"><\/div>\n\n\n\n<div class=\"wp-block-buttons is-layout-flex wp-block-buttons-is-layout-flex\">\n<div class=\"wp-block-button\"><a class=\"wp-block-button__link wp-element-button\" href=\"https:\/\/www.vap-camping.fr\/de\/vap-hebergements\/\">Erhalten Sie ein pers\u00f6nliches Angebot <\/a><\/div>\n<\/div>\n<\/div>\n\n\n\n<div class=\"wp-block-column is-vertically-aligned-center wp-block-image alignright size-large has-custom-border is-style-travel m-ti-image is-layout-flow wp-block-column-is-layout-flow is-style-travel--2\" style=\"flex-basis:60%\">\n<figure class=\"wp-block-image alignright size-full\"><img alt=\"\" decoding=\"async\" width=\"768\" height=\"1024\" src=\"https:\/\/www.vap-camping.fr\/wp-content\/uploads\/2025\/12\/image-34.jpeg\" alt=\"\" class=\"wp-image-5687\" srcset=\"https:\/\/www.vap-camping.fr\/wp-content\/uploads\/2025\/12\/image-34.jpeg 768w, https:\/\/www.vap-camping.fr\/wp-content\/uploads\/2025\/12\/image-34-450x600.jpeg 450w\" sizes=\"(max-width: 768px) 100vw, 768px\" \/><\/figure>\n<\/div>\n<\/div>\n<\/div>\n\n\n\n<div class=\"map-container is-layout-flow wp-block-map-vap-is-layout-flow\">\n    <aside class=\"map\">\n        <div class=\"map-steps\">\n            <ul>\n                                                            <li data-step-index=\"1\">1<\/li>\n                                            <li data-step-index=\"2\">2<\/li>\n                                            <li data-step-index=\"3\">3<\/li>\n                                            <li data-step-index=\"4\">4<\/li>\n                                                <\/ul>\n        <\/div>\n        <div id=\"map\"><\/div>\n    <\/aside>\n\n    <div class=\"postMap post-6155\">\n                                    <div class=\"step-desc step-0\" data-step-index=\"0\">\n                    <h3 class=\"step-title\">Tag 1 <\/h3>\n\n                                                                                            <div class=\"camping-wrapper\" data-lat=\"42.7874289\"\n                                data-long=\"1.6828079\"\n                                data-name=\"Oustalous-Komplex\"\n                                data-image=\"https:\/\/www.vap-camping.fr\/wp-content\/uploads\/2025\/04\/img_5291-1024x768-1.jpg\">\n                                                                    <a href=\"https:\/\/www.vap-camping.fr\/de\/campings\/complexe-des-oustalous\/\" class=\"c-link\"\n                                        title=\"Oustalous-Komplex\">\n                                        <img decoding=\"async\" width=\"600\" height=\"450\" src=\"https:\/\/www.vap-camping.fr\/wp-content\/uploads\/2025\/04\/img_5291-1024x768-1-600x450.jpg\" class=\"attachment-medium size-medium wp-post-image\" alt=\"\" srcset=\"https:\/\/www.vap-camping.fr\/wp-content\/uploads\/2025\/04\/img_5291-1024x768-1-600x450.jpg 600w, https:\/\/www.vap-camping.fr\/wp-content\/uploads\/2025\/04\/img_5291-1024x768-1-768x576.jpg 768w, https:\/\/www.vap-camping.fr\/wp-content\/uploads\/2025\/04\/img_5291-1024x768-1.jpg 1024w\" sizes=\"(max-width: 600px) 100vw, 600px\" \/>                                        <p class=\"c-button\">Entdecken<\/p>\n                                    <\/a>\n                                                                    <div class=\"camping-infos\">\n                                    <p class=\"c-title\">Oustalous-Komplex<\/p>\n                                    <ul class=\"c-list\">\n                                                                                <li>240 Personen<\/li>\n                                        <li>240 Personen<\/li>\n                                                                                    <li style=\"display: flex; gap: 1rem; margin-top: 1rem;\">\n                                                                                                    <img decoding=\"async\" src=\"https:\/\/www.vap-camping.fr\/wp-content\/uploads\/2025\/04\/water-ladder-ico.svg\" alt=\"Swimmingpool\" \/>\n                                                                                                        <img decoding=\"async\" src=\"https:\/\/www.vap-camping.fr\/wp-content\/uploads\/2025\/04\/wifi-ico.svg\" alt=\"Wifi\" \/>\n                                                                                                        <img decoding=\"async\" src=\"https:\/\/www.vap-camping.fr\/wp-content\/uploads\/2025\/04\/dice-solid.svg\" alt=\"Boulodrome\" \/>\n                                                                                                        <img decoding=\"async\" src=\"https:\/\/www.vap-camping.fr\/wp-content\/uploads\/2025\/04\/table-tennis-paddle-ball.svg\" alt=\"Tischtennisplatte\" \/>\n                                                                                                <\/li>\n                                                                                <\/ul>\n                                <\/div>\n                            <\/div>\n                                            \n                                        <h4 class=\"journey-title\">Erlebnisse zum Entdecken<\/h4>\n                    <div class=\"journey-container\">\n                                                                                                                        <div class=\"swiper-slide\" data-lat=\"42.785123\"\n                                        data-long=\"  1.681463\"\n                                        data-name=\"Markt in Les Cabannes\"\n                                        data-image=\"https:\/\/www.vap-camping.fr\/wp-content\/uploads\/2025\/09\/img_0053-scaled.jpeg\">\n                                        <div class=\"j-link\">\n                                            <img decoding=\"async\" width=\"768\" height=\"1024\" src=\"https:\/\/www.vap-camping.fr\/wp-content\/uploads\/2025\/09\/img_0053-768x1024.jpeg\" class=\"attachment-large size-large wp-post-image\" alt=\"\" srcset=\"https:\/\/www.vap-camping.fr\/wp-content\/uploads\/2025\/09\/img_0053-768x1024.jpeg 768w, https:\/\/www.vap-camping.fr\/wp-content\/uploads\/2025\/09\/img_0053-450x600.jpeg 450w, https:\/\/www.vap-camping.fr\/wp-content\/uploads\/2025\/09\/img_0053-1152x1536.jpeg 1152w, https:\/\/www.vap-camping.fr\/wp-content\/uploads\/2025\/09\/img_0053-1536x2048.jpeg 1536w, https:\/\/www.vap-camping.fr\/wp-content\/uploads\/2025\/09\/img_0053-scaled.jpeg 1920w\" sizes=\"(max-width: 768px) 100vw, 768px\" \/>                                            <p class=\"j-title\">Markt in Les Cabannes<\/p>\n                                            <a href=\"https:\/\/www.vap-camping.fr\/de\/lieux\/marche-des-cabannes\/\"\n                                                title=\"Markt in Les Cabannes\"\n                                                class=\"j-button\">Entdecken<\/a>\n                                        <\/div>\n                                        <div class=\"j-desc\">\n                                            <p class=\"j-desc-title\">Markt in Les Cabannes<\/p>\n                                            <p class=\"j-desc-excerpt\">Der Markt die H\u00fctten Ein authentischer Markt mit regionalen Produkten und lokalen Begegnungen belebt das Dorf. Der Markt in Les \u2026<\/p>\n                                            <a href=\"https:\/\/www.vap-camping.fr\/de\/lieux\/marche-des-cabannes\/\"\n                                                title=\"Markt in Les Cabannes\"\n                                                class=\"j-desc-button\">Mehr sehen<\/a>\n                                        <\/div>\n                                    <\/div>\n                                                                                                                                    <div class=\"swiper-slide\" data-lat=\"42.889329\"\n                                        data-long=\"1.485114\"\n                                        data-name=\"Bauernhof Les Vieux Pr\u00e9s\"\n                                        data-image=\"https:\/\/www.vap-camping.fr\/wp-content\/uploads\/2025\/12\/image-31.jpeg\">\n                                        <div class=\"j-link\">\n                                            <img decoding=\"async\" width=\"769\" height=\"1024\" src=\"https:\/\/www.vap-camping.fr\/wp-content\/uploads\/2025\/12\/image-31-769x1024.jpeg\" class=\"attachment-large size-large wp-post-image\" alt=\"\" srcset=\"https:\/\/www.vap-camping.fr\/wp-content\/uploads\/2025\/12\/image-31-769x1024.jpeg 769w, https:\/\/www.vap-camping.fr\/wp-content\/uploads\/2025\/12\/image-31-451x600.jpeg 451w, https:\/\/www.vap-camping.fr\/wp-content\/uploads\/2025\/12\/image-31-768x1023.jpeg 768w, https:\/\/www.vap-camping.fr\/wp-content\/uploads\/2025\/12\/image-31.jpeg 901w\" sizes=\"(max-width: 769px) 100vw, 769px\" \/>                                            <p class=\"j-title\">Bauernhof Les Vieux Pr\u00e9s<\/p>\n                                            <a href=\"https:\/\/www.vap-camping.fr\/de\/lieux\/ferme-les-vieux-pres\/\"\n                                                title=\"Bauernhof Les Vieux Pr\u00e9s\"\n                                                class=\"j-button\">Entdecken<\/a>\n                                        <\/div>\n                                        <div class=\"j-desc\">\n                                            <p class=\"j-desc-title\">Bauernhof Les Vieux Pr\u00e9s<\/p>\n                                            <p class=\"j-desc-excerpt\">Bauernhof Les Vieux Pr\u00e9s K\u00e4serei Ari\u00e9geoise Handwerklich hergestellter K\u00e4se und traditionelles Know-how im Herzen der Ari\u00e8ge. Die Ferme Les Vieux \u2026<\/p>\n                                            <a href=\"https:\/\/www.vap-camping.fr\/de\/lieux\/ferme-les-vieux-pres\/\"\n                                                title=\"Bauernhof Les Vieux Pr\u00e9s\"\n                                                class=\"j-desc-button\">Mehr sehen<\/a>\n                                        <\/div>\n                                    <\/div>\n                                                                                                                                    <div class=\"swiper-slide\" data-lat=\"42.799158\"\n                                        data-long=\"1.659637\"\n                                        data-name=\"Biscuititerie du Moulin Sinsat\"\n                                        data-image=\"https:\/\/www.vap-camping.fr\/wp-content\/uploads\/2025\/12\/image-27.jpeg\">\n                                        <div class=\"j-link\">\n                                            <img decoding=\"async\" width=\"550\" height=\"550\" src=\"https:\/\/www.vap-camping.fr\/wp-content\/uploads\/2025\/12\/image-27.jpeg\" class=\"attachment-large size-large wp-post-image\" alt=\"\" srcset=\"https:\/\/www.vap-camping.fr\/wp-content\/uploads\/2025\/12\/image-27.jpeg 550w, https:\/\/www.vap-camping.fr\/wp-content\/uploads\/2025\/12\/image-27-300x300.jpeg 300w\" sizes=\"(max-width: 550px) 100vw, 550px\" \/>                                            <p class=\"j-title\">Biscuititerie du Moulin Sinsat<\/p>\n                                            <a href=\"https:\/\/www.vap-camping.fr\/de\/lieux\/biscuiterie-du-moulin-sinsat\/\"\n                                                title=\"Biscuititerie du Moulin Sinsat\"\n                                                class=\"j-button\">Entdecken<\/a>\n                                        <\/div>\n                                        <div class=\"j-desc\">\n                                            <p class=\"j-desc-title\">Biscuititerie du Moulin Sinsat<\/p>\n                                            <p class=\"j-desc-excerpt\">Biscuiterie Ari\u00e9geois Biscuititerie du Moulin Sinsat Hausgemachte handwerkliche Kekse im Herzen des Tals. Les Biscuits du Moulin ist eine kleine \u2026<\/p>\n                                            <a href=\"https:\/\/www.vap-camping.fr\/de\/lieux\/biscuiterie-du-moulin-sinsat\/\"\n                                                title=\"Biscuititerie du Moulin Sinsat\"\n                                                class=\"j-desc-button\">Mehr sehen<\/a>\n                                        <\/div>\n                                    <\/div>\n                                                                                                                                    <div class=\"swiper-slide\" data-lat=\"42.786537\"\n                                        data-long=\"  1.679491\"\n                                        data-name=\"Les Truites de l&#8217;Aston\"\n                                        data-image=\"https:\/\/www.vap-camping.fr\/wp-content\/uploads\/2025\/12\/image-24.jpeg\">\n                                        <div class=\"j-link\">\n                                            <img decoding=\"async\" width=\"1024\" height=\"768\" src=\"https:\/\/www.vap-camping.fr\/wp-content\/uploads\/2025\/12\/image-24-1024x768.jpeg\" class=\"attachment-large size-large wp-post-image\" alt=\"\" srcset=\"https:\/\/www.vap-camping.fr\/wp-content\/uploads\/2025\/12\/image-24-1024x768.jpeg 1024w, https:\/\/www.vap-camping.fr\/wp-content\/uploads\/2025\/12\/image-24-600x450.jpeg 600w, https:\/\/www.vap-camping.fr\/wp-content\/uploads\/2025\/12\/image-24-768x576.jpeg 768w, https:\/\/www.vap-camping.fr\/wp-content\/uploads\/2025\/12\/image-24-1536x1152.jpeg 1536w, https:\/\/www.vap-camping.fr\/wp-content\/uploads\/2025\/12\/image-24-2048x1536.jpeg 2048w\" sizes=\"(max-width: 1024px) 100vw, 1024px\" \/>                                            <p class=\"j-title\">Les Truites de l&#8217;Aston<\/p>\n                                            <a href=\"https:\/\/www.vap-camping.fr\/de\/lieux\/les-truites-de-laston\/\"\n                                                title=\"Les Truites de l&#8217;Aston\"\n                                                class=\"j-button\">Entdecken<\/a>\n                                        <\/div>\n                                        <div class=\"j-desc\">\n                                            <p class=\"j-desc-title\">Les Truites de l&#8217;Aston<\/p>\n                                            <p class=\"j-desc-excerpt\">Aston Forellen Forellen aus den Pyren\u00e4en Eine handwerkliche Fischzucht im Herzen des Tals, die sich auf Pyren\u00e4enforellen spezialisiert hat. Les \u2026<\/p>\n                                            <a href=\"https:\/\/www.vap-camping.fr\/de\/lieux\/les-truites-de-laston\/\"\n                                                title=\"Les Truites de l&#8217;Aston\"\n                                                class=\"j-desc-button\">Mehr sehen<\/a>\n                                        <\/div>\n                                    <\/div>\n                                                                                                            <\/div>\n                <\/div>\n                            <div class=\"step-desc step-1\" data-step-index=\"1\">\n                    <h3 class=\"step-title\">Tag 2<\/h3>\n\n                                                                                            <div class=\"camping-wrapper\" data-lat=\"42.9892629\"\n                                data-long=\"1.6130811\"\n                                data-name=\"Campingplatz du lac(Foix)\"\n                                data-image=\"https:\/\/www.vap-camping.fr\/wp-content\/uploads\/2025\/04\/camping-avec-piscine-scaled.jpg\">\n                                                                    <a href=\"https:\/\/www.vap-camping.fr\/de\/campings\/camping-du-lac\/\" class=\"c-link\"\n                                        title=\"Campingplatz du lac(Foix)\">\n                                        <img decoding=\"async\" width=\"600\" height=\"450\" src=\"https:\/\/www.vap-camping.fr\/wp-content\/uploads\/2025\/04\/camping-avec-piscine-600x450.jpg\" class=\"attachment-medium size-medium wp-post-image\" alt=\"\" srcset=\"https:\/\/www.vap-camping.fr\/wp-content\/uploads\/2025\/04\/camping-avec-piscine-600x450.jpg 600w, https:\/\/www.vap-camping.fr\/wp-content\/uploads\/2025\/04\/camping-avec-piscine-1024x767.jpg 1024w, https:\/\/www.vap-camping.fr\/wp-content\/uploads\/2025\/04\/camping-avec-piscine-768x575.jpg 768w, https:\/\/www.vap-camping.fr\/wp-content\/uploads\/2025\/04\/camping-avec-piscine-1536x1151.jpg 1536w, https:\/\/www.vap-camping.fr\/wp-content\/uploads\/2025\/04\/camping-avec-piscine-2048x1534.jpg 2048w\" sizes=\"(max-width: 600px) 100vw, 600px\" \/>                                        <p class=\"c-button\">Entdecken<\/p>\n                                    <\/a>\n                                                                    <div class=\"camping-infos\">\n                                    <p class=\"c-title\">Campingplatz du lac(Foix)<\/p>\n                                    <ul class=\"c-list\">\n                                                                                    <li>\n                                                Rangliste                                                                                                    <img decoding=\"async\" src=\"\/wp-content\/themes\/vap\/assets\/img\/svg\/star-rating.svg\" alt=\"Classement\" \/>\n                                                                                                        <img decoding=\"async\" src=\"\/wp-content\/themes\/vap\/assets\/img\/svg\/star-rating.svg\" alt=\"Classement\" \/>\n                                                                                                        <img decoding=\"async\" src=\"\/wp-content\/themes\/vap\/assets\/img\/svg\/star-rating.svg\" alt=\"Classement\" \/>\n                                                                                                        <img decoding=\"async\" src=\"\/wp-content\/themes\/vap\/assets\/img\/svg\/star-rating.svg\" alt=\"Classement\" \/>\n                                                                                                <\/li>\n                                                                                    <li>95 Ferienh\u00e4user auf 5 ha<\/li>\n                                        <li>40 nackte Stellpl\u00e4tze<\/li>\n                                                                                    <li style=\"display: flex; gap: 1rem; margin-top: 1rem;\">\n                                                                                                    <img decoding=\"async\" src=\"https:\/\/www.vap-camping.fr\/wp-content\/uploads\/2025\/04\/water-ladder-ico.svg\" alt=\"Swimmingpool (nicht beheizt)\" \/>\n                                                                                                        <img decoding=\"async\" src=\"https:\/\/www.vap-camping.fr\/wp-content\/uploads\/2025\/04\/martini-glass.svg\" alt=\"Restaurant\/Bar\" \/>\n                                                                                                        <img decoding=\"async\" src=\"https:\/\/www.vap-camping.fr\/wp-content\/uploads\/2025\/04\/wifi-ico.svg\" alt=\"Wifi\" \/>\n                                                                                                        <img decoding=\"async\" src=\"https:\/\/www.vap-camping.fr\/wp-content\/uploads\/2025\/04\/paw-solid.svg\" alt=\"Haustiere akzeptiert\" \/>\n                                                                                                        <img decoding=\"async\" src=\"https:\/\/www.vap-camping.fr\/wp-content\/uploads\/2025\/04\/party-horn-ico.svg\" alt=\"Animationen in der Saison\" \/>\n                                                                                                        <img decoding=\"async\" src=\"https:\/\/www.vap-camping.fr\/wp-content\/uploads\/2025\/04\/basket-shopping.svg\" alt=\"Souvenirshop\" \/>\n                                                                                                        <img decoding=\"async\" src=\"https:\/\/www.vap-camping.fr\/wp-content\/uploads\/2025\/04\/bicycle-solid.svg\" alt=\"Fahrradraum\" \/>\n                                                                                                        <img decoding=\"async\" src=\"https:\/\/www.vap-camping.fr\/wp-content\/uploads\/2025\/04\/wheelchair-solid.svg\" alt=\"PMR-Zugang\" \/>\n                                                                                                        <img decoding=\"async\" src=\"\" alt=\"Ladestationen f\u00fcr Elektrofahrzeuge\" \/>\n                                                                                                <\/li>\n                                                                                <\/ul>\n                                <\/div>\n                            <\/div>\n                                            \n                                        <h4 class=\"journey-title\">Erlebnisse zum Entdecken<\/h4>\n                    <div class=\"journey-container\">\n                                                                                                                        <div class=\"swiper-slide\" data-lat=\"42.936898\"\n                                        data-long=\" 1.520714\"\n                                        data-name=\"La Ferme du Malpassadou\"\n                                        data-image=\"https:\/\/www.vap-camping.fr\/wp-content\/uploads\/2025\/12\/image-33.jpeg\">\n                                        <div class=\"j-link\">\n                                            <img decoding=\"async\" width=\"768\" height=\"1024\" src=\"https:\/\/www.vap-camping.fr\/wp-content\/uploads\/2025\/12\/image-33.jpeg\" class=\"attachment-large size-large wp-post-image\" alt=\"\" srcset=\"https:\/\/www.vap-camping.fr\/wp-content\/uploads\/2025\/12\/image-33.jpeg 768w, https:\/\/www.vap-camping.fr\/wp-content\/uploads\/2025\/12\/image-33-450x600.jpeg 450w\" sizes=\"(max-width: 768px) 100vw, 768px\" \/>                                            <p class=\"j-title\">La Ferme du Malpassadou<\/p>\n                                            <a href=\"https:\/\/www.vap-camping.fr\/de\/lieux\/la-ferme-du-malpassadou\/\"\n                                                title=\"La Ferme du Malpassadou\"\n                                                class=\"j-button\">Entdecken<\/a>\n                                        <\/div>\n                                        <div class=\"j-desc\">\n                                            <p class=\"j-desc-title\">La Ferme du Malpassadou<\/p>\n                                            <p class=\"j-desc-excerpt\">Lokaler Bauernhof Untertitel Ein lokaler Bauernhof, in dem frische Produkte und das Know-how der Ari\u00e8ge den Unterschied ausmachen. La Ferme \u2026<\/p>\n                                            <a href=\"https:\/\/www.vap-camping.fr\/de\/lieux\/la-ferme-du-malpassadou\/\"\n                                                title=\"La Ferme du Malpassadou\"\n                                                class=\"j-desc-button\">Mehr sehen<\/a>\n                                        <\/div>\n                                    <\/div>\n                                                                                                                                    <div class=\"swiper-slide\" data-lat=\"42.960979\"\n                                        data-long=\"1.559727\"\n                                        data-name=\"Zur\u00fcck zu den Wurzeln\"\n                                        data-image=\"https:\/\/www.vap-camping.fr\/wp-content\/uploads\/2025\/12\/image-35.jpeg\">\n                                        <div class=\"j-link\">\n                                            <img decoding=\"async\" width=\"680\" height=\"453\" src=\"https:\/\/www.vap-camping.fr\/wp-content\/uploads\/2025\/12\/image-35.jpeg\" class=\"attachment-large size-large wp-post-image\" alt=\"\" srcset=\"https:\/\/www.vap-camping.fr\/wp-content\/uploads\/2025\/12\/image-35.jpeg 680w, https:\/\/www.vap-camping.fr\/wp-content\/uploads\/2025\/12\/image-35-600x400.jpeg 600w\" sizes=\"(max-width: 680px) 100vw, 680px\" \/>                                            <p class=\"j-title\">Zur\u00fcck zu den Wurzeln<\/p>\n                                            <a href=\"https:\/\/www.vap-camping.fr\/de\/lieux\/retour-aux-sources\/\"\n                                                title=\"Zur\u00fcck zu den Wurzeln\"\n                                                class=\"j-button\">Entdecken<\/a>\n                                        <\/div>\n                                        <div class=\"j-desc\">\n                                            <p class=\"j-desc-title\">Zur\u00fcck zu den Wurzeln<\/p>\n                                            <p class=\"j-desc-excerpt\">Die Seifenfabrik Zur\u00fcck zu den Wurzeln Engagierter Produzent, der nat\u00fcrliche Kreationen anbietet, die mit Leidenschaft in der Ari\u00e8ge hergestellt werden. \u2026<\/p>\n                                            <a href=\"https:\/\/www.vap-camping.fr\/de\/lieux\/retour-aux-sources\/\"\n                                                title=\"Zur\u00fcck zu den Wurzeln\"\n                                                class=\"j-desc-button\">Mehr sehen<\/a>\n                                        <\/div>\n                                    <\/div>\n                                                                                                                                                                                                <div class=\"swiper-slide\" data-lat=\"43.074994\"\n                                        data-long=\"  1.484286\"\n                                        data-name=\"Fromagerie de la Sesti\u00e8re\"\n                                        data-image=\"https:\/\/www.vap-camping.fr\/wp-content\/uploads\/2025\/12\/image-30.jpeg\">\n                                        <div class=\"j-link\">\n                                            <img decoding=\"async\" width=\"1024\" height=\"769\" src=\"https:\/\/www.vap-camping.fr\/wp-content\/uploads\/2025\/12\/image-30-1024x769.jpeg\" class=\"attachment-large size-large wp-post-image\" alt=\"\" srcset=\"https:\/\/www.vap-camping.fr\/wp-content\/uploads\/2025\/12\/image-30-1024x769.jpeg 1024w, https:\/\/www.vap-camping.fr\/wp-content\/uploads\/2025\/12\/image-30-600x451.jpeg 600w, https:\/\/www.vap-camping.fr\/wp-content\/uploads\/2025\/12\/image-30-768x577.jpeg 768w, https:\/\/www.vap-camping.fr\/wp-content\/uploads\/2025\/12\/image-30.jpeg 1200w\" sizes=\"(max-width: 1024px) 100vw, 1024px\" \/>                                            <p class=\"j-title\">Fromagerie de la Sesti\u00e8re<\/p>\n                                            <a href=\"https:\/\/www.vap-camping.fr\/de\/lieux\/fromagerie-de-la-sestiere\/\"\n                                                title=\"Fromagerie de la Sesti\u00e8re\"\n                                                class=\"j-button\">Entdecken<\/a>\n                                        <\/div>\n                                        <div class=\"j-desc\">\n                                            <p class=\"j-desc-title\">Fromagerie de la Sesti\u00e8re<\/p>\n                                            <p class=\"j-desc-excerpt\">La Sesti\u00e8re K\u00e4serei in der N\u00e4he von Foix Eine handwerkliche K\u00e4serei, die f\u00fcr ihre Produkte mit echtem und gro\u00dfz\u00fcgigem Geschmack \u2026<\/p>\n                                            <a href=\"https:\/\/www.vap-camping.fr\/de\/lieux\/fromagerie-de-la-sestiere\/\"\n                                                title=\"Fromagerie de la Sesti\u00e8re\"\n                                                class=\"j-desc-button\">Mehr sehen<\/a>\n                                        <\/div>\n                                    <\/div>\n                                                                                                                                    <div class=\"swiper-slide\" data-lat=\"42.963751\"\n                                        data-long=\"1.608672\"\n                                        data-name=\"A Bienenbl\u00fcten\"\n                                        data-image=\"https:\/\/www.vap-camping.fr\/wp-content\/uploads\/2025\/12\/image-40.jpeg\">\n                                        <div class=\"j-link\">\n                                            <img decoding=\"async\" width=\"800\" height=\"520\" src=\"https:\/\/www.vap-camping.fr\/wp-content\/uploads\/2025\/12\/image-40.jpeg\" class=\"attachment-large size-large wp-post-image\" alt=\"\" srcset=\"https:\/\/www.vap-camping.fr\/wp-content\/uploads\/2025\/12\/image-40.jpeg 800w, https:\/\/www.vap-camping.fr\/wp-content\/uploads\/2025\/12\/image-40-600x390.jpeg 600w, https:\/\/www.vap-camping.fr\/wp-content\/uploads\/2025\/12\/image-40-768x499.jpeg 768w\" sizes=\"(max-width: 800px) 100vw, 800px\" \/>                                            <p class=\"j-title\">A Bienenbl\u00fcten<\/p>\n                                            <a href=\"https:\/\/www.vap-camping.fr\/de\/lieux\/a-fleurs-dabeilles\/\"\n                                                title=\"A Bienenbl\u00fcten\"\n                                                class=\"j-button\">Entdecken<\/a>\n                                        <\/div>\n                                        <div class=\"j-desc\">\n                                            <p class=\"j-desc-title\">A Bienenbl\u00fcten<\/p>\n                                            <p class=\"j-desc-excerpt\">A Bienenbl\u00fcten Ari\u00e9geois-Honig Ein passionierter Imker, der authentische Honigsorten aus der Umgebung von Foix anbietet. A Fleurs d&#8217;Abeilles ist ein \u2026<\/p>\n                                            <a href=\"https:\/\/www.vap-camping.fr\/de\/lieux\/a-fleurs-dabeilles\/\"\n                                                title=\"A Bienenbl\u00fcten\"\n                                                class=\"j-desc-button\">Mehr sehen<\/a>\n                                        <\/div>\n                                    <\/div>\n                                                                                                            <\/div>\n                <\/div>\n                            <div class=\"step-desc step-2\" data-step-index=\"2\">\n                    <h3 class=\"step-title\">Tag 3<\/h3>\n\n                                                                                            <div class=\"camping-wrapper\" data-lat=\"43.1921463\"\n                                data-long=\"1.4571379\"\n                                data-name=\"Campingplatz Le Bourdieu\"\n                                data-image=\"https:\/\/www.vap-camping.fr\/wp-content\/uploads\/2025\/04\/4479-scaled.jpeg\">\n                                                                    <a href=\"https:\/\/www.vap-camping.fr\/de\/campings\/camping-le-bourdieu\/\" class=\"c-link\"\n                                        title=\"Campingplatz Le Bourdieu\">\n                                        <img decoding=\"async\" width=\"600\" height=\"270\" src=\"https:\/\/www.vap-camping.fr\/wp-content\/uploads\/2025\/04\/4479-600x270.jpeg\" class=\"attachment-medium size-medium wp-post-image\" alt=\"\" srcset=\"https:\/\/www.vap-camping.fr\/wp-content\/uploads\/2025\/04\/4479-600x270.jpeg 600w, https:\/\/www.vap-camping.fr\/wp-content\/uploads\/2025\/04\/4479-1024x461.jpeg 1024w, https:\/\/www.vap-camping.fr\/wp-content\/uploads\/2025\/04\/4479-768x346.jpeg 768w, https:\/\/www.vap-camping.fr\/wp-content\/uploads\/2025\/04\/4479-1536x692.jpeg 1536w, https:\/\/www.vap-camping.fr\/wp-content\/uploads\/2025\/04\/4479-2048x922.jpeg 2048w\" sizes=\"(max-width: 600px) 100vw, 600px\" \/>                                        <p class=\"c-button\">Entdecken<\/p>\n                                    <\/a>\n                                                                    <div class=\"camping-infos\">\n                                    <p class=\"c-title\">Campingplatz Le Bourdieu<\/p>\n                                    <ul class=\"c-list\">\n                                                                                    <li>\n                                                Rangliste                                                                                                    <img decoding=\"async\" src=\"\/wp-content\/themes\/vap\/assets\/img\/svg\/star-rating.svg\" alt=\"Classement\" \/>\n                                                                                                        <img decoding=\"async\" src=\"\/wp-content\/themes\/vap\/assets\/img\/svg\/star-rating.svg\" alt=\"Classement\" \/>\n                                                                                                        <img decoding=\"async\" src=\"\/wp-content\/themes\/vap\/assets\/img\/svg\/star-rating.svg\" alt=\"Classement\" \/>\n                                                                                                <\/li>\n                                                                                    <li>42 Mietobjekte<\/li>\n                                        <li>1 nackter Stellplatz<\/li>\n                                                                                    <li style=\"display: flex; gap: 1rem; margin-top: 1rem;\">\n                                                                                                    <img decoding=\"async\" src=\"https:\/\/www.vap-camping.fr\/wp-content\/uploads\/2025\/04\/water-ladder-ico.svg\" alt=\"Swimmingpool (nicht beheizt)\" \/>\n                                                                                                        <img decoding=\"async\" src=\"https:\/\/www.vap-camping.fr\/wp-content\/uploads\/2025\/04\/martini-glass.svg\" alt=\"Bar\" \/>\n                                                                                                        <img decoding=\"async\" src=\"https:\/\/www.vap-camping.fr\/wp-content\/uploads\/2025\/04\/wifi-ico.svg\" alt=\"Wifi\" \/>\n                                                                                                        <img decoding=\"async\" src=\"https:\/\/www.vap-camping.fr\/wp-content\/uploads\/2025\/04\/party-horn-ico.svg\" alt=\"Saisonale Animationen\" \/>\n                                                                                                        <img decoding=\"async\" src=\"https:\/\/www.vap-camping.fr\/wp-content\/uploads\/2025\/04\/table-tennis-paddle-ball.svg\" alt=\"Spielplatz\" \/>\n                                                                                                        <img decoding=\"async\" src=\"https:\/\/www.vap-camping.fr\/wp-content\/uploads\/2025\/04\/paw-solid.svg\" alt=\"Haustiere akzeptiert\" \/>\n                                                                                                        <img decoding=\"async\" src=\"https:\/\/www.vap-camping.fr\/wp-content\/uploads\/2025\/04\/dryer.svg\" alt=\"Waschmaschine\" \/>\n                                                                                                <\/li>\n                                                                                <\/ul>\n                                <\/div>\n                            <\/div>\n                                            \n                                        <h4 class=\"journey-title\">Erlebnisse zum Entdecken<\/h4>\n                    <div class=\"journey-container\">\n                                                                                                                        <div class=\"swiper-slide\" data-lat=\"43.197414\"\n                                        data-long=\"  1.349034\"\n                                        data-name=\"Die K\u00e4serei Soul\u00e8re in Sieuras\"\n                                        data-image=\"https:\/\/www.vap-camping.fr\/wp-content\/uploads\/2025\/12\/image-47.jpeg\">\n                                        <div class=\"j-link\">\n                                            <img decoding=\"async\" width=\"600\" height=\"600\" src=\"https:\/\/www.vap-camping.fr\/wp-content\/uploads\/2025\/12\/image-47.jpeg\" class=\"attachment-large size-large wp-post-image\" alt=\"\" srcset=\"https:\/\/www.vap-camping.fr\/wp-content\/uploads\/2025\/12\/image-47.jpeg 600w, https:\/\/www.vap-camping.fr\/wp-content\/uploads\/2025\/12\/image-47-300x300.jpeg 300w\" sizes=\"(max-width: 600px) 100vw, 600px\" \/>                                            <p class=\"j-title\">Die K\u00e4serei Soul\u00e8re in Sieuras<\/p>\n                                            <a href=\"https:\/\/www.vap-camping.fr\/de\/lieux\/la-fromagerie-soulere-a-sieuras\/\"\n                                                title=\"Die K\u00e4serei Soul\u00e8re in Sieuras\"\n                                                class=\"j-button\">Entdecken<\/a>\n                                        <\/div>\n                                        <div class=\"j-desc\">\n                                            <p class=\"j-desc-title\">Die K\u00e4serei Soul\u00e8re in Sieuras<\/p>\n                                            <p class=\"j-desc-excerpt\">Die K\u00e4serei Soul\u00e8re in Ari\u00e8ge Ein authentischer Ort, an dem handwerklicher Bio-K\u00e4se im Arize-L\u00e8ze-Tal hergestellt wird! Die Ferme de Soul\u00e8re \u2026<\/p>\n                                            <a href=\"https:\/\/www.vap-camping.fr\/de\/lieux\/la-fromagerie-soulere-a-sieuras\/\"\n                                                title=\"Die K\u00e4serei Soul\u00e8re in Sieuras\"\n                                                class=\"j-desc-button\">Mehr sehen<\/a>\n                                        <\/div>\n                                    <\/div>\n                                                                                                                                    <div class=\"swiper-slide\" data-lat=\"43.106447\"\n                                        data-long=\"  1.542630\"\n                                        data-name=\"Fermier-Schweinefleisch &amp; Traditionen der Ariegeoise\"\n                                        data-image=\"https:\/\/www.vap-camping.fr\/wp-content\/uploads\/2025\/12\/image-50.jpeg\">\n                                        <div class=\"j-link\">\n                                            <img decoding=\"async\" width=\"1024\" height=\"373\" src=\"https:\/\/www.vap-camping.fr\/wp-content\/uploads\/2025\/12\/image-50-1024x373.jpeg\" class=\"attachment-large size-large wp-post-image\" alt=\"\" srcset=\"https:\/\/www.vap-camping.fr\/wp-content\/uploads\/2025\/12\/image-50-1024x373.jpeg 1024w, https:\/\/www.vap-camping.fr\/wp-content\/uploads\/2025\/12\/image-50-600x219.jpeg 600w, https:\/\/www.vap-camping.fr\/wp-content\/uploads\/2025\/12\/image-50-768x280.jpeg 768w, https:\/\/www.vap-camping.fr\/wp-content\/uploads\/2025\/12\/image-50-1536x560.jpeg 1536w, https:\/\/www.vap-camping.fr\/wp-content\/uploads\/2025\/12\/image-50.jpeg 1920w\" sizes=\"(max-width: 1024px) 100vw, 1024px\" \/>                                            <p class=\"j-title\">Fermier-Schweinefleisch &amp; Traditionen der Ariegeoise<\/p>\n                                            <a href=\"https:\/\/www.vap-camping.fr\/de\/lieux\/fermier-porc-traditions-ariegeoises\/\"\n                                                title=\"Fermier-Schweinefleisch &amp; Traditionen der Ariegeoise\"\n                                                class=\"j-button\">Entdecken<\/a>\n                                        <\/div>\n                                        <div class=\"j-desc\">\n                                            <p class=\"j-desc-title\">Fermier-Schweinefleisch &amp; Traditionen der Ariegeoise<\/p>\n                                            <p class=\"j-desc-excerpt\">Schweinem\u00e4ster in Ari\u00e8ge Passionierter lokaler Produzent, nat\u00fcrlich aufgezogenes Schwein, authentische Wurstwaren und Gerichte vom Bauernhof aus dem Terrefort der Ari\u00e8ge. \u2026<\/p>\n                                            <a href=\"https:\/\/www.vap-camping.fr\/de\/lieux\/fermier-porc-traditions-ariegeoises\/\"\n                                                title=\"Fermier-Schweinefleisch &amp; Traditionen der Ariegeoise\"\n                                                class=\"j-desc-button\">Mehr sehen<\/a>\n                                        <\/div>\n                                    <\/div>\n                                                                                                                                    <div class=\"swiper-slide\" data-lat=\"43.221939\"\n                                        data-long=\"1.397748\"\n                                        data-name=\"Handgefertigte Kosmetika aus Eselsmilch\"\n                                        data-image=\"https:\/\/www.vap-camping.fr\/wp-content\/uploads\/2025\/12\/image-51.jpeg\">\n                                        <div class=\"j-link\">\n                                            <img decoding=\"async\" width=\"1024\" height=\"1024\" src=\"https:\/\/www.vap-camping.fr\/wp-content\/uploads\/2025\/12\/image-51-1024x1024.jpeg\" class=\"attachment-large size-large wp-post-image\" alt=\"\" srcset=\"https:\/\/www.vap-camping.fr\/wp-content\/uploads\/2025\/12\/image-51-1024x1024.jpeg 1024w, https:\/\/www.vap-camping.fr\/wp-content\/uploads\/2025\/12\/image-51-600x600.jpeg 600w, https:\/\/www.vap-camping.fr\/wp-content\/uploads\/2025\/12\/image-51-300x300.jpeg 300w, https:\/\/www.vap-camping.fr\/wp-content\/uploads\/2025\/12\/image-51-768x768.jpeg 768w, https:\/\/www.vap-camping.fr\/wp-content\/uploads\/2025\/12\/image-51.jpeg 1300w\" sizes=\"(max-width: 1024px) 100vw, 1024px\" \/>                                            <p class=\"j-title\">Handgefertigte Kosmetika aus Eselsmilch<\/p>\n                                            <a href=\"https:\/\/www.vap-camping.fr\/de\/lieux\/cosmetiques-artisanaux-au-lait-danesse\/\"\n                                                title=\"Handgefertigte Kosmetika aus Eselsmilch\"\n                                                class=\"j-button\">Entdecken<\/a>\n                                        <\/div>\n                                        <div class=\"j-desc\">\n                                            <p class=\"j-desc-title\">Handgefertigte Kosmetika aus Eselsmilch<\/p>\n                                            <p class=\"j-desc-excerpt\">Handgefertigte Kosmetika mit Eselinnenmilch Nat\u00fcrliche Pflege, die von b\u00e4uerlichen Traditionen inspiriert ist, mit sanften und authentischen Kosmetika, die auf dem \u2026<\/p>\n                                            <a href=\"https:\/\/www.vap-camping.fr\/de\/lieux\/cosmetiques-artisanaux-au-lait-danesse\/\"\n                                                title=\"Handgefertigte Kosmetika aus Eselsmilch\"\n                                                class=\"j-desc-button\">Mehr sehen<\/a>\n                                        <\/div>\n                                    <\/div>\n                                                                                                            <\/div>\n                <\/div>\n                            <div class=\"step-desc step-3\" data-step-index=\"3\">\n                    <h3 class=\"step-title\">Tag 4<\/h3>\n\n                                                                                            <div class=\"camping-wrapper\" data-lat=\"43.656093\"\n                                data-long=\"1.4131837\"\n                                data-name=\"Campingplatz le Rup\u00e9(Toulouse)\"\n                                data-image=\"https:\/\/www.vap-camping.fr\/wp-content\/uploads\/2025\/04\/dsc03930-scaled.jpg\">\n                                                                    <a href=\"https:\/\/www.vap-camping.fr\/de\/campings\/camping-le-rupe\/\" class=\"c-link\"\n                                        title=\"Campingplatz le Rup\u00e9(Toulouse)\">\n                                        <img decoding=\"async\" width=\"600\" height=\"293\" src=\"https:\/\/www.vap-camping.fr\/wp-content\/uploads\/2025\/04\/dsc03930-600x293.jpg\" class=\"attachment-medium size-medium wp-post-image\" alt=\"\" srcset=\"https:\/\/www.vap-camping.fr\/wp-content\/uploads\/2025\/04\/dsc03930-600x293.jpg 600w, https:\/\/www.vap-camping.fr\/wp-content\/uploads\/2025\/04\/dsc03930-1024x500.jpg 1024w, https:\/\/www.vap-camping.fr\/wp-content\/uploads\/2025\/04\/dsc03930-768x375.jpg 768w, https:\/\/www.vap-camping.fr\/wp-content\/uploads\/2025\/04\/dsc03930-1536x750.jpg 1536w, https:\/\/www.vap-camping.fr\/wp-content\/uploads\/2025\/04\/dsc03930-2048x1000.jpg 2048w\" sizes=\"(max-width: 600px) 100vw, 600px\" \/>                                        <p class=\"c-button\">Entdecken<\/p>\n                                    <\/a>\n                                                                    <div class=\"camping-infos\">\n                                    <p class=\"c-title\">Campingplatz le Rup\u00e9(Toulouse)<\/p>\n                                    <ul class=\"c-list\">\n                                                                                    <li>\n                                                Rangliste                                                                                                    <img decoding=\"async\" src=\"\/wp-content\/themes\/vap\/assets\/img\/svg\/star-rating.svg\" alt=\"Classement\" \/>\n                                                                                                        <img decoding=\"async\" src=\"\/wp-content\/themes\/vap\/assets\/img\/svg\/star-rating.svg\" alt=\"Classement\" \/>\n                                                                                                        <img decoding=\"async\" src=\"\/wp-content\/themes\/vap\/assets\/img\/svg\/star-rating.svg\" alt=\"Classement\" \/>\n                                                                                                <\/li>\n                                                                                    <li>57 Mietobjekte auf 4,5 ha<\/li>\n                                        <li>130 sowie ein Naturgebiet f\u00fcr Radfahrer und Camper zu Fu\u00df.<\/li>\n                                                                                    <li style=\"display: flex; gap: 1rem; margin-top: 1rem;\">\n                                                                                                    <img decoding=\"async\" src=\"https:\/\/www.vap-camping.fr\/wp-content\/uploads\/2025\/04\/wheelchair-solid.svg\" alt=\"PMR-Zugang\" \/>\n                                                                                                        <img decoding=\"async\" src=\"https:\/\/www.vap-camping.fr\/wp-content\/uploads\/2025\/04\/wifi-ico.svg\" alt=\"Wifi\" \/>\n                                                                                                        <img decoding=\"async\" src=\"https:\/\/www.vap-camping.fr\/wp-content\/uploads\/2025\/07\/bolt-solid.svg\" alt=\"6 Ladestationen f\u00fcr Elektrofahrzeuge\" \/>\n                                                                                                <\/li>\n                                                                                <\/ul>\n                                <\/div>\n                            <\/div>\n                                            \n                                        <h4 class=\"journey-title\">Erlebnisse zum Entdecken<\/h4>\n                    <div class=\"journey-container\">\n                                                                                                                        <div class=\"swiper-slide\" data-lat=\"43.606656\"\n                                        data-long=\"1.446635\"\n                                        data-name=\"Victor Hugo Markt\"\n                                        data-image=\"https:\/\/www.vap-camping.fr\/wp-content\/uploads\/2025\/12\/img_4133-scaled.jpeg\">\n                                        <div class=\"j-link\">\n                                            <img decoding=\"async\" width=\"768\" height=\"1024\" src=\"https:\/\/www.vap-camping.fr\/wp-content\/uploads\/2025\/12\/img_4133-768x1024.jpeg\" class=\"attachment-large size-large wp-post-image\" alt=\"\" srcset=\"https:\/\/www.vap-camping.fr\/wp-content\/uploads\/2025\/12\/img_4133-768x1024.jpeg 768w, https:\/\/www.vap-camping.fr\/wp-content\/uploads\/2025\/12\/img_4133-450x600.jpeg 450w, https:\/\/www.vap-camping.fr\/wp-content\/uploads\/2025\/12\/img_4133-1152x1536.jpeg 1152w, https:\/\/www.vap-camping.fr\/wp-content\/uploads\/2025\/12\/img_4133-1536x2048.jpeg 1536w, https:\/\/www.vap-camping.fr\/wp-content\/uploads\/2025\/12\/img_4133-scaled.jpeg 1920w\" sizes=\"(max-width: 768px) 100vw, 768px\" \/>                                            <p class=\"j-title\">Victor Hugo Markt<\/p>\n                                            <a href=\"https:\/\/www.vap-camping.fr\/de\/lieux\/march-victor-hugo\/\"\n                                                title=\"Victor Hugo Markt\"\n                                                class=\"j-button\">Entdecken<\/a>\n                                        <\/div>\n                                        <div class=\"j-desc\">\n                                            <p class=\"j-desc-title\">Victor Hugo Markt<\/p>\n                                            <p class=\"j-desc-excerpt\">Der Markt Victor Hugo Ein symboltr\u00e4chtiger Markt, auf dem Sie Erzeuger und lokale Gourmetverkostungen treffen k\u00f6nnen. Der March\u00e9 Victor Hugo \u2026<\/p>\n                                            <a href=\"https:\/\/www.vap-camping.fr\/de\/lieux\/march-victor-hugo\/\"\n                                                title=\"Victor Hugo Markt\"\n                                                class=\"j-desc-button\">Mehr sehen<\/a>\n                                        <\/div>\n                                    <\/div>\n                                                                                                                                    <div class=\"swiper-slide\" data-lat=\"43.597473\"\n                                        data-long=\"  1.445332\"\n                                        data-name=\"Carmes-Markt\"\n                                        data-image=\"https:\/\/www.vap-camping.fr\/wp-content\/uploads\/2025\/12\/image-46.jpeg\">\n                                        <div class=\"j-link\">\n                                            <img decoding=\"async\" width=\"685\" height=\"1000\" src=\"https:\/\/www.vap-camping.fr\/wp-content\/uploads\/2025\/12\/image-46.jpeg\" class=\"attachment-large size-large wp-post-image\" alt=\"\" srcset=\"https:\/\/www.vap-camping.fr\/wp-content\/uploads\/2025\/12\/image-46.jpeg 685w, https:\/\/www.vap-camping.fr\/wp-content\/uploads\/2025\/12\/image-46-411x600.jpeg 411w\" sizes=\"(max-width: 685px) 100vw, 685px\" \/>                                            <p class=\"j-title\">Carmes-Markt<\/p>\n                                            <a href=\"https:\/\/www.vap-camping.fr\/de\/lieux\/marche-des-carmes\/\"\n                                                title=\"Carmes-Markt\"\n                                                class=\"j-button\">Entdecken<\/a>\n                                        <\/div>\n                                        <div class=\"j-desc\">\n                                            <p class=\"j-desc-title\">Carmes-Markt<\/p>\n                                            <p class=\"j-desc-excerpt\">Der Markt Des Carmes Ein geselliger lokaler Markt, der perfekt ist, um frische Produkte und regionale Spezialit\u00e4ten zu entdecken. Diese \u2026<\/p>\n                                            <a href=\"https:\/\/www.vap-camping.fr\/de\/lieux\/marche-des-carmes\/\"\n                                                title=\"Carmes-Markt\"\n                                                class=\"j-desc-button\">Mehr sehen<\/a>\n                                        <\/div>\n                                    <\/div>\n                                                                                                            <\/div>\n                <\/div>\n                        <\/div>\n<\/div>\n\n\n<div class=\"wp-block-group reveal has-global-padding is-layout-constrained wp-block-group-is-layout-constrained\">\n<div class=\"wp-block-group alignwide is-style-title-simple is-layout-flow wp-block-group-is-layout-flow is-style-title-simple--3\" style=\"margin-top:4rem;margin-bottom:4rem\">\n<p class=\"has-text-align-center has-secondary-color has-text-color has-link-color has-secondary-font-family has-xl-font-size wp-elements-142955f7047d52fa44e1d4ac30f9d860\">W\u00e4hlen Sie<\/p>\n\n\n\n<p class=\"has-text-align-center has-primary-font-family has-sm-font-size\" style=\"text-transform:uppercase\"><strong>Ihr Abenteuer<\/strong><\/p>\n<\/div>\n\n\n\n    <div class=\"journey-wrapper is-layout-flow wp-block-slider-taxo-is-layout-flow\">\n        <div class=\"journey-slides\">\n                            <div class=\"journey-slide\">\n                    <a href=\"https:\/\/www.vap-camping.fr\/de\/sejours\/weekend-depaysant-dans-les-paysages-verdoyants-de-lariege\/\" class=\"journey\" title=\"Ein Wochenende in den gr\u00fcnen Landschaften der Ari\u00e8ge.\">\n                        <img decoding=\"async\" width=\"2560\" height=\"1707\" src=\"https:\/\/www.vap-camping.fr\/wp-content\/uploads\/2025\/05\/AdobeStock_1440628082-scaled.jpeg\" class=\"attachment-3024 size-3024 wp-post-image\" alt=\"waterfall Ari\u00e8ge\" large=\"\" srcset=\"https:\/\/www.vap-camping.fr\/wp-content\/uploads\/2025\/05\/AdobeStock_1440628082-scaled.jpeg 2560w, https:\/\/www.vap-camping.fr\/wp-content\/uploads\/2025\/05\/AdobeStock_1440628082-600x400.jpeg 600w, https:\/\/www.vap-camping.fr\/wp-content\/uploads\/2025\/05\/AdobeStock_1440628082-1024x683.jpeg 1024w, https:\/\/www.vap-camping.fr\/wp-content\/uploads\/2025\/05\/AdobeStock_1440628082-768x512.jpeg 768w, https:\/\/www.vap-camping.fr\/wp-content\/uploads\/2025\/05\/AdobeStock_1440628082-1536x1024.jpeg 1536w, https:\/\/www.vap-camping.fr\/wp-content\/uploads\/2025\/05\/AdobeStock_1440628082-2048x1365.jpeg 2048w\" sizes=\"(max-width: 2560px) 100vw, 2560px\" \/>                        <p class=\"j-title\">\n                            Abwechslung garantiert                        <\/p>\n                        <p class=\"j-more\">\n                            Entdecken                        <\/p>\n                    <\/a>\n                <\/div>\n\n                            <div class=\"journey-slide\">\n                    <a href=\"https:\/\/www.vap-camping.fr\/de\/sejours\/5-tage-in-aargau-fur-einen-kompletten-tauchgang\/\" class=\"journey\" title=\"Kulturelle Besuche\">\n                        <img decoding=\"async\" width=\"1920\" height=\"2560\" src=\"https:\/\/www.vap-camping.fr\/wp-content\/uploads\/2025\/08\/couvent-des-jacobins-toulouse-scaled.jpg\" class=\"attachment-3019 size-3019 wp-post-image\" alt=\"\" large=\"\" srcset=\"https:\/\/www.vap-camping.fr\/wp-content\/uploads\/2025\/08\/couvent-des-jacobins-toulouse-scaled.jpg 1920w, https:\/\/www.vap-camping.fr\/wp-content\/uploads\/2025\/08\/couvent-des-jacobins-toulouse-450x600.jpg 450w, https:\/\/www.vap-camping.fr\/wp-content\/uploads\/2025\/08\/couvent-des-jacobins-toulouse-768x1024.jpg 768w, https:\/\/www.vap-camping.fr\/wp-content\/uploads\/2025\/08\/couvent-des-jacobins-toulouse-1152x1536.jpg 1152w, https:\/\/www.vap-camping.fr\/wp-content\/uploads\/2025\/08\/couvent-des-jacobins-toulouse-1536x2048.jpg 1536w\" sizes=\"(max-width: 1920px) 100vw, 1920px\" \/>                        <p class=\"j-title\">\n                            Kulturelle Besuche                        <\/p>\n                        <p class=\"j-more\">\n                            Entdecken                        <\/p>\n                    <\/a>\n                <\/div>\n\n                            <div class=\"journey-slide\">\n                    <a href=\"https:\/\/www.vap-camping.fr\/de\/sejours\/10-jours-dans-la-terre-ariegeoise\/\" class=\"journey\" title=\"10 Tage im Land der Ariegeoise\">\n                        <img decoding=\"async\" width=\"2000\" height=\"1333\" src=\"https:\/\/www.vap-camping.fr\/wp-content\/uploads\/2025\/04\/AdobeStock_917113788.jpg\" class=\"attachment-3030 size-3030 wp-post-image\" alt=\"\" large=\"\" srcset=\"https:\/\/www.vap-camping.fr\/wp-content\/uploads\/2025\/04\/AdobeStock_917113788.jpg 2000w, https:\/\/www.vap-camping.fr\/wp-content\/uploads\/2025\/04\/AdobeStock_917113788-300x200.jpg 300w, https:\/\/www.vap-camping.fr\/wp-content\/uploads\/2025\/04\/AdobeStock_917113788-1024x682.jpg 1024w, https:\/\/www.vap-camping.fr\/wp-content\/uploads\/2025\/04\/AdobeStock_917113788-768x512.jpg 768w, https:\/\/www.vap-camping.fr\/wp-content\/uploads\/2025\/04\/AdobeStock_917113788-1536x1024.jpg 1536w\" sizes=\"(max-width: 2000px) 100vw, 2000px\" \/>                        <p class=\"j-title\">\n                            Totales Abenteuer                        <\/p>\n                        <p class=\"j-more\">\n                            Entdecken                        <\/p>\n                    <\/a>\n                <\/div>\n\n                            <div class=\"journey-slide\">\n                    <a href=\"https:\/\/www.vap-camping.fr\/de\/sejours\/3-tage-abenteuer-zwischen-natur-und-geschichte-in-karien\/\" class=\"journey\" title=\"Schl\u00f6sser und Festungen\">\n                        <img decoding=\"async\" width=\"2560\" height=\"1750\" src=\"https:\/\/www.vap-camping.fr\/wp-content\/uploads\/2025\/05\/AdobeStock_505119846-scaled.jpeg\" class=\"attachment-3033 size-3033 wp-post-image\" alt=\"\" large=\"\" srcset=\"https:\/\/www.vap-camping.fr\/wp-content\/uploads\/2025\/05\/AdobeStock_505119846-scaled.jpeg 2560w, https:\/\/www.vap-camping.fr\/wp-content\/uploads\/2025\/05\/AdobeStock_505119846-600x410.jpeg 600w, https:\/\/www.vap-camping.fr\/wp-content\/uploads\/2025\/05\/AdobeStock_505119846-1024x700.jpeg 1024w, https:\/\/www.vap-camping.fr\/wp-content\/uploads\/2025\/05\/AdobeStock_505119846-768x525.jpeg 768w, https:\/\/www.vap-camping.fr\/wp-content\/uploads\/2025\/05\/AdobeStock_505119846-1536x1050.jpeg 1536w, https:\/\/www.vap-camping.fr\/wp-content\/uploads\/2025\/05\/AdobeStock_505119846-2048x1400.jpeg 2048w\" sizes=\"(max-width: 2560px) 100vw, 2560px\" \/>                        <p class=\"j-title\">\n                            Schl\u00f6sser und Landg\u00fcter                        <\/p>\n                        <p class=\"j-more\">\n                            Entdecken                        <\/p>\n                    <\/a>\n                <\/div>\n\n                            <div class=\"journey-slide\">\n                    <a href=\"https:\/\/www.vap-camping.fr\/de\/sejours\/des-sensations-fortes-a-vivre\/\" class=\"journey\" title=\"Nervenkitzel f\u00fcr das ganze Leben\">\n                        <img decoding=\"async\" width=\"2560\" height=\"1709\" src=\"https:\/\/www.vap-camping.fr\/wp-content\/uploads\/2025\/05\/AdobeStock_135226020-scaled.jpeg\" class=\"attachment-2941 size-2941 wp-post-image\" alt=\"parapente\" large=\"\" srcset=\"https:\/\/www.vap-camping.fr\/wp-content\/uploads\/2025\/05\/AdobeStock_135226020-scaled.jpeg 2560w, https:\/\/www.vap-camping.fr\/wp-content\/uploads\/2025\/05\/AdobeStock_135226020-600x401.jpeg 600w, https:\/\/www.vap-camping.fr\/wp-content\/uploads\/2025\/05\/AdobeStock_135226020-1024x684.jpeg 1024w, https:\/\/www.vap-camping.fr\/wp-content\/uploads\/2025\/05\/AdobeStock_135226020-768x513.jpeg 768w, https:\/\/www.vap-camping.fr\/wp-content\/uploads\/2025\/05\/AdobeStock_135226020-1536x1025.jpeg 1536w, https:\/\/www.vap-camping.fr\/wp-content\/uploads\/2025\/05\/AdobeStock_135226020-2048x1367.jpeg 2048w\" sizes=\"(max-width: 2560px) 100vw, 2560px\" \/>                        <p class=\"j-title\">\n                            Starke Empfindungen                        <\/p>\n                        <p class=\"j-more\">\n                            Entdecken                        <\/p>\n                    <\/a>\n                <\/div>\n\n                            <div class=\"journey-slide\">\n                    <a href=\"https:\/\/www.vap-camping.fr\/de\/sejours\/les-sommets-des-pyrenees-a-travers-des-activites-montagne\/\" class=\"journey\" title=\"Wanderungen oder Spazierg\u00e4nge in der Umgebung unserer Einrichtungen\">\n                        <img decoding=\"async\" width=\"2560\" height=\"1434\" src=\"https:\/\/www.vap-camping.fr\/wp-content\/uploads\/2025\/05\/AdobeStock_773958435-scaled.jpeg\" class=\"attachment-2935 size-2935 wp-post-image\" alt=\"\" large=\"\" srcset=\"https:\/\/www.vap-camping.fr\/wp-content\/uploads\/2025\/05\/AdobeStock_773958435-scaled.jpeg 2560w, https:\/\/www.vap-camping.fr\/wp-content\/uploads\/2025\/05\/AdobeStock_773958435-600x336.jpeg 600w, https:\/\/www.vap-camping.fr\/wp-content\/uploads\/2025\/05\/AdobeStock_773958435-1024x574.jpeg 1024w, https:\/\/www.vap-camping.fr\/wp-content\/uploads\/2025\/05\/AdobeStock_773958435-768x430.jpeg 768w, https:\/\/www.vap-camping.fr\/wp-content\/uploads\/2025\/05\/AdobeStock_773958435-1536x861.jpeg 1536w, https:\/\/www.vap-camping.fr\/wp-content\/uploads\/2025\/05\/AdobeStock_773958435-2048x1148.jpeg 2048w\" sizes=\"(max-width: 2560px) 100vw, 2560px\" \/>                        <p class=\"j-title\">\n                            Wanderungen oder Spazierg\u00e4nge                          <\/p>\n                        <p class=\"j-more\">\n                            Entdecken                        <\/p>\n                    <\/a>\n                <\/div>\n\n                            <div class=\"journey-slide\">\n                    <a href=\"https:\/\/www.vap-camping.fr\/de\/sejours\/le-temps-des-legendes-a-travers-les-chateaux-de-lariege\/\" class=\"journey\" title=\"Toulouse &amp; Ari\u00e8ge mit dem Fahrrad\">\n                        <img decoding=\"async\" width=\"1920\" height=\"1281\" src=\"https:\/\/www.vap-camping.fr\/wp-content\/uploads\/2025\/08\/activites-nature-ariege.webp\" class=\"attachment-2969 size-2969 wp-post-image\" alt=\"Activit\u00e9s nature pr\u00e8s de nos campings en Ari\u00e8ge.\" large=\"\" srcset=\"https:\/\/www.vap-camping.fr\/wp-content\/uploads\/2025\/08\/activites-nature-ariege.webp 1920w, https:\/\/www.vap-camping.fr\/wp-content\/uploads\/2025\/08\/activites-nature-ariege-600x400.webp 600w, https:\/\/www.vap-camping.fr\/wp-content\/uploads\/2025\/08\/activites-nature-ariege-1024x683.webp 1024w, https:\/\/www.vap-camping.fr\/wp-content\/uploads\/2025\/08\/activites-nature-ariege-768x512.webp 768w, https:\/\/www.vap-camping.fr\/wp-content\/uploads\/2025\/08\/activites-nature-ariege-1536x1025.webp 1536w\" sizes=\"(max-width: 1920px) 100vw, 1920px\" \/>                        <p class=\"j-title\">\n                            Toulouse &amp; Ari\u00e8ge mit dem Fahrrad                        <\/p>\n                        <p class=\"j-more\">\n                            Entdecken                        <\/p>\n                    <\/a>\n                <\/div>\n\n                            <div class=\"journey-slide\">\n                    <a href=\"https:\/\/www.vap-camping.fr\/de\/sejours\/lhiver-en-ariege-pour-vos-vacances-en-famille\/\" class=\"journey\" title=\"Winter mit VAP\">\n                        <img decoding=\"async\" width=\"2560\" height=\"1707\" src=\"https:\/\/www.vap-camping.fr\/wp-content\/uploads\/2025\/05\/AdobeStock_23369091-scaled.jpeg\" class=\"attachment-2973 size-2973 wp-post-image\" alt=\"\" large=\"\" srcset=\"https:\/\/www.vap-camping.fr\/wp-content\/uploads\/2025\/05\/AdobeStock_23369091-scaled.jpeg 2560w, https:\/\/www.vap-camping.fr\/wp-content\/uploads\/2025\/05\/AdobeStock_23369091-600x400.jpeg 600w, https:\/\/www.vap-camping.fr\/wp-content\/uploads\/2025\/05\/AdobeStock_23369091-1024x683.jpeg 1024w, https:\/\/www.vap-camping.fr\/wp-content\/uploads\/2025\/05\/AdobeStock_23369091-768x512.jpeg 768w, https:\/\/www.vap-camping.fr\/wp-content\/uploads\/2025\/05\/AdobeStock_23369091-1536x1024.jpeg 1536w, https:\/\/www.vap-camping.fr\/wp-content\/uploads\/2025\/05\/AdobeStock_23369091-2048x1365.jpeg 2048w\" sizes=\"(max-width: 2560px) 100vw, 2560px\" \/>                        <p class=\"j-title\">\n                            Winter mit VAP                        <\/p>\n                        <p class=\"j-more\">\n                            Entdecken                        <\/p>\n                    <\/a>\n                <\/div>\n\n                            <div class=\"journey-slide\">\n                    <a href=\"https:\/\/www.vap-camping.fr\/de\/sejours\/offrez-vous-une-pause-bien-etre-en-ariege\/\" class=\"journey\" title=\"5 Ideen f\u00fcr einen Wellness-Urlaub\">\n                        <img decoding=\"async\" width=\"2560\" height=\"1637\" src=\"https:\/\/www.vap-camping.fr\/wp-content\/uploads\/2025\/05\/AdobeStock_1074550848-scaled.jpeg\" class=\"attachment-2929 size-2929 wp-post-image\" alt=\"\" large=\"\" srcset=\"https:\/\/www.vap-camping.fr\/wp-content\/uploads\/2025\/05\/AdobeStock_1074550848-scaled.jpeg 2560w, https:\/\/www.vap-camping.fr\/wp-content\/uploads\/2025\/05\/AdobeStock_1074550848-600x384.jpeg 600w, https:\/\/www.vap-camping.fr\/wp-content\/uploads\/2025\/05\/AdobeStock_1074550848-1024x655.jpeg 1024w, https:\/\/www.vap-camping.fr\/wp-content\/uploads\/2025\/05\/AdobeStock_1074550848-768x491.jpeg 768w, https:\/\/www.vap-camping.fr\/wp-content\/uploads\/2025\/05\/AdobeStock_1074550848-1536x982.jpeg 1536w, https:\/\/www.vap-camping.fr\/wp-content\/uploads\/2025\/05\/AdobeStock_1074550848-2048x1310.jpeg 2048w\" sizes=\"(max-width: 2560px) 100vw, 2560px\" \/>                        <p class=\"j-title\">\n                            Wohlbefinden                        <\/p>\n                        <p class=\"j-more\">\n                            Entdecken                        <\/p>\n                    <\/a>\n                <\/div>\n\n                            <div class=\"journey-slide\">\n                    <a href=\"https:\/\/www.vap-camping.fr\/de\/sejours\/fruhlings-in-ariege-a-leben-die-sinnliche-erneuerung\/\" class=\"journey\" title=\"Industriebesuche\">\n                        <img decoding=\"async\" width=\"1200\" height=\"789\" src=\"https:\/\/www.vap-camping.fr\/wp-content\/uploads\/2025\/09\/image-2.jpeg\" class=\"attachment-2995 size-2995 wp-post-image\" alt=\"Talcane\u00f4\" large=\"\" srcset=\"https:\/\/www.vap-camping.fr\/wp-content\/uploads\/2025\/09\/image-2.jpeg 1200w, https:\/\/www.vap-camping.fr\/wp-content\/uploads\/2025\/09\/image-2-600x395.jpeg 600w, https:\/\/www.vap-camping.fr\/wp-content\/uploads\/2025\/09\/image-2-1024x673.jpeg 1024w, https:\/\/www.vap-camping.fr\/wp-content\/uploads\/2025\/09\/image-2-768x505.jpeg 768w\" sizes=\"(max-width: 1200px) 100vw, 1200px\" \/>                        <p class=\"j-title\">\n                            Industriebesuche                          <\/p>\n                        <p class=\"j-more\">\n                            Entdecken                        <\/p>\n                    <\/a>\n                <\/div>\n\n                            <div class=\"journey-slide\">\n                    <a href=\"https:\/\/www.vap-camping.fr\/de\/sejours\/voyage-prehistorique-a-travers-les-grottes-cachees-de-l-ariege\/\" class=\"journey\" title=\"Besichtigung der H\u00f6hlen\">\n                        <img decoding=\"async\" width=\"2560\" height=\"1707\" src=\"https:\/\/www.vap-camping.fr\/wp-content\/uploads\/2025\/04\/AdobeStock_885725894-scaled.jpeg\" class=\"attachment-2957 size-2957 wp-post-image\" alt=\"\" large=\"\" srcset=\"https:\/\/www.vap-camping.fr\/wp-content\/uploads\/2025\/04\/AdobeStock_885725894-scaled.jpeg 2560w, https:\/\/www.vap-camping.fr\/wp-content\/uploads\/2025\/04\/AdobeStock_885725894-600x400.jpeg 600w, https:\/\/www.vap-camping.fr\/wp-content\/uploads\/2025\/04\/AdobeStock_885725894-1024x683.jpeg 1024w, https:\/\/www.vap-camping.fr\/wp-content\/uploads\/2025\/04\/AdobeStock_885725894-768x512.jpeg 768w, https:\/\/www.vap-camping.fr\/wp-content\/uploads\/2025\/04\/AdobeStock_885725894-1536x1024.jpeg 1536w, https:\/\/www.vap-camping.fr\/wp-content\/uploads\/2025\/04\/AdobeStock_885725894-2048x1365.jpeg 2048w\" sizes=\"(max-width: 2560px) 100vw, 2560px\" \/>                        <p class=\"j-title\">\n                            Besichtigung der H\u00f6hlen                        <\/p>\n                        <p class=\"j-more\">\n                            Entdecken                        <\/p>\n                    <\/a>\n                <\/div>\n\n                            <div class=\"journey-slide\">\n                    <a href=\"https:\/\/www.vap-camping.fr\/de\/sejours\/voyage-romantique-vos-vacances-a-deux-en-ariege\/\" class=\"journey\" title=\"Romantische Reise, Ihr Urlaub zu zweit in Ari\u00e8ge\">\n                        <img decoding=\"async\" width=\"2560\" height=\"1707\" src=\"https:\/\/www.vap-camping.fr\/wp-content\/uploads\/2025\/05\/AdobeStock_693006007-scaled.jpeg\" class=\"attachment-3012 size-3012 wp-post-image\" alt=\"ap\u00e9ro\" large=\"\" srcset=\"https:\/\/www.vap-camping.fr\/wp-content\/uploads\/2025\/05\/AdobeStock_693006007-scaled.jpeg 2560w, https:\/\/www.vap-camping.fr\/wp-content\/uploads\/2025\/05\/AdobeStock_693006007-600x400.jpeg 600w, https:\/\/www.vap-camping.fr\/wp-content\/uploads\/2025\/05\/AdobeStock_693006007-1024x683.jpeg 1024w, https:\/\/www.vap-camping.fr\/wp-content\/uploads\/2025\/05\/AdobeStock_693006007-768x512.jpeg 768w, https:\/\/www.vap-camping.fr\/wp-content\/uploads\/2025\/05\/AdobeStock_693006007-1536x1024.jpeg 1536w, https:\/\/www.vap-camping.fr\/wp-content\/uploads\/2025\/05\/AdobeStock_693006007-2048x1365.jpeg 2048w\" sizes=\"(max-width: 2560px) 100vw, 2560px\" \/>                        <p class=\"j-title\">\n                            Romantische Reise                        <\/p>\n                        <p class=\"j-more\">\n                            Entdecken                        <\/p>\n                    <\/a>\n                <\/div>\n\n                            <div class=\"journey-slide\">\n                    <a href=\"https:\/\/www.vap-camping.fr\/de\/sejours\/aventure-en-groupe-au-coeur-de-lariege\/\" class=\"journey\" title=\"Abenteuer in der Gruppe im Herzen der Ari\u00e8ge\">\n                        <img decoding=\"async\" width=\"2560\" height=\"1709\" src=\"https:\/\/www.vap-camping.fr\/wp-content\/uploads\/2025\/05\/AdobeStock_274495436-scaled.jpeg\" class=\"attachment-3000 size-3000 wp-post-image\" alt=\"speleological\" large=\"\" srcset=\"https:\/\/www.vap-camping.fr\/wp-content\/uploads\/2025\/05\/AdobeStock_274495436-scaled.jpeg 2560w, https:\/\/www.vap-camping.fr\/wp-content\/uploads\/2025\/05\/AdobeStock_274495436-600x401.jpeg 600w, https:\/\/www.vap-camping.fr\/wp-content\/uploads\/2025\/05\/AdobeStock_274495436-1024x684.jpeg 1024w, https:\/\/www.vap-camping.fr\/wp-content\/uploads\/2025\/05\/AdobeStock_274495436-768x513.jpeg 768w, https:\/\/www.vap-camping.fr\/wp-content\/uploads\/2025\/05\/AdobeStock_274495436-1536x1025.jpeg 1536w, https:\/\/www.vap-camping.fr\/wp-content\/uploads\/2025\/05\/AdobeStock_274495436-2048x1367.jpeg 2048w\" sizes=\"(max-width: 2560px) 100vw, 2560px\" \/>                        <p class=\"j-title\">\n                            Abenteuer in der Gruppe                        <\/p>\n                        <p class=\"j-more\">\n                            Entdecken                        <\/p>\n                    <\/a>\n                <\/div>\n\n                            <div class=\"journey-slide\">\n                    <a href=\"https:\/\/www.vap-camping.fr\/de\/sejours\/moments-partages-en-famille-au-coeur-de-lariege\/\" class=\"journey\" title=\"Gemeinsame Momente mit der Familie im Herzen der Ari\u00e8ge\">\n                        <img decoding=\"async\" width=\"2560\" height=\"1683\" src=\"https:\/\/www.vap-camping.fr\/wp-content\/uploads\/2025\/05\/AdobeStock_285782136-scaled.jpeg\" class=\"attachment-2989 size-2989 wp-post-image\" alt=\"\" large=\"\" srcset=\"https:\/\/www.vap-camping.fr\/wp-content\/uploads\/2025\/05\/AdobeStock_285782136-scaled.jpeg 2560w, https:\/\/www.vap-camping.fr\/wp-content\/uploads\/2025\/05\/AdobeStock_285782136-600x395.jpeg 600w, https:\/\/www.vap-camping.fr\/wp-content\/uploads\/2025\/05\/AdobeStock_285782136-1024x673.jpeg 1024w, https:\/\/www.vap-camping.fr\/wp-content\/uploads\/2025\/05\/AdobeStock_285782136-768x505.jpeg 768w, https:\/\/www.vap-camping.fr\/wp-content\/uploads\/2025\/05\/AdobeStock_285782136-1536x1010.jpeg 1536w, https:\/\/www.vap-camping.fr\/wp-content\/uploads\/2025\/05\/AdobeStock_285782136-2048x1347.jpeg 2048w\" sizes=\"(max-width: 2560px) 100vw, 2560px\" \/>                        <p class=\"j-title\">\n                            Momente mit der Familie                        <\/p>\n                        <p class=\"j-more\">\n                            Entdecken                        <\/p>\n                    <\/a>\n                <\/div>\n\n                            <div class=\"journey-slide\">\n                    <a href=\"https:\/\/www.vap-camping.fr\/de\/sejours\/voyageur-solo-une-rencontre-avec-soi-meme-en-ariege\/\" class=\"journey\" title=\"Alleinreisende, eine Begegnung mit sich selbst in der Ari\u00e8ge\">\n                        <img decoding=\"async\" width=\"2560\" height=\"1920\" src=\"https:\/\/www.vap-camping.fr\/wp-content\/uploads\/2025\/05\/AdobeStock_1312971900.jpeg\" class=\"attachment-3007 size-3007 wp-post-image\" alt=\"randonee Ari\u00e8ge\" large=\"\" srcset=\"https:\/\/www.vap-camping.fr\/wp-content\/uploads\/2025\/05\/AdobeStock_1312971900.jpeg 2560w, https:\/\/www.vap-camping.fr\/wp-content\/uploads\/2025\/05\/AdobeStock_1312971900-600x450.jpeg 600w, https:\/\/www.vap-camping.fr\/wp-content\/uploads\/2025\/05\/AdobeStock_1312971900-1024x768.jpeg 1024w, https:\/\/www.vap-camping.fr\/wp-content\/uploads\/2025\/05\/AdobeStock_1312971900-768x576.jpeg 768w, https:\/\/www.vap-camping.fr\/wp-content\/uploads\/2025\/05\/AdobeStock_1312971900-1536x1152.jpeg 1536w, https:\/\/www.vap-camping.fr\/wp-content\/uploads\/2025\/05\/AdobeStock_1312971900-2048x1536.jpeg 2048w\" sizes=\"(max-width: 2560px) 100vw, 2560px\" \/>                        <p class=\"j-title\">\n                            Allein reisen                        <\/p>\n                        <p class=\"j-more\">\n                            Entdecken                        <\/p>\n                    <\/a>\n                <\/div>\n\n                            <div class=\"journey-slide\">\n                    <a href=\"https:\/\/www.vap-camping.fr\/de\/sejours\/lautomne-en-ariege-a-travers-des-paysages-colores\/\" class=\"journey\" title=\"Herbst in der Ari\u00e8ge durch farbenfrohe Landschaften\">\n                        <img decoding=\"async\" width=\"2560\" height=\"1707\" src=\"https:\/\/www.vap-camping.fr\/wp-content\/uploads\/2025\/05\/AdobeStock_417307917-scaled.jpeg\" class=\"attachment-2985 size-2985 wp-post-image\" alt=\"lac de bexhmale printemps\" large=\"\" srcset=\"https:\/\/www.vap-camping.fr\/wp-content\/uploads\/2025\/05\/AdobeStock_417307917-scaled.jpeg 2560w, https:\/\/www.vap-camping.fr\/wp-content\/uploads\/2025\/05\/AdobeStock_417307917-600x400.jpeg 600w, https:\/\/www.vap-camping.fr\/wp-content\/uploads\/2025\/05\/AdobeStock_417307917-1024x683.jpeg 1024w, https:\/\/www.vap-camping.fr\/wp-content\/uploads\/2025\/05\/AdobeStock_417307917-768x512.jpeg 768w, https:\/\/www.vap-camping.fr\/wp-content\/uploads\/2025\/05\/AdobeStock_417307917-1536x1024.jpeg 1536w, https:\/\/www.vap-camping.fr\/wp-content\/uploads\/2025\/05\/AdobeStock_417307917-2048x1365.jpeg 2048w\" sizes=\"(max-width: 2560px) 100vw, 2560px\" \/>                        <p class=\"j-title\">\n                            Herbst in der Ari\u00e8ge                        <\/p>\n                        <p class=\"j-more\">\n                            Entdecken                        <\/p>\n                    <\/a>\n                <\/div>\n\n                            <div class=\"journey-slide\">\n                    <a href=\"https:\/\/www.vap-camping.fr\/de\/sejours\/votre-ete-entre-charme-et-authenticite-en-ariege\/\" class=\"journey\" title=\"Ihr Sommer zwischen Charme und Authentizit\u00e4t in der Ari\u00e8ge\">\n                        <img decoding=\"async\" width=\"2560\" height=\"1919\" src=\"https:\/\/www.vap-camping.fr\/wp-content\/uploads\/2025\/05\/AdobeStock_289802388-scaled.jpeg\" class=\"attachment-2962 size-2962 wp-post-image\" alt=\"\" large=\"\" srcset=\"https:\/\/www.vap-camping.fr\/wp-content\/uploads\/2025\/05\/AdobeStock_289802388-scaled.jpeg 2560w, https:\/\/www.vap-camping.fr\/wp-content\/uploads\/2025\/05\/AdobeStock_289802388-600x450.jpeg 600w, https:\/\/www.vap-camping.fr\/wp-content\/uploads\/2025\/05\/AdobeStock_289802388-1024x767.jpeg 1024w, https:\/\/www.vap-camping.fr\/wp-content\/uploads\/2025\/05\/AdobeStock_289802388-768x576.jpeg 768w, https:\/\/www.vap-camping.fr\/wp-content\/uploads\/2025\/05\/AdobeStock_289802388-1536x1151.jpeg 1536w, https:\/\/www.vap-camping.fr\/wp-content\/uploads\/2025\/05\/AdobeStock_289802388-2048x1535.jpeg 2048w\" sizes=\"(max-width: 2560px) 100vw, 2560px\" \/>                        <p class=\"j-title\">\n                            Charms                        <\/p>\n                        <p class=\"j-more\">\n                            Entdecken                        <\/p>\n                    <\/a>\n                <\/div>\n\n                            <div class=\"journey-slide\">\n                    <a href=\"https:\/\/www.vap-camping.fr\/de\/sejours\/les-stations-thermales-pour-votre-bien-etre-et-votre-serenite\/\" class=\"journey\" title=\"Kurorte f\u00fcr Ihr Wohlbefinden und Ihre Gelassenheit\">\n                        <img decoding=\"async\" width=\"2560\" height=\"1707\" src=\"https:\/\/www.vap-camping.fr\/wp-content\/uploads\/2025\/05\/AdobeStock_519183132-1-scaled.jpeg\" class=\"attachment-2979 size-2979 wp-post-image\" alt=\"\" large=\"\" srcset=\"https:\/\/www.vap-camping.fr\/wp-content\/uploads\/2025\/05\/AdobeStock_519183132-1-scaled.jpeg 2560w, https:\/\/www.vap-camping.fr\/wp-content\/uploads\/2025\/05\/AdobeStock_519183132-1-600x400.jpeg 600w, https:\/\/www.vap-camping.fr\/wp-content\/uploads\/2025\/05\/AdobeStock_519183132-1-1024x683.jpeg 1024w, https:\/\/www.vap-camping.fr\/wp-content\/uploads\/2025\/05\/AdobeStock_519183132-1-768x512.jpeg 768w, https:\/\/www.vap-camping.fr\/wp-content\/uploads\/2025\/05\/AdobeStock_519183132-1-1536x1024.jpeg 1536w, https:\/\/www.vap-camping.fr\/wp-content\/uploads\/2025\/05\/AdobeStock_519183132-1-2048x1365.jpeg 2048w\" sizes=\"(max-width: 2560px) 100vw, 2560px\" \/>                        <p class=\"j-title\">\n                            Gelassenheit                        <\/p>\n                        <p class=\"j-more\">\n                            Entdecken                        <\/p>\n                    <\/a>\n                <\/div>\n\n                            <div class=\"journey-slide\">\n                    <a href=\"https:\/\/www.vap-camping.fr\/de\/sejours\/rendez-vous-aux-plus-beaux-villages-ariegeois\/\" class=\"journey\" title=\"Treffpunkt in den sch\u00f6nsten D\u00f6rfern der Ari\u00e8ge\">\n                        <img decoding=\"async\" width=\"2560\" height=\"1707\" src=\"https:\/\/www.vap-camping.fr\/wp-content\/uploads\/2025\/05\/AdobeStock_124848663-scaled.jpeg\" class=\"attachment-2945 size-2945 wp-post-image\" alt=\"\" large=\"\" srcset=\"https:\/\/www.vap-camping.fr\/wp-content\/uploads\/2025\/05\/AdobeStock_124848663-scaled.jpeg 2560w, https:\/\/www.vap-camping.fr\/wp-content\/uploads\/2025\/05\/AdobeStock_124848663-600x400.jpeg 600w, https:\/\/www.vap-camping.fr\/wp-content\/uploads\/2025\/05\/AdobeStock_124848663-1024x683.jpeg 1024w, https:\/\/www.vap-camping.fr\/wp-content\/uploads\/2025\/05\/AdobeStock_124848663-768x512.jpeg 768w, https:\/\/www.vap-camping.fr\/wp-content\/uploads\/2025\/05\/AdobeStock_124848663-1536x1024.jpeg 1536w, https:\/\/www.vap-camping.fr\/wp-content\/uploads\/2025\/05\/AdobeStock_124848663-2048x1365.jpeg 2048w\" sizes=\"(max-width: 2560px) 100vw, 2560px\" \/>                        <p class=\"j-title\">\n                            Im Herzen der D\u00f6rfer                        <\/p>\n                        <p class=\"j-more\">\n                            Entdecken                        <\/p>\n                    <\/a>\n                <\/div>\n\n                            <div class=\"journey-slide\">\n                    <a href=\"https:\/\/www.vap-camping.fr\/de\/sejours\/nature-sauvage-de-l-ariege-a-decouvrir\/\" class=\"journey\" title=\"Entdecken Sie die wilde Natur der Ari\u00e8ge\">\n                        <img decoding=\"async\" width=\"2560\" height=\"1463\" src=\"https:\/\/www.vap-camping.fr\/wp-content\/uploads\/2025\/05\/AdobeStock_1244397702-scaled.jpeg\" class=\"attachment-2951 size-2951 wp-post-image\" alt=\"\" large=\"\" srcset=\"https:\/\/www.vap-camping.fr\/wp-content\/uploads\/2025\/05\/AdobeStock_1244397702-scaled.jpeg 2560w, https:\/\/www.vap-camping.fr\/wp-content\/uploads\/2025\/05\/AdobeStock_1244397702-600x343.jpeg 600w, https:\/\/www.vap-camping.fr\/wp-content\/uploads\/2025\/05\/AdobeStock_1244397702-1024x585.jpeg 1024w, https:\/\/www.vap-camping.fr\/wp-content\/uploads\/2025\/05\/AdobeStock_1244397702-768x439.jpeg 768w, https:\/\/www.vap-camping.fr\/wp-content\/uploads\/2025\/05\/AdobeStock_1244397702-1536x878.jpeg 1536w, https:\/\/www.vap-camping.fr\/wp-content\/uploads\/2025\/05\/AdobeStock_1244397702-2048x1170.jpeg 2048w\" sizes=\"(max-width: 2560px) 100vw, 2560px\" \/>                        <p class=\"j-title\">\n                            Wilde Natur                        <\/p>\n                        <p class=\"j-more\">\n                            Entdecken                        <\/p>\n                    <\/a>\n                <\/div>\n\n                    <\/div>\n        <div class=\"journey-buttons\">\n            <button class=\"j-prev\">ARR<\/button>\n            <button class=\"j-next\">AV<\/button>\n        <\/div>\n    <\/div>\n\n\n<\/div>\n<\/div>\n","protected":false},"excerpt":{"rendered":"<p>M\u00e4rkte und Produzenten des Territoriums zu entdecken Treffen Sie passionierte Erzeuger und genie\u00dfen Sie frische, authentische und lokale Produkte auf den lebendigen M\u00e4rkten. Entdecken Sie die authentischen Geschm\u00e4cker und das Know-how unserer Region. Mit VAP k\u00f6nnen Sie die farbenfrohen M\u00e4rkte und die leidenschaftlichen Erzeuger nutzen, um frische, lokale und saisonale Produkte zu probieren. K\u00e4se, Obst, [&hellip;]<\/p>\n","protected":false},"featured_media":5661,"parent":0,"template":"","format":"standard","meta":{"_acf_changed":false,"_seopress_robots_primary_cat":"","_seopress_titles_title":"","_seopress_titles_desc":"","_seopress_robots_index":"","ouverture":"","nombre_de_locations":"","nombre_demplacements":"","adresse":"","numero_de_telephone":"","email":"","url_du_site":"","footnotes":""},"class_list":["post-6155","sejours","type-sejours","status-publish","format-standard","has-post-thumbnail","hentry"],"acf":{"titre_court":"M\u00e4rkte und Produzenten  ","steps":[{"step_title":"Tag 1 ","af_camping":[2518],"af_places":[5604,6268,6244,6262,6256]},{"step_title":"Tag 2","af_camping":[3079],"af_places":[6250,6240,6223,6230,6212]},{"step_title":"Tag 3","af_camping":[2587],"af_places":[6210,6198,6187]},{"step_title":"Tag 4","af_camping":[2610],"af_places":[6218,6204]}]},"_links":{"self":[{"href":"https:\/\/www.vap-camping.fr\/de\/wp-json\/wp\/v2\/sejours\/6155","targetHints":{"allow":["GET"]}}],"collection":[{"href":"https:\/\/www.vap-camping.fr\/de\/wp-json\/wp\/v2\/sejours"}],"about":[{"href":"https:\/\/www.vap-camping.fr\/de\/wp-json\/wp\/v2\/types\/sejours"}],"version-history":[{"count":3,"href":"https:\/\/www.vap-camping.fr\/de\/wp-json\/wp\/v2\/sejours\/6155\/revisions"}],"predecessor-version":[{"id":7435,"href":"https:\/\/www.vap-camping.fr\/de\/wp-json\/wp\/v2\/sejours\/6155\/revisions\/7435"}],"wp:featuredmedia":[{"embeddable":true,"href":"https:\/\/www.vap-camping.fr\/de\/wp-json\/wp\/v2\/media\/5661"}],"wp:attachment":[{"href":"https:\/\/www.vap-camping.fr\/de\/wp-json\/wp\/v2\/media?parent=6155"}],"curies":[{"name":"wp","href":"https:\/\/api.w.org\/{rel}","templated":true}]}}