{"id":1915,"date":"2025-04-18T14:53:37","date_gmt":"2025-04-18T14:53:37","guid":{"rendered":"https:\/\/www.vap-camping.fr\/campings\/camping-du-lac\/"},"modified":"2026-03-31T10:04:49","modified_gmt":"2026-03-31T10:04:49","slug":"camping-du-lac","status":"publish","type":"campings","link":"https:\/\/www.vap-camping.fr\/en\/campings\/camping-du-lac\/","title":{"rendered":"Camping du lac(Foix)"},"content":{"rendered":"\n<div class=\"wp-block-group alignfull is-layout-flow wp-container-core-group-is-layout-8af317cd wp-block-group-is-layout-flow\">\n<div class=\"wp-block-group hero-camp fromOpacity is-layout-flow wp-block-group-is-layout-flow\" style=\"margin-bottom:20rem\">\n<div class=\"wp-block-group alignfull hero-img is-layout-flow wp-block-group-is-layout-flow\">\n<figure class=\"wp-block-image size-full\"><img alt=\"camping-foix\" decoding=\"async\" width=\"2560\" height=\"1918\" src=\"https:\/\/www.vap-camping.fr\/wp-content\/uploads\/2025\/04\/camping-ariege-foix-scaled.jpg\" alt=\"\" class=\"wp-image-2464\" srcset=\"https:\/\/www.vap-camping.fr\/wp-content\/uploads\/2025\/04\/camping-ariege-foix-scaled.jpg 2560w, https:\/\/www.vap-camping.fr\/wp-content\/uploads\/2025\/04\/camping-ariege-foix-600x450.jpg 600w, https:\/\/www.vap-camping.fr\/wp-content\/uploads\/2025\/04\/camping-ariege-foix-1024x767.jpg 1024w, https:\/\/www.vap-camping.fr\/wp-content\/uploads\/2025\/04\/camping-ariege-foix-768x575.jpg 768w, https:\/\/www.vap-camping.fr\/wp-content\/uploads\/2025\/04\/camping-ariege-foix-1536x1151.jpg 1536w, https:\/\/www.vap-camping.fr\/wp-content\/uploads\/2025\/04\/camping-ariege-foix-2048x1534.jpg 2048w\" sizes=\"(max-width: 2560px) 100vw, 2560px\" \/><figcaption class=\"wp-element-caption\">default<\/figcaption><\/figure>\n<\/div>\n\n\n\n<div class=\"wp-block-group hero-desc has-secondary-background-color has-background is-layout-flow wp-block-group-is-layout-flow\" style=\"border-top-right-radius:90px;border-bottom-right-radius:90px;padding-top:2rem;padding-bottom:2rem;padding-left:5rem\"><h1 style=\"font-size:clamp(3.037rem, 3.037rem + ((1vw - 0.2rem) * 4.018), 6rem);\" class=\"has-link-color wp-elements-971196805a816ee349c8ae4f34a1c7a7 wp-block-post-title has-text-color has-white-color has-secondary-font-family\">Camping du lac(Foix)<\/h1>\n\n\n<div class=\"wp-block-group is-nowrap is-layout-flex wp-container-core-group-is-layout-3b4e9d3e wp-block-group-is-layout-flex\">\n<p class=\"has-white-color has-text-color has-link-color has-sm-font-size wp-elements-ad64b454ceca5e3a20c6f2f76085a598\" style=\"font-style:normal;font-weight:500;text-transform:uppercase\">Campsite  <\/p>\n\n\n\n<figure class=\"wp-block-image size-full\"><img alt=\"\" decoding=\"async\" src=\"https:\/\/www.vap-camping.fr\/wp-content\/themes\/vap\/assets\/img\/svg\/star-white.svg\" alt=\"\" class=\"wp-image-657\"\/><\/figure>\n\n\n\n<figure class=\"wp-block-image size-full\"><img alt=\"\" decoding=\"async\" src=\"https:\/\/www.vap-camping.fr\/wp-content\/themes\/vap\/assets\/img\/svg\/star-white.svg\" alt=\"\" class=\"wp-image-657\"\/><\/figure>\n\n\n\n<figure class=\"wp-block-image size-full\"><img alt=\"\" decoding=\"async\" src=\"https:\/\/www.vap-camping.fr\/wp-content\/themes\/vap\/assets\/img\/svg\/star-white.svg\" alt=\"\" class=\"wp-image-657\"\/><\/figure>\n\n\n\n<figure class=\"wp-block-image size-full\"><img alt=\"\" decoding=\"async\" src=\"https:\/\/www.vap-camping.fr\/wp-content\/themes\/vap\/assets\/img\/svg\/star-white.svg\" alt=\"\" class=\"wp-image-657\"\/><\/figure>\n\n\n\n<p class=\"has-white-color has-text-color has-link-color has-sm-font-size wp-elements-96544003afda2dafc010658122c4a8ae\" style=\"font-style:normal;font-weight:500;text-transform:uppercase\">&#8211; Ari\u00e8ge &#8211; foix<\/p>\n<\/div>\n<\/div>\n<\/div>\n\n\n\n<div class=\"wp-block-group has-global-padding is-layout-constrained wp-container-core-group-is-layout-4f9f0532 wp-block-group-is-layout-constrained\">\n<div class=\"wp-block-columns m-ti is-layout-flex wp-container-core-columns-is-layout-c4788e2e wp-block-columns-is-layout-flex\">\n<div class=\"wp-block-column is-vertically-aligned-top m-ti-text-camp is-style-default is-layout-flow wp-container-core-column-is-layout-58dbe9e9 wp-block-column-is-layout-flow\" style=\"padding-left:10rem;flex-basis:60%\">\n<div class=\"wp-block-group is-style-title-left leftRight is-layout-flow wp-block-group-is-layout-flow is-style-title-left--1\">\n<p class=\"has-secondary-color has-text-color has-link-color has-secondary-font-family has-xl-font-size wp-elements-2e4f29894bd72b3071bc418feccce598\">Welcome <\/p>\n\n\n\n<p class=\"has-primary-color has-text-color has-link-color has-primary-font-family has-sm-font-size wp-elements-3f8dbf79177a5e1fbfeafe5f6fbc06ee\" style=\"text-transform:uppercase\"><strong>at the friendly, accessible campsite<\/strong><\/p>\n<\/div>\n\n\n\n<h2 class=\"wp-block-heading text-title\">On the banks of the Ari\u00e8ge river, Camping du Lac welcomes you for a friendly vacation combining nature, comfort and discovery.  <\/h2>\n\n\n\n<p class=\"has-link-color wp-elements-7916d03357a2d4bd73b7697b3406139f\" style=\"padding-left:2rem\">Whether you&#8217;re planning a family vacation with children or grandchildren, a sporting cycling tour, a motorcycle adventure with friends or colleagues, a soccer, rugby or p\u00e9tanque match, or a canoeing or kayaking competition on the Ari\u00e8ge, Camping du Lac is the ideal choice for your accommodation in Foix.<\/p>\n\n\n\n<p class=\"has-link-color wp-elements-3e338a22353aad506f6cf31073a1b141\" style=\"padding-left:2rem\">Would you like to travel without a car? Just 200 m from the shuttle bus stop, you can easily reach the historic center of Foix and the train station.Looking for a friendly, family atmosphere? <\/p>\n\n\n\n<p class=\"has-link-color wp-elements-af8a3d2358be5e9c895a73f8611f2de8\" style=\"padding-left:2rem\">Our friendly, helpful team is always ready to listen, advise and chat, to make your stay pleasant, lively and memorable. Whether you&#8217;re keen on hiking, adventure, culture or relaxation, our <strong><a href=\"https:\/\/www.vap-camping.fr\/en\/\" data-type=\"page\" data-id=\"128\">campsite in Ari\u00e8ge<\/a><\/strong> is the ideal starting point for discovering the region&#8217;s treasures.  <\/p>\n\n\n\n<p><\/p>\n\n\n\n<p><\/p>\n\n\n\n<p><\/p>\n\n\n\n<p><\/p>\n\n\n\n<div class=\"wp-block-columns is-layout-flex wp-container-core-columns-is-layout-28f84493 wp-block-columns-is-layout-flex\">\n<div class=\"wp-block-column is-vertically-aligned-center is-layout-flow wp-block-column-is-layout-flow\" style=\"flex-basis:33.9%\">\n<figure class=\"wp-block-image aligncenter size-full is-resized\"><a href=\"https:\/\/qualite-tourisme-occitanie.fr\" target=\"_blank\" rel=\" noreferrer noopener\"><img alt=\"\" decoding=\"async\" width=\"1252\" height=\"413\" src=\"https:\/\/www.vap-camping.fr\/wp-content\/uploads\/2025\/04\/excosdf.jpg\" alt=\"\" class=\"wp-image-3970\" style=\"width:auto;height:150px\" srcset=\"https:\/\/www.vap-camping.fr\/wp-content\/uploads\/2025\/04\/excosdf.jpg 1252w, https:\/\/www.vap-camping.fr\/wp-content\/uploads\/2025\/04\/excosdf-600x198.jpg 600w, https:\/\/www.vap-camping.fr\/wp-content\/uploads\/2025\/04\/excosdf-1024x338.jpg 1024w, https:\/\/www.vap-camping.fr\/wp-content\/uploads\/2025\/04\/excosdf-768x253.jpg 768w\" sizes=\"(max-width: 1252px) 100vw, 1252px\" \/><\/a><\/figure>\n<\/div>\n\n\n\n<div class=\"wp-block-column is-vertically-aligned-center is-layout-flow wp-block-column-is-layout-flow\" style=\"flex-basis:20.55%\">\n<figure class=\"wp-block-image aligncenter size-full is-resized\"><img alt=\"\" decoding=\"async\" width=\"800\" height=\"668\" src=\"https:\/\/www.vap-camping.fr\/wp-content\/uploads\/2025\/04\/acsi_fc.webp\" alt=\"\" class=\"wp-image-4041\" style=\"width:150px;height:auto\" srcset=\"https:\/\/www.vap-camping.fr\/wp-content\/uploads\/2025\/04\/acsi_fc.webp 800w, https:\/\/www.vap-camping.fr\/wp-content\/uploads\/2025\/04\/acsi_fc-600x501.webp 600w, https:\/\/www.vap-camping.fr\/wp-content\/uploads\/2025\/04\/acsi_fc-768x641.webp 768w\" sizes=\"(max-width: 800px) 100vw, 800px\" \/><\/figure>\n<\/div>\n\n\n\n<div class=\"wp-block-column is-vertically-aligned-center is-layout-flow wp-block-column-is-layout-flow\" style=\"flex-basis:20.55%\">\n<figure class=\"wp-block-image aligncenter size-full\"><a href=\"https:\/\/www.culture.gouv.fr\/thematiques\/transition-ecologique\/Centre-de-ressources-Transition-ecologique-de-la-Culture\/Labels-normes\/label-accueil-velo\" target=\"_blank\" rel=\" noreferrer noopener\"><img alt=\"accueil-v\u00e9lo\" decoding=\"async\" width=\"2560\" height=\"2560\" src=\"https:\/\/www.vap-camping.fr\/wp-content\/uploads\/2025\/04\/accueil-velo-png-scaled.png\" alt=\"\" class=\"wp-image-3978\" srcset=\"https:\/\/www.vap-camping.fr\/wp-content\/uploads\/2025\/04\/accueil-velo-png-scaled.png 2560w, https:\/\/www.vap-camping.fr\/wp-content\/uploads\/2025\/04\/accueil-velo-png-600x600.png 600w, https:\/\/www.vap-camping.fr\/wp-content\/uploads\/2025\/04\/accueil-velo-png-1024x1024.png 1024w, https:\/\/www.vap-camping.fr\/wp-content\/uploads\/2025\/04\/accueil-velo-png-300x300.png 300w, https:\/\/www.vap-camping.fr\/wp-content\/uploads\/2025\/04\/accueil-velo-png-768x768.png 768w, https:\/\/www.vap-camping.fr\/wp-content\/uploads\/2025\/04\/accueil-velo-png-1536x1536.png 1536w, https:\/\/www.vap-camping.fr\/wp-content\/uploads\/2025\/04\/accueil-velo-png-2048x2048.png 2048w\" sizes=\"(max-width: 2560px) 100vw, 2560px\" \/><\/a><\/figure>\n<\/div>\n\n\n\n<div class=\"wp-block-column is-vertically-aligned-center is-layout-flow wp-block-column-is-layout-flow\" style=\"flex-basis:25%\">\n<figure class=\"wp-block-image size-large\"><a href=\"https:\/\/www.fredonoccitanie.com\/jevi\/charte-regionale-engage-pour-le-vegetal\/\" target=\"_blank\" rel=\" noreferrer noopener\"><img alt=\"\" decoding=\"async\" width=\"1024\" height=\"504\" src=\"https:\/\/www.vap-camping.fr\/wp-content\/uploads\/2025\/10\/image-56-1024x504.jpeg\" alt=\"\" class=\"wp-image-5837\" srcset=\"https:\/\/www.vap-camping.fr\/wp-content\/uploads\/2025\/10\/image-56-1024x504.jpeg 1024w, https:\/\/www.vap-camping.fr\/wp-content\/uploads\/2025\/10\/image-56-600x295.jpeg 600w, https:\/\/www.vap-camping.fr\/wp-content\/uploads\/2025\/10\/image-56-768x378.jpeg 768w, https:\/\/www.vap-camping.fr\/wp-content\/uploads\/2025\/10\/image-56-1536x756.jpeg 1536w, https:\/\/www.vap-camping.fr\/wp-content\/uploads\/2025\/10\/image-56-2048x1008.jpeg 2048w\" sizes=\"(max-width: 1024px) 100vw, 1024px\" \/><\/a><\/figure>\n<\/div>\n<\/div>\n<\/div>\n\n\n\n<div class=\"wp-block-column is-vertically-aligned-top wp-block-image alignright size-large has-custom-border camping-info-desc m-ti-text is-layout-flow wp-block-column-is-layout-flow\" style=\"flex-basis:40%\">\n<div class=\"wp-block-group animBase is-vertical is-content-justification-stretch is-layout-flex wp-container-core-group-is-layout-353c4f5a wp-block-group-is-layout-flex\">\n<div class=\"wp-block-group is-style-title-splash is-layout-flow wp-block-group-is-layout-flow is-style-title-splash--2\" style=\"margin-bottom:4rem\">\n<p class=\"has-secondary-color has-text-color has-link-color has-secondary-font-family wp-elements-77277135c415b62a504099a02a001e35\" style=\"font-size:clamp(3.195rem, 3.195rem + ((1vw - 0.2rem) * 4.346), 6.4rem);\">General information<\/p>\n<\/div>\n\n\n\n<div class=\"wp-block-group has-grey-background-color has-background animItem is-nowrap is-layout-flex wp-container-core-group-is-layout-f89dbd13 wp-block-group-is-layout-flex\" style=\"border-top-right-radius:40px;border-bottom-right-radius:40px;padding-top:2rem;padding-right:1rem;padding-bottom:2rem;padding-left:3rem\">\n<figure class=\"wp-block-image size-full\"><img decoding=\"async\" src=\"https:\/\/www.vap-camping.fr\/wp-content\/themes\/vap\/assets\/img\/svg\/calendar.svg\" alt=\"VAP Campsites\" class=\"wp-image-430\"\/><\/figure>\n\n\n<p style=\"font-style:normal;font-weight:500\">Open from March 1 to November 1<\/p><\/div>\n\n\n\n<div class=\"wp-block-group animItem is-content-justification-left is-nowrap is-layout-flex wp-container-core-group-is-layout-82550dec wp-block-group-is-layout-flex\" style=\"padding-top:2rem;padding-right:1rem;padding-bottom:2rem;padding-left:3rem\">\n<figure class=\"wp-block-image size-full\"><img decoding=\"async\" src=\"https:\/\/www.vap-camping.fr\/wp-content\/themes\/vap\/assets\/img\/svg\/house-chimney-window.svg\" alt=\"VAP Campsites\" class=\"wp-image-433\"\/><\/figure>\n\n\n<p style=\"font-style:normal;font-weight:500\">95 rentals on 5 ha<\/p><\/div>\n\n\n\n<div class=\"wp-block-group has-grey-background-color has-background animItem is-content-justification-left is-nowrap is-layout-flex wp-container-core-group-is-layout-82550dec wp-block-group-is-layout-flex\" style=\"border-top-right-radius:40px;border-bottom-right-radius:40px;padding-top:2rem;padding-right:1rem;padding-bottom:2rem;padding-left:3rem\">\n<figure class=\"wp-block-image size-full\"><img decoding=\"async\" src=\"https:\/\/www.vap-camping.fr\/wp-content\/themes\/vap\/assets\/img\/svg\/caravan-simple.svg\" alt=\"VAP Campsites\" class=\"wp-image-435\"\/><\/figure>\n\n\n<p style=\"font-style:normal;font-weight:500\">40 bare pitches<\/p><\/div>\n\n\n\n<div class=\"wp-block-group animItem is-nowrap is-layout-flex wp-container-core-group-is-layout-f89dbd13 wp-block-group-is-layout-flex\" style=\"border-radius:0px;padding-top:2rem;padding-right:1rem;padding-bottom:2rem;padding-left:3rem\">\n<figure class=\"wp-block-image size-full\"><img decoding=\"async\" src=\"https:\/\/www.vap-camping.fr\/wp-content\/themes\/vap\/assets\/img\/svg\/location-dot.svg\" alt=\"VAP Campsites\" class=\"wp-image-437\"\/><\/figure>\n\n\n<p style=\"font-style:normal;font-weight:500\">Route nationale 20 Labarre, 09000 Foix<\/p><\/div>\n\n\n\n<div class=\"wp-block-group has-grey-background-color has-background animItem is-nowrap is-layout-flex wp-container-core-group-is-layout-f89dbd13 wp-block-group-is-layout-flex\" style=\"border-top-right-radius:40px;border-bottom-right-radius:40px;padding-top:2rem;padding-right:1rem;padding-bottom:2rem;padding-left:3rem\">\n<figure class=\"wp-block-image size-full is-resized\"><img alt=\"\" decoding=\"async\" src=\"https:\/\/www.vap-camping.fr\/wp-content\/uploads\/2025\/07\/bookmark-regular.svg\" alt=\"\" class=\"wp-image-2202\" style=\"object-fit:contain;width:32px;height:32px\"\/><\/figure>\n\n\n\n<p class=\"has-secondary-color has-text-color has-link-color wp-elements-efbfcfc8bf6612ed1dd46a2ae5564cff\" style=\"font-style:normal;font-weight:500\"><a href=\"https:\/\/www.google.com\/maps\/dir\/\/Camping+du+Lac+VAP!,+09000+Foix\/@42.9893144,1.5744565,13z\/data=!4m8!4m7!1m0!1m5!1m1!1s0x12af10bf78216def:0x2678277d5a74af53!2m2!1d1.615656!2d42.989259?entry=ttu&amp;g_ep=EgoyMDI1MDUyMS4wIKXMDSoASAFQAw%3D%3D\" data-type=\"page\" data-id=\"226\" target=\"_blank\" rel=\"noreferrer noopener\">Itinerary<\/a><\/p>\n<\/div>\n\n\n\n<div class=\"wp-block-group animItem is-content-justification-left is-nowrap is-layout-flex wp-container-core-group-is-layout-82550dec wp-block-group-is-layout-flex\" style=\"border-top-right-radius:40px;border-bottom-right-radius:40px;padding-top:2rem;padding-right:1rem;padding-bottom:2rem;padding-left:3rem\">\n<figure class=\"wp-block-image size-full\"><img decoding=\"async\" src=\"https:\/\/www.vap-camping.fr\/wp-content\/themes\/vap\/assets\/img\/svg\/phone.svg\" alt=\"VAP Campsites\" class=\"wp-image-439\"\/><\/figure>\n\n\n\n<a href=\"tel:0000000000\" target=\"_self\"><div class=\"wp-block-group has-global-padding is-layout-constrained wp-block-group-is-layout-constrained\">\n<p style=\"font-style:normal;font-weight:500\"><a href=\"tel:0561651158\">0561651158<\/a><\/p>\n<\/div><\/a>\n<\/div>\n\n\n\n<div class=\"wp-block-group has-grey-background-color has-background animItem is-content-justification-left is-nowrap is-layout-flex wp-container-core-group-is-layout-82550dec wp-block-group-is-layout-flex\" style=\"border-top-right-radius:40px;border-bottom-right-radius:40px;padding-top:2rem;padding-right:1rem;padding-bottom:2rem;padding-left:3rem\">\n<figure class=\"wp-block-image size-full\"><img decoding=\"async\" src=\"https:\/\/www.vap-camping.fr\/wp-content\/themes\/vap\/assets\/img\/svg\/envelope.svg\" alt=\"VAP Campsites\" class=\"wp-image-441\"\/><\/figure>\n\n\n\n<a href=\"mailto:mail@mail.com\" target=\"_self\"><div class=\"wp-block-group has-global-padding is-layout-constrained wp-block-group-is-layout-constrained\">\n<p style=\"font-style:normal;font-weight:500\"><a href=\"mailto:contact@vap-campings.fr\" data-type=\"mailto\" data-id=\"mailto:contact@vap-campings.fr\">contact@vap-campings.fr<\/a><\/p>\n<\/div><\/a>\n<\/div>\n\n\n\n<div class=\"wp-block-group animItem is-content-justification-space-between is-nowrap is-layout-flex wp-container-core-group-is-layout-866cca21 wp-block-group-is-layout-flex\" style=\"padding-top:2rem;padding-right:1rem;padding-bottom:2rem;padding-left:3rem\">\n<div class=\"wp-block-group is-content-justification-left is-nowrap is-layout-flex wp-container-core-group-is-layout-af23f760 wp-block-group-is-layout-flex\">\n<p style=\"font-style:normal;font-weight:500\">On-site services :<\/p>\n\n\n\n<figure class=\"wp-block-image size-full is-resized\"><img alt=\"piscine\" decoding=\"async\" src=\"https:\/\/www.vap-camping.fr\/wp-content\/uploads\/2025\/04\/water-ladder-ico.svg\" alt=\"\" class=\"wp-image-99\" style=\"width:23px\" title=\"Swimming pool\"\/><\/figure>\n\n\n\n<figure class=\"wp-block-image size-full is-resized\"><img alt=\"bar restaurant\" decoding=\"async\" src=\"https:\/\/www.vap-camping.fr\/wp-content\/uploads\/2025\/04\/martini-glass.svg\" alt=\"\" class=\"wp-image-98\" style=\"width:23px\" title=\"Bar\/restaurant\"\/><\/figure>\n\n\n\n<figure class=\"wp-block-image size-full is-resized\"><img alt=\"wifi\" decoding=\"async\" src=\"https:\/\/www.vap-camping.fr\/wp-content\/uploads\/2025\/04\/wifi-ico.svg\" alt=\"\" class=\"wp-image-97\" style=\"width:23px\" title=\"Wifi\"\/><\/figure>\n\n\n\n<figure class=\"wp-block-image size-full is-resized\"><img alt=\"animaux\" decoding=\"async\" src=\"https:\/\/www.vap-camping.fr\/wp-content\/uploads\/2025\/04\/paw-solid.svg\" alt=\"\" class=\"wp-image-326\" style=\"width:23px\" title=\"Pets allowed\"\/><\/figure>\n\n\n\n<figure class=\"wp-block-image size-full is-resized\"><img alt=\"animation\" decoding=\"async\" src=\"https:\/\/www.vap-camping.fr\/wp-content\/uploads\/2025\/04\/party-horn-ico.svg\" alt=\"\" class=\"wp-image-95\" style=\"width:23px\" title=\"Entertainment\"\/><\/figure>\n\n\n\n<figure class=\"wp-block-image size-full is-resized\"><img alt=\"epicerie\" decoding=\"async\" src=\"https:\/\/www.vap-camping.fr\/wp-content\/uploads\/2025\/04\/basket-shopping.svg\" alt=\"\" class=\"wp-image-94\" style=\"width:23px\" title=\"Grocery\"\/><\/figure>\n\n\n\n<figure class=\"wp-block-image size-full is-resized\"><img alt=\"accueil v\u00e9lo\" decoding=\"async\" src=\"https:\/\/www.vap-camping.fr\/wp-content\/uploads\/2025\/04\/bicycle-solid.svg\" alt=\"\" class=\"wp-image-328\" style=\"width:23px\" title=\"Bicycle shelter\"\/><\/figure>\n\n\n\n<figure class=\"wp-block-image size-full is-resized\"><img alt=\"borne \u00e9lectrique\" decoding=\"async\" src=\"https:\/\/www.vap-camping.fr\/wp-content\/uploads\/2025\/07\/bolt-solid.svg\" alt=\"\" class=\"wp-image-2198\" style=\"width:23px\" title=\"Charging stations for electric vehicles\"\/><\/figure>\n\n\n\n<figure class=\"wp-block-image size-full is-resized\"><img decoding=\"async\" src=\"https:\/\/www.vap-camping.fr\/wp-content\/uploads\/2025\/04\/wheelchair-solid.svg\" alt=\"PMR\" class=\"wp-image-323\" style=\"width:23px\" title=\"Charging stations for electric vehicles\"\/><\/figure>\n<\/div>\n<\/div>\n\n\n\n<div class=\"wp-block-group has-grey-background-color has-background animItem is-content-justification-left is-nowrap is-layout-flex wp-container-core-group-is-layout-82550dec wp-block-group-is-layout-flex\" style=\"border-top-right-radius:40px;border-bottom-right-radius:40px;padding-top:2rem;padding-right:1rem;padding-bottom:2rem;padding-left:3rem\">\n<p style=\"font-style:normal;font-weight:500\">Follow us :<\/p>\n\n\n\n<figure class=\"wp-block-image size-full\"><a href=\"https:\/\/www.facebook.com\/share\/16JoPMYuvJ\/?mibextid=wwXIfr\" target=\"_blank\" rel=\" noreferrer noopener\"><img alt=\"\" decoding=\"async\" src=\"https:\/\/www.vap-camping.fr\/wp-content\/uploads\/2025\/05\/facebook.svg\" alt=\"\" class=\"wp-image-977\"\/><\/a><\/figure>\n\n\n\n<figure class=\"wp-block-image size-full\"><a href=\"https:\/\/www.instagram.com\/campingdulac_vap\/\"><img alt=\"\" decoding=\"async\" src=\"https:\/\/www.vap-camping.fr\/wp-content\/uploads\/2025\/04\/Icon-insta.svg\" alt=\"\" class=\"wp-image-312\"\/><\/a><\/figure>\n\n\n\n<figure class=\"wp-block-image size-full\"><a href=\"https:\/\/www.youtube.com\/@vapcampingsetgite\"><img alt=\"\" decoding=\"async\" src=\"https:\/\/www.vap-camping.fr\/wp-content\/uploads\/2025\/04\/Icon-youtube.svg\" alt=\"\" class=\"wp-image-314\"\/><\/a><\/figure>\n<\/div>\n\n\n\n<div class=\"wp-block-group animItem is-vertical is-layout-flex wp-container-core-group-is-layout-5a70b6f9 wp-block-group-is-layout-flex\" style=\"border-top-right-radius:40px;border-bottom-right-radius:40px;padding-top:2rem;padding-right:1rem;padding-bottom:2rem;padding-left:3rem\">\n<p><strong>Useful documents :<\/strong><\/p>\n\n\n\n<p style=\"font-style:normal;font-weight:500\"><a href=\"https:\/\/www.vap-camping.fr\/wp-content\/uploads\/2026\/03\/vap-plan-foix-2026.pdf\" target=\"_blank\" rel=\"noreferrer noopener\">Campsite map<\/a><\/p>\n\n\n\n<p style=\"font-style:normal;font-weight:500\"><a href=\"https:\/\/www.vap-camping.fr\/wp-content\/uploads\/2025\/07\/condition-de-vente-foix.pdf\" target=\"_blank\" rel=\"noreferrer noopener\">Terms and conditions of sale<\/a><\/p>\n\n\n\n<p style=\"font-style:normal;font-weight:500\"><a href=\"https:\/\/www.vap-camping.fr\/wp-content\/uploads\/2026\/03\/vap-tarifs-foix-2026.pdf\" target=\"_blank\" rel=\"noreferrer noopener\">Rates<\/a><\/p>\n<\/div>\n<\/div>\n<\/div>\n<\/div>\n<\/div>\n\n\n\n<div class=\"wp-block-group has-global-padding is-layout-constrained wp-container-core-group-is-layout-8a400663 wp-block-group-is-layout-constrained\">\n<h2 class=\"wp-block-heading has-text-align-center\">Offers and promotions at camping du Lac in Ari\u00e8ge<\/h2>\n\n\n\n<p class=\"has-text-align-center\">Discover our current offers!<\/p>\n\n\n\n<script>\n    window.ctoutvert = {\n\t\tid: 716, \n\t\tlang: 'en', \n\t\turl: 'https:\/\/reservation.secureholiday.net\/widgets\/'\n    };\n    (function (w, d, s, ctv, r, js, fjs) {\n        r=new XMLHttpRequest();r.open('GET',w[ctv].url+'js\/src.json');\n        r.responseType='json';r.json=true;r.send();\n        r.onload=function(){w[ctv].src=r.responseType=='json'?r.response:JSON.parse(r.response);\n        js.src=w[ctv].src[0];fjs.parentNode.insertBefore(js, fjs);}\n        js=d.createElement(s),fjs=d.getElementsByTagName(s)[0];\n        js.id='ctvwidget';js.async=1;\n    }(window, document, 'script', 'ctoutvert'));\n<\/script>\n<style>.vap-w { display: block; max-width: 60%; }<\/style>\n<ctv-offers data-display-mode=\"carousel\" class=\"vap-w\"><\/ctv-offers>\n<\/div>\n\n\n\n<div class=\"wp-block-group has-global-padding is-layout-constrained wp-block-group-is-layout-constrained\">\n<div class=\"wp-block-group alignwide is-style-title-simple fromTop is-layout-flow wp-block-group-is-layout-flow is-style-title-simple--3\" style=\"margin-top:4rem;margin-bottom:4rem\">\n<p class=\"has-text-align-center has-secondary-color has-text-color has-link-color has-secondary-font-family has-xl-font-size wp-elements-19af978bb673f385a6d8c97da70c52c3\">\n  Photo library<\/p>\n\n\n\n<p class=\"has-text-align-center has-primary-font-family has-sm-font-size\" style=\"text-transform:uppercase\">\n            <strong>Your vacation in pictures<\/strong><\/p>\n<\/div>\n\n\n\n<div class=\"wp-block-group alignfull galery-wrapper is-layout-flow wp-block-group-is-layout-flow\">\n<div class=\"wp-block-group galery-row is-nowrap is-layout-flex wp-container-core-group-is-layout-6c531013 wp-block-group-is-layout-flex\">\n<figure data-wp-context=\"{&quot;imageId&quot;:&quot;69f3aa97ea45e&quot;}\" data-wp-interactive=\"core\/image\" class=\"wp-block-image size-large wp-lightbox-container\"><img alt=\"CAMPING foix\" decoding=\"async\" width=\"1024\" height=\"683\" data-wp-class--hide=\"state.isContentHidden\" data-wp-class--show=\"state.isContentVisible\" data-wp-init=\"callbacks.setButtonStyles\" data-wp-on-async--click=\"actions.showLightbox\" data-wp-on-async--load=\"callbacks.setButtonStyles\" data-wp-on-async-window--resize=\"callbacks.setButtonStyles\" src=\"https:\/\/www.vap-camping.fr\/wp-content\/uploads\/2025\/04\/nosclients-campingfoix-1024x683.jpeg\" alt=\"\" class=\"wp-image-570\" style=\"object-fit:cover\" srcset=\"https:\/\/www.vap-camping.fr\/wp-content\/uploads\/2025\/04\/nosclients-campingfoix-1024x683.jpeg 1024w, https:\/\/www.vap-camping.fr\/wp-content\/uploads\/2025\/04\/nosclients-campingfoix-600x400.jpeg 600w, https:\/\/www.vap-camping.fr\/wp-content\/uploads\/2025\/04\/nosclients-campingfoix-768x512.jpeg 768w, https:\/\/www.vap-camping.fr\/wp-content\/uploads\/2025\/04\/nosclients-campingfoix-1536x1024.jpeg 1536w, https:\/\/www.vap-camping.fr\/wp-content\/uploads\/2025\/04\/nosclients-campingfoix-2048x1365.jpeg 2048w\" sizes=\"(max-width: 1024px) 100vw, 1024px\" \/><button\n\t\t\tclass=\"lightbox-trigger\"\n\t\t\ttype=\"button\"\n\t\t\taria-haspopup=\"dialog\"\n\t\t\taria-label=\"Enlarge\"\n\t\t\tdata-wp-init=\"callbacks.initTriggerButton\"\n\t\t\tdata-wp-on-async--click=\"actions.showLightbox\"\n\t\t\tdata-wp-style--right=\"state.imageButtonRight\"\n\t\t\tdata-wp-style--top=\"state.imageButtonTop\"\n\t\t>\n\t\t\t<svg xmlns=\"http:\/\/www.w3.org\/2000\/svg\" width=\"12\" height=\"12\" fill=\"none\" viewBox=\"0 0 12 12\">\n\t\t\t\t<path fill=\"#fff\" d=\"M2 0a2 2 0 0 0-2 2v2h1.5V2a.5.5 0 0 1 .5-.5h2V0H2Zm2 10.5H2a.5.5 0 0 1-.5-.5V8H0v2a2 2 0 0 0 2 2h2v-1.5ZM8 12v-1.5h2a.5.5 0 0 0 .5-.5V8H12v2a2 2 0 0 1-2 2H8Zm2-12a2 2 0 0 1 2 2v2h-1.5V2a.5.5 0 0 0-.5-.5H8V0h2Z\" \/>\n\t\t\t<\/svg>\n\t\t<\/button><\/figure>\n\n\n\n<figure data-wp-context=\"{&quot;imageId&quot;:&quot;69f3aa97eb3c7&quot;}\" data-wp-interactive=\"core\/image\" class=\"wp-block-image size-large wp-lightbox-container\"><img alt=\"\" decoding=\"async\" width=\"1024\" height=\"576\" data-wp-class--hide=\"state.isContentHidden\" data-wp-class--show=\"state.isContentVisible\" data-wp-init=\"callbacks.setButtonStyles\" data-wp-on-async--click=\"actions.showLightbox\" data-wp-on-async--load=\"callbacks.setButtonStyles\" data-wp-on-async-window--resize=\"callbacks.setButtonStyles\" src=\"https:\/\/www.vap-camping.fr\/wp-content\/uploads\/2025\/04\/dsc01013-2-1024x576.jpg\" alt=\"\" class=\"wp-image-2471\" style=\"object-fit:cover\" srcset=\"https:\/\/www.vap-camping.fr\/wp-content\/uploads\/2025\/04\/dsc01013-2-1024x576.jpg 1024w, https:\/\/www.vap-camping.fr\/wp-content\/uploads\/2025\/04\/dsc01013-2-600x337.jpg 600w, https:\/\/www.vap-camping.fr\/wp-content\/uploads\/2025\/04\/dsc01013-2-768x432.jpg 768w, https:\/\/www.vap-camping.fr\/wp-content\/uploads\/2025\/04\/dsc01013-2-1536x863.jpg 1536w, https:\/\/www.vap-camping.fr\/wp-content\/uploads\/2025\/04\/dsc01013-2-2048x1151.jpg 2048w\" sizes=\"(max-width: 1024px) 100vw, 1024px\" \/><button\n\t\t\tclass=\"lightbox-trigger\"\n\t\t\ttype=\"button\"\n\t\t\taria-haspopup=\"dialog\"\n\t\t\taria-label=\"Enlarge\"\n\t\t\tdata-wp-init=\"callbacks.initTriggerButton\"\n\t\t\tdata-wp-on-async--click=\"actions.showLightbox\"\n\t\t\tdata-wp-style--right=\"state.imageButtonRight\"\n\t\t\tdata-wp-style--top=\"state.imageButtonTop\"\n\t\t>\n\t\t\t<svg xmlns=\"http:\/\/www.w3.org\/2000\/svg\" width=\"12\" height=\"12\" fill=\"none\" viewBox=\"0 0 12 12\">\n\t\t\t\t<path fill=\"#fff\" d=\"M2 0a2 2 0 0 0-2 2v2h1.5V2a.5.5 0 0 1 .5-.5h2V0H2Zm2 10.5H2a.5.5 0 0 1-.5-.5V8H0v2a2 2 0 0 0 2 2h2v-1.5ZM8 12v-1.5h2a.5.5 0 0 0 .5-.5V8H12v2a2 2 0 0 1-2 2H8Zm2-12a2 2 0 0 1 2 2v2h-1.5V2a.5.5 0 0 0-.5-.5H8V0h2Z\" \/>\n\t\t\t<\/svg>\n\t\t<\/button><\/figure>\n\n\n\n<figure data-wp-context=\"{&quot;imageId&quot;:&quot;69f3aa97ec6b3&quot;}\" data-wp-interactive=\"core\/image\" class=\"wp-block-image size-large wp-lightbox-container\"><img alt=\"\" decoding=\"async\" width=\"1024\" height=\"683\" data-wp-class--hide=\"state.isContentHidden\" data-wp-class--show=\"state.isContentVisible\" data-wp-init=\"callbacks.setButtonStyles\" data-wp-on-async--click=\"actions.showLightbox\" data-wp-on-async--load=\"callbacks.setButtonStyles\" data-wp-on-async-window--resize=\"callbacks.setButtonStyles\" src=\"https:\/\/www.vap-camping.fr\/wp-content\/uploads\/2025\/04\/skyvue-campingfoix-1024x683.jpg\" alt=\"\" class=\"wp-image-576\" style=\"object-fit:cover\" srcset=\"https:\/\/www.vap-camping.fr\/wp-content\/uploads\/2025\/04\/skyvue-campingfoix-1024x683.jpg 1024w, https:\/\/www.vap-camping.fr\/wp-content\/uploads\/2025\/04\/skyvue-campingfoix-600x400.jpg 600w, https:\/\/www.vap-camping.fr\/wp-content\/uploads\/2025\/04\/skyvue-campingfoix-768x512.jpg 768w, https:\/\/www.vap-camping.fr\/wp-content\/uploads\/2025\/04\/skyvue-campingfoix-1536x1024.jpg 1536w, https:\/\/www.vap-camping.fr\/wp-content\/uploads\/2025\/04\/skyvue-campingfoix-2048x1365.jpg 2048w\" sizes=\"(max-width: 1024px) 100vw, 1024px\" \/><button\n\t\t\tclass=\"lightbox-trigger\"\n\t\t\ttype=\"button\"\n\t\t\taria-haspopup=\"dialog\"\n\t\t\taria-label=\"Enlarge\"\n\t\t\tdata-wp-init=\"callbacks.initTriggerButton\"\n\t\t\tdata-wp-on-async--click=\"actions.showLightbox\"\n\t\t\tdata-wp-style--right=\"state.imageButtonRight\"\n\t\t\tdata-wp-style--top=\"state.imageButtonTop\"\n\t\t>\n\t\t\t<svg xmlns=\"http:\/\/www.w3.org\/2000\/svg\" width=\"12\" height=\"12\" fill=\"none\" viewBox=\"0 0 12 12\">\n\t\t\t\t<path fill=\"#fff\" d=\"M2 0a2 2 0 0 0-2 2v2h1.5V2a.5.5 0 0 1 .5-.5h2V0H2Zm2 10.5H2a.5.5 0 0 1-.5-.5V8H0v2a2 2 0 0 0 2 2h2v-1.5ZM8 12v-1.5h2a.5.5 0 0 0 .5-.5V8H12v2a2 2 0 0 1-2 2H8Zm2-12a2 2 0 0 1 2 2v2h-1.5V2a.5.5 0 0 0-.5-.5H8V0h2Z\" \/>\n\t\t\t<\/svg>\n\t\t<\/button><\/figure>\n\n\n\n<figure data-wp-context=\"{&quot;imageId&quot;:&quot;69f3aa97ed8c1&quot;}\" data-wp-interactive=\"core\/image\" class=\"wp-block-image size-large wp-lightbox-container\"><img alt=\"\" decoding=\"async\" width=\"1024\" height=\"683\" data-wp-class--hide=\"state.isContentHidden\" data-wp-class--show=\"state.isContentVisible\" data-wp-init=\"callbacks.setButtonStyles\" data-wp-on-async--click=\"actions.showLightbox\" data-wp-on-async--load=\"callbacks.setButtonStyles\" data-wp-on-async-window--resize=\"callbacks.setButtonStyles\" src=\"https:\/\/www.vap-camping.fr\/wp-content\/uploads\/2025\/04\/petitjeudesenfant-campingfoix-1024x683.jpeg\" alt=\"\" class=\"wp-image-572\" style=\"object-fit:cover\" srcset=\"https:\/\/www.vap-camping.fr\/wp-content\/uploads\/2025\/04\/petitjeudesenfant-campingfoix-1024x683.jpeg 1024w, https:\/\/www.vap-camping.fr\/wp-content\/uploads\/2025\/04\/petitjeudesenfant-campingfoix-600x400.jpeg 600w, https:\/\/www.vap-camping.fr\/wp-content\/uploads\/2025\/04\/petitjeudesenfant-campingfoix-768x512.jpeg 768w, https:\/\/www.vap-camping.fr\/wp-content\/uploads\/2025\/04\/petitjeudesenfant-campingfoix-1536x1024.jpeg 1536w, https:\/\/www.vap-camping.fr\/wp-content\/uploads\/2025\/04\/petitjeudesenfant-campingfoix-2048x1365.jpeg 2048w\" sizes=\"(max-width: 1024px) 100vw, 1024px\" \/><button\n\t\t\tclass=\"lightbox-trigger\"\n\t\t\ttype=\"button\"\n\t\t\taria-haspopup=\"dialog\"\n\t\t\taria-label=\"Enlarge\"\n\t\t\tdata-wp-init=\"callbacks.initTriggerButton\"\n\t\t\tdata-wp-on-async--click=\"actions.showLightbox\"\n\t\t\tdata-wp-style--right=\"state.imageButtonRight\"\n\t\t\tdata-wp-style--top=\"state.imageButtonTop\"\n\t\t>\n\t\t\t<svg xmlns=\"http:\/\/www.w3.org\/2000\/svg\" width=\"12\" height=\"12\" fill=\"none\" viewBox=\"0 0 12 12\">\n\t\t\t\t<path fill=\"#fff\" d=\"M2 0a2 2 0 0 0-2 2v2h1.5V2a.5.5 0 0 1 .5-.5h2V0H2Zm2 10.5H2a.5.5 0 0 1-.5-.5V8H0v2a2 2 0 0 0 2 2h2v-1.5ZM8 12v-1.5h2a.5.5 0 0 0 .5-.5V8H12v2a2 2 0 0 1-2 2H8Zm2-12a2 2 0 0 1 2 2v2h-1.5V2a.5.5 0 0 0-.5-.5H8V0h2Z\" \/>\n\t\t\t<\/svg>\n\t\t<\/button><\/figure>\n\n\n\n<figure data-wp-context=\"{&quot;imageId&quot;:&quot;69f3aa97ee660&quot;}\" data-wp-interactive=\"core\/image\" class=\"wp-block-image size-large wp-lightbox-container\"><img alt=\"\" decoding=\"async\" width=\"1024\" height=\"576\" data-wp-class--hide=\"state.isContentHidden\" data-wp-class--show=\"state.isContentVisible\" data-wp-init=\"callbacks.setButtonStyles\" data-wp-on-async--click=\"actions.showLightbox\" data-wp-on-async--load=\"callbacks.setButtonStyles\" data-wp-on-async-window--resize=\"callbacks.setButtonStyles\" src=\"https:\/\/www.vap-camping.fr\/wp-content\/uploads\/2025\/04\/jeu-denfant-1024x576.jpg\" alt=\"\" class=\"wp-image-2473\" style=\"object-fit:cover\" srcset=\"https:\/\/www.vap-camping.fr\/wp-content\/uploads\/2025\/04\/jeu-denfant-1024x576.jpg 1024w, https:\/\/www.vap-camping.fr\/wp-content\/uploads\/2025\/04\/jeu-denfant-600x337.jpg 600w, https:\/\/www.vap-camping.fr\/wp-content\/uploads\/2025\/04\/jeu-denfant-768x432.jpg 768w, https:\/\/www.vap-camping.fr\/wp-content\/uploads\/2025\/04\/jeu-denfant-1536x863.jpg 1536w, https:\/\/www.vap-camping.fr\/wp-content\/uploads\/2025\/04\/jeu-denfant-2048x1151.jpg 2048w\" sizes=\"(max-width: 1024px) 100vw, 1024px\" \/><button\n\t\t\tclass=\"lightbox-trigger\"\n\t\t\ttype=\"button\"\n\t\t\taria-haspopup=\"dialog\"\n\t\t\taria-label=\"Enlarge\"\n\t\t\tdata-wp-init=\"callbacks.initTriggerButton\"\n\t\t\tdata-wp-on-async--click=\"actions.showLightbox\"\n\t\t\tdata-wp-style--right=\"state.imageButtonRight\"\n\t\t\tdata-wp-style--top=\"state.imageButtonTop\"\n\t\t>\n\t\t\t<svg xmlns=\"http:\/\/www.w3.org\/2000\/svg\" width=\"12\" height=\"12\" fill=\"none\" viewBox=\"0 0 12 12\">\n\t\t\t\t<path fill=\"#fff\" d=\"M2 0a2 2 0 0 0-2 2v2h1.5V2a.5.5 0 0 1 .5-.5h2V0H2Zm2 10.5H2a.5.5 0 0 1-.5-.5V8H0v2a2 2 0 0 0 2 2h2v-1.5ZM8 12v-1.5h2a.5.5 0 0 0 .5-.5V8H12v2a2 2 0 0 1-2 2H8Zm2-12a2 2 0 0 1 2 2v2h-1.5V2a.5.5 0 0 0-.5-.5H8V0h2Z\" \/>\n\t\t\t<\/svg>\n\t\t<\/button><\/figure>\n<\/div>\n\n\n\n<div class=\"wp-block-group galery-row is-nowrap is-layout-flex wp-container-core-group-is-layout-6c531013 wp-block-group-is-layout-flex\">\n<figure data-wp-context=\"{&quot;imageId&quot;:&quot;69f3aa97ef8b4&quot;}\" data-wp-interactive=\"core\/image\" class=\"wp-block-image size-large wp-lightbox-container\"><img alt=\"snack\" decoding=\"async\" width=\"1024\" height=\"683\" data-wp-class--hide=\"state.isContentHidden\" data-wp-class--show=\"state.isContentVisible\" data-wp-init=\"callbacks.setButtonStyles\" data-wp-on-async--click=\"actions.showLightbox\" data-wp-on-async--load=\"callbacks.setButtonStyles\" data-wp-on-async-window--resize=\"callbacks.setButtonStyles\" src=\"https:\/\/www.vap-camping.fr\/wp-content\/uploads\/2025\/04\/snackvue-campingfoix-1-1024x683.jpeg\" alt=\"\" class=\"wp-image-578\" style=\"object-fit:cover\" srcset=\"https:\/\/www.vap-camping.fr\/wp-content\/uploads\/2025\/04\/snackvue-campingfoix-1-1024x683.jpeg 1024w, https:\/\/www.vap-camping.fr\/wp-content\/uploads\/2025\/04\/snackvue-campingfoix-1-600x400.jpeg 600w, https:\/\/www.vap-camping.fr\/wp-content\/uploads\/2025\/04\/snackvue-campingfoix-1-768x512.jpeg 768w, https:\/\/www.vap-camping.fr\/wp-content\/uploads\/2025\/04\/snackvue-campingfoix-1-1536x1024.jpeg 1536w, https:\/\/www.vap-camping.fr\/wp-content\/uploads\/2025\/04\/snackvue-campingfoix-1-2048x1365.jpeg 2048w\" sizes=\"(max-width: 1024px) 100vw, 1024px\" \/><button\n\t\t\tclass=\"lightbox-trigger\"\n\t\t\ttype=\"button\"\n\t\t\taria-haspopup=\"dialog\"\n\t\t\taria-label=\"Enlarge\"\n\t\t\tdata-wp-init=\"callbacks.initTriggerButton\"\n\t\t\tdata-wp-on-async--click=\"actions.showLightbox\"\n\t\t\tdata-wp-style--right=\"state.imageButtonRight\"\n\t\t\tdata-wp-style--top=\"state.imageButtonTop\"\n\t\t>\n\t\t\t<svg xmlns=\"http:\/\/www.w3.org\/2000\/svg\" width=\"12\" height=\"12\" fill=\"none\" viewBox=\"0 0 12 12\">\n\t\t\t\t<path fill=\"#fff\" d=\"M2 0a2 2 0 0 0-2 2v2h1.5V2a.5.5 0 0 1 .5-.5h2V0H2Zm2 10.5H2a.5.5 0 0 1-.5-.5V8H0v2a2 2 0 0 0 2 2h2v-1.5ZM8 12v-1.5h2a.5.5 0 0 0 .5-.5V8H12v2a2 2 0 0 1-2 2H8Zm2-12a2 2 0 0 1 2 2v2h-1.5V2a.5.5 0 0 0-.5-.5H8V0h2Z\" \/>\n\t\t\t<\/svg>\n\t\t<\/button><\/figure>\n\n\n\n<figure data-wp-context=\"{&quot;imageId&quot;:&quot;69f3aa97f0c0c&quot;}\" data-wp-interactive=\"core\/image\" class=\"wp-block-image size-large wp-lightbox-container\"><img alt=\"\" decoding=\"async\" width=\"1024\" height=\"683\" data-wp-class--hide=\"state.isContentHidden\" data-wp-class--show=\"state.isContentVisible\" data-wp-init=\"callbacks.setButtonStyles\" data-wp-on-async--click=\"actions.showLightbox\" data-wp-on-async--load=\"callbacks.setButtonStyles\" data-wp-on-async-window--resize=\"callbacks.setButtonStyles\" src=\"https:\/\/www.vap-camping.fr\/wp-content\/uploads\/2025\/04\/chalet-information-foix-1024x683.jpeg\" alt=\"\" class=\"wp-image-586\" style=\"object-fit:cover\" srcset=\"https:\/\/www.vap-camping.fr\/wp-content\/uploads\/2025\/04\/chalet-information-foix-1024x683.jpeg 1024w, https:\/\/www.vap-camping.fr\/wp-content\/uploads\/2025\/04\/chalet-information-foix-600x400.jpeg 600w, https:\/\/www.vap-camping.fr\/wp-content\/uploads\/2025\/04\/chalet-information-foix-768x512.jpeg 768w, https:\/\/www.vap-camping.fr\/wp-content\/uploads\/2025\/04\/chalet-information-foix-1536x1024.jpeg 1536w, https:\/\/www.vap-camping.fr\/wp-content\/uploads\/2025\/04\/chalet-information-foix-2048x1365.jpeg 2048w\" sizes=\"(max-width: 1024px) 100vw, 1024px\" \/><button\n\t\t\tclass=\"lightbox-trigger\"\n\t\t\ttype=\"button\"\n\t\t\taria-haspopup=\"dialog\"\n\t\t\taria-label=\"Enlarge\"\n\t\t\tdata-wp-init=\"callbacks.initTriggerButton\"\n\t\t\tdata-wp-on-async--click=\"actions.showLightbox\"\n\t\t\tdata-wp-style--right=\"state.imageButtonRight\"\n\t\t\tdata-wp-style--top=\"state.imageButtonTop\"\n\t\t>\n\t\t\t<svg xmlns=\"http:\/\/www.w3.org\/2000\/svg\" width=\"12\" height=\"12\" fill=\"none\" viewBox=\"0 0 12 12\">\n\t\t\t\t<path fill=\"#fff\" d=\"M2 0a2 2 0 0 0-2 2v2h1.5V2a.5.5 0 0 1 .5-.5h2V0H2Zm2 10.5H2a.5.5 0 0 1-.5-.5V8H0v2a2 2 0 0 0 2 2h2v-1.5ZM8 12v-1.5h2a.5.5 0 0 0 .5-.5V8H12v2a2 2 0 0 1-2 2H8Zm2-12a2 2 0 0 1 2 2v2h-1.5V2a.5.5 0 0 0-.5-.5H8V0h2Z\" \/>\n\t\t\t<\/svg>\n\t\t<\/button><\/figure>\n\n\n\n<figure data-wp-context=\"{&quot;imageId&quot;:&quot;69f3aa97f1816&quot;}\" data-wp-interactive=\"core\/image\" class=\"wp-block-image size-large wp-lightbox-container\"><img alt=\"\" decoding=\"async\" width=\"1024\" height=\"683\" data-wp-class--hide=\"state.isContentHidden\" data-wp-class--show=\"state.isContentVisible\" data-wp-init=\"callbacks.setButtonStyles\" data-wp-on-async--click=\"actions.showLightbox\" data-wp-on-async--load=\"callbacks.setButtonStyles\" data-wp-on-async-window--resize=\"callbacks.setButtonStyles\" src=\"https:\/\/www.vap-camping.fr\/wp-content\/uploads\/2025\/04\/vue-Cocosweet-1024x683.jpeg\" alt=\"\" class=\"wp-image-588\" style=\"object-fit:cover\" srcset=\"https:\/\/www.vap-camping.fr\/wp-content\/uploads\/2025\/04\/vue-Cocosweet-1024x683.jpeg 1024w, https:\/\/www.vap-camping.fr\/wp-content\/uploads\/2025\/04\/vue-Cocosweet-600x400.jpeg 600w, https:\/\/www.vap-camping.fr\/wp-content\/uploads\/2025\/04\/vue-Cocosweet-768x512.jpeg 768w, https:\/\/www.vap-camping.fr\/wp-content\/uploads\/2025\/04\/vue-Cocosweet-1536x1024.jpeg 1536w, https:\/\/www.vap-camping.fr\/wp-content\/uploads\/2025\/04\/vue-Cocosweet-2048x1365.jpeg 2048w\" sizes=\"(max-width: 1024px) 100vw, 1024px\" \/><button\n\t\t\tclass=\"lightbox-trigger\"\n\t\t\ttype=\"button\"\n\t\t\taria-haspopup=\"dialog\"\n\t\t\taria-label=\"Enlarge\"\n\t\t\tdata-wp-init=\"callbacks.initTriggerButton\"\n\t\t\tdata-wp-on-async--click=\"actions.showLightbox\"\n\t\t\tdata-wp-style--right=\"state.imageButtonRight\"\n\t\t\tdata-wp-style--top=\"state.imageButtonTop\"\n\t\t>\n\t\t\t<svg xmlns=\"http:\/\/www.w3.org\/2000\/svg\" width=\"12\" height=\"12\" fill=\"none\" viewBox=\"0 0 12 12\">\n\t\t\t\t<path fill=\"#fff\" d=\"M2 0a2 2 0 0 0-2 2v2h1.5V2a.5.5 0 0 1 .5-.5h2V0H2Zm2 10.5H2a.5.5 0 0 1-.5-.5V8H0v2a2 2 0 0 0 2 2h2v-1.5ZM8 12v-1.5h2a.5.5 0 0 0 .5-.5V8H12v2a2 2 0 0 1-2 2H8Zm2-12a2 2 0 0 1 2 2v2h-1.5V2a.5.5 0 0 0-.5-.5H8V0h2Z\" \/>\n\t\t\t<\/svg>\n\t\t<\/button><\/figure>\n\n\n\n<figure data-wp-context=\"{&quot;imageId&quot;:&quot;69f3aa97f2237&quot;}\" data-wp-interactive=\"core\/image\" class=\"wp-block-image size-large wp-lightbox-container\"><img alt=\"\" decoding=\"async\" width=\"1024\" height=\"683\" data-wp-class--hide=\"state.isContentHidden\" data-wp-class--show=\"state.isContentVisible\" data-wp-init=\"callbacks.setButtonStyles\" data-wp-on-async--click=\"actions.showLightbox\" data-wp-on-async--load=\"callbacks.setButtonStyles\" data-wp-on-async-window--resize=\"callbacks.setButtonStyles\" src=\"https:\/\/www.vap-camping.fr\/wp-content\/uploads\/2025\/04\/cottage-XL-terrasse-3-1024x683.jpg\" alt=\"\" class=\"wp-image-590\" style=\"object-fit:cover\" srcset=\"https:\/\/www.vap-camping.fr\/wp-content\/uploads\/2025\/04\/cottage-XL-terrasse-3-1024x683.jpg 1024w, https:\/\/www.vap-camping.fr\/wp-content\/uploads\/2025\/04\/cottage-XL-terrasse-3-600x400.jpg 600w, https:\/\/www.vap-camping.fr\/wp-content\/uploads\/2025\/04\/cottage-XL-terrasse-3-768x512.jpg 768w, https:\/\/www.vap-camping.fr\/wp-content\/uploads\/2025\/04\/cottage-XL-terrasse-3-1536x1024.jpg 1536w, https:\/\/www.vap-camping.fr\/wp-content\/uploads\/2025\/04\/cottage-XL-terrasse-3-2048x1365.jpg 2048w\" sizes=\"(max-width: 1024px) 100vw, 1024px\" \/><button\n\t\t\tclass=\"lightbox-trigger\"\n\t\t\ttype=\"button\"\n\t\t\taria-haspopup=\"dialog\"\n\t\t\taria-label=\"Enlarge\"\n\t\t\tdata-wp-init=\"callbacks.initTriggerButton\"\n\t\t\tdata-wp-on-async--click=\"actions.showLightbox\"\n\t\t\tdata-wp-style--right=\"state.imageButtonRight\"\n\t\t\tdata-wp-style--top=\"state.imageButtonTop\"\n\t\t>\n\t\t\t<svg xmlns=\"http:\/\/www.w3.org\/2000\/svg\" width=\"12\" height=\"12\" fill=\"none\" viewBox=\"0 0 12 12\">\n\t\t\t\t<path fill=\"#fff\" d=\"M2 0a2 2 0 0 0-2 2v2h1.5V2a.5.5 0 0 1 .5-.5h2V0H2Zm2 10.5H2a.5.5 0 0 1-.5-.5V8H0v2a2 2 0 0 0 2 2h2v-1.5ZM8 12v-1.5h2a.5.5 0 0 0 .5-.5V8H12v2a2 2 0 0 1-2 2H8Zm2-12a2 2 0 0 1 2 2v2h-1.5V2a.5.5 0 0 0-.5-.5H8V0h2Z\" \/>\n\t\t\t<\/svg>\n\t\t<\/button><\/figure>\n\n\n\n<figure data-wp-context=\"{&quot;imageId&quot;:&quot;69f3aa97f2afb&quot;}\" data-wp-interactive=\"core\/image\" class=\"wp-block-image size-large wp-lightbox-container\"><img alt=\"\" decoding=\"async\" width=\"1024\" height=\"683\" data-wp-class--hide=\"state.isContentHidden\" data-wp-class--show=\"state.isContentVisible\" data-wp-init=\"callbacks.setButtonStyles\" data-wp-on-async--click=\"actions.showLightbox\" data-wp-on-async--load=\"callbacks.setButtonStyles\" data-wp-on-async-window--resize=\"callbacks.setButtonStyles\" src=\"https:\/\/www.vap-camping.fr\/wp-content\/uploads\/2025\/04\/reception-campingfoix-1024x683.jpg\" alt=\"\" class=\"wp-image-574\" style=\"object-fit:cover\" srcset=\"https:\/\/www.vap-camping.fr\/wp-content\/uploads\/2025\/04\/reception-campingfoix-1024x683.jpg 1024w, https:\/\/www.vap-camping.fr\/wp-content\/uploads\/2025\/04\/reception-campingfoix-600x400.jpg 600w, https:\/\/www.vap-camping.fr\/wp-content\/uploads\/2025\/04\/reception-campingfoix-768x512.jpg 768w, https:\/\/www.vap-camping.fr\/wp-content\/uploads\/2025\/04\/reception-campingfoix-1536x1024.jpg 1536w, https:\/\/www.vap-camping.fr\/wp-content\/uploads\/2025\/04\/reception-campingfoix-2048x1365.jpg 2048w\" sizes=\"(max-width: 1024px) 100vw, 1024px\" \/><button\n\t\t\tclass=\"lightbox-trigger\"\n\t\t\ttype=\"button\"\n\t\t\taria-haspopup=\"dialog\"\n\t\t\taria-label=\"Enlarge\"\n\t\t\tdata-wp-init=\"callbacks.initTriggerButton\"\n\t\t\tdata-wp-on-async--click=\"actions.showLightbox\"\n\t\t\tdata-wp-style--right=\"state.imageButtonRight\"\n\t\t\tdata-wp-style--top=\"state.imageButtonTop\"\n\t\t>\n\t\t\t<svg xmlns=\"http:\/\/www.w3.org\/2000\/svg\" width=\"12\" height=\"12\" fill=\"none\" viewBox=\"0 0 12 12\">\n\t\t\t\t<path fill=\"#fff\" d=\"M2 0a2 2 0 0 0-2 2v2h1.5V2a.5.5 0 0 1 .5-.5h2V0H2Zm2 10.5H2a.5.5 0 0 1-.5-.5V8H0v2a2 2 0 0 0 2 2h2v-1.5ZM8 12v-1.5h2a.5.5 0 0 0 .5-.5V8H12v2a2 2 0 0 1-2 2H8Zm2-12a2 2 0 0 1 2 2v2h-1.5V2a.5.5 0 0 0-.5-.5H8V0h2Z\" \/>\n\t\t\t<\/svg>\n\t\t<\/button><\/figure>\n<\/div>\n<\/div>\n<\/div>\n\n\n\n<div class=\"wp-block-group alignwide is-style-title-simple fromTop is-layout-flow wp-block-group-is-layout-flow is-style-title-simple--4\" style=\"margin-top:4rem;margin-bottom:4rem\">\n<p class=\"has-text-align-center has-secondary-color has-text-color has-link-color has-secondary-font-family has-xl-font-size wp-elements-a050fec654a3551bf87a69c37179c217\">Find<\/p>\n\n\n\n<p class=\"has-text-align-center has-primary-font-family has-sm-font-size\" style=\"text-transform:uppercase\"><strong>your pitch or rental<\/strong><\/p>\n<\/div>\n\n\n\n<div style=\"background-image:url(&#039;https:\/\/www.vap-camping.fr\/wp-content\/uploads\/2025\/04\/vue-des-mobilhome-campingfoix-scaled.jpeg&#039;);background-size:cover;\" class=\"wp-block-group bg-img-part is-layout-flow wp-block-group-is-layout-flow has-background\">\n<div class=\"wp-block-columns alignfull is-layout-flex wp-container-core-columns-is-layout-28f84493 wp-block-columns-is-layout-flex\">\n<div class=\"wp-block-column part-void is-layout-flow wp-block-column-is-layout-flow\"><\/div>\n\n\n\n<div class=\"wp-block-column part-content is-layout-flow wp-block-column-is-layout-flow\" style=\"flex-basis:45%\">\n<div class=\"wp-block-group is-bg-rounded has-global-padding is-content-justification-right is-layout-constrained wp-container-core-group-is-layout-42ecb5a2 wp-block-group-is-layout-constrained\">\n<div class=\"wp-block-group alignfull is-style-title-flip has-global-padding is-content-justification-right is-layout-constrained wp-container-core-group-is-layout-f1f2ed93 wp-block-group-is-layout-constrained is-style-title-flip--5\">\n<p class=\"has-text-align-right has-secondary-font-family has-xl-font-size\">Rentals<\/p>\n\n\n\n<p class=\"has-text-align-right has-sm-font-size\" style=\"text-transform:uppercase\"><strong>and Locations<\/strong><\/p>\n\n\n\n<h1 class=\"wp-block-heading text-title\"> <strong>Camping du Lac offers something for everyone, so you&#8217;re sure to find what you&#8217;re looking for in Ari\u00e8ge, just 1 hour from Toulouse!<\/strong><\/h1>\n\n\n\n<div class=\"wp-block-group has-global-padding is-content-justification-right is-layout-constrained wp-container-core-group-is-layout-f1f2ed93 wp-block-group-is-layout-constrained\">\n<div class=\"wp-block-columns is-layout-flex wp-container-core-columns-is-layout-28f84493 wp-block-columns-is-layout-flex\">\n<div class=\"wp-block-column is-layout-flow wp-block-column-is-layout-flow\" style=\"flex-basis:100%\">\n<div class=\"wp-block-group alignfull is-vertical is-layout-flex wp-container-core-group-is-layout-fe9cc265 wp-block-group-is-layout-flex\">\n<div class=\"wp-block-group has-global-padding is-layout-constrained wp-block-group-is-layout-constrained\">\n<p class=\"has-link-color wp-elements-7ab9eb1ace79c74b6bd87df8087a64fa\">Our <a href=\"https:\/\/www.vap-camping.fr\/en\/camping-pas-cher-foix\/\" data-type=\"page\" data-id=\"2418\">campsite in Foix<\/a> offers :<\/p>\n\n\n\n<p class=\"has-link-color wp-elements-e78606e25416e8f39134dde3b7e905b6\">Comfortable accommodation: cottages for 4 to 6 people, with or without air conditioning, Coco Sweet tents for adventurers, and small Valentin bungalows for short stays.<\/p>\n\n\n\n<p class=\"has-link-color wp-elements-306d422656822729e09124b4c53cf283\">Spacious pitches for tents, caravans and motorhomes, with or without electricity, for traditional camping enthusiasts.<\/p>\n<\/div>\n\n\n\n<p class=\"has-link-color wp-elements-c41b1590a83d3d4a36c473354beae0f4\">Our campsite is also suitable for people with reduced mobility, and we welcome assistance dogs free of charge.<\/p>\n\n\n\n<p class=\"has-link-color wp-elements-5b022413d5122b5755c6473376a50e71\">  Come and enjoy a green setting, a welcoming family atmosphere, all within easy reach of the historic center and Foix&#8217;s sporting and tourist activities.<\/p>\n<\/div>\n<\/div>\n<\/div>\n<\/div>\n<\/div>\n\n\n\n<div class=\"wp-block-buttons is-horizontal is-content-justification-right is-layout-flex wp-container-core-buttons-is-layout-30af2ff6 wp-block-buttons-is-layout-flex\">\n<div class=\"wp-block-button button is-style-fill\"><a class=\"wp-block-button__link wp-element-button\" href=\"#holidays\" style=\"padding-top:0px;padding-right:0px;padding-bottom:0px;padding-left:0px\">Discover<\/a><\/div>\n<\/div>\n<\/div>\n<\/div>\n<\/div>\n<\/div>\n\n\n\n<div id=\"holidays\" class=\"wp-block-group has-global-padding is-layout-constrained wp-container-core-group-is-layout-8a400663 wp-block-group-is-layout-constrained\">\n<script>\n            window.ctoutvert = {\n                id: 716,\n                url: 'https:\/\/reservation.secureholiday.net\/widgets\/'\n            };\n            (function (w, d, s, ctv, r, js, fjs) {\n                r = new XMLHttpRequest(); r.open('GET', w[ctv].url + 'js\/src.json');\n                r.responseType = 'json'; r.json = true; r.send();\n                r.onload = function () {\n                    w[ctv].src = r.responseType == 'json' ? r.response : JSON.parse(r.response);\n                    js.src = w[ctv].src[0]; fjs.parentNode.insertBefore(js, fjs);\n                }\n                js = d.createElement(s), fjs = d.getElementsByTagName(s)[0];\n                js.id = 'ctvwidget'; js.async = 1;\n            }(window, document, 'script', 'ctoutvert'));\n        <\/script>\n        <ctv-availability data-background-color=\"#FFFFFF00\"><\/ctv-availability>\n<\/div>\n\n\n\n<div class=\"wp-block-group has-global-padding is-layout-constrained wp-block-group-is-layout-constrained\">\n<div class=\"wp-block-columns alignfull are-vertically-aligned-center m-ti is-layout-flex wp-container-core-columns-is-layout-0c0b91ec wp-block-columns-is-layout-flex\">\n<div class=\"wp-block-column is-vertically-aligned-center wp-block-image alignright size-large has-custom-border is-style-simple-left m-ti-image is-layout-flow wp-block-column-is-layout-flow is-style-simple-left--6\" style=\"flex-basis:60%\">\n<figure class=\"wp-block-image alignleft size-large\"><img alt=\"\" decoding=\"async\" width=\"1024\" height=\"683\" src=\"https:\/\/www.vap-camping.fr\/wp-content\/uploads\/2025\/04\/vuepiscine-campingfoix-1024x683.jpg\" alt=\"\" class=\"wp-image-568\" srcset=\"https:\/\/www.vap-camping.fr\/wp-content\/uploads\/2025\/04\/vuepiscine-campingfoix-1024x683.jpg 1024w, https:\/\/www.vap-camping.fr\/wp-content\/uploads\/2025\/04\/vuepiscine-campingfoix-600x400.jpg 600w, https:\/\/www.vap-camping.fr\/wp-content\/uploads\/2025\/04\/vuepiscine-campingfoix-768x512.jpg 768w, https:\/\/www.vap-camping.fr\/wp-content\/uploads\/2025\/04\/vuepiscine-campingfoix-1536x1024.jpg 1536w, https:\/\/www.vap-camping.fr\/wp-content\/uploads\/2025\/04\/vuepiscine-campingfoix-2048x1365.jpg 2048w\" sizes=\"(max-width: 1024px) 100vw, 1024px\" \/><\/figure>\n<\/div>\n\n\n\n<div class=\"wp-block-column is-vertically-aligned-center m-ti-text is-layout-flow wp-container-core-column-is-layout-58dbe9e9 wp-block-column-is-layout-flow\" style=\"padding-left:10rem;flex-basis:40%\">\n<div class=\"wp-block-group is-style-title-left is-layout-flow wp-block-group-is-layout-flow is-style-title-left--7\">\n<p class=\"has-secondary-color has-text-color has-link-color has-secondary-font-family has-xl-font-size wp-elements-ae5365680083ea2af20508969f983aae\">Our services<\/p>\n\n\n\n<p class=\"has-primary-color has-text-color has-link-color has-primary-font-family has-sm-font-size wp-elements-5164790f8fe658bc77167add6226acbe\" style=\"text-transform:uppercase\"><strong>For a comfortable stay<\/strong><\/p>\n<\/div>\n\n\n\n<h2 class=\"wp-block-heading text-title\">There&#8217;s everything for parents, kids, sports fans and friends!<\/h2>\n\n\n\n<p class=\"has-primary-color has-text-color has-link-color has-m-font-size wp-elements-63294166bf7ad34a3cb07f8a458b86bb\" style=\"padding-left:2rem\">In our <a href=\"https:\/\/www.vap-camping.fr\/en\/camping-4-etoiles-ariege\/\" data-type=\"page\" data-id=\"3390\"><strong>4-star campsite in Ari\u00e8ge<\/strong><\/a>everything is designed to make your stay as relaxing as possible. Take advantage of the outdoor swimming pool and paddling pool (open from June to September), bar-restaurant (open in season), bread and pastry delivery service, secure children&#8217;s playground, and summer evening entertainment. <\/p>\n\n\n\n<p class=\"has-primary-color has-text-color has-link-color has-m-font-size wp-elements-83e2e7bdf16efadce637a7a8b9c387a7\" style=\"padding-left:2rem\">Cyclists will appreciate our secure bicycle reception area with repair kit, and for added convenience, an electric charging station, free Wi-Fi and laundry facilities are available.<\/p>\n\n\n\n<p class=\"has-primary-color has-text-color has-link-color has-m-font-size wp-elements-02304525fb6204760aaf416fbf6c3f60\" style=\"padding-left:2rem\">For shared moments, take advantage of the communal facilities: ping-pong table, barbecues, petanque pitch and picnic tables&#8230;..<\/p>\n\n\n\n<p class=\"has-primary-color has-text-color has-link-color has-m-font-size wp-elements-3cf20742c6c055d6b32e85d6fcb41ced\" style=\"padding-left:2rem\">For an even more comfortable stay, you can opt for beds made up on arrival, rent a baby kit or request extra sheets.<\/p>\n\n\n\n<p class=\"has-primary-color has-text-color has-link-color has-m-font-size wp-elements-1f21a74f687252f1260e76b22dccf6dd\" style=\"padding-left:2rem\">And your four-legged friends are welcome under certain conditions, including assistance dogs.<\/p>\n\n\n\n<p class=\"has-link-color has-m-font-size wp-elements-5e83586e273277811aab6a6975bcb326\" style=\"padding-left:2rem\"><\/p>\n<\/div>\n<\/div>\n<\/div>\n\n\n\n<div class=\"wp-block-group has-global-padding is-layout-constrained wp-block-group-is-layout-constrained\">\n<div class=\"wp-block-columns alignfull are-vertically-aligned-center m-ti is-layout-flex wp-container-core-columns-is-layout-0c0b91ec wp-block-columns-is-layout-flex\">\n<div class=\"wp-block-column is-vertically-aligned-center m-ti-text is-layout-flow wp-container-core-column-is-layout-58dbe9e9 wp-block-column-is-layout-flow\" style=\"padding-left:10rem;flex-basis:40%\">\n<div class=\"wp-block-group is-style-title-left is-layout-flow wp-block-group-is-layout-flow is-style-title-left--8\">\n<p class=\"has-secondary-color has-text-color has-link-color has-secondary-font-family has-xl-font-size wp-elements-0d7dc4818b8ce2410eaf1913f7336c12\">Restaurant<\/p>\n\n\n\n<p class=\"has-primary-color has-text-color has-link-color has-primary-font-family has-sm-font-size wp-elements-752edc5e0f90565d7d2fb3b4a6f0af07\" style=\"text-transform:uppercase\"><strong><strong>Eat in and enjoy the atmosphere  <\/strong><\/strong><\/p>\n<\/div>\n\n\n\n<h2 class=\"wp-block-heading text-title\">A terrace, planchas, a cool drink: vacations finally have the real taste of summer!<\/h2>\n\n\n\n<p class=\"has-m-font-size\" style=\"padding-left:2rem\">Open for lunch and dinner from June to September, La Table Capricieuse is the perfect place to enjoy the vacation spirit.<br>Relaxed family atmosphere, delicious and generous dishes, and planchas that smell of summer: here, we share, laugh and enjoy.<\/p>\n\n\n\n<p class=\"has-m-font-size\" style=\"padding-left:2rem\">From time to time, the evening is extended with a concert or musical entertainment for an even more convivial atmosphere.<br>Whether you come with family, friends or camping neighbors, La Table Capricieuse promises warm, gourmet moments.<\/p>\n<\/div>\n\n\n\n<div class=\"wp-block-column is-vertically-aligned-center wp-block-image alignright size-large has-custom-border m-ti-image is-style-simple-right is-layout-flow wp-block-column-is-layout-flow is-style-simple-right--9\" style=\"flex-basis:60%\">\n<figure class=\"wp-block-image alignright size-full is-resized is-style-default wp-duotone-unset-10\"><img decoding=\"async\" width=\"2560\" height=\"1920\" src=\"https:\/\/www.vap-camping.fr\/wp-content\/uploads\/2025\/04\/restaurant-foix-scaled.jpg\" alt=\"restaurant foix\" class=\"wp-image-1671\" style=\"width:677px;height:auto\" srcset=\"https:\/\/www.vap-camping.fr\/wp-content\/uploads\/2025\/04\/restaurant-foix-scaled.jpg 2560w, https:\/\/www.vap-camping.fr\/wp-content\/uploads\/2025\/04\/restaurant-foix-600x450.jpg 600w, https:\/\/www.vap-camping.fr\/wp-content\/uploads\/2025\/04\/restaurant-foix-1024x768.jpg 1024w, https:\/\/www.vap-camping.fr\/wp-content\/uploads\/2025\/04\/restaurant-foix-768x576.jpg 768w, https:\/\/www.vap-camping.fr\/wp-content\/uploads\/2025\/04\/restaurant-foix-1536x1152.jpg 1536w, https:\/\/www.vap-camping.fr\/wp-content\/uploads\/2025\/04\/restaurant-foix-2048x1536.jpg 2048w\" sizes=\"(max-width: 2560px) 100vw, 2560px\" \/><\/figure>\n<\/div>\n<\/div>\n<\/div>\n\n\n\n<div class=\"wp-block-group has-global-padding is-layout-constrained wp-block-group-is-layout-constrained\">\n<div class=\"wp-block-columns alignfull are-vertically-aligned-center m-ti is-layout-flex wp-container-core-columns-is-layout-0c0b91ec wp-block-columns-is-layout-flex\">\n<div class=\"wp-block-column is-vertically-aligned-center wp-block-image alignright size-large has-custom-border is-style-simple-left m-ti-image is-layout-flow wp-block-column-is-layout-flow is-style-simple-left--11\" style=\"flex-basis:60%\">\n<figure class=\"wp-block-image alignleft size-large\"><img alt=\"\" decoding=\"async\" width=\"1024\" height=\"683\" src=\"https:\/\/www.vap-camping.fr\/wp-content\/uploads\/2025\/04\/image-1-1024x683.jpeg\" alt=\"\" class=\"wp-image-6075\" srcset=\"https:\/\/www.vap-camping.fr\/wp-content\/uploads\/2025\/04\/image-1-1024x683.jpeg 1024w, https:\/\/www.vap-camping.fr\/wp-content\/uploads\/2025\/04\/image-1-600x400.jpeg 600w, https:\/\/www.vap-camping.fr\/wp-content\/uploads\/2025\/04\/image-1-768x512.jpeg 768w, https:\/\/www.vap-camping.fr\/wp-content\/uploads\/2025\/04\/image-1.jpeg 1536w\" sizes=\"(max-width: 1024px) 100vw, 1024px\" \/><\/figure>\n<\/div>\n\n\n\n<div class=\"wp-block-column is-vertically-aligned-center m-ti-text is-layout-flow wp-container-core-column-is-layout-58dbe9e9 wp-block-column-is-layout-flow\" style=\"padding-left:10rem;flex-basis:40%\">\n<div class=\"wp-block-group is-style-title-left is-layout-flow wp-block-group-is-layout-flow is-style-title-left--12\">\n<p class=\"has-secondary-color has-text-color has-link-color has-secondary-font-family has-xl-font-size wp-elements-bd5bfc299f3b099966da874f7a03e968\">Our events<\/p>\n\n\n\n<p class=\"has-primary-color has-text-color has-link-color has-primary-font-family has-sm-font-size wp-elements-3ddf61767de557e072e4ea46046331f4\" style=\"text-transform:uppercase\"><strong><strong>for this summer  <\/strong><\/strong><\/p>\n<\/div>\n\n\n\n<h1 class=\"wp-block-heading text-title\"><strong>Summer entertainment at Camping du Lac in Foix: children&#8217;s and parents&#8217; activities, aquagym, cabaret, disco, cinema, shows (July 6-Aug. 28).<\/strong><\/h1>\n\n\n\n<p class=\"has-primary-color has-text-color has-link-color has-m-font-size wp-elements-c7e7c13d7adb2bace8b539aafbacdb0d\" style=\"padding-left:2rem\">Looking for a lively summer?  <\/p>\n\n\n\n<p class=\"has-primary-color has-text-color has-link-color has-m-font-size wp-elements-961a1cedda1c0ce822617079b5d63e2c\" style=\"padding-left:2rem\">Summer at Camping du Lac in Foix is all about entertainment, laughter and sharing. Every week, enjoy a varied program designed for children and parents alike: aquagym sessions in the pool to gently get back into shape, disco evenings to dance under the stars, cabaret shows for a touch of magic, open-air cinema for a cosy moment, and real shows to enjoy together. The atmosphere is friendly and energetic, and there&#8217;s something for everyone: games, relaxation and memories guaranteed. Book your stay and enjoy a lively summer in the heart of Ari\u00e8ge!   <\/p>\n<\/div>\n<\/div>\n<\/div>\n\n\n\n<div class=\"wp-block-group has-global-padding is-layout-constrained wp-block-group-is-layout-constrained\">\n<div class=\"wp-block-columns alignfull are-vertically-aligned-center m-ti is-layout-flex wp-container-core-columns-is-layout-0c0b91ec wp-block-columns-is-layout-flex\">\n<div class=\"wp-block-column is-vertically-aligned-center m-ti-text is-layout-flow wp-container-core-column-is-layout-58dbe9e9 wp-block-column-is-layout-flow\" style=\"padding-left:10rem;flex-basis:40%\">\n<div class=\"wp-block-group is-style-title-left is-layout-flow wp-block-group-is-layout-flow is-style-title-left--13\">\n<p class=\"has-secondary-color has-text-color has-link-color has-secondary-font-family has-xl-font-size wp-elements-8f252020af5cdce3d0611213e7ab81ed\">What to do<\/p>\n\n\n\n<p class=\"has-primary-color has-text-color has-link-color has-primary-font-family has-sm-font-size wp-elements-8d155a3ab0110df26e3d1362ee24ee63\" style=\"text-transform:uppercase\"><strong>close to home<\/strong><\/p>\n<\/div>\n\n\n\n<h2 class=\"wp-block-heading text-title\">Bike, motorcycle, kayak, hike or fish: from the Camping du Lac, enjoy a unique setting where nature meets conviviality.<\/h2>\n\n\n\n<p class=\"has-m-font-size\" style=\"padding-left:2rem\">Looking for adventure?<\/p>\n\n\n\n<p class=\"has-m-font-size\" style=\"padding-left:2rem\">We&#8217;re just 1 km from the start of the Voie Verte, which allows you to explore the Ari\u00e8ge countryside by bike or on foot. Bikers will enjoy the beautiful winding roads of the Pyrenees, while kayakers will find Foix&#8217;s white-water stadium ideal for canoe-kayak training.   <\/p>\n\n\n\n<p class=\"has-m-font-size\" style=\"padding-left:2rem\">Want to discover?<\/p>\n\n\n\n<p class=\"has-m-font-size\" style=\"padding-left:2rem\">Explore the Ch\u00e2teau de Foix, the prehistoric caves, or hike to the Prat d&#8217;Albis or the Ars waterfall. Here, nature is everywhere: lakes, mountains and forests surround you.   <\/p>\n\n\n\n<p class=\"has-m-font-size\" style=\"padding-left:2rem\">Looking for a break on the banks of the Ari\u00e8ge?<\/p>\n\n\n\n<p class=\"has-m-font-size\" style=\"padding-left:2rem\">From the campsite, you can fish, paddle or simply enjoy the peace and quiet of the river.  <\/p>\n\n\n\n<p class=\"has-m-font-size\" style=\"padding-left:2rem\">And to extend the conviviality, discover the guinguette just 2 minutes from the campsite (open only in season).<\/p>\n\n\n\n<p class=\"has-m-font-size\" style=\"padding-left:2rem\">At Camping du Lac, lovers of the great outdoors and freedom are sure to find what they&#8217;re looking for!<\/p>\n<\/div>\n\n\n\n<div class=\"wp-block-column is-vertically-aligned-center wp-block-image alignright size-large has-custom-border is-style-travel m-ti-image is-layout-flow wp-block-column-is-layout-flow is-style-travel--14\" style=\"flex-basis:60%\">\n<figure class=\"wp-block-image alignright size-full\"><img decoding=\"async\" width=\"2048\" height=\"1536\" src=\"https:\/\/www.vap-camping.fr\/wp-content\/uploads\/2025\/07\/chateau-foix-automne-ariege.jpg\" alt=\"ch\u00e2teau de foix\" class=\"wp-image-2258\" srcset=\"https:\/\/www.vap-camping.fr\/wp-content\/uploads\/2025\/07\/chateau-foix-automne-ariege.jpg 2048w, https:\/\/www.vap-camping.fr\/wp-content\/uploads\/2025\/07\/chateau-foix-automne-ariege-600x450.jpg 600w, https:\/\/www.vap-camping.fr\/wp-content\/uploads\/2025\/07\/chateau-foix-automne-ariege-1024x768.jpg 1024w, https:\/\/www.vap-camping.fr\/wp-content\/uploads\/2025\/07\/chateau-foix-automne-ariege-768x576.jpg 768w, https:\/\/www.vap-camping.fr\/wp-content\/uploads\/2025\/07\/chateau-foix-automne-ariege-1536x1152.jpg 1536w\" sizes=\"(max-width: 2048px) 100vw, 2048px\" \/><\/figure>\n<\/div>\n<\/div>\n<\/div>\n\n\n\n<div class=\"wp-block-columns alignfull are-vertically-aligned-center m-ti is-layout-flex wp-container-core-columns-is-layout-0c0b91ec wp-block-columns-is-layout-flex\">\n<div class=\"wp-block-column is-vertically-aligned-center wp-block-image alignright size-large has-custom-border m-ti-image is-style-simple-left is-layout-flow wp-block-column-is-layout-flow is-style-simple-left--15\" style=\"flex-basis:60%\">\n<figure class=\"wp-block-image alignleft size-full\"><img alt=\"\" decoding=\"async\" width=\"2133\" height=\"1423\" src=\"https:\/\/www.vap-camping.fr\/wp-content\/uploads\/2025\/04\/charles_ripon_velo.jpg\" alt=\"\" class=\"wp-image-2467\" srcset=\"https:\/\/www.vap-camping.fr\/wp-content\/uploads\/2025\/04\/charles_ripon_velo.jpg 2133w, https:\/\/www.vap-camping.fr\/wp-content\/uploads\/2025\/04\/charles_ripon_velo-600x400.jpg 600w, https:\/\/www.vap-camping.fr\/wp-content\/uploads\/2025\/04\/charles_ripon_velo-1024x683.jpg 1024w, https:\/\/www.vap-camping.fr\/wp-content\/uploads\/2025\/04\/charles_ripon_velo-768x512.jpg 768w, https:\/\/www.vap-camping.fr\/wp-content\/uploads\/2025\/04\/charles_ripon_velo-1536x1025.jpg 1536w, https:\/\/www.vap-camping.fr\/wp-content\/uploads\/2025\/04\/charles_ripon_velo-2048x1366.jpg 2048w\" sizes=\"(max-width: 2133px) 100vw, 2133px\" \/><\/figure>\n<\/div>\n\n\n\n<div class=\"wp-block-column is-vertically-aligned-center m-ti-text is-layout-flow wp-container-core-column-is-layout-58dbe9e9 wp-block-column-is-layout-flow\" style=\"padding-left:10rem;flex-basis:40%\">\n<div class=\"wp-block-group is-style-title-left is-layout-flow wp-block-group-is-layout-flow is-style-title-left--16\">\n<p class=\"has-secondary-color has-text-color has-link-color has-secondary-font-family has-xl-font-size wp-elements-93d2c3c173148da99824b91399422fdb\">Car-free  <\/p>\n\n\n\n<p class=\"has-primary-color has-text-color has-link-color has-primary-font-family has-sm-font-size wp-elements-f043260dcf0947f7920c1a9d582d766d\" style=\"text-transform:uppercase\"><strong><strong>IN ARI\u00c8GE  <\/strong><\/strong><\/p>\n<\/div>\n\n\n\n<h2 class=\"wp-block-heading text-title\">On two wheels or on rails, live your vacation to the rhythm of nature and freedom!<\/h2>\n\n\n\n<p class=\"has-link-color has-m-font-size wp-elements-2247f426ce1a32936ef3420176d45e1c\" style=\"padding-left:2rem\">Leave the car behind and discover the Ari\u00e8ge at your own pace, between nature and Pyrenean panoramas!<\/p>\n\n\n\n<p class=\"has-link-color has-m-font-size wp-elements-a9478c2541ce08db76a6db47b69f24a7\" style=\"padding-left:2rem\">Just 1 km from Camping du Lac, the Voie Verte invites you to enjoy magnificent bike rides or walks along rivers and mountains. To make the most of your outing, our partner Air-Bikes, just 3 minutes from the campsite, offers classic, electric and children&#8217;s bike rentals More info: <a href=\"https:\/\/air-bikes.com\/?vue=Carte\">https:\/\/air-bikes.com\/?vue=Carte<\/a> <\/p>\n\n\n\n<p class=\"has-link-color has-m-font-size wp-elements-f18959bf16f83c81f4bfc0cbc0427840\" style=\"padding-left:2rem\">Prefer the train? No problem! The campsite is easily accessible via the Foix SNCF train station. From the station, take the shuttle bus (line n\u00b01 &#8211; \u20ac1 per person) and get off at the Capitany stop, just a 3-minute walk from the campsite. [Consult timetables here.    <\/p>\n\n\n\n<p class=\"has-link-color has-m-font-size wp-elements-40b49befaefdbb80da8c950dbdf9166c\" style=\"padding-left:2rem\">Whether you&#8217;re with family, friends or a sporting group, the bike and train are your allies for exploring the region responsibly and enjoyably, while making the most of your vacation on the banks of the Ari\u00e8ge. Check the timetable here: https: <a href=\"https:\/\/lagglobus.fr\/wp-content\/uploads\/2024\/08\/GABARIT-L1.pdf\">\/\/lagglobus.fr\/wp-content\/uploads\/2024\/08\/GABARIT-L1.pdf<\/a>. <\/p>\n\n\n\n<p class=\"has-m-font-size\" style=\"padding-left:2rem\"><\/p>\n\n\n\n<p><\/p>\n<\/div>\n<\/div>\n\n\n\n<div class=\"wp-block-group has-global-padding is-layout-constrained wp-container-core-group-is-layout-79e1f3ce wp-block-group-is-layout-constrained\" style=\"margin-top:5rem;margin-bottom:5rem\">\n<div class=\"wp-block-columns is-layout-flex wp-container-core-columns-is-layout-28f84493 wp-block-columns-is-layout-flex\">\n<div class=\"wp-block-column is-vertically-aligned-center is-layout-flow wp-block-column-is-layout-flow\" style=\"flex-basis:33.9%\">\n<figure class=\"wp-block-image aligncenter size-full is-resized\"><a href=\"https:\/\/qualite-tourisme-occitanie.fr\" target=\"_blank\" rel=\" noreferrer noopener\"><img alt=\"\" decoding=\"async\" width=\"1252\" height=\"413\" src=\"https:\/\/www.vap-camping.fr\/wp-content\/uploads\/2025\/04\/excosdf.jpg\" alt=\"\" class=\"wp-image-3970\" style=\"width:auto;height:150px\" srcset=\"https:\/\/www.vap-camping.fr\/wp-content\/uploads\/2025\/04\/excosdf.jpg 1252w, https:\/\/www.vap-camping.fr\/wp-content\/uploads\/2025\/04\/excosdf-600x198.jpg 600w, https:\/\/www.vap-camping.fr\/wp-content\/uploads\/2025\/04\/excosdf-1024x338.jpg 1024w, https:\/\/www.vap-camping.fr\/wp-content\/uploads\/2025\/04\/excosdf-768x253.jpg 768w\" sizes=\"(max-width: 1252px) 100vw, 1252px\" \/><\/a><\/figure>\n<\/div>\n\n\n\n<div class=\"wp-block-column is-vertically-aligned-center is-layout-flow wp-block-column-is-layout-flow\" style=\"flex-basis:20.55%\">\n<figure class=\"wp-block-image aligncenter size-full is-resized\"><img alt=\"\" decoding=\"async\" width=\"800\" height=\"668\" src=\"https:\/\/www.vap-camping.fr\/wp-content\/uploads\/2025\/04\/acsi_fc.webp\" alt=\"\" class=\"wp-image-4041\" style=\"width:150px;height:auto\" srcset=\"https:\/\/www.vap-camping.fr\/wp-content\/uploads\/2025\/04\/acsi_fc.webp 800w, https:\/\/www.vap-camping.fr\/wp-content\/uploads\/2025\/04\/acsi_fc-600x501.webp 600w, https:\/\/www.vap-camping.fr\/wp-content\/uploads\/2025\/04\/acsi_fc-768x641.webp 768w\" sizes=\"(max-width: 800px) 100vw, 800px\" \/><\/figure>\n<\/div>\n\n\n\n<div class=\"wp-block-column is-vertically-aligned-center is-layout-flow wp-block-column-is-layout-flow\" style=\"flex-basis:20.55%\">\n<figure class=\"wp-block-image aligncenter size-full\"><a href=\"https:\/\/www.culture.gouv.fr\/thematiques\/transition-ecologique\/Centre-de-ressources-Transition-ecologique-de-la-Culture\/Labels-normes\/label-accueil-velo\" target=\"_blank\" rel=\" noreferrer noopener\"><img alt=\"accueil-v\u00e9lo\" decoding=\"async\" width=\"2560\" height=\"2560\" src=\"https:\/\/www.vap-camping.fr\/wp-content\/uploads\/2025\/04\/accueil-velo-png-scaled.png\" alt=\"\" class=\"wp-image-3978\" srcset=\"https:\/\/www.vap-camping.fr\/wp-content\/uploads\/2025\/04\/accueil-velo-png-scaled.png 2560w, https:\/\/www.vap-camping.fr\/wp-content\/uploads\/2025\/04\/accueil-velo-png-600x600.png 600w, https:\/\/www.vap-camping.fr\/wp-content\/uploads\/2025\/04\/accueil-velo-png-1024x1024.png 1024w, https:\/\/www.vap-camping.fr\/wp-content\/uploads\/2025\/04\/accueil-velo-png-300x300.png 300w, https:\/\/www.vap-camping.fr\/wp-content\/uploads\/2025\/04\/accueil-velo-png-768x768.png 768w, https:\/\/www.vap-camping.fr\/wp-content\/uploads\/2025\/04\/accueil-velo-png-1536x1536.png 1536w, https:\/\/www.vap-camping.fr\/wp-content\/uploads\/2025\/04\/accueil-velo-png-2048x2048.png 2048w\" sizes=\"(max-width: 2560px) 100vw, 2560px\" \/><\/a><\/figure>\n<\/div>\n\n\n\n<div class=\"wp-block-column is-vertically-aligned-center is-layout-flow wp-block-column-is-layout-flow\" style=\"flex-basis:25%\">\n<figure class=\"wp-block-image size-large\"><a href=\"https:\/\/www.fredonoccitanie.com\/jevi\/charte-regionale-engage-pour-le-vegetal\/\" target=\"_blank\" rel=\" noreferrer noopener\"><img alt=\"\" decoding=\"async\" width=\"1024\" height=\"504\" src=\"https:\/\/www.vap-camping.fr\/wp-content\/uploads\/2025\/10\/image-56-1024x504.jpeg\" alt=\"\" class=\"wp-image-5837\" srcset=\"https:\/\/www.vap-camping.fr\/wp-content\/uploads\/2025\/10\/image-56-1024x504.jpeg 1024w, https:\/\/www.vap-camping.fr\/wp-content\/uploads\/2025\/10\/image-56-600x295.jpeg 600w, https:\/\/www.vap-camping.fr\/wp-content\/uploads\/2025\/10\/image-56-768x378.jpeg 768w, https:\/\/www.vap-camping.fr\/wp-content\/uploads\/2025\/10\/image-56-1536x756.jpeg 1536w, https:\/\/www.vap-camping.fr\/wp-content\/uploads\/2025\/10\/image-56-2048x1008.jpeg 2048w\" sizes=\"(max-width: 1024px) 100vw, 1024px\" \/><\/a><\/figure>\n<\/div>\n<\/div>\n<\/div>\n\n\n\n<div class=\"wp-block-group leftRight has-global-padding is-layout-constrained wp-block-group-is-layout-constrained\">\n<div class=\"wp-block-group alignwide is-style-title-simple is-layout-flow wp-block-group-is-layout-flow is-style-title-simple--17\" style=\"margin-top:4rem;margin-bottom:4rem\">\n<p class=\"has-text-align-center has-secondary-color has-text-color has-link-color has-secondary-font-family has-xl-font-size wp-elements-7bbd4133e300dc3aad6df28576bff00a\">Visits &amp; Discoveries<\/p>\n\n\n\n<p class=\"has-text-align-center has-primary-font-family has-sm-font-size\" style=\"text-transform:uppercase\"><strong>Near the campsite<\/strong><\/p>\n<\/div>\n\n\n\n    <div class=\"journey-wrapper is-layout-flow wp-block-slider-taxo-is-layout-flow\">\n        <div class=\"journey-slides\">\n                            <div class=\"journey-slide\">\n                    <a href=\"https:\/\/www.vap-camping.fr\/en\/lieux\/camping-foix\/\" class=\"journey\" title=\"Foix\">\n                        <img decoding=\"async\" width=\"290\" height=\"350\" src=\"https:\/\/www.vap-camping.fr\/wp-content\/uploads\/2025\/04\/ville-foix-ariege.jpg\" class=\"attachment-1911 size-1911 wp-post-image\" alt=\"\" large=\"\" \/>                        <p class=\"j-title\">\n                            Foix                        <\/p>\n                        <p class=\"j-more\">\n                            Discover                        <\/p>\n                    <\/a>\n                <\/div>\n\n                            <div class=\"journey-slide\">\n                    <a href=\"https:\/\/www.vap-camping.fr\/en\/lieux\/camping-mirepoix\/\" class=\"journey\" title=\"Mirepoix\">\n                        <img decoding=\"async\" width=\"2133\" height=\"1346\" src=\"https:\/\/www.vap-camping.fr\/wp-content\/uploads\/2025\/04\/marche_mirepoix.jpg\" class=\"attachment-1875 size-1875 wp-post-image\" alt=\"le march\u00e9 du lundi de Mirepoix\" large=\"\" srcset=\"https:\/\/www.vap-camping.fr\/wp-content\/uploads\/2025\/04\/marche_mirepoix.jpg 2133w, https:\/\/www.vap-camping.fr\/wp-content\/uploads\/2025\/04\/marche_mirepoix-600x379.jpg 600w, https:\/\/www.vap-camping.fr\/wp-content\/uploads\/2025\/04\/marche_mirepoix-1024x646.jpg 1024w, https:\/\/www.vap-camping.fr\/wp-content\/uploads\/2025\/04\/marche_mirepoix-768x485.jpg 768w, https:\/\/www.vap-camping.fr\/wp-content\/uploads\/2025\/04\/marche_mirepoix-1536x969.jpg 1536w, https:\/\/www.vap-camping.fr\/wp-content\/uploads\/2025\/04\/marche_mirepoix-2048x1292.jpg 2048w\" sizes=\"(max-width: 2133px) 100vw, 2133px\" \/>                        <p class=\"j-title\">\n                            Mirepoix                        <\/p>\n                        <p class=\"j-more\">\n                            Discover                        <\/p>\n                    <\/a>\n                <\/div>\n\n                            <div class=\"journey-slide\">\n                    <a href=\"https:\/\/www.vap-camping.fr\/en\/lieux\/camping-tarascon-sur-ariege\/\" class=\"journey\" title=\"Tarascon sur Ari\u00e8ge\">\n                        <img decoding=\"async\" width=\"1200\" height=\"900\" src=\"https:\/\/www.vap-camping.fr\/wp-content\/uploads\/2025\/04\/19567638-diaporama-1200x900-1.jpg\" class=\"attachment-1860 size-1860 wp-post-image\" alt=\"\" large=\"\" srcset=\"https:\/\/www.vap-camping.fr\/wp-content\/uploads\/2025\/04\/19567638-diaporama-1200x900-1.jpg 1200w, https:\/\/www.vap-camping.fr\/wp-content\/uploads\/2025\/04\/19567638-diaporama-1200x900-1-600x450.jpg 600w, https:\/\/www.vap-camping.fr\/wp-content\/uploads\/2025\/04\/19567638-diaporama-1200x900-1-1024x768.jpg 1024w, https:\/\/www.vap-camping.fr\/wp-content\/uploads\/2025\/04\/19567638-diaporama-1200x900-1-768x576.jpg 768w\" sizes=\"(max-width: 1200px) 100vw, 1200px\" \/>                        <p class=\"j-title\">\n                            Tarascon sur Ari\u00e8ge                        <\/p>\n                        <p class=\"j-more\">\n                            Discover                        <\/p>\n                    <\/a>\n                <\/div>\n\n                            <div class=\"journey-slide\">\n                    <a href=\"https:\/\/www.vap-camping.fr\/en\/lieux\/grotte-de-niaux\/\" class=\"journey\" title=\"Niaux cave\">\n                        <img decoding=\"async\" width=\"1024\" height=\"683\" src=\"https:\/\/www.vap-camping.fr\/wp-content\/uploads\/2025\/04\/niaux3__ariege_pyrenees_tourisme.jpg\" class=\"attachment-1871 size-1871 wp-post-image\" alt=\"Grotte de Niaux Ari\u00e8ge\" large=\"\" srcset=\"https:\/\/www.vap-camping.fr\/wp-content\/uploads\/2025\/04\/niaux3__ariege_pyrenees_tourisme.jpg 1024w, https:\/\/www.vap-camping.fr\/wp-content\/uploads\/2025\/04\/niaux3__ariege_pyrenees_tourisme-600x400.jpg 600w, https:\/\/www.vap-camping.fr\/wp-content\/uploads\/2025\/04\/niaux3__ariege_pyrenees_tourisme-768x512.jpg 768w\" sizes=\"(max-width: 1024px) 100vw, 1024px\" \/>                        <p class=\"j-title\">\n                            Niaux cave                        <\/p>\n                        <p class=\"j-more\">\n                            Discover                        <\/p>\n                    <\/a>\n                <\/div>\n\n                            <div class=\"journey-slide\">\n                    <a href=\"https:\/\/www.vap-camping.fr\/en\/lieux\/chateau-de-montsegur\/\" class=\"journey\" title=\"Montsegur Castle\">\n                        <img decoding=\"async\" width=\"1024\" height=\"683\" src=\"https:\/\/www.vap-camping.fr\/wp-content\/uploads\/2025\/04\/montsegur_ariege_pyrenees_tourisme.jpg\" class=\"attachment-1876 size-1876 wp-post-image\" alt=\"Montsegur\" large=\"\" srcset=\"https:\/\/www.vap-camping.fr\/wp-content\/uploads\/2025\/04\/montsegur_ariege_pyrenees_tourisme.jpg 1024w, https:\/\/www.vap-camping.fr\/wp-content\/uploads\/2025\/04\/montsegur_ariege_pyrenees_tourisme-600x400.jpg 600w, https:\/\/www.vap-camping.fr\/wp-content\/uploads\/2025\/04\/montsegur_ariege_pyrenees_tourisme-768x512.jpg 768w\" sizes=\"(max-width: 1024px) 100vw, 1024px\" \/>                        <p class=\"j-title\">\n                            Montsegur Castle                        <\/p>\n                        <p class=\"j-more\">\n                            Discover                        <\/p>\n                    <\/a>\n                <\/div>\n\n                            <div class=\"journey-slide\">\n                    <a href=\"https:\/\/www.vap-camping.fr\/en\/lieux\/chateau-de-foix\/\" class=\"journey\" title=\"Castle of Foix\">\n                        <img decoding=\"async\" width=\"2134\" height=\"965\" src=\"https:\/\/www.vap-camping.fr\/wp-content\/uploads\/2025\/04\/gaillard-munsch_adt09_0011842_bd.png\" class=\"attachment-1879 size-1879 wp-post-image\" alt=\"Visiter Foix en v\u00e9lo\" large=\"\" srcset=\"https:\/\/www.vap-camping.fr\/wp-content\/uploads\/2025\/04\/gaillard-munsch_adt09_0011842_bd.png 2134w, https:\/\/www.vap-camping.fr\/wp-content\/uploads\/2025\/04\/gaillard-munsch_adt09_0011842_bd-600x271.png 600w, https:\/\/www.vap-camping.fr\/wp-content\/uploads\/2025\/04\/gaillard-munsch_adt09_0011842_bd-1024x463.png 1024w, https:\/\/www.vap-camping.fr\/wp-content\/uploads\/2025\/04\/gaillard-munsch_adt09_0011842_bd-768x347.png 768w, https:\/\/www.vap-camping.fr\/wp-content\/uploads\/2025\/04\/gaillard-munsch_adt09_0011842_bd-1536x695.png 1536w, https:\/\/www.vap-camping.fr\/wp-content\/uploads\/2025\/04\/gaillard-munsch_adt09_0011842_bd-2048x926.png 2048w\" sizes=\"(max-width: 2134px) 100vw, 2134px\" \/>                        <p class=\"j-title\">\n                            Castle of Foix                        <\/p>\n                        <p class=\"j-more\">\n                            Discover                        <\/p>\n                    <\/a>\n                <\/div>\n\n                            <div class=\"journey-slide\">\n                    <a href=\"https:\/\/www.vap-camping.fr\/en\/lieux\/hydro-and-fun\/\" class=\"journey\" title=\"Hydro&amp;Fun\">\n                        <img decoding=\"async\" width=\"2560\" height=\"1696\" src=\"https:\/\/www.vap-camping.fr\/wp-content\/uploads\/2025\/05\/AdobeStock_336258-scaled.jpeg\" class=\"attachment-1887 size-1887 wp-post-image\" alt=\"\" large=\"\" srcset=\"https:\/\/www.vap-camping.fr\/wp-content\/uploads\/2025\/05\/AdobeStock_336258-scaled.jpeg 2560w, https:\/\/www.vap-camping.fr\/wp-content\/uploads\/2025\/05\/AdobeStock_336258-600x397.jpeg 600w, https:\/\/www.vap-camping.fr\/wp-content\/uploads\/2025\/05\/AdobeStock_336258-1024x678.jpeg 1024w, https:\/\/www.vap-camping.fr\/wp-content\/uploads\/2025\/05\/AdobeStock_336258-768x509.jpeg 768w, https:\/\/www.vap-camping.fr\/wp-content\/uploads\/2025\/05\/AdobeStock_336258-1536x1018.jpeg 1536w, https:\/\/www.vap-camping.fr\/wp-content\/uploads\/2025\/05\/AdobeStock_336258-2048x1357.jpeg 2048w\" sizes=\"(max-width: 2560px) 100vw, 2560px\" \/>                        <p class=\"j-title\">\n                            Hydro&amp;Fun                        <\/p>\n                        <p class=\"j-more\">\n                            Discover                        <\/p>\n                    <\/a>\n                <\/div>\n\n                            <div class=\"journey-slide\">\n                    <a href=\"https:\/\/www.vap-camping.fr\/en\/lieux\/escalade-a-bedeilhac\/\" class=\"journey\" title=\"Climbing in Bedeilhac\">\n                        <img decoding=\"async\" width=\"2560\" height=\"1725\" src=\"https:\/\/www.vap-camping.fr\/wp-content\/uploads\/2025\/05\/AdobeStock_297858299-scaled.jpeg\" class=\"attachment-1844 size-1844 wp-post-image\" alt=\"\" large=\"\" srcset=\"https:\/\/www.vap-camping.fr\/wp-content\/uploads\/2025\/05\/AdobeStock_297858299-scaled.jpeg 2560w, https:\/\/www.vap-camping.fr\/wp-content\/uploads\/2025\/05\/AdobeStock_297858299-600x404.jpeg 600w, https:\/\/www.vap-camping.fr\/wp-content\/uploads\/2025\/05\/AdobeStock_297858299-1024x690.jpeg 1024w, https:\/\/www.vap-camping.fr\/wp-content\/uploads\/2025\/05\/AdobeStock_297858299-768x518.jpeg 768w, https:\/\/www.vap-camping.fr\/wp-content\/uploads\/2025\/05\/AdobeStock_297858299-1536x1035.jpeg 1536w, https:\/\/www.vap-camping.fr\/wp-content\/uploads\/2025\/05\/AdobeStock_297858299-2048x1380.jpeg 2048w\" sizes=\"(max-width: 2560px) 100vw, 2560px\" \/>                        <p class=\"j-title\">\n                            Climbing in Bedeilhac                        <\/p>\n                        <p class=\"j-more\">\n                            Discover                        <\/p>\n                    <\/a>\n                <\/div>\n\n                            <div class=\"journey-slide\">\n                    <a href=\"https:\/\/www.vap-camping.fr\/en\/lieux\/camping-camont\/\" class=\"journey\" title=\"Camon\">\n                        <img decoding=\"async\" width=\"1024\" height=\"683\" src=\"https:\/\/www.vap-camping.fr\/wp-content\/uploads\/2025\/05\/camon-village-fortifie-ariege-pyrenees-1.jpg\" class=\"attachment-1905 size-1905 wp-post-image\" alt=\"\" large=\"\" srcset=\"https:\/\/www.vap-camping.fr\/wp-content\/uploads\/2025\/05\/camon-village-fortifie-ariege-pyrenees-1.jpg 1024w, https:\/\/www.vap-camping.fr\/wp-content\/uploads\/2025\/05\/camon-village-fortifie-ariege-pyrenees-1-600x400.jpg 600w, https:\/\/www.vap-camping.fr\/wp-content\/uploads\/2025\/05\/camon-village-fortifie-ariege-pyrenees-1-768x512.jpg 768w\" sizes=\"(max-width: 1024px) 100vw, 1024px\" \/>                        <p class=\"j-title\">\n                            Camon                        <\/p>\n                        <p class=\"j-more\">\n                            Discover                        <\/p>\n                    <\/a>\n                <\/div>\n\n                            <div class=\"journey-slide\">\n                    <a href=\"https:\/\/www.vap-camping.fr\/en\/lieux\/grotte-de-lombrive\/\" class=\"journey\" title=\"The Lombrive cave\">\n                        <img decoding=\"async\" width=\"2560\" height=\"1707\" src=\"https:\/\/www.vap-camping.fr\/wp-content\/uploads\/2025\/05\/AdobeStock_885725978-scaled.jpeg\" class=\"attachment-1848 size-1848 wp-post-image\" alt=\"\" large=\"\" srcset=\"https:\/\/www.vap-camping.fr\/wp-content\/uploads\/2025\/05\/AdobeStock_885725978-scaled.jpeg 2560w, https:\/\/www.vap-camping.fr\/wp-content\/uploads\/2025\/05\/AdobeStock_885725978-600x400.jpeg 600w, https:\/\/www.vap-camping.fr\/wp-content\/uploads\/2025\/05\/AdobeStock_885725978-1024x683.jpeg 1024w, https:\/\/www.vap-camping.fr\/wp-content\/uploads\/2025\/05\/AdobeStock_885725978-768x512.jpeg 768w, https:\/\/www.vap-camping.fr\/wp-content\/uploads\/2025\/05\/AdobeStock_885725978-1536x1024.jpeg 1536w, https:\/\/www.vap-camping.fr\/wp-content\/uploads\/2025\/05\/AdobeStock_885725978-2048x1365.jpeg 2048w\" sizes=\"(max-width: 2560px) 100vw, 2560px\" \/>                        <p class=\"j-title\">\n                            The Lombrive cave                        <\/p>\n                        <p class=\"j-more\">\n                            Discover                        <\/p>\n                    <\/a>\n                <\/div>\n\n                            <div class=\"journey-slide\">\n                    <a href=\"https:\/\/www.vap-camping.fr\/en\/lieux\/riviere-souterraine-de-labouiche\/\" class=\"journey\" title=\"Labouiche underground river\">\n                        <img decoding=\"async\" width=\"800\" height=\"1067\" src=\"https:\/\/www.vap-camping.fr\/wp-content\/uploads\/2025\/05\/Riviere_souterraine_de_Labouiche_5.jpg\" class=\"attachment-1852 size-1852 wp-post-image\" alt=\"\" large=\"\" srcset=\"https:\/\/www.vap-camping.fr\/wp-content\/uploads\/2025\/05\/Riviere_souterraine_de_Labouiche_5.jpg 800w, https:\/\/www.vap-camping.fr\/wp-content\/uploads\/2025\/05\/Riviere_souterraine_de_Labouiche_5-450x600.jpg 450w, https:\/\/www.vap-camping.fr\/wp-content\/uploads\/2025\/05\/Riviere_souterraine_de_Labouiche_5-768x1024.jpg 768w\" sizes=\"(max-width: 800px) 100vw, 800px\" \/>                        <p class=\"j-title\">\n                            Labouiche underground river                        <\/p>\n                        <p class=\"j-more\">\n                            Discover                        <\/p>\n                    <\/a>\n                <\/div>\n\n                            <div class=\"journey-slide\">\n                    <a href=\"https:\/\/www.vap-camping.fr\/en\/lieux\/forteresse-de-calames\/\" class=\"journey\" title=\"Calam\u00e8s fortress\">\n                        <img decoding=\"async\" width=\"2560\" height=\"1920\" src=\"https:\/\/www.vap-camping.fr\/wp-content\/uploads\/2025\/05\/Chateau_de_Calames-scaled.jpg\" class=\"attachment-1843 size-1843 wp-post-image\" alt=\"fortress de calames Ari\u00e8ge\" large=\"\" srcset=\"https:\/\/www.vap-camping.fr\/wp-content\/uploads\/2025\/05\/Chateau_de_Calames-scaled.jpg 2560w, https:\/\/www.vap-camping.fr\/wp-content\/uploads\/2025\/05\/Chateau_de_Calames-600x450.jpg 600w, https:\/\/www.vap-camping.fr\/wp-content\/uploads\/2025\/05\/Chateau_de_Calames-1024x768.jpg 1024w, https:\/\/www.vap-camping.fr\/wp-content\/uploads\/2025\/05\/Chateau_de_Calames-768x576.jpg 768w, https:\/\/www.vap-camping.fr\/wp-content\/uploads\/2025\/05\/Chateau_de_Calames-1536x1152.jpg 1536w, https:\/\/www.vap-camping.fr\/wp-content\/uploads\/2025\/05\/Chateau_de_Calames-2048x1536.jpg 2048w\" sizes=\"(max-width: 2560px) 100vw, 2560px\" \/>                        <p class=\"j-title\">\n                            Calam\u00e8s fortress                        <\/p>\n                        <p class=\"j-more\">\n                            Discover                        <\/p>\n                    <\/a>\n                <\/div>\n\n                            <div class=\"journey-slide\">\n                    <a href=\"https:\/\/www.vap-camping.fr\/en\/lieux\/chateau-de-roquefixade\/\" class=\"journey\" title=\"Ch\u00e2teau de Roquefixade\">\n                        <img decoding=\"async\" width=\"1024\" height=\"683\" src=\"https:\/\/www.vap-camping.fr\/wp-content\/uploads\/2025\/04\/roquefixade__ariege_pyrenees_tourisme.jpg\" class=\"attachment-1822 size-1822 wp-post-image\" alt=\"roquefixade Ari\u00e8ge\" large=\"\" srcset=\"https:\/\/www.vap-camping.fr\/wp-content\/uploads\/2025\/04\/roquefixade__ariege_pyrenees_tourisme.jpg 1024w, https:\/\/www.vap-camping.fr\/wp-content\/uploads\/2025\/04\/roquefixade__ariege_pyrenees_tourisme-600x400.jpg 600w, https:\/\/www.vap-camping.fr\/wp-content\/uploads\/2025\/04\/roquefixade__ariege_pyrenees_tourisme-768x512.jpg 768w\" sizes=\"(max-width: 1024px) 100vw, 1024px\" \/>                        <p class=\"j-title\">\n                            Ch\u00e2teau de Roquefixade                        <\/p>\n                        <p class=\"j-more\">\n                            Discover                        <\/p>\n                    <\/a>\n                <\/div>\n\n                            <div class=\"journey-slide\">\n                    <a href=\"https:\/\/www.vap-camping.fr\/en\/lieux\/parapente-a-foix\/\" class=\"journey\" title=\"Paragliding in Foix\">\n                        <img decoding=\"async\" width=\"1024\" height=\"650\" src=\"https:\/\/www.vap-camping.fr\/wp-content\/uploads\/2025\/04\/parapente_adt_ariegepyrenees.jpg\" class=\"attachment-3881 size-3881 wp-post-image\" alt=\"parapente\" large=\"\" srcset=\"https:\/\/www.vap-camping.fr\/wp-content\/uploads\/2025\/04\/parapente_adt_ariegepyrenees.jpg 1024w, https:\/\/www.vap-camping.fr\/wp-content\/uploads\/2025\/04\/parapente_adt_ariegepyrenees-600x381.jpg 600w, https:\/\/www.vap-camping.fr\/wp-content\/uploads\/2025\/04\/parapente_adt_ariegepyrenees-768x488.jpg 768w\" sizes=\"(max-width: 1024px) 100vw, 1024px\" \/>                        <p class=\"j-title\">\n                            Paragliding in Foix                        <\/p>\n                        <p class=\"j-more\">\n                            Discover                        <\/p>\n                    <\/a>\n                <\/div>\n\n                            <div class=\"journey-slide\">\n                    <a href=\"https:\/\/www.vap-camping.fr\/en\/lieux\/canyoning-en-ariege-sensations-garanties\/\" class=\"journey\" title=\"CANYONING IN ARI\u00c8GE &#8211; GUARANTEED THRILLS\">\n                        <img decoding=\"async\" width=\"2560\" height=\"1709\" src=\"https:\/\/www.vap-camping.fr\/wp-content\/uploads\/2025\/05\/AdobeStock_274495436-scaled.jpeg\" class=\"attachment-3866 size-3866 wp-post-image\" alt=\"speleological\" large=\"\" srcset=\"https:\/\/www.vap-camping.fr\/wp-content\/uploads\/2025\/05\/AdobeStock_274495436-scaled.jpeg 2560w, https:\/\/www.vap-camping.fr\/wp-content\/uploads\/2025\/05\/AdobeStock_274495436-600x401.jpeg 600w, https:\/\/www.vap-camping.fr\/wp-content\/uploads\/2025\/05\/AdobeStock_274495436-1024x684.jpeg 1024w, https:\/\/www.vap-camping.fr\/wp-content\/uploads\/2025\/05\/AdobeStock_274495436-768x513.jpeg 768w, https:\/\/www.vap-camping.fr\/wp-content\/uploads\/2025\/05\/AdobeStock_274495436-1536x1025.jpeg 1536w, https:\/\/www.vap-camping.fr\/wp-content\/uploads\/2025\/05\/AdobeStock_274495436-2048x1367.jpeg 2048w\" sizes=\"(max-width: 2560px) 100vw, 2560px\" \/>                        <p class=\"j-title\">\n                            CANYONING IN ARI\u00c8GE &#8211; GUARANTEED THRILLS                        <\/p>\n                        <p class=\"j-more\">\n                            Discover                        <\/p>\n                    <\/a>\n                <\/div>\n\n                            <div class=\"journey-slide\">\n                    <a href=\"https:\/\/www.vap-camping.fr\/en\/lieux\/forge-de-pyrene\/\" class=\"journey\" title=\"Forge de Pyr\u00e8ne\">\n                        <img decoding=\"async\" width=\"1400\" height=\"933\" src=\"https:\/\/www.vap-camping.fr\/wp-content\/uploads\/2025\/09\/image-1.jpeg\" class=\"attachment-3909 size-3909 wp-post-image\" alt=\"forge de pyr\u00e8ne\" large=\"\" srcset=\"https:\/\/www.vap-camping.fr\/wp-content\/uploads\/2025\/09\/image-1.jpeg 1400w, https:\/\/www.vap-camping.fr\/wp-content\/uploads\/2025\/09\/image-1-600x400.jpeg 600w, https:\/\/www.vap-camping.fr\/wp-content\/uploads\/2025\/09\/image-1-1024x682.jpeg 1024w, https:\/\/www.vap-camping.fr\/wp-content\/uploads\/2025\/09\/image-1-768x512.jpeg 768w\" sizes=\"(max-width: 1400px) 100vw, 1400px\" \/>                        <p class=\"j-title\">\n                            Forge de Pyr\u00e8ne                        <\/p>\n                        <p class=\"j-more\">\n                            Discover                        <\/p>\n                    <\/a>\n                <\/div>\n\n                            <div class=\"journey-slide\">\n                    <a href=\"https:\/\/www.vap-camping.fr\/en\/lieux\/musee-du-textile-et-du-peigne\/\" class=\"journey\" title=\"Textile and Comb Museum\">\n                        <img decoding=\"async\" width=\"570\" height=\"380\" src=\"https:\/\/www.vap-camping.fr\/wp-content\/uploads\/2025\/09\/image-4.jpeg\" class=\"attachment-3933 size-3933 wp-post-image\" alt=\"Mus\u00e9e textile\" large=\"\" \/>                        <p class=\"j-title\">\n                            Textile and Comb Museum                        <\/p>\n                        <p class=\"j-more\">\n                            Discover                        <\/p>\n                    <\/a>\n                <\/div>\n\n                            <div class=\"journey-slide\">\n                    <a href=\"https:\/\/www.vap-camping.fr\/en\/lieux\/marche-de-foix\/\" class=\"journey\" title=\"March\u00e9 de foix\">\n                        <img decoding=\"async\" width=\"2560\" height=\"1920\" src=\"https:\/\/www.vap-camping.fr\/wp-content\/uploads\/2025\/09\/img_0064-scaled.jpeg\" class=\"attachment-3944 size-3944 wp-post-image\" alt=\"march\u00e9 de foix\" large=\"\" srcset=\"https:\/\/www.vap-camping.fr\/wp-content\/uploads\/2025\/09\/img_0064-scaled.jpeg 2560w, https:\/\/www.vap-camping.fr\/wp-content\/uploads\/2025\/09\/img_0064-600x450.jpeg 600w, https:\/\/www.vap-camping.fr\/wp-content\/uploads\/2025\/09\/img_0064-1024x768.jpeg 1024w, https:\/\/www.vap-camping.fr\/wp-content\/uploads\/2025\/09\/img_0064-768x576.jpeg 768w, https:\/\/www.vap-camping.fr\/wp-content\/uploads\/2025\/09\/img_0064-1536x1152.jpeg 1536w, https:\/\/www.vap-camping.fr\/wp-content\/uploads\/2025\/09\/img_0064-2048x1536.jpeg 2048w\" sizes=\"(max-width: 2560px) 100vw, 2560px\" \/>                        <p class=\"j-title\">\n                            March\u00e9 de foix                        <\/p>\n                        <p class=\"j-more\">\n                            Discover                        <\/p>\n                    <\/a>\n                <\/div>\n\n                            <div class=\"journey-slide\">\n                    <a href=\"https:\/\/www.vap-camping.fr\/en\/lieux\/terrasse-de-peche-foix\/\" class=\"journey\" title=\"Fishing terrace Foix\">\n                        <img decoding=\"async\" width=\"290\" height=\"350\" src=\"https:\/\/www.vap-camping.fr\/wp-content\/uploads\/2025\/04\/ville-foix-ariege.jpg\" class=\"attachment-6422 size-6422 wp-post-image\" alt=\"\" large=\"\" \/>                        <p class=\"j-title\">\n                            Fishing terrace Foix                        <\/p>\n                        <p class=\"j-more\">\n                            Discover                        <\/p>\n                    <\/a>\n                <\/div>\n\n                            <div class=\"journey-slide\">\n                    <a href=\"https:\/\/www.vap-camping.fr\/en\/lieux\/les-trois-cascades-pres-de-foix\/\" class=\"journey\" title=\"Les Trois Cascades near Foix\">\n                        <img decoding=\"async\" width=\"1920\" height=\"2560\" src=\"https:\/\/www.vap-camping.fr\/wp-content\/uploads\/2025\/11\/img_4546-scaled.jpeg\" class=\"attachment-6385 size-6385 wp-post-image\" alt=\"\" large=\"\" srcset=\"https:\/\/www.vap-camping.fr\/wp-content\/uploads\/2025\/11\/img_4546-scaled.jpeg 1920w, https:\/\/www.vap-camping.fr\/wp-content\/uploads\/2025\/11\/img_4546-450x600.jpeg 450w, https:\/\/www.vap-camping.fr\/wp-content\/uploads\/2025\/11\/img_4546-768x1024.jpeg 768w, https:\/\/www.vap-camping.fr\/wp-content\/uploads\/2025\/11\/img_4546-1152x1536.jpeg 1152w, https:\/\/www.vap-camping.fr\/wp-content\/uploads\/2025\/11\/img_4546-1536x2048.jpeg 1536w\" sizes=\"(max-width: 1920px) 100vw, 1920px\" \/>                        <p class=\"j-title\">\n                            Les Trois Cascades near Foix                        <\/p>\n                        <p class=\"j-more\">\n                            Discover                        <\/p>\n                    <\/a>\n                <\/div>\n\n                            <div class=\"journey-slide\">\n                    <a href=\"https:\/\/www.vap-camping.fr\/en\/lieux\/prat-dalbi-foix\/\" class=\"journey\" title=\"Prat d&#8217;albis foix\">\n                        <img decoding=\"async\" width=\"1920\" height=\"2560\" src=\"https:\/\/www.vap-camping.fr\/wp-content\/uploads\/2025\/11\/img_5080-scaled.jpeg\" class=\"attachment-6388 size-6388 wp-post-image\" alt=\"\" large=\"\" srcset=\"https:\/\/www.vap-camping.fr\/wp-content\/uploads\/2025\/11\/img_5080-scaled.jpeg 1920w, https:\/\/www.vap-camping.fr\/wp-content\/uploads\/2025\/11\/img_5080-450x600.jpeg 450w, https:\/\/www.vap-camping.fr\/wp-content\/uploads\/2025\/11\/img_5080-768x1024.jpeg 768w, https:\/\/www.vap-camping.fr\/wp-content\/uploads\/2025\/11\/img_5080-1152x1536.jpeg 1152w, https:\/\/www.vap-camping.fr\/wp-content\/uploads\/2025\/11\/img_5080-1536x2048.jpeg 1536w\" sizes=\"(max-width: 1920px) 100vw, 1920px\" \/>                        <p class=\"j-title\">\n                            Prat d&#8217;albis foix                        <\/p>\n                        <p class=\"j-more\">\n                            Discover                        <\/p>\n                    <\/a>\n                <\/div>\n\n                            <div class=\"journey-slide\">\n                    <a href=\"https:\/\/www.vap-camping.fr\/en\/lieux\/la-balade-du-saint%e2%80%91sauveur\/\" class=\"journey\" title=\"the Saint-Sauveur Stroll\">\n                        <img decoding=\"async\" width=\"1600\" height=\"1200\" src=\"https:\/\/www.vap-camping.fr\/wp-content\/uploads\/2025\/11\/image-20.jpeg\" class=\"attachment-6313 size-6313 wp-post-image\" alt=\"\" large=\"\" srcset=\"https:\/\/www.vap-camping.fr\/wp-content\/uploads\/2025\/11\/image-20.jpeg 1600w, https:\/\/www.vap-camping.fr\/wp-content\/uploads\/2025\/11\/image-20-600x450.jpeg 600w, https:\/\/www.vap-camping.fr\/wp-content\/uploads\/2025\/11\/image-20-1024x768.jpeg 1024w, https:\/\/www.vap-camping.fr\/wp-content\/uploads\/2025\/11\/image-20-768x576.jpeg 768w, https:\/\/www.vap-camping.fr\/wp-content\/uploads\/2025\/11\/image-20-1536x1152.jpeg 1536w\" sizes=\"(max-width: 1600px) 100vw, 1600px\" \/>                        <p class=\"j-title\">\n                            the Saint-Sauveur Stroll                        <\/p>\n                        <p class=\"j-more\">\n                            Discover                        <\/p>\n                    <\/a>\n                <\/div>\n\n                            <div class=\"journey-slide\">\n                    <a href=\"https:\/\/www.vap-camping.fr\/en\/lieux\/les-3-bosses-pres-de-foix\/\" class=\"journey\" title=\"Les 3 bosses near Foix\">\n                        <img decoding=\"async\" width=\"1920\" height=\"1080\" src=\"https:\/\/www.vap-camping.fr\/wp-content\/uploads\/2025\/12\/image-10.jpeg\" class=\"attachment-6424 size-6424 wp-post-image\" alt=\"\" large=\"\" srcset=\"https:\/\/www.vap-camping.fr\/wp-content\/uploads\/2025\/12\/image-10.jpeg 1920w, https:\/\/www.vap-camping.fr\/wp-content\/uploads\/2025\/12\/image-10-600x338.jpeg 600w, https:\/\/www.vap-camping.fr\/wp-content\/uploads\/2025\/12\/image-10-1024x576.jpeg 1024w, https:\/\/www.vap-camping.fr\/wp-content\/uploads\/2025\/12\/image-10-768x432.jpeg 768w, https:\/\/www.vap-camping.fr\/wp-content\/uploads\/2025\/12\/image-10-1536x864.jpeg 1536w\" sizes=\"(max-width: 1920px) 100vw, 1920px\" \/>                        <p class=\"j-title\">\n                            Les 3 bosses near Foix                        <\/p>\n                        <p class=\"j-more\">\n                            Discover                        <\/p>\n                    <\/a>\n                <\/div>\n\n                            <div class=\"journey-slide\">\n                    <a href=\"https:\/\/www.vap-camping.fr\/en\/lieux\/le-mur-de-peguere-a-velo\/\" class=\"journey\" title=\"the P\u00e9gu\u00e8re Wall by bike\">\n                        <img decoding=\"async\" width=\"2133\" height=\"1423\" src=\"https:\/\/www.vap-camping.fr\/wp-content\/uploads\/2025\/04\/charles_ripon_velo.jpg\" class=\"attachment-6381 size-6381 wp-post-image\" alt=\"\" large=\"\" srcset=\"https:\/\/www.vap-camping.fr\/wp-content\/uploads\/2025\/04\/charles_ripon_velo.jpg 2133w, https:\/\/www.vap-camping.fr\/wp-content\/uploads\/2025\/04\/charles_ripon_velo-600x400.jpg 600w, https:\/\/www.vap-camping.fr\/wp-content\/uploads\/2025\/04\/charles_ripon_velo-1024x683.jpg 1024w, https:\/\/www.vap-camping.fr\/wp-content\/uploads\/2025\/04\/charles_ripon_velo-768x512.jpg 768w, https:\/\/www.vap-camping.fr\/wp-content\/uploads\/2025\/04\/charles_ripon_velo-1536x1025.jpg 1536w, https:\/\/www.vap-camping.fr\/wp-content\/uploads\/2025\/04\/charles_ripon_velo-2048x1366.jpg 2048w\" sizes=\"(max-width: 2133px) 100vw, 2133px\" \/>                        <p class=\"j-title\">\n                            the P\u00e9gu\u00e8re Wall by bike                        <\/p>\n                        <p class=\"j-more\">\n                            Discover                        <\/p>\n                    <\/a>\n                <\/div>\n\n                            <div class=\"journey-slide\">\n                    <a href=\"https:\/\/www.vap-camping.fr\/en\/lieux\/ussat-les-bains\/\" class=\"journey\" title=\"Ussat-les-Bains\">\n                        <img decoding=\"async\" width=\"1024\" height=\"768\" src=\"https:\/\/www.vap-camping.fr\/wp-content\/uploads\/2025\/12\/thermes_ussat_les_bains_ariege_pyreneescopywiki-commons-pinpin-.jpg\" class=\"attachment-6312 size-6312 wp-post-image\" alt=\"\" large=\"\" srcset=\"https:\/\/www.vap-camping.fr\/wp-content\/uploads\/2025\/12\/thermes_ussat_les_bains_ariege_pyreneescopywiki-commons-pinpin-.jpg 1024w, https:\/\/www.vap-camping.fr\/wp-content\/uploads\/2025\/12\/thermes_ussat_les_bains_ariege_pyreneescopywiki-commons-pinpin--600x450.jpg 600w, https:\/\/www.vap-camping.fr\/wp-content\/uploads\/2025\/12\/thermes_ussat_les_bains_ariege_pyreneescopywiki-commons-pinpin--768x576.jpg 768w\" sizes=\"(max-width: 1024px) 100vw, 1024px\" \/>                        <p class=\"j-title\">\n                            Ussat-les-Bains                        <\/p>\n                        <p class=\"j-more\">\n                            Discover                        <\/p>\n                    <\/a>\n                <\/div>\n\n                            <div class=\"journey-slide\">\n                    <a href=\"https:\/\/www.vap-camping.fr\/en\/lieux\/canoe-kayak-a-vernajoul\/\" class=\"journey\" title=\"Canoeing in Vernajoul\">\n                        <img decoding=\"async\" width=\"1500\" height=\"900\" src=\"https:\/\/www.vap-camping.fr\/wp-content\/uploads\/2025\/12\/image-13.jpeg\" class=\"attachment-6345 size-6345 wp-post-image\" alt=\"\" large=\"\" srcset=\"https:\/\/www.vap-camping.fr\/wp-content\/uploads\/2025\/12\/image-13.jpeg 1500w, https:\/\/www.vap-camping.fr\/wp-content\/uploads\/2025\/12\/image-13-600x360.jpeg 600w, https:\/\/www.vap-camping.fr\/wp-content\/uploads\/2025\/12\/image-13-1024x614.jpeg 1024w, https:\/\/www.vap-camping.fr\/wp-content\/uploads\/2025\/12\/image-13-768x461.jpeg 768w\" sizes=\"(max-width: 1500px) 100vw, 1500px\" \/>                        <p class=\"j-title\">\n                            Canoeing in Vernajoul                        <\/p>\n                        <p class=\"j-more\">\n                            Discover                        <\/p>\n                    <\/a>\n                <\/div>\n\n                            <div class=\"journey-slide\">\n                    <a href=\"https:\/\/www.vap-camping.fr\/en\/lieux\/la-belle-verte-rafting-foix\/\" class=\"journey\" title=\"La Belle verte Rafting Foix\">\n                        <img decoding=\"async\" width=\"1200\" height=\"797\" src=\"https:\/\/www.vap-camping.fr\/wp-content\/uploads\/2025\/12\/image-15.jpeg\" class=\"attachment-6357 size-6357 wp-post-image\" alt=\"\" large=\"\" srcset=\"https:\/\/www.vap-camping.fr\/wp-content\/uploads\/2025\/12\/image-15.jpeg 1200w, https:\/\/www.vap-camping.fr\/wp-content\/uploads\/2025\/12\/image-15-600x399.jpeg 600w, https:\/\/www.vap-camping.fr\/wp-content\/uploads\/2025\/12\/image-15-1024x680.jpeg 1024w, https:\/\/www.vap-camping.fr\/wp-content\/uploads\/2025\/12\/image-15-768x510.jpeg 768w\" sizes=\"(max-width: 1200px) 100vw, 1200px\" \/>                        <p class=\"j-title\">\n                            La Belle verte Rafting Foix                        <\/p>\n                        <p class=\"j-more\">\n                            Discover                        <\/p>\n                    <\/a>\n                <\/div>\n\n                            <div class=\"journey-slide\">\n                    <a href=\"https:\/\/www.vap-camping.fr\/en\/lieux\/camin-rafting\/\" class=\"journey\" title=\"Camin rafting\">\n                        <img decoding=\"async\" width=\"2048\" height=\"1536\" src=\"https:\/\/www.vap-camping.fr\/wp-content\/uploads\/2025\/05\/rafting-en-ariege-2.jpg\" class=\"attachment-6364 size-6364 wp-post-image\" alt=\"\" large=\"\" srcset=\"https:\/\/www.vap-camping.fr\/wp-content\/uploads\/2025\/05\/rafting-en-ariege-2.jpg 2048w, https:\/\/www.vap-camping.fr\/wp-content\/uploads\/2025\/05\/rafting-en-ariege-2-600x450.jpg 600w, https:\/\/www.vap-camping.fr\/wp-content\/uploads\/2025\/05\/rafting-en-ariege-2-1024x768.jpg 1024w, https:\/\/www.vap-camping.fr\/wp-content\/uploads\/2025\/05\/rafting-en-ariege-2-768x576.jpg 768w, https:\/\/www.vap-camping.fr\/wp-content\/uploads\/2025\/05\/rafting-en-ariege-2-1536x1152.jpg 1536w\" sizes=\"(max-width: 2048px) 100vw, 2048px\" \/>                        <p class=\"j-title\">\n                            Camin rafting                        <\/p>\n                        <p class=\"j-more\">\n                            Discover                        <\/p>\n                    <\/a>\n                <\/div>\n\n                            <div class=\"journey-slide\">\n                    <a href=\"https:\/\/www.vap-camping.fr\/en\/lieux\/speleo-canyon-ariege\/\" class=\"journey\" title=\"Sp\u00e9l\u00e9o Canyon Ari\u00e8ge\">\n                        <img decoding=\"async\" width=\"780\" height=\"560\" src=\"https:\/\/www.vap-camping.fr\/wp-content\/uploads\/2025\/12\/image-16.jpeg\" class=\"attachment-6310 size-6310 wp-post-image\" alt=\"\" large=\"\" srcset=\"https:\/\/www.vap-camping.fr\/wp-content\/uploads\/2025\/12\/image-16.jpeg 780w, https:\/\/www.vap-camping.fr\/wp-content\/uploads\/2025\/12\/image-16-600x431.jpeg 600w, https:\/\/www.vap-camping.fr\/wp-content\/uploads\/2025\/12\/image-16-768x551.jpeg 768w\" sizes=\"(max-width: 780px) 100vw, 780px\" \/>                        <p class=\"j-title\">\n                            Sp\u00e9l\u00e9o Canyon Ari\u00e8ge                        <\/p>\n                        <p class=\"j-more\">\n                            Discover                        <\/p>\n                    <\/a>\n                <\/div>\n\n                            <div class=\"journey-slide\">\n                    <a href=\"https:\/\/www.vap-camping.fr\/en\/lieux\/la-ferme-du-malpassadou\/\" class=\"journey\" title=\"Malpassadou Farm\">\n                        <img decoding=\"async\" width=\"768\" height=\"1024\" src=\"https:\/\/www.vap-camping.fr\/wp-content\/uploads\/2025\/12\/image-33.jpeg\" class=\"attachment-6236 size-6236 wp-post-image\" alt=\"\" large=\"\" srcset=\"https:\/\/www.vap-camping.fr\/wp-content\/uploads\/2025\/12\/image-33.jpeg 768w, https:\/\/www.vap-camping.fr\/wp-content\/uploads\/2025\/12\/image-33-450x600.jpeg 450w\" sizes=\"(max-width: 768px) 100vw, 768px\" \/>                        <p class=\"j-title\">\n                            Malpassadou Farm                        <\/p>\n                        <p class=\"j-more\">\n                            Discover                        <\/p>\n                    <\/a>\n                <\/div>\n\n                            <div class=\"journey-slide\">\n                    <a href=\"https:\/\/www.vap-camping.fr\/en\/lieux\/retour-aux-sources\/\" class=\"journey\" title=\"Back to basics\">\n                        <img decoding=\"async\" width=\"680\" height=\"453\" src=\"https:\/\/www.vap-camping.fr\/wp-content\/uploads\/2025\/12\/image-35.jpeg\" class=\"attachment-6242 size-6242 wp-post-image\" alt=\"\" large=\"\" srcset=\"https:\/\/www.vap-camping.fr\/wp-content\/uploads\/2025\/12\/image-35.jpeg 680w, https:\/\/www.vap-camping.fr\/wp-content\/uploads\/2025\/12\/image-35-600x400.jpeg 600w\" sizes=\"(max-width: 680px) 100vw, 680px\" \/>                        <p class=\"j-title\">\n                            Back to basics                        <\/p>\n                        <p class=\"j-more\">\n                            Discover                        <\/p>\n                    <\/a>\n                <\/div>\n\n                            <div class=\"journey-slide\">\n                    <a href=\"https:\/\/www.vap-camping.fr\/en\/lieux\/domaine-des-coteaux-dengravies\/\" class=\"journey\" title=\"Domaine des Coteaux d&#8217;Engravi\u00e8s\">\n                                                <p class=\"j-title\">\n                            Domaine des Coteaux d&#8217;Engravi\u00e8s                        <\/p>\n                        <p class=\"j-more\">\n                            Discover                        <\/p>\n                    <\/a>\n                <\/div>\n\n                            <div class=\"journey-slide\">\n                    <a href=\"https:\/\/www.vap-camping.fr\/en\/lieux\/fromagerie-de-la-sestiere\/\" class=\"journey\" title=\"Fromagerie de la Sesti\u00e8re\">\n                        <img decoding=\"async\" width=\"1200\" height=\"901\" src=\"https:\/\/www.vap-camping.fr\/wp-content\/uploads\/2025\/12\/image-30.jpeg\" class=\"attachment-6232 size-6232 wp-post-image\" alt=\"\" large=\"\" srcset=\"https:\/\/www.vap-camping.fr\/wp-content\/uploads\/2025\/12\/image-30.jpeg 1200w, https:\/\/www.vap-camping.fr\/wp-content\/uploads\/2025\/12\/image-30-600x451.jpeg 600w, https:\/\/www.vap-camping.fr\/wp-content\/uploads\/2025\/12\/image-30-1024x769.jpeg 1024w, https:\/\/www.vap-camping.fr\/wp-content\/uploads\/2025\/12\/image-30-768x577.jpeg 768w\" sizes=\"(max-width: 1200px) 100vw, 1200px\" \/>                        <p class=\"j-title\">\n                            Fromagerie de la Sesti\u00e8re                        <\/p>\n                        <p class=\"j-more\">\n                            Discover                        <\/p>\n                    <\/a>\n                <\/div>\n\n                            <div class=\"journey-slide\">\n                    <a href=\"https:\/\/www.vap-camping.fr\/en\/lieux\/a-fleurs-dabeilles\/\" class=\"journey\" title=\"A Fleurs d&#8217;Abeilles\">\n                        <img decoding=\"async\" width=\"800\" height=\"520\" src=\"https:\/\/www.vap-camping.fr\/wp-content\/uploads\/2025\/12\/image-40.jpeg\" class=\"attachment-6214 size-6214 wp-post-image\" alt=\"\" large=\"\" srcset=\"https:\/\/www.vap-camping.fr\/wp-content\/uploads\/2025\/12\/image-40.jpeg 800w, https:\/\/www.vap-camping.fr\/wp-content\/uploads\/2025\/12\/image-40-600x390.jpeg 600w, https:\/\/www.vap-camping.fr\/wp-content\/uploads\/2025\/12\/image-40-768x499.jpeg 768w\" sizes=\"(max-width: 800px) 100vw, 800px\" \/>                        <p class=\"j-title\">\n                            A Fleurs d&#8217;Abeilles                        <\/p>\n                        <p class=\"j-more\">\n                            Discover                        <\/p>\n                    <\/a>\n                <\/div>\n\n                    <\/div>\n        <div class=\"journey-buttons\">\n            <button class=\"j-prev\">ARR<\/button>\n            <button class=\"j-next\">AV<\/button>\n        <\/div>\n    <\/div>\n\n\n<\/div>\n\n\n\n<div class=\"wp-block-group has-global-padding is-layout-constrained wp-block-group-is-layout-constrained\">\n<div class=\"wp-block-group alignwide is-style-title-simple is-layout-flow wp-block-group-is-layout-flow is-style-title-simple--18\" style=\"margin-top:4rem;margin-bottom:4rem\">\n<p class=\"has-text-align-center has-secondary-color has-text-color has-link-color has-secondary-font-family has-xl-font-size wp-elements-a52d22c1e49e77d0362e27274349b87d\">Discover<\/p>\n\n\n\n<p class=\"has-text-align-center has-primary-font-family has-sm-font-size\" style=\"text-transform:uppercase\"><strong>our other locations<\/strong><\/p>\n<\/div>\n\n\n<div class=\"campings-wrapper is-layout-flow wp-block-slider-campings-is-layout-flow\">\n            <div class=\"campings-list\">\n                            <div class=\"camping-item\"\n                    style=\"background-image: linear-gradient(to top, rgba(0, 0, 0, 0.6), transparent), url('https:\/\/www.vap-camping.fr\/wp-content\/uploads\/2025\/07\/dji_0589-2-1024x767.jpg');\">\n                    <a href=\"https:\/\/www.vap-camping.fr\/en\/campings\/camping-la-bastide\/\" title=\"Camping la Bastide(Maz\u00e8res)\" class=\"camping-link\">\n                        <p class=\"title\">Camping la Bastide(Maz\u00e8res)<\/p>\n                        <p class=\"camping-button\">Discover<\/p>\n                    <\/a>\n                <\/div>\n                            <div class=\"camping-item\"\n                    style=\"background-image: linear-gradient(to top, rgba(0, 0, 0, 0.6), transparent), url('https:\/\/www.vap-camping.fr\/wp-content\/uploads\/2025\/04\/dsc03930-1024x500.jpg');\">\n                    <a href=\"https:\/\/www.vap-camping.fr\/en\/campings\/camping-le-rupe\/\" title=\"Camping le Rup\u00e9(Toulouse)\" class=\"camping-link\">\n                        <p class=\"title\">Camping le Rup\u00e9(Toulouse)<\/p>\n                        <p class=\"camping-button\">Discover<\/p>\n                    <\/a>\n                <\/div>\n                            <div class=\"camping-item\"\n                    style=\"background-image: linear-gradient(to top, rgba(0, 0, 0, 0.6), transparent), url('https:\/\/www.vap-camping.fr\/wp-content\/uploads\/2025\/04\/img_5291-1024x768-1.jpg');\">\n                    <a href=\"https:\/\/www.vap-camping.fr\/en\/campings\/complexe-des-oustalous\/\" title=\"Oustalous complex\" class=\"camping-link\">\n                        <p class=\"title\">Oustalous complex<\/p>\n                        <p class=\"camping-button\">Discover<\/p>\n                    <\/a>\n                <\/div>\n                            <div class=\"camping-item\"\n                    style=\"background-image: linear-gradient(to top, rgba(0, 0, 0, 0.6), transparent), url('https:\/\/www.vap-camping.fr\/wp-content\/uploads\/2025\/04\/4479-1024x461.jpeg');\">\n                    <a href=\"https:\/\/www.vap-camping.fr\/en\/campings\/camping-le-bourdieu\/\" title=\"Camping Le Bourdieu\" class=\"camping-link\">\n                        <p class=\"title\">Camping Le Bourdieu<\/p>\n                        <p class=\"camping-button\">Discover<\/p>\n                    <\/a>\n                <\/div>\n                    <\/div>\n    <\/div>\n\n<\/div>\n\n\n\n<div class=\"wp-block-group has-global-padding is-layout-constrained wp-block-group-is-layout-constrained\">\n<div class=\"wp-block-columns alignfull are-vertically-aligned-center is-faq-wrapper is-layout-flex wp-container-core-columns-is-layout-28f84493 wp-block-columns-is-layout-flex\">\n<div class=\"wp-block-column is-vertically-aligned-center is-layout-flow wp-block-column-is-layout-flow\" style=\"flex-basis:33.33%\">\n<div class=\"wp-block-group is-faq has-global-padding is-layout-constrained wp-container-core-group-is-layout-182edfea wp-block-group-is-layout-constrained has-background\" style=\"border-radius:100%;background-image:url(&#039;https:\/\/www.vap-camping.fr\/wp-content\/themes\/vap\/assets\/img\/faq.jpg&#039;);background-position:73% 47%;background-size:cover;\"><\/div>\n<\/div>\n\n\n\n<div class=\"wp-block-column is-vertically-aligned-center is-layout-flow wp-block-column-is-layout-flow\" style=\"flex-basis:66.66%\">\n<div class=\"wp-block-group is-style-title-left is-layout-flow wp-block-group-is-layout-flow is-style-title-left--19\">\n<p class=\"has-secondary-color has-text-color has-link-color has-secondary-font-family has-xl-font-size wp-elements-d4af3f373ea63ae87a3eae2fb0e2c34d\">Frequently asked questions<\/p>\n\n\n\n<p class=\"has-primary-color has-text-color has-link-color has-primary-font-family has-sm-font-size wp-elements-882e6a47a36f1433005d469e2f81326d\" style=\"text-transform:uppercase\"><strong>Find out more<\/strong><\/p>\n<\/div>\n\n\n\n<div class=\"wp-block-group has-global-padding is-layout-constrained wp-block-group-is-layout-constrained\">\n<div class=\"pfq\">\n  \n  \n  <nav class=\"pfq__themes\">\n    <h2>Themes<\/h2>\n    <ul>\n      \n        <li class=\"pfq__theme active\" data-pfq-group=\"group-0\">\n          <a href=\"#\">Frequently asked questions<\/a>\n        <\/li>\n\n          <\/ul>\n  <\/nav>\n\n  <div class=\"pfq__questions\">\n    \n      <div class=\"pfq__questions__group visible\" data-pfq-group=\"group-0\">\n\n        <h3>Frequently asked questions<\/h3>\n\n        \n          <div class=\"pfq__question\"  >\n            <h4 class=\"pfq__question__title\">What type of coffeemaker is available in our rentals?<\/h4>\n            <div class=\"pfq__answer\"><p><span style=\"font-weight: 400;\">Most rentals are equipped with filter coffee makers, but some also have Senseo coffee makers.  <\/span><\/p>\n<\/div>\n          <\/div>\n\n        \n          <div class=\"pfq__question\"  >\n            <h4 class=\"pfq__question__title\">Are sheets provided in the rentals?<\/h4>\n            <div class=\"pfq__answer\"><p><span style=\"font-weight: 400;\">Bed linen is not provided, except for the Valentin cottages. However, you can rent them for an additional charge. <\/span><\/p>\n<\/div>\n          <\/div>\n\n        \n          <div class=\"pfq__question\"  >\n            <h4 class=\"pfq__question__title\">What are the arrival and departure times?<\/h4>\n            <div class=\"pfq__answer\"><p><span style=\"font-weight: 400;\">Arrivals are from 4pm, and departures before 10am.<\/span><\/p>\n<\/div>\n          <\/div>\n\n        \n          <div class=\"pfq__question\"  >\n            <h4 class=\"pfq__question__title\">How are late arrivals handled?<\/h4>\n            <div class=\"pfq__answer\"><p><span style=\"font-weight: 400;\">You can arrive until 10pm, even if reception is closed. An on-call person will be on hand to help you. After 10pm, a self-check-in will be explained to you.  <\/span><\/p>\n<\/div>\n          <\/div>\n\n        \n          <div class=\"pfq__question\"  >\n            <h4 class=\"pfq__question__title\">Is the pool heated?<\/h4>\n            <div class=\"pfq__answer\"><p><span style=\"font-weight: 400;\">No, the pool is at natural temperature.<\/span><\/p>\n<\/div>\n          <\/div>\n\n        \n          <div class=\"pfq__question\"  >\n            <h4 class=\"pfq__question__title\">Do you offer any entertainment at the campsite?<\/h4>\n            <div class=\"pfq__answer\"><p><span style=\"font-weight: 400;\">Yes, we organize entertainment every day in high season (July-August), except Saturday, the day of arrival.<\/span><\/p>\n<\/div>\n          <\/div>\n\n        \n          <div class=\"pfq__question\"  >\n            <h4 class=\"pfq__question__title\">Is the campsite close to shops?<\/h4>\n            <div class=\"pfq__answer\"><p><span style=\"font-weight: 400;\">Yes, we have a bakery and supermarket 300 meters away, as well as a fruit and vegetable store just across the street.<\/span><\/p>\n<\/div>\n          <\/div>\n\n        \n          <div class=\"pfq__question\"  >\n            <h4 class=\"pfq__question__title\">Is the campsite close to public transport to the city center?<\/h4>\n            <div class=\"pfq__answer\"><p><span style=\"font-weight: 400;\">Yes, there&#8217;s a shuttle bus right next to the campsite, just a 3-minute walk away.<\/span><\/p>\n<\/div>\n          <\/div>\n\n        \n          <div class=\"pfq__question\"  >\n            <h4 class=\"pfq__question__title\">Do you accept pets?<\/h4>\n            <div class=\"pfq__answer\"><p><span style=\"font-weight: 400;\">We accept pets (except category A) with vaccination certificates, except in the Valentin cottages.<\/span><\/p>\n<\/div>\n          <\/div>\n\n        \n          <div class=\"pfq__question\"  >\n            <h4 class=\"pfq__question__title\">How late can we make noise?<\/h4>\n            <div class=\"pfq__answer\"><p><span style=\"font-weight: 400;\">To respect everyone&#8217;s peace and quiet, noise levels must be kept to a minimum after 10.30pm.<\/span><\/p>\n<\/div>\n          <\/div>\n\n        \n      <\/div>\n\n    \n  <\/div>\n<\/div>\n<\/div>\n<\/div>\n<\/div>\n<\/div>\n\n\n\n<div class=\"wp-block-group btn-resa has-background has-global-padding is-layout-constrained wp-block-group-is-layout-constrained\" style=\"background:linear-gradient(0deg,rgba(255,255,255,0.74) 0%,rgba(255,255,255,0) 100%)\">\n<div class=\"wp-block-buttons is-content-justification-center is-layout-flex wp-container-core-buttons-is-layout-a89b3969 wp-block-buttons-is-layout-flex\">\n<div class=\"wp-block-button\"><a class=\"wp-block-button__link wp-element-button\" href=\"https:\/\/reservation.secureholiday.net\/group\/fr\/108\/search\/estab-view\/716\/products\" target=\"_blank\" rel=\"noreferrer noopener\">book your stay<\/a><\/div>\n<\/div>\n<\/div>\n<\/div>\n","protected":false},"excerpt":{"rendered":"<p>3 km from downtown Foix and Foix Castle!<\/p>\n","protected":false},"featured_media":2479,"parent":0,"template":"","format":"standard","meta":{"_acf_changed":false,"_seopress_robots_primary_cat":"","_seopress_titles_title":"Camping Foix | Camping du Lac 4 \u00e9toiles en Ari\u00e8ge","_seopress_titles_desc":"Vivez un s\u00e9jour inoubliable au Camping du Lac \u00e0 Foix : entre randonn\u00e9es, baignades, culture et d\u00e9tente, l\u2019Ari\u00e8ge s\u2019offre \u00e0 vous en 4 \u00e9toiles.","_seopress_robots_index":"","ouverture":"Open from March 1 to November 1","nombre_de_locations":"95 rentals on 5 ha","nombre_demplacements":"40 bare pitches","adresse":"Route nationale 20 Labarre, 09000 Foix","numero_de_telephone":"0561651158","email":"contact@vap-campings.fr","url_du_site":"","footnotes":""},"class_list":["post-1915","campings","type-campings","status-publish","format-standard","has-post-thumbnail","hentry"],"acf":{"latitude":"42.9892629","longitude":"1.6130811","ouverture":"Open from March 1 to November 1","nombre_de_locations":"95 rentals on 5 ha","nombre_demplacements":"40 bare pitches","adresse":"Route nationale 20 Labarre, 09000 Foix","numero_de_telephone":"0561651158","email":"contact@vap-campings.fr","url_du_site":"","stars":4,"services":[{"label":"Swimming pool (unheated)","icon":176},{"label":"Restaurant\/Bar","icon":175},{"label":"Wifi","icon":174},{"label":"Pets allowed","icon":327},{"label":"Seasonal entertainment","icon":172},{"label":"Souvenirs shop","icon":171},{"label":"Bike room","icon":329},{"label":"PMR access","icon":324},{"label":"Charging stations for electric vehicles","icon":""}]},"_links":{"self":[{"href":"https:\/\/www.vap-camping.fr\/en\/wp-json\/wp\/v2\/campings\/1915","targetHints":{"allow":["GET"]}}],"collection":[{"href":"https:\/\/www.vap-camping.fr\/en\/wp-json\/wp\/v2\/campings"}],"about":[{"href":"https:\/\/www.vap-camping.fr\/en\/wp-json\/wp\/v2\/types\/campings"}],"version-history":[{"count":20,"href":"https:\/\/www.vap-camping.fr\/en\/wp-json\/wp\/v2\/campings\/1915\/revisions"}],"predecessor-version":[{"id":8524,"href":"https:\/\/www.vap-camping.fr\/en\/wp-json\/wp\/v2\/campings\/1915\/revisions\/8524"}],"wp:featuredmedia":[{"embeddable":true,"href":"https:\/\/www.vap-camping.fr\/en\/wp-json\/wp\/v2\/media\/2479"}],"wp:attachment":[{"href":"https:\/\/www.vap-camping.fr\/en\/wp-json\/wp\/v2\/media?parent=1915"}],"curies":[{"name":"wp","href":"https:\/\/api.w.org\/{rel}","templated":true}]}}