{"id":1963,"date":"2025-04-18T15:01:40","date_gmt":"2025-04-18T15:01:40","guid":{"rendered":"https:\/\/www.vap-camping.fr\/campings\/camping-la-bastide\/"},"modified":"2026-03-31T10:00:15","modified_gmt":"2026-03-31T10:00:15","slug":"camping-la-bastide","status":"publish","type":"campings","link":"https:\/\/www.vap-camping.fr\/en\/campings\/camping-la-bastide\/","title":{"rendered":"Camping la Bastide(Maz\u00e8res)"},"content":{"rendered":"\n<div class=\"wp-block-group alignfull is-layout-flow wp-container-core-group-is-layout-8af317cd wp-block-group-is-layout-flow\">\n<div class=\"wp-block-group hero-camp fromOpacity is-layout-flow wp-block-group-is-layout-flow\" style=\"margin-bottom:20rem\">\n<div class=\"wp-block-group alignfull hero-img is-layout-flow wp-block-group-is-layout-flow\">\n<figure class=\"wp-block-image size-full\"><img alt=\"camping la bastide\" decoding=\"async\" width=\"2560\" height=\"1918\" src=\"https:\/\/www.vap-camping.fr\/wp-content\/uploads\/2025\/07\/dji_0589-2-scaled.jpg\" alt=\"\" class=\"wp-image-2276\" srcset=\"https:\/\/www.vap-camping.fr\/wp-content\/uploads\/2025\/07\/dji_0589-2-scaled.jpg 2560w, https:\/\/www.vap-camping.fr\/wp-content\/uploads\/2025\/07\/dji_0589-2-600x450.jpg 600w, https:\/\/www.vap-camping.fr\/wp-content\/uploads\/2025\/07\/dji_0589-2-1024x767.jpg 1024w, https:\/\/www.vap-camping.fr\/wp-content\/uploads\/2025\/07\/dji_0589-2-768x575.jpg 768w, https:\/\/www.vap-camping.fr\/wp-content\/uploads\/2025\/07\/dji_0589-2-1536x1151.jpg 1536w, https:\/\/www.vap-camping.fr\/wp-content\/uploads\/2025\/07\/dji_0589-2-2048x1534.jpg 2048w\" sizes=\"(max-width: 2560px) 100vw, 2560px\" \/><figcaption class=\"wp-element-caption\">default<\/figcaption><\/figure>\n<\/div>\n\n\n\n<div class=\"wp-block-group hero-desc has-secondary-background-color has-background is-layout-flow wp-block-group-is-layout-flow\" style=\"border-top-right-radius:90px;border-bottom-right-radius:90px;padding-top:2rem;padding-bottom:2rem;padding-left:5rem\"><h1 style=\"font-size:clamp(3.037rem, 3.037rem + ((1vw - 0.2rem) * 4.018), 6rem);\" class=\"has-link-color wp-elements-971196805a816ee349c8ae4f34a1c7a7 wp-block-post-title has-text-color has-white-color has-secondary-font-family\">Camping la Bastide(Maz\u00e8res)<\/h1>\n\n\n<div class=\"wp-block-group is-nowrap is-layout-flex wp-container-core-group-is-layout-3b4e9d3e wp-block-group-is-layout-flex\">\n<p class=\"has-white-color has-text-color has-link-color has-sm-font-size wp-elements-ad64b454ceca5e3a20c6f2f76085a598\" style=\"font-style:normal;font-weight:500;text-transform:uppercase\">Campsite  <\/p>\n\n\n\n<figure class=\"wp-block-image size-full\"><img alt=\"\" decoding=\"async\" src=\"https:\/\/www.vap-camping.fr\/wp-content\/themes\/vap\/assets\/img\/svg\/star-white.svg\" alt=\"\" class=\"wp-image-657\"\/><\/figure>\n\n\n\n<figure class=\"wp-block-image size-full\"><img alt=\"\" decoding=\"async\" src=\"https:\/\/www.vap-camping.fr\/wp-content\/themes\/vap\/assets\/img\/svg\/star-white.svg\" alt=\"\" class=\"wp-image-657\"\/><\/figure>\n\n\n\n<figure class=\"wp-block-image size-full\"><img alt=\"\" decoding=\"async\" src=\"https:\/\/www.vap-camping.fr\/wp-content\/themes\/vap\/assets\/img\/svg\/star-white.svg\" alt=\"\" class=\"wp-image-657\"\/><\/figure>\n\n\n\n<p class=\"has-white-color has-text-color has-link-color has-sm-font-size wp-elements-1c5940e84549218e8672bb1cea608a76\" style=\"font-style:normal;font-weight:500;text-transform:uppercase\">&#8211; Ari\u00e8ge &#8211; Maz\u00e8res<\/p>\n<\/div>\n<\/div>\n<\/div>\n\n\n\n<div class=\"wp-block-group has-global-padding is-layout-constrained wp-container-core-group-is-layout-4f9f0532 wp-block-group-is-layout-constrained\">\n<div class=\"wp-block-columns are-vertically-aligned-top m-ti is-layout-flex wp-container-core-columns-is-layout-c4788e2e wp-block-columns-is-layout-flex\">\n<div class=\"wp-block-column is-vertically-aligned-top m-ti-text-camp is-layout-flow wp-container-core-column-is-layout-58dbe9e9 wp-block-column-is-layout-flow\" style=\"padding-left:10rem;flex-basis:60%\">\n<div class=\"wp-block-group is-style-title-left fromTop is-layout-flow wp-block-group-is-layout-flow is-style-title-left--1\">\n<p class=\"has-secondary-color has-text-color has-link-color has-secondary-font-family has-xl-font-size wp-elements-6742f86ec032e28e69a9a980414a8ea8\">\n Welcome<\/p>\n\n\n\n<p class=\"has-primary-color has-text-color has-link-color has-primary-font-family has-sm-font-size wp-elements-e133692dd0430541c9798519e3dd16f2\" style=\"text-transform:uppercase\"><strong><strong>AT THE MAZ\u00c8RES FAMILY CAMPSITE<\/strong><\/strong><\/p>\n<\/div>\n\n\n\n<h2 class=\"wp-block-heading text-title\"><strong><strong>On the banks of the river Hers, Camping La Bastide welcomes you to a calm and relaxing setting!<\/strong><\/strong><\/h2>\n\n\n\n<p class=\"has-link-color has-m-font-size wp-elements-009f6b5278ddfb5a2a5668896504d0e9\" style=\"padding-left:2rem\">Our 3-star campsite with 110 pitches, including 62 rentals and 48 bare pitches, is ideal for family vacations with children or grandchildren, combining comfort, nature and conviviality, just 5 minutes&#8217; walk from the shops in the village of Maz\u00e8res.  <\/p>\n\n\n\n<p class=\"has-link-color has-m-font-size wp-elements-20115ff0c6bcaddd9638a7d6b45c1f5c\" style=\"padding-left:2rem\">Many of our visitors come back every year to rediscover this simple, authentic atmosphere, conducive to shared moments and reunions.<\/p>\n\n\n\n<p class=\"has-link-color has-m-font-size wp-elements-063e582bca5e27a88e4b1c0dc26078c8\" style=\"padding-left:2rem\">Every season, the campsite lives to the rhythm of local events: the gypsy jazz festival, medieval fairs, markets and outdoor activities.  <\/p>\n\n\n\n<p class=\"has-link-color has-m-font-size wp-elements-b0b4d41b86e5784238e3f85b515e8c8d\" style=\"padding-left:2rem\">School and university groups will also find it an ideal place for their nature weekends, thanks to its adapted facilities and attentive welcome.<\/p>\n\n\n\n<p class=\"has-link-color has-m-font-size wp-elements-b863dca85597c73e68a8595d4cd94b1f\" style=\"padding-left:2rem\">Whether you&#8217;re a keen walker or a birdwatcher, don&#8217;t miss the Domaine des Oiseaux, just a stone&#8217;s throw from the campsite, an exceptional natural site for the whole family to discover at the <strong><a href=\"https:\/\/www.vap-camping.fr\/en\/\" data-type=\"page\" data-id=\"128\">camping in Ari\u00e8ge<\/a><\/strong>.<\/p>\n<\/div>\n\n\n\n<div class=\"wp-block-column is-vertically-aligned-top wp-block-image alignright size-large has-custom-border camping-info-desc m-ti-text is-layout-flow wp-block-column-is-layout-flow\" style=\"flex-basis:40%\">\n<div class=\"wp-block-group animBase is-vertical is-content-justification-stretch is-layout-flex wp-container-core-group-is-layout-353c4f5a wp-block-group-is-layout-flex\">\n<div class=\"wp-block-group is-style-title-splash is-layout-flow wp-block-group-is-layout-flow is-style-title-splash--2\" style=\"margin-bottom:4rem\">\n<p class=\"has-secondary-color has-text-color has-link-color has-secondary-font-family wp-elements-77277135c415b62a504099a02a001e35\" style=\"font-size:clamp(3.195rem, 3.195rem + ((1vw - 0.2rem) * 4.346), 6.4rem);\">General information<\/p>\n<\/div>\n\n\n\n<div class=\"wp-block-group has-grey-background-color has-background animItem is-nowrap is-layout-flex wp-container-core-group-is-layout-f89dbd13 wp-block-group-is-layout-flex\" style=\"border-top-right-radius:40px;border-bottom-right-radius:40px;padding-top:2rem;padding-right:1rem;padding-bottom:2rem;padding-left:3rem\">\n<figure class=\"wp-block-image size-full\"><img decoding=\"async\" src=\"https:\/\/www.vap-camping.fr\/wp-content\/themes\/vap\/assets\/img\/svg\/calendar.svg\" alt=\"VAP Campsites\" class=\"wp-image-430\"\/><\/figure>\n\n\n<p style=\"font-style:normal;font-weight:500\">April 1 to October 1<\/p><\/div>\n\n\n\n<div class=\"wp-block-group animItem is-content-justification-left is-nowrap is-layout-flex wp-container-core-group-is-layout-82550dec wp-block-group-is-layout-flex\" style=\"padding-top:2rem;padding-right:1rem;padding-bottom:2rem;padding-left:3rem\">\n<figure class=\"wp-block-image size-full\"><img decoding=\"async\" src=\"https:\/\/www.vap-camping.fr\/wp-content\/themes\/vap\/assets\/img\/svg\/house-chimney-window.svg\" alt=\"VAP Campsites\" class=\"wp-image-433\"\/><\/figure>\n\n\n<p style=\"font-style:normal;font-weight:500\">62 Rentals<\/p><\/div>\n\n\n\n<div class=\"wp-block-group has-grey-background-color has-background animItem is-content-justification-left is-nowrap is-layout-flex wp-container-core-group-is-layout-82550dec wp-block-group-is-layout-flex\" style=\"padding-top:2rem;padding-right:1rem;padding-bottom:2rem;padding-left:3rem\">\n<figure class=\"wp-block-image size-full\"><img decoding=\"async\" src=\"https:\/\/www.vap-camping.fr\/wp-content\/themes\/vap\/assets\/img\/svg\/caravan-simple.svg\" alt=\"VAP Campsites\" class=\"wp-image-435\"\/><\/figure>\n\n\n<p style=\"font-style:normal;font-weight:500\">48 bare pitches<\/p><\/div>\n\n\n\n<div class=\"wp-block-group animItem is-nowrap is-layout-flex wp-container-core-group-is-layout-f89dbd13 wp-block-group-is-layout-flex\" style=\"padding-top:2rem;padding-right:1rem;padding-bottom:2rem;padding-left:3rem\">\n<figure class=\"wp-block-image size-full\"><img decoding=\"async\" src=\"https:\/\/www.vap-camping.fr\/wp-content\/themes\/vap\/assets\/img\/svg\/location-dot.svg\" alt=\"VAP Campsites\" class=\"wp-image-437\"\/><\/figure>\n\n\n<p style=\"font-style:normal;font-weight:500\">Chemin de la plage 09270 Maz\u00e8res<\/p><\/div>\n\n\n\n<div class=\"wp-block-group has-grey-background-color has-background animItem is-nowrap is-layout-flex wp-container-core-group-is-layout-f89dbd13 wp-block-group-is-layout-flex\" style=\"border-top-right-radius:40px;border-bottom-right-radius:40px;padding-top:2rem;padding-right:1rem;padding-bottom:2rem;padding-left:3rem\">\n<figure class=\"wp-block-image size-full is-resized\"><img alt=\"\" decoding=\"async\" src=\"https:\/\/www.vap-camping.fr\/wp-content\/uploads\/2025\/07\/bookmark-regular.svg\" alt=\"\" class=\"wp-image-2202\" style=\"object-fit:contain;width:32px;height:32px\"\/><\/figure>\n\n\n\n<p class=\"has-secondary-color has-text-color has-link-color wp-elements-5014b944a19d9e05c9d76d6fed93c7cd\" style=\"font-style:normal;font-weight:500\"><a href=\"https:\/\/www.google.com\/maps\/dir\/\/Chem.+de+la+Plage,+09270+Maz%C3%A8res\/@43.2500316,1.6725558,15z\/data=!4m8!4m7!1m0!1m5!1m1!1s0x12aefb4e2ff27317:0x5725fc5356c96975!2m2!1d1.6828555!2d43.2500164?entry=ttu&amp;g_ep=EgoyMDI1MDUyMS4wIKXMDSoASAFQAw%3D%3D\" data-type=\"page\" data-id=\"226\" target=\"_blank\" rel=\"noreferrer noopener\">Itinerary<\/a><\/p>\n<\/div>\n\n\n\n<div class=\"wp-block-group animItem is-content-justification-left is-nowrap is-layout-flex wp-container-core-group-is-layout-82550dec wp-block-group-is-layout-flex\" style=\"border-top-right-radius:40px;border-bottom-right-radius:40px;padding-top:2rem;padding-right:1rem;padding-bottom:2rem;padding-left:3rem\">\n<figure class=\"wp-block-image size-full\"><img decoding=\"async\" src=\"https:\/\/www.vap-camping.fr\/wp-content\/themes\/vap\/assets\/img\/svg\/phone.svg\" alt=\"VAP Campsites\" class=\"wp-image-439\"\/><\/figure>\n\n\n\n<a href=\"tel:0000000000\" target=\"_self\"><div class=\"wp-block-group has-global-padding is-layout-constrained wp-block-group-is-layout-constrained\">\n<p style=\"font-style:normal;font-weight:500\"><a href=\"tel:0561651158\">0561651158<\/a><\/p>\n<\/div><\/a>\n<\/div>\n\n\n\n<div class=\"wp-block-group has-grey-background-color has-background animItem is-content-justification-left is-nowrap is-layout-flex wp-container-core-group-is-layout-82550dec wp-block-group-is-layout-flex\" style=\"border-top-right-radius:40px;border-bottom-right-radius:40px;padding-top:2rem;padding-right:1rem;padding-bottom:2rem;padding-left:3rem\">\n<figure class=\"wp-block-image size-full\"><img decoding=\"async\" src=\"https:\/\/www.vap-camping.fr\/wp-content\/themes\/vap\/assets\/img\/svg\/envelope.svg\" alt=\"VAP Campsites\" class=\"wp-image-441\"\/><\/figure>\n\n\n\n<a href=\"mailto:mail@mail.com\" target=\"_self\"><div class=\"wp-block-group has-global-padding is-layout-constrained wp-block-group-is-layout-constrained\">\n<p style=\"font-style:normal;font-weight:500\"><a href=\"mailto:contact@vap-campings.fr\">contact@vap-campings.fr<\/a><\/p>\n<\/div><\/a>\n<\/div>\n\n\n\n<div class=\"wp-block-group animItem is-content-justification-space-between is-nowrap is-layout-flex wp-container-core-group-is-layout-866cca21 wp-block-group-is-layout-flex\" style=\"padding-top:2rem;padding-right:1rem;padding-bottom:2rem;padding-left:3rem\">\n<div class=\"wp-block-group is-content-justification-left is-nowrap is-layout-flex wp-container-core-group-is-layout-af23f760 wp-block-group-is-layout-flex\">\n<p style=\"font-style:normal;font-weight:500\">On-site services :<\/p>\n\n\n\n<figure class=\"wp-block-image size-full is-resized\"><img decoding=\"async\" src=\"https:\/\/www.vap-camping.fr\/wp-content\/uploads\/2025\/04\/water-ladder-ico.svg\" alt=\"pool\" class=\"wp-image-99\" style=\"width:23px\" title=\"Swimming pool\"\/><\/figure>\n\n\n\n<figure class=\"wp-block-image size-full is-resized\"><img alt=\"bar restaurant\" decoding=\"async\" src=\"https:\/\/www.vap-camping.fr\/wp-content\/uploads\/2025\/04\/martini-glass.svg\" alt=\"\" class=\"wp-image-98\" style=\"width:23px;height:auto\" title=\"Bar\/restaurant\"\/><\/figure>\n\n\n\n<figure class=\"wp-block-image size-full is-resized\"><img alt=\"wifi\" decoding=\"async\" src=\"https:\/\/www.vap-camping.fr\/wp-content\/uploads\/2025\/04\/wifi-ico.svg\" alt=\"\" class=\"wp-image-97\" style=\"width:23px\" title=\"WiFi\"\/><\/figure>\n\n\n\n<figure class=\"wp-block-image size-full is-resized\"><img decoding=\"async\" src=\"https:\/\/www.vap-camping.fr\/wp-content\/uploads\/2025\/04\/paw-solid.svg\" alt=\"animals\" class=\"wp-image-326\" style=\"width:23px\" title=\"Pets allowed\"\/><\/figure>\n\n\n\n<figure class=\"wp-block-image size-full is-resized\"><img alt=\"animation\" decoding=\"async\" src=\"https:\/\/www.vap-camping.fr\/wp-content\/uploads\/2025\/04\/party-horn-ico.svg\" alt=\"\" class=\"wp-image-95\" style=\"width:23px\" title=\"Entertainment\"\/><\/figure>\n\n\n\n<figure class=\"wp-block-image size-full is-resized\"><img decoding=\"async\" src=\"https:\/\/www.vap-camping.fr\/wp-content\/uploads\/2025\/04\/wheelchair-solid.svg\" alt=\"PMR sanitary facilities\" class=\"wp-image-323\" style=\"width:23px\"\/><\/figure>\n\n\n\n<figure class=\"wp-block-image size-full is-resized\"><img decoding=\"async\" src=\"https:\/\/www.vap-camping.fr\/wp-content\/uploads\/2025\/04\/dryer.svg\" alt=\"laundry\" class=\"wp-image-93\" style=\"width:23px\" title=\"Grocery\"\/><\/figure>\n\n\n\n<figure class=\"wp-block-image size-full is-resized\"><img decoding=\"async\" src=\"https:\/\/www.vap-camping.fr\/wp-content\/uploads\/2025\/04\/table-tennis-paddle-ball.svg\" alt=\"ping-pong\" class=\"wp-image-92\" style=\"width:23px\" title=\"Games\"\/><\/figure>\n<\/div>\n<\/div>\n\n\n\n<div class=\"wp-block-group has-grey-background-color has-background animItem is-content-justification-left is-nowrap is-layout-flex wp-container-core-group-is-layout-82550dec wp-block-group-is-layout-flex\" style=\"border-top-right-radius:40px;border-bottom-right-radius:40px;padding-top:2rem;padding-right:1rem;padding-bottom:2rem;padding-left:3rem\">\n<p style=\"font-style:normal;font-weight:500\">Follow us :<\/p>\n\n\n\n<figure class=\"wp-block-image size-full\"><a href=\"https:\/\/www.facebook.com\/profile.php?id=61572817504341\" target=\"_blank\" rel=\" noreferrer noopener\"><img alt=\"\" decoding=\"async\" src=\"https:\/\/www.vap-camping.fr\/wp-content\/uploads\/2025\/05\/facebook.svg\" alt=\"\" class=\"wp-image-977\"\/><\/a><\/figure>\n\n\n\n<figure class=\"wp-block-image size-full\"><a href=\"https:\/\/www.instagram.com\/campinglabastide_vap\/\" target=\"_blank\" rel=\" noreferrer noopener\"><img alt=\"\" decoding=\"async\" src=\"https:\/\/www.vap-camping.fr\/wp-content\/uploads\/2025\/04\/Icon-insta.svg\" alt=\"\" class=\"wp-image-312\"\/><\/a><\/figure>\n\n\n\n<figure class=\"wp-block-image size-full\"><a href=\"https:\/\/www.youtube.com\/@vapcampingsetgite\" target=\"_blank\" rel=\" noreferrer noopener\"><img alt=\"\" decoding=\"async\" src=\"https:\/\/www.vap-camping.fr\/wp-content\/uploads\/2025\/04\/Icon-youtube.svg\" alt=\"\" class=\"wp-image-314\"\/><\/a><\/figure>\n<\/div>\n\n\n\n<div class=\"wp-block-group animItem is-vertical is-layout-flex wp-container-core-group-is-layout-5a70b6f9 wp-block-group-is-layout-flex\" style=\"padding-top:2rem;padding-right:1rem;padding-bottom:2rem;padding-left:3rem\">\n<p><strong>Useful documents :<\/strong><\/p>\n\n\n\n<p class=\"has-secondary-color has-text-color has-link-color wp-elements-8682893d1d900f97bc0a4fc94a713a62\" style=\"font-style:normal;font-weight:500\"><a href=\"https:\/\/www.vap-camping.fr\/wp-content\/uploads\/2026\/03\/vap-tarifs-mazeres-2026.pdf\" target=\"_blank\" rel=\"noreferrer noopener\">Campsite map<\/a><\/p>\n\n\n\n<p><a href=\"https:\/\/www.vap-camping.fr\/wp-content\/uploads\/2025\/07\/tarifs-mazeres-2025.pdf\" target=\"_blank\" rel=\"noreferrer noopener\">Rates<\/a><\/p>\n<\/div>\n<\/div>\n<\/div>\n<\/div>\n<\/div>\n\n\n\n<div class=\"wp-block-group alignwide is-style-title-simple fromTop is-layout-flow wp-block-group-is-layout-flow is-style-title-simple--3\" style=\"margin-top:4rem;margin-bottom:4rem\">\n<p class=\"has-text-align-center has-secondary-color has-text-color has-link-color has-secondary-font-family has-xl-font-size wp-elements-79bf5873ce2f48784b590bfada814ac6\">Offers &amp; promotions<\/p>\n\n\n\n<p class=\"has-text-align-center has-primary-font-family has-sm-font-size\" style=\"text-transform:uppercase\"><strong>At La Bastide campsite<\/strong><\/p>\n<\/div>\n\n\n\n<div class=\"wp-block-group has-global-padding is-layout-constrained wp-container-core-group-is-layout-8a400663 wp-block-group-is-layout-constrained\">\n<script>\n    window.ctoutvert = {\n\t\tid: 716, \n\t\tlang: 'en', \n\t\turl: 'https:\/\/reservation.secureholiday.net\/widgets\/'\n    };\n    (function (w, d, s, ctv, r, js, fjs) {\n        r=new XMLHttpRequest();r.open('GET',w[ctv].url+'js\/src.json');\n        r.responseType='json';r.json=true;r.send();\n        r.onload=function(){w[ctv].src=r.responseType=='json'?r.response:JSON.parse(r.response);\n        js.src=w[ctv].src[0];fjs.parentNode.insertBefore(js, fjs);}\n        js=d.createElement(s),fjs=d.getElementsByTagName(s)[0];\n        js.id='ctvwidget';js.async=1;\n    }(window, document, 'script', 'ctoutvert'));\n<\/script>\n<style>.vap-w { display: block; max-width: 60%; }<\/style>\n<ctv-offers data-display-mode=\"carousel\" class=\"vap-w\"><\/ctv-offers>\n<\/div>\n\n\n\n<div class=\"wp-block-group has-global-padding is-layout-constrained wp-block-group-is-layout-constrained\">\n<div class=\"wp-block-group alignwide is-style-title-simple fromTop is-layout-flow wp-block-group-is-layout-flow is-style-title-simple--4\" style=\"margin-top:4rem;margin-bottom:4rem\">\n<p class=\"has-text-align-center has-secondary-color has-text-color has-link-color has-secondary-font-family has-xl-font-size wp-elements-19af978bb673f385a6d8c97da70c52c3\">\n  Photo library<\/p>\n\n\n\n<p class=\"has-text-align-center has-primary-font-family has-sm-font-size\" style=\"text-transform:uppercase\">\n            <strong>Your vacation in pictures<\/strong><\/p>\n<\/div>\n\n\n\n<div class=\"wp-block-group alignfull galery-wrapper is-layout-flow wp-block-group-is-layout-flow\">\n<div class=\"wp-block-group galery-row is-nowrap is-layout-flex wp-container-core-group-is-layout-6c531013 wp-block-group-is-layout-flex\">\n<figure data-wp-context=\"{&quot;imageId&quot;:&quot;69f424693ee2a&quot;}\" data-wp-interactive=\"core\/image\" class=\"wp-block-image size-large wp-lightbox-container\"><img alt=\"camping la bastide\" decoding=\"async\" width=\"1024\" height=\"767\" data-wp-class--hide=\"state.isContentHidden\" data-wp-class--show=\"state.isContentVisible\" data-wp-init=\"callbacks.setButtonStyles\" data-wp-on-async--click=\"actions.showLightbox\" data-wp-on-async--load=\"callbacks.setButtonStyles\" data-wp-on-async-window--resize=\"callbacks.setButtonStyles\" src=\"https:\/\/www.vap-camping.fr\/wp-content\/uploads\/2025\/04\/camping-mazeres-sky-view-1024x767.jpg\" alt=\"\" class=\"wp-image-4122\" srcset=\"https:\/\/www.vap-camping.fr\/wp-content\/uploads\/2025\/04\/camping-mazeres-sky-view-1024x767.jpg 1024w, https:\/\/www.vap-camping.fr\/wp-content\/uploads\/2025\/04\/camping-mazeres-sky-view-600x450.jpg 600w, https:\/\/www.vap-camping.fr\/wp-content\/uploads\/2025\/04\/camping-mazeres-sky-view-768x575.jpg 768w, https:\/\/www.vap-camping.fr\/wp-content\/uploads\/2025\/04\/camping-mazeres-sky-view-1536x1151.jpg 1536w, https:\/\/www.vap-camping.fr\/wp-content\/uploads\/2025\/04\/camping-mazeres-sky-view-2048x1534.jpg 2048w\" sizes=\"(max-width: 1024px) 100vw, 1024px\" \/><button\n\t\t\tclass=\"lightbox-trigger\"\n\t\t\ttype=\"button\"\n\t\t\taria-haspopup=\"dialog\"\n\t\t\taria-label=\"Enlarge\"\n\t\t\tdata-wp-init=\"callbacks.initTriggerButton\"\n\t\t\tdata-wp-on-async--click=\"actions.showLightbox\"\n\t\t\tdata-wp-style--right=\"state.imageButtonRight\"\n\t\t\tdata-wp-style--top=\"state.imageButtonTop\"\n\t\t>\n\t\t\t<svg xmlns=\"http:\/\/www.w3.org\/2000\/svg\" width=\"12\" height=\"12\" fill=\"none\" viewBox=\"0 0 12 12\">\n\t\t\t\t<path fill=\"#fff\" d=\"M2 0a2 2 0 0 0-2 2v2h1.5V2a.5.5 0 0 1 .5-.5h2V0H2Zm2 10.5H2a.5.5 0 0 1-.5-.5V8H0v2a2 2 0 0 0 2 2h2v-1.5ZM8 12v-1.5h2a.5.5 0 0 0 .5-.5V8H12v2a2 2 0 0 1-2 2H8Zm2-12a2 2 0 0 1 2 2v2h-1.5V2a.5.5 0 0 0-.5-.5H8V0h2Z\" \/>\n\t\t\t<\/svg>\n\t\t<\/button><\/figure>\n\n\n\n<figure data-wp-context=\"{&quot;imageId&quot;:&quot;69f424693f636&quot;}\" data-wp-interactive=\"core\/image\" class=\"wp-block-image size-large wp-lightbox-container\"><img alt=\"personnels de VAP\" decoding=\"async\" width=\"1024\" height=\"576\" data-wp-class--hide=\"state.isContentHidden\" data-wp-class--show=\"state.isContentVisible\" data-wp-init=\"callbacks.setButtonStyles\" data-wp-on-async--click=\"actions.showLightbox\" data-wp-on-async--load=\"callbacks.setButtonStyles\" data-wp-on-async-window--resize=\"callbacks.setButtonStyles\" src=\"https:\/\/www.vap-camping.fr\/wp-content\/uploads\/2025\/04\/snack-mazeres-tables-1024x576.jpg\" alt=\"\" class=\"wp-image-4126\" srcset=\"https:\/\/www.vap-camping.fr\/wp-content\/uploads\/2025\/04\/snack-mazeres-tables-1024x576.jpg 1024w, https:\/\/www.vap-camping.fr\/wp-content\/uploads\/2025\/04\/snack-mazeres-tables-600x337.jpg 600w, https:\/\/www.vap-camping.fr\/wp-content\/uploads\/2025\/04\/snack-mazeres-tables-768x432.jpg 768w, https:\/\/www.vap-camping.fr\/wp-content\/uploads\/2025\/04\/snack-mazeres-tables-1536x863.jpg 1536w, https:\/\/www.vap-camping.fr\/wp-content\/uploads\/2025\/04\/snack-mazeres-tables-2048x1151.jpg 2048w\" sizes=\"(max-width: 1024px) 100vw, 1024px\" \/><button\n\t\t\tclass=\"lightbox-trigger\"\n\t\t\ttype=\"button\"\n\t\t\taria-haspopup=\"dialog\"\n\t\t\taria-label=\"Enlarge\"\n\t\t\tdata-wp-init=\"callbacks.initTriggerButton\"\n\t\t\tdata-wp-on-async--click=\"actions.showLightbox\"\n\t\t\tdata-wp-style--right=\"state.imageButtonRight\"\n\t\t\tdata-wp-style--top=\"state.imageButtonTop\"\n\t\t>\n\t\t\t<svg xmlns=\"http:\/\/www.w3.org\/2000\/svg\" width=\"12\" height=\"12\" fill=\"none\" viewBox=\"0 0 12 12\">\n\t\t\t\t<path fill=\"#fff\" d=\"M2 0a2 2 0 0 0-2 2v2h1.5V2a.5.5 0 0 1 .5-.5h2V0H2Zm2 10.5H2a.5.5 0 0 1-.5-.5V8H0v2a2 2 0 0 0 2 2h2v-1.5ZM8 12v-1.5h2a.5.5 0 0 0 .5-.5V8H12v2a2 2 0 0 1-2 2H8Zm2-12a2 2 0 0 1 2 2v2h-1.5V2a.5.5 0 0 0-.5-.5H8V0h2Z\" \/>\n\t\t\t<\/svg>\n\t\t<\/button><\/figure>\n\n\n\n<figure data-wp-context=\"{&quot;imageId&quot;:&quot;69f4246940200&quot;}\" data-wp-interactive=\"core\/image\" class=\"wp-block-image size-large wp-lightbox-container\"><img alt=\"accueil des gens\" decoding=\"async\" width=\"1024\" height=\"576\" data-wp-class--hide=\"state.isContentHidden\" data-wp-class--show=\"state.isContentVisible\" data-wp-init=\"callbacks.setButtonStyles\" data-wp-on-async--click=\"actions.showLightbox\" data-wp-on-async--load=\"callbacks.setButtonStyles\" data-wp-on-async-window--resize=\"callbacks.setButtonStyles\" src=\"https:\/\/www.vap-camping.fr\/wp-content\/uploads\/2025\/04\/accueil-dextrieur-mazeres-1024x576.jpg\" alt=\"\" class=\"wp-image-4130\" srcset=\"https:\/\/www.vap-camping.fr\/wp-content\/uploads\/2025\/04\/accueil-dextrieur-mazeres-1024x576.jpg 1024w, https:\/\/www.vap-camping.fr\/wp-content\/uploads\/2025\/04\/accueil-dextrieur-mazeres-600x337.jpg 600w, https:\/\/www.vap-camping.fr\/wp-content\/uploads\/2025\/04\/accueil-dextrieur-mazeres-768x432.jpg 768w, https:\/\/www.vap-camping.fr\/wp-content\/uploads\/2025\/04\/accueil-dextrieur-mazeres-1536x863.jpg 1536w, https:\/\/www.vap-camping.fr\/wp-content\/uploads\/2025\/04\/accueil-dextrieur-mazeres-2048x1151.jpg 2048w\" sizes=\"(max-width: 1024px) 100vw, 1024px\" \/><button\n\t\t\tclass=\"lightbox-trigger\"\n\t\t\ttype=\"button\"\n\t\t\taria-haspopup=\"dialog\"\n\t\t\taria-label=\"Enlarge\"\n\t\t\tdata-wp-init=\"callbacks.initTriggerButton\"\n\t\t\tdata-wp-on-async--click=\"actions.showLightbox\"\n\t\t\tdata-wp-style--right=\"state.imageButtonRight\"\n\t\t\tdata-wp-style--top=\"state.imageButtonTop\"\n\t\t>\n\t\t\t<svg xmlns=\"http:\/\/www.w3.org\/2000\/svg\" width=\"12\" height=\"12\" fill=\"none\" viewBox=\"0 0 12 12\">\n\t\t\t\t<path fill=\"#fff\" d=\"M2 0a2 2 0 0 0-2 2v2h1.5V2a.5.5 0 0 1 .5-.5h2V0H2Zm2 10.5H2a.5.5 0 0 1-.5-.5V8H0v2a2 2 0 0 0 2 2h2v-1.5ZM8 12v-1.5h2a.5.5 0 0 0 .5-.5V8H12v2a2 2 0 0 1-2 2H8Zm2-12a2 2 0 0 1 2 2v2h-1.5V2a.5.5 0 0 0-.5-.5H8V0h2Z\" \/>\n\t\t\t<\/svg>\n\t\t<\/button><\/figure>\n\n\n\n<figure data-wp-context=\"{&quot;imageId&quot;:&quot;69f4246940ffc&quot;}\" data-wp-interactive=\"core\/image\" class=\"wp-block-image size-large wp-lightbox-container\"><img alt=\"\" decoding=\"async\" width=\"1024\" height=\"682\" data-wp-class--hide=\"state.isContentHidden\" data-wp-class--show=\"state.isContentVisible\" data-wp-init=\"callbacks.setButtonStyles\" data-wp-on-async--click=\"actions.showLightbox\" data-wp-on-async--load=\"callbacks.setButtonStyles\" data-wp-on-async-window--resize=\"callbacks.setButtonStyles\" src=\"https:\/\/www.vap-camping.fr\/wp-content\/uploads\/2025\/04\/domaine-des-oiseaux-mazeres-1024x682.jpg\" alt=\"\" class=\"wp-image-669\" srcset=\"https:\/\/www.vap-camping.fr\/wp-content\/uploads\/2025\/04\/domaine-des-oiseaux-mazeres-1024x682.jpg 1024w, https:\/\/www.vap-camping.fr\/wp-content\/uploads\/2025\/04\/domaine-des-oiseaux-mazeres-600x400.jpg 600w, https:\/\/www.vap-camping.fr\/wp-content\/uploads\/2025\/04\/domaine-des-oiseaux-mazeres-768x511.jpg 768w, https:\/\/www.vap-camping.fr\/wp-content\/uploads\/2025\/04\/domaine-des-oiseaux-mazeres.jpg 1200w\" sizes=\"(max-width: 1024px) 100vw, 1024px\" \/><button\n\t\t\tclass=\"lightbox-trigger\"\n\t\t\ttype=\"button\"\n\t\t\taria-haspopup=\"dialog\"\n\t\t\taria-label=\"Enlarge\"\n\t\t\tdata-wp-init=\"callbacks.initTriggerButton\"\n\t\t\tdata-wp-on-async--click=\"actions.showLightbox\"\n\t\t\tdata-wp-style--right=\"state.imageButtonRight\"\n\t\t\tdata-wp-style--top=\"state.imageButtonTop\"\n\t\t>\n\t\t\t<svg xmlns=\"http:\/\/www.w3.org\/2000\/svg\" width=\"12\" height=\"12\" fill=\"none\" viewBox=\"0 0 12 12\">\n\t\t\t\t<path fill=\"#fff\" d=\"M2 0a2 2 0 0 0-2 2v2h1.5V2a.5.5 0 0 1 .5-.5h2V0H2Zm2 10.5H2a.5.5 0 0 1-.5-.5V8H0v2a2 2 0 0 0 2 2h2v-1.5ZM8 12v-1.5h2a.5.5 0 0 0 .5-.5V8H12v2a2 2 0 0 1-2 2H8Zm2-12a2 2 0 0 1 2 2v2h-1.5V2a.5.5 0 0 0-.5-.5H8V0h2Z\" \/>\n\t\t\t<\/svg>\n\t\t<\/button><\/figure>\n<\/div>\n\n\n\n<div class=\"wp-block-group galery-row is-nowrap is-layout-flex wp-container-core-group-is-layout-6c531013 wp-block-group-is-layout-flex\">\n<figure data-wp-context=\"{&quot;imageId&quot;:&quot;69f42469419d1&quot;}\" data-wp-interactive=\"core\/image\" class=\"wp-block-image size-full wp-lightbox-container\"><img alt=\"\" decoding=\"async\" width=\"2560\" height=\"1439\" data-wp-class--hide=\"state.isContentHidden\" data-wp-class--show=\"state.isContentVisible\" data-wp-init=\"callbacks.setButtonStyles\" data-wp-on-async--click=\"actions.showLightbox\" data-wp-on-async--load=\"callbacks.setButtonStyles\" data-wp-on-async-window--resize=\"callbacks.setButtonStyles\" src=\"https:\/\/www.vap-camping.fr\/wp-content\/uploads\/2025\/04\/dsc01194-scaled.jpg\" alt=\"\" class=\"wp-image-4142\" srcset=\"https:\/\/www.vap-camping.fr\/wp-content\/uploads\/2025\/04\/dsc01194-scaled.jpg 2560w, https:\/\/www.vap-camping.fr\/wp-content\/uploads\/2025\/04\/dsc01194-600x337.jpg 600w, https:\/\/www.vap-camping.fr\/wp-content\/uploads\/2025\/04\/dsc01194-1024x576.jpg 1024w, https:\/\/www.vap-camping.fr\/wp-content\/uploads\/2025\/04\/dsc01194-768x432.jpg 768w, https:\/\/www.vap-camping.fr\/wp-content\/uploads\/2025\/04\/dsc01194-1536x863.jpg 1536w, https:\/\/www.vap-camping.fr\/wp-content\/uploads\/2025\/04\/dsc01194-2048x1151.jpg 2048w\" sizes=\"(max-width: 2560px) 100vw, 2560px\" \/><button\n\t\t\tclass=\"lightbox-trigger\"\n\t\t\ttype=\"button\"\n\t\t\taria-haspopup=\"dialog\"\n\t\t\taria-label=\"Enlarge\"\n\t\t\tdata-wp-init=\"callbacks.initTriggerButton\"\n\t\t\tdata-wp-on-async--click=\"actions.showLightbox\"\n\t\t\tdata-wp-style--right=\"state.imageButtonRight\"\n\t\t\tdata-wp-style--top=\"state.imageButtonTop\"\n\t\t>\n\t\t\t<svg xmlns=\"http:\/\/www.w3.org\/2000\/svg\" width=\"12\" height=\"12\" fill=\"none\" viewBox=\"0 0 12 12\">\n\t\t\t\t<path fill=\"#fff\" d=\"M2 0a2 2 0 0 0-2 2v2h1.5V2a.5.5 0 0 1 .5-.5h2V0H2Zm2 10.5H2a.5.5 0 0 1-.5-.5V8H0v2a2 2 0 0 0 2 2h2v-1.5ZM8 12v-1.5h2a.5.5 0 0 0 .5-.5V8H12v2a2 2 0 0 1-2 2H8Zm2-12a2 2 0 0 1 2 2v2h-1.5V2a.5.5 0 0 0-.5-.5H8V0h2Z\" \/>\n\t\t\t<\/svg>\n\t\t<\/button><\/figure>\n\n\n\n<figure data-wp-context=\"{&quot;imageId&quot;:&quot;69f424694266a&quot;}\" data-wp-interactive=\"core\/image\" class=\"wp-block-image size-large wp-lightbox-container\"><img alt=\"\" decoding=\"async\" width=\"1024\" height=\"683\" data-wp-class--hide=\"state.isContentHidden\" data-wp-class--show=\"state.isContentVisible\" data-wp-init=\"callbacks.setButtonStyles\" data-wp-on-async--click=\"actions.showLightbox\" data-wp-on-async--load=\"callbacks.setButtonStyles\" data-wp-on-async-window--resize=\"callbacks.setButtonStyles\" src=\"https:\/\/www.vap-camping.fr\/wp-content\/uploads\/2025\/04\/piscine-campinglabastide-1024x683.jpg\" alt=\"\" class=\"wp-image-489\" srcset=\"https:\/\/www.vap-camping.fr\/wp-content\/uploads\/2025\/04\/piscine-campinglabastide-1024x683.jpg 1024w, https:\/\/www.vap-camping.fr\/wp-content\/uploads\/2025\/04\/piscine-campinglabastide-600x400.jpg 600w, https:\/\/www.vap-camping.fr\/wp-content\/uploads\/2025\/04\/piscine-campinglabastide-768x512.jpg 768w, https:\/\/www.vap-camping.fr\/wp-content\/uploads\/2025\/04\/piscine-campinglabastide-1536x1024.jpg 1536w, https:\/\/www.vap-camping.fr\/wp-content\/uploads\/2025\/04\/piscine-campinglabastide-2048x1365.jpg 2048w\" sizes=\"(max-width: 1024px) 100vw, 1024px\" \/><button\n\t\t\tclass=\"lightbox-trigger\"\n\t\t\ttype=\"button\"\n\t\t\taria-haspopup=\"dialog\"\n\t\t\taria-label=\"Enlarge\"\n\t\t\tdata-wp-init=\"callbacks.initTriggerButton\"\n\t\t\tdata-wp-on-async--click=\"actions.showLightbox\"\n\t\t\tdata-wp-style--right=\"state.imageButtonRight\"\n\t\t\tdata-wp-style--top=\"state.imageButtonTop\"\n\t\t>\n\t\t\t<svg xmlns=\"http:\/\/www.w3.org\/2000\/svg\" width=\"12\" height=\"12\" fill=\"none\" viewBox=\"0 0 12 12\">\n\t\t\t\t<path fill=\"#fff\" d=\"M2 0a2 2 0 0 0-2 2v2h1.5V2a.5.5 0 0 1 .5-.5h2V0H2Zm2 10.5H2a.5.5 0 0 1-.5-.5V8H0v2a2 2 0 0 0 2 2h2v-1.5ZM8 12v-1.5h2a.5.5 0 0 0 .5-.5V8H12v2a2 2 0 0 1-2 2H8Zm2-12a2 2 0 0 1 2 2v2h-1.5V2a.5.5 0 0 0-.5-.5H8V0h2Z\" \/>\n\t\t\t<\/svg>\n\t\t<\/button><\/figure>\n\n\n\n<figure data-wp-context=\"{&quot;imageId&quot;:&quot;69f424694305f&quot;}\" data-wp-interactive=\"core\/image\" class=\"wp-block-image size-large wp-lightbox-container\"><img alt=\"\" decoding=\"async\" width=\"1024\" height=\"576\" data-wp-class--hide=\"state.isContentHidden\" data-wp-class--show=\"state.isContentVisible\" data-wp-init=\"callbacks.setButtonStyles\" data-wp-on-async--click=\"actions.showLightbox\" data-wp-on-async--load=\"callbacks.setButtonStyles\" data-wp-on-async-window--resize=\"callbacks.setButtonStyles\" src=\"https:\/\/www.vap-camping.fr\/wp-content\/uploads\/2025\/04\/dsc01243-1024x576.jpg\" alt=\"\" class=\"wp-image-4146\" srcset=\"https:\/\/www.vap-camping.fr\/wp-content\/uploads\/2025\/04\/dsc01243-1024x576.jpg 1024w, https:\/\/www.vap-camping.fr\/wp-content\/uploads\/2025\/04\/dsc01243-600x337.jpg 600w, https:\/\/www.vap-camping.fr\/wp-content\/uploads\/2025\/04\/dsc01243-768x432.jpg 768w, https:\/\/www.vap-camping.fr\/wp-content\/uploads\/2025\/04\/dsc01243-1536x863.jpg 1536w, https:\/\/www.vap-camping.fr\/wp-content\/uploads\/2025\/04\/dsc01243-2048x1151.jpg 2048w\" sizes=\"(max-width: 1024px) 100vw, 1024px\" \/><button\n\t\t\tclass=\"lightbox-trigger\"\n\t\t\ttype=\"button\"\n\t\t\taria-haspopup=\"dialog\"\n\t\t\taria-label=\"Enlarge\"\n\t\t\tdata-wp-init=\"callbacks.initTriggerButton\"\n\t\t\tdata-wp-on-async--click=\"actions.showLightbox\"\n\t\t\tdata-wp-style--right=\"state.imageButtonRight\"\n\t\t\tdata-wp-style--top=\"state.imageButtonTop\"\n\t\t>\n\t\t\t<svg xmlns=\"http:\/\/www.w3.org\/2000\/svg\" width=\"12\" height=\"12\" fill=\"none\" viewBox=\"0 0 12 12\">\n\t\t\t\t<path fill=\"#fff\" d=\"M2 0a2 2 0 0 0-2 2v2h1.5V2a.5.5 0 0 1 .5-.5h2V0H2Zm2 10.5H2a.5.5 0 0 1-.5-.5V8H0v2a2 2 0 0 0 2 2h2v-1.5ZM8 12v-1.5h2a.5.5 0 0 0 .5-.5V8H12v2a2 2 0 0 1-2 2H8Zm2-12a2 2 0 0 1 2 2v2h-1.5V2a.5.5 0 0 0-.5-.5H8V0h2Z\" \/>\n\t\t\t<\/svg>\n\t\t<\/button><\/figure>\n\n\n\n<figure data-wp-context=\"{&quot;imageId&quot;:&quot;69f4246943961&quot;}\" data-wp-interactive=\"core\/image\" class=\"wp-block-image size-large wp-lightbox-container\"><img alt=\"\" decoding=\"async\" width=\"1024\" height=\"576\" data-wp-class--hide=\"state.isContentHidden\" data-wp-class--show=\"state.isContentVisible\" data-wp-init=\"callbacks.setButtonStyles\" data-wp-on-async--click=\"actions.showLightbox\" data-wp-on-async--load=\"callbacks.setButtonStyles\" data-wp-on-async-window--resize=\"callbacks.setButtonStyles\" src=\"https:\/\/www.vap-camping.fr\/wp-content\/uploads\/2025\/04\/chambres-twins-de-cottage-4-chambre-clim-1024x576.jpg\" alt=\"\" class=\"wp-image-4134\" srcset=\"https:\/\/www.vap-camping.fr\/wp-content\/uploads\/2025\/04\/chambres-twins-de-cottage-4-chambre-clim-1024x576.jpg 1024w, https:\/\/www.vap-camping.fr\/wp-content\/uploads\/2025\/04\/chambres-twins-de-cottage-4-chambre-clim-600x337.jpg 600w, https:\/\/www.vap-camping.fr\/wp-content\/uploads\/2025\/04\/chambres-twins-de-cottage-4-chambre-clim-768x432.jpg 768w, https:\/\/www.vap-camping.fr\/wp-content\/uploads\/2025\/04\/chambres-twins-de-cottage-4-chambre-clim-1536x863.jpg 1536w, https:\/\/www.vap-camping.fr\/wp-content\/uploads\/2025\/04\/chambres-twins-de-cottage-4-chambre-clim-2048x1151.jpg 2048w\" sizes=\"(max-width: 1024px) 100vw, 1024px\" \/><button\n\t\t\tclass=\"lightbox-trigger\"\n\t\t\ttype=\"button\"\n\t\t\taria-haspopup=\"dialog\"\n\t\t\taria-label=\"Enlarge\"\n\t\t\tdata-wp-init=\"callbacks.initTriggerButton\"\n\t\t\tdata-wp-on-async--click=\"actions.showLightbox\"\n\t\t\tdata-wp-style--right=\"state.imageButtonRight\"\n\t\t\tdata-wp-style--top=\"state.imageButtonTop\"\n\t\t>\n\t\t\t<svg xmlns=\"http:\/\/www.w3.org\/2000\/svg\" width=\"12\" height=\"12\" fill=\"none\" viewBox=\"0 0 12 12\">\n\t\t\t\t<path fill=\"#fff\" d=\"M2 0a2 2 0 0 0-2 2v2h1.5V2a.5.5 0 0 1 .5-.5h2V0H2Zm2 10.5H2a.5.5 0 0 1-.5-.5V8H0v2a2 2 0 0 0 2 2h2v-1.5ZM8 12v-1.5h2a.5.5 0 0 0 .5-.5V8H12v2a2 2 0 0 1-2 2H8Zm2-12a2 2 0 0 1 2 2v2h-1.5V2a.5.5 0 0 0-.5-.5H8V0h2Z\" \/>\n\t\t\t<\/svg>\n\t\t<\/button><\/figure>\n<\/div>\n<\/div>\n<\/div>\n\n\n\n<div class=\"wp-block-group alignwide is-style-title-simple fromTop is-layout-flow wp-block-group-is-layout-flow is-style-title-simple--5\" style=\"margin-top:4rem;margin-bottom:4rem\">\n<p class=\"has-text-align-center has-secondary-color has-text-color has-link-color has-secondary-font-family has-xl-font-size wp-elements-60adc14a52b8478a011195e4aa348652\">Find <\/p>\n\n\n\n<p class=\"has-text-align-center has-primary-font-family has-sm-font-size\" style=\"text-transform:uppercase\"><strong>Your pitch or rental<\/strong><\/p>\n<\/div>\n\n\n\n<div style=\"background-image:url(&#039;https:\/\/www.vap-camping.fr\/wp-content\/uploads\/2025\/04\/domaine-des-oiseaux_2.jpg&#039;);background-size:cover;\" class=\"wp-block-group bg-img-part reveal is-layout-flow wp-block-group-is-layout-flow has-background\">\n<div class=\"wp-block-columns alignfull is-layout-flex wp-container-core-columns-is-layout-28f84493 wp-block-columns-is-layout-flex\">\n<div class=\"wp-block-column part-void is-layout-flow wp-block-column-is-layout-flow\"><\/div>\n\n\n\n<div class=\"wp-block-column part-content is-layout-flow wp-block-column-is-layout-flow\" style=\"flex-basis:45%\">\n<div class=\"wp-block-group is-bg-rounded is-layout-flow wp-container-core-group-is-layout-75c87b2e wp-block-group-is-layout-flow\">\n<div class=\"wp-block-group is-style-title-flip has-global-padding is-layout-constrained wp-block-group-is-layout-constrained is-style-title-flip--6\">\n<p class=\"has-text-align-right has-secondary-font-family has-xl-font-size\">Rentals<\/p>\n\n\n\n<p class=\"has-text-align-right has-sm-font-size\" style=\"text-transform:uppercase\"><strong>and locations<\/strong><\/p>\n<\/div>\n\n\n\n<h2 class=\"wp-block-heading has-text-align-right text-title\"><strong><strong>Book your stay at Camping La Bastide, ideally located in Maz\u00e8res, just a stone&#8217;s throw from Domaine des Oiseaux!<\/strong><\/strong><\/h2>\n\n\n\n<p>Choose the accommodation that&#8217;s right for you: comfortable cottages for 4 to 10 people, perfect for families or groups of friends, fully-equipped tents for a glamping experience combining nature and comfort, or spacious pitches for tents, caravans and motorhomes with or without electric hook-ups.<\/p>\n\n\n\n<p>Whether you&#8217;re here for a nature weekend, a festival or a family getaway, there&#8217;s a place for everyone to feel good.<\/p>\n\n\n\n<div class=\"wp-block-buttons is-content-justification-right is-layout-flex wp-container-core-buttons-is-layout-d445cf74 wp-block-buttons-is-layout-flex\">\n<div class=\"wp-block-button button is-style-fill\"><a class=\"wp-block-button__link wp-element-button\" href=\"#holidays\" style=\"padding-top:0px;padding-right:0px;padding-bottom:0px;padding-left:0px\">Discover<\/a><\/div>\n<\/div>\n<\/div>\n<\/div>\n<\/div>\n<\/div>\n\n\n\n<div id=\"holidays\" class=\"wp-block-group has-global-padding is-layout-constrained wp-container-core-group-is-layout-8a400663 wp-block-group-is-layout-constrained\">\n<script>\n            window.ctoutvert = {\n                id: 13776,\n                lang: 'en',\n                url: 'https:\/\/reservation.secureholiday.net\/widgets\/'\n            };\n            (function (w, d, s, ctv, r, js, fjs) {\n                r = new XMLHttpRequest(); r.open('GET', w[ctv].url + 'js\/src.json');\n                r.responseType = 'json'; r.json = true; r.send();\n                r.onload = function () {\n                    w[ctv].src = r.responseType == 'json' ? r.response : JSON.parse(r.response);\n                    js.src = w[ctv].src[0]; fjs.parentNode.insertBefore(js, fjs);\n                }\n                js = d.createElement(s), fjs = d.getElementsByTagName(s)[0];\n                js.id = 'ctvwidget'; js.async = 1;\n            }(window, document, 'script', 'ctoutvert'));\n        <\/script>\n        <ctv-availability data-background-color=\"#FFFFFF00\"><\/ctv-availability>\n<\/div>\n\n\n\n<div class=\"wp-block-group rightLeft has-global-padding is-layout-constrained wp-block-group-is-layout-constrained\">\n<div class=\"wp-block-columns alignfull are-vertically-aligned-center m-ti is-layout-flex wp-container-core-columns-is-layout-0c0b91ec wp-block-columns-is-layout-flex\">\n<div class=\"wp-block-column is-vertically-aligned-center wp-block-image alignright size-large has-custom-border is-style-simple-left m-ti-image is-layout-flow wp-block-column-is-layout-flow is-style-simple-left--7\" style=\"flex-basis:60%\">\n<figure class=\"wp-block-image alignleft size-large\"><img alt=\"camping la bastide ari\u00e8ge\" decoding=\"async\" width=\"1024\" height=\"576\" src=\"https:\/\/www.vap-camping.fr\/wp-content\/uploads\/2025\/04\/cottage-clim-8-place-exterieur-1024x576.jpg\" alt=\"\" class=\"wp-image-4114\" srcset=\"https:\/\/www.vap-camping.fr\/wp-content\/uploads\/2025\/04\/cottage-clim-8-place-exterieur-1024x576.jpg 1024w, https:\/\/www.vap-camping.fr\/wp-content\/uploads\/2025\/04\/cottage-clim-8-place-exterieur-600x337.jpg 600w, https:\/\/www.vap-camping.fr\/wp-content\/uploads\/2025\/04\/cottage-clim-8-place-exterieur-768x432.jpg 768w, https:\/\/www.vap-camping.fr\/wp-content\/uploads\/2025\/04\/cottage-clim-8-place-exterieur-1536x863.jpg 1536w, https:\/\/www.vap-camping.fr\/wp-content\/uploads\/2025\/04\/cottage-clim-8-place-exterieur-2048x1151.jpg 2048w\" sizes=\"(max-width: 1024px) 100vw, 1024px\" \/><\/figure>\n<\/div>\n\n\n\n<div class=\"wp-block-column is-vertically-aligned-center m-ti-text is-layout-flow wp-container-core-column-is-layout-58dbe9e9 wp-block-column-is-layout-flow\" style=\"padding-left:10rem;flex-basis:65%\">\n<div class=\"wp-block-group is-style-title-left is-layout-flow wp-block-group-is-layout-flow is-style-title-left--8\">\n<p class=\"has-secondary-color has-text-color has-link-color has-secondary-font-family has-xl-font-size wp-elements-ae5365680083ea2af20508969f983aae\">Our services<\/p>\n\n\n\n<p class=\"has-primary-color has-text-color has-link-color has-primary-font-family has-sm-font-size wp-elements-4bca494e3ace303582d375d1e08365b4\" style=\"text-transform:uppercase\"><strong>for a comfortable stay<\/strong><\/p>\n<\/div>\n\n\n\n<h2 class=\"wp-block-heading text-title\">Our summer events, medieval festival and tourist sites at the gateway to the Ari\u00e8ge offer you a wide choice of activities combining nature, sport and culture!<\/h2>\n\n\n\n<p class=\"has-m-font-size\" style=\"padding-left:2rem\">In summer, the campsite comes alive with themed evenings, family games and a mini-club for children, much appreciated for its moments of laughter and discovery. During the medieval festival, immerse yourself in the atmosphere of the period with costumes on loan from the campsite. Enjoy the swimming pool with two pools, the guinguette adjoining the playground or a game of p\u00e9tanque under the southern sun. Fishing and canoeing enthusiasts will be delighted: the River Hers runs right alongside the campsite! On-site: snack bar, mini grocery store, launderette, free Wi-Fi near reception and tourist information stand. Rental of sheets, towels, baby kit and made-up beds on arrival available at extra cost. For travelers with electric cars, a charging station is available, and pets are accepted (except categories 1 and 2) at an extra charge.       Reception is open daily from 9am &#8211; 12pm and 2pm &#8211; 6pm.<\/p>\n<\/div>\n<\/div>\n<\/div>\n\n\n\n<div class=\"wp-block-group rightLeft has-global-padding is-layout-constrained wp-block-group-is-layout-constrained\">\n<div class=\"wp-block-group alignfull has-global-padding is-layout-constrained wp-block-group-is-layout-constrained\">\n<div class=\"wp-block-columns alignfull are-vertically-aligned-center m-ti is-layout-flex wp-container-core-columns-is-layout-0c0b91ec wp-block-columns-is-layout-flex\">\n<div class=\"wp-block-column is-vertically-aligned-stretch m-ti-text is-layout-flow wp-container-core-column-is-layout-58dbe9e9 wp-block-column-is-layout-flow\" style=\"padding-left:10rem;flex-basis:40%\">\n<div class=\"wp-block-group is-style-title-left is-layout-flow wp-block-group-is-layout-flow is-style-title-left--9\">\n<p class=\"has-secondary-color has-text-color has-link-color has-secondary-font-family has-xl-font-size wp-elements-9f513fbe0f4480a99f0a5424267d1914\"><strong>La Guinguette  <\/strong><\/p>\n\n\n\n<p class=\"has-primary-color has-text-color has-link-color has-primary-font-family has-sm-font-size wp-elements-0a33c5a74424e493024412ec98e8fb90\" style=\"text-transform:uppercase\"><strong>or the campsite snack bar  <\/strong><\/p>\n<\/div>\n\n\n\n<h1 class=\"wp-block-heading text-title\">La Guinguette du Camping invites you to enjoy a convivial gourmet meal in a simple, cheerful atmosphere!<\/h1>\n\n\n\n<p class=\"has-m-font-size\" style=\"padding-left:2rem\">Open all season, the Guinguette du Camping is the place to be for a convivial meal or drink. Renowned for its karaoke evenings and 1980s-style concerts, it combines a festive atmosphere with riverside relaxation. <\/p>\n\n\n\n<p class=\"has-m-font-size\" style=\"padding-left:2rem\">On the plate, discover homemade cuisine, combining regional flavors and exotic touches, prepared with passion. All this in a pleasant setting overlooking the River Hers and a stone&#8217;s throw from the playground, ideal for parents to enjoy while the kids have fun. <\/p>\n<\/div>\n\n\n\n<div class=\"wp-block-column is-vertically-aligned-center wp-block-image alignright size-large has-custom-border m-ti-image is-style-simple-right is-layout-flow wp-block-column-is-layout-flow is-style-simple-right--10\" style=\"flex-basis:60%\">\n<figure class=\"wp-block-image alignright size-large\"><img alt=\"\" decoding=\"async\" width=\"1024\" height=\"576\" src=\"https:\/\/www.vap-camping.fr\/wp-content\/uploads\/2025\/04\/bar-de-snack-1024x576.jpg\" alt=\"\" class=\"wp-image-4118\" srcset=\"https:\/\/www.vap-camping.fr\/wp-content\/uploads\/2025\/04\/bar-de-snack-1024x576.jpg 1024w, https:\/\/www.vap-camping.fr\/wp-content\/uploads\/2025\/04\/bar-de-snack-600x337.jpg 600w, https:\/\/www.vap-camping.fr\/wp-content\/uploads\/2025\/04\/bar-de-snack-768x432.jpg 768w, https:\/\/www.vap-camping.fr\/wp-content\/uploads\/2025\/04\/bar-de-snack-1536x863.jpg 1536w, https:\/\/www.vap-camping.fr\/wp-content\/uploads\/2025\/04\/bar-de-snack-2048x1151.jpg 2048w\" sizes=\"(max-width: 1024px) 100vw, 1024px\" \/><\/figure>\n<\/div>\n<\/div>\n<\/div>\n<\/div>\n\n\n\n<div class=\"wp-block-group rightLeft has-global-padding is-layout-constrained wp-block-group-is-layout-constrained\">\n<div class=\"wp-block-columns alignfull are-vertically-aligned-center m-ti is-layout-flex wp-container-core-columns-is-layout-0c0b91ec wp-block-columns-is-layout-flex\">\n<div class=\"wp-block-column is-vertically-aligned-center wp-block-image alignright size-large has-custom-border is-style-simple-left m-ti-image is-layout-flow wp-block-column-is-layout-flow is-style-simple-left--11\" style=\"flex-basis:60%\">\n<figure class=\"wp-block-image alignleft size-large\"><img alt=\"animation-au-camping\" decoding=\"async\" width=\"1024\" height=\"683\" src=\"https:\/\/www.vap-camping.fr\/wp-content\/uploads\/2025\/04\/image-2-1024x683.jpeg\" alt=\"\" class=\"wp-image-6100\" srcset=\"https:\/\/www.vap-camping.fr\/wp-content\/uploads\/2025\/04\/image-2-1024x683.jpeg 1024w, https:\/\/www.vap-camping.fr\/wp-content\/uploads\/2025\/04\/image-2-600x400.jpeg 600w, https:\/\/www.vap-camping.fr\/wp-content\/uploads\/2025\/04\/image-2-768x512.jpeg 768w, https:\/\/www.vap-camping.fr\/wp-content\/uploads\/2025\/04\/image-2.jpeg 1536w\" sizes=\"(max-width: 1024px) 100vw, 1024px\" \/><\/figure>\n<\/div>\n\n\n\n<div class=\"wp-block-column is-vertically-aligned-center m-ti-text is-layout-flow wp-container-core-column-is-layout-58dbe9e9 wp-block-column-is-layout-flow\" style=\"padding-left:10rem;flex-basis:65%\">\n<div class=\"wp-block-group is-style-title-left is-layout-flow wp-block-group-is-layout-flow is-style-title-left--12\">\n<p class=\"has-secondary-color has-text-color has-link-color has-secondary-font-family has-xl-font-size wp-elements-80a6c0f47f56fa1b824abac55035c57c\">Our events <\/p>\n\n\n\n<p class=\"has-primary-color has-text-color has-link-color has-primary-font-family has-sm-font-size wp-elements-85ffd2b64a74a8b3ee517a1d93150769\" style=\"text-transform:uppercase\"><strong>for this summer  <\/strong><\/p>\n<\/div>\n\n\n\n<h2 class=\"wp-block-heading text-title\"><strong>Animated summer at Camping la Bastide in Maz\u00e8res: activities for children and parents (July 6-Aug. 28).<\/strong><\/h2>\n\n\n\n<p class=\"has-m-font-size\" style=\"padding-left:2rem\">At Camping La Bastide in Maz\u00e8res, summer is all about getting together and having fun, in a friendly, family atmosphere. Every day in July and August (except Saturdays), we offer a range of simple but highly effective activities to create happy memories: an aquagym session to get you moving in a good mood, a children&#8217;s bingo that always makes an impact, a treasure hunt to set off on an adventure with friends, and a karaoke evening to sing (even off-key) and have a good laugh all together. <\/p>\n\n\n\n<p class=\"has-m-font-size\" style=\"padding-left:2rem\">The program remains accessible and varied, perfect for a family vacation where everyone finds something fun to share, without feeling &#8220;obliged&#8221; to follow a busy schedule.<\/p>\n<\/div>\n<\/div>\n<\/div>\n\n\n\n<div class=\"wp-block-group leftRight has-global-padding is-layout-constrained wp-block-group-is-layout-constrained\">\n<div class=\"wp-block-columns alignfull are-vertically-aligned-center m-ti is-layout-flex wp-container-core-columns-is-layout-0c0b91ec wp-block-columns-is-layout-flex\">\n<div class=\"wp-block-column is-vertically-aligned-center m-ti-text is-layout-flow wp-container-core-column-is-layout-58dbe9e9 wp-block-column-is-layout-flow\" style=\"padding-left:10rem;flex-basis:65%\">\n<div class=\"wp-block-group is-style-title-left is-layout-flow wp-block-group-is-layout-flow is-style-title-left--13\">\n<p class=\"has-secondary-color has-text-color has-link-color has-secondary-font-family has-xl-font-size wp-elements-8f252020af5cdce3d0611213e7ab81ed\">What to do<\/p>\n\n\n\n<p class=\"has-primary-color has-text-color has-link-color has-primary-font-family has-sm-font-size wp-elements-ca6ed83bd97899e7091730e0a5495856\" style=\"text-transform:uppercase\"><strong>Near the campsite?<\/strong><\/p>\n<\/div>\n\n\n\n<h2 class=\"wp-block-heading text-title\"><strong>The campsite is ideally located for visiting the must-see sites near Toulouse in Occitanie and the medieval festival in August!  <\/strong><\/h2>\n\n\n\n<p class=\"has-m-font-size\" style=\"padding-left:2rem\">For bird lovers, just 3 km from the campsite, discover the Domaine des Oiseaux and its signposted trails.  <\/p>\n\n\n\n<p class=\"has-m-font-size\" style=\"padding-left:2rem\">Lovers of thrills and outdoor activities can take advantage of our partner&#8217;s canoe-kayak circuit leading directly down to the campsite.<\/p>\n\n\n\n<p class=\"has-m-font-size\" style=\"padding-left:2rem\">For families or groups of friends, the largest water park in Occitanie, just 6 minutes from the campsite, promises hours of fun and relaxation.<\/p>\n\n\n\n<p class=\"has-m-font-size\" style=\"padding-left:2rem\">Looking for music and festivities? Don&#8217;t miss the Festival Jazz Manouche and the Maz\u00e8res medieval festival, two not-to-be-missed events that punctuate the summer with conviviality and good humor. <\/p>\n\n\n\n<p class=\"has-m-font-size\" style=\"padding-left:2rem\">For those seeking calm and serenity, the Parc aux Bambous is the ideal place to relax and take full advantage of the superb Ari\u00e8ge countryside.<\/p>\n<\/div>\n\n\n\n<div class=\"wp-block-column is-vertically-aligned-center wp-block-image alignright size-large has-custom-border is-style-travel m-ti-image is-layout-flow wp-block-column-is-layout-flow is-style-travel--14\" style=\"flex-basis:60%\">\n<figure class=\"wp-block-image alignright size-large is-resized\"><img alt=\"\" decoding=\"async\" width=\"1024\" height=\"683\" src=\"https:\/\/www.vap-camping.fr\/wp-content\/uploads\/2025\/04\/jazz-manouch-1024x683.jpg\" alt=\"\" class=\"wp-image-4109\" style=\"width:784px;height:auto\" srcset=\"https:\/\/www.vap-camping.fr\/wp-content\/uploads\/2025\/04\/jazz-manouch-1024x683.jpg 1024w, https:\/\/www.vap-camping.fr\/wp-content\/uploads\/2025\/04\/jazz-manouch-600x400.jpg 600w, https:\/\/www.vap-camping.fr\/wp-content\/uploads\/2025\/04\/jazz-manouch-768x512.jpg 768w, https:\/\/www.vap-camping.fr\/wp-content\/uploads\/2025\/04\/jazz-manouch-1536x1024.jpg 1536w, https:\/\/www.vap-camping.fr\/wp-content\/uploads\/2025\/04\/jazz-manouch-2048x1365.jpg 2048w\" sizes=\"(max-width: 1024px) 100vw, 1024px\" \/><\/figure>\n<\/div>\n<\/div>\n<\/div>\n\n\n\n<div class=\"wp-block-group rightLeft has-global-padding is-layout-constrained wp-block-group-is-layout-constrained\">\n<div class=\"wp-block-columns alignfull are-vertically-aligned-center m-ti is-layout-flex wp-container-core-columns-is-layout-0c0b91ec wp-block-columns-is-layout-flex\">\n<div class=\"wp-block-column is-vertically-aligned-center wp-block-image alignright size-large has-custom-border is-style-simple-left m-ti-image is-layout-flow wp-block-column-is-layout-flow is-style-simple-left--15\" style=\"flex-basis:60%\">\n<figure class=\"wp-block-image alignleft size-large\"><img alt=\"\" decoding=\"async\" width=\"1024\" height=\"767\" src=\"https:\/\/www.vap-camping.fr\/wp-content\/uploads\/2025\/04\/dji_0584-1024x767.jpg\" alt=\"\" class=\"wp-image-5969\" srcset=\"https:\/\/www.vap-camping.fr\/wp-content\/uploads\/2025\/04\/dji_0584-1024x767.jpg 1024w, https:\/\/www.vap-camping.fr\/wp-content\/uploads\/2025\/04\/dji_0584-600x450.jpg 600w, https:\/\/www.vap-camping.fr\/wp-content\/uploads\/2025\/04\/dji_0584-768x575.jpg 768w, https:\/\/www.vap-camping.fr\/wp-content\/uploads\/2025\/04\/dji_0584-1536x1151.jpg 1536w, https:\/\/www.vap-camping.fr\/wp-content\/uploads\/2025\/04\/dji_0584-2048x1534.jpg 2048w\" sizes=\"(max-width: 1024px) 100vw, 1024px\" \/><\/figure>\n<\/div>\n\n\n\n<div class=\"wp-block-column is-vertically-aligned-center m-ti-text is-layout-flow wp-container-core-column-is-layout-58dbe9e9 wp-block-column-is-layout-flow\" style=\"padding-left:10rem;flex-basis:65%\">\n<div class=\"wp-block-group is-style-title-left is-layout-flow wp-block-group-is-layout-flow is-style-title-left--16\">\n<p class=\"has-secondary-color has-text-color has-link-color has-secondary-font-family has-xl-font-size wp-elements-f67e8c23e6b46154f0dfc631f2fb5281\">The Campsite<\/p>\n\n\n\n<p class=\"has-primary-color has-text-color has-link-color has-primary-font-family has-sm-font-size wp-elements-77ad6857fe63141355562754119913e0\" style=\"text-transform:uppercase\"><strong><strong>eco-responsible<\/strong><\/strong><\/p>\n<\/div>\n\n\n\n<h2 class=\"wp-block-heading text-title\">At our campsite, every gesture counts to preserve the nature around us!<\/h2>\n\n\n\n<p class=\"has-m-font-size\" style=\"padding-left:2rem\">At the Maz\u00e8res campsite, selective sorting is in place to limit waste and encourage recycling. When it comes to sanitary facilities, we encourage water saving by installing water squeezers in the showers and dual-flush toilets (small and large) to adapt consumption according to need. At night, our walkways remain pleasant and safe thanks to solar-powered lighting with motion detectors, which is more respectful of the environment and consumes less energy. Finally, to limit the propagation of waves, Wi-Fi is deliberately restricted to reception: the aim is to promote calm, disconnection&#8230; Here, we breathe, we slow down, and we act together for a more sustainable stay.   <\/p>\n<\/div>\n<\/div>\n<\/div>\n\n\n\n<div class=\"wp-block-group alignwide is-style-title-simple has-global-padding is-layout-constrained wp-block-group-is-layout-constrained is-style-title-simple--17\" style=\"margin-top:4rem;margin-bottom:4rem\">\n<p class=\"has-text-align-center has-secondary-color has-text-color has-link-color has-secondary-font-family has-xl-font-size wp-elements-7bbd4133e300dc3aad6df28576bff00a\">Visits &amp; Discoveries<\/p>\n\n\n\n<p class=\"has-text-align-center has-primary-font-family has-sm-font-size\" style=\"text-transform:uppercase\"><strong>NEAR THE CAMPSITE<\/strong><\/p>\n<\/div>\n\n\n\n    <div class=\"journey-wrapper is-layout-flow wp-block-slider-taxo-is-layout-flow\">\n        <div class=\"journey-slides\">\n                            <div class=\"journey-slide\">\n                    <a href=\"https:\/\/www.vap-camping.fr\/en\/lieux\/camping-mazeres\/\" class=\"journey\" title=\"Maz\u00e8res\">\n                        <img decoding=\"async\" width=\"1200\" height=\"799\" src=\"https:\/\/www.vap-camping.fr\/wp-content\/uploads\/2025\/04\/domaine-des-oiseaux-mazeres.jpg\" class=\"attachment-1872 size-1872 wp-post-image\" alt=\"\" large=\"\" srcset=\"https:\/\/www.vap-camping.fr\/wp-content\/uploads\/2025\/04\/domaine-des-oiseaux-mazeres.jpg 1200w, https:\/\/www.vap-camping.fr\/wp-content\/uploads\/2025\/04\/domaine-des-oiseaux-mazeres-600x400.jpg 600w, https:\/\/www.vap-camping.fr\/wp-content\/uploads\/2025\/04\/domaine-des-oiseaux-mazeres-1024x682.jpg 1024w, https:\/\/www.vap-camping.fr\/wp-content\/uploads\/2025\/04\/domaine-des-oiseaux-mazeres-768x511.jpg 768w\" sizes=\"(max-width: 1200px) 100vw, 1200px\" \/>                        <p class=\"j-title\">\n                            Maz\u00e8res                        <\/p>\n                        <p class=\"j-more\">\n                            Discover                        <\/p>\n                    <\/a>\n                <\/div>\n\n                            <div class=\"journey-slide\">\n                    <a href=\"https:\/\/www.vap-camping.fr\/en\/lieux\/camping-mirepoix\/\" class=\"journey\" title=\"Mirepoix\">\n                        <img decoding=\"async\" width=\"2133\" height=\"1346\" src=\"https:\/\/www.vap-camping.fr\/wp-content\/uploads\/2025\/04\/marche_mirepoix.jpg\" class=\"attachment-1875 size-1875 wp-post-image\" alt=\"le march\u00e9 du lundi de Mirepoix\" large=\"\" srcset=\"https:\/\/www.vap-camping.fr\/wp-content\/uploads\/2025\/04\/marche_mirepoix.jpg 2133w, https:\/\/www.vap-camping.fr\/wp-content\/uploads\/2025\/04\/marche_mirepoix-600x379.jpg 600w, https:\/\/www.vap-camping.fr\/wp-content\/uploads\/2025\/04\/marche_mirepoix-1024x646.jpg 1024w, https:\/\/www.vap-camping.fr\/wp-content\/uploads\/2025\/04\/marche_mirepoix-768x485.jpg 768w, https:\/\/www.vap-camping.fr\/wp-content\/uploads\/2025\/04\/marche_mirepoix-1536x969.jpg 1536w, https:\/\/www.vap-camping.fr\/wp-content\/uploads\/2025\/04\/marche_mirepoix-2048x1292.jpg 2048w\" sizes=\"(max-width: 2133px) 100vw, 2133px\" \/>                        <p class=\"j-title\">\n                            Mirepoix                        <\/p>\n                        <p class=\"j-more\">\n                            Discover                        <\/p>\n                    <\/a>\n                <\/div>\n\n                            <div class=\"journey-slide\">\n                    <a href=\"https:\/\/www.vap-camping.fr\/en\/lieux\/belle-verte-accrobranche\/\" class=\"journey\" title=\"La Belle Verte accrobranche\">\n                        <img decoding=\"async\" width=\"1024\" height=\"700\" src=\"https:\/\/www.vap-camping.fr\/wp-content\/uploads\/2025\/05\/image-18.jpeg\" class=\"attachment-1891 size-1891 wp-post-image\" alt=\"\" large=\"\" srcset=\"https:\/\/www.vap-camping.fr\/wp-content\/uploads\/2025\/05\/image-18.jpeg 1024w, https:\/\/www.vap-camping.fr\/wp-content\/uploads\/2025\/05\/image-18-600x410.jpeg 600w, https:\/\/www.vap-camping.fr\/wp-content\/uploads\/2025\/05\/image-18-768x525.jpeg 768w\" sizes=\"(max-width: 1024px) 100vw, 1024px\" \/>                        <p class=\"j-title\">\n                            La Belle Verte accrobranche                        <\/p>\n                        <p class=\"j-more\">\n                            Discover                        <\/p>\n                    <\/a>\n                <\/div>\n\n                            <div class=\"journey-slide\">\n                    <a href=\"https:\/\/www.vap-camping.fr\/en\/lieux\/domaine-des-oiseaux\/\" class=\"journey\" title=\"Le Domaine des Oiseaux\">\n                        <img decoding=\"async\" width=\"1200\" height=\"799\" src=\"https:\/\/www.vap-camping.fr\/wp-content\/uploads\/2025\/04\/domaine-des-oiseaux-mazeres.jpg\" class=\"attachment-1825 size-1825 wp-post-image\" alt=\"\" large=\"\" srcset=\"https:\/\/www.vap-camping.fr\/wp-content\/uploads\/2025\/04\/domaine-des-oiseaux-mazeres.jpg 1200w, https:\/\/www.vap-camping.fr\/wp-content\/uploads\/2025\/04\/domaine-des-oiseaux-mazeres-600x400.jpg 600w, https:\/\/www.vap-camping.fr\/wp-content\/uploads\/2025\/04\/domaine-des-oiseaux-mazeres-1024x682.jpg 1024w, https:\/\/www.vap-camping.fr\/wp-content\/uploads\/2025\/04\/domaine-des-oiseaux-mazeres-768x511.jpg 768w\" sizes=\"(max-width: 1200px) 100vw, 1200px\" \/>                        <p class=\"j-title\">\n                            Le Domaine des Oiseaux                        <\/p>\n                        <p class=\"j-more\">\n                            Discover                        <\/p>\n                    <\/a>\n                <\/div>\n\n                            <div class=\"journey-slide\">\n                    <a href=\"https:\/\/www.vap-camping.fr\/en\/lieux\/velo-depuis-la-bastide\/\" class=\"journey\" title=\"Cycling from La bastide\">\n                        <img decoding=\"async\" width=\"934\" height=\"523\" src=\"https:\/\/www.vap-camping.fr\/wp-content\/uploads\/2025\/08\/img_4728.jpeg\" class=\"attachment-3850 size-3850 wp-post-image\" alt=\"\" large=\"\" srcset=\"https:\/\/www.vap-camping.fr\/wp-content\/uploads\/2025\/08\/img_4728.jpeg 934w, https:\/\/www.vap-camping.fr\/wp-content\/uploads\/2025\/08\/img_4728-600x336.jpeg 600w, https:\/\/www.vap-camping.fr\/wp-content\/uploads\/2025\/08\/img_4728-768x430.jpeg 768w\" sizes=\"(max-width: 934px) 100vw, 934px\" \/>                        <p class=\"j-title\">\n                            Cycling from La bastide                        <\/p>\n                        <p class=\"j-more\">\n                            Discover                        <\/p>\n                    <\/a>\n                <\/div>\n\n                            <div class=\"journey-slide\">\n                    <a href=\"https:\/\/www.vap-camping.fr\/en\/lieux\/descente-en-canoe-sur-lhers-vif\/\" class=\"journey\" title=\"Canoeing on the Hers-Vif river\">\n                        <img decoding=\"async\" width=\"2560\" height=\"1707\" src=\"https:\/\/www.vap-camping.fr\/wp-content\/uploads\/2025\/05\/AdobeStock_8653486-scaled.jpeg\" class=\"attachment-3863 size-3863 wp-post-image\" alt=\"cano\u00eb kayak\" large=\"\" srcset=\"https:\/\/www.vap-camping.fr\/wp-content\/uploads\/2025\/05\/AdobeStock_8653486-scaled.jpeg 2560w, https:\/\/www.vap-camping.fr\/wp-content\/uploads\/2025\/05\/AdobeStock_8653486-600x400.jpeg 600w, https:\/\/www.vap-camping.fr\/wp-content\/uploads\/2025\/05\/AdobeStock_8653486-1024x683.jpeg 1024w, https:\/\/www.vap-camping.fr\/wp-content\/uploads\/2025\/05\/AdobeStock_8653486-768x512.jpeg 768w, https:\/\/www.vap-camping.fr\/wp-content\/uploads\/2025\/05\/AdobeStock_8653486-1536x1024.jpeg 1536w, https:\/\/www.vap-camping.fr\/wp-content\/uploads\/2025\/05\/AdobeStock_8653486-2048x1365.jpeg 2048w\" sizes=\"(max-width: 2560px) 100vw, 2560px\" \/>                        <p class=\"j-title\">\n                            Canoeing on the Hers-Vif river                        <\/p>\n                        <p class=\"j-more\">\n                            Discover                        <\/p>\n                    <\/a>\n                <\/div>\n\n                            <div class=\"journey-slide\">\n                    <a href=\"https:\/\/www.vap-camping.fr\/en\/lieux\/saute-elastique-depuis-la-grotte-du-mas-dazil\/\" class=\"journey\" title=\"Bungee jumping from the Mas d&#8217;Azil cave\">\n                        <img decoding=\"async\" width=\"1500\" height=\"1125\" src=\"https:\/\/www.vap-camping.fr\/wp-content\/uploads\/2025\/09\/image.jpeg\" class=\"attachment-3873 size-3873 wp-post-image\" alt=\"saute \u00e9lastique\" large=\"\" srcset=\"https:\/\/www.vap-camping.fr\/wp-content\/uploads\/2025\/09\/image.jpeg 1500w, https:\/\/www.vap-camping.fr\/wp-content\/uploads\/2025\/09\/image-600x450.jpeg 600w, https:\/\/www.vap-camping.fr\/wp-content\/uploads\/2025\/09\/image-1024x768.jpeg 1024w, https:\/\/www.vap-camping.fr\/wp-content\/uploads\/2025\/09\/image-768x576.jpeg 768w\" sizes=\"(max-width: 1500px) 100vw, 1500px\" \/>                        <p class=\"j-title\">\n                            Bungee jumping from the Mas d&#8217;Azil cave                        <\/p>\n                        <p class=\"j-more\">\n                            Discover                        <\/p>\n                    <\/a>\n                <\/div>\n\n                            <div class=\"journey-slide\">\n                    <a href=\"https:\/\/www.vap-camping.fr\/en\/lieux\/randonnee-a-mazeres\/\" class=\"journey\" title=\"Hiking in Maz\u00e8res\">\n                        <img decoding=\"async\" width=\"2560\" height=\"1707\" src=\"https:\/\/www.vap-camping.fr\/wp-content\/uploads\/2025\/05\/AdobeStock_543667223-scaled.jpeg\" class=\"attachment-3903 size-3903 wp-post-image\" alt=\"\" large=\"\" srcset=\"https:\/\/www.vap-camping.fr\/wp-content\/uploads\/2025\/05\/AdobeStock_543667223-scaled.jpeg 2560w, https:\/\/www.vap-camping.fr\/wp-content\/uploads\/2025\/05\/AdobeStock_543667223-600x400.jpeg 600w, https:\/\/www.vap-camping.fr\/wp-content\/uploads\/2025\/05\/AdobeStock_543667223-1024x683.jpeg 1024w, https:\/\/www.vap-camping.fr\/wp-content\/uploads\/2025\/05\/AdobeStock_543667223-768x512.jpeg 768w, https:\/\/www.vap-camping.fr\/wp-content\/uploads\/2025\/05\/AdobeStock_543667223-1536x1024.jpeg 1536w, https:\/\/www.vap-camping.fr\/wp-content\/uploads\/2025\/05\/AdobeStock_543667223-2048x1365.jpeg 2048w\" sizes=\"(max-width: 2560px) 100vw, 2560px\" \/>                        <p class=\"j-title\">\n                            Hiking in Maz\u00e8res                        <\/p>\n                        <p class=\"j-more\">\n                            Discover                        <\/p>\n                    <\/a>\n                <\/div>\n\n                            <div class=\"journey-slide\">\n                    <a href=\"https:\/\/www.vap-camping.fr\/en\/lieux\/carmel-de-pamiers\/\" class=\"journey\" title=\"The Pamiers Carmel\">\n                        <img decoding=\"async\" width=\"1200\" height=\"800\" src=\"https:\/\/www.vap-camping.fr\/wp-content\/uploads\/2025\/09\/image-1-1.jpeg\" class=\"attachment-3896 size-3896 wp-post-image\" alt=\"\" large=\"\" srcset=\"https:\/\/www.vap-camping.fr\/wp-content\/uploads\/2025\/09\/image-1-1.jpeg 1200w, https:\/\/www.vap-camping.fr\/wp-content\/uploads\/2025\/09\/image-1-1-600x400.jpeg 600w, https:\/\/www.vap-camping.fr\/wp-content\/uploads\/2025\/09\/image-1-1-1024x683.jpeg 1024w, https:\/\/www.vap-camping.fr\/wp-content\/uploads\/2025\/09\/image-1-1-768x512.jpeg 768w\" sizes=\"(max-width: 1200px) 100vw, 1200px\" \/>                        <p class=\"j-title\">\n                            The Pamiers Carmel                        <\/p>\n                        <p class=\"j-more\">\n                            Discover                        <\/p>\n                    <\/a>\n                <\/div>\n\n                            <div class=\"journey-slide\">\n                    <a href=\"https:\/\/www.vap-camping.fr\/en\/lieux\/musee-ardouin-mazeres\/\" class=\"journey\" title=\"Mus\u00e9e Ardouin (Maz\u00e8res)\">\n                        <img decoding=\"async\" width=\"997\" height=\"749\" src=\"https:\/\/www.vap-camping.fr\/wp-content\/uploads\/2025\/09\/image-4-1.jpeg\" class=\"attachment-3879 size-3879 wp-post-image\" alt=\"Mus\u00e9e Ardouin \u00e0 Maz\u00e8res en Ari\u00e8ge\" large=\"\" srcset=\"https:\/\/www.vap-camping.fr\/wp-content\/uploads\/2025\/09\/image-4-1.jpeg 997w, https:\/\/www.vap-camping.fr\/wp-content\/uploads\/2025\/09\/image-4-1-600x451.jpeg 600w, https:\/\/www.vap-camping.fr\/wp-content\/uploads\/2025\/09\/image-4-1-768x577.jpeg 768w\" sizes=\"(max-width: 997px) 100vw, 997px\" \/>                        <p class=\"j-title\">\n                            Mus\u00e9e Ardouin (Maz\u00e8res)                        <\/p>\n                        <p class=\"j-more\">\n                            Discover                        <\/p>\n                    <\/a>\n                <\/div>\n\n                            <div class=\"journey-slide\">\n                    <a href=\"https:\/\/www.vap-camping.fr\/en\/lieux\/bastide-de-mazeres\/\" class=\"journey\" title=\"Bastide de Maz\u00e8res\">\n                        <img decoding=\"async\" width=\"436\" height=\"366\" src=\"https:\/\/www.vap-camping.fr\/wp-content\/uploads\/2025\/11\/image-2-1.jpeg\" class=\"attachment-6496 size-6496 wp-post-image\" alt=\"bastide de Maz\u00e8res\" large=\"\" \/>                        <p class=\"j-title\">\n                            Bastide de Maz\u00e8res                        <\/p>\n                        <p class=\"j-more\">\n                            Discover                        <\/p>\n                    <\/a>\n                <\/div>\n\n                            <div class=\"journey-slide\">\n                    <a href=\"https:\/\/www.vap-camping.fr\/en\/lieux\/randonnee-a-la-domaine-des-oiseaux\/\" class=\"journey\" title=\"Hiking in the bird sanctuary\">\n                        <img decoding=\"async\" width=\"1200\" height=\"799\" src=\"https:\/\/www.vap-camping.fr\/wp-content\/uploads\/2025\/04\/domaine-des-oiseaux-mazeres.jpg\" class=\"attachment-6316 size-6316 wp-post-image\" alt=\"\" large=\"\" srcset=\"https:\/\/www.vap-camping.fr\/wp-content\/uploads\/2025\/04\/domaine-des-oiseaux-mazeres.jpg 1200w, https:\/\/www.vap-camping.fr\/wp-content\/uploads\/2025\/04\/domaine-des-oiseaux-mazeres-600x400.jpg 600w, https:\/\/www.vap-camping.fr\/wp-content\/uploads\/2025\/04\/domaine-des-oiseaux-mazeres-1024x682.jpg 1024w, https:\/\/www.vap-camping.fr\/wp-content\/uploads\/2025\/04\/domaine-des-oiseaux-mazeres-768x511.jpg 768w\" sizes=\"(max-width: 1200px) 100vw, 1200px\" \/>                        <p class=\"j-title\">\n                            Hiking in the bird sanctuary                        <\/p>\n                        <p class=\"j-more\">\n                            Discover                        <\/p>\n                    <\/a>\n                <\/div>\n\n                            <div class=\"journey-slide\">\n                    <a href=\"https:\/\/www.vap-camping.fr\/en\/lieux\/boucle-calmont-aubouissous\/\" class=\"journey\" title=\"Calmont-Aubouissous loop\">\n                        <img decoding=\"async\" width=\"1920\" height=\"769\" src=\"https:\/\/www.vap-camping.fr\/wp-content\/uploads\/2025\/08\/camping-pas-cher-ariege-1.webp\" class=\"attachment-6340 size-6340 wp-post-image\" alt=\"Camping pas cher dans les Pyr\u00e9n\u00e9es Ari\u00e9geoises.\" large=\"\" srcset=\"https:\/\/www.vap-camping.fr\/wp-content\/uploads\/2025\/08\/camping-pas-cher-ariege-1.webp 1920w, https:\/\/www.vap-camping.fr\/wp-content\/uploads\/2025\/08\/camping-pas-cher-ariege-1-600x240.webp 600w, https:\/\/www.vap-camping.fr\/wp-content\/uploads\/2025\/08\/camping-pas-cher-ariege-1-1024x410.webp 1024w, https:\/\/www.vap-camping.fr\/wp-content\/uploads\/2025\/08\/camping-pas-cher-ariege-1-768x308.webp 768w, https:\/\/www.vap-camping.fr\/wp-content\/uploads\/2025\/08\/camping-pas-cher-ariege-1-1536x615.webp 1536w\" sizes=\"(max-width: 1920px) 100vw, 1920px\" \/>                        <p class=\"j-title\">\n                            Calmont-Aubouissous loop                        <\/p>\n                        <p class=\"j-more\">\n                            Discover                        <\/p>\n                    <\/a>\n                <\/div>\n\n                            <div class=\"journey-slide\">\n                    <a href=\"https:\/\/www.vap-camping.fr\/en\/lieux\/tour-du-bois-du-baous\/\" class=\"journey\" title=\"Tour du bois du Baous\">\n                        <img decoding=\"async\" width=\"1920\" height=\"2560\" src=\"https:\/\/www.vap-camping.fr\/wp-content\/uploads\/2025\/11\/img_6182-scaled.jpeg\" class=\"attachment-6514 size-6514 wp-post-image\" alt=\"bois en Ari\u00e8ge\" large=\"\" srcset=\"https:\/\/www.vap-camping.fr\/wp-content\/uploads\/2025\/11\/img_6182-scaled.jpeg 1920w, https:\/\/www.vap-camping.fr\/wp-content\/uploads\/2025\/11\/img_6182-450x600.jpeg 450w, https:\/\/www.vap-camping.fr\/wp-content\/uploads\/2025\/11\/img_6182-768x1024.jpeg 768w, https:\/\/www.vap-camping.fr\/wp-content\/uploads\/2025\/11\/img_6182-1152x1536.jpeg 1152w, https:\/\/www.vap-camping.fr\/wp-content\/uploads\/2025\/11\/img_6182-1536x2048.jpeg 1536w\" sizes=\"(max-width: 1920px) 100vw, 1920px\" \/>                        <p class=\"j-title\">\n                            Tour du bois du Baous                        <\/p>\n                        <p class=\"j-more\">\n                            Discover                        <\/p>\n                    <\/a>\n                <\/div>\n\n                            <div class=\"journey-slide\">\n                    <a href=\"https:\/\/www.vap-camping.fr\/en\/lieux\/coteaux-de-pamiers-et-rives\/\" class=\"journey\" title=\"Rives et Coteaux de Pamiers\">\n                        <img decoding=\"async\" width=\"1600\" height=\"1200\" src=\"https:\/\/www.vap-camping.fr\/wp-content\/uploads\/2025\/11\/image-1-2.jpeg\" class=\"attachment-6508 size-6508 wp-post-image\" alt=\"\" large=\"\" srcset=\"https:\/\/www.vap-camping.fr\/wp-content\/uploads\/2025\/11\/image-1-2.jpeg 1600w, https:\/\/www.vap-camping.fr\/wp-content\/uploads\/2025\/11\/image-1-2-600x450.jpeg 600w, https:\/\/www.vap-camping.fr\/wp-content\/uploads\/2025\/11\/image-1-2-1024x768.jpeg 1024w, https:\/\/www.vap-camping.fr\/wp-content\/uploads\/2025\/11\/image-1-2-768x576.jpeg 768w, https:\/\/www.vap-camping.fr\/wp-content\/uploads\/2025\/11\/image-1-2-1536x1152.jpeg 1536w\" sizes=\"(max-width: 1600px) 100vw, 1600px\" \/>                        <p class=\"j-title\">\n                            Rives et Coteaux de Pamiers                        <\/p>\n                        <p class=\"j-more\">\n                            Discover                        <\/p>\n                    <\/a>\n                <\/div>\n\n                            <div class=\"journey-slide\">\n                    <a href=\"https:\/\/www.vap-camping.fr\/en\/lieux\/boucle-mazeres-calmont-en-velo\/\" class=\"journey\" title=\"Maz\u00e8res &#8211; Calmont cycling loop\">\n                        <img decoding=\"async\" width=\"934\" height=\"523\" src=\"https:\/\/www.vap-camping.fr\/wp-content\/uploads\/2025\/08\/img_4728.jpeg\" class=\"attachment-6389 size-6389 wp-post-image\" alt=\"\" large=\"\" srcset=\"https:\/\/www.vap-camping.fr\/wp-content\/uploads\/2025\/08\/img_4728.jpeg 934w, https:\/\/www.vap-camping.fr\/wp-content\/uploads\/2025\/08\/img_4728-600x336.jpeg 600w, https:\/\/www.vap-camping.fr\/wp-content\/uploads\/2025\/08\/img_4728-768x430.jpeg 768w\" sizes=\"(max-width: 934px) 100vw, 934px\" \/>                        <p class=\"j-title\">\n                            Maz\u00e8res &#8211; Calmont cycling loop                        <\/p>\n                        <p class=\"j-more\">\n                            Discover                        <\/p>\n                    <\/a>\n                <\/div>\n\n                            <div class=\"journey-slide\">\n                    <a href=\"https:\/\/www.vap-camping.fr\/en\/lieux\/naturokayarc-lapenne\/\" class=\"journey\" title=\"Archery or kayaking at Lapenne\">\n                        <img decoding=\"async\" width=\"283\" height=\"315\" src=\"https:\/\/www.vap-camping.fr\/wp-content\/uploads\/2025\/12\/image-19.jpeg\" class=\"attachment-6304 size-6304 wp-post-image\" alt=\"\" large=\"\" \/>                        <p class=\"j-title\">\n                            Archery or kayaking at Lapenne                        <\/p>\n                        <p class=\"j-more\">\n                            Discover                        <\/p>\n                    <\/a>\n                <\/div>\n\n                            <div class=\"journey-slide\">\n                    <a href=\"https:\/\/www.vap-camping.fr\/en\/lieux\/gouffre-canyons-au-vernet\/\" class=\"journey\" title=\"Gouffre and canyons at Le Vernet\">\n                        <img decoding=\"async\" width=\"640\" height=\"480\" src=\"https:\/\/www.vap-camping.fr\/wp-content\/uploads\/2025\/12\/image-21.jpeg\" class=\"attachment-6296 size-6296 wp-post-image\" alt=\"\" large=\"\" srcset=\"https:\/\/www.vap-camping.fr\/wp-content\/uploads\/2025\/12\/image-21.jpeg 640w, https:\/\/www.vap-camping.fr\/wp-content\/uploads\/2025\/12\/image-21-600x450.jpeg 600w\" sizes=\"(max-width: 640px) 100vw, 640px\" \/>                        <p class=\"j-title\">\n                            Gouffre and canyons at Le Vernet                        <\/p>\n                        <p class=\"j-more\">\n                            Discover                        <\/p>\n                    <\/a>\n                <\/div>\n\n                    <\/div>\n        <div class=\"journey-buttons\">\n            <button class=\"j-prev\">ARR<\/button>\n            <button class=\"j-next\">AV<\/button>\n        <\/div>\n    <\/div>\n\n\n\n\n\n<div class=\"wp-block-group has-global-padding is-layout-constrained wp-block-group-is-layout-constrained\">\n<div class=\"wp-block-group alignwide is-style-title-simple is-layout-flow wp-block-group-is-layout-flow is-style-title-simple--18\" style=\"margin-top:4rem;margin-bottom:4rem\">\n<p class=\"has-text-align-center has-secondary-color has-text-color has-link-color has-secondary-font-family has-xl-font-size wp-elements-a52d22c1e49e77d0362e27274349b87d\">Discover<\/p>\n\n\n\n<p class=\"has-text-align-center has-primary-font-family has-sm-font-size\" style=\"text-transform:uppercase\"><strong>our other locations<\/strong><\/p>\n<\/div>\n\n\n<div class=\"campings-wrapper is-layout-flow wp-block-slider-campings-is-layout-flow\">\n            <div class=\"campings-list\">\n                            <div class=\"camping-item\"\n                    style=\"background-image: linear-gradient(to top, rgba(0, 0, 0, 0.6), transparent), url('https:\/\/www.vap-camping.fr\/wp-content\/uploads\/2025\/04\/camping-avec-piscine-1024x767.jpg');\">\n                    <a href=\"https:\/\/www.vap-camping.fr\/en\/campings\/camping-du-lac\/\" title=\"Camping du lac(Foix)\" class=\"camping-link\">\n                        <p class=\"title\">Camping du lac(Foix)<\/p>\n                        <p class=\"camping-button\">Discover<\/p>\n                    <\/a>\n                <\/div>\n                            <div class=\"camping-item\"\n                    style=\"background-image: linear-gradient(to top, rgba(0, 0, 0, 0.6), transparent), url('https:\/\/www.vap-camping.fr\/wp-content\/uploads\/2025\/04\/dsc03930-1024x500.jpg');\">\n                    <a href=\"https:\/\/www.vap-camping.fr\/en\/campings\/camping-le-rupe\/\" title=\"Camping le Rup\u00e9(Toulouse)\" class=\"camping-link\">\n                        <p class=\"title\">Camping le Rup\u00e9(Toulouse)<\/p>\n                        <p class=\"camping-button\">Discover<\/p>\n                    <\/a>\n                <\/div>\n                            <div class=\"camping-item\"\n                    style=\"background-image: linear-gradient(to top, rgba(0, 0, 0, 0.6), transparent), url('https:\/\/www.vap-camping.fr\/wp-content\/uploads\/2025\/04\/img_5291-1024x768-1.jpg');\">\n                    <a href=\"https:\/\/www.vap-camping.fr\/en\/campings\/complexe-des-oustalous\/\" title=\"Oustalous complex\" class=\"camping-link\">\n                        <p class=\"title\">Oustalous complex<\/p>\n                        <p class=\"camping-button\">Discover<\/p>\n                    <\/a>\n                <\/div>\n                            <div class=\"camping-item\"\n                    style=\"background-image: linear-gradient(to top, rgba(0, 0, 0, 0.6), transparent), url('https:\/\/www.vap-camping.fr\/wp-content\/uploads\/2025\/04\/4479-1024x461.jpeg');\">\n                    <a href=\"https:\/\/www.vap-camping.fr\/en\/campings\/camping-le-bourdieu\/\" title=\"Camping Le Bourdieu\" class=\"camping-link\">\n                        <p class=\"title\">Camping Le Bourdieu<\/p>\n                        <p class=\"camping-button\">Discover<\/p>\n                    <\/a>\n                <\/div>\n                    <\/div>\n    <\/div>\n\n<\/div>\n\n\n\n<div class=\"wp-block-group reveal has-global-padding is-layout-constrained wp-block-group-is-layout-constrained\">\n<div class=\"wp-block-columns alignfull are-vertically-aligned-center is-faq-wrapper is-layout-flex wp-container-core-columns-is-layout-28f84493 wp-block-columns-is-layout-flex\">\n<div class=\"wp-block-column is-vertically-aligned-center is-layout-flow wp-block-column-is-layout-flow\" style=\"flex-basis:33.33%\">\n<div class=\"wp-block-group is-faq is-layout-flow wp-block-group-is-layout-flow has-background\" style=\"border-radius:100%;background-image:url(&#039;https:\/\/www.vap-camping.fr\/wp-content\/themes\/vap\/assets\/img\/faq.jpg&#039;);background-position:73% 47%;background-size:cover;\"><\/div>\n<\/div>\n\n\n\n<div class=\"wp-block-column is-vertically-aligned-center is-layout-flow wp-block-column-is-layout-flow\" style=\"flex-basis:66.66%\">\n<div class=\"wp-block-group is-style-title-left is-layout-flow wp-block-group-is-layout-flow is-style-title-left--19\">\n<p class=\"has-secondary-color has-text-color has-link-color has-secondary-font-family has-xl-font-size wp-elements-d4af3f373ea63ae87a3eae2fb0e2c34d\">Frequently asked questions<\/p>\n\n\n\n<p class=\"has-primary-color has-text-color has-link-color has-primary-font-family has-sm-font-size wp-elements-882e6a47a36f1433005d469e2f81326d\" style=\"text-transform:uppercase\"><strong>Find out more<\/strong><\/p>\n<\/div>\n\n\n\n<div class=\"wp-block-group has-global-padding is-layout-constrained wp-block-group-is-layout-constrained\">\n<div class=\"pfq\">\n  \n  \n  <nav class=\"pfq__themes\">\n    <h2>Themes<\/h2>\n    <ul>\n      \n        <li class=\"pfq__theme active\" data-pfq-group=\"group-0\">\n          <a href=\"#\">Frequently asked questions<\/a>\n        <\/li>\n\n          <\/ul>\n  <\/nav>\n\n  <div class=\"pfq__questions\">\n    \n      <div class=\"pfq__questions__group visible\" data-pfq-group=\"group-0\">\n\n        <h3>Frequently asked questions<\/h3>\n\n        \n          <div class=\"pfq__question\"  >\n            <h4 class=\"pfq__question__title\">What type of coffeemaker is available in our rentals?<\/h4>\n            <div class=\"pfq__answer\"><p><span style=\"font-weight: 400;\">Most rentals are equipped with filter coffee makers, but some also have Senseo coffee makers.<\/span><\/p>\n<\/div>\n          <\/div>\n\n        \n          <div class=\"pfq__question\"  >\n            <h4 class=\"pfq__question__title\">Are sheets provided in the rentals?<\/h4>\n            <div class=\"pfq__answer\"><p><span style=\"font-weight: 400;\">Bed linen is not provided. However, you can rent them for an extra charge, subject to advance booking.   <\/span><\/p>\n<\/div>\n          <\/div>\n\n        \n          <div class=\"pfq__question\"  >\n            <h4 class=\"pfq__question__title\">What are the arrival and departure times?<\/h4>\n            <div class=\"pfq__answer\"><p><span style=\"font-weight: 400;\">Arrivals are from 4pm, and departures before 10am.<\/span><\/p>\n<\/div>\n          <\/div>\n\n        \n          <div class=\"pfq__question\"  >\n            <h4 class=\"pfq__question__title\">How are late arrivals handled?<\/h4>\n            <div class=\"pfq__answer\"><p><span style=\"font-weight: 400;\">You can arrive until 10pm, even if reception is closed. An on-call person will be on hand to help you. After 10pm, a self-check-in will be explained to you.  <\/span><\/p>\n<\/div>\n          <\/div>\n\n        \n          <div class=\"pfq__question\"  >\n            <h4 class=\"pfq__question__title\">Is the pool heated?<\/h4>\n            <div class=\"pfq__answer\"><p><span style=\"font-weight: 400;\">No, the pool is at natural temperature.<\/span><\/p>\n<\/div>\n          <\/div>\n\n        \n          <div class=\"pfq__question\"  >\n            <h4 class=\"pfq__question__title\">Do you offer any entertainment at the campsite?<\/h4>\n            <div class=\"pfq__answer\"><p><span style=\"font-weight: 400;\">Yes, we organize entertainment every day in high season (July-August), except Saturday, the day of arrival.<\/span><\/p>\n<\/div>\n          <\/div>\n\n        \n          <div class=\"pfq__question\"  >\n            <h4 class=\"pfq__question__title\">Is the campsite close to shops?<\/h4>\n            <div class=\"pfq__answer\"><p><span style=\"font-weight: 400;\">Yes, we&#8217;re close to shops and restaurants.  <\/span><\/p>\n<\/div>\n          <\/div>\n\n        \n          <div class=\"pfq__question\"  >\n            <h4 class=\"pfq__question__title\">The campsite is close to the station?  <\/h4>\n            <div class=\"pfq__answer\"><p><span style=\"font-weight: 400;\">No, the nearest train station is in Saverdun, 10 km from the campsite.  <\/span><\/p>\n<\/div>\n          <\/div>\n\n        \n          <div class=\"pfq__question\"  >\n            <h4 class=\"pfq__question__title\">Do you accept pets?<\/h4>\n            <div class=\"pfq__answer\"><p><span style=\"font-weight: 400;\">We accept pets (except category A) with a vaccination certificate.<\/span><\/p>\n<\/div>\n          <\/div>\n\n        \n          <div class=\"pfq__question\"  >\n            <h4 class=\"pfq__question__title\">How late can we make noise?<\/h4>\n            <div class=\"pfq__answer\"><p><span style=\"font-weight: 400;\">To respect everyone&#8217;s peace and quiet, noise levels must be kept to a minimum after 10.30pm.<\/span><\/p>\n<\/div>\n          <\/div>\n\n        \n      <\/div>\n\n    \n  <\/div>\n<\/div>\n<\/div>\n<\/div>\n<\/div>\n<\/div>\n\n\n\n<div class=\"wp-block-group btn-resa has-background has-global-padding is-layout-constrained wp-block-group-is-layout-constrained\" style=\"background:linear-gradient(0deg,rgba(255,255,255,0.74) 0%,rgba(255,255,255,0) 100%)\">\n<div class=\"wp-block-buttons is-content-justification-center is-layout-flex wp-container-core-buttons-is-layout-a89b3969 wp-block-buttons-is-layout-flex\">\n<div class=\"wp-block-button\"><a class=\"wp-block-button__link wp-element-button\" href=\"https:\/\/reservation.secureholiday.net\/group\/fr\/108\/search\/estab-view\/13776\/products\" target=\"_blank\" rel=\"noreferrer noopener\">book your stay<\/a><\/div>\n<\/div>\n<\/div>\n<\/div>\n","protected":false},"excerpt":{"rendered":"<p>Campsite &#8211; Ari\u00e8ge &#8211; Maz\u00e8res Welcome AT THE MAZ\u00c8RES FAMILY CAMPSITE On the banks of the river Hers, Camping La Bastide welcomes you to a calm and relaxing setting! Our 3-star campsite with 110 pitches, including 62 rentals and 48 bare pitches, is ideal for family vacations with children or grandchildren, combining comfort, nature and [&hellip;]<\/p>\n","protected":false},"featured_media":2277,"parent":0,"template":"","format":"standard","meta":{"_acf_changed":false,"_seopress_robots_primary_cat":"","_seopress_titles_title":"Camping Maz\u00e8res | Camping La Bastide 3 \u00e9toiles en Ari\u00e8ge","_seopress_titles_desc":"Au bord de la rivi\u00e8re Hers, le Camping La Bastide \u00e0 Maz\u00e8res vous offre nature, d\u00e9tente et d\u00e9couverte de l\u2019Ari\u00e8ge, \u00e0 deux pas de Toulouse.","_seopress_robots_index":"","ouverture":"April 1 to October 1","nombre_de_locations":"62 Rentals","nombre_demplacements":"48 bare pitches","adresse":"Chemin de la plage 09270 Maz\u00e8res","numero_de_telephone":"0561651158","email":"contact@vap-campings.fr","url_du_site":"site","footnotes":""},"class_list":["post-1963","campings","type-campings","status-publish","format-standard","has-post-thumbnail","hentry"],"acf":{"latitude":"43.2493673","longitude":"1.6806113","ouverture":"April 1 to October 1","nombre_de_locations":"62 Rentals","nombre_demplacements":"48 bare pitches","adresse":"Chemin de la plage 09270 Maz\u00e8res","numero_de_telephone":"0561651158","email":"contact@vap-campings.fr","url_du_site":"site","stars":3,"services":[{"label":"Swimming pool (unheated)","icon":176},{"label":"Restaurant\/Bar","icon":175},{"label":"Wifi","icon":174},{"label":"Pets allowed","icon":327},{"label":"Seasonal entertainment","icon":172},{"label":"Children's games","icon":169},{"label":"Souvenirs shop","icon":324}]},"_links":{"self":[{"href":"https:\/\/www.vap-camping.fr\/en\/wp-json\/wp\/v2\/campings\/1963","targetHints":{"allow":["GET"]}}],"collection":[{"href":"https:\/\/www.vap-camping.fr\/en\/wp-json\/wp\/v2\/campings"}],"about":[{"href":"https:\/\/www.vap-camping.fr\/en\/wp-json\/wp\/v2\/types\/campings"}],"version-history":[{"count":16,"href":"https:\/\/www.vap-camping.fr\/en\/wp-json\/wp\/v2\/campings\/1963\/revisions"}],"predecessor-version":[{"id":8519,"href":"https:\/\/www.vap-camping.fr\/en\/wp-json\/wp\/v2\/campings\/1963\/revisions\/8519"}],"wp:featuredmedia":[{"embeddable":true,"href":"https:\/\/www.vap-camping.fr\/en\/wp-json\/wp\/v2\/media\/2277"}],"wp:attachment":[{"href":"https:\/\/www.vap-camping.fr\/en\/wp-json\/wp\/v2\/media?parent=1963"}],"curies":[{"name":"wp","href":"https:\/\/api.w.org\/{rel}","templated":true}]}}