{"id":1813,"date":"2025-05-09T14:29:51","date_gmt":"2025-05-09T14:29:51","guid":{"rendered":"https:\/\/www.vap-camping.fr\/lieux\/chemin-des-bonshommes\/"},"modified":"2025-05-23T14:18:00","modified_gmt":"2025-05-23T14:18:00","slug":"chemin-des-bonshommes","status":"publish","type":"lieux","link":"https:\/\/www.vap-camping.fr\/en\/lieux\/chemin-des-bonshommes\/","title":{"rendered":"Chemin des Bonshommes"},"content":{"rendered":"\n<div class=\"wp-block-group alignfull is-layout-flow wp-container-core-group-is-layout-12cc3699 wp-block-group-is-layout-flow\" style=\"padding-top:10rem\">\n<div class=\"wp-block-group has-global-padding is-layout-constrained wp-container-core-group-is-layout-2931b900 wp-block-group-is-layout-constrained\">\n<div class=\"wp-block-columns alignfull are-vertically-aligned-center is-layout-flex wp-container-core-columns-is-layout-0c0b91ec wp-block-columns-is-layout-flex\">\n<div class=\"wp-block-column is-vertically-aligned-center leftRight is-layout-flow wp-container-core-column-is-layout-58dbe9e9 wp-block-column-is-layout-flow\" style=\"padding-left:10rem;flex-basis:40%\">\n<div class=\"wp-block-group is-style-title-left is-layout-flow wp-block-group-is-layout-flow is-style-title-left--1\">\n<p class=\"has-secondary-color has-text-color has-link-color has-secondary-font-family has-xl-font-size wp-elements-a18b7fde1358d5418bc12e1d42991f35\">Le Chemin des Bonshommes<\/p>\n\n\n\n<p class=\"has-primary-color has-text-color has-link-color has-primary-font-family has-sm-font-size wp-elements-9b317d0c4eb9e5a156b051aad75b8c3a\" style=\"text-transform:uppercase\"><strong>in the footsteps of the Cathars between Ariege and Catalonia<\/strong><\/p>\n<\/div>\n\n\n\n<h1 class=\"wp-block-heading text-title\">A mythical GR route between mountains, history and spirituality<\/h1>\n\n\n\n<p class=\"has-m-font-size\" style=\"padding-left:2rem\">The <strong>Chemin des Bonshommes<\/strong> (GR\u00ae107) is a long-distance hiking route linking <strong>Foix<\/strong> to <strong>Berga<\/strong> in Catalonia. 220 km long, it follows the ancient route of exile taken by the last <strong>Cathars<\/strong>, nicknamed the \u201cgood men\u201d, fleeing the Inquisition in the XIII\u1d49 century. It&#8217;s a route combining <strong>memory, spectacular scenery and characterful villages<\/strong>.  <\/p>\n<\/div>\n\n\n\n<div class=\"wp-block-column is-vertically-aligned-center rightLeft wp-block-image alignright size-large has-custom-border is-style-travel is-layout-flow wp-block-column-is-layout-flow is-style-travel--2\" style=\"flex-basis:60%\">\n<figure class=\"wp-block-image alignright size-large\"><img alt=\"\" decoding=\"async\" width=\"1024\" height=\"683\" src=\"https:\/\/www.vap-camping.fr\/wp-content\/uploads\/2025\/05\/AdobeStock_319005766-1024x683.jpeg\" alt=\"\" class=\"wp-image-1170\" srcset=\"https:\/\/www.vap-camping.fr\/wp-content\/uploads\/2025\/05\/AdobeStock_319005766-1024x683.jpeg 1024w, https:\/\/www.vap-camping.fr\/wp-content\/uploads\/2025\/05\/AdobeStock_319005766-600x400.jpeg 600w, https:\/\/www.vap-camping.fr\/wp-content\/uploads\/2025\/05\/AdobeStock_319005766-768x512.jpeg 768w, https:\/\/www.vap-camping.fr\/wp-content\/uploads\/2025\/05\/AdobeStock_319005766-1536x1024.jpeg 1536w, https:\/\/www.vap-camping.fr\/wp-content\/uploads\/2025\/05\/AdobeStock_319005766-2048x1365.jpeg 2048w\" sizes=\"(max-width: 1024px) 100vw, 1024px\" \/><\/figure>\n<\/div>\n<\/div>\n<\/div>\n\n\n\n<div class=\"wp-block-group has-global-padding is-layout-constrained wp-block-group-is-layout-constrained\">\n<div class=\"wp-block-columns alignfull are-vertically-aligned-center is-layout-flex wp-container-core-columns-is-layout-0c0b91ec wp-block-columns-is-layout-flex\">\n<div class=\"wp-block-column is-vertically-aligned-center wp-block-image alignright size-large has-custom-border is-style-simple-left leftRight is-layout-flow wp-block-column-is-layout-flow is-style-simple-left--3\" style=\"flex-basis:60%\">\n<figure class=\"wp-block-image alignleft size-large\"><img alt=\"\" decoding=\"async\" width=\"1024\" height=\"683\" src=\"https:\/\/www.vap-camping.fr\/wp-content\/uploads\/2025\/05\/AdobeStock_1114434701-1024x683.jpeg\" alt=\"\" class=\"wp-image-1172\" srcset=\"https:\/\/www.vap-camping.fr\/wp-content\/uploads\/2025\/05\/AdobeStock_1114434701-1024x683.jpeg 1024w, https:\/\/www.vap-camping.fr\/wp-content\/uploads\/2025\/05\/AdobeStock_1114434701-600x400.jpeg 600w, https:\/\/www.vap-camping.fr\/wp-content\/uploads\/2025\/05\/AdobeStock_1114434701-768x512.jpeg 768w, https:\/\/www.vap-camping.fr\/wp-content\/uploads\/2025\/05\/AdobeStock_1114434701-1536x1024.jpeg 1536w, https:\/\/www.vap-camping.fr\/wp-content\/uploads\/2025\/05\/AdobeStock_1114434701-2048x1365.jpeg 2048w\" sizes=\"(max-width: 1024px) 100vw, 1024px\" \/><\/figure>\n<\/div>\n\n\n\n<div class=\"wp-block-column is-vertically-aligned-center rightLeft is-layout-flow wp-container-core-column-is-layout-58dbe9e9 wp-block-column-is-layout-flow\" style=\"padding-left:10rem;flex-basis:40%\">\n<div class=\"wp-block-group is-style-title-left is-layout-flow wp-block-group-is-layout-flow is-style-title-left--4\">\n<p class=\"has-secondary-color has-text-color has-link-color has-secondary-font-family has-xl-font-size wp-elements-4f466a4eb5ce52e1f99f3daff7e9b5f3\">Between Cathar heritage<\/p>\n\n\n\n<p class=\"has-primary-color has-text-color has-link-color has-primary-font-family has-sm-font-size wp-elements-8a109917b0d1f69e5396e75b31b72fd0\" style=\"text-transform:uppercase\"><strong>and wild nature<\/strong><\/p>\n<\/div>\n\n\n\n<h2 class=\"wp-block-heading text-title\">Ruins, forests, ridges and unspoilt valleys<\/h2>\n\n\n\n<p class=\"has-m-font-size\" style=\"padding-left:2rem\">The GR107 crosses a wide variety of landscapes: <strong>open ridges<\/strong>, <strong>deep forests<\/strong>, <strong>medieval villages<\/strong> and <strong>high plateaus<\/strong>. History buffs will discover the Cathar strongholds, while nature lovers will enjoy the flora <strong>and fauna of the Ari\u00e8ge<\/strong> in little-visited areas. <\/p>\n<\/div>\n<\/div>\n<\/div>\n\n\n\n<div class=\"wp-block-group has-global-padding is-layout-constrained wp-block-group-is-layout-constrained\">\n<div class=\"wp-block-columns alignfull are-vertically-aligned-center is-layout-flex wp-container-core-columns-is-layout-0c0b91ec wp-block-columns-is-layout-flex\">\n<div class=\"wp-block-column is-vertically-aligned-center leftRight is-layout-flow wp-container-core-column-is-layout-58dbe9e9 wp-block-column-is-layout-flow\" style=\"padding-left:10rem;flex-basis:40%\">\n<div class=\"wp-block-group is-style-title-left is-layout-flow wp-block-group-is-layout-flow is-style-title-left--5\">\n<p class=\"has-secondary-color has-text-color has-link-color has-secondary-font-family has-xl-font-size wp-elements-3fe27de82ede25fe37cb676c3cd4a96a\">A hike<\/p>\n\n\n\n<p class=\"has-primary-color has-text-color has-link-color has-primary-font-family has-sm-font-size wp-elements-c8e50aee889abc0f71c72f1ea26ff957\" style=\"text-transform:uppercase\"><strong>for mind and legs<\/strong><\/p>\n<\/div>\n\n\n\n<h2 class=\"wp-block-heading text-title\">Perfect for a cultural tour or an itinerant adventure<\/h2>\n\n\n\n<p class=\"has-m-font-size\" style=\"padding-left:2rem\">This hiking trail is also a trail of meaning. It attracts hikers, history buffs and walkers in search of a timeless itinerary. Clear <strong>topographical guides<\/strong> and signposts allow you to follow the itinerary in complete safety.  <\/p>\n<\/div>\n\n\n\n<div class=\"wp-block-column is-vertically-aligned-center rightLeft wp-block-image alignright size-large has-custom-border is-style-simple-right is-layout-flow wp-block-column-is-layout-flow is-style-simple-right--6\" style=\"flex-basis:60%\">\n<figure class=\"wp-block-image alignright size-large\"><img alt=\"S\u00e9jour en Ari\u00e8ge pr\u00e8s de la r\u00e9serve d\u2019Orlu pour les amateurs de camping et de randonn\u00e9e\" decoding=\"async\" width=\"1024\" height=\"683\" src=\"https:\/\/www.vap-camping.fr\/wp-content\/uploads\/2025\/05\/AdobeStock_87361103-1024x683.jpeg\" alt=\"\" class=\"wp-image-1168\" srcset=\"https:\/\/www.vap-camping.fr\/wp-content\/uploads\/2025\/05\/AdobeStock_87361103-1024x683.jpeg 1024w, https:\/\/www.vap-camping.fr\/wp-content\/uploads\/2025\/05\/AdobeStock_87361103-600x400.jpeg 600w, https:\/\/www.vap-camping.fr\/wp-content\/uploads\/2025\/05\/AdobeStock_87361103-768x512.jpeg 768w, https:\/\/www.vap-camping.fr\/wp-content\/uploads\/2025\/05\/AdobeStock_87361103-1536x1024.jpeg 1536w, https:\/\/www.vap-camping.fr\/wp-content\/uploads\/2025\/05\/AdobeStock_87361103-2048x1365.jpeg 2048w\" sizes=\"(max-width: 1024px) 100vw, 1024px\" \/><\/figure>\n<\/div>\n<\/div>\n<\/div>\n\n\n\n<div class=\"wp-block-group reveal has-global-padding is-layout-constrained wp-block-group-is-layout-constrained\">\n<div class=\"wp-block-group alignwide is-style-title-simple is-layout-flow wp-block-group-is-layout-flow is-style-title-simple--7\" style=\"margin-top:4rem;margin-bottom:4rem\">\n<p class=\"has-text-align-center has-secondary-color has-text-color has-link-color has-secondary-font-family has-xl-font-size wp-elements-04638d1d624287bed8a227cd9830bc8c\">\n  Our locations<\/p>\n\n\n\n<p class=\"has-text-align-center has-primary-font-family has-sm-font-size\" style=\"text-transform:uppercase\">\n                <strong>nearby<\/strong>\n            <\/p>\n<\/div>\n\n\n<div class=\"campings-wrapper is-layout-flow wp-block-slider-campings-is-layout-flow\">\n            <div class=\"campings-list\">\n                            <div class=\"camping-item\"\n                    style=\"background-image: linear-gradient(to top, rgba(0, 0, 0, 0.6), transparent), url('https:\/\/www.vap-camping.fr\/wp-content\/uploads\/2025\/04\/camping-avec-piscine-1024x767.jpg');\">\n                    <a href=\"https:\/\/www.vap-camping.fr\/en\/campings\/camping-du-lac\/\" title=\"Camping du lac(Foix)\" class=\"camping-link\">\n                        <p class=\"title\">Camping du lac(Foix)<\/p>\n                        <p class=\"camping-button\">Discover<\/p>\n                    <\/a>\n                <\/div>\n                    <\/div>\n    <\/div>\n\n<\/div>\n<\/div>\n","protected":false},"excerpt":{"rendered":"<p>The Chemin des Bonshommes, a famous hiking route, plunges you into the history of the Cathars while offering breathtaking scenery. Spring is the ideal time for this adventure: the mild climate and blossoming colors of the landscape make walking even more enjoyable. Explore the cultural and natural riches of the Ari\u00e8ge on this unforgettable hike!  <\/p>\n","protected":false},"author":1,"featured_media":1171,"parent":0,"template":"","format":"standard","tax-category-lieux":[21,22],"class_list":["post-1813","lieux","type-lieux","status-publish","format-standard","has-post-thumbnail","hentry","tax-category-lieux-activities","tax-category-lieux-parks"],"acf":{"latitude":"42.9558974","longitude":"1.630475","distance":"","pm_lieu_url":"","pm_lieu_phone":"","adresse":"","pm_lieu_title_short":"","af_camping":null},"_links":{"self":[{"href":"https:\/\/www.vap-camping.fr\/en\/wp-json\/wp\/v2\/lieux\/1813","targetHints":{"allow":["GET"]}}],"collection":[{"href":"https:\/\/www.vap-camping.fr\/en\/wp-json\/wp\/v2\/lieux"}],"about":[{"href":"https:\/\/www.vap-camping.fr\/en\/wp-json\/wp\/v2\/types\/lieux"}],"author":[{"embeddable":true,"href":"https:\/\/www.vap-camping.fr\/en\/wp-json\/wp\/v2\/users\/1"}],"version-history":[{"count":1,"href":"https:\/\/www.vap-camping.fr\/en\/wp-json\/wp\/v2\/lieux\/1813\/revisions"}],"predecessor-version":[{"id":1815,"href":"https:\/\/www.vap-camping.fr\/en\/wp-json\/wp\/v2\/lieux\/1813\/revisions\/1815"}],"wp:featuredmedia":[{"embeddable":true,"href":"https:\/\/www.vap-camping.fr\/en\/wp-json\/wp\/v2\/media\/1171"}],"wp:attachment":[{"href":"https:\/\/www.vap-camping.fr\/en\/wp-json\/wp\/v2\/media?parent=1813"}],"wp:term":[{"taxonomy":"tax-category-lieux","embeddable":true,"href":"https:\/\/www.vap-camping.fr\/en\/wp-json\/wp\/v2\/tax-category-lieux?post=1813"}],"curies":[{"name":"wp","href":"https:\/\/api.w.org\/{rel}","templated":true}]}}