{"id":2503,"date":"2025-04-18T15:01:40","date_gmt":"2025-04-18T15:01:40","guid":{"rendered":"https:\/\/www.vap-camping.fr\/campings\/camping-la-bastide\/"},"modified":"2026-03-31T10:01:16","modified_gmt":"2026-03-31T10:01:16","slug":"camping-la-bastide","status":"publish","type":"campings","link":"https:\/\/www.vap-camping.fr\/es\/campings\/camping-la-bastide\/","title":{"rendered":"Camping la Bastide(Maz\u00e8res)"},"content":{"rendered":"\n<div class=\"wp-block-group alignfull is-layout-flow wp-container-core-group-is-layout-8af317cd wp-block-group-is-layout-flow\">\n<div class=\"wp-block-group hero-camp fromOpacity is-layout-flow wp-block-group-is-layout-flow\" style=\"margin-bottom:20rem\">\n<div class=\"wp-block-group alignfull hero-img is-layout-flow wp-block-group-is-layout-flow\">\n<figure class=\"wp-block-image size-full\"><img alt=\"camping la bastide\" decoding=\"async\" width=\"2560\" height=\"1918\" src=\"https:\/\/www.vap-camping.fr\/wp-content\/uploads\/2025\/07\/dji_0589-2-scaled.jpg\" alt=\"\" class=\"wp-image-2276\" srcset=\"https:\/\/www.vap-camping.fr\/wp-content\/uploads\/2025\/07\/dji_0589-2-scaled.jpg 2560w, https:\/\/www.vap-camping.fr\/wp-content\/uploads\/2025\/07\/dji_0589-2-600x450.jpg 600w, https:\/\/www.vap-camping.fr\/wp-content\/uploads\/2025\/07\/dji_0589-2-1024x767.jpg 1024w, https:\/\/www.vap-camping.fr\/wp-content\/uploads\/2025\/07\/dji_0589-2-768x575.jpg 768w, https:\/\/www.vap-camping.fr\/wp-content\/uploads\/2025\/07\/dji_0589-2-1536x1151.jpg 1536w, https:\/\/www.vap-camping.fr\/wp-content\/uploads\/2025\/07\/dji_0589-2-2048x1534.jpg 2048w\" sizes=\"(max-width: 2560px) 100vw, 2560px\" \/><figcaption class=\"wp-element-caption\">default<\/figcaption><\/figure>\n<\/div>\n\n\n\n<div class=\"wp-block-group hero-desc has-secondary-background-color has-background is-layout-flow wp-block-group-is-layout-flow\" style=\"border-top-right-radius:90px;border-bottom-right-radius:90px;padding-top:2rem;padding-bottom:2rem;padding-left:5rem\"><h1 style=\"font-size:clamp(3.037rem, 3.037rem + ((1vw - 0.2rem) * 4.018), 6rem);\" class=\"has-link-color wp-elements-971196805a816ee349c8ae4f34a1c7a7 wp-block-post-title has-text-color has-white-color has-secondary-font-family\">Camping la Bastide(Maz\u00e8res)<\/h1>\n\n\n<div class=\"wp-block-group is-nowrap is-layout-flex wp-container-core-group-is-layout-3b4e9d3e wp-block-group-is-layout-flex\">\n<p class=\"has-white-color has-text-color has-link-color has-sm-font-size wp-elements-bbc414b3a62a48695e6a2fa4b663a8b5\" style=\"font-style:normal;font-weight:500;text-transform:uppercase\">Camping  <\/p>\n\n\n\n<figure class=\"wp-block-image size-full\"><img alt=\"\" decoding=\"async\" src=\"https:\/\/www.vap-camping.fr\/wp-content\/themes\/vap\/assets\/img\/svg\/star-white.svg\" alt=\"\" class=\"wp-image-657\"\/><\/figure>\n\n\n\n<figure class=\"wp-block-image size-full\"><img alt=\"\" decoding=\"async\" src=\"https:\/\/www.vap-camping.fr\/wp-content\/themes\/vap\/assets\/img\/svg\/star-white.svg\" alt=\"\" class=\"wp-image-657\"\/><\/figure>\n\n\n\n<figure class=\"wp-block-image size-full\"><img alt=\"\" decoding=\"async\" src=\"https:\/\/www.vap-camping.fr\/wp-content\/themes\/vap\/assets\/img\/svg\/star-white.svg\" alt=\"\" class=\"wp-image-657\"\/><\/figure>\n\n\n\n<p class=\"has-white-color has-text-color has-link-color has-sm-font-size wp-elements-1c5940e84549218e8672bb1cea608a76\" style=\"font-style:normal;font-weight:500;text-transform:uppercase\">&#8211; Ari\u00e8ge &#8211; Maz\u00e8res<\/p>\n<\/div>\n<\/div>\n<\/div>\n\n\n\n<div class=\"wp-block-group has-global-padding is-layout-constrained wp-container-core-group-is-layout-4f9f0532 wp-block-group-is-layout-constrained\">\n<div class=\"wp-block-columns are-vertically-aligned-top m-ti is-layout-flex wp-container-core-columns-is-layout-c4788e2e wp-block-columns-is-layout-flex\">\n<div class=\"wp-block-column is-vertically-aligned-top m-ti-text-camp is-layout-flow wp-container-core-column-is-layout-58dbe9e9 wp-block-column-is-layout-flow\" style=\"padding-left:10rem;flex-basis:60%\">\n<div class=\"wp-block-group is-style-title-left fromTop is-layout-flow wp-block-group-is-layout-flow is-style-title-left--1\">\n<p class=\"has-secondary-color has-text-color has-link-color has-secondary-font-family has-xl-font-size wp-elements-0105c358d15782ec8db07d1822d49155\">\n  Bienvenido<\/p>\n\n\n\n<p class=\"has-primary-color has-text-color has-link-color has-primary-font-family has-sm-font-size wp-elements-1c0bda9b78cdc0e2d514752c1ef96bfd\" style=\"text-transform:uppercase\"><strong><strong>EN EL CAMPING FAMILIAR DE MAZ\u00c8RES<\/strong><\/strong><\/p>\n<\/div>\n\n\n\n<h2 class=\"wp-block-heading text-title\"><strong><strong>A orillas del r\u00edo Hers, el camping La Bastide te da la bienvenida a un entorno tranquilo y relajante.<\/strong><\/strong><\/h2>\n\n\n\n<p class=\"has-link-color has-m-font-size wp-elements-54e5a97d947dda97b12e6ffc5be402c0\" style=\"padding-left:2rem\">Nuestro camping de 3 estrellas, con 110 parcelas, 62 de ellas de alquiler y 48 descubiertas, es ideal para unas vacaciones familiares con hijos o nietos, combinando comodidad, naturaleza y convivencia, a s\u00f3lo 5 minutos a pie de los comercios del pueblo de Maz\u00e8res.  <\/p>\n\n\n\n<p class=\"has-link-color has-m-font-size wp-elements-3499fdc4bad6ccc0317ebb2ca0bd300f\" style=\"padding-left:2rem\">Muchos de nuestros visitantes vuelven cada a\u00f1o para redescubrir este ambiente sencillo y aut\u00e9ntico, perfecto para compartir momentos y reunirse.<\/p>\n\n\n\n<p class=\"has-link-color has-m-font-size wp-elements-e2bf985c702dc504f271631137c0632e\" style=\"padding-left:2rem\">Cada temporada, el camping se anima con acontecimientos locales: el festival de jazz gitano, ferias medievales, mercados y actividades al aire libre.  <\/p>\n\n\n\n<p class=\"has-link-color has-m-font-size wp-elements-ba892cc0946bd59256ace9293cf75b1e\" style=\"padding-left:2rem\">Los grupos escolares y universitarios tambi\u00e9n lo encontrar\u00e1n un lugar ideal para sus fines de semana en la naturaleza, gracias a sus instalaciones especialmente adaptadas y a su atenta acogida.<\/p>\n\n\n\n<p class=\"has-link-color has-m-font-size wp-elements-fcbc4897ed955866739d78263ac87108\" style=\"padding-left:2rem\">Tanto si eres aficionado al senderismo como a la ornitolog\u00eda, no te pierdas el Domaine des Oiseaux, a dos pasos del camping, un paraje natural excepcional para descubrir con toda la familia en el <strong><a href=\"https:\/\/www.vap-camping.fr\/es\/\" data-type=\"page\" data-id=\"128\">camping de Ari\u00e8ge<\/a><\/strong>.<\/p>\n<\/div>\n\n\n\n<div class=\"wp-block-column is-vertically-aligned-top wp-block-image alignright size-large has-custom-border camping-info-desc m-ti-text is-layout-flow wp-block-column-is-layout-flow\" style=\"flex-basis:40%\">\n<div class=\"wp-block-group animBase is-vertical is-content-justification-stretch is-layout-flex wp-container-core-group-is-layout-353c4f5a wp-block-group-is-layout-flex\">\n<div class=\"wp-block-group is-style-title-splash is-layout-flow wp-block-group-is-layout-flow is-style-title-splash--2\" style=\"margin-bottom:4rem\">\n<p class=\"has-secondary-color has-text-color has-link-color has-secondary-font-family wp-elements-263f33a5c57dbcb1a72d7055c3258c5a\" style=\"font-size:clamp(3.195rem, 3.195rem + ((1vw - 0.2rem) * 4.346), 6.4rem);\">Informaci\u00f3n general<\/p>\n<\/div>\n\n\n\n<div class=\"wp-block-group has-grey-background-color has-background animItem is-nowrap is-layout-flex wp-container-core-group-is-layout-f89dbd13 wp-block-group-is-layout-flex\" style=\"border-top-right-radius:40px;border-bottom-right-radius:40px;padding-top:2rem;padding-right:1rem;padding-bottom:2rem;padding-left:3rem\">\n<figure class=\"wp-block-image size-full\"><img decoding=\"async\" src=\"https:\/\/www.vap-camping.fr\/wp-content\/themes\/vap\/assets\/img\/svg\/calendar.svg\" alt=\"Campings VAP\" class=\"wp-image-430\"\/><\/figure>\n\n\n<p style=\"font-style:normal;font-weight:500\">Del 1 de abril al 1 de octubre<\/p><\/div>\n\n\n\n<div class=\"wp-block-group animItem is-content-justification-left is-nowrap is-layout-flex wp-container-core-group-is-layout-82550dec wp-block-group-is-layout-flex\" style=\"padding-top:2rem;padding-right:1rem;padding-bottom:2rem;padding-left:3rem\">\n<figure class=\"wp-block-image size-full\"><img decoding=\"async\" src=\"https:\/\/www.vap-camping.fr\/wp-content\/themes\/vap\/assets\/img\/svg\/house-chimney-window.svg\" alt=\"Campings VAP\" class=\"wp-image-433\"\/><\/figure>\n\n\n<p style=\"font-style:normal;font-weight:500\">62 Alquileres<\/p><\/div>\n\n\n\n<div class=\"wp-block-group has-grey-background-color has-background animItem is-content-justification-left is-nowrap is-layout-flex wp-container-core-group-is-layout-82550dec wp-block-group-is-layout-flex\" style=\"padding-top:2rem;padding-right:1rem;padding-bottom:2rem;padding-left:3rem\">\n<figure class=\"wp-block-image size-full\"><img decoding=\"async\" src=\"https:\/\/www.vap-camping.fr\/wp-content\/themes\/vap\/assets\/img\/svg\/caravan-simple.svg\" alt=\"Campings VAP\" class=\"wp-image-435\"\/><\/figure>\n\n\n<p style=\"font-style:normal;font-weight:500\">48 parcelas desnudas<\/p><\/div>\n\n\n\n<div class=\"wp-block-group animItem is-nowrap is-layout-flex wp-container-core-group-is-layout-f89dbd13 wp-block-group-is-layout-flex\" style=\"padding-top:2rem;padding-right:1rem;padding-bottom:2rem;padding-left:3rem\">\n<figure class=\"wp-block-image size-full\"><img decoding=\"async\" src=\"https:\/\/www.vap-camping.fr\/wp-content\/themes\/vap\/assets\/img\/svg\/location-dot.svg\" alt=\"Campings VAP\" class=\"wp-image-437\"\/><\/figure>\n\n\n<p style=\"font-style:normal;font-weight:500\">Camino de la playa 09270 Maz\u00e8res<\/p><\/div>\n\n\n\n<div class=\"wp-block-group has-grey-background-color has-background animItem is-nowrap is-layout-flex wp-container-core-group-is-layout-f89dbd13 wp-block-group-is-layout-flex\" style=\"border-top-right-radius:40px;border-bottom-right-radius:40px;padding-top:2rem;padding-right:1rem;padding-bottom:2rem;padding-left:3rem\">\n<figure class=\"wp-block-image size-full is-resized\"><img alt=\"\" decoding=\"async\" src=\"https:\/\/www.vap-camping.fr\/wp-content\/uploads\/2025\/07\/bookmark-regular.svg\" alt=\"\" class=\"wp-image-2202\" style=\"object-fit:contain;width:32px;height:32px\"\/><\/figure>\n\n\n\n<p class=\"has-secondary-color has-text-color has-link-color wp-elements-fc7f52fa0a97ce915186a007de4d99bd\" style=\"font-style:normal;font-weight:500\"><a href=\"https:\/\/www.google.com\/maps\/dir\/\/Chem.+de+la+Plage,+09270+Maz%C3%A8res\/@43.2500316,1.6725558,15z\/data=!4m8!4m7!1m0!1m5!1m1!1s0x12aefb4e2ff27317:0x5725fc5356c96975!2m2!1d1.6828555!2d43.2500164?entry=ttu&amp;g_ep=EgoyMDI1MDUyMS4wIKXMDSoASAFQAw%3D%3D\" data-type=\"page\" data-id=\"226\" target=\"_blank\" rel=\"noreferrer noopener\">Itinerario<\/a><\/p>\n<\/div>\n\n\n\n<div class=\"wp-block-group animItem is-content-justification-left is-nowrap is-layout-flex wp-container-core-group-is-layout-82550dec wp-block-group-is-layout-flex\" style=\"border-top-right-radius:40px;border-bottom-right-radius:40px;padding-top:2rem;padding-right:1rem;padding-bottom:2rem;padding-left:3rem\">\n<figure class=\"wp-block-image size-full\"><img decoding=\"async\" src=\"https:\/\/www.vap-camping.fr\/wp-content\/themes\/vap\/assets\/img\/svg\/phone.svg\" alt=\"Campings VAP\" class=\"wp-image-439\"\/><\/figure>\n\n\n\n<a href=\"tel:0000000000\" target=\"_self\"><div class=\"wp-block-group has-global-padding is-layout-constrained wp-block-group-is-layout-constrained\">\n<p style=\"font-style:normal;font-weight:500\"><a href=\"tel:0561651158\">0561651158<\/a><\/p>\n<\/div><\/a>\n<\/div>\n\n\n\n<div class=\"wp-block-group has-grey-background-color has-background animItem is-content-justification-left is-nowrap is-layout-flex wp-container-core-group-is-layout-82550dec wp-block-group-is-layout-flex\" style=\"border-top-right-radius:40px;border-bottom-right-radius:40px;padding-top:2rem;padding-right:1rem;padding-bottom:2rem;padding-left:3rem\">\n<figure class=\"wp-block-image size-full\"><img decoding=\"async\" src=\"https:\/\/www.vap-camping.fr\/wp-content\/themes\/vap\/assets\/img\/svg\/envelope.svg\" alt=\"Campings VAP\" class=\"wp-image-441\"\/><\/figure>\n\n\n\n<a href=\"mailto:mail@mail.com\" target=\"_self\"><div class=\"wp-block-group has-global-padding is-layout-constrained wp-block-group-is-layout-constrained\">\n<p style=\"font-style:normal;font-weight:500\"><a href=\"mailto:contact@vap-campings.fr\">contact@vap-campings.fr<\/a><\/p>\n<\/div><\/a>\n<\/div>\n\n\n\n<div class=\"wp-block-group animItem is-content-justification-space-between is-nowrap is-layout-flex wp-container-core-group-is-layout-866cca21 wp-block-group-is-layout-flex\" style=\"padding-top:2rem;padding-right:1rem;padding-bottom:2rem;padding-left:3rem\">\n<div class=\"wp-block-group is-content-justification-left is-nowrap is-layout-flex wp-container-core-group-is-layout-af23f760 wp-block-group-is-layout-flex\">\n<p style=\"font-style:normal;font-weight:500\">Servicios in situ :<\/p>\n\n\n\n<figure class=\"wp-block-image size-full is-resized\"><img decoding=\"async\" src=\"https:\/\/www.vap-camping.fr\/wp-content\/uploads\/2025\/04\/water-ladder-ico.svg\" alt=\"piscina\" class=\"wp-image-99\" style=\"width:23px\" title=\"Piscina\"\/><\/figure>\n\n\n\n<figure class=\"wp-block-image size-full is-resized\"><img alt=\"bar restaurant\" decoding=\"async\" src=\"https:\/\/www.vap-camping.fr\/wp-content\/uploads\/2025\/04\/martini-glass.svg\" alt=\"\" class=\"wp-image-98\" style=\"width:23px;height:auto\" title=\"Bar\/restaurante\"\/><\/figure>\n\n\n\n<figure class=\"wp-block-image size-full is-resized\"><img alt=\"wifi\" decoding=\"async\" src=\"https:\/\/www.vap-camping.fr\/wp-content\/uploads\/2025\/04\/wifi-ico.svg\" alt=\"\" class=\"wp-image-97\" style=\"width:23px\" title=\"WiFi gratuito\"\/><\/figure>\n\n\n\n<figure class=\"wp-block-image size-full is-resized\"><img decoding=\"async\" src=\"https:\/\/www.vap-camping.fr\/wp-content\/uploads\/2025\/04\/paw-solid.svg\" alt=\"animales\" class=\"wp-image-326\" style=\"width:23px\" title=\"Se admiten mascotas\"\/><\/figure>\n\n\n\n<figure class=\"wp-block-image size-full is-resized\"><img alt=\"animation\" decoding=\"async\" src=\"https:\/\/www.vap-camping.fr\/wp-content\/uploads\/2025\/04\/party-horn-ico.svg\" alt=\"\" class=\"wp-image-95\" style=\"width:23px\" title=\"Entretenimiento\"\/><\/figure>\n\n\n\n<figure class=\"wp-block-image size-full is-resized\"><img decoding=\"async\" src=\"https:\/\/www.vap-camping.fr\/wp-content\/uploads\/2025\/04\/wheelchair-solid.svg\" alt=\"Retretes PMR\" class=\"wp-image-323\" style=\"width:23px\"\/><\/figure>\n\n\n\n<figure class=\"wp-block-image size-full is-resized\"><img decoding=\"async\" src=\"https:\/\/www.vap-camping.fr\/wp-content\/uploads\/2025\/04\/dryer.svg\" alt=\"lavander\u00eda\" class=\"wp-image-93\" style=\"width:23px\" title=\"Tienda de comestibles\"\/><\/figure>\n\n\n\n<figure class=\"wp-block-image size-full is-resized\"><img decoding=\"async\" src=\"https:\/\/www.vap-camping.fr\/wp-content\/uploads\/2025\/04\/table-tennis-paddle-ball.svg\" alt=\"tenis de mesa\" class=\"wp-image-92\" style=\"width:23px\" title=\"Juegos\"\/><\/figure>\n<\/div>\n<\/div>\n\n\n\n<div class=\"wp-block-group has-grey-background-color has-background animItem is-content-justification-left is-nowrap is-layout-flex wp-container-core-group-is-layout-82550dec wp-block-group-is-layout-flex\" style=\"border-top-right-radius:40px;border-bottom-right-radius:40px;padding-top:2rem;padding-right:1rem;padding-bottom:2rem;padding-left:3rem\">\n<p style=\"font-style:normal;font-weight:500\">S\u00edguenos en :<\/p>\n\n\n\n<figure class=\"wp-block-image size-full\"><a href=\"https:\/\/www.facebook.com\/profile.php?id=61572817504341\" target=\"_blank\" rel=\" noreferrer noopener\"><img alt=\"\" decoding=\"async\" src=\"https:\/\/www.vap-camping.fr\/wp-content\/uploads\/2025\/05\/facebook.svg\" alt=\"\" class=\"wp-image-977\"\/><\/a><\/figure>\n\n\n\n<figure class=\"wp-block-image size-full\"><a href=\"https:\/\/www.instagram.com\/campinglabastide_vap\/\" target=\"_blank\" rel=\" noreferrer noopener\"><img alt=\"\" decoding=\"async\" src=\"https:\/\/www.vap-camping.fr\/wp-content\/uploads\/2025\/04\/Icon-insta.svg\" alt=\"\" class=\"wp-image-312\"\/><\/a><\/figure>\n\n\n\n<figure class=\"wp-block-image size-full\"><a href=\"https:\/\/www.youtube.com\/@vapcampingsetgite\" target=\"_blank\" rel=\" noreferrer noopener\"><img alt=\"\" decoding=\"async\" src=\"https:\/\/www.vap-camping.fr\/wp-content\/uploads\/2025\/04\/Icon-youtube.svg\" alt=\"\" class=\"wp-image-314\"\/><\/a><\/figure>\n<\/div>\n\n\n\n<div class=\"wp-block-group animItem is-vertical is-layout-flex wp-container-core-group-is-layout-5a70b6f9 wp-block-group-is-layout-flex\" style=\"padding-top:2rem;padding-right:1rem;padding-bottom:2rem;padding-left:3rem\">\n<p><strong>Documentos \u00fatiles :<\/strong><\/p>\n\n\n\n<p class=\"has-secondary-color has-text-color has-link-color wp-elements-949286e684bc4eca65fe9eaa92235e01\" style=\"font-style:normal;font-weight:500\"><a href=\"https:\/\/www.vap-camping.fr\/wp-content\/uploads\/2026\/03\/vap-tarifs-mazeres-2026.pdf\" target=\"_blank\" rel=\"noreferrer noopener\">Mapa del camping<\/a><\/p>\n\n\n\n<p><a href=\"https:\/\/www.vap-camping.fr\/wp-content\/uploads\/2025\/07\/tarifs-mazeres-2025.pdf\" target=\"_blank\" rel=\"noreferrer noopener\">Tarifas<\/a><\/p>\n<\/div>\n<\/div>\n<\/div>\n<\/div>\n<\/div>\n\n\n\n<div class=\"wp-block-group alignwide is-style-title-simple fromTop is-layout-flow wp-block-group-is-layout-flow is-style-title-simple--3\" style=\"margin-top:4rem;margin-bottom:4rem\">\n<p class=\"has-text-align-center has-secondary-color has-text-color has-link-color has-secondary-font-family has-xl-font-size wp-elements-7ab2a8d4c5d12aaaff2e5743f993905e\">Ofertas y promociones<\/p>\n\n\n\n<p class=\"has-text-align-center has-primary-font-family has-sm-font-size\" style=\"text-transform:uppercase\"><strong>En el camping La Bastide<\/strong><\/p>\n<\/div>\n\n\n\n<div class=\"wp-block-group has-global-padding is-layout-constrained wp-container-core-group-is-layout-8a400663 wp-block-group-is-layout-constrained\">\n<script>\n    window.ctoutvert = {\n\t\tid: 716, \n\t\tlang: 'es', \n\t\turl: 'https:\/\/reservation.secureholiday.net\/widgets\/'\n    };\n    (function (w, d, s, ctv, r, js, fjs) {\n        r=new XMLHttpRequest();r.open('GET',w[ctv].url+'js\/src.json');\n        r.responseType='json';r.json=true;r.send();\n        r.onload=function(){w[ctv].src=r.responseType=='json'?r.response:JSON.parse(r.response);\n        js.src=w[ctv].src[0];fjs.parentNode.insertBefore(js, fjs);}\n        js=d.createElement(s),fjs=d.getElementsByTagName(s)[0];\n        js.id='ctvwidget';js.async=1;\n    }(window, document, 'script', 'ctoutvert'));\n<\/script>\n<style>.vap-w { display: block; max-width: 60%; }<\/style>\n<ctv-offers data-display-mode=\"carousel\" class=\"vap-w\"><\/ctv-offers>\n<\/div>\n\n\n\n<div class=\"wp-block-group has-global-padding is-layout-constrained wp-block-group-is-layout-constrained\">\n<div class=\"wp-block-group alignwide is-style-title-simple fromTop is-layout-flow wp-block-group-is-layout-flow is-style-title-simple--4\" style=\"margin-top:4rem;margin-bottom:4rem\">\n<p class=\"has-text-align-center has-secondary-color has-text-color has-link-color has-secondary-font-family has-xl-font-size wp-elements-e464df21b6cd2ddc95b3d8510d13a01e\">\n  Fototeca<\/p>\n\n\n\n<p class=\"has-text-align-center has-primary-font-family has-sm-font-size\" style=\"text-transform:uppercase\">\n            <strong>Tus vacaciones en im\u00e1genes<\/strong><\/p>\n<\/div>\n\n\n\n<div class=\"wp-block-group alignfull galery-wrapper is-layout-flow wp-block-group-is-layout-flow\">\n<div class=\"wp-block-group galery-row is-nowrap is-layout-flex wp-container-core-group-is-layout-6c531013 wp-block-group-is-layout-flex\">\n<figure data-wp-context=\"{&quot;imageId&quot;:&quot;69f4291970c61&quot;}\" data-wp-interactive=\"core\/image\" class=\"wp-block-image size-large wp-lightbox-container\"><img alt=\"camping la bastide\" decoding=\"async\" width=\"1024\" height=\"767\" data-wp-class--hide=\"state.isContentHidden\" data-wp-class--show=\"state.isContentVisible\" data-wp-init=\"callbacks.setButtonStyles\" data-wp-on-async--click=\"actions.showLightbox\" data-wp-on-async--load=\"callbacks.setButtonStyles\" data-wp-on-async-window--resize=\"callbacks.setButtonStyles\" src=\"https:\/\/www.vap-camping.fr\/wp-content\/uploads\/2025\/04\/camping-mazeres-sky-view-1024x767.jpg\" alt=\"\" class=\"wp-image-4122\" srcset=\"https:\/\/www.vap-camping.fr\/wp-content\/uploads\/2025\/04\/camping-mazeres-sky-view-1024x767.jpg 1024w, https:\/\/www.vap-camping.fr\/wp-content\/uploads\/2025\/04\/camping-mazeres-sky-view-600x450.jpg 600w, https:\/\/www.vap-camping.fr\/wp-content\/uploads\/2025\/04\/camping-mazeres-sky-view-768x575.jpg 768w, https:\/\/www.vap-camping.fr\/wp-content\/uploads\/2025\/04\/camping-mazeres-sky-view-1536x1151.jpg 1536w, https:\/\/www.vap-camping.fr\/wp-content\/uploads\/2025\/04\/camping-mazeres-sky-view-2048x1534.jpg 2048w\" sizes=\"(max-width: 1024px) 100vw, 1024px\" \/><button\n\t\t\tclass=\"lightbox-trigger\"\n\t\t\ttype=\"button\"\n\t\t\taria-haspopup=\"dialog\"\n\t\t\taria-label=\"Enlarge\"\n\t\t\tdata-wp-init=\"callbacks.initTriggerButton\"\n\t\t\tdata-wp-on-async--click=\"actions.showLightbox\"\n\t\t\tdata-wp-style--right=\"state.imageButtonRight\"\n\t\t\tdata-wp-style--top=\"state.imageButtonTop\"\n\t\t>\n\t\t\t<svg xmlns=\"http:\/\/www.w3.org\/2000\/svg\" width=\"12\" height=\"12\" fill=\"none\" viewBox=\"0 0 12 12\">\n\t\t\t\t<path fill=\"#fff\" d=\"M2 0a2 2 0 0 0-2 2v2h1.5V2a.5.5 0 0 1 .5-.5h2V0H2Zm2 10.5H2a.5.5 0 0 1-.5-.5V8H0v2a2 2 0 0 0 2 2h2v-1.5ZM8 12v-1.5h2a.5.5 0 0 0 .5-.5V8H12v2a2 2 0 0 1-2 2H8Zm2-12a2 2 0 0 1 2 2v2h-1.5V2a.5.5 0 0 0-.5-.5H8V0h2Z\" \/>\n\t\t\t<\/svg>\n\t\t<\/button><\/figure>\n\n\n\n<figure data-wp-context=\"{&quot;imageId&quot;:&quot;69f429197142a&quot;}\" data-wp-interactive=\"core\/image\" class=\"wp-block-image size-large wp-lightbox-container\"><img alt=\"personnels de VAP\" decoding=\"async\" width=\"1024\" height=\"576\" data-wp-class--hide=\"state.isContentHidden\" data-wp-class--show=\"state.isContentVisible\" data-wp-init=\"callbacks.setButtonStyles\" data-wp-on-async--click=\"actions.showLightbox\" data-wp-on-async--load=\"callbacks.setButtonStyles\" data-wp-on-async-window--resize=\"callbacks.setButtonStyles\" src=\"https:\/\/www.vap-camping.fr\/wp-content\/uploads\/2025\/04\/snack-mazeres-tables-1024x576.jpg\" alt=\"\" class=\"wp-image-4126\" srcset=\"https:\/\/www.vap-camping.fr\/wp-content\/uploads\/2025\/04\/snack-mazeres-tables-1024x576.jpg 1024w, https:\/\/www.vap-camping.fr\/wp-content\/uploads\/2025\/04\/snack-mazeres-tables-600x337.jpg 600w, https:\/\/www.vap-camping.fr\/wp-content\/uploads\/2025\/04\/snack-mazeres-tables-768x432.jpg 768w, https:\/\/www.vap-camping.fr\/wp-content\/uploads\/2025\/04\/snack-mazeres-tables-1536x863.jpg 1536w, https:\/\/www.vap-camping.fr\/wp-content\/uploads\/2025\/04\/snack-mazeres-tables-2048x1151.jpg 2048w\" sizes=\"(max-width: 1024px) 100vw, 1024px\" \/><button\n\t\t\tclass=\"lightbox-trigger\"\n\t\t\ttype=\"button\"\n\t\t\taria-haspopup=\"dialog\"\n\t\t\taria-label=\"Enlarge\"\n\t\t\tdata-wp-init=\"callbacks.initTriggerButton\"\n\t\t\tdata-wp-on-async--click=\"actions.showLightbox\"\n\t\t\tdata-wp-style--right=\"state.imageButtonRight\"\n\t\t\tdata-wp-style--top=\"state.imageButtonTop\"\n\t\t>\n\t\t\t<svg xmlns=\"http:\/\/www.w3.org\/2000\/svg\" width=\"12\" height=\"12\" fill=\"none\" viewBox=\"0 0 12 12\">\n\t\t\t\t<path fill=\"#fff\" d=\"M2 0a2 2 0 0 0-2 2v2h1.5V2a.5.5 0 0 1 .5-.5h2V0H2Zm2 10.5H2a.5.5 0 0 1-.5-.5V8H0v2a2 2 0 0 0 2 2h2v-1.5ZM8 12v-1.5h2a.5.5 0 0 0 .5-.5V8H12v2a2 2 0 0 1-2 2H8Zm2-12a2 2 0 0 1 2 2v2h-1.5V2a.5.5 0 0 0-.5-.5H8V0h2Z\" \/>\n\t\t\t<\/svg>\n\t\t<\/button><\/figure>\n\n\n\n<figure data-wp-context=\"{&quot;imageId&quot;:&quot;69f4291971b8a&quot;}\" data-wp-interactive=\"core\/image\" class=\"wp-block-image size-large wp-lightbox-container\"><img alt=\"accueil des gens\" decoding=\"async\" width=\"1024\" height=\"576\" data-wp-class--hide=\"state.isContentHidden\" data-wp-class--show=\"state.isContentVisible\" data-wp-init=\"callbacks.setButtonStyles\" data-wp-on-async--click=\"actions.showLightbox\" data-wp-on-async--load=\"callbacks.setButtonStyles\" data-wp-on-async-window--resize=\"callbacks.setButtonStyles\" src=\"https:\/\/www.vap-camping.fr\/wp-content\/uploads\/2025\/04\/accueil-dextrieur-mazeres-1024x576.jpg\" alt=\"\" class=\"wp-image-4130\" srcset=\"https:\/\/www.vap-camping.fr\/wp-content\/uploads\/2025\/04\/accueil-dextrieur-mazeres-1024x576.jpg 1024w, https:\/\/www.vap-camping.fr\/wp-content\/uploads\/2025\/04\/accueil-dextrieur-mazeres-600x337.jpg 600w, https:\/\/www.vap-camping.fr\/wp-content\/uploads\/2025\/04\/accueil-dextrieur-mazeres-768x432.jpg 768w, https:\/\/www.vap-camping.fr\/wp-content\/uploads\/2025\/04\/accueil-dextrieur-mazeres-1536x863.jpg 1536w, https:\/\/www.vap-camping.fr\/wp-content\/uploads\/2025\/04\/accueil-dextrieur-mazeres-2048x1151.jpg 2048w\" sizes=\"(max-width: 1024px) 100vw, 1024px\" \/><button\n\t\t\tclass=\"lightbox-trigger\"\n\t\t\ttype=\"button\"\n\t\t\taria-haspopup=\"dialog\"\n\t\t\taria-label=\"Enlarge\"\n\t\t\tdata-wp-init=\"callbacks.initTriggerButton\"\n\t\t\tdata-wp-on-async--click=\"actions.showLightbox\"\n\t\t\tdata-wp-style--right=\"state.imageButtonRight\"\n\t\t\tdata-wp-style--top=\"state.imageButtonTop\"\n\t\t>\n\t\t\t<svg xmlns=\"http:\/\/www.w3.org\/2000\/svg\" width=\"12\" height=\"12\" fill=\"none\" viewBox=\"0 0 12 12\">\n\t\t\t\t<path fill=\"#fff\" d=\"M2 0a2 2 0 0 0-2 2v2h1.5V2a.5.5 0 0 1 .5-.5h2V0H2Zm2 10.5H2a.5.5 0 0 1-.5-.5V8H0v2a2 2 0 0 0 2 2h2v-1.5ZM8 12v-1.5h2a.5.5 0 0 0 .5-.5V8H12v2a2 2 0 0 1-2 2H8Zm2-12a2 2 0 0 1 2 2v2h-1.5V2a.5.5 0 0 0-.5-.5H8V0h2Z\" \/>\n\t\t\t<\/svg>\n\t\t<\/button><\/figure>\n\n\n\n<figure data-wp-context=\"{&quot;imageId&quot;:&quot;69f4291972287&quot;}\" data-wp-interactive=\"core\/image\" class=\"wp-block-image size-large wp-lightbox-container\"><img alt=\"\" decoding=\"async\" width=\"1024\" height=\"682\" data-wp-class--hide=\"state.isContentHidden\" data-wp-class--show=\"state.isContentVisible\" data-wp-init=\"callbacks.setButtonStyles\" data-wp-on-async--click=\"actions.showLightbox\" data-wp-on-async--load=\"callbacks.setButtonStyles\" data-wp-on-async-window--resize=\"callbacks.setButtonStyles\" src=\"https:\/\/www.vap-camping.fr\/wp-content\/uploads\/2025\/04\/domaine-des-oiseaux-mazeres-1024x682.jpg\" alt=\"\" class=\"wp-image-669\" srcset=\"https:\/\/www.vap-camping.fr\/wp-content\/uploads\/2025\/04\/domaine-des-oiseaux-mazeres-1024x682.jpg 1024w, https:\/\/www.vap-camping.fr\/wp-content\/uploads\/2025\/04\/domaine-des-oiseaux-mazeres-600x400.jpg 600w, https:\/\/www.vap-camping.fr\/wp-content\/uploads\/2025\/04\/domaine-des-oiseaux-mazeres-768x511.jpg 768w, https:\/\/www.vap-camping.fr\/wp-content\/uploads\/2025\/04\/domaine-des-oiseaux-mazeres.jpg 1200w\" sizes=\"(max-width: 1024px) 100vw, 1024px\" \/><button\n\t\t\tclass=\"lightbox-trigger\"\n\t\t\ttype=\"button\"\n\t\t\taria-haspopup=\"dialog\"\n\t\t\taria-label=\"Enlarge\"\n\t\t\tdata-wp-init=\"callbacks.initTriggerButton\"\n\t\t\tdata-wp-on-async--click=\"actions.showLightbox\"\n\t\t\tdata-wp-style--right=\"state.imageButtonRight\"\n\t\t\tdata-wp-style--top=\"state.imageButtonTop\"\n\t\t>\n\t\t\t<svg xmlns=\"http:\/\/www.w3.org\/2000\/svg\" width=\"12\" height=\"12\" fill=\"none\" viewBox=\"0 0 12 12\">\n\t\t\t\t<path fill=\"#fff\" d=\"M2 0a2 2 0 0 0-2 2v2h1.5V2a.5.5 0 0 1 .5-.5h2V0H2Zm2 10.5H2a.5.5 0 0 1-.5-.5V8H0v2a2 2 0 0 0 2 2h2v-1.5ZM8 12v-1.5h2a.5.5 0 0 0 .5-.5V8H12v2a2 2 0 0 1-2 2H8Zm2-12a2 2 0 0 1 2 2v2h-1.5V2a.5.5 0 0 0-.5-.5H8V0h2Z\" \/>\n\t\t\t<\/svg>\n\t\t<\/button><\/figure>\n<\/div>\n\n\n\n<div class=\"wp-block-group galery-row is-nowrap is-layout-flex wp-container-core-group-is-layout-6c531013 wp-block-group-is-layout-flex\">\n<figure data-wp-context=\"{&quot;imageId&quot;:&quot;69f4291972bd2&quot;}\" data-wp-interactive=\"core\/image\" class=\"wp-block-image size-full wp-lightbox-container\"><img alt=\"\" decoding=\"async\" width=\"2560\" height=\"1439\" data-wp-class--hide=\"state.isContentHidden\" data-wp-class--show=\"state.isContentVisible\" data-wp-init=\"callbacks.setButtonStyles\" data-wp-on-async--click=\"actions.showLightbox\" data-wp-on-async--load=\"callbacks.setButtonStyles\" data-wp-on-async-window--resize=\"callbacks.setButtonStyles\" src=\"https:\/\/www.vap-camping.fr\/wp-content\/uploads\/2025\/04\/dsc01194-scaled.jpg\" alt=\"\" class=\"wp-image-4142\" srcset=\"https:\/\/www.vap-camping.fr\/wp-content\/uploads\/2025\/04\/dsc01194-scaled.jpg 2560w, https:\/\/www.vap-camping.fr\/wp-content\/uploads\/2025\/04\/dsc01194-600x337.jpg 600w, https:\/\/www.vap-camping.fr\/wp-content\/uploads\/2025\/04\/dsc01194-1024x576.jpg 1024w, https:\/\/www.vap-camping.fr\/wp-content\/uploads\/2025\/04\/dsc01194-768x432.jpg 768w, https:\/\/www.vap-camping.fr\/wp-content\/uploads\/2025\/04\/dsc01194-1536x863.jpg 1536w, https:\/\/www.vap-camping.fr\/wp-content\/uploads\/2025\/04\/dsc01194-2048x1151.jpg 2048w\" sizes=\"(max-width: 2560px) 100vw, 2560px\" \/><button\n\t\t\tclass=\"lightbox-trigger\"\n\t\t\ttype=\"button\"\n\t\t\taria-haspopup=\"dialog\"\n\t\t\taria-label=\"Enlarge\"\n\t\t\tdata-wp-init=\"callbacks.initTriggerButton\"\n\t\t\tdata-wp-on-async--click=\"actions.showLightbox\"\n\t\t\tdata-wp-style--right=\"state.imageButtonRight\"\n\t\t\tdata-wp-style--top=\"state.imageButtonTop\"\n\t\t>\n\t\t\t<svg xmlns=\"http:\/\/www.w3.org\/2000\/svg\" width=\"12\" height=\"12\" fill=\"none\" viewBox=\"0 0 12 12\">\n\t\t\t\t<path fill=\"#fff\" d=\"M2 0a2 2 0 0 0-2 2v2h1.5V2a.5.5 0 0 1 .5-.5h2V0H2Zm2 10.5H2a.5.5 0 0 1-.5-.5V8H0v2a2 2 0 0 0 2 2h2v-1.5ZM8 12v-1.5h2a.5.5 0 0 0 .5-.5V8H12v2a2 2 0 0 1-2 2H8Zm2-12a2 2 0 0 1 2 2v2h-1.5V2a.5.5 0 0 0-.5-.5H8V0h2Z\" \/>\n\t\t\t<\/svg>\n\t\t<\/button><\/figure>\n\n\n\n<figure data-wp-context=\"{&quot;imageId&quot;:&quot;69f4291973289&quot;}\" data-wp-interactive=\"core\/image\" class=\"wp-block-image size-large wp-lightbox-container\"><img alt=\"\" decoding=\"async\" width=\"1024\" height=\"683\" data-wp-class--hide=\"state.isContentHidden\" data-wp-class--show=\"state.isContentVisible\" data-wp-init=\"callbacks.setButtonStyles\" data-wp-on-async--click=\"actions.showLightbox\" data-wp-on-async--load=\"callbacks.setButtonStyles\" data-wp-on-async-window--resize=\"callbacks.setButtonStyles\" src=\"https:\/\/www.vap-camping.fr\/wp-content\/uploads\/2025\/04\/piscine-campinglabastide-1024x683.jpg\" alt=\"\" class=\"wp-image-489\" srcset=\"https:\/\/www.vap-camping.fr\/wp-content\/uploads\/2025\/04\/piscine-campinglabastide-1024x683.jpg 1024w, https:\/\/www.vap-camping.fr\/wp-content\/uploads\/2025\/04\/piscine-campinglabastide-600x400.jpg 600w, https:\/\/www.vap-camping.fr\/wp-content\/uploads\/2025\/04\/piscine-campinglabastide-768x512.jpg 768w, https:\/\/www.vap-camping.fr\/wp-content\/uploads\/2025\/04\/piscine-campinglabastide-1536x1024.jpg 1536w, https:\/\/www.vap-camping.fr\/wp-content\/uploads\/2025\/04\/piscine-campinglabastide-2048x1365.jpg 2048w\" sizes=\"(max-width: 1024px) 100vw, 1024px\" \/><button\n\t\t\tclass=\"lightbox-trigger\"\n\t\t\ttype=\"button\"\n\t\t\taria-haspopup=\"dialog\"\n\t\t\taria-label=\"Enlarge\"\n\t\t\tdata-wp-init=\"callbacks.initTriggerButton\"\n\t\t\tdata-wp-on-async--click=\"actions.showLightbox\"\n\t\t\tdata-wp-style--right=\"state.imageButtonRight\"\n\t\t\tdata-wp-style--top=\"state.imageButtonTop\"\n\t\t>\n\t\t\t<svg xmlns=\"http:\/\/www.w3.org\/2000\/svg\" width=\"12\" height=\"12\" fill=\"none\" viewBox=\"0 0 12 12\">\n\t\t\t\t<path fill=\"#fff\" d=\"M2 0a2 2 0 0 0-2 2v2h1.5V2a.5.5 0 0 1 .5-.5h2V0H2Zm2 10.5H2a.5.5 0 0 1-.5-.5V8H0v2a2 2 0 0 0 2 2h2v-1.5ZM8 12v-1.5h2a.5.5 0 0 0 .5-.5V8H12v2a2 2 0 0 1-2 2H8Zm2-12a2 2 0 0 1 2 2v2h-1.5V2a.5.5 0 0 0-.5-.5H8V0h2Z\" \/>\n\t\t\t<\/svg>\n\t\t<\/button><\/figure>\n\n\n\n<figure data-wp-context=\"{&quot;imageId&quot;:&quot;69f42919739ae&quot;}\" data-wp-interactive=\"core\/image\" class=\"wp-block-image size-large wp-lightbox-container\"><img alt=\"\" decoding=\"async\" width=\"1024\" height=\"576\" data-wp-class--hide=\"state.isContentHidden\" data-wp-class--show=\"state.isContentVisible\" data-wp-init=\"callbacks.setButtonStyles\" data-wp-on-async--click=\"actions.showLightbox\" data-wp-on-async--load=\"callbacks.setButtonStyles\" data-wp-on-async-window--resize=\"callbacks.setButtonStyles\" src=\"https:\/\/www.vap-camping.fr\/wp-content\/uploads\/2025\/04\/dsc01243-1024x576.jpg\" alt=\"\" class=\"wp-image-4146\" srcset=\"https:\/\/www.vap-camping.fr\/wp-content\/uploads\/2025\/04\/dsc01243-1024x576.jpg 1024w, https:\/\/www.vap-camping.fr\/wp-content\/uploads\/2025\/04\/dsc01243-600x337.jpg 600w, https:\/\/www.vap-camping.fr\/wp-content\/uploads\/2025\/04\/dsc01243-768x432.jpg 768w, https:\/\/www.vap-camping.fr\/wp-content\/uploads\/2025\/04\/dsc01243-1536x863.jpg 1536w, https:\/\/www.vap-camping.fr\/wp-content\/uploads\/2025\/04\/dsc01243-2048x1151.jpg 2048w\" sizes=\"(max-width: 1024px) 100vw, 1024px\" \/><button\n\t\t\tclass=\"lightbox-trigger\"\n\t\t\ttype=\"button\"\n\t\t\taria-haspopup=\"dialog\"\n\t\t\taria-label=\"Enlarge\"\n\t\t\tdata-wp-init=\"callbacks.initTriggerButton\"\n\t\t\tdata-wp-on-async--click=\"actions.showLightbox\"\n\t\t\tdata-wp-style--right=\"state.imageButtonRight\"\n\t\t\tdata-wp-style--top=\"state.imageButtonTop\"\n\t\t>\n\t\t\t<svg xmlns=\"http:\/\/www.w3.org\/2000\/svg\" width=\"12\" height=\"12\" fill=\"none\" viewBox=\"0 0 12 12\">\n\t\t\t\t<path fill=\"#fff\" d=\"M2 0a2 2 0 0 0-2 2v2h1.5V2a.5.5 0 0 1 .5-.5h2V0H2Zm2 10.5H2a.5.5 0 0 1-.5-.5V8H0v2a2 2 0 0 0 2 2h2v-1.5ZM8 12v-1.5h2a.5.5 0 0 0 .5-.5V8H12v2a2 2 0 0 1-2 2H8Zm2-12a2 2 0 0 1 2 2v2h-1.5V2a.5.5 0 0 0-.5-.5H8V0h2Z\" \/>\n\t\t\t<\/svg>\n\t\t<\/button><\/figure>\n\n\n\n<figure data-wp-context=\"{&quot;imageId&quot;:&quot;69f42919743cd&quot;}\" data-wp-interactive=\"core\/image\" class=\"wp-block-image size-large wp-lightbox-container\"><img alt=\"\" decoding=\"async\" width=\"1024\" height=\"576\" data-wp-class--hide=\"state.isContentHidden\" data-wp-class--show=\"state.isContentVisible\" data-wp-init=\"callbacks.setButtonStyles\" data-wp-on-async--click=\"actions.showLightbox\" data-wp-on-async--load=\"callbacks.setButtonStyles\" data-wp-on-async-window--resize=\"callbacks.setButtonStyles\" src=\"https:\/\/www.vap-camping.fr\/wp-content\/uploads\/2025\/04\/chambres-twins-de-cottage-4-chambre-clim-1024x576.jpg\" alt=\"\" class=\"wp-image-4134\" srcset=\"https:\/\/www.vap-camping.fr\/wp-content\/uploads\/2025\/04\/chambres-twins-de-cottage-4-chambre-clim-1024x576.jpg 1024w, https:\/\/www.vap-camping.fr\/wp-content\/uploads\/2025\/04\/chambres-twins-de-cottage-4-chambre-clim-600x337.jpg 600w, https:\/\/www.vap-camping.fr\/wp-content\/uploads\/2025\/04\/chambres-twins-de-cottage-4-chambre-clim-768x432.jpg 768w, https:\/\/www.vap-camping.fr\/wp-content\/uploads\/2025\/04\/chambres-twins-de-cottage-4-chambre-clim-1536x863.jpg 1536w, https:\/\/www.vap-camping.fr\/wp-content\/uploads\/2025\/04\/chambres-twins-de-cottage-4-chambre-clim-2048x1151.jpg 2048w\" sizes=\"(max-width: 1024px) 100vw, 1024px\" \/><button\n\t\t\tclass=\"lightbox-trigger\"\n\t\t\ttype=\"button\"\n\t\t\taria-haspopup=\"dialog\"\n\t\t\taria-label=\"Enlarge\"\n\t\t\tdata-wp-init=\"callbacks.initTriggerButton\"\n\t\t\tdata-wp-on-async--click=\"actions.showLightbox\"\n\t\t\tdata-wp-style--right=\"state.imageButtonRight\"\n\t\t\tdata-wp-style--top=\"state.imageButtonTop\"\n\t\t>\n\t\t\t<svg xmlns=\"http:\/\/www.w3.org\/2000\/svg\" width=\"12\" height=\"12\" fill=\"none\" viewBox=\"0 0 12 12\">\n\t\t\t\t<path fill=\"#fff\" d=\"M2 0a2 2 0 0 0-2 2v2h1.5V2a.5.5 0 0 1 .5-.5h2V0H2Zm2 10.5H2a.5.5 0 0 1-.5-.5V8H0v2a2 2 0 0 0 2 2h2v-1.5ZM8 12v-1.5h2a.5.5 0 0 0 .5-.5V8H12v2a2 2 0 0 1-2 2H8Zm2-12a2 2 0 0 1 2 2v2h-1.5V2a.5.5 0 0 0-.5-.5H8V0h2Z\" \/>\n\t\t\t<\/svg>\n\t\t<\/button><\/figure>\n<\/div>\n<\/div>\n<\/div>\n\n\n\n<div class=\"wp-block-group alignwide is-style-title-simple fromTop is-layout-flow wp-block-group-is-layout-flow is-style-title-simple--5\" style=\"margin-top:4rem;margin-bottom:4rem\">\n<p class=\"has-text-align-center has-secondary-color has-text-color has-link-color has-secondary-font-family has-xl-font-size wp-elements-24deaf873f55946cf4f83685b5f06085\">Encuentra <\/p>\n\n\n\n<p class=\"has-text-align-center has-primary-font-family has-sm-font-size\" style=\"text-transform:uppercase\"><strong>Tu parcela o alquiler<\/strong><\/p>\n<\/div>\n\n\n\n<div style=\"background-image:url(&#039;https:\/\/www.vap-camping.fr\/wp-content\/uploads\/2025\/04\/domaine-des-oiseaux_2.jpg&#039;);background-size:cover;\" class=\"wp-block-group bg-img-part reveal is-layout-flow wp-block-group-is-layout-flow has-background\">\n<div class=\"wp-block-columns alignfull is-layout-flex wp-container-core-columns-is-layout-28f84493 wp-block-columns-is-layout-flex\">\n<div class=\"wp-block-column part-void is-layout-flow wp-block-column-is-layout-flow\"><\/div>\n\n\n\n<div class=\"wp-block-column part-content is-layout-flow wp-block-column-is-layout-flow\" style=\"flex-basis:45%\">\n<div class=\"wp-block-group is-bg-rounded is-layout-flow wp-container-core-group-is-layout-75c87b2e wp-block-group-is-layout-flow\">\n<div class=\"wp-block-group is-style-title-flip has-global-padding is-layout-constrained wp-block-group-is-layout-constrained is-style-title-flip--6\">\n<p class=\"has-text-align-right has-secondary-font-family has-xl-font-size\">Alquileres<\/p>\n\n\n\n<p class=\"has-text-align-right has-sm-font-size\" style=\"text-transform:uppercase\"><strong>y lugares<\/strong><\/p>\n<\/div>\n\n\n\n<h2 class=\"wp-block-heading has-text-align-right text-title\"><strong><strong>Reserva tu estancia en el Camping La Bastide, idealmente situado en Maz\u00e8res, \u00a1a tiro de piedra del Domaine des Oiseaux!<\/strong><\/strong><\/h2>\n\n\n\n<p>Elige el alojamiento que mejor se adapte a tus necesidades: c\u00f3modas caba\u00f1as de 4 a 10 plazas, perfectas para familias o grupos de amigos, tiendas de campa\u00f1a totalmente equipadas para una experiencia glamping que combina naturaleza y confort, o amplias parcelas para tiendas, caravanas y autocaravanas con o sin conexi\u00f3n el\u00e9ctrica.<\/p>\n\n\n\n<p>Tanto si vienes a pasar un fin de semana en la naturaleza, a un festival o a una escapada familiar, aqu\u00ed hay un lugar para que todos se sientan como en casa.<\/p>\n\n\n\n<div class=\"wp-block-buttons is-content-justification-right is-layout-flex wp-container-core-buttons-is-layout-d445cf74 wp-block-buttons-is-layout-flex\">\n<div class=\"wp-block-button button is-style-fill\"><a class=\"wp-block-button__link wp-element-button\" href=\"#holidays\" style=\"padding-top:0px;padding-right:0px;padding-bottom:0px;padding-left:0px\">Descubra<\/a><\/div>\n<\/div>\n<\/div>\n<\/div>\n<\/div>\n<\/div>\n\n\n\n<div id=\"holidays\" class=\"wp-block-group has-global-padding is-layout-constrained wp-container-core-group-is-layout-8a400663 wp-block-group-is-layout-constrained\">\n<script>\n            window.ctoutvert = {\n                id: 13776,\n                lang: 'es',\n                url: 'https:\/\/reservation.secureholiday.net\/widgets\/'\n            };\n            (function (w, d, s, ctv, r, js, fjs) {\n                r = new XMLHttpRequest(); r.open('GET', w[ctv].url + 'js\/src.json');\n                r.responseType = 'json'; r.json = true; r.send();\n                r.onload = function () {\n                    w[ctv].src = r.responseType == 'json' ? r.response : JSON.parse(r.response);\n                    js.src = w[ctv].src[0]; fjs.parentNode.insertBefore(js, fjs);\n                }\n                js = d.createElement(s), fjs = d.getElementsByTagName(s)[0];\n                js.id = 'ctvwidget'; js.async = 1;\n            }(window, document, 'script', 'ctoutvert'));\n        <\/script>\n        <ctv-availability data-background-color=\"#FFFFFF00\"><\/ctv-availability>\n<\/div>\n\n\n\n<div class=\"wp-block-group rightLeft has-global-padding is-layout-constrained wp-block-group-is-layout-constrained\">\n<div class=\"wp-block-columns alignfull are-vertically-aligned-center m-ti is-layout-flex wp-container-core-columns-is-layout-0c0b91ec wp-block-columns-is-layout-flex\">\n<div class=\"wp-block-column is-vertically-aligned-center wp-block-image alignright size-large has-custom-border is-style-simple-left m-ti-image is-layout-flow wp-block-column-is-layout-flow is-style-simple-left--7\" style=\"flex-basis:60%\">\n<figure class=\"wp-block-image alignleft size-large\"><img alt=\"camping la bastide ari\u00e8ge\" decoding=\"async\" width=\"1024\" height=\"576\" src=\"https:\/\/www.vap-camping.fr\/wp-content\/uploads\/2025\/04\/cottage-clim-8-place-exterieur-1024x576.jpg\" alt=\"\" class=\"wp-image-4114\" srcset=\"https:\/\/www.vap-camping.fr\/wp-content\/uploads\/2025\/04\/cottage-clim-8-place-exterieur-1024x576.jpg 1024w, https:\/\/www.vap-camping.fr\/wp-content\/uploads\/2025\/04\/cottage-clim-8-place-exterieur-600x337.jpg 600w, https:\/\/www.vap-camping.fr\/wp-content\/uploads\/2025\/04\/cottage-clim-8-place-exterieur-768x432.jpg 768w, https:\/\/www.vap-camping.fr\/wp-content\/uploads\/2025\/04\/cottage-clim-8-place-exterieur-1536x863.jpg 1536w, https:\/\/www.vap-camping.fr\/wp-content\/uploads\/2025\/04\/cottage-clim-8-place-exterieur-2048x1151.jpg 2048w\" sizes=\"(max-width: 1024px) 100vw, 1024px\" \/><\/figure>\n<\/div>\n\n\n\n<div class=\"wp-block-column is-vertically-aligned-center m-ti-text is-layout-flow wp-container-core-column-is-layout-58dbe9e9 wp-block-column-is-layout-flow\" style=\"padding-left:10rem;flex-basis:65%\">\n<div class=\"wp-block-group is-style-title-left is-layout-flow wp-block-group-is-layout-flow is-style-title-left--8\">\n<p class=\"has-secondary-color has-text-color has-link-color has-secondary-font-family has-xl-font-size wp-elements-cc602f70e7c9647e18aeddfc2934cc69\">Nuestros servicios<\/p>\n\n\n\n<p class=\"has-primary-color has-text-color has-link-color has-primary-font-family has-sm-font-size wp-elements-c9bee733969eae16e6348204ca2924af\" style=\"text-transform:uppercase\"><strong>para una estancia confortable<\/strong><\/p>\n<\/div>\n\n\n\n<h2 class=\"wp-block-heading text-title\">Nuestros eventos estivales, la fiesta medieval y los lugares tur\u00edsticos de la puerta de Ari\u00e8ge te ofrecen una amplia selecci\u00f3n de actividades que combinan naturaleza, deporte y cultura.<\/h2>\n\n\n\n<p class=\"has-m-font-size\" style=\"padding-left:2rem\">En verano, el camping cobra vida con veladas tem\u00e1ticas, juegos familiares y un miniclub infantil, muy apreciado por sus risas y descubrimientos. Durante el festival medieval, sum\u00e9rgete en el ambiente de la \u00e9poca gracias a los trajes prestados por el camping. Aprovecha la piscina con dos albercas, la guinguette adyacente a la zona de juegos o una partida de petanca bajo el sol del sur. Los aficionados a la pesca y al pirag\u00fcismo estar\u00e1n encantados: \u00a1el r\u00edo Hers pasa justo al lado del camping! En el camping: snack bar, mini tienda de comestibles, lavander\u00eda, Wi-Fi gratuito cerca de la recepci\u00f3n y puesto de informaci\u00f3n tur\u00edstica. Alquiler de s\u00e1banas, toallas, kit de beb\u00e9 y camas hechas opcionales a la llegada, con coste adicional. Para los viajeros con coche el\u00e9ctrico, hay un punto de recarga disponible, y se aceptan animales de compa\u00f1\u00eda (excepto las categor\u00edas 1 y 2) con un coste adicional.       La recepci\u00f3n est\u00e1 abierta de 9.00 a 12.00 y de 14.00 a 18.00 todos los d\u00edas.<\/p>\n<\/div>\n<\/div>\n<\/div>\n\n\n\n<div class=\"wp-block-group rightLeft has-global-padding is-layout-constrained wp-block-group-is-layout-constrained\">\n<div class=\"wp-block-group alignfull has-global-padding is-layout-constrained wp-block-group-is-layout-constrained\">\n<div class=\"wp-block-columns alignfull are-vertically-aligned-center m-ti is-layout-flex wp-container-core-columns-is-layout-0c0b91ec wp-block-columns-is-layout-flex\">\n<div class=\"wp-block-column is-vertically-aligned-stretch m-ti-text is-layout-flow wp-container-core-column-is-layout-58dbe9e9 wp-block-column-is-layout-flow\" style=\"padding-left:10rem;flex-basis:40%\">\n<div class=\"wp-block-group is-style-title-left is-layout-flow wp-block-group-is-layout-flow is-style-title-left--9\">\n<p class=\"has-secondary-color has-text-color has-link-color has-secondary-font-family has-xl-font-size wp-elements-9f513fbe0f4480a99f0a5424267d1914\"><strong>La Guinguette  <\/strong><\/p>\n\n\n\n<p class=\"has-primary-color has-text-color has-link-color has-primary-font-family has-sm-font-size wp-elements-7b8ea82386eb632e55ce52ea2eafb03a\" style=\"text-transform:uppercase\"><strong>o en el bar del camping  <\/strong><\/p>\n<\/div>\n\n\n\n<h1 class=\"wp-block-heading text-title\">La Guinguette du Camping te invita a disfrutar de una comida gourmet en un ambiente sencillo y alegre.<\/h1>\n\n\n\n<p class=\"has-m-font-size\" style=\"padding-left:2rem\">Abierta toda la temporada, la Guinguette du Camping es el lugar ideal para una buena comida o una copa amistosa. Conocido por sus veladas de karaoke y sus conciertos al estilo de los a\u00f1os 80, combina un ambiente festivo con la relajaci\u00f3n a orillas del r\u00edo. <\/p>\n\n\n\n<p class=\"has-m-font-size\" style=\"padding-left:2rem\">En el plato, descubrir\u00e1s cocina casera, que combina sabores regionales con toques ex\u00f3ticos, preparada con pasi\u00f3n. Todo ello en un entorno agradable con vistas al r\u00edo Hers y a tiro de piedra del parque infantil, ideal para que los padres disfruten mientras sus hijos se divierten. <\/p>\n<\/div>\n\n\n\n<div class=\"wp-block-column is-vertically-aligned-center wp-block-image alignright size-large has-custom-border m-ti-image is-style-simple-right is-layout-flow wp-block-column-is-layout-flow is-style-simple-right--10\" style=\"flex-basis:60%\">\n<figure class=\"wp-block-image alignright size-large\"><img alt=\"\" decoding=\"async\" width=\"1024\" height=\"576\" src=\"https:\/\/www.vap-camping.fr\/wp-content\/uploads\/2025\/04\/bar-de-snack-1024x576.jpg\" alt=\"\" class=\"wp-image-4118\" srcset=\"https:\/\/www.vap-camping.fr\/wp-content\/uploads\/2025\/04\/bar-de-snack-1024x576.jpg 1024w, https:\/\/www.vap-camping.fr\/wp-content\/uploads\/2025\/04\/bar-de-snack-600x337.jpg 600w, https:\/\/www.vap-camping.fr\/wp-content\/uploads\/2025\/04\/bar-de-snack-768x432.jpg 768w, https:\/\/www.vap-camping.fr\/wp-content\/uploads\/2025\/04\/bar-de-snack-1536x863.jpg 1536w, https:\/\/www.vap-camping.fr\/wp-content\/uploads\/2025\/04\/bar-de-snack-2048x1151.jpg 2048w\" sizes=\"(max-width: 1024px) 100vw, 1024px\" \/><\/figure>\n<\/div>\n<\/div>\n<\/div>\n<\/div>\n\n\n\n<div class=\"wp-block-group rightLeft has-global-padding is-layout-constrained wp-block-group-is-layout-constrained\">\n<div class=\"wp-block-columns alignfull are-vertically-aligned-center m-ti is-layout-flex wp-container-core-columns-is-layout-0c0b91ec wp-block-columns-is-layout-flex\">\n<div class=\"wp-block-column is-vertically-aligned-center wp-block-image alignright size-large has-custom-border is-style-simple-left m-ti-image is-layout-flow wp-block-column-is-layout-flow is-style-simple-left--11\" style=\"flex-basis:60%\">\n<figure class=\"wp-block-image alignleft size-large\"><img alt=\"animation-au-camping\" decoding=\"async\" width=\"1024\" height=\"683\" src=\"https:\/\/www.vap-camping.fr\/wp-content\/uploads\/2025\/04\/image-2-1024x683.jpeg\" alt=\"\" class=\"wp-image-6100\" srcset=\"https:\/\/www.vap-camping.fr\/wp-content\/uploads\/2025\/04\/image-2-1024x683.jpeg 1024w, https:\/\/www.vap-camping.fr\/wp-content\/uploads\/2025\/04\/image-2-600x400.jpeg 600w, https:\/\/www.vap-camping.fr\/wp-content\/uploads\/2025\/04\/image-2-768x512.jpeg 768w, https:\/\/www.vap-camping.fr\/wp-content\/uploads\/2025\/04\/image-2.jpeg 1536w\" sizes=\"(max-width: 1024px) 100vw, 1024px\" \/><\/figure>\n<\/div>\n\n\n\n<div class=\"wp-block-column is-vertically-aligned-center m-ti-text is-layout-flow wp-container-core-column-is-layout-58dbe9e9 wp-block-column-is-layout-flow\" style=\"padding-left:10rem;flex-basis:65%\">\n<div class=\"wp-block-group is-style-title-left is-layout-flow wp-block-group-is-layout-flow is-style-title-left--12\">\n<p class=\"has-secondary-color has-text-color has-link-color has-secondary-font-family has-xl-font-size wp-elements-837e9322b960830464617d8f5460e862\">Nuestros eventos <\/p>\n\n\n\n<p class=\"has-primary-color has-text-color has-link-color has-primary-font-family has-sm-font-size wp-elements-4bfd35024d8baaf65be10476ac61a2ee\" style=\"text-transform:uppercase\"><strong>para este verano  <\/strong><\/p>\n<\/div>\n\n\n\n<h2 class=\"wp-block-heading text-title\"><strong>Actividades de verano en el camping La Bastide de Maz\u00e8res: animaciones para ni\u00f1os y padres (del 6 de julio al 28 de agosto).<\/strong><\/h2>\n\n\n\n<p class=\"has-m-font-size\" style=\"padding-left:2rem\">En el camping La Bastide de Maz\u00e8res, el verano consiste en reunirse y divertirse, en un ambiente familiar y acogedor. Todos los d\u00edas de julio y agosto (excepto los s\u00e1bados), te proponemos una serie de actividades sencillas pero muy eficaces para crear buenos recuerdos: una sesi\u00f3n de aquagym para ponerte en movimiento de buen humor, un bingo infantil que siempre es un \u00e9xito, una b\u00fasqueda del tesoro para lanzarse a la aventura con los amigos y una velada de karaoke para cantar (incluso desafinando) y re\u00edrse todos juntos. <\/p>\n\n\n\n<p class=\"has-m-font-size\" style=\"padding-left:2rem\">El programa sigue siendo accesible y variado, perfecto para unas vacaciones en familia en las que todos encuentren algo divertido que compartir, sin sentirse &#8220;obligados&#8221; a seguir una apretada agenda.<\/p>\n<\/div>\n<\/div>\n<\/div>\n\n\n\n<div class=\"wp-block-group leftRight has-global-padding is-layout-constrained wp-block-group-is-layout-constrained\">\n<div class=\"wp-block-columns alignfull are-vertically-aligned-center m-ti is-layout-flex wp-container-core-columns-is-layout-0c0b91ec wp-block-columns-is-layout-flex\">\n<div class=\"wp-block-column is-vertically-aligned-center m-ti-text is-layout-flow wp-container-core-column-is-layout-58dbe9e9 wp-block-column-is-layout-flow\" style=\"padding-left:10rem;flex-basis:65%\">\n<div class=\"wp-block-group is-style-title-left is-layout-flow wp-block-group-is-layout-flow is-style-title-left--13\">\n<p class=\"has-secondary-color has-text-color has-link-color has-secondary-font-family has-xl-font-size wp-elements-f671598218044fc852f3a7cea8f9da3b\">Qu\u00e9 hacer<\/p>\n\n\n\n<p class=\"has-primary-color has-text-color has-link-color has-primary-font-family has-sm-font-size wp-elements-5cf15abbece4296e13a86191be081db6\" style=\"text-transform:uppercase\"><strong>\u00bfCerca del camping?<\/strong><\/p>\n<\/div>\n\n\n\n<h2 class=\"wp-block-heading text-title\"><strong>El camping est\u00e1 idealmente situado para visitar los lugares imprescindibles cerca de Toulouse, en Occitanie, y el festival medieval en agosto.  <\/strong><\/h2>\n\n\n\n<p class=\"has-m-font-size\" style=\"padding-left:2rem\">Para los amantes de las aves, el Domaine des Oiseaux y sus senderos se\u00f1alizados est\u00e1n a s\u00f3lo 3 km del camping.  <\/p>\n\n\n\n<p class=\"has-m-font-size\" style=\"padding-left:2rem\">Los amantes de las emociones fuertes y las actividades al aire libre pueden aprovechar el circuito de canoas-kayak de nuestro socio, que desciende directamente desde el camping.<\/p>\n\n\n\n<p class=\"has-m-font-size\" style=\"padding-left:2rem\">Para familias o grupos de amigos, el mayor parque acu\u00e1tico de Occitanie, a s\u00f3lo 6 minutos del camping, promete horas de diversi\u00f3n y relajaci\u00f3n.<\/p>\n\n\n\n<p class=\"has-m-font-size\" style=\"padding-left:2rem\">\u00bfBuscas m\u00fasica y fiesta? No te pierdas el Festival Jazz Manouche y el festival medieval de Maz\u00e8res, dos citas ineludibles que marcan el ritmo del verano con su cordialidad y buen humor. <\/p>\n\n\n\n<p class=\"has-m-font-size\" style=\"padding-left:2rem\">Para los que buscan paz y tranquilidad, el Parque de los Bamb\u00faes es el lugar ideal para relajarse y aprovechar al m\u00e1ximo los magn\u00edficos paisajes del Ari\u00e8ge.<\/p>\n<\/div>\n\n\n\n<div class=\"wp-block-column is-vertically-aligned-center wp-block-image alignright size-large has-custom-border is-style-travel m-ti-image is-layout-flow wp-block-column-is-layout-flow is-style-travel--14\" style=\"flex-basis:60%\">\n<figure class=\"wp-block-image alignright size-large is-resized\"><img alt=\"\" decoding=\"async\" width=\"1024\" height=\"683\" src=\"https:\/\/www.vap-camping.fr\/wp-content\/uploads\/2025\/04\/jazz-manouch-1024x683.jpg\" alt=\"\" class=\"wp-image-4109\" style=\"width:784px;height:auto\" srcset=\"https:\/\/www.vap-camping.fr\/wp-content\/uploads\/2025\/04\/jazz-manouch-1024x683.jpg 1024w, https:\/\/www.vap-camping.fr\/wp-content\/uploads\/2025\/04\/jazz-manouch-600x400.jpg 600w, https:\/\/www.vap-camping.fr\/wp-content\/uploads\/2025\/04\/jazz-manouch-768x512.jpg 768w, https:\/\/www.vap-camping.fr\/wp-content\/uploads\/2025\/04\/jazz-manouch-1536x1024.jpg 1536w, https:\/\/www.vap-camping.fr\/wp-content\/uploads\/2025\/04\/jazz-manouch-2048x1365.jpg 2048w\" sizes=\"(max-width: 1024px) 100vw, 1024px\" \/><\/figure>\n<\/div>\n<\/div>\n<\/div>\n\n\n\n<div class=\"wp-block-group rightLeft has-global-padding is-layout-constrained wp-block-group-is-layout-constrained\">\n<div class=\"wp-block-columns alignfull are-vertically-aligned-center m-ti is-layout-flex wp-container-core-columns-is-layout-0c0b91ec wp-block-columns-is-layout-flex\">\n<div class=\"wp-block-column is-vertically-aligned-center wp-block-image alignright size-large has-custom-border is-style-simple-left m-ti-image is-layout-flow wp-block-column-is-layout-flow is-style-simple-left--15\" style=\"flex-basis:60%\">\n<figure class=\"wp-block-image alignleft size-large\"><img alt=\"\" decoding=\"async\" width=\"1024\" height=\"767\" src=\"https:\/\/www.vap-camping.fr\/wp-content\/uploads\/2025\/04\/dji_0584-1024x767.jpg\" alt=\"\" class=\"wp-image-5969\" srcset=\"https:\/\/www.vap-camping.fr\/wp-content\/uploads\/2025\/04\/dji_0584-1024x767.jpg 1024w, https:\/\/www.vap-camping.fr\/wp-content\/uploads\/2025\/04\/dji_0584-600x450.jpg 600w, https:\/\/www.vap-camping.fr\/wp-content\/uploads\/2025\/04\/dji_0584-768x575.jpg 768w, https:\/\/www.vap-camping.fr\/wp-content\/uploads\/2025\/04\/dji_0584-1536x1151.jpg 1536w, https:\/\/www.vap-camping.fr\/wp-content\/uploads\/2025\/04\/dji_0584-2048x1534.jpg 2048w\" sizes=\"(max-width: 1024px) 100vw, 1024px\" \/><\/figure>\n<\/div>\n\n\n\n<div class=\"wp-block-column is-vertically-aligned-center m-ti-text is-layout-flow wp-container-core-column-is-layout-58dbe9e9 wp-block-column-is-layout-flow\" style=\"padding-left:10rem;flex-basis:65%\">\n<div class=\"wp-block-group is-style-title-left is-layout-flow wp-block-group-is-layout-flow is-style-title-left--16\">\n<p class=\"has-secondary-color has-text-color has-link-color has-secondary-font-family has-xl-font-size wp-elements-133e288ee25f3c3322db597942733637\">El camping<\/p>\n\n\n\n<p class=\"has-primary-color has-text-color has-link-color has-primary-font-family has-sm-font-size wp-elements-3b32251673ea8acddb7f20f779790773\" style=\"text-transform:uppercase\"><strong><strong>ecorresponsable<\/strong><\/strong><\/p>\n<\/div>\n\n\n\n<h2 class=\"wp-block-heading text-title\">En nuestro camping, \u00a1cada gesto cuenta para preservar la naturaleza que nos rodea!<\/h2>\n\n\n\n<p class=\"has-m-font-size\" style=\"padding-left:2rem\">En el camping de Maz\u00e8res se realiza una clasificaci\u00f3n selectiva para limitar los residuos y fomentar el reciclaje. En cuanto a las instalaciones sanitarias, fomentamos el ahorro de agua con exprimidores en las duchas e inodoros de doble descarga (peque\u00f1os y grandes) para adaptar el consumo en funci\u00f3n de las necesidades. Por la noche, nuestros paseos siguen siendo agradables y seguros gracias a la iluminaci\u00f3n solar con detectores de movimiento, que es m\u00e1s respetuosa con el medio ambiente y consume menos energ\u00eda. Por \u00faltimo, para limitar la propagaci\u00f3n de las ondas de radio, el Wi-Fi est\u00e1 deliberadamente restringido a la recepci\u00f3n: el objetivo es promover la calma y la desconexi\u00f3n&#8230; Aqu\u00ed, respiramos, vamos m\u00e1s despacio y actuamos juntos para una estancia m\u00e1s sostenible.   <\/p>\n<\/div>\n<\/div>\n<\/div>\n\n\n\n<div class=\"wp-block-group alignwide is-style-title-simple has-global-padding is-layout-constrained wp-block-group-is-layout-constrained is-style-title-simple--17\" style=\"margin-top:4rem;margin-bottom:4rem\">\n<p class=\"has-text-align-center has-secondary-color has-text-color has-link-color has-secondary-font-family has-xl-font-size wp-elements-25171fb1a20d03f5caad4e2a46e53cd9\">Visitas y descubrimientos<\/p>\n\n\n\n<p class=\"has-text-align-center has-primary-font-family has-sm-font-size\" style=\"text-transform:uppercase\"><strong>CERCA DEL CAMPING<\/strong><\/p>\n<\/div>\n\n\n\n    <div class=\"journey-wrapper is-layout-flow wp-block-slider-taxo-is-layout-flow\">\n        <div class=\"journey-slides\">\n                            <div class=\"journey-slide\">\n                    <a href=\"https:\/\/www.vap-camping.fr\/es\/lieux\/camping-mazeres\/\" class=\"journey\" title=\"Maz\u00e8res\">\n                        <img decoding=\"async\" width=\"1200\" height=\"799\" src=\"https:\/\/www.vap-camping.fr\/wp-content\/uploads\/2025\/04\/domaine-des-oiseaux-mazeres.jpg\" class=\"attachment-6783 size-6783 wp-post-image\" alt=\"\" large=\"\" srcset=\"https:\/\/www.vap-camping.fr\/wp-content\/uploads\/2025\/04\/domaine-des-oiseaux-mazeres.jpg 1200w, https:\/\/www.vap-camping.fr\/wp-content\/uploads\/2025\/04\/domaine-des-oiseaux-mazeres-600x400.jpg 600w, https:\/\/www.vap-camping.fr\/wp-content\/uploads\/2025\/04\/domaine-des-oiseaux-mazeres-1024x682.jpg 1024w, https:\/\/www.vap-camping.fr\/wp-content\/uploads\/2025\/04\/domaine-des-oiseaux-mazeres-768x511.jpg 768w\" sizes=\"(max-width: 1200px) 100vw, 1200px\" \/>                        <p class=\"j-title\">\n                            Maz\u00e8res                        <\/p>\n                        <p class=\"j-more\">\n                            Descubre                        <\/p>\n                    <\/a>\n                <\/div>\n\n                            <div class=\"journey-slide\">\n                    <a href=\"https:\/\/www.vap-camping.fr\/es\/lieux\/camping-mirepoix\/\" class=\"journey\" title=\"Mirepoix\">\n                        <img decoding=\"async\" width=\"2133\" height=\"1346\" src=\"https:\/\/www.vap-camping.fr\/wp-content\/uploads\/2025\/04\/marche_mirepoix.jpg\" class=\"attachment-6775 size-6775 wp-post-image\" alt=\"le march\u00e9 du lundi de Mirepoix\" large=\"\" srcset=\"https:\/\/www.vap-camping.fr\/wp-content\/uploads\/2025\/04\/marche_mirepoix.jpg 2133w, https:\/\/www.vap-camping.fr\/wp-content\/uploads\/2025\/04\/marche_mirepoix-600x379.jpg 600w, https:\/\/www.vap-camping.fr\/wp-content\/uploads\/2025\/04\/marche_mirepoix-1024x646.jpg 1024w, https:\/\/www.vap-camping.fr\/wp-content\/uploads\/2025\/04\/marche_mirepoix-768x485.jpg 768w, https:\/\/www.vap-camping.fr\/wp-content\/uploads\/2025\/04\/marche_mirepoix-1536x969.jpg 1536w, https:\/\/www.vap-camping.fr\/wp-content\/uploads\/2025\/04\/marche_mirepoix-2048x1292.jpg 2048w\" sizes=\"(max-width: 2133px) 100vw, 2133px\" \/>                        <p class=\"j-title\">\n                            Mirepoix                        <\/p>\n                        <p class=\"j-more\">\n                            Descubre                        <\/p>\n                    <\/a>\n                <\/div>\n\n                            <div class=\"journey-slide\">\n                    <a href=\"https:\/\/www.vap-camping.fr\/es\/lieux\/belle-verte-accrobranche\/\" class=\"journey\" title=\"La Belle Verte accrobranche\">\n                        <img decoding=\"async\" width=\"1024\" height=\"700\" src=\"https:\/\/www.vap-camping.fr\/wp-content\/uploads\/2025\/05\/image-18.jpeg\" class=\"attachment-6658 size-6658 wp-post-image\" alt=\"\" large=\"\" srcset=\"https:\/\/www.vap-camping.fr\/wp-content\/uploads\/2025\/05\/image-18.jpeg 1024w, https:\/\/www.vap-camping.fr\/wp-content\/uploads\/2025\/05\/image-18-600x410.jpeg 600w, https:\/\/www.vap-camping.fr\/wp-content\/uploads\/2025\/05\/image-18-768x525.jpeg 768w\" sizes=\"(max-width: 1024px) 100vw, 1024px\" \/>                        <p class=\"j-title\">\n                            La Belle Verte accrobranche                        <\/p>\n                        <p class=\"j-more\">\n                            Descubre                        <\/p>\n                    <\/a>\n                <\/div>\n\n                            <div class=\"journey-slide\">\n                    <a href=\"https:\/\/www.vap-camping.fr\/es\/lieux\/domaine-des-oiseaux\/\" class=\"journey\" title=\"El Domaine des Oiseaux\">\n                        <img decoding=\"async\" width=\"1200\" height=\"799\" src=\"https:\/\/www.vap-camping.fr\/wp-content\/uploads\/2025\/04\/domaine-des-oiseaux-mazeres.jpg\" class=\"attachment-2777 size-2777 wp-post-image\" alt=\"\" large=\"\" srcset=\"https:\/\/www.vap-camping.fr\/wp-content\/uploads\/2025\/04\/domaine-des-oiseaux-mazeres.jpg 1200w, https:\/\/www.vap-camping.fr\/wp-content\/uploads\/2025\/04\/domaine-des-oiseaux-mazeres-600x400.jpg 600w, https:\/\/www.vap-camping.fr\/wp-content\/uploads\/2025\/04\/domaine-des-oiseaux-mazeres-1024x682.jpg 1024w, https:\/\/www.vap-camping.fr\/wp-content\/uploads\/2025\/04\/domaine-des-oiseaux-mazeres-768x511.jpg 768w\" sizes=\"(max-width: 1200px) 100vw, 1200px\" \/>                        <p class=\"j-title\">\n                            El Domaine des Oiseaux                        <\/p>\n                        <p class=\"j-more\">\n                            Descubre                        <\/p>\n                    <\/a>\n                <\/div>\n\n                            <div class=\"journey-slide\">\n                    <a href=\"https:\/\/www.vap-camping.fr\/es\/lieux\/velo-depuis-la-bastide\/\" class=\"journey\" title=\"En bici desde La Bastide\">\n                        <img decoding=\"async\" width=\"934\" height=\"523\" src=\"https:\/\/www.vap-camping.fr\/wp-content\/uploads\/2025\/08\/img_4728.jpeg\" class=\"attachment-3841 size-3841 wp-post-image\" alt=\"\" large=\"\" srcset=\"https:\/\/www.vap-camping.fr\/wp-content\/uploads\/2025\/08\/img_4728.jpeg 934w, https:\/\/www.vap-camping.fr\/wp-content\/uploads\/2025\/08\/img_4728-600x336.jpeg 600w, https:\/\/www.vap-camping.fr\/wp-content\/uploads\/2025\/08\/img_4728-768x430.jpeg 768w\" sizes=\"(max-width: 934px) 100vw, 934px\" \/>                        <p class=\"j-title\">\n                            En bici desde La Bastide                        <\/p>\n                        <p class=\"j-more\">\n                            Descubre                        <\/p>\n                    <\/a>\n                <\/div>\n\n                            <div class=\"journey-slide\">\n                    <a href=\"https:\/\/www.vap-camping.fr\/es\/lieux\/descente-en-canoe-sur-lhers-vif\/\" class=\"journey\" title=\"Descenso en canoa por el r\u00edo Hers-Vif\">\n                        <img decoding=\"async\" width=\"2560\" height=\"1707\" src=\"https:\/\/www.vap-camping.fr\/wp-content\/uploads\/2025\/05\/AdobeStock_8653486-scaled.jpeg\" class=\"attachment-3854 size-3854 wp-post-image\" alt=\"cano\u00eb kayak\" large=\"\" srcset=\"https:\/\/www.vap-camping.fr\/wp-content\/uploads\/2025\/05\/AdobeStock_8653486-scaled.jpeg 2560w, https:\/\/www.vap-camping.fr\/wp-content\/uploads\/2025\/05\/AdobeStock_8653486-600x400.jpeg 600w, https:\/\/www.vap-camping.fr\/wp-content\/uploads\/2025\/05\/AdobeStock_8653486-1024x683.jpeg 1024w, https:\/\/www.vap-camping.fr\/wp-content\/uploads\/2025\/05\/AdobeStock_8653486-768x512.jpeg 768w, https:\/\/www.vap-camping.fr\/wp-content\/uploads\/2025\/05\/AdobeStock_8653486-1536x1024.jpeg 1536w, https:\/\/www.vap-camping.fr\/wp-content\/uploads\/2025\/05\/AdobeStock_8653486-2048x1365.jpeg 2048w\" sizes=\"(max-width: 2560px) 100vw, 2560px\" \/>                        <p class=\"j-title\">\n                            Descenso en canoa por el r\u00edo Hers-Vif                        <\/p>\n                        <p class=\"j-more\">\n                            Descubre                        <\/p>\n                    <\/a>\n                <\/div>\n\n                            <div class=\"journey-slide\">\n                    <a href=\"https:\/\/www.vap-camping.fr\/es\/lieux\/saute-elastique-depuis-la-grotte-du-mas-dazil\/\" class=\"journey\" title=\"Puenting desde la cueva del Mas d&#8217;Azil\">\n                        <img decoding=\"async\" width=\"1500\" height=\"1125\" src=\"https:\/\/www.vap-camping.fr\/wp-content\/uploads\/2025\/09\/image.jpeg\" class=\"attachment-3870 size-3870 wp-post-image\" alt=\"saute \u00e9lastique\" large=\"\" srcset=\"https:\/\/www.vap-camping.fr\/wp-content\/uploads\/2025\/09\/image.jpeg 1500w, https:\/\/www.vap-camping.fr\/wp-content\/uploads\/2025\/09\/image-600x450.jpeg 600w, https:\/\/www.vap-camping.fr\/wp-content\/uploads\/2025\/09\/image-1024x768.jpeg 1024w, https:\/\/www.vap-camping.fr\/wp-content\/uploads\/2025\/09\/image-768x576.jpeg 768w\" sizes=\"(max-width: 1500px) 100vw, 1500px\" \/>                        <p class=\"j-title\">\n                            Puenting desde la cueva del Mas d&#8217;Azil                        <\/p>\n                        <p class=\"j-more\">\n                            Descubre                        <\/p>\n                    <\/a>\n                <\/div>\n\n                            <div class=\"journey-slide\">\n                    <a href=\"https:\/\/www.vap-camping.fr\/es\/lieux\/randonnee-a-mazeres\/\" class=\"journey\" title=\"Senderismo en Maz\u00e8res\">\n                        <img decoding=\"async\" width=\"2560\" height=\"1707\" src=\"https:\/\/www.vap-camping.fr\/wp-content\/uploads\/2025\/05\/AdobeStock_543667223-scaled.jpeg\" class=\"attachment-3882 size-3882 wp-post-image\" alt=\"\" large=\"\" srcset=\"https:\/\/www.vap-camping.fr\/wp-content\/uploads\/2025\/05\/AdobeStock_543667223-scaled.jpeg 2560w, https:\/\/www.vap-camping.fr\/wp-content\/uploads\/2025\/05\/AdobeStock_543667223-600x400.jpeg 600w, https:\/\/www.vap-camping.fr\/wp-content\/uploads\/2025\/05\/AdobeStock_543667223-1024x683.jpeg 1024w, https:\/\/www.vap-camping.fr\/wp-content\/uploads\/2025\/05\/AdobeStock_543667223-768x512.jpeg 768w, https:\/\/www.vap-camping.fr\/wp-content\/uploads\/2025\/05\/AdobeStock_543667223-1536x1024.jpeg 1536w, https:\/\/www.vap-camping.fr\/wp-content\/uploads\/2025\/05\/AdobeStock_543667223-2048x1365.jpeg 2048w\" sizes=\"(max-width: 2560px) 100vw, 2560px\" \/>                        <p class=\"j-title\">\n                            Senderismo en Maz\u00e8res                        <\/p>\n                        <p class=\"j-more\">\n                            Descubre                        <\/p>\n                    <\/a>\n                <\/div>\n\n                            <div class=\"journey-slide\">\n                    <a href=\"https:\/\/www.vap-camping.fr\/es\/lieux\/carmel-de-pamiers\/\" class=\"journey\" title=\"El Convento Carmelita de Pamiers\">\n                        <img decoding=\"async\" width=\"1200\" height=\"800\" src=\"https:\/\/www.vap-camping.fr\/wp-content\/uploads\/2025\/09\/image-1-1.jpeg\" class=\"attachment-3878 size-3878 wp-post-image\" alt=\"\" large=\"\" srcset=\"https:\/\/www.vap-camping.fr\/wp-content\/uploads\/2025\/09\/image-1-1.jpeg 1200w, https:\/\/www.vap-camping.fr\/wp-content\/uploads\/2025\/09\/image-1-1-600x400.jpeg 600w, https:\/\/www.vap-camping.fr\/wp-content\/uploads\/2025\/09\/image-1-1-1024x683.jpeg 1024w, https:\/\/www.vap-camping.fr\/wp-content\/uploads\/2025\/09\/image-1-1-768x512.jpeg 768w\" sizes=\"(max-width: 1200px) 100vw, 1200px\" \/>                        <p class=\"j-title\">\n                            El Convento Carmelita de Pamiers                        <\/p>\n                        <p class=\"j-more\">\n                            Descubre                        <\/p>\n                    <\/a>\n                <\/div>\n\n                            <div class=\"journey-slide\">\n                    <a href=\"https:\/\/www.vap-camping.fr\/es\/lieux\/musee-ardouin-mazeres\/\" class=\"journey\" title=\"Museo Ardouin (Maz\u00e8res)\">\n                        <img decoding=\"async\" width=\"997\" height=\"749\" src=\"https:\/\/www.vap-camping.fr\/wp-content\/uploads\/2025\/09\/image-4-1.jpeg\" class=\"attachment-3902 size-3902 wp-post-image\" alt=\"Mus\u00e9e Ardouin \u00e0 Maz\u00e8res en Ari\u00e8ge\" large=\"\" srcset=\"https:\/\/www.vap-camping.fr\/wp-content\/uploads\/2025\/09\/image-4-1.jpeg 997w, https:\/\/www.vap-camping.fr\/wp-content\/uploads\/2025\/09\/image-4-1-600x451.jpeg 600w, https:\/\/www.vap-camping.fr\/wp-content\/uploads\/2025\/09\/image-4-1-768x577.jpeg 768w\" sizes=\"(max-width: 997px) 100vw, 997px\" \/>                        <p class=\"j-title\">\n                            Museo Ardouin (Maz\u00e8res)                        <\/p>\n                        <p class=\"j-more\">\n                            Descubre                        <\/p>\n                    <\/a>\n                <\/div>\n\n                            <div class=\"journey-slide\">\n                    <a href=\"https:\/\/www.vap-camping.fr\/es\/lieux\/bastide-de-mazeres\/\" class=\"journey\" title=\"Bastide de Maz\u00e8res\">\n                        <img decoding=\"async\" width=\"436\" height=\"366\" src=\"https:\/\/www.vap-camping.fr\/wp-content\/uploads\/2025\/11\/image-2-1.jpeg\" class=\"attachment-6506 size-6506 wp-post-image\" alt=\"bastide de Maz\u00e8res\" large=\"\" \/>                        <p class=\"j-title\">\n                            Bastide de Maz\u00e8res                        <\/p>\n                        <p class=\"j-more\">\n                            Descubre                        <\/p>\n                    <\/a>\n                <\/div>\n\n                            <div class=\"journey-slide\">\n                    <a href=\"https:\/\/www.vap-camping.fr\/es\/lieux\/randonnee-a-la-domaine-des-oiseaux\/\" class=\"journey\" title=\"Randonn\u00e9e au domaine des oiseaux\">\n                        <img decoding=\"async\" width=\"1200\" height=\"799\" src=\"https:\/\/www.vap-camping.fr\/wp-content\/uploads\/2025\/04\/domaine-des-oiseaux-mazeres.jpg\" class=\"attachment-6317 size-6317 wp-post-image\" alt=\"\" large=\"\" srcset=\"https:\/\/www.vap-camping.fr\/wp-content\/uploads\/2025\/04\/domaine-des-oiseaux-mazeres.jpg 1200w, https:\/\/www.vap-camping.fr\/wp-content\/uploads\/2025\/04\/domaine-des-oiseaux-mazeres-600x400.jpg 600w, https:\/\/www.vap-camping.fr\/wp-content\/uploads\/2025\/04\/domaine-des-oiseaux-mazeres-1024x682.jpg 1024w, https:\/\/www.vap-camping.fr\/wp-content\/uploads\/2025\/04\/domaine-des-oiseaux-mazeres-768x511.jpg 768w\" sizes=\"(max-width: 1200px) 100vw, 1200px\" \/>                        <p class=\"j-title\">\n                            Randonn\u00e9e au domaine des oiseaux                        <\/p>\n                        <p class=\"j-more\">\n                            Descubre                        <\/p>\n                    <\/a>\n                <\/div>\n\n                            <div class=\"journey-slide\">\n                    <a href=\"https:\/\/www.vap-camping.fr\/es\/lieux\/boucle-calmont-aubouissous\/\" class=\"journey\" title=\"Bucle de Calmont-Aubouissous\">\n                        <img decoding=\"async\" width=\"1920\" height=\"769\" src=\"https:\/\/www.vap-camping.fr\/wp-content\/uploads\/2025\/08\/camping-pas-cher-ariege-1.webp\" class=\"attachment-6324 size-6324 wp-post-image\" alt=\"\" large=\"\" srcset=\"https:\/\/www.vap-camping.fr\/wp-content\/uploads\/2025\/08\/camping-pas-cher-ariege-1.webp 1920w, https:\/\/www.vap-camping.fr\/wp-content\/uploads\/2025\/08\/camping-pas-cher-ariege-1-600x240.webp 600w, https:\/\/www.vap-camping.fr\/wp-content\/uploads\/2025\/08\/camping-pas-cher-ariege-1-1024x410.webp 1024w, https:\/\/www.vap-camping.fr\/wp-content\/uploads\/2025\/08\/camping-pas-cher-ariege-1-768x308.webp 768w, https:\/\/www.vap-camping.fr\/wp-content\/uploads\/2025\/08\/camping-pas-cher-ariege-1-1536x615.webp 1536w\" sizes=\"(max-width: 1920px) 100vw, 1920px\" \/>                        <p class=\"j-title\">\n                            Bucle de Calmont-Aubouissous                        <\/p>\n                        <p class=\"j-more\">\n                            Descubre                        <\/p>\n                    <\/a>\n                <\/div>\n\n                            <div class=\"journey-slide\">\n                    <a href=\"https:\/\/www.vap-camping.fr\/es\/lieux\/tour-du-bois-du-baous\/\" class=\"journey\" title=\"Recorrido por el Bois du Baous\">\n                                                <p class=\"j-title\">\n                            Recorrido por el Bois du Baous                        <\/p>\n                        <p class=\"j-more\">\n                            Descubre                        <\/p>\n                    <\/a>\n                <\/div>\n\n                            <div class=\"journey-slide\">\n                    <a href=\"https:\/\/www.vap-camping.fr\/es\/lieux\/coteaux-de-pamiers-et-rives\/\" class=\"journey\" title=\"Rives et Coteaux de Pamiers\">\n                        <img decoding=\"async\" width=\"1600\" height=\"1200\" src=\"https:\/\/www.vap-camping.fr\/wp-content\/uploads\/2025\/11\/image-1-2.jpeg\" class=\"attachment-6518 size-6518 wp-post-image\" alt=\"\" large=\"\" srcset=\"https:\/\/www.vap-camping.fr\/wp-content\/uploads\/2025\/11\/image-1-2.jpeg 1600w, https:\/\/www.vap-camping.fr\/wp-content\/uploads\/2025\/11\/image-1-2-600x450.jpeg 600w, https:\/\/www.vap-camping.fr\/wp-content\/uploads\/2025\/11\/image-1-2-1024x768.jpeg 1024w, https:\/\/www.vap-camping.fr\/wp-content\/uploads\/2025\/11\/image-1-2-768x576.jpeg 768w, https:\/\/www.vap-camping.fr\/wp-content\/uploads\/2025\/11\/image-1-2-1536x1152.jpeg 1536w\" sizes=\"(max-width: 1600px) 100vw, 1600px\" \/>                        <p class=\"j-title\">\n                            Rives et Coteaux de Pamiers                        <\/p>\n                        <p class=\"j-more\">\n                            Descubre                        <\/p>\n                    <\/a>\n                <\/div>\n\n                            <div class=\"journey-slide\">\n                    <a href=\"https:\/\/www.vap-camping.fr\/es\/lieux\/boucle-mazeres-calmont-en-velo\/\" class=\"journey\" title=\"Ruta ciclista Maz\u00e8res &#8211; Calmont\">\n                        <img decoding=\"async\" width=\"934\" height=\"523\" src=\"https:\/\/www.vap-camping.fr\/wp-content\/uploads\/2025\/08\/img_4728.jpeg\" class=\"attachment-6392 size-6392 wp-post-image\" alt=\"\" large=\"\" srcset=\"https:\/\/www.vap-camping.fr\/wp-content\/uploads\/2025\/08\/img_4728.jpeg 934w, https:\/\/www.vap-camping.fr\/wp-content\/uploads\/2025\/08\/img_4728-600x336.jpeg 600w, https:\/\/www.vap-camping.fr\/wp-content\/uploads\/2025\/08\/img_4728-768x430.jpeg 768w\" sizes=\"(max-width: 934px) 100vw, 934px\" \/>                        <p class=\"j-title\">\n                            Ruta ciclista Maz\u00e8res &#8211; Calmont                        <\/p>\n                        <p class=\"j-more\">\n                            Descubre                        <\/p>\n                    <\/a>\n                <\/div>\n\n                            <div class=\"journey-slide\">\n                    <a href=\"https:\/\/www.vap-camping.fr\/es\/lieux\/naturokayarc-lapenne\/\" class=\"journey\" title=\"Tiro con arco o kayak en Lapenne\">\n                        <img decoding=\"async\" width=\"283\" height=\"315\" src=\"https:\/\/www.vap-camping.fr\/wp-content\/uploads\/2025\/12\/image-19.jpeg\" class=\"attachment-6295 size-6295 wp-post-image\" alt=\"\" large=\"\" \/>                        <p class=\"j-title\">\n                            Tiro con arco o kayak en Lapenne                        <\/p>\n                        <p class=\"j-more\">\n                            Descubre                        <\/p>\n                    <\/a>\n                <\/div>\n\n                            <div class=\"journey-slide\">\n                    <a href=\"https:\/\/www.vap-camping.fr\/es\/lieux\/gouffre-canyons-au-vernet\/\" class=\"journey\" title=\"Abismo y ca\u00f1ones en Le Vernet\">\n                        <img decoding=\"async\" width=\"640\" height=\"480\" src=\"https:\/\/www.vap-camping.fr\/wp-content\/uploads\/2025\/12\/image-21.jpeg\" class=\"attachment-6306 size-6306 wp-post-image\" alt=\"\" large=\"\" srcset=\"https:\/\/www.vap-camping.fr\/wp-content\/uploads\/2025\/12\/image-21.jpeg 640w, https:\/\/www.vap-camping.fr\/wp-content\/uploads\/2025\/12\/image-21-600x450.jpeg 600w\" sizes=\"(max-width: 640px) 100vw, 640px\" \/>                        <p class=\"j-title\">\n                            Abismo y ca\u00f1ones en Le Vernet                        <\/p>\n                        <p class=\"j-more\">\n                            Descubre                        <\/p>\n                    <\/a>\n                <\/div>\n\n                    <\/div>\n        <div class=\"journey-buttons\">\n            <button class=\"j-prev\">ARR<\/button>\n            <button class=\"j-next\">AV<\/button>\n        <\/div>\n    <\/div>\n\n\n\n\n\n<div class=\"wp-block-group has-global-padding is-layout-constrained wp-block-group-is-layout-constrained\">\n<div class=\"wp-block-group alignwide is-style-title-simple is-layout-flow wp-block-group-is-layout-flow is-style-title-simple--18\" style=\"margin-top:4rem;margin-bottom:4rem\">\n<p class=\"has-text-align-center has-secondary-color has-text-color has-link-color has-secondary-font-family has-xl-font-size wp-elements-48b9b13635620c22724f6a4434859e19\">Descubre<\/p>\n\n\n\n<p class=\"has-text-align-center has-primary-font-family has-sm-font-size\" style=\"text-transform:uppercase\"><strong>nuestros otros establecimientos<\/strong><\/p>\n<\/div>\n\n\n<div class=\"campings-wrapper is-layout-flow wp-block-slider-campings-is-layout-flow\">\n            <div class=\"campings-list\">\n                            <div class=\"camping-item\"\n                    style=\"background-image: linear-gradient(to top, rgba(0, 0, 0, 0.6), transparent), url('https:\/\/www.vap-camping.fr\/wp-content\/uploads\/2025\/04\/camping-avec-piscine-1024x767.jpg');\">\n                    <a href=\"https:\/\/www.vap-camping.fr\/es\/campings\/camping-du-lac\/\" title=\"Camping du lac(Foix)\" class=\"camping-link\">\n                        <p class=\"title\">Camping du lac(Foix)<\/p>\n                        <p class=\"camping-button\">Descubre<\/p>\n                    <\/a>\n                <\/div>\n                            <div class=\"camping-item\"\n                    style=\"background-image: linear-gradient(to top, rgba(0, 0, 0, 0.6), transparent), url('https:\/\/www.vap-camping.fr\/wp-content\/uploads\/2025\/04\/dsc03930-1024x500.jpg');\">\n                    <a href=\"https:\/\/www.vap-camping.fr\/es\/campings\/camping-le-rupe\/\" title=\"Camping le Rup\u00e9(Toulouse)\" class=\"camping-link\">\n                        <p class=\"title\">Camping le Rup\u00e9(Toulouse)<\/p>\n                        <p class=\"camping-button\">Descubre<\/p>\n                    <\/a>\n                <\/div>\n                            <div class=\"camping-item\"\n                    style=\"background-image: linear-gradient(to top, rgba(0, 0, 0, 0.6), transparent), url('https:\/\/www.vap-camping.fr\/wp-content\/uploads\/2025\/04\/img_5291-1024x768-1.jpg');\">\n                    <a href=\"https:\/\/www.vap-camping.fr\/es\/campings\/oustalous-complex\/\" title=\"Complejo Les Oustalous\" class=\"camping-link\">\n                        <p class=\"title\">Complejo Les Oustalous<\/p>\n                        <p class=\"camping-button\">Descubre<\/p>\n                    <\/a>\n                <\/div>\n                            <div class=\"camping-item\"\n                    style=\"background-image: linear-gradient(to top, rgba(0, 0, 0, 0.6), transparent), url('https:\/\/www.vap-camping.fr\/wp-content\/uploads\/2025\/04\/4479-1024x461.jpeg');\">\n                    <a href=\"https:\/\/www.vap-camping.fr\/es\/campings\/camping-le-bourdieu\/\" title=\"Camping Le Bourdieu\" class=\"camping-link\">\n                        <p class=\"title\">Camping Le Bourdieu<\/p>\n                        <p class=\"camping-button\">Descubre<\/p>\n                    <\/a>\n                <\/div>\n                    <\/div>\n    <\/div>\n\n<\/div>\n\n\n\n<div class=\"wp-block-group reveal has-global-padding is-layout-constrained wp-block-group-is-layout-constrained\">\n<div class=\"wp-block-columns alignfull are-vertically-aligned-center is-faq-wrapper is-layout-flex wp-container-core-columns-is-layout-28f84493 wp-block-columns-is-layout-flex\">\n<div class=\"wp-block-column is-vertically-aligned-center is-layout-flow wp-block-column-is-layout-flow\" style=\"flex-basis:33.33%\">\n<div class=\"wp-block-group is-faq is-layout-flow wp-block-group-is-layout-flow has-background\" style=\"border-radius:100%;background-image:url(&#039;https:\/\/www.vap-camping.fr\/wp-content\/themes\/vap\/assets\/img\/faq.jpg&#039;);background-position:73% 47%;background-size:cover;\"><\/div>\n<\/div>\n\n\n\n<div class=\"wp-block-column is-vertically-aligned-center is-layout-flow wp-block-column-is-layout-flow\" style=\"flex-basis:66.66%\">\n<div class=\"wp-block-group is-style-title-left is-layout-flow wp-block-group-is-layout-flow is-style-title-left--19\">\n<p class=\"has-secondary-color has-text-color has-link-color has-secondary-font-family has-xl-font-size wp-elements-d035b0ac7d06702f4e9077486b33eaf4\">Preguntas m\u00e1s frecuentes<\/p>\n\n\n\n<p class=\"has-primary-color has-text-color has-link-color has-primary-font-family has-sm-font-size wp-elements-46a28a8c6e34929d1c58ee215f7a497d\" style=\"text-transform:uppercase\"><strong>\u00bfQuieres saber m\u00e1s?<\/strong><\/p>\n<\/div>\n\n\n\n<div class=\"wp-block-group has-global-padding is-layout-constrained wp-block-group-is-layout-constrained\">\n<div class=\"pfq\">\n  \n  \n  <nav class=\"pfq__themes\">\n    <h2>Th\u00e9matiques<\/h2>\n    <ul>\n      \n        <li class=\"pfq__theme active\" data-pfq-group=\"group-0\">\n          <a href=\"#\">Preguntas m\u00e1s frecuentes<\/a>\n        <\/li>\n\n          <\/ul>\n  <\/nav>\n\n  <div class=\"pfq__questions\">\n    \n      <div class=\"pfq__questions__group visible\" data-pfq-group=\"group-0\">\n\n        <h3>Preguntas m\u00e1s frecuentes<\/h3>\n\n        \n          <div class=\"pfq__question\"  >\n            <h4 class=\"pfq__question__title\">\u00bfQu\u00e9 tipo de cafetera hay en los alquileres?<\/h4>\n            <div class=\"pfq__answer\"><p><span style=\"font-weight: 400;\">La mayor\u00eda de los alquileres est\u00e1n equipados con cafeteras de filtro, pero algunos tambi\u00e9n tienen cafeteras Senseo.<\/span><\/p>\n<\/div>\n          <\/div>\n\n        \n          <div class=\"pfq__question\"  >\n            <h4 class=\"pfq__question__title\">\u00bfSe proporcionan s\u00e1banas en los alquileres?<\/h4>\n            <div class=\"pfq__answer\"><p><span style=\"font-weight: 400;\">No se proporciona ropa de cama. Sin embargo, puedes alquilarlas por un suplemento, previa reserva.   <\/span><\/p>\n<\/div>\n          <\/div>\n\n        \n          <div class=\"pfq__question\"  >\n            <h4 class=\"pfq__question__title\">\u00bfCu\u00e1les son los horarios de llegada y salida?<\/h4>\n            <div class=\"pfq__answer\"><p><span style=\"font-weight: 400;\">Las llegadas son a partir de las 16 h y las salidas antes de las 10 h.<\/span><\/p>\n<\/div>\n          <\/div>\n\n        \n          <div class=\"pfq__question\"  >\n            <h4 class=\"pfq__question__title\">\u00bfC\u00f3mo funcionan las llegadas tard\u00edas?<\/h4>\n            <div class=\"pfq__answer\"><p><span style=\"font-weight: 400;\">Puedes llegar hasta las 22 h, aunque la recepci\u00f3n est\u00e9 cerrada. Un miembro del personal estar\u00e1 de servicio para ayudarte. Despu\u00e9s de las 22 h, se te explicar\u00e1 c\u00f3mo hacer el auto check-in.  <\/span><\/p>\n<\/div>\n          <\/div>\n\n        \n          <div class=\"pfq__question\"  >\n            <h4 class=\"pfq__question__title\">\u00bfLa piscina est\u00e1 climatizada?<\/h4>\n            <div class=\"pfq__answer\"><p><span style=\"font-weight: 400;\">No, la piscina est\u00e1 a una temperatura natural.<\/span><\/p>\n<\/div>\n          <\/div>\n\n        \n          <div class=\"pfq__question\"  >\n            <h4 class=\"pfq__question__title\">\u00bfOfrec\u00e9is alg\u00fan tipo de entretenimiento en el camping?<\/h4>\n            <div class=\"pfq__answer\"><p><span style=\"font-weight: 400;\">S\u00ed, organizamos animaciones todos los d\u00edas en temporada alta (julio-agosto), excepto el s\u00e1bado, d\u00eda de llegada.<\/span><\/p>\n<\/div>\n          <\/div>\n\n        \n          <div class=\"pfq__question\"  >\n            <h4 class=\"pfq__question__title\">\u00bfEl camping est\u00e1 cerca de tiendas?<\/h4>\n            <div class=\"pfq__answer\"><p><span style=\"font-weight: 400;\">S\u00ed, estamos cerca de tiendas y restaurantes.  <\/span><\/p>\n<\/div>\n          <\/div>\n\n        \n          <div class=\"pfq__question\"  >\n            <h4 class=\"pfq__question__title\">\u00bfEl camping est\u00e1 cerca de la estaci\u00f3n?  <\/h4>\n            <div class=\"pfq__answer\"><p><span style=\"font-weight: 400;\">No, la estaci\u00f3n de tren m\u00e1s cercana est\u00e1 en Saverdun, a 10 km del camping.  <\/span><\/p>\n<\/div>\n          <\/div>\n\n        \n          <div class=\"pfq__question\"  >\n            <h4 class=\"pfq__question__title\">\u00bfAceptas animales?<\/h4>\n            <div class=\"pfq__answer\"><p><span style=\"font-weight: 400;\">Aceptamos animales (excepto los de categor\u00eda A) con certificado de vacunaci\u00f3n.<\/span><\/p>\n<\/div>\n          <\/div>\n\n        \n          <div class=\"pfq__question\"  >\n            <h4 class=\"pfq__question__title\">\u00bfHasta qu\u00e9 hora podemos hacer ruido?<\/h4>\n            <div class=\"pfq__answer\"><p><span style=\"font-weight: 400;\">Para respetar la paz y la tranquilidad de todos, los niveles de ruido deben mantenerse al m\u00ednimo despu\u00e9s de las 22.30 h.<\/span><\/p>\n<\/div>\n          <\/div>\n\n        \n      <\/div>\n\n    \n  <\/div>\n<\/div>\n<\/div>\n<\/div>\n<\/div>\n<\/div>\n\n\n\n<div class=\"wp-block-group btn-resa has-background has-global-padding is-layout-constrained wp-block-group-is-layout-constrained\" style=\"background:linear-gradient(0deg,rgba(255,255,255,0.74) 0%,rgba(255,255,255,0) 100%)\">\n<div class=\"wp-block-buttons is-content-justification-center is-layout-flex wp-container-core-buttons-is-layout-a89b3969 wp-block-buttons-is-layout-flex\">\n<div class=\"wp-block-button\"><a class=\"wp-block-button__link wp-element-button\" href=\"https:\/\/reservation.secureholiday.net\/group\/fr\/108\/search\/estab-view\/13776\/products\" target=\"_blank\" rel=\"noreferrer noopener\">reserva tu estancia<\/a><\/div>\n<\/div>\n<\/div>\n<\/div>\n","protected":false},"excerpt":{"rendered":"<p>Camping &#8211; Ari\u00e8ge &#8211; Maz\u00e8res Bienvenido EN EL CAMPING FAMILIAR DE MAZ\u00c8RES A orillas del r\u00edo Hers, el camping La Bastide te da la bienvenida a un entorno tranquilo y relajante. Nuestro camping de 3 estrellas, con 110 parcelas, 62 de ellas de alquiler y 48 descubiertas, es ideal para unas vacaciones familiares con hijos [&hellip;]<\/p>\n","protected":false},"featured_media":2879,"parent":0,"template":"","format":"standard","meta":{"_acf_changed":false,"_seopress_robots_primary_cat":"","_seopress_titles_title":"Camping Maz\u00e8res | Camping La Bastide 3 \u00e9toiles en Ari\u00e8ge","_seopress_titles_desc":"Au bord de la rivi\u00e8re Hers, le Camping La Bastide \u00e0 Maz\u00e8res vous offre nature, d\u00e9tente et d\u00e9couverte de l\u2019Ari\u00e8ge, \u00e0 deux pas de Toulouse.","_seopress_robots_index":"","ouverture":"Del 1 de abril al 1 de octubre","nombre_de_locations":"62 Alquileres","nombre_demplacements":"48 parcelas desnudas","adresse":"Camino de la playa 09270 Maz\u00e8res","numero_de_telephone":"0561651158","email":"contact@vap-campings.fr","url_du_site":"p\u00e1gina web","footnotes":""},"class_list":["post-2503","campings","type-campings","status-publish","format-standard","has-post-thumbnail","hentry"],"acf":{"latitude":"43.2493673","longitude":"1.6806113","ouverture":"Del 1 de abril al 1 de octubre","nombre_de_locations":"62 Alquileres","nombre_demplacements":"48 parcelas desnudas","adresse":"Camino de la playa 09270 Maz\u00e8res","numero_de_telephone":"0561651158","email":"contact@vap-campings.fr","url_du_site":"p\u00e1gina web","stars":3,"services":[{"label":"Piscina (no climatizada)","icon":3050},{"label":"Restaurante\/Bar","icon":3049},{"label":"Wifi","icon":3048},{"label":"Se admiten mascotas","icon":3051},{"label":"Entretenimiento estacional","icon":3046},{"label":"Juegos infantiles","icon":3043},{"label":"Tienda de recuerdos","icon":2573}]},"_links":{"self":[{"href":"https:\/\/www.vap-camping.fr\/es\/wp-json\/wp\/v2\/campings\/2503","targetHints":{"allow":["GET"]}}],"collection":[{"href":"https:\/\/www.vap-camping.fr\/es\/wp-json\/wp\/v2\/campings"}],"about":[{"href":"https:\/\/www.vap-camping.fr\/es\/wp-json\/wp\/v2\/types\/campings"}],"version-history":[{"count":16,"href":"https:\/\/www.vap-camping.fr\/es\/wp-json\/wp\/v2\/campings\/2503\/revisions"}],"predecessor-version":[{"id":8521,"href":"https:\/\/www.vap-camping.fr\/es\/wp-json\/wp\/v2\/campings\/2503\/revisions\/8521"}],"wp:featuredmedia":[{"embeddable":true,"href":"https:\/\/www.vap-camping.fr\/es\/wp-json\/wp\/v2\/media\/2879"}],"wp:attachment":[{"href":"https:\/\/www.vap-camping.fr\/es\/wp-json\/wp\/v2\/media?parent=2503"}],"curies":[{"name":"wp","href":"https:\/\/api.w.org\/{rel}","templated":true}]}}