{"id":2548,"date":"2025-04-18T15:03:52","date_gmt":"2025-04-18T15:03:52","guid":{"rendered":"https:\/\/www.vap-camping.fr\/campings\/camping-le-bourdieu\/"},"modified":"2026-02-26T09:22:04","modified_gmt":"2026-02-26T09:22:04","slug":"camping-le-bourdieu","status":"publish","type":"campings","link":"https:\/\/www.vap-camping.fr\/es\/campings\/camping-le-bourdieu\/","title":{"rendered":"Camping Le Bourdieu"},"content":{"rendered":"\n<div class=\"wp-block-group alignfull is-layout-flow wp-container-core-group-is-layout-8af317cd wp-block-group-is-layout-flow\">\n<div class=\"wp-block-group hero-camp fromOpacity is-layout-flow wp-block-group-is-layout-flow\" style=\"margin-bottom:20rem\">\n<div class=\"wp-block-group alignfull hero-img is-layout-flow wp-block-group-is-layout-flow\">\n<figure class=\"wp-block-image size-full\"><img alt=\"\" decoding=\"async\" width=\"2560\" height=\"1440\" src=\"https:\/\/www.vap-camping.fr\/wp-content\/uploads\/2025\/04\/img_1952-scaled.jpeg\" alt=\"\" class=\"wp-image-2145\" srcset=\"https:\/\/www.vap-camping.fr\/wp-content\/uploads\/2025\/04\/img_1952-scaled.jpeg 2560w, https:\/\/www.vap-camping.fr\/wp-content\/uploads\/2025\/04\/img_1952-600x338.jpeg 600w, https:\/\/www.vap-camping.fr\/wp-content\/uploads\/2025\/04\/img_1952-1024x576.jpeg 1024w, https:\/\/www.vap-camping.fr\/wp-content\/uploads\/2025\/04\/img_1952-768x432.jpeg 768w, https:\/\/www.vap-camping.fr\/wp-content\/uploads\/2025\/04\/img_1952-1536x864.jpeg 1536w, https:\/\/www.vap-camping.fr\/wp-content\/uploads\/2025\/04\/img_1952-2048x1152.jpeg 2048w\" sizes=\"(max-width: 2560px) 100vw, 2560px\" \/><\/figure>\n<\/div>\n\n\n\n<div class=\"wp-block-group hero-desc has-secondary-background-color has-background is-layout-flow wp-block-group-is-layout-flow\" style=\"border-top-right-radius:90px;border-bottom-right-radius:90px;padding-top:2rem;padding-bottom:2rem;padding-left:5rem\"><h1 style=\"font-size:clamp(3.037rem, 3.037rem + ((1vw - 0.2rem) * 4.018), 6rem);\" class=\"has-link-color wp-elements-971196805a816ee349c8ae4f34a1c7a7 wp-block-post-title has-text-color has-white-color has-secondary-font-family\">Camping Le Bourdieu<\/h1>\n\n\n<div class=\"wp-block-group is-nowrap is-layout-flex wp-container-core-group-is-layout-3b4e9d3e wp-block-group-is-layout-flex\">\n<p class=\"has-white-color has-text-color has-link-color has-sm-font-size wp-elements-bbc414b3a62a48695e6a2fa4b663a8b5\" style=\"font-style:normal;font-weight:500;text-transform:uppercase\">Camping  <\/p>\n\n\n\n<figure class=\"wp-block-image size-full\"><img alt=\"\" decoding=\"async\" src=\"https:\/\/www.vap-camping.fr\/wp-content\/themes\/vap\/assets\/img\/svg\/star-white.svg\" alt=\"\" class=\"wp-image-657\"\/><\/figure>\n\n\n\n<figure class=\"wp-block-image size-full\"><img alt=\"\" decoding=\"async\" src=\"https:\/\/www.vap-camping.fr\/wp-content\/themes\/vap\/assets\/img\/svg\/star-white.svg\" alt=\"\" class=\"wp-image-657\"\/><\/figure>\n\n\n\n<figure class=\"wp-block-image size-full\"><img alt=\"\" decoding=\"async\" src=\"https:\/\/www.vap-camping.fr\/wp-content\/themes\/vap\/assets\/img\/svg\/star-white.svg\" alt=\"\" class=\"wp-image-657\"\/><\/figure>\n\n\n\n<p class=\"has-white-color has-text-color has-link-color has-sm-font-size wp-elements-edd5816ba874f4709e21643291f68b7d\" style=\"font-style:normal;font-weight:500;text-transform:uppercase\">&#8211; Ari\u00e8ge &#8211; Durfort<\/p>\n<\/div>\n<\/div>\n<\/div>\n\n\n\n<div class=\"wp-block-group has-global-padding is-layout-constrained wp-container-core-group-is-layout-4f9f0532 wp-block-group-is-layout-constrained\">\n<div class=\"wp-block-columns are-vertically-aligned-top m-ti is-layout-flex wp-container-core-columns-is-layout-c4788e2e wp-block-columns-is-layout-flex\">\n<div class=\"wp-block-column is-vertically-aligned-top m-ti-text-camp has-primary-color has-text-color has-link-color wp-elements-0f57071faa376e030d9a390aa416a203 is-layout-flow wp-container-core-column-is-layout-58dbe9e9 wp-block-column-is-layout-flow\" style=\"padding-left:10rem;flex-basis:60%\">\n<div class=\"wp-block-group is-style-title-left leftRight is-layout-flow wp-block-group-is-layout-flow is-style-title-left--1\">\n<p class=\"has-secondary-color has-text-color has-link-color has-secondary-font-family has-xl-font-size wp-elements-0105c358d15782ec8db07d1822d49155\">\n  Bienvenido<\/p>\n\n\n\n<p class=\"has-primary-color has-text-color has-link-color has-primary-font-family has-sm-font-size wp-elements-dece3cff87ef883728088465f8a9edc5\" style=\"text-transform:uppercase\"><strong>Camping Le Bourdieu en Ari\u00e8ge<\/strong><\/p>\n<\/div>\n\n\n\n<h1 class=\"wp-block-heading text-title\">En el coraz\u00f3n del valle de L\u00e8ze, \u00a1disfruta de un entorno verde y familiar para unas vacaciones tranquilas y acogedoras en Ari\u00e8ge!<\/h1>\n\n\n\n<p class=\"has-link-color has-m-font-size wp-elements-b4815a578a27460b07a1986e82a99d50\" style=\"padding-left:2rem\">Al borde del valle de L\u00e8ze, la familia Secco te da la bienvenida en un ambiente familiar y acogedor, ideal para relajarse y disfrutar del tiempo con los amigos y la familia. Aqu\u00ed, todos los visitantes se sienten como en casa, y muchos vuelven a\u00f1o tras a\u00f1o, creando verdaderos v\u00ednculos con nuestro equipo y los dem\u00e1s veraneantes.   <\/p>\n\n\n\n<p class=\"has-m-font-size\" style=\"padding-left:2rem\">Si te gusta el senderismo, hacer turismo, visitar cuevas naturales o simplemente relajarte y desconectar, nuestro camping te ofrece un entorno tranquilo en el que aprovechar al m\u00e1ximo la naturaleza que te rodea.<\/p>\n\n\n\n<p class=\"has-link-color has-m-font-size wp-elements-3ef32fce29248631fb8019dd7122fcf0\" style=\"padding-left:2rem\">Aprovecha el excepcional entorno natural y las actividades cercanas para pasar un buen rato con la familia y los amigos en nuestro <strong><a href=\"https:\/\/www.vap-camping.fr\/es\/\" data-type=\"page\" data-id=\"128\">camping en Ari\u00e8ge<\/a><\/strong>.<\/p>\n<\/div>\n\n\n\n<div class=\"wp-block-column is-vertically-aligned-top wp-block-image alignright size-large has-custom-border camping-info-desc m-ti-text is-layout-flow wp-block-column-is-layout-flow\" style=\"flex-basis:40%\">\n<div class=\"wp-block-group animBase is-vertical is-content-justification-stretch is-layout-flex wp-container-core-group-is-layout-353c4f5a wp-block-group-is-layout-flex\">\n<div class=\"wp-block-group is-style-title-splash is-layout-flow wp-block-group-is-layout-flow is-style-title-splash--2\" style=\"margin-bottom:4rem\">\n<p class=\"has-secondary-color has-text-color has-link-color has-secondary-font-family wp-elements-263f33a5c57dbcb1a72d7055c3258c5a\" style=\"font-size:clamp(3.195rem, 3.195rem + ((1vw - 0.2rem) * 4.346), 6.4rem);\">Informaci\u00f3n general<\/p>\n<\/div>\n\n\n\n<div class=\"wp-block-group has-grey-background-color has-background animItem is-nowrap is-layout-flex wp-container-core-group-is-layout-f89dbd13 wp-block-group-is-layout-flex\" style=\"border-top-right-radius:40px;border-bottom-right-radius:40px;padding-top:2rem;padding-right:1rem;padding-bottom:2rem;padding-left:3rem\">\n<figure class=\"wp-block-image size-full\"><img decoding=\"async\" src=\"https:\/\/www.vap-camping.fr\/wp-content\/themes\/vap\/assets\/img\/svg\/calendar.svg\" alt=\"Campings VAP\" class=\"wp-image-430\"\/><\/figure>\n\n\n<p style=\"font-style:normal;font-weight:500\">Abierto todo el a\u00f1o<\/p><\/div>\n\n\n\n<div class=\"wp-block-group animItem is-content-justification-left is-nowrap is-layout-flex wp-container-core-group-is-layout-82550dec wp-block-group-is-layout-flex\" style=\"padding-top:2rem;padding-right:1rem;padding-bottom:2rem;padding-left:3rem\">\n<figure class=\"wp-block-image size-full\"><img decoding=\"async\" src=\"https:\/\/www.vap-camping.fr\/wp-content\/themes\/vap\/assets\/img\/svg\/house-chimney-window.svg\" alt=\"Campings VAP\" class=\"wp-image-433\"\/><\/figure>\n\n\n<p style=\"font-style:normal;font-weight:500\">42 alquileres<\/p><\/div>\n\n\n\n<div class=\"wp-block-group has-grey-background-color has-background animItem is-content-justification-left is-nowrap is-layout-flex wp-container-core-group-is-layout-82550dec wp-block-group-is-layout-flex\" style=\"border-top-right-radius:40px;border-bottom-right-radius:40px;padding-top:2rem;padding-right:1rem;padding-bottom:2rem;padding-left:3rem\">\n<figure class=\"wp-block-image size-full\"><img decoding=\"async\" src=\"https:\/\/www.vap-camping.fr\/wp-content\/themes\/vap\/assets\/img\/svg\/caravan-simple.svg\" alt=\"Campings VAP\" class=\"wp-image-435\"\/><\/figure>\n\n\n<p style=\"font-style:normal;font-weight:500\">1 paso desnudo<\/p><\/div>\n\n\n\n<div class=\"wp-block-group animItem is-nowrap is-layout-flex wp-container-core-group-is-layout-f89dbd13 wp-block-group-is-layout-flex\" style=\"padding-top:2rem;padding-right:1rem;padding-bottom:2rem;padding-left:3rem\">\n<figure class=\"wp-block-image size-full\"><img decoding=\"async\" src=\"https:\/\/www.vap-camping.fr\/wp-content\/themes\/vap\/assets\/img\/svg\/location-dot.svg\" alt=\"Campings VAP\" class=\"wp-image-437\"\/><\/figure>\n\n\n<p style=\"font-style:normal;font-weight:500\">Durfort, 09100 Ari\u00e8ge<\/p><\/div>\n\n\n\n<div class=\"wp-block-group has-grey-background-color has-background animItem is-nowrap is-layout-flex wp-container-core-group-is-layout-f89dbd13 wp-block-group-is-layout-flex\" style=\"border-top-right-radius:40px;border-bottom-right-radius:40px;padding-top:2rem;padding-right:1rem;padding-bottom:2rem;padding-left:3rem\">\n<figure class=\"wp-block-image size-full is-resized\"><img alt=\"\" decoding=\"async\" src=\"https:\/\/www.vap-camping.fr\/wp-content\/uploads\/2025\/07\/bookmark-regular.svg\" alt=\"\" class=\"wp-image-2202\" style=\"object-fit:contain;width:32px;height:32px\"\/><\/figure>\n\n\n\n<p class=\"has-secondary-color has-text-color has-link-color wp-elements-b2edf3c1cd2cd7c5d2ab689b3d7c5256\" style=\"font-style:normal;font-weight:500\"><a href=\"https:\/\/www.google.com\/maps\/dir\/\/Durfort,+09130\/@43.2061972,1.4158834,13z\/data=!4m8!4m7!1m0!1m5!1m1!1s0x12aeded93b144e67:0x948f90d9e35fde1c!2m2!1d1.4570829!2d43.206142?entry=ttu&amp;g_ep=EgoyMDI1MDUyMS4wIKXMDSoASAFQAw%3D%3D\" data-type=\"page\" data-id=\"226\" target=\"_blank\" rel=\"noreferrer noopener\">Itinerario<\/a><\/p>\n<\/div>\n\n\n\n<div class=\"wp-block-group animItem is-content-justification-left is-nowrap is-layout-flex wp-container-core-group-is-layout-82550dec wp-block-group-is-layout-flex\" style=\"border-top-right-radius:40px;border-bottom-right-radius:40px;padding-top:2rem;padding-right:1rem;padding-bottom:2rem;padding-left:3rem\">\n<figure class=\"wp-block-image size-full\"><img decoding=\"async\" src=\"https:\/\/www.vap-camping.fr\/wp-content\/themes\/vap\/assets\/img\/svg\/phone.svg\" alt=\"Campings VAP\" class=\"wp-image-439\"\/><\/figure>\n\n\n\n<a href=\"tel:0000000000\" target=\"_self\"><div class=\"wp-block-group has-global-padding is-layout-constrained wp-block-group-is-layout-constrained\">\n<p style=\"font-style:normal;font-weight:500\"><a href=\"tel:0561673017\">0561673017<\/a><\/p>\n<\/div><\/a>\n<\/div>\n\n\n\n<div class=\"wp-block-group has-grey-background-color has-background animItem is-content-justification-left is-nowrap is-layout-flex wp-container-core-group-is-layout-82550dec wp-block-group-is-layout-flex\" style=\"border-top-right-radius:40px;border-bottom-right-radius:40px;padding-top:2rem;padding-right:1rem;padding-bottom:2rem;padding-left:3rem\">\n<figure class=\"wp-block-image size-full\"><img decoding=\"async\" src=\"https:\/\/www.vap-camping.fr\/wp-content\/themes\/vap\/assets\/img\/svg\/envelope.svg\" alt=\"Campings VAP\" class=\"wp-image-441\"\/><\/figure>\n\n\n\n<a href=\"mailto:mail@mail.com\" target=\"_self\"><div class=\"wp-block-group has-global-padding is-layout-constrained wp-block-group-is-layout-constrained\">\n<p style=\"font-style:normal;font-weight:500\"><a href=\"mailto:campinglebourdieu@orange.fr\">campinglebourdieu@orange.fr<\/a><\/p>\n<\/div><\/a>\n<\/div>\n\n\n\n<div class=\"wp-block-group animItem is-content-justification-space-between is-nowrap is-layout-flex wp-container-core-group-is-layout-866cca21 wp-block-group-is-layout-flex\" style=\"padding-top:2rem;padding-right:1rem;padding-bottom:2rem;padding-left:3rem\">\n<div class=\"wp-block-group is-content-justification-left is-nowrap is-layout-flex wp-container-core-group-is-layout-af23f760 wp-block-group-is-layout-flex\">\n<p style=\"font-style:normal;font-weight:500\">Servicios in situ :<\/p>\n\n\n\n<figure class=\"wp-block-image size-full is-resized\"><img alt=\"piscine\" decoding=\"async\" src=\"https:\/\/www.vap-camping.fr\/wp-content\/uploads\/2025\/04\/water-ladder-ico.svg\" alt=\"\" class=\"wp-image-99\" style=\"width:23px;height:auto\" title=\"Piscina\"\/><\/figure>\n\n\n\n<figure class=\"wp-block-image size-full is-resized\"><img alt=\"bar restaurant\" decoding=\"async\" src=\"https:\/\/www.vap-camping.fr\/wp-content\/uploads\/2025\/04\/martini-glass.svg\" alt=\"\" class=\"wp-image-98\" style=\"width:23px\" title=\"Bar\/restaurante\"\/><\/figure>\n\n\n\n<figure class=\"wp-block-image size-full is-resized\"><img alt=\"wifi\" decoding=\"async\" src=\"https:\/\/www.vap-camping.fr\/wp-content\/uploads\/2025\/04\/wifi-ico.svg\" alt=\"\" class=\"wp-image-97\" style=\"width:23px\" title=\"Wifi\"\/><\/figure>\n\n\n\n<figure class=\"wp-block-image size-full is-resized\"><img alt=\"animation\" decoding=\"async\" src=\"https:\/\/www.vap-camping.fr\/wp-content\/uploads\/2025\/04\/party-horn-ico.svg\" alt=\"\" class=\"wp-image-95\" style=\"width:23px\" title=\"Entretenimiento\"\/><\/figure>\n\n\n\n<figure class=\"wp-block-image size-full is-resized\"><img alt=\"ping-pong\" decoding=\"async\" src=\"https:\/\/www.vap-camping.fr\/wp-content\/uploads\/2025\/04\/table-tennis-paddle-ball.svg\" alt=\"\" class=\"wp-image-92\" style=\"width:23px\" title=\"Juegos\"\/><\/figure>\n\n\n\n<figure class=\"wp-block-image size-full is-resized\"><img alt=\"animaux\" decoding=\"async\" src=\"https:\/\/www.vap-camping.fr\/wp-content\/uploads\/2025\/04\/paw-solid.svg\" alt=\"\" class=\"wp-image-326\" style=\"width:23px\" title=\"Se admiten mascotas\"\/><\/figure>\n\n\n\n<figure class=\"wp-block-image size-full is-resized\"><img alt=\"laverie\" decoding=\"async\" src=\"https:\/\/www.vap-camping.fr\/wp-content\/uploads\/2025\/04\/dryer.svg\" alt=\"\" class=\"wp-image-93\" style=\"width:23px\" title=\"Lavander\u00eda\"\/><\/figure>\n<\/div>\n<\/div>\n\n\n\n<div class=\"wp-block-group has-grey-background-color has-background animItem is-content-justification-left is-nowrap is-layout-flex wp-container-core-group-is-layout-82550dec wp-block-group-is-layout-flex\" style=\"border-top-right-radius:40px;border-bottom-right-radius:40px;padding-top:2rem;padding-right:1rem;padding-bottom:2rem;padding-left:3rem\">\n<p style=\"font-style:normal;font-weight:500\">S\u00edguenos en :<\/p>\n\n\n\n<figure class=\"wp-block-image size-full\"><a href=\"https:\/\/www.facebook.com\/share\/18qtmfbkqF\/?mibextid=wwXIfr\"><img alt=\"\" decoding=\"async\" src=\"https:\/\/www.vap-camping.fr\/wp-content\/uploads\/2025\/05\/facebook.svg\" alt=\"\" class=\"wp-image-977\"\/><\/a><\/figure>\n\n\n\n<figure class=\"wp-block-image size-full\"><a href=\"https:\/\/www.instagram.com\/lebourdieu\/\"><img alt=\"\" decoding=\"async\" src=\"https:\/\/www.vap-camping.fr\/wp-content\/uploads\/2025\/04\/Icon-insta.svg\" alt=\"\" class=\"wp-image-312\"\/><\/a><\/figure>\n\n\n\n<figure class=\"wp-block-image size-full\"><a href=\"https:\/\/www.youtube.com\/@vapcampingsetgite\"><img alt=\"\" decoding=\"async\" src=\"https:\/\/www.vap-camping.fr\/wp-content\/uploads\/2025\/04\/Icon-youtube.svg\" alt=\"\" class=\"wp-image-314\"\/><\/a><\/figure>\n<\/div>\n\n\n\n<div class=\"wp-block-group animItem is-vertical is-layout-flex wp-container-core-group-is-layout-5a70b6f9 wp-block-group-is-layout-flex\" style=\"padding-top:2rem;padding-right:1rem;padding-bottom:2rem;padding-left:3rem\">\n<p><strong>Documentos \u00fatiles :<\/strong><\/p>\n\n\n\n<p class=\"has-secondary-color has-text-color has-link-color wp-elements-bc3394148dae9e9f76445def322e9ee2\" style=\"font-style:normal;font-weight:500\"><a href=\"https:\/\/www.vap-camping.fr\/wp-content\/uploads\/2025\/06\/camping-le-bourdieu.pdf\" target=\"_blank\" rel=\"noreferrer noopener\">Mapa del camping<\/a><\/p>\n\n\n\n<p><a href=\"https:\/\/www.vap-camping.fr\/wp-content\/uploads\/2025\/07\/condition-de-vente-bourdieu.pdf\">Condiciones generales de venta<\/a><\/p>\n<\/div>\n<\/div>\n<\/div>\n<\/div>\n\n\n\n<div class=\"wp-block-group has-global-padding is-layout-constrained wp-container-core-group-is-layout-8a400663 wp-block-group-is-layout-constrained\">\n<h2 class=\"wp-block-heading has-text-align-center\">Ofertas y promociones en el camping du Lac en Ari\u00e8ge<\/h2>\n\n\n\n<p class=\"has-text-align-center\">\u00a1Descubre nuestras ofertas actuales!<\/p>\n\n\n\n<script>\n    window.ctoutvert = {\n\t\tid: 436, \n\t\tlang: 'es', \n\t\turl: 'https:\/\/reservation.secureholiday.net\/widgets\/'\n    };\n    (function (w, d, s, ctv, r, js, fjs) {\n        r=new XMLHttpRequest();r.open('GET',w[ctv].url+'js\/src.json');\n        r.responseType='json';r.json=true;r.send();\n        r.onload=function(){w[ctv].src=r.responseType=='json'?r.response:JSON.parse(r.response);\n        js.src=w[ctv].src[0];fjs.parentNode.insertBefore(js, fjs);}\n        js=d.createElement(s),fjs=d.getElementsByTagName(s)[0];\n        js.id='ctvwidget';js.async=1;\n    }(window, document, 'script', 'ctoutvert'));\n<\/script>\n<style>.vap-w { display: block; max-width: 60%; }<\/style>\n<ctv-offers data-display-mode=\"carousel\" class=\"vap-w\"><\/ctv-offers>\n<\/div>\n<\/div>\n\n\n\n<div class=\"wp-block-group has-global-padding is-layout-constrained wp-block-group-is-layout-constrained\">\n<div class=\"wp-block-group alignwide is-style-title-simple fromTop is-layout-flow wp-block-group-is-layout-flow is-style-title-simple--3\" style=\"margin-top:4rem;margin-bottom:4rem\">\n<p class=\"has-text-align-center has-secondary-color has-text-color has-link-color has-secondary-font-family has-xl-font-size wp-elements-e464df21b6cd2ddc95b3d8510d13a01e\">\n  Fototeca<\/p>\n\n\n\n<p class=\"has-text-align-center has-primary-font-family has-sm-font-size\" style=\"text-transform:uppercase\">\n            <strong>Tus vacaciones en im\u00e1genes<\/strong><\/p>\n<\/div>\n\n\n\n<div class=\"wp-block-group alignfull galery-wrapper is-layout-flow wp-block-group-is-layout-flow\">\n<div class=\"wp-block-group galery-row is-nowrap is-layout-flex wp-container-core-group-is-layout-6c531013 wp-block-group-is-layout-flex\">\n<figure data-wp-context=\"{&quot;imageId&quot;:&quot;69f42865c4b5a&quot;}\" data-wp-interactive=\"core\/image\" class=\"wp-block-image size-large wp-lightbox-container\"><img alt=\"\" decoding=\"async\" width=\"768\" height=\"1024\" data-wp-class--hide=\"state.isContentHidden\" data-wp-class--show=\"state.isContentVisible\" data-wp-init=\"callbacks.setButtonStyles\" data-wp-on-async--click=\"actions.showLightbox\" data-wp-on-async--load=\"callbacks.setButtonStyles\" data-wp-on-async-window--resize=\"callbacks.setButtonStyles\" src=\"https:\/\/www.vap-camping.fr\/wp-content\/uploads\/2025\/04\/IMG_4400-768x1024.jpeg\" alt=\"\" class=\"wp-image-516\" srcset=\"https:\/\/www.vap-camping.fr\/wp-content\/uploads\/2025\/04\/IMG_4400-768x1024.jpeg 768w, https:\/\/www.vap-camping.fr\/wp-content\/uploads\/2025\/04\/IMG_4400-450x600.jpeg 450w, https:\/\/www.vap-camping.fr\/wp-content\/uploads\/2025\/04\/IMG_4400-1152x1536.jpeg 1152w, https:\/\/www.vap-camping.fr\/wp-content\/uploads\/2025\/04\/IMG_4400-1536x2048.jpeg 1536w, https:\/\/www.vap-camping.fr\/wp-content\/uploads\/2025\/04\/IMG_4400-scaled.jpeg 1920w\" sizes=\"(max-width: 768px) 100vw, 768px\" \/><button\n\t\t\tclass=\"lightbox-trigger\"\n\t\t\ttype=\"button\"\n\t\t\taria-haspopup=\"dialog\"\n\t\t\taria-label=\"Enlarge\"\n\t\t\tdata-wp-init=\"callbacks.initTriggerButton\"\n\t\t\tdata-wp-on-async--click=\"actions.showLightbox\"\n\t\t\tdata-wp-style--right=\"state.imageButtonRight\"\n\t\t\tdata-wp-style--top=\"state.imageButtonTop\"\n\t\t>\n\t\t\t<svg xmlns=\"http:\/\/www.w3.org\/2000\/svg\" width=\"12\" height=\"12\" fill=\"none\" viewBox=\"0 0 12 12\">\n\t\t\t\t<path fill=\"#fff\" d=\"M2 0a2 2 0 0 0-2 2v2h1.5V2a.5.5 0 0 1 .5-.5h2V0H2Zm2 10.5H2a.5.5 0 0 1-.5-.5V8H0v2a2 2 0 0 0 2 2h2v-1.5ZM8 12v-1.5h2a.5.5 0 0 0 .5-.5V8H12v2a2 2 0 0 1-2 2H8Zm2-12a2 2 0 0 1 2 2v2h-1.5V2a.5.5 0 0 0-.5-.5H8V0h2Z\" \/>\n\t\t\t<\/svg>\n\t\t<\/button><\/figure>\n\n\n\n<figure data-wp-context=\"{&quot;imageId&quot;:&quot;69f42865c5432&quot;}\" data-wp-interactive=\"core\/image\" class=\"wp-block-image size-large wp-lightbox-container\"><img alt=\"\" decoding=\"async\" width=\"768\" height=\"1024\" data-wp-class--hide=\"state.isContentHidden\" data-wp-class--show=\"state.isContentVisible\" data-wp-init=\"callbacks.setButtonStyles\" data-wp-on-async--click=\"actions.showLightbox\" data-wp-on-async--load=\"callbacks.setButtonStyles\" data-wp-on-async-window--resize=\"callbacks.setButtonStyles\" src=\"https:\/\/www.vap-camping.fr\/wp-content\/uploads\/2025\/04\/IMG_4392-768x1024.jpeg\" alt=\"\" class=\"wp-image-518\" srcset=\"https:\/\/www.vap-camping.fr\/wp-content\/uploads\/2025\/04\/IMG_4392-768x1024.jpeg 768w, https:\/\/www.vap-camping.fr\/wp-content\/uploads\/2025\/04\/IMG_4392-450x600.jpeg 450w, https:\/\/www.vap-camping.fr\/wp-content\/uploads\/2025\/04\/IMG_4392-1152x1536.jpeg 1152w, https:\/\/www.vap-camping.fr\/wp-content\/uploads\/2025\/04\/IMG_4392-1536x2048.jpeg 1536w, https:\/\/www.vap-camping.fr\/wp-content\/uploads\/2025\/04\/IMG_4392-scaled.jpeg 1920w\" sizes=\"(max-width: 768px) 100vw, 768px\" \/><button\n\t\t\tclass=\"lightbox-trigger\"\n\t\t\ttype=\"button\"\n\t\t\taria-haspopup=\"dialog\"\n\t\t\taria-label=\"Enlarge\"\n\t\t\tdata-wp-init=\"callbacks.initTriggerButton\"\n\t\t\tdata-wp-on-async--click=\"actions.showLightbox\"\n\t\t\tdata-wp-style--right=\"state.imageButtonRight\"\n\t\t\tdata-wp-style--top=\"state.imageButtonTop\"\n\t\t>\n\t\t\t<svg xmlns=\"http:\/\/www.w3.org\/2000\/svg\" width=\"12\" height=\"12\" fill=\"none\" viewBox=\"0 0 12 12\">\n\t\t\t\t<path fill=\"#fff\" d=\"M2 0a2 2 0 0 0-2 2v2h1.5V2a.5.5 0 0 1 .5-.5h2V0H2Zm2 10.5H2a.5.5 0 0 1-.5-.5V8H0v2a2 2 0 0 0 2 2h2v-1.5ZM8 12v-1.5h2a.5.5 0 0 0 .5-.5V8H12v2a2 2 0 0 1-2 2H8Zm2-12a2 2 0 0 1 2 2v2h-1.5V2a.5.5 0 0 0-.5-.5H8V0h2Z\" \/>\n\t\t\t<\/svg>\n\t\t<\/button><\/figure>\n\n\n\n<figure data-wp-context=\"{&quot;imageId&quot;:&quot;69f42865c5b47&quot;}\" data-wp-interactive=\"core\/image\" class=\"wp-block-image size-large wp-lightbox-container\"><img alt=\"\" decoding=\"async\" width=\"1024\" height=\"576\" data-wp-class--hide=\"state.isContentHidden\" data-wp-class--show=\"state.isContentVisible\" data-wp-init=\"callbacks.setButtonStyles\" data-wp-on-async--click=\"actions.showLightbox\" data-wp-on-async--load=\"callbacks.setButtonStyles\" data-wp-on-async-window--resize=\"callbacks.setButtonStyles\" src=\"https:\/\/www.vap-camping.fr\/wp-content\/uploads\/2025\/04\/img_4951-1024x576.jpeg\" alt=\"\" class=\"wp-image-2150\" srcset=\"https:\/\/www.vap-camping.fr\/wp-content\/uploads\/2025\/04\/img_4951-1024x576.jpeg 1024w, https:\/\/www.vap-camping.fr\/wp-content\/uploads\/2025\/04\/img_4951-600x338.jpeg 600w, https:\/\/www.vap-camping.fr\/wp-content\/uploads\/2025\/04\/img_4951-768x432.jpeg 768w, https:\/\/www.vap-camping.fr\/wp-content\/uploads\/2025\/04\/img_4951-1536x864.jpeg 1536w, https:\/\/www.vap-camping.fr\/wp-content\/uploads\/2025\/04\/img_4951-2048x1152.jpeg 2048w\" sizes=\"(max-width: 1024px) 100vw, 1024px\" \/><button\n\t\t\tclass=\"lightbox-trigger\"\n\t\t\ttype=\"button\"\n\t\t\taria-haspopup=\"dialog\"\n\t\t\taria-label=\"Enlarge\"\n\t\t\tdata-wp-init=\"callbacks.initTriggerButton\"\n\t\t\tdata-wp-on-async--click=\"actions.showLightbox\"\n\t\t\tdata-wp-style--right=\"state.imageButtonRight\"\n\t\t\tdata-wp-style--top=\"state.imageButtonTop\"\n\t\t>\n\t\t\t<svg xmlns=\"http:\/\/www.w3.org\/2000\/svg\" width=\"12\" height=\"12\" fill=\"none\" viewBox=\"0 0 12 12\">\n\t\t\t\t<path fill=\"#fff\" d=\"M2 0a2 2 0 0 0-2 2v2h1.5V2a.5.5 0 0 1 .5-.5h2V0H2Zm2 10.5H2a.5.5 0 0 1-.5-.5V8H0v2a2 2 0 0 0 2 2h2v-1.5ZM8 12v-1.5h2a.5.5 0 0 0 .5-.5V8H12v2a2 2 0 0 1-2 2H8Zm2-12a2 2 0 0 1 2 2v2h-1.5V2a.5.5 0 0 0-.5-.5H8V0h2Z\" \/>\n\t\t\t<\/svg>\n\t\t<\/button><\/figure>\n\n\n\n<figure data-wp-context=\"{&quot;imageId&quot;:&quot;69f42865c6220&quot;}\" data-wp-interactive=\"core\/image\" class=\"wp-block-image size-large wp-lightbox-container\"><img alt=\"chalet au Bourdieu\" decoding=\"async\" width=\"1024\" height=\"768\" data-wp-class--hide=\"state.isContentHidden\" data-wp-class--show=\"state.isContentVisible\" data-wp-init=\"callbacks.setButtonStyles\" data-wp-on-async--click=\"actions.showLightbox\" data-wp-on-async--load=\"callbacks.setButtonStyles\" data-wp-on-async-window--resize=\"callbacks.setButtonStyles\" src=\"https:\/\/www.vap-camping.fr\/wp-content\/uploads\/2025\/04\/img_4950-1024x768.jpeg\" alt=\"\" class=\"wp-image-2152\" srcset=\"https:\/\/www.vap-camping.fr\/wp-content\/uploads\/2025\/04\/img_4950-1024x768.jpeg 1024w, https:\/\/www.vap-camping.fr\/wp-content\/uploads\/2025\/04\/img_4950-600x450.jpeg 600w, https:\/\/www.vap-camping.fr\/wp-content\/uploads\/2025\/04\/img_4950-768x576.jpeg 768w, https:\/\/www.vap-camping.fr\/wp-content\/uploads\/2025\/04\/img_4950-1536x1152.jpeg 1536w, https:\/\/www.vap-camping.fr\/wp-content\/uploads\/2025\/04\/img_4950-2048x1536.jpeg 2048w\" sizes=\"(max-width: 1024px) 100vw, 1024px\" \/><button\n\t\t\tclass=\"lightbox-trigger\"\n\t\t\ttype=\"button\"\n\t\t\taria-haspopup=\"dialog\"\n\t\t\taria-label=\"Enlarge\"\n\t\t\tdata-wp-init=\"callbacks.initTriggerButton\"\n\t\t\tdata-wp-on-async--click=\"actions.showLightbox\"\n\t\t\tdata-wp-style--right=\"state.imageButtonRight\"\n\t\t\tdata-wp-style--top=\"state.imageButtonTop\"\n\t\t>\n\t\t\t<svg xmlns=\"http:\/\/www.w3.org\/2000\/svg\" width=\"12\" height=\"12\" fill=\"none\" viewBox=\"0 0 12 12\">\n\t\t\t\t<path fill=\"#fff\" d=\"M2 0a2 2 0 0 0-2 2v2h1.5V2a.5.5 0 0 1 .5-.5h2V0H2Zm2 10.5H2a.5.5 0 0 1-.5-.5V8H0v2a2 2 0 0 0 2 2h2v-1.5ZM8 12v-1.5h2a.5.5 0 0 0 .5-.5V8H12v2a2 2 0 0 1-2 2H8Zm2-12a2 2 0 0 1 2 2v2h-1.5V2a.5.5 0 0 0-.5-.5H8V0h2Z\" \/>\n\t\t\t<\/svg>\n\t\t<\/button><\/figure>\n<\/div>\n\n\n\n<div class=\"wp-block-group galery-row is-nowrap is-layout-flex wp-container-core-group-is-layout-6c531013 wp-block-group-is-layout-flex\">\n<figure data-wp-context=\"{&quot;imageId&quot;:&quot;69f42865c6a4d&quot;}\" data-wp-interactive=\"core\/image\" class=\"wp-block-image size-large wp-lightbox-container\"><img alt=\"\" decoding=\"async\" width=\"1024\" height=\"768\" data-wp-class--hide=\"state.isContentHidden\" data-wp-class--show=\"state.isContentVisible\" data-wp-init=\"callbacks.setButtonStyles\" data-wp-on-async--click=\"actions.showLightbox\" data-wp-on-async--load=\"callbacks.setButtonStyles\" data-wp-on-async-window--resize=\"callbacks.setButtonStyles\" src=\"https:\/\/www.vap-camping.fr\/wp-content\/uploads\/2025\/04\/img_0046-1024x768.jpeg\" alt=\"\" class=\"wp-image-2155\" srcset=\"https:\/\/www.vap-camping.fr\/wp-content\/uploads\/2025\/04\/img_0046-1024x768.jpeg 1024w, https:\/\/www.vap-camping.fr\/wp-content\/uploads\/2025\/04\/img_0046-600x450.jpeg 600w, https:\/\/www.vap-camping.fr\/wp-content\/uploads\/2025\/04\/img_0046-768x576.jpeg 768w, https:\/\/www.vap-camping.fr\/wp-content\/uploads\/2025\/04\/img_0046-1536x1152.jpeg 1536w, https:\/\/www.vap-camping.fr\/wp-content\/uploads\/2025\/04\/img_0046-2048x1536.jpeg 2048w\" sizes=\"(max-width: 1024px) 100vw, 1024px\" \/><button\n\t\t\tclass=\"lightbox-trigger\"\n\t\t\ttype=\"button\"\n\t\t\taria-haspopup=\"dialog\"\n\t\t\taria-label=\"Enlarge\"\n\t\t\tdata-wp-init=\"callbacks.initTriggerButton\"\n\t\t\tdata-wp-on-async--click=\"actions.showLightbox\"\n\t\t\tdata-wp-style--right=\"state.imageButtonRight\"\n\t\t\tdata-wp-style--top=\"state.imageButtonTop\"\n\t\t>\n\t\t\t<svg xmlns=\"http:\/\/www.w3.org\/2000\/svg\" width=\"12\" height=\"12\" fill=\"none\" viewBox=\"0 0 12 12\">\n\t\t\t\t<path fill=\"#fff\" d=\"M2 0a2 2 0 0 0-2 2v2h1.5V2a.5.5 0 0 1 .5-.5h2V0H2Zm2 10.5H2a.5.5 0 0 1-.5-.5V8H0v2a2 2 0 0 0 2 2h2v-1.5ZM8 12v-1.5h2a.5.5 0 0 0 .5-.5V8H12v2a2 2 0 0 1-2 2H8Zm2-12a2 2 0 0 1 2 2v2h-1.5V2a.5.5 0 0 0-.5-.5H8V0h2Z\" \/>\n\t\t\t<\/svg>\n\t\t<\/button><\/figure>\n\n\n\n<figure data-wp-context=\"{&quot;imageId&quot;:&quot;69f42865c70d4&quot;}\" data-wp-interactive=\"core\/image\" class=\"wp-block-image size-large wp-lightbox-container\"><img alt=\"\" decoding=\"async\" width=\"1024\" height=\"461\" data-wp-class--hide=\"state.isContentHidden\" data-wp-class--show=\"state.isContentVisible\" data-wp-init=\"callbacks.setButtonStyles\" data-wp-on-async--click=\"actions.showLightbox\" data-wp-on-async--load=\"callbacks.setButtonStyles\" data-wp-on-async-window--resize=\"callbacks.setButtonStyles\" src=\"https:\/\/www.vap-camping.fr\/wp-content\/uploads\/2025\/04\/4493-1024x461.jpeg\" alt=\"\" class=\"wp-image-2157\" srcset=\"https:\/\/www.vap-camping.fr\/wp-content\/uploads\/2025\/04\/4493-1024x461.jpeg 1024w, https:\/\/www.vap-camping.fr\/wp-content\/uploads\/2025\/04\/4493-600x270.jpeg 600w, https:\/\/www.vap-camping.fr\/wp-content\/uploads\/2025\/04\/4493-768x346.jpeg 768w, https:\/\/www.vap-camping.fr\/wp-content\/uploads\/2025\/04\/4493-1536x692.jpeg 1536w, https:\/\/www.vap-camping.fr\/wp-content\/uploads\/2025\/04\/4493-2048x922.jpeg 2048w\" sizes=\"(max-width: 1024px) 100vw, 1024px\" \/><button\n\t\t\tclass=\"lightbox-trigger\"\n\t\t\ttype=\"button\"\n\t\t\taria-haspopup=\"dialog\"\n\t\t\taria-label=\"Enlarge\"\n\t\t\tdata-wp-init=\"callbacks.initTriggerButton\"\n\t\t\tdata-wp-on-async--click=\"actions.showLightbox\"\n\t\t\tdata-wp-style--right=\"state.imageButtonRight\"\n\t\t\tdata-wp-style--top=\"state.imageButtonTop\"\n\t\t>\n\t\t\t<svg xmlns=\"http:\/\/www.w3.org\/2000\/svg\" width=\"12\" height=\"12\" fill=\"none\" viewBox=\"0 0 12 12\">\n\t\t\t\t<path fill=\"#fff\" d=\"M2 0a2 2 0 0 0-2 2v2h1.5V2a.5.5 0 0 1 .5-.5h2V0H2Zm2 10.5H2a.5.5 0 0 1-.5-.5V8H0v2a2 2 0 0 0 2 2h2v-1.5ZM8 12v-1.5h2a.5.5 0 0 0 .5-.5V8H12v2a2 2 0 0 1-2 2H8Zm2-12a2 2 0 0 1 2 2v2h-1.5V2a.5.5 0 0 0-.5-.5H8V0h2Z\" \/>\n\t\t\t<\/svg>\n\t\t<\/button><\/figure>\n\n\n\n<figure data-wp-context=\"{&quot;imageId&quot;:&quot;69f42865c77e1&quot;}\" data-wp-interactive=\"core\/image\" class=\"wp-block-image size-large wp-lightbox-container\"><img alt=\"\" decoding=\"async\" width=\"768\" height=\"1024\" data-wp-class--hide=\"state.isContentHidden\" data-wp-class--show=\"state.isContentVisible\" data-wp-init=\"callbacks.setButtonStyles\" data-wp-on-async--click=\"actions.showLightbox\" data-wp-on-async--load=\"callbacks.setButtonStyles\" data-wp-on-async-window--resize=\"callbacks.setButtonStyles\" src=\"https:\/\/www.vap-camping.fr\/wp-content\/uploads\/2025\/04\/IMG_4364-768x1024.jpeg\" alt=\"\" class=\"wp-image-526\" srcset=\"https:\/\/www.vap-camping.fr\/wp-content\/uploads\/2025\/04\/IMG_4364-768x1024.jpeg 768w, https:\/\/www.vap-camping.fr\/wp-content\/uploads\/2025\/04\/IMG_4364-450x600.jpeg 450w, https:\/\/www.vap-camping.fr\/wp-content\/uploads\/2025\/04\/IMG_4364-1152x1536.jpeg 1152w, https:\/\/www.vap-camping.fr\/wp-content\/uploads\/2025\/04\/IMG_4364-1536x2048.jpeg 1536w, https:\/\/www.vap-camping.fr\/wp-content\/uploads\/2025\/04\/IMG_4364-scaled.jpeg 1920w\" sizes=\"(max-width: 768px) 100vw, 768px\" \/><button\n\t\t\tclass=\"lightbox-trigger\"\n\t\t\ttype=\"button\"\n\t\t\taria-haspopup=\"dialog\"\n\t\t\taria-label=\"Enlarge\"\n\t\t\tdata-wp-init=\"callbacks.initTriggerButton\"\n\t\t\tdata-wp-on-async--click=\"actions.showLightbox\"\n\t\t\tdata-wp-style--right=\"state.imageButtonRight\"\n\t\t\tdata-wp-style--top=\"state.imageButtonTop\"\n\t\t>\n\t\t\t<svg xmlns=\"http:\/\/www.w3.org\/2000\/svg\" width=\"12\" height=\"12\" fill=\"none\" viewBox=\"0 0 12 12\">\n\t\t\t\t<path fill=\"#fff\" d=\"M2 0a2 2 0 0 0-2 2v2h1.5V2a.5.5 0 0 1 .5-.5h2V0H2Zm2 10.5H2a.5.5 0 0 1-.5-.5V8H0v2a2 2 0 0 0 2 2h2v-1.5ZM8 12v-1.5h2a.5.5 0 0 0 .5-.5V8H12v2a2 2 0 0 1-2 2H8Zm2-12a2 2 0 0 1 2 2v2h-1.5V2a.5.5 0 0 0-.5-.5H8V0h2Z\" \/>\n\t\t\t<\/svg>\n\t\t<\/button><\/figure>\n\n\n\n<figure data-wp-context=\"{&quot;imageId&quot;:&quot;69f42865c7e9d&quot;}\" data-wp-interactive=\"core\/image\" class=\"wp-block-image size-large wp-lightbox-container\"><img alt=\"\" decoding=\"async\" width=\"768\" height=\"1024\" data-wp-class--hide=\"state.isContentHidden\" data-wp-class--show=\"state.isContentVisible\" data-wp-init=\"callbacks.setButtonStyles\" data-wp-on-async--click=\"actions.showLightbox\" data-wp-on-async--load=\"callbacks.setButtonStyles\" data-wp-on-async-window--resize=\"callbacks.setButtonStyles\" src=\"https:\/\/www.vap-camping.fr\/wp-content\/uploads\/2025\/04\/IMG_4383-768x1024.jpeg\" alt=\"\" class=\"wp-image-528\" srcset=\"https:\/\/www.vap-camping.fr\/wp-content\/uploads\/2025\/04\/IMG_4383-768x1024.jpeg 768w, https:\/\/www.vap-camping.fr\/wp-content\/uploads\/2025\/04\/IMG_4383-450x600.jpeg 450w, https:\/\/www.vap-camping.fr\/wp-content\/uploads\/2025\/04\/IMG_4383-1152x1536.jpeg 1152w, https:\/\/www.vap-camping.fr\/wp-content\/uploads\/2025\/04\/IMG_4383-1536x2048.jpeg 1536w, https:\/\/www.vap-camping.fr\/wp-content\/uploads\/2025\/04\/IMG_4383-scaled.jpeg 1920w\" sizes=\"(max-width: 768px) 100vw, 768px\" \/><button\n\t\t\tclass=\"lightbox-trigger\"\n\t\t\ttype=\"button\"\n\t\t\taria-haspopup=\"dialog\"\n\t\t\taria-label=\"Enlarge\"\n\t\t\tdata-wp-init=\"callbacks.initTriggerButton\"\n\t\t\tdata-wp-on-async--click=\"actions.showLightbox\"\n\t\t\tdata-wp-style--right=\"state.imageButtonRight\"\n\t\t\tdata-wp-style--top=\"state.imageButtonTop\"\n\t\t>\n\t\t\t<svg xmlns=\"http:\/\/www.w3.org\/2000\/svg\" width=\"12\" height=\"12\" fill=\"none\" viewBox=\"0 0 12 12\">\n\t\t\t\t<path fill=\"#fff\" d=\"M2 0a2 2 0 0 0-2 2v2h1.5V2a.5.5 0 0 1 .5-.5h2V0H2Zm2 10.5H2a.5.5 0 0 1-.5-.5V8H0v2a2 2 0 0 0 2 2h2v-1.5ZM8 12v-1.5h2a.5.5 0 0 0 .5-.5V8H12v2a2 2 0 0 1-2 2H8Zm2-12a2 2 0 0 1 2 2v2h-1.5V2a.5.5 0 0 0-.5-.5H8V0h2Z\" \/>\n\t\t\t<\/svg>\n\t\t<\/button><\/figure>\n<\/div>\n<\/div>\n<\/div>\n\n\n\n<div class=\"wp-block-group alignwide is-style-title-simple fromTop is-layout-flow wp-block-group-is-layout-flow is-style-title-simple--4\" style=\"margin-top:4rem;margin-bottom:4rem\">\n<p class=\"has-text-align-center has-secondary-color has-text-color has-link-color has-secondary-font-family has-xl-font-size wp-elements-a69e9c571bf260c8962c0ef581625a11\">Alojamiento<\/p>\n\n\n\n<p class=\"has-text-align-center has-primary-font-family has-sm-font-size\" style=\"text-transform:uppercase\"><strong>Confort en contacto con la naturaleza<\/strong><\/p>\n<\/div>\n\n\n\n<div style=\"background-image:url(&#039;https:\/\/www.vap-camping.fr\/wp-content\/uploads\/2025\/04\/Camping-du-bourdieu-scaled.jpg&#039;);background-size:cover;\" class=\"wp-block-group bg-img-part is-layout-flow wp-block-group-is-layout-flow has-background\">\n<div class=\"wp-block-columns alignfull is-layout-flex wp-container-core-columns-is-layout-28f84493 wp-block-columns-is-layout-flex\">\n<div class=\"wp-block-column part-void is-layout-flow wp-block-column-is-layout-flow\" style=\"flex-basis:55%\"><\/div>\n\n\n\n<div class=\"wp-block-column part-content is-layout-flow wp-block-column-is-layout-flow\" style=\"flex-basis:45%\">\n<div class=\"wp-block-group is-bg-rounded is-layout-flow wp-container-core-group-is-layout-75c87b2e wp-block-group-is-layout-flow\">\n<div class=\"wp-block-group is-style-title-flip has-global-padding is-layout-constrained wp-block-group-is-layout-constrained is-style-title-flip--5\">\n<p class=\"has-text-align-right has-secondary-font-family has-xl-font-size\">Alquileres<\/p>\n\n\n\n<p class=\"has-text-align-right has-sm-font-size\" style=\"text-transform:uppercase\"><strong>y ubicaci\u00f3n<\/strong><\/p>\n\n\n\n<h1 class=\"wp-block-heading has-text-align-right text-title\">\u00a1Descubre una escapada relajante que combina naturaleza y confort en Ari\u00e8ge!<\/h1>\n\n\n\n<p>En el camping Le Bourdieu, disfruta de unas vacaciones confortables en un entorno tranquilo y verde, en el coraz\u00f3n del valle de L\u00e8ze.  <\/p>\n\n\n\n<p>Elige el alojamiento que m\u00e1s te convenga: Cottage D\u00fao (16 m\u00b2): ideal para unas vacaciones acogedoras y funcionales para dos personas. Cottage 2 habitaciones (30 m\u00b2): perfecto para 4 personas, combinando espacio y convivencia. Cottage 2 habitaciones (31 m\u00b2): para 5 personas, con todas las comodidades necesarias para unas vacaciones relajantes. Tienda amueblada Cyrus (4 personas): una experiencia glamping que combina autenticidad y sencillez.     <\/p>\n\n\n\n<p>Las caba\u00f1as est\u00e1n equipadas para tu comodidad, con aire acondicionado opcional (excepto las tiendas), para que cada uno pueda disfrutar de su estancia a su ritmo.  <\/p>\n\n\n\n<p>Aqu\u00ed, relajaci\u00f3n, naturaleza y convivencia se unen para unas vacaciones en total sencillez.  <\/p>\n<\/div>\n\n\n\n<div class=\"wp-block-buttons is-content-justification-right is-layout-flex wp-container-core-buttons-is-layout-d445cf74 wp-block-buttons-is-layout-flex\">\n<div class=\"wp-block-button button is-style-fill\"><a class=\"wp-block-button__link wp-element-button\" href=\"#holidays\" style=\"padding-top:0px;padding-right:0px;padding-bottom:0px;padding-left:0px\">Descubra<\/a><\/div>\n<\/div>\n<\/div>\n<\/div>\n<\/div>\n<\/div>\n\n\n\n<div id=\"holidays\" class=\"wp-block-group has-global-padding is-layout-constrained wp-container-core-group-is-layout-8a400663 wp-block-group-is-layout-constrained\">\n<script>\n            window.ctoutvert = {\n                id: 436,\n                lang: 'es',\n                url: 'https:\/\/reservation.secureholiday.net\/widgets\/'\n            };\n            (function (w, d, s, ctv, r, js, fjs) {\n                r = new XMLHttpRequest(); r.open('GET', w[ctv].url + 'js\/src.json');\n                r.responseType = 'json'; r.json = true; r.send();\n                r.onload = function () {\n                    w[ctv].src = r.responseType == 'json' ? r.response : JSON.parse(r.response);\n                    js.src = w[ctv].src[0]; fjs.parentNode.insertBefore(js, fjs);\n                }\n                js = d.createElement(s), fjs = d.getElementsByTagName(s)[0];\n                js.id = 'ctvwidget'; js.async = 1;\n            }(window, document, 'script', 'ctoutvert'));\n        <\/script>\n        <ctv-availability data-background-color=\"#FFFFFF00\"><\/ctv-availability>\n<\/div>\n\n\n\n<div class=\"wp-block-group leftRight has-global-padding is-layout-constrained wp-block-group-is-layout-constrained\">\n<div class=\"wp-block-columns alignfull are-vertically-aligned-center m-ti is-layout-flex wp-container-core-columns-is-layout-0c0b91ec wp-block-columns-is-layout-flex\">\n<div class=\"wp-block-column is-vertically-aligned-center m-ti-text is-layout-flow wp-container-core-column-is-layout-58dbe9e9 wp-block-column-is-layout-flow\" style=\"padding-left:10rem;flex-basis:50%\">\n<div class=\"wp-block-group is-style-title-left is-layout-flow wp-block-group-is-layout-flow is-style-title-left--6\">\n<p class=\"has-secondary-color has-text-color has-link-color has-secondary-font-family has-xl-font-size wp-elements-f671598218044fc852f3a7cea8f9da3b\">Qu\u00e9 hacer<\/p>\n\n\n\n<p class=\"has-primary-color has-text-color has-link-color has-primary-font-family has-sm-font-size wp-elements-bec8c915f7165da547318f63c80dab3e\" style=\"text-transform:uppercase\"><strong>cerca de <\/strong><\/p>\n<\/div>\n\n\n\n<h1 class=\"wp-block-heading text-title\">Cerca del camping, \u00a1explora las maravillas del Ari\u00e8ge!<\/h1>\n\n\n\n<p class=\"has-m-font-size\" style=\"padding-left:2rem\">\u00bfTe apetece una excursi\u00f3n?<br>Enclavada entre los valles de los r\u00edos L\u00e8ze y Arize, la regi\u00f3n ofrece un sinf\u00edn de senderos para senderistas y amantes de la naturaleza. Desde el camping, explora las colinas, los bosques y las vistas panor\u00e1micas de los Pirineos a pie o en coche.  <\/p>\n\n\n\n<p class=\"has-m-font-size\" style=\"padding-left:2rem\">\u00bfTe apetece dar un paseo?<br>Los mercados del pueblo te invitan a descubrir los productos de la tierra y a hablar con los productores locales. O el Village du Carla-Bayle, un encantador pueblo de artistas con una impresionante vista de los Pirineos. <\/p>\n\n\n\n<p class=\"has-m-font-size\" style=\"padding-left:2rem\">\u00bfQuieres saber m\u00e1s?<br>Visita los castillos medievales de Foix y Monts\u00e9gur, y luego d\u00e9jate sorprender por la Gruta del Mas-d&#8217;Azil, una joya natural y arqueol\u00f3gica a pocos kil\u00f3metros del camping.<\/p>\n<\/div>\n\n\n\n<div class=\"wp-block-column is-vertically-aligned-center wp-block-image alignright size-large has-custom-border is-style-travel m-ti-image is-layout-flow wp-block-column-is-layout-flow is-style-travel--7\" style=\"flex-basis:60%\">\n<figure class=\"wp-block-image alignright size-full\"><img alt=\"\" decoding=\"async\" width=\"1920\" height=\"2560\" src=\"https:\/\/www.vap-camping.fr\/wp-content\/uploads\/2025\/09\/img_0060-scaled.jpeg\" alt=\"\" class=\"wp-image-3771\" style=\"aspect-ratio:16\/9;object-fit:cover\" srcset=\"https:\/\/www.vap-camping.fr\/wp-content\/uploads\/2025\/09\/img_0060-scaled.jpeg 1920w, https:\/\/www.vap-camping.fr\/wp-content\/uploads\/2025\/09\/img_0060-450x600.jpeg 450w, https:\/\/www.vap-camping.fr\/wp-content\/uploads\/2025\/09\/img_0060-768x1024.jpeg 768w, https:\/\/www.vap-camping.fr\/wp-content\/uploads\/2025\/09\/img_0060-1152x1536.jpeg 1152w, https:\/\/www.vap-camping.fr\/wp-content\/uploads\/2025\/09\/img_0060-1536x2048.jpeg 1536w\" sizes=\"(max-width: 1920px) 100vw, 1920px\" \/><\/figure>\n<\/div>\n<\/div>\n<\/div>\n\n\n\n<div class=\"wp-block-group rightLeft has-global-padding is-layout-constrained wp-block-group-is-layout-constrained\">\n<div class=\"wp-block-columns alignfull are-vertically-aligned-center m-ti is-layout-flex wp-container-core-columns-is-layout-0c0b91ec wp-block-columns-is-layout-flex\">\n<div class=\"wp-block-column is-vertically-aligned-center wp-block-image alignright size-large has-custom-border is-style-simple-left m-ti-image is-layout-flow wp-block-column-is-layout-flow is-style-simple-left--8\" style=\"flex-basis:60%\">\n<figure class=\"wp-block-image alignleft size-full\"><img alt=\"\" decoding=\"async\" width=\"2560\" height=\"1703\" src=\"https:\/\/www.vap-camping.fr\/wp-content\/uploads\/2025\/04\/DSC_3303-scaled.jpg\" alt=\"\" class=\"wp-image-18\" srcset=\"https:\/\/www.vap-camping.fr\/wp-content\/uploads\/2025\/04\/DSC_3303-scaled.jpg 2560w, https:\/\/www.vap-camping.fr\/wp-content\/uploads\/2025\/04\/DSC_3303-300x200.jpg 300w, https:\/\/www.vap-camping.fr\/wp-content\/uploads\/2025\/04\/DSC_3303-1024x681.jpg 1024w, https:\/\/www.vap-camping.fr\/wp-content\/uploads\/2025\/04\/DSC_3303-768x511.jpg 768w, https:\/\/www.vap-camping.fr\/wp-content\/uploads\/2025\/04\/DSC_3303-1536x1022.jpg 1536w, https:\/\/www.vap-camping.fr\/wp-content\/uploads\/2025\/04\/DSC_3303-2048x1363.jpg 2048w\" sizes=\"(max-width: 2560px) 100vw, 2560px\" \/><\/figure>\n<\/div>\n\n\n\n<div class=\"wp-block-column is-vertically-aligned-center m-ti-text is-layout-flow wp-container-core-column-is-layout-58dbe9e9 wp-block-column-is-layout-flow\" style=\"padding-left:10rem;flex-basis:40%\">\n<div class=\"wp-block-group is-style-title-left is-layout-flow wp-block-group-is-layout-flow is-style-title-left--9\">\n<p class=\"has-secondary-color has-text-color has-link-color has-secondary-font-family has-xl-font-size wp-elements-cc602f70e7c9647e18aeddfc2934cc69\">Nuestros servicios<\/p>\n\n\n\n<p class=\"has-primary-color has-text-color has-link-color has-primary-font-family has-sm-font-size wp-elements-64c2914618736bedea7b8c7601b3f3ce\" style=\"text-transform:uppercase\"><strong>Para una estancia confortable<\/strong><\/p>\n<\/div>\n\n\n\n<h2 class=\"wp-block-heading text-title\">Nuestro camping te acoge todo el a\u00f1o para que pases unas vacaciones relajantes.<\/h2>\n\n\n\n<p class=\"has-m-font-size\" style=\"padding-left:2rem\">El camping Le Bourdieu te acoge todo el a\u00f1o para que pases unas vacaciones relajantes.  <\/p>\n\n\n\n<p class=\"has-m-font-size\" style=\"padding-left:2rem\">Peque\u00f1os y mayores pueden disfrutar de las zonas de juegos, minigolf y ping-pong, disponibles todo el a\u00f1o.  <\/p>\n\n\n\n<p class=\"has-m-font-size\" style=\"padding-left:2rem\">En temporada, del 1 de julio al 31 de agosto, hay mucho para entretenerte, con conciertos, veladas de karaoke y otras actividades divertidas para familias y amigos.  <\/p>\n\n\n\n<p class=\"has-m-font-size\" style=\"padding-left:2rem\">Para una pausa gourmet, el snack bar ofrece tapas, paninis y pizzas en un ambiente relajado. La piscina est\u00e1 abierta del 15 de junio al 15 de septiembre.   <\/p>\n\n\n\n<p class=\"has-m-font-size\" style=\"padding-left:2rem\">Puedes pedir pan fresco y boller\u00eda todas las ma\u00f1anas en temporada. Se ha pensado en todo para que tu estancia sea agradable, pr\u00e1ctica e inolvidable, con una sola cosa en mente: \u00a1volver el a\u00f1o que viene! <\/p>\n<\/div>\n<\/div>\n<\/div>\n\n\n\n<div class=\"wp-block-group has-global-padding is-layout-constrained wp-block-group-is-layout-constrained\">\n<div class=\"wp-block-group alignwide is-style-title-simple fromTop is-layout-flow wp-block-group-is-layout-flow is-style-title-simple--10\" style=\"margin-top:4rem;margin-bottom:4rem\">\n<p class=\"has-text-align-center has-secondary-color has-text-color has-link-color has-secondary-font-family has-xl-font-size wp-elements-25171fb1a20d03f5caad4e2a46e53cd9\">Visitas y descubrimientos<\/p>\n\n\n\n<p class=\"has-text-align-center has-primary-font-family has-sm-font-size\" style=\"text-transform:uppercase\"><strong>cerca del camping<\/strong><\/p>\n<\/div>\n<\/div>\n\n\n\n    <div class=\"journey-wrapper is-layout-flow wp-block-slider-taxo-is-layout-flow\">\n        <div class=\"journey-slides\">\n                            <div class=\"journey-slide\">\n                    <a href=\"https:\/\/www.vap-camping.fr\/es\/lieux\/camping-le-mas-d-azil\/\" class=\"journey\" title=\"Le Mas d&#8217;Azil\">\n                        <img decoding=\"async\" width=\"2560\" height=\"1706\" src=\"https:\/\/www.vap-camping.fr\/wp-content\/uploads\/2025\/05\/AdobeStock_389978579-scaled.jpeg\" class=\"attachment-6595 size-6595 wp-post-image\" alt=\"\" large=\"\" srcset=\"https:\/\/www.vap-camping.fr\/wp-content\/uploads\/2025\/05\/AdobeStock_389978579-scaled.jpeg 2560w, https:\/\/www.vap-camping.fr\/wp-content\/uploads\/2025\/05\/AdobeStock_389978579-600x400.jpeg 600w, https:\/\/www.vap-camping.fr\/wp-content\/uploads\/2025\/05\/AdobeStock_389978579-1024x683.jpeg 1024w, https:\/\/www.vap-camping.fr\/wp-content\/uploads\/2025\/05\/AdobeStock_389978579-768x512.jpeg 768w, https:\/\/www.vap-camping.fr\/wp-content\/uploads\/2025\/05\/AdobeStock_389978579-1536x1024.jpeg 1536w, https:\/\/www.vap-camping.fr\/wp-content\/uploads\/2025\/05\/AdobeStock_389978579-2048x1365.jpeg 2048w\" sizes=\"(max-width: 2560px) 100vw, 2560px\" \/>                        <p class=\"j-title\">\n                            Le Mas d&#8217;Azil                        <\/p>\n                        <p class=\"j-more\">\n                            Descubre                        <\/p>\n                    <\/a>\n                <\/div>\n\n                            <div class=\"journey-slide\">\n                    <a href=\"https:\/\/www.vap-camping.fr\/es\/lieux\/camping-granges-de-cominac\/\" class=\"journey\" title=\"Granges de Cominac\">\n                        <img decoding=\"async\" width=\"2560\" height=\"1709\" src=\"https:\/\/www.vap-camping.fr\/wp-content\/uploads\/2025\/05\/AdobeStock_334128502-scaled.jpeg\" class=\"attachment-2656 size-2656 wp-post-image\" alt=\"\" large=\"\" srcset=\"https:\/\/www.vap-camping.fr\/wp-content\/uploads\/2025\/05\/AdobeStock_334128502-scaled.jpeg 2560w, https:\/\/www.vap-camping.fr\/wp-content\/uploads\/2025\/05\/AdobeStock_334128502-600x400.jpeg 600w, https:\/\/www.vap-camping.fr\/wp-content\/uploads\/2025\/05\/AdobeStock_334128502-1024x683.jpeg 1024w, https:\/\/www.vap-camping.fr\/wp-content\/uploads\/2025\/05\/AdobeStock_334128502-768x513.jpeg 768w, https:\/\/www.vap-camping.fr\/wp-content\/uploads\/2025\/05\/AdobeStock_334128502-1536x1025.jpeg 1536w, https:\/\/www.vap-camping.fr\/wp-content\/uploads\/2025\/05\/AdobeStock_334128502-2048x1367.jpeg 2048w\" sizes=\"(max-width: 2560px) 100vw, 2560px\" \/>                        <p class=\"j-title\">\n                            Granges de Cominac                        <\/p>\n                        <p class=\"j-more\">\n                            Descubre                        <\/p>\n                    <\/a>\n                <\/div>\n\n                            <div class=\"journey-slide\">\n                    <a href=\"https:\/\/www.vap-camping.fr\/es\/lieux\/camping-saint-lizier\/\" class=\"journey\" title=\"Palacio de los Evasores de Saint-Lizier\">\n                        <img decoding=\"async\" width=\"2560\" height=\"1595\" src=\"https:\/\/www.vap-camping.fr\/wp-content\/uploads\/2025\/05\/AdobeStock_515690445-scaled.jpeg\" class=\"attachment-2756 size-2756 wp-post-image\" alt=\"\" large=\"\" srcset=\"https:\/\/www.vap-camping.fr\/wp-content\/uploads\/2025\/05\/AdobeStock_515690445-scaled.jpeg 2560w, https:\/\/www.vap-camping.fr\/wp-content\/uploads\/2025\/05\/AdobeStock_515690445-600x374.jpeg 600w, https:\/\/www.vap-camping.fr\/wp-content\/uploads\/2025\/05\/AdobeStock_515690445-1024x638.jpeg 1024w, https:\/\/www.vap-camping.fr\/wp-content\/uploads\/2025\/05\/AdobeStock_515690445-768x479.jpeg 768w, https:\/\/www.vap-camping.fr\/wp-content\/uploads\/2025\/05\/AdobeStock_515690445-1536x957.jpeg 1536w, https:\/\/www.vap-camping.fr\/wp-content\/uploads\/2025\/05\/AdobeStock_515690445-2048x1276.jpeg 2048w\" sizes=\"(max-width: 2560px) 100vw, 2560px\" \/>                        <p class=\"j-title\">\n                            Palacio de los Evasores de Saint-Lizier                        <\/p>\n                        <p class=\"j-more\">\n                            Descubre                        <\/p>\n                    <\/a>\n                <\/div>\n\n                            <div class=\"journey-slide\">\n                    <a href=\"https:\/\/www.vap-camping.fr\/es\/lieux\/camping-carla-bayle\/\" class=\"journey\" title=\"Carla Bayle\">\n                        <img decoding=\"async\" width=\"2560\" height=\"1707\" src=\"https:\/\/www.vap-camping.fr\/wp-content\/uploads\/2025\/05\/AdobeStock_906786868_Editorial_Use_Only-scaled.jpeg\" class=\"attachment-2800 size-2800 wp-post-image\" alt=\"\" large=\"\" srcset=\"https:\/\/www.vap-camping.fr\/wp-content\/uploads\/2025\/05\/AdobeStock_906786868_Editorial_Use_Only-scaled.jpeg 2560w, https:\/\/www.vap-camping.fr\/wp-content\/uploads\/2025\/05\/AdobeStock_906786868_Editorial_Use_Only-600x400.jpeg 600w, https:\/\/www.vap-camping.fr\/wp-content\/uploads\/2025\/05\/AdobeStock_906786868_Editorial_Use_Only-1024x683.jpeg 1024w, https:\/\/www.vap-camping.fr\/wp-content\/uploads\/2025\/05\/AdobeStock_906786868_Editorial_Use_Only-768x512.jpeg 768w, https:\/\/www.vap-camping.fr\/wp-content\/uploads\/2025\/05\/AdobeStock_906786868_Editorial_Use_Only-1536x1024.jpeg 1536w, https:\/\/www.vap-camping.fr\/wp-content\/uploads\/2025\/05\/AdobeStock_906786868_Editorial_Use_Only-2048x1365.jpeg 2048w\" sizes=\"(max-width: 2560px) 100vw, 2560px\" \/>                        <p class=\"j-title\">\n                            Carla Bayle                        <\/p>\n                        <p class=\"j-more\">\n                            Descubre                        <\/p>\n                    <\/a>\n                <\/div>\n\n                            <div class=\"journey-slide\">\n                    <a href=\"https:\/\/www.vap-camping.fr\/es\/lieux\/saute-elastique-depuis-la-grotte-du-mas-dazil\/\" class=\"journey\" title=\"Puenting desde la cueva del Mas d&#8217;Azil\">\n                        <img decoding=\"async\" width=\"1500\" height=\"1125\" src=\"https:\/\/www.vap-camping.fr\/wp-content\/uploads\/2025\/09\/image.jpeg\" class=\"attachment-3870 size-3870 wp-post-image\" alt=\"saute \u00e9lastique\" large=\"\" srcset=\"https:\/\/www.vap-camping.fr\/wp-content\/uploads\/2025\/09\/image.jpeg 1500w, https:\/\/www.vap-camping.fr\/wp-content\/uploads\/2025\/09\/image-600x450.jpeg 600w, https:\/\/www.vap-camping.fr\/wp-content\/uploads\/2025\/09\/image-1024x768.jpeg 1024w, https:\/\/www.vap-camping.fr\/wp-content\/uploads\/2025\/09\/image-768x576.jpeg 768w\" sizes=\"(max-width: 1500px) 100vw, 1500px\" \/>                        <p class=\"j-title\">\n                            Puenting desde la cueva del Mas d&#8217;Azil                        <\/p>\n                        <p class=\"j-more\">\n                            Descubre                        <\/p>\n                    <\/a>\n                <\/div>\n\n                            <div class=\"journey-slide\">\n                    <a href=\"https:\/\/www.vap-camping.fr\/es\/lieux\/la-grotte-de-mas-dazil\/\" class=\"journey\" title=\"La cueva del Mas d&#8217;Azil\">\n                        <img decoding=\"async\" width=\"2560\" height=\"1706\" src=\"https:\/\/www.vap-camping.fr\/wp-content\/uploads\/2025\/05\/AdobeStock_389978579-scaled.jpeg\" class=\"attachment-6481 size-6481 wp-post-image\" alt=\"\" large=\"\" srcset=\"https:\/\/www.vap-camping.fr\/wp-content\/uploads\/2025\/05\/AdobeStock_389978579-scaled.jpeg 2560w, https:\/\/www.vap-camping.fr\/wp-content\/uploads\/2025\/05\/AdobeStock_389978579-600x400.jpeg 600w, https:\/\/www.vap-camping.fr\/wp-content\/uploads\/2025\/05\/AdobeStock_389978579-1024x683.jpeg 1024w, https:\/\/www.vap-camping.fr\/wp-content\/uploads\/2025\/05\/AdobeStock_389978579-768x512.jpeg 768w, https:\/\/www.vap-camping.fr\/wp-content\/uploads\/2025\/05\/AdobeStock_389978579-1536x1024.jpeg 1536w, https:\/\/www.vap-camping.fr\/wp-content\/uploads\/2025\/05\/AdobeStock_389978579-2048x1365.jpeg 2048w\" sizes=\"(max-width: 2560px) 100vw, 2560px\" \/>                        <p class=\"j-title\">\n                            La cueva del Mas d&#8217;Azil                        <\/p>\n                        <p class=\"j-more\">\n                            Descubre                        <\/p>\n                    <\/a>\n                <\/div>\n\n                            <div class=\"journey-slide\">\n                    <a href=\"https:\/\/www.vap-camping.fr\/es\/lieux\/bourdieu-en-bicicleta\/\" class=\"journey\" title=\"Bourdieu en bicicleta\">\n                        <img decoding=\"async\" width=\"2133\" height=\"1419\" src=\"https:\/\/www.vap-camping.fr\/wp-content\/uploads\/2025\/09\/stephane_meurisse_adt09_0005758_bd.jpg\" class=\"attachment-3844 size-3844 wp-post-image\" alt=\"\" large=\"\" srcset=\"https:\/\/www.vap-camping.fr\/wp-content\/uploads\/2025\/09\/stephane_meurisse_adt09_0005758_bd.jpg 2133w, https:\/\/www.vap-camping.fr\/wp-content\/uploads\/2025\/09\/stephane_meurisse_adt09_0005758_bd-600x399.jpg 600w, https:\/\/www.vap-camping.fr\/wp-content\/uploads\/2025\/09\/stephane_meurisse_adt09_0005758_bd-1024x681.jpg 1024w, https:\/\/www.vap-camping.fr\/wp-content\/uploads\/2025\/09\/stephane_meurisse_adt09_0005758_bd-768x511.jpg 768w, https:\/\/www.vap-camping.fr\/wp-content\/uploads\/2025\/09\/stephane_meurisse_adt09_0005758_bd-1536x1022.jpg 1536w, https:\/\/www.vap-camping.fr\/wp-content\/uploads\/2025\/09\/stephane_meurisse_adt09_0005758_bd-2048x1362.jpg 2048w\" sizes=\"(max-width: 2133px) 100vw, 2133px\" \/>                        <p class=\"j-title\">\n                            Bourdieu en bicicleta                        <\/p>\n                        <p class=\"j-more\">\n                            Descubre                        <\/p>\n                    <\/a>\n                <\/div>\n\n                            <div class=\"journey-slide\">\n                    <a href=\"https:\/\/www.vap-camping.fr\/es\/lieux\/mas-dazil-en-velo\/\" class=\"journey\" title=\"Le Mas d&#8217;Azil en bicicleta\">\n                        <img decoding=\"async\" width=\"1024\" height=\"683\" src=\"https:\/\/www.vap-camping.fr\/wp-content\/uploads\/2025\/04\/cyclo_mas_dazil_ariege_pyrenees_tourisme.jpg\" class=\"attachment-6472 size-6472 wp-post-image\" alt=\"\" large=\"\" srcset=\"https:\/\/www.vap-camping.fr\/wp-content\/uploads\/2025\/04\/cyclo_mas_dazil_ariege_pyrenees_tourisme.jpg 1024w, https:\/\/www.vap-camping.fr\/wp-content\/uploads\/2025\/04\/cyclo_mas_dazil_ariege_pyrenees_tourisme-600x400.jpg 600w, https:\/\/www.vap-camping.fr\/wp-content\/uploads\/2025\/04\/cyclo_mas_dazil_ariege_pyrenees_tourisme-768x512.jpg 768w\" sizes=\"(max-width: 1024px) 100vw, 1024px\" \/>                        <p class=\"j-title\">\n                            Le Mas d&#8217;Azil en bicicleta                        <\/p>\n                        <p class=\"j-more\">\n                            Descubre                        <\/p>\n                    <\/a>\n                <\/div>\n\n                            <div class=\"journey-slide\">\n                    <a href=\"https:\/\/www.vap-camping.fr\/es\/lieux\/saute-a-lelastique-a-la-grotte-prehistorique\/\" class=\"journey\" title=\"Puenting en la cueva prehist\u00f3rica\">\n                        <img decoding=\"async\" width=\"1920\" height=\"960\" src=\"https:\/\/www.vap-camping.fr\/wp-content\/uploads\/2025\/04\/saute_elastique_ariege.jpg\" class=\"attachment-6467 size-6467 wp-post-image\" alt=\"\" large=\"\" srcset=\"https:\/\/www.vap-camping.fr\/wp-content\/uploads\/2025\/04\/saute_elastique_ariege.jpg 1920w, https:\/\/www.vap-camping.fr\/wp-content\/uploads\/2025\/04\/saute_elastique_ariege-600x300.jpg 600w, https:\/\/www.vap-camping.fr\/wp-content\/uploads\/2025\/04\/saute_elastique_ariege-1024x512.jpg 1024w, https:\/\/www.vap-camping.fr\/wp-content\/uploads\/2025\/04\/saute_elastique_ariege-768x384.jpg 768w, https:\/\/www.vap-camping.fr\/wp-content\/uploads\/2025\/04\/saute_elastique_ariege-1536x768.jpg 1536w\" sizes=\"(max-width: 1920px) 100vw, 1920px\" \/>                        <p class=\"j-title\">\n                            Puenting en la cueva prehist\u00f3rica                        <\/p>\n                        <p class=\"j-more\">\n                            Descubre                        <\/p>\n                    <\/a>\n                <\/div>\n\n                            <div class=\"journey-slide\">\n                    <a href=\"https:\/\/www.vap-camping.fr\/es\/lieux\/les-coteaux-au-nord-de-carla-bayle\/\" class=\"journey\" title=\"Les Coteaux au nord de Carla Bayle\">\n                        <img decoding=\"async\" width=\"1200\" height=\"900\" src=\"https:\/\/www.vap-camping.fr\/wp-content\/uploads\/2025\/11\/image-3-2.jpeg\" class=\"attachment-6500 size-6500 wp-post-image\" alt=\"\" large=\"\" srcset=\"https:\/\/www.vap-camping.fr\/wp-content\/uploads\/2025\/11\/image-3-2.jpeg 1200w, https:\/\/www.vap-camping.fr\/wp-content\/uploads\/2025\/11\/image-3-2-600x450.jpeg 600w, https:\/\/www.vap-camping.fr\/wp-content\/uploads\/2025\/11\/image-3-2-1024x768.jpeg 1024w, https:\/\/www.vap-camping.fr\/wp-content\/uploads\/2025\/11\/image-3-2-768x576.jpeg 768w\" sizes=\"(max-width: 1200px) 100vw, 1200px\" \/>                        <p class=\"j-title\">\n                            Les Coteaux au nord de Carla Bayle                        <\/p>\n                        <p class=\"j-more\">\n                            Descubre                        <\/p>\n                    <\/a>\n                <\/div>\n\n                            <div class=\"journey-slide\">\n                    <a href=\"https:\/\/www.vap-camping.fr\/es\/lieux\/circuit-des-dolmens-du-mas-dazil\/\" class=\"journey\" title=\"Ruta de los d\u00f3lmenes de Le Mas-d&#8217;Azil\">\n                        <img decoding=\"async\" width=\"2560\" height=\"1582\" src=\"https:\/\/www.vap-camping.fr\/wp-content\/uploads\/2025\/05\/AdobeStock_254615770-scaled.jpeg\" class=\"attachment-6491 size-6491 wp-post-image\" alt=\"\" large=\"\" srcset=\"https:\/\/www.vap-camping.fr\/wp-content\/uploads\/2025\/05\/AdobeStock_254615770-scaled.jpeg 2560w, https:\/\/www.vap-camping.fr\/wp-content\/uploads\/2025\/05\/AdobeStock_254615770-600x371.jpeg 600w, https:\/\/www.vap-camping.fr\/wp-content\/uploads\/2025\/05\/AdobeStock_254615770-1024x633.jpeg 1024w, https:\/\/www.vap-camping.fr\/wp-content\/uploads\/2025\/05\/AdobeStock_254615770-768x475.jpeg 768w, https:\/\/www.vap-camping.fr\/wp-content\/uploads\/2025\/05\/AdobeStock_254615770-1536x949.jpeg 1536w, https:\/\/www.vap-camping.fr\/wp-content\/uploads\/2025\/05\/AdobeStock_254615770-2048x1266.jpeg 2048w\" sizes=\"(max-width: 2560px) 100vw, 2560px\" \/>                        <p class=\"j-title\">\n                            Ruta de los d\u00f3lmenes de Le Mas-d&#8217;Azil                        <\/p>\n                        <p class=\"j-more\">\n                            Descubre                        <\/p>\n                    <\/a>\n                <\/div>\n\n                            <div class=\"journey-slide\">\n                    <a href=\"https:\/\/www.vap-camping.fr\/es\/lieux\/boucle-au-depart-du-fossat\/\" class=\"journey\" title=\"Una ruta en bucle que parte de Le Fossat\">\n                        <img decoding=\"async\" width=\"640\" height=\"640\" src=\"https:\/\/www.vap-camping.fr\/wp-content\/uploads\/2025\/11\/image-4-1.jpeg\" class=\"attachment-6478 size-6478 wp-post-image\" alt=\"Fossat-commune-en-ariege\" large=\"\" srcset=\"https:\/\/www.vap-camping.fr\/wp-content\/uploads\/2025\/11\/image-4-1.jpeg 640w, https:\/\/www.vap-camping.fr\/wp-content\/uploads\/2025\/11\/image-4-1-600x600.jpeg 600w, https:\/\/www.vap-camping.fr\/wp-content\/uploads\/2025\/11\/image-4-1-300x300.jpeg 300w\" sizes=\"(max-width: 640px) 100vw, 640px\" \/>                        <p class=\"j-title\">\n                            Una ruta en bucle que parte de Le Fossat                        <\/p>\n                        <p class=\"j-more\">\n                            Descubre                        <\/p>\n                    <\/a>\n                <\/div>\n\n                            <div class=\"journey-slide\">\n                    <a href=\"https:\/\/www.vap-camping.fr\/es\/lieux\/la-fromagerie-soulere-a-sieuras\/\" class=\"journey\" title=\"La queser\u00eda Soul\u00e8re de Sieuras\">\n                        <img decoding=\"async\" width=\"600\" height=\"600\" src=\"https:\/\/www.vap-camping.fr\/wp-content\/uploads\/2025\/12\/image-47.jpeg\" class=\"attachment-6208 size-6208 wp-post-image\" alt=\"\" large=\"\" srcset=\"https:\/\/www.vap-camping.fr\/wp-content\/uploads\/2025\/12\/image-47.jpeg 600w, https:\/\/www.vap-camping.fr\/wp-content\/uploads\/2025\/12\/image-47-300x300.jpeg 300w\" sizes=\"(max-width: 600px) 100vw, 600px\" \/>                        <p class=\"j-title\">\n                            La queser\u00eda Soul\u00e8re de Sieuras                        <\/p>\n                        <p class=\"j-more\">\n                            Descubre                        <\/p>\n                    <\/a>\n                <\/div>\n\n                            <div class=\"journey-slide\">\n                    <a href=\"https:\/\/www.vap-camping.fr\/es\/lieux\/fermier-porc-traditions-ariegeoises\/\" class=\"journey\" title=\"Cerdo de granja y tradiciones ariegas\">\n                        <img decoding=\"async\" width=\"1920\" height=\"700\" src=\"https:\/\/www.vap-camping.fr\/wp-content\/uploads\/2025\/12\/image-50.jpeg\" class=\"attachment-6196 size-6196 wp-post-image\" alt=\"\" large=\"\" srcset=\"https:\/\/www.vap-camping.fr\/wp-content\/uploads\/2025\/12\/image-50.jpeg 1920w, https:\/\/www.vap-camping.fr\/wp-content\/uploads\/2025\/12\/image-50-600x219.jpeg 600w, https:\/\/www.vap-camping.fr\/wp-content\/uploads\/2025\/12\/image-50-1024x373.jpeg 1024w, https:\/\/www.vap-camping.fr\/wp-content\/uploads\/2025\/12\/image-50-768x280.jpeg 768w, https:\/\/www.vap-camping.fr\/wp-content\/uploads\/2025\/12\/image-50-1536x560.jpeg 1536w\" sizes=\"(max-width: 1920px) 100vw, 1920px\" \/>                        <p class=\"j-title\">\n                            Cerdo de granja y tradiciones ariegas                        <\/p>\n                        <p class=\"j-more\">\n                            Descubre                        <\/p>\n                    <\/a>\n                <\/div>\n\n                            <div class=\"journey-slide\">\n                    <a href=\"https:\/\/www.vap-camping.fr\/es\/lieux\/cosmetiques-artisanaux-au-lait-danesse\/\" class=\"journey\" title=\"Cosm\u00e9ticos artesanales de leche de burra\">\n                        <img decoding=\"async\" width=\"1300\" height=\"1300\" src=\"https:\/\/www.vap-camping.fr\/wp-content\/uploads\/2025\/12\/image-51.jpeg\" class=\"attachment-6185 size-6185 wp-post-image\" alt=\"\" large=\"\" srcset=\"https:\/\/www.vap-camping.fr\/wp-content\/uploads\/2025\/12\/image-51.jpeg 1300w, https:\/\/www.vap-camping.fr\/wp-content\/uploads\/2025\/12\/image-51-600x600.jpeg 600w, https:\/\/www.vap-camping.fr\/wp-content\/uploads\/2025\/12\/image-51-1024x1024.jpeg 1024w, https:\/\/www.vap-camping.fr\/wp-content\/uploads\/2025\/12\/image-51-300x300.jpeg 300w, https:\/\/www.vap-camping.fr\/wp-content\/uploads\/2025\/12\/image-51-768x768.jpeg 768w\" sizes=\"(max-width: 1300px) 100vw, 1300px\" \/>                        <p class=\"j-title\">\n                            Cosm\u00e9ticos artesanales de leche de burra                        <\/p>\n                        <p class=\"j-more\">\n                            Descubre                        <\/p>\n                    <\/a>\n                <\/div>\n\n                    <\/div>\n        <div class=\"journey-buttons\">\n            <button class=\"j-prev\">ARR<\/button>\n            <button class=\"j-next\">AV<\/button>\n        <\/div>\n    <\/div>\n\n\n\n\n\n<div class=\"wp-block-group has-global-padding is-layout-constrained wp-block-group-is-layout-constrained\">\n<div class=\"wp-block-group alignwide is-style-title-simple is-layout-flow wp-block-group-is-layout-flow is-style-title-simple--11\" style=\"margin-top:4rem;margin-bottom:4rem\">\n<p class=\"has-text-align-center has-secondary-color has-text-color has-link-color has-secondary-font-family has-xl-font-size wp-elements-48b9b13635620c22724f6a4434859e19\">Descubre<\/p>\n\n\n\n<p class=\"has-text-align-center has-primary-font-family has-sm-font-size\" style=\"text-transform:uppercase\"><strong>nuestros otros establecimientos<\/strong><\/p>\n<\/div>\n\n\n<div class=\"campings-wrapper is-layout-flow wp-block-slider-campings-is-layout-flow\">\n            <div class=\"campings-list\">\n                            <div class=\"camping-item\"\n                    style=\"background-image: linear-gradient(to top, rgba(0, 0, 0, 0.6), transparent), url('https:\/\/www.vap-camping.fr\/wp-content\/uploads\/2025\/04\/camping-avec-piscine-1024x767.jpg');\">\n                    <a href=\"https:\/\/www.vap-camping.fr\/es\/campings\/camping-du-lac\/\" title=\"Camping du lac(Foix)\" class=\"camping-link\">\n                        <p class=\"title\">Camping du lac(Foix)<\/p>\n                        <p class=\"camping-button\">Descubre<\/p>\n                    <\/a>\n                <\/div>\n                            <div class=\"camping-item\"\n                    style=\"background-image: linear-gradient(to top, rgba(0, 0, 0, 0.6), transparent), url('https:\/\/www.vap-camping.fr\/wp-content\/uploads\/2025\/07\/dji_0589-2-1024x767.jpg');\">\n                    <a href=\"https:\/\/www.vap-camping.fr\/es\/campings\/camping-la-bastide\/\" title=\"Camping la Bastide(Maz\u00e8res)\" class=\"camping-link\">\n                        <p class=\"title\">Camping la Bastide(Maz\u00e8res)<\/p>\n                        <p class=\"camping-button\">Descubre<\/p>\n                    <\/a>\n                <\/div>\n                            <div class=\"camping-item\"\n                    style=\"background-image: linear-gradient(to top, rgba(0, 0, 0, 0.6), transparent), url('https:\/\/www.vap-camping.fr\/wp-content\/uploads\/2025\/04\/dsc03930-1024x500.jpg');\">\n                    <a href=\"https:\/\/www.vap-camping.fr\/es\/campings\/camping-le-rupe\/\" title=\"Camping le Rup\u00e9(Toulouse)\" class=\"camping-link\">\n                        <p class=\"title\">Camping le Rup\u00e9(Toulouse)<\/p>\n                        <p class=\"camping-button\">Descubre<\/p>\n                    <\/a>\n                <\/div>\n                            <div class=\"camping-item\"\n                    style=\"background-image: linear-gradient(to top, rgba(0, 0, 0, 0.6), transparent), url('https:\/\/www.vap-camping.fr\/wp-content\/uploads\/2025\/04\/img_5291-1024x768-1.jpg');\">\n                    <a href=\"https:\/\/www.vap-camping.fr\/es\/campings\/oustalous-complex\/\" title=\"Complejo Les Oustalous\" class=\"camping-link\">\n                        <p class=\"title\">Complejo Les Oustalous<\/p>\n                        <p class=\"camping-button\">Descubre<\/p>\n                    <\/a>\n                <\/div>\n                    <\/div>\n    <\/div>\n\n<\/div>\n\n\n\n<div class=\"wp-block-group reveal has-global-padding is-layout-constrained wp-block-group-is-layout-constrained\">\n<div class=\"wp-block-columns alignfull are-vertically-aligned-center is-faq-wrapper is-layout-flex wp-container-core-columns-is-layout-28f84493 wp-block-columns-is-layout-flex\">\n<div class=\"wp-block-column is-vertically-aligned-center is-layout-flow wp-block-column-is-layout-flow\" style=\"flex-basis:33.33%\">\n<div class=\"wp-block-group is-faq is-layout-flow wp-block-group-is-layout-flow has-background\" style=\"border-radius:100%;background-image:url(&#039;https:\/\/www.vap-camping.fr\/wp-content\/themes\/vap\/assets\/img\/faq.jpg&#039;);background-position:73% 47%;background-size:cover;\"><\/div>\n<\/div>\n\n\n\n<div class=\"wp-block-column is-vertically-aligned-center is-layout-flow wp-block-column-is-layout-flow\" style=\"flex-basis:66.66%\">\n<div class=\"wp-block-group is-style-title-left is-layout-flow wp-block-group-is-layout-flow is-style-title-left--12\">\n<p class=\"has-secondary-color has-text-color has-link-color has-secondary-font-family has-xl-font-size wp-elements-d035b0ac7d06702f4e9077486b33eaf4\">Preguntas m\u00e1s frecuentes<\/p>\n\n\n\n<p class=\"has-primary-color has-text-color has-link-color has-primary-font-family has-sm-font-size wp-elements-46a28a8c6e34929d1c58ee215f7a497d\" style=\"text-transform:uppercase\"><strong>\u00bfQuieres saber m\u00e1s?<\/strong><\/p>\n<\/div>\n\n\n\n<div class=\"wp-block-group has-global-padding is-layout-constrained wp-block-group-is-layout-constrained\">\n<div class=\"pfq\">\n  \n  \n  <nav class=\"pfq__themes\">\n    <h2>Th\u00e9matiques<\/h2>\n    <ul>\n      \n        <li class=\"pfq__theme active\" data-pfq-group=\"group-0\">\n          <a href=\"#\">Preguntas m\u00e1s frecuentes<\/a>\n        <\/li>\n\n          <\/ul>\n  <\/nav>\n\n  <div class=\"pfq__questions\">\n    \n      <div class=\"pfq__questions__group visible\" data-pfq-group=\"group-0\">\n\n        <h3>Preguntas m\u00e1s frecuentes<\/h3>\n\n        \n          <div class=\"pfq__question\"  >\n            <h4 class=\"pfq__question__title\">\u00bfSe proporcionan s\u00e1banas en los alquileres?<\/h4>\n            <div class=\"pfq__answer\"><p><span style=\"font-weight: 400;\">S\u00ed, en los alquileres se proporcionan s\u00e1banas y toallas.  <\/span><\/p>\n<\/div>\n          <\/div>\n\n        \n          <div class=\"pfq__question\"  >\n            <h4 class=\"pfq__question__title\">\u00bfCu\u00e1les son los horarios de llegada y salida?<\/h4>\n            <div class=\"pfq__answer\"><p><span style=\"font-weight: 400;\">Las llegadas son a partir de las 16 h y las salidas antes de las 10 h.<\/span><\/p>\n<\/div>\n          <\/div>\n\n        \n          <div class=\"pfq__question\"  >\n            <h4 class=\"pfq__question__title\">\u00bfLa piscina est\u00e1 climatizada?<\/h4>\n            <div class=\"pfq__answer\"><p><span style=\"font-weight: 400;\">No, la piscina est\u00e1 a una temperatura natural.<\/span><\/p>\n<\/div>\n          <\/div>\n\n        \n          <div class=\"pfq__question\"  >\n            <h4 class=\"pfq__question__title\">\u00bfOfrec\u00e9is alg\u00fan tipo de entretenimiento en el camping?<\/h4>\n            <div class=\"pfq__answer\"><p><span style=\"font-weight: 400;\">S\u00ed, tenemos entretenimiento todos los d\u00edas en temporada alta, incluidos conciertos los s\u00e1bados por la noche.<\/span><\/p>\n<\/div>\n          <\/div>\n\n        \n          <div class=\"pfq__question\"  >\n            <h4 class=\"pfq__question__title\">\u00bfEl camping est\u00e1 cerca de tiendas?<\/h4>\n            <div class=\"pfq__answer\"><p>Panader\u00eda y tienda 6 km<\/p>\n<\/div>\n          <\/div>\n\n        \n          <div class=\"pfq__question\"  >\n            <h4 class=\"pfq__question__title\">\u00bfSe puede acceder al camping en transporte p\u00fablico?<\/h4>\n            <div class=\"pfq__answer\"><p><span style=\"font-weight: 400;\">No.<\/span><\/p>\n<\/div>\n          <\/div>\n\n        \n          <div class=\"pfq__question\"  >\n            <h4 class=\"pfq__question__title\">\u00bfAceptas animales?<\/h4>\n            <div class=\"pfq__answer\"><p><span style=\"font-weight: 400;\">Aceptamos mascotas, siempre que lleven correa. Puede aplicarse un suplemento. <\/span><\/p>\n<\/div>\n          <\/div>\n\n        \n          <div class=\"pfq__question\"  >\n            <h4 class=\"pfq__question__title\">\u00bfHasta qu\u00e9 hora podemos hacer ruido?<\/h4>\n            <div class=\"pfq__answer\"><p><span style=\"font-weight: 400;\">Rogamos a nuestros clientes que respeten la tranquilidad del local a partir de las 22.30 h.<\/span><\/p>\n<\/div>\n          <\/div>\n\n        \n      <\/div>\n\n    \n  <\/div>\n<\/div>\n<\/div>\n<\/div>\n<\/div>\n<\/div>\n\n\n\n<div class=\"wp-block-group btn-resa has-background has-global-padding is-layout-constrained wp-block-group-is-layout-constrained\" style=\"background:linear-gradient(0deg,rgba(255,255,255,0.74) 0%,rgba(255,255,255,0) 100%)\">\n<div class=\"wp-block-buttons is-content-justification-center is-layout-flex wp-container-core-buttons-is-layout-a89b3969 wp-block-buttons-is-layout-flex\">\n<div class=\"wp-block-button\"><a class=\"wp-block-button__link wp-element-button\" href=\"https:\/\/reservation.secureholiday.net\/group\/fr\/108\/search\/estab-view\/436\/products\" target=\"_blank\" rel=\"noreferrer noopener\">reserva tu estancia<\/a><\/div>\n<\/div>\n<\/div>\n<\/div>\n","protected":false},"excerpt":{"rendered":"<p>Camping &#8211; Ari\u00e8ge &#8211; Durfort Bienvenido Camping Le Bourdieu en Ari\u00e8ge En el coraz\u00f3n del valle de L\u00e8ze, \u00a1disfruta de un entorno verde y familiar para unas vacaciones tranquilas y acogedoras en Ari\u00e8ge! Al borde del valle de L\u00e8ze, la familia Secco te da la bienvenida en un ambiente familiar y acogedor, ideal para relajarse [&hellip;]<\/p>\n","protected":false},"featured_media":2566,"parent":0,"template":"","format":"standard","meta":{"_acf_changed":false,"_seopress_robots_primary_cat":"","_seopress_titles_title":"Camping Durfort | Le Bourdieu Camping de 3 estrellas en Ari\u00e8ge","_seopress_titles_desc":"En el coraz\u00f3n del valle del L\u00e8ze, el camping Le Bourdieu de Durfort te ofrece unas vacaciones naturales en el Ari\u00e8ge, combinando tranquilidad, descubrimiento y convivencia.","_seopress_robots_index":"","ouverture":"Abierto todo el a\u00f1o","nombre_de_locations":"42 alquileres","nombre_demplacements":"1 paso desnudo","adresse":"Durfort, 09100 Ari\u00e8ge","numero_de_telephone":"0561673017","email":"campinglebourdieu@orange.fr","url_du_site":"p\u00e1gina web","footnotes":""},"class_list":["post-2548","campings","type-campings","status-publish","format-standard","has-post-thumbnail","hentry"],"acf":{"latitude":"43.1921463","longitude":"1.4571379","ouverture":"Abierto todo el a\u00f1o","nombre_de_locations":"42 alquileres","nombre_demplacements":"1 paso desnudo","adresse":"Durfort, 09100 Ari\u00e8ge","numero_de_telephone":"0561673017","email":"campinglebourdieu@orange.fr","url_du_site":"p\u00e1gina web","stars":3,"services":[{"label":"Piscina (no climatizada)","icon":3050},{"label":"Bar","icon":3049},{"label":"Wifi","icon":3048},{"label":"Entretenimiento estacional","icon":3046},{"label":"Zona de juegos","icon":3043},{"label":"Se admiten mascotas","icon":3051},{"label":"Lavadoras","icon":3044}]},"_links":{"self":[{"href":"https:\/\/www.vap-camping.fr\/es\/wp-json\/wp\/v2\/campings\/2548","targetHints":{"allow":["GET"]}}],"collection":[{"href":"https:\/\/www.vap-camping.fr\/es\/wp-json\/wp\/v2\/campings"}],"about":[{"href":"https:\/\/www.vap-camping.fr\/es\/wp-json\/wp\/v2\/types\/campings"}],"version-history":[{"count":10,"href":"https:\/\/www.vap-camping.fr\/es\/wp-json\/wp\/v2\/campings\/2548\/revisions"}],"predecessor-version":[{"id":7347,"href":"https:\/\/www.vap-camping.fr\/es\/wp-json\/wp\/v2\/campings\/2548\/revisions\/7347"}],"wp:featuredmedia":[{"embeddable":true,"href":"https:\/\/www.vap-camping.fr\/es\/wp-json\/wp\/v2\/media\/2566"}],"wp:attachment":[{"href":"https:\/\/www.vap-camping.fr\/es\/wp-json\/wp\/v2\/media?parent=2548"}],"curies":[{"name":"wp","href":"https:\/\/api.w.org\/{rel}","templated":true}]}}