{"id":2571,"date":"2025-04-18T15:02:18","date_gmt":"2025-04-18T15:02:18","guid":{"rendered":"https:\/\/www.vap-camping.fr\/campings\/camping-le-rupe\/"},"modified":"2026-02-26T08:52:53","modified_gmt":"2026-02-26T08:52:53","slug":"camping-le-rupe","status":"publish","type":"campings","link":"https:\/\/www.vap-camping.fr\/es\/campings\/camping-le-rupe\/","title":{"rendered":"Camping le Rup\u00e9(Toulouse)"},"content":{"rendered":"\n<div class=\"wp-block-group alignfull is-layout-flow wp-container-core-group-is-layout-8af317cd wp-block-group-is-layout-flow\">\n<div class=\"wp-block-group hero-camp fromOpacity is-layout-flow wp-block-group-is-layout-flow\" style=\"margin-bottom:20rem\">\n<div class=\"wp-block-group alignfull hero-img fromOpacity is-layout-flow wp-block-group-is-layout-flow\">\n<figure class=\"wp-block-image size-full\"><img alt=\"\" decoding=\"async\" width=\"2560\" height=\"1250\" src=\"https:\/\/www.vap-camping.fr\/wp-content\/uploads\/2025\/04\/dsc03930-scaled.jpg\" alt=\"\" class=\"wp-image-5333\" srcset=\"https:\/\/www.vap-camping.fr\/wp-content\/uploads\/2025\/04\/dsc03930-scaled.jpg 2560w, https:\/\/www.vap-camping.fr\/wp-content\/uploads\/2025\/04\/dsc03930-600x293.jpg 600w, https:\/\/www.vap-camping.fr\/wp-content\/uploads\/2025\/04\/dsc03930-1024x500.jpg 1024w, https:\/\/www.vap-camping.fr\/wp-content\/uploads\/2025\/04\/dsc03930-768x375.jpg 768w, https:\/\/www.vap-camping.fr\/wp-content\/uploads\/2025\/04\/dsc03930-1536x750.jpg 1536w, https:\/\/www.vap-camping.fr\/wp-content\/uploads\/2025\/04\/dsc03930-2048x1000.jpg 2048w\" sizes=\"(max-width: 2560px) 100vw, 2560px\" \/><\/figure>\n<\/div>\n\n\n\n<div class=\"wp-block-group hero-desc has-secondary-background-color has-background fromOpacity is-layout-flow wp-block-group-is-layout-flow\" style=\"border-top-right-radius:90px;border-bottom-right-radius:90px;padding-top:2rem;padding-bottom:2rem;padding-left:5rem\"><h1 style=\"font-size:clamp(3.037rem, 3.037rem + ((1vw - 0.2rem) * 4.018), 6rem);\" class=\"has-link-color wp-elements-971196805a816ee349c8ae4f34a1c7a7 wp-block-post-title has-text-color has-white-color has-secondary-font-family\">Camping le Rup\u00e9(Toulouse)<\/h1>\n\n\n<div class=\"wp-block-group is-nowrap is-layout-flex wp-container-core-group-is-layout-3b4e9d3e wp-block-group-is-layout-flex\">\n<p class=\"has-white-color has-text-color has-link-color has-sm-font-size wp-elements-bbc414b3a62a48695e6a2fa4b663a8b5\" style=\"font-style:normal;font-weight:500;text-transform:uppercase\">Camping  <\/p>\n\n\n\n<figure class=\"wp-block-image size-full\"><img alt=\"\" decoding=\"async\" src=\"https:\/\/www.vap-camping.fr\/wp-content\/themes\/vap\/assets\/img\/svg\/star-white.svg\" alt=\"\" class=\"wp-image-657\"\/><\/figure>\n\n\n\n<figure class=\"wp-block-image size-full\"><img alt=\"\" decoding=\"async\" src=\"https:\/\/www.vap-camping.fr\/wp-content\/themes\/vap\/assets\/img\/svg\/star-white.svg\" alt=\"\" class=\"wp-image-657\"\/><\/figure>\n\n\n\n<figure class=\"wp-block-image size-full\"><img alt=\"\" decoding=\"async\" src=\"https:\/\/www.vap-camping.fr\/wp-content\/themes\/vap\/assets\/img\/svg\/star-white.svg\" alt=\"\" class=\"wp-image-657\"\/><\/figure>\n\n\n\n<p class=\"has-white-color has-text-color has-link-color has-sm-font-size wp-elements-9bdc229103a3bc42de04bcffebe5f509\" style=\"font-style:normal;font-weight:500;text-transform:uppercase\">&#8211; Alto Garona &#8211; Toulouse<\/p>\n<\/div>\n<\/div>\n<\/div>\n\n\n\n<div class=\"wp-block-group has-global-padding is-layout-constrained wp-container-core-group-is-layout-4f9f0532 wp-block-group-is-layout-constrained\">\n<div class=\"wp-block-columns are-vertically-aligned-top m-ti is-layout-flex wp-container-core-columns-is-layout-c4788e2e wp-block-columns-is-layout-flex\">\n<div class=\"wp-block-column is-vertically-aligned-top m-ti-text-camp is-layout-flow wp-container-core-column-is-layout-58dbe9e9 wp-block-column-is-layout-flow\" style=\"padding-left:10rem;flex-basis:60%\">\n<div class=\"wp-block-group is-style-title-left fromOpacity is-layout-flow wp-block-group-is-layout-flow is-style-title-left--1\">\n<p class=\"has-secondary-color has-text-color has-link-color has-secondary-font-family has-xl-font-size wp-elements-0105c358d15782ec8db07d1822d49155\">\n  Bienvenido<\/p>\n\n\n\n<p class=\"has-primary-color has-text-color has-link-color has-primary-font-family has-sm-font-size wp-elements-b95f33fa41208273c7eb2bc79a7cc08d\" style=\"text-transform:uppercase\"><strong>Camping le rup\u00e9<\/strong><\/p>\n<\/div>\n\n\n\n<h1 class=\"wp-block-heading text-title\">Tanto si vienes en bici, autocaravana o en familia a Toulouse, \u00a1el camping Le Rup\u00e9 te ofrece una estancia acogedora!<\/h1>\n\n\n\n<p class=\"has-m-font-size\" style=\"padding-left:2rem\">A pocos minutos del centro de la ciudad, el Camping Le Rup\u00e9 te da la bienvenida a un oasis verde en el coraz\u00f3n de Toulouse. Cerca del parque de ocio de Sesqui\u00e8res (Parque Wam), es un lugar ideal para disfrutar de un descanso tranquilo sin dejar de estar cerca de los servicios urbanos.   <\/p>\n\n\n\n<p class=\"has-m-font-size\" style=\"padding-left:2rem\">Apreciado por su conveniente ubicaci\u00f3n, el camping atrae tanto a familias como a ciclistas y entusiastas de las autocaravanas o tiendas de campa\u00f1a.  <\/p>\n\n\n\n<p class=\"has-m-font-size\" style=\"padding-left:2rem\">Las confortables casas m\u00f3viles ofrecen un espacio acogedor en el que relajarse, mientras que las parcelas para tiendas y autocaravanas permiten a todos disfrutar de una estancia flexible y tranquila.  <\/p>\n\n\n\n<p class=\"has-m-font-size\" style=\"padding-left:2rem\">Situado cerca del Canal du Midi, el camping es un punto de parada ideal para los ciclistas que viajan entre Toulouse, Carcasona y S\u00e8te.  <\/p>\n\n\n\n<p class=\"has-m-font-size\" style=\"padding-left:2rem\">  Durante la temporada alta, el snack bar organiza una serie de eventos que invitan a los veraneantes a reunirse en un ambiente relajado y agradable.  <\/p>\n\n\n\n<p class=\"has-m-font-size\" style=\"padding-left:2rem\">El equipo est\u00e1 siempre a mano para velar por el bienestar de todos y ocuparse de las peque\u00f1as necesidades de la vida cotidiana.<\/p>\n\n\n\n<p class=\"has-link-color has-m-font-size wp-elements-c00ba495beb3c2cafd70ebdeced905e2\" style=\"padding-left:2rem\">Nuestro <strong><a href=\"https:\/\/www.vap-camping.fr\/es\/\" data-type=\"page\" data-id=\"128\">camping en Toulouse<\/a><\/strong> es la base ideal para explorar Toulouse y sus alrededores disfrutando de la naturaleza.<\/p>\n\n\n\n<div class=\"wp-block-columns is-layout-flex wp-container-core-columns-is-layout-28f84493 wp-block-columns-is-layout-flex\">\n<div class=\"wp-block-column is-vertically-aligned-center is-layout-flow wp-block-column-is-layout-flow\" style=\"flex-basis:33.9%\">\n<figure class=\"wp-block-image aligncenter size-full is-resized\"><a href=\"https:\/\/qualite-tourisme-occitanie.fr\" target=\"_blank\" rel=\" noreferrer noopener\"><img alt=\"\" decoding=\"async\" width=\"1252\" height=\"413\" src=\"https:\/\/www.vap-camping.fr\/wp-content\/uploads\/2025\/04\/excosdf.jpg\" alt=\"\" class=\"wp-image-3970\" style=\"width:auto;height:150px\" srcset=\"https:\/\/www.vap-camping.fr\/wp-content\/uploads\/2025\/04\/excosdf.jpg 1252w, https:\/\/www.vap-camping.fr\/wp-content\/uploads\/2025\/04\/excosdf-600x198.jpg 600w, https:\/\/www.vap-camping.fr\/wp-content\/uploads\/2025\/04\/excosdf-1024x338.jpg 1024w, https:\/\/www.vap-camping.fr\/wp-content\/uploads\/2025\/04\/excosdf-768x253.jpg 768w\" sizes=\"(max-width: 1252px) 100vw, 1252px\" \/><\/a><\/figure>\n<\/div>\n\n\n\n<div class=\"wp-block-column is-vertically-aligned-center is-layout-flow wp-block-column-is-layout-flow\" style=\"flex-basis:20.55%\">\n<figure class=\"wp-block-image aligncenter size-full is-resized\"><img alt=\"\" decoding=\"async\" width=\"800\" height=\"668\" src=\"https:\/\/www.vap-camping.fr\/wp-content\/uploads\/2025\/04\/acsi_fc.webp\" alt=\"\" class=\"wp-image-4041\" style=\"width:150px;height:auto\" srcset=\"https:\/\/www.vap-camping.fr\/wp-content\/uploads\/2025\/04\/acsi_fc.webp 800w, https:\/\/www.vap-camping.fr\/wp-content\/uploads\/2025\/04\/acsi_fc-600x501.webp 600w, https:\/\/www.vap-camping.fr\/wp-content\/uploads\/2025\/04\/acsi_fc-768x641.webp 768w\" sizes=\"(max-width: 800px) 100vw, 800px\" \/><\/figure>\n<\/div>\n\n\n\n<div class=\"wp-block-column is-vertically-aligned-center is-layout-flow wp-block-column-is-layout-flow\" style=\"flex-basis:20.55%\">\n<figure class=\"wp-block-image aligncenter size-full\"><a href=\"https:\/\/www.culture.gouv.fr\/thematiques\/transition-ecologique\/Centre-de-ressources-Transition-ecologique-de-la-Culture\/Labels-normes\/label-accueil-velo\" target=\"_blank\" rel=\" noreferrer noopener\"><img alt=\"accueil-v\u00e9lo\" decoding=\"async\" width=\"2560\" height=\"2560\" src=\"https:\/\/www.vap-camping.fr\/wp-content\/uploads\/2025\/04\/accueil-velo-png-scaled.png\" alt=\"\" class=\"wp-image-3978\" srcset=\"https:\/\/www.vap-camping.fr\/wp-content\/uploads\/2025\/04\/accueil-velo-png-scaled.png 2560w, https:\/\/www.vap-camping.fr\/wp-content\/uploads\/2025\/04\/accueil-velo-png-600x600.png 600w, https:\/\/www.vap-camping.fr\/wp-content\/uploads\/2025\/04\/accueil-velo-png-1024x1024.png 1024w, https:\/\/www.vap-camping.fr\/wp-content\/uploads\/2025\/04\/accueil-velo-png-300x300.png 300w, https:\/\/www.vap-camping.fr\/wp-content\/uploads\/2025\/04\/accueil-velo-png-768x768.png 768w, https:\/\/www.vap-camping.fr\/wp-content\/uploads\/2025\/04\/accueil-velo-png-1536x1536.png 1536w, https:\/\/www.vap-camping.fr\/wp-content\/uploads\/2025\/04\/accueil-velo-png-2048x2048.png 2048w\" sizes=\"(max-width: 2560px) 100vw, 2560px\" \/><\/a><\/figure>\n<\/div>\n\n\n\n<div class=\"wp-block-column is-vertically-aligned-center is-layout-flow wp-block-column-is-layout-flow\" style=\"flex-basis:25%\">\n<figure class=\"wp-block-image size-large\"><a href=\"https:\/\/www.fredonoccitanie.com\/jevi\/charte-regionale-engage-pour-le-vegetal\/\" target=\"_blank\" rel=\" noreferrer noopener\"><img alt=\"\" decoding=\"async\" width=\"1024\" height=\"504\" src=\"https:\/\/www.vap-camping.fr\/wp-content\/uploads\/2025\/10\/image-56-1024x504.jpeg\" alt=\"\" class=\"wp-image-5837\" srcset=\"https:\/\/www.vap-camping.fr\/wp-content\/uploads\/2025\/10\/image-56-1024x504.jpeg 1024w, https:\/\/www.vap-camping.fr\/wp-content\/uploads\/2025\/10\/image-56-600x295.jpeg 600w, https:\/\/www.vap-camping.fr\/wp-content\/uploads\/2025\/10\/image-56-768x378.jpeg 768w, https:\/\/www.vap-camping.fr\/wp-content\/uploads\/2025\/10\/image-56-1536x756.jpeg 1536w, https:\/\/www.vap-camping.fr\/wp-content\/uploads\/2025\/10\/image-56-2048x1008.jpeg 2048w\" sizes=\"(max-width: 1024px) 100vw, 1024px\" \/><\/a><\/figure>\n<\/div>\n<\/div>\n<\/div>\n\n\n\n<div class=\"wp-block-column is-vertically-aligned-top wp-block-image alignright size-large has-custom-border camping-info-desc m-ti-text is-layout-flow wp-block-column-is-layout-flow\" style=\"flex-basis:40%\">\n<div class=\"wp-block-group animBase is-vertical is-content-justification-stretch is-layout-flex wp-container-core-group-is-layout-353c4f5a wp-block-group-is-layout-flex\">\n<div class=\"wp-block-group is-style-title-splash animItem is-layout-flow wp-block-group-is-layout-flow is-style-title-splash--2\" style=\"margin-bottom:4rem\">\n<p class=\"has-secondary-color has-text-color has-link-color has-secondary-font-family wp-elements-263f33a5c57dbcb1a72d7055c3258c5a\" style=\"font-size:clamp(3.195rem, 3.195rem + ((1vw - 0.2rem) * 4.346), 6.4rem);\">Informaci\u00f3n general<\/p>\n<\/div>\n\n\n\n<div class=\"wp-block-group has-grey-background-color has-background animItem is-nowrap is-layout-flex wp-container-core-group-is-layout-f89dbd13 wp-block-group-is-layout-flex\" style=\"border-top-right-radius:40px;border-bottom-right-radius:40px;padding-top:2rem;padding-right:1rem;padding-bottom:2rem;padding-left:3rem\">\n<figure class=\"wp-block-image size-full\"><img decoding=\"async\" src=\"https:\/\/www.vap-camping.fr\/wp-content\/themes\/vap\/assets\/img\/svg\/calendar.svg\" alt=\"Campings VAP\" class=\"wp-image-430\"\/><\/figure>\n\n\n<p style=\"font-style:normal;font-weight:500\">Abierto todo el a\u00f1o<\/p><\/div>\n\n\n\n<div class=\"wp-block-group animItem is-content-justification-left is-nowrap is-layout-flex wp-container-core-group-is-layout-82550dec wp-block-group-is-layout-flex\" style=\"padding-top:2rem;padding-right:1rem;padding-bottom:2rem;padding-left:3rem\">\n<figure class=\"wp-block-image size-full\"><img decoding=\"async\" src=\"https:\/\/www.vap-camping.fr\/wp-content\/themes\/vap\/assets\/img\/svg\/house-chimney-window.svg\" alt=\"Campings VAP\" class=\"wp-image-433\"\/><\/figure>\n\n\n<p style=\"font-style:normal;font-weight:500\">57 alquileres en 4,5 ha<\/p><\/div>\n\n\n\n<div class=\"wp-block-group has-grey-background-color has-background animItem is-content-justification-left is-nowrap is-layout-flex wp-container-core-group-is-layout-82550dec wp-block-group-is-layout-flex\" style=\"border-top-right-radius:40px;border-bottom-right-radius:40px;padding-top:2rem;padding-right:1rem;padding-bottom:2rem;padding-left:3rem\">\n<figure class=\"wp-block-image size-full\"><img decoding=\"async\" src=\"https:\/\/www.vap-camping.fr\/wp-content\/themes\/vap\/assets\/img\/svg\/caravan-simple.svg\" alt=\"Campings VAP\" class=\"wp-image-435\"\/><\/figure>\n\n\n<p style=\"font-style:normal;font-weight:500\">130 y una zona natural dedicada a ciclistas y campistas a pie<\/p><\/div>\n\n\n\n<div class=\"wp-block-group has-white-background-color has-background animItem is-nowrap is-layout-flex wp-container-core-group-is-layout-f89dbd13 wp-block-group-is-layout-flex\" style=\"border-top-right-radius:40px;border-bottom-right-radius:40px;padding-top:2rem;padding-right:1rem;padding-bottom:2rem;padding-left:3rem\">\n<figure class=\"wp-block-image size-full\"><img decoding=\"async\" src=\"https:\/\/www.vap-camping.fr\/wp-content\/themes\/vap\/assets\/img\/svg\/location-dot.svg\" alt=\"Campings VAP\" class=\"wp-image-437\"\/><\/figure>\n\n\n<p style=\"font-style:normal;font-weight:500\">21 chemin pont de Rup\u00e9, 31200, Toulouse<\/p><\/div>\n\n\n\n<div class=\"wp-block-group has-grey-background-color has-background animItem is-nowrap is-layout-flex wp-container-core-group-is-layout-f89dbd13 wp-block-group-is-layout-flex\" style=\"border-top-right-radius:40px;border-bottom-right-radius:40px;padding-top:2rem;padding-right:1rem;padding-bottom:2rem;padding-left:3rem\">\n<figure class=\"wp-block-image size-full is-resized\"><img alt=\"\" decoding=\"async\" src=\"https:\/\/www.vap-camping.fr\/wp-content\/uploads\/2025\/07\/bookmark-regular.svg\" alt=\"\" class=\"wp-image-2202\" style=\"object-fit:contain;width:32px;height:32px\"\/><\/figure>\n\n\n\n<p class=\"has-secondary-color has-text-color has-link-color wp-elements-4f88db4ab540a67f528f6fe88b8f8c75\" style=\"font-style:normal;font-weight:500\"><a href=\"https:\/\/www.google.com\/maps\/dir\/\/21+Chem.+du+Pont+de+Rup%C3%A9,+31200+Toulouse\/@43.6561433,1.3745584,13z\/data=!4m8!4m7!1m0!1m5!1m1!1s0x12aea4efbe0a04f9:0x15fc908bac5a8a14!2m2!1d1.4157578!2d43.6560886?entry=ttu&amp;g_ep=EgoyMDI1MDUyMS4wIKXMDSoASAFQAw%3D%3D\" data-type=\"page\" data-id=\"226\" target=\"_blank\" rel=\"noreferrer noopener\">Itinerario<\/a><\/p>\n<\/div>\n\n\n\n<div class=\"wp-block-group animItem is-content-justification-left is-nowrap is-layout-flex wp-container-core-group-is-layout-82550dec wp-block-group-is-layout-flex\" style=\"border-top-right-radius:40px;border-bottom-right-radius:40px;padding-top:2rem;padding-right:1rem;padding-bottom:2rem;padding-left:3rem\">\n<figure class=\"wp-block-image size-full\"><img decoding=\"async\" src=\"https:\/\/www.vap-camping.fr\/wp-content\/themes\/vap\/assets\/img\/svg\/phone.svg\" alt=\"Campings VAP\" class=\"wp-image-439\"\/><\/figure>\n\n\n\n<a href=\"tel:0561700735\" target=\"_self\"><div class=\"wp-block-group has-global-padding is-layout-constrained wp-block-group-is-layout-constrained\">\n<p style=\"font-style:normal;font-weight:500\"><a href=\"tel:0561700735\">0561700735<\/a><\/p>\n<\/div><\/a>\n<\/div>\n\n\n\n<div class=\"wp-block-group has-grey-background-color has-background animItem is-content-justification-left is-nowrap is-layout-flex wp-container-core-group-is-layout-82550dec wp-block-group-is-layout-flex\" style=\"border-top-right-radius:40px;border-bottom-right-radius:40px;padding-top:2rem;padding-right:1rem;padding-bottom:2rem;padding-left:3rem\">\n<figure class=\"wp-block-image size-full\"><img decoding=\"async\" src=\"https:\/\/www.vap-camping.fr\/wp-content\/themes\/vap\/assets\/img\/svg\/envelope.svg\" alt=\"Campings VAP\" class=\"wp-image-441\"\/><\/figure>\n\n\n\n<a href=\"mailto:mail@mail.com\" target=\"_self\"><div class=\"wp-block-group has-global-padding is-layout-constrained wp-block-group-is-layout-constrained\">\n<p style=\"font-style:normal;font-weight:500\"><a href=\"mailto:campinglerupe@orange.fr\">campinglerupe@orange.fr<\/a><\/p>\n<\/div><\/a>\n<\/div>\n\n\n\n<div class=\"wp-block-group animItem is-content-justification-space-between is-nowrap is-layout-flex wp-container-core-group-is-layout-866cca21 wp-block-group-is-layout-flex\" style=\"padding-top:2rem;padding-right:1rem;padding-bottom:2rem;padding-left:3rem\">\n<div class=\"wp-block-group is-content-justification-left is-nowrap is-layout-flex wp-container-core-group-is-layout-af23f760 wp-block-group-is-layout-flex\">\n<p style=\"font-style:normal;font-weight:500\">Servicios in situ :<\/p>\n\n\n\n<figure class=\"wp-block-image size-full is-resized\"><img alt=\"Sanitaires PMR\" decoding=\"async\" src=\"https:\/\/www.vap-camping.fr\/wp-content\/uploads\/2025\/04\/wheelchair-solid.svg\" alt=\"\" class=\"wp-image-323\" style=\"width:23px\" title=\"Acceso PMR\"\/><\/figure>\n\n\n\n<figure class=\"wp-block-image size-full is-resized\"><img decoding=\"async\" src=\"https:\/\/www.vap-camping.fr\/wp-content\/uploads\/2025\/04\/wifi-ico.svg\" alt=\"wifi\" class=\"wp-image-97\" style=\"width:23px\" title=\"Wifi\"\/><\/figure>\n\n\n\n<figure class=\"wp-block-image size-full is-resized\"><img decoding=\"async\" src=\"https:\/\/www.vap-camping.fr\/wp-content\/uploads\/2025\/04\/party-horn-ico.svg\" alt=\"animaci\u00f3n\" class=\"wp-image-95\" style=\"width:23px\" title=\"Animaci\u00f3n\"\/><\/figure>\n\n\n\n<figure class=\"wp-block-image size-full is-resized\"><img decoding=\"async\" src=\"https:\/\/www.vap-camping.fr\/wp-content\/uploads\/2025\/04\/martini-glass.svg\" alt=\"bar restaurante\" class=\"wp-image-98\" style=\"width:23px\" title=\"Bar y restaurante\"\/><\/figure>\n\n\n\n<figure class=\"wp-block-image size-full is-resized\"><img decoding=\"async\" src=\"https:\/\/www.vap-camping.fr\/wp-content\/uploads\/2025\/04\/basket-shopping.svg\" alt=\"ultramarinos\" class=\"wp-image-94\" style=\"width:23px\" title=\"Tienda de comestibles\"\/><\/figure>\n\n\n\n<figure class=\"wp-block-image size-full is-resized\"><img decoding=\"async\" src=\"https:\/\/www.vap-camping.fr\/wp-content\/uploads\/2025\/04\/dryer.svg\" alt=\"lavander\u00eda\" class=\"wp-image-93\" style=\"width:23px\" title=\"Lavander\u00eda\"\/><\/figure>\n\n\n\n<figure class=\"wp-block-image size-full is-resized\"><img decoding=\"async\" src=\"https:\/\/www.vap-camping.fr\/wp-content\/uploads\/2025\/04\/bicycle-solid.svg\" alt=\"bici a casa\" class=\"wp-image-328\" style=\"width:23px\" title=\"Bicicleta a casa\"\/><\/figure>\n\n\n\n<figure class=\"wp-block-image size-full is-resized\"><img decoding=\"async\" src=\"https:\/\/www.vap-camping.fr\/wp-content\/uploads\/2025\/07\/bolt-solid.svg\" alt=\"6 Puntos de recarga de veh\u00edculos el\u00e9ctricos\" class=\"wp-image-2198\" style=\"width:23px\" title=\"6 Puntos de recarga de veh\u00edculos el\u00e9ctricos\"\/><\/figure>\n<\/div>\n<\/div>\n\n\n\n<div class=\"wp-block-group has-grey-background-color has-background animItem is-content-justification-left is-nowrap is-layout-flex wp-container-core-group-is-layout-82550dec wp-block-group-is-layout-flex\" style=\"border-top-right-radius:40px;border-bottom-right-radius:40px;padding-top:2rem;padding-right:1rem;padding-bottom:2rem;padding-left:3rem\">\n<p style=\"font-style:normal;font-weight:500\">S\u00edguenos en :<\/p>\n\n\n\n<figure class=\"wp-block-image size-full\"><a href=\"https:\/\/www.facebook.com\/share\/16iHzfjbv4\/?mibextid=wwXIfr\"><img alt=\"\" decoding=\"async\" src=\"https:\/\/www.vap-camping.fr\/wp-content\/uploads\/2025\/05\/facebook.svg\" alt=\"\" class=\"wp-image-977\"\/><\/a><\/figure>\n\n\n\n<figure class=\"wp-block-image size-full\"><a href=\"https:\/\/www.instagram.com\/camping_le_rupe\/?igsh=NHJ4bHE1Z3A3cjZz\"><img alt=\"\" decoding=\"async\" src=\"https:\/\/www.vap-camping.fr\/wp-content\/uploads\/2025\/04\/Icon-insta.svg\" alt=\"\" class=\"wp-image-312\"\/><\/a><\/figure>\n\n\n\n<figure class=\"wp-block-image size-full\"><a href=\"https:\/\/www.youtube.com\/@vapcampingsetgite\"><img alt=\"\" decoding=\"async\" src=\"https:\/\/www.vap-camping.fr\/wp-content\/uploads\/2025\/04\/Icon-youtube.svg\" alt=\"\" class=\"wp-image-314\"\/><\/a><\/figure>\n<\/div>\n\n\n\n<div class=\"wp-block-group has-white-background-color has-background animItem is-vertical is-layout-flex wp-container-core-group-is-layout-5a70b6f9 wp-block-group-is-layout-flex\" style=\"border-top-right-radius:40px;border-bottom-right-radius:40px;padding-top:2rem;padding-right:1rem;padding-bottom:2rem;padding-left:3rem\">\n<p><strong>Documentos \u00fatiles :<\/strong><\/p>\n\n\n\n<p class=\"has-secondary-color has-text-color has-link-color wp-elements-2fb61065a8b74f8f5039691842e41d40\" style=\"font-style:normal;font-weight:500\"><a href=\"https:\/\/www.vap-camping.fr\/wp-content\/uploads\/2025\/06\/camping-du-rupe_1_v6.pdf\" target=\"_blank\" rel=\"noreferrer noopener\">Mapa del camping<\/a><\/p>\n\n\n\n<p><a href=\"https:\/\/www.vap-camping.fr\/wp-content\/uploads\/2025\/09\/condition-de-vente-de-toulouse.pdf\" target=\"_blank\" rel=\"noreferrer noopener\">Condiciones generales de venta<\/a><\/p>\n<\/div>\n<\/div>\n<\/div>\n<\/div>\n<\/div>\n\n\n\n<div class=\"wp-block-group has-global-padding is-layout-constrained wp-container-core-group-is-layout-8a400663 wp-block-group-is-layout-constrained\">\n<h2 class=\"wp-block-heading has-text-align-center\">Ofertas y promociones en el camping le Rup\u00e9 (Toulouse)<\/h2>\n\n\n\n<p class=\"has-text-align-center\">\u00a1Descubre nuestras ofertas actuales!<\/p>\n\n\n\n<script>\n    window.ctoutvert = {\n\t\tid: 716, \n\t\tlang: 'es', \n\t\turl: 'https:\/\/reservation.secureholiday.net\/widgets\/'\n    };\n    (function (w, d, s, ctv, r, js, fjs) {\n        r=new XMLHttpRequest();r.open('GET',w[ctv].url+'js\/src.json');\n        r.responseType='json';r.json=true;r.send();\n        r.onload=function(){w[ctv].src=r.responseType=='json'?r.response:JSON.parse(r.response);\n        js.src=w[ctv].src[0];fjs.parentNode.insertBefore(js, fjs);}\n        js=d.createElement(s),fjs=d.getElementsByTagName(s)[0];\n        js.id='ctvwidget';js.async=1;\n    }(window, document, 'script', 'ctoutvert'));\n<\/script>\n<style>.vap-w { display: block; max-width: 60%; }<\/style>\n<ctv-offers data-display-mode=\"carousel\" class=\"vap-w\"><\/ctv-offers>\n<\/div>\n\n\n\n<div class=\"wp-block-group reveal has-global-padding is-layout-constrained wp-block-group-is-layout-constrained\">\n<div class=\"wp-block-group alignwide is-style-title-simple fromTop is-layout-flow wp-block-group-is-layout-flow is-style-title-simple--3\" style=\"margin-top:4rem;margin-bottom:4rem\">\n<p class=\"has-text-align-center has-secondary-color has-text-color has-link-color has-secondary-font-family has-xl-font-size wp-elements-e464df21b6cd2ddc95b3d8510d13a01e\">\n  Fototeca<\/p>\n\n\n\n<p class=\"has-text-align-center has-primary-font-family has-sm-font-size\" style=\"text-transform:uppercase\">\n            <strong>Tus vacaciones en im\u00e1genes<\/strong><\/p>\n<\/div>\n\n\n\n<div class=\"wp-block-group alignfull galery-wrapper is-layout-flow wp-block-group-is-layout-flow\">\n<div class=\"wp-block-group galery-row is-nowrap is-layout-flex wp-container-core-group-is-layout-6c531013 wp-block-group-is-layout-flex\">\n<figure data-wp-context=\"{&quot;imageId&quot;:&quot;69f2331962b23&quot;}\" data-wp-interactive=\"core\/image\" class=\"wp-block-image size-full wp-lightbox-container\"><img alt=\"\" decoding=\"async\" width=\"591\" height=\"600\" data-wp-class--hide=\"state.isContentHidden\" data-wp-class--show=\"state.isContentVisible\" data-wp-init=\"callbacks.setButtonStyles\" data-wp-on-async--click=\"actions.showLightbox\" data-wp-on-async--load=\"callbacks.setButtonStyles\" data-wp-on-async-window--resize=\"callbacks.setButtonStyles\" src=\"https:\/\/www.vap-camping.fr\/wp-content\/uploads\/2025\/04\/base-nautique-a-sesquieres.jpg\" alt=\"\" class=\"wp-image-542\"\/><button\n\t\t\tclass=\"lightbox-trigger\"\n\t\t\ttype=\"button\"\n\t\t\taria-haspopup=\"dialog\"\n\t\t\taria-label=\"Enlarge\"\n\t\t\tdata-wp-init=\"callbacks.initTriggerButton\"\n\t\t\tdata-wp-on-async--click=\"actions.showLightbox\"\n\t\t\tdata-wp-style--right=\"state.imageButtonRight\"\n\t\t\tdata-wp-style--top=\"state.imageButtonTop\"\n\t\t>\n\t\t\t<svg xmlns=\"http:\/\/www.w3.org\/2000\/svg\" width=\"12\" height=\"12\" fill=\"none\" viewBox=\"0 0 12 12\">\n\t\t\t\t<path fill=\"#fff\" d=\"M2 0a2 2 0 0 0-2 2v2h1.5V2a.5.5 0 0 1 .5-.5h2V0H2Zm2 10.5H2a.5.5 0 0 1-.5-.5V8H0v2a2 2 0 0 0 2 2h2v-1.5ZM8 12v-1.5h2a.5.5 0 0 0 .5-.5V8H12v2a2 2 0 0 1-2 2H8Zm2-12a2 2 0 0 1 2 2v2h-1.5V2a.5.5 0 0 0-.5-.5H8V0h2Z\" \/>\n\t\t\t<\/svg>\n\t\t<\/button><\/figure>\n\n\n\n<figure data-wp-context=\"{&quot;imageId&quot;:&quot;69f2331963419&quot;}\" data-wp-interactive=\"core\/image\" class=\"wp-block-image size-full wp-lightbox-container\"><img alt=\"\" decoding=\"async\" width=\"1024\" height=\"683\" data-wp-class--hide=\"state.isContentHidden\" data-wp-class--show=\"state.isContentVisible\" data-wp-init=\"callbacks.setButtonStyles\" data-wp-on-async--click=\"actions.showLightbox\" data-wp-on-async--load=\"callbacks.setButtonStyles\" data-wp-on-async-window--resize=\"callbacks.setButtonStyles\" src=\"https:\/\/www.vap-camping.fr\/wp-content\/uploads\/2025\/04\/camping-le-rupe-bloc-sanitaire.jpg\" alt=\"\" class=\"wp-image-544\" srcset=\"https:\/\/www.vap-camping.fr\/wp-content\/uploads\/2025\/04\/camping-le-rupe-bloc-sanitaire.jpg 1024w, https:\/\/www.vap-camping.fr\/wp-content\/uploads\/2025\/04\/camping-le-rupe-bloc-sanitaire-600x400.jpg 600w, https:\/\/www.vap-camping.fr\/wp-content\/uploads\/2025\/04\/camping-le-rupe-bloc-sanitaire-768x512.jpg 768w\" sizes=\"(max-width: 1024px) 100vw, 1024px\" \/><button\n\t\t\tclass=\"lightbox-trigger\"\n\t\t\ttype=\"button\"\n\t\t\taria-haspopup=\"dialog\"\n\t\t\taria-label=\"Enlarge\"\n\t\t\tdata-wp-init=\"callbacks.initTriggerButton\"\n\t\t\tdata-wp-on-async--click=\"actions.showLightbox\"\n\t\t\tdata-wp-style--right=\"state.imageButtonRight\"\n\t\t\tdata-wp-style--top=\"state.imageButtonTop\"\n\t\t>\n\t\t\t<svg xmlns=\"http:\/\/www.w3.org\/2000\/svg\" width=\"12\" height=\"12\" fill=\"none\" viewBox=\"0 0 12 12\">\n\t\t\t\t<path fill=\"#fff\" d=\"M2 0a2 2 0 0 0-2 2v2h1.5V2a.5.5 0 0 1 .5-.5h2V0H2Zm2 10.5H2a.5.5 0 0 1-.5-.5V8H0v2a2 2 0 0 0 2 2h2v-1.5ZM8 12v-1.5h2a.5.5 0 0 0 .5-.5V8H12v2a2 2 0 0 1-2 2H8Zm2-12a2 2 0 0 1 2 2v2h-1.5V2a.5.5 0 0 0-.5-.5H8V0h2Z\" \/>\n\t\t\t<\/svg>\n\t\t<\/button><\/figure>\n\n\n\n<figure data-wp-context=\"{&quot;imageId&quot;:&quot;69f2331963b91&quot;}\" data-wp-interactive=\"core\/image\" class=\"wp-block-image size-full wp-lightbox-container\"><img alt=\"\" decoding=\"async\" width=\"800\" height=\"524\" data-wp-class--hide=\"state.isContentHidden\" data-wp-class--show=\"state.isContentVisible\" data-wp-init=\"callbacks.setButtonStyles\" data-wp-on-async--click=\"actions.showLightbox\" data-wp-on-async--load=\"callbacks.setButtonStyles\" data-wp-on-async-window--resize=\"callbacks.setButtonStyles\" src=\"https:\/\/www.vap-camping.fr\/wp-content\/uploads\/2025\/04\/canal-du-midi-toulouse.jpg\" alt=\"\" class=\"wp-image-546\" srcset=\"https:\/\/www.vap-camping.fr\/wp-content\/uploads\/2025\/04\/canal-du-midi-toulouse.jpg 800w, https:\/\/www.vap-camping.fr\/wp-content\/uploads\/2025\/04\/canal-du-midi-toulouse-600x393.jpg 600w, https:\/\/www.vap-camping.fr\/wp-content\/uploads\/2025\/04\/canal-du-midi-toulouse-768x503.jpg 768w\" sizes=\"(max-width: 800px) 100vw, 800px\" \/><button\n\t\t\tclass=\"lightbox-trigger\"\n\t\t\ttype=\"button\"\n\t\t\taria-haspopup=\"dialog\"\n\t\t\taria-label=\"Enlarge\"\n\t\t\tdata-wp-init=\"callbacks.initTriggerButton\"\n\t\t\tdata-wp-on-async--click=\"actions.showLightbox\"\n\t\t\tdata-wp-style--right=\"state.imageButtonRight\"\n\t\t\tdata-wp-style--top=\"state.imageButtonTop\"\n\t\t>\n\t\t\t<svg xmlns=\"http:\/\/www.w3.org\/2000\/svg\" width=\"12\" height=\"12\" fill=\"none\" viewBox=\"0 0 12 12\">\n\t\t\t\t<path fill=\"#fff\" d=\"M2 0a2 2 0 0 0-2 2v2h1.5V2a.5.5 0 0 1 .5-.5h2V0H2Zm2 10.5H2a.5.5 0 0 1-.5-.5V8H0v2a2 2 0 0 0 2 2h2v-1.5ZM8 12v-1.5h2a.5.5 0 0 0 .5-.5V8H12v2a2 2 0 0 1-2 2H8Zm2-12a2 2 0 0 1 2 2v2h-1.5V2a.5.5 0 0 0-.5-.5H8V0h2Z\" \/>\n\t\t\t<\/svg>\n\t\t<\/button><\/figure>\n\n\n\n<figure data-wp-context=\"{&quot;imageId&quot;:&quot;69f233196434f&quot;}\" data-wp-interactive=\"core\/image\" class=\"wp-block-image size-full wp-lightbox-container\"><img alt=\"\" decoding=\"async\" width=\"1024\" height=\"1024\" data-wp-class--hide=\"state.isContentHidden\" data-wp-class--show=\"state.isContentVisible\" data-wp-init=\"callbacks.setButtonStyles\" data-wp-on-async--click=\"actions.showLightbox\" data-wp-on-async--load=\"callbacks.setButtonStyles\" data-wp-on-async-window--resize=\"callbacks.setButtonStyles\" src=\"https:\/\/www.vap-camping.fr\/wp-content\/uploads\/2025\/04\/le-salon-de-grand-confort-3-chambres.jpg\" alt=\"\" class=\"wp-image-548\" srcset=\"https:\/\/www.vap-camping.fr\/wp-content\/uploads\/2025\/04\/le-salon-de-grand-confort-3-chambres.jpg 1024w, https:\/\/www.vap-camping.fr\/wp-content\/uploads\/2025\/04\/le-salon-de-grand-confort-3-chambres-600x600.jpg 600w, https:\/\/www.vap-camping.fr\/wp-content\/uploads\/2025\/04\/le-salon-de-grand-confort-3-chambres-300x300.jpg 300w, https:\/\/www.vap-camping.fr\/wp-content\/uploads\/2025\/04\/le-salon-de-grand-confort-3-chambres-768x768.jpg 768w\" sizes=\"(max-width: 1024px) 100vw, 1024px\" \/><button\n\t\t\tclass=\"lightbox-trigger\"\n\t\t\ttype=\"button\"\n\t\t\taria-haspopup=\"dialog\"\n\t\t\taria-label=\"Enlarge\"\n\t\t\tdata-wp-init=\"callbacks.initTriggerButton\"\n\t\t\tdata-wp-on-async--click=\"actions.showLightbox\"\n\t\t\tdata-wp-style--right=\"state.imageButtonRight\"\n\t\t\tdata-wp-style--top=\"state.imageButtonTop\"\n\t\t>\n\t\t\t<svg xmlns=\"http:\/\/www.w3.org\/2000\/svg\" width=\"12\" height=\"12\" fill=\"none\" viewBox=\"0 0 12 12\">\n\t\t\t\t<path fill=\"#fff\" d=\"M2 0a2 2 0 0 0-2 2v2h1.5V2a.5.5 0 0 1 .5-.5h2V0H2Zm2 10.5H2a.5.5 0 0 1-.5-.5V8H0v2a2 2 0 0 0 2 2h2v-1.5ZM8 12v-1.5h2a.5.5 0 0 0 .5-.5V8H12v2a2 2 0 0 1-2 2H8Zm2-12a2 2 0 0 1 2 2v2h-1.5V2a.5.5 0 0 0-.5-.5H8V0h2Z\" \/>\n\t\t\t<\/svg>\n\t\t<\/button><\/figure>\n<\/div>\n\n\n\n<div class=\"wp-block-group galery-row is-nowrap is-layout-flex wp-container-core-group-is-layout-6c531013 wp-block-group-is-layout-flex\">\n<figure data-wp-context=\"{&quot;imageId&quot;:&quot;69f2331964bfa&quot;}\" data-wp-interactive=\"core\/image\" class=\"wp-block-image size-full wp-lightbox-container\"><img alt=\"\" decoding=\"async\" width=\"972\" height=\"646\" data-wp-class--hide=\"state.isContentHidden\" data-wp-class--show=\"state.isContentVisible\" data-wp-init=\"callbacks.setButtonStyles\" data-wp-on-async--click=\"actions.showLightbox\" data-wp-on-async--load=\"callbacks.setButtonStyles\" data-wp-on-async-window--resize=\"callbacks.setButtonStyles\" src=\"https:\/\/www.vap-camping.fr\/wp-content\/uploads\/2025\/04\/vue-canal-du-midi.jpg\" alt=\"\" class=\"wp-image-550\" srcset=\"https:\/\/www.vap-camping.fr\/wp-content\/uploads\/2025\/04\/vue-canal-du-midi.jpg 972w, https:\/\/www.vap-camping.fr\/wp-content\/uploads\/2025\/04\/vue-canal-du-midi-600x399.jpg 600w, https:\/\/www.vap-camping.fr\/wp-content\/uploads\/2025\/04\/vue-canal-du-midi-768x510.jpg 768w\" sizes=\"(max-width: 972px) 100vw, 972px\" \/><button\n\t\t\tclass=\"lightbox-trigger\"\n\t\t\ttype=\"button\"\n\t\t\taria-haspopup=\"dialog\"\n\t\t\taria-label=\"Enlarge\"\n\t\t\tdata-wp-init=\"callbacks.initTriggerButton\"\n\t\t\tdata-wp-on-async--click=\"actions.showLightbox\"\n\t\t\tdata-wp-style--right=\"state.imageButtonRight\"\n\t\t\tdata-wp-style--top=\"state.imageButtonTop\"\n\t\t>\n\t\t\t<svg xmlns=\"http:\/\/www.w3.org\/2000\/svg\" width=\"12\" height=\"12\" fill=\"none\" viewBox=\"0 0 12 12\">\n\t\t\t\t<path fill=\"#fff\" d=\"M2 0a2 2 0 0 0-2 2v2h1.5V2a.5.5 0 0 1 .5-.5h2V0H2Zm2 10.5H2a.5.5 0 0 1-.5-.5V8H0v2a2 2 0 0 0 2 2h2v-1.5ZM8 12v-1.5h2a.5.5 0 0 0 .5-.5V8H12v2a2 2 0 0 1-2 2H8Zm2-12a2 2 0 0 1 2 2v2h-1.5V2a.5.5 0 0 0-.5-.5H8V0h2Z\" \/>\n\t\t\t<\/svg>\n\t\t<\/button><\/figure>\n\n\n\n<figure data-wp-context=\"{&quot;imageId&quot;:&quot;69f233196543e&quot;}\" data-wp-interactive=\"core\/image\" class=\"wp-block-image size-full wp-lightbox-container\"><img alt=\"p\u00e9tanque\" decoding=\"async\" width=\"800\" height=\"533\" data-wp-class--hide=\"state.isContentHidden\" data-wp-class--show=\"state.isContentVisible\" data-wp-init=\"callbacks.setButtonStyles\" data-wp-on-async--click=\"actions.showLightbox\" data-wp-on-async--load=\"callbacks.setButtonStyles\" data-wp-on-async-window--resize=\"callbacks.setButtonStyles\" src=\"https:\/\/www.vap-camping.fr\/wp-content\/uploads\/2025\/04\/terrain-de-petanque-camping-le-rupe.jpg\" alt=\"\" class=\"wp-image-552\" srcset=\"https:\/\/www.vap-camping.fr\/wp-content\/uploads\/2025\/04\/terrain-de-petanque-camping-le-rupe.jpg 800w, https:\/\/www.vap-camping.fr\/wp-content\/uploads\/2025\/04\/terrain-de-petanque-camping-le-rupe-600x400.jpg 600w, https:\/\/www.vap-camping.fr\/wp-content\/uploads\/2025\/04\/terrain-de-petanque-camping-le-rupe-768x512.jpg 768w\" sizes=\"(max-width: 800px) 100vw, 800px\" \/><button\n\t\t\tclass=\"lightbox-trigger\"\n\t\t\ttype=\"button\"\n\t\t\taria-haspopup=\"dialog\"\n\t\t\taria-label=\"Enlarge\"\n\t\t\tdata-wp-init=\"callbacks.initTriggerButton\"\n\t\t\tdata-wp-on-async--click=\"actions.showLightbox\"\n\t\t\tdata-wp-style--right=\"state.imageButtonRight\"\n\t\t\tdata-wp-style--top=\"state.imageButtonTop\"\n\t\t>\n\t\t\t<svg xmlns=\"http:\/\/www.w3.org\/2000\/svg\" width=\"12\" height=\"12\" fill=\"none\" viewBox=\"0 0 12 12\">\n\t\t\t\t<path fill=\"#fff\" d=\"M2 0a2 2 0 0 0-2 2v2h1.5V2a.5.5 0 0 1 .5-.5h2V0H2Zm2 10.5H2a.5.5 0 0 1-.5-.5V8H0v2a2 2 0 0 0 2 2h2v-1.5ZM8 12v-1.5h2a.5.5 0 0 0 .5-.5V8H12v2a2 2 0 0 1-2 2H8Zm2-12a2 2 0 0 1 2 2v2h-1.5V2a.5.5 0 0 0-.5-.5H8V0h2Z\" \/>\n\t\t\t<\/svg>\n\t\t<\/button><\/figure>\n\n\n\n<figure data-wp-context=\"{&quot;imageId&quot;:&quot;69f2331965cb4&quot;}\" data-wp-interactive=\"core\/image\" class=\"wp-block-image size-full wp-lightbox-container\"><img alt=\"\" decoding=\"async\" width=\"1024\" height=\"1024\" data-wp-class--hide=\"state.isContentHidden\" data-wp-class--show=\"state.isContentVisible\" data-wp-init=\"callbacks.setButtonStyles\" data-wp-on-async--click=\"actions.showLightbox\" data-wp-on-async--load=\"callbacks.setButtonStyles\" data-wp-on-async-window--resize=\"callbacks.setButtonStyles\" src=\"https:\/\/www.vap-camping.fr\/wp-content\/uploads\/2025\/04\/salon-grand-confort.jpg\" alt=\"\" class=\"wp-image-554\" srcset=\"https:\/\/www.vap-camping.fr\/wp-content\/uploads\/2025\/04\/salon-grand-confort.jpg 1024w, https:\/\/www.vap-camping.fr\/wp-content\/uploads\/2025\/04\/salon-grand-confort-600x600.jpg 600w, https:\/\/www.vap-camping.fr\/wp-content\/uploads\/2025\/04\/salon-grand-confort-300x300.jpg 300w, https:\/\/www.vap-camping.fr\/wp-content\/uploads\/2025\/04\/salon-grand-confort-768x768.jpg 768w\" sizes=\"(max-width: 1024px) 100vw, 1024px\" \/><button\n\t\t\tclass=\"lightbox-trigger\"\n\t\t\ttype=\"button\"\n\t\t\taria-haspopup=\"dialog\"\n\t\t\taria-label=\"Enlarge\"\n\t\t\tdata-wp-init=\"callbacks.initTriggerButton\"\n\t\t\tdata-wp-on-async--click=\"actions.showLightbox\"\n\t\t\tdata-wp-style--right=\"state.imageButtonRight\"\n\t\t\tdata-wp-style--top=\"state.imageButtonTop\"\n\t\t>\n\t\t\t<svg xmlns=\"http:\/\/www.w3.org\/2000\/svg\" width=\"12\" height=\"12\" fill=\"none\" viewBox=\"0 0 12 12\">\n\t\t\t\t<path fill=\"#fff\" d=\"M2 0a2 2 0 0 0-2 2v2h1.5V2a.5.5 0 0 1 .5-.5h2V0H2Zm2 10.5H2a.5.5 0 0 1-.5-.5V8H0v2a2 2 0 0 0 2 2h2v-1.5ZM8 12v-1.5h2a.5.5 0 0 0 .5-.5V8H12v2a2 2 0 0 1-2 2H8Zm2-12a2 2 0 0 1 2 2v2h-1.5V2a.5.5 0 0 0-.5-.5H8V0h2Z\" \/>\n\t\t\t<\/svg>\n\t\t<\/button><\/figure>\n\n\n\n<figure data-wp-context=\"{&quot;imageId&quot;:&quot;69f23319663d2&quot;}\" data-wp-interactive=\"core\/image\" class=\"wp-block-image size-full wp-lightbox-container\"><img alt=\"\" decoding=\"async\" width=\"1024\" height=\"1024\" data-wp-class--hide=\"state.isContentHidden\" data-wp-class--show=\"state.isContentVisible\" data-wp-init=\"callbacks.setButtonStyles\" data-wp-on-async--click=\"actions.showLightbox\" data-wp-on-async--load=\"callbacks.setButtonStyles\" data-wp-on-async-window--resize=\"callbacks.setButtonStyles\" src=\"https:\/\/www.vap-camping.fr\/wp-content\/uploads\/2025\/04\/terrasse-grand-confort.jpg\" alt=\"\" class=\"wp-image-556\" srcset=\"https:\/\/www.vap-camping.fr\/wp-content\/uploads\/2025\/04\/terrasse-grand-confort.jpg 1024w, https:\/\/www.vap-camping.fr\/wp-content\/uploads\/2025\/04\/terrasse-grand-confort-600x600.jpg 600w, https:\/\/www.vap-camping.fr\/wp-content\/uploads\/2025\/04\/terrasse-grand-confort-300x300.jpg 300w, https:\/\/www.vap-camping.fr\/wp-content\/uploads\/2025\/04\/terrasse-grand-confort-768x768.jpg 768w\" sizes=\"(max-width: 1024px) 100vw, 1024px\" \/><button\n\t\t\tclass=\"lightbox-trigger\"\n\t\t\ttype=\"button\"\n\t\t\taria-haspopup=\"dialog\"\n\t\t\taria-label=\"Enlarge\"\n\t\t\tdata-wp-init=\"callbacks.initTriggerButton\"\n\t\t\tdata-wp-on-async--click=\"actions.showLightbox\"\n\t\t\tdata-wp-style--right=\"state.imageButtonRight\"\n\t\t\tdata-wp-style--top=\"state.imageButtonTop\"\n\t\t>\n\t\t\t<svg xmlns=\"http:\/\/www.w3.org\/2000\/svg\" width=\"12\" height=\"12\" fill=\"none\" viewBox=\"0 0 12 12\">\n\t\t\t\t<path fill=\"#fff\" d=\"M2 0a2 2 0 0 0-2 2v2h1.5V2a.5.5 0 0 1 .5-.5h2V0H2Zm2 10.5H2a.5.5 0 0 1-.5-.5V8H0v2a2 2 0 0 0 2 2h2v-1.5ZM8 12v-1.5h2a.5.5 0 0 0 .5-.5V8H12v2a2 2 0 0 1-2 2H8Zm2-12a2 2 0 0 1 2 2v2h-1.5V2a.5.5 0 0 0-.5-.5H8V0h2Z\" \/>\n\t\t\t<\/svg>\n\t\t<\/button><\/figure>\n<\/div>\n<\/div>\n<\/div>\n\n\n\n<div class=\"wp-block-group alignwide is-style-title-simple fromTop is-layout-flow wp-block-group-is-layout-flow is-style-title-simple--4\" style=\"margin-top:4rem;margin-bottom:4rem\">\n<p class=\"has-text-align-center has-secondary-color has-text-color has-link-color has-secondary-font-family has-xl-font-size wp-elements-a69e9c571bf260c8962c0ef581625a11\">Alojamiento<\/p>\n\n\n\n<p class=\"has-text-align-center has-primary-font-family has-sm-font-size\" style=\"text-transform:uppercase\"><strong>confort en contacto con la naturaleza<\/strong><\/p>\n<\/div>\n\n\n\n<div style=\"background-image:url(&#039;https:\/\/www.vap-camping.fr\/wp-content\/uploads\/2025\/04\/vue-des-grands-conforts-scaled.jpg&#039;);background-size:cover;\" class=\"wp-block-group bg-img-part is-layout-flow wp-block-group-is-layout-flow has-background\">\n<div class=\"wp-block-columns alignfull is-layout-flex wp-container-core-columns-is-layout-28f84493 wp-block-columns-is-layout-flex\">\n<div class=\"wp-block-column is-vertically-aligned-top part-void is-style-default is-layout-flow wp-block-column-is-layout-flow\"><\/div>\n\n\n\n<div class=\"wp-block-column part-content is-layout-flow wp-block-column-is-layout-flow\" style=\"flex-basis:45%\">\n<div class=\"wp-block-group is-bg-rounded has-global-padding is-content-justification-right is-layout-constrained wp-container-core-group-is-layout-42ecb5a2 wp-block-group-is-layout-constrained\">\n<div class=\"wp-block-group alignfull is-style-title-flip has-global-padding is-content-justification-right is-layout-constrained wp-container-core-group-is-layout-f1f2ed93 wp-block-group-is-layout-constrained is-style-title-flip--5\">\n<p class=\"has-text-align-right has-secondary-font-family has-xl-font-size\">Alquileres<\/p>\n\n\n\n<p class=\"has-text-align-right has-sm-font-size\" style=\"text-transform:uppercase\"><strong>y lugares<\/strong><\/p>\n\n\n\n<h1 class=\"wp-block-heading has-text-align-right text-title\"><strong>Alojamiento c\u00f3modo y parcelas espaciosas para todos: familias, ciclistas y aficionados a las autocaravanas.<\/strong><\/h1>\n\n\n\n<p class=\"has-link-color wp-elements-4bdb360d94cad7cf50a6fb799d6a868f\">Nuestro <strong><a href=\"https:\/\/www.vap-camping.fr\/es\/camping-pas-cher-toulouse\/\" data-type=\"page\" data-id=\"2332\">camping en Toulouse<\/a><\/strong> te ofrece c\u00f3modas casas m\u00f3viles de 3 dormitorios, perfectas para familias o grupos peque\u00f1os, con todo lo que necesitas para sentirte como en casa. Estos alojamientos ofrecen un espacio acogedor y funcional, ideal para relajarse tras una jornada de ciclismo o un paseo por la ciudad. <\/p>\n\n\n\n<p>Tambi\u00e9n hay amplias parcelas para tiendas, caravanas y autocaravanas, con electricidad disponible. Hay una zona especial para ciclistas y campistas a pie, perfecta para los entusiastas del deporte y los amantes de la aventura en el Canal du Midi. <\/p>\n\n\n\n<p class=\"has-link-color wp-elements-d79c99c64bd8c00b21cd6b9ad7032e56\">El camping tambi\u00e9n es accesible para personas con movilidad reducida: algunas parcelas est\u00e1n cerca de instalaciones sanitarias adaptadas, y se aceptan gratuitamente perros que acompa\u00f1en a personas discapacitadas.<\/p>\n<\/div>\n\n\n\n<div class=\"wp-block-buttons is-content-justification-right is-layout-flex wp-container-core-buttons-is-layout-d445cf74 wp-block-buttons-is-layout-flex\">\n<div class=\"wp-block-button button is-style-fill\"><a class=\"wp-block-button__link wp-element-button\" href=\"#holidays\" style=\"padding-top:0px;padding-right:0px;padding-bottom:0px;padding-left:0px\">Descubra<\/a><\/div>\n<\/div>\n<\/div>\n<\/div>\n<\/div>\n<\/div>\n\n\n\n<div id=\"holidays\" class=\"wp-block-group fromTop has-global-padding is-layout-constrained wp-container-core-group-is-layout-8a400663 wp-block-group-is-layout-constrained\">\n<script>\n    window.ctoutvert = {\n\t\tid: 16800, \n\t\tlang: 'es', \n\t\turl: 'https:\/\/reservation.secureholiday.net\/widgets\/'\n    };\n    (function (w, d, s, ctv, r, js, fjs) {\n        r=new XMLHttpRequest();r.open('GET',w[ctv].url+'js\/src.json');\n        r.responseType='json';r.json=true;r.send();\n        r.onload=function(){w[ctv].src=r.responseType=='json'?r.response:JSON.parse(r.response);\n        js.src=w[ctv].src[0];fjs.parentNode.insertBefore(js, fjs);}\n        js=d.createElement(s),fjs=d.getElementsByTagName(s)[0];\n        js.id='ctvwidget';js.async=1;\n    }(window, document, 'script', 'ctoutvert'));\n<\/script>\n<ctv-availability data-background-color=\"#FFFFFF00\"><\/ctv-availability>\n<\/div>\n\n\n\n<div class=\"wp-block-group rightLeft has-global-padding is-layout-constrained wp-block-group-is-layout-constrained\">\n<div class=\"wp-block-columns alignfull are-vertically-aligned-center m-ti is-layout-flex wp-container-core-columns-is-layout-0c0b91ec wp-block-columns-is-layout-flex\">\n<div class=\"wp-block-column is-vertically-aligned-center m-ti-text is-layout-flow wp-container-core-column-is-layout-58dbe9e9 wp-block-column-is-layout-flow\" style=\"padding-left:10rem;flex-basis:40%\">\n<div class=\"wp-block-group is-style-title-left is-layout-flow wp-block-group-is-layout-flow is-style-title-left--6\">\n<p class=\"has-secondary-color has-text-color has-link-color has-secondary-font-family has-xl-font-size wp-elements-f671598218044fc852f3a7cea8f9da3b\">Qu\u00e9 hacer<\/p>\n\n\n\n<p class=\"has-primary-color has-text-color has-link-color has-primary-font-family has-sm-font-size wp-elements-bec8c915f7165da547318f63c80dab3e\" style=\"text-transform:uppercase\"><strong>cerca de <\/strong><\/p>\n<\/div>\n\n\n\n<h2 class=\"wp-block-heading text-title\">\u00a1Disfruta de unas vacaciones llenas de vida con un mont\u00f3n de actividades en nuestro camping y sus alrededores!<\/h2>\n\n\n\n<p class=\"has-m-font-size\" style=\"padding-left:2rem\">\u00bfBuscas emociones fuertes?<br>Aprovecha el Parque WAM &#8211; Base de Loisirs Sesqui\u00e8res, colaborador del camping, para practicar wakeboard, paddle board, cursos acu\u00e1ticos hinchables o simplemente relajarte junto al lago.  <\/p>\n\n\n\n<p class=\"has-m-font-size\" style=\"padding-left:2rem\">\u00bfTienes ganas de pedalear?<br>\u00a1A los ciclistas les va a encantar! Recorre el Canal du Midi en tranquilos paseos o en salidas deportivas, perfecto para descubrir Toulouse y sus alrededores sobre dos ruedas.  <\/p>\n\n\n\n<p class=\"has-m-font-size\" style=\"padding-left:2rem\">\u00bfBuscas cultura y descubrimientos?<br>El Museo Aeroscopia y las Grandes M\u00e1quinas fascinar\u00e1n a grandes y peque\u00f1os con sus aviones, simuladores y exposiciones interactivas.  <\/p>\n\n\n\n<p class=\"has-m-font-size\" style=\"padding-left:2rem\">\u00bfBuscas paz y naturaleza?<br>El Jard\u00edn Japon\u00e9s de Compans-Caffarelli es perfecto para un paseo zen con la familia o los amigos. Los parques de la ciudad tambi\u00e9n ofrecen lugares para relajarse y hacer picnics.  <\/p>\n\n\n\n<p class=\"has-m-font-size\" style=\"padding-left:2rem\">\u00a1Y eso no es todo! Hay muchas otras actividades en Toulouse y sus alrededores para completar tu estancia. <\/p>\n<\/div>\n\n\n\n<div class=\"wp-block-column is-vertically-aligned-center wp-block-image alignright size-large has-custom-border is-style-travel m-ti-image is-layout-flow wp-block-column-is-layout-flow is-style-travel--7\" style=\"flex-basis:60%\">\n<figure class=\"wp-block-image alignright size-full\"><img decoding=\"async\" width=\"1200\" height=\"900\" src=\"https:\/\/www.vap-camping.fr\/wp-content\/uploads\/2025\/05\/photo-halle-de-la-machine.jpg\" alt=\"sala de m\u00e1quinas\" class=\"wp-image-1763\" srcset=\"https:\/\/www.vap-camping.fr\/wp-content\/uploads\/2025\/05\/photo-halle-de-la-machine.jpg 1200w, https:\/\/www.vap-camping.fr\/wp-content\/uploads\/2025\/05\/photo-halle-de-la-machine-600x450.jpg 600w, https:\/\/www.vap-camping.fr\/wp-content\/uploads\/2025\/05\/photo-halle-de-la-machine-1024x768.jpg 1024w, https:\/\/www.vap-camping.fr\/wp-content\/uploads\/2025\/05\/photo-halle-de-la-machine-768x576.jpg 768w\" sizes=\"(max-width: 1200px) 100vw, 1200px\" \/><\/figure>\n<\/div>\n<\/div>\n<\/div>\n\n\n\n<div class=\"wp-block-group leftRight has-global-padding is-layout-constrained wp-block-group-is-layout-constrained\">\n<div class=\"wp-block-columns alignfull are-vertically-aligned-center m-ti is-layout-flex wp-container-core-columns-is-layout-0c0b91ec wp-block-columns-is-layout-flex\">\n<div class=\"wp-block-column is-vertically-aligned-center wp-block-image alignright size-large has-custom-border is-style-simple-left m-ti-image is-layout-flow wp-block-column-is-layout-flow is-style-simple-left--8\" style=\"flex-basis:60%\">\n<figure class=\"wp-block-image alignleft size-full\"><img decoding=\"async\" width=\"1920\" height=\"1078\" src=\"https:\/\/www.vap-camping.fr\/wp-content\/uploads\/2025\/07\/canal-du-midi-haute-garonne.webp\" alt=\"Crucero por el Canal du Midi cerca del camping de Toulouse.\" class=\"wp-image-2392\" srcset=\"https:\/\/www.vap-camping.fr\/wp-content\/uploads\/2025\/07\/canal-du-midi-haute-garonne.webp 1920w, https:\/\/www.vap-camping.fr\/wp-content\/uploads\/2025\/07\/canal-du-midi-haute-garonne-600x337.webp 600w, https:\/\/www.vap-camping.fr\/wp-content\/uploads\/2025\/07\/canal-du-midi-haute-garonne-1024x575.webp 1024w, https:\/\/www.vap-camping.fr\/wp-content\/uploads\/2025\/07\/canal-du-midi-haute-garonne-768x431.webp 768w, https:\/\/www.vap-camping.fr\/wp-content\/uploads\/2025\/07\/canal-du-midi-haute-garonne-1536x862.webp 1536w\" sizes=\"(max-width: 1920px) 100vw, 1920px\" \/><\/figure>\n<\/div>\n\n\n\n<div class=\"wp-block-column is-vertically-aligned-center m-ti-text is-layout-flow wp-container-core-column-is-layout-58dbe9e9 wp-block-column-is-layout-flow\" style=\"padding-left:10rem;flex-basis:60%\">\n<div class=\"wp-block-group is-style-title-left is-layout-flow wp-block-group-is-layout-flow is-style-title-left--9\">\n<p class=\"has-secondary-color has-text-color has-link-color has-secondary-font-family has-xl-font-size wp-elements-cc602f70e7c9647e18aeddfc2934cc69\">Nuestros servicios<\/p>\n\n\n\n<p class=\"has-primary-color has-text-color has-link-color has-primary-font-family has-sm-font-size wp-elements-51792fb3ea09ba93a0fc51819e67cec3\" style=\"text-transform:uppercase\"><strong>Para tu comodidad  <\/strong><\/p>\n<\/div>\n\n\n\n<h1 class=\"wp-block-heading text-title\"><strong>\u00a1Todo lo que necesitas para una estancia pr\u00e1ctica, agradable y c\u00f3moda!<\/strong><\/h1>\n\n\n\n<p class=\"has-m-font-size\" style=\"padding-left:2rem\">Wi-Fi gratuito, juegos de mesa, ping-pong y una zona de petanca para todas las edades.<br>El snack bar sirve sabrosos platos, y en verano hay veladas de karaoke, mercados nocturnos y animaci\u00f3n por todo el camping.<br>En la recepci\u00f3n hay una mini tienda de comestibles que vende productos cotidianos y especialidades locales.<br>Para los ciclistas, hay una zona segura para guardar las bicis, un refugio para calentar la comida y una nevera, ideal para explorar el Canal du Midi o Toulouse en bici.<br>Instalaciones sanitarias para minusv\u00e1lidos, lavander\u00eda, punto de conexi\u00f3n el\u00e9ctrica, alquiler de s\u00e1banas y toallas y kits para beb\u00e9s completan la oferta de servicios para una estancia c\u00f3moda y sin estr\u00e9s. Todo est\u00e1 pensado para que disfrutes plenamente de tu estancia con toda tranquilidad. <\/p>\n<\/div>\n<\/div>\n\n\n\n<div class=\"wp-block-columns alignfull are-vertically-aligned-center m-ti is-layout-flex wp-container-core-columns-is-layout-0c0b91ec wp-block-columns-is-layout-flex\">\n<div class=\"wp-block-column is-vertically-aligned-center m-ti-text is-layout-flow wp-container-core-column-is-layout-58dbe9e9 wp-block-column-is-layout-flow\" style=\"padding-left:10rem;flex-basis:40%\">\n<div class=\"wp-block-group is-style-title-left is-layout-flow wp-block-group-is-layout-flow is-style-title-left--10\">\n<p class=\"has-secondary-color has-text-color has-link-color has-secondary-font-family has-xl-font-size wp-elements-60a689a90b260c8a4b3d85df44bd6522\">  Restaurante  <\/p>\n\n\n\n<p class=\"has-primary-color has-text-color has-link-color has-primary-font-family has-sm-font-size wp-elements-113aa6518a7ad6fe83b1ea4e36e7b5b4\" style=\"text-transform:uppercase\"><strong><strong>Merienda<\/strong><\/strong><\/p>\n<\/div>\n\n\n\n<h2 class=\"wp-block-heading text-title\"><strong><strong>\u00a1Ofrecemos platos sencillos y sabrosos preparados con esp\u00edritu de buen vivir!<\/strong><\/strong><\/h2>\n\n\n\n<p class=\"has-m-font-size\" style=\"padding-left:2rem\">Abierto en temporada, el snack bar del camping es el lugar ideal para relajarse y compartir un momento de convivencia.  <\/p>\n\n\n\n<p class=\"has-m-font-size\" style=\"padding-left:2rem\">Situado cerca de las zonas de ocio y juego, el snack bar permite a los padres disfrutar de una comida o un caf\u00e9 mientras los ni\u00f1os se divierten con total seguridad.<\/p>\n\n\n\n<p class=\"has-m-font-size\" style=\"padding-left:2rem\">  En verano, las veladas de karaoke y los mercadillos nocturnos se suman al ritmo de vida del camping, creando momentos inolvidables.<\/p>\n\n\n\n<p class=\"has-m-font-size\" style=\"padding-left:2rem\">Tanto si buscas una pausa gastron\u00f3mica, un almuerzo r\u00e1pido o un momento de convivencia en la terraza, nuestro snack bar te da la bienvenida en un ambiente c\u00e1lido y familiar.<\/p>\n<\/div>\n\n\n\n<div class=\"wp-block-column is-vertically-aligned-center wp-block-image alignright size-large has-custom-border m-ti-image is-style-simple-right is-layout-flow wp-block-column-is-layout-flow is-style-simple-right--11\" style=\"flex-basis:60%\">\n<figure class=\"wp-block-image alignright size-full\"><img alt=\"ap\u00e9ro\" decoding=\"async\" width=\"2560\" height=\"1707\" src=\"https:\/\/www.vap-camping.fr\/wp-content\/uploads\/2025\/05\/AdobeStock_693006007-scaled.jpeg\" alt=\"\" class=\"wp-image-1217\" srcset=\"https:\/\/www.vap-camping.fr\/wp-content\/uploads\/2025\/05\/AdobeStock_693006007-scaled.jpeg 2560w, https:\/\/www.vap-camping.fr\/wp-content\/uploads\/2025\/05\/AdobeStock_693006007-600x400.jpeg 600w, https:\/\/www.vap-camping.fr\/wp-content\/uploads\/2025\/05\/AdobeStock_693006007-1024x683.jpeg 1024w, https:\/\/www.vap-camping.fr\/wp-content\/uploads\/2025\/05\/AdobeStock_693006007-768x512.jpeg 768w, https:\/\/www.vap-camping.fr\/wp-content\/uploads\/2025\/05\/AdobeStock_693006007-1536x1024.jpeg 1536w, https:\/\/www.vap-camping.fr\/wp-content\/uploads\/2025\/05\/AdobeStock_693006007-2048x1365.jpeg 2048w\" sizes=\"(max-width: 2560px) 100vw, 2560px\" \/><\/figure>\n<\/div>\n<\/div>\n<\/div>\n\n\n\n<div class=\"wp-block-group fromTop has-global-padding is-layout-constrained wp-block-group-is-layout-constrained\">\n<div class=\"wp-block-group alignwide is-style-title-simple is-layout-flow wp-block-group-is-layout-flow is-style-title-simple--12\" style=\"margin-top:4rem;margin-bottom:4rem\">\n<p class=\"has-text-align-center has-secondary-color has-text-color has-link-color has-secondary-font-family has-xl-font-size wp-elements-25171fb1a20d03f5caad4e2a46e53cd9\">Visitas y descubrimientos<\/p>\n\n\n\n<p class=\"has-text-align-center has-primary-font-family has-sm-font-size\" style=\"text-transform:uppercase\"><strong>cerca del camping<\/strong><\/p>\n<\/div>\n\n\n\n    <div class=\"journey-wrapper is-layout-flow wp-block-slider-taxo-is-layout-flow\">\n        <div class=\"journey-slides\">\n                            <div class=\"journey-slide\">\n                    <a href=\"https:\/\/www.vap-camping.fr\/es\/lieux\/jardin-japonais-de-toulouse\/\" class=\"journey\" title=\"Jard\u00edn Japon\u00e9s de Toulouse\">\n                        <img decoding=\"async\" width=\"2560\" height=\"1707\" src=\"https:\/\/www.vap-camping.fr\/wp-content\/uploads\/2025\/05\/AdobeStock_219540266-scaled.jpeg\" class=\"attachment-6704 size-6704 wp-post-image\" alt=\"\" large=\"\" srcset=\"https:\/\/www.vap-camping.fr\/wp-content\/uploads\/2025\/05\/AdobeStock_219540266-scaled.jpeg 2560w, https:\/\/www.vap-camping.fr\/wp-content\/uploads\/2025\/05\/AdobeStock_219540266-600x400.jpeg 600w, https:\/\/www.vap-camping.fr\/wp-content\/uploads\/2025\/05\/AdobeStock_219540266-1024x683.jpeg 1024w, https:\/\/www.vap-camping.fr\/wp-content\/uploads\/2025\/05\/AdobeStock_219540266-768x512.jpeg 768w, https:\/\/www.vap-camping.fr\/wp-content\/uploads\/2025\/05\/AdobeStock_219540266-1536x1024.jpeg 1536w, https:\/\/www.vap-camping.fr\/wp-content\/uploads\/2025\/05\/AdobeStock_219540266-2048x1365.jpeg 2048w\" sizes=\"(max-width: 2560px) 100vw, 2560px\" \/>                        <p class=\"j-title\">\n                            Jard\u00edn Japon\u00e9s de Toulouse                        <\/p>\n                        <p class=\"j-more\">\n                            Descubre                        <\/p>\n                    <\/a>\n                <\/div>\n\n                            <div class=\"journey-slide\">\n                    <a href=\"https:\/\/www.vap-camping.fr\/es\/lieux\/escape-game-de-toulouse\/\" class=\"journey\" title=\"Juego de escape Enigma en Toulouse\">\n                        <img decoding=\"async\" width=\"2560\" height=\"1440\" src=\"https:\/\/www.vap-camping.fr\/wp-content\/uploads\/2025\/05\/AdobeStock_217196168-scaled.jpeg\" class=\"attachment-6716 size-6716 wp-post-image\" alt=\"\" large=\"\" srcset=\"https:\/\/www.vap-camping.fr\/wp-content\/uploads\/2025\/05\/AdobeStock_217196168-scaled.jpeg 2560w, https:\/\/www.vap-camping.fr\/wp-content\/uploads\/2025\/05\/AdobeStock_217196168-600x338.jpeg 600w, https:\/\/www.vap-camping.fr\/wp-content\/uploads\/2025\/05\/AdobeStock_217196168-1024x576.jpeg 1024w, https:\/\/www.vap-camping.fr\/wp-content\/uploads\/2025\/05\/AdobeStock_217196168-768x432.jpeg 768w, https:\/\/www.vap-camping.fr\/wp-content\/uploads\/2025\/05\/AdobeStock_217196168-1536x864.jpeg 1536w, https:\/\/www.vap-camping.fr\/wp-content\/uploads\/2025\/05\/AdobeStock_217196168-2048x1152.jpeg 2048w\" sizes=\"(max-width: 2560px) 100vw, 2560px\" \/>                        <p class=\"j-title\">\n                            Juego de escape Enigma en Toulouse                        <\/p>\n                        <p class=\"j-more\">\n                            Descubre                        <\/p>\n                    <\/a>\n                <\/div>\n\n                            <div class=\"journey-slide\">\n                    <a href=\"https:\/\/www.vap-camping.fr\/es\/lieux\/camping-toulouse\/\" class=\"journey\" title=\"Toulouse\">\n                        <img decoding=\"async\" width=\"2000\" height=\"1334\" src=\"https:\/\/www.vap-camping.fr\/wp-content\/uploads\/2025\/05\/placeholder.jpg\" class=\"attachment-2642 size-2642 wp-post-image\" alt=\"\" large=\"\" srcset=\"https:\/\/www.vap-camping.fr\/wp-content\/uploads\/2025\/05\/placeholder.jpg 2000w, https:\/\/www.vap-camping.fr\/wp-content\/uploads\/2025\/05\/placeholder-600x400.jpg 600w, https:\/\/www.vap-camping.fr\/wp-content\/uploads\/2025\/05\/placeholder-1024x683.jpg 1024w, https:\/\/www.vap-camping.fr\/wp-content\/uploads\/2025\/05\/placeholder-768x512.jpg 768w, https:\/\/www.vap-camping.fr\/wp-content\/uploads\/2025\/05\/placeholder-1536x1025.jpg 1536w\" sizes=\"(max-width: 2000px) 100vw, 2000px\" \/>                        <p class=\"j-title\">\n                            Toulouse                        <\/p>\n                        <p class=\"j-more\">\n                            Descubre                        <\/p>\n                    <\/a>\n                <\/div>\n\n                            <div class=\"journey-slide\">\n                    <a href=\"https:\/\/www.vap-camping.fr\/es\/lieux\/africa-safari\/\" class=\"journey\" title=\"Safari por \u00c1frica\">\n                        <img decoding=\"async\" width=\"2560\" height=\"1463\" src=\"https:\/\/www.vap-camping.fr\/wp-content\/uploads\/2025\/05\/AdobeStock_1244397702-scaled.jpeg\" class=\"attachment-2832 size-2832 wp-post-image\" alt=\"\" large=\"\" srcset=\"https:\/\/www.vap-camping.fr\/wp-content\/uploads\/2025\/05\/AdobeStock_1244397702-scaled.jpeg 2560w, https:\/\/www.vap-camping.fr\/wp-content\/uploads\/2025\/05\/AdobeStock_1244397702-600x343.jpeg 600w, https:\/\/www.vap-camping.fr\/wp-content\/uploads\/2025\/05\/AdobeStock_1244397702-1024x585.jpeg 1024w, https:\/\/www.vap-camping.fr\/wp-content\/uploads\/2025\/05\/AdobeStock_1244397702-768x439.jpeg 768w, https:\/\/www.vap-camping.fr\/wp-content\/uploads\/2025\/05\/AdobeStock_1244397702-1536x878.jpeg 1536w, https:\/\/www.vap-camping.fr\/wp-content\/uploads\/2025\/05\/AdobeStock_1244397702-2048x1170.jpeg 2048w\" sizes=\"(max-width: 2560px) 100vw, 2560px\" \/>                        <p class=\"j-title\">\n                            Safari por \u00c1frica                        <\/p>\n                        <p class=\"j-more\">\n                            Descubre                        <\/p>\n                    <\/a>\n                <\/div>\n\n                            <div class=\"journey-slide\">\n                    <a href=\"https:\/\/www.vap-camping.fr\/es\/lieux\/cite-despace-toulouse\/\" class=\"journey\" title=\"Cit\u00e9 de l&#8217;espace Toulouse\">\n                        <img decoding=\"async\" width=\"860\" height=\"650\" src=\"https:\/\/www.vap-camping.fr\/wp-content\/uploads\/2025\/05\/image-12.jpeg\" class=\"attachment-3169 size-3169 wp-post-image\" alt=\"Cit\u00e9 de l&#039;espace\" large=\"\" srcset=\"https:\/\/www.vap-camping.fr\/wp-content\/uploads\/2025\/05\/image-12.jpeg 860w, https:\/\/www.vap-camping.fr\/wp-content\/uploads\/2025\/05\/image-12-600x453.jpeg 600w, https:\/\/www.vap-camping.fr\/wp-content\/uploads\/2025\/05\/image-12-768x580.jpeg 768w\" sizes=\"(max-width: 860px) 100vw, 860px\" \/>                        <p class=\"j-title\">\n                            Cit\u00e9 de l&#8217;espace Toulouse                        <\/p>\n                        <p class=\"j-more\">\n                            Descubre                        <\/p>\n                    <\/a>\n                <\/div>\n\n                            <div class=\"journey-slide\">\n                    <a href=\"https:\/\/www.vap-camping.fr\/es\/lieux\/envol-des-pionniers\/\" class=\"journey\" title=\"Los pioneros surcan los cielos\">\n                        <img decoding=\"async\" width=\"800\" height=\"524\" src=\"https:\/\/www.vap-camping.fr\/wp-content\/uploads\/2025\/04\/canal-du-midi-toulouse.jpg\" class=\"attachment-3173 size-3173 wp-post-image\" alt=\"\" large=\"\" srcset=\"https:\/\/www.vap-camping.fr\/wp-content\/uploads\/2025\/04\/canal-du-midi-toulouse.jpg 800w, https:\/\/www.vap-camping.fr\/wp-content\/uploads\/2025\/04\/canal-du-midi-toulouse-600x393.jpg 600w, https:\/\/www.vap-camping.fr\/wp-content\/uploads\/2025\/04\/canal-du-midi-toulouse-768x503.jpg 768w\" sizes=\"(max-width: 800px) 100vw, 800px\" \/>                        <p class=\"j-title\">\n                            Los pioneros surcan los cielos                        <\/p>\n                        <p class=\"j-more\">\n                            Descubre                        <\/p>\n                    <\/a>\n                <\/div>\n\n                            <div class=\"journey-slide\">\n                    <a href=\"https:\/\/www.vap-camping.fr\/es\/lieux\/la-halle-de-la-machine\/\" class=\"journey\" title=\"La sala de m\u00e1quinas\">\n                        <img decoding=\"async\" width=\"1200\" height=\"900\" src=\"https:\/\/www.vap-camping.fr\/wp-content\/uploads\/2025\/05\/photo-halle-de-la-machine.jpg\" class=\"attachment-2820 size-2820 wp-post-image\" alt=\"\" large=\"\" srcset=\"https:\/\/www.vap-camping.fr\/wp-content\/uploads\/2025\/05\/photo-halle-de-la-machine.jpg 1200w, https:\/\/www.vap-camping.fr\/wp-content\/uploads\/2025\/05\/photo-halle-de-la-machine-600x450.jpg 600w, https:\/\/www.vap-camping.fr\/wp-content\/uploads\/2025\/05\/photo-halle-de-la-machine-1024x768.jpg 1024w, https:\/\/www.vap-camping.fr\/wp-content\/uploads\/2025\/05\/photo-halle-de-la-machine-768x576.jpg 768w\" sizes=\"(max-width: 1200px) 100vw, 1200px\" \/>                        <p class=\"j-title\">\n                            La sala de m\u00e1quinas                        <\/p>\n                        <p class=\"j-more\">\n                            Descubre                        <\/p>\n                    <\/a>\n                <\/div>\n\n                            <div class=\"journey-slide\">\n                    <a href=\"https:\/\/www.vap-camping.fr\/es\/lieux\/musee-aeroscopia\/\" class=\"journey\" title=\"Museo Aeroscopia\">\n                        <img decoding=\"async\" width=\"860\" height=\"576\" src=\"https:\/\/www.vap-camping.fr\/wp-content\/uploads\/2025\/05\/image-15.jpeg\" class=\"attachment-3163 size-3163 wp-post-image\" alt=\"mus\u00e9e Aeroscopia\" large=\"\" srcset=\"https:\/\/www.vap-camping.fr\/wp-content\/uploads\/2025\/05\/image-15.jpeg 860w, https:\/\/www.vap-camping.fr\/wp-content\/uploads\/2025\/05\/image-15-600x402.jpeg 600w, https:\/\/www.vap-camping.fr\/wp-content\/uploads\/2025\/05\/image-15-768x514.jpeg 768w\" sizes=\"(max-width: 860px) 100vw, 860px\" \/>                        <p class=\"j-title\">\n                            Museo Aeroscopia                        <\/p>\n                        <p class=\"j-more\">\n                            Descubre                        <\/p>\n                    <\/a>\n                <\/div>\n\n                            <div class=\"journey-slide\">\n                    <a href=\"https:\/\/www.vap-camping.fr\/es\/lieux\/museum-de-toulouse\/\" class=\"journey\" title=\"Museo de Toulouse\">\n                        <img decoding=\"async\" width=\"1200\" height=\"800\" src=\"https:\/\/www.vap-camping.fr\/wp-content\/uploads\/2025\/05\/image-10.jpeg\" class=\"attachment-3116 size-3116 wp-post-image\" alt=\"Toulouse Museum\" large=\"\" srcset=\"https:\/\/www.vap-camping.fr\/wp-content\/uploads\/2025\/05\/image-10.jpeg 1200w, https:\/\/www.vap-camping.fr\/wp-content\/uploads\/2025\/05\/image-10-600x400.jpeg 600w, https:\/\/www.vap-camping.fr\/wp-content\/uploads\/2025\/05\/image-10-1024x683.jpeg 1024w, https:\/\/www.vap-camping.fr\/wp-content\/uploads\/2025\/05\/image-10-768x512.jpeg 768w\" sizes=\"(max-width: 1200px) 100vw, 1200px\" \/>                        <p class=\"j-title\">\n                            Museo de Toulouse                        <\/p>\n                        <p class=\"j-more\">\n                            Descubre                        <\/p>\n                    <\/a>\n                <\/div>\n\n                            <div class=\"journey-slide\">\n                    <a href=\"https:\/\/www.vap-camping.fr\/es\/lieux\/toulouse-en-velo\/\" class=\"journey\" title=\"Toulouse en bicicleta\">\n                        <img decoding=\"async\" width=\"2560\" height=\"1218\" src=\"https:\/\/www.vap-camping.fr\/wp-content\/uploads\/2025\/05\/AdobeStock_492836814-scaled.jpeg\" class=\"attachment-6950 size-6950 wp-post-image\" alt=\"\" large=\"\" srcset=\"https:\/\/www.vap-camping.fr\/wp-content\/uploads\/2025\/05\/AdobeStock_492836814-scaled.jpeg 2560w, https:\/\/www.vap-camping.fr\/wp-content\/uploads\/2025\/05\/AdobeStock_492836814-600x285.jpeg 600w, https:\/\/www.vap-camping.fr\/wp-content\/uploads\/2025\/05\/AdobeStock_492836814-1024x487.jpeg 1024w, https:\/\/www.vap-camping.fr\/wp-content\/uploads\/2025\/05\/AdobeStock_492836814-768x365.jpeg 768w, https:\/\/www.vap-camping.fr\/wp-content\/uploads\/2025\/05\/AdobeStock_492836814-1536x731.jpeg 1536w, https:\/\/www.vap-camping.fr\/wp-content\/uploads\/2025\/05\/AdobeStock_492836814-2048x974.jpeg 2048w\" sizes=\"(max-width: 2560px) 100vw, 2560px\" \/>                        <p class=\"j-title\">\n                            Toulouse en bicicleta                        <\/p>\n                        <p class=\"j-more\">\n                            Descubre                        <\/p>\n                    <\/a>\n                <\/div>\n\n                            <div class=\"journey-slide\">\n                    <a href=\"https:\/\/www.vap-camping.fr\/es\/lieux\/edf-toulouse\/\" class=\"journey\" title=\"Bazacle, Arte, Energ\u00eda y Patrimonio\">\n                        <img decoding=\"async\" width=\"1920\" height=\"1080\" src=\"https:\/\/www.vap-camping.fr\/wp-content\/uploads\/2025\/07\/toulouse-haute-garonne.webp\" class=\"attachment-3911 size-3911 wp-post-image\" alt=\"\" large=\"\" srcset=\"https:\/\/www.vap-camping.fr\/wp-content\/uploads\/2025\/07\/toulouse-haute-garonne.webp 1920w, https:\/\/www.vap-camping.fr\/wp-content\/uploads\/2025\/07\/toulouse-haute-garonne-600x338.webp 600w, https:\/\/www.vap-camping.fr\/wp-content\/uploads\/2025\/07\/toulouse-haute-garonne-1024x576.webp 1024w, https:\/\/www.vap-camping.fr\/wp-content\/uploads\/2025\/07\/toulouse-haute-garonne-768x432.webp 768w, https:\/\/www.vap-camping.fr\/wp-content\/uploads\/2025\/07\/toulouse-haute-garonne-1536x864.webp 1536w\" sizes=\"(max-width: 1920px) 100vw, 1920px\" \/>                        <p class=\"j-title\">\n                            Bazacle, Arte, Energ\u00eda y Patrimonio                        <\/p>\n                        <p class=\"j-more\">\n                            Descubre                        <\/p>\n                    <\/a>\n                <\/div>\n\n                            <div class=\"journey-slide\">\n                    <a href=\"https:\/\/www.vap-camping.fr\/es\/lieux\/le-couvent-jacobin\/\" class=\"journey\" title=\"El Convento de los Jacobinos\">\n                        <img decoding=\"async\" width=\"1920\" height=\"2560\" src=\"https:\/\/www.vap-camping.fr\/wp-content\/uploads\/2025\/08\/couvent-des-jacobins-toulouse-1-scaled.jpg\" class=\"attachment-6592 size-6592 wp-post-image\" alt=\"couvent Jacobin\" large=\"\" srcset=\"https:\/\/www.vap-camping.fr\/wp-content\/uploads\/2025\/08\/couvent-des-jacobins-toulouse-1-scaled.jpg 1920w, https:\/\/www.vap-camping.fr\/wp-content\/uploads\/2025\/08\/couvent-des-jacobins-toulouse-1-450x600.jpg 450w, https:\/\/www.vap-camping.fr\/wp-content\/uploads\/2025\/08\/couvent-des-jacobins-toulouse-1-768x1024.jpg 768w, https:\/\/www.vap-camping.fr\/wp-content\/uploads\/2025\/08\/couvent-des-jacobins-toulouse-1-1152x1536.jpg 1152w, https:\/\/www.vap-camping.fr\/wp-content\/uploads\/2025\/08\/couvent-des-jacobins-toulouse-1-1536x2048.jpg 1536w\" sizes=\"(max-width: 1920px) 100vw, 1920px\" \/>                        <p class=\"j-title\">\n                            El Convento de los Jacobinos                        <\/p>\n                        <p class=\"j-more\">\n                            Descubre                        <\/p>\n                    <\/a>\n                <\/div>\n\n                            <div class=\"journey-slide\">\n                    <a href=\"https:\/\/www.vap-camping.fr\/es\/lieux\/la-chapelle-des-carmelites\/\" class=\"journey\" title=\"La capilla carmelita\">\n                        <img decoding=\"async\" width=\"780\" height=\"560\" src=\"https:\/\/www.vap-camping.fr\/wp-content\/uploads\/2025\/11\/image.jpeg\" class=\"attachment-6560 size-6560 wp-post-image\" alt=\"Chapelle des Carm\u00e9lites\" large=\"\" srcset=\"https:\/\/www.vap-camping.fr\/wp-content\/uploads\/2025\/11\/image.jpeg 780w, https:\/\/www.vap-camping.fr\/wp-content\/uploads\/2025\/11\/image-600x431.jpeg 600w, https:\/\/www.vap-camping.fr\/wp-content\/uploads\/2025\/11\/image-768x551.jpeg 768w\" sizes=\"(max-width: 780px) 100vw, 780px\" \/>                        <p class=\"j-title\">\n                            La capilla carmelita                        <\/p>\n                        <p class=\"j-more\">\n                            Descubre                        <\/p>\n                    <\/a>\n                <\/div>\n\n                            <div class=\"journey-slide\">\n                    <a href=\"https:\/\/www.vap-camping.fr\/es\/lieux\/la-basilique-saint-sernin\/\" class=\"journey\" title=\"La Bas\u00edlica de Saint-Sernin\">\n                        <img decoding=\"async\" width=\"2560\" height=\"1920\" src=\"https:\/\/www.vap-camping.fr\/wp-content\/uploads\/2025\/11\/img_3773-scaled.jpeg\" class=\"attachment-6538 size-6538 wp-post-image\" alt=\"La basilique saint serein\" large=\"\" srcset=\"https:\/\/www.vap-camping.fr\/wp-content\/uploads\/2025\/11\/img_3773-scaled.jpeg 2560w, https:\/\/www.vap-camping.fr\/wp-content\/uploads\/2025\/11\/img_3773-600x450.jpeg 600w, https:\/\/www.vap-camping.fr\/wp-content\/uploads\/2025\/11\/img_3773-1024x768.jpeg 1024w, https:\/\/www.vap-camping.fr\/wp-content\/uploads\/2025\/11\/img_3773-768x576.jpeg 768w, https:\/\/www.vap-camping.fr\/wp-content\/uploads\/2025\/11\/img_3773-1536x1152.jpeg 1536w, https:\/\/www.vap-camping.fr\/wp-content\/uploads\/2025\/11\/img_3773-2048x1536.jpeg 2048w\" sizes=\"(max-width: 2560px) 100vw, 2560px\" \/>                        <p class=\"j-title\">\n                            La Bas\u00edlica de Saint-Sernin                        <\/p>\n                        <p class=\"j-more\">\n                            Descubre                        <\/p>\n                    <\/a>\n                <\/div>\n\n                            <div class=\"journey-slide\">\n                    <a href=\"https:\/\/www.vap-camping.fr\/es\/lieux\/le-chateau-bellevue-toulouse\/\" class=\"journey\" title=\"Castillo Bellevue Toulouse\">\n                        <img decoding=\"async\" width=\"1200\" height=\"822\" src=\"https:\/\/www.vap-camping.fr\/wp-content\/uploads\/2025\/11\/image-2.jpeg\" class=\"attachment-6524 size-6524 wp-post-image\" alt=\"ch\u00e2teau pr\u00e8s de Toulouse\" large=\"\" srcset=\"https:\/\/www.vap-camping.fr\/wp-content\/uploads\/2025\/11\/image-2.jpeg 1200w, https:\/\/www.vap-camping.fr\/wp-content\/uploads\/2025\/11\/image-2-600x411.jpeg 600w, https:\/\/www.vap-camping.fr\/wp-content\/uploads\/2025\/11\/image-2-1024x701.jpeg 1024w, https:\/\/www.vap-camping.fr\/wp-content\/uploads\/2025\/11\/image-2-768x526.jpeg 768w\" sizes=\"(max-width: 1200px) 100vw, 1200px\" \/>                        <p class=\"j-title\">\n                            Castillo Bellevue Toulouse                        <\/p>\n                        <p class=\"j-more\">\n                            Descubre                        <\/p>\n                    <\/a>\n                <\/div>\n\n                            <div class=\"journey-slide\">\n                    <a href=\"https:\/\/www.vap-camping.fr\/es\/lieux\/lhotel-dassezat\/\" class=\"journey\" title=\"El Hotel d&#8217;Ass\u00e9zat\">\n                        <img decoding=\"async\" width=\"1920\" height=\"1280\" src=\"https:\/\/www.vap-camping.fr\/wp-content\/uploads\/2025\/11\/image-1-1.jpeg\" class=\"attachment-6512 size-6512 wp-post-image\" alt=\"L\u2019H\u00f4tel d&#039;Ass\u00e9zat\" large=\"\" srcset=\"https:\/\/www.vap-camping.fr\/wp-content\/uploads\/2025\/11\/image-1-1.jpeg 1920w, https:\/\/www.vap-camping.fr\/wp-content\/uploads\/2025\/11\/image-1-1-600x400.jpeg 600w, https:\/\/www.vap-camping.fr\/wp-content\/uploads\/2025\/11\/image-1-1-1024x683.jpeg 1024w, https:\/\/www.vap-camping.fr\/wp-content\/uploads\/2025\/11\/image-1-1-768x512.jpeg 768w, https:\/\/www.vap-camping.fr\/wp-content\/uploads\/2025\/11\/image-1-1-1536x1024.jpeg 1536w\" sizes=\"(max-width: 1920px) 100vw, 1920px\" \/>                        <p class=\"j-title\">\n                            El Hotel d&#8217;Ass\u00e9zat                        <\/p>\n                        <p class=\"j-more\">\n                            Descubre                        <\/p>\n                    <\/a>\n                <\/div>\n\n                            <div class=\"journey-slide\">\n                    <a href=\"https:\/\/www.vap-camping.fr\/es\/lieux\/boucle-de-la-comtesse\/\" class=\"journey\" title=\"El bucle de la Condesa\">\n                        <img decoding=\"async\" width=\"2048\" height=\"1365\" src=\"https:\/\/www.vap-camping.fr\/wp-content\/uploads\/2025\/11\/image-5-1.jpeg\" class=\"attachment-6461 size-6461 wp-post-image\" alt=\"\" large=\"\" srcset=\"https:\/\/www.vap-camping.fr\/wp-content\/uploads\/2025\/11\/image-5-1.jpeg 2048w, https:\/\/www.vap-camping.fr\/wp-content\/uploads\/2025\/11\/image-5-1-600x400.jpeg 600w, https:\/\/www.vap-camping.fr\/wp-content\/uploads\/2025\/11\/image-5-1-1024x683.jpeg 1024w, https:\/\/www.vap-camping.fr\/wp-content\/uploads\/2025\/11\/image-5-1-768x512.jpeg 768w, https:\/\/www.vap-camping.fr\/wp-content\/uploads\/2025\/11\/image-5-1-1536x1024.jpeg 1536w\" sizes=\"(max-width: 2048px) 100vw, 2048px\" \/>                        <p class=\"j-title\">\n                            El bucle de la Condesa                        <\/p>\n                        <p class=\"j-more\">\n                            Descubre                        <\/p>\n                    <\/a>\n                <\/div>\n\n                            <div class=\"journey-slide\">\n                    <a href=\"https:\/\/www.vap-camping.fr\/es\/lieux\/circuit-tonique-aux-portes-de-toulouse\/\" class=\"journey\" title=\"Un recorrido estimulante por las afueras de Toulouse\">\n                        <img decoding=\"async\" width=\"800\" height=\"483\" src=\"https:\/\/www.vap-camping.fr\/wp-content\/uploads\/2025\/11\/image-7.jpeg\" class=\"attachment-6432 size-6432 wp-post-image\" alt=\"\" large=\"\" srcset=\"https:\/\/www.vap-camping.fr\/wp-content\/uploads\/2025\/11\/image-7.jpeg 800w, https:\/\/www.vap-camping.fr\/wp-content\/uploads\/2025\/11\/image-7-600x362.jpeg 600w, https:\/\/www.vap-camping.fr\/wp-content\/uploads\/2025\/11\/image-7-768x464.jpeg 768w\" sizes=\"(max-width: 800px) 100vw, 800px\" \/>                        <p class=\"j-title\">\n                            Un recorrido estimulante por las afueras de Toulouse                        <\/p>\n                        <p class=\"j-more\">\n                            Descubre                        <\/p>\n                    <\/a>\n                <\/div>\n\n                            <div class=\"journey-slide\">\n                    <a href=\"https:\/\/www.vap-camping.fr\/es\/lieux\/balade-au-canal-du-mide\/\" class=\"journey\" title=\"Paseo por el Canal du Midi\">\n                        <img decoding=\"async\" width=\"1920\" height=\"1078\" src=\"https:\/\/www.vap-camping.fr\/wp-content\/uploads\/2025\/07\/canal-du-midi-haute-garonne.webp\" class=\"attachment-6454 size-6454 wp-post-image\" alt=\"\" large=\"\" srcset=\"https:\/\/www.vap-camping.fr\/wp-content\/uploads\/2025\/07\/canal-du-midi-haute-garonne.webp 1920w, https:\/\/www.vap-camping.fr\/wp-content\/uploads\/2025\/07\/canal-du-midi-haute-garonne-600x337.webp 600w, https:\/\/www.vap-camping.fr\/wp-content\/uploads\/2025\/07\/canal-du-midi-haute-garonne-1024x575.webp 1024w, https:\/\/www.vap-camping.fr\/wp-content\/uploads\/2025\/07\/canal-du-midi-haute-garonne-768x431.webp 768w, https:\/\/www.vap-camping.fr\/wp-content\/uploads\/2025\/07\/canal-du-midi-haute-garonne-1536x862.webp 1536w\" sizes=\"(max-width: 1920px) 100vw, 1920px\" \/>                        <p class=\"j-title\">\n                            Paseo por el Canal du Midi                        <\/p>\n                        <p class=\"j-more\">\n                            Descubre                        <\/p>\n                    <\/a>\n                <\/div>\n\n                            <div class=\"journey-slide\">\n                    <a href=\"https:\/\/www.vap-camping.fr\/es\/lieux\/garonne-et-canal-a-velo\/\" class=\"journey\" title=\"Garona y Canal en bici\">\n                        <img decoding=\"async\" width=\"1920\" height=\"1284\" src=\"https:\/\/www.vap-camping.fr\/wp-content\/uploads\/2025\/07\/velo-canal-du-midi-haute-garonne.webp\" class=\"attachment-6405 size-6405 wp-post-image\" alt=\"\" large=\"\" srcset=\"https:\/\/www.vap-camping.fr\/wp-content\/uploads\/2025\/07\/velo-canal-du-midi-haute-garonne.webp 1920w, https:\/\/www.vap-camping.fr\/wp-content\/uploads\/2025\/07\/velo-canal-du-midi-haute-garonne-600x401.webp 600w, https:\/\/www.vap-camping.fr\/wp-content\/uploads\/2025\/07\/velo-canal-du-midi-haute-garonne-1024x685.webp 1024w, https:\/\/www.vap-camping.fr\/wp-content\/uploads\/2025\/07\/velo-canal-du-midi-haute-garonne-768x514.webp 768w, https:\/\/www.vap-camping.fr\/wp-content\/uploads\/2025\/07\/velo-canal-du-midi-haute-garonne-1536x1027.webp 1536w\" sizes=\"(max-width: 1920px) 100vw, 1920px\" \/>                        <p class=\"j-title\">\n                            Garona y Canal en bici                        <\/p>\n                        <p class=\"j-more\">\n                            Descubre                        <\/p>\n                    <\/a>\n                <\/div>\n\n                            <div class=\"journey-slide\">\n                    <a href=\"https:\/\/www.vap-camping.fr\/es\/lieux\/caliceo-toulouse\/\" class=\"journey\" title=\"Calic\u00e9o Toulouse\">\n                        <img decoding=\"async\" width=\"2560\" height=\"1637\" src=\"https:\/\/www.vap-camping.fr\/wp-content\/uploads\/2025\/05\/AdobeStock_1074550848-scaled.jpeg\" class=\"attachment-6344 size-6344 wp-post-image\" alt=\"\" large=\"\" srcset=\"https:\/\/www.vap-camping.fr\/wp-content\/uploads\/2025\/05\/AdobeStock_1074550848-scaled.jpeg 2560w, https:\/\/www.vap-camping.fr\/wp-content\/uploads\/2025\/05\/AdobeStock_1074550848-600x384.jpeg 600w, https:\/\/www.vap-camping.fr\/wp-content\/uploads\/2025\/05\/AdobeStock_1074550848-1024x655.jpeg 1024w, https:\/\/www.vap-camping.fr\/wp-content\/uploads\/2025\/05\/AdobeStock_1074550848-768x491.jpeg 768w, https:\/\/www.vap-camping.fr\/wp-content\/uploads\/2025\/05\/AdobeStock_1074550848-1536x982.jpeg 1536w, https:\/\/www.vap-camping.fr\/wp-content\/uploads\/2025\/05\/AdobeStock_1074550848-2048x1310.jpeg 2048w\" sizes=\"(max-width: 2560px) 100vw, 2560px\" \/>                        <p class=\"j-title\">\n                            Calic\u00e9o Toulouse                        <\/p>\n                        <p class=\"j-more\">\n                            Descubre                        <\/p>\n                    <\/a>\n                <\/div>\n\n                            <div class=\"journey-slide\">\n                    <a href=\"https:\/\/www.vap-camping.fr\/es\/lieux\/vol-a-la-lune\/\" class=\"journey\" title=\"Emb\u00e1rcate en un viaje al espacio\">\n                        <img decoding=\"async\" width=\"1200\" height=\"799\" src=\"https:\/\/www.vap-camping.fr\/wp-content\/uploads\/2025\/05\/image-13.jpeg\" class=\"attachment-6278 size-6278 wp-post-image\" alt=\"voyage \u00e0 l&#039;espace\" large=\"\" srcset=\"https:\/\/www.vap-camping.fr\/wp-content\/uploads\/2025\/05\/image-13.jpeg 1200w, https:\/\/www.vap-camping.fr\/wp-content\/uploads\/2025\/05\/image-13-600x400.jpeg 600w, https:\/\/www.vap-camping.fr\/wp-content\/uploads\/2025\/05\/image-13-1024x682.jpeg 1024w, https:\/\/www.vap-camping.fr\/wp-content\/uploads\/2025\/05\/image-13-768x511.jpeg 768w\" sizes=\"(max-width: 1200px) 100vw, 1200px\" \/>                        <p class=\"j-title\">\n                            Emb\u00e1rcate en un viaje al espacio                        <\/p>\n                        <p class=\"j-more\">\n                            Descubre                        <\/p>\n                    <\/a>\n                <\/div>\n\n                            <div class=\"journey-slide\">\n                    <a href=\"https:\/\/www.vap-camping.fr\/es\/lieux\/pilote-pour-un-jour\/\" class=\"journey\" title=\"Piloto por un d\u00eda\">\n                        <img decoding=\"async\" width=\"600\" height=\"600\" src=\"https:\/\/www.vap-camping.fr\/wp-content\/uploads\/2025\/12\/image-23.jpeg\" class=\"attachment-6276 size-6276 wp-post-image\" alt=\"\" large=\"\" srcset=\"https:\/\/www.vap-camping.fr\/wp-content\/uploads\/2025\/12\/image-23.jpeg 600w, https:\/\/www.vap-camping.fr\/wp-content\/uploads\/2025\/12\/image-23-300x300.jpeg 300w\" sizes=\"(max-width: 600px) 100vw, 600px\" \/>                        <p class=\"j-title\">\n                            Piloto por un d\u00eda                        <\/p>\n                        <p class=\"j-more\">\n                            Descubre                        <\/p>\n                    <\/a>\n                <\/div>\n\n                            <div class=\"journey-slide\">\n                    <a href=\"https:\/\/www.vap-camping.fr\/es\/lieux\/march-victor-hugo\/\" class=\"journey\" title=\"March\u00e9 Victor Hugo\">\n                        <img decoding=\"async\" width=\"1920\" height=\"2560\" src=\"https:\/\/www.vap-camping.fr\/wp-content\/uploads\/2025\/12\/img_4133-scaled.jpeg\" class=\"attachment-6216 size-6216 wp-post-image\" alt=\"\" large=\"\" srcset=\"https:\/\/www.vap-camping.fr\/wp-content\/uploads\/2025\/12\/img_4133-scaled.jpeg 1920w, https:\/\/www.vap-camping.fr\/wp-content\/uploads\/2025\/12\/img_4133-450x600.jpeg 450w, https:\/\/www.vap-camping.fr\/wp-content\/uploads\/2025\/12\/img_4133-768x1024.jpeg 768w, https:\/\/www.vap-camping.fr\/wp-content\/uploads\/2025\/12\/img_4133-1152x1536.jpeg 1152w, https:\/\/www.vap-camping.fr\/wp-content\/uploads\/2025\/12\/img_4133-1536x2048.jpeg 1536w\" sizes=\"(max-width: 1920px) 100vw, 1920px\" \/>                        <p class=\"j-title\">\n                            March\u00e9 Victor Hugo                        <\/p>\n                        <p class=\"j-more\">\n                            Descubre                        <\/p>\n                    <\/a>\n                <\/div>\n\n                            <div class=\"journey-slide\">\n                    <a href=\"https:\/\/www.vap-camping.fr\/es\/lieux\/marche-des-carmes\/\" class=\"journey\" title=\"March\u00e9 des Carmes\">\n                        <img decoding=\"async\" width=\"685\" height=\"1000\" src=\"https:\/\/www.vap-camping.fr\/wp-content\/uploads\/2025\/12\/image-46.jpeg\" class=\"attachment-6202 size-6202 wp-post-image\" alt=\"\" large=\"\" srcset=\"https:\/\/www.vap-camping.fr\/wp-content\/uploads\/2025\/12\/image-46.jpeg 685w, https:\/\/www.vap-camping.fr\/wp-content\/uploads\/2025\/12\/image-46-411x600.jpeg 411w\" sizes=\"(max-width: 685px) 100vw, 685px\" \/>                        <p class=\"j-title\">\n                            March\u00e9 des Carmes                        <\/p>\n                        <p class=\"j-more\">\n                            Descubre                        <\/p>\n                    <\/a>\n                <\/div>\n\n                    <\/div>\n        <div class=\"journey-buttons\">\n            <button class=\"j-prev\">ARR<\/button>\n            <button class=\"j-next\">AV<\/button>\n        <\/div>\n    <\/div>\n\n\n<\/div>\n\n\n\n<div class=\"wp-block-group has-global-padding is-layout-constrained wp-block-group-is-layout-constrained\">\n<div class=\"wp-block-group alignwide is-style-title-simple is-layout-flow wp-block-group-is-layout-flow is-style-title-simple--13\" style=\"margin-top:4rem;margin-bottom:4rem\">\n<p class=\"has-text-align-center has-secondary-color has-text-color has-link-color has-secondary-font-family has-xl-font-size wp-elements-48b9b13635620c22724f6a4434859e19\">Descubre<\/p>\n\n\n\n<p class=\"has-text-align-center has-primary-font-family has-sm-font-size\" style=\"text-transform:uppercase\"><strong>nuestros otros establecimientos<\/strong><\/p>\n<\/div>\n\n\n<div class=\"campings-wrapper is-layout-flow wp-block-slider-campings-is-layout-flow\">\n            <div class=\"campings-list\">\n                            <div class=\"camping-item\"\n                    style=\"background-image: linear-gradient(to top, rgba(0, 0, 0, 0.6), transparent), url('https:\/\/www.vap-camping.fr\/wp-content\/uploads\/2025\/04\/camping-avec-piscine-1024x767.jpg');\">\n                    <a href=\"https:\/\/www.vap-camping.fr\/es\/campings\/camping-du-lac\/\" title=\"Camping du lac(Foix)\" class=\"camping-link\">\n                        <p class=\"title\">Camping du lac(Foix)<\/p>\n                        <p class=\"camping-button\">Descubre<\/p>\n                    <\/a>\n                <\/div>\n                            <div class=\"camping-item\"\n                    style=\"background-image: linear-gradient(to top, rgba(0, 0, 0, 0.6), transparent), url('https:\/\/www.vap-camping.fr\/wp-content\/uploads\/2025\/07\/dji_0589-2-1024x767.jpg');\">\n                    <a href=\"https:\/\/www.vap-camping.fr\/es\/campings\/camping-la-bastide\/\" title=\"Camping la Bastide(Maz\u00e8res)\" class=\"camping-link\">\n                        <p class=\"title\">Camping la Bastide(Maz\u00e8res)<\/p>\n                        <p class=\"camping-button\">Descubre<\/p>\n                    <\/a>\n                <\/div>\n                            <div class=\"camping-item\"\n                    style=\"background-image: linear-gradient(to top, rgba(0, 0, 0, 0.6), transparent), url('https:\/\/www.vap-camping.fr\/wp-content\/uploads\/2025\/04\/img_5291-1024x768-1.jpg');\">\n                    <a href=\"https:\/\/www.vap-camping.fr\/es\/campings\/oustalous-complex\/\" title=\"Complejo Les Oustalous\" class=\"camping-link\">\n                        <p class=\"title\">Complejo Les Oustalous<\/p>\n                        <p class=\"camping-button\">Descubre<\/p>\n                    <\/a>\n                <\/div>\n                            <div class=\"camping-item\"\n                    style=\"background-image: linear-gradient(to top, rgba(0, 0, 0, 0.6), transparent), url('https:\/\/www.vap-camping.fr\/wp-content\/uploads\/2025\/04\/4479-1024x461.jpeg');\">\n                    <a href=\"https:\/\/www.vap-camping.fr\/es\/campings\/camping-le-bourdieu\/\" title=\"Camping Le Bourdieu\" class=\"camping-link\">\n                        <p class=\"title\">Camping Le Bourdieu<\/p>\n                        <p class=\"camping-button\">Descubre<\/p>\n                    <\/a>\n                <\/div>\n                    <\/div>\n    <\/div>\n\n<\/div>\n\n\n\n<div class=\"wp-block-group fromOpacity reveal has-global-padding is-layout-constrained wp-block-group-is-layout-constrained\">\n<div class=\"wp-block-columns alignfull are-vertically-aligned-center is-faq-wrapper is-layout-flex wp-container-core-columns-is-layout-28f84493 wp-block-columns-is-layout-flex\">\n<div class=\"wp-block-column is-vertically-aligned-center is-layout-flow wp-block-column-is-layout-flow\" style=\"flex-basis:33.33%\">\n<div class=\"wp-block-group is-faq is-layout-flow wp-block-group-is-layout-flow has-background\" style=\"border-radius:100%;background-image:url(&#039;https:\/\/www.vap-camping.fr\/wp-content\/themes\/vap\/assets\/img\/faq.jpg&#039;);background-position:73% 47%;background-size:cover;\"><\/div>\n<\/div>\n\n\n\n<div class=\"wp-block-column is-vertically-aligned-center is-layout-flow wp-block-column-is-layout-flow\" style=\"flex-basis:66.66%\">\n<div class=\"wp-block-group is-style-title-left is-layout-flow wp-block-group-is-layout-flow is-style-title-left--14\">\n<p class=\"has-secondary-color has-text-color has-link-color has-secondary-font-family has-xl-font-size wp-elements-d035b0ac7d06702f4e9077486b33eaf4\">Preguntas m\u00e1s frecuentes<\/p>\n\n\n\n<p class=\"has-primary-color has-text-color has-link-color has-primary-font-family has-sm-font-size wp-elements-566ef132d5ca9f4cccbcdc0b44f45d78\" style=\"text-transform:uppercase\"><strong><strong>\u00bfQuieres saber m\u00e1s?<\/strong><\/strong><\/p>\n<\/div>\n\n\n\n<div class=\"wp-block-group has-global-padding is-layout-constrained wp-block-group-is-layout-constrained\">\n<div class=\"pfq\">\n  \n  \n  <nav class=\"pfq__themes\">\n    <h2>Th\u00e9matiques<\/h2>\n    <ul>\n      \n        <li class=\"pfq__theme active\" data-pfq-group=\"group-0\">\n          <a href=\"#\">Preguntas m\u00e1s frecuentes<\/a>\n        <\/li>\n\n          <\/ul>\n  <\/nav>\n\n  <div class=\"pfq__questions\">\n    \n      <div class=\"pfq__questions__group visible\" data-pfq-group=\"group-0\">\n\n        <h3>Preguntas m\u00e1s frecuentes<\/h3>\n\n        \n          <div class=\"pfq__question\"  >\n            <h4 class=\"pfq__question__title\">\u00bfA qu\u00e9 distancia estamos del centro de la ciudad?<\/h4>\n            <div class=\"pfq__answer\"><p><span style=\"font-weight: 400;\">Estamos situados a 7 km del centro de la ciudad.<\/span><\/p>\n<\/div>\n          <\/div>\n\n        \n          <div class=\"pfq__question\"  >\n            <h4 class=\"pfq__question__title\">\u00bfSe puede llegar al centro de la ciudad en bicicleta o en transporte p\u00fablico?<\/h4>\n            <div class=\"pfq__answer\"><p><span style=\"font-weight: 400;\">Puedes llegar en autob\u00fas y metro, y tambi\u00e9n en bicicleta.<\/span><\/p>\n<\/div>\n          <\/div>\n\n        \n          <div class=\"pfq__question\"  >\n            <h4 class=\"pfq__question__title\">\u00bfHay restaurantes cerca del camping?<\/h4>\n            <div class=\"pfq__answer\"><p><span style=\"font-weight: 400;\">Los restaurantes m\u00e1s cercanos son L&#8217;ardoise y Memphis.<\/span><\/p>\n<\/div>\n          <\/div>\n\n        \n          <div class=\"pfq__question\"  >\n            <h4 class=\"pfq__question__title\">\u00bfHay un carril bici cerca del camping?<\/h4>\n            <div class=\"pfq__answer\"><p><span style=\"font-weight: 400;\">S\u00ed, un paseo en bici de 3 minutos te llevar\u00e1 al carril bici que bordea el canal.<\/span><\/p>\n<\/div>\n          <\/div>\n\n        \n          <div class=\"pfq__question\"  >\n            <h4 class=\"pfq__question__title\">\u00bfEs posible comprar cerca?<\/h4>\n            <div class=\"pfq__answer\"><p><span style=\"font-weight: 400;\">S\u00ed, encontrar\u00e1s una tienda Grand Frais en la Avenue des \u00c9tats-Unis, y si quieres un hipermercado tradicional, encontrar\u00e1s un Intermarch\u00e9 un poco m\u00e1s adelante.<\/span><\/p>\n<\/div>\n          <\/div>\n\n        \n          <div class=\"pfq__question\"  >\n            <h4 class=\"pfq__question__title\">\u00bfHay alg\u00fan taller mec\u00e1nico cerca?<\/h4>\n            <div class=\"pfq__answer\"><p><span style=\"font-weight: 400;\">S\u00ed, hay varios garajes de coches a lo largo de la Avenue des \u00c9tats-Unis.<\/span><\/p>\n<\/div>\n          <\/div>\n\n        \n          <div class=\"pfq__question\"  >\n            <h4 class=\"pfq__question__title\">\u00bfHay tiendas que vendan equipamiento para autocaravanas cerca del camping?<\/h4>\n            <div class=\"pfq__answer\"><p><span style=\"font-weight: 400;\">Cerca hay una tienda que vende equipamiento para autocaravanas (Caravaning loisirs).<\/span><\/p>\n<\/div>\n          <\/div>\n\n        \n          <div class=\"pfq__question\"  >\n            <h4 class=\"pfq__question__title\">\u00bfEs posible volver tarde al camping?<\/h4>\n            <div class=\"pfq__answer\"><p><span style=\"font-weight: 400;\">S\u00ed, es cierto, la puerta del camping funciona con un c\u00f3digo, no hay una hora fija en la que se bloquee.<\/span><\/p>\n<\/div>\n          <\/div>\n\n        \n          <div class=\"pfq__question\"  >\n            <h4 class=\"pfq__question__title\">Posibilidad de desplazarse por la ciudad en coche (crit&#039;air...)<\/h4>\n            <div class=\"pfq__answer\"><p><span style=\"font-weight: 400;\">Es posible desplazarse por Toulouse en coche, pero debes prestar atenci\u00f3n a las zonas cr\u00edticas del aire.<\/span><\/p>\n<\/div>\n          <\/div>\n\n        \n          <div class=\"pfq__question\"  >\n            <h4 class=\"pfq__question__title\">\u00bfEs segura la ruta para ir en bici (o aparcar)?<\/h4>\n            <div class=\"pfq__answer\"><p><span style=\"font-weight: 400;\">S\u00ed, el recorrido es seguro, pedalear\u00e1s a lo largo del canal de Garona durante la mayor parte del trayecto, y una vez llegues a Toulouse, podr\u00e1s dejar las bicicletas en el aparcamiento subterr\u00e1neo del Capitole.<\/span><\/p>\n<\/div>\n          <\/div>\n\n        \n      <\/div>\n\n    \n  <\/div>\n<\/div>\n<\/div>\n<\/div>\n<\/div>\n<\/div>\n\n\n\n<div class=\"wp-block-group btn-resa has-background has-global-padding is-layout-constrained wp-block-group-is-layout-constrained\" style=\"background:linear-gradient(0deg,rgba(255,255,255,0.74) 0%,rgba(255,255,255,0) 100%)\">\n<div class=\"wp-block-buttons is-content-justification-center is-layout-flex wp-container-core-buttons-is-layout-a89b3969 wp-block-buttons-is-layout-flex\">\n<div class=\"wp-block-button\"><a class=\"wp-block-button__link wp-element-button\" href=\"https:\/\/reservation.secureholiday.net\/group\/fr\/108\/search\/estab-view\/16800\/products\" target=\"_blank\" rel=\"noreferrer noopener\">reserva tu estancia<\/a><\/div>\n<\/div>\n<\/div>\n<\/div>\n","protected":false},"excerpt":{"rendered":"<p>Camping &#8211; Alto Garona &#8211; Toulouse Bienvenido Camping le rup\u00e9 Tanto si vienes en bici, autocaravana o en familia a Toulouse, \u00a1el camping Le Rup\u00e9 te ofrece una estancia acogedora! A pocos minutos del centro de la ciudad, el Camping Le Rup\u00e9 te da la bienvenida a un oasis verde en el coraz\u00f3n de Toulouse. [&hellip;]<\/p>\n","protected":false},"featured_media":5336,"parent":0,"template":"","format":"standard","meta":{"_acf_changed":false,"_seopress_robots_primary_cat":"","_seopress_titles_title":"Camping Toulouse | Camping 3 estrellas Le Rup\u00e9 en Alto Garona","_seopress_titles_desc":"Disfruta de unas vacaciones verdes a s\u00f3lo 7 km del centro de Toulouse. El camping Le Rup\u00e9, a orillas del lago de Sesqui\u00e8res, es el lugar ideal para explorar la Ciudad Rosa.","_seopress_robots_index":"","ouverture":"Abierto todo el a\u00f1o","nombre_de_locations":"57 alquileres en 4,5 ha","nombre_demplacements":"130 y una zona natural dedicada a ciclistas y campistas a pie","adresse":"21 chemin pont de Rup\u00e9, 31200, Toulouse","numero_de_telephone":"0561700735","email":"campinglerupe@orange.fr","url_du_site":"p\u00e1gina web","footnotes":""},"class_list":["post-2571","campings","type-campings","status-publish","format-standard","has-post-thumbnail","hentry"],"acf":{"latitude":"43.656093","longitude":"1.4131837","ouverture":"Abierto todo el a\u00f1o","nombre_de_locations":"57 alquileres en 4,5 ha","nombre_demplacements":"130 y una zona natural dedicada a ciclistas y campistas a pie","adresse":"21 chemin pont de Rup\u00e9, 31200, Toulouse","numero_de_telephone":"0561700735","email":"campinglerupe@orange.fr","url_du_site":"p\u00e1gina web","stars":3,"services":[{"label":"Acceso PMR","icon":2573},{"label":"Wifi","icon":3048},{"label":"6 puntos de recarga para veh\u00edculos el\u00e9ctricos","icon":2586}]},"_links":{"self":[{"href":"https:\/\/www.vap-camping.fr\/es\/wp-json\/wp\/v2\/campings\/2571","targetHints":{"allow":["GET"]}}],"collection":[{"href":"https:\/\/www.vap-camping.fr\/es\/wp-json\/wp\/v2\/campings"}],"about":[{"href":"https:\/\/www.vap-camping.fr\/es\/wp-json\/wp\/v2\/types\/campings"}],"version-history":[{"count":19,"href":"https:\/\/www.vap-camping.fr\/es\/wp-json\/wp\/v2\/campings\/2571\/revisions"}],"predecessor-version":[{"id":7312,"href":"https:\/\/www.vap-camping.fr\/es\/wp-json\/wp\/v2\/campings\/2571\/revisions\/7312"}],"wp:featuredmedia":[{"embeddable":true,"href":"https:\/\/www.vap-camping.fr\/es\/wp-json\/wp\/v2\/media\/5336"}],"wp:attachment":[{"href":"https:\/\/www.vap-camping.fr\/es\/wp-json\/wp\/v2\/media?parent=2571"}],"curies":[{"name":"wp","href":"https:\/\/api.w.org\/{rel}","templated":true}]}}