{"id":3041,"date":"2025-04-18T14:53:37","date_gmt":"2025-04-18T14:53:37","guid":{"rendered":"https:\/\/www.vap-camping.fr\/campings\/camping-du-lac\/"},"modified":"2026-03-31T10:02:39","modified_gmt":"2026-03-31T10:02:39","slug":"camping-du-lac","status":"publish","type":"campings","link":"https:\/\/www.vap-camping.fr\/es\/campings\/camping-du-lac\/","title":{"rendered":"Camping du lac(Foix)"},"content":{"rendered":"\n<div class=\"wp-block-group alignfull is-layout-flow wp-container-core-group-is-layout-8af317cd wp-block-group-is-layout-flow\">\n<div class=\"wp-block-group hero-camp fromOpacity is-layout-flow wp-block-group-is-layout-flow\" style=\"margin-bottom:20rem\">\n<div class=\"wp-block-group alignfull hero-img is-layout-flow wp-block-group-is-layout-flow\">\n<figure class=\"wp-block-image size-full\"><img alt=\"camping-foix\" decoding=\"async\" width=\"2560\" height=\"1918\" src=\"https:\/\/www.vap-camping.fr\/wp-content\/uploads\/2025\/04\/camping-ariege-foix-scaled.jpg\" alt=\"\" class=\"wp-image-2464\" srcset=\"https:\/\/www.vap-camping.fr\/wp-content\/uploads\/2025\/04\/camping-ariege-foix-scaled.jpg 2560w, https:\/\/www.vap-camping.fr\/wp-content\/uploads\/2025\/04\/camping-ariege-foix-600x450.jpg 600w, https:\/\/www.vap-camping.fr\/wp-content\/uploads\/2025\/04\/camping-ariege-foix-1024x767.jpg 1024w, https:\/\/www.vap-camping.fr\/wp-content\/uploads\/2025\/04\/camping-ariege-foix-768x575.jpg 768w, https:\/\/www.vap-camping.fr\/wp-content\/uploads\/2025\/04\/camping-ariege-foix-1536x1151.jpg 1536w, https:\/\/www.vap-camping.fr\/wp-content\/uploads\/2025\/04\/camping-ariege-foix-2048x1534.jpg 2048w\" sizes=\"(max-width: 2560px) 100vw, 2560px\" \/><figcaption class=\"wp-element-caption\">default<\/figcaption><\/figure>\n<\/div>\n\n\n\n<div class=\"wp-block-group hero-desc has-secondary-background-color has-background is-layout-flow wp-block-group-is-layout-flow\" style=\"border-top-right-radius:90px;border-bottom-right-radius:90px;padding-top:2rem;padding-bottom:2rem;padding-left:5rem\"><h1 style=\"font-size:clamp(3.037rem, 3.037rem + ((1vw - 0.2rem) * 4.018), 6rem);\" class=\"has-link-color wp-elements-971196805a816ee349c8ae4f34a1c7a7 wp-block-post-title has-text-color has-white-color has-secondary-font-family\">Camping du lac(Foix)<\/h1>\n\n\n<div class=\"wp-block-group is-nowrap is-layout-flex wp-container-core-group-is-layout-3b4e9d3e wp-block-group-is-layout-flex\">\n<p class=\"has-white-color has-text-color has-link-color has-sm-font-size wp-elements-bbc414b3a62a48695e6a2fa4b663a8b5\" style=\"font-style:normal;font-weight:500;text-transform:uppercase\">Camping  <\/p>\n\n\n\n<figure class=\"wp-block-image size-full\"><img alt=\"\" decoding=\"async\" src=\"https:\/\/www.vap-camping.fr\/wp-content\/themes\/vap\/assets\/img\/svg\/star-white.svg\" alt=\"\" class=\"wp-image-657\"\/><\/figure>\n\n\n\n<figure class=\"wp-block-image size-full\"><img alt=\"\" decoding=\"async\" src=\"https:\/\/www.vap-camping.fr\/wp-content\/themes\/vap\/assets\/img\/svg\/star-white.svg\" alt=\"\" class=\"wp-image-657\"\/><\/figure>\n\n\n\n<figure class=\"wp-block-image size-full\"><img alt=\"\" decoding=\"async\" src=\"https:\/\/www.vap-camping.fr\/wp-content\/themes\/vap\/assets\/img\/svg\/star-white.svg\" alt=\"\" class=\"wp-image-657\"\/><\/figure>\n\n\n\n<figure class=\"wp-block-image size-full\"><img alt=\"\" decoding=\"async\" src=\"https:\/\/www.vap-camping.fr\/wp-content\/themes\/vap\/assets\/img\/svg\/star-white.svg\" alt=\"\" class=\"wp-image-657\"\/><\/figure>\n\n\n\n<p class=\"has-white-color has-text-color has-link-color has-sm-font-size wp-elements-96544003afda2dafc010658122c4a8ae\" style=\"font-style:normal;font-weight:500;text-transform:uppercase\">&#8211; Ari\u00e8ge &#8211; foix<\/p>\n<\/div>\n<\/div>\n<\/div>\n\n\n\n<div class=\"wp-block-group has-global-padding is-layout-constrained wp-container-core-group-is-layout-4f9f0532 wp-block-group-is-layout-constrained\">\n<div class=\"wp-block-columns m-ti is-layout-flex wp-container-core-columns-is-layout-c4788e2e wp-block-columns-is-layout-flex\">\n<div class=\"wp-block-column is-vertically-aligned-top m-ti-text-camp is-style-default is-layout-flow wp-container-core-column-is-layout-58dbe9e9 wp-block-column-is-layout-flow\" style=\"padding-left:10rem;flex-basis:60%\">\n<div class=\"wp-block-group is-style-title-left leftRight is-layout-flow wp-block-group-is-layout-flow is-style-title-left--1\">\n<p class=\"has-secondary-color has-text-color has-link-color has-secondary-font-family has-xl-font-size wp-elements-ee4dfeede4382456c2a1913d5a782207\">Bienvenido <\/p>\n\n\n\n<p class=\"has-primary-color has-text-color has-link-color has-primary-font-family has-sm-font-size wp-elements-a54dd95751b14a25b18f77a6e666d21d\" style=\"text-transform:uppercase\"><strong>en el camping acogedor y accesible<\/strong><\/p>\n<\/div>\n\n\n\n<h2 class=\"wp-block-heading text-title\">A orillas del Ari\u00e8ge, el Camping du Lac te da la bienvenida para unas vacaciones acogedoras que combinan naturaleza, comodidad y descubrimiento.  <\/h2>\n\n\n\n<p class=\"has-link-color wp-elements-4b46d51cc803575ad1c2c5e51311e2d0\" style=\"padding-left:2rem\">Tanto si planeas unas vacaciones en familia con hijos o nietos, una excursi\u00f3n deportiva en bicicleta, una aventura en moto con amigos o colegas, un partido de f\u00fatbol, rugby o petanca, o una competici\u00f3n de pirag\u00fcismo o kayak en el Ari\u00e8ge, el Camping du Lac es la opci\u00f3n ideal para tu alojamiento en Foix.<\/p>\n\n\n\n<p class=\"has-link-color wp-elements-4a746730e6209ec49c4d6b0ec69dcc2c\" style=\"padding-left:2rem\">\u00bfTe gustar\u00eda viajar sin coche? A s\u00f3lo 200 m de la parada del autob\u00fas lanzadera, llegar\u00e1s f\u00e1cilmente al centro hist\u00f3rico de Foix y a la estaci\u00f3n de tren.\u00bfBuscas un ambiente familiar y acogedor? <\/p>\n\n\n\n<p class=\"has-link-color wp-elements-b01afec3cc6db0ede1e4084ba2e793eb\" style=\"padding-left:2rem\">Nuestro amable y servicial equipo est\u00e1 siempre dispuesto a escuchar, aconsejar y charlar, para que tu estancia sea agradable, animada y memorable. Si te gusta el senderismo, la aventura, la cultura o la relajaci\u00f3n, nuestro <strong><a href=\"https:\/\/www.vap-camping.fr\/es\/\" data-type=\"page\" data-id=\"128\">camping en Ari\u00e8ge<\/a><\/strong> es el punto de partida ideal para descubrir los tesoros de la regi\u00f3n.  <\/p>\n\n\n\n<p><\/p>\n\n\n\n<p><\/p>\n\n\n\n<p><\/p>\n\n\n\n<p><\/p>\n\n\n\n<div class=\"wp-block-columns is-layout-flex wp-container-core-columns-is-layout-28f84493 wp-block-columns-is-layout-flex\">\n<div class=\"wp-block-column is-vertically-aligned-center is-layout-flow wp-block-column-is-layout-flow\" style=\"flex-basis:33.9%\">\n<figure class=\"wp-block-image aligncenter size-full is-resized\"><a href=\"https:\/\/qualite-tourisme-occitanie.fr\" target=\"_blank\" rel=\" noreferrer noopener\"><img alt=\"\" decoding=\"async\" width=\"1252\" height=\"413\" src=\"https:\/\/www.vap-camping.fr\/wp-content\/uploads\/2025\/04\/excosdf.jpg\" alt=\"\" class=\"wp-image-3970\" style=\"width:auto;height:150px\" srcset=\"https:\/\/www.vap-camping.fr\/wp-content\/uploads\/2025\/04\/excosdf.jpg 1252w, https:\/\/www.vap-camping.fr\/wp-content\/uploads\/2025\/04\/excosdf-600x198.jpg 600w, https:\/\/www.vap-camping.fr\/wp-content\/uploads\/2025\/04\/excosdf-1024x338.jpg 1024w, https:\/\/www.vap-camping.fr\/wp-content\/uploads\/2025\/04\/excosdf-768x253.jpg 768w\" sizes=\"(max-width: 1252px) 100vw, 1252px\" \/><\/a><\/figure>\n<\/div>\n\n\n\n<div class=\"wp-block-column is-vertically-aligned-center is-layout-flow wp-block-column-is-layout-flow\" style=\"flex-basis:20.55%\">\n<figure class=\"wp-block-image aligncenter size-full is-resized\"><img alt=\"\" decoding=\"async\" width=\"800\" height=\"668\" src=\"https:\/\/www.vap-camping.fr\/wp-content\/uploads\/2025\/04\/acsi_fc.webp\" alt=\"\" class=\"wp-image-4041\" style=\"width:150px;height:auto\" srcset=\"https:\/\/www.vap-camping.fr\/wp-content\/uploads\/2025\/04\/acsi_fc.webp 800w, https:\/\/www.vap-camping.fr\/wp-content\/uploads\/2025\/04\/acsi_fc-600x501.webp 600w, https:\/\/www.vap-camping.fr\/wp-content\/uploads\/2025\/04\/acsi_fc-768x641.webp 768w\" sizes=\"(max-width: 800px) 100vw, 800px\" \/><\/figure>\n<\/div>\n\n\n\n<div class=\"wp-block-column is-vertically-aligned-center is-layout-flow wp-block-column-is-layout-flow\" style=\"flex-basis:20.55%\">\n<figure class=\"wp-block-image aligncenter size-full\"><a href=\"https:\/\/www.culture.gouv.fr\/thematiques\/transition-ecologique\/Centre-de-ressources-Transition-ecologique-de-la-Culture\/Labels-normes\/label-accueil-velo\" target=\"_blank\" rel=\" noreferrer noopener\"><img alt=\"accueil-v\u00e9lo\" decoding=\"async\" width=\"2560\" height=\"2560\" src=\"https:\/\/www.vap-camping.fr\/wp-content\/uploads\/2025\/04\/accueil-velo-png-scaled.png\" alt=\"\" class=\"wp-image-3978\" srcset=\"https:\/\/www.vap-camping.fr\/wp-content\/uploads\/2025\/04\/accueil-velo-png-scaled.png 2560w, https:\/\/www.vap-camping.fr\/wp-content\/uploads\/2025\/04\/accueil-velo-png-600x600.png 600w, https:\/\/www.vap-camping.fr\/wp-content\/uploads\/2025\/04\/accueil-velo-png-1024x1024.png 1024w, https:\/\/www.vap-camping.fr\/wp-content\/uploads\/2025\/04\/accueil-velo-png-300x300.png 300w, https:\/\/www.vap-camping.fr\/wp-content\/uploads\/2025\/04\/accueil-velo-png-768x768.png 768w, https:\/\/www.vap-camping.fr\/wp-content\/uploads\/2025\/04\/accueil-velo-png-1536x1536.png 1536w, https:\/\/www.vap-camping.fr\/wp-content\/uploads\/2025\/04\/accueil-velo-png-2048x2048.png 2048w\" sizes=\"(max-width: 2560px) 100vw, 2560px\" \/><\/a><\/figure>\n<\/div>\n\n\n\n<div class=\"wp-block-column is-vertically-aligned-center is-layout-flow wp-block-column-is-layout-flow\" style=\"flex-basis:25%\">\n<figure class=\"wp-block-image size-large\"><a href=\"https:\/\/www.fredonoccitanie.com\/jevi\/charte-regionale-engage-pour-le-vegetal\/\" target=\"_blank\" rel=\" noreferrer noopener\"><img alt=\"\" decoding=\"async\" width=\"1024\" height=\"504\" src=\"https:\/\/www.vap-camping.fr\/wp-content\/uploads\/2025\/10\/image-56-1024x504.jpeg\" alt=\"\" class=\"wp-image-5837\" srcset=\"https:\/\/www.vap-camping.fr\/wp-content\/uploads\/2025\/10\/image-56-1024x504.jpeg 1024w, https:\/\/www.vap-camping.fr\/wp-content\/uploads\/2025\/10\/image-56-600x295.jpeg 600w, https:\/\/www.vap-camping.fr\/wp-content\/uploads\/2025\/10\/image-56-768x378.jpeg 768w, https:\/\/www.vap-camping.fr\/wp-content\/uploads\/2025\/10\/image-56-1536x756.jpeg 1536w, https:\/\/www.vap-camping.fr\/wp-content\/uploads\/2025\/10\/image-56-2048x1008.jpeg 2048w\" sizes=\"(max-width: 1024px) 100vw, 1024px\" \/><\/a><\/figure>\n<\/div>\n<\/div>\n<\/div>\n\n\n\n<div class=\"wp-block-column is-vertically-aligned-top wp-block-image alignright size-large has-custom-border camping-info-desc m-ti-text is-layout-flow wp-block-column-is-layout-flow\" style=\"flex-basis:40%\">\n<div class=\"wp-block-group animBase is-vertical is-content-justification-stretch is-layout-flex wp-container-core-group-is-layout-353c4f5a wp-block-group-is-layout-flex\">\n<div class=\"wp-block-group is-style-title-splash is-layout-flow wp-block-group-is-layout-flow is-style-title-splash--2\" style=\"margin-bottom:4rem\">\n<p class=\"has-secondary-color has-text-color has-link-color has-secondary-font-family wp-elements-263f33a5c57dbcb1a72d7055c3258c5a\" style=\"font-size:clamp(3.195rem, 3.195rem + ((1vw - 0.2rem) * 4.346), 6.4rem);\">Informaci\u00f3n general<\/p>\n<\/div>\n\n\n\n<div class=\"wp-block-group has-grey-background-color has-background animItem is-nowrap is-layout-flex wp-container-core-group-is-layout-f89dbd13 wp-block-group-is-layout-flex\" style=\"border-top-right-radius:40px;border-bottom-right-radius:40px;padding-top:2rem;padding-right:1rem;padding-bottom:2rem;padding-left:3rem\">\n<figure class=\"wp-block-image size-full\"><img decoding=\"async\" src=\"https:\/\/www.vap-camping.fr\/wp-content\/themes\/vap\/assets\/img\/svg\/calendar.svg\" alt=\"Campings VAP\" class=\"wp-image-430\"\/><\/figure>\n\n\n<p style=\"font-style:normal;font-weight:500\">Abierto del 1 de marzo al 1 de noviembre<\/p><\/div>\n\n\n\n<div class=\"wp-block-group animItem is-content-justification-left is-nowrap is-layout-flex wp-container-core-group-is-layout-82550dec wp-block-group-is-layout-flex\" style=\"padding-top:2rem;padding-right:1rem;padding-bottom:2rem;padding-left:3rem\">\n<figure class=\"wp-block-image size-full\"><img decoding=\"async\" src=\"https:\/\/www.vap-camping.fr\/wp-content\/themes\/vap\/assets\/img\/svg\/house-chimney-window.svg\" alt=\"Campings VAP\" class=\"wp-image-433\"\/><\/figure>\n\n\n<p style=\"font-style:normal;font-weight:500\">95 alquileres en 5 ha<\/p><\/div>\n\n\n\n<div class=\"wp-block-group has-grey-background-color has-background animItem is-content-justification-left is-nowrap is-layout-flex wp-container-core-group-is-layout-82550dec wp-block-group-is-layout-flex\" style=\"border-top-right-radius:40px;border-bottom-right-radius:40px;padding-top:2rem;padding-right:1rem;padding-bottom:2rem;padding-left:3rem\">\n<figure class=\"wp-block-image size-full\"><img decoding=\"async\" src=\"https:\/\/www.vap-camping.fr\/wp-content\/themes\/vap\/assets\/img\/svg\/caravan-simple.svg\" alt=\"Campings VAP\" class=\"wp-image-435\"\/><\/figure>\n\n\n<p style=\"font-style:normal;font-weight:500\">40 parcelas desnudas<\/p><\/div>\n\n\n\n<div class=\"wp-block-group animItem is-nowrap is-layout-flex wp-container-core-group-is-layout-f89dbd13 wp-block-group-is-layout-flex\" style=\"border-radius:0px;padding-top:2rem;padding-right:1rem;padding-bottom:2rem;padding-left:3rem\">\n<figure class=\"wp-block-image size-full\"><img decoding=\"async\" src=\"https:\/\/www.vap-camping.fr\/wp-content\/themes\/vap\/assets\/img\/svg\/location-dot.svg\" alt=\"Campings VAP\" class=\"wp-image-437\"\/><\/figure>\n\n\n<p style=\"font-style:normal;font-weight:500\">Route nationale 20 Labarre, 09000 Foix<\/p><\/div>\n\n\n\n<div class=\"wp-block-group has-grey-background-color has-background animItem is-nowrap is-layout-flex wp-container-core-group-is-layout-f89dbd13 wp-block-group-is-layout-flex\" style=\"border-top-right-radius:40px;border-bottom-right-radius:40px;padding-top:2rem;padding-right:1rem;padding-bottom:2rem;padding-left:3rem\">\n<figure class=\"wp-block-image size-full is-resized\"><img alt=\"\" decoding=\"async\" src=\"https:\/\/www.vap-camping.fr\/wp-content\/uploads\/2025\/07\/bookmark-regular.svg\" alt=\"\" class=\"wp-image-2202\" style=\"object-fit:contain;width:32px;height:32px\"\/><\/figure>\n\n\n\n<p class=\"has-secondary-color has-text-color has-link-color wp-elements-709a64a7447c0de1485c310777e1784d\" style=\"font-style:normal;font-weight:500\"><a href=\"https:\/\/www.google.com\/maps\/dir\/\/Camping+du+Lac+VAP!,+09000+Foix\/@42.9893144,1.5744565,13z\/data=!4m8!4m7!1m0!1m5!1m1!1s0x12af10bf78216def:0x2678277d5a74af53!2m2!1d1.615656!2d42.989259?entry=ttu&amp;g_ep=EgoyMDI1MDUyMS4wIKXMDSoASAFQAw%3D%3D\" data-type=\"page\" data-id=\"226\" target=\"_blank\" rel=\"noreferrer noopener\">Itinerario<\/a><\/p>\n<\/div>\n\n\n\n<div class=\"wp-block-group animItem is-content-justification-left is-nowrap is-layout-flex wp-container-core-group-is-layout-82550dec wp-block-group-is-layout-flex\" style=\"border-top-right-radius:40px;border-bottom-right-radius:40px;padding-top:2rem;padding-right:1rem;padding-bottom:2rem;padding-left:3rem\">\n<figure class=\"wp-block-image size-full\"><img decoding=\"async\" src=\"https:\/\/www.vap-camping.fr\/wp-content\/themes\/vap\/assets\/img\/svg\/phone.svg\" alt=\"Campings VAP\" class=\"wp-image-439\"\/><\/figure>\n\n\n\n<a href=\"tel:0000000000\" target=\"_self\"><div class=\"wp-block-group has-global-padding is-layout-constrained wp-block-group-is-layout-constrained\">\n<p style=\"font-style:normal;font-weight:500\"><a href=\"tel:0561651158\">0561651158<\/a><\/p>\n<\/div><\/a>\n<\/div>\n\n\n\n<div class=\"wp-block-group has-grey-background-color has-background animItem is-content-justification-left is-nowrap is-layout-flex wp-container-core-group-is-layout-82550dec wp-block-group-is-layout-flex\" style=\"border-top-right-radius:40px;border-bottom-right-radius:40px;padding-top:2rem;padding-right:1rem;padding-bottom:2rem;padding-left:3rem\">\n<figure class=\"wp-block-image size-full\"><img decoding=\"async\" src=\"https:\/\/www.vap-camping.fr\/wp-content\/themes\/vap\/assets\/img\/svg\/envelope.svg\" alt=\"Campings VAP\" class=\"wp-image-441\"\/><\/figure>\n\n\n\n<a href=\"mailto:mail@mail.com\" target=\"_self\"><div class=\"wp-block-group has-global-padding is-layout-constrained wp-block-group-is-layout-constrained\">\n<p style=\"font-style:normal;font-weight:500\"><a href=\"mailto:contact@vap-campings.fr\" data-type=\"mailto\" data-id=\"mailto:contact@vap-campings.fr\">contact@vap-campings.fr<\/a><\/p>\n<\/div><\/a>\n<\/div>\n\n\n\n<div class=\"wp-block-group animItem is-content-justification-space-between is-nowrap is-layout-flex wp-container-core-group-is-layout-866cca21 wp-block-group-is-layout-flex\" style=\"padding-top:2rem;padding-right:1rem;padding-bottom:2rem;padding-left:3rem\">\n<div class=\"wp-block-group is-content-justification-left is-nowrap is-layout-flex wp-container-core-group-is-layout-af23f760 wp-block-group-is-layout-flex\">\n<p style=\"font-style:normal;font-weight:500\">Servicios in situ :<\/p>\n\n\n\n<figure class=\"wp-block-image size-full is-resized\"><img alt=\"piscine\" decoding=\"async\" src=\"https:\/\/www.vap-camping.fr\/wp-content\/uploads\/2025\/04\/water-ladder-ico.svg\" alt=\"\" class=\"wp-image-99\" style=\"width:23px\" title=\"Piscina\"\/><\/figure>\n\n\n\n<figure class=\"wp-block-image size-full is-resized\"><img alt=\"bar restaurant\" decoding=\"async\" src=\"https:\/\/www.vap-camping.fr\/wp-content\/uploads\/2025\/04\/martini-glass.svg\" alt=\"\" class=\"wp-image-98\" style=\"width:23px\" title=\"Bar\/restaurante\"\/><\/figure>\n\n\n\n<figure class=\"wp-block-image size-full is-resized\"><img alt=\"wifi\" decoding=\"async\" src=\"https:\/\/www.vap-camping.fr\/wp-content\/uploads\/2025\/04\/wifi-ico.svg\" alt=\"\" class=\"wp-image-97\" style=\"width:23px\" title=\"Wifi\"\/><\/figure>\n\n\n\n<figure class=\"wp-block-image size-full is-resized\"><img alt=\"animaux\" decoding=\"async\" src=\"https:\/\/www.vap-camping.fr\/wp-content\/uploads\/2025\/04\/paw-solid.svg\" alt=\"\" class=\"wp-image-326\" style=\"width:23px\" title=\"Se admiten mascotas\"\/><\/figure>\n\n\n\n<figure class=\"wp-block-image size-full is-resized\"><img alt=\"animation\" decoding=\"async\" src=\"https:\/\/www.vap-camping.fr\/wp-content\/uploads\/2025\/04\/party-horn-ico.svg\" alt=\"\" class=\"wp-image-95\" style=\"width:23px\" title=\"Entretenimiento\"\/><\/figure>\n\n\n\n<figure class=\"wp-block-image size-full is-resized\"><img alt=\"epicerie\" decoding=\"async\" src=\"https:\/\/www.vap-camping.fr\/wp-content\/uploads\/2025\/04\/basket-shopping.svg\" alt=\"\" class=\"wp-image-94\" style=\"width:23px\" title=\"Tienda de comestibles\"\/><\/figure>\n\n\n\n<figure class=\"wp-block-image size-full is-resized\"><img alt=\"accueil v\u00e9lo\" decoding=\"async\" src=\"https:\/\/www.vap-camping.fr\/wp-content\/uploads\/2025\/04\/bicycle-solid.svg\" alt=\"\" class=\"wp-image-328\" style=\"width:23px\" title=\"Refugio para bicis\"\/><\/figure>\n\n\n\n<figure class=\"wp-block-image size-full is-resized\"><img alt=\"borne \u00e9lectrique\" decoding=\"async\" src=\"https:\/\/www.vap-camping.fr\/wp-content\/uploads\/2025\/07\/bolt-solid.svg\" alt=\"\" class=\"wp-image-2198\" style=\"width:23px\" title=\"Puntos de recarga para veh\u00edculos el\u00e9ctricos\"\/><\/figure>\n\n\n\n<figure class=\"wp-block-image size-full is-resized\"><img decoding=\"async\" src=\"https:\/\/www.vap-camping.fr\/wp-content\/uploads\/2025\/04\/wheelchair-solid.svg\" alt=\"PMR\" class=\"wp-image-323\" style=\"width:23px\" title=\"Puntos de recarga para veh\u00edculos el\u00e9ctricos\"\/><\/figure>\n<\/div>\n<\/div>\n\n\n\n<div class=\"wp-block-group has-grey-background-color has-background animItem is-content-justification-left is-nowrap is-layout-flex wp-container-core-group-is-layout-82550dec wp-block-group-is-layout-flex\" style=\"border-top-right-radius:40px;border-bottom-right-radius:40px;padding-top:2rem;padding-right:1rem;padding-bottom:2rem;padding-left:3rem\">\n<p style=\"font-style:normal;font-weight:500\">S\u00edguenos en :<\/p>\n\n\n\n<figure class=\"wp-block-image size-full\"><a href=\"https:\/\/www.facebook.com\/share\/16JoPMYuvJ\/?mibextid=wwXIfr\" target=\"_blank\" rel=\" noreferrer noopener\"><img alt=\"\" decoding=\"async\" src=\"https:\/\/www.vap-camping.fr\/wp-content\/uploads\/2025\/05\/facebook.svg\" alt=\"\" class=\"wp-image-977\"\/><\/a><\/figure>\n\n\n\n<figure class=\"wp-block-image size-full\"><a href=\"https:\/\/www.instagram.com\/campingdulac_vap\/\"><img alt=\"\" decoding=\"async\" src=\"https:\/\/www.vap-camping.fr\/wp-content\/uploads\/2025\/04\/Icon-insta.svg\" alt=\"\" class=\"wp-image-312\"\/><\/a><\/figure>\n\n\n\n<figure class=\"wp-block-image size-full\"><a href=\"https:\/\/www.youtube.com\/@vapcampingsetgite\"><img alt=\"\" decoding=\"async\" src=\"https:\/\/www.vap-camping.fr\/wp-content\/uploads\/2025\/04\/Icon-youtube.svg\" alt=\"\" class=\"wp-image-314\"\/><\/a><\/figure>\n<\/div>\n\n\n\n<div class=\"wp-block-group animItem is-vertical is-layout-flex wp-container-core-group-is-layout-5a70b6f9 wp-block-group-is-layout-flex\" style=\"border-top-right-radius:40px;border-bottom-right-radius:40px;padding-top:2rem;padding-right:1rem;padding-bottom:2rem;padding-left:3rem\">\n<p><strong>Documentos \u00fatiles :<\/strong><\/p>\n\n\n\n<p style=\"font-style:normal;font-weight:500\"><a href=\"https:\/\/www.vap-camping.fr\/wp-content\/uploads\/2026\/03\/vap-plan-foix-2026.pdf\" target=\"_blank\" rel=\"noreferrer noopener\">Mapa del camping<\/a><\/p>\n\n\n\n<p style=\"font-style:normal;font-weight:500\"><a href=\"https:\/\/www.vap-camping.fr\/wp-content\/uploads\/2025\/07\/condition-de-vente-foix.pdf\" target=\"_blank\" rel=\"noreferrer noopener\">Condiciones generales de venta<\/a><\/p>\n\n\n\n<p style=\"font-style:normal;font-weight:500\"><a href=\"https:\/\/www.vap-camping.fr\/wp-content\/uploads\/2026\/03\/vap-tarifs-foix-2026.pdf\" target=\"_blank\" rel=\"noreferrer noopener\">Tarifas<\/a><\/p>\n<\/div>\n<\/div>\n<\/div>\n<\/div>\n<\/div>\n\n\n\n<div class=\"wp-block-group has-global-padding is-layout-constrained wp-container-core-group-is-layout-8a400663 wp-block-group-is-layout-constrained\">\n<h2 class=\"wp-block-heading has-text-align-center\">Ofertas y promociones en el camping du Lac en Ari\u00e8ge<\/h2>\n\n\n\n<p class=\"has-text-align-center\">\u00a1Descubre nuestras ofertas actuales!<\/p>\n\n\n\n<script>\n    window.ctoutvert = {\n\t\tid: 716, \n\t\tlang: 'es', \n\t\turl: 'https:\/\/reservation.secureholiday.net\/widgets\/'\n    };\n    (function (w, d, s, ctv, r, js, fjs) {\n        r=new XMLHttpRequest();r.open('GET',w[ctv].url+'js\/src.json');\n        r.responseType='json';r.json=true;r.send();\n        r.onload=function(){w[ctv].src=r.responseType=='json'?r.response:JSON.parse(r.response);\n        js.src=w[ctv].src[0];fjs.parentNode.insertBefore(js, fjs);}\n        js=d.createElement(s),fjs=d.getElementsByTagName(s)[0];\n        js.id='ctvwidget';js.async=1;\n    }(window, document, 'script', 'ctoutvert'));\n<\/script>\n<style>.vap-w { display: block; max-width: 60%; }<\/style>\n<ctv-offers data-display-mode=\"carousel\" class=\"vap-w\"><\/ctv-offers>\n<\/div>\n\n\n\n<div class=\"wp-block-group has-global-padding is-layout-constrained wp-block-group-is-layout-constrained\">\n<div class=\"wp-block-group alignwide is-style-title-simple fromTop is-layout-flow wp-block-group-is-layout-flow is-style-title-simple--3\" style=\"margin-top:4rem;margin-bottom:4rem\">\n<p class=\"has-text-align-center has-secondary-color has-text-color has-link-color has-secondary-font-family has-xl-font-size wp-elements-e464df21b6cd2ddc95b3d8510d13a01e\">\n  Fototeca<\/p>\n\n\n\n<p class=\"has-text-align-center has-primary-font-family has-sm-font-size\" style=\"text-transform:uppercase\">\n            <strong>Tus vacaciones en im\u00e1genes<\/strong><\/p>\n<\/div>\n\n\n\n<div class=\"wp-block-group alignfull galery-wrapper is-layout-flow wp-block-group-is-layout-flow\">\n<div class=\"wp-block-group galery-row is-nowrap is-layout-flex wp-container-core-group-is-layout-6c531013 wp-block-group-is-layout-flex\">\n<figure data-wp-context=\"{&quot;imageId&quot;:&quot;69f317efc4c0c&quot;}\" data-wp-interactive=\"core\/image\" class=\"wp-block-image size-large wp-lightbox-container\"><img alt=\"CAMPING foix\" decoding=\"async\" width=\"1024\" height=\"683\" data-wp-class--hide=\"state.isContentHidden\" data-wp-class--show=\"state.isContentVisible\" data-wp-init=\"callbacks.setButtonStyles\" data-wp-on-async--click=\"actions.showLightbox\" data-wp-on-async--load=\"callbacks.setButtonStyles\" data-wp-on-async-window--resize=\"callbacks.setButtonStyles\" src=\"https:\/\/www.vap-camping.fr\/wp-content\/uploads\/2025\/04\/nosclients-campingfoix-1024x683.jpeg\" alt=\"\" class=\"wp-image-570\" style=\"object-fit:cover\" srcset=\"https:\/\/www.vap-camping.fr\/wp-content\/uploads\/2025\/04\/nosclients-campingfoix-1024x683.jpeg 1024w, https:\/\/www.vap-camping.fr\/wp-content\/uploads\/2025\/04\/nosclients-campingfoix-600x400.jpeg 600w, https:\/\/www.vap-camping.fr\/wp-content\/uploads\/2025\/04\/nosclients-campingfoix-768x512.jpeg 768w, https:\/\/www.vap-camping.fr\/wp-content\/uploads\/2025\/04\/nosclients-campingfoix-1536x1024.jpeg 1536w, https:\/\/www.vap-camping.fr\/wp-content\/uploads\/2025\/04\/nosclients-campingfoix-2048x1365.jpeg 2048w\" sizes=\"(max-width: 1024px) 100vw, 1024px\" \/><button\n\t\t\tclass=\"lightbox-trigger\"\n\t\t\ttype=\"button\"\n\t\t\taria-haspopup=\"dialog\"\n\t\t\taria-label=\"Enlarge\"\n\t\t\tdata-wp-init=\"callbacks.initTriggerButton\"\n\t\t\tdata-wp-on-async--click=\"actions.showLightbox\"\n\t\t\tdata-wp-style--right=\"state.imageButtonRight\"\n\t\t\tdata-wp-style--top=\"state.imageButtonTop\"\n\t\t>\n\t\t\t<svg xmlns=\"http:\/\/www.w3.org\/2000\/svg\" width=\"12\" height=\"12\" fill=\"none\" viewBox=\"0 0 12 12\">\n\t\t\t\t<path fill=\"#fff\" d=\"M2 0a2 2 0 0 0-2 2v2h1.5V2a.5.5 0 0 1 .5-.5h2V0H2Zm2 10.5H2a.5.5 0 0 1-.5-.5V8H0v2a2 2 0 0 0 2 2h2v-1.5ZM8 12v-1.5h2a.5.5 0 0 0 .5-.5V8H12v2a2 2 0 0 1-2 2H8Zm2-12a2 2 0 0 1 2 2v2h-1.5V2a.5.5 0 0 0-.5-.5H8V0h2Z\" \/>\n\t\t\t<\/svg>\n\t\t<\/button><\/figure>\n\n\n\n<figure data-wp-context=\"{&quot;imageId&quot;:&quot;69f317efc5d2f&quot;}\" data-wp-interactive=\"core\/image\" class=\"wp-block-image size-large wp-lightbox-container\"><img alt=\"\" decoding=\"async\" width=\"1024\" height=\"576\" data-wp-class--hide=\"state.isContentHidden\" data-wp-class--show=\"state.isContentVisible\" data-wp-init=\"callbacks.setButtonStyles\" data-wp-on-async--click=\"actions.showLightbox\" data-wp-on-async--load=\"callbacks.setButtonStyles\" data-wp-on-async-window--resize=\"callbacks.setButtonStyles\" src=\"https:\/\/www.vap-camping.fr\/wp-content\/uploads\/2025\/04\/dsc01013-2-1024x576.jpg\" alt=\"\" class=\"wp-image-2471\" style=\"object-fit:cover\" srcset=\"https:\/\/www.vap-camping.fr\/wp-content\/uploads\/2025\/04\/dsc01013-2-1024x576.jpg 1024w, https:\/\/www.vap-camping.fr\/wp-content\/uploads\/2025\/04\/dsc01013-2-600x337.jpg 600w, https:\/\/www.vap-camping.fr\/wp-content\/uploads\/2025\/04\/dsc01013-2-768x432.jpg 768w, https:\/\/www.vap-camping.fr\/wp-content\/uploads\/2025\/04\/dsc01013-2-1536x863.jpg 1536w, https:\/\/www.vap-camping.fr\/wp-content\/uploads\/2025\/04\/dsc01013-2-2048x1151.jpg 2048w\" sizes=\"(max-width: 1024px) 100vw, 1024px\" \/><button\n\t\t\tclass=\"lightbox-trigger\"\n\t\t\ttype=\"button\"\n\t\t\taria-haspopup=\"dialog\"\n\t\t\taria-label=\"Enlarge\"\n\t\t\tdata-wp-init=\"callbacks.initTriggerButton\"\n\t\t\tdata-wp-on-async--click=\"actions.showLightbox\"\n\t\t\tdata-wp-style--right=\"state.imageButtonRight\"\n\t\t\tdata-wp-style--top=\"state.imageButtonTop\"\n\t\t>\n\t\t\t<svg xmlns=\"http:\/\/www.w3.org\/2000\/svg\" width=\"12\" height=\"12\" fill=\"none\" viewBox=\"0 0 12 12\">\n\t\t\t\t<path fill=\"#fff\" d=\"M2 0a2 2 0 0 0-2 2v2h1.5V2a.5.5 0 0 1 .5-.5h2V0H2Zm2 10.5H2a.5.5 0 0 1-.5-.5V8H0v2a2 2 0 0 0 2 2h2v-1.5ZM8 12v-1.5h2a.5.5 0 0 0 .5-.5V8H12v2a2 2 0 0 1-2 2H8Zm2-12a2 2 0 0 1 2 2v2h-1.5V2a.5.5 0 0 0-.5-.5H8V0h2Z\" \/>\n\t\t\t<\/svg>\n\t\t<\/button><\/figure>\n\n\n\n<figure data-wp-context=\"{&quot;imageId&quot;:&quot;69f317efc6744&quot;}\" data-wp-interactive=\"core\/image\" class=\"wp-block-image size-large wp-lightbox-container\"><img alt=\"\" decoding=\"async\" width=\"1024\" height=\"683\" data-wp-class--hide=\"state.isContentHidden\" data-wp-class--show=\"state.isContentVisible\" data-wp-init=\"callbacks.setButtonStyles\" data-wp-on-async--click=\"actions.showLightbox\" data-wp-on-async--load=\"callbacks.setButtonStyles\" data-wp-on-async-window--resize=\"callbacks.setButtonStyles\" src=\"https:\/\/www.vap-camping.fr\/wp-content\/uploads\/2025\/04\/skyvue-campingfoix-1024x683.jpg\" alt=\"\" class=\"wp-image-576\" style=\"object-fit:cover\" srcset=\"https:\/\/www.vap-camping.fr\/wp-content\/uploads\/2025\/04\/skyvue-campingfoix-1024x683.jpg 1024w, https:\/\/www.vap-camping.fr\/wp-content\/uploads\/2025\/04\/skyvue-campingfoix-600x400.jpg 600w, https:\/\/www.vap-camping.fr\/wp-content\/uploads\/2025\/04\/skyvue-campingfoix-768x512.jpg 768w, https:\/\/www.vap-camping.fr\/wp-content\/uploads\/2025\/04\/skyvue-campingfoix-1536x1024.jpg 1536w, https:\/\/www.vap-camping.fr\/wp-content\/uploads\/2025\/04\/skyvue-campingfoix-2048x1365.jpg 2048w\" sizes=\"(max-width: 1024px) 100vw, 1024px\" \/><button\n\t\t\tclass=\"lightbox-trigger\"\n\t\t\ttype=\"button\"\n\t\t\taria-haspopup=\"dialog\"\n\t\t\taria-label=\"Enlarge\"\n\t\t\tdata-wp-init=\"callbacks.initTriggerButton\"\n\t\t\tdata-wp-on-async--click=\"actions.showLightbox\"\n\t\t\tdata-wp-style--right=\"state.imageButtonRight\"\n\t\t\tdata-wp-style--top=\"state.imageButtonTop\"\n\t\t>\n\t\t\t<svg xmlns=\"http:\/\/www.w3.org\/2000\/svg\" width=\"12\" height=\"12\" fill=\"none\" viewBox=\"0 0 12 12\">\n\t\t\t\t<path fill=\"#fff\" d=\"M2 0a2 2 0 0 0-2 2v2h1.5V2a.5.5 0 0 1 .5-.5h2V0H2Zm2 10.5H2a.5.5 0 0 1-.5-.5V8H0v2a2 2 0 0 0 2 2h2v-1.5ZM8 12v-1.5h2a.5.5 0 0 0 .5-.5V8H12v2a2 2 0 0 1-2 2H8Zm2-12a2 2 0 0 1 2 2v2h-1.5V2a.5.5 0 0 0-.5-.5H8V0h2Z\" \/>\n\t\t\t<\/svg>\n\t\t<\/button><\/figure>\n\n\n\n<figure data-wp-context=\"{&quot;imageId&quot;:&quot;69f317efc6f08&quot;}\" data-wp-interactive=\"core\/image\" class=\"wp-block-image size-large wp-lightbox-container\"><img alt=\"\" decoding=\"async\" width=\"1024\" height=\"683\" data-wp-class--hide=\"state.isContentHidden\" data-wp-class--show=\"state.isContentVisible\" data-wp-init=\"callbacks.setButtonStyles\" data-wp-on-async--click=\"actions.showLightbox\" data-wp-on-async--load=\"callbacks.setButtonStyles\" data-wp-on-async-window--resize=\"callbacks.setButtonStyles\" src=\"https:\/\/www.vap-camping.fr\/wp-content\/uploads\/2025\/04\/petitjeudesenfant-campingfoix-1024x683.jpeg\" alt=\"\" class=\"wp-image-572\" style=\"object-fit:cover\" srcset=\"https:\/\/www.vap-camping.fr\/wp-content\/uploads\/2025\/04\/petitjeudesenfant-campingfoix-1024x683.jpeg 1024w, https:\/\/www.vap-camping.fr\/wp-content\/uploads\/2025\/04\/petitjeudesenfant-campingfoix-600x400.jpeg 600w, https:\/\/www.vap-camping.fr\/wp-content\/uploads\/2025\/04\/petitjeudesenfant-campingfoix-768x512.jpeg 768w, https:\/\/www.vap-camping.fr\/wp-content\/uploads\/2025\/04\/petitjeudesenfant-campingfoix-1536x1024.jpeg 1536w, https:\/\/www.vap-camping.fr\/wp-content\/uploads\/2025\/04\/petitjeudesenfant-campingfoix-2048x1365.jpeg 2048w\" sizes=\"(max-width: 1024px) 100vw, 1024px\" \/><button\n\t\t\tclass=\"lightbox-trigger\"\n\t\t\ttype=\"button\"\n\t\t\taria-haspopup=\"dialog\"\n\t\t\taria-label=\"Enlarge\"\n\t\t\tdata-wp-init=\"callbacks.initTriggerButton\"\n\t\t\tdata-wp-on-async--click=\"actions.showLightbox\"\n\t\t\tdata-wp-style--right=\"state.imageButtonRight\"\n\t\t\tdata-wp-style--top=\"state.imageButtonTop\"\n\t\t>\n\t\t\t<svg xmlns=\"http:\/\/www.w3.org\/2000\/svg\" width=\"12\" height=\"12\" fill=\"none\" viewBox=\"0 0 12 12\">\n\t\t\t\t<path fill=\"#fff\" d=\"M2 0a2 2 0 0 0-2 2v2h1.5V2a.5.5 0 0 1 .5-.5h2V0H2Zm2 10.5H2a.5.5 0 0 1-.5-.5V8H0v2a2 2 0 0 0 2 2h2v-1.5ZM8 12v-1.5h2a.5.5 0 0 0 .5-.5V8H12v2a2 2 0 0 1-2 2H8Zm2-12a2 2 0 0 1 2 2v2h-1.5V2a.5.5 0 0 0-.5-.5H8V0h2Z\" \/>\n\t\t\t<\/svg>\n\t\t<\/button><\/figure>\n\n\n\n<figure data-wp-context=\"{&quot;imageId&quot;:&quot;69f317efc7714&quot;}\" data-wp-interactive=\"core\/image\" class=\"wp-block-image size-large wp-lightbox-container\"><img alt=\"\" decoding=\"async\" width=\"1024\" height=\"576\" data-wp-class--hide=\"state.isContentHidden\" data-wp-class--show=\"state.isContentVisible\" data-wp-init=\"callbacks.setButtonStyles\" data-wp-on-async--click=\"actions.showLightbox\" data-wp-on-async--load=\"callbacks.setButtonStyles\" data-wp-on-async-window--resize=\"callbacks.setButtonStyles\" src=\"https:\/\/www.vap-camping.fr\/wp-content\/uploads\/2025\/04\/jeu-denfant-1024x576.jpg\" alt=\"\" class=\"wp-image-2473\" style=\"object-fit:cover\" srcset=\"https:\/\/www.vap-camping.fr\/wp-content\/uploads\/2025\/04\/jeu-denfant-1024x576.jpg 1024w, https:\/\/www.vap-camping.fr\/wp-content\/uploads\/2025\/04\/jeu-denfant-600x337.jpg 600w, https:\/\/www.vap-camping.fr\/wp-content\/uploads\/2025\/04\/jeu-denfant-768x432.jpg 768w, https:\/\/www.vap-camping.fr\/wp-content\/uploads\/2025\/04\/jeu-denfant-1536x863.jpg 1536w, https:\/\/www.vap-camping.fr\/wp-content\/uploads\/2025\/04\/jeu-denfant-2048x1151.jpg 2048w\" sizes=\"(max-width: 1024px) 100vw, 1024px\" \/><button\n\t\t\tclass=\"lightbox-trigger\"\n\t\t\ttype=\"button\"\n\t\t\taria-haspopup=\"dialog\"\n\t\t\taria-label=\"Enlarge\"\n\t\t\tdata-wp-init=\"callbacks.initTriggerButton\"\n\t\t\tdata-wp-on-async--click=\"actions.showLightbox\"\n\t\t\tdata-wp-style--right=\"state.imageButtonRight\"\n\t\t\tdata-wp-style--top=\"state.imageButtonTop\"\n\t\t>\n\t\t\t<svg xmlns=\"http:\/\/www.w3.org\/2000\/svg\" width=\"12\" height=\"12\" fill=\"none\" viewBox=\"0 0 12 12\">\n\t\t\t\t<path fill=\"#fff\" d=\"M2 0a2 2 0 0 0-2 2v2h1.5V2a.5.5 0 0 1 .5-.5h2V0H2Zm2 10.5H2a.5.5 0 0 1-.5-.5V8H0v2a2 2 0 0 0 2 2h2v-1.5ZM8 12v-1.5h2a.5.5 0 0 0 .5-.5V8H12v2a2 2 0 0 1-2 2H8Zm2-12a2 2 0 0 1 2 2v2h-1.5V2a.5.5 0 0 0-.5-.5H8V0h2Z\" \/>\n\t\t\t<\/svg>\n\t\t<\/button><\/figure>\n<\/div>\n\n\n\n<div class=\"wp-block-group galery-row is-nowrap is-layout-flex wp-container-core-group-is-layout-6c531013 wp-block-group-is-layout-flex\">\n<figure data-wp-context=\"{&quot;imageId&quot;:&quot;69f317efc802e&quot;}\" data-wp-interactive=\"core\/image\" class=\"wp-block-image size-large wp-lightbox-container\"><img alt=\"snack\" decoding=\"async\" width=\"1024\" height=\"683\" data-wp-class--hide=\"state.isContentHidden\" data-wp-class--show=\"state.isContentVisible\" data-wp-init=\"callbacks.setButtonStyles\" data-wp-on-async--click=\"actions.showLightbox\" data-wp-on-async--load=\"callbacks.setButtonStyles\" data-wp-on-async-window--resize=\"callbacks.setButtonStyles\" src=\"https:\/\/www.vap-camping.fr\/wp-content\/uploads\/2025\/04\/snackvue-campingfoix-1-1024x683.jpeg\" alt=\"\" class=\"wp-image-578\" style=\"object-fit:cover\" srcset=\"https:\/\/www.vap-camping.fr\/wp-content\/uploads\/2025\/04\/snackvue-campingfoix-1-1024x683.jpeg 1024w, https:\/\/www.vap-camping.fr\/wp-content\/uploads\/2025\/04\/snackvue-campingfoix-1-600x400.jpeg 600w, https:\/\/www.vap-camping.fr\/wp-content\/uploads\/2025\/04\/snackvue-campingfoix-1-768x512.jpeg 768w, https:\/\/www.vap-camping.fr\/wp-content\/uploads\/2025\/04\/snackvue-campingfoix-1-1536x1024.jpeg 1536w, https:\/\/www.vap-camping.fr\/wp-content\/uploads\/2025\/04\/snackvue-campingfoix-1-2048x1365.jpeg 2048w\" sizes=\"(max-width: 1024px) 100vw, 1024px\" \/><button\n\t\t\tclass=\"lightbox-trigger\"\n\t\t\ttype=\"button\"\n\t\t\taria-haspopup=\"dialog\"\n\t\t\taria-label=\"Enlarge\"\n\t\t\tdata-wp-init=\"callbacks.initTriggerButton\"\n\t\t\tdata-wp-on-async--click=\"actions.showLightbox\"\n\t\t\tdata-wp-style--right=\"state.imageButtonRight\"\n\t\t\tdata-wp-style--top=\"state.imageButtonTop\"\n\t\t>\n\t\t\t<svg xmlns=\"http:\/\/www.w3.org\/2000\/svg\" width=\"12\" height=\"12\" fill=\"none\" viewBox=\"0 0 12 12\">\n\t\t\t\t<path fill=\"#fff\" d=\"M2 0a2 2 0 0 0-2 2v2h1.5V2a.5.5 0 0 1 .5-.5h2V0H2Zm2 10.5H2a.5.5 0 0 1-.5-.5V8H0v2a2 2 0 0 0 2 2h2v-1.5ZM8 12v-1.5h2a.5.5 0 0 0 .5-.5V8H12v2a2 2 0 0 1-2 2H8Zm2-12a2 2 0 0 1 2 2v2h-1.5V2a.5.5 0 0 0-.5-.5H8V0h2Z\" \/>\n\t\t\t<\/svg>\n\t\t<\/button><\/figure>\n\n\n\n<figure data-wp-context=\"{&quot;imageId&quot;:&quot;69f317efc86f8&quot;}\" data-wp-interactive=\"core\/image\" class=\"wp-block-image size-large wp-lightbox-container\"><img alt=\"\" decoding=\"async\" width=\"1024\" height=\"683\" data-wp-class--hide=\"state.isContentHidden\" data-wp-class--show=\"state.isContentVisible\" data-wp-init=\"callbacks.setButtonStyles\" data-wp-on-async--click=\"actions.showLightbox\" data-wp-on-async--load=\"callbacks.setButtonStyles\" data-wp-on-async-window--resize=\"callbacks.setButtonStyles\" src=\"https:\/\/www.vap-camping.fr\/wp-content\/uploads\/2025\/04\/chalet-information-foix-1024x683.jpeg\" alt=\"\" class=\"wp-image-586\" style=\"object-fit:cover\" srcset=\"https:\/\/www.vap-camping.fr\/wp-content\/uploads\/2025\/04\/chalet-information-foix-1024x683.jpeg 1024w, https:\/\/www.vap-camping.fr\/wp-content\/uploads\/2025\/04\/chalet-information-foix-600x400.jpeg 600w, https:\/\/www.vap-camping.fr\/wp-content\/uploads\/2025\/04\/chalet-information-foix-768x512.jpeg 768w, https:\/\/www.vap-camping.fr\/wp-content\/uploads\/2025\/04\/chalet-information-foix-1536x1024.jpeg 1536w, https:\/\/www.vap-camping.fr\/wp-content\/uploads\/2025\/04\/chalet-information-foix-2048x1365.jpeg 2048w\" sizes=\"(max-width: 1024px) 100vw, 1024px\" \/><button\n\t\t\tclass=\"lightbox-trigger\"\n\t\t\ttype=\"button\"\n\t\t\taria-haspopup=\"dialog\"\n\t\t\taria-label=\"Enlarge\"\n\t\t\tdata-wp-init=\"callbacks.initTriggerButton\"\n\t\t\tdata-wp-on-async--click=\"actions.showLightbox\"\n\t\t\tdata-wp-style--right=\"state.imageButtonRight\"\n\t\t\tdata-wp-style--top=\"state.imageButtonTop\"\n\t\t>\n\t\t\t<svg xmlns=\"http:\/\/www.w3.org\/2000\/svg\" width=\"12\" height=\"12\" fill=\"none\" viewBox=\"0 0 12 12\">\n\t\t\t\t<path fill=\"#fff\" d=\"M2 0a2 2 0 0 0-2 2v2h1.5V2a.5.5 0 0 1 .5-.5h2V0H2Zm2 10.5H2a.5.5 0 0 1-.5-.5V8H0v2a2 2 0 0 0 2 2h2v-1.5ZM8 12v-1.5h2a.5.5 0 0 0 .5-.5V8H12v2a2 2 0 0 1-2 2H8Zm2-12a2 2 0 0 1 2 2v2h-1.5V2a.5.5 0 0 0-.5-.5H8V0h2Z\" \/>\n\t\t\t<\/svg>\n\t\t<\/button><\/figure>\n\n\n\n<figure data-wp-context=\"{&quot;imageId&quot;:&quot;69f317efc8dbc&quot;}\" data-wp-interactive=\"core\/image\" class=\"wp-block-image size-large wp-lightbox-container\"><img alt=\"\" decoding=\"async\" width=\"1024\" height=\"683\" data-wp-class--hide=\"state.isContentHidden\" data-wp-class--show=\"state.isContentVisible\" data-wp-init=\"callbacks.setButtonStyles\" data-wp-on-async--click=\"actions.showLightbox\" data-wp-on-async--load=\"callbacks.setButtonStyles\" data-wp-on-async-window--resize=\"callbacks.setButtonStyles\" src=\"https:\/\/www.vap-camping.fr\/wp-content\/uploads\/2025\/04\/vue-Cocosweet-1024x683.jpeg\" alt=\"\" class=\"wp-image-588\" style=\"object-fit:cover\" srcset=\"https:\/\/www.vap-camping.fr\/wp-content\/uploads\/2025\/04\/vue-Cocosweet-1024x683.jpeg 1024w, https:\/\/www.vap-camping.fr\/wp-content\/uploads\/2025\/04\/vue-Cocosweet-600x400.jpeg 600w, https:\/\/www.vap-camping.fr\/wp-content\/uploads\/2025\/04\/vue-Cocosweet-768x512.jpeg 768w, https:\/\/www.vap-camping.fr\/wp-content\/uploads\/2025\/04\/vue-Cocosweet-1536x1024.jpeg 1536w, https:\/\/www.vap-camping.fr\/wp-content\/uploads\/2025\/04\/vue-Cocosweet-2048x1365.jpeg 2048w\" sizes=\"(max-width: 1024px) 100vw, 1024px\" \/><button\n\t\t\tclass=\"lightbox-trigger\"\n\t\t\ttype=\"button\"\n\t\t\taria-haspopup=\"dialog\"\n\t\t\taria-label=\"Enlarge\"\n\t\t\tdata-wp-init=\"callbacks.initTriggerButton\"\n\t\t\tdata-wp-on-async--click=\"actions.showLightbox\"\n\t\t\tdata-wp-style--right=\"state.imageButtonRight\"\n\t\t\tdata-wp-style--top=\"state.imageButtonTop\"\n\t\t>\n\t\t\t<svg xmlns=\"http:\/\/www.w3.org\/2000\/svg\" width=\"12\" height=\"12\" fill=\"none\" viewBox=\"0 0 12 12\">\n\t\t\t\t<path fill=\"#fff\" d=\"M2 0a2 2 0 0 0-2 2v2h1.5V2a.5.5 0 0 1 .5-.5h2V0H2Zm2 10.5H2a.5.5 0 0 1-.5-.5V8H0v2a2 2 0 0 0 2 2h2v-1.5ZM8 12v-1.5h2a.5.5 0 0 0 .5-.5V8H12v2a2 2 0 0 1-2 2H8Zm2-12a2 2 0 0 1 2 2v2h-1.5V2a.5.5 0 0 0-.5-.5H8V0h2Z\" \/>\n\t\t\t<\/svg>\n\t\t<\/button><\/figure>\n\n\n\n<figure data-wp-context=\"{&quot;imageId&quot;:&quot;69f317efc946b&quot;}\" data-wp-interactive=\"core\/image\" class=\"wp-block-image size-large wp-lightbox-container\"><img alt=\"\" decoding=\"async\" width=\"1024\" height=\"683\" data-wp-class--hide=\"state.isContentHidden\" data-wp-class--show=\"state.isContentVisible\" data-wp-init=\"callbacks.setButtonStyles\" data-wp-on-async--click=\"actions.showLightbox\" data-wp-on-async--load=\"callbacks.setButtonStyles\" data-wp-on-async-window--resize=\"callbacks.setButtonStyles\" src=\"https:\/\/www.vap-camping.fr\/wp-content\/uploads\/2025\/04\/cottage-XL-terrasse-3-1024x683.jpg\" alt=\"\" class=\"wp-image-590\" style=\"object-fit:cover\" srcset=\"https:\/\/www.vap-camping.fr\/wp-content\/uploads\/2025\/04\/cottage-XL-terrasse-3-1024x683.jpg 1024w, https:\/\/www.vap-camping.fr\/wp-content\/uploads\/2025\/04\/cottage-XL-terrasse-3-600x400.jpg 600w, https:\/\/www.vap-camping.fr\/wp-content\/uploads\/2025\/04\/cottage-XL-terrasse-3-768x512.jpg 768w, https:\/\/www.vap-camping.fr\/wp-content\/uploads\/2025\/04\/cottage-XL-terrasse-3-1536x1024.jpg 1536w, https:\/\/www.vap-camping.fr\/wp-content\/uploads\/2025\/04\/cottage-XL-terrasse-3-2048x1365.jpg 2048w\" sizes=\"(max-width: 1024px) 100vw, 1024px\" \/><button\n\t\t\tclass=\"lightbox-trigger\"\n\t\t\ttype=\"button\"\n\t\t\taria-haspopup=\"dialog\"\n\t\t\taria-label=\"Enlarge\"\n\t\t\tdata-wp-init=\"callbacks.initTriggerButton\"\n\t\t\tdata-wp-on-async--click=\"actions.showLightbox\"\n\t\t\tdata-wp-style--right=\"state.imageButtonRight\"\n\t\t\tdata-wp-style--top=\"state.imageButtonTop\"\n\t\t>\n\t\t\t<svg xmlns=\"http:\/\/www.w3.org\/2000\/svg\" width=\"12\" height=\"12\" fill=\"none\" viewBox=\"0 0 12 12\">\n\t\t\t\t<path fill=\"#fff\" d=\"M2 0a2 2 0 0 0-2 2v2h1.5V2a.5.5 0 0 1 .5-.5h2V0H2Zm2 10.5H2a.5.5 0 0 1-.5-.5V8H0v2a2 2 0 0 0 2 2h2v-1.5ZM8 12v-1.5h2a.5.5 0 0 0 .5-.5V8H12v2a2 2 0 0 1-2 2H8Zm2-12a2 2 0 0 1 2 2v2h-1.5V2a.5.5 0 0 0-.5-.5H8V0h2Z\" \/>\n\t\t\t<\/svg>\n\t\t<\/button><\/figure>\n\n\n\n<figure data-wp-context=\"{&quot;imageId&quot;:&quot;69f317efc9c0d&quot;}\" data-wp-interactive=\"core\/image\" class=\"wp-block-image size-large wp-lightbox-container\"><img alt=\"\" decoding=\"async\" width=\"1024\" height=\"683\" data-wp-class--hide=\"state.isContentHidden\" data-wp-class--show=\"state.isContentVisible\" data-wp-init=\"callbacks.setButtonStyles\" data-wp-on-async--click=\"actions.showLightbox\" data-wp-on-async--load=\"callbacks.setButtonStyles\" data-wp-on-async-window--resize=\"callbacks.setButtonStyles\" src=\"https:\/\/www.vap-camping.fr\/wp-content\/uploads\/2025\/04\/reception-campingfoix-1024x683.jpg\" alt=\"\" class=\"wp-image-574\" style=\"object-fit:cover\" srcset=\"https:\/\/www.vap-camping.fr\/wp-content\/uploads\/2025\/04\/reception-campingfoix-1024x683.jpg 1024w, https:\/\/www.vap-camping.fr\/wp-content\/uploads\/2025\/04\/reception-campingfoix-600x400.jpg 600w, https:\/\/www.vap-camping.fr\/wp-content\/uploads\/2025\/04\/reception-campingfoix-768x512.jpg 768w, https:\/\/www.vap-camping.fr\/wp-content\/uploads\/2025\/04\/reception-campingfoix-1536x1024.jpg 1536w, https:\/\/www.vap-camping.fr\/wp-content\/uploads\/2025\/04\/reception-campingfoix-2048x1365.jpg 2048w\" sizes=\"(max-width: 1024px) 100vw, 1024px\" \/><button\n\t\t\tclass=\"lightbox-trigger\"\n\t\t\ttype=\"button\"\n\t\t\taria-haspopup=\"dialog\"\n\t\t\taria-label=\"Enlarge\"\n\t\t\tdata-wp-init=\"callbacks.initTriggerButton\"\n\t\t\tdata-wp-on-async--click=\"actions.showLightbox\"\n\t\t\tdata-wp-style--right=\"state.imageButtonRight\"\n\t\t\tdata-wp-style--top=\"state.imageButtonTop\"\n\t\t>\n\t\t\t<svg xmlns=\"http:\/\/www.w3.org\/2000\/svg\" width=\"12\" height=\"12\" fill=\"none\" viewBox=\"0 0 12 12\">\n\t\t\t\t<path fill=\"#fff\" d=\"M2 0a2 2 0 0 0-2 2v2h1.5V2a.5.5 0 0 1 .5-.5h2V0H2Zm2 10.5H2a.5.5 0 0 1-.5-.5V8H0v2a2 2 0 0 0 2 2h2v-1.5ZM8 12v-1.5h2a.5.5 0 0 0 .5-.5V8H12v2a2 2 0 0 1-2 2H8Zm2-12a2 2 0 0 1 2 2v2h-1.5V2a.5.5 0 0 0-.5-.5H8V0h2Z\" \/>\n\t\t\t<\/svg>\n\t\t<\/button><\/figure>\n<\/div>\n<\/div>\n<\/div>\n\n\n\n<div class=\"wp-block-group alignwide is-style-title-simple fromTop is-layout-flow wp-block-group-is-layout-flow is-style-title-simple--4\" style=\"margin-top:4rem;margin-bottom:4rem\">\n<p class=\"has-text-align-center has-secondary-color has-text-color has-link-color has-secondary-font-family has-xl-font-size wp-elements-5beaef5a6abf986e2d6554b4743ff1d4\">Encuentra<\/p>\n\n\n\n<p class=\"has-text-align-center has-primary-font-family has-sm-font-size\" style=\"text-transform:uppercase\"><strong>tu parcela o alquiler<\/strong><\/p>\n<\/div>\n\n\n\n<div style=\"background-image:url(&#039;https:\/\/www.vap-camping.fr\/wp-content\/uploads\/2025\/04\/vue-des-mobilhome-campingfoix-scaled.jpeg&#039;);background-size:cover;\" class=\"wp-block-group bg-img-part is-layout-flow wp-block-group-is-layout-flow has-background\">\n<div class=\"wp-block-columns alignfull is-layout-flex wp-container-core-columns-is-layout-28f84493 wp-block-columns-is-layout-flex\">\n<div class=\"wp-block-column part-void is-layout-flow wp-block-column-is-layout-flow\"><\/div>\n\n\n\n<div class=\"wp-block-column part-content is-layout-flow wp-block-column-is-layout-flow\" style=\"flex-basis:45%\">\n<div class=\"wp-block-group is-bg-rounded has-global-padding is-content-justification-right is-layout-constrained wp-container-core-group-is-layout-42ecb5a2 wp-block-group-is-layout-constrained\">\n<div class=\"wp-block-group alignfull is-style-title-flip has-global-padding is-content-justification-right is-layout-constrained wp-container-core-group-is-layout-f1f2ed93 wp-block-group-is-layout-constrained is-style-title-flip--5\">\n<p class=\"has-text-align-right has-secondary-font-family has-xl-font-size\">Alquileres<\/p>\n\n\n\n<p class=\"has-text-align-right has-sm-font-size\" style=\"text-transform:uppercase\"><strong>y Ubicaciones<\/strong><\/p>\n\n\n\n<h1 class=\"wp-block-heading text-title\"> <strong>Camping du Lac tiene algo para todos los gustos, as\u00ed que seguro que encuentras lo que buscas en Ari\u00e8ge, \u00a1a s\u00f3lo 1 hora de Toulouse!<\/strong><\/h1>\n\n\n\n<div class=\"wp-block-group has-global-padding is-content-justification-right is-layout-constrained wp-container-core-group-is-layout-f1f2ed93 wp-block-group-is-layout-constrained\">\n<div class=\"wp-block-columns is-layout-flex wp-container-core-columns-is-layout-28f84493 wp-block-columns-is-layout-flex\">\n<div class=\"wp-block-column is-layout-flow wp-block-column-is-layout-flow\" style=\"flex-basis:100%\">\n<div class=\"wp-block-group alignfull is-vertical is-layout-flex wp-container-core-group-is-layout-fe9cc265 wp-block-group-is-layout-flex\">\n<div class=\"wp-block-group has-global-padding is-layout-constrained wp-block-group-is-layout-constrained\">\n<p class=\"has-link-color wp-elements-3ad9f2c7c22abe76ffaed2e6eda9e1ee\">Nuestro <a href=\"https:\/\/www.vap-camping.fr\/es\/camping-pas-cher-foix\/\" data-type=\"page\" data-id=\"2418\">camping en Foix<\/a> te ofrece :<\/p>\n\n\n\n<p class=\"has-link-color wp-elements-577669b645d76cb1e9859ae7dc872df2\">Alojamiento confortable: caba\u00f1as de 4 a 6 plazas, con o sin aire acondicionado, tiendas Coco Sweet para aventureros, y peque\u00f1os bungalows Valentin para escapadas cortas.<\/p>\n\n\n\n<p class=\"has-link-color wp-elements-b989d87f412d83aa6778013bfdc1f03d\">Amplias parcelas para tiendas, caravanas y autocaravanas, con o sin conexi\u00f3n el\u00e9ctrica, para los amantes de la acampada tradicional.<\/p>\n<\/div>\n\n\n\n<p class=\"has-link-color wp-elements-6a1e5a1ba41307623bcca4d147a97a02\">Nuestro camping tambi\u00e9n es adecuado para personas con movilidad reducida, y acogemos gratuitamente a perros de asistencia.<\/p>\n\n\n\n<p class=\"has-link-color wp-elements-492687d9f81ae59ebde2dc8661d40373\">  Ven a disfrutar del entorno verde y del ambiente familiar y acogedor, todo ello a un paso del centro hist\u00f3rico y de las atracciones deportivas y tur\u00edsticas de Foix.<\/p>\n<\/div>\n<\/div>\n<\/div>\n<\/div>\n<\/div>\n\n\n\n<div class=\"wp-block-buttons is-horizontal is-content-justification-right is-layout-flex wp-container-core-buttons-is-layout-30af2ff6 wp-block-buttons-is-layout-flex\">\n<div class=\"wp-block-button button is-style-fill\"><a class=\"wp-block-button__link wp-element-button\" href=\"#holidays\" style=\"padding-top:0px;padding-right:0px;padding-bottom:0px;padding-left:0px\">Descubra<\/a><\/div>\n<\/div>\n<\/div>\n<\/div>\n<\/div>\n<\/div>\n\n\n\n<div id=\"holidays\" class=\"wp-block-group has-global-padding is-layout-constrained wp-container-core-group-is-layout-8a400663 wp-block-group-is-layout-constrained\">\n<script>\n            window.ctoutvert = {\n                id: 716,\n                url: 'https:\/\/reservation.secureholiday.net\/widgets\/'\n            };\n            (function (w, d, s, ctv, r, js, fjs) {\n                r = new XMLHttpRequest(); r.open('GET', w[ctv].url + 'js\/src.json');\n                r.responseType = 'json'; r.json = true; r.send();\n                r.onload = function () {\n                    w[ctv].src = r.responseType == 'json' ? r.response : JSON.parse(r.response);\n                    js.src = w[ctv].src[0]; fjs.parentNode.insertBefore(js, fjs);\n                }\n                js = d.createElement(s), fjs = d.getElementsByTagName(s)[0];\n                js.id = 'ctvwidget'; js.async = 1;\n            }(window, document, 'script', 'ctoutvert'));\n        <\/script>\n        <ctv-availability data-background-color=\"#FFFFFF00\"><\/ctv-availability>\n<\/div>\n\n\n\n<div class=\"wp-block-group has-global-padding is-layout-constrained wp-block-group-is-layout-constrained\">\n<div class=\"wp-block-columns alignfull are-vertically-aligned-center m-ti is-layout-flex wp-container-core-columns-is-layout-0c0b91ec wp-block-columns-is-layout-flex\">\n<div class=\"wp-block-column is-vertically-aligned-center wp-block-image alignright size-large has-custom-border is-style-simple-left m-ti-image is-layout-flow wp-block-column-is-layout-flow is-style-simple-left--6\" style=\"flex-basis:60%\">\n<figure class=\"wp-block-image alignleft size-large\"><img alt=\"\" decoding=\"async\" width=\"1024\" height=\"683\" src=\"https:\/\/www.vap-camping.fr\/wp-content\/uploads\/2025\/04\/vuepiscine-campingfoix-1024x683.jpg\" alt=\"\" class=\"wp-image-568\" srcset=\"https:\/\/www.vap-camping.fr\/wp-content\/uploads\/2025\/04\/vuepiscine-campingfoix-1024x683.jpg 1024w, https:\/\/www.vap-camping.fr\/wp-content\/uploads\/2025\/04\/vuepiscine-campingfoix-600x400.jpg 600w, https:\/\/www.vap-camping.fr\/wp-content\/uploads\/2025\/04\/vuepiscine-campingfoix-768x512.jpg 768w, https:\/\/www.vap-camping.fr\/wp-content\/uploads\/2025\/04\/vuepiscine-campingfoix-1536x1024.jpg 1536w, https:\/\/www.vap-camping.fr\/wp-content\/uploads\/2025\/04\/vuepiscine-campingfoix-2048x1365.jpg 2048w\" sizes=\"(max-width: 1024px) 100vw, 1024px\" \/><\/figure>\n<\/div>\n\n\n\n<div class=\"wp-block-column is-vertically-aligned-center m-ti-text is-layout-flow wp-container-core-column-is-layout-58dbe9e9 wp-block-column-is-layout-flow\" style=\"padding-left:10rem;flex-basis:40%\">\n<div class=\"wp-block-group is-style-title-left is-layout-flow wp-block-group-is-layout-flow is-style-title-left--7\">\n<p class=\"has-secondary-color has-text-color has-link-color has-secondary-font-family has-xl-font-size wp-elements-cc602f70e7c9647e18aeddfc2934cc69\">Nuestros servicios<\/p>\n\n\n\n<p class=\"has-primary-color has-text-color has-link-color has-primary-font-family has-sm-font-size wp-elements-64c2914618736bedea7b8c7601b3f3ce\" style=\"text-transform:uppercase\"><strong>Para una estancia confortable<\/strong><\/p>\n<\/div>\n\n\n\n<h2 class=\"wp-block-heading text-title\">\u00a1Hay de todo para padres, hijos, aficionados al deporte y amigos!<\/h2>\n\n\n\n<p class=\"has-primary-color has-text-color has-link-color has-m-font-size wp-elements-2eea21127848c4802d53411cfc0f89d0\" style=\"padding-left:2rem\">En nuestro <a href=\"https:\/\/www.vap-camping.fr\/es\/camping-4-etoiles-ariege\/\" data-type=\"page\" data-id=\"3390\"><strong>camping de 4 estrellas en Ari\u00e8ge<\/strong><\/a>todo est\u00e1 pensado para que tu estancia sea lo m\u00e1s relajante posible. Aprovecha la piscina exterior y la piscina infantil (abiertas de junio a septiembre), el bar-restaurante (abierto en temporada), el servicio de entrega de pan y boller\u00eda, la zona segura de juegos para ni\u00f1os, as\u00ed como las animaciones y veladas de verano. <\/p>\n\n\n\n<p class=\"has-primary-color has-text-color has-link-color has-m-font-size wp-elements-4da41c9f6534188c0840c605313de17e\" style=\"padding-left:2rem\">Los ciclistas apreciar\u00e1n nuestra zona segura de recepci\u00f3n de bicicletas con kit de reparaci\u00f3n y, para mayor comodidad, disponemos de un punto de recarga el\u00e9ctrica, Wi-Fi gratuito y lavander\u00eda.<\/p>\n\n\n\n<p class=\"has-primary-color has-text-color has-link-color has-m-font-size wp-elements-3e6d5372e193677691cd0109932f407f\" style=\"padding-left:2rem\">Para los momentos compartidos, aprovecha las instalaciones comunes: tenis de mesa, barbacoas, zona de petanca y mesas de picnic&#8230;..<\/p>\n\n\n\n<p class=\"has-primary-color has-text-color has-link-color has-m-font-size wp-elements-e76ee8976f4c91a6f3dbf0dcdc4dfb24\" style=\"padding-left:2rem\">Para una estancia a\u00fan m\u00e1s c\u00f3moda, puedes optar por que te hagan las camas a la llegada, alquilar un kit para beb\u00e9s o solicitar s\u00e1banas extra.<\/p>\n\n\n\n<p class=\"has-primary-color has-text-color has-link-color has-m-font-size wp-elements-df625b441d20343429edc663af979210\" style=\"padding-left:2rem\">Y tus amigos de cuatro patas son bienvenidos bajo ciertas condiciones, incluidos los perros de asistencia.<\/p>\n\n\n\n<p class=\"has-link-color has-m-font-size wp-elements-5e83586e273277811aab6a6975bcb326\" style=\"padding-left:2rem\"><\/p>\n<\/div>\n<\/div>\n<\/div>\n\n\n\n<div class=\"wp-block-group has-global-padding is-layout-constrained wp-block-group-is-layout-constrained\">\n<div class=\"wp-block-columns alignfull are-vertically-aligned-center m-ti is-layout-flex wp-container-core-columns-is-layout-0c0b91ec wp-block-columns-is-layout-flex\">\n<div class=\"wp-block-column is-vertically-aligned-center m-ti-text is-layout-flow wp-container-core-column-is-layout-58dbe9e9 wp-block-column-is-layout-flow\" style=\"padding-left:10rem;flex-basis:40%\">\n<div class=\"wp-block-group is-style-title-left is-layout-flow wp-block-group-is-layout-flow is-style-title-left--8\">\n<p class=\"has-secondary-color has-text-color has-link-color has-secondary-font-family has-xl-font-size wp-elements-dceeb1916cbc49c1f473004e2bd45358\">Restaurante<\/p>\n\n\n\n<p class=\"has-primary-color has-text-color has-link-color has-primary-font-family has-sm-font-size wp-elements-f787f4969a1c9abe60880887c5e3c37f\" style=\"text-transform:uppercase\"><strong><strong>Come en casa y disfruta del ambiente  <\/strong><\/strong><\/p>\n<\/div>\n\n\n\n<h2 class=\"wp-block-heading text-title\">Una terraza, planchas, una bebida fresca: \u00a1por fin las vacaciones tienen el verdadero sabor del verano!<\/h2>\n\n\n\n<p class=\"has-m-font-size\" style=\"padding-left:2rem\">Abierta para comer y cenar de junio a septiembre, La Table Capricieuse es el lugar perfecto para saborear el esp\u00edritu de las vacaciones.<br>Un ambiente familiar y relajado, platos deliciosos y generosos, y planchas que huelen a verano: aqu\u00ed compartimos, re\u00edmos y disfrutamos.<\/p>\n\n\n\n<p class=\"has-m-font-size\" style=\"padding-left:2rem\">De vez en cuando, la velada se prolonga con un concierto o un espect\u00e1culo musical para crear un ambiente a\u00fan m\u00e1s cordial.<br>Tanto si vienes en familia, con amigos o con vecinos de camping, La Table Capricieuse te promete momentos c\u00e1lidos y gastron\u00f3micos.<\/p>\n<\/div>\n\n\n\n<div class=\"wp-block-column is-vertically-aligned-center wp-block-image alignright size-large has-custom-border m-ti-image is-style-simple-right is-layout-flow wp-block-column-is-layout-flow is-style-simple-right--9\" style=\"flex-basis:60%\">\n<figure class=\"wp-block-image alignright size-full is-resized is-style-default wp-duotone-unset-10\"><img decoding=\"async\" width=\"2560\" height=\"1920\" src=\"https:\/\/www.vap-camping.fr\/wp-content\/uploads\/2025\/04\/restaurant-foix-scaled.jpg\" alt=\"restaurante foix\" class=\"wp-image-1671\" style=\"width:677px;height:auto\" srcset=\"https:\/\/www.vap-camping.fr\/wp-content\/uploads\/2025\/04\/restaurant-foix-scaled.jpg 2560w, https:\/\/www.vap-camping.fr\/wp-content\/uploads\/2025\/04\/restaurant-foix-600x450.jpg 600w, https:\/\/www.vap-camping.fr\/wp-content\/uploads\/2025\/04\/restaurant-foix-1024x768.jpg 1024w, https:\/\/www.vap-camping.fr\/wp-content\/uploads\/2025\/04\/restaurant-foix-768x576.jpg 768w, https:\/\/www.vap-camping.fr\/wp-content\/uploads\/2025\/04\/restaurant-foix-1536x1152.jpg 1536w, https:\/\/www.vap-camping.fr\/wp-content\/uploads\/2025\/04\/restaurant-foix-2048x1536.jpg 2048w\" sizes=\"(max-width: 2560px) 100vw, 2560px\" \/><\/figure>\n<\/div>\n<\/div>\n<\/div>\n\n\n\n<div class=\"wp-block-group has-global-padding is-layout-constrained wp-block-group-is-layout-constrained\">\n<div class=\"wp-block-columns alignfull are-vertically-aligned-center m-ti is-layout-flex wp-container-core-columns-is-layout-0c0b91ec wp-block-columns-is-layout-flex\">\n<div class=\"wp-block-column is-vertically-aligned-center wp-block-image alignright size-large has-custom-border is-style-simple-left m-ti-image is-layout-flow wp-block-column-is-layout-flow is-style-simple-left--11\" style=\"flex-basis:60%\">\n<figure class=\"wp-block-image alignleft size-large\"><img alt=\"\" decoding=\"async\" width=\"1024\" height=\"683\" src=\"https:\/\/www.vap-camping.fr\/wp-content\/uploads\/2025\/04\/image-1-1024x683.jpeg\" alt=\"\" class=\"wp-image-6075\" srcset=\"https:\/\/www.vap-camping.fr\/wp-content\/uploads\/2025\/04\/image-1-1024x683.jpeg 1024w, https:\/\/www.vap-camping.fr\/wp-content\/uploads\/2025\/04\/image-1-600x400.jpeg 600w, https:\/\/www.vap-camping.fr\/wp-content\/uploads\/2025\/04\/image-1-768x512.jpeg 768w, https:\/\/www.vap-camping.fr\/wp-content\/uploads\/2025\/04\/image-1.jpeg 1536w\" sizes=\"(max-width: 1024px) 100vw, 1024px\" \/><\/figure>\n<\/div>\n\n\n\n<div class=\"wp-block-column is-vertically-aligned-center m-ti-text is-layout-flow wp-container-core-column-is-layout-58dbe9e9 wp-block-column-is-layout-flow\" style=\"padding-left:10rem;flex-basis:40%\">\n<div class=\"wp-block-group is-style-title-left is-layout-flow wp-block-group-is-layout-flow is-style-title-left--12\">\n<p class=\"has-secondary-color has-text-color has-link-color has-secondary-font-family has-xl-font-size wp-elements-71cb1b041994ddfd6999a5cc6dbe5a28\">Nuestros eventos<\/p>\n\n\n\n<p class=\"has-primary-color has-text-color has-link-color has-primary-font-family has-sm-font-size wp-elements-d592749a3c549f1a95060a23a8adc240\" style=\"text-transform:uppercase\"><strong><strong>para este verano  <\/strong><\/strong><\/p>\n<\/div>\n\n\n\n<h1 class=\"wp-block-heading text-title\"><strong>Un verano animado en el Camping du Lac de Foix: animaciones para ni\u00f1os y padres, aquagym, cabaret, discoteca, cine, espect\u00e1culos (del 6 de julio al 28 de agosto).<\/strong><\/h1>\n\n\n\n<p class=\"has-primary-color has-text-color has-link-color has-m-font-size wp-elements-28c7b64820ca04b1adce25c984cd957c\" style=\"padding-left:2rem\">\u00bfBuscas un verano animado?  <\/p>\n\n\n\n<p class=\"has-primary-color has-text-color has-link-color has-m-font-size wp-elements-cd94d31f506b3f75f330749ca376396c\" style=\"padding-left:2rem\">El verano en el Camping du Lac de Foix es diversi\u00f3n, risas y compartir. Cada semana, disfruta de un programa variado pensado tanto para los ni\u00f1os como para los padres: sesiones de aquagym en la piscina para recuperar suavemente la forma, noches de discoteca para bailar bajo las estrellas, espect\u00e1culos de cabaret para un toque de magia, cine al aire libre para un momento acogedor y verdaderos espect\u00e1culos para disfrutar juntos. El ambiente es agradable y en\u00e9rgico, y hay algo para todos: juegos, relajaci\u00f3n y recuerdos garantizados. \u00a1Reserva tu estancia y disfruta de un verano animado en el coraz\u00f3n del Ari\u00e8ge!   <\/p>\n<\/div>\n<\/div>\n<\/div>\n\n\n\n<div class=\"wp-block-group has-global-padding is-layout-constrained wp-block-group-is-layout-constrained\">\n<div class=\"wp-block-columns alignfull are-vertically-aligned-center m-ti is-layout-flex wp-container-core-columns-is-layout-0c0b91ec wp-block-columns-is-layout-flex\">\n<div class=\"wp-block-column is-vertically-aligned-center m-ti-text is-layout-flow wp-container-core-column-is-layout-58dbe9e9 wp-block-column-is-layout-flow\" style=\"padding-left:10rem;flex-basis:40%\">\n<div class=\"wp-block-group is-style-title-left is-layout-flow wp-block-group-is-layout-flow is-style-title-left--13\">\n<p class=\"has-secondary-color has-text-color has-link-color has-secondary-font-family has-xl-font-size wp-elements-f671598218044fc852f3a7cea8f9da3b\">Qu\u00e9 hacer<\/p>\n\n\n\n<p class=\"has-primary-color has-text-color has-link-color has-primary-font-family has-sm-font-size wp-elements-46927fbd5cdc399a30635b33ad6c92bb\" style=\"text-transform:uppercase\"><strong>cerca de casa<\/strong><\/p>\n<\/div>\n\n\n\n<h2 class=\"wp-block-heading text-title\">Tanto si practicas ciclismo, motociclismo, kayak, senderismo o pesca, el Camping du Lac ofrece una mezcla \u00fanica de naturaleza y amabilidad.<\/h2>\n\n\n\n<p class=\"has-m-font-size\" style=\"padding-left:2rem\">\u00bfBuscas aventuras?<\/p>\n\n\n\n<p class=\"has-m-font-size\" style=\"padding-left:2rem\">Est\u00e1s a s\u00f3lo 1 km del inicio de la Voie Verte, que te permite explorar la campi\u00f1a de Ari\u00e8ge en bicicleta o a pie. Los ciclistas disfrutar\u00e1n de las hermosas carreteras sinuosas de los Pirineos, mientras que los pirag\u00fcistas encontrar\u00e1n el estadio de aguas bravas de Foix ideal para entrenarse en pirag\u00fcismo.   <\/p>\n\n\n\n<p class=\"has-m-font-size\" style=\"padding-left:2rem\">\u00bfQuieres saber m\u00e1s?<\/p>\n\n\n\n<p class=\"has-m-font-size\" style=\"padding-left:2rem\">Explora el castillo de Foix, las cuevas prehist\u00f3ricas, o haz senderismo hasta el Prat d&#8217;Albis o la cascada de Ars. Aqu\u00ed, la naturaleza est\u00e1 por todas partes: lagos, monta\u00f1as y bosques te rodean.   <\/p>\n\n\n\n<p class=\"has-m-font-size\" style=\"padding-left:2rem\">\u00bfBuscas un descanso a orillas del Ari\u00e8ge?<\/p>\n\n\n\n<p class=\"has-m-font-size\" style=\"padding-left:2rem\">Desde el camping, puedes pescar, remar o simplemente disfrutar de la paz y la tranquilidad del r\u00edo.  <\/p>\n\n\n\n<p class=\"has-m-font-size\" style=\"padding-left:2rem\">Y para ampliar la convivencia, descubre la guinguette a s\u00f3lo 2 minutos del camping (abierta s\u00f3lo en temporada).<\/p>\n\n\n\n<p class=\"has-m-font-size\" style=\"padding-left:2rem\">En Camping du Lac, los amantes de la naturaleza y la libertad encontrar\u00e1n lo que buscan.<\/p>\n<\/div>\n\n\n\n<div class=\"wp-block-column is-vertically-aligned-center wp-block-image alignright size-large has-custom-border is-style-travel m-ti-image is-layout-flow wp-block-column-is-layout-flow is-style-travel--14\" style=\"flex-basis:60%\">\n<figure class=\"wp-block-image alignright size-full\"><img decoding=\"async\" width=\"2048\" height=\"1536\" src=\"https:\/\/www.vap-camping.fr\/wp-content\/uploads\/2025\/07\/chateau-foix-automne-ariege.jpg\" alt=\"castillo de foix\" class=\"wp-image-2258\" srcset=\"https:\/\/www.vap-camping.fr\/wp-content\/uploads\/2025\/07\/chateau-foix-automne-ariege.jpg 2048w, https:\/\/www.vap-camping.fr\/wp-content\/uploads\/2025\/07\/chateau-foix-automne-ariege-600x450.jpg 600w, https:\/\/www.vap-camping.fr\/wp-content\/uploads\/2025\/07\/chateau-foix-automne-ariege-1024x768.jpg 1024w, https:\/\/www.vap-camping.fr\/wp-content\/uploads\/2025\/07\/chateau-foix-automne-ariege-768x576.jpg 768w, https:\/\/www.vap-camping.fr\/wp-content\/uploads\/2025\/07\/chateau-foix-automne-ariege-1536x1152.jpg 1536w\" sizes=\"(max-width: 2048px) 100vw, 2048px\" \/><\/figure>\n<\/div>\n<\/div>\n<\/div>\n\n\n\n<div class=\"wp-block-columns alignfull are-vertically-aligned-center m-ti is-layout-flex wp-container-core-columns-is-layout-0c0b91ec wp-block-columns-is-layout-flex\">\n<div class=\"wp-block-column is-vertically-aligned-center wp-block-image alignright size-large has-custom-border m-ti-image is-style-simple-left is-layout-flow wp-block-column-is-layout-flow is-style-simple-left--15\" style=\"flex-basis:60%\">\n<figure class=\"wp-block-image alignleft size-full\"><img alt=\"\" decoding=\"async\" width=\"2133\" height=\"1423\" src=\"https:\/\/www.vap-camping.fr\/wp-content\/uploads\/2025\/04\/charles_ripon_velo.jpg\" alt=\"\" class=\"wp-image-2467\" srcset=\"https:\/\/www.vap-camping.fr\/wp-content\/uploads\/2025\/04\/charles_ripon_velo.jpg 2133w, https:\/\/www.vap-camping.fr\/wp-content\/uploads\/2025\/04\/charles_ripon_velo-600x400.jpg 600w, https:\/\/www.vap-camping.fr\/wp-content\/uploads\/2025\/04\/charles_ripon_velo-1024x683.jpg 1024w, https:\/\/www.vap-camping.fr\/wp-content\/uploads\/2025\/04\/charles_ripon_velo-768x512.jpg 768w, https:\/\/www.vap-camping.fr\/wp-content\/uploads\/2025\/04\/charles_ripon_velo-1536x1025.jpg 1536w, https:\/\/www.vap-camping.fr\/wp-content\/uploads\/2025\/04\/charles_ripon_velo-2048x1366.jpg 2048w\" sizes=\"(max-width: 2133px) 100vw, 2133px\" \/><\/figure>\n<\/div>\n\n\n\n<div class=\"wp-block-column is-vertically-aligned-center m-ti-text is-layout-flow wp-container-core-column-is-layout-58dbe9e9 wp-block-column-is-layout-flow\" style=\"padding-left:10rem;flex-basis:40%\">\n<div class=\"wp-block-group is-style-title-left is-layout-flow wp-block-group-is-layout-flow is-style-title-left--16\">\n<p class=\"has-secondary-color has-text-color has-link-color has-secondary-font-family has-xl-font-size wp-elements-df4e7c1f280b9646f80b2516141091b2\">Sin coche  <\/p>\n\n\n\n<p class=\"has-primary-color has-text-color has-link-color has-primary-font-family has-sm-font-size wp-elements-6f47433fefef5f286160ccacb692bfd7\" style=\"text-transform:uppercase\"><strong><strong>EN ARI\u00c8GE  <\/strong><\/strong><\/p>\n<\/div>\n\n\n\n<h2 class=\"wp-block-heading text-title\">Sobre dos ruedas o sobre ra\u00edles, \u00a1vive tus vacaciones al ritmo de la naturaleza y la libertad!<\/h2>\n\n\n\n<p class=\"has-link-color has-m-font-size wp-elements-e652ff45ed9113ab059a0cf4e58b1aae\" style=\"padding-left:2rem\">\u00a1Deja atr\u00e1s el coche y l\u00e1nzate a descubrir la Ari\u00e8ge a tu ritmo, rodeado de naturaleza y vistas panor\u00e1micas de los Pirineos!<\/p>\n\n\n\n<p class=\"has-link-color has-m-font-size wp-elements-5d61e602d3f1de7e774571046d07256d\" style=\"padding-left:2rem\">A s\u00f3lo 1 km del Camping du Lac, la Voie Verte te invita a disfrutar de magn\u00edficas rutas de ciclismo y senderismo por r\u00edos y monta\u00f1as. Para aprovechar al m\u00e1ximo tu excursi\u00f3n, nuestro colaborador Air-Bikes, a s\u00f3lo 3 minutos del camping, te ofrece bicicletas de alquiler cl\u00e1sicas, el\u00e9ctricas y para ni\u00f1os M\u00e1s informaci\u00f3n: <a href=\"https:\/\/air-bikes.com\/?vue=Carte\">https:\/\/air-bikes.com\/?vue=Carte<\/a> <\/p>\n\n\n\n<p class=\"has-link-color has-m-font-size wp-elements-51c3469d5ab4e0be7580bd583c40d6fe\" style=\"padding-left:2rem\">\u00bfPrefieres el tren? \u00a1No hay problema! El camping es f\u00e1cilmente accesible a trav\u00e9s de la estaci\u00f3n SNCF de Foix. Desde la estaci\u00f3n, coge el autob\u00fas lanzadera (l\u00ednea 1 &#8211; 1 euro por persona) y b\u00e1jate en la parada Capitany, a s\u00f3lo 3 minutos a pie del camping. [Haz clic aqu\u00ed para consultar los horarios.    <\/p>\n\n\n\n<p class=\"has-link-color has-m-font-size wp-elements-d8b60a3e159fd54fa7031b3442966e9d\" style=\"padding-left:2rem\">En familia, con amigos o en grupo deportivo, la bicicleta y el tren son tus aliados para explorar la regi\u00f3n de forma responsable y divertida, aprovechando al m\u00e1ximo tus vacaciones a orillas del Ari\u00e8ge. Consulta los horarios en este enlace: https: <a href=\"https:\/\/lagglobus.fr\/wp-content\/uploads\/2024\/08\/GABARIT-L1.pdf\">\/\/lagglobus.fr\/wp-content\/uploads\/2024\/08\/GABARIT-L1.pdf<\/a>. <\/p>\n\n\n\n<p class=\"has-m-font-size\" style=\"padding-left:2rem\"><\/p>\n\n\n\n<p><\/p>\n<\/div>\n<\/div>\n\n\n\n<div class=\"wp-block-group has-global-padding is-layout-constrained wp-container-core-group-is-layout-79e1f3ce wp-block-group-is-layout-constrained\" style=\"margin-top:5rem;margin-bottom:5rem\">\n<div class=\"wp-block-columns is-layout-flex wp-container-core-columns-is-layout-28f84493 wp-block-columns-is-layout-flex\">\n<div class=\"wp-block-column is-vertically-aligned-center is-layout-flow wp-block-column-is-layout-flow\" style=\"flex-basis:33.9%\">\n<figure class=\"wp-block-image aligncenter size-full is-resized\"><a href=\"https:\/\/qualite-tourisme-occitanie.fr\" target=\"_blank\" rel=\" noreferrer noopener\"><img alt=\"\" decoding=\"async\" width=\"1252\" height=\"413\" src=\"https:\/\/www.vap-camping.fr\/wp-content\/uploads\/2025\/04\/excosdf.jpg\" alt=\"\" class=\"wp-image-3970\" style=\"width:auto;height:150px\" srcset=\"https:\/\/www.vap-camping.fr\/wp-content\/uploads\/2025\/04\/excosdf.jpg 1252w, https:\/\/www.vap-camping.fr\/wp-content\/uploads\/2025\/04\/excosdf-600x198.jpg 600w, https:\/\/www.vap-camping.fr\/wp-content\/uploads\/2025\/04\/excosdf-1024x338.jpg 1024w, https:\/\/www.vap-camping.fr\/wp-content\/uploads\/2025\/04\/excosdf-768x253.jpg 768w\" sizes=\"(max-width: 1252px) 100vw, 1252px\" \/><\/a><\/figure>\n<\/div>\n\n\n\n<div class=\"wp-block-column is-vertically-aligned-center is-layout-flow wp-block-column-is-layout-flow\" style=\"flex-basis:20.55%\">\n<figure class=\"wp-block-image aligncenter size-full is-resized\"><img alt=\"\" decoding=\"async\" width=\"800\" height=\"668\" src=\"https:\/\/www.vap-camping.fr\/wp-content\/uploads\/2025\/04\/acsi_fc.webp\" alt=\"\" class=\"wp-image-4041\" style=\"width:150px;height:auto\" srcset=\"https:\/\/www.vap-camping.fr\/wp-content\/uploads\/2025\/04\/acsi_fc.webp 800w, https:\/\/www.vap-camping.fr\/wp-content\/uploads\/2025\/04\/acsi_fc-600x501.webp 600w, https:\/\/www.vap-camping.fr\/wp-content\/uploads\/2025\/04\/acsi_fc-768x641.webp 768w\" sizes=\"(max-width: 800px) 100vw, 800px\" \/><\/figure>\n<\/div>\n\n\n\n<div class=\"wp-block-column is-vertically-aligned-center is-layout-flow wp-block-column-is-layout-flow\" style=\"flex-basis:20.55%\">\n<figure class=\"wp-block-image aligncenter size-full\"><a href=\"https:\/\/www.culture.gouv.fr\/thematiques\/transition-ecologique\/Centre-de-ressources-Transition-ecologique-de-la-Culture\/Labels-normes\/label-accueil-velo\" target=\"_blank\" rel=\" noreferrer noopener\"><img alt=\"accueil-v\u00e9lo\" decoding=\"async\" width=\"2560\" height=\"2560\" src=\"https:\/\/www.vap-camping.fr\/wp-content\/uploads\/2025\/04\/accueil-velo-png-scaled.png\" alt=\"\" class=\"wp-image-3978\" srcset=\"https:\/\/www.vap-camping.fr\/wp-content\/uploads\/2025\/04\/accueil-velo-png-scaled.png 2560w, https:\/\/www.vap-camping.fr\/wp-content\/uploads\/2025\/04\/accueil-velo-png-600x600.png 600w, https:\/\/www.vap-camping.fr\/wp-content\/uploads\/2025\/04\/accueil-velo-png-1024x1024.png 1024w, https:\/\/www.vap-camping.fr\/wp-content\/uploads\/2025\/04\/accueil-velo-png-300x300.png 300w, https:\/\/www.vap-camping.fr\/wp-content\/uploads\/2025\/04\/accueil-velo-png-768x768.png 768w, https:\/\/www.vap-camping.fr\/wp-content\/uploads\/2025\/04\/accueil-velo-png-1536x1536.png 1536w, https:\/\/www.vap-camping.fr\/wp-content\/uploads\/2025\/04\/accueil-velo-png-2048x2048.png 2048w\" sizes=\"(max-width: 2560px) 100vw, 2560px\" \/><\/a><\/figure>\n<\/div>\n\n\n\n<div class=\"wp-block-column is-vertically-aligned-center is-layout-flow wp-block-column-is-layout-flow\" style=\"flex-basis:25%\">\n<figure class=\"wp-block-image size-large\"><a href=\"https:\/\/www.fredonoccitanie.com\/jevi\/charte-regionale-engage-pour-le-vegetal\/\" target=\"_blank\" rel=\" noreferrer noopener\"><img alt=\"\" decoding=\"async\" width=\"1024\" height=\"504\" src=\"https:\/\/www.vap-camping.fr\/wp-content\/uploads\/2025\/10\/image-56-1024x504.jpeg\" alt=\"\" class=\"wp-image-5837\" srcset=\"https:\/\/www.vap-camping.fr\/wp-content\/uploads\/2025\/10\/image-56-1024x504.jpeg 1024w, https:\/\/www.vap-camping.fr\/wp-content\/uploads\/2025\/10\/image-56-600x295.jpeg 600w, https:\/\/www.vap-camping.fr\/wp-content\/uploads\/2025\/10\/image-56-768x378.jpeg 768w, https:\/\/www.vap-camping.fr\/wp-content\/uploads\/2025\/10\/image-56-1536x756.jpeg 1536w, https:\/\/www.vap-camping.fr\/wp-content\/uploads\/2025\/10\/image-56-2048x1008.jpeg 2048w\" sizes=\"(max-width: 1024px) 100vw, 1024px\" \/><\/a><\/figure>\n<\/div>\n<\/div>\n<\/div>\n\n\n\n<div class=\"wp-block-group leftRight has-global-padding is-layout-constrained wp-block-group-is-layout-constrained\">\n<div class=\"wp-block-group alignwide is-style-title-simple is-layout-flow wp-block-group-is-layout-flow is-style-title-simple--17\" style=\"margin-top:4rem;margin-bottom:4rem\">\n<p class=\"has-text-align-center has-secondary-color has-text-color has-link-color has-secondary-font-family has-xl-font-size wp-elements-25171fb1a20d03f5caad4e2a46e53cd9\">Visitas y descubrimientos<\/p>\n\n\n\n<p class=\"has-text-align-center has-primary-font-family has-sm-font-size\" style=\"text-transform:uppercase\"><strong>Cerca del camping<\/strong><\/p>\n<\/div>\n\n\n\n    <div class=\"journey-wrapper is-layout-flow wp-block-slider-taxo-is-layout-flow\">\n        <div class=\"journey-slides\">\n                            <div class=\"journey-slide\">\n                    <a href=\"https:\/\/www.vap-camping.fr\/es\/lieux\/camping-foix\/\" class=\"journey\" title=\"Foix\">\n                        <img decoding=\"async\" width=\"290\" height=\"350\" src=\"https:\/\/www.vap-camping.fr\/wp-content\/uploads\/2025\/04\/ville-foix-ariege.jpg\" class=\"attachment-6787 size-6787 wp-post-image\" alt=\"\" large=\"\" \/>                        <p class=\"j-title\">\n                            Foix                        <\/p>\n                        <p class=\"j-more\">\n                            Descubre                        <\/p>\n                    <\/a>\n                <\/div>\n\n                            <div class=\"journey-slide\">\n                    <a href=\"https:\/\/www.vap-camping.fr\/es\/lieux\/camping-mirepoix\/\" class=\"journey\" title=\"Mirepoix\">\n                        <img decoding=\"async\" width=\"2133\" height=\"1346\" src=\"https:\/\/www.vap-camping.fr\/wp-content\/uploads\/2025\/04\/marche_mirepoix.jpg\" class=\"attachment-6775 size-6775 wp-post-image\" alt=\"le march\u00e9 du lundi de Mirepoix\" large=\"\" srcset=\"https:\/\/www.vap-camping.fr\/wp-content\/uploads\/2025\/04\/marche_mirepoix.jpg 2133w, https:\/\/www.vap-camping.fr\/wp-content\/uploads\/2025\/04\/marche_mirepoix-600x379.jpg 600w, https:\/\/www.vap-camping.fr\/wp-content\/uploads\/2025\/04\/marche_mirepoix-1024x646.jpg 1024w, https:\/\/www.vap-camping.fr\/wp-content\/uploads\/2025\/04\/marche_mirepoix-768x485.jpg 768w, https:\/\/www.vap-camping.fr\/wp-content\/uploads\/2025\/04\/marche_mirepoix-1536x969.jpg 1536w, https:\/\/www.vap-camping.fr\/wp-content\/uploads\/2025\/04\/marche_mirepoix-2048x1292.jpg 2048w\" sizes=\"(max-width: 2133px) 100vw, 2133px\" \/>                        <p class=\"j-title\">\n                            Mirepoix                        <\/p>\n                        <p class=\"j-more\">\n                            Descubre                        <\/p>\n                    <\/a>\n                <\/div>\n\n                            <div class=\"journey-slide\">\n                    <a href=\"https:\/\/www.vap-camping.fr\/es\/lieux\/camping-tarascon-sur-ariege\/\" class=\"journey\" title=\"Tarascon sur Ari\u00e8ge\">\n                        <img decoding=\"async\" width=\"1200\" height=\"900\" src=\"https:\/\/www.vap-camping.fr\/wp-content\/uploads\/2025\/04\/19567638-diaporama-1200x900-1.jpg\" class=\"attachment-6764 size-6764 wp-post-image\" alt=\"\" large=\"\" srcset=\"https:\/\/www.vap-camping.fr\/wp-content\/uploads\/2025\/04\/19567638-diaporama-1200x900-1.jpg 1200w, https:\/\/www.vap-camping.fr\/wp-content\/uploads\/2025\/04\/19567638-diaporama-1200x900-1-600x450.jpg 600w, https:\/\/www.vap-camping.fr\/wp-content\/uploads\/2025\/04\/19567638-diaporama-1200x900-1-1024x768.jpg 1024w, https:\/\/www.vap-camping.fr\/wp-content\/uploads\/2025\/04\/19567638-diaporama-1200x900-1-768x576.jpg 768w\" sizes=\"(max-width: 1200px) 100vw, 1200px\" \/>                        <p class=\"j-title\">\n                            Tarascon sur Ari\u00e8ge                        <\/p>\n                        <p class=\"j-more\">\n                            Descubre                        <\/p>\n                    <\/a>\n                <\/div>\n\n                            <div class=\"journey-slide\">\n                    <a href=\"https:\/\/www.vap-camping.fr\/es\/lieux\/grotte-de-niaux\/\" class=\"journey\" title=\"Cueva de Niaux\">\n                        <img decoding=\"async\" width=\"1024\" height=\"683\" src=\"https:\/\/www.vap-camping.fr\/wp-content\/uploads\/2025\/04\/niaux3__ariege_pyrenees_tourisme.jpg\" class=\"attachment-6752 size-6752 wp-post-image\" alt=\"Grotte de Niaux Ari\u00e8ge\" large=\"\" srcset=\"https:\/\/www.vap-camping.fr\/wp-content\/uploads\/2025\/04\/niaux3__ariege_pyrenees_tourisme.jpg 1024w, https:\/\/www.vap-camping.fr\/wp-content\/uploads\/2025\/04\/niaux3__ariege_pyrenees_tourisme-600x400.jpg 600w, https:\/\/www.vap-camping.fr\/wp-content\/uploads\/2025\/04\/niaux3__ariege_pyrenees_tourisme-768x512.jpg 768w\" sizes=\"(max-width: 1024px) 100vw, 1024px\" \/>                        <p class=\"j-title\">\n                            Cueva de Niaux                        <\/p>\n                        <p class=\"j-more\">\n                            Descubre                        <\/p>\n                    <\/a>\n                <\/div>\n\n                            <div class=\"journey-slide\">\n                    <a href=\"https:\/\/www.vap-camping.fr\/es\/lieux\/chateau-de-montsegur\/\" class=\"journey\" title=\"Castillo de Monts\u00e9gur\">\n                        <img decoding=\"async\" width=\"1024\" height=\"683\" src=\"https:\/\/www.vap-camping.fr\/wp-content\/uploads\/2025\/04\/montsegur_ariege_pyrenees_tourisme.jpg\" class=\"attachment-6715 size-6715 wp-post-image\" alt=\"Montsegur\" large=\"\" srcset=\"https:\/\/www.vap-camping.fr\/wp-content\/uploads\/2025\/04\/montsegur_ariege_pyrenees_tourisme.jpg 1024w, https:\/\/www.vap-camping.fr\/wp-content\/uploads\/2025\/04\/montsegur_ariege_pyrenees_tourisme-600x400.jpg 600w, https:\/\/www.vap-camping.fr\/wp-content\/uploads\/2025\/04\/montsegur_ariege_pyrenees_tourisme-768x512.jpg 768w\" sizes=\"(max-width: 1024px) 100vw, 1024px\" \/>                        <p class=\"j-title\">\n                            Castillo de Monts\u00e9gur                        <\/p>\n                        <p class=\"j-more\">\n                            Descubre                        <\/p>\n                    <\/a>\n                <\/div>\n\n                            <div class=\"journey-slide\">\n                    <a href=\"https:\/\/www.vap-camping.fr\/es\/lieux\/chateau-de-foix\/\" class=\"journey\" title=\"Castillo de Foix\">\n                        <img decoding=\"async\" width=\"2134\" height=\"965\" src=\"https:\/\/www.vap-camping.fr\/wp-content\/uploads\/2025\/04\/gaillard-munsch_adt09_0011842_bd.png\" class=\"attachment-6679 size-6679 wp-post-image\" alt=\"Visiter Foix en v\u00e9lo\" large=\"\" srcset=\"https:\/\/www.vap-camping.fr\/wp-content\/uploads\/2025\/04\/gaillard-munsch_adt09_0011842_bd.png 2134w, https:\/\/www.vap-camping.fr\/wp-content\/uploads\/2025\/04\/gaillard-munsch_adt09_0011842_bd-600x271.png 600w, https:\/\/www.vap-camping.fr\/wp-content\/uploads\/2025\/04\/gaillard-munsch_adt09_0011842_bd-1024x463.png 1024w, https:\/\/www.vap-camping.fr\/wp-content\/uploads\/2025\/04\/gaillard-munsch_adt09_0011842_bd-768x347.png 768w, https:\/\/www.vap-camping.fr\/wp-content\/uploads\/2025\/04\/gaillard-munsch_adt09_0011842_bd-1536x695.png 1536w, https:\/\/www.vap-camping.fr\/wp-content\/uploads\/2025\/04\/gaillard-munsch_adt09_0011842_bd-2048x926.png 2048w\" sizes=\"(max-width: 2134px) 100vw, 2134px\" \/>                        <p class=\"j-title\">\n                            Castillo de Foix                        <\/p>\n                        <p class=\"j-more\">\n                            Descubre                        <\/p>\n                    <\/a>\n                <\/div>\n\n                            <div class=\"journey-slide\">\n                    <a href=\"https:\/\/www.vap-camping.fr\/es\/lieux\/hydro-and-fun\/\" class=\"journey\" title=\"Hidro&amp;Diversi\u00f3n\">\n                        <img decoding=\"async\" width=\"2560\" height=\"1696\" src=\"https:\/\/www.vap-camping.fr\/wp-content\/uploads\/2025\/05\/AdobeStock_336258-scaled.jpeg\" class=\"attachment-6734 size-6734 wp-post-image\" alt=\"\" large=\"\" srcset=\"https:\/\/www.vap-camping.fr\/wp-content\/uploads\/2025\/05\/AdobeStock_336258-scaled.jpeg 2560w, https:\/\/www.vap-camping.fr\/wp-content\/uploads\/2025\/05\/AdobeStock_336258-600x397.jpeg 600w, https:\/\/www.vap-camping.fr\/wp-content\/uploads\/2025\/05\/AdobeStock_336258-1024x678.jpeg 1024w, https:\/\/www.vap-camping.fr\/wp-content\/uploads\/2025\/05\/AdobeStock_336258-768x509.jpeg 768w, https:\/\/www.vap-camping.fr\/wp-content\/uploads\/2025\/05\/AdobeStock_336258-1536x1018.jpeg 1536w, https:\/\/www.vap-camping.fr\/wp-content\/uploads\/2025\/05\/AdobeStock_336258-2048x1357.jpeg 2048w\" sizes=\"(max-width: 2560px) 100vw, 2560px\" \/>                        <p class=\"j-title\">\n                            Hidro&amp;Diversi\u00f3n                        <\/p>\n                        <p class=\"j-more\">\n                            Descubre                        <\/p>\n                    <\/a>\n                <\/div>\n\n                            <div class=\"journey-slide\">\n                    <a href=\"https:\/\/www.vap-camping.fr\/es\/lieux\/escalade-a-bedeilhac\/\" class=\"journey\" title=\"Escalada en Bedeilhac\">\n                        <img decoding=\"async\" width=\"2560\" height=\"1725\" src=\"https:\/\/www.vap-camping.fr\/wp-content\/uploads\/2025\/05\/AdobeStock_297858299-scaled.jpeg\" class=\"attachment-6626 size-6626 wp-post-image\" alt=\"\" large=\"\" srcset=\"https:\/\/www.vap-camping.fr\/wp-content\/uploads\/2025\/05\/AdobeStock_297858299-scaled.jpeg 2560w, https:\/\/www.vap-camping.fr\/wp-content\/uploads\/2025\/05\/AdobeStock_297858299-600x404.jpeg 600w, https:\/\/www.vap-camping.fr\/wp-content\/uploads\/2025\/05\/AdobeStock_297858299-1024x690.jpeg 1024w, https:\/\/www.vap-camping.fr\/wp-content\/uploads\/2025\/05\/AdobeStock_297858299-768x518.jpeg 768w, https:\/\/www.vap-camping.fr\/wp-content\/uploads\/2025\/05\/AdobeStock_297858299-1536x1035.jpeg 1536w, https:\/\/www.vap-camping.fr\/wp-content\/uploads\/2025\/05\/AdobeStock_297858299-2048x1380.jpeg 2048w\" sizes=\"(max-width: 2560px) 100vw, 2560px\" \/>                        <p class=\"j-title\">\n                            Escalada en Bedeilhac                        <\/p>\n                        <p class=\"j-more\">\n                            Descubre                        <\/p>\n                    <\/a>\n                <\/div>\n\n                            <div class=\"journey-slide\">\n                    <a href=\"https:\/\/www.vap-camping.fr\/es\/lieux\/camping-camont\/\" class=\"journey\" title=\"Camon\">\n                        <img decoding=\"async\" width=\"1024\" height=\"683\" src=\"https:\/\/www.vap-camping.fr\/wp-content\/uploads\/2025\/05\/camon-village-fortifie-ariege-pyrenees-1.jpg\" class=\"attachment-6616 size-6616 wp-post-image\" alt=\"\" large=\"\" srcset=\"https:\/\/www.vap-camping.fr\/wp-content\/uploads\/2025\/05\/camon-village-fortifie-ariege-pyrenees-1.jpg 1024w, https:\/\/www.vap-camping.fr\/wp-content\/uploads\/2025\/05\/camon-village-fortifie-ariege-pyrenees-1-600x400.jpg 600w, https:\/\/www.vap-camping.fr\/wp-content\/uploads\/2025\/05\/camon-village-fortifie-ariege-pyrenees-1-768x512.jpg 768w\" sizes=\"(max-width: 1024px) 100vw, 1024px\" \/>                        <p class=\"j-title\">\n                            Camon                        <\/p>\n                        <p class=\"j-more\">\n                            Descubre                        <\/p>\n                    <\/a>\n                <\/div>\n\n                            <div class=\"journey-slide\">\n                    <a href=\"https:\/\/www.vap-camping.fr\/es\/lieux\/grotte-de-lombrive\/\" class=\"journey\" title=\"La cueva de Lombrive\">\n                        <img decoding=\"async\" width=\"2560\" height=\"1707\" src=\"https:\/\/www.vap-camping.fr\/wp-content\/uploads\/2025\/05\/AdobeStock_885725978-scaled.jpeg\" class=\"attachment-6584 size-6584 wp-post-image\" alt=\"\" large=\"\" srcset=\"https:\/\/www.vap-camping.fr\/wp-content\/uploads\/2025\/05\/AdobeStock_885725978-scaled.jpeg 2560w, https:\/\/www.vap-camping.fr\/wp-content\/uploads\/2025\/05\/AdobeStock_885725978-600x400.jpeg 600w, https:\/\/www.vap-camping.fr\/wp-content\/uploads\/2025\/05\/AdobeStock_885725978-1024x683.jpeg 1024w, https:\/\/www.vap-camping.fr\/wp-content\/uploads\/2025\/05\/AdobeStock_885725978-768x512.jpeg 768w, https:\/\/www.vap-camping.fr\/wp-content\/uploads\/2025\/05\/AdobeStock_885725978-1536x1024.jpeg 1536w, https:\/\/www.vap-camping.fr\/wp-content\/uploads\/2025\/05\/AdobeStock_885725978-2048x1365.jpeg 2048w\" sizes=\"(max-width: 2560px) 100vw, 2560px\" \/>                        <p class=\"j-title\">\n                            La cueva de Lombrive                        <\/p>\n                        <p class=\"j-more\">\n                            Descubre                        <\/p>\n                    <\/a>\n                <\/div>\n\n                            <div class=\"journey-slide\">\n                    <a href=\"https:\/\/www.vap-camping.fr\/es\/lieux\/riviere-souterraine-de-labouiche\/\" class=\"journey\" title=\"R\u00edo subterr\u00e1neo Labouiche\">\n                        <img decoding=\"async\" width=\"800\" height=\"1067\" src=\"https:\/\/www.vap-camping.fr\/wp-content\/uploads\/2025\/05\/Riviere_souterraine_de_Labouiche_5.jpg\" class=\"attachment-6572 size-6572 wp-post-image\" alt=\"\" large=\"\" srcset=\"https:\/\/www.vap-camping.fr\/wp-content\/uploads\/2025\/05\/Riviere_souterraine_de_Labouiche_5.jpg 800w, https:\/\/www.vap-camping.fr\/wp-content\/uploads\/2025\/05\/Riviere_souterraine_de_Labouiche_5-450x600.jpg 450w, https:\/\/www.vap-camping.fr\/wp-content\/uploads\/2025\/05\/Riviere_souterraine_de_Labouiche_5-768x1024.jpg 768w\" sizes=\"(max-width: 800px) 100vw, 800px\" \/>                        <p class=\"j-title\">\n                            R\u00edo subterr\u00e1neo Labouiche                        <\/p>\n                        <p class=\"j-more\">\n                            Descubre                        <\/p>\n                    <\/a>\n                <\/div>\n\n                            <div class=\"journey-slide\">\n                    <a href=\"https:\/\/www.vap-camping.fr\/es\/lieux\/forteresse-de-calames\/\" class=\"journey\" title=\"Fortaleza de Calam\u00e8s\">\n                        <img decoding=\"async\" width=\"2560\" height=\"1920\" src=\"https:\/\/www.vap-camping.fr\/wp-content\/uploads\/2025\/05\/Chateau_de_Calames-scaled.jpg\" class=\"attachment-6535 size-6535 wp-post-image\" alt=\"fortress de calames Ari\u00e8ge\" large=\"\" srcset=\"https:\/\/www.vap-camping.fr\/wp-content\/uploads\/2025\/05\/Chateau_de_Calames-scaled.jpg 2560w, https:\/\/www.vap-camping.fr\/wp-content\/uploads\/2025\/05\/Chateau_de_Calames-600x450.jpg 600w, https:\/\/www.vap-camping.fr\/wp-content\/uploads\/2025\/05\/Chateau_de_Calames-1024x768.jpg 1024w, https:\/\/www.vap-camping.fr\/wp-content\/uploads\/2025\/05\/Chateau_de_Calames-768x576.jpg 768w, https:\/\/www.vap-camping.fr\/wp-content\/uploads\/2025\/05\/Chateau_de_Calames-1536x1152.jpg 1536w, https:\/\/www.vap-camping.fr\/wp-content\/uploads\/2025\/05\/Chateau_de_Calames-2048x1536.jpg 2048w\" sizes=\"(max-width: 2560px) 100vw, 2560px\" \/>                        <p class=\"j-title\">\n                            Fortaleza de Calam\u00e8s                        <\/p>\n                        <p class=\"j-more\">\n                            Descubre                        <\/p>\n                    <\/a>\n                <\/div>\n\n                            <div class=\"journey-slide\">\n                    <a href=\"https:\/\/www.vap-camping.fr\/es\/lieux\/chateau-de-roquefixade\/\" class=\"journey\" title=\"Castillo de Roquefixade\">\n                        <img decoding=\"async\" width=\"1024\" height=\"683\" src=\"https:\/\/www.vap-camping.fr\/wp-content\/uploads\/2025\/04\/roquefixade__ariege_pyrenees_tourisme.jpg\" class=\"attachment-2685 size-2685 wp-post-image\" alt=\"roquefixade Ari\u00e8ge\" large=\"\" srcset=\"https:\/\/www.vap-camping.fr\/wp-content\/uploads\/2025\/04\/roquefixade__ariege_pyrenees_tourisme.jpg 1024w, https:\/\/www.vap-camping.fr\/wp-content\/uploads\/2025\/04\/roquefixade__ariege_pyrenees_tourisme-600x400.jpg 600w, https:\/\/www.vap-camping.fr\/wp-content\/uploads\/2025\/04\/roquefixade__ariege_pyrenees_tourisme-768x512.jpg 768w\" sizes=\"(max-width: 1024px) 100vw, 1024px\" \/>                        <p class=\"j-title\">\n                            Castillo de Roquefixade                        <\/p>\n                        <p class=\"j-more\">\n                            Descubre                        <\/p>\n                    <\/a>\n                <\/div>\n\n                            <div class=\"journey-slide\">\n                    <a href=\"https:\/\/www.vap-camping.fr\/es\/lieux\/cascade-d-ars\/\" class=\"journey\" title=\"Cascada de Ars\">\n                        <img decoding=\"async\" width=\"2560\" height=\"1707\" src=\"https:\/\/www.vap-camping.fr\/wp-content\/uploads\/2025\/05\/AdobeStock_223242688-scaled.jpeg\" class=\"attachment-2749 size-2749 wp-post-image\" alt=\"\" large=\"\" srcset=\"https:\/\/www.vap-camping.fr\/wp-content\/uploads\/2025\/05\/AdobeStock_223242688-scaled.jpeg 2560w, https:\/\/www.vap-camping.fr\/wp-content\/uploads\/2025\/05\/AdobeStock_223242688-600x400.jpeg 600w, https:\/\/www.vap-camping.fr\/wp-content\/uploads\/2025\/05\/AdobeStock_223242688-1024x683.jpeg 1024w, https:\/\/www.vap-camping.fr\/wp-content\/uploads\/2025\/05\/AdobeStock_223242688-768x512.jpeg 768w, https:\/\/www.vap-camping.fr\/wp-content\/uploads\/2025\/05\/AdobeStock_223242688-1536x1024.jpeg 1536w, https:\/\/www.vap-camping.fr\/wp-content\/uploads\/2025\/05\/AdobeStock_223242688-2048x1365.jpeg 2048w\" sizes=\"(max-width: 2560px) 100vw, 2560px\" \/>                        <p class=\"j-title\">\n                            Cascada de Ars                        <\/p>\n                        <p class=\"j-more\">\n                            Descubre                        <\/p>\n                    <\/a>\n                <\/div>\n\n                            <div class=\"journey-slide\">\n                    <a href=\"https:\/\/www.vap-camping.fr\/es\/lieux\/chemin-des-bonshommes\/\" class=\"journey\" title=\"Camino de Bonshommes\">\n                        <img decoding=\"async\" width=\"2560\" height=\"1707\" src=\"https:\/\/www.vap-camping.fr\/wp-content\/uploads\/2025\/05\/AdobeStock_319005766-scaled.jpeg\" class=\"attachment-2699 size-2699 wp-post-image\" alt=\"\" large=\"\" srcset=\"https:\/\/www.vap-camping.fr\/wp-content\/uploads\/2025\/05\/AdobeStock_319005766-scaled.jpeg 2560w, https:\/\/www.vap-camping.fr\/wp-content\/uploads\/2025\/05\/AdobeStock_319005766-600x400.jpeg 600w, https:\/\/www.vap-camping.fr\/wp-content\/uploads\/2025\/05\/AdobeStock_319005766-1024x683.jpeg 1024w, https:\/\/www.vap-camping.fr\/wp-content\/uploads\/2025\/05\/AdobeStock_319005766-768x512.jpeg 768w, https:\/\/www.vap-camping.fr\/wp-content\/uploads\/2025\/05\/AdobeStock_319005766-1536x1024.jpeg 1536w, https:\/\/www.vap-camping.fr\/wp-content\/uploads\/2025\/05\/AdobeStock_319005766-2048x1365.jpeg 2048w\" sizes=\"(max-width: 2560px) 100vw, 2560px\" \/>                        <p class=\"j-title\">\n                            Camino de Bonshommes                        <\/p>\n                        <p class=\"j-more\">\n                            Descubre                        <\/p>\n                    <\/a>\n                <\/div>\n\n                            <div class=\"journey-slide\">\n                    <a href=\"https:\/\/www.vap-camping.fr\/es\/lieux\/parapente-a-foix\/\" class=\"journey\" title=\"Parapente en Foix\">\n                        <img decoding=\"async\" width=\"1024\" height=\"650\" src=\"https:\/\/www.vap-camping.fr\/wp-content\/uploads\/2025\/04\/parapente_adt_ariegepyrenees.jpg\" class=\"attachment-3867 size-3867 wp-post-image\" alt=\"parapente\" large=\"\" srcset=\"https:\/\/www.vap-camping.fr\/wp-content\/uploads\/2025\/04\/parapente_adt_ariegepyrenees.jpg 1024w, https:\/\/www.vap-camping.fr\/wp-content\/uploads\/2025\/04\/parapente_adt_ariegepyrenees-600x381.jpg 600w, https:\/\/www.vap-camping.fr\/wp-content\/uploads\/2025\/04\/parapente_adt_ariegepyrenees-768x488.jpg 768w\" sizes=\"(max-width: 1024px) 100vw, 1024px\" \/>                        <p class=\"j-title\">\n                            Parapente en Foix                        <\/p>\n                        <p class=\"j-more\">\n                            Descubre                        <\/p>\n                    <\/a>\n                <\/div>\n\n                            <div class=\"journey-slide\">\n                    <a href=\"https:\/\/www.vap-camping.fr\/es\/lieux\/canyoning-en-ariege-sensations-garanties\/\" class=\"journey\" title=\"BARRANQUISMO EN ARI\u00c8GE &#8211; EMOCIONES GARANTIZADAS\">\n                        <img decoding=\"async\" width=\"2560\" height=\"1709\" src=\"https:\/\/www.vap-camping.fr\/wp-content\/uploads\/2025\/05\/AdobeStock_274495436-scaled.jpeg\" class=\"attachment-3858 size-3858 wp-post-image\" alt=\"speleological\" large=\"\" srcset=\"https:\/\/www.vap-camping.fr\/wp-content\/uploads\/2025\/05\/AdobeStock_274495436-scaled.jpeg 2560w, https:\/\/www.vap-camping.fr\/wp-content\/uploads\/2025\/05\/AdobeStock_274495436-600x401.jpeg 600w, https:\/\/www.vap-camping.fr\/wp-content\/uploads\/2025\/05\/AdobeStock_274495436-1024x684.jpeg 1024w, https:\/\/www.vap-camping.fr\/wp-content\/uploads\/2025\/05\/AdobeStock_274495436-768x513.jpeg 768w, https:\/\/www.vap-camping.fr\/wp-content\/uploads\/2025\/05\/AdobeStock_274495436-1536x1025.jpeg 1536w, https:\/\/www.vap-camping.fr\/wp-content\/uploads\/2025\/05\/AdobeStock_274495436-2048x1367.jpeg 2048w\" sizes=\"(max-width: 2560px) 100vw, 2560px\" \/>                        <p class=\"j-title\">\n                            BARRANQUISMO EN ARI\u00c8GE &#8211; EMOCIONES GARANTIZADAS                        <\/p>\n                        <p class=\"j-more\">\n                            Descubre                        <\/p>\n                    <\/a>\n                <\/div>\n\n                            <div class=\"journey-slide\">\n                    <a href=\"https:\/\/www.vap-camping.fr\/es\/lieux\/forge-de-pyrene\/\" class=\"journey\" title=\"Forja de Pyr\u00e8ne\">\n                        <img decoding=\"async\" width=\"1400\" height=\"933\" src=\"https:\/\/www.vap-camping.fr\/wp-content\/uploads\/2025\/09\/image-1.jpeg\" class=\"attachment-3893 size-3893 wp-post-image\" alt=\"forge de pyr\u00e8ne\" large=\"\" srcset=\"https:\/\/www.vap-camping.fr\/wp-content\/uploads\/2025\/09\/image-1.jpeg 1400w, https:\/\/www.vap-camping.fr\/wp-content\/uploads\/2025\/09\/image-1-600x400.jpeg 600w, https:\/\/www.vap-camping.fr\/wp-content\/uploads\/2025\/09\/image-1-1024x682.jpeg 1024w, https:\/\/www.vap-camping.fr\/wp-content\/uploads\/2025\/09\/image-1-768x512.jpeg 768w\" sizes=\"(max-width: 1400px) 100vw, 1400px\" \/>                        <p class=\"j-title\">\n                            Forja de Pyr\u00e8ne                        <\/p>\n                        <p class=\"j-more\">\n                            Descubre                        <\/p>\n                    <\/a>\n                <\/div>\n\n                            <div class=\"journey-slide\">\n                    <a href=\"https:\/\/www.vap-camping.fr\/es\/lieux\/musee-du-textile-et-du-peigne\/\" class=\"journey\" title=\"Museo Textil y del Peine\">\n                        <img decoding=\"async\" width=\"570\" height=\"380\" src=\"https:\/\/www.vap-camping.fr\/wp-content\/uploads\/2025\/09\/image-4.jpeg\" class=\"attachment-3925 size-3925 wp-post-image\" alt=\"Mus\u00e9e textile\" large=\"\" \/>                        <p class=\"j-title\">\n                            Museo Textil y del Peine                        <\/p>\n                        <p class=\"j-more\">\n                            Descubre                        <\/p>\n                    <\/a>\n                <\/div>\n\n                            <div class=\"journey-slide\">\n                    <a href=\"https:\/\/www.vap-camping.fr\/es\/lieux\/marche-de-foix\/\" class=\"journey\" title=\"March\u00e9 de foix\">\n                        <img decoding=\"async\" width=\"2560\" height=\"1920\" src=\"https:\/\/www.vap-camping.fr\/wp-content\/uploads\/2025\/09\/img_0064-scaled.jpeg\" class=\"attachment-3940 size-3940 wp-post-image\" alt=\"march\u00e9 de foix\" large=\"\" srcset=\"https:\/\/www.vap-camping.fr\/wp-content\/uploads\/2025\/09\/img_0064-scaled.jpeg 2560w, https:\/\/www.vap-camping.fr\/wp-content\/uploads\/2025\/09\/img_0064-600x450.jpeg 600w, https:\/\/www.vap-camping.fr\/wp-content\/uploads\/2025\/09\/img_0064-1024x768.jpeg 1024w, https:\/\/www.vap-camping.fr\/wp-content\/uploads\/2025\/09\/img_0064-768x576.jpeg 768w, https:\/\/www.vap-camping.fr\/wp-content\/uploads\/2025\/09\/img_0064-1536x1152.jpeg 1536w, https:\/\/www.vap-camping.fr\/wp-content\/uploads\/2025\/09\/img_0064-2048x1536.jpeg 2048w\" sizes=\"(max-width: 2560px) 100vw, 2560px\" \/>                        <p class=\"j-title\">\n                            March\u00e9 de foix                        <\/p>\n                        <p class=\"j-more\">\n                            Descubre                        <\/p>\n                    <\/a>\n                <\/div>\n\n                            <div class=\"journey-slide\">\n                    <a href=\"https:\/\/www.vap-camping.fr\/es\/lieux\/terrasse-de-peche-foix\/\" class=\"journey\" title=\"Terraza de pesca Foix\">\n                        <img decoding=\"async\" width=\"290\" height=\"350\" src=\"https:\/\/www.vap-camping.fr\/wp-content\/uploads\/2025\/04\/ville-foix-ariege.jpg\" class=\"attachment-6404 size-6404 wp-post-image\" alt=\"\" large=\"\" \/>                        <p class=\"j-title\">\n                            Terraza de pesca Foix                        <\/p>\n                        <p class=\"j-more\">\n                            Descubre                        <\/p>\n                    <\/a>\n                <\/div>\n\n                            <div class=\"journey-slide\">\n                    <a href=\"https:\/\/www.vap-camping.fr\/es\/lieux\/les-trois-cascades-pres-de-foix\/\" class=\"journey\" title=\"Les Trois Cascades, cerca de Foix\">\n                        <img decoding=\"async\" width=\"1920\" height=\"2560\" src=\"https:\/\/www.vap-camping.fr\/wp-content\/uploads\/2025\/11\/img_4546-scaled.jpeg\" class=\"attachment-6367 size-6367 wp-post-image\" alt=\"\" large=\"\" srcset=\"https:\/\/www.vap-camping.fr\/wp-content\/uploads\/2025\/11\/img_4546-scaled.jpeg 1920w, https:\/\/www.vap-camping.fr\/wp-content\/uploads\/2025\/11\/img_4546-450x600.jpeg 450w, https:\/\/www.vap-camping.fr\/wp-content\/uploads\/2025\/11\/img_4546-768x1024.jpeg 768w, https:\/\/www.vap-camping.fr\/wp-content\/uploads\/2025\/11\/img_4546-1152x1536.jpeg 1152w, https:\/\/www.vap-camping.fr\/wp-content\/uploads\/2025\/11\/img_4546-1536x2048.jpeg 1536w\" sizes=\"(max-width: 1920px) 100vw, 1920px\" \/>                        <p class=\"j-title\">\n                            Les Trois Cascades, cerca de Foix                        <\/p>\n                        <p class=\"j-more\">\n                            Descubre                        <\/p>\n                    <\/a>\n                <\/div>\n\n                            <div class=\"journey-slide\">\n                    <a href=\"https:\/\/www.vap-camping.fr\/es\/lieux\/prat-dalbi-foix\/\" class=\"journey\" title=\"Prat d&#8217;albis foix\">\n                        <img decoding=\"async\" width=\"1920\" height=\"2560\" src=\"https:\/\/www.vap-camping.fr\/wp-content\/uploads\/2025\/11\/img_5080-scaled.jpeg\" class=\"attachment-6371 size-6371 wp-post-image\" alt=\"\" large=\"\" srcset=\"https:\/\/www.vap-camping.fr\/wp-content\/uploads\/2025\/11\/img_5080-scaled.jpeg 1920w, https:\/\/www.vap-camping.fr\/wp-content\/uploads\/2025\/11\/img_5080-450x600.jpeg 450w, https:\/\/www.vap-camping.fr\/wp-content\/uploads\/2025\/11\/img_5080-768x1024.jpeg 768w, https:\/\/www.vap-camping.fr\/wp-content\/uploads\/2025\/11\/img_5080-1152x1536.jpeg 1152w, https:\/\/www.vap-camping.fr\/wp-content\/uploads\/2025\/11\/img_5080-1536x2048.jpeg 1536w\" sizes=\"(max-width: 1920px) 100vw, 1920px\" \/>                        <p class=\"j-title\">\n                            Prat d&#8217;albis foix                        <\/p>\n                        <p class=\"j-more\">\n                            Descubre                        <\/p>\n                    <\/a>\n                <\/div>\n\n                            <div class=\"journey-slide\">\n                    <a href=\"https:\/\/www.vap-camping.fr\/es\/lieux\/la-balade-du-saint%e2%80%91sauveur\/\" class=\"journey\" title=\"el paseo Saint-Sauveur\">\n                        <img decoding=\"async\" width=\"1600\" height=\"1200\" src=\"https:\/\/www.vap-camping.fr\/wp-content\/uploads\/2025\/11\/image-20.jpeg\" class=\"attachment-6394 size-6394 wp-post-image\" alt=\"\" large=\"\" srcset=\"https:\/\/www.vap-camping.fr\/wp-content\/uploads\/2025\/11\/image-20.jpeg 1600w, https:\/\/www.vap-camping.fr\/wp-content\/uploads\/2025\/11\/image-20-600x450.jpeg 600w, https:\/\/www.vap-camping.fr\/wp-content\/uploads\/2025\/11\/image-20-1024x768.jpeg 1024w, https:\/\/www.vap-camping.fr\/wp-content\/uploads\/2025\/11\/image-20-768x576.jpeg 768w, https:\/\/www.vap-camping.fr\/wp-content\/uploads\/2025\/11\/image-20-1536x1152.jpeg 1536w\" sizes=\"(max-width: 1600px) 100vw, 1600px\" \/>                        <p class=\"j-title\">\n                            el paseo Saint-Sauveur                        <\/p>\n                        <p class=\"j-more\">\n                            Descubre                        <\/p>\n                    <\/a>\n                <\/div>\n\n                            <div class=\"journey-slide\">\n                    <a href=\"https:\/\/www.vap-camping.fr\/es\/lieux\/les-3-bosses-pres-de-foix\/\" class=\"journey\" title=\"Los 3 jefes cerca de Foix\">\n                        <img decoding=\"async\" width=\"1920\" height=\"1080\" src=\"https:\/\/www.vap-camping.fr\/wp-content\/uploads\/2025\/12\/image-10.jpeg\" class=\"attachment-6409 size-6409 wp-post-image\" alt=\"\" large=\"\" srcset=\"https:\/\/www.vap-camping.fr\/wp-content\/uploads\/2025\/12\/image-10.jpeg 1920w, https:\/\/www.vap-camping.fr\/wp-content\/uploads\/2025\/12\/image-10-600x338.jpeg 600w, https:\/\/www.vap-camping.fr\/wp-content\/uploads\/2025\/12\/image-10-1024x576.jpeg 1024w, https:\/\/www.vap-camping.fr\/wp-content\/uploads\/2025\/12\/image-10-768x432.jpeg 768w, https:\/\/www.vap-camping.fr\/wp-content\/uploads\/2025\/12\/image-10-1536x864.jpeg 1536w\" sizes=\"(max-width: 1920px) 100vw, 1920px\" \/>                        <p class=\"j-title\">\n                            Los 3 jefes cerca de Foix                        <\/p>\n                        <p class=\"j-more\">\n                            Descubre                        <\/p>\n                    <\/a>\n                <\/div>\n\n                            <div class=\"journey-slide\">\n                    <a href=\"https:\/\/www.vap-camping.fr\/es\/lieux\/le-mur-de-peguere-a-velo\/\" class=\"journey\" title=\"el Muro de la P\u00e9gu\u00e8re en bicicleta\">\n                        <img decoding=\"async\" width=\"2133\" height=\"1423\" src=\"https:\/\/www.vap-camping.fr\/wp-content\/uploads\/2025\/04\/charles_ripon_velo.jpg\" class=\"attachment-6426 size-6426 wp-post-image\" alt=\"\" large=\"\" srcset=\"https:\/\/www.vap-camping.fr\/wp-content\/uploads\/2025\/04\/charles_ripon_velo.jpg 2133w, https:\/\/www.vap-camping.fr\/wp-content\/uploads\/2025\/04\/charles_ripon_velo-600x400.jpg 600w, https:\/\/www.vap-camping.fr\/wp-content\/uploads\/2025\/04\/charles_ripon_velo-1024x683.jpg 1024w, https:\/\/www.vap-camping.fr\/wp-content\/uploads\/2025\/04\/charles_ripon_velo-768x512.jpg 768w, https:\/\/www.vap-camping.fr\/wp-content\/uploads\/2025\/04\/charles_ripon_velo-1536x1025.jpg 1536w, https:\/\/www.vap-camping.fr\/wp-content\/uploads\/2025\/04\/charles_ripon_velo-2048x1366.jpg 2048w\" sizes=\"(max-width: 2133px) 100vw, 2133px\" \/>                        <p class=\"j-title\">\n                            el Muro de la P\u00e9gu\u00e8re en bicicleta                        <\/p>\n                        <p class=\"j-more\">\n                            Descubre                        <\/p>\n                    <\/a>\n                <\/div>\n\n                            <div class=\"journey-slide\">\n                    <a href=\"https:\/\/www.vap-camping.fr\/es\/lieux\/ussat-les-bains\/\" class=\"journey\" title=\"Ussat-les-Bains\">\n                        <img decoding=\"async\" width=\"1024\" height=\"768\" src=\"https:\/\/www.vap-camping.fr\/wp-content\/uploads\/2025\/12\/thermes_ussat_les_bains_ariege_pyreneescopywiki-commons-pinpin-.jpg\" class=\"attachment-6321 size-6321 wp-post-image\" alt=\"\" large=\"\" srcset=\"https:\/\/www.vap-camping.fr\/wp-content\/uploads\/2025\/12\/thermes_ussat_les_bains_ariege_pyreneescopywiki-commons-pinpin-.jpg 1024w, https:\/\/www.vap-camping.fr\/wp-content\/uploads\/2025\/12\/thermes_ussat_les_bains_ariege_pyreneescopywiki-commons-pinpin--600x450.jpg 600w, https:\/\/www.vap-camping.fr\/wp-content\/uploads\/2025\/12\/thermes_ussat_les_bains_ariege_pyreneescopywiki-commons-pinpin--768x576.jpg 768w\" sizes=\"(max-width: 1024px) 100vw, 1024px\" \/>                        <p class=\"j-title\">\n                            Ussat-les-Bains                        <\/p>\n                        <p class=\"j-more\">\n                            Descubre                        <\/p>\n                    <\/a>\n                <\/div>\n\n                            <div class=\"journey-slide\">\n                    <a href=\"https:\/\/www.vap-camping.fr\/es\/lieux\/canoe-kayak-a-vernajoul\/\" class=\"journey\" title=\"Pirag\u00fcismo en Vernajoul\">\n                        <img decoding=\"async\" width=\"1500\" height=\"900\" src=\"https:\/\/www.vap-camping.fr\/wp-content\/uploads\/2025\/12\/image-13.jpeg\" class=\"attachment-6337 size-6337 wp-post-image\" alt=\"\" large=\"\" srcset=\"https:\/\/www.vap-camping.fr\/wp-content\/uploads\/2025\/12\/image-13.jpeg 1500w, https:\/\/www.vap-camping.fr\/wp-content\/uploads\/2025\/12\/image-13-600x360.jpeg 600w, https:\/\/www.vap-camping.fr\/wp-content\/uploads\/2025\/12\/image-13-1024x614.jpeg 1024w, https:\/\/www.vap-camping.fr\/wp-content\/uploads\/2025\/12\/image-13-768x461.jpeg 768w\" sizes=\"(max-width: 1500px) 100vw, 1500px\" \/>                        <p class=\"j-title\">\n                            Pirag\u00fcismo en Vernajoul                        <\/p>\n                        <p class=\"j-more\">\n                            Descubre                        <\/p>\n                    <\/a>\n                <\/div>\n\n                            <div class=\"journey-slide\">\n                    <a href=\"https:\/\/www.vap-camping.fr\/es\/lieux\/la-belle-verte-rafting-foix\/\" class=\"journey\" title=\"La Belle verte Rafting Foix\">\n                        <img decoding=\"async\" width=\"1200\" height=\"797\" src=\"https:\/\/www.vap-camping.fr\/wp-content\/uploads\/2025\/12\/image-15.jpeg\" class=\"attachment-6348 size-6348 wp-post-image\" alt=\"\" large=\"\" srcset=\"https:\/\/www.vap-camping.fr\/wp-content\/uploads\/2025\/12\/image-15.jpeg 1200w, https:\/\/www.vap-camping.fr\/wp-content\/uploads\/2025\/12\/image-15-600x399.jpeg 600w, https:\/\/www.vap-camping.fr\/wp-content\/uploads\/2025\/12\/image-15-1024x680.jpeg 1024w, https:\/\/www.vap-camping.fr\/wp-content\/uploads\/2025\/12\/image-15-768x510.jpeg 768w\" sizes=\"(max-width: 1200px) 100vw, 1200px\" \/>                        <p class=\"j-title\">\n                            La Belle verte Rafting Foix                        <\/p>\n                        <p class=\"j-more\">\n                            Descubre                        <\/p>\n                    <\/a>\n                <\/div>\n\n                            <div class=\"journey-slide\">\n                    <a href=\"https:\/\/www.vap-camping.fr\/es\/lieux\/camin-rafting\/\" class=\"journey\" title=\"Rafting en Camin\">\n                        <img decoding=\"async\" width=\"2048\" height=\"1536\" src=\"https:\/\/www.vap-camping.fr\/wp-content\/uploads\/2025\/05\/rafting-en-ariege-2.jpg\" class=\"attachment-6360 size-6360 wp-post-image\" alt=\"\" large=\"\" srcset=\"https:\/\/www.vap-camping.fr\/wp-content\/uploads\/2025\/05\/rafting-en-ariege-2.jpg 2048w, https:\/\/www.vap-camping.fr\/wp-content\/uploads\/2025\/05\/rafting-en-ariege-2-600x450.jpg 600w, https:\/\/www.vap-camping.fr\/wp-content\/uploads\/2025\/05\/rafting-en-ariege-2-1024x768.jpg 1024w, https:\/\/www.vap-camping.fr\/wp-content\/uploads\/2025\/05\/rafting-en-ariege-2-768x576.jpg 768w, https:\/\/www.vap-camping.fr\/wp-content\/uploads\/2025\/05\/rafting-en-ariege-2-1536x1152.jpg 1536w\" sizes=\"(max-width: 2048px) 100vw, 2048px\" \/>                        <p class=\"j-title\">\n                            Rafting en Camin                        <\/p>\n                        <p class=\"j-more\">\n                            Descubre                        <\/p>\n                    <\/a>\n                <\/div>\n\n                            <div class=\"journey-slide\">\n                    <a href=\"https:\/\/www.vap-camping.fr\/es\/lieux\/speleo-canyon-ariege\/\" class=\"journey\" title=\"Espeleolog\u00eda Ca\u00f1\u00f3n Ari\u00e8ge\">\n                        <img decoding=\"async\" width=\"780\" height=\"560\" src=\"https:\/\/www.vap-camping.fr\/wp-content\/uploads\/2025\/12\/image-16.jpeg\" class=\"attachment-6352 size-6352 wp-post-image\" alt=\"\" large=\"\" srcset=\"https:\/\/www.vap-camping.fr\/wp-content\/uploads\/2025\/12\/image-16.jpeg 780w, https:\/\/www.vap-camping.fr\/wp-content\/uploads\/2025\/12\/image-16-600x431.jpeg 600w, https:\/\/www.vap-camping.fr\/wp-content\/uploads\/2025\/12\/image-16-768x551.jpeg 768w\" sizes=\"(max-width: 780px) 100vw, 780px\" \/>                        <p class=\"j-title\">\n                            Espeleolog\u00eda Ca\u00f1\u00f3n Ari\u00e8ge                        <\/p>\n                        <p class=\"j-more\">\n                            Descubre                        <\/p>\n                    <\/a>\n                <\/div>\n\n                            <div class=\"journey-slide\">\n                    <a href=\"https:\/\/www.vap-camping.fr\/es\/lieux\/la-ferme-du-malpassadou\/\" class=\"journey\" title=\"Granja Malpassadou\">\n                        <img decoding=\"async\" width=\"768\" height=\"1024\" src=\"https:\/\/www.vap-camping.fr\/wp-content\/uploads\/2025\/12\/image-33.jpeg\" class=\"attachment-6248 size-6248 wp-post-image\" alt=\"\" large=\"\" srcset=\"https:\/\/www.vap-camping.fr\/wp-content\/uploads\/2025\/12\/image-33.jpeg 768w, https:\/\/www.vap-camping.fr\/wp-content\/uploads\/2025\/12\/image-33-450x600.jpeg 450w\" sizes=\"(max-width: 768px) 100vw, 768px\" \/>                        <p class=\"j-title\">\n                            Granja Malpassadou                        <\/p>\n                        <p class=\"j-more\">\n                            Descubre                        <\/p>\n                    <\/a>\n                <\/div>\n\n                            <div class=\"journey-slide\">\n                    <a href=\"https:\/\/www.vap-camping.fr\/es\/lieux\/retour-aux-sources\/\" class=\"journey\" title=\"Volver a lo b\u00e1sico\">\n                        <img decoding=\"async\" width=\"680\" height=\"453\" src=\"https:\/\/www.vap-camping.fr\/wp-content\/uploads\/2025\/12\/image-35.jpeg\" class=\"attachment-6238 size-6238 wp-post-image\" alt=\"\" large=\"\" srcset=\"https:\/\/www.vap-camping.fr\/wp-content\/uploads\/2025\/12\/image-35.jpeg 680w, https:\/\/www.vap-camping.fr\/wp-content\/uploads\/2025\/12\/image-35-600x400.jpeg 600w\" sizes=\"(max-width: 680px) 100vw, 680px\" \/>                        <p class=\"j-title\">\n                            Volver a lo b\u00e1sico                        <\/p>\n                        <p class=\"j-more\">\n                            Descubre                        <\/p>\n                    <\/a>\n                <\/div>\n\n                            <div class=\"journey-slide\">\n                    <a href=\"https:\/\/www.vap-camping.fr\/es\/lieux\/domaine-des-coteaux-dengravies\/\" class=\"journey\" title=\"Domaine des Coteaux d&#8217;Engravi\u00e8s\">\n                                                <p class=\"j-title\">\n                            Domaine des Coteaux d&#8217;Engravi\u00e8s                        <\/p>\n                        <p class=\"j-more\">\n                            Descubre                        <\/p>\n                    <\/a>\n                <\/div>\n\n                            <div class=\"journey-slide\">\n                    <a href=\"https:\/\/www.vap-camping.fr\/es\/lieux\/fromagerie-de-la-sestiere\/\" class=\"journey\" title=\"Fromagerie de la Sesti\u00e8re\">\n                        <img decoding=\"async\" width=\"1200\" height=\"901\" src=\"https:\/\/www.vap-camping.fr\/wp-content\/uploads\/2025\/12\/image-30.jpeg\" class=\"attachment-6228 size-6228 wp-post-image\" alt=\"\" large=\"\" srcset=\"https:\/\/www.vap-camping.fr\/wp-content\/uploads\/2025\/12\/image-30.jpeg 1200w, https:\/\/www.vap-camping.fr\/wp-content\/uploads\/2025\/12\/image-30-600x451.jpeg 600w, https:\/\/www.vap-camping.fr\/wp-content\/uploads\/2025\/12\/image-30-1024x769.jpeg 1024w, https:\/\/www.vap-camping.fr\/wp-content\/uploads\/2025\/12\/image-30-768x577.jpeg 768w\" sizes=\"(max-width: 1200px) 100vw, 1200px\" \/>                        <p class=\"j-title\">\n                            Fromagerie de la Sesti\u00e8re                        <\/p>\n                        <p class=\"j-more\">\n                            Descubre                        <\/p>\n                    <\/a>\n                <\/div>\n\n                            <div class=\"journey-slide\">\n                    <a href=\"https:\/\/www.vap-camping.fr\/es\/lieux\/a-fleurs-dabeilles\/\" class=\"journey\" title=\"A Fleurs d&#8217;Abeilles\">\n                        <img decoding=\"async\" width=\"800\" height=\"520\" src=\"https:\/\/www.vap-camping.fr\/wp-content\/uploads\/2025\/12\/image-40.jpeg\" class=\"attachment-6222 size-6222 wp-post-image\" alt=\"\" large=\"\" srcset=\"https:\/\/www.vap-camping.fr\/wp-content\/uploads\/2025\/12\/image-40.jpeg 800w, https:\/\/www.vap-camping.fr\/wp-content\/uploads\/2025\/12\/image-40-600x390.jpeg 600w, https:\/\/www.vap-camping.fr\/wp-content\/uploads\/2025\/12\/image-40-768x499.jpeg 768w\" sizes=\"(max-width: 800px) 100vw, 800px\" \/>                        <p class=\"j-title\">\n                            A Fleurs d&#8217;Abeilles                        <\/p>\n                        <p class=\"j-more\">\n                            Descubre                        <\/p>\n                    <\/a>\n                <\/div>\n\n                    <\/div>\n        <div class=\"journey-buttons\">\n            <button class=\"j-prev\">ARR<\/button>\n            <button class=\"j-next\">AV<\/button>\n        <\/div>\n    <\/div>\n\n\n<\/div>\n\n\n\n<div class=\"wp-block-group has-global-padding is-layout-constrained wp-block-group-is-layout-constrained\">\n<div class=\"wp-block-group alignwide is-style-title-simple is-layout-flow wp-block-group-is-layout-flow is-style-title-simple--18\" style=\"margin-top:4rem;margin-bottom:4rem\">\n<p class=\"has-text-align-center has-secondary-color has-text-color has-link-color has-secondary-font-family has-xl-font-size wp-elements-48b9b13635620c22724f6a4434859e19\">Descubre<\/p>\n\n\n\n<p class=\"has-text-align-center has-primary-font-family has-sm-font-size\" style=\"text-transform:uppercase\"><strong>nuestros otros establecimientos<\/strong><\/p>\n<\/div>\n\n\n<div class=\"campings-wrapper is-layout-flow wp-block-slider-campings-is-layout-flow\">\n            <div class=\"campings-list\">\n                            <div class=\"camping-item\"\n                    style=\"background-image: linear-gradient(to top, rgba(0, 0, 0, 0.6), transparent), url('https:\/\/www.vap-camping.fr\/wp-content\/uploads\/2025\/07\/dji_0589-2-1024x767.jpg');\">\n                    <a href=\"https:\/\/www.vap-camping.fr\/es\/campings\/camping-la-bastide\/\" title=\"Camping la Bastide(Maz\u00e8res)\" class=\"camping-link\">\n                        <p class=\"title\">Camping la Bastide(Maz\u00e8res)<\/p>\n                        <p class=\"camping-button\">Descubre<\/p>\n                    <\/a>\n                <\/div>\n                            <div class=\"camping-item\"\n                    style=\"background-image: linear-gradient(to top, rgba(0, 0, 0, 0.6), transparent), url('https:\/\/www.vap-camping.fr\/wp-content\/uploads\/2025\/04\/dsc03930-1024x500.jpg');\">\n                    <a href=\"https:\/\/www.vap-camping.fr\/es\/campings\/camping-le-rupe\/\" title=\"Camping le Rup\u00e9(Toulouse)\" class=\"camping-link\">\n                        <p class=\"title\">Camping le Rup\u00e9(Toulouse)<\/p>\n                        <p class=\"camping-button\">Descubre<\/p>\n                    <\/a>\n                <\/div>\n                            <div class=\"camping-item\"\n                    style=\"background-image: linear-gradient(to top, rgba(0, 0, 0, 0.6), transparent), url('https:\/\/www.vap-camping.fr\/wp-content\/uploads\/2025\/04\/img_5291-1024x768-1.jpg');\">\n                    <a href=\"https:\/\/www.vap-camping.fr\/es\/campings\/oustalous-complex\/\" title=\"Complejo Les Oustalous\" class=\"camping-link\">\n                        <p class=\"title\">Complejo Les Oustalous<\/p>\n                        <p class=\"camping-button\">Descubre<\/p>\n                    <\/a>\n                <\/div>\n                            <div class=\"camping-item\"\n                    style=\"background-image: linear-gradient(to top, rgba(0, 0, 0, 0.6), transparent), url('https:\/\/www.vap-camping.fr\/wp-content\/uploads\/2025\/04\/4479-1024x461.jpeg');\">\n                    <a href=\"https:\/\/www.vap-camping.fr\/es\/campings\/camping-le-bourdieu\/\" title=\"Camping Le Bourdieu\" class=\"camping-link\">\n                        <p class=\"title\">Camping Le Bourdieu<\/p>\n                        <p class=\"camping-button\">Descubre<\/p>\n                    <\/a>\n                <\/div>\n                    <\/div>\n    <\/div>\n\n<\/div>\n\n\n\n<div class=\"wp-block-group has-global-padding is-layout-constrained wp-block-group-is-layout-constrained\">\n<div class=\"wp-block-columns alignfull are-vertically-aligned-center is-faq-wrapper is-layout-flex wp-container-core-columns-is-layout-28f84493 wp-block-columns-is-layout-flex\">\n<div class=\"wp-block-column is-vertically-aligned-center is-layout-flow wp-block-column-is-layout-flow\" style=\"flex-basis:33.33%\">\n<div class=\"wp-block-group is-faq has-global-padding is-layout-constrained wp-container-core-group-is-layout-182edfea wp-block-group-is-layout-constrained has-background\" style=\"border-radius:100%;background-image:url(&#039;https:\/\/www.vap-camping.fr\/wp-content\/themes\/vap\/assets\/img\/faq.jpg&#039;);background-position:73% 47%;background-size:cover;\"><\/div>\n<\/div>\n\n\n\n<div class=\"wp-block-column is-vertically-aligned-center is-layout-flow wp-block-column-is-layout-flow\" style=\"flex-basis:66.66%\">\n<div class=\"wp-block-group is-style-title-left is-layout-flow wp-block-group-is-layout-flow is-style-title-left--19\">\n<p class=\"has-secondary-color has-text-color has-link-color has-secondary-font-family has-xl-font-size wp-elements-d035b0ac7d06702f4e9077486b33eaf4\">Preguntas m\u00e1s frecuentes<\/p>\n\n\n\n<p class=\"has-primary-color has-text-color has-link-color has-primary-font-family has-sm-font-size wp-elements-46a28a8c6e34929d1c58ee215f7a497d\" style=\"text-transform:uppercase\"><strong>\u00bfQuieres saber m\u00e1s?<\/strong><\/p>\n<\/div>\n\n\n\n<div class=\"wp-block-group has-global-padding is-layout-constrained wp-block-group-is-layout-constrained\">\n<div class=\"pfq\">\n  \n  \n  <nav class=\"pfq__themes\">\n    <h2>Th\u00e9matiques<\/h2>\n    <ul>\n      \n        <li class=\"pfq__theme active\" data-pfq-group=\"group-0\">\n          <a href=\"#\">Preguntas m\u00e1s frecuentes<\/a>\n        <\/li>\n\n          <\/ul>\n  <\/nav>\n\n  <div class=\"pfq__questions\">\n    \n      <div class=\"pfq__questions__group visible\" data-pfq-group=\"group-0\">\n\n        <h3>Preguntas m\u00e1s frecuentes<\/h3>\n\n        \n          <div class=\"pfq__question\"  >\n            <h4 class=\"pfq__question__title\">\u00bfQu\u00e9 tipo de cafetera hay en los alquileres?<\/h4>\n            <div class=\"pfq__answer\"><p><span style=\"font-weight: 400;\">La mayor\u00eda de los alquileres est\u00e1n equipados con cafeteras de filtro, pero algunos tambi\u00e9n tienen cafeteras Senseo.  <\/span><\/p>\n<\/div>\n          <\/div>\n\n        \n          <div class=\"pfq__question\"  >\n            <h4 class=\"pfq__question__title\">\u00bfSe proporcionan s\u00e1banas en los alquileres?<\/h4>\n            <div class=\"pfq__answer\"><p><span style=\"font-weight: 400;\">No se proporciona ropa de cama, excepto en las casitas Valentin. Sin embargo, puedes alquilarlas por un coste adicional. <\/span><\/p>\n<\/div>\n          <\/div>\n\n        \n          <div class=\"pfq__question\"  >\n            <h4 class=\"pfq__question__title\">\u00bfCu\u00e1les son los horarios de llegada y salida?<\/h4>\n            <div class=\"pfq__answer\"><p><span style=\"font-weight: 400;\">Las llegadas son a partir de las 16 h y las salidas antes de las 10 h.<\/span><\/p>\n<\/div>\n          <\/div>\n\n        \n          <div class=\"pfq__question\"  >\n            <h4 class=\"pfq__question__title\">\u00bfC\u00f3mo funcionan las llegadas tard\u00edas?<\/h4>\n            <div class=\"pfq__answer\"><p><span style=\"font-weight: 400;\">Puedes llegar hasta las 22 h, aunque la recepci\u00f3n est\u00e9 cerrada. Un miembro del personal estar\u00e1 de servicio para ayudarte. Despu\u00e9s de las 22 h, se te explicar\u00e1 c\u00f3mo hacer el auto check-in.  <\/span><\/p>\n<\/div>\n          <\/div>\n\n        \n          <div class=\"pfq__question\"  >\n            <h4 class=\"pfq__question__title\">\u00bfLa piscina est\u00e1 climatizada?<\/h4>\n            <div class=\"pfq__answer\"><p><span style=\"font-weight: 400;\">No, la piscina est\u00e1 a una temperatura natural.<\/span><\/p>\n<\/div>\n          <\/div>\n\n        \n          <div class=\"pfq__question\"  >\n            <h4 class=\"pfq__question__title\">\u00bfOfrec\u00e9is alg\u00fan tipo de entretenimiento en el camping?<\/h4>\n            <div class=\"pfq__answer\"><p><span style=\"font-weight: 400;\">S\u00ed, organizamos animaciones todos los d\u00edas en temporada alta (julio-agosto), excepto el s\u00e1bado, d\u00eda de llegada.<\/span><\/p>\n<\/div>\n          <\/div>\n\n        \n          <div class=\"pfq__question\"  >\n            <h4 class=\"pfq__question__title\">\u00bfEl camping est\u00e1 cerca de tiendas?<\/h4>\n            <div class=\"pfq__answer\"><p><span style=\"font-weight: 400;\">S\u00ed, tenemos una panader\u00eda y un supermercado a 300 metros, as\u00ed como una fruter\u00eda y verduler\u00eda justo enfrente.<\/span><\/p>\n<\/div>\n          <\/div>\n\n        \n          <div class=\"pfq__question\"  >\n            <h4 class=\"pfq__question__title\">\u00bfEst\u00e1 el camping cerca de las conexiones de transporte p\u00fablico con el centro de la ciudad?<\/h4>\n            <div class=\"pfq__answer\"><p><span style=\"font-weight: 400;\">S\u00ed, un autob\u00fas lanzadera pasa junto al camping, a s\u00f3lo 3 minutos a pie.<\/span><\/p>\n<\/div>\n          <\/div>\n\n        \n          <div class=\"pfq__question\"  >\n            <h4 class=\"pfq__question__title\">\u00bfAceptas animales?<\/h4>\n            <div class=\"pfq__answer\"><p><span style=\"font-weight: 400;\">Aceptamos animales de compa\u00f1\u00eda (excepto los de categor\u00eda A) con certificado de vacunaci\u00f3n, excepto en las casitas Valent\u00edn.<\/span><\/p>\n<\/div>\n          <\/div>\n\n        \n          <div class=\"pfq__question\"  >\n            <h4 class=\"pfq__question__title\">\u00bfHasta qu\u00e9 hora podemos hacer ruido?<\/h4>\n            <div class=\"pfq__answer\"><p><span style=\"font-weight: 400;\">Para respetar la paz y la tranquilidad de todos, los niveles de ruido deben mantenerse al m\u00ednimo despu\u00e9s de las 22.30 h.<\/span><\/p>\n<\/div>\n          <\/div>\n\n        \n      <\/div>\n\n    \n  <\/div>\n<\/div>\n<\/div>\n<\/div>\n<\/div>\n<\/div>\n\n\n\n<div class=\"wp-block-group btn-resa has-background has-global-padding is-layout-constrained wp-block-group-is-layout-constrained\" style=\"background:linear-gradient(0deg,rgba(255,255,255,0.74) 0%,rgba(255,255,255,0) 100%)\">\n<div class=\"wp-block-buttons is-content-justification-center is-layout-flex wp-container-core-buttons-is-layout-a89b3969 wp-block-buttons-is-layout-flex\">\n<div class=\"wp-block-button\"><a class=\"wp-block-button__link wp-element-button\" href=\"https:\/\/reservation.secureholiday.net\/group\/fr\/108\/search\/estab-view\/716\/products\" target=\"_blank\" rel=\"noreferrer noopener\">reserva tu estancia<\/a><\/div>\n<\/div>\n<\/div>\n<\/div>\n","protected":false},"excerpt":{"rendered":"<p>\u00a1A 3 km del centro de Foix y del castillo de Foix!<\/p>\n","protected":false},"featured_media":3076,"parent":0,"template":"","format":"standard","meta":{"_acf_changed":false,"_seopress_robots_primary_cat":"","_seopress_titles_title":"Camping Foix | Camping du Lac 4 \u00e9toiles en Ari\u00e8ge","_seopress_titles_desc":"Vivez un s\u00e9jour inoubliable au Camping du Lac \u00e0 Foix : entre randonn\u00e9es, baignades, culture et d\u00e9tente, l\u2019Ari\u00e8ge s\u2019offre \u00e0 vous en 4 \u00e9toiles.","_seopress_robots_index":"","ouverture":"Abierto del 1 de marzo al 1 de noviembre","nombre_de_locations":"95 alquileres en 5 ha","nombre_demplacements":"40 parcelas desnudas","adresse":"Route nationale 20 Labarre, 09000 Foix","numero_de_telephone":"0561651158","email":"contact@vap-campings.fr","url_du_site":"","footnotes":""},"class_list":["post-3041","campings","type-campings","status-publish","format-standard","has-post-thumbnail","hentry"],"acf":{"latitude":"42.9892629","longitude":"1.6130811","ouverture":"Abierto del 1 de marzo al 1 de noviembre","nombre_de_locations":"95 alquileres en 5 ha","nombre_demplacements":"40 parcelas desnudas","adresse":"Route nationale 20 Labarre, 09000 Foix","numero_de_telephone":"0561651158","email":"contact@vap-campings.fr","url_du_site":"","stars":4,"services":[{"label":"Piscina (no climatizada)","icon":3050},{"label":"Restaurante\/Bar","icon":3049},{"label":"Wifi","icon":3048},{"label":"Se admiten mascotas","icon":3051},{"label":"Entretenimiento estacional","icon":3046},{"label":"Tienda de recuerdos","icon":3045},{"label":"Cuarto de bicicletas","icon":3052},{"label":"Acceso PMR","icon":2573},{"label":"Puntos de recarga para veh\u00edculos el\u00e9ctricos","icon":""}]},"_links":{"self":[{"href":"https:\/\/www.vap-camping.fr\/es\/wp-json\/wp\/v2\/campings\/3041","targetHints":{"allow":["GET"]}}],"collection":[{"href":"https:\/\/www.vap-camping.fr\/es\/wp-json\/wp\/v2\/campings"}],"about":[{"href":"https:\/\/www.vap-camping.fr\/es\/wp-json\/wp\/v2\/types\/campings"}],"version-history":[{"count":17,"href":"https:\/\/www.vap-camping.fr\/es\/wp-json\/wp\/v2\/campings\/3041\/revisions"}],"predecessor-version":[{"id":8522,"href":"https:\/\/www.vap-camping.fr\/es\/wp-json\/wp\/v2\/campings\/3041\/revisions\/8522"}],"wp:featuredmedia":[{"embeddable":true,"href":"https:\/\/www.vap-camping.fr\/es\/wp-json\/wp\/v2\/media\/3076"}],"wp:attachment":[{"href":"https:\/\/www.vap-camping.fr\/es\/wp-json\/wp\/v2\/media?parent=3041"}],"curies":[{"name":"wp","href":"https:\/\/api.w.org\/{rel}","templated":true}]}}