{"id":2756,"date":"2025-05-09T14:35:35","date_gmt":"2025-05-09T14:35:35","guid":{"rendered":"https:\/\/www.vap-camping.fr\/lieux\/camping-saint-lizier\/"},"modified":"2026-01-30T01:50:28","modified_gmt":"2026-01-30T01:50:28","slug":"camping-saint-lizier","status":"publish","type":"lieux","link":"https:\/\/www.vap-camping.fr\/es\/lieux\/camping-saint-lizier\/","title":{"rendered":"Palacio de los Evasores de Saint-Lizier"},"content":{"rendered":"\n<div class=\"wp-block-group alignfull is-layout-flow wp-container-core-group-is-layout-12cc3699 wp-block-group-is-layout-flow\" style=\"padding-top:10rem\">\n<div class=\"wp-block-group has-global-padding is-layout-constrained wp-container-core-group-is-layout-2931b900 wp-block-group-is-layout-constrained\">\n<div class=\"wp-block-columns alignfull are-vertically-aligned-center is-layout-flex wp-container-core-columns-is-layout-0c0b91ec wp-block-columns-is-layout-flex\">\n<div class=\"wp-block-column is-vertically-aligned-center leftRight is-layout-flow wp-container-core-column-is-layout-58dbe9e9 wp-block-column-is-layout-flow\" style=\"padding-left:10rem;flex-basis:40%\">\n<div class=\"wp-block-group is-style-title-left is-layout-flow wp-block-group-is-layout-flow is-style-title-left--1\">\n<p class=\"has-secondary-color has-text-color has-link-color has-secondary-font-family has-xl-font-size wp-elements-1c8a7d7bc33ca1bbd7361f16b27dd4a2\">Palacio de los Obispos de Saint-Lizier<\/p>\n\n\n\n<p class=\"has-primary-color has-text-color has-link-color has-primary-font-family has-sm-font-size wp-elements-4cc36e04d29b57edc375865714a41bb3\" style=\"text-transform:uppercase\"><strong>arte e historia en un marco excepcional<\/strong><\/p>\n<\/div>\n\n\n\n<h1 class=\"wp-block-heading text-title\">Un lugar protegido, entre patrimonio religioso y vistas panor\u00e1micas de los Pirineos<\/h1>\n\n\n\n<p class=\"has-m-font-size\" style=\"padding-left:2rem\">Dominando el valle del Salat, en el encantador pueblo de <strong>Saint-Lizier<\/strong>, el <strong>Palacio de los Evasores<\/strong> es un notable conjunto arquitect\u00f3nico. Antigua residencia episcopal, en la actualidad alberga un museo de arte e historia de Couserans, as\u00ed como una capilla pintada catalogada como Monumento Hist\u00f3rico. Una visita obligada que combina <strong>cultura, espiritualidad y vistas espectaculares<\/strong>.<\/p>\n<\/div>\n\n\n\n<div class=\"wp-block-column is-vertically-aligned-center rightLeft wp-block-image alignright size-large has-custom-border is-style-travel is-layout-flow wp-block-column-is-layout-flow is-style-travel--2\" style=\"flex-basis:60%\">\n<figure class=\"wp-block-image alignright size-large\"><img alt=\"\" decoding=\"async\" width=\"1024\" height=\"638\" src=\"https:\/\/www.vap-camping.fr\/wp-content\/uploads\/2025\/05\/AdobeStock_515690445-1024x638.jpeg\" alt=\"\" class=\"wp-image-1110\" srcset=\"https:\/\/www.vap-camping.fr\/wp-content\/uploads\/2025\/05\/AdobeStock_515690445-1024x638.jpeg 1024w, https:\/\/www.vap-camping.fr\/wp-content\/uploads\/2025\/05\/AdobeStock_515690445-600x374.jpeg 600w, https:\/\/www.vap-camping.fr\/wp-content\/uploads\/2025\/05\/AdobeStock_515690445-768x479.jpeg 768w, https:\/\/www.vap-camping.fr\/wp-content\/uploads\/2025\/05\/AdobeStock_515690445-1536x957.jpeg 1536w, https:\/\/www.vap-camping.fr\/wp-content\/uploads\/2025\/05\/AdobeStock_515690445-2048x1276.jpeg 2048w\" sizes=\"(max-width: 1024px) 100vw, 1024px\" \/><\/figure>\n<\/div>\n<\/div>\n<\/div>\n\n\n\n<div class=\"wp-block-group has-global-padding is-layout-constrained wp-block-group-is-layout-constrained\">\n<div class=\"wp-block-columns alignfull are-vertically-aligned-center is-layout-flex wp-container-core-columns-is-layout-0c0b91ec wp-block-columns-is-layout-flex\">\n<div class=\"wp-block-column is-vertically-aligned-center wp-block-image alignright size-large has-custom-border is-style-simple-left leftRight is-layout-flow wp-block-column-is-layout-flow is-style-simple-left--3\" style=\"flex-basis:60%\">\n<figure class=\"wp-block-image alignleft size-large\"><img alt=\"\" decoding=\"async\" width=\"1024\" height=\"453\" src=\"https:\/\/www.vap-camping.fr\/wp-content\/uploads\/2025\/05\/AdobeStock_452759126-1024x453.jpeg\" alt=\"\" class=\"wp-image-1108\" style=\"aspect-ratio:3\/2;object-fit:cover\" srcset=\"https:\/\/www.vap-camping.fr\/wp-content\/uploads\/2025\/05\/AdobeStock_452759126-1024x453.jpeg 1024w, https:\/\/www.vap-camping.fr\/wp-content\/uploads\/2025\/05\/AdobeStock_452759126-600x266.jpeg 600w, https:\/\/www.vap-camping.fr\/wp-content\/uploads\/2025\/05\/AdobeStock_452759126-768x340.jpeg 768w, https:\/\/www.vap-camping.fr\/wp-content\/uploads\/2025\/05\/AdobeStock_452759126-1536x680.jpeg 1536w, https:\/\/www.vap-camping.fr\/wp-content\/uploads\/2025\/05\/AdobeStock_452759126-2048x907.jpeg 2048w\" sizes=\"(max-width: 1024px) 100vw, 1024px\" \/><\/figure>\n<\/div>\n\n\n\n<div class=\"wp-block-column is-vertically-aligned-center rightLeft is-layout-flow wp-container-core-column-is-layout-58dbe9e9 wp-block-column-is-layout-flow\" style=\"padding-left:10rem;flex-basis:40%\">\n<div class=\"wp-block-group is-style-title-left is-layout-flow wp-block-group-is-layout-flow is-style-title-left--4\">\n<p class=\"has-secondary-color has-text-color has-link-color has-secondary-font-family has-xl-font-size wp-elements-e119bc590e60e283bb777e4a3437b7d6\">Un lugar impregnado de memoria<\/p>\n\n\n\n<p class=\"has-primary-color has-text-color has-link-color has-primary-font-family has-sm-font-size wp-elements-0b1060216ecdda61b1d85ea660ae7676\" style=\"text-transform:uppercase\"><strong>y bellamente restaurada<\/strong><\/p>\n<\/div>\n\n\n\n<h2 class=\"wp-block-heading text-title\">Arquitectura, arte sacro y un museo moderno en el mismo lugar<\/h2>\n\n\n\n<p class=\"has-m-font-size\" style=\"padding-left:2rem\">El palacio mezcla <strong>los estilos rom\u00e1nico, g\u00f3tico y cl\u00e1sico<\/strong>, reflejando los siglos de historia religiosa de la regi\u00f3n. El <strong>claustro<\/strong>, las salas abovedadas y la <strong>capilla de Notre-Dame-de-la-S\u00e8de<\/strong>, famosa por sus frescos murales del siglo XV, ofrecen una inmersi\u00f3n en el pasado. El museo renovado tiene un dise\u00f1o moderno y accesible.<\/p>\n<\/div>\n<\/div>\n<\/div>\n\n\n\n<div class=\"wp-block-group has-global-padding is-layout-constrained wp-block-group-is-layout-constrained\">\n<div class=\"wp-block-columns alignfull are-vertically-aligned-center is-layout-flex wp-container-core-columns-is-layout-0c0b91ec wp-block-columns-is-layout-flex\">\n<div class=\"wp-block-column is-vertically-aligned-center leftRight is-layout-flow wp-container-core-column-is-layout-58dbe9e9 wp-block-column-is-layout-flow\" style=\"padding-left:10rem;flex-basis:40%\">\n<div class=\"wp-block-group is-style-title-left is-layout-flow wp-block-group-is-layout-flow is-style-title-left--5\">\n<p class=\"has-secondary-color has-text-color has-link-color has-secondary-font-family has-xl-font-size wp-elements-745789beb9285c2dd3972b8974431005\">Una visita cultural<\/p>\n\n\n\n<p class=\"has-primary-color has-text-color has-link-color has-primary-font-family has-sm-font-size wp-elements-bd9c33b90baff92c137d9d62926ab164\" style=\"text-transform:uppercase\"><strong>para todos los p\u00fablicos<\/strong><\/p>\n<\/div>\n\n\n\n<h2 class=\"wp-block-heading text-title\">Museo interactivo, exposiciones temporales y vistas a la monta\u00f1a<\/h2>\n\n\n\n<p class=\"has-m-font-size\" style=\"padding-left:2rem\">El recorrido permite comprender mejor la historia de los Couserans, el cristianismo en los Pirineos y el papel de los obispos en la regi\u00f3n. <strong>Herramientas digitales, maquetas y pel\u00edculas<\/strong> hacen que la visita sea divertida y apta tanto para ni\u00f1os como para adultos. Tambi\u00e9n alberga <strong>exposiciones temporales<\/strong>, a menudo centradas en el arte o el patrimonio locales.<\/p>\n<\/div>\n\n\n\n<div class=\"wp-block-column is-vertically-aligned-center rightLeft wp-block-image alignright size-large has-custom-border is-style-travel is-layout-flow wp-block-column-is-layout-flow is-style-travel--6\" style=\"flex-basis:60%\">\n<figure class=\"wp-block-image alignright size-large\"><img alt=\"\" decoding=\"async\" width=\"1024\" height=\"683\" src=\"https:\/\/www.vap-camping.fr\/wp-content\/uploads\/2025\/05\/AdobeStock_133001114-1024x683.jpeg\" alt=\"\" class=\"wp-image-1106\" srcset=\"https:\/\/www.vap-camping.fr\/wp-content\/uploads\/2025\/05\/AdobeStock_133001114-1024x683.jpeg 1024w, https:\/\/www.vap-camping.fr\/wp-content\/uploads\/2025\/05\/AdobeStock_133001114-600x400.jpeg 600w, https:\/\/www.vap-camping.fr\/wp-content\/uploads\/2025\/05\/AdobeStock_133001114-768x512.jpeg 768w, https:\/\/www.vap-camping.fr\/wp-content\/uploads\/2025\/05\/AdobeStock_133001114-1536x1024.jpeg 1536w, https:\/\/www.vap-camping.fr\/wp-content\/uploads\/2025\/05\/AdobeStock_133001114-2048x1365.jpeg 2048w\" sizes=\"(max-width: 1024px) 100vw, 1024px\" \/><\/figure>\n<\/div>\n<\/div>\n<\/div>\n\n\n\n<div class=\"wp-block-group reveal has-global-padding is-layout-constrained wp-block-group-is-layout-constrained\">\n<div class=\"wp-block-group alignwide is-style-title-simple is-layout-flow wp-block-group-is-layout-flow is-style-title-simple--7\" style=\"margin-top:4rem;margin-bottom:4rem\">\n<p class=\"has-text-align-center has-secondary-color has-text-color has-link-color has-secondary-font-family has-xl-font-size wp-elements-61c3df48646af0da12819b303dfc8ba5\">\n  Nuestros establecimientos<\/p>\n\n\n\n<p class=\"has-text-align-center has-primary-font-family has-sm-font-size\" style=\"text-transform:uppercase\">\n                <strong>cerca de<\/strong>\n            <\/p>\n<\/div>\n\n\n<div class=\"campings-wrapper is-layout-flow wp-block-slider-campings-is-layout-flow\">\n            <div class=\"campings-list\">\n                            <div class=\"camping-item\"\n                    style=\"background-image: linear-gradient(to top, rgba(0, 0, 0, 0.6), transparent), url('https:\/\/www.vap-camping.fr\/wp-content\/uploads\/2025\/04\/4479-1024x461.jpeg');\">\n                    <a href=\"https:\/\/www.vap-camping.fr\/es\/campings\/camping-le-bourdieu\/\" title=\"Camping Le Bourdieu\" class=\"camping-link\">\n                        <p class=\"title\">Camping Le Bourdieu<\/p>\n                        <p class=\"camping-button\">Descubre<\/p>\n                    <\/a>\n                <\/div>\n                    <\/div>\n    <\/div>\n\n<\/div>\n<\/div>\n","protected":false},"excerpt":{"rendered":"<p>Pedalea de Foix a Saint-Girons, pasando por el Palacio de los Evasores de Saint-Lizier. Descubre la historia y la arquitectura medievales mientras exploras los excepcionales paisajes de los Couserans. Una aventura rica en patrimonio y naturaleza, ideal para viajeros en busca de tranquilidad.<\/p>\n","protected":false},"author":1,"featured_media":2760,"parent":0,"template":"","format":"standard","tax-category-lieux":[49,46],"class_list":["post-2756","lieux","type-lieux","status-publish","format-standard","has-post-thumbnail","hentry","tax-category-lieux-actividades","tax-category-lieux-ciudades-y-pueblos"],"acf":{"latitude":"43.0028496","longitude":"1.1349878","distance":51,"pm_lieu_url":"","pm_lieu_phone":"","adresse":"","pm_lieu_title_short":"","af_camping":[108]},"_links":{"self":[{"href":"https:\/\/www.vap-camping.fr\/es\/wp-json\/wp\/v2\/lieux\/2756","targetHints":{"allow":["GET"]}}],"collection":[{"href":"https:\/\/www.vap-camping.fr\/es\/wp-json\/wp\/v2\/lieux"}],"about":[{"href":"https:\/\/www.vap-camping.fr\/es\/wp-json\/wp\/v2\/types\/lieux"}],"author":[{"embeddable":true,"href":"https:\/\/www.vap-camping.fr\/es\/wp-json\/wp\/v2\/users\/1"}],"version-history":[{"count":3,"href":"https:\/\/www.vap-camping.fr\/es\/wp-json\/wp\/v2\/lieux\/2756\/revisions"}],"predecessor-version":[{"id":6863,"href":"https:\/\/www.vap-camping.fr\/es\/wp-json\/wp\/v2\/lieux\/2756\/revisions\/6863"}],"acf:post":[{"embeddable":true,"href":"https:\/\/www.vap-camping.fr\/es\/wp-json\/wp\/v2\/campings\/108"}],"wp:featuredmedia":[{"embeddable":true,"href":"https:\/\/www.vap-camping.fr\/es\/wp-json\/wp\/v2\/media\/2760"}],"wp:attachment":[{"href":"https:\/\/www.vap-camping.fr\/es\/wp-json\/wp\/v2\/media?parent=2756"}],"wp:term":[{"taxonomy":"tax-category-lieux","embeddable":true,"href":"https:\/\/www.vap-camping.fr\/es\/wp-json\/wp\/v2\/tax-category-lieux?post=2756"}],"curies":[{"name":"wp","href":"https:\/\/api.w.org\/{rel}","templated":true}]}}