{"id":3940,"date":"2025-09-25T09:33:20","date_gmt":"2025-09-25T09:33:20","guid":{"rendered":"https:\/\/www.vap-camping.fr\/lieux\/marche-de-foix\/"},"modified":"2026-02-05T08:52:59","modified_gmt":"2026-02-05T08:52:59","slug":"marche-de-foix","status":"publish","type":"lieux","link":"https:\/\/www.vap-camping.fr\/es\/lieux\/marche-de-foix\/","title":{"rendered":"March\u00e9 de foix"},"content":{"rendered":"\n<div class=\"wp-block-group alignfull is-layout-flow wp-block-group-is-layout-flow\">\n<div class=\"wp-block-group has-global-padding is-layout-constrained wp-block-group-is-layout-constrained\">\n<div class=\"wp-block-columns alignfull are-vertically-aligned-center m-ti is-layout-flex wp-container-core-columns-is-layout-0c0b91ec wp-block-columns-is-layout-flex\">\n<div class=\"wp-block-column is-vertically-aligned-center m-ti-text is-layout-flow wp-container-core-column-is-layout-58dbe9e9 wp-block-column-is-layout-flow\" style=\"padding-left:10rem;flex-basis:40%\">\n<div class=\"wp-block-group is-style-title-left is-layout-flow wp-block-group-is-layout-flow is-style-title-left--1\">\n<p class=\"has-secondary-color has-text-color has-link-color has-secondary-font-family has-xl-font-size wp-elements-9fb8ae64df3464450aeebe5bde8d7628\">MERCADOS  <\/p>\n\n\n\n<p class=\"has-primary-color has-text-color has-link-color has-primary-font-family has-sm-font-size wp-elements-7b008a4a66d497bbc25366233684370d\" style=\"text-transform:uppercase\"><strong>EVENTOS SEMANALES EN EL CORAZ\u00d3N DE FOIX<\/strong><\/p>\n<\/div>\n\n\n\n<h1 class=\"wp-block-heading text-title\"><em>Todos los martes y viernes, Foix se anima con los colores de los mercados, con sus sabores, su artesan\u00eda y su ambiente local.<\/em><\/h1>\n\n\n\n<p class=\"has-m-font-size\" style=\"padding-left:2rem\">Todos los martes, de 7.30 a 13.30 h, el mercado de alimentos se celebra bajo la Halle aux Grains. S\u00f3lo se da prioridad a los productores locales, lo que garantiza su frescura y autenticidad: s\u00f3lo se tolera la reventa cuando no hay un producto local disponible. Es la ocasi\u00f3n perfecta para descubrir verduras, frutas, quesos y otras especialidades locales en un ambiente agradable.  <\/p>\n<\/div>\n\n\n\n<div class=\"wp-block-column is-vertically-aligned-center wp-block-image alignright size-large has-custom-border is-style-travel m-ti-image is-layout-flow wp-block-column-is-layout-flow is-style-travel--2\" style=\"flex-basis:60%\">\n<figure class=\"wp-block-image alignright size-large\"><img alt=\"march\u00e9 de foix\" decoding=\"async\" width=\"768\" height=\"1024\" src=\"https:\/\/www.vap-camping.fr\/wp-content\/uploads\/2025\/09\/img_0061-768x1024.jpeg\" alt=\"\" class=\"wp-image-3767\" srcset=\"https:\/\/www.vap-camping.fr\/wp-content\/uploads\/2025\/09\/img_0061-768x1024.jpeg 768w, https:\/\/www.vap-camping.fr\/wp-content\/uploads\/2025\/09\/img_0061-450x600.jpeg 450w, https:\/\/www.vap-camping.fr\/wp-content\/uploads\/2025\/09\/img_0061-1152x1536.jpeg 1152w, https:\/\/www.vap-camping.fr\/wp-content\/uploads\/2025\/09\/img_0061-1536x2048.jpeg 1536w, https:\/\/www.vap-camping.fr\/wp-content\/uploads\/2025\/09\/img_0061-scaled.jpeg 1920w\" sizes=\"(max-width: 768px) 100vw, 768px\" \/><\/figure>\n<\/div>\n<\/div>\n<\/div>\n\n\n\n<div class=\"wp-block-group has-global-padding is-layout-constrained wp-block-group-is-layout-constrained\">\n<div class=\"wp-block-columns alignfull are-vertically-aligned-center m-ti is-layout-flex wp-container-core-columns-is-layout-0c0b91ec wp-block-columns-is-layout-flex\">\n<div class=\"wp-block-column is-vertically-aligned-center wp-block-image alignright size-large has-custom-border is-style-simple-left m-ti-image is-layout-flow wp-block-column-is-layout-flow is-style-simple-left--3\" style=\"flex-basis:60%\">\n<figure class=\"wp-block-image alignleft size-large\"><img alt=\"\" decoding=\"async\" width=\"768\" height=\"1024\" src=\"https:\/\/www.vap-camping.fr\/wp-content\/uploads\/2025\/09\/img_0060-768x1024.jpeg\" alt=\"\" class=\"wp-image-3771\" srcset=\"https:\/\/www.vap-camping.fr\/wp-content\/uploads\/2025\/09\/img_0060-768x1024.jpeg 768w, https:\/\/www.vap-camping.fr\/wp-content\/uploads\/2025\/09\/img_0060-450x600.jpeg 450w, https:\/\/www.vap-camping.fr\/wp-content\/uploads\/2025\/09\/img_0060-1152x1536.jpeg 1152w, https:\/\/www.vap-camping.fr\/wp-content\/uploads\/2025\/09\/img_0060-1536x2048.jpeg 1536w, https:\/\/www.vap-camping.fr\/wp-content\/uploads\/2025\/09\/img_0060-scaled.jpeg 1920w\" sizes=\"(max-width: 768px) 100vw, 768px\" \/><\/figure>\n<\/div>\n\n\n\n<div class=\"wp-block-column is-vertically-aligned-center m-ti-text is-layout-flow wp-container-core-column-is-layout-58dbe9e9 wp-block-column-is-layout-flow\" style=\"padding-left:10rem;flex-basis:40%\">\n<div class=\"wp-block-group is-style-title-left is-layout-flow wp-block-group-is-layout-flow is-style-title-left--4\">\n<p class=\"has-secondary-color has-text-color has-link-color has-secondary-font-family has-xl-font-size wp-elements-5cb7f5f6818c7dd6670eae212ba61e7b\">Manualidades<\/p>\n\n\n\n<p class=\"has-primary-color has-text-color has-link-color has-primary-font-family has-sm-font-size wp-elements-336cf8eecbe18e3b287a0aef338153c5\" style=\"text-transform:uppercase\"><strong>ARTESAN\u00cdA, GASTRONOM\u00cdA Y ENCUENTROS LOCALES<\/strong><\/p>\n<\/div>\n\n\n\n<h1 class=\"wp-block-heading text-title\"><em>Viernes de Foix: artesan\u00eda refinada, gastronom\u00eda local y ambiente animado.<\/em><\/h1>\n\n\n\n<p class=\"has-m-font-size\" style=\"padding-left:2rem\">Todos los viernes, las All\u00e9es de Villote, la Halle aux Grains, la Halle Saint-Volusien y la Place Violet acogen puestos de ropa, productos locales, flores, adornos y artesan\u00eda. Es un momento para compartir y descubrir, donde lugare\u00f1os y visitantes pueden pasear, charlar y empaparse de la identidad local. <\/p>\n<\/div>\n<\/div>\n<\/div>\n\n\n\n<div class=\"wp-block-group has-global-padding is-layout-constrained wp-block-group-is-layout-constrained\">\n<div class=\"wp-block-columns alignfull are-vertically-aligned-center m-ti is-layout-flex wp-container-core-columns-is-layout-0c0b91ec wp-block-columns-is-layout-flex\">\n<div class=\"wp-block-column is-vertically-aligned-center m-ti-text is-layout-flow wp-container-core-column-is-layout-58dbe9e9 wp-block-column-is-layout-flow\" style=\"padding-left:10rem;flex-basis:40%\">\n<div class=\"wp-block-group is-style-title-left is-layout-flow wp-block-group-is-layout-flow is-style-title-left--5\">\n<p class=\"has-secondary-color has-text-color has-link-color has-secondary-font-family has-xl-font-size wp-elements-0aba6611fd3383f290005d5cf749bc21\">Una cita<\/p>\n\n\n\n<p class=\"has-primary-color has-text-color has-link-color has-primary-font-family has-sm-font-size wp-elements-e38b6fba074417fc097563e9f52d8d34\" style=\"text-transform:uppercase\"><strong>NO TE LO PIERDAS<\/strong><\/p>\n<\/div>\n\n\n\n<h1 class=\"wp-block-heading text-title\"><em>El mercado de Foix encarna la vitalidad local, el gusto por la tierra y el placer de la interacci\u00f3n social.<\/em><\/h1>\n\n\n\n<p class=\"has-m-font-size\" style=\"padding-left:2rem\">Con los sonidos de los puestos, el olor a pan caliente y quesos curados, y las sonrisas de los productores, el mercado es mucho m\u00e1s que un lugar para comprar: es un momento para vivir. Tanto si buscas un ramo de flores, un ingrediente fresco o simplemente un paseo, estos mercados forman parte del alma de Foix.   <\/p>\n<\/div>\n\n\n\n<div class=\"wp-block-column is-vertically-aligned-center wp-block-image alignright size-large has-custom-border is-style-travel m-ti-image is-layout-flow wp-block-column-is-layout-flow is-style-travel--6\" style=\"flex-basis:60%\">\n<figure class=\"wp-block-image alignright size-large\"><img alt=\"\" decoding=\"async\" width=\"768\" height=\"1024\" src=\"https:\/\/www.vap-camping.fr\/wp-content\/uploads\/2025\/09\/img_0053-768x1024.jpeg\" alt=\"\" class=\"wp-image-3775\" srcset=\"https:\/\/www.vap-camping.fr\/wp-content\/uploads\/2025\/09\/img_0053-768x1024.jpeg 768w, https:\/\/www.vap-camping.fr\/wp-content\/uploads\/2025\/09\/img_0053-450x600.jpeg 450w, https:\/\/www.vap-camping.fr\/wp-content\/uploads\/2025\/09\/img_0053-1152x1536.jpeg 1152w, https:\/\/www.vap-camping.fr\/wp-content\/uploads\/2025\/09\/img_0053-1536x2048.jpeg 1536w, https:\/\/www.vap-camping.fr\/wp-content\/uploads\/2025\/09\/img_0053-scaled.jpeg 1920w\" sizes=\"(max-width: 768px) 100vw, 768px\" \/><\/figure>\n<\/div>\n<\/div>\n<\/div>\n\n\n\n<div class=\"wp-block-group has-global-padding is-layout-constrained wp-block-group-is-layout-constrained\">\n<div class=\"wp-block-group alignwide is-style-title-simple is-layout-flow wp-block-group-is-layout-flow is-style-title-simple--7\" style=\"margin-top:4rem;margin-bottom:4rem\">\n<p class=\"has-text-align-center has-secondary-color has-text-color has-link-color has-secondary-font-family has-xl-font-size wp-elements-e48e16d9035d0de8ebb2a9a8c81849fc\">Nuestros establecimientos<\/p>\n\n\n\n<p class=\"has-text-align-center has-primary-font-family has-sm-font-size\" style=\"text-transform:uppercase\"><strong>a Promit\u00e9<\/strong><\/p>\n<\/div>\n\n\n<div class=\"campings-wrapper is-layout-flow wp-block-slider-campings-is-layout-flow\">\n            <div class=\"campings-list\">\n                            <div class=\"camping-item\"\n                    style=\"background-image: linear-gradient(to top, rgba(0, 0, 0, 0.6), transparent), url('https:\/\/www.vap-camping.fr\/wp-content\/uploads\/2025\/04\/camping-avec-piscine-1024x767.jpg');\">\n                    <a href=\"https:\/\/www.vap-camping.fr\/es\/campings\/camping-du-lac\/\" title=\"Camping du lac(Foix)\" class=\"camping-link\">\n                        <p class=\"title\">Camping du lac(Foix)<\/p>\n                        <p class=\"camping-button\">Descubre<\/p>\n                    <\/a>\n                <\/div>\n                    <\/div>\n    <\/div>\n\n<\/div>\n<\/div>\n","protected":false},"excerpt":{"rendered":"<p>mercado de foix<\/p>\n","protected":false},"author":1,"featured_media":3758,"parent":0,"template":"","format":"standard","tax-category-lieux":[56],"class_list":["post-3940","lieux","type-lieux","status-publish","format-standard","has-post-thumbnail","hentry","tax-category-lieux-festivales-y-eventos"],"acf":{"latitude":"42.963573","longitude":"1.607305","distance":3,"pm_lieu_url":"","pm_lieu_phone":"","adresse":"","pm_lieu_title_short":"","af_camping":[22]},"_links":{"self":[{"href":"https:\/\/www.vap-camping.fr\/es\/wp-json\/wp\/v2\/lieux\/3940","targetHints":{"allow":["GET"]}}],"collection":[{"href":"https:\/\/www.vap-camping.fr\/es\/wp-json\/wp\/v2\/lieux"}],"about":[{"href":"https:\/\/www.vap-camping.fr\/es\/wp-json\/wp\/v2\/types\/lieux"}],"author":[{"embeddable":true,"href":"https:\/\/www.vap-camping.fr\/es\/wp-json\/wp\/v2\/users\/1"}],"version-history":[{"count":3,"href":"https:\/\/www.vap-camping.fr\/es\/wp-json\/wp\/v2\/lieux\/3940\/revisions"}],"predecessor-version":[{"id":6936,"href":"https:\/\/www.vap-camping.fr\/es\/wp-json\/wp\/v2\/lieux\/3940\/revisions\/6936"}],"acf:post":[{"embeddable":true,"href":"https:\/\/www.vap-camping.fr\/es\/wp-json\/wp\/v2\/campings\/22"}],"wp:featuredmedia":[{"embeddable":true,"href":"https:\/\/www.vap-camping.fr\/es\/wp-json\/wp\/v2\/media\/3758"}],"wp:attachment":[{"href":"https:\/\/www.vap-camping.fr\/es\/wp-json\/wp\/v2\/media?parent=3940"}],"wp:term":[{"taxonomy":"tax-category-lieux","embeddable":true,"href":"https:\/\/www.vap-camping.fr\/es\/wp-json\/wp\/v2\/tax-category-lieux?post=3940"}],"curies":[{"name":"wp","href":"https:\/\/api.w.org\/{rel}","templated":true}]}}