{"id":6234,"date":"2025-12-11T15:51:47","date_gmt":"2025-12-11T15:51:47","guid":{"rendered":"https:\/\/www.vap-camping.fr\/lieux\/domaine-des-coteaux-dengravies\/"},"modified":"2026-01-29T23:37:11","modified_gmt":"2026-01-29T23:37:11","slug":"domaine-des-coteaux-dengravies","status":"publish","type":"lieux","link":"https:\/\/www.vap-camping.fr\/es\/lieux\/domaine-des-coteaux-dengravies\/","title":{"rendered":"Domaine des Coteaux d&#8217;Engravi\u00e8s"},"content":{"rendered":"\n<div class=\"wp-block-group alignfull is-layout-flow wp-container-core-group-is-layout-12cc3699 wp-block-group-is-layout-flow\" style=\"padding-top:10rem\">\n<div class=\"wp-block-group has-global-padding is-layout-constrained wp-container-core-group-is-layout-2931b900 wp-block-group-is-layout-constrained\">\n<div class=\"wp-block-columns alignfull are-vertically-aligned-center is-layout-flex wp-container-core-columns-is-layout-0c0b91ec wp-block-columns-is-layout-flex\">\n<div class=\"wp-block-column is-vertically-aligned-center leftRight is-layout-flow wp-container-core-column-is-layout-58dbe9e9 wp-block-column-is-layout-flow\" style=\"padding-left:10rem;flex-basis:40%\">\n<div class=\"wp-block-group is-style-title-left is-layout-flow wp-block-group-is-layout-flow is-style-title-left--1\">\n<p class=\"has-secondary-color has-text-color has-link-color has-secondary-font-family has-xl-font-size wp-elements-df63eb10c943c804d11b225b042446e6\">Un vi\u00f1edo<\/p>\n\n\n\n<p class=\"has-primary-color has-text-color has-link-color has-primary-font-family has-sm-font-size wp-elements-26bfba46f2454a15f330733739434888\" style=\"text-transform:uppercase\"><strong>Ariegeois<\/strong><\/p>\n<\/div>\n\n\n\n<h1 class=\"wp-block-heading text-title\">Domaine des Coteaux d&#8217;engravi\u00e8s, Una finca familiar donde el Ari\u00e8ge redescubre su olvidada historia vitivin\u00edcola.<\/h1>\n\n\n\n<p class=\"has-m-font-size\" style=\"padding-left:2rem\">El Domaine des Coteaux d&#8217;Engravies revive con pasi\u00f3n la anta\u00f1o floreciente tradici\u00f3n vin\u00edcola del Ari\u00e8ge. Enclavado en las soleadas colinas cercanas a Foix, este vi\u00f1edo familiar produce vinos de la DOC Ari\u00e8ge famosos por su car\u00e1cter, sus aromas francos y su elegancia natural. Los vi\u00f1edos se cultivan de forma ecol\u00f3gica, fomentando la biodiversidad y el respeto por el suelo. Los visitantes descubrir\u00e1n un mundo aut\u00e9ntico: una bodega acogedora, vi\u00f1as bien conservadas y un equipo que cuenta con orgullo la historia del renacimiento del vino de Ari\u00e8ge. Es una forma maravillosa de sumergirse en el patrimonio local.      <\/p>\n<\/div>\n\n\n\n<div class=\"wp-block-column is-vertically-aligned-center rightLeft wp-block-image alignright size-large has-custom-border is-style-travel is-layout-flow wp-block-column-is-layout-flow is-style-travel--2\" style=\"flex-basis:60%\">\n<figure class=\"wp-block-image alignright size-large\"><img alt=\"\" decoding=\"async\" width=\"1024\" height=\"683\" src=\"https:\/\/www.vap-camping.fr\/wp-content\/uploads\/2025\/12\/image-38-1024x683.jpeg\" alt=\"\" class=\"wp-image-5703\" srcset=\"https:\/\/www.vap-camping.fr\/wp-content\/uploads\/2025\/12\/image-38-1024x683.jpeg 1024w, https:\/\/www.vap-camping.fr\/wp-content\/uploads\/2025\/12\/image-38-600x400.jpeg 600w, https:\/\/www.vap-camping.fr\/wp-content\/uploads\/2025\/12\/image-38-768x512.jpeg 768w, https:\/\/www.vap-camping.fr\/wp-content\/uploads\/2025\/12\/image-38-1536x1024.jpeg 1536w, https:\/\/www.vap-camping.fr\/wp-content\/uploads\/2025\/12\/image-38.jpeg 1600w\" sizes=\"(max-width: 1024px) 100vw, 1024px\" \/><\/figure>\n<\/div>\n<\/div>\n<\/div>\n\n\n\n<div class=\"wp-block-group has-global-padding is-layout-constrained wp-block-group-is-layout-constrained\">\n<div class=\"wp-block-columns alignfull are-vertically-aligned-center is-layout-flex wp-container-core-columns-is-layout-0c0b91ec wp-block-columns-is-layout-flex\">\n<div class=\"wp-block-column is-vertically-aligned-center wp-block-image alignright size-large has-custom-border is-style-simple-left leftRight is-layout-flow wp-block-column-is-layout-flow is-style-simple-left--3\" style=\"flex-basis:60%\">\n<figure class=\"wp-block-image alignleft size-large\"><img alt=\"\" decoding=\"async\" width=\"1024\" height=\"683\" src=\"https:\/\/www.vap-camping.fr\/wp-content\/uploads\/2025\/12\/image-37-1024x683.jpeg\" alt=\"\" class=\"wp-image-5707\" srcset=\"https:\/\/www.vap-camping.fr\/wp-content\/uploads\/2025\/12\/image-37-1024x683.jpeg 1024w, https:\/\/www.vap-camping.fr\/wp-content\/uploads\/2025\/12\/image-37-600x400.jpeg 600w, https:\/\/www.vap-camping.fr\/wp-content\/uploads\/2025\/12\/image-37-768x512.jpeg 768w, https:\/\/www.vap-camping.fr\/wp-content\/uploads\/2025\/12\/image-37-1536x1024.jpeg 1536w, https:\/\/www.vap-camping.fr\/wp-content\/uploads\/2025\/12\/image-37.jpeg 1600w\" sizes=\"(max-width: 1024px) 100vw, 1024px\" \/><\/figure>\n<\/div>\n\n\n\n<div class=\"wp-block-column is-vertically-aligned-center rightLeft is-layout-flow wp-container-core-column-is-layout-58dbe9e9 wp-block-column-is-layout-flow\" style=\"padding-left:10rem;flex-basis:40%\">\n<div class=\"wp-block-group is-style-title-left is-layout-flow wp-block-group-is-layout-flow is-style-title-left--4\">\n<p class=\"has-secondary-color has-text-color has-link-color has-secondary-font-family has-xl-font-size wp-elements-fa9134c7cc5e77585a489e1395ba52d8\">Informaci\u00f3n pr\u00e1ctica<\/p>\n\n\n\n<p class=\"has-primary-color has-text-color has-link-color has-primary-font-family has-sm-font-size wp-elements-a5680a0260594cf85f445d3e19fd5f67\" style=\"text-transform:uppercase\"><strong>y buenos consejos<\/strong><\/p>\n<\/div>\n\n\n\n<h1 class=\"wp-block-heading text-title\">Vinos ecol\u00f3gicos, visitas guiadas amistosas y botellas de degustaci\u00f3n obligada.<\/h1>\n\n\n\n<p class=\"has-m-font-size\" style=\"padding-left:2rem\">La finca ofrece catas, visitas a los vi\u00f1edos y la bodega, y venta directa de sus vinos base ecol\u00f3gicos. Los visitantes recomiendan encarecidamente sus vinos tintos estructurados, blancos arom\u00e1ticos y rosados frescos, perfectos para el verano. Los comentarios destacan la c\u00e1lida acogida, las fascinantes explicaciones y la notable calidad de los vinos. Imprescindible probar: las cuv\u00e9es emblem\u00e1ticas de la finca, que a menudo han ganado premios, y las botellas de edici\u00f3n limitada disponibles s\u00f3lo in situ. No olvides consultar los horarios de apertura o reservar tu sesi\u00f3n de cata. Para m\u00e1s informaci\u00f3n: <a href=\"https:\/\/www.coteauxdengravies.com\/index.php\"><mark style=\"background-color:rgba(0, 0, 0, 0)\" class=\"has-inline-color has-secondary-color\">https:\/\/www.coteauxdengravies.com\/index.php<\/mark><\/a> .     <\/p>\n<\/div>\n<\/div>\n<\/div>\n\n\n\n<div class=\"wp-block-group has-global-padding is-layout-constrained wp-block-group-is-layout-constrained\">\n<div class=\"wp-block-columns alignfull are-vertically-aligned-center is-layout-flex wp-container-core-columns-is-layout-0c0b91ec wp-block-columns-is-layout-flex\">\n<div class=\"wp-block-column is-vertically-aligned-center leftRight is-layout-flow wp-container-core-column-is-layout-58dbe9e9 wp-block-column-is-layout-flow\" style=\"padding-left:10rem;flex-basis:40%\">\n<div class=\"wp-block-group is-style-title-left is-layout-flow wp-block-group-is-layout-flow is-style-title-left--5\">\n<p class=\"has-secondary-color has-text-color has-link-color has-secondary-font-family has-xl-font-size wp-elements-e0d8804cc593259d3d68976f232c5c94\">C\u00f3mo llegar <\/p>\n\n\n\n<p class=\"has-primary-color has-text-color has-link-color has-primary-font-family has-sm-font-size wp-elements-2d696af85d0b2e3b0648ec1ecefefd28\" style=\"text-transform:uppercase\"><strong>desde el camping<\/strong><\/p>\n<\/div>\n\n\n\n<h2 class=\"wp-block-heading text-title\">Un bonito paseo por las laderas soleadas del Ari\u00e8ge.<\/h2>\n\n\n\n<p class=\"has-m-font-size\" style=\"padding-left:2rem\">El Domaine des Coteaux d&#8217;Engravies est\u00e1 a unos veinte minutos en coche del Camping du Lac de Foix. Es un trayecto especialmente agradable, con carreteras estrechas, colinas vin\u00edcolas, pueblos tranquilos y vistas de los Pirineos. Tambi\u00e9n puedes llegar en bicicleta si te sientes m\u00e1s deportista, pero la ruta incluye algunas subidas. Una vez que llegues, el entorno aut\u00e9ntico y los vi\u00f1edos en terrazas ofrecen una atm\u00f3sfera relajante, perfecta para una degustaci\u00f3n tras un d\u00eda de exploraci\u00f3n.   <\/p>\n<\/div>\n\n\n\n<div class=\"wp-block-column is-vertically-aligned-center rightLeft wp-block-image alignright size-large has-custom-border is-style-travel is-layout-flow wp-block-column-is-layout-flow is-style-travel--6\" style=\"flex-basis:60%\">\n<figure class=\"wp-block-image alignright size-large\"><img decoding=\"async\" width=\"1024\" height=\"683\" src=\"https:\/\/www.vap-camping.fr\/wp-content\/uploads\/2025\/07\/camping-pas-cher-foix-1024x683.webp\" alt=\"Camping barato en Foix en Ari&#xE8;ge.\" class=\"wp-image-2423\" srcset=\"https:\/\/www.vap-camping.fr\/wp-content\/uploads\/2025\/07\/camping-pas-cher-foix-1024x683.webp 1024w, https:\/\/www.vap-camping.fr\/wp-content\/uploads\/2025\/07\/camping-pas-cher-foix-600x400.webp 600w, https:\/\/www.vap-camping.fr\/wp-content\/uploads\/2025\/07\/camping-pas-cher-foix-768x512.webp 768w, https:\/\/www.vap-camping.fr\/wp-content\/uploads\/2025\/07\/camping-pas-cher-foix-1536x1024.webp 1536w, https:\/\/www.vap-camping.fr\/wp-content\/uploads\/2025\/07\/camping-pas-cher-foix.webp 1920w\" sizes=\"(max-width: 1024px) 100vw, 1024px\" \/><\/figure>\n<\/div>\n<\/div>\n<\/div>\n\n\n\n<div class=\"wp-block-group reveal has-global-padding is-layout-constrained wp-block-group-is-layout-constrained\">\n<div class=\"wp-block-group alignwide is-style-title-simple is-layout-flow wp-block-group-is-layout-flow is-style-title-simple--7\" style=\"margin-top:4rem;margin-bottom:4rem\">\n<p class=\"has-text-align-center has-secondary-color has-text-color has-link-color has-secondary-font-family has-xl-font-size wp-elements-61c3df48646af0da12819b303dfc8ba5\">\n  Nuestros establecimientos<\/p>\n\n\n\n<p class=\"has-text-align-center has-primary-font-family has-sm-font-size\" style=\"text-transform:uppercase\">\n                <strong>cerca de<\/strong>\n            <\/p>\n<\/div>\n\n\n<div class=\"campings-wrapper is-layout-flow wp-block-slider-campings-is-layout-flow\">\n            <div class=\"campings-list\">\n                            <div class=\"camping-item\"\n                    style=\"background-image: linear-gradient(to top, rgba(0, 0, 0, 0.6), transparent), url('https:\/\/www.vap-camping.fr\/wp-content\/uploads\/2025\/04\/camping-avec-piscine-1024x767.jpg');\">\n                    <a href=\"https:\/\/www.vap-camping.fr\/es\/campings\/camping-du-lac\/\" title=\"Camping du lac(Foix)\" class=\"camping-link\">\n                        <p class=\"title\">Camping du lac(Foix)<\/p>\n                        <p class=\"camping-button\">Descubre<\/p>\n                    <\/a>\n                <\/div>\n                    <\/div>\n    <\/div>\n\n<\/div>\n<\/div>\n","protected":false},"excerpt":{"rendered":"<p>Un vi\u00f1edo Ariegeois Domaine des Coteaux d&#8217;engravi\u00e8s, Una finca familiar donde el Ari\u00e8ge redescubre su olvidada historia vitivin\u00edcola. El Domaine des Coteaux d&#8217;Engravies revive con pasi\u00f3n la anta\u00f1o floreciente tradici\u00f3n vin\u00edcola del Ari\u00e8ge. Enclavado en las soleadas colinas cercanas a Foix, este vi\u00f1edo familiar produce vinos de la DOC Ari\u00e8ge famosos por su car\u00e1cter, sus [&hellip;]<\/p>\n","protected":false},"author":1,"featured_media":0,"parent":0,"template":"","format":"standard","tax-category-lieux":[64],"class_list":["post-6234","lieux","type-lieux","status-publish","format-standard","hentry","tax-category-lieux-mercados-y-productores"],"acf":{"latitude":"43.049137","longitude":"1.771068","distance":26,"pm_lieu_url":"https:\/\/www.coteauxdengravies.com\/index.php","pm_lieu_phone":"","adresse":"","pm_lieu_title_short":"","af_camping":[22]},"_links":{"self":[{"href":"https:\/\/www.vap-camping.fr\/es\/wp-json\/wp\/v2\/lieux\/6234","targetHints":{"allow":["GET"]}}],"collection":[{"href":"https:\/\/www.vap-camping.fr\/es\/wp-json\/wp\/v2\/lieux"}],"about":[{"href":"https:\/\/www.vap-camping.fr\/es\/wp-json\/wp\/v2\/types\/lieux"}],"author":[{"embeddable":true,"href":"https:\/\/www.vap-camping.fr\/es\/wp-json\/wp\/v2\/users\/1"}],"version-history":[{"count":1,"href":"https:\/\/www.vap-camping.fr\/es\/wp-json\/wp\/v2\/lieux\/6234\/revisions"}],"predecessor-version":[{"id":6235,"href":"https:\/\/www.vap-camping.fr\/es\/wp-json\/wp\/v2\/lieux\/6234\/revisions\/6235"}],"acf:post":[{"embeddable":true,"href":"https:\/\/www.vap-camping.fr\/es\/wp-json\/wp\/v2\/campings\/22"}],"wp:attachment":[{"href":"https:\/\/www.vap-camping.fr\/es\/wp-json\/wp\/v2\/media?parent=6234"}],"wp:term":[{"taxonomy":"tax-category-lieux","embeddable":true,"href":"https:\/\/www.vap-camping.fr\/es\/wp-json\/wp\/v2\/tax-category-lieux?post=6234"}],"curies":[{"name":"wp","href":"https:\/\/api.w.org\/{rel}","templated":true}]}}