{"id":6252,"date":"2025-12-11T15:10:40","date_gmt":"2025-12-11T15:10:40","guid":{"rendered":"https:\/\/www.vap-camping.fr\/lieux\/ferme-les-vieux-pres\/"},"modified":"2026-01-29T23:44:04","modified_gmt":"2026-01-29T23:44:04","slug":"ferme-les-vieux-pres","status":"publish","type":"lieux","link":"https:\/\/www.vap-camping.fr\/es\/lieux\/ferme-les-vieux-pres\/","title":{"rendered":"Granja Les Vieux Pr\u00e9s"},"content":{"rendered":"\n<div class=\"wp-block-group alignfull is-layout-flow wp-container-core-group-is-layout-12cc3699 wp-block-group-is-layout-flow\" style=\"padding-top:10rem\">\n<div class=\"wp-block-group has-global-padding is-layout-constrained wp-container-core-group-is-layout-2931b900 wp-block-group-is-layout-constrained\">\n<div class=\"wp-block-columns alignfull are-vertically-aligned-center is-layout-flex wp-container-core-columns-is-layout-0c0b91ec wp-block-columns-is-layout-flex\">\n<div class=\"wp-block-column is-vertically-aligned-center leftRight is-layout-flow wp-container-core-column-is-layout-58dbe9e9 wp-block-column-is-layout-flow\" style=\"padding-left:10rem;flex-basis:40%\">\n<div class=\"wp-block-group is-style-title-left is-layout-flow wp-block-group-is-layout-flow is-style-title-left--1\">\n<p class=\"has-secondary-color has-text-color has-link-color has-secondary-font-family has-xl-font-size wp-elements-9e79647b7f5a94e75ffda2680d847346\">Granja Les Vieux Pr\u00e9s<\/p>\n\n\n\n<p class=\"has-primary-color has-text-color has-link-color has-primary-font-family has-sm-font-size wp-elements-9fe97f0cf9cb2641eeb947b9d917bba2\" style=\"text-transform:uppercase\"><strong>Queser\u00eda Ari\u00e8ge<\/strong><\/p>\n<\/div>\n\n\n\n<h1 class=\"wp-block-heading text-title\">Quesos artesanos y saber hacer tradicional en pleno coraz\u00f3n del Ari\u00e8ge.<\/h1>\n\n\n\n<p class=\"has-m-font-size\" style=\"padding-left:2rem\">La granja Les Vieux Pr\u00e9s, en Saurat, produce quesos de leche cruda con m\u00e9todos tradicionales respetuosos con el medio ambiente y los animales. Aqu\u00ed, cada queso se elabora con esmero, ofreciendo sabores aut\u00e9nticos y generosos. Ya sea de leche de vaca, de oveja o de especialidades locales, el productor aprovecha al m\u00e1ximo la regi\u00f3n de Ari\u00e8ge y la calidad de sus ingredientes. Una visita a la granja te permite descubrir el proceso de producci\u00f3n y degustar los productos directamente del productor, para vivir una experiencia gustativa aut\u00e9ntica y memorable.   <\/p>\n<\/div>\n\n\n\n<div class=\"wp-block-column is-vertically-aligned-center rightLeft wp-block-image alignright size-large has-custom-border is-style-travel is-layout-flow wp-block-column-is-layout-flow is-style-travel--2\" style=\"flex-basis:60%\">\n<figure class=\"wp-block-image alignright size-large\"><img alt=\"\" decoding=\"async\" width=\"769\" height=\"1024\" src=\"https:\/\/www.vap-camping.fr\/wp-content\/uploads\/2025\/12\/image-31-769x1024.jpeg\" alt=\"\" class=\"wp-image-5655\" srcset=\"https:\/\/www.vap-camping.fr\/wp-content\/uploads\/2025\/12\/image-31-769x1024.jpeg 769w, https:\/\/www.vap-camping.fr\/wp-content\/uploads\/2025\/12\/image-31-451x600.jpeg 451w, https:\/\/www.vap-camping.fr\/wp-content\/uploads\/2025\/12\/image-31-768x1023.jpeg 768w, https:\/\/www.vap-camping.fr\/wp-content\/uploads\/2025\/12\/image-31.jpeg 901w\" sizes=\"(max-width: 769px) 100vw, 769px\" \/><\/figure>\n<\/div>\n<\/div>\n<\/div>\n\n\n\n<div class=\"wp-block-group has-global-padding is-layout-constrained wp-block-group-is-layout-constrained\">\n<div class=\"wp-block-columns alignfull are-vertically-aligned-center is-layout-flex wp-container-core-columns-is-layout-0c0b91ec wp-block-columns-is-layout-flex\">\n<div class=\"wp-block-column is-vertically-aligned-center wp-block-image alignright size-large has-custom-border is-style-simple-left leftRight is-layout-flow wp-block-column-is-layout-flow is-style-simple-left--3\" style=\"flex-basis:60%\">\n<figure class=\"wp-block-image alignleft size-large\"><img alt=\"\" decoding=\"async\" width=\"1024\" height=\"1024\" src=\"https:\/\/www.vap-camping.fr\/wp-content\/uploads\/2025\/12\/image-29-1024x1024.jpeg\" alt=\"\" class=\"wp-image-5663\" srcset=\"https:\/\/www.vap-camping.fr\/wp-content\/uploads\/2025\/12\/image-29-1024x1024.jpeg 1024w, https:\/\/www.vap-camping.fr\/wp-content\/uploads\/2025\/12\/image-29-600x600.jpeg 600w, https:\/\/www.vap-camping.fr\/wp-content\/uploads\/2025\/12\/image-29-300x300.jpeg 300w, https:\/\/www.vap-camping.fr\/wp-content\/uploads\/2025\/12\/image-29-768x768.jpeg 768w, https:\/\/www.vap-camping.fr\/wp-content\/uploads\/2025\/12\/image-29.jpeg 1200w\" sizes=\"(max-width: 1024px) 100vw, 1024px\" \/><\/figure>\n<\/div>\n\n\n\n<div class=\"wp-block-column is-vertically-aligned-center rightLeft is-layout-flow wp-container-core-column-is-layout-58dbe9e9 wp-block-column-is-layout-flow\" style=\"padding-left:10rem;flex-basis:40%\">\n<div class=\"wp-block-group is-style-title-left is-layout-flow wp-block-group-is-layout-flow is-style-title-left--4\">\n<p class=\"has-secondary-color has-text-color has-link-color has-secondary-font-family has-xl-font-size wp-elements-457911ec3c04db0a32dd8f565b10acc8\">Informaci\u00f3n pr\u00e1ctica <\/p>\n\n\n\n<p class=\"has-primary-color has-text-color has-link-color has-primary-font-family has-sm-font-size wp-elements-a5680a0260594cf85f445d3e19fd5f67\" style=\"text-transform:uppercase\"><strong>y buenos consejos<\/strong><\/p>\n<\/div>\n\n\n\n<h1 class=\"wp-block-heading text-title\">Productos frescos y consejos del productor para que disfrutes del mejor queso.<\/h1>\n\n\n\n<p class=\"has-m-font-size\" style=\"padding-left:2rem\">La queser\u00eda est\u00e1 abierta principalmente durante el d\u00eda, de martes a s\u00e1bado (los horarios var\u00edan seg\u00fan la temporada). Se recomienda a los visitantes que prueben el tomme de leche de vaca, el queso curado de leche de oveja y las especialidades locales de queso de pasta blanda. Recomendamos llegar por la ma\u00f1ana para disfrutar de los productos frescos y de los consejos del productor. La granja tambi\u00e9n ofrece paquetes para llevar, perfectos para un picnic o para llevarse a casa un sabroso recuerdo. Una parada ideal para los amantes del queso y de los aut\u00e9nticos productos locales. Para m\u00e1s informaci\u00f3n: <a href=\"https:\/\/www.pyrenees-ariegeoises.com\/offres\/ferme-les-vieux-pres-saurat-fr-4401355\/\"><mark style=\"background-color:rgba(0, 0, 0, 0)\" class=\"has-inline-color has-secondary-color\">https:\/\/www.pyrenees-ariegeoises.com\/offres\/ferme-les-vieux-pres-saurat-fr-4401355\/<\/mark><\/a> .     <\/p>\n<\/div>\n<\/div>\n<\/div>\n\n\n\n<div class=\"wp-block-group has-global-padding is-layout-constrained wp-block-group-is-layout-constrained\">\n<div class=\"wp-block-columns alignfull are-vertically-aligned-center is-layout-flex wp-container-core-columns-is-layout-0c0b91ec wp-block-columns-is-layout-flex\">\n<div class=\"wp-block-column is-vertically-aligned-center leftRight is-layout-flow wp-container-core-column-is-layout-58dbe9e9 wp-block-column-is-layout-flow\" style=\"padding-left:10rem;flex-basis:40%\">\n<div class=\"wp-block-group is-style-title-left is-layout-flow wp-block-group-is-layout-flow is-style-title-left--5\">\n<p class=\"has-secondary-color has-text-color has-link-color has-secondary-font-family has-xl-font-size wp-elements-f943a5f3b0706c7315aa6dc159ceca19\">C\u00f3mo llegar<\/p>\n\n\n\n<p class=\"has-primary-color has-text-color has-link-color has-primary-font-family has-sm-font-size wp-elements-9db0b8d85ee6f03d600793ee5f35b140\" style=\"text-transform:uppercase\"><strong>del complejo<\/strong><\/p>\n<\/div>\n\n\n\n<h2 class=\"wp-block-heading text-title\">Un paseo gastron\u00f3mico de unos kil\u00f3metros para descubrir la queser\u00eda.<\/h2>\n\n\n\n<p class=\"has-m-font-size\" style=\"padding-left:2rem\">Ferme Les Vieux Pr\u00e9s est\u00e1 a unos 19 km del complejo de Oustalous, un trayecto de unos 20 minutos en coche. La carretera atraviesa el valle y la campi\u00f1a t\u00edpica de Ari\u00e8ge, con monta\u00f1as, campos y peque\u00f1os pueblos. El acceso es f\u00e1cil, con aparcamiento in situ. Se trata de una excursi\u00f3n gastron\u00f3mica perfecta para incorporar a tus vacaciones, que te permitir\u00e1 conocer al productor, descubrir la artesan\u00eda y degustar quesos frescos y aut\u00e9nticos directamente de la tierra.   <\/p>\n<\/div>\n\n\n\n<div class=\"wp-block-column is-layout-flow wp-block-column-is-layout-flow\"><\/div>\n\n\n\n<div class=\"wp-block-column is-vertically-aligned-center rightLeft wp-block-image alignright size-large has-custom-border is-style-travel is-layout-flow wp-block-column-is-layout-flow is-style-travel--6\" style=\"flex-basis:60%\">\n<figure class=\"wp-block-image alignright size-large\"><img alt=\"\" decoding=\"async\" width=\"1024\" height=\"769\" src=\"https:\/\/www.vap-camping.fr\/wp-content\/uploads\/2025\/12\/image-30-1024x769.jpeg\" alt=\"\" class=\"wp-image-5659\" srcset=\"https:\/\/www.vap-camping.fr\/wp-content\/uploads\/2025\/12\/image-30-1024x769.jpeg 1024w, https:\/\/www.vap-camping.fr\/wp-content\/uploads\/2025\/12\/image-30-600x451.jpeg 600w, https:\/\/www.vap-camping.fr\/wp-content\/uploads\/2025\/12\/image-30-768x577.jpeg 768w, https:\/\/www.vap-camping.fr\/wp-content\/uploads\/2025\/12\/image-30.jpeg 1200w\" sizes=\"(max-width: 1024px) 100vw, 1024px\" \/><\/figure>\n<\/div>\n<\/div>\n<\/div>\n\n\n\n<div class=\"wp-block-group reveal has-global-padding is-layout-constrained wp-block-group-is-layout-constrained\">\n<div class=\"wp-block-group alignwide is-style-title-simple is-layout-flow wp-block-group-is-layout-flow is-style-title-simple--7\" style=\"margin-top:4rem;margin-bottom:4rem\">\n<p class=\"has-text-align-center has-secondary-color has-text-color has-link-color has-secondary-font-family has-xl-font-size wp-elements-61c3df48646af0da12819b303dfc8ba5\">\n  Nuestros establecimientos<\/p>\n\n\n\n<p class=\"has-text-align-center has-primary-font-family has-sm-font-size\" style=\"text-transform:uppercase\">\n                <strong>cerca de<\/strong>\n            <\/p>\n<\/div>\n\n\n<div class=\"campings-wrapper is-layout-flow wp-block-slider-campings-is-layout-flow\">\n            <div class=\"campings-list\">\n                            <div class=\"camping-item\"\n                    style=\"background-image: linear-gradient(to top, rgba(0, 0, 0, 0.6), transparent), url('https:\/\/www.vap-camping.fr\/wp-content\/uploads\/2025\/04\/img_5291-1024x768-1.jpg');\">\n                    <a href=\"https:\/\/www.vap-camping.fr\/es\/campings\/oustalous-complex\/\" title=\"Complejo Les Oustalous\" class=\"camping-link\">\n                        <p class=\"title\">Complejo Les Oustalous<\/p>\n                        <p class=\"camping-button\">Descubre<\/p>\n                    <\/a>\n                <\/div>\n                    <\/div>\n    <\/div>\n\n<\/div>\n<\/div>\n","protected":false},"excerpt":{"rendered":"<p>Granja Les Vieux Pr\u00e9s Queser\u00eda Ari\u00e8ge Quesos artesanos y saber hacer tradicional en pleno coraz\u00f3n del Ari\u00e8ge. La granja Les Vieux Pr\u00e9s, en Saurat, produce quesos de leche cruda con m\u00e9todos tradicionales respetuosos con el medio ambiente y los animales. Aqu\u00ed, cada queso se elabora con esmero, ofreciendo sabores aut\u00e9nticos y generosos. Ya sea de [&hellip;]<\/p>\n","protected":false},"author":1,"featured_media":5658,"parent":0,"template":"","format":"standard","tax-category-lieux":[64],"class_list":["post-6252","lieux","type-lieux","status-publish","format-standard","has-post-thumbnail","hentry","tax-category-lieux-mercados-y-productores"],"acf":{"latitude":"42.889329","longitude":"1.485114","distance":19,"pm_lieu_url":"https:\/\/www.pyrenees-ariegeoises.com\/offres\/ferme-les-vieux-pres-saurat-fr-4401355\/","pm_lieu_phone":"","adresse":"","pm_lieu_title_short":"","af_camping":[105]},"_links":{"self":[{"href":"https:\/\/www.vap-camping.fr\/es\/wp-json\/wp\/v2\/lieux\/6252","targetHints":{"allow":["GET"]}}],"collection":[{"href":"https:\/\/www.vap-camping.fr\/es\/wp-json\/wp\/v2\/lieux"}],"about":[{"href":"https:\/\/www.vap-camping.fr\/es\/wp-json\/wp\/v2\/types\/lieux"}],"author":[{"embeddable":true,"href":"https:\/\/www.vap-camping.fr\/es\/wp-json\/wp\/v2\/users\/1"}],"version-history":[{"count":1,"href":"https:\/\/www.vap-camping.fr\/es\/wp-json\/wp\/v2\/lieux\/6252\/revisions"}],"predecessor-version":[{"id":6253,"href":"https:\/\/www.vap-camping.fr\/es\/wp-json\/wp\/v2\/lieux\/6252\/revisions\/6253"}],"acf:post":[{"embeddable":true,"href":"https:\/\/www.vap-camping.fr\/es\/wp-json\/wp\/v2\/campings\/105"}],"wp:featuredmedia":[{"embeddable":true,"href":"https:\/\/www.vap-camping.fr\/es\/wp-json\/wp\/v2\/media\/5658"}],"wp:attachment":[{"href":"https:\/\/www.vap-camping.fr\/es\/wp-json\/wp\/v2\/media?parent=6252"}],"wp:term":[{"taxonomy":"tax-category-lieux","embeddable":true,"href":"https:\/\/www.vap-camping.fr\/es\/wp-json\/wp\/v2\/tax-category-lieux?post=6252"}],"curies":[{"name":"wp","href":"https:\/\/api.w.org\/{rel}","templated":true}]}}