{"id":6317,"date":"2025-11-29T21:56:21","date_gmt":"2025-11-29T21:56:21","guid":{"rendered":"https:\/\/www.vap-camping.fr\/lieux\/randonnee-a-la-domaine-des-oiseaux\/"},"modified":"2026-01-30T00:15:46","modified_gmt":"2026-01-30T00:15:46","slug":"randonnee-a-la-domaine-des-oiseaux","status":"publish","type":"lieux","link":"https:\/\/www.vap-camping.fr\/es\/lieux\/randonnee-a-la-domaine-des-oiseaux\/","title":{"rendered":"Randonn\u00e9e au domaine des oiseaux"},"content":{"rendered":"\n<div class=\"wp-block-group alignfull is-layout-flow wp-container-core-group-is-layout-12cc3699 wp-block-group-is-layout-flow\" style=\"padding-top:10rem\">\n<div class=\"wp-block-group has-global-padding is-layout-constrained wp-container-core-group-is-layout-2931b900 wp-block-group-is-layout-constrained\">\n<div class=\"wp-block-columns alignfull are-vertically-aligned-center is-layout-flex wp-container-core-columns-is-layout-0c0b91ec wp-block-columns-is-layout-flex\">\n<div class=\"wp-block-column is-vertically-aligned-center leftRight is-layout-flow wp-container-core-column-is-layout-58dbe9e9 wp-block-column-is-layout-flow\" style=\"padding-left:10rem;flex-basis:40%\">\n<div class=\"wp-block-group is-style-title-left is-layout-flow wp-block-group-is-layout-flow is-style-title-left--1\">\n<p class=\"has-secondary-color has-text-color has-link-color has-secondary-font-family has-xl-font-size wp-elements-c2284b22bd888d48295d5a8c5a607d2a\">Senderismo<\/p>\n\n\n\n<p class=\"has-primary-color has-text-color has-link-color has-primary-font-family has-sm-font-size wp-elements-60f27cb8611a82d4f9383c3a1f129fe5\" style=\"text-transform:uppercase\"><strong>cerca de los p\u00e1jaros  <\/strong><\/p>\n<\/div>\n\n\n\n<h1 class=\"wp-block-heading text-title\">Un paseo f\u00e1cil y apto para ni\u00f1os en plena naturaleza.  <\/h1>\n\n\n\n<p class=\"has-m-font-size\" style=\"padding-left:2rem\">Este sendero te lleva al coraz\u00f3n del Domaine des Oiseaux de Maz\u00e8res, un espacio natural protegido donde se mezclan prados, bosques, lagos, arboledas y arroyos. Descubrir\u00e1s una rica biodiversidad -incluidas muchas especies de aves, entre ellas las cig\u00fce\u00f1as- en un entorno tranquilo y virgen. El sendero combina naturaleza, tranquilidad y la posibilidad de entrar en contacto con la granja contigua y sus animales.  <\/p>\n<\/div>\n\n\n\n<div class=\"wp-block-column is-vertically-aligned-center rightLeft wp-block-image alignright size-large has-custom-border is-style-travel is-layout-flow wp-block-column-is-layout-flow is-style-travel--2\" style=\"flex-basis:60%\">\n<figure class=\"wp-block-image alignright size-large\"><img alt=\"\" decoding=\"async\" width=\"1024\" height=\"576\" src=\"https:\/\/www.vap-camping.fr\/wp-content\/uploads\/2025\/04\/domaine-des-oiseaux_2-1024x576.jpg\" alt=\"\" class=\"wp-image-479\" srcset=\"https:\/\/www.vap-camping.fr\/wp-content\/uploads\/2025\/04\/domaine-des-oiseaux_2-1024x576.jpg 1024w, https:\/\/www.vap-camping.fr\/wp-content\/uploads\/2025\/04\/domaine-des-oiseaux_2-600x337.jpg 600w, https:\/\/www.vap-camping.fr\/wp-content\/uploads\/2025\/04\/domaine-des-oiseaux_2-768x432.jpg 768w, https:\/\/www.vap-camping.fr\/wp-content\/uploads\/2025\/04\/domaine-des-oiseaux_2-1536x863.jpg 1536w, https:\/\/www.vap-camping.fr\/wp-content\/uploads\/2025\/04\/domaine-des-oiseaux_2.jpg 2048w\" sizes=\"(max-width: 1024px) 100vw, 1024px\" \/><\/figure>\n<\/div>\n<\/div>\n<\/div>\n\n\n\n<div class=\"wp-block-group has-global-padding is-layout-constrained wp-block-group-is-layout-constrained\">\n<div class=\"wp-block-columns alignfull are-vertically-aligned-center is-layout-flex wp-container-core-columns-is-layout-0c0b91ec wp-block-columns-is-layout-flex\">\n<div class=\"wp-block-column is-vertically-aligned-center wp-block-image alignright size-large has-custom-border is-style-simple-left leftRight is-layout-flow wp-block-column-is-layout-flow is-style-simple-left--3\" style=\"flex-basis:60%\">\n<figure class=\"wp-block-image alignleft size-large\"><img alt=\"\" decoding=\"async\" width=\"1024\" height=\"682\" src=\"https:\/\/www.vap-camping.fr\/wp-content\/uploads\/2025\/04\/domaine-des-oiseaux-mazeres-1024x682.jpg\" alt=\"\" class=\"wp-image-669\" srcset=\"https:\/\/www.vap-camping.fr\/wp-content\/uploads\/2025\/04\/domaine-des-oiseaux-mazeres-1024x682.jpg 1024w, https:\/\/www.vap-camping.fr\/wp-content\/uploads\/2025\/04\/domaine-des-oiseaux-mazeres-600x400.jpg 600w, https:\/\/www.vap-camping.fr\/wp-content\/uploads\/2025\/04\/domaine-des-oiseaux-mazeres-768x511.jpg 768w, https:\/\/www.vap-camping.fr\/wp-content\/uploads\/2025\/04\/domaine-des-oiseaux-mazeres.jpg 1200w\" sizes=\"(max-width: 1024px) 100vw, 1024px\" \/><\/figure>\n<\/div>\n\n\n\n<div class=\"wp-block-column is-vertically-aligned-center rightLeft is-layout-flow wp-container-core-column-is-layout-58dbe9e9 wp-block-column-is-layout-flow\" style=\"padding-left:10rem;flex-basis:40%\">\n<div class=\"wp-block-group is-style-title-left is-layout-flow wp-block-group-is-layout-flow is-style-title-left--4\">\n<p class=\"has-secondary-color has-text-color has-link-color has-secondary-font-family has-xl-font-size wp-elements-52bff6cd41f3f78c800a383a81f8db6a\">Es bueno saberlo  <\/p>\n\n\n\n<p class=\"has-primary-color has-text-color has-link-color has-primary-font-family has-sm-font-size wp-elements-d3ec15e64a9d04d1b3954d7dcd3832f8\" style=\"text-transform:uppercase\"><strong>Para el circuito<\/strong><\/p>\n<\/div>\n\n\n\n<h2 class=\"wp-block-heading text-title\">Un bucle tranquilo y f\u00e1cil para todos.<\/h2>\n\n\n\n<p class=\"has-m-font-size\" style=\"padding-left:2rem\">El recorrido es de unos 11,5 km, con muy pocos cambios de altitud. Es una ruta &#8220;muy f\u00e1cil&#8221;, adecuada para familias, ni\u00f1os, carritos de beb\u00e9 o caminantes inexpertos. El sendero transcurre por caminos llanos, riberas y zonas sombreadas, lo que lo convierte en una excursi\u00f3n ideal para una tarde relajada o un paseo sin prisas. Para m\u00e1s informaci\u00f3n y para conocer el recorrido de la marcha <a href=\"https:\/\/www.ariegepyrenees.com\/itineraire\/la-balade-aux-oiseaux-au-fil-de-leau\/\"><mark style=\"background-color:rgba(0, 0, 0, 0)\" class=\"has-inline-color has-secondary-color\">https:\/\/www.visorando.com\/randonnee-le-domaine-des-oiseaux-a-auge\/<\/mark><\/a> .   <\/p>\n<\/div>\n<\/div>\n<\/div>\n\n\n\n<div class=\"wp-block-group has-global-padding is-layout-constrained wp-block-group-is-layout-constrained\">\n<div class=\"wp-block-columns alignfull are-vertically-aligned-center is-layout-flex wp-container-core-columns-is-layout-0c0b91ec wp-block-columns-is-layout-flex\">\n<div class=\"wp-block-column is-vertically-aligned-center leftRight is-layout-flow wp-container-core-column-is-layout-58dbe9e9 wp-block-column-is-layout-flow\" style=\"padding-left:10rem;flex-basis:40%\">\n<div class=\"wp-block-group is-style-title-left is-layout-flow wp-block-group-is-layout-flow is-style-title-left--5\">\n<p class=\"has-secondary-color has-text-color has-link-color has-secondary-font-family has-xl-font-size wp-elements-7e2bec8a39cdc84e11b111a7439bab8d\">C\u00f3mo llegar  <\/p>\n\n\n\n<p class=\"has-primary-color has-text-color has-link-color has-primary-font-family has-sm-font-size wp-elements-49b2ca245d306ed93ca41f03377908f2\" style=\"text-transform:uppercase\"><strong>al punto de partida<\/strong><\/p>\n<\/div>\n\n\n\n<h2 class=\"wp-block-heading text-title\">Seo t\u00edtulo que vendr\u00e1 aqu\u00ed, por favor, tenga en cuenta, h1 b\u00e1sica para ser transformado en h2 si es necesario<\/h2>\n\n\n\n<p class=\"has-m-font-size\" style=\"padding-left:2rem\">Desde el camping La Bastide, el punto de partida del paseo es el Domaine des Oiseaux, f\u00e1cilmente accesible en coche o en bicicleta, seg\u00fan tu equipamiento. En s\u00f3lo unos minutos, puedes llegar a la entrada (puerta blanca), aparcar o dejar las bicis, y luego empezar el paseo sin ninguna organizaci\u00f3n complicada. Perfecto para pasar una ma\u00f1ana relajada.  <\/p>\n<\/div>\n\n\n\n<div class=\"wp-block-column is-vertically-aligned-center rightLeft wp-block-image alignright size-large has-custom-border is-style-travel is-layout-flow wp-block-column-is-layout-flow is-style-travel--6\" style=\"flex-basis:60%\">\n<figure class=\"wp-block-image alignright size-large\"><img decoding=\"async\" width=\"1024\" height=\"576\" src=\"https:\/\/www.vap-camping.fr\/wp-content\/uploads\/2025\/04\/accueil-dextrieur-mazeres-1024x576.jpg\" alt=\"personas acogedoras\" class=\"wp-image-4130\" srcset=\"https:\/\/www.vap-camping.fr\/wp-content\/uploads\/2025\/04\/accueil-dextrieur-mazeres-1024x576.jpg 1024w, https:\/\/www.vap-camping.fr\/wp-content\/uploads\/2025\/04\/accueil-dextrieur-mazeres-600x337.jpg 600w, https:\/\/www.vap-camping.fr\/wp-content\/uploads\/2025\/04\/accueil-dextrieur-mazeres-768x432.jpg 768w, https:\/\/www.vap-camping.fr\/wp-content\/uploads\/2025\/04\/accueil-dextrieur-mazeres-1536x863.jpg 1536w, https:\/\/www.vap-camping.fr\/wp-content\/uploads\/2025\/04\/accueil-dextrieur-mazeres-2048x1151.jpg 2048w\" sizes=\"(max-width: 1024px) 100vw, 1024px\" \/><\/figure>\n<\/div>\n<\/div>\n<\/div>\n\n\n\n<div class=\"wp-block-group reveal has-global-padding is-layout-constrained wp-block-group-is-layout-constrained\">\n<div class=\"wp-block-group alignwide is-style-title-simple is-layout-flow wp-block-group-is-layout-flow is-style-title-simple--7\" style=\"margin-top:4rem;margin-bottom:4rem\">\n<p class=\"has-text-align-center has-secondary-color has-text-color has-link-color has-secondary-font-family has-xl-font-size wp-elements-61c3df48646af0da12819b303dfc8ba5\">\n  Nuestros establecimientos<\/p>\n\n\n\n<p class=\"has-text-align-center has-primary-font-family has-sm-font-size\" style=\"text-transform:uppercase\">\n                <strong>cerca de<\/strong>\n            <\/p>\n<\/div>\n\n\n<div class=\"campings-wrapper is-layout-flow wp-block-slider-campings-is-layout-flow\">\n            <div class=\"campings-list\">\n                            <div class=\"camping-item\"\n                    style=\"background-image: linear-gradient(to top, rgba(0, 0, 0, 0.6), transparent), url('https:\/\/www.vap-camping.fr\/wp-content\/uploads\/2025\/07\/dji_0589-2-1024x767.jpg');\">\n                    <a href=\"https:\/\/www.vap-camping.fr\/es\/campings\/camping-la-bastide\/\" title=\"Camping la Bastide(Maz\u00e8res)\" class=\"camping-link\">\n                        <p class=\"title\">Camping la Bastide(Maz\u00e8res)<\/p>\n                        <p class=\"camping-button\">Descubre<\/p>\n                    <\/a>\n                <\/div>\n                    <\/div>\n    <\/div>\n\n<\/div>\n<\/div>\n","protected":false},"excerpt":{"rendered":"<p>Paseo f\u00e1cil apto para ni\u00f1os: granja educativa, museo de herramientas, observatorios,<\/p>\n","protected":false},"author":1,"featured_media":2785,"parent":0,"template":"","format":"standard","tax-category-lieux":[70],"class_list":["post-6317","lieux","type-lieux","status-publish","format-standard","has-post-thumbnail","hentry","tax-category-lieux-senderismo-y-paseos"],"acf":{"latitude":"43.265128","longitude":"1.661639","distance":2.6,"pm_lieu_url":"https:\/\/www.ariegepyrenees.com\/itineraire\/la-balade-aux-oiseaux-au-fil-de-leau\/","pm_lieu_phone":"","adresse":"","pm_lieu_title_short":"","af_camping":[101]},"_links":{"self":[{"href":"https:\/\/www.vap-camping.fr\/es\/wp-json\/wp\/v2\/lieux\/6317","targetHints":{"allow":["GET"]}}],"collection":[{"href":"https:\/\/www.vap-camping.fr\/es\/wp-json\/wp\/v2\/lieux"}],"about":[{"href":"https:\/\/www.vap-camping.fr\/es\/wp-json\/wp\/v2\/types\/lieux"}],"author":[{"embeddable":true,"href":"https:\/\/www.vap-camping.fr\/es\/wp-json\/wp\/v2\/users\/1"}],"version-history":[{"count":1,"href":"https:\/\/www.vap-camping.fr\/es\/wp-json\/wp\/v2\/lieux\/6317\/revisions"}],"predecessor-version":[{"id":6319,"href":"https:\/\/www.vap-camping.fr\/es\/wp-json\/wp\/v2\/lieux\/6317\/revisions\/6319"}],"acf:post":[{"embeddable":true,"href":"https:\/\/www.vap-camping.fr\/es\/wp-json\/wp\/v2\/campings\/101"}],"wp:featuredmedia":[{"embeddable":true,"href":"https:\/\/www.vap-camping.fr\/es\/wp-json\/wp\/v2\/media\/2785"}],"wp:attachment":[{"href":"https:\/\/www.vap-camping.fr\/es\/wp-json\/wp\/v2\/media?parent=6317"}],"wp:term":[{"taxonomy":"tax-category-lieux","embeddable":true,"href":"https:\/\/www.vap-camping.fr\/es\/wp-json\/wp\/v2\/tax-category-lieux?post=6317"}],"curies":[{"name":"wp","href":"https:\/\/api.w.org\/{rel}","templated":true}]}}