{"id":6366,"date":"2025-12-01T15:14:40","date_gmt":"2025-12-01T15:14:40","guid":{"rendered":"https:\/\/www.vap-camping.fr\/lieux\/velo-au-prat-dalbis\/"},"modified":"2026-01-30T00:21:42","modified_gmt":"2026-01-30T00:21:42","slug":"velo-au-prat-dalbis","status":"publish","type":"lieux","link":"https:\/\/www.vap-camping.fr\/es\/lieux\/velo-au-prat-dalbis\/","title":{"rendered":"La Camina de Les Cabannes"},"content":{"rendered":"\n<div class=\"wp-block-group alignfull is-layout-flow wp-container-core-group-is-layout-12cc3699 wp-block-group-is-layout-flow\" style=\"padding-top:10rem\">\n<div class=\"wp-block-group has-global-padding is-layout-constrained wp-container-core-group-is-layout-2931b900 wp-block-group-is-layout-constrained\">\n<div class=\"wp-block-columns alignfull are-vertically-aligned-center is-layout-flex wp-container-core-columns-is-layout-0c0b91ec wp-block-columns-is-layout-flex\">\n<div class=\"wp-block-column is-vertically-aligned-center leftRight is-layout-flow wp-container-core-column-is-layout-58dbe9e9 wp-block-column-is-layout-flow\" style=\"padding-left:10rem;flex-basis:40%\">\n<div class=\"wp-block-group is-style-title-left is-layout-flow wp-block-group-is-layout-flow is-style-title-left--1\">\n<p class=\"has-secondary-color has-text-color has-link-color has-secondary-font-family has-xl-font-size wp-elements-c812b4704812af981b94133afdf7a276\">La Camina  <\/p>\n\n\n\n<p class=\"has-primary-color has-text-color has-link-color has-primary-font-family has-sm-font-size wp-elements-296be89dda0f8fcce7449ddaf2ec75cb\" style=\"text-transform:uppercase\"><strong>Salida de Les Cabannes  <\/strong><\/p>\n<\/div>\n\n\n\n<h1 class=\"wp-block-heading text-title\">Un suave paseo en bicicleta de monta\u00f1a entre el valle y las monta\u00f1as.<\/h1>\n\n\n\n<p class=\"has-m-font-size\" style=\"padding-left:2rem\">Desde el coraz\u00f3n del pueblo de Les Cabannes, la Camina te lleva por una ruta compartida que serpentea a trav\u00e9s de r\u00edos, bosques y laderas pirenaicas: un soplo de aire fresco para los amantes de la naturaleza. Accesible a pie, en bicicleta de monta\u00f1a o a caballo, esta ruta ofrece una gran variedad de paisajes: monta\u00f1as, valles, pueblos t\u00edpicos de Ari\u00e8ge, bosques y r\u00edos. Si buscas paz, evasi\u00f3n o el simple placer de un paseo, esta ruta suave encarna la esencia de una aut\u00e9ntica aventura, lejos del bullicio.  <\/p>\n<\/div>\n\n\n\n<div class=\"wp-block-column is-vertically-aligned-center rightLeft wp-block-image alignright size-large has-custom-border is-style-travel is-layout-flow wp-block-column-is-layout-flow is-style-travel--2\" style=\"flex-basis:60%\">\n<figure class=\"wp-block-image alignright size-full\"><img alt=\"\" decoding=\"async\" width=\"1024\" height=\"683\" src=\"https:\/\/www.vap-camping.fr\/wp-content\/uploads\/2025\/04\/Cyclo2_ariege_pyrenees_tourisme.jpg\" alt=\"\" class=\"wp-image-700\" srcset=\"https:\/\/www.vap-camping.fr\/wp-content\/uploads\/2025\/04\/Cyclo2_ariege_pyrenees_tourisme.jpg 1024w, https:\/\/www.vap-camping.fr\/wp-content\/uploads\/2025\/04\/Cyclo2_ariege_pyrenees_tourisme-600x400.jpg 600w, https:\/\/www.vap-camping.fr\/wp-content\/uploads\/2025\/04\/Cyclo2_ariege_pyrenees_tourisme-768x512.jpg 768w\" sizes=\"(max-width: 1024px) 100vw, 1024px\" \/><\/figure>\n<\/div>\n<\/div>\n<\/div>\n\n\n\n<div class=\"wp-block-group has-global-padding is-layout-constrained wp-block-group-is-layout-constrained\">\n<div class=\"wp-block-columns alignfull are-vertically-aligned-center is-layout-flex wp-container-core-columns-is-layout-0c0b91ec wp-block-columns-is-layout-flex\">\n<div class=\"wp-block-column is-vertically-aligned-center wp-block-image alignright size-large has-custom-border is-style-simple-left leftRight is-layout-flow wp-block-column-is-layout-flow is-style-simple-left--3\" style=\"flex-basis:60%\">\n<figure class=\"wp-block-image alignleft size-large\"><img alt=\"\" decoding=\"async\" width=\"1024\" height=\"768\" src=\"https:\/\/www.vap-camping.fr\/wp-content\/uploads\/2025\/12\/img_2033-1024x768.jpeg\" alt=\"\" class=\"wp-image-5085\" srcset=\"https:\/\/www.vap-camping.fr\/wp-content\/uploads\/2025\/12\/img_2033-1024x768.jpeg 1024w, https:\/\/www.vap-camping.fr\/wp-content\/uploads\/2025\/12\/img_2033-600x450.jpeg 600w, https:\/\/www.vap-camping.fr\/wp-content\/uploads\/2025\/12\/img_2033-768x576.jpeg 768w, https:\/\/www.vap-camping.fr\/wp-content\/uploads\/2025\/12\/img_2033-1536x1152.jpeg 1536w, https:\/\/www.vap-camping.fr\/wp-content\/uploads\/2025\/12\/img_2033-2048x1536.jpeg 2048w\" sizes=\"(max-width: 1024px) 100vw, 1024px\" \/><\/figure>\n<\/div>\n\n\n\n<div class=\"wp-block-column is-vertically-aligned-center rightLeft is-layout-flow wp-container-core-column-is-layout-58dbe9e9 wp-block-column-is-layout-flow\" style=\"padding-left:10rem;flex-basis:40%\">\n<div class=\"wp-block-group is-style-title-left is-layout-flow wp-block-group-is-layout-flow is-style-title-left--4\">\n<p class=\"has-secondary-color has-text-color has-link-color has-secondary-font-family has-xl-font-size wp-elements-f85b2021f836a354cb7619b65565306f\">\n  T\u00edtulo<\/p>\n\n\n\n<p class=\"has-primary-color has-text-color has-link-color has-primary-font-family has-sm-font-size wp-elements-e09737c07c14cfecafbd51a337f5cdbb\" style=\"text-transform:uppercase\"><strong>Subt\u00edtulo<\/strong><\/p>\n<\/div>\n\n\n\n<h1 class=\"wp-block-heading text-title\">La Camina tiene unos 28 km de longitud (hasta 31 km con un bucle, o 35 km incluyendo el acceso a las estaciones).<\/h1>\n\n\n\n<p class=\"has-m-font-size\" style=\"padding-left:2rem\">El desnivel oscila entre 900 y 1.000 metros, dependiendo de la ruta.  <br\/>La ruta incluye tramos clasificados como &#8220;moderados&#8221; (azul) y &#8220;t\u00e9cnicos\/dif\u00edciles&#8221; (negro), perfectos para un paseo tranquilo o un reto deportivo, seg\u00fan te apetezca.  <br\/>Algunos tramos discurren por carreteras o caminos compartidos: se requiere precauci\u00f3n y respeto a las se\u00f1ales, especialmente al descender o despu\u00e9s de llover. Para m\u00e1s informaci\u00f3n sobre la ruta <a href=\"https:\/\/www.pyrenees-ariegeoises.com\/a-voir-a-faire\/balades-et-randonnees\/la-camina-un-itineraire-pour-les-mobilites-douces-les-cabannes-fr-4362806\/\"><mark style=\"background-color:rgba(0, 0, 0, 0)\" class=\"has-inline-color has-secondary-color\">https:\/\/www.pyrenees-ariegeoises.com\/a-voir-a-faire\/balades-et-randonnees\/la-camina-un-itineraire-pour-les-mobilites-douces-les-cabannes-fr-4362806\/<\/mark><\/a> .   <\/p>\n<\/div>\n<\/div>\n<\/div>\n\n\n\n<div class=\"wp-block-group has-global-padding is-layout-constrained wp-block-group-is-layout-constrained\">\n<div class=\"wp-block-columns alignfull are-vertically-aligned-center is-layout-flex wp-container-core-columns-is-layout-0c0b91ec wp-block-columns-is-layout-flex\">\n<div class=\"wp-block-column is-vertically-aligned-center leftRight is-layout-flow wp-container-core-column-is-layout-58dbe9e9 wp-block-column-is-layout-flow\" style=\"padding-left:10rem;flex-basis:40%\">\n<div class=\"wp-block-group is-style-title-left is-layout-flow wp-block-group-is-layout-flow is-style-title-left--5\">\n<p class=\"has-secondary-color has-text-color has-link-color has-secondary-font-family has-xl-font-size wp-elements-26432c4630846b774c4e204c80708150\">Complejo de celos<\/p>\n\n\n\n<p class=\"has-primary-color has-text-color has-link-color has-primary-font-family has-sm-font-size wp-elements-95b5acfac3df638b568f531051b88368\" style=\"text-transform:uppercase\"><strong>  en el coraz\u00f3n de las monta\u00f1as<\/strong><\/p>\n<\/div>\n\n\n\n<h2 class=\"wp-block-heading text-title\">Una casa rural acogedora, ideal para compartir tu pasi\u00f3n por el ciclismo.<\/h2>\n\n\n\n<p class=\"has-m-font-size\" style=\"padding-left:2rem\">En el Complexe des Oustalous, los ciclistas encontrar\u00e1n ante todo un lugar c\u00e1lido donde recargar las pilas tras un d\u00eda en los senderos. El ambiente aqu\u00ed es sencillo y acogedor, con amplias zonas comunes donde compartir una comida, un caf\u00e9 o las an\u00e9cdotas del d\u00eda. La g\u00eete d&#8217;\u00e9tape acoge tanto a viajeros solitarios como a grupos, creando un ambiente animado y acogedor. Con su esp\u00edritu monta\u00f1\u00e9s, su buen humor y su atenta acogida, es una parada que ofrece todo lo que realmente necesitas: comodidad, descanso&#8230; y el placer de estar juntos.   <\/p>\n<\/div>\n\n\n\n<div class=\"wp-block-column is-vertically-aligned-center rightLeft wp-block-image alignright size-large has-custom-border is-style-travel is-layout-flow wp-block-column-is-layout-flow is-style-travel--6\" style=\"flex-basis:60%\">\n<figure class=\"wp-block-image alignright size-full\"><img alt=\"\" decoding=\"async\" width=\"1024\" height=\"768\" src=\"https:\/\/www.vap-camping.fr\/wp-content\/uploads\/2025\/04\/img_5291-1024x768-1.jpg\" alt=\"\" class=\"wp-image-1658\" srcset=\"https:\/\/www.vap-camping.fr\/wp-content\/uploads\/2025\/04\/img_5291-1024x768-1.jpg 1024w, https:\/\/www.vap-camping.fr\/wp-content\/uploads\/2025\/04\/img_5291-1024x768-1-600x450.jpg 600w, https:\/\/www.vap-camping.fr\/wp-content\/uploads\/2025\/04\/img_5291-1024x768-1-768x576.jpg 768w\" sizes=\"(max-width: 1024px) 100vw, 1024px\" \/><\/figure>\n<\/div>\n<\/div>\n<\/div>\n\n\n\n<div class=\"wp-block-group reveal has-global-padding is-layout-constrained wp-block-group-is-layout-constrained\">\n<div class=\"wp-block-group alignwide is-style-title-simple is-layout-flow wp-block-group-is-layout-flow is-style-title-simple--7\" style=\"margin-top:4rem;margin-bottom:4rem\">\n<p class=\"has-text-align-center has-secondary-color has-text-color has-link-color has-secondary-font-family has-xl-font-size wp-elements-61c3df48646af0da12819b303dfc8ba5\">\n  Nuestros establecimientos<\/p>\n\n\n\n<p class=\"has-text-align-center has-primary-font-family has-sm-font-size\" style=\"text-transform:uppercase\">\n                <strong>cerca de<\/strong>\n            <\/p>\n<\/div>\n\n\n<div class=\"campings-wrapper is-layout-flow wp-block-slider-campings-is-layout-flow\">\n            <div class=\"campings-list\">\n                            <div class=\"camping-item\"\n                    style=\"background-image: linear-gradient(to top, rgba(0, 0, 0, 0.6), transparent), url('https:\/\/www.vap-camping.fr\/wp-content\/uploads\/2025\/04\/img_5291-1024x768-1.jpg');\">\n                    <a href=\"https:\/\/www.vap-camping.fr\/es\/campings\/oustalous-complex\/\" title=\"Complejo Les Oustalous\" class=\"camping-link\">\n                        <p class=\"title\">Complejo Les Oustalous<\/p>\n                        <p class=\"camping-button\">Descubre<\/p>\n                    <\/a>\n                <\/div>\n                    <\/div>\n    <\/div>\n\n<\/div>\n<\/div>\n","protected":false},"excerpt":{"rendered":"<p>Un d\u00eda de ciclismo al pie de los Pirineos de Ari\u00e8ge  <\/p>\n","protected":false},"author":1,"featured_media":6368,"parent":0,"template":"","format":"standard","tax-category-lieux":[49,72],"class_list":["post-6366","lieux","type-lieux","status-publish","format-standard","has-post-thumbnail","hentry","tax-category-lieux-actividades","tax-category-lieux-ciclismo"],"acf":{"latitude":"42.702109","longitude":"  1.889437","distance":23,"pm_lieu_url":"","pm_lieu_phone":"","adresse":"","pm_lieu_title_short":"","af_camping":[105]},"_links":{"self":[{"href":"https:\/\/www.vap-camping.fr\/es\/wp-json\/wp\/v2\/lieux\/6366","targetHints":{"allow":["GET"]}}],"collection":[{"href":"https:\/\/www.vap-camping.fr\/es\/wp-json\/wp\/v2\/lieux"}],"about":[{"href":"https:\/\/www.vap-camping.fr\/es\/wp-json\/wp\/v2\/types\/lieux"}],"author":[{"embeddable":true,"href":"https:\/\/www.vap-camping.fr\/es\/wp-json\/wp\/v2\/users\/1"}],"version-history":[{"count":1,"href":"https:\/\/www.vap-camping.fr\/es\/wp-json\/wp\/v2\/lieux\/6366\/revisions"}],"predecessor-version":[{"id":6369,"href":"https:\/\/www.vap-camping.fr\/es\/wp-json\/wp\/v2\/lieux\/6366\/revisions\/6369"}],"acf:post":[{"embeddable":true,"href":"https:\/\/www.vap-camping.fr\/es\/wp-json\/wp\/v2\/campings\/105"}],"wp:featuredmedia":[{"embeddable":true,"href":"https:\/\/www.vap-camping.fr\/es\/wp-json\/wp\/v2\/media\/6368"}],"wp:attachment":[{"href":"https:\/\/www.vap-camping.fr\/es\/wp-json\/wp\/v2\/media?parent=6366"}],"wp:term":[{"taxonomy":"tax-category-lieux","embeddable":true,"href":"https:\/\/www.vap-camping.fr\/es\/wp-json\/wp\/v2\/tax-category-lieux?post=6366"}],"curies":[{"name":"wp","href":"https:\/\/api.w.org\/{rel}","templated":true}]}}