{"id":6392,"date":"2025-12-02T20:25:10","date_gmt":"2025-12-02T20:25:10","guid":{"rendered":"https:\/\/www.vap-camping.fr\/lieux\/boucle-mazeres-calmont-en-velo\/"},"modified":"2026-01-30T00:21:55","modified_gmt":"2026-01-30T00:21:55","slug":"boucle-mazeres-calmont-en-velo","status":"publish","type":"lieux","link":"https:\/\/www.vap-camping.fr\/es\/lieux\/boucle-mazeres-calmont-en-velo\/","title":{"rendered":"Ruta ciclista Maz\u00e8res &#8211; Calmont"},"content":{"rendered":"\n<div class=\"wp-block-group alignfull is-layout-flow wp-container-core-group-is-layout-12cc3699 wp-block-group-is-layout-flow\" style=\"padding-top:10rem\">\n<div class=\"wp-block-group has-global-padding is-layout-constrained wp-container-core-group-is-layout-2931b900 wp-block-group-is-layout-constrained\">\n<div class=\"wp-block-columns alignfull are-vertically-aligned-center is-layout-flex wp-container-core-columns-is-layout-0c0b91ec wp-block-columns-is-layout-flex\">\n<div class=\"wp-block-column is-vertically-aligned-center leftRight is-layout-flow wp-container-core-column-is-layout-58dbe9e9 wp-block-column-is-layout-flow\" style=\"padding-left:10rem;flex-basis:40%\">\n<div class=\"wp-block-group is-style-title-left is-layout-flow wp-block-group-is-layout-flow is-style-title-left--1\">\n<p class=\"has-secondary-color has-text-color has-link-color has-secondary-font-family has-xl-font-size wp-elements-11b591dc9085b81a9a99cf8f9100b29e\">Maz\u00e8res <\/p>\n\n\n\n<p class=\"has-primary-color has-text-color has-link-color has-primary-font-family has-sm-font-size wp-elements-907e8b4aca6e33f1de26a4f05da833be\" style=\"text-transform:uppercase\"><strong>Calmont en bicicleta<\/strong><\/p>\n<\/div>\n\n\n\n<h1 class=\"wp-block-heading text-title\">Un sendero suave y rejuvenecedor para descubrir Maz\u00e8res al ritmo de la naturaleza.<\/h1>\n\n\n\n<p class=\"has-m-font-size\" style=\"padding-left:2rem\">Parte del Camping La Bastide para una aventura en bicicleta por el coraz\u00f3n del Ari\u00e8ge. El bucle &#8220;Maz\u00e8res &#8211; La Bastide-de-Lordat&#8221; te lleva por paisajes suaves, pueblos encantadores y callejuelas tranquilas en las que podr\u00e1s respirar de verdad. Es el tipo de paseo que te hace bien: sencillo, natural y luminoso. Cabalgar\u00e1s al ritmo de la campi\u00f1a, descubriendo los Hers, los campos, las viejas piedras&#8230; Una forma perfecta de evadirte durante unas horas, en familia, con amigos o en pareja.   <\/p>\n<\/div>\n\n\n\n<div class=\"wp-block-column is-vertically-aligned-center rightLeft wp-block-image alignright size-large has-custom-border is-style-travel is-layout-flow wp-block-column-is-layout-flow is-style-travel--2\" style=\"flex-basis:60%\">\n<figure class=\"wp-block-image alignright size-full\"><img alt=\"\" decoding=\"async\" width=\"934\" height=\"523\" src=\"https:\/\/www.vap-camping.fr\/wp-content\/uploads\/2025\/08\/img_4728.jpeg\" alt=\"\" class=\"wp-image-3532\" srcset=\"https:\/\/www.vap-camping.fr\/wp-content\/uploads\/2025\/08\/img_4728.jpeg 934w, https:\/\/www.vap-camping.fr\/wp-content\/uploads\/2025\/08\/img_4728-600x336.jpeg 600w, https:\/\/www.vap-camping.fr\/wp-content\/uploads\/2025\/08\/img_4728-768x430.jpeg 768w\" sizes=\"(max-width: 934px) 100vw, 934px\" \/><\/figure>\n<\/div>\n<\/div>\n<\/div>\n\n\n\n<div class=\"wp-block-group has-global-padding is-layout-constrained wp-block-group-is-layout-constrained\">\n<div class=\"wp-block-columns alignfull are-vertically-aligned-center is-layout-flex wp-container-core-columns-is-layout-0c0b91ec wp-block-columns-is-layout-flex\">\n<div class=\"wp-block-column is-vertically-aligned-center wp-block-image alignright size-large has-custom-border is-style-simple-left leftRight is-layout-flow wp-block-column-is-layout-flow is-style-simple-left--3\" style=\"flex-basis:60%\">\n<figure class=\"wp-block-image alignleft size-large\"><img alt=\"\" decoding=\"async\" width=\"1024\" height=\"576\" src=\"https:\/\/www.vap-camping.fr\/wp-content\/uploads\/2025\/12\/image-10-1024x576.jpeg\" alt=\"\" class=\"wp-image-5073\" srcset=\"https:\/\/www.vap-camping.fr\/wp-content\/uploads\/2025\/12\/image-10-1024x576.jpeg 1024w, https:\/\/www.vap-camping.fr\/wp-content\/uploads\/2025\/12\/image-10-600x338.jpeg 600w, https:\/\/www.vap-camping.fr\/wp-content\/uploads\/2025\/12\/image-10-768x432.jpeg 768w, https:\/\/www.vap-camping.fr\/wp-content\/uploads\/2025\/12\/image-10-1536x864.jpeg 1536w, https:\/\/www.vap-camping.fr\/wp-content\/uploads\/2025\/12\/image-10.jpeg 1920w\" sizes=\"(max-width: 1024px) 100vw, 1024px\" \/><\/figure>\n<\/div>\n\n\n\n<div class=\"wp-block-column is-vertically-aligned-center rightLeft is-layout-flow wp-container-core-column-is-layout-58dbe9e9 wp-block-column-is-layout-flow\" style=\"padding-left:10rem;flex-basis:40%\">\n<div class=\"wp-block-group is-style-title-left is-layout-flow wp-block-group-is-layout-flow is-style-title-left--4\">\n<p class=\"has-secondary-color has-text-color has-link-color has-secondary-font-family has-xl-font-size wp-elements-e7bc153310a6921e317fdf2ffb426a0d\">Bueno saber<\/p>\n\n\n\n<p class=\"has-primary-color has-text-color has-link-color has-primary-font-family has-sm-font-size wp-elements-359917a8eb1ab0eeedb81074af9fc4ff\" style=\"text-transform:uppercase\"><strong>Antes de irte<\/strong><\/p>\n<\/div>\n\n\n\n<h2 class=\"wp-block-heading text-title\">Un bucle moderado, perfecto para pedalear sin estr\u00e9s y disfrutar del paisaje.<\/h2>\n\n\n\n<p class=\"has-m-font-size\" style=\"padding-left:2rem\">La ruta tiene una longitud de 45,6 km, con una pendiente suave de unos 170 m. Clasificada como moderada, es accesible a todos los ciclistas con un m\u00ednimo de experiencia. La ruta es una mezcla de carreteras tranquilas y peque\u00f1os senderos, sin grandes dificultades, s\u00f3lo las suficientes para disfrutar del paisaje sin prisas. Ideal para una media jornada deportiva pero suave, o un d\u00eda tranquilo salpicado de pausas para hacer fotos y momentos en la naturaleza. Para m\u00e1s informaci\u00f3n sobre el recorrido: <a href=\"https:\/\/www.komoot.com\/fr-fr\/smarttour\/6983947\"><mark style=\"background-color:rgba(0, 0, 0, 0)\" class=\"has-inline-color has-secondary-color\">https:\/\/www.komoot.com\/fr-fr\/smarttour\/6983947<\/mark><\/a> .    <\/p>\n<\/div>\n<\/div>\n<\/div>\n\n\n\n<div class=\"wp-block-group has-global-padding is-layout-constrained wp-block-group-is-layout-constrained\">\n<div class=\"wp-block-columns alignfull are-vertically-aligned-center is-layout-flex wp-container-core-columns-is-layout-0c0b91ec wp-block-columns-is-layout-flex\">\n<div class=\"wp-block-column is-vertically-aligned-center leftRight is-layout-flow wp-container-core-column-is-layout-58dbe9e9 wp-block-column-is-layout-flow\" style=\"padding-left:10rem;flex-basis:40%\">\n<div class=\"wp-block-group is-style-title-left is-layout-flow wp-block-group-is-layout-flow is-style-title-left--5\">\n<p class=\"has-secondary-color has-text-color has-link-color has-secondary-font-family has-xl-font-size wp-elements-2561059f7088ca120953c52332e64ad1\">Inicio directo<\/p>\n\n\n\n<p class=\"has-primary-color has-text-color has-link-color has-primary-font-family has-sm-font-size wp-elements-6ea2652d749a758029d8b3fc56a5701c\" style=\"text-transform:uppercase\"><strong>el camping <\/strong><\/p>\n<\/div>\n\n\n\n<h2 class=\"wp-block-heading text-title\">S\u00fabete a tu bici e incorp\u00f3rate al circuito en cuanto salgas del camping.<\/h2>\n\n\n\n<p class=\"has-m-font-size\" style=\"padding-left:2rem\">Buenas noticias: \u00a1ya est\u00e1s en el circuito! La ruta sale directamente de Maz\u00e8res, a tiro de piedra del camping. No necesitas coche, ni traslados: te subes a la bici y te pones en marcha. En s\u00f3lo unos minutos, estar\u00e1s inmerso en la ruta, listo para 45 km de descubrimiento en total libertad.   <\/p>\n<\/div>\n\n\n\n<div class=\"wp-block-column is-vertically-aligned-center rightLeft wp-block-image alignright size-large has-custom-border is-style-travel is-layout-flow wp-block-column-is-layout-flow is-style-travel--6\" style=\"flex-basis:60%\">\n<figure class=\"wp-block-image alignright size-large\"><img alt=\"\" decoding=\"async\" width=\"1024\" height=\"576\" src=\"https:\/\/www.vap-camping.fr\/wp-content\/uploads\/2025\/04\/dsc01243-1024x576.jpg\" alt=\"\" class=\"wp-image-4146\" srcset=\"https:\/\/www.vap-camping.fr\/wp-content\/uploads\/2025\/04\/dsc01243-1024x576.jpg 1024w, https:\/\/www.vap-camping.fr\/wp-content\/uploads\/2025\/04\/dsc01243-600x337.jpg 600w, https:\/\/www.vap-camping.fr\/wp-content\/uploads\/2025\/04\/dsc01243-768x432.jpg 768w, https:\/\/www.vap-camping.fr\/wp-content\/uploads\/2025\/04\/dsc01243-1536x863.jpg 1536w, https:\/\/www.vap-camping.fr\/wp-content\/uploads\/2025\/04\/dsc01243-2048x1151.jpg 2048w\" sizes=\"(max-width: 1024px) 100vw, 1024px\" \/><\/figure>\n<\/div>\n<\/div>\n<\/div>\n\n\n\n<div class=\"wp-block-group reveal has-global-padding is-layout-constrained wp-block-group-is-layout-constrained\">\n<div class=\"wp-block-group alignwide is-style-title-simple is-layout-flow wp-block-group-is-layout-flow is-style-title-simple--7\" style=\"margin-top:4rem;margin-bottom:4rem\">\n<p class=\"has-text-align-center has-secondary-color has-text-color has-link-color has-secondary-font-family has-xl-font-size wp-elements-61c3df48646af0da12819b303dfc8ba5\">\n  Nuestros establecimientos<\/p>\n\n\n\n<p class=\"has-text-align-center has-primary-font-family has-sm-font-size\" style=\"text-transform:uppercase\">\n                <strong>cerca de<\/strong>\n            <\/p>\n<\/div>\n\n\n<div class=\"campings-wrapper is-layout-flow wp-block-slider-campings-is-layout-flow\">\n            <div class=\"campings-list\">\n                            <div class=\"camping-item\"\n                    style=\"background-image: linear-gradient(to top, rgba(0, 0, 0, 0.6), transparent), url('https:\/\/www.vap-camping.fr\/wp-content\/uploads\/2025\/07\/dji_0589-2-1024x767.jpg');\">\n                    <a href=\"https:\/\/www.vap-camping.fr\/es\/campings\/camping-la-bastide\/\" title=\"Camping la Bastide(Maz\u00e8res)\" class=\"camping-link\">\n                        <p class=\"title\">Camping la Bastide(Maz\u00e8res)<\/p>\n                        <p class=\"camping-button\">Descubre<\/p>\n                    <\/a>\n                <\/div>\n                    <\/div>\n    <\/div>\n\n<\/div>\n<\/div>\n","protected":false},"excerpt":{"rendered":"<p>\u00a1un bucle ciclista sin estr\u00e9s para pasar un d\u00eda relajado!  <\/p>\n","protected":false},"author":1,"featured_media":3535,"parent":0,"template":"","format":"standard","tax-category-lieux":[49,72],"class_list":["post-6392","lieux","type-lieux","status-publish","format-standard","has-post-thumbnail","hentry","tax-category-lieux-actividades","tax-category-lieux-ciclismo"],"acf":{"latitude":"43.286881","longitude":"  1.633152","distance":2,"pm_lieu_url":"","pm_lieu_phone":"","adresse":"","pm_lieu_title_short":"","af_camping":[101]},"_links":{"self":[{"href":"https:\/\/www.vap-camping.fr\/es\/wp-json\/wp\/v2\/lieux\/6392","targetHints":{"allow":["GET"]}}],"collection":[{"href":"https:\/\/www.vap-camping.fr\/es\/wp-json\/wp\/v2\/lieux"}],"about":[{"href":"https:\/\/www.vap-camping.fr\/es\/wp-json\/wp\/v2\/types\/lieux"}],"author":[{"embeddable":true,"href":"https:\/\/www.vap-camping.fr\/es\/wp-json\/wp\/v2\/users\/1"}],"version-history":[{"count":1,"href":"https:\/\/www.vap-camping.fr\/es\/wp-json\/wp\/v2\/lieux\/6392\/revisions"}],"predecessor-version":[{"id":6393,"href":"https:\/\/www.vap-camping.fr\/es\/wp-json\/wp\/v2\/lieux\/6392\/revisions\/6393"}],"acf:post":[{"embeddable":true,"href":"https:\/\/www.vap-camping.fr\/es\/wp-json\/wp\/v2\/campings\/101"}],"wp:featuredmedia":[{"embeddable":true,"href":"https:\/\/www.vap-camping.fr\/es\/wp-json\/wp\/v2\/media\/3535"}],"wp:attachment":[{"href":"https:\/\/www.vap-camping.fr\/es\/wp-json\/wp\/v2\/media?parent=6392"}],"wp:term":[{"taxonomy":"tax-category-lieux","embeddable":true,"href":"https:\/\/www.vap-camping.fr\/es\/wp-json\/wp\/v2\/tax-category-lieux?post=6392"}],"curies":[{"name":"wp","href":"https:\/\/api.w.org\/{rel}","templated":true}]}}