{"id":6440,"date":"2025-11-27T22:02:29","date_gmt":"2025-11-27T22:02:29","guid":{"rendered":"https:\/\/www.vap-camping.fr\/lieux\/etang-bleu-en-ariege\/"},"modified":"2026-01-30T00:31:53","modified_gmt":"2026-01-30T00:31:53","slug":"etang-bleu-en-ariege","status":"publish","type":"lieux","link":"https:\/\/www.vap-camping.fr\/es\/lieux\/etang-bleu-en-ariege\/","title":{"rendered":"\u00c9tang Bleu en Ari\u00e8ge"},"content":{"rendered":"\n<div class=\"wp-block-group alignfull is-layout-flow wp-block-group-is-layout-flow\">\n<div class=\"wp-block-group has-global-padding is-layout-constrained wp-block-group-is-layout-constrained\">\n<div class=\"wp-block-columns alignfull are-vertically-aligned-center m-ti is-layout-flex wp-container-core-columns-is-layout-0c0b91ec wp-block-columns-is-layout-flex\">\n<div class=\"wp-block-column is-vertically-aligned-center m-ti-text is-layout-flow wp-container-core-column-is-layout-58dbe9e9 wp-block-column-is-layout-flow\" style=\"padding-left:10rem;flex-basis:40%\">\n<div class=\"wp-block-group is-style-title-left is-layout-flow wp-block-group-is-layout-flow is-style-title-left--1\">\n<p class=\"has-secondary-color has-text-color has-link-color has-secondary-font-family has-xl-font-size wp-elements-2ef1e19c40939a068177c1f83ac7d7c6\">Estanque Azul<\/p>\n\n\n\n<p class=\"has-primary-color has-text-color has-link-color has-primary-font-family has-sm-font-size wp-elements-71635854e3449e90d0c2d7b5a708c843\" style=\"text-transform:uppercase\"><strong>joya oculta<\/strong><\/p>\n<\/div>\n\n\n\n<h1 class=\"wp-block-heading text-title\">Un lago turquesa enclavado en el coraz\u00f3n de los Pirineos de Ari\u00e8ge.<\/h1>\n\n\n\n<p class=\"has-m-font-size\" style=\"padding-left:2rem\">L&#8217;\u00c9tang Bleu es un paraje natural excepcional en los Pirineos de Ari\u00e8ge. Rodeado de monta\u00f1as, ofrece aguas cristalinas, un entorno tranquilo y un paisaje espectacular, ideal para recargar las pilas y admirar la naturaleza. Accesible a trav\u00e9s de una ruta de senderismo, este encantador paraje atraer\u00e1 a los amantes de la naturaleza, la tranquilidad y la aventura suave.  <\/p>\n<\/div>\n\n\n\n<div class=\"wp-block-column is-vertically-aligned-center wp-block-image alignright size-large has-custom-border is-style-travel m-ti-image is-layout-flow wp-block-column-is-layout-flow is-style-travel--2\" style=\"flex-basis:60%\">\n<figure class=\"wp-block-image alignright size-large\"><img alt=\"\" decoding=\"async\" width=\"1024\" height=\"683\" src=\"https:\/\/www.vap-camping.fr\/wp-content\/uploads\/2025\/05\/AdobeStock_521369755-1024x683.jpeg\" alt=\"\" class=\"wp-image-1120\" srcset=\"https:\/\/www.vap-camping.fr\/wp-content\/uploads\/2025\/05\/AdobeStock_521369755-1024x683.jpeg 1024w, https:\/\/www.vap-camping.fr\/wp-content\/uploads\/2025\/05\/AdobeStock_521369755-600x400.jpeg 600w, https:\/\/www.vap-camping.fr\/wp-content\/uploads\/2025\/05\/AdobeStock_521369755-768x512.jpeg 768w, https:\/\/www.vap-camping.fr\/wp-content\/uploads\/2025\/05\/AdobeStock_521369755-1536x1024.jpeg 1536w, https:\/\/www.vap-camping.fr\/wp-content\/uploads\/2025\/05\/AdobeStock_521369755-2048x1365.jpeg 2048w\" sizes=\"(max-width: 1024px) 100vw, 1024px\" \/><\/figure>\n<\/div>\n<\/div>\n<\/div>\n\n\n\n<div class=\"wp-block-group has-global-padding is-layout-constrained wp-block-group-is-layout-constrained\">\n<div class=\"wp-block-columns alignfull are-vertically-aligned-center m-ti is-layout-flex wp-container-core-columns-is-layout-0c0b91ec wp-block-columns-is-layout-flex\">\n<div class=\"wp-block-column is-vertically-aligned-center wp-block-image alignright size-large has-custom-border is-style-simple-left m-ti-image is-layout-flow wp-block-column-is-layout-flow is-style-simple-left--3\" style=\"flex-basis:60%\">\n<figure class=\"wp-block-image alignleft size-large\"><img alt=\"\" decoding=\"async\" width=\"1024\" height=\"768\" src=\"https:\/\/www.vap-camping.fr\/wp-content\/uploads\/2025\/04\/lac-les-cabannes-1024x768.jpg\" alt=\"\" class=\"wp-image-610\" srcset=\"https:\/\/www.vap-camping.fr\/wp-content\/uploads\/2025\/04\/lac-les-cabannes-1024x768.jpg 1024w, https:\/\/www.vap-camping.fr\/wp-content\/uploads\/2025\/04\/lac-les-cabannes-600x450.jpg 600w, https:\/\/www.vap-camping.fr\/wp-content\/uploads\/2025\/04\/lac-les-cabannes-768x576.jpg 768w, https:\/\/www.vap-camping.fr\/wp-content\/uploads\/2025\/04\/lac-les-cabannes.jpg 1459w\" sizes=\"(max-width: 1024px) 100vw, 1024px\" \/><\/figure>\n<\/div>\n\n\n\n<div class=\"wp-block-column is-vertically-aligned-center m-ti-text is-layout-flow wp-container-core-column-is-layout-58dbe9e9 wp-block-column-is-layout-flow\" style=\"padding-left:10rem;flex-basis:40%\">\n<div class=\"wp-block-group is-style-title-left is-layout-flow wp-block-group-is-layout-flow is-style-title-left--4\">\n<p class=\"has-secondary-color has-text-color has-link-color has-secondary-font-family has-xl-font-size wp-elements-ee215c3ebe0ace37d7302157ab76177a\">Senderismo <\/p>\n\n\n\n<p class=\"has-primary-color has-text-color has-link-color has-primary-font-family has-sm-font-size wp-elements-c3442356e4425deda0c0d07b3f2f63cf\" style=\"text-transform:uppercase\"><strong>Y Rel\u00e1jate<\/strong><\/p>\n<\/div>\n\n\n\n<h1 class=\"wp-block-heading text-title\">9,7 km a pie, ba\u00f1o (si el tiempo lo permite), impresionantes vistas de las monta\u00f1as.<\/h1>\n\n\n\n<p class=\"has-m-font-size\" style=\"padding-left:2rem\">Desde el sendero, llegas a \u00c9tang Bleu tras una hermosa caminata. Aqu\u00ed puedes pasear por la orilla del lago, disfrutando de la tranquilidad y admirando el panorama monta\u00f1oso. Dependiendo de la estaci\u00f3n y del tiempo, podr\u00e1s darte un ba\u00f1o, o al menos refrescarte. Es un circuito de 9,7 km, y se tarda entre 4 h 30 y 5 h. Para m\u00e1s informaci\u00f3n sobre el circuito <a href=\"https:\/\/www.pyrenees-ariegeoises.com\/a-voir-a-faire\/balades-et-randonnees\/etang-bleu-rabat-les-trois-seigneurs-fr-4362785\/\"><mark style=\"background-color:rgba(0, 0, 0, 0)\" class=\"has-inline-color has-secondary-color\">https:\/\/www.pyrenees-ariegeoises.com\/a-voir-a-faire\/balades-et-randonnees\/etang-bleu-rabat-les-trois-seigneurs-fr-4362785\/<\/mark><\/a> .    <\/p>\n<\/div>\n<\/div>\n<\/div>\n\n\n\n<div class=\"wp-block-group has-global-padding is-layout-constrained wp-block-group-is-layout-constrained\">\n<div class=\"wp-block-columns alignfull are-vertically-aligned-center m-ti is-layout-flex wp-container-core-columns-is-layout-0c0b91ec wp-block-columns-is-layout-flex\">\n<div class=\"wp-block-column is-vertically-aligned-center m-ti-text is-layout-flow wp-container-core-column-is-layout-58dbe9e9 wp-block-column-is-layout-flow\" style=\"padding-left:10rem;flex-basis:40%\">\n<div class=\"wp-block-group is-style-title-left is-layout-flow wp-block-group-is-layout-flow is-style-title-left--5\">\n<p class=\"has-secondary-color has-text-color has-link-color has-secondary-font-family has-xl-font-size wp-elements-a83cddb5962e5144479a04606daf5956\">En el punto de partida<\/p>\n\n\n\n<p class=\"has-primary-color has-text-color has-link-color has-primary-font-family has-sm-font-size wp-elements-e27273e37ce928638540967657509c32\" style=\"text-transform:uppercase\"><strong>Desde el camping<\/strong><\/p>\n<\/div>\n\n\n\n<h1 class=\"wp-block-heading text-title\">F\u00e1cil acceso en coche, luego un camino tranquilo y accesible.<\/h1>\n\n\n\n<p class=\"has-m-font-size\" style=\"padding-left:2rem\">Desde Les Oustalous, toma la carretera hacia Tarascon sur Ari\u00e8ge, luego dir\u00edgete a Surba por la D618 hacia Col de Port.  <\/p>\n\n\n\n<p class=\"has-m-font-size\" style=\"padding-left:2rem\">Luego dir\u00edgete a Rabat-les-Trois-Seigneurs por la D223. Atraviesa el pueblo, luego la aldea de La Freyte, y llega al final de la carretera. Sigue el f\u00e1cil paseo hasta el lago. Una estupenda excursi\u00f3n de medio d\u00eda o de un d\u00eda entero, perfecta para los veraneantes que se alojen en la casa rural.   <\/p>\n<\/div>\n\n\n\n<div class=\"wp-block-column is-vertically-aligned-center wp-block-image alignright size-large has-custom-border is-style-travel m-ti-image is-layout-flow wp-block-column-is-layout-flow is-style-travel--6\" style=\"flex-basis:60%\">\n<figure class=\"wp-block-image alignright size-full\"><img alt=\"\" decoding=\"async\" width=\"1024\" height=\"768\" src=\"https:\/\/www.vap-camping.fr\/wp-content\/uploads\/2025\/04\/img_5291-1024x768-1.jpg\" alt=\"\" class=\"wp-image-1658\" srcset=\"https:\/\/www.vap-camping.fr\/wp-content\/uploads\/2025\/04\/img_5291-1024x768-1.jpg 1024w, https:\/\/www.vap-camping.fr\/wp-content\/uploads\/2025\/04\/img_5291-1024x768-1-600x450.jpg 600w, https:\/\/www.vap-camping.fr\/wp-content\/uploads\/2025\/04\/img_5291-1024x768-1-768x576.jpg 768w\" sizes=\"(max-width: 1024px) 100vw, 1024px\" \/><\/figure>\n<\/div>\n<\/div>\n<\/div>\n\n\n\n<div class=\"wp-block-group has-global-padding is-layout-constrained wp-block-group-is-layout-constrained\">\n<div class=\"wp-block-group alignwide is-style-title-simple is-layout-flow wp-block-group-is-layout-flow is-style-title-simple--7\" style=\"margin-top:4rem;margin-bottom:4rem\">\n<p class=\"has-text-align-center has-secondary-color has-text-color has-link-color has-secondary-font-family has-xl-font-size wp-elements-e48e16d9035d0de8ebb2a9a8c81849fc\">Nuestros establecimientos<\/p>\n\n\n\n<p class=\"has-text-align-center has-primary-font-family has-sm-font-size\" style=\"text-transform:uppercase\"><strong>En los alrededores<\/strong><\/p>\n<\/div>\n\n\n<div class=\"campings-wrapper is-layout-flow wp-block-slider-campings-is-layout-flow\">\n            <div class=\"campings-list\">\n                            <div class=\"camping-item\"\n                    style=\"background-image: linear-gradient(to top, rgba(0, 0, 0, 0.6), transparent), url('https:\/\/www.vap-camping.fr\/wp-content\/uploads\/2025\/04\/img_5291-1024x768-1.jpg');\">\n                    <a href=\"https:\/\/www.vap-camping.fr\/es\/campings\/oustalous-complex\/\" title=\"Complejo Les Oustalous\" class=\"camping-link\">\n                        <p class=\"title\">Complejo Les Oustalous<\/p>\n                        <p class=\"camping-button\">Descubre<\/p>\n                    <\/a>\n                <\/div>\n                    <\/div>\n    <\/div>\n\n<\/div>\n<\/div>\n","protected":false},"excerpt":{"rendered":"<p>una merecida caminata  <\/p>\n","protected":false},"author":1,"featured_media":2718,"parent":0,"template":"","format":"standard","tax-category-lieux":[53,70],"class_list":["post-6440","lieux","type-lieux","status-publish","format-standard","has-post-thumbnail","hentry","tax-category-lieux-lagos-y-estanques","tax-category-lieux-senderismo-y-paseos"],"acf":{"latitude":"42.822289","longitude":"1.459812","distance":28,"pm_lieu_url":"https:\/\/www.pyrenees-ariegeoises.com\/a-voir-a-faire\/balades-et-randonnees\/etang-bleu-rabat-les-trois-seigneurs-fr-4362785\/","pm_lieu_phone":"","adresse":"","pm_lieu_title_short":"","af_camping":[105]},"_links":{"self":[{"href":"https:\/\/www.vap-camping.fr\/es\/wp-json\/wp\/v2\/lieux\/6440","targetHints":{"allow":["GET"]}}],"collection":[{"href":"https:\/\/www.vap-camping.fr\/es\/wp-json\/wp\/v2\/lieux"}],"about":[{"href":"https:\/\/www.vap-camping.fr\/es\/wp-json\/wp\/v2\/types\/lieux"}],"author":[{"embeddable":true,"href":"https:\/\/www.vap-camping.fr\/es\/wp-json\/wp\/v2\/users\/1"}],"version-history":[{"count":1,"href":"https:\/\/www.vap-camping.fr\/es\/wp-json\/wp\/v2\/lieux\/6440\/revisions"}],"predecessor-version":[{"id":6442,"href":"https:\/\/www.vap-camping.fr\/es\/wp-json\/wp\/v2\/lieux\/6440\/revisions\/6442"}],"acf:post":[{"embeddable":true,"href":"https:\/\/www.vap-camping.fr\/es\/wp-json\/wp\/v2\/campings\/105"}],"wp:featuredmedia":[{"embeddable":true,"href":"https:\/\/www.vap-camping.fr\/es\/wp-json\/wp\/v2\/media\/2718"}],"wp:attachment":[{"href":"https:\/\/www.vap-camping.fr\/es\/wp-json\/wp\/v2\/media?parent=6440"}],"wp:term":[{"taxonomy":"tax-category-lieux","embeddable":true,"href":"https:\/\/www.vap-camping.fr\/es\/wp-json\/wp\/v2\/tax-category-lieux?post=6440"}],"curies":[{"name":"wp","href":"https:\/\/api.w.org\/{rel}","templated":true}]}}