{"id":2866,"date":"2025-04-29T15:04:30","date_gmt":"2025-04-29T15:04:30","guid":{"rendered":"https:\/\/www.vap-camping.fr\/qui-sommes-nous\/vacances-ariege-pyrenees\/"},"modified":"2026-01-29T22:24:14","modified_gmt":"2026-01-29T22:24:14","slug":"vacances-ariege-pyrenees","status":"publish","type":"page","link":"https:\/\/www.vap-camping.fr\/es\/qui-sommes-nous\/vacances-ariege-pyrenees\/","title":{"rendered":"Prepara tu estancia"},"content":{"rendered":"\n<div class=\"wp-block-group alignfull has-global-padding is-layout-constrained wp-block-group-is-layout-constrained\">\n<div class=\"wp-block-group alignfull has-global-padding is-layout-constrained wp-container-core-group-is-layout-28621925 wp-block-group-is-layout-constrained\">\n<div class=\"wp-block-group alignfull hero-camp fromOpacity is-layout-flow wp-block-group-is-layout-flow\" style=\"margin-bottom:20rem\">\n<div class=\"wp-block-group alignfull hero-img is-layout-flow wp-block-group-is-layout-flow\">\n<figure class=\"wp-block-image size-full\"><img alt=\"\" decoding=\"async\" width=\"2560\" height=\"1683\" src=\"https:\/\/www.vap-camping.fr\/wp-content\/uploads\/2025\/05\/AdobeStock_285782136-scaled.jpeg\" alt=\"\" class=\"wp-image-1231\" srcset=\"https:\/\/www.vap-camping.fr\/wp-content\/uploads\/2025\/05\/AdobeStock_285782136-scaled.jpeg 2560w, https:\/\/www.vap-camping.fr\/wp-content\/uploads\/2025\/05\/AdobeStock_285782136-600x395.jpeg 600w, https:\/\/www.vap-camping.fr\/wp-content\/uploads\/2025\/05\/AdobeStock_285782136-1024x673.jpeg 1024w, https:\/\/www.vap-camping.fr\/wp-content\/uploads\/2025\/05\/AdobeStock_285782136-768x505.jpeg 768w, https:\/\/www.vap-camping.fr\/wp-content\/uploads\/2025\/05\/AdobeStock_285782136-1536x1010.jpeg 1536w, https:\/\/www.vap-camping.fr\/wp-content\/uploads\/2025\/05\/AdobeStock_285782136-2048x1347.jpeg 2048w\" sizes=\"(max-width: 2560px) 100vw, 2560px\" \/><\/figure>\n<\/div>\n\n\n\n<div class=\"wp-block-group hero-desc has-secondary-background-color has-background is-layout-flow wp-block-group-is-layout-flow\" style=\"border-top-right-radius:90px;border-bottom-right-radius:90px;padding-top:2rem;padding-bottom:2rem;padding-left:5rem\"><h1 style=\"font-size:clamp(3.037rem, 3.037rem + ((1vw - 0.2rem) * 4.018), 6rem);\" class=\"has-link-color wp-elements-971196805a816ee349c8ae4f34a1c7a7 wp-block-post-title has-text-color has-white-color has-secondary-font-family\">Prepara tu estancia<\/h1><\/div>\n<\/div>\n\n\n\n<div class=\"wp-block-group alignfull has-global-padding is-layout-constrained wp-block-group-is-layout-constrained\">\n<div class=\"wp-block-columns alignfull are-vertically-aligned-center is-layout-flex wp-container-core-columns-is-layout-0c0b91ec wp-block-columns-is-layout-flex\">\n<div class=\"wp-block-column is-vertically-aligned-center wp-block-image alignright size-large has-custom-border is-style-simple-left leftRight is-layout-flow wp-block-column-is-layout-flow is-style-simple-left--1\" style=\"flex-basis:60%\">\n<figure class=\"wp-block-image alignleft size-large\"><img alt=\"\" decoding=\"async\" width=\"1024\" height=\"768\" src=\"https:\/\/www.vap-camping.fr\/wp-content\/uploads\/2025\/05\/AdobeStock_375810490-1024x768.jpeg\" alt=\"\" class=\"wp-image-1154\" srcset=\"https:\/\/www.vap-camping.fr\/wp-content\/uploads\/2025\/05\/AdobeStock_375810490-1024x768.jpeg 1024w, https:\/\/www.vap-camping.fr\/wp-content\/uploads\/2025\/05\/AdobeStock_375810490-600x450.jpeg 600w, https:\/\/www.vap-camping.fr\/wp-content\/uploads\/2025\/05\/AdobeStock_375810490-768x576.jpeg 768w, https:\/\/www.vap-camping.fr\/wp-content\/uploads\/2025\/05\/AdobeStock_375810490-1536x1152.jpeg 1536w, https:\/\/www.vap-camping.fr\/wp-content\/uploads\/2025\/05\/AdobeStock_375810490-2048x1536.jpeg 2048w\" sizes=\"(max-width: 1024px) 100vw, 1024px\" \/><\/figure>\n<\/div>\n\n\n\n<div class=\"wp-block-column is-vertically-aligned-center rightLeft is-layout-flow wp-container-core-column-is-layout-58dbe9e9 wp-block-column-is-layout-flow\" style=\"padding-left:10rem;flex-basis:70%\">\n<div class=\"wp-block-group is-style-title-left is-layout-flow wp-block-group-is-layout-flow is-style-title-left--2\">\n<p class=\"has-secondary-color has-text-color has-link-color has-secondary-font-family has-xl-font-size wp-elements-4943842c7c34f7c4e3bc84c3b72decad\">Paquete VAP<\/p>\n\n\n\n<p class=\"has-primary-color has-text-color has-link-color has-primary-font-family has-sm-font-size wp-elements-4737d965ed8d4fe17909acda8d7ee65d\" style=\"text-transform:uppercase\"><strong>a medida<\/strong><\/p>\n<\/div>\n\n\n\n<h1 class=\"wp-block-heading text-title\">\u00a1Es f\u00e1cil organizar tus vacaciones a medida cerca de los campings y casas rurales VAP de Ari\u00e8ge y Toulouse!<\/h1>\n\n\n\n<p class=\"has-m-font-size\" style=\"padding-left:2rem\">Con los Paquetes VAP, te ofrecemos una nueva forma de imaginar tus vacaciones: m\u00e1s intuitiva, m\u00e1s libre y mucho m\u00e1s sencilla.  <\/p>\n\n\n\n<p class=\"has-m-font-size\" style=\"padding-left:2rem\">Nuestro objetivo es inspirarte con una variada selecci\u00f3n de temas, que se encuentran cerca de nuestros establecimientos. Puedes combinarlos como desees para crear unas vacaciones a tu medida. <\/p>\n\n\n\n<p class=\"has-m-font-size\" style=\"padding-left:2rem\">  \u00bfLa principal ventaja?  <\/p>\n\n\n\n<p class=\"has-m-font-size\" style=\"padding-left:2rem\">Ahorrar\u00e1s un tiempo precioso gracias a una presentaci\u00f3n clara y organizada de las actividades disponibles en torno a cada establecimiento. Podr\u00e1s ver inmediatamente lo que quieres descubrir, y luego elegir el alojamiento VAP mejor situado para aprovechar al m\u00e1ximo tu programa. <\/p>\n\n\n\n<p class=\"has-m-font-size\" style=\"padding-left:2rem\">Los Paquetes VAP te permiten visualizar f\u00e1cilmente las posibilidades de nuestros distintos sitios, construir tu itinerario con toda tranquilidad y disfrutar de unas vacaciones m\u00e1s fluidas, m\u00e1s personalizadas y m\u00e1s cercanas a tus deseos.<\/p>\n<\/div>\n<\/div>\n<\/div>\n\n\n\n<div class=\"wp-block-group alignfull has-global-padding is-layout-constrained wp-block-group-is-layout-constrained\">\n<div class=\"wp-block-columns alignfull are-vertically-aligned-center is-layout-flex wp-container-core-columns-is-layout-0c0b91ec wp-block-columns-is-layout-flex\">\n<div class=\"wp-block-column is-vertically-aligned-center rightLeft is-layout-flow wp-container-core-column-is-layout-58dbe9e9 wp-block-column-is-layout-flow\" style=\"padding-left:10rem\">\n<div class=\"wp-block-group is-style-title-left is-layout-flow wp-block-group-is-layout-flow is-style-title-left--3\">\n<p class=\"has-secondary-color has-text-color has-link-color has-secondary-font-family has-xl-font-size wp-elements-551b7471888022d988c185933df10e5e\">C\u00f3mo<\/p>\n\n\n\n<p class=\"has-primary-color has-text-color has-link-color has-primary-font-family has-sm-font-size wp-elements-702461ab86f678fe9f2356e317b91406\" style=\"text-transform:uppercase\"><strong>\u00bfFunciona?<\/strong><\/p>\n<\/div>\n\n\n\n<h1 class=\"wp-block-heading text-title\">\u00a1Crea tus vacaciones personalizadas en Ari\u00e8ge y Toulouse con los Paquetes VAP!<\/h1>\n\n\n\n<p class=\"has-m-font-size\" style=\"padding-left:2rem\">Es muy sencillo: explora nuestros temas a continuaci\u00f3n, elige las actividades que te atraigan y dinos qu\u00e9 tema y fechas quieres.  <\/p>\n\n\n\n<p class=\"has-m-font-size\" style=\"padding-left:2rem\">No reservamos las actividades -ya que no somos una agencia de viajes-, pero puedes ponerte en contacto directamente con los proveedores.<br\/>Los Paquetes VAP s\u00f3lo est\u00e1n disponibles fuera de temporada y requieren una estancia m\u00ednima de 3 noches, para garantizarte comodidad, disponibilidad y una inmersi\u00f3n real en los descubrimientos que hayas elegido.<\/p>\n\n\n\n<p class=\"has-m-font-size\" style=\"padding-left:2rem\">  Nuestro papel es ayudarte a organizar unas vacaciones coherentes y a medida, orient\u00e1ndote hacia los establecimientos que mejor se adapten a los temas que hayas seleccionado.<\/p>\n\n\n\n<p class=\"has-m-font-size\" style=\"padding-left:2rem\">Una vez que hayas hecho tu elecci\u00f3n, s\u00f3lo tienes que ponerte en contacto con nosotros mediante el formulario: comprobaremos la disponibilidad y te ayudaremos a finalizar la reserva.  <\/p>\n\n\n\n<div style=\"height:50px\" aria-hidden=\"true\" class=\"wp-block-spacer\"><\/div>\n\n\n\n<div class=\"wp-block-buttons is-content-justification-center is-layout-flex wp-container-core-buttons-is-layout-23a043ba wp-block-buttons-is-layout-flex\">\n<div class=\"wp-block-button\"><a class=\"wp-block-button__link wp-element-button\" href=\"https:\/\/www.vap-camping.fr\/es\/vap-hebergements\/\">Pide un presupuesto personalizado<\/a><\/div>\n<\/div>\n<\/div>\n<\/div>\n<\/div>\n<\/div>\n\n\n\n<div class=\"wp-block-group alignfull reveal has-global-padding is-layout-constrained wp-container-core-group-is-layout-28621925 wp-block-group-is-layout-constrained\">\n<div class=\"wp-block-group alignwide is-style-title-simple reveal is-layout-flow wp-block-group-is-layout-flow is-style-title-simple--4\" style=\"margin-top:4rem;margin-bottom:4rem\">\n<p class=\"has-text-align-center has-secondary-color has-text-color has-link-color has-secondary-font-family has-xl-font-size wp-elements-db7b35e164b0c303c573df4bdba2aa53\">Descubre  <\/p>\n\n\n\n<p class=\"has-text-align-center has-primary-font-family has-sm-font-size\" style=\"text-transform:uppercase\"><strong>Nuestras pausas tem\u00e1ticas<\/strong><\/p>\n<\/div>\n<\/div>\n<\/div>\n\n    <div class=\"journey-wrapper is-layout-flow wp-block-slider-taxo-is-layout-flow\">\n        <div class=\"journey-slides\">\n                            <div class=\"journey-slide\">\n                    <a href=\"https:\/\/www.vap-camping.fr\/es\/sejours\/weekend-depaysant-dans-les-paysages-verdoyants-de-lariege\/\" class=\"journey\" title=\"Un fin de semana en los verdes paisajes del Ari\u00e8ge\">\n                        <img decoding=\"async\" width=\"2560\" height=\"1707\" src=\"https:\/\/www.vap-camping.fr\/wp-content\/uploads\/2025\/05\/AdobeStock_1440628082-scaled.jpeg\" class=\"attachment-3018 size-3018 wp-post-image\" alt=\"waterfall Ari\u00e8ge\" large=\"\" srcset=\"https:\/\/www.vap-camping.fr\/wp-content\/uploads\/2025\/05\/AdobeStock_1440628082-scaled.jpeg 2560w, https:\/\/www.vap-camping.fr\/wp-content\/uploads\/2025\/05\/AdobeStock_1440628082-600x400.jpeg 600w, https:\/\/www.vap-camping.fr\/wp-content\/uploads\/2025\/05\/AdobeStock_1440628082-1024x683.jpeg 1024w, https:\/\/www.vap-camping.fr\/wp-content\/uploads\/2025\/05\/AdobeStock_1440628082-768x512.jpeg 768w, https:\/\/www.vap-camping.fr\/wp-content\/uploads\/2025\/05\/AdobeStock_1440628082-1536x1024.jpeg 1536w, https:\/\/www.vap-camping.fr\/wp-content\/uploads\/2025\/05\/AdobeStock_1440628082-2048x1365.jpeg 2048w\" sizes=\"(max-width: 2560px) 100vw, 2560px\" \/>                        <p class=\"j-title\">\n                            Un cambio de aires garantizado                        <\/p>\n                        <p class=\"j-more\">\n                            Descubre                        <\/p>\n                    <\/a>\n                <\/div>\n\n                            <div class=\"journey-slide\">\n                    <a href=\"https:\/\/www.vap-camping.fr\/es\/sejours\/5-dias-en-aryge-para-una-inmersion-completa\/\" class=\"journey\" title=\"Visitas culturales\">\n                        <img decoding=\"async\" width=\"1920\" height=\"2560\" src=\"https:\/\/www.vap-camping.fr\/wp-content\/uploads\/2025\/08\/couvent-des-jacobins-toulouse-scaled.jpg\" class=\"attachment-3013 size-3013 wp-post-image\" alt=\"\" large=\"\" srcset=\"https:\/\/www.vap-camping.fr\/wp-content\/uploads\/2025\/08\/couvent-des-jacobins-toulouse-scaled.jpg 1920w, https:\/\/www.vap-camping.fr\/wp-content\/uploads\/2025\/08\/couvent-des-jacobins-toulouse-450x600.jpg 450w, https:\/\/www.vap-camping.fr\/wp-content\/uploads\/2025\/08\/couvent-des-jacobins-toulouse-768x1024.jpg 768w, https:\/\/www.vap-camping.fr\/wp-content\/uploads\/2025\/08\/couvent-des-jacobins-toulouse-1152x1536.jpg 1152w, https:\/\/www.vap-camping.fr\/wp-content\/uploads\/2025\/08\/couvent-des-jacobins-toulouse-1536x2048.jpg 1536w\" sizes=\"(max-width: 1920px) 100vw, 1920px\" \/>                        <p class=\"j-title\">\n                            Visitas culturales                        <\/p>\n                        <p class=\"j-more\">\n                            Descubre                        <\/p>\n                    <\/a>\n                <\/div>\n\n                            <div class=\"journey-slide\">\n                    <a href=\"https:\/\/www.vap-camping.fr\/es\/sejours\/10-jours-dans-la-terre-ariegeoise\/\" class=\"journey\" title=\"10 d\u00edas en la regi\u00f3n de Ari\u00e8ge\">\n                        <img decoding=\"async\" width=\"2000\" height=\"1333\" src=\"https:\/\/www.vap-camping.fr\/wp-content\/uploads\/2025\/04\/AdobeStock_917113788.jpg\" class=\"attachment-3025 size-3025 wp-post-image\" alt=\"\" large=\"\" srcset=\"https:\/\/www.vap-camping.fr\/wp-content\/uploads\/2025\/04\/AdobeStock_917113788.jpg 2000w, https:\/\/www.vap-camping.fr\/wp-content\/uploads\/2025\/04\/AdobeStock_917113788-300x200.jpg 300w, https:\/\/www.vap-camping.fr\/wp-content\/uploads\/2025\/04\/AdobeStock_917113788-1024x682.jpg 1024w, https:\/\/www.vap-camping.fr\/wp-content\/uploads\/2025\/04\/AdobeStock_917113788-768x512.jpg 768w, https:\/\/www.vap-camping.fr\/wp-content\/uploads\/2025\/04\/AdobeStock_917113788-1536x1024.jpg 1536w\" sizes=\"(max-width: 2000px) 100vw, 2000px\" \/>                        <p class=\"j-title\">\n                            Aventura total                        <\/p>\n                        <p class=\"j-more\">\n                            Descubre                        <\/p>\n                    <\/a>\n                <\/div>\n\n                            <div class=\"journey-slide\">\n                    <a href=\"https:\/\/www.vap-camping.fr\/es\/sejours\/3-jours-daventure-entre-nature-et-histoire-en-ariege\/\" class=\"journey\" title=\"Castillos y fortalezas\">\n                        <img decoding=\"async\" width=\"2560\" height=\"1750\" src=\"https:\/\/www.vap-camping.fr\/wp-content\/uploads\/2025\/05\/AdobeStock_505119846-scaled.jpeg\" class=\"attachment-3029 size-3029 wp-post-image\" alt=\"\" large=\"\" srcset=\"https:\/\/www.vap-camping.fr\/wp-content\/uploads\/2025\/05\/AdobeStock_505119846-scaled.jpeg 2560w, https:\/\/www.vap-camping.fr\/wp-content\/uploads\/2025\/05\/AdobeStock_505119846-600x410.jpeg 600w, https:\/\/www.vap-camping.fr\/wp-content\/uploads\/2025\/05\/AdobeStock_505119846-1024x700.jpeg 1024w, https:\/\/www.vap-camping.fr\/wp-content\/uploads\/2025\/05\/AdobeStock_505119846-768x525.jpeg 768w, https:\/\/www.vap-camping.fr\/wp-content\/uploads\/2025\/05\/AdobeStock_505119846-1536x1050.jpeg 1536w, https:\/\/www.vap-camping.fr\/wp-content\/uploads\/2025\/05\/AdobeStock_505119846-2048x1400.jpeg 2048w\" sizes=\"(max-width: 2560px) 100vw, 2560px\" \/>                        <p class=\"j-title\">\n                            Castillos y fincas                        <\/p>\n                        <p class=\"j-more\">\n                            Descubre                        <\/p>\n                    <\/a>\n                <\/div>\n\n                            <div class=\"journey-slide\">\n                    <a href=\"https:\/\/www.vap-camping.fr\/es\/sejours\/des-sensations-fortes-a-vivre\/\" class=\"journey\" title=\"Toda una vida de emociones\">\n                        <img decoding=\"async\" width=\"2560\" height=\"1709\" src=\"https:\/\/www.vap-camping.fr\/wp-content\/uploads\/2025\/05\/AdobeStock_135226020-scaled.jpeg\" class=\"attachment-2936 size-2936 wp-post-image\" alt=\"parapente\" large=\"\" srcset=\"https:\/\/www.vap-camping.fr\/wp-content\/uploads\/2025\/05\/AdobeStock_135226020-scaled.jpeg 2560w, https:\/\/www.vap-camping.fr\/wp-content\/uploads\/2025\/05\/AdobeStock_135226020-600x401.jpeg 600w, https:\/\/www.vap-camping.fr\/wp-content\/uploads\/2025\/05\/AdobeStock_135226020-1024x684.jpeg 1024w, https:\/\/www.vap-camping.fr\/wp-content\/uploads\/2025\/05\/AdobeStock_135226020-768x513.jpeg 768w, https:\/\/www.vap-camping.fr\/wp-content\/uploads\/2025\/05\/AdobeStock_135226020-1536x1025.jpeg 1536w, https:\/\/www.vap-camping.fr\/wp-content\/uploads\/2025\/05\/AdobeStock_135226020-2048x1367.jpeg 2048w\" sizes=\"(max-width: 2560px) 100vw, 2560px\" \/>                        <p class=\"j-title\">\n                            Emociones y derrames                        <\/p>\n                        <p class=\"j-more\">\n                            Descubre                        <\/p>\n                    <\/a>\n                <\/div>\n\n                            <div class=\"journey-slide\">\n                    <a href=\"https:\/\/www.vap-camping.fr\/es\/sejours\/les-sommets-des-pyrenees-a-travers-des-activites-montagne\/\" class=\"journey\" title=\"Paseos o excursiones por nuestros establecimientos\">\n                        <img decoding=\"async\" width=\"2560\" height=\"1434\" src=\"https:\/\/www.vap-camping.fr\/wp-content\/uploads\/2025\/05\/AdobeStock_773958435-scaled.jpeg\" class=\"attachment-2930 size-2930 wp-post-image\" alt=\"\" large=\"\" srcset=\"https:\/\/www.vap-camping.fr\/wp-content\/uploads\/2025\/05\/AdobeStock_773958435-scaled.jpeg 2560w, https:\/\/www.vap-camping.fr\/wp-content\/uploads\/2025\/05\/AdobeStock_773958435-600x336.jpeg 600w, https:\/\/www.vap-camping.fr\/wp-content\/uploads\/2025\/05\/AdobeStock_773958435-1024x574.jpeg 1024w, https:\/\/www.vap-camping.fr\/wp-content\/uploads\/2025\/05\/AdobeStock_773958435-768x430.jpeg 768w, https:\/\/www.vap-camping.fr\/wp-content\/uploads\/2025\/05\/AdobeStock_773958435-1536x861.jpeg 1536w, https:\/\/www.vap-camping.fr\/wp-content\/uploads\/2025\/05\/AdobeStock_773958435-2048x1148.jpeg 2048w\" sizes=\"(max-width: 2560px) 100vw, 2560px\" \/>                        <p class=\"j-title\">\n                            Paseos y excursiones                          <\/p>\n                        <p class=\"j-more\">\n                            Descubre                        <\/p>\n                    <\/a>\n                <\/div>\n\n                            <div class=\"journey-slide\">\n                    <a href=\"https:\/\/www.vap-camping.fr\/es\/sejours\/le-temps-des-legendes-a-travers-les-chateaux-de-lariege\/\" class=\"journey\" title=\"Toulouse y Ari\u00e8ge en bicicleta\">\n                        <img decoding=\"async\" width=\"1920\" height=\"1281\" src=\"https:\/\/www.vap-camping.fr\/wp-content\/uploads\/2025\/08\/activites-nature-ariege.webp\" class=\"attachment-2963 size-2963 wp-post-image\" alt=\"Activit\u00e9s nature pr\u00e8s de nos campings en Ari\u00e8ge.\" large=\"\" srcset=\"https:\/\/www.vap-camping.fr\/wp-content\/uploads\/2025\/08\/activites-nature-ariege.webp 1920w, https:\/\/www.vap-camping.fr\/wp-content\/uploads\/2025\/08\/activites-nature-ariege-600x400.webp 600w, https:\/\/www.vap-camping.fr\/wp-content\/uploads\/2025\/08\/activites-nature-ariege-1024x683.webp 1024w, https:\/\/www.vap-camping.fr\/wp-content\/uploads\/2025\/08\/activites-nature-ariege-768x512.webp 768w, https:\/\/www.vap-camping.fr\/wp-content\/uploads\/2025\/08\/activites-nature-ariege-1536x1025.webp 1536w\" sizes=\"(max-width: 1920px) 100vw, 1920px\" \/>                        <p class=\"j-title\">\n                            Toulouse y Ari\u00e8ge en bicicleta                        <\/p>\n                        <p class=\"j-more\">\n                            Descubre                        <\/p>\n                    <\/a>\n                <\/div>\n\n                            <div class=\"journey-slide\">\n                    <a href=\"https:\/\/www.vap-camping.fr\/es\/sejours\/lhiver-en-ariege-pour-vos-vacances-en-famille\/\" class=\"journey\" title=\"Invierno con VAP\">\n                        <img decoding=\"async\" width=\"2560\" height=\"1707\" src=\"https:\/\/www.vap-camping.fr\/wp-content\/uploads\/2025\/05\/AdobeStock_23369091-scaled.jpeg\" class=\"attachment-2968 size-2968 wp-post-image\" alt=\"\" large=\"\" srcset=\"https:\/\/www.vap-camping.fr\/wp-content\/uploads\/2025\/05\/AdobeStock_23369091-scaled.jpeg 2560w, https:\/\/www.vap-camping.fr\/wp-content\/uploads\/2025\/05\/AdobeStock_23369091-600x400.jpeg 600w, https:\/\/www.vap-camping.fr\/wp-content\/uploads\/2025\/05\/AdobeStock_23369091-1024x683.jpeg 1024w, https:\/\/www.vap-camping.fr\/wp-content\/uploads\/2025\/05\/AdobeStock_23369091-768x512.jpeg 768w, https:\/\/www.vap-camping.fr\/wp-content\/uploads\/2025\/05\/AdobeStock_23369091-1536x1024.jpeg 1536w, https:\/\/www.vap-camping.fr\/wp-content\/uploads\/2025\/05\/AdobeStock_23369091-2048x1365.jpeg 2048w\" sizes=\"(max-width: 2560px) 100vw, 2560px\" \/>                        <p class=\"j-title\">\n                            Invierno con VAP                        <\/p>\n                        <p class=\"j-more\">\n                            Descubre                        <\/p>\n                    <\/a>\n                <\/div>\n\n                            <div class=\"journey-slide\">\n                    <a href=\"https:\/\/www.vap-camping.fr\/es\/sejours\/offrez-vous-une-pause-bien-etre-en-ariege\/\" class=\"journey\" title=\"5 ideas para una escapada de bienestar\">\n                        <img decoding=\"async\" width=\"2560\" height=\"1637\" src=\"https:\/\/www.vap-camping.fr\/wp-content\/uploads\/2025\/05\/AdobeStock_1074550848-scaled.jpeg\" class=\"attachment-2486 size-2486 wp-post-image\" alt=\"\" large=\"\" srcset=\"https:\/\/www.vap-camping.fr\/wp-content\/uploads\/2025\/05\/AdobeStock_1074550848-scaled.jpeg 2560w, https:\/\/www.vap-camping.fr\/wp-content\/uploads\/2025\/05\/AdobeStock_1074550848-600x384.jpeg 600w, https:\/\/www.vap-camping.fr\/wp-content\/uploads\/2025\/05\/AdobeStock_1074550848-1024x655.jpeg 1024w, https:\/\/www.vap-camping.fr\/wp-content\/uploads\/2025\/05\/AdobeStock_1074550848-768x491.jpeg 768w, https:\/\/www.vap-camping.fr\/wp-content\/uploads\/2025\/05\/AdobeStock_1074550848-1536x982.jpeg 1536w, https:\/\/www.vap-camping.fr\/wp-content\/uploads\/2025\/05\/AdobeStock_1074550848-2048x1310.jpeg 2048w\" sizes=\"(max-width: 2560px) 100vw, 2560px\" \/>                        <p class=\"j-title\">\n                            Bienestar                        <\/p>\n                        <p class=\"j-more\">\n                            Descubre                        <\/p>\n                    <\/a>\n                <\/div>\n\n                            <div class=\"journey-slide\">\n                    <a href=\"https:\/\/www.vap-camping.fr\/es\/sejours\/primavera-en-edad-vivir-la-sensibilidad-renovacion\/\" class=\"journey\" title=\"Visitas industriales\">\n                        <img decoding=\"async\" width=\"1200\" height=\"789\" src=\"https:\/\/www.vap-camping.fr\/wp-content\/uploads\/2025\/09\/image-2.jpeg\" class=\"attachment-2990 size-2990 wp-post-image\" alt=\"Talcane\u00f4\" large=\"\" srcset=\"https:\/\/www.vap-camping.fr\/wp-content\/uploads\/2025\/09\/image-2.jpeg 1200w, https:\/\/www.vap-camping.fr\/wp-content\/uploads\/2025\/09\/image-2-600x395.jpeg 600w, https:\/\/www.vap-camping.fr\/wp-content\/uploads\/2025\/09\/image-2-1024x673.jpeg 1024w, https:\/\/www.vap-camping.fr\/wp-content\/uploads\/2025\/09\/image-2-768x505.jpeg 768w\" sizes=\"(max-width: 1200px) 100vw, 1200px\" \/>                        <p class=\"j-title\">\n                            Visitas industriales                          <\/p>\n                        <p class=\"j-more\">\n                            Descubre                        <\/p>\n                    <\/a>\n                <\/div>\n\n                    <\/div>\n        <div class=\"journey-buttons\">\n            <button class=\"j-prev\">ARR<\/button>\n            <button class=\"j-next\">AV<\/button>\n        <\/div>\n    <\/div>\n\n\n","protected":false},"excerpt":{"rendered":"<p>Paquete VAP a medida \u00a1Es f\u00e1cil organizar tus vacaciones a medida cerca de los campings y casas rurales VAP de Ari\u00e8ge y Toulouse! Con los Paquetes VAP, te ofrecemos una nueva forma de imaginar tus vacaciones: m\u00e1s intuitiva, m\u00e1s libre y mucho m\u00e1s sencilla. Nuestro objetivo es inspirarte con una variada selecci\u00f3n de temas, que [&hellip;]<\/p>\n","protected":false},"author":1,"featured_media":2752,"parent":2858,"menu_order":65,"comment_status":"closed","ping_status":"closed","template":"","meta":{"_acf_changed":false,"_seopress_robots_primary_cat":"","_seopress_titles_title":"Planifica tus vacaciones de camping en Ari\u00e8ge-Pirineos","_seopress_titles_desc":"Descarga todos los documentos que necesitas para preparar tus vacaciones en un camping VAP de Ari\u00e8ge-Pyr\u00e9n\u00e9es.","_seopress_robots_index":"","ouverture":"","nombre_de_locations":"","nombre_demplacements":"","adresse":"","numero_de_telephone":"","email":"","url_du_site":"","footnotes":""},"class_list":["post-2866","page","type-page","status-publish","has-post-thumbnail","hentry"],"acf":[],"_links":{"self":[{"href":"https:\/\/www.vap-camping.fr\/es\/wp-json\/wp\/v2\/pages\/2866","targetHints":{"allow":["GET"]}}],"collection":[{"href":"https:\/\/www.vap-camping.fr\/es\/wp-json\/wp\/v2\/pages"}],"about":[{"href":"https:\/\/www.vap-camping.fr\/es\/wp-json\/wp\/v2\/types\/page"}],"author":[{"embeddable":true,"href":"https:\/\/www.vap-camping.fr\/es\/wp-json\/wp\/v2\/users\/1"}],"replies":[{"embeddable":true,"href":"https:\/\/www.vap-camping.fr\/es\/wp-json\/wp\/v2\/comments?post=2866"}],"version-history":[{"count":4,"href":"https:\/\/www.vap-camping.fr\/es\/wp-json\/wp\/v2\/pages\/2866\/revisions"}],"predecessor-version":[{"id":6124,"href":"https:\/\/www.vap-camping.fr\/es\/wp-json\/wp\/v2\/pages\/2866\/revisions\/6124"}],"up":[{"embeddable":true,"href":"https:\/\/www.vap-camping.fr\/es\/wp-json\/wp\/v2\/pages\/2858"}],"wp:featuredmedia":[{"embeddable":true,"href":"https:\/\/www.vap-camping.fr\/es\/wp-json\/wp\/v2\/media\/2752"}],"wp:attachment":[{"href":"https:\/\/www.vap-camping.fr\/es\/wp-json\/wp\/v2\/media?parent=2866"}],"curies":[{"name":"wp","href":"https:\/\/api.w.org\/{rel}","templated":true}]}}