{"id":2884,"date":"2025-05-21T13:53:38","date_gmt":"2025-05-21T13:53:38","guid":{"rendered":"https:\/\/www.vap-camping.fr\/mentions-legales\/"},"modified":"2026-01-29T23:01:06","modified_gmt":"2026-01-29T23:01:06","slug":"anotaciones","status":"publish","type":"page","link":"https:\/\/www.vap-camping.fr\/es\/anotaciones\/","title":{"rendered":"Informaci\u00f3n legal"},"content":{"rendered":"\n<div class=\"wp-block-group alignfull has-global-padding is-layout-constrained wp-container-core-group-is-layout-cca09af0 wp-block-group-is-layout-constrained\" style=\"margin-top:10rem;margin-bottom:5rem\">\n<h2 class=\"wp-block-heading\"><strong>IDENTIDAD<\/strong><\/h2>\n\n\n\n<p>Nombre del sitio web: <strong>vap-camping<\/strong><\/p>\n\n\n\n<p>Direcci\u00f3n: <a href=\"https:\/\/www.vap-camping.fr\/es\/\"><strong>https:\/\/www.vap-camping.fr\/<\/strong><\/a><\/p>\n\n\n\n<p>Propietario : <strong>Vacances Ari\u00e8ge Pyrenees<\/strong><\/p>\n\n\n\n<p>Director de la publicaci\u00f3n: <strong>Nicolas Gourdin ( contact@vacance-ariege-pyrenees.com )<\/strong><\/p>\n\n\n\n<p>Dise\u00f1o y producci\u00f3n: <strong>Horizon Marketing<\/strong><\/p>\n\n\n\n<p>Alojamiento : <strong>Infomaniak<\/strong><\/p>\n\n\n\n<p><\/p>\n\n\n\n<h2 class=\"wp-block-heading\"><strong>ENTIDADES JUR\u00cdDICAS<\/strong><\/h2>\n\n\n\n<p><strong>BOURDIEU (SARL Bourdieu)<\/strong><\/p>\n\n\n\n<p>SIRET: 35110267800015<\/p>\n\n\n\n<p>SARL au capital de 7622.46\u20ac immatriculee au RCS de Foix<\/p>\n\n\n\n<p><\/p>\n\n\n\n<p><strong>FOIX (SARL Sogecamp)<\/strong><\/p>\n\n\n\n<p>SIRET: 41214974200022<\/p>\n\n\n\n<p>SARL con un capital de 7775\u20ac registrada en el RCS de Foix<\/p>\n\n\n\n<p><\/p>\n\n\n\n<p><strong>PAMIERS (SARL Sogecamp)<\/strong><\/p>\n\n\n\n<p>SIRET: 41214974200055<\/p>\n\n\n\n<p>SARL con un capital de 7775\u20ac registrada en el RCS de Foix<\/p>\n\n\n\n<p><\/p>\n\n\n\n<p><strong>OUSTALOUS (SARL giticime)<\/strong><\/p>\n\n\n\n<p>SIRET: 79174652200014<\/p>\n\n\n\n<p>SARL con un capital de 9000\u20ac registrada en el RCS de Foix<\/p>\n\n\n\n<p><\/p>\n\n\n\n<p><strong>MIJEANNES<\/strong><\/p>\n\n\n\n<p>SIRET: 394160196<\/p>\n\n\n\n<p>SARL au capital de 7622.45\u20ac immatriculee au RCS de Foix<\/p>\n\n\n\n<p><\/p>\n\n\n\n<h2 class=\"wp-block-heading\"><strong>CONDICIONES DE USO<\/strong><\/h2>\n\n\n\n<p>El uso de este sitio implica la plena aceptaci\u00f3n de las condiciones generales de uso que se describen a continuaci\u00f3n. Estas condiciones de uso pueden ser modificadas o complementadas en cualquier momento. <\/p>\n\n\n\n<p><\/p>\n\n\n\n<h2 class=\"wp-block-heading\"><strong>INFORMACI\u00d3N<\/strong><\/h2>\n\n\n\n<p>La informaci\u00f3n y los documentos de este sitio se facilitan \u00fanicamente a t\u00edtulo informativo, no son exhaustivos y no comprometen la responsabilidad del propietario del sitio.<\/p>\n\n\n\n<p>El propietario del sitio no se hace responsable de ning\u00fan da\u00f1o directo o indirecto derivado del acceso al sitio.<\/p>\n\n\n\n<p><\/p>\n\n\n\n<h2 class=\"wp-block-heading\"><strong>INTERACTIVIDAD<\/strong><\/h2>\n\n\n\n<p>Los usuarios del sitio pueden enviar contenido, que aparecer\u00e1 en el sitio en \u00e1reas dedicadas (en particular a trav\u00e9s del formulario de contacto). El contenido enviado sigue siendo responsabilidad de sus autores, que asumen toda la responsabilidad legal. <\/p>\n\n\n\n<p>No obstante, el propietario del sitio se reserva el derecho a retirar, sin previo aviso ni justificaci\u00f3n, cualquier contenido publicado por los usuarios que no cumpla la carta \u00e9tica del sitio o la legislaci\u00f3n vigente.<\/p>\n\n\n\n<p><\/p>\n\n\n\n<h2 class=\"wp-block-heading\"><strong>PROPIEDAD INTELECTUAL<\/strong><\/h2>\n\n\n\n<p>Salvo que se indique lo contrario, todos los elementos accesibles en el sitio (textos, im\u00e1genes, gr\u00e1ficos, logotipos, iconos, sonidos, software, etc.) siguen siendo propiedad exclusiva de sus autores, en lo que respecta a los derechos de propiedad intelectual o derechos de uso.<\/p>\n\n\n\n<p>Cualquier reproducci\u00f3n, representaci\u00f3n, modificaci\u00f3n, publicaci\u00f3n, adaptaci\u00f3n de la totalidad o parte de los elementos del sitio, cualesquiera que sean los medios o procedimientos utilizados, est\u00e1 prohibida, salvo autorizaci\u00f3n previa por escrito del autor.<\/p>\n\n\n\n<p>Cualquier uso no autorizado del sitio o de cualquiera de los elementos que contiene se considera una infracci\u00f3n y puede ser perseguido.<\/p>\n\n\n\n<p>Las marcas y logotipos reproducidos en el sitio est\u00e1n registrados por las empresas propietarias de los mismos.<\/p>\n\n\n\n<p><\/p>\n\n\n\n<h2 class=\"wp-block-heading\"><strong>ENLACES<\/strong><\/h2>\n\n\n\n<p><strong>Enlaces salientes<\/strong><\/p>\n\n\n\n<p>El propietario del sitio declina toda responsabilidad y no se compromete por la referencia, mediante enlaces de hipertexto, a recursos de terceros presentes en la red Internet, tanto en lo que se refiere a su contenido como a su pertinencia.<\/p>\n\n\n\n<p><strong>Enlaces entrantes<\/strong><\/p>\n\n\n\n<p>El propietario del sitio autoriza los enlaces de hipertexto a cualquier p\u00e1gina de este sitio, siempre que \u00e9stos abran una nueva ventana y se presenten de forma inequ\u00edvoca para evitar :<\/p>\n\n\n\n<ul class=\"wp-block-list\">\n<li>cualquier riesgo de confusi\u00f3n entre el sitio que cita y el propietario del sitio<\/li>\n\n\n\n<li>as\u00ed como cualquier presentaci\u00f3n tendenciosa o contraria a la legislaci\u00f3n vigente.<\/li>\n<\/ul>\n\n\n\n<p>El propietario del sitio se reserva el derecho a solicitar la eliminaci\u00f3n de un enlace si considera que el sitio de origen no cumple estas normas.<\/p>\n\n\n\n<p><\/p>\n\n\n\n<h2 class=\"wp-block-heading\"><strong>CONFIDENCIALIDAD<\/strong><\/h2>\n\n\n\n<p>Todos los usuarios tienen derecho a acceder, rectificar y oponerse a cualquier dato personal que les concierna, presentando una solicitud escrita y firmada, acompa\u00f1ada de una prueba de identidad.<\/p>\n\n\n\n<p>Si tienes alguna duda, ponte en contacto con el departamento de reclamaciones: <strong>contact@vacance-ariege-pyrenees.com<\/strong><\/p>\n\n\n\n<p><\/p>\n\n\n\n<h2 class=\"wp-block-heading\">DEFENSOR DEL CONSUMIDOR<\/h2>\n\n\n\n<p>De conformidad con lo dispuesto en el art\u00edculo L 612-1 del C\u00f3digo de Consumo franc\u00e9s, todo cliente de un camping tiene derecho a recurrir gratuitamente a un mediador de consumo con vistas a la resoluci\u00f3n amistosa de un litigio con el explotador del camping.<\/p>\n\n\n\n<p><\/p>\n\n\n\n<h2 class=\"wp-block-heading\"><strong>CR\u00c9DITOS<\/strong><\/h2>\n\n\n\n<p><strong><strong>Adobe Stock<\/strong><br\/><strong>Horizon Marketing<\/strong><\/strong><\/p>\n<\/div>\n","protected":false},"excerpt":{"rendered":"<p>IDENTIDAD Nombre del sitio web: vap-camping Direcci\u00f3n: https:\/\/www.vap-camping.fr\/ Propietario : Vacances Ari\u00e8ge Pyrenees Director de la publicaci\u00f3n: Nicolas Gourdin ( contact@vacance-ariege-pyrenees.com ) Dise\u00f1o y producci\u00f3n: Horizon Marketing Alojamiento : Infomaniak ENTIDADES JUR\u00cdDICAS BOURDIEU (SARL Bourdieu) SIRET: 35110267800015 SARL au capital de 7622.46\u20ac immatriculee au RCS de Foix FOIX (SARL Sogecamp) SIRET: 41214974200022 SARL con un [&hellip;]<\/p>\n","protected":false},"author":1,"featured_media":0,"parent":0,"menu_order":53,"comment_status":"closed","ping_status":"closed","template":"","meta":{"_acf_changed":false,"_seopress_robots_primary_cat":"","_seopress_titles_title":"Informaci\u00f3n legal | Campings Vacances Ari\u00e8ge Pyr\u00e9n\u00e9ees","_seopress_titles_desc":"Informaci\u00f3n legal de los campings de 3 y 4 estrellas Vacances Ari\u00e8ge Pyr\u00e9n\u00e9es.","_seopress_robots_index":"","ouverture":"","nombre_de_locations":"","nombre_demplacements":"","adresse":"","numero_de_telephone":"","email":"","url_du_site":"","footnotes":""},"class_list":["post-2884","page","type-page","status-publish","hentry"],"acf":[],"_links":{"self":[{"href":"https:\/\/www.vap-camping.fr\/es\/wp-json\/wp\/v2\/pages\/2884","targetHints":{"allow":["GET"]}}],"collection":[{"href":"https:\/\/www.vap-camping.fr\/es\/wp-json\/wp\/v2\/pages"}],"about":[{"href":"https:\/\/www.vap-camping.fr\/es\/wp-json\/wp\/v2\/types\/page"}],"author":[{"embeddable":true,"href":"https:\/\/www.vap-camping.fr\/es\/wp-json\/wp\/v2\/users\/1"}],"replies":[{"embeddable":true,"href":"https:\/\/www.vap-camping.fr\/es\/wp-json\/wp\/v2\/comments?post=2884"}],"version-history":[{"count":1,"href":"https:\/\/www.vap-camping.fr\/es\/wp-json\/wp\/v2\/pages\/2884\/revisions"}],"predecessor-version":[{"id":2886,"href":"https:\/\/www.vap-camping.fr\/es\/wp-json\/wp\/v2\/pages\/2884\/revisions\/2886"}],"wp:attachment":[{"href":"https:\/\/www.vap-camping.fr\/es\/wp-json\/wp\/v2\/media?parent=2884"}],"curies":[{"name":"wp","href":"https:\/\/api.w.org\/{rel}","templated":true}]}}