{"id":3128,"date":"2025-04-22T07:18:44","date_gmt":"2025-04-22T07:18:44","guid":{"rendered":"https:\/\/www.vap-camping.fr\/accueil\/"},"modified":"2026-04-07T15:16:20","modified_gmt":"2026-04-07T15:16:20","slug":"inicio","status":"publish","type":"page","link":"https:\/\/www.vap-camping.fr\/es\/","title":{"rendered":"Inicio"},"content":{"rendered":"\n<div class=\"wp-block-group alignfull is-layout-flow wp-container-core-group-is-layout-8fc0eadb wp-block-group-is-layout-flow\">\n<div class=\"wp-block-plune-blocks-video\" data-autoplay-desktop=\"true\" data-autoplay-mobile=\"false\" data-sound-desktop=\"false\" data-sound-mobile=\"false\" data-loop-desktop=\"true\" data-loop-mobile=\"false\" data-play-on-hover=\"false\" data-key=\"cs4A02RwBa4\" data-start=\"\" data-end=\"\" data-reduction=\"\" data-mobile-key=\"\" data-mobilestart=\"\" data-mobileend=\"\" data-mobile-reduction=\"\" data-mobile-start=\"\" data-mobile-end=\"\" data-aspect=\"16:9\"><div class=\"video   \"><div class=\"iframedom\"><\/div><div class=\"video_push ratio-56-25 \"><\/div><\/div><\/div>\n\n\n\n<div class=\"wp-block-group has-secondary-background-color has-background is-content-justification-center is-layout-flex wp-container-core-group-is-layout-b01b06ca wp-block-group-is-layout-flex\" style=\"margin-top:0px;margin-bottom:0px;padding-top:4rem;padding-bottom:4rem\">\n<p class=\"has-secondary-font-family has-xl-font-size\">Reserva tus vacaciones  <\/p>\n\n\n<div id=\"resa-form\" class=\"resa-container\">\n    <div class=\"resa-wrapper\">\n        <input type=\"text\" id=\"resa-date\" name=\"resa_date\" required>\n    <\/div>\n    <div class=\"group-wrapper\">\n        <!-- <input type=\"number\" id=\"resa-person\" class=\"resa-person\" name=\"resa_person\" min=\"1\" value=\"1\" required> -->\n        <select id=\"resa-person\" class=\"resa-person\" name=\"resa_person\" required>\n            <option value=\"1\" selected>1<\/option>\n            <option value=\"2\">2<\/option>\n            <option value=\"3\">3<\/option>\n            <option value=\"4\">4<\/option>\n            <option value=\"5\">5<\/option>\n            <option value=\"6\">6<\/option>\n            <option value=\"7\">7<\/option>\n            <option value=\"8\">8<\/option>\n            <option value=\"9\">9<\/option>\n            <option value=\"10\">10<\/option>\n        <\/select>\n    <\/div>\n    <div>\n        <a href=\"#\" target=\"_blank\" id=\"resa-send\" class=\"resa-send\">Envoyer<\/a>\n    <\/div>\n<\/div><\/div>\n\n\n\n<div class=\"wp-block-group has-primary-background-color has-background is-content-justification-center is-layout-flex wp-container-core-group-is-layout-b01b06ca wp-block-group-is-layout-flex\" style=\"margin-top:0px;margin-bottom:0px;padding-top:4rem;padding-bottom:4rem\">\n<p class=\"has-secondary-color has-text-color has-link-color has-secondary-font-family has-sm-font-size wp-elements-11491a2fdf36f5b9788d5de8360e0761\">Crea tu RoadTrip<\/p>\n\n\n\n<div class=\"wp-block-buttons is-layout-flex wp-block-buttons-is-layout-flex\">\n<div class=\"wp-block-button\"><a class=\"wp-block-button__link wp-element-button\" href=\"https:\/\/www.vap-camping.fr\/es\/vap-hebergements\/\">Reserve<\/a><\/div>\n<\/div>\n<\/div>\n\n\n\n<div class=\"wp-block-group has-global-padding is-layout-constrained wp-block-group-is-layout-constrained\">\n<div class=\"wp-block-group alignwide is-style-title-simple is-layout-flow wp-block-group-is-layout-flow is-style-title-simple--1\" style=\"margin-top:4rem;margin-bottom:4rem\">\n<p class=\"has-text-align-center has-secondary-color has-text-color has-link-color has-secondary-font-family has-xl-font-size wp-elements-4292de61de7822613e815fa80746a606\">Elija<\/p>\n\n\n\n<h1 class=\"wp-block-heading has-text-align-center\">Entre nuestros Campings y Casas Rurales<\/h1>\n<\/div>\n\n\n<div class=\"campings-wrapper is-layout-flow wp-block-slider-campings-is-layout-flow\">\n            <div class=\"campings-list\">\n                            <div class=\"camping-item\"\n                    style=\"background-image: linear-gradient(to top, rgba(0, 0, 0, 0.6), transparent), url('https:\/\/www.vap-camping.fr\/wp-content\/uploads\/2025\/04\/camping-avec-piscine-1024x767.jpg');\">\n                    <a href=\"https:\/\/www.vap-camping.fr\/es\/campings\/camping-du-lac\/\" title=\"Camping du lac(Foix)\" class=\"camping-link\">\n                        <p class=\"title\">Camping du lac(Foix)<\/p>\n                        <p class=\"camping-button\">Descubre<\/p>\n                    <\/a>\n                <\/div>\n                            <div class=\"camping-item\"\n                    style=\"background-image: linear-gradient(to top, rgba(0, 0, 0, 0.6), transparent), url('https:\/\/www.vap-camping.fr\/wp-content\/uploads\/2025\/07\/dji_0589-2-1024x767.jpg');\">\n                    <a href=\"https:\/\/www.vap-camping.fr\/es\/campings\/camping-la-bastide\/\" title=\"Camping la Bastide(Maz\u00e8res)\" class=\"camping-link\">\n                        <p class=\"title\">Camping la Bastide(Maz\u00e8res)<\/p>\n                        <p class=\"camping-button\">Descubre<\/p>\n                    <\/a>\n                <\/div>\n                            <div class=\"camping-item\"\n                    style=\"background-image: linear-gradient(to top, rgba(0, 0, 0, 0.6), transparent), url('https:\/\/www.vap-camping.fr\/wp-content\/uploads\/2025\/04\/dsc03930-1024x500.jpg');\">\n                    <a href=\"https:\/\/www.vap-camping.fr\/es\/campings\/camping-le-rupe\/\" title=\"Camping le Rup\u00e9(Toulouse)\" class=\"camping-link\">\n                        <p class=\"title\">Camping le Rup\u00e9(Toulouse)<\/p>\n                        <p class=\"camping-button\">Descubre<\/p>\n                    <\/a>\n                <\/div>\n                            <div class=\"camping-item\"\n                    style=\"background-image: linear-gradient(to top, rgba(0, 0, 0, 0.6), transparent), url('https:\/\/www.vap-camping.fr\/wp-content\/uploads\/2025\/04\/img_5291-1024x768-1.jpg');\">\n                    <a href=\"https:\/\/www.vap-camping.fr\/es\/campings\/oustalous-complex\/\" title=\"Complejo Les Oustalous\" class=\"camping-link\">\n                        <p class=\"title\">Complejo Les Oustalous<\/p>\n                        <p class=\"camping-button\">Descubre<\/p>\n                    <\/a>\n                <\/div>\n                            <div class=\"camping-item\"\n                    style=\"background-image: linear-gradient(to top, rgba(0, 0, 0, 0.6), transparent), url('https:\/\/www.vap-camping.fr\/wp-content\/uploads\/2025\/04\/4479-1024x461.jpeg');\">\n                    <a href=\"https:\/\/www.vap-camping.fr\/es\/campings\/camping-le-bourdieu\/\" title=\"Camping Le Bourdieu\" class=\"camping-link\">\n                        <p class=\"title\">Camping Le Bourdieu<\/p>\n                        <p class=\"camping-button\">Descubre<\/p>\n                    <\/a>\n                <\/div>\n                    <\/div>\n    <\/div>\n\n<\/div>\n\n\n\n<div class=\"wp-block-group has-global-padding is-layout-constrained wp-block-group-is-layout-constrained\">\n<div class=\"wp-block-columns alignfull m-ti is-layout-flex wp-container-core-columns-is-layout-0c0b91ec wp-block-columns-is-layout-flex\">\n<div class=\"wp-block-column is-vertically-aligned-center leftRight m-ti-text is-layout-flow wp-block-column-is-layout-flow\" style=\"padding-left:10rem;flex-basis:40%\">\n<div class=\"wp-block-group is-style-title-left is-layout-flow wp-block-group-is-layout-flow is-style-title-left--2\">\n<p class=\"has-secondary-color has-text-color has-link-color has-secondary-font-family has-xl-font-size wp-elements-8fd913402604521d2f5a45c00cfd5192\">Tus vacaciones  <\/p>\n\n\n\n<p class=\"has-primary-color has-text-color has-link-color has-primary-font-family has-sm-font-size wp-elements-522ee190de226a0c78d9379c4d4162c5\" style=\"text-transform:uppercase\"><strong>entre toulouse y Ari\u00e8ge<\/strong><\/p>\n<\/div>\n\n\n\n<h1 class=\"wp-block-heading text-title\">Al\u00f3jate a un tiro de piedra de Toulouse o en el coraz\u00f3n del Ari\u00e8ge con tu familia, amigos o grupo.<\/h1>\n\n\n\n<p class=\"has-link-color has-m-font-size wp-elements-4b9feedf604583d58ea7f72dc5c66137\" style=\"padding-left:2rem\">Bienvenido a Vacances Ari\u00e8ge Pyr\u00e9n\u00e9es (VAP), un grupo de amigos apasionados por la hospitalidad, la naturaleza y el descubrimiento.<br>Nuestros establecimientos est\u00e1n situados en el coraz\u00f3n de la regi\u00f3n de Occitanie, entre <a href=\"https:\/\/www.vap-camping.fr\/es\/campings\/camping-le-rupe\/\" data-type=\"campings\" data-id=\"103\">Toulouse<\/a>, <a href=\"https:\/\/www.vap-camping.fr\/es\/campings\/camping-du-lac\/\" data-type=\"campings\" data-id=\"22\">Foix<\/a>, <a href=\"https:\/\/www.vap-camping.fr\/es\/campings\/camping-la-bastide\/\" data-type=\"campings\" data-id=\"101\">Maz\u00e8res<\/a>, <a href=\"https:\/\/www.vap-camping.fr\/es\/campings\/oustalous-complex\/\" data-type=\"campings\" data-id=\"105\">Les Cabannes<\/a> y <a href=\"https:\/\/www.vap-camping.fr\/es\/campings\/camping-le-bourdieu\/\" data-type=\"campings\" data-id=\"108\">Dufort<\/a>, en lugares ideales para explorar la regi\u00f3n a tu antojo.<\/p>\n\n\n\n<p class=\"has-link-color has-m-font-size wp-elements-0df58dacc4bfa55e569749c841956632\" style=\"padding-left:2rem\">Tanto si te gusta la ciudad, la monta\u00f1a, el r\u00edo o los carriles bici, cada destino VAP ofrece un ambiente \u00fanico, adecuado para familias, amigos o grupos. Aprovecha el ambiente c\u00e1lido, las actividades naturales y la atenta bienvenida para disfrutar de unas vacaciones a tu medida. <\/p>\n\n\n\n<p class=\"has-link-color has-m-font-size wp-elements-f225fad8fa6b672ee9d21f087c8ee185\" style=\"padding-left:2rem\"><br><\/p>\n<\/div>\n\n\n\n<div class=\"wp-block-column is-vertically-aligned-stretch is-style-travel rightLeft m-ti-image is-layout-flow wp-block-column-is-layout-flow is-style-travel--3\" style=\"flex-basis:60%\">\n<figure class=\"wp-block-image alignright size-large\"><img alt=\"\" decoding=\"async\" width=\"1024\" height=\"683\" src=\"https:\/\/www.vap-camping.fr\/wp-content\/uploads\/2025\/05\/AdobeStock_438796001-1024x683.jpeg\" alt=\"\" class=\"wp-image-1314\" srcset=\"https:\/\/www.vap-camping.fr\/wp-content\/uploads\/2025\/05\/AdobeStock_438796001-1024x683.jpeg 1024w, https:\/\/www.vap-camping.fr\/wp-content\/uploads\/2025\/05\/AdobeStock_438796001-600x400.jpeg 600w, https:\/\/www.vap-camping.fr\/wp-content\/uploads\/2025\/05\/AdobeStock_438796001-768x512.jpeg 768w, https:\/\/www.vap-camping.fr\/wp-content\/uploads\/2025\/05\/AdobeStock_438796001-1536x1024.jpeg 1536w, https:\/\/www.vap-camping.fr\/wp-content\/uploads\/2025\/05\/AdobeStock_438796001-2048x1365.jpeg 2048w\" sizes=\"(max-width: 1024px) 100vw, 1024px\" \/><\/figure>\n<\/div>\n<\/div>\n<\/div>\n\n\n\n<div class=\"wp-block-group fromOpacity has-global-padding is-layout-constrained wp-container-core-group-is-layout-8dcf120e wp-block-group-is-layout-constrained\">\n<div class=\"wp-block-group is-style-title-simple fromTop is-layout-flow wp-block-group-is-layout-flow is-style-title-simple--4\" style=\"margin-top:4rem;margin-bottom:4rem\">\n<p class=\"has-text-align-center has-secondary-color has-text-color has-link-color has-secondary-font-family has-xl-font-size wp-elements-48b9b13635620c22724f6a4434859e19\">Descubre<\/p>\n\n\n\n<p class=\"has-text-align-center has-sm-font-size\" style=\"text-transform:uppercase\"><strong>Nuestras ofertas especiales<\/strong><\/p>\n<\/div>\n\n\n\n<h2 class=\"wp-block-heading has-text-align-center fromOpacity text-title\">Descubre nuestros campings econ\u00f3micos en Ari\u00e8ge y Toulouse<\/h2>\n\n\n\n<div style=\"height:30px\" aria-hidden=\"true\" class=\"wp-block-spacer\"><\/div>\n\n\n\n<div class=\"wp-block-buttons is-content-justification-center is-layout-flex wp-container-core-buttons-is-layout-a89b3969 wp-block-buttons-is-layout-flex\">\n<div class=\"wp-block-button\"><a class=\"wp-block-button__link has-text-align-center wp-element-button\" href=\"https:\/\/www.vap-camping.fr\/es\/offres-promotions\/\">Nuestras ofertas especiales<\/a><\/div>\n<\/div>\n<\/div>\n\n\n\n<div class=\"wp-block-group fromOpacity has-global-padding is-layout-constrained wp-container-core-group-is-layout-8dcf120e wp-block-group-is-layout-constrained\">\n<div class=\"wp-block-group is-style-title-simple fromTop is-layout-flow wp-block-group-is-layout-flow is-style-title-simple--5\" style=\"margin-top:4rem;margin-bottom:4rem\">\n<p class=\"has-text-align-center has-secondary-color has-text-color has-link-color has-secondary-font-family has-xl-font-size wp-elements-a2522ef1d75178c5785b0356b9a8bb88\">\u00bfPor qu\u00e9 elegir<\/p>\n\n\n\n<p class=\"has-text-align-center has-sm-font-size\" style=\"text-transform:uppercase\"><strong>Vap Campings y Casas Rurales<\/strong><\/p>\n<\/div>\n\n\n\n<h2 class=\"wp-block-heading has-text-align-left fromOpacity text-title\">Paquetes personalizados para alojarte en nuestros Campings y Casas Rurales VAP<\/h2>\n\n\n\n<p class=\"has-link-color wp-elements-ebdc20c420dbf83e20a61b5cd08b60ab\" style=\"padding-left:2rem\">Nuestros establecimientos est\u00e1n idealmente situados entre la ciudad y la naturaleza, para que puedas descubrir la regi\u00f3n de Occitanie desde todos los \u00e1ngulos: ciudad, monta\u00f1a, r\u00edo&#8230; Disfruta de un amplio abanico de actividades, desde visitas culturales a experiencias en el mundo de la aeron\u00e1utica y el espacio, pasando por emocionantes aventuras y actividades al aire libre.<br>Nuestros establecimientos son f\u00e1cilmente accesibles, est\u00e1n cerca del transporte p\u00fablico y de carriles bici, y est\u00e1n comunicados por tren, para que tus desplazamientos sean sencillos y agradables.<br>Y en todas partes encontrar\u00e1s el mismo ambiente c\u00e1lido, acogedor y a escala humana que caracteriza a nuestros campings y casas rurales, para una estancia agradable y memorable.<\/p>\n\n\n\n<p class=\"has-link-color wp-elements-44ffd0663f82e175483fa4ed97102271\" style=\"padding-left:2rem\">Elige <a href=\"https:\/\/www.vap-camping.fr\/es\/camping-4-etoiles-ariege\/\">uno o varios de los establecimientos VAP<\/a> y explora la regi\u00f3n a tu ritmo, combinando naturaleza, aventura patrimonial y relax. Y para tener a\u00fan m\u00e1s libertad, opta por los paquetes VAP y organiza tus propias vacaciones a medida. <\/p>\n<\/div>\n\n\n\n<div class=\"wp-block-buttons is-content-justification-center is-layout-flex wp-container-core-buttons-is-layout-a89b3969 wp-block-buttons-is-layout-flex\">\n<div class=\"wp-block-button\"><a class=\"wp-block-button__link wp-element-button\" href=\"https:\/\/www.vap-camping.fr\/es\/qui-sommes-nous\/vacances-ariege-pyrenees\/\">Descubre nuestros paquetes<\/a><\/div>\n<\/div>\n\n\n\n<div class=\"wp-block-group fromOpacity is-layout-flow wp-block-group-is-layout-flow has-background\" style=\"padding-top:15rem;background-image:url(&#039;https:\/\/www.vap-camping.fr\/wp-content\/uploads\/2025\/05\/AdobeStock_87361103-scaled.jpeg&#039;);background-size:cover;\">\n<div class=\"wp-block-columns alignfull are-vertically-aligned-bottom is-layout-flex wp-container-core-columns-is-layout-28f84493 wp-block-columns-is-layout-flex\">\n<div class=\"wp-block-column is-vertically-aligned-bottom fromOpacity is-layout-flow wp-block-column-is-layout-flow\" style=\"flex-basis:55%\"><\/div>\n\n\n\n<div class=\"wp-block-column is-vertically-aligned-bottom rightLeft is-layout-flow wp-block-column-is-layout-flow\" style=\"flex-basis:45%\">\n<div class=\"wp-block-group is-bg-rounded is-layout-flow wp-container-core-group-is-layout-75c87b2e wp-block-group-is-layout-flow\">\n<div class=\"wp-block-group is-style-title-flip has-global-padding is-layout-constrained wp-block-group-is-layout-constrained is-style-title-flip--6\">\n<p class=\"has-text-align-right has-secondary-color has-text-color has-link-color has-secondary-font-family has-xl-font-size wp-elements-8f4900480a0441e988e93b04825eef9e\"><strong>Turismo<\/strong><\/p>\n\n\n\n<p class=\"has-text-align-right has-sm-font-size\" style=\"text-transform:uppercase\"><strong>en Occitania y Ari\u00e8ge<\/strong><\/p>\n\n\n\n<h1 class=\"wp-block-heading text-title\">Toulouse, Foix, Maz\u00e8res, Dufort, Les Cabannes&#8230; e incluso tan lejos como Andorra, cada lugar ofrece un patio de recreo \u00fanico.<\/h1>\n\n\n\n<p>En Toulouse, pasea por el Canal du Midi, d\u00e9jate sorprender por la riqueza de los monumentos rosas y el encanto de las terrazas, o emoci\u00f3nate con un partido legendario en el Stade Toulousain.  <\/p>\n\n\n\n<p>En la Ari\u00e8ge, explora cuevas misteriosas, escala castillos medievales o pedalea por la Voie Verte para respirar el aire puro de los Pirineos. En el coraz\u00f3n de las monta\u00f1as, las Cabannes y los Pirineos ofrecen senderismo, deportes de aguas bravas, relajaci\u00f3n en fuentes naturales y ba\u00f1os termales, y paisajes impresionantes.<br>Ya sea solo, en familia o con amigos, cada d\u00eda puede construirse a tu ritmo, y cada experiencia se convierte en un recuerdo para compartir.<br><\/p>\n<\/div>\n\n\n\n<div class=\"wp-block-buttons is-content-justification-right is-layout-flex wp-container-core-buttons-is-layout-d445cf74 wp-block-buttons-is-layout-flex\">\n<div class=\"wp-block-button button is-style-fill\"><a class=\"wp-block-button__link wp-element-button\" href=\"https:\/\/www.vap-camping.fr\/es\/lieux\/\" style=\"padding-top:0px;padding-right:0px;padding-bottom:0px;padding-left:0px\">Descubra<\/a><\/div>\n<\/div>\n<\/div>\n<\/div>\n<\/div>\n<\/div>\n\n\n\n<div class=\"wp-block-group reveal has-global-padding is-layout-constrained wp-block-group-is-layout-constrained\">\n<div class=\"wp-block-columns alignfull are-vertically-aligned-center is-faq-wrapper is-layout-flex wp-container-core-columns-is-layout-28f84493 wp-block-columns-is-layout-flex\">\n<div class=\"wp-block-column is-vertically-aligned-center is-layout-flow wp-block-column-is-layout-flow\" style=\"flex-basis:33.33%\">\n<div class=\"wp-block-group is-faq is-layout-flow wp-block-group-is-layout-flow has-background\" style=\"border-radius:100%;background-image:url(&#039;https:\/\/www.vap-camping.fr\/wp-content\/themes\/vap\/assets\/img\/faq.jpg&#039;);background-position:73% 47%;background-size:cover;\"><\/div>\n<\/div>\n\n\n\n<div class=\"wp-block-column is-vertically-aligned-center is-layout-flow wp-block-column-is-layout-flow\" style=\"flex-basis:66.66%\">\n<div class=\"wp-block-group is-style-title-left is-layout-flow wp-block-group-is-layout-flow is-style-title-left--7\">\n<p class=\"has-secondary-color has-text-color has-link-color has-secondary-font-family has-xl-font-size wp-elements-d035b0ac7d06702f4e9077486b33eaf4\">Preguntas m\u00e1s frecuentes<\/p>\n\n\n\n<p class=\"has-primary-color has-text-color has-link-color has-primary-font-family has-sm-font-size wp-elements-46a28a8c6e34929d1c58ee215f7a497d\" style=\"text-transform:uppercase\"><strong>\u00bfQuieres saber m\u00e1s?<\/strong><\/p>\n<\/div>\n\n\n\n<div class=\"wp-block-group has-global-padding is-layout-constrained wp-block-group-is-layout-constrained\">\n<div class=\"pfq\">\n  \n  \n  <nav class=\"pfq__themes\">\n    <h2>Th\u00e9matiques<\/h2>\n    <ul>\n      \n        <li class=\"pfq__theme active\" data-pfq-group=\"group-0\">\n          <a href=\"#\">Informaci\u00f3n general<\/a>\n        <\/li>\n\n          <\/ul>\n  <\/nav>\n\n  <div class=\"pfq__questions\">\n    \n      <div class=\"pfq__questions__group visible\" data-pfq-group=\"group-0\">\n\n        <h3>Informaci\u00f3n general<\/h3>\n\n        \n          <div class=\"pfq__question\"  >\n            <h4 class=\"pfq__question__title\">\u00bfQu\u00e9 tipos de alojamiento ofrec\u00e9is?<\/h4>\n            <div class=\"pfq__answer\"><p><span style=\"font-weight: 400;\">Ofrecemos casas m\u00f3viles, chal\u00e9s, tiendas amuebladas, as\u00ed como espaciosas casas rurales para grupos y parcelas descubiertas.<\/span><\/p>\n<\/div>\n          <\/div>\n\n        \n          <div class=\"pfq__question\"  >\n            <h4 class=\"pfq__question__title\">\u00bfSe puede acceder a tus establecimientos en transporte p\u00fablico?<\/h4>\n            <div class=\"pfq__answer\"><p><span style=\"font-weight: 400;\">S\u00ed, la mayor\u00eda de nuestros establecimientos est\u00e1n cerca del transporte p\u00fablico y son accesibles en tren.<\/span><\/p>\n<\/div>\n          <\/div>\n\n        \n          <div class=\"pfq__question\"  >\n            <h4 class=\"pfq__question__title\">\u00bfPuedo alojarme en m\u00e1s de un camping del grupo?<\/h4>\n            <div class=\"pfq__answer\"><p><span style=\"font-weight: 400;\">S\u00ed, ofrecemos paquetes que te permiten alojarte en varios establecimientos del grupo.<\/span><\/p>\n<\/div>\n          <\/div>\n\n        \n          <div class=\"pfq__question\"  >\n            <h4 class=\"pfq__question__title\">\u00bfOfrec\u00e9is actividades para familias?<\/h4>\n            <div class=\"pfq__answer\"><p><span style=\"font-weight: 400;\">S\u00ed, ofrecemos actividades para toda la familia, como entretenimiento y relajaci\u00f3n durante la temporada.  <\/span><\/p>\n<\/div>\n          <\/div>\n\n        \n          <div class=\"pfq__question\"  >\n            <h4 class=\"pfq__question__title\">\u00bfHay Wi-Fi en tus campings?<\/h4>\n            <div class=\"pfq__answer\"><p><span style=\"font-weight: 400;\">S\u00ed, todos nuestros establecimientos ofrecen acceso Wi-Fi a nuestros hu\u00e9spedes.<\/span><\/p>\n<\/div>\n          <\/div>\n\n        \n          <div class=\"pfq__question\"  >\n            <h4 class=\"pfq__question__title\">\u00bfTus campings est\u00e1n abiertos todo el a\u00f1o?<\/h4>\n            <div class=\"pfq__answer\"><p><span style=\"font-weight: 400;\">Nuestros campings est\u00e1n abiertos de distintas formas: algunos est\u00e1n abiertos todo el a\u00f1o, otros son de temporada.<\/span><\/p>\n<\/div>\n          <\/div>\n\n        \n          <div class=\"pfq__question\"  >\n            <h4 class=\"pfq__question__title\">\u00bfEst\u00e1n tus establecimientos adaptados para personas con movilidad reducida?<\/h4>\n            <div class=\"pfq__answer\"><p><span style=\"font-weight: 400;\">S\u00ed, nos aseguramos de que nuestros establecimientos sean accesibles para las personas con movilidad reducida.<\/span><\/p>\n<\/div>\n          <\/div>\n\n        \n          <div class=\"pfq__question\"  >\n            <h4 class=\"pfq__question__title\">\u00bfOfrec\u00e9is vacaciones en grupo?<\/h4>\n            <div class=\"pfq__answer\"><p><span style=\"font-weight: 400;\">S\u00ed, acogemos a grupos como familias numerosas, colegios y asociaciones.<\/span><\/p>\n<\/div>\n          <\/div>\n\n        \n          <div class=\"pfq__question\"  >\n            <h4 class=\"pfq__question__title\">\u00bfEs posible reservar actividades con antelaci\u00f3n?<\/h4>\n            <div class=\"pfq__answer\"><p>S\u00ed, algunas actividades pueden reservarse con antelaci\u00f3n para garantizar tu plaza.<\/p>\n<\/div>\n          <\/div>\n\n        \n          <div class=\"pfq__question\"  >\n            <h4 class=\"pfq__question__title\">\u00bfOfrec\u00e9is servicios de catering?<\/h4>\n            <div class=\"pfq__answer\"><p><span style=\"font-weight: 400;\">S\u00ed, algunos de nuestros establecimientos tienen restaurantes, bares y opciones de comida para llevar.<\/span><\/p>\n<\/div>\n          <\/div>\n\n        \n      <\/div>\n\n    \n  <\/div>\n<\/div>\n<\/div>\n<\/div>\n<\/div>\n<\/div>\n<\/div>\n","protected":false},"excerpt":{"rendered":"<p>Reserva tus vacaciones Crea tu RoadTrip Elija Entre nuestros Campings y Casas Rurales Tus vacaciones entre toulouse y Ari\u00e8ge Al\u00f3jate a un tiro de piedra de Toulouse o en el coraz\u00f3n del Ari\u00e8ge con tu familia, amigos o grupo. Bienvenido a Vacances Ari\u00e8ge Pyr\u00e9n\u00e9es (VAP), un grupo de amigos apasionados por la hospitalidad, la naturaleza [&hellip;]<\/p>\n","protected":false},"author":1,"featured_media":0,"parent":0,"menu_order":86,"comment_status":"closed","ping_status":"closed","template":"","meta":{"_acf_changed":false,"_seopress_robots_primary_cat":"","_seopress_titles_title":"Camping Vacaciones Ari\u00e8ge-Pyr\u00e9n\u00e9es | Campings y casas rurales de 3 y 4 estrellas en Ari\u00e8ge","_seopress_titles_desc":"Disfruta de unas vacaciones en el coraz\u00f3n de Ari\u00e8ge-Pyr\u00e9n\u00e9es en nuestros campings de tama\u00f1o humano. Naturaleza, autenticidad y alojamientos para todo tipo de estancias.","_seopress_robots_index":"","ouverture":"","nombre_de_locations":"","nombre_demplacements":"","adresse":"","numero_de_telephone":"","email":"","url_du_site":"","footnotes":""},"class_list":["post-3128","page","type-page","status-publish","hentry"],"acf":[],"_links":{"self":[{"href":"https:\/\/www.vap-camping.fr\/es\/wp-json\/wp\/v2\/pages\/3128","targetHints":{"allow":["GET"]}}],"collection":[{"href":"https:\/\/www.vap-camping.fr\/es\/wp-json\/wp\/v2\/pages"}],"about":[{"href":"https:\/\/www.vap-camping.fr\/es\/wp-json\/wp\/v2\/types\/page"}],"author":[{"embeddable":true,"href":"https:\/\/www.vap-camping.fr\/es\/wp-json\/wp\/v2\/users\/1"}],"replies":[{"embeddable":true,"href":"https:\/\/www.vap-camping.fr\/es\/wp-json\/wp\/v2\/comments?post=3128"}],"version-history":[{"count":13,"href":"https:\/\/www.vap-camping.fr\/es\/wp-json\/wp\/v2\/pages\/3128\/revisions"}],"predecessor-version":[{"id":8757,"href":"https:\/\/www.vap-camping.fr\/es\/wp-json\/wp\/v2\/pages\/3128\/revisions\/8757"}],"wp:attachment":[{"href":"https:\/\/www.vap-camping.fr\/es\/wp-json\/wp\/v2\/media?parent=3128"}],"curies":[{"name":"wp","href":"https:\/\/api.w.org\/{rel}","templated":true}]}}