{"id":3154,"date":"2025-04-29T15:05:11","date_gmt":"2025-04-29T15:05:11","guid":{"rendered":"https:\/\/www.vap-camping.fr\/qui-sommes-nous\/faq\/"},"modified":"2025-07-28T08:43:55","modified_gmt":"2025-07-28T08:43:55","slug":"faq","status":"publish","type":"page","link":"https:\/\/www.vap-camping.fr\/es\/qui-sommes-nous\/faq\/","title":{"rendered":"Preguntas m\u00e1s frecuentes"},"content":{"rendered":"\n<div class=\"wp-block-group alignfull is-layout-flow wp-container-core-group-is-layout-8fc0eadb wp-block-group-is-layout-flow\">\n<div class=\"wp-block-group alignfull hero-camp is-layout-flow wp-block-group-is-layout-flow\" style=\"margin-bottom:20rem\">\n<div class=\"wp-block-group alignfull hero-img is-layout-flow wp-block-group-is-layout-flow\">\n<figure class=\"wp-block-image size-full\"><img decoding=\"async\" src=\"https:\/\/www.vap-camping.fr\/wp-content\/themes\/vap\/assets\/img\/placeholder.jpg\" alt=\"VAP\" class=\"wp-image-123\"\/><\/figure>\n<\/div>\n\n\n\n<div class=\"wp-block-group hero-desc has-secondary-background-color has-background is-layout-flow wp-block-group-is-layout-flow\" style=\"border-top-right-radius:90px;border-bottom-right-radius:90px;padding-top:2rem;padding-bottom:2rem;padding-left:5rem\"><h1 style=\"font-size:clamp(3.037rem, 3.037rem + ((1vw - 0.2rem) * 4.018), 6rem);\" class=\"has-link-color wp-elements-971196805a816ee349c8ae4f34a1c7a7 wp-block-post-title has-text-color has-white-color has-secondary-font-family\">Preguntas m\u00e1s frecuentes<\/h1><\/div>\n<\/div>\n\n\n\n<div class=\"wp-block-group alignfull has-global-padding is-layout-constrained wp-block-group-is-layout-constrained\">\n<div class=\"wp-block-columns alignfull are-vertically-aligned-center is-faq-wrapper is-layout-flex wp-container-core-columns-is-layout-28f84493 wp-block-columns-is-layout-flex\">\n<div class=\"wp-block-column is-vertically-aligned-center fromOpacity is-layout-flow wp-block-column-is-layout-flow\" style=\"flex-basis:33.33%\">\n<div class=\"wp-block-group is-faq has-global-padding is-layout-constrained wp-container-core-group-is-layout-182edfea wp-block-group-is-layout-constrained has-background\" style=\"border-radius:100%;min-height:786px;background-image:url(&#039;https:\/\/www.vap-camping.fr\/wp-content\/themes\/vap\/assets\/img\/faq.jpg&#039;);background-position:73% 47%;background-size:cover;\"><\/div>\n<\/div>\n\n\n\n<div class=\"wp-block-column is-vertically-aligned-center is-layout-flow wp-block-column-is-layout-flow\" style=\"flex-basis:66.66%\">\n<div class=\"wp-block-group is-style-title-left is-layout-flow wp-block-group-is-layout-flow is-style-title-left--1\">\n<p class=\"has-secondary-color has-text-color has-link-color has-secondary-font-family has-xl-font-size wp-elements-d035b0ac7d06702f4e9077486b33eaf4\">Preguntas m\u00e1s frecuentes<\/p>\n\n\n\n<p class=\"has-primary-color has-text-color has-link-color has-primary-font-family has-sm-font-size wp-elements-31695dc72c6e50e0449558fdfa541a56\" style=\"text-transform:uppercase\"><strong>para saber m\u00e1s<\/strong><\/p>\n<\/div>\n\n\n\n<div class=\"wp-block-group has-global-padding is-layout-constrained wp-block-group-is-layout-constrained\">\n<div class=\"pfq\">\n  \n  \n  <nav class=\"pfq__themes\">\n    <h2>Th\u00e9matiques<\/h2>\n    <ul>\n      \n        <li class=\"pfq__theme active\" data-pfq-group=\"group-0\">\n          <a href=\"#\">Informaci\u00f3n general<\/a>\n        <\/li>\n\n          <\/ul>\n  <\/nav>\n\n  <div class=\"pfq__questions\">\n    \n      <div class=\"pfq__questions__group visible\" data-pfq-group=\"group-0\">\n\n        <h3>Informaci\u00f3n general<\/h3>\n\n        \n          <div class=\"pfq__question\"  >\n            <h4 class=\"pfq__question__title\">\u00bfQu\u00e9 tipos de alojamiento ofrec\u00e9is?<\/h4>\n            <div class=\"pfq__answer\"><p><span style=\"font-weight: 400;\">Ofrecemos casas m\u00f3viles, chal\u00e9s, tiendas amuebladas, as\u00ed como espaciosas casas rurales para grupos y parcelas descubiertas.<\/span><\/p>\n<\/div>\n          <\/div>\n\n        \n          <div class=\"pfq__question\"  >\n            <h4 class=\"pfq__question__title\">\u00bfSe puede acceder a tus establecimientos en transporte p\u00fablico?<\/h4>\n            <div class=\"pfq__answer\"><p><span style=\"font-weight: 400;\">S\u00ed, la mayor\u00eda de nuestros establecimientos est\u00e1n cerca del transporte p\u00fablico y son accesibles en tren.<\/span><\/p>\n<\/div>\n          <\/div>\n\n        \n          <div class=\"pfq__question\"  >\n            <h4 class=\"pfq__question__title\">\u00bfPuedo alojarme en m\u00e1s de un camping del grupo?<\/h4>\n            <div class=\"pfq__answer\"><p><span style=\"font-weight: 400;\">S\u00ed, ofrecemos paquetes que te permiten alojarte en varios establecimientos del grupo.<\/span><\/p>\n<\/div>\n          <\/div>\n\n        \n          <div class=\"pfq__question\"  >\n            <h4 class=\"pfq__question__title\">\u00bfOfrec\u00e9is actividades para familias?<\/h4>\n            <div class=\"pfq__answer\"><p><span style=\"font-weight: 400;\">S\u00ed, ofrecemos actividades para toda la familia, como entretenimiento y relajaci\u00f3n durante la temporada.  <\/span><\/p>\n<\/div>\n          <\/div>\n\n        \n          <div class=\"pfq__question\"  >\n            <h4 class=\"pfq__question__title\">\u00bfHay Wi-Fi en tus campings?<\/h4>\n            <div class=\"pfq__answer\"><p><span style=\"font-weight: 400;\">S\u00ed, todos nuestros establecimientos ofrecen acceso Wi-Fi a nuestros hu\u00e9spedes.<\/span><\/p>\n<\/div>\n          <\/div>\n\n        \n          <div class=\"pfq__question\"  >\n            <h4 class=\"pfq__question__title\">\u00bfTus campings est\u00e1n abiertos todo el a\u00f1o?<\/h4>\n            <div class=\"pfq__answer\"><p><span style=\"font-weight: 400;\">Nuestros campings est\u00e1n abiertos de distintas formas: algunos est\u00e1n abiertos todo el a\u00f1o, otros son de temporada.<\/span><\/p>\n<\/div>\n          <\/div>\n\n        \n          <div class=\"pfq__question\"  >\n            <h4 class=\"pfq__question__title\">\u00bfEst\u00e1n tus establecimientos adaptados para personas con movilidad reducida?<\/h4>\n            <div class=\"pfq__answer\"><p><span style=\"font-weight: 400;\">S\u00ed, nos aseguramos de que nuestros establecimientos sean accesibles para las personas con movilidad reducida.<\/span><\/p>\n<\/div>\n          <\/div>\n\n        \n          <div class=\"pfq__question\"  >\n            <h4 class=\"pfq__question__title\">\u00bfOfrec\u00e9is vacaciones en grupo?<\/h4>\n            <div class=\"pfq__answer\"><p><span style=\"font-weight: 400;\">S\u00ed, acogemos a grupos como familias numerosas, colegios y asociaciones.<\/span><\/p>\n<\/div>\n          <\/div>\n\n        \n          <div class=\"pfq__question\"  >\n            <h4 class=\"pfq__question__title\">\u00bfEs posible reservar actividades con antelaci\u00f3n?<\/h4>\n            <div class=\"pfq__answer\"><p>S\u00ed, algunas actividades pueden reservarse con antelaci\u00f3n para garantizar tu plaza.<\/p>\n<\/div>\n          <\/div>\n\n        \n          <div class=\"pfq__question\"  >\n            <h4 class=\"pfq__question__title\">\u00bfOfrec\u00e9is servicios de catering?<\/h4>\n            <div class=\"pfq__answer\"><p><span style=\"font-weight: 400;\">S\u00ed, algunos de nuestros establecimientos tienen restaurantes, bares y opciones de comida para llevar.<\/span><\/p>\n<\/div>\n          <\/div>\n\n        \n      <\/div>\n\n    \n  <\/div>\n<\/div>\n<\/div>\n<\/div>\n<\/div>\n<\/div>\n<\/div>\n","protected":false},"excerpt":{"rendered":"<p>Preguntas m\u00e1s frecuentes para saber m\u00e1s<\/p>\n","protected":false},"author":1,"featured_media":2880,"parent":2858,"menu_order":62,"comment_status":"closed","ping_status":"closed","template":"","meta":{"_acf_changed":false,"_seopress_robots_primary_cat":"","_seopress_titles_title":"FAQ Camping | Preguntas sobre tus vacaciones en Ari\u00e8ge Pirineos","_seopress_titles_desc":"Consulta nuestra secci\u00f3n de preguntas frecuentes para obtener toda la informaci\u00f3n que necesitas para preparar tu estancia en un camping VAP de Ari\u00e8ge-Pyr\u00e9n\u00e9es.","_seopress_robots_index":"","ouverture":"","nombre_de_locations":"","nombre_demplacements":"","adresse":"","numero_de_telephone":"","email":"","url_du_site":"","footnotes":""},"class_list":["post-3154","page","type-page","status-publish","has-post-thumbnail","hentry"],"acf":[],"_links":{"self":[{"href":"https:\/\/www.vap-camping.fr\/es\/wp-json\/wp\/v2\/pages\/3154","targetHints":{"allow":["GET"]}}],"collection":[{"href":"https:\/\/www.vap-camping.fr\/es\/wp-json\/wp\/v2\/pages"}],"about":[{"href":"https:\/\/www.vap-camping.fr\/es\/wp-json\/wp\/v2\/types\/page"}],"author":[{"embeddable":true,"href":"https:\/\/www.vap-camping.fr\/es\/wp-json\/wp\/v2\/users\/1"}],"replies":[{"embeddable":true,"href":"https:\/\/www.vap-camping.fr\/es\/wp-json\/wp\/v2\/comments?post=3154"}],"version-history":[{"count":2,"href":"https:\/\/www.vap-camping.fr\/es\/wp-json\/wp\/v2\/pages\/3154\/revisions"}],"predecessor-version":[{"id":3234,"href":"https:\/\/www.vap-camping.fr\/es\/wp-json\/wp\/v2\/pages\/3154\/revisions\/3234"}],"up":[{"embeddable":true,"href":"https:\/\/www.vap-camping.fr\/es\/wp-json\/wp\/v2\/pages\/2858"}],"wp:featuredmedia":[{"embeddable":true,"href":"https:\/\/www.vap-camping.fr\/es\/wp-json\/wp\/v2\/media\/2880"}],"wp:attachment":[{"href":"https:\/\/www.vap-camping.fr\/es\/wp-json\/wp\/v2\/media?parent=3154"}],"curies":[{"name":"wp","href":"https:\/\/api.w.org\/{rel}","templated":true}]}}