{"id":2963,"date":"2025-04-29T12:01:44","date_gmt":"2025-04-29T12:01:44","guid":{"rendered":"https:\/\/www.vap-camping.fr\/sejours\/le-temps-des-legendes-a-travers-les-chateaux-de-lariege\/"},"modified":"2026-02-26T11:16:12","modified_gmt":"2026-02-26T11:16:12","slug":"le-temps-des-legendes-a-travers-les-chateaux-de-lariege","status":"publish","type":"sejours","link":"https:\/\/www.vap-camping.fr\/es\/sejours\/le-temps-des-legendes-a-travers-les-chateaux-de-lariege\/","title":{"rendered":"Toulouse y Ari\u00e8ge en bicicleta"},"content":{"rendered":"\n<div class=\"wp-block-group alignfull is-layout-flow wp-container-core-group-is-layout-8af317cd wp-block-group-is-layout-flow\">\n<div class=\"wp-block-group fromTop has-global-padding is-layout-constrained wp-block-group-is-layout-constrained\" style=\"margin-top:15rem\">\n<div class=\"wp-block-columns alignfull are-vertically-aligned-center m-ti is-layout-flex wp-container-core-columns-is-layout-0c0b91ec wp-block-columns-is-layout-flex\">\n<div class=\"wp-block-column is-vertically-aligned-center m-ti-text is-layout-flow wp-container-core-column-is-layout-58dbe9e9 wp-block-column-is-layout-flow\" style=\"padding-left:10rem;flex-basis:40%\">\n<div class=\"wp-block-group is-style-title-left is-layout-flow wp-block-group-is-layout-flow is-style-title-left--1\">\n<p class=\"has-secondary-color has-text-color has-link-color has-secondary-font-family has-xl-font-size wp-elements-2b896ddeb3a3e09e47dcd8494dd08eaf\">Rutas en bicicleta<\/p>\n\n\n\n<p class=\"has-primary-color has-text-color has-link-color has-primary-font-family has-sm-font-size wp-elements-2e6bb2a4ad0f9cdcd19e4fb3259c5849\" style=\"text-transform:uppercase\"><strong>cerca de nuestras instalaciones  <\/strong><\/p>\n<\/div>\n\n\n\n<h1 class=\"wp-block-heading text-title\">\u00a1<strong>Explora una variedad de itinerarios desde nuestros campings<\/strong>!<\/h1>\n\n\n\n<p class=\"has-m-font-size\" style=\"padding-left:2rem\">  Descubre Toulouse y el Ari\u00e8ge en bicicleta, y disfruta de lo mejor de ambos mundos: la suave energ\u00eda de la ciudad rosa y la tranquilidad de la campi\u00f1a del Ari\u00e8ge. Los carriles bici de Toulouse te permiten pasear por el Garona o el Canal du Midi, mientras que el Ari\u00e8ge ofrece carreteras serenas, valles luminosos y pueblos llenos de encanto.   <\/p>\n\n\n\n<p class=\"has-m-font-size\" style=\"padding-left:2rem\">Entre la animada Toulouse y la apacible Ari\u00e8ge, la bicicleta es una forma estupenda de viajar de otra manera&#8230; simplemente tom\u00e1ndote tu tiempo. Nuestros establecimientos son c\u00f3modos puntos de partida para explorar la regi\u00f3n de Occitanie en bicicleta. Para alojarte durante tu aventura, ponte en contacto con nosotros hoy mismo.    <strong>Atenci\u00f3n VAP s\u00f3lo ofrece alojamiento.<\/strong>  Todas las actividades deben reservarse directamente con los proveedores locales.<\/p>\n<\/div>\n\n\n\n<div class=\"wp-block-column is-vertically-aligned-center wp-block-image alignright size-large has-custom-border is-style-travel m-ti-image is-layout-flow wp-block-column-is-layout-flow is-style-travel--2\" style=\"flex-basis:60%\">\n<figure class=\"wp-block-image alignright size-full\"><img alt=\"\" decoding=\"async\" width=\"1024\" height=\"683\" src=\"https:\/\/www.vap-camping.fr\/wp-content\/uploads\/2025\/04\/Cyclo2_ariege_pyrenees_tourisme.jpg\" alt=\"\" class=\"wp-image-700\" srcset=\"https:\/\/www.vap-camping.fr\/wp-content\/uploads\/2025\/04\/Cyclo2_ariege_pyrenees_tourisme.jpg 1024w, https:\/\/www.vap-camping.fr\/wp-content\/uploads\/2025\/04\/Cyclo2_ariege_pyrenees_tourisme-600x400.jpg 600w, https:\/\/www.vap-camping.fr\/wp-content\/uploads\/2025\/04\/Cyclo2_ariege_pyrenees_tourisme-768x512.jpg 768w\" sizes=\"(max-width: 1024px) 100vw, 1024px\" \/><\/figure>\n<\/div>\n<\/div>\n<\/div>\n\n\n\n<div class=\"wp-block-buttons is-content-justification-center is-layout-flex wp-container-core-buttons-is-layout-a89b3969 wp-block-buttons-is-layout-flex\">\n<div class=\"wp-block-button\"><a class=\"wp-block-button__link wp-element-button\" href=\"https:\/\/www.vap-camping.fr\/es\/vap-hebergements\/\">Pide un presupuesto personalizado<\/a><\/div>\n<\/div>\n\n\n\n<div class=\"map-container is-layout-flow wp-block-map-vap-is-layout-flow\">\n    <aside class=\"map\">\n        <div class=\"map-steps\">\n            <ul>\n                                                            <li data-step-index=\"1\">1<\/li>\n                                            <li data-step-index=\"2\">2<\/li>\n                                            <li data-step-index=\"3\">3<\/li>\n                                            <li data-step-index=\"4\">4<\/li>\n                                            <li data-step-index=\"5\">5<\/li>\n                                                <\/ul>\n        <\/div>\n        <div id=\"map\"><\/div>\n    <\/aside>\n\n    <div class=\"postMap post-2963\">\n                                    <div class=\"step-desc step-0\" data-step-index=\"0\">\n                    <h3 class=\"step-title\">D\u00eda 1<\/h3>\n\n                                                                                            <div class=\"camping-wrapper\" data-lat=\"43.656093\"\n                                data-long=\"1.4131837\"\n                                data-name=\"Camping le Rup\u00e9(Toulouse)\"\n                                data-image=\"https:\/\/www.vap-camping.fr\/wp-content\/uploads\/2025\/04\/dsc03930-scaled.jpg\">\n                                                                    <a href=\"https:\/\/www.vap-camping.fr\/es\/campings\/camping-le-rupe\/\" class=\"c-link\"\n                                        title=\"Camping le Rup\u00e9(Toulouse)\">\n                                        <img decoding=\"async\" width=\"600\" height=\"293\" src=\"https:\/\/www.vap-camping.fr\/wp-content\/uploads\/2025\/04\/dsc03930-600x293.jpg\" class=\"attachment-medium size-medium wp-post-image\" alt=\"\" srcset=\"https:\/\/www.vap-camping.fr\/wp-content\/uploads\/2025\/04\/dsc03930-600x293.jpg 600w, https:\/\/www.vap-camping.fr\/wp-content\/uploads\/2025\/04\/dsc03930-1024x500.jpg 1024w, https:\/\/www.vap-camping.fr\/wp-content\/uploads\/2025\/04\/dsc03930-768x375.jpg 768w, https:\/\/www.vap-camping.fr\/wp-content\/uploads\/2025\/04\/dsc03930-1536x750.jpg 1536w, https:\/\/www.vap-camping.fr\/wp-content\/uploads\/2025\/04\/dsc03930-2048x1000.jpg 2048w\" sizes=\"(max-width: 600px) 100vw, 600px\" \/>                                        <p class=\"c-button\">Descubre<\/p>\n                                    <\/a>\n                                                                    <div class=\"camping-infos\">\n                                    <p class=\"c-title\">Camping le Rup\u00e9(Toulouse)<\/p>\n                                    <ul class=\"c-list\">\n                                                                                    <li>\n                                                Clasificaci\u00f3n                                                                                                    <img decoding=\"async\" src=\"\/wp-content\/themes\/vap\/assets\/img\/svg\/star-rating.svg\" alt=\"Classement\" \/>\n                                                                                                        <img decoding=\"async\" src=\"\/wp-content\/themes\/vap\/assets\/img\/svg\/star-rating.svg\" alt=\"Classement\" \/>\n                                                                                                        <img decoding=\"async\" src=\"\/wp-content\/themes\/vap\/assets\/img\/svg\/star-rating.svg\" alt=\"Classement\" \/>\n                                                                                                <\/li>\n                                                                                    <li>57 alquileres en 4,5 ha<\/li>\n                                        <li>130 y una zona natural dedicada a ciclistas y campistas a pie<\/li>\n                                                                                    <li style=\"display: flex; gap: 1rem; margin-top: 1rem;\">\n                                                                                                    <img decoding=\"async\" src=\"https:\/\/www.vap-camping.fr\/wp-content\/uploads\/2025\/04\/wheelchair-solid.svg\" alt=\"Acceso PMR\" \/>\n                                                                                                        <img decoding=\"async\" src=\"https:\/\/www.vap-camping.fr\/wp-content\/uploads\/2025\/04\/wifi-ico.svg\" alt=\"Wifi\" \/>\n                                                                                                        <img decoding=\"async\" src=\"https:\/\/www.vap-camping.fr\/wp-content\/uploads\/2025\/07\/bolt-solid.svg\" alt=\"6 puntos de recarga para veh\u00edculos el\u00e9ctricos\" \/>\n                                                                                                <\/li>\n                                                                                <\/ul>\n                                <\/div>\n                            <\/div>\n                                            \n                                        <h4 class=\"journey-title\">Experiencias por descubrir<\/h4>\n                    <div class=\"journey-container\">\n                                                                                                                        <div class=\"swiper-slide\" data-lat=\"43.615424\"\n                                        data-long=\"1.434058\"\n                                        data-name=\"Garona y Canal en bici\"\n                                        data-image=\"https:\/\/www.vap-camping.fr\/wp-content\/uploads\/2025\/07\/velo-canal-du-midi-haute-garonne.webp\">\n                                        <div class=\"j-link\">\n                                            <img decoding=\"async\" width=\"1024\" height=\"685\" src=\"https:\/\/www.vap-camping.fr\/wp-content\/uploads\/2025\/07\/velo-canal-du-midi-haute-garonne-1024x685.webp\" class=\"attachment-large size-large wp-post-image\" alt=\"\" srcset=\"https:\/\/www.vap-camping.fr\/wp-content\/uploads\/2025\/07\/velo-canal-du-midi-haute-garonne-1024x685.webp 1024w, https:\/\/www.vap-camping.fr\/wp-content\/uploads\/2025\/07\/velo-canal-du-midi-haute-garonne-600x401.webp 600w, https:\/\/www.vap-camping.fr\/wp-content\/uploads\/2025\/07\/velo-canal-du-midi-haute-garonne-768x514.webp 768w, https:\/\/www.vap-camping.fr\/wp-content\/uploads\/2025\/07\/velo-canal-du-midi-haute-garonne-1536x1027.webp 1536w, https:\/\/www.vap-camping.fr\/wp-content\/uploads\/2025\/07\/velo-canal-du-midi-haute-garonne.webp 1920w\" sizes=\"(max-width: 1024px) 100vw, 1024px\" \/>                                            <p class=\"j-title\">Garona y Canal en bici<\/p>\n                                            <a href=\"https:\/\/www.vap-camping.fr\/es\/lieux\/garonne-et-canal-a-velo\/\"\n                                                title=\"Garona y Canal en bici\"\n                                                class=\"j-button\">Descubre<\/a>\n                                        <\/div>\n                                        <div class=\"j-desc\">\n                                            <p class=\"j-desc-title\">Garona y Canal en bici<\/p>\n                                            <p class=\"j-desc-excerpt\">Un agradable d\u00eda en el Canal du Midi en bicicleta desde el camping Le Rup\u00e9<\/p>\n                                            <a href=\"https:\/\/www.vap-camping.fr\/es\/lieux\/garonne-et-canal-a-velo\/\"\n                                                title=\"Garona y Canal en bici\"\n                                                class=\"j-desc-button\">Ver m\u00e1s<\/a>\n                                        <\/div>\n                                    <\/div>\n                                                                                                                                    <div class=\"swiper-slide\" data-lat=\"43.604464\"\n                                        data-long=\"1.444008\"\n                                        data-name=\"Toulouse en bicicleta\"\n                                        data-image=\"https:\/\/www.vap-camping.fr\/wp-content\/uploads\/2025\/05\/AdobeStock_492836814-scaled.jpeg\">\n                                        <div class=\"j-link\">\n                                            <img decoding=\"async\" width=\"1024\" height=\"487\" src=\"https:\/\/www.vap-camping.fr\/wp-content\/uploads\/2025\/05\/AdobeStock_492836814-1024x487.jpeg\" class=\"attachment-large size-large wp-post-image\" alt=\"\" srcset=\"https:\/\/www.vap-camping.fr\/wp-content\/uploads\/2025\/05\/AdobeStock_492836814-1024x487.jpeg 1024w, https:\/\/www.vap-camping.fr\/wp-content\/uploads\/2025\/05\/AdobeStock_492836814-600x285.jpeg 600w, https:\/\/www.vap-camping.fr\/wp-content\/uploads\/2025\/05\/AdobeStock_492836814-768x365.jpeg 768w, https:\/\/www.vap-camping.fr\/wp-content\/uploads\/2025\/05\/AdobeStock_492836814-1536x731.jpeg 1536w, https:\/\/www.vap-camping.fr\/wp-content\/uploads\/2025\/05\/AdobeStock_492836814-2048x974.jpeg 2048w\" sizes=\"(max-width: 1024px) 100vw, 1024px\" \/>                                            <p class=\"j-title\">Toulouse en bicicleta<\/p>\n                                            <a href=\"https:\/\/www.vap-camping.fr\/es\/lieux\/toulouse-en-velo\/\"\n                                                title=\"Toulouse en bicicleta\"\n                                                class=\"j-button\">Descubre<\/a>\n                                        <\/div>\n                                        <div class=\"j-desc\">\n                                            <p class=\"j-desc-title\">Toulouse en bicicleta<\/p>\n                                            <p class=\"j-desc-excerpt\">Desde el camping Rup\u00e9 de Toulouse, toma la famosa v\u00eda verde para visitar la ciudad rosa.<\/p>\n                                            <a href=\"https:\/\/www.vap-camping.fr\/es\/lieux\/toulouse-en-velo\/\"\n                                                title=\"Toulouse en bicicleta\"\n                                                class=\"j-desc-button\">Ver m\u00e1s<\/a>\n                                        <\/div>\n                                    <\/div>\n                                                                                                            <\/div>\n                <\/div>\n                            <div class=\"step-desc step-1\" data-step-index=\"1\">\n                    <h3 class=\"step-title\">D\u00eda 2 y 3  <\/h3>\n\n                                                                                            <div class=\"camping-wrapper\" data-lat=\"43.1921463\"\n                                data-long=\"1.4571379\"\n                                data-name=\"Camping Le Bourdieu\"\n                                data-image=\"https:\/\/www.vap-camping.fr\/wp-content\/uploads\/2025\/04\/4479-scaled.jpeg\">\n                                                                    <a href=\"https:\/\/www.vap-camping.fr\/es\/campings\/camping-le-bourdieu\/\" class=\"c-link\"\n                                        title=\"Camping Le Bourdieu\">\n                                        <img decoding=\"async\" width=\"600\" height=\"270\" src=\"https:\/\/www.vap-camping.fr\/wp-content\/uploads\/2025\/04\/4479-600x270.jpeg\" class=\"attachment-medium size-medium wp-post-image\" alt=\"\" srcset=\"https:\/\/www.vap-camping.fr\/wp-content\/uploads\/2025\/04\/4479-600x270.jpeg 600w, https:\/\/www.vap-camping.fr\/wp-content\/uploads\/2025\/04\/4479-1024x461.jpeg 1024w, https:\/\/www.vap-camping.fr\/wp-content\/uploads\/2025\/04\/4479-768x346.jpeg 768w, https:\/\/www.vap-camping.fr\/wp-content\/uploads\/2025\/04\/4479-1536x692.jpeg 1536w, https:\/\/www.vap-camping.fr\/wp-content\/uploads\/2025\/04\/4479-2048x922.jpeg 2048w\" sizes=\"(max-width: 600px) 100vw, 600px\" \/>                                        <p class=\"c-button\">Descubre<\/p>\n                                    <\/a>\n                                                                    <div class=\"camping-infos\">\n                                    <p class=\"c-title\">Camping Le Bourdieu<\/p>\n                                    <ul class=\"c-list\">\n                                                                                    <li>\n                                                Clasificaci\u00f3n                                                                                                    <img decoding=\"async\" src=\"\/wp-content\/themes\/vap\/assets\/img\/svg\/star-rating.svg\" alt=\"Classement\" \/>\n                                                                                                        <img decoding=\"async\" src=\"\/wp-content\/themes\/vap\/assets\/img\/svg\/star-rating.svg\" alt=\"Classement\" \/>\n                                                                                                        <img decoding=\"async\" src=\"\/wp-content\/themes\/vap\/assets\/img\/svg\/star-rating.svg\" alt=\"Classement\" \/>\n                                                                                                <\/li>\n                                                                                    <li>42 alquileres<\/li>\n                                        <li>1 paso desnudo<\/li>\n                                                                                    <li style=\"display: flex; gap: 1rem; margin-top: 1rem;\">\n                                                                                                    <img decoding=\"async\" src=\"https:\/\/www.vap-camping.fr\/wp-content\/uploads\/2025\/04\/water-ladder-ico.svg\" alt=\"Piscina (no climatizada)\" \/>\n                                                                                                        <img decoding=\"async\" src=\"https:\/\/www.vap-camping.fr\/wp-content\/uploads\/2025\/04\/martini-glass.svg\" alt=\"Bar\" \/>\n                                                                                                        <img decoding=\"async\" src=\"https:\/\/www.vap-camping.fr\/wp-content\/uploads\/2025\/04\/wifi-ico.svg\" alt=\"Wifi\" \/>\n                                                                                                        <img decoding=\"async\" src=\"https:\/\/www.vap-camping.fr\/wp-content\/uploads\/2025\/04\/party-horn-ico.svg\" alt=\"Entretenimiento estacional\" \/>\n                                                                                                        <img decoding=\"async\" src=\"https:\/\/www.vap-camping.fr\/wp-content\/uploads\/2025\/04\/table-tennis-paddle-ball.svg\" alt=\"Zona de juegos\" \/>\n                                                                                                        <img decoding=\"async\" src=\"https:\/\/www.vap-camping.fr\/wp-content\/uploads\/2025\/04\/paw-solid.svg\" alt=\"Se admiten mascotas\" \/>\n                                                                                                        <img decoding=\"async\" src=\"https:\/\/www.vap-camping.fr\/wp-content\/uploads\/2025\/04\/dryer.svg\" alt=\"Lavadoras\" \/>\n                                                                                                <\/li>\n                                                                                <\/ul>\n                                <\/div>\n                            <\/div>\n                                            \n                                        <h4 class=\"journey-title\">Experiencias por descubrir<\/h4>\n                    <div class=\"journey-container\">\n                                                                                                                        <div class=\"swiper-slide\" data-lat=\"43.068740\"\n                                        data-long=\"  1.354790\"\n                                        data-name=\"Le Mas d&#8217;Azil en bicicleta\"\n                                        data-image=\"https:\/\/www.vap-camping.fr\/wp-content\/uploads\/2025\/04\/cyclo_mas_dazil_ariege_pyrenees_tourisme.jpg\">\n                                        <div class=\"j-link\">\n                                            <img decoding=\"async\" width=\"1024\" height=\"683\" src=\"https:\/\/www.vap-camping.fr\/wp-content\/uploads\/2025\/04\/cyclo_mas_dazil_ariege_pyrenees_tourisme.jpg\" class=\"attachment-large size-large wp-post-image\" alt=\"\" srcset=\"https:\/\/www.vap-camping.fr\/wp-content\/uploads\/2025\/04\/cyclo_mas_dazil_ariege_pyrenees_tourisme.jpg 1024w, https:\/\/www.vap-camping.fr\/wp-content\/uploads\/2025\/04\/cyclo_mas_dazil_ariege_pyrenees_tourisme-600x400.jpg 600w, https:\/\/www.vap-camping.fr\/wp-content\/uploads\/2025\/04\/cyclo_mas_dazil_ariege_pyrenees_tourisme-768x512.jpg 768w\" sizes=\"(max-width: 1024px) 100vw, 1024px\" \/>                                            <p class=\"j-title\">Le Mas d&#8217;Azil en bicicleta<\/p>\n                                            <a href=\"https:\/\/www.vap-camping.fr\/es\/lieux\/mas-dazil-en-velo\/\"\n                                                title=\"Le Mas d&#8217;Azil en bicicleta\"\n                                                class=\"j-button\">Descubre<\/a>\n                                        <\/div>\n                                        <div class=\"j-desc\">\n                                            <p class=\"j-desc-title\">Le Mas d&#8217;Azil en bicicleta<\/p>\n                                            <p class=\"j-desc-excerpt\">mas d&#039;azil en bicicleta desde el camping<\/p>\n                                            <a href=\"https:\/\/www.vap-camping.fr\/es\/lieux\/mas-dazil-en-velo\/\"\n                                                title=\"Le Mas d&#8217;Azil en bicicleta\"\n                                                class=\"j-desc-button\">Ver m\u00e1s<\/a>\n                                        <\/div>\n                                    <\/div>\n                                                                                                            <\/div>\n                <\/div>\n                            <div class=\"step-desc step-2\" data-step-index=\"2\">\n                    <h3 class=\"step-title\">D\u00eda 4 <\/h3>\n\n                                                                                            <div class=\"camping-wrapper\" data-lat=\"43.2493673\"\n                                data-long=\"1.6806113\"\n                                data-name=\"Camping la Bastide(Maz\u00e8res)\"\n                                data-image=\"https:\/\/www.vap-camping.fr\/wp-content\/uploads\/2025\/07\/dji_0589-2-scaled.jpg\">\n                                                                    <a href=\"https:\/\/www.vap-camping.fr\/es\/campings\/camping-la-bastide\/\" class=\"c-link\"\n                                        title=\"Camping la Bastide(Maz\u00e8res)\">\n                                        <img decoding=\"async\" width=\"600\" height=\"450\" src=\"https:\/\/www.vap-camping.fr\/wp-content\/uploads\/2025\/07\/dji_0589-2-600x450.jpg\" class=\"attachment-medium size-medium wp-post-image\" alt=\"camping la bastide\" srcset=\"https:\/\/www.vap-camping.fr\/wp-content\/uploads\/2025\/07\/dji_0589-2-600x450.jpg 600w, https:\/\/www.vap-camping.fr\/wp-content\/uploads\/2025\/07\/dji_0589-2-1024x767.jpg 1024w, https:\/\/www.vap-camping.fr\/wp-content\/uploads\/2025\/07\/dji_0589-2-768x575.jpg 768w, https:\/\/www.vap-camping.fr\/wp-content\/uploads\/2025\/07\/dji_0589-2-1536x1151.jpg 1536w, https:\/\/www.vap-camping.fr\/wp-content\/uploads\/2025\/07\/dji_0589-2-2048x1534.jpg 2048w\" sizes=\"(max-width: 600px) 100vw, 600px\" \/>                                        <p class=\"c-button\">Descubre<\/p>\n                                    <\/a>\n                                                                    <div class=\"camping-infos\">\n                                    <p class=\"c-title\">Camping la Bastide(Maz\u00e8res)<\/p>\n                                    <ul class=\"c-list\">\n                                                                                    <li>\n                                                Clasificaci\u00f3n                                                                                                    <img decoding=\"async\" src=\"\/wp-content\/themes\/vap\/assets\/img\/svg\/star-rating.svg\" alt=\"Classement\" \/>\n                                                                                                        <img decoding=\"async\" src=\"\/wp-content\/themes\/vap\/assets\/img\/svg\/star-rating.svg\" alt=\"Classement\" \/>\n                                                                                                        <img decoding=\"async\" src=\"\/wp-content\/themes\/vap\/assets\/img\/svg\/star-rating.svg\" alt=\"Classement\" \/>\n                                                                                                <\/li>\n                                                                                    <li>62 Alquileres<\/li>\n                                        <li>48 parcelas desnudas<\/li>\n                                                                                    <li style=\"display: flex; gap: 1rem; margin-top: 1rem;\">\n                                                                                                    <img decoding=\"async\" src=\"https:\/\/www.vap-camping.fr\/wp-content\/uploads\/2025\/04\/water-ladder-ico.svg\" alt=\"Piscina (no climatizada)\" \/>\n                                                                                                        <img decoding=\"async\" src=\"https:\/\/www.vap-camping.fr\/wp-content\/uploads\/2025\/04\/martini-glass.svg\" alt=\"Restaurante\/Bar\" \/>\n                                                                                                        <img decoding=\"async\" src=\"https:\/\/www.vap-camping.fr\/wp-content\/uploads\/2025\/04\/wifi-ico.svg\" alt=\"Wifi\" \/>\n                                                                                                        <img decoding=\"async\" src=\"https:\/\/www.vap-camping.fr\/wp-content\/uploads\/2025\/04\/paw-solid.svg\" alt=\"Se admiten mascotas\" \/>\n                                                                                                        <img decoding=\"async\" src=\"https:\/\/www.vap-camping.fr\/wp-content\/uploads\/2025\/04\/party-horn-ico.svg\" alt=\"Entretenimiento estacional\" \/>\n                                                                                                        <img decoding=\"async\" src=\"https:\/\/www.vap-camping.fr\/wp-content\/uploads\/2025\/04\/table-tennis-paddle-ball.svg\" alt=\"Juegos infantiles\" \/>\n                                                                                                        <img decoding=\"async\" src=\"https:\/\/www.vap-camping.fr\/wp-content\/uploads\/2025\/04\/wheelchair-solid.svg\" alt=\"Tienda de recuerdos\" \/>\n                                                                                                <\/li>\n                                                                                <\/ul>\n                                <\/div>\n                            <\/div>\n                                            \n                                        <h4 class=\"journey-title\">Experiencias por descubrir<\/h4>\n                    <div class=\"journey-container\">\n                                                                                                                        <div class=\"swiper-slide\" data-lat=\"43.287715\"\n                                        data-long=\"1.629059\"\n                                        data-name=\"Bucle de Calmont-Aubouissous\"\n                                        data-image=\"https:\/\/www.vap-camping.fr\/wp-content\/uploads\/2025\/08\/camping-pas-cher-ariege-1.webp\">\n                                        <div class=\"j-link\">\n                                            <img decoding=\"async\" width=\"1024\" height=\"410\" src=\"https:\/\/www.vap-camping.fr\/wp-content\/uploads\/2025\/08\/camping-pas-cher-ariege-1-1024x410.webp\" class=\"attachment-large size-large wp-post-image\" alt=\"\" srcset=\"https:\/\/www.vap-camping.fr\/wp-content\/uploads\/2025\/08\/camping-pas-cher-ariege-1-1024x410.webp 1024w, https:\/\/www.vap-camping.fr\/wp-content\/uploads\/2025\/08\/camping-pas-cher-ariege-1-600x240.webp 600w, https:\/\/www.vap-camping.fr\/wp-content\/uploads\/2025\/08\/camping-pas-cher-ariege-1-768x308.webp 768w, https:\/\/www.vap-camping.fr\/wp-content\/uploads\/2025\/08\/camping-pas-cher-ariege-1-1536x615.webp 1536w, https:\/\/www.vap-camping.fr\/wp-content\/uploads\/2025\/08\/camping-pas-cher-ariege-1.webp 1920w\" sizes=\"(max-width: 1024px) 100vw, 1024px\" \/>                                            <p class=\"j-title\">Bucle de Calmont-Aubouissous<\/p>\n                                            <a href=\"https:\/\/www.vap-camping.fr\/es\/lieux\/boucle-calmont-aubouissous\/\"\n                                                title=\"Bucle de Calmont-Aubouissous\"\n                                                class=\"j-button\">Descubre<\/a>\n                                        <\/div>\n                                        <div class=\"j-desc\">\n                                            <p class=\"j-desc-title\">Bucle de Calmont-Aubouissous<\/p>\n                                            <p class=\"j-desc-excerpt\">\u00a1A 10 minutos en coche del camping llegar\u00e1s al punto de partida de tu excursi\u00f3n en Calmont!<\/p>\n                                            <a href=\"https:\/\/www.vap-camping.fr\/es\/lieux\/boucle-calmont-aubouissous\/\"\n                                                title=\"Bucle de Calmont-Aubouissous\"\n                                                class=\"j-desc-button\">Ver m\u00e1s<\/a>\n                                        <\/div>\n                                    <\/div>\n                                                                                                            <\/div>\n                <\/div>\n                            <div class=\"step-desc step-3\" data-step-index=\"3\">\n                    <h3 class=\"step-title\">D\u00edas 5 y 6 <\/h3>\n\n                                                                                            <div class=\"camping-wrapper\" data-lat=\"42.9892629\"\n                                data-long=\"1.6130811\"\n                                data-name=\"Camping du lac(Foix)\"\n                                data-image=\"https:\/\/www.vap-camping.fr\/wp-content\/uploads\/2025\/04\/camping-avec-piscine-scaled.jpg\">\n                                                                    <a href=\"https:\/\/www.vap-camping.fr\/es\/campings\/camping-du-lac\/\" class=\"c-link\"\n                                        title=\"Camping du lac(Foix)\">\n                                        <img decoding=\"async\" width=\"600\" height=\"450\" src=\"https:\/\/www.vap-camping.fr\/wp-content\/uploads\/2025\/04\/camping-avec-piscine-600x450.jpg\" class=\"attachment-medium size-medium wp-post-image\" alt=\"\" srcset=\"https:\/\/www.vap-camping.fr\/wp-content\/uploads\/2025\/04\/camping-avec-piscine-600x450.jpg 600w, https:\/\/www.vap-camping.fr\/wp-content\/uploads\/2025\/04\/camping-avec-piscine-1024x767.jpg 1024w, https:\/\/www.vap-camping.fr\/wp-content\/uploads\/2025\/04\/camping-avec-piscine-768x575.jpg 768w, https:\/\/www.vap-camping.fr\/wp-content\/uploads\/2025\/04\/camping-avec-piscine-1536x1151.jpg 1536w, https:\/\/www.vap-camping.fr\/wp-content\/uploads\/2025\/04\/camping-avec-piscine-2048x1534.jpg 2048w\" sizes=\"(max-width: 600px) 100vw, 600px\" \/>                                        <p class=\"c-button\">Descubre<\/p>\n                                    <\/a>\n                                                                    <div class=\"camping-infos\">\n                                    <p class=\"c-title\">Camping du lac(Foix)<\/p>\n                                    <ul class=\"c-list\">\n                                                                                    <li>\n                                                Clasificaci\u00f3n                                                                                                    <img decoding=\"async\" src=\"\/wp-content\/themes\/vap\/assets\/img\/svg\/star-rating.svg\" alt=\"Classement\" \/>\n                                                                                                        <img decoding=\"async\" src=\"\/wp-content\/themes\/vap\/assets\/img\/svg\/star-rating.svg\" alt=\"Classement\" \/>\n                                                                                                        <img decoding=\"async\" src=\"\/wp-content\/themes\/vap\/assets\/img\/svg\/star-rating.svg\" alt=\"Classement\" \/>\n                                                                                                        <img decoding=\"async\" src=\"\/wp-content\/themes\/vap\/assets\/img\/svg\/star-rating.svg\" alt=\"Classement\" \/>\n                                                                                                <\/li>\n                                                                                    <li>95 alquileres en 5 ha<\/li>\n                                        <li>40 parcelas desnudas<\/li>\n                                                                                    <li style=\"display: flex; gap: 1rem; margin-top: 1rem;\">\n                                                                                                    <img decoding=\"async\" src=\"https:\/\/www.vap-camping.fr\/wp-content\/uploads\/2025\/04\/water-ladder-ico.svg\" alt=\"Piscina (no climatizada)\" \/>\n                                                                                                        <img decoding=\"async\" src=\"https:\/\/www.vap-camping.fr\/wp-content\/uploads\/2025\/04\/martini-glass.svg\" alt=\"Restaurante\/Bar\" \/>\n                                                                                                        <img decoding=\"async\" src=\"https:\/\/www.vap-camping.fr\/wp-content\/uploads\/2025\/04\/wifi-ico.svg\" alt=\"Wifi\" \/>\n                                                                                                        <img decoding=\"async\" src=\"https:\/\/www.vap-camping.fr\/wp-content\/uploads\/2025\/04\/paw-solid.svg\" alt=\"Se admiten mascotas\" \/>\n                                                                                                        <img decoding=\"async\" src=\"https:\/\/www.vap-camping.fr\/wp-content\/uploads\/2025\/04\/party-horn-ico.svg\" alt=\"Entretenimiento estacional\" \/>\n                                                                                                        <img decoding=\"async\" src=\"https:\/\/www.vap-camping.fr\/wp-content\/uploads\/2025\/04\/basket-shopping.svg\" alt=\"Tienda de recuerdos\" \/>\n                                                                                                        <img decoding=\"async\" src=\"https:\/\/www.vap-camping.fr\/wp-content\/uploads\/2025\/04\/bicycle-solid.svg\" alt=\"Cuarto de bicicletas\" \/>\n                                                                                                        <img decoding=\"async\" src=\"https:\/\/www.vap-camping.fr\/wp-content\/uploads\/2025\/04\/wheelchair-solid.svg\" alt=\"Acceso PMR\" \/>\n                                                                                                        <img decoding=\"async\" src=\"\" alt=\"Puntos de recarga para veh\u00edculos el\u00e9ctricos\" \/>\n                                                                                                <\/li>\n                                                                                <\/ul>\n                                <\/div>\n                            <\/div>\n                                            \n                                        <h4 class=\"journey-title\">Experiencias por descubrir<\/h4>\n                    <div class=\"journey-container\">\n                                                                                                                        <div class=\"swiper-slide\" data-lat=\"42.919562\"\n                                        data-long=\"1.579699\"\n                                        data-name=\"Los 3 jefes cerca de Foix\"\n                                        data-image=\"https:\/\/www.vap-camping.fr\/wp-content\/uploads\/2025\/12\/image-10.jpeg\">\n                                        <div class=\"j-link\">\n                                            <img decoding=\"async\" width=\"1024\" height=\"576\" src=\"https:\/\/www.vap-camping.fr\/wp-content\/uploads\/2025\/12\/image-10-1024x576.jpeg\" class=\"attachment-large size-large wp-post-image\" alt=\"\" srcset=\"https:\/\/www.vap-camping.fr\/wp-content\/uploads\/2025\/12\/image-10-1024x576.jpeg 1024w, https:\/\/www.vap-camping.fr\/wp-content\/uploads\/2025\/12\/image-10-600x338.jpeg 600w, https:\/\/www.vap-camping.fr\/wp-content\/uploads\/2025\/12\/image-10-768x432.jpeg 768w, https:\/\/www.vap-camping.fr\/wp-content\/uploads\/2025\/12\/image-10-1536x864.jpeg 1536w, https:\/\/www.vap-camping.fr\/wp-content\/uploads\/2025\/12\/image-10.jpeg 1920w\" sizes=\"(max-width: 1024px) 100vw, 1024px\" \/>                                            <p class=\"j-title\">Los 3 jefes cerca de Foix<\/p>\n                                            <a href=\"https:\/\/www.vap-camping.fr\/es\/lieux\/les-3-bosses-pres-de-foix\/\"\n                                                title=\"Los 3 jefes cerca de Foix\"\n                                                class=\"j-button\">Descubre<\/a>\n                                        <\/div>\n                                        <div class=\"j-desc\">\n                                            <p class=\"j-desc-title\">Los 3 jefes cerca de Foix<\/p>\n                                            <p class=\"j-desc-excerpt\">Un d\u00eda de ciclismo cerca de Foix desde el camping del lago<\/p>\n                                            <a href=\"https:\/\/www.vap-camping.fr\/es\/lieux\/les-3-bosses-pres-de-foix\/\"\n                                                title=\"Los 3 jefes cerca de Foix\"\n                                                class=\"j-desc-button\">Ver m\u00e1s<\/a>\n                                        <\/div>\n                                    <\/div>\n                                                                                                                                    <div class=\"swiper-slide\" data-lat=\"42.918333\"\n                                        data-long=\"1.389167\"\n                                        data-name=\"el Muro de la P\u00e9gu\u00e8re en bicicleta\"\n                                        data-image=\"https:\/\/www.vap-camping.fr\/wp-content\/uploads\/2025\/04\/charles_ripon_velo.jpg\">\n                                        <div class=\"j-link\">\n                                            <img decoding=\"async\" width=\"1024\" height=\"683\" src=\"https:\/\/www.vap-camping.fr\/wp-content\/uploads\/2025\/04\/charles_ripon_velo-1024x683.jpg\" class=\"attachment-large size-large wp-post-image\" alt=\"\" srcset=\"https:\/\/www.vap-camping.fr\/wp-content\/uploads\/2025\/04\/charles_ripon_velo-1024x683.jpg 1024w, https:\/\/www.vap-camping.fr\/wp-content\/uploads\/2025\/04\/charles_ripon_velo-600x400.jpg 600w, https:\/\/www.vap-camping.fr\/wp-content\/uploads\/2025\/04\/charles_ripon_velo-768x512.jpg 768w, https:\/\/www.vap-camping.fr\/wp-content\/uploads\/2025\/04\/charles_ripon_velo-1536x1025.jpg 1536w, https:\/\/www.vap-camping.fr\/wp-content\/uploads\/2025\/04\/charles_ripon_velo-2048x1366.jpg 2048w\" sizes=\"(max-width: 1024px) 100vw, 1024px\" \/>                                            <p class=\"j-title\">el Muro de la P\u00e9gu\u00e8re en bicicleta<\/p>\n                                            <a href=\"https:\/\/www.vap-camping.fr\/es\/lieux\/le-mur-de-peguere-a-velo\/\"\n                                                title=\"el Muro de la P\u00e9gu\u00e8re en bicicleta\"\n                                                class=\"j-button\">Descubre<\/a>\n                                        <\/div>\n                                        <div class=\"j-desc\">\n                                            <p class=\"j-desc-title\">el Muro de la P\u00e9gu\u00e8re en bicicleta<\/p>\n                                            <p class=\"j-desc-excerpt\">\u00a1Disfruta de un d\u00eda de ciclismo en el Ari\u00e8ge y rel\u00e1jate en el camping 4 estrellas de Foix!<\/p>\n                                            <a href=\"https:\/\/www.vap-camping.fr\/es\/lieux\/le-mur-de-peguere-a-velo\/\"\n                                                title=\"el Muro de la P\u00e9gu\u00e8re en bicicleta\"\n                                                class=\"j-desc-button\">Ver m\u00e1s<\/a>\n                                        <\/div>\n                                    <\/div>\n                                                                                                            <\/div>\n                <\/div>\n                            <div class=\"step-desc step-4\" data-step-index=\"4\">\n                    <h3 class=\"step-title\">D\u00edas 7 y 8<\/h3>\n\n                                                                                            <div class=\"camping-wrapper\" data-lat=\"42.7874289\"\n                                data-long=\"1.6828079\"\n                                data-name=\"Complejo Les Oustalous\"\n                                data-image=\"https:\/\/www.vap-camping.fr\/wp-content\/uploads\/2025\/04\/img_5291-1024x768-1.jpg\">\n                                                                    <a href=\"https:\/\/www.vap-camping.fr\/es\/campings\/oustalous-complex\/\" class=\"c-link\"\n                                        title=\"Complejo Les Oustalous\">\n                                        <img decoding=\"async\" width=\"600\" height=\"450\" src=\"https:\/\/www.vap-camping.fr\/wp-content\/uploads\/2025\/04\/img_5291-1024x768-1-600x450.jpg\" class=\"attachment-medium size-medium wp-post-image\" alt=\"\" srcset=\"https:\/\/www.vap-camping.fr\/wp-content\/uploads\/2025\/04\/img_5291-1024x768-1-600x450.jpg 600w, https:\/\/www.vap-camping.fr\/wp-content\/uploads\/2025\/04\/img_5291-1024x768-1-768x576.jpg 768w, https:\/\/www.vap-camping.fr\/wp-content\/uploads\/2025\/04\/img_5291-1024x768-1.jpg 1024w\" sizes=\"(max-width: 600px) 100vw, 600px\" \/>                                        <p class=\"c-button\">Descubre<\/p>\n                                    <\/a>\n                                                                    <div class=\"camping-infos\">\n                                    <p class=\"c-title\">Complejo Les Oustalous<\/p>\n                                    <ul class=\"c-list\">\n                                                                                <li>240 personas<\/li>\n                                        <li>240 personas<\/li>\n                                                                                    <li style=\"display: flex; gap: 1rem; margin-top: 1rem;\">\n                                                                                                    <img decoding=\"async\" src=\"https:\/\/www.vap-camping.fr\/wp-content\/uploads\/2025\/04\/water-ladder-ico.svg\" alt=\"Piscina\" \/>\n                                                                                                        <img decoding=\"async\" src=\"https:\/\/www.vap-camping.fr\/wp-content\/uploads\/2025\/04\/wifi-ico.svg\" alt=\"Wifi\" \/>\n                                                                                                        <img decoding=\"async\" src=\"https:\/\/www.vap-camping.fr\/wp-content\/uploads\/2025\/04\/dice-solid.svg\" alt=\"Boulodrome\" \/>\n                                                                                                        <img decoding=\"async\" src=\"https:\/\/www.vap-camping.fr\/wp-content\/uploads\/2025\/04\/table-tennis-paddle-ball.svg\" alt=\"Mesa de ping-pong\" \/>\n                                                                                                <\/li>\n                                                                                <\/ul>\n                                <\/div>\n                            <\/div>\n                                            \n                                        <h4 class=\"journey-title\">Experiencias por descubrir<\/h4>\n                    <div class=\"journey-container\">\n                                                                                                                        <div class=\"swiper-slide\" data-lat=\"42.702109\"\n                                        data-long=\"  1.889437\"\n                                        data-name=\"La Camina de Les Cabannes\"\n                                        data-image=\"https:\/\/www.vap-camping.fr\/wp-content\/uploads\/2025\/04\/Cyclo2_ariege_pyrenees_tourisme.jpg\">\n                                        <div class=\"j-link\">\n                                            <img decoding=\"async\" width=\"1024\" height=\"683\" src=\"https:\/\/www.vap-camping.fr\/wp-content\/uploads\/2025\/04\/Cyclo2_ariege_pyrenees_tourisme.jpg\" class=\"attachment-large size-large wp-post-image\" alt=\"\" srcset=\"https:\/\/www.vap-camping.fr\/wp-content\/uploads\/2025\/04\/Cyclo2_ariege_pyrenees_tourisme.jpg 1024w, https:\/\/www.vap-camping.fr\/wp-content\/uploads\/2025\/04\/Cyclo2_ariege_pyrenees_tourisme-600x400.jpg 600w, https:\/\/www.vap-camping.fr\/wp-content\/uploads\/2025\/04\/Cyclo2_ariege_pyrenees_tourisme-768x512.jpg 768w\" sizes=\"(max-width: 1024px) 100vw, 1024px\" \/>                                            <p class=\"j-title\">La Camina de Les Cabannes<\/p>\n                                            <a href=\"https:\/\/www.vap-camping.fr\/es\/lieux\/velo-au-prat-dalbis\/\"\n                                                title=\"La Camina de Les Cabannes\"\n                                                class=\"j-button\">Descubre<\/a>\n                                        <\/div>\n                                        <div class=\"j-desc\">\n                                            <p class=\"j-desc-title\">La Camina de Les Cabannes<\/p>\n                                            <p class=\"j-desc-excerpt\">Un d\u00eda de ciclismo al pie de los Pirineos de Ari\u00e8ge<\/p>\n                                            <a href=\"https:\/\/www.vap-camping.fr\/es\/lieux\/velo-au-prat-dalbis\/\"\n                                                title=\"La Camina de Les Cabannes\"\n                                                class=\"j-desc-button\">Ver m\u00e1s<\/a>\n                                        <\/div>\n                                    <\/div>\n                                                                                                                                                                        <\/div>\n                <\/div>\n                        <\/div>\n<\/div>\n\n\n<div class=\"wp-block-group reveal has-global-padding is-layout-constrained wp-block-group-is-layout-constrained\">\n<div class=\"wp-block-group alignwide is-style-title-simple is-layout-flow wp-block-group-is-layout-flow is-style-title-simple--3\" style=\"margin-top:4rem;margin-bottom:4rem\">\n<p class=\"has-text-align-center has-secondary-color has-text-color has-link-color has-secondary-font-family has-xl-font-size wp-elements-4292de61de7822613e815fa80746a606\">Elija<\/p>\n\n\n\n<p class=\"has-text-align-center has-primary-font-family has-sm-font-size\" style=\"text-transform:uppercase\"><strong>tu aventura<\/strong><\/p>\n<\/div>\n\n\n\n    <div class=\"journey-wrapper is-layout-flow wp-block-slider-taxo-is-layout-flow\">\n        <div class=\"journey-slides\">\n                            <div class=\"journey-slide\">\n                    <a href=\"https:\/\/www.vap-camping.fr\/es\/sejours\/weekend-depaysant-dans-les-paysages-verdoyants-de-lariege\/\" class=\"journey\" title=\"Un fin de semana en los verdes paisajes del Ari\u00e8ge\">\n                        <img decoding=\"async\" width=\"2560\" height=\"1707\" src=\"https:\/\/www.vap-camping.fr\/wp-content\/uploads\/2025\/05\/AdobeStock_1440628082-scaled.jpeg\" class=\"attachment-3018 size-3018 wp-post-image\" alt=\"waterfall Ari\u00e8ge\" large=\"\" srcset=\"https:\/\/www.vap-camping.fr\/wp-content\/uploads\/2025\/05\/AdobeStock_1440628082-scaled.jpeg 2560w, https:\/\/www.vap-camping.fr\/wp-content\/uploads\/2025\/05\/AdobeStock_1440628082-600x400.jpeg 600w, https:\/\/www.vap-camping.fr\/wp-content\/uploads\/2025\/05\/AdobeStock_1440628082-1024x683.jpeg 1024w, https:\/\/www.vap-camping.fr\/wp-content\/uploads\/2025\/05\/AdobeStock_1440628082-768x512.jpeg 768w, https:\/\/www.vap-camping.fr\/wp-content\/uploads\/2025\/05\/AdobeStock_1440628082-1536x1024.jpeg 1536w, https:\/\/www.vap-camping.fr\/wp-content\/uploads\/2025\/05\/AdobeStock_1440628082-2048x1365.jpeg 2048w\" sizes=\"(max-width: 2560px) 100vw, 2560px\" \/>                        <p class=\"j-title\">\n                            Un cambio de aires garantizado                        <\/p>\n                        <p class=\"j-more\">\n                            Descubre                        <\/p>\n                    <\/a>\n                <\/div>\n\n                            <div class=\"journey-slide\">\n                    <a href=\"https:\/\/www.vap-camping.fr\/es\/sejours\/5-dias-en-aryge-para-una-inmersion-completa\/\" class=\"journey\" title=\"Visitas culturales\">\n                        <img decoding=\"async\" width=\"1920\" height=\"2560\" src=\"https:\/\/www.vap-camping.fr\/wp-content\/uploads\/2025\/08\/couvent-des-jacobins-toulouse-scaled.jpg\" class=\"attachment-3013 size-3013 wp-post-image\" alt=\"\" large=\"\" srcset=\"https:\/\/www.vap-camping.fr\/wp-content\/uploads\/2025\/08\/couvent-des-jacobins-toulouse-scaled.jpg 1920w, https:\/\/www.vap-camping.fr\/wp-content\/uploads\/2025\/08\/couvent-des-jacobins-toulouse-450x600.jpg 450w, https:\/\/www.vap-camping.fr\/wp-content\/uploads\/2025\/08\/couvent-des-jacobins-toulouse-768x1024.jpg 768w, https:\/\/www.vap-camping.fr\/wp-content\/uploads\/2025\/08\/couvent-des-jacobins-toulouse-1152x1536.jpg 1152w, https:\/\/www.vap-camping.fr\/wp-content\/uploads\/2025\/08\/couvent-des-jacobins-toulouse-1536x2048.jpg 1536w\" sizes=\"(max-width: 1920px) 100vw, 1920px\" \/>                        <p class=\"j-title\">\n                            Visitas culturales                        <\/p>\n                        <p class=\"j-more\">\n                            Descubre                        <\/p>\n                    <\/a>\n                <\/div>\n\n                            <div class=\"journey-slide\">\n                    <a href=\"https:\/\/www.vap-camping.fr\/es\/sejours\/10-jours-dans-la-terre-ariegeoise\/\" class=\"journey\" title=\"10 d\u00edas en la regi\u00f3n de Ari\u00e8ge\">\n                        <img decoding=\"async\" width=\"2000\" height=\"1333\" src=\"https:\/\/www.vap-camping.fr\/wp-content\/uploads\/2025\/04\/AdobeStock_917113788.jpg\" class=\"attachment-3025 size-3025 wp-post-image\" alt=\"\" large=\"\" srcset=\"https:\/\/www.vap-camping.fr\/wp-content\/uploads\/2025\/04\/AdobeStock_917113788.jpg 2000w, https:\/\/www.vap-camping.fr\/wp-content\/uploads\/2025\/04\/AdobeStock_917113788-300x200.jpg 300w, https:\/\/www.vap-camping.fr\/wp-content\/uploads\/2025\/04\/AdobeStock_917113788-1024x682.jpg 1024w, https:\/\/www.vap-camping.fr\/wp-content\/uploads\/2025\/04\/AdobeStock_917113788-768x512.jpg 768w, https:\/\/www.vap-camping.fr\/wp-content\/uploads\/2025\/04\/AdobeStock_917113788-1536x1024.jpg 1536w\" sizes=\"(max-width: 2000px) 100vw, 2000px\" \/>                        <p class=\"j-title\">\n                            Aventura total                        <\/p>\n                        <p class=\"j-more\">\n                            Descubre                        <\/p>\n                    <\/a>\n                <\/div>\n\n                            <div class=\"journey-slide\">\n                    <a href=\"https:\/\/www.vap-camping.fr\/es\/sejours\/3-jours-daventure-entre-nature-et-histoire-en-ariege\/\" class=\"journey\" title=\"Castillos y fortalezas\">\n                        <img decoding=\"async\" width=\"2560\" height=\"1750\" src=\"https:\/\/www.vap-camping.fr\/wp-content\/uploads\/2025\/05\/AdobeStock_505119846-scaled.jpeg\" class=\"attachment-3029 size-3029 wp-post-image\" alt=\"\" large=\"\" srcset=\"https:\/\/www.vap-camping.fr\/wp-content\/uploads\/2025\/05\/AdobeStock_505119846-scaled.jpeg 2560w, https:\/\/www.vap-camping.fr\/wp-content\/uploads\/2025\/05\/AdobeStock_505119846-600x410.jpeg 600w, https:\/\/www.vap-camping.fr\/wp-content\/uploads\/2025\/05\/AdobeStock_505119846-1024x700.jpeg 1024w, https:\/\/www.vap-camping.fr\/wp-content\/uploads\/2025\/05\/AdobeStock_505119846-768x525.jpeg 768w, https:\/\/www.vap-camping.fr\/wp-content\/uploads\/2025\/05\/AdobeStock_505119846-1536x1050.jpeg 1536w, https:\/\/www.vap-camping.fr\/wp-content\/uploads\/2025\/05\/AdobeStock_505119846-2048x1400.jpeg 2048w\" sizes=\"(max-width: 2560px) 100vw, 2560px\" \/>                        <p class=\"j-title\">\n                            Castillos y fincas                        <\/p>\n                        <p class=\"j-more\">\n                            Descubre                        <\/p>\n                    <\/a>\n                <\/div>\n\n                            <div class=\"journey-slide\">\n                    <a href=\"https:\/\/www.vap-camping.fr\/es\/sejours\/des-sensations-fortes-a-vivre\/\" class=\"journey\" title=\"Toda una vida de emociones\">\n                        <img decoding=\"async\" width=\"2560\" height=\"1709\" src=\"https:\/\/www.vap-camping.fr\/wp-content\/uploads\/2025\/05\/AdobeStock_135226020-scaled.jpeg\" class=\"attachment-2936 size-2936 wp-post-image\" alt=\"parapente\" large=\"\" srcset=\"https:\/\/www.vap-camping.fr\/wp-content\/uploads\/2025\/05\/AdobeStock_135226020-scaled.jpeg 2560w, https:\/\/www.vap-camping.fr\/wp-content\/uploads\/2025\/05\/AdobeStock_135226020-600x401.jpeg 600w, https:\/\/www.vap-camping.fr\/wp-content\/uploads\/2025\/05\/AdobeStock_135226020-1024x684.jpeg 1024w, https:\/\/www.vap-camping.fr\/wp-content\/uploads\/2025\/05\/AdobeStock_135226020-768x513.jpeg 768w, https:\/\/www.vap-camping.fr\/wp-content\/uploads\/2025\/05\/AdobeStock_135226020-1536x1025.jpeg 1536w, https:\/\/www.vap-camping.fr\/wp-content\/uploads\/2025\/05\/AdobeStock_135226020-2048x1367.jpeg 2048w\" sizes=\"(max-width: 2560px) 100vw, 2560px\" \/>                        <p class=\"j-title\">\n                            Emociones y derrames                        <\/p>\n                        <p class=\"j-more\">\n                            Descubre                        <\/p>\n                    <\/a>\n                <\/div>\n\n                            <div class=\"journey-slide\">\n                    <a href=\"https:\/\/www.vap-camping.fr\/es\/sejours\/les-sommets-des-pyrenees-a-travers-des-activites-montagne\/\" class=\"journey\" title=\"Paseos o excursiones por nuestros establecimientos\">\n                        <img decoding=\"async\" width=\"2560\" height=\"1434\" src=\"https:\/\/www.vap-camping.fr\/wp-content\/uploads\/2025\/05\/AdobeStock_773958435-scaled.jpeg\" class=\"attachment-2930 size-2930 wp-post-image\" alt=\"\" large=\"\" srcset=\"https:\/\/www.vap-camping.fr\/wp-content\/uploads\/2025\/05\/AdobeStock_773958435-scaled.jpeg 2560w, https:\/\/www.vap-camping.fr\/wp-content\/uploads\/2025\/05\/AdobeStock_773958435-600x336.jpeg 600w, https:\/\/www.vap-camping.fr\/wp-content\/uploads\/2025\/05\/AdobeStock_773958435-1024x574.jpeg 1024w, https:\/\/www.vap-camping.fr\/wp-content\/uploads\/2025\/05\/AdobeStock_773958435-768x430.jpeg 768w, https:\/\/www.vap-camping.fr\/wp-content\/uploads\/2025\/05\/AdobeStock_773958435-1536x861.jpeg 1536w, https:\/\/www.vap-camping.fr\/wp-content\/uploads\/2025\/05\/AdobeStock_773958435-2048x1148.jpeg 2048w\" sizes=\"(max-width: 2560px) 100vw, 2560px\" \/>                        <p class=\"j-title\">\n                            Paseos y excursiones                          <\/p>\n                        <p class=\"j-more\">\n                            Descubre                        <\/p>\n                    <\/a>\n                <\/div>\n\n                            <div class=\"journey-slide\">\n                    <a href=\"https:\/\/www.vap-camping.fr\/es\/sejours\/lhiver-en-ariege-pour-vos-vacances-en-famille\/\" class=\"journey\" title=\"Invierno con VAP\">\n                        <img decoding=\"async\" width=\"2560\" height=\"1707\" src=\"https:\/\/www.vap-camping.fr\/wp-content\/uploads\/2025\/05\/AdobeStock_23369091-scaled.jpeg\" class=\"attachment-2968 size-2968 wp-post-image\" alt=\"\" large=\"\" srcset=\"https:\/\/www.vap-camping.fr\/wp-content\/uploads\/2025\/05\/AdobeStock_23369091-scaled.jpeg 2560w, https:\/\/www.vap-camping.fr\/wp-content\/uploads\/2025\/05\/AdobeStock_23369091-600x400.jpeg 600w, https:\/\/www.vap-camping.fr\/wp-content\/uploads\/2025\/05\/AdobeStock_23369091-1024x683.jpeg 1024w, https:\/\/www.vap-camping.fr\/wp-content\/uploads\/2025\/05\/AdobeStock_23369091-768x512.jpeg 768w, https:\/\/www.vap-camping.fr\/wp-content\/uploads\/2025\/05\/AdobeStock_23369091-1536x1024.jpeg 1536w, https:\/\/www.vap-camping.fr\/wp-content\/uploads\/2025\/05\/AdobeStock_23369091-2048x1365.jpeg 2048w\" sizes=\"(max-width: 2560px) 100vw, 2560px\" \/>                        <p class=\"j-title\">\n                            Invierno con VAP                        <\/p>\n                        <p class=\"j-more\">\n                            Descubre                        <\/p>\n                    <\/a>\n                <\/div>\n\n                            <div class=\"journey-slide\">\n                    <a href=\"https:\/\/www.vap-camping.fr\/es\/sejours\/offrez-vous-une-pause-bien-etre-en-ariege\/\" class=\"journey\" title=\"5 ideas para una escapada de bienestar\">\n                        <img decoding=\"async\" width=\"2560\" height=\"1637\" src=\"https:\/\/www.vap-camping.fr\/wp-content\/uploads\/2025\/05\/AdobeStock_1074550848-scaled.jpeg\" class=\"attachment-2486 size-2486 wp-post-image\" alt=\"\" large=\"\" srcset=\"https:\/\/www.vap-camping.fr\/wp-content\/uploads\/2025\/05\/AdobeStock_1074550848-scaled.jpeg 2560w, https:\/\/www.vap-camping.fr\/wp-content\/uploads\/2025\/05\/AdobeStock_1074550848-600x384.jpeg 600w, https:\/\/www.vap-camping.fr\/wp-content\/uploads\/2025\/05\/AdobeStock_1074550848-1024x655.jpeg 1024w, https:\/\/www.vap-camping.fr\/wp-content\/uploads\/2025\/05\/AdobeStock_1074550848-768x491.jpeg 768w, https:\/\/www.vap-camping.fr\/wp-content\/uploads\/2025\/05\/AdobeStock_1074550848-1536x982.jpeg 1536w, https:\/\/www.vap-camping.fr\/wp-content\/uploads\/2025\/05\/AdobeStock_1074550848-2048x1310.jpeg 2048w\" sizes=\"(max-width: 2560px) 100vw, 2560px\" \/>                        <p class=\"j-title\">\n                            Bienestar                        <\/p>\n                        <p class=\"j-more\">\n                            Descubre                        <\/p>\n                    <\/a>\n                <\/div>\n\n                            <div class=\"journey-slide\">\n                    <a href=\"https:\/\/www.vap-camping.fr\/es\/sejours\/primavera-en-edad-vivir-la-sensibilidad-renovacion\/\" class=\"journey\" title=\"Visitas industriales\">\n                        <img decoding=\"async\" width=\"1200\" height=\"789\" src=\"https:\/\/www.vap-camping.fr\/wp-content\/uploads\/2025\/09\/image-2.jpeg\" class=\"attachment-2990 size-2990 wp-post-image\" alt=\"Talcane\u00f4\" large=\"\" srcset=\"https:\/\/www.vap-camping.fr\/wp-content\/uploads\/2025\/09\/image-2.jpeg 1200w, https:\/\/www.vap-camping.fr\/wp-content\/uploads\/2025\/09\/image-2-600x395.jpeg 600w, https:\/\/www.vap-camping.fr\/wp-content\/uploads\/2025\/09\/image-2-1024x673.jpeg 1024w, https:\/\/www.vap-camping.fr\/wp-content\/uploads\/2025\/09\/image-2-768x505.jpeg 768w\" sizes=\"(max-width: 1200px) 100vw, 1200px\" \/>                        <p class=\"j-title\">\n                            Visitas industriales                          <\/p>\n                        <p class=\"j-more\">\n                            Descubre                        <\/p>\n                    <\/a>\n                <\/div>\n\n                            <div class=\"journey-slide\">\n                    <a href=\"https:\/\/www.vap-camping.fr\/es\/sejours\/voyage-prehistorique-a-travers-les-grottes-cachees-de-l-ariege\/\" class=\"journey\" title=\"Visita las cuevas\">\n                        <img decoding=\"async\" width=\"2560\" height=\"1707\" src=\"https:\/\/www.vap-camping.fr\/wp-content\/uploads\/2025\/04\/AdobeStock_885725894-scaled.jpeg\" class=\"attachment-2950 size-2950 wp-post-image\" alt=\"\" large=\"\" srcset=\"https:\/\/www.vap-camping.fr\/wp-content\/uploads\/2025\/04\/AdobeStock_885725894-scaled.jpeg 2560w, https:\/\/www.vap-camping.fr\/wp-content\/uploads\/2025\/04\/AdobeStock_885725894-600x400.jpeg 600w, https:\/\/www.vap-camping.fr\/wp-content\/uploads\/2025\/04\/AdobeStock_885725894-1024x683.jpeg 1024w, https:\/\/www.vap-camping.fr\/wp-content\/uploads\/2025\/04\/AdobeStock_885725894-768x512.jpeg 768w, https:\/\/www.vap-camping.fr\/wp-content\/uploads\/2025\/04\/AdobeStock_885725894-1536x1024.jpeg 1536w, https:\/\/www.vap-camping.fr\/wp-content\/uploads\/2025\/04\/AdobeStock_885725894-2048x1365.jpeg 2048w\" sizes=\"(max-width: 2560px) 100vw, 2560px\" \/>                        <p class=\"j-title\">\n                            Visita las cuevas                        <\/p>\n                        <p class=\"j-more\">\n                            Descubre                        <\/p>\n                    <\/a>\n                <\/div>\n\n                            <div class=\"journey-slide\">\n                    <a href=\"https:\/\/www.vap-camping.fr\/es\/sejours\/voyage-romantique-vos-vacances-a-deux-en-ariege\/\" class=\"journey\" title=\"Vacaciones rom\u00e1nticas para dos en Ari\u00e8ge\">\n                        <img decoding=\"async\" width=\"2560\" height=\"1707\" src=\"https:\/\/www.vap-camping.fr\/wp-content\/uploads\/2025\/05\/AdobeStock_693006007-scaled.jpeg\" class=\"attachment-3006 size-3006 wp-post-image\" alt=\"ap\u00e9ro\" large=\"\" srcset=\"https:\/\/www.vap-camping.fr\/wp-content\/uploads\/2025\/05\/AdobeStock_693006007-scaled.jpeg 2560w, https:\/\/www.vap-camping.fr\/wp-content\/uploads\/2025\/05\/AdobeStock_693006007-600x400.jpeg 600w, https:\/\/www.vap-camping.fr\/wp-content\/uploads\/2025\/05\/AdobeStock_693006007-1024x683.jpeg 1024w, https:\/\/www.vap-camping.fr\/wp-content\/uploads\/2025\/05\/AdobeStock_693006007-768x512.jpeg 768w, https:\/\/www.vap-camping.fr\/wp-content\/uploads\/2025\/05\/AdobeStock_693006007-1536x1024.jpeg 1536w, https:\/\/www.vap-camping.fr\/wp-content\/uploads\/2025\/05\/AdobeStock_693006007-2048x1365.jpeg 2048w\" sizes=\"(max-width: 2560px) 100vw, 2560px\" \/>                        <p class=\"j-title\">\n                            Viajes rom\u00e1nticos                        <\/p>\n                        <p class=\"j-more\">\n                            Descubre                        <\/p>\n                    <\/a>\n                <\/div>\n\n                            <div class=\"journey-slide\">\n                    <a href=\"https:\/\/www.vap-camping.fr\/es\/sejours\/aventure-en-groupe-au-coeur-de-lariege\/\" class=\"journey\" title=\"Aventura en grupo en el coraz\u00f3n del Ari\u00e8ge\">\n                        <img decoding=\"async\" width=\"2560\" height=\"1709\" src=\"https:\/\/www.vap-camping.fr\/wp-content\/uploads\/2025\/05\/AdobeStock_274495436-scaled.jpeg\" class=\"attachment-2994 size-2994 wp-post-image\" alt=\"speleological\" large=\"\" srcset=\"https:\/\/www.vap-camping.fr\/wp-content\/uploads\/2025\/05\/AdobeStock_274495436-scaled.jpeg 2560w, https:\/\/www.vap-camping.fr\/wp-content\/uploads\/2025\/05\/AdobeStock_274495436-600x401.jpeg 600w, https:\/\/www.vap-camping.fr\/wp-content\/uploads\/2025\/05\/AdobeStock_274495436-1024x684.jpeg 1024w, https:\/\/www.vap-camping.fr\/wp-content\/uploads\/2025\/05\/AdobeStock_274495436-768x513.jpeg 768w, https:\/\/www.vap-camping.fr\/wp-content\/uploads\/2025\/05\/AdobeStock_274495436-1536x1025.jpeg 1536w, https:\/\/www.vap-camping.fr\/wp-content\/uploads\/2025\/05\/AdobeStock_274495436-2048x1367.jpeg 2048w\" sizes=\"(max-width: 2560px) 100vw, 2560px\" \/>                        <p class=\"j-title\">\n                            Aventura en grupo                        <\/p>\n                        <p class=\"j-more\">\n                            Descubre                        <\/p>\n                    <\/a>\n                <\/div>\n\n                            <div class=\"journey-slide\">\n                    <a href=\"https:\/\/www.vap-camping.fr\/es\/sejours\/moments-partages-en-famille-au-coeur-de-lariege\/\" class=\"journey\" title=\"Diversi\u00f3n familiar en el coraz\u00f3n de Ari\u00e8ge\">\n                        <img decoding=\"async\" width=\"2560\" height=\"1683\" src=\"https:\/\/www.vap-camping.fr\/wp-content\/uploads\/2025\/05\/AdobeStock_285782136-scaled.jpeg\" class=\"attachment-2984 size-2984 wp-post-image\" alt=\"\" large=\"\" srcset=\"https:\/\/www.vap-camping.fr\/wp-content\/uploads\/2025\/05\/AdobeStock_285782136-scaled.jpeg 2560w, https:\/\/www.vap-camping.fr\/wp-content\/uploads\/2025\/05\/AdobeStock_285782136-600x395.jpeg 600w, https:\/\/www.vap-camping.fr\/wp-content\/uploads\/2025\/05\/AdobeStock_285782136-1024x673.jpeg 1024w, https:\/\/www.vap-camping.fr\/wp-content\/uploads\/2025\/05\/AdobeStock_285782136-768x505.jpeg 768w, https:\/\/www.vap-camping.fr\/wp-content\/uploads\/2025\/05\/AdobeStock_285782136-1536x1010.jpeg 1536w, https:\/\/www.vap-camping.fr\/wp-content\/uploads\/2025\/05\/AdobeStock_285782136-2048x1347.jpeg 2048w\" sizes=\"(max-width: 2560px) 100vw, 2560px\" \/>                        <p class=\"j-title\">\n                            Tiempo en familia                        <\/p>\n                        <p class=\"j-more\">\n                            Descubre                        <\/p>\n                    <\/a>\n                <\/div>\n\n                            <div class=\"journey-slide\">\n                    <a href=\"https:\/\/www.vap-camping.fr\/es\/sejours\/voyageur-solo-une-rencontre-avec-soi-meme-en-ariege\/\" class=\"journey\" title=\"Viajeros en solitario, un encuentro contigo mismo en Ari\u00e8ge\">\n                        <img decoding=\"async\" width=\"2560\" height=\"1920\" src=\"https:\/\/www.vap-camping.fr\/wp-content\/uploads\/2025\/05\/AdobeStock_1312971900.jpeg\" class=\"attachment-3001 size-3001 wp-post-image\" alt=\"randonee Ari\u00e8ge\" large=\"\" srcset=\"https:\/\/www.vap-camping.fr\/wp-content\/uploads\/2025\/05\/AdobeStock_1312971900.jpeg 2560w, https:\/\/www.vap-camping.fr\/wp-content\/uploads\/2025\/05\/AdobeStock_1312971900-600x450.jpeg 600w, https:\/\/www.vap-camping.fr\/wp-content\/uploads\/2025\/05\/AdobeStock_1312971900-1024x768.jpeg 1024w, https:\/\/www.vap-camping.fr\/wp-content\/uploads\/2025\/05\/AdobeStock_1312971900-768x576.jpeg 768w, https:\/\/www.vap-camping.fr\/wp-content\/uploads\/2025\/05\/AdobeStock_1312971900-1536x1152.jpeg 1536w, https:\/\/www.vap-camping.fr\/wp-content\/uploads\/2025\/05\/AdobeStock_1312971900-2048x1536.jpeg 2048w\" sizes=\"(max-width: 2560px) 100vw, 2560px\" \/>                        <p class=\"j-title\">\n                            Viajar solo                        <\/p>\n                        <p class=\"j-more\">\n                            Descubre                        <\/p>\n                    <\/a>\n                <\/div>\n\n                            <div class=\"journey-slide\">\n                    <a href=\"https:\/\/www.vap-camping.fr\/es\/sejours\/lautomne-en-ariege-a-travers-des-paysages-colores\/\" class=\"journey\" title=\"Oto\u00f1o en el Ari\u00e8ge a trav\u00e9s de paisajes llenos de color\">\n                        <img decoding=\"async\" width=\"2560\" height=\"1707\" src=\"https:\/\/www.vap-camping.fr\/wp-content\/uploads\/2025\/05\/AdobeStock_417307917-scaled.jpeg\" class=\"attachment-2978 size-2978 wp-post-image\" alt=\"lac de bexhmale printemps\" large=\"\" srcset=\"https:\/\/www.vap-camping.fr\/wp-content\/uploads\/2025\/05\/AdobeStock_417307917-scaled.jpeg 2560w, https:\/\/www.vap-camping.fr\/wp-content\/uploads\/2025\/05\/AdobeStock_417307917-600x400.jpeg 600w, https:\/\/www.vap-camping.fr\/wp-content\/uploads\/2025\/05\/AdobeStock_417307917-1024x683.jpeg 1024w, https:\/\/www.vap-camping.fr\/wp-content\/uploads\/2025\/05\/AdobeStock_417307917-768x512.jpeg 768w, https:\/\/www.vap-camping.fr\/wp-content\/uploads\/2025\/05\/AdobeStock_417307917-1536x1024.jpeg 1536w, https:\/\/www.vap-camping.fr\/wp-content\/uploads\/2025\/05\/AdobeStock_417307917-2048x1365.jpeg 2048w\" sizes=\"(max-width: 2560px) 100vw, 2560px\" \/>                        <p class=\"j-title\">\n                            Oto\u00f1o en Ari\u00e8ge                        <\/p>\n                        <p class=\"j-more\">\n                            Descubre                        <\/p>\n                    <\/a>\n                <\/div>\n\n                            <div class=\"journey-slide\">\n                    <a href=\"https:\/\/www.vap-camping.fr\/es\/sejours\/votre-ete-entre-charme-et-authenticite-en-ariege\/\" class=\"journey\" title=\"Un verano de encanto y autenticidad en Ari\u00e8ge\">\n                        <img decoding=\"async\" width=\"2560\" height=\"1919\" src=\"https:\/\/www.vap-camping.fr\/wp-content\/uploads\/2025\/05\/AdobeStock_289802388-scaled.jpeg\" class=\"attachment-2956 size-2956 wp-post-image\" alt=\"\" large=\"\" srcset=\"https:\/\/www.vap-camping.fr\/wp-content\/uploads\/2025\/05\/AdobeStock_289802388-scaled.jpeg 2560w, https:\/\/www.vap-camping.fr\/wp-content\/uploads\/2025\/05\/AdobeStock_289802388-600x450.jpeg 600w, https:\/\/www.vap-camping.fr\/wp-content\/uploads\/2025\/05\/AdobeStock_289802388-1024x767.jpeg 1024w, https:\/\/www.vap-camping.fr\/wp-content\/uploads\/2025\/05\/AdobeStock_289802388-768x576.jpeg 768w, https:\/\/www.vap-camping.fr\/wp-content\/uploads\/2025\/05\/AdobeStock_289802388-1536x1151.jpeg 1536w, https:\/\/www.vap-camping.fr\/wp-content\/uploads\/2025\/05\/AdobeStock_289802388-2048x1535.jpeg 2048w\" sizes=\"(max-width: 2560px) 100vw, 2560px\" \/>                        <p class=\"j-title\">\n                            Charmes                        <\/p>\n                        <p class=\"j-more\">\n                            Descubre                        <\/p>\n                    <\/a>\n                <\/div>\n\n                            <div class=\"journey-slide\">\n                    <a href=\"https:\/\/www.vap-camping.fr\/es\/sejours\/les-stations-thermales-pour-votre-bien-etre-et-votre-serenite\/\" class=\"journey\" title=\"Balnearios para tu bienestar y serenidad\">\n                        <img decoding=\"async\" width=\"2560\" height=\"1707\" src=\"https:\/\/www.vap-camping.fr\/wp-content\/uploads\/2025\/05\/AdobeStock_519183132-1-scaled.jpeg\" class=\"attachment-2974 size-2974 wp-post-image\" alt=\"\" large=\"\" srcset=\"https:\/\/www.vap-camping.fr\/wp-content\/uploads\/2025\/05\/AdobeStock_519183132-1-scaled.jpeg 2560w, https:\/\/www.vap-camping.fr\/wp-content\/uploads\/2025\/05\/AdobeStock_519183132-1-600x400.jpeg 600w, https:\/\/www.vap-camping.fr\/wp-content\/uploads\/2025\/05\/AdobeStock_519183132-1-1024x683.jpeg 1024w, https:\/\/www.vap-camping.fr\/wp-content\/uploads\/2025\/05\/AdobeStock_519183132-1-768x512.jpeg 768w, https:\/\/www.vap-camping.fr\/wp-content\/uploads\/2025\/05\/AdobeStock_519183132-1-1536x1024.jpeg 1536w, https:\/\/www.vap-camping.fr\/wp-content\/uploads\/2025\/05\/AdobeStock_519183132-1-2048x1365.jpeg 2048w\" sizes=\"(max-width: 2560px) 100vw, 2560px\" \/>                        <p class=\"j-title\">\n                            Serenidad                        <\/p>\n                        <p class=\"j-more\">\n                            Descubre                        <\/p>\n                    <\/a>\n                <\/div>\n\n                            <div class=\"journey-slide\">\n                    <a href=\"https:\/\/www.vap-camping.fr\/es\/sejours\/rendez-vous-aux-plus-beaux-villages-ariegeois\/\" class=\"journey\" title=\"Los pueblos m\u00e1s bonitos del Ari\u00e8ge\">\n                        <img decoding=\"async\" width=\"2560\" height=\"1707\" src=\"https:\/\/www.vap-camping.fr\/wp-content\/uploads\/2025\/05\/AdobeStock_124848663-scaled.jpeg\" class=\"attachment-2940 size-2940 wp-post-image\" alt=\"\" large=\"\" srcset=\"https:\/\/www.vap-camping.fr\/wp-content\/uploads\/2025\/05\/AdobeStock_124848663-scaled.jpeg 2560w, https:\/\/www.vap-camping.fr\/wp-content\/uploads\/2025\/05\/AdobeStock_124848663-600x400.jpeg 600w, https:\/\/www.vap-camping.fr\/wp-content\/uploads\/2025\/05\/AdobeStock_124848663-1024x683.jpeg 1024w, https:\/\/www.vap-camping.fr\/wp-content\/uploads\/2025\/05\/AdobeStock_124848663-768x512.jpeg 768w, https:\/\/www.vap-camping.fr\/wp-content\/uploads\/2025\/05\/AdobeStock_124848663-1536x1024.jpeg 1536w, https:\/\/www.vap-camping.fr\/wp-content\/uploads\/2025\/05\/AdobeStock_124848663-2048x1365.jpeg 2048w\" sizes=\"(max-width: 2560px) 100vw, 2560px\" \/>                        <p class=\"j-title\">\n                            En el coraz\u00f3n de los pueblos                        <\/p>\n                        <p class=\"j-more\">\n                            Descubre                        <\/p>\n                    <\/a>\n                <\/div>\n\n                            <div class=\"journey-slide\">\n                    <a href=\"https:\/\/www.vap-camping.fr\/es\/sejours\/marche-et-producteurs-locaux\/\" class=\"journey\" title=\"Mercado y productores locales\">\n                        <img decoding=\"async\" width=\"1200\" height=\"901\" src=\"https:\/\/www.vap-camping.fr\/wp-content\/uploads\/2025\/12\/image-30.jpeg\" class=\"attachment-6151 size-6151 wp-post-image\" alt=\"\" large=\"\" srcset=\"https:\/\/www.vap-camping.fr\/wp-content\/uploads\/2025\/12\/image-30.jpeg 1200w, https:\/\/www.vap-camping.fr\/wp-content\/uploads\/2025\/12\/image-30-600x451.jpeg 600w, https:\/\/www.vap-camping.fr\/wp-content\/uploads\/2025\/12\/image-30-1024x769.jpeg 1024w, https:\/\/www.vap-camping.fr\/wp-content\/uploads\/2025\/12\/image-30-768x577.jpeg 768w\" sizes=\"(max-width: 1200px) 100vw, 1200px\" \/>                        <p class=\"j-title\">\n                            Mercados y productores                          <\/p>\n                        <p class=\"j-more\">\n                            Descubre                        <\/p>\n                    <\/a>\n                <\/div>\n\n                            <div class=\"journey-slide\">\n                    <a href=\"https:\/\/www.vap-camping.fr\/es\/sejours\/nature-sauvage-de-l-ariege-a-decouvrir\/\" class=\"journey\" title=\"Descubre la naturaleza salvaje del Ari\u00e8ge\">\n                        <img decoding=\"async\" width=\"2560\" height=\"1463\" src=\"https:\/\/www.vap-camping.fr\/wp-content\/uploads\/2025\/05\/AdobeStock_1244397702-scaled.jpeg\" class=\"attachment-2946 size-2946 wp-post-image\" alt=\"\" large=\"\" srcset=\"https:\/\/www.vap-camping.fr\/wp-content\/uploads\/2025\/05\/AdobeStock_1244397702-scaled.jpeg 2560w, https:\/\/www.vap-camping.fr\/wp-content\/uploads\/2025\/05\/AdobeStock_1244397702-600x343.jpeg 600w, https:\/\/www.vap-camping.fr\/wp-content\/uploads\/2025\/05\/AdobeStock_1244397702-1024x585.jpeg 1024w, https:\/\/www.vap-camping.fr\/wp-content\/uploads\/2025\/05\/AdobeStock_1244397702-768x439.jpeg 768w, https:\/\/www.vap-camping.fr\/wp-content\/uploads\/2025\/05\/AdobeStock_1244397702-1536x878.jpeg 1536w, https:\/\/www.vap-camping.fr\/wp-content\/uploads\/2025\/05\/AdobeStock_1244397702-2048x1170.jpeg 2048w\" sizes=\"(max-width: 2560px) 100vw, 2560px\" \/>                        <p class=\"j-title\">\n                            Naturaleza salvaje                        <\/p>\n                        <p class=\"j-more\">\n                            Descubre                        <\/p>\n                    <\/a>\n                <\/div>\n\n                    <\/div>\n        <div class=\"journey-buttons\">\n            <button class=\"j-prev\">ARR<\/button>\n            <button class=\"j-next\">AV<\/button>\n        <\/div>\n    <\/div>\n\n\n<\/div>\n<\/div>\n","protected":false},"excerpt":{"rendered":"<p>Rutas en bicicleta cerca de nuestras instalaciones \u00a1Explora una variedad de itinerarios desde nuestros campings! Descubre Toulouse y el Ari\u00e8ge en bicicleta, y disfruta de lo mejor de ambos mundos: la suave energ\u00eda de la ciudad rosa y la tranquilidad de la campi\u00f1a del Ari\u00e8ge. Los carriles bici de Toulouse te permiten pasear por el [&hellip;]<\/p>\n","protected":false},"featured_media":3376,"parent":0,"template":"","format":"standard","meta":{"_acf_changed":false,"_seopress_robots_primary_cat":"","_seopress_titles_title":"","_seopress_titles_desc":"","_seopress_robots_index":"","ouverture":"","nombre_de_locations":"","nombre_demplacements":"","adresse":"","numero_de_telephone":"","email":"","url_du_site":"","footnotes":""},"class_list":["post-2963","sejours","type-sejours","status-publish","format-standard","has-post-thumbnail","hentry"],"acf":{"titre_court":"Toulouse y Ari\u00e8ge en bicicleta","steps":[{"step_title":"D\u00eda 1","af_camping":[2571],"af_places":[6405,6950]},{"step_title":"D\u00eda 2 y 3  ","af_camping":[2548],"af_places":[6472]},{"step_title":"D\u00eda 4 ","af_camping":[2503],"af_places":[6324]},{"step_title":"D\u00edas 5 y 6 ","af_camping":[3041],"af_places":[6409,6426]},{"step_title":"D\u00edas 7 y 8","af_camping":[2487],"af_places":[6366,6954]}]},"_links":{"self":[{"href":"https:\/\/www.vap-camping.fr\/es\/wp-json\/wp\/v2\/sejours\/2963","targetHints":{"allow":["GET"]}}],"collection":[{"href":"https:\/\/www.vap-camping.fr\/es\/wp-json\/wp\/v2\/sejours"}],"about":[{"href":"https:\/\/www.vap-camping.fr\/es\/wp-json\/wp\/v2\/types\/sejours"}],"version-history":[{"count":7,"href":"https:\/\/www.vap-camping.fr\/es\/wp-json\/wp\/v2\/sejours\/2963\/revisions"}],"predecessor-version":[{"id":7403,"href":"https:\/\/www.vap-camping.fr\/es\/wp-json\/wp\/v2\/sejours\/2963\/revisions\/7403"}],"wp:featuredmedia":[{"embeddable":true,"href":"https:\/\/www.vap-camping.fr\/es\/wp-json\/wp\/v2\/media\/3376"}],"wp:attachment":[{"href":"https:\/\/www.vap-camping.fr\/es\/wp-json\/wp\/v2\/media?parent=2963"}],"curies":[{"name":"wp","href":"https:\/\/api.w.org\/{rel}","templated":true}]}}