{"id":2990,"date":"2025-04-29T12:03:34","date_gmt":"2025-04-29T12:03:34","guid":{"rendered":"https:\/\/www.vap-camping.fr\/sejours\/printemps-en-ariege-a-vivre-le-renouveau-sensoriel\/"},"modified":"2026-02-26T11:31:15","modified_gmt":"2026-02-26T11:31:15","slug":"primavera-en-edad-vivir-la-sensibilidad-renovacion","status":"publish","type":"sejours","link":"https:\/\/www.vap-camping.fr\/es\/sejours\/primavera-en-edad-vivir-la-sensibilidad-renovacion\/","title":{"rendered":"Visitas industriales"},"content":{"rendered":"\n<div class=\"wp-block-group alignfull is-layout-flow wp-container-core-group-is-layout-8af317cd wp-block-group-is-layout-flow\">\n<div class=\"wp-block-group fromTop has-global-padding is-layout-constrained wp-block-group-is-layout-constrained\" style=\"margin-top:15rem\">\n<div class=\"wp-block-columns alignfull are-vertically-aligned-center m-ti is-layout-flex wp-container-core-columns-is-layout-0c0b91ec wp-block-columns-is-layout-flex\">\n<div class=\"wp-block-column is-vertically-aligned-center m-ti-text is-layout-flow wp-container-core-column-is-layout-58dbe9e9 wp-block-column-is-layout-flow\" style=\"padding-left:10rem;flex-basis:40%\">\n<div class=\"wp-block-group is-style-title-left is-layout-flow wp-block-group-is-layout-flow is-style-title-left--1\">\n<p class=\"has-secondary-color has-text-color has-link-color has-secondary-font-family has-xl-font-size wp-elements-bab1a1861a4e350617a05abe2e2e100b\">Descubriendo  <\/p>\n\n\n\n<p class=\"has-primary-color has-text-color has-link-color has-primary-font-family has-sm-font-size wp-elements-f0263d65deba45fac1c0b388f7dc1556\" style=\"text-transform:uppercase\"><strong>El patrimonio industrial de Occitania  <\/strong><\/p>\n<\/div>\n\n\n\n<h1 class=\"wp-block-heading text-title\">\u00a1<em>Explora el patrimonio industrial y cultural \u00fanico de la regi\u00f3n de Occitanie<\/em>!<\/h1>\n\n\n\n<p class=\"has-m-font-size\" style=\"padding-left:2rem\">Descubre Occitanie desde un \u00e1ngulo diferente gracias a nuestros recorridos industriales. Estos recorridos ofrecen una visi\u00f3n fascinante del saber hacer local, desde la artesan\u00eda hasta la industria moderna, mezclando innovaci\u00f3n y tradici\u00f3n.   <\/p>\n\n\n\n<p class=\"has-m-font-size\" style=\"padding-left:2rem\">  Aprende m\u00e1s sobre los oficios de ayer y de hoy, observa t\u00e9cnicas \u00fanicas y sorpr\u00e9ndete con la creatividad de los actores locales. Una experiencia enriquecedora que combina el descubrimiento cultural y educativo, ideal para los apasionados de la tecnolog\u00eda, la historia industrial y el patrimonio vivo en el coraz\u00f3n de la regi\u00f3n.   <\/p>\n\n\n\n<p class=\"has-m-font-size\" style=\"padding-left:2rem\">Nuestros establecimientos son pr\u00e1cticos puntos de partida para explorar estos lugares, accesibles para todos, en familia o con amigos. Para alojarte durante tus visitas industriales, ponte en contacto con nosotros hoy mismo.   <\/p>\n\n\n\n<p class=\"has-m-font-size\" style=\"padding-left:2rem\"><strong>Atenci\u00f3n VAP s\u00f3lo ofrece alojamiento.<\/strong>  Todas las actividades deben reservarse directamente con los proveedores locales.<\/p>\n\n\n\n<div style=\"height:100px\" aria-hidden=\"true\" class=\"wp-block-spacer\"><\/div>\n<\/div>\n\n\n\n<div class=\"wp-block-column is-vertically-aligned-center wp-block-image alignright size-large has-custom-border is-style-travel m-ti-image is-layout-flow wp-block-column-is-layout-flow is-style-travel--2\" style=\"flex-basis:60%\">\n<figure class=\"wp-block-image alignright size-full\"><img decoding=\"async\" width=\"570\" height=\"380\" src=\"https:\/\/www.vap-camping.fr\/wp-content\/uploads\/2025\/09\/image-4.jpeg\" alt=\"Museo textil\" class=\"wp-image-3723\"\/><\/figure>\n<\/div>\n<\/div>\n\n\n\n<div class=\"wp-block-buttons is-content-justification-center is-layout-flex wp-container-core-buttons-is-layout-a89b3969 wp-block-buttons-is-layout-flex\">\n<div class=\"wp-block-button\"><a class=\"wp-block-button__link wp-element-button\" href=\"https:\/\/www.vap-camping.fr\/es\/vap-hebergements\/\">Pide un presupuesto personalizado<\/a><\/div>\n<\/div>\n<\/div>\n\n\n\n<div class=\"map-container is-layout-flow wp-block-map-vap-is-layout-flow\">\n    <aside class=\"map\">\n        <div class=\"map-steps\">\n            <ul>\n                                                            <li data-step-index=\"1\">1<\/li>\n                                            <li data-step-index=\"2\">2<\/li>\n                                            <li data-step-index=\"3\">3<\/li>\n                                                <\/ul>\n        <\/div>\n        <div id=\"map\"><\/div>\n    <\/aside>\n\n    <div class=\"postMap post-2990\">\n                                    <div class=\"step-desc step-0\" data-step-index=\"0\">\n                    <h3 class=\"step-title\">D\u00eda 1 y 2<\/h3>\n\n                                                                                            <div class=\"camping-wrapper\" data-lat=\"43.656093\"\n                                data-long=\"1.4131837\"\n                                data-name=\"Camping le Rup\u00e9(Toulouse)\"\n                                data-image=\"https:\/\/www.vap-camping.fr\/wp-content\/uploads\/2025\/04\/dsc03930-scaled.jpg\">\n                                                                    <a href=\"https:\/\/www.vap-camping.fr\/es\/campings\/camping-le-rupe\/\" class=\"c-link\"\n                                        title=\"Camping le Rup\u00e9(Toulouse)\">\n                                        <img decoding=\"async\" width=\"600\" height=\"293\" src=\"https:\/\/www.vap-camping.fr\/wp-content\/uploads\/2025\/04\/dsc03930-600x293.jpg\" class=\"attachment-medium size-medium wp-post-image\" alt=\"\" srcset=\"https:\/\/www.vap-camping.fr\/wp-content\/uploads\/2025\/04\/dsc03930-600x293.jpg 600w, https:\/\/www.vap-camping.fr\/wp-content\/uploads\/2025\/04\/dsc03930-1024x500.jpg 1024w, https:\/\/www.vap-camping.fr\/wp-content\/uploads\/2025\/04\/dsc03930-768x375.jpg 768w, https:\/\/www.vap-camping.fr\/wp-content\/uploads\/2025\/04\/dsc03930-1536x750.jpg 1536w, https:\/\/www.vap-camping.fr\/wp-content\/uploads\/2025\/04\/dsc03930-2048x1000.jpg 2048w\" sizes=\"(max-width: 600px) 100vw, 600px\" \/>                                        <p class=\"c-button\">Descubre<\/p>\n                                    <\/a>\n                                                                    <div class=\"camping-infos\">\n                                    <p class=\"c-title\">Camping le Rup\u00e9(Toulouse)<\/p>\n                                    <ul class=\"c-list\">\n                                                                                    <li>\n                                                Clasificaci\u00f3n                                                                                                    <img decoding=\"async\" src=\"\/wp-content\/themes\/vap\/assets\/img\/svg\/star-rating.svg\" alt=\"Classement\" \/>\n                                                                                                        <img decoding=\"async\" src=\"\/wp-content\/themes\/vap\/assets\/img\/svg\/star-rating.svg\" alt=\"Classement\" \/>\n                                                                                                        <img decoding=\"async\" src=\"\/wp-content\/themes\/vap\/assets\/img\/svg\/star-rating.svg\" alt=\"Classement\" \/>\n                                                                                                <\/li>\n                                                                                    <li>57 alquileres en 4,5 ha<\/li>\n                                        <li>130 y una zona natural dedicada a ciclistas y campistas a pie<\/li>\n                                                                                    <li style=\"display: flex; gap: 1rem; margin-top: 1rem;\">\n                                                                                                    <img decoding=\"async\" src=\"https:\/\/www.vap-camping.fr\/wp-content\/uploads\/2025\/04\/wheelchair-solid.svg\" alt=\"Acceso PMR\" \/>\n                                                                                                        <img decoding=\"async\" src=\"https:\/\/www.vap-camping.fr\/wp-content\/uploads\/2025\/04\/wifi-ico.svg\" alt=\"Wifi\" \/>\n                                                                                                        <img decoding=\"async\" src=\"https:\/\/www.vap-camping.fr\/wp-content\/uploads\/2025\/07\/bolt-solid.svg\" alt=\"6 puntos de recarga para veh\u00edculos el\u00e9ctricos\" \/>\n                                                                                                <\/li>\n                                                                                <\/ul>\n                                <\/div>\n                            <\/div>\n                                            \n                                        <h4 class=\"journey-title\">Experiencias por descubrir<\/h4>\n                    <div class=\"journey-container\">\n                                                                                                                        <div class=\"swiper-slide\" data-lat=\"43.58668934106129\"\n                                        data-long=\"1.4933245091984315\"\n                                        data-name=\"Cit\u00e9 de l&#8217;espace Toulouse\"\n                                        data-image=\"https:\/\/www.vap-camping.fr\/wp-content\/uploads\/2025\/05\/image-12.jpeg\">\n                                        <div class=\"j-link\">\n                                            <img decoding=\"async\" width=\"860\" height=\"650\" src=\"https:\/\/www.vap-camping.fr\/wp-content\/uploads\/2025\/05\/image-12.jpeg\" class=\"attachment-large size-large wp-post-image\" alt=\"Cit\u00e9 de l&#039;espace\" srcset=\"https:\/\/www.vap-camping.fr\/wp-content\/uploads\/2025\/05\/image-12.jpeg 860w, https:\/\/www.vap-camping.fr\/wp-content\/uploads\/2025\/05\/image-12-600x453.jpeg 600w, https:\/\/www.vap-camping.fr\/wp-content\/uploads\/2025\/05\/image-12-768x580.jpeg 768w\" sizes=\"(max-width: 860px) 100vw, 860px\" \/>                                            <p class=\"j-title\">Cit\u00e9 de l&#8217;espace Toulouse<\/p>\n                                            <a href=\"https:\/\/www.vap-camping.fr\/es\/lieux\/cite-despace-toulouse\/\"\n                                                title=\"Cit\u00e9 de l&#8217;espace Toulouse\"\n                                                class=\"j-button\">Descubre<\/a>\n                                        <\/div>\n                                        <div class=\"j-desc\">\n                                            <p class=\"j-desc-title\">Cit\u00e9 de l&#8217;espace Toulouse<\/p>\n                                            <p class=\"j-desc-excerpt\">\u00a1Emb\u00e1rcate en un viaje al espacio a s\u00f3lo 12 km del camping Le Rup\u00e9!<\/p>\n                                            <a href=\"https:\/\/www.vap-camping.fr\/es\/lieux\/cite-despace-toulouse\/\"\n                                                title=\"Cit\u00e9 de l&#8217;espace Toulouse\"\n                                                class=\"j-desc-button\">Ver m\u00e1s<\/a>\n                                        <\/div>\n                                    <\/div>\n                                                                                                                                    <div class=\"swiper-slide\" data-lat=\"43.659691\"\n                                        data-long=\"1.359354\"\n                                        data-name=\"Museo Aeroscopia\"\n                                        data-image=\"https:\/\/www.vap-camping.fr\/wp-content\/uploads\/2025\/05\/image-15.jpeg\">\n                                        <div class=\"j-link\">\n                                            <img decoding=\"async\" width=\"860\" height=\"576\" src=\"https:\/\/www.vap-camping.fr\/wp-content\/uploads\/2025\/05\/image-15.jpeg\" class=\"attachment-large size-large wp-post-image\" alt=\"mus\u00e9e Aeroscopia\" srcset=\"https:\/\/www.vap-camping.fr\/wp-content\/uploads\/2025\/05\/image-15.jpeg 860w, https:\/\/www.vap-camping.fr\/wp-content\/uploads\/2025\/05\/image-15-600x402.jpeg 600w, https:\/\/www.vap-camping.fr\/wp-content\/uploads\/2025\/05\/image-15-768x514.jpeg 768w\" sizes=\"(max-width: 860px) 100vw, 860px\" \/>                                            <p class=\"j-title\">Museo Aeroscopia<\/p>\n                                            <a href=\"https:\/\/www.vap-camping.fr\/es\/lieux\/musee-aeroscopia\/\"\n                                                title=\"Museo Aeroscopia\"\n                                                class=\"j-button\">Descubre<\/a>\n                                        <\/div>\n                                        <div class=\"j-desc\">\n                                            <p class=\"j-desc-title\">Museo Aeroscopia<\/p>\n                                            <p class=\"j-desc-excerpt\">\u00a1Un museo que no debes perderte si est\u00e1s en Toulouse! El museo Aeroscopia est\u00e1 a s\u00f3lo 12 km de Le \u2026<\/p>\n                                            <a href=\"https:\/\/www.vap-camping.fr\/es\/lieux\/musee-aeroscopia\/\"\n                                                title=\"Museo Aeroscopia\"\n                                                class=\"j-desc-button\">Ver m\u00e1s<\/a>\n                                        <\/div>\n                                    <\/div>\n                                                                                                            <\/div>\n                <\/div>\n                            <div class=\"step-desc step-1\" data-step-index=\"1\">\n                    <h3 class=\"step-title\">D\u00edas 3 y 4<\/h3>\n\n                                                                                            <div class=\"camping-wrapper\" data-lat=\"42.9892629\"\n                                data-long=\"1.6130811\"\n                                data-name=\"Camping du lac(Foix)\"\n                                data-image=\"https:\/\/www.vap-camping.fr\/wp-content\/uploads\/2025\/04\/camping-avec-piscine-scaled.jpg\">\n                                                                    <a href=\"https:\/\/www.vap-camping.fr\/es\/campings\/camping-du-lac\/\" class=\"c-link\"\n                                        title=\"Camping du lac(Foix)\">\n                                        <img decoding=\"async\" width=\"600\" height=\"450\" src=\"https:\/\/www.vap-camping.fr\/wp-content\/uploads\/2025\/04\/camping-avec-piscine-600x450.jpg\" class=\"attachment-medium size-medium wp-post-image\" alt=\"\" srcset=\"https:\/\/www.vap-camping.fr\/wp-content\/uploads\/2025\/04\/camping-avec-piscine-600x450.jpg 600w, https:\/\/www.vap-camping.fr\/wp-content\/uploads\/2025\/04\/camping-avec-piscine-1024x767.jpg 1024w, https:\/\/www.vap-camping.fr\/wp-content\/uploads\/2025\/04\/camping-avec-piscine-768x575.jpg 768w, https:\/\/www.vap-camping.fr\/wp-content\/uploads\/2025\/04\/camping-avec-piscine-1536x1151.jpg 1536w, https:\/\/www.vap-camping.fr\/wp-content\/uploads\/2025\/04\/camping-avec-piscine-2048x1534.jpg 2048w\" sizes=\"(max-width: 600px) 100vw, 600px\" \/>                                        <p class=\"c-button\">Descubre<\/p>\n                                    <\/a>\n                                                                    <div class=\"camping-infos\">\n                                    <p class=\"c-title\">Camping du lac(Foix)<\/p>\n                                    <ul class=\"c-list\">\n                                                                                    <li>\n                                                Clasificaci\u00f3n                                                                                                    <img decoding=\"async\" src=\"\/wp-content\/themes\/vap\/assets\/img\/svg\/star-rating.svg\" alt=\"Classement\" \/>\n                                                                                                        <img decoding=\"async\" src=\"\/wp-content\/themes\/vap\/assets\/img\/svg\/star-rating.svg\" alt=\"Classement\" \/>\n                                                                                                        <img decoding=\"async\" src=\"\/wp-content\/themes\/vap\/assets\/img\/svg\/star-rating.svg\" alt=\"Classement\" \/>\n                                                                                                        <img decoding=\"async\" src=\"\/wp-content\/themes\/vap\/assets\/img\/svg\/star-rating.svg\" alt=\"Classement\" \/>\n                                                                                                <\/li>\n                                                                                    <li>95 alquileres en 5 ha<\/li>\n                                        <li>40 parcelas desnudas<\/li>\n                                                                                    <li style=\"display: flex; gap: 1rem; margin-top: 1rem;\">\n                                                                                                    <img decoding=\"async\" src=\"https:\/\/www.vap-camping.fr\/wp-content\/uploads\/2025\/04\/water-ladder-ico.svg\" alt=\"Piscina (no climatizada)\" \/>\n                                                                                                        <img decoding=\"async\" src=\"https:\/\/www.vap-camping.fr\/wp-content\/uploads\/2025\/04\/martini-glass.svg\" alt=\"Restaurante\/Bar\" \/>\n                                                                                                        <img decoding=\"async\" src=\"https:\/\/www.vap-camping.fr\/wp-content\/uploads\/2025\/04\/wifi-ico.svg\" alt=\"Wifi\" \/>\n                                                                                                        <img decoding=\"async\" src=\"https:\/\/www.vap-camping.fr\/wp-content\/uploads\/2025\/04\/paw-solid.svg\" alt=\"Se admiten mascotas\" \/>\n                                                                                                        <img decoding=\"async\" src=\"https:\/\/www.vap-camping.fr\/wp-content\/uploads\/2025\/04\/party-horn-ico.svg\" alt=\"Entretenimiento estacional\" \/>\n                                                                                                        <img decoding=\"async\" src=\"https:\/\/www.vap-camping.fr\/wp-content\/uploads\/2025\/04\/basket-shopping.svg\" alt=\"Tienda de recuerdos\" \/>\n                                                                                                        <img decoding=\"async\" src=\"https:\/\/www.vap-camping.fr\/wp-content\/uploads\/2025\/04\/bicycle-solid.svg\" alt=\"Cuarto de bicicletas\" \/>\n                                                                                                        <img decoding=\"async\" src=\"https:\/\/www.vap-camping.fr\/wp-content\/uploads\/2025\/04\/wheelchair-solid.svg\" alt=\"Acceso PMR\" \/>\n                                                                                                        <img decoding=\"async\" src=\"\" alt=\"Puntos de recarga para veh\u00edculos el\u00e9ctricos\" \/>\n                                                                                                <\/li>\n                                                                                <\/ul>\n                                <\/div>\n                            <\/div>\n                                            \n                                        <h4 class=\"journey-title\">Experiencias por descubrir<\/h4>\n                    <div class=\"journey-container\">\n                                                                                                                        <div class=\"swiper-slide\" data-lat=\"42.929993\"\n                                        data-long=\"1.845384\"\n                                        data-name=\"Museo Textil y del Peine\"\n                                        data-image=\"https:\/\/www.vap-camping.fr\/wp-content\/uploads\/2025\/09\/image-4.jpeg\">\n                                        <div class=\"j-link\">\n                                            <img decoding=\"async\" width=\"570\" height=\"380\" src=\"https:\/\/www.vap-camping.fr\/wp-content\/uploads\/2025\/09\/image-4.jpeg\" class=\"attachment-large size-large wp-post-image\" alt=\"Mus\u00e9e textile\" \/>                                            <p class=\"j-title\">Museo Textil y del Peine<\/p>\n                                            <a href=\"https:\/\/www.vap-camping.fr\/es\/lieux\/musee-du-textile-et-du-peigne\/\"\n                                                title=\"Museo Textil y del Peine\"\n                                                class=\"j-button\">Descubre<\/a>\n                                        <\/div>\n                                        <div class=\"j-desc\">\n                                            <p class=\"j-desc-title\">Museo Textil y del Peine<\/p>\n                                            <p class=\"j-desc-excerpt\">Desde Foix, descubre el museo mientras disfrutas del encanto del Ari\u00e8ge.<\/p>\n                                            <a href=\"https:\/\/www.vap-camping.fr\/es\/lieux\/musee-du-textile-et-du-peigne\/\"\n                                                title=\"Museo Textil y del Peine\"\n                                                class=\"j-desc-button\">Ver m\u00e1s<\/a>\n                                        <\/div>\n                                    <\/div>\n                                                                                                            <\/div>\n                <\/div>\n                            <div class=\"step-desc step-2\" data-step-index=\"2\">\n                    <h3 class=\"step-title\">D\u00eda 5<\/h3>\n\n                                                                                            <div class=\"camping-wrapper\" data-lat=\"42.7874289\"\n                                data-long=\"1.6828079\"\n                                data-name=\"Complejo Les Oustalous\"\n                                data-image=\"https:\/\/www.vap-camping.fr\/wp-content\/uploads\/2025\/04\/img_5291-1024x768-1.jpg\">\n                                                                    <a href=\"https:\/\/www.vap-camping.fr\/es\/campings\/oustalous-complex\/\" class=\"c-link\"\n                                        title=\"Complejo Les Oustalous\">\n                                        <img decoding=\"async\" width=\"600\" height=\"450\" src=\"https:\/\/www.vap-camping.fr\/wp-content\/uploads\/2025\/04\/img_5291-1024x768-1-600x450.jpg\" class=\"attachment-medium size-medium wp-post-image\" alt=\"\" srcset=\"https:\/\/www.vap-camping.fr\/wp-content\/uploads\/2025\/04\/img_5291-1024x768-1-600x450.jpg 600w, https:\/\/www.vap-camping.fr\/wp-content\/uploads\/2025\/04\/img_5291-1024x768-1-768x576.jpg 768w, https:\/\/www.vap-camping.fr\/wp-content\/uploads\/2025\/04\/img_5291-1024x768-1.jpg 1024w\" sizes=\"(max-width: 600px) 100vw, 600px\" \/>                                        <p class=\"c-button\">Descubre<\/p>\n                                    <\/a>\n                                                                    <div class=\"camping-infos\">\n                                    <p class=\"c-title\">Complejo Les Oustalous<\/p>\n                                    <ul class=\"c-list\">\n                                                                                <li>240 personas<\/li>\n                                        <li>240 personas<\/li>\n                                                                                    <li style=\"display: flex; gap: 1rem; margin-top: 1rem;\">\n                                                                                                    <img decoding=\"async\" src=\"https:\/\/www.vap-camping.fr\/wp-content\/uploads\/2025\/04\/water-ladder-ico.svg\" alt=\"Piscina\" \/>\n                                                                                                        <img decoding=\"async\" src=\"https:\/\/www.vap-camping.fr\/wp-content\/uploads\/2025\/04\/wifi-ico.svg\" alt=\"Wifi\" \/>\n                                                                                                        <img decoding=\"async\" src=\"https:\/\/www.vap-camping.fr\/wp-content\/uploads\/2025\/04\/dice-solid.svg\" alt=\"Boulodrome\" \/>\n                                                                                                        <img decoding=\"async\" src=\"https:\/\/www.vap-camping.fr\/wp-content\/uploads\/2025\/04\/table-tennis-paddle-ball.svg\" alt=\"Mesa de ping-pong\" \/>\n                                                                                                <\/li>\n                                                                                <\/ul>\n                                <\/div>\n                            <\/div>\n                                            \n                                        <h4 class=\"journey-title\">Experiencias por descubrir<\/h4>\n                    <div class=\"journey-container\">\n                                                                                                                        <div class=\"swiper-slide\" data-lat=\"42.761243\"\n                                        data-long=\"1.760767\"\n                                        data-name=\"Talcane\u00f4\"\n                                        data-image=\"https:\/\/www.vap-camping.fr\/wp-content\/uploads\/2025\/09\/image-2.jpeg\">\n                                        <div class=\"j-link\">\n                                            <img decoding=\"async\" width=\"1024\" height=\"673\" src=\"https:\/\/www.vap-camping.fr\/wp-content\/uploads\/2025\/09\/image-2-1024x673.jpeg\" class=\"attachment-large size-large wp-post-image\" alt=\"Talcane\u00f4\" srcset=\"https:\/\/www.vap-camping.fr\/wp-content\/uploads\/2025\/09\/image-2-1024x673.jpeg 1024w, https:\/\/www.vap-camping.fr\/wp-content\/uploads\/2025\/09\/image-2-600x395.jpeg 600w, https:\/\/www.vap-camping.fr\/wp-content\/uploads\/2025\/09\/image-2-768x505.jpeg 768w, https:\/\/www.vap-camping.fr\/wp-content\/uploads\/2025\/09\/image-2.jpeg 1200w\" sizes=\"(max-width: 1024px) 100vw, 1024px\" \/>                                            <p class=\"j-title\">Talcane\u00f4<\/p>\n                                            <a href=\"https:\/\/www.vap-camping.fr\/es\/lieux\/talcaneo\/\"\n                                                title=\"Talcane\u00f4\"\n                                                class=\"j-button\">Descubre<\/a>\n                                        <\/div>\n                                        <div class=\"j-desc\">\n                                            <p class=\"j-desc-title\">Talcane\u00f4<\/p>\n                                            <p class=\"j-desc-excerpt\">A s\u00f3lo 7 km del complejo Oustalous, Les Cabannes, \u00a1sum\u00e9rgete en la historia industrial!<\/p>\n                                            <a href=\"https:\/\/www.vap-camping.fr\/es\/lieux\/talcaneo\/\"\n                                                title=\"Talcane\u00f4\"\n                                                class=\"j-desc-button\">Ver m\u00e1s<\/a>\n                                        <\/div>\n                                    <\/div>\n                                                                                                                                    <div class=\"swiper-slide\" data-lat=\"42.687557\"\n                                        data-long=\"1.916507\"\n                                        data-name=\"Mountane\u00f4\"\n                                        data-image=\"https:\/\/www.vap-camping.fr\/wp-content\/uploads\/2025\/08\/vacances-petit-prix-pyrenees-ariege.webp\">\n                                        <div class=\"j-link\">\n                                            <img decoding=\"async\" width=\"1024\" height=\"683\" src=\"https:\/\/www.vap-camping.fr\/wp-content\/uploads\/2025\/08\/vacances-petit-prix-pyrenees-ariege-1024x683.webp\" class=\"attachment-large size-large wp-post-image\" alt=\"Vacances \u00e0 petit prix dans l&#039;Ari\u00e8ge-Pyr\u00e9n\u00e9es.\" srcset=\"https:\/\/www.vap-camping.fr\/wp-content\/uploads\/2025\/08\/vacances-petit-prix-pyrenees-ariege-1024x683.webp 1024w, https:\/\/www.vap-camping.fr\/wp-content\/uploads\/2025\/08\/vacances-petit-prix-pyrenees-ariege-600x400.webp 600w, https:\/\/www.vap-camping.fr\/wp-content\/uploads\/2025\/08\/vacances-petit-prix-pyrenees-ariege-768x512.webp 768w, https:\/\/www.vap-camping.fr\/wp-content\/uploads\/2025\/08\/vacances-petit-prix-pyrenees-ariege-1536x1024.webp 1536w, https:\/\/www.vap-camping.fr\/wp-content\/uploads\/2025\/08\/vacances-petit-prix-pyrenees-ariege.webp 1920w\" sizes=\"(max-width: 1024px) 100vw, 1024px\" \/>                                            <p class=\"j-title\">Mountane\u00f4<\/p>\n                                            <a href=\"https:\/\/www.vap-camping.fr\/es\/lieux\/mountaneo\/\"\n                                                title=\"Mountane\u00f4\"\n                                                class=\"j-button\">Descubre<\/a>\n                                        <\/div>\n                                        <div class=\"j-desc\">\n                                            <p class=\"j-desc-title\">Mountane\u00f4<\/p>\n                                            <p class=\"j-desc-excerpt\">\u00a1Un parque infantil divertido y natural a s\u00f3lo 26 km del complejo Oustalous!<\/p>\n                                            <a href=\"https:\/\/www.vap-camping.fr\/es\/lieux\/mountaneo\/\"\n                                                title=\"Mountane\u00f4\"\n                                                class=\"j-desc-button\">Ver m\u00e1s<\/a>\n                                        <\/div>\n                                    <\/div>\n                                                                                                            <\/div>\n                <\/div>\n                        <\/div>\n<\/div>\n\n\n<div class=\"wp-block-group reveal has-global-padding is-layout-constrained wp-block-group-is-layout-constrained\">\n<div class=\"wp-block-group alignwide is-style-title-simple is-layout-flow wp-block-group-is-layout-flow is-style-title-simple--3\" style=\"margin-top:4rem;margin-bottom:4rem\">\n<p class=\"has-text-align-center has-secondary-color has-text-color has-link-color has-secondary-font-family has-xl-font-size wp-elements-4292de61de7822613e815fa80746a606\">Elija<\/p>\n\n\n\n<p class=\"has-text-align-center has-primary-font-family has-sm-font-size\" style=\"text-transform:uppercase\"><strong>tu aventura<\/strong><\/p>\n<\/div>\n\n\n\n    <div class=\"journey-wrapper is-layout-flow wp-block-slider-taxo-is-layout-flow\">\n        <div class=\"journey-slides\">\n                            <div class=\"journey-slide\">\n                    <a href=\"https:\/\/www.vap-camping.fr\/es\/sejours\/weekend-depaysant-dans-les-paysages-verdoyants-de-lariege\/\" class=\"journey\" title=\"Un fin de semana en los verdes paisajes del Ari\u00e8ge\">\n                        <img decoding=\"async\" width=\"2560\" height=\"1707\" src=\"https:\/\/www.vap-camping.fr\/wp-content\/uploads\/2025\/05\/AdobeStock_1440628082-scaled.jpeg\" class=\"attachment-3018 size-3018 wp-post-image\" alt=\"waterfall Ari\u00e8ge\" large=\"\" srcset=\"https:\/\/www.vap-camping.fr\/wp-content\/uploads\/2025\/05\/AdobeStock_1440628082-scaled.jpeg 2560w, https:\/\/www.vap-camping.fr\/wp-content\/uploads\/2025\/05\/AdobeStock_1440628082-600x400.jpeg 600w, https:\/\/www.vap-camping.fr\/wp-content\/uploads\/2025\/05\/AdobeStock_1440628082-1024x683.jpeg 1024w, https:\/\/www.vap-camping.fr\/wp-content\/uploads\/2025\/05\/AdobeStock_1440628082-768x512.jpeg 768w, https:\/\/www.vap-camping.fr\/wp-content\/uploads\/2025\/05\/AdobeStock_1440628082-1536x1024.jpeg 1536w, https:\/\/www.vap-camping.fr\/wp-content\/uploads\/2025\/05\/AdobeStock_1440628082-2048x1365.jpeg 2048w\" sizes=\"(max-width: 2560px) 100vw, 2560px\" \/>                        <p class=\"j-title\">\n                            Un cambio de aires garantizado                        <\/p>\n                        <p class=\"j-more\">\n                            Descubre                        <\/p>\n                    <\/a>\n                <\/div>\n\n                            <div class=\"journey-slide\">\n                    <a href=\"https:\/\/www.vap-camping.fr\/es\/sejours\/5-dias-en-aryge-para-una-inmersion-completa\/\" class=\"journey\" title=\"Visitas culturales\">\n                        <img decoding=\"async\" width=\"1920\" height=\"2560\" src=\"https:\/\/www.vap-camping.fr\/wp-content\/uploads\/2025\/08\/couvent-des-jacobins-toulouse-scaled.jpg\" class=\"attachment-3013 size-3013 wp-post-image\" alt=\"\" large=\"\" srcset=\"https:\/\/www.vap-camping.fr\/wp-content\/uploads\/2025\/08\/couvent-des-jacobins-toulouse-scaled.jpg 1920w, https:\/\/www.vap-camping.fr\/wp-content\/uploads\/2025\/08\/couvent-des-jacobins-toulouse-450x600.jpg 450w, https:\/\/www.vap-camping.fr\/wp-content\/uploads\/2025\/08\/couvent-des-jacobins-toulouse-768x1024.jpg 768w, https:\/\/www.vap-camping.fr\/wp-content\/uploads\/2025\/08\/couvent-des-jacobins-toulouse-1152x1536.jpg 1152w, https:\/\/www.vap-camping.fr\/wp-content\/uploads\/2025\/08\/couvent-des-jacobins-toulouse-1536x2048.jpg 1536w\" sizes=\"(max-width: 1920px) 100vw, 1920px\" \/>                        <p class=\"j-title\">\n                            Visitas culturales                        <\/p>\n                        <p class=\"j-more\">\n                            Descubre                        <\/p>\n                    <\/a>\n                <\/div>\n\n                            <div class=\"journey-slide\">\n                    <a href=\"https:\/\/www.vap-camping.fr\/es\/sejours\/10-jours-dans-la-terre-ariegeoise\/\" class=\"journey\" title=\"10 d\u00edas en la regi\u00f3n de Ari\u00e8ge\">\n                        <img decoding=\"async\" width=\"2000\" height=\"1333\" src=\"https:\/\/www.vap-camping.fr\/wp-content\/uploads\/2025\/04\/AdobeStock_917113788.jpg\" class=\"attachment-3025 size-3025 wp-post-image\" alt=\"\" large=\"\" srcset=\"https:\/\/www.vap-camping.fr\/wp-content\/uploads\/2025\/04\/AdobeStock_917113788.jpg 2000w, https:\/\/www.vap-camping.fr\/wp-content\/uploads\/2025\/04\/AdobeStock_917113788-300x200.jpg 300w, https:\/\/www.vap-camping.fr\/wp-content\/uploads\/2025\/04\/AdobeStock_917113788-1024x682.jpg 1024w, https:\/\/www.vap-camping.fr\/wp-content\/uploads\/2025\/04\/AdobeStock_917113788-768x512.jpg 768w, https:\/\/www.vap-camping.fr\/wp-content\/uploads\/2025\/04\/AdobeStock_917113788-1536x1024.jpg 1536w\" sizes=\"(max-width: 2000px) 100vw, 2000px\" \/>                        <p class=\"j-title\">\n                            Aventura total                        <\/p>\n                        <p class=\"j-more\">\n                            Descubre                        <\/p>\n                    <\/a>\n                <\/div>\n\n                            <div class=\"journey-slide\">\n                    <a href=\"https:\/\/www.vap-camping.fr\/es\/sejours\/3-jours-daventure-entre-nature-et-histoire-en-ariege\/\" class=\"journey\" title=\"Castillos y fortalezas\">\n                        <img decoding=\"async\" width=\"2560\" height=\"1750\" src=\"https:\/\/www.vap-camping.fr\/wp-content\/uploads\/2025\/05\/AdobeStock_505119846-scaled.jpeg\" class=\"attachment-3029 size-3029 wp-post-image\" alt=\"\" large=\"\" srcset=\"https:\/\/www.vap-camping.fr\/wp-content\/uploads\/2025\/05\/AdobeStock_505119846-scaled.jpeg 2560w, https:\/\/www.vap-camping.fr\/wp-content\/uploads\/2025\/05\/AdobeStock_505119846-600x410.jpeg 600w, https:\/\/www.vap-camping.fr\/wp-content\/uploads\/2025\/05\/AdobeStock_505119846-1024x700.jpeg 1024w, https:\/\/www.vap-camping.fr\/wp-content\/uploads\/2025\/05\/AdobeStock_505119846-768x525.jpeg 768w, https:\/\/www.vap-camping.fr\/wp-content\/uploads\/2025\/05\/AdobeStock_505119846-1536x1050.jpeg 1536w, https:\/\/www.vap-camping.fr\/wp-content\/uploads\/2025\/05\/AdobeStock_505119846-2048x1400.jpeg 2048w\" sizes=\"(max-width: 2560px) 100vw, 2560px\" \/>                        <p class=\"j-title\">\n                            Castillos y fincas                        <\/p>\n                        <p class=\"j-more\">\n                            Descubre                        <\/p>\n                    <\/a>\n                <\/div>\n\n                            <div class=\"journey-slide\">\n                    <a href=\"https:\/\/www.vap-camping.fr\/es\/sejours\/des-sensations-fortes-a-vivre\/\" class=\"journey\" title=\"Toda una vida de emociones\">\n                        <img decoding=\"async\" width=\"2560\" height=\"1709\" src=\"https:\/\/www.vap-camping.fr\/wp-content\/uploads\/2025\/05\/AdobeStock_135226020-scaled.jpeg\" class=\"attachment-2936 size-2936 wp-post-image\" alt=\"parapente\" large=\"\" srcset=\"https:\/\/www.vap-camping.fr\/wp-content\/uploads\/2025\/05\/AdobeStock_135226020-scaled.jpeg 2560w, https:\/\/www.vap-camping.fr\/wp-content\/uploads\/2025\/05\/AdobeStock_135226020-600x401.jpeg 600w, https:\/\/www.vap-camping.fr\/wp-content\/uploads\/2025\/05\/AdobeStock_135226020-1024x684.jpeg 1024w, https:\/\/www.vap-camping.fr\/wp-content\/uploads\/2025\/05\/AdobeStock_135226020-768x513.jpeg 768w, https:\/\/www.vap-camping.fr\/wp-content\/uploads\/2025\/05\/AdobeStock_135226020-1536x1025.jpeg 1536w, https:\/\/www.vap-camping.fr\/wp-content\/uploads\/2025\/05\/AdobeStock_135226020-2048x1367.jpeg 2048w\" sizes=\"(max-width: 2560px) 100vw, 2560px\" \/>                        <p class=\"j-title\">\n                            Emociones y derrames                        <\/p>\n                        <p class=\"j-more\">\n                            Descubre                        <\/p>\n                    <\/a>\n                <\/div>\n\n                            <div class=\"journey-slide\">\n                    <a href=\"https:\/\/www.vap-camping.fr\/es\/sejours\/les-sommets-des-pyrenees-a-travers-des-activites-montagne\/\" class=\"journey\" title=\"Paseos o excursiones por nuestros establecimientos\">\n                        <img decoding=\"async\" width=\"2560\" height=\"1434\" src=\"https:\/\/www.vap-camping.fr\/wp-content\/uploads\/2025\/05\/AdobeStock_773958435-scaled.jpeg\" class=\"attachment-2930 size-2930 wp-post-image\" alt=\"\" large=\"\" srcset=\"https:\/\/www.vap-camping.fr\/wp-content\/uploads\/2025\/05\/AdobeStock_773958435-scaled.jpeg 2560w, https:\/\/www.vap-camping.fr\/wp-content\/uploads\/2025\/05\/AdobeStock_773958435-600x336.jpeg 600w, https:\/\/www.vap-camping.fr\/wp-content\/uploads\/2025\/05\/AdobeStock_773958435-1024x574.jpeg 1024w, https:\/\/www.vap-camping.fr\/wp-content\/uploads\/2025\/05\/AdobeStock_773958435-768x430.jpeg 768w, https:\/\/www.vap-camping.fr\/wp-content\/uploads\/2025\/05\/AdobeStock_773958435-1536x861.jpeg 1536w, https:\/\/www.vap-camping.fr\/wp-content\/uploads\/2025\/05\/AdobeStock_773958435-2048x1148.jpeg 2048w\" sizes=\"(max-width: 2560px) 100vw, 2560px\" \/>                        <p class=\"j-title\">\n                            Paseos y excursiones                          <\/p>\n                        <p class=\"j-more\">\n                            Descubre                        <\/p>\n                    <\/a>\n                <\/div>\n\n                            <div class=\"journey-slide\">\n                    <a href=\"https:\/\/www.vap-camping.fr\/es\/sejours\/le-temps-des-legendes-a-travers-les-chateaux-de-lariege\/\" class=\"journey\" title=\"Toulouse y Ari\u00e8ge en bicicleta\">\n                        <img decoding=\"async\" width=\"1920\" height=\"1281\" src=\"https:\/\/www.vap-camping.fr\/wp-content\/uploads\/2025\/08\/activites-nature-ariege.webp\" class=\"attachment-2963 size-2963 wp-post-image\" alt=\"Activit\u00e9s nature pr\u00e8s de nos campings en Ari\u00e8ge.\" large=\"\" srcset=\"https:\/\/www.vap-camping.fr\/wp-content\/uploads\/2025\/08\/activites-nature-ariege.webp 1920w, https:\/\/www.vap-camping.fr\/wp-content\/uploads\/2025\/08\/activites-nature-ariege-600x400.webp 600w, https:\/\/www.vap-camping.fr\/wp-content\/uploads\/2025\/08\/activites-nature-ariege-1024x683.webp 1024w, https:\/\/www.vap-camping.fr\/wp-content\/uploads\/2025\/08\/activites-nature-ariege-768x512.webp 768w, https:\/\/www.vap-camping.fr\/wp-content\/uploads\/2025\/08\/activites-nature-ariege-1536x1025.webp 1536w\" sizes=\"(max-width: 1920px) 100vw, 1920px\" \/>                        <p class=\"j-title\">\n                            Toulouse y Ari\u00e8ge en bicicleta                        <\/p>\n                        <p class=\"j-more\">\n                            Descubre                        <\/p>\n                    <\/a>\n                <\/div>\n\n                            <div class=\"journey-slide\">\n                    <a href=\"https:\/\/www.vap-camping.fr\/es\/sejours\/lhiver-en-ariege-pour-vos-vacances-en-famille\/\" class=\"journey\" title=\"Invierno con VAP\">\n                        <img decoding=\"async\" width=\"2560\" height=\"1707\" src=\"https:\/\/www.vap-camping.fr\/wp-content\/uploads\/2025\/05\/AdobeStock_23369091-scaled.jpeg\" class=\"attachment-2968 size-2968 wp-post-image\" alt=\"\" large=\"\" srcset=\"https:\/\/www.vap-camping.fr\/wp-content\/uploads\/2025\/05\/AdobeStock_23369091-scaled.jpeg 2560w, https:\/\/www.vap-camping.fr\/wp-content\/uploads\/2025\/05\/AdobeStock_23369091-600x400.jpeg 600w, https:\/\/www.vap-camping.fr\/wp-content\/uploads\/2025\/05\/AdobeStock_23369091-1024x683.jpeg 1024w, https:\/\/www.vap-camping.fr\/wp-content\/uploads\/2025\/05\/AdobeStock_23369091-768x512.jpeg 768w, https:\/\/www.vap-camping.fr\/wp-content\/uploads\/2025\/05\/AdobeStock_23369091-1536x1024.jpeg 1536w, https:\/\/www.vap-camping.fr\/wp-content\/uploads\/2025\/05\/AdobeStock_23369091-2048x1365.jpeg 2048w\" sizes=\"(max-width: 2560px) 100vw, 2560px\" \/>                        <p class=\"j-title\">\n                            Invierno con VAP                        <\/p>\n                        <p class=\"j-more\">\n                            Descubre                        <\/p>\n                    <\/a>\n                <\/div>\n\n                            <div class=\"journey-slide\">\n                    <a href=\"https:\/\/www.vap-camping.fr\/es\/sejours\/offrez-vous-une-pause-bien-etre-en-ariege\/\" class=\"journey\" title=\"5 ideas para una escapada de bienestar\">\n                        <img decoding=\"async\" width=\"2560\" height=\"1637\" src=\"https:\/\/www.vap-camping.fr\/wp-content\/uploads\/2025\/05\/AdobeStock_1074550848-scaled.jpeg\" class=\"attachment-2486 size-2486 wp-post-image\" alt=\"\" large=\"\" srcset=\"https:\/\/www.vap-camping.fr\/wp-content\/uploads\/2025\/05\/AdobeStock_1074550848-scaled.jpeg 2560w, https:\/\/www.vap-camping.fr\/wp-content\/uploads\/2025\/05\/AdobeStock_1074550848-600x384.jpeg 600w, https:\/\/www.vap-camping.fr\/wp-content\/uploads\/2025\/05\/AdobeStock_1074550848-1024x655.jpeg 1024w, https:\/\/www.vap-camping.fr\/wp-content\/uploads\/2025\/05\/AdobeStock_1074550848-768x491.jpeg 768w, https:\/\/www.vap-camping.fr\/wp-content\/uploads\/2025\/05\/AdobeStock_1074550848-1536x982.jpeg 1536w, https:\/\/www.vap-camping.fr\/wp-content\/uploads\/2025\/05\/AdobeStock_1074550848-2048x1310.jpeg 2048w\" sizes=\"(max-width: 2560px) 100vw, 2560px\" \/>                        <p class=\"j-title\">\n                            Bienestar                        <\/p>\n                        <p class=\"j-more\">\n                            Descubre                        <\/p>\n                    <\/a>\n                <\/div>\n\n                            <div class=\"journey-slide\">\n                    <a href=\"https:\/\/www.vap-camping.fr\/es\/sejours\/voyage-prehistorique-a-travers-les-grottes-cachees-de-l-ariege\/\" class=\"journey\" title=\"Visita las cuevas\">\n                        <img decoding=\"async\" width=\"2560\" height=\"1707\" src=\"https:\/\/www.vap-camping.fr\/wp-content\/uploads\/2025\/04\/AdobeStock_885725894-scaled.jpeg\" class=\"attachment-2950 size-2950 wp-post-image\" alt=\"\" large=\"\" srcset=\"https:\/\/www.vap-camping.fr\/wp-content\/uploads\/2025\/04\/AdobeStock_885725894-scaled.jpeg 2560w, https:\/\/www.vap-camping.fr\/wp-content\/uploads\/2025\/04\/AdobeStock_885725894-600x400.jpeg 600w, https:\/\/www.vap-camping.fr\/wp-content\/uploads\/2025\/04\/AdobeStock_885725894-1024x683.jpeg 1024w, https:\/\/www.vap-camping.fr\/wp-content\/uploads\/2025\/04\/AdobeStock_885725894-768x512.jpeg 768w, https:\/\/www.vap-camping.fr\/wp-content\/uploads\/2025\/04\/AdobeStock_885725894-1536x1024.jpeg 1536w, https:\/\/www.vap-camping.fr\/wp-content\/uploads\/2025\/04\/AdobeStock_885725894-2048x1365.jpeg 2048w\" sizes=\"(max-width: 2560px) 100vw, 2560px\" \/>                        <p class=\"j-title\">\n                            Visita las cuevas                        <\/p>\n                        <p class=\"j-more\">\n                            Descubre                        <\/p>\n                    <\/a>\n                <\/div>\n\n                            <div class=\"journey-slide\">\n                    <a href=\"https:\/\/www.vap-camping.fr\/es\/sejours\/voyage-romantique-vos-vacances-a-deux-en-ariege\/\" class=\"journey\" title=\"Vacaciones rom\u00e1nticas para dos en Ari\u00e8ge\">\n                        <img decoding=\"async\" width=\"2560\" height=\"1707\" src=\"https:\/\/www.vap-camping.fr\/wp-content\/uploads\/2025\/05\/AdobeStock_693006007-scaled.jpeg\" class=\"attachment-3006 size-3006 wp-post-image\" alt=\"ap\u00e9ro\" large=\"\" srcset=\"https:\/\/www.vap-camping.fr\/wp-content\/uploads\/2025\/05\/AdobeStock_693006007-scaled.jpeg 2560w, https:\/\/www.vap-camping.fr\/wp-content\/uploads\/2025\/05\/AdobeStock_693006007-600x400.jpeg 600w, https:\/\/www.vap-camping.fr\/wp-content\/uploads\/2025\/05\/AdobeStock_693006007-1024x683.jpeg 1024w, https:\/\/www.vap-camping.fr\/wp-content\/uploads\/2025\/05\/AdobeStock_693006007-768x512.jpeg 768w, https:\/\/www.vap-camping.fr\/wp-content\/uploads\/2025\/05\/AdobeStock_693006007-1536x1024.jpeg 1536w, https:\/\/www.vap-camping.fr\/wp-content\/uploads\/2025\/05\/AdobeStock_693006007-2048x1365.jpeg 2048w\" sizes=\"(max-width: 2560px) 100vw, 2560px\" \/>                        <p class=\"j-title\">\n                            Viajes rom\u00e1nticos                        <\/p>\n                        <p class=\"j-more\">\n                            Descubre                        <\/p>\n                    <\/a>\n                <\/div>\n\n                            <div class=\"journey-slide\">\n                    <a href=\"https:\/\/www.vap-camping.fr\/es\/sejours\/aventure-en-groupe-au-coeur-de-lariege\/\" class=\"journey\" title=\"Aventura en grupo en el coraz\u00f3n del Ari\u00e8ge\">\n                        <img decoding=\"async\" width=\"2560\" height=\"1709\" src=\"https:\/\/www.vap-camping.fr\/wp-content\/uploads\/2025\/05\/AdobeStock_274495436-scaled.jpeg\" class=\"attachment-2994 size-2994 wp-post-image\" alt=\"speleological\" large=\"\" srcset=\"https:\/\/www.vap-camping.fr\/wp-content\/uploads\/2025\/05\/AdobeStock_274495436-scaled.jpeg 2560w, https:\/\/www.vap-camping.fr\/wp-content\/uploads\/2025\/05\/AdobeStock_274495436-600x401.jpeg 600w, https:\/\/www.vap-camping.fr\/wp-content\/uploads\/2025\/05\/AdobeStock_274495436-1024x684.jpeg 1024w, https:\/\/www.vap-camping.fr\/wp-content\/uploads\/2025\/05\/AdobeStock_274495436-768x513.jpeg 768w, https:\/\/www.vap-camping.fr\/wp-content\/uploads\/2025\/05\/AdobeStock_274495436-1536x1025.jpeg 1536w, https:\/\/www.vap-camping.fr\/wp-content\/uploads\/2025\/05\/AdobeStock_274495436-2048x1367.jpeg 2048w\" sizes=\"(max-width: 2560px) 100vw, 2560px\" \/>                        <p class=\"j-title\">\n                            Aventura en grupo                        <\/p>\n                        <p class=\"j-more\">\n                            Descubre                        <\/p>\n                    <\/a>\n                <\/div>\n\n                            <div class=\"journey-slide\">\n                    <a href=\"https:\/\/www.vap-camping.fr\/es\/sejours\/moments-partages-en-famille-au-coeur-de-lariege\/\" class=\"journey\" title=\"Diversi\u00f3n familiar en el coraz\u00f3n de Ari\u00e8ge\">\n                        <img decoding=\"async\" width=\"2560\" height=\"1683\" src=\"https:\/\/www.vap-camping.fr\/wp-content\/uploads\/2025\/05\/AdobeStock_285782136-scaled.jpeg\" class=\"attachment-2984 size-2984 wp-post-image\" alt=\"\" large=\"\" srcset=\"https:\/\/www.vap-camping.fr\/wp-content\/uploads\/2025\/05\/AdobeStock_285782136-scaled.jpeg 2560w, https:\/\/www.vap-camping.fr\/wp-content\/uploads\/2025\/05\/AdobeStock_285782136-600x395.jpeg 600w, https:\/\/www.vap-camping.fr\/wp-content\/uploads\/2025\/05\/AdobeStock_285782136-1024x673.jpeg 1024w, https:\/\/www.vap-camping.fr\/wp-content\/uploads\/2025\/05\/AdobeStock_285782136-768x505.jpeg 768w, https:\/\/www.vap-camping.fr\/wp-content\/uploads\/2025\/05\/AdobeStock_285782136-1536x1010.jpeg 1536w, https:\/\/www.vap-camping.fr\/wp-content\/uploads\/2025\/05\/AdobeStock_285782136-2048x1347.jpeg 2048w\" sizes=\"(max-width: 2560px) 100vw, 2560px\" \/>                        <p class=\"j-title\">\n                            Tiempo en familia                        <\/p>\n                        <p class=\"j-more\">\n                            Descubre                        <\/p>\n                    <\/a>\n                <\/div>\n\n                            <div class=\"journey-slide\">\n                    <a href=\"https:\/\/www.vap-camping.fr\/es\/sejours\/voyageur-solo-une-rencontre-avec-soi-meme-en-ariege\/\" class=\"journey\" title=\"Viajeros en solitario, un encuentro contigo mismo en Ari\u00e8ge\">\n                        <img decoding=\"async\" width=\"2560\" height=\"1920\" src=\"https:\/\/www.vap-camping.fr\/wp-content\/uploads\/2025\/05\/AdobeStock_1312971900.jpeg\" class=\"attachment-3001 size-3001 wp-post-image\" alt=\"randonee Ari\u00e8ge\" large=\"\" srcset=\"https:\/\/www.vap-camping.fr\/wp-content\/uploads\/2025\/05\/AdobeStock_1312971900.jpeg 2560w, https:\/\/www.vap-camping.fr\/wp-content\/uploads\/2025\/05\/AdobeStock_1312971900-600x450.jpeg 600w, https:\/\/www.vap-camping.fr\/wp-content\/uploads\/2025\/05\/AdobeStock_1312971900-1024x768.jpeg 1024w, https:\/\/www.vap-camping.fr\/wp-content\/uploads\/2025\/05\/AdobeStock_1312971900-768x576.jpeg 768w, https:\/\/www.vap-camping.fr\/wp-content\/uploads\/2025\/05\/AdobeStock_1312971900-1536x1152.jpeg 1536w, https:\/\/www.vap-camping.fr\/wp-content\/uploads\/2025\/05\/AdobeStock_1312971900-2048x1536.jpeg 2048w\" sizes=\"(max-width: 2560px) 100vw, 2560px\" \/>                        <p class=\"j-title\">\n                            Viajar solo                        <\/p>\n                        <p class=\"j-more\">\n                            Descubre                        <\/p>\n                    <\/a>\n                <\/div>\n\n                            <div class=\"journey-slide\">\n                    <a href=\"https:\/\/www.vap-camping.fr\/es\/sejours\/lautomne-en-ariege-a-travers-des-paysages-colores\/\" class=\"journey\" title=\"Oto\u00f1o en el Ari\u00e8ge a trav\u00e9s de paisajes llenos de color\">\n                        <img decoding=\"async\" width=\"2560\" height=\"1707\" src=\"https:\/\/www.vap-camping.fr\/wp-content\/uploads\/2025\/05\/AdobeStock_417307917-scaled.jpeg\" class=\"attachment-2978 size-2978 wp-post-image\" alt=\"lac de bexhmale printemps\" large=\"\" srcset=\"https:\/\/www.vap-camping.fr\/wp-content\/uploads\/2025\/05\/AdobeStock_417307917-scaled.jpeg 2560w, https:\/\/www.vap-camping.fr\/wp-content\/uploads\/2025\/05\/AdobeStock_417307917-600x400.jpeg 600w, https:\/\/www.vap-camping.fr\/wp-content\/uploads\/2025\/05\/AdobeStock_417307917-1024x683.jpeg 1024w, https:\/\/www.vap-camping.fr\/wp-content\/uploads\/2025\/05\/AdobeStock_417307917-768x512.jpeg 768w, https:\/\/www.vap-camping.fr\/wp-content\/uploads\/2025\/05\/AdobeStock_417307917-1536x1024.jpeg 1536w, https:\/\/www.vap-camping.fr\/wp-content\/uploads\/2025\/05\/AdobeStock_417307917-2048x1365.jpeg 2048w\" sizes=\"(max-width: 2560px) 100vw, 2560px\" \/>                        <p class=\"j-title\">\n                            Oto\u00f1o en Ari\u00e8ge                        <\/p>\n                        <p class=\"j-more\">\n                            Descubre                        <\/p>\n                    <\/a>\n                <\/div>\n\n                            <div class=\"journey-slide\">\n                    <a href=\"https:\/\/www.vap-camping.fr\/es\/sejours\/votre-ete-entre-charme-et-authenticite-en-ariege\/\" class=\"journey\" title=\"Un verano de encanto y autenticidad en Ari\u00e8ge\">\n                        <img decoding=\"async\" width=\"2560\" height=\"1919\" src=\"https:\/\/www.vap-camping.fr\/wp-content\/uploads\/2025\/05\/AdobeStock_289802388-scaled.jpeg\" class=\"attachment-2956 size-2956 wp-post-image\" alt=\"\" large=\"\" srcset=\"https:\/\/www.vap-camping.fr\/wp-content\/uploads\/2025\/05\/AdobeStock_289802388-scaled.jpeg 2560w, https:\/\/www.vap-camping.fr\/wp-content\/uploads\/2025\/05\/AdobeStock_289802388-600x450.jpeg 600w, https:\/\/www.vap-camping.fr\/wp-content\/uploads\/2025\/05\/AdobeStock_289802388-1024x767.jpeg 1024w, https:\/\/www.vap-camping.fr\/wp-content\/uploads\/2025\/05\/AdobeStock_289802388-768x576.jpeg 768w, https:\/\/www.vap-camping.fr\/wp-content\/uploads\/2025\/05\/AdobeStock_289802388-1536x1151.jpeg 1536w, https:\/\/www.vap-camping.fr\/wp-content\/uploads\/2025\/05\/AdobeStock_289802388-2048x1535.jpeg 2048w\" sizes=\"(max-width: 2560px) 100vw, 2560px\" \/>                        <p class=\"j-title\">\n                            Charmes                        <\/p>\n                        <p class=\"j-more\">\n                            Descubre                        <\/p>\n                    <\/a>\n                <\/div>\n\n                            <div class=\"journey-slide\">\n                    <a href=\"https:\/\/www.vap-camping.fr\/es\/sejours\/les-stations-thermales-pour-votre-bien-etre-et-votre-serenite\/\" class=\"journey\" title=\"Balnearios para tu bienestar y serenidad\">\n                        <img decoding=\"async\" width=\"2560\" height=\"1707\" src=\"https:\/\/www.vap-camping.fr\/wp-content\/uploads\/2025\/05\/AdobeStock_519183132-1-scaled.jpeg\" class=\"attachment-2974 size-2974 wp-post-image\" alt=\"\" large=\"\" srcset=\"https:\/\/www.vap-camping.fr\/wp-content\/uploads\/2025\/05\/AdobeStock_519183132-1-scaled.jpeg 2560w, https:\/\/www.vap-camping.fr\/wp-content\/uploads\/2025\/05\/AdobeStock_519183132-1-600x400.jpeg 600w, https:\/\/www.vap-camping.fr\/wp-content\/uploads\/2025\/05\/AdobeStock_519183132-1-1024x683.jpeg 1024w, https:\/\/www.vap-camping.fr\/wp-content\/uploads\/2025\/05\/AdobeStock_519183132-1-768x512.jpeg 768w, https:\/\/www.vap-camping.fr\/wp-content\/uploads\/2025\/05\/AdobeStock_519183132-1-1536x1024.jpeg 1536w, https:\/\/www.vap-camping.fr\/wp-content\/uploads\/2025\/05\/AdobeStock_519183132-1-2048x1365.jpeg 2048w\" sizes=\"(max-width: 2560px) 100vw, 2560px\" \/>                        <p class=\"j-title\">\n                            Serenidad                        <\/p>\n                        <p class=\"j-more\">\n                            Descubre                        <\/p>\n                    <\/a>\n                <\/div>\n\n                            <div class=\"journey-slide\">\n                    <a href=\"https:\/\/www.vap-camping.fr\/es\/sejours\/rendez-vous-aux-plus-beaux-villages-ariegeois\/\" class=\"journey\" title=\"Los pueblos m\u00e1s bonitos del Ari\u00e8ge\">\n                        <img decoding=\"async\" width=\"2560\" height=\"1707\" src=\"https:\/\/www.vap-camping.fr\/wp-content\/uploads\/2025\/05\/AdobeStock_124848663-scaled.jpeg\" class=\"attachment-2940 size-2940 wp-post-image\" alt=\"\" large=\"\" srcset=\"https:\/\/www.vap-camping.fr\/wp-content\/uploads\/2025\/05\/AdobeStock_124848663-scaled.jpeg 2560w, https:\/\/www.vap-camping.fr\/wp-content\/uploads\/2025\/05\/AdobeStock_124848663-600x400.jpeg 600w, https:\/\/www.vap-camping.fr\/wp-content\/uploads\/2025\/05\/AdobeStock_124848663-1024x683.jpeg 1024w, https:\/\/www.vap-camping.fr\/wp-content\/uploads\/2025\/05\/AdobeStock_124848663-768x512.jpeg 768w, https:\/\/www.vap-camping.fr\/wp-content\/uploads\/2025\/05\/AdobeStock_124848663-1536x1024.jpeg 1536w, https:\/\/www.vap-camping.fr\/wp-content\/uploads\/2025\/05\/AdobeStock_124848663-2048x1365.jpeg 2048w\" sizes=\"(max-width: 2560px) 100vw, 2560px\" \/>                        <p class=\"j-title\">\n                            En el coraz\u00f3n de los pueblos                        <\/p>\n                        <p class=\"j-more\">\n                            Descubre                        <\/p>\n                    <\/a>\n                <\/div>\n\n                            <div class=\"journey-slide\">\n                    <a href=\"https:\/\/www.vap-camping.fr\/es\/sejours\/marche-et-producteurs-locaux\/\" class=\"journey\" title=\"Mercado y productores locales\">\n                        <img decoding=\"async\" width=\"1200\" height=\"901\" src=\"https:\/\/www.vap-camping.fr\/wp-content\/uploads\/2025\/12\/image-30.jpeg\" class=\"attachment-6151 size-6151 wp-post-image\" alt=\"\" large=\"\" srcset=\"https:\/\/www.vap-camping.fr\/wp-content\/uploads\/2025\/12\/image-30.jpeg 1200w, https:\/\/www.vap-camping.fr\/wp-content\/uploads\/2025\/12\/image-30-600x451.jpeg 600w, https:\/\/www.vap-camping.fr\/wp-content\/uploads\/2025\/12\/image-30-1024x769.jpeg 1024w, https:\/\/www.vap-camping.fr\/wp-content\/uploads\/2025\/12\/image-30-768x577.jpeg 768w\" sizes=\"(max-width: 1200px) 100vw, 1200px\" \/>                        <p class=\"j-title\">\n                            Mercados y productores                          <\/p>\n                        <p class=\"j-more\">\n                            Descubre                        <\/p>\n                    <\/a>\n                <\/div>\n\n                            <div class=\"journey-slide\">\n                    <a href=\"https:\/\/www.vap-camping.fr\/es\/sejours\/nature-sauvage-de-l-ariege-a-decouvrir\/\" class=\"journey\" title=\"Descubre la naturaleza salvaje del Ari\u00e8ge\">\n                        <img decoding=\"async\" width=\"2560\" height=\"1463\" src=\"https:\/\/www.vap-camping.fr\/wp-content\/uploads\/2025\/05\/AdobeStock_1244397702-scaled.jpeg\" class=\"attachment-2946 size-2946 wp-post-image\" alt=\"\" large=\"\" srcset=\"https:\/\/www.vap-camping.fr\/wp-content\/uploads\/2025\/05\/AdobeStock_1244397702-scaled.jpeg 2560w, https:\/\/www.vap-camping.fr\/wp-content\/uploads\/2025\/05\/AdobeStock_1244397702-600x343.jpeg 600w, https:\/\/www.vap-camping.fr\/wp-content\/uploads\/2025\/05\/AdobeStock_1244397702-1024x585.jpeg 1024w, https:\/\/www.vap-camping.fr\/wp-content\/uploads\/2025\/05\/AdobeStock_1244397702-768x439.jpeg 768w, https:\/\/www.vap-camping.fr\/wp-content\/uploads\/2025\/05\/AdobeStock_1244397702-1536x878.jpeg 1536w, https:\/\/www.vap-camping.fr\/wp-content\/uploads\/2025\/05\/AdobeStock_1244397702-2048x1170.jpeg 2048w\" sizes=\"(max-width: 2560px) 100vw, 2560px\" \/>                        <p class=\"j-title\">\n                            Naturaleza salvaje                        <\/p>\n                        <p class=\"j-more\">\n                            Descubre                        <\/p>\n                    <\/a>\n                <\/div>\n\n                    <\/div>\n        <div class=\"journey-buttons\">\n            <button class=\"j-prev\">ARR<\/button>\n            <button class=\"j-next\">AV<\/button>\n        <\/div>\n    <\/div>\n\n\n<\/div>\n<\/div>\n","protected":false},"excerpt":{"rendered":"<p>Descubriendo El patrimonio industrial de Occitania \u00a1Explora el patrimonio industrial y cultural \u00fanico de la regi\u00f3n de Occitanie! Descubre Occitanie desde un \u00e1ngulo diferente gracias a nuestros recorridos industriales. Estos recorridos ofrecen una visi\u00f3n fascinante del saber hacer local, desde la artesan\u00eda hasta la industria moderna, mezclando innovaci\u00f3n y tradici\u00f3n. Aprende m\u00e1s sobre los oficios [&hellip;]<\/p>\n","protected":false},"featured_media":3718,"parent":0,"template":"","format":"standard","meta":{"_acf_changed":false,"_seopress_robots_primary_cat":"","_seopress_titles_title":"","_seopress_titles_desc":"","_seopress_robots_index":"","ouverture":"","nombre_de_locations":"","nombre_demplacements":"","adresse":"","numero_de_telephone":"","email":"","url_du_site":"","footnotes":""},"class_list":["post-2990","sejours","type-sejours","status-publish","format-standard","has-post-thumbnail","hentry"],"acf":{"titre_court":"Visitas industriales  ","steps":[{"step_title":"D\u00eda 1 y 2","af_camping":[2571],"af_places":[3169,3163]},{"step_title":"D\u00edas 3 y 4","af_camping":[3041],"af_places":[3925]},{"step_title":"D\u00eda 5","af_camping":[2487],"af_places":[3914,3888]}]},"_links":{"self":[{"href":"https:\/\/www.vap-camping.fr\/es\/wp-json\/wp\/v2\/sejours\/2990","targetHints":{"allow":["GET"]}}],"collection":[{"href":"https:\/\/www.vap-camping.fr\/es\/wp-json\/wp\/v2\/sejours"}],"about":[{"href":"https:\/\/www.vap-camping.fr\/es\/wp-json\/wp\/v2\/types\/sejours"}],"version-history":[{"count":6,"href":"https:\/\/www.vap-camping.fr\/es\/wp-json\/wp\/v2\/sejours\/2990\/revisions"}],"predecessor-version":[{"id":7421,"href":"https:\/\/www.vap-camping.fr\/es\/wp-json\/wp\/v2\/sejours\/2990\/revisions\/7421"}],"wp:featuredmedia":[{"embeddable":true,"href":"https:\/\/www.vap-camping.fr\/es\/wp-json\/wp\/v2\/media\/3718"}],"wp:attachment":[{"href":"https:\/\/www.vap-camping.fr\/es\/wp-json\/wp\/v2\/media?parent=2990"}],"curies":[{"name":"wp","href":"https:\/\/api.w.org\/{rel}","templated":true}]}}