{"id":3013,"date":"2025-04-29T12:09:07","date_gmt":"2025-04-29T12:09:07","guid":{"rendered":"https:\/\/www.vap-camping.fr\/sejours\/5-jours-en-ariege-pour-une-immersion-complete\/"},"modified":"2026-02-26T09:53:11","modified_gmt":"2026-02-26T09:53:11","slug":"5-dias-en-aryge-para-una-inmersion-completa","status":"publish","type":"sejours","link":"https:\/\/www.vap-camping.fr\/es\/sejours\/5-dias-en-aryge-para-una-inmersion-completa\/","title":{"rendered":"Visitas culturales"},"content":{"rendered":"\n<div class=\"wp-block-group alignfull is-layout-flow wp-container-core-group-is-layout-8af317cd wp-block-group-is-layout-flow\">\n<div class=\"wp-block-group fromTop has-global-padding is-layout-constrained wp-block-group-is-layout-constrained\" style=\"margin-top:15rem\">\n<div class=\"wp-block-columns alignfull are-vertically-aligned-center m-ti is-layout-flex wp-container-core-columns-is-layout-0c0b91ec wp-block-columns-is-layout-flex\">\n<div class=\"wp-block-column is-vertically-aligned-center m-ti-text is-layout-flow wp-container-core-column-is-layout-58dbe9e9 wp-block-column-is-layout-flow\" style=\"padding-left:10rem;flex-basis:40%\">\n<div class=\"wp-block-group is-style-title-left is-layout-flow wp-block-group-is-layout-flow is-style-title-left--1\">\n<p class=\"has-secondary-color has-text-color has-link-color has-secondary-font-family has-xl-font-size wp-elements-fa277559400926ca8adbdb7bd1a08fa1\">Visitas culturales<\/p>\n\n\n\n<p class=\"has-primary-color has-text-color has-link-color has-primary-font-family has-sm-font-size wp-elements-75228987bbe8a1d023caa8429fa6886d\" style=\"text-transform:uppercase\"><strong>en Occitania<\/strong><\/p>\n<\/div>\n\n\n\n<h1 class=\"wp-block-heading text-title\">\u00a1Esperamos recibirte en nuestras visitas culturales cerca de Toulouse y en Ari\u00e8ge!  <\/h1>\n\n\n\n<p class=\"has-m-font-size\" style=\"padding-left:2rem\">Occitanie est\u00e1 llena de tesoros culturales para descubrir durante tu estancia en nuestros establecimientos. Entre historia, patrimonio y tradiciones, cada escapada se convierte en una inmersi\u00f3n en el coraz\u00f3n de una regi\u00f3n aut\u00e9ntica. Pasea por encantadoras callejuelas, descubre monumentos cargados de historia, visita animados museos o fascinantes yacimientos prehist\u00f3ricos: las posibilidades son infinitas.    <\/p>\n\n\n\n<p class=\"has-m-font-size\" style=\"padding-left:2rem\">Nuestros establecimientos son pr\u00e1cticos puntos de partida para explorar estos lugares, accesibles para todos, en familia o con amigos. Para alojarte durante tus visitas culturales, ponte en contacto con nosotros hoy mismo.   <strong>Atenci\u00f3n VAP s\u00f3lo ofrece alojamiento.<\/strong>  Todas las actividades deben reservarse directamente con los proveedores locales.<\/p>\n<\/div>\n\n\n\n<div class=\"wp-block-column is-vertically-aligned-center wp-block-image alignright size-large has-custom-border is-style-travel m-ti-image is-layout-flow wp-block-column-is-layout-flow is-style-travel--2\" style=\"flex-basis:60%\">\n<figure class=\"wp-block-image alignright size-large\"><img decoding=\"async\" width=\"1024\" height=\"682\" src=\"https:\/\/www.vap-camping.fr\/wp-content\/uploads\/2025\/09\/image-1-1024x682.jpeg\" alt=\"forja pirenaica\" class=\"wp-image-3696\" srcset=\"https:\/\/www.vap-camping.fr\/wp-content\/uploads\/2025\/09\/image-1-1024x682.jpeg 1024w, https:\/\/www.vap-camping.fr\/wp-content\/uploads\/2025\/09\/image-1-600x400.jpeg 600w, https:\/\/www.vap-camping.fr\/wp-content\/uploads\/2025\/09\/image-1-768x512.jpeg 768w, https:\/\/www.vap-camping.fr\/wp-content\/uploads\/2025\/09\/image-1.jpeg 1400w\" sizes=\"(max-width: 1024px) 100vw, 1024px\" \/><\/figure>\n<\/div>\n<\/div>\n<\/div>\n\n\n\n<div class=\"wp-block-buttons is-content-justification-center is-layout-flex wp-container-core-buttons-is-layout-a89b3969 wp-block-buttons-is-layout-flex\">\n<div class=\"wp-block-button\"><a class=\"wp-block-button__link wp-element-button\" href=\"https:\/\/www.vap-camping.fr\/es\/vap-hebergements\/\">obtener un presupuesto personalizado<\/a><\/div>\n<\/div>\n\n\n\n<div class=\"map-container is-layout-flow wp-block-map-vap-is-layout-flow\">\n    <aside class=\"map\">\n        <div class=\"map-steps\">\n            <ul>\n                                                            <li data-step-index=\"1\">1<\/li>\n                                            <li data-step-index=\"2\">2<\/li>\n                                            <li data-step-index=\"3\">3<\/li>\n                                            <li data-step-index=\"4\">4<\/li>\n                                                <\/ul>\n        <\/div>\n        <div id=\"map\"><\/div>\n    <\/aside>\n\n    <div class=\"postMap post-3013\">\n                                    <div class=\"step-desc step-0\" data-step-index=\"0\">\n                    <h3 class=\"step-title\">D\u00eda 1<\/h3>\n\n                                                                                            <div class=\"camping-wrapper\" data-lat=\"42.7874289\"\n                                data-long=\"1.6828079\"\n                                data-name=\"Complejo Les Oustalous\"\n                                data-image=\"https:\/\/www.vap-camping.fr\/wp-content\/uploads\/2025\/04\/img_5291-1024x768-1.jpg\">\n                                                                    <a href=\"https:\/\/www.vap-camping.fr\/es\/campings\/oustalous-complex\/\" class=\"c-link\"\n                                        title=\"Complejo Les Oustalous\">\n                                        <img decoding=\"async\" width=\"600\" height=\"450\" src=\"https:\/\/www.vap-camping.fr\/wp-content\/uploads\/2025\/04\/img_5291-1024x768-1-600x450.jpg\" class=\"attachment-medium size-medium wp-post-image\" alt=\"\" srcset=\"https:\/\/www.vap-camping.fr\/wp-content\/uploads\/2025\/04\/img_5291-1024x768-1-600x450.jpg 600w, https:\/\/www.vap-camping.fr\/wp-content\/uploads\/2025\/04\/img_5291-1024x768-1-768x576.jpg 768w, https:\/\/www.vap-camping.fr\/wp-content\/uploads\/2025\/04\/img_5291-1024x768-1.jpg 1024w\" sizes=\"(max-width: 600px) 100vw, 600px\" \/>                                        <p class=\"c-button\">Descubre<\/p>\n                                    <\/a>\n                                                                    <div class=\"camping-infos\">\n                                    <p class=\"c-title\">Complejo Les Oustalous<\/p>\n                                    <ul class=\"c-list\">\n                                                                                <li>240 personas<\/li>\n                                        <li>240 personas<\/li>\n                                                                                    <li style=\"display: flex; gap: 1rem; margin-top: 1rem;\">\n                                                                                                    <img decoding=\"async\" src=\"https:\/\/www.vap-camping.fr\/wp-content\/uploads\/2025\/04\/water-ladder-ico.svg\" alt=\"Piscina\" \/>\n                                                                                                        <img decoding=\"async\" src=\"https:\/\/www.vap-camping.fr\/wp-content\/uploads\/2025\/04\/wifi-ico.svg\" alt=\"Wifi\" \/>\n                                                                                                        <img decoding=\"async\" src=\"https:\/\/www.vap-camping.fr\/wp-content\/uploads\/2025\/04\/dice-solid.svg\" alt=\"Boulodrome\" \/>\n                                                                                                        <img decoding=\"async\" src=\"https:\/\/www.vap-camping.fr\/wp-content\/uploads\/2025\/04\/table-tennis-paddle-ball.svg\" alt=\"Mesa de ping-pong\" \/>\n                                                                                                <\/li>\n                                                                                <\/ul>\n                                <\/div>\n                            <\/div>\n                                            \n                                        <h4 class=\"journey-title\">Experiencias por descubrir<\/h4>\n                    <div class=\"journey-container\">\n                                                                                                                        <div class=\"swiper-slide\" data-lat=\"42.8787858\"\n                                        data-long=\"1.4763591\"\n                                        data-name=\"Parque de la Prehistoria\"\n                                        data-image=\"https:\/\/www.vap-camping.fr\/wp-content\/uploads\/2025\/04\/Parc_prehistoire2_ariege_pyrenees_tourisme.jpg\">\n                                        <div class=\"j-link\">\n                                            <img decoding=\"async\" width=\"1024\" height=\"683\" src=\"https:\/\/www.vap-camping.fr\/wp-content\/uploads\/2025\/04\/Parc_prehistoire2_ariege_pyrenees_tourisme.jpg\" class=\"attachment-large size-large wp-post-image\" alt=\"\" srcset=\"https:\/\/www.vap-camping.fr\/wp-content\/uploads\/2025\/04\/Parc_prehistoire2_ariege_pyrenees_tourisme.jpg 1024w, https:\/\/www.vap-camping.fr\/wp-content\/uploads\/2025\/04\/Parc_prehistoire2_ariege_pyrenees_tourisme-600x400.jpg 600w, https:\/\/www.vap-camping.fr\/wp-content\/uploads\/2025\/04\/Parc_prehistoire2_ariege_pyrenees_tourisme-768x512.jpg 768w\" sizes=\"(max-width: 1024px) 100vw, 1024px\" \/>                                            <p class=\"j-title\">Parque de la Prehistoria<\/p>\n                                            <a href=\"https:\/\/www.vap-camping.fr\/es\/lieux\/parc-de-la-prehistoire\/\"\n                                                title=\"Parque de la Prehistoria\"\n                                                class=\"j-button\">Descubre<\/a>\n                                        <\/div>\n                                        <div class=\"j-desc\">\n                                            <p class=\"j-desc-title\">Parque de la Prehistoria<\/p>\n                                            <p class=\"j-desc-excerpt\">A s\u00f3lo 15 km del complejo de Oustalous, \u00a1sum\u00e9rgete en los inicios de la humanidad en un parque prehist\u00f3rico!<\/p>\n                                            <a href=\"https:\/\/www.vap-camping.fr\/es\/lieux\/parc-de-la-prehistoire\/\"\n                                                title=\"Parque de la Prehistoria\"\n                                                class=\"j-desc-button\">Ver m\u00e1s<\/a>\n                                        <\/div>\n                                    <\/div>\n                                                                                                            <\/div>\n                <\/div>\n                            <div class=\"step-desc step-1\" data-step-index=\"1\">\n                    <h3 class=\"step-title\">D\u00eda 2<\/h3>\n\n                                                                                            <div class=\"camping-wrapper\" data-lat=\"42.9892629\"\n                                data-long=\"1.6130811\"\n                                data-name=\"Camping du lac(Foix)\"\n                                data-image=\"https:\/\/www.vap-camping.fr\/wp-content\/uploads\/2025\/04\/camping-avec-piscine-scaled.jpg\">\n                                                                    <a href=\"https:\/\/www.vap-camping.fr\/es\/campings\/camping-du-lac\/\" class=\"c-link\"\n                                        title=\"Camping du lac(Foix)\">\n                                        <img decoding=\"async\" width=\"600\" height=\"450\" src=\"https:\/\/www.vap-camping.fr\/wp-content\/uploads\/2025\/04\/camping-avec-piscine-600x450.jpg\" class=\"attachment-medium size-medium wp-post-image\" alt=\"\" srcset=\"https:\/\/www.vap-camping.fr\/wp-content\/uploads\/2025\/04\/camping-avec-piscine-600x450.jpg 600w, https:\/\/www.vap-camping.fr\/wp-content\/uploads\/2025\/04\/camping-avec-piscine-1024x767.jpg 1024w, https:\/\/www.vap-camping.fr\/wp-content\/uploads\/2025\/04\/camping-avec-piscine-768x575.jpg 768w, https:\/\/www.vap-camping.fr\/wp-content\/uploads\/2025\/04\/camping-avec-piscine-1536x1151.jpg 1536w, https:\/\/www.vap-camping.fr\/wp-content\/uploads\/2025\/04\/camping-avec-piscine-2048x1534.jpg 2048w\" sizes=\"(max-width: 600px) 100vw, 600px\" \/>                                        <p class=\"c-button\">Descubre<\/p>\n                                    <\/a>\n                                                                    <div class=\"camping-infos\">\n                                    <p class=\"c-title\">Camping du lac(Foix)<\/p>\n                                    <ul class=\"c-list\">\n                                                                                    <li>\n                                                Clasificaci\u00f3n                                                                                                    <img decoding=\"async\" src=\"\/wp-content\/themes\/vap\/assets\/img\/svg\/star-rating.svg\" alt=\"Classement\" \/>\n                                                                                                        <img decoding=\"async\" src=\"\/wp-content\/themes\/vap\/assets\/img\/svg\/star-rating.svg\" alt=\"Classement\" \/>\n                                                                                                        <img decoding=\"async\" src=\"\/wp-content\/themes\/vap\/assets\/img\/svg\/star-rating.svg\" alt=\"Classement\" \/>\n                                                                                                        <img decoding=\"async\" src=\"\/wp-content\/themes\/vap\/assets\/img\/svg\/star-rating.svg\" alt=\"Classement\" \/>\n                                                                                                <\/li>\n                                                                                    <li>95 alquileres en 5 ha<\/li>\n                                        <li>40 parcelas desnudas<\/li>\n                                                                                    <li style=\"display: flex; gap: 1rem; margin-top: 1rem;\">\n                                                                                                    <img decoding=\"async\" src=\"https:\/\/www.vap-camping.fr\/wp-content\/uploads\/2025\/04\/water-ladder-ico.svg\" alt=\"Piscina (no climatizada)\" \/>\n                                                                                                        <img decoding=\"async\" src=\"https:\/\/www.vap-camping.fr\/wp-content\/uploads\/2025\/04\/martini-glass.svg\" alt=\"Restaurante\/Bar\" \/>\n                                                                                                        <img decoding=\"async\" src=\"https:\/\/www.vap-camping.fr\/wp-content\/uploads\/2025\/04\/wifi-ico.svg\" alt=\"Wifi\" \/>\n                                                                                                        <img decoding=\"async\" src=\"https:\/\/www.vap-camping.fr\/wp-content\/uploads\/2025\/04\/paw-solid.svg\" alt=\"Se admiten mascotas\" \/>\n                                                                                                        <img decoding=\"async\" src=\"https:\/\/www.vap-camping.fr\/wp-content\/uploads\/2025\/04\/party-horn-ico.svg\" alt=\"Entretenimiento estacional\" \/>\n                                                                                                        <img decoding=\"async\" src=\"https:\/\/www.vap-camping.fr\/wp-content\/uploads\/2025\/04\/basket-shopping.svg\" alt=\"Tienda de recuerdos\" \/>\n                                                                                                        <img decoding=\"async\" src=\"https:\/\/www.vap-camping.fr\/wp-content\/uploads\/2025\/04\/bicycle-solid.svg\" alt=\"Cuarto de bicicletas\" \/>\n                                                                                                        <img decoding=\"async\" src=\"https:\/\/www.vap-camping.fr\/wp-content\/uploads\/2025\/04\/wheelchair-solid.svg\" alt=\"Acceso PMR\" \/>\n                                                                                                        <img decoding=\"async\" src=\"\" alt=\"Puntos de recarga para veh\u00edculos el\u00e9ctricos\" \/>\n                                                                                                <\/li>\n                                                                                <\/ul>\n                                <\/div>\n                            <\/div>\n                                            \n                                        <h4 class=\"journey-title\">Experiencias por descubrir<\/h4>\n                    <div class=\"journey-container\">\n                                                                                                                        <div class=\"swiper-slide\" data-lat=\"42.939380\"\n                                        data-long=\"1.629579\"\n                                        data-name=\"Forja de Pyr\u00e8ne\"\n                                        data-image=\"https:\/\/www.vap-camping.fr\/wp-content\/uploads\/2025\/09\/image-1.jpeg\">\n                                        <div class=\"j-link\">\n                                            <img decoding=\"async\" width=\"1024\" height=\"682\" src=\"https:\/\/www.vap-camping.fr\/wp-content\/uploads\/2025\/09\/image-1-1024x682.jpeg\" class=\"attachment-large size-large wp-post-image\" alt=\"forge de pyr\u00e8ne\" srcset=\"https:\/\/www.vap-camping.fr\/wp-content\/uploads\/2025\/09\/image-1-1024x682.jpeg 1024w, https:\/\/www.vap-camping.fr\/wp-content\/uploads\/2025\/09\/image-1-600x400.jpeg 600w, https:\/\/www.vap-camping.fr\/wp-content\/uploads\/2025\/09\/image-1-768x512.jpeg 768w, https:\/\/www.vap-camping.fr\/wp-content\/uploads\/2025\/09\/image-1.jpeg 1400w\" sizes=\"(max-width: 1024px) 100vw, 1024px\" \/>                                            <p class=\"j-title\">Forja de Pyr\u00e8ne<\/p>\n                                            <a href=\"https:\/\/www.vap-camping.fr\/es\/lieux\/forge-de-pyrene\/\"\n                                                title=\"Forja de Pyr\u00e8ne\"\n                                                class=\"j-button\">Descubre<\/a>\n                                        <\/div>\n                                        <div class=\"j-desc\">\n                                            <p class=\"j-desc-title\">Forja de Pyr\u00e8ne<\/p>\n                                            <p class=\"j-desc-excerpt\">\u00a1Visita la Forja de Pyr\u00e8ne sin coche desde el camping du lac en Foix!<\/p>\n                                            <a href=\"https:\/\/www.vap-camping.fr\/es\/lieux\/forge-de-pyrene\/\"\n                                                title=\"Forja de Pyr\u00e8ne\"\n                                                class=\"j-desc-button\">Ver m\u00e1s<\/a>\n                                        <\/div>\n                                    <\/div>\n                                                                                                            <\/div>\n                <\/div>\n                            <div class=\"step-desc step-2\" data-step-index=\"2\">\n                    <h3 class=\"step-title\">D\u00eda 3<\/h3>\n\n                                                                                            <div class=\"camping-wrapper\" data-lat=\"43.2493673\"\n                                data-long=\"1.6806113\"\n                                data-name=\"Camping la Bastide(Maz\u00e8res)\"\n                                data-image=\"https:\/\/www.vap-camping.fr\/wp-content\/uploads\/2025\/07\/dji_0589-2-scaled.jpg\">\n                                                                    <a href=\"https:\/\/www.vap-camping.fr\/es\/campings\/camping-la-bastide\/\" class=\"c-link\"\n                                        title=\"Camping la Bastide(Maz\u00e8res)\">\n                                        <img decoding=\"async\" width=\"600\" height=\"450\" src=\"https:\/\/www.vap-camping.fr\/wp-content\/uploads\/2025\/07\/dji_0589-2-600x450.jpg\" class=\"attachment-medium size-medium wp-post-image\" alt=\"camping la bastide\" srcset=\"https:\/\/www.vap-camping.fr\/wp-content\/uploads\/2025\/07\/dji_0589-2-600x450.jpg 600w, https:\/\/www.vap-camping.fr\/wp-content\/uploads\/2025\/07\/dji_0589-2-1024x767.jpg 1024w, https:\/\/www.vap-camping.fr\/wp-content\/uploads\/2025\/07\/dji_0589-2-768x575.jpg 768w, https:\/\/www.vap-camping.fr\/wp-content\/uploads\/2025\/07\/dji_0589-2-1536x1151.jpg 1536w, https:\/\/www.vap-camping.fr\/wp-content\/uploads\/2025\/07\/dji_0589-2-2048x1534.jpg 2048w\" sizes=\"(max-width: 600px) 100vw, 600px\" \/>                                        <p class=\"c-button\">Descubre<\/p>\n                                    <\/a>\n                                                                    <div class=\"camping-infos\">\n                                    <p class=\"c-title\">Camping la Bastide(Maz\u00e8res)<\/p>\n                                    <ul class=\"c-list\">\n                                                                                    <li>\n                                                Clasificaci\u00f3n                                                                                                    <img decoding=\"async\" src=\"\/wp-content\/themes\/vap\/assets\/img\/svg\/star-rating.svg\" alt=\"Classement\" \/>\n                                                                                                        <img decoding=\"async\" src=\"\/wp-content\/themes\/vap\/assets\/img\/svg\/star-rating.svg\" alt=\"Classement\" \/>\n                                                                                                        <img decoding=\"async\" src=\"\/wp-content\/themes\/vap\/assets\/img\/svg\/star-rating.svg\" alt=\"Classement\" \/>\n                                                                                                <\/li>\n                                                                                    <li>62 Alquileres<\/li>\n                                        <li>48 parcelas desnudas<\/li>\n                                                                                    <li style=\"display: flex; gap: 1rem; margin-top: 1rem;\">\n                                                                                                    <img decoding=\"async\" src=\"https:\/\/www.vap-camping.fr\/wp-content\/uploads\/2025\/04\/water-ladder-ico.svg\" alt=\"Piscina (no climatizada)\" \/>\n                                                                                                        <img decoding=\"async\" src=\"https:\/\/www.vap-camping.fr\/wp-content\/uploads\/2025\/04\/martini-glass.svg\" alt=\"Restaurante\/Bar\" \/>\n                                                                                                        <img decoding=\"async\" src=\"https:\/\/www.vap-camping.fr\/wp-content\/uploads\/2025\/04\/wifi-ico.svg\" alt=\"Wifi\" \/>\n                                                                                                        <img decoding=\"async\" src=\"https:\/\/www.vap-camping.fr\/wp-content\/uploads\/2025\/04\/paw-solid.svg\" alt=\"Se admiten mascotas\" \/>\n                                                                                                        <img decoding=\"async\" src=\"https:\/\/www.vap-camping.fr\/wp-content\/uploads\/2025\/04\/party-horn-ico.svg\" alt=\"Entretenimiento estacional\" \/>\n                                                                                                        <img decoding=\"async\" src=\"https:\/\/www.vap-camping.fr\/wp-content\/uploads\/2025\/04\/table-tennis-paddle-ball.svg\" alt=\"Juegos infantiles\" \/>\n                                                                                                        <img decoding=\"async\" src=\"https:\/\/www.vap-camping.fr\/wp-content\/uploads\/2025\/04\/wheelchair-solid.svg\" alt=\"Tienda de recuerdos\" \/>\n                                                                                                <\/li>\n                                                                                <\/ul>\n                                <\/div>\n                            <\/div>\n                                            \n                                        <h4 class=\"journey-title\">Experiencias por descubrir<\/h4>\n                    <div class=\"journey-container\">\n                                                                                                                        <div class=\"swiper-slide\" data-lat=\"43.113778\"\n                                        data-long=\"1.609402\"\n                                        data-name=\"El Convento Carmelita de Pamiers\"\n                                        data-image=\"https:\/\/www.vap-camping.fr\/wp-content\/uploads\/2025\/09\/image-1-1.jpeg\">\n                                        <div class=\"j-link\">\n                                            <img decoding=\"async\" width=\"1024\" height=\"683\" src=\"https:\/\/www.vap-camping.fr\/wp-content\/uploads\/2025\/09\/image-1-1-1024x683.jpeg\" class=\"attachment-large size-large wp-post-image\" alt=\"\" srcset=\"https:\/\/www.vap-camping.fr\/wp-content\/uploads\/2025\/09\/image-1-1-1024x683.jpeg 1024w, https:\/\/www.vap-camping.fr\/wp-content\/uploads\/2025\/09\/image-1-1-600x400.jpeg 600w, https:\/\/www.vap-camping.fr\/wp-content\/uploads\/2025\/09\/image-1-1-768x512.jpeg 768w, https:\/\/www.vap-camping.fr\/wp-content\/uploads\/2025\/09\/image-1-1.jpeg 1200w\" sizes=\"(max-width: 1024px) 100vw, 1024px\" \/>                                            <p class=\"j-title\">El Convento Carmelita de Pamiers<\/p>\n                                            <a href=\"https:\/\/www.vap-camping.fr\/es\/lieux\/carmel-de-pamiers\/\"\n                                                title=\"El Convento Carmelita de Pamiers\"\n                                                class=\"j-button\">Descubre<\/a>\n                                        <\/div>\n                                        <div class=\"j-desc\">\n                                            <p class=\"j-desc-title\">El Convento Carmelita de Pamiers<\/p>\n                                            <p class=\"j-desc-excerpt\">Le Carmel de Pamier a 21 km del camping la bastide<\/p>\n                                            <a href=\"https:\/\/www.vap-camping.fr\/es\/lieux\/carmel-de-pamiers\/\"\n                                                title=\"El Convento Carmelita de Pamiers\"\n                                                class=\"j-desc-button\">Ver m\u00e1s<\/a>\n                                        <\/div>\n                                    <\/div>\n                                                                                                                                    <div class=\"swiper-slide\" data-lat=\"43.251549\"\n                                        data-long=\"1.679964\"\n                                        data-name=\"Museo Ardouin (Maz\u00e8res)\"\n                                        data-image=\"https:\/\/www.vap-camping.fr\/wp-content\/uploads\/2025\/09\/image-4-1.jpeg\">\n                                        <div class=\"j-link\">\n                                            <img decoding=\"async\" width=\"997\" height=\"749\" src=\"https:\/\/www.vap-camping.fr\/wp-content\/uploads\/2025\/09\/image-4-1.jpeg\" class=\"attachment-large size-large wp-post-image\" alt=\"Mus\u00e9e Ardouin \u00e0 Maz\u00e8res en Ari\u00e8ge\" srcset=\"https:\/\/www.vap-camping.fr\/wp-content\/uploads\/2025\/09\/image-4-1.jpeg 997w, https:\/\/www.vap-camping.fr\/wp-content\/uploads\/2025\/09\/image-4-1-600x451.jpeg 600w, https:\/\/www.vap-camping.fr\/wp-content\/uploads\/2025\/09\/image-4-1-768x577.jpeg 768w\" sizes=\"(max-width: 997px) 100vw, 997px\" \/>                                            <p class=\"j-title\">Museo Ardouin (Maz\u00e8res)<\/p>\n                                            <a href=\"https:\/\/www.vap-camping.fr\/es\/lieux\/musee-ardouin-mazeres\/\"\n                                                title=\"Museo Ardouin (Maz\u00e8res)\"\n                                                class=\"j-button\">Descubre<\/a>\n                                        <\/div>\n                                        <div class=\"j-desc\">\n                                            <p class=\"j-desc-title\">Museo Ardouin (Maz\u00e8res)<\/p>\n                                            <p class=\"j-desc-excerpt\">Explora el Museo de Ardouin en Maz\u00e8res, un viaje cautivador al coraz\u00f3n de la historia y la arqueolog\u00eda.<\/p>\n                                            <a href=\"https:\/\/www.vap-camping.fr\/es\/lieux\/musee-ardouin-mazeres\/\"\n                                                title=\"Museo Ardouin (Maz\u00e8res)\"\n                                                class=\"j-desc-button\">Ver m\u00e1s<\/a>\n                                        <\/div>\n                                    <\/div>\n                                                                                                            <\/div>\n                <\/div>\n                            <div class=\"step-desc step-3\" data-step-index=\"3\">\n                    <h3 class=\"step-title\">D\u00edas 4 y 5<\/h3>\n\n                                                                                            <div class=\"camping-wrapper\" data-lat=\"43.656093\"\n                                data-long=\"1.4131837\"\n                                data-name=\"Camping le Rup\u00e9(Toulouse)\"\n                                data-image=\"https:\/\/www.vap-camping.fr\/wp-content\/uploads\/2025\/04\/dsc03930-scaled.jpg\">\n                                                                    <a href=\"https:\/\/www.vap-camping.fr\/es\/campings\/camping-le-rupe\/\" class=\"c-link\"\n                                        title=\"Camping le Rup\u00e9(Toulouse)\">\n                                        <img decoding=\"async\" width=\"600\" height=\"293\" src=\"https:\/\/www.vap-camping.fr\/wp-content\/uploads\/2025\/04\/dsc03930-600x293.jpg\" class=\"attachment-medium size-medium wp-post-image\" alt=\"\" srcset=\"https:\/\/www.vap-camping.fr\/wp-content\/uploads\/2025\/04\/dsc03930-600x293.jpg 600w, https:\/\/www.vap-camping.fr\/wp-content\/uploads\/2025\/04\/dsc03930-1024x500.jpg 1024w, https:\/\/www.vap-camping.fr\/wp-content\/uploads\/2025\/04\/dsc03930-768x375.jpg 768w, https:\/\/www.vap-camping.fr\/wp-content\/uploads\/2025\/04\/dsc03930-1536x750.jpg 1536w, https:\/\/www.vap-camping.fr\/wp-content\/uploads\/2025\/04\/dsc03930-2048x1000.jpg 2048w\" sizes=\"(max-width: 600px) 100vw, 600px\" \/>                                        <p class=\"c-button\">Descubre<\/p>\n                                    <\/a>\n                                                                    <div class=\"camping-infos\">\n                                    <p class=\"c-title\">Camping le Rup\u00e9(Toulouse)<\/p>\n                                    <ul class=\"c-list\">\n                                                                                    <li>\n                                                Clasificaci\u00f3n                                                                                                    <img decoding=\"async\" src=\"\/wp-content\/themes\/vap\/assets\/img\/svg\/star-rating.svg\" alt=\"Classement\" \/>\n                                                                                                        <img decoding=\"async\" src=\"\/wp-content\/themes\/vap\/assets\/img\/svg\/star-rating.svg\" alt=\"Classement\" \/>\n                                                                                                        <img decoding=\"async\" src=\"\/wp-content\/themes\/vap\/assets\/img\/svg\/star-rating.svg\" alt=\"Classement\" \/>\n                                                                                                <\/li>\n                                                                                    <li>57 alquileres en 4,5 ha<\/li>\n                                        <li>130 y una zona natural dedicada a ciclistas y campistas a pie<\/li>\n                                                                                    <li style=\"display: flex; gap: 1rem; margin-top: 1rem;\">\n                                                                                                    <img decoding=\"async\" src=\"https:\/\/www.vap-camping.fr\/wp-content\/uploads\/2025\/04\/wheelchair-solid.svg\" alt=\"Acceso PMR\" \/>\n                                                                                                        <img decoding=\"async\" src=\"https:\/\/www.vap-camping.fr\/wp-content\/uploads\/2025\/04\/wifi-ico.svg\" alt=\"Wifi\" \/>\n                                                                                                        <img decoding=\"async\" src=\"https:\/\/www.vap-camping.fr\/wp-content\/uploads\/2025\/07\/bolt-solid.svg\" alt=\"6 puntos de recarga para veh\u00edculos el\u00e9ctricos\" \/>\n                                                                                                <\/li>\n                                                                                <\/ul>\n                                <\/div>\n                            <\/div>\n                                            \n                                        <h4 class=\"journey-title\">Experiencias por descubrir<\/h4>\n                    <div class=\"journey-container\">\n                                                                                                                        <div class=\"swiper-slide\" data-lat=\"43.593799\"\n                                        data-long=\"1.449334\"\n                                        data-name=\"Museo de Toulouse\"\n                                        data-image=\"https:\/\/www.vap-camping.fr\/wp-content\/uploads\/2025\/05\/image-10.jpeg\">\n                                        <div class=\"j-link\">\n                                            <img decoding=\"async\" width=\"1024\" height=\"683\" src=\"https:\/\/www.vap-camping.fr\/wp-content\/uploads\/2025\/05\/image-10-1024x683.jpeg\" class=\"attachment-large size-large wp-post-image\" alt=\"Toulouse Museum\" srcset=\"https:\/\/www.vap-camping.fr\/wp-content\/uploads\/2025\/05\/image-10-1024x683.jpeg 1024w, https:\/\/www.vap-camping.fr\/wp-content\/uploads\/2025\/05\/image-10-600x400.jpeg 600w, https:\/\/www.vap-camping.fr\/wp-content\/uploads\/2025\/05\/image-10-768x512.jpeg 768w, https:\/\/www.vap-camping.fr\/wp-content\/uploads\/2025\/05\/image-10.jpeg 1200w\" sizes=\"(max-width: 1024px) 100vw, 1024px\" \/>                                            <p class=\"j-title\">Museo de Toulouse<\/p>\n                                            <a href=\"https:\/\/www.vap-camping.fr\/es\/lieux\/museum-de-toulouse\/\"\n                                                title=\"Museo de Toulouse\"\n                                                class=\"j-button\">Descubre<\/a>\n                                        <\/div>\n                                        <div class=\"j-desc\">\n                                            <p class=\"j-desc-title\">Museo de Toulouse<\/p>\n                                            <p class=\"j-desc-excerpt\">Una aventura cient\u00edfica a s\u00f3lo 11 km del camping Le Rup\u00e9<\/p>\n                                            <a href=\"https:\/\/www.vap-camping.fr\/es\/lieux\/museum-de-toulouse\/\"\n                                                title=\"Museo de Toulouse\"\n                                                class=\"j-desc-button\">Ver m\u00e1s<\/a>\n                                        <\/div>\n                                    <\/div>\n                                                                                                                                    <div class=\"swiper-slide\" data-lat=\"43.603493\"\n                                        data-long=\"  1.440228\"\n                                        data-name=\"El Convento de los Jacobinos\"\n                                        data-image=\"https:\/\/www.vap-camping.fr\/wp-content\/uploads\/2025\/08\/couvent-des-jacobins-toulouse-1-scaled.jpg\">\n                                        <div class=\"j-link\">\n                                            <img decoding=\"async\" width=\"768\" height=\"1024\" src=\"https:\/\/www.vap-camping.fr\/wp-content\/uploads\/2025\/08\/couvent-des-jacobins-toulouse-1-768x1024.jpg\" class=\"attachment-large size-large wp-post-image\" alt=\"couvent Jacobin\" srcset=\"https:\/\/www.vap-camping.fr\/wp-content\/uploads\/2025\/08\/couvent-des-jacobins-toulouse-1-768x1024.jpg 768w, https:\/\/www.vap-camping.fr\/wp-content\/uploads\/2025\/08\/couvent-des-jacobins-toulouse-1-450x600.jpg 450w, https:\/\/www.vap-camping.fr\/wp-content\/uploads\/2025\/08\/couvent-des-jacobins-toulouse-1-1152x1536.jpg 1152w, https:\/\/www.vap-camping.fr\/wp-content\/uploads\/2025\/08\/couvent-des-jacobins-toulouse-1-1536x2048.jpg 1536w, https:\/\/www.vap-camping.fr\/wp-content\/uploads\/2025\/08\/couvent-des-jacobins-toulouse-1-scaled.jpg 1920w\" sizes=\"(max-width: 768px) 100vw, 768px\" \/>                                            <p class=\"j-title\">El Convento de los Jacobinos<\/p>\n                                            <a href=\"https:\/\/www.vap-camping.fr\/es\/lieux\/le-couvent-jacobin\/\"\n                                                title=\"El Convento de los Jacobinos\"\n                                                class=\"j-button\">Descubre<\/a>\n                                        <\/div>\n                                        <div class=\"j-desc\">\n                                            <p class=\"j-desc-title\">El Convento de los Jacobinos<\/p>\n                                            <p class=\"j-desc-excerpt\">El convento jacobino de Toulouse, uno de los lugares emblem\u00e1ticos de Toulouse, \u00a1a 8 km del camping Le Rup\u00e9!<\/p>\n                                            <a href=\"https:\/\/www.vap-camping.fr\/es\/lieux\/le-couvent-jacobin\/\"\n                                                title=\"El Convento de los Jacobinos\"\n                                                class=\"j-desc-button\">Ver m\u00e1s<\/a>\n                                        <\/div>\n                                    <\/div>\n                                                                                                                                    <div class=\"swiper-slide\" data-lat=\"43.607489\"\n                                        data-long=\"1.443303\"\n                                        data-name=\"La capilla carmelita\"\n                                        data-image=\"https:\/\/www.vap-camping.fr\/wp-content\/uploads\/2025\/11\/image.jpeg\">\n                                        <div class=\"j-link\">\n                                            <img decoding=\"async\" width=\"780\" height=\"560\" src=\"https:\/\/www.vap-camping.fr\/wp-content\/uploads\/2025\/11\/image.jpeg\" class=\"attachment-large size-large wp-post-image\" alt=\"Chapelle des Carm\u00e9lites\" srcset=\"https:\/\/www.vap-camping.fr\/wp-content\/uploads\/2025\/11\/image.jpeg 780w, https:\/\/www.vap-camping.fr\/wp-content\/uploads\/2025\/11\/image-600x431.jpeg 600w, https:\/\/www.vap-camping.fr\/wp-content\/uploads\/2025\/11\/image-768x551.jpeg 768w\" sizes=\"(max-width: 780px) 100vw, 780px\" \/>                                            <p class=\"j-title\">La capilla carmelita<\/p>\n                                            <a href=\"https:\/\/www.vap-camping.fr\/es\/lieux\/la-chapelle-des-carmelites\/\"\n                                                title=\"La capilla carmelita\"\n                                                class=\"j-button\">Descubre<\/a>\n                                        <\/div>\n                                        <div class=\"j-desc\">\n                                            <p class=\"j-desc-title\">La capilla carmelita<\/p>\n                                            <p class=\"j-desc-excerpt\">Visita una de las joyas barrocas de Toulouse y pasea por sus callejuelas.<\/p>\n                                            <a href=\"https:\/\/www.vap-camping.fr\/es\/lieux\/la-chapelle-des-carmelites\/\"\n                                                title=\"La capilla carmelita\"\n                                                class=\"j-desc-button\">Ver m\u00e1s<\/a>\n                                        <\/div>\n                                    <\/div>\n                                                                                                                                    <div class=\"swiper-slide\" data-lat=\"43.608416\"\n                                        data-long=\"1.441983\"\n                                        data-name=\"La Bas\u00edlica de Saint-Sernin\"\n                                        data-image=\"https:\/\/www.vap-camping.fr\/wp-content\/uploads\/2025\/11\/img_3773-scaled.jpeg\">\n                                        <div class=\"j-link\">\n                                            <img decoding=\"async\" width=\"1024\" height=\"768\" src=\"https:\/\/www.vap-camping.fr\/wp-content\/uploads\/2025\/11\/img_3773-1024x768.jpeg\" class=\"attachment-large size-large wp-post-image\" alt=\"La basilique saint serein\" srcset=\"https:\/\/www.vap-camping.fr\/wp-content\/uploads\/2025\/11\/img_3773-1024x768.jpeg 1024w, https:\/\/www.vap-camping.fr\/wp-content\/uploads\/2025\/11\/img_3773-600x450.jpeg 600w, https:\/\/www.vap-camping.fr\/wp-content\/uploads\/2025\/11\/img_3773-768x576.jpeg 768w, https:\/\/www.vap-camping.fr\/wp-content\/uploads\/2025\/11\/img_3773-1536x1152.jpeg 1536w, https:\/\/www.vap-camping.fr\/wp-content\/uploads\/2025\/11\/img_3773-2048x1536.jpeg 2048w\" sizes=\"(max-width: 1024px) 100vw, 1024px\" \/>                                            <p class=\"j-title\">La Bas\u00edlica de Saint-Sernin<\/p>\n                                            <a href=\"https:\/\/www.vap-camping.fr\/es\/lieux\/la-basilique-saint-sernin\/\"\n                                                title=\"La Bas\u00edlica de Saint-Sernin\"\n                                                class=\"j-button\">Descubre<\/a>\n                                        <\/div>\n                                        <div class=\"j-desc\">\n                                            <p class=\"j-desc-title\">La Bas\u00edlica de Saint-Sernin<\/p>\n                                            <p class=\"j-desc-excerpt\">\u00a1Visita la Bas\u00edlica de Saint-Sernin de Toulouse en transporte p\u00fablico o en bici desde el camping!<\/p>\n                                            <a href=\"https:\/\/www.vap-camping.fr\/es\/lieux\/la-basilique-saint-sernin\/\"\n                                                title=\"La Bas\u00edlica de Saint-Sernin\"\n                                                class=\"j-desc-button\">Ver m\u00e1s<\/a>\n                                        <\/div>\n                                    <\/div>\n                                                                                                                                    <div class=\"swiper-slide\" data-lat=\"43.600161\"\n                                        data-long=\"1.442149\"\n                                        data-name=\"El Hotel d&#8217;Ass\u00e9zat\"\n                                        data-image=\"https:\/\/www.vap-camping.fr\/wp-content\/uploads\/2025\/11\/image-1-1.jpeg\">\n                                        <div class=\"j-link\">\n                                            <img decoding=\"async\" width=\"1024\" height=\"683\" src=\"https:\/\/www.vap-camping.fr\/wp-content\/uploads\/2025\/11\/image-1-1-1024x683.jpeg\" class=\"attachment-large size-large wp-post-image\" alt=\"L\u2019H\u00f4tel d&#039;Ass\u00e9zat\" srcset=\"https:\/\/www.vap-camping.fr\/wp-content\/uploads\/2025\/11\/image-1-1-1024x683.jpeg 1024w, https:\/\/www.vap-camping.fr\/wp-content\/uploads\/2025\/11\/image-1-1-600x400.jpeg 600w, https:\/\/www.vap-camping.fr\/wp-content\/uploads\/2025\/11\/image-1-1-768x512.jpeg 768w, https:\/\/www.vap-camping.fr\/wp-content\/uploads\/2025\/11\/image-1-1-1536x1024.jpeg 1536w, https:\/\/www.vap-camping.fr\/wp-content\/uploads\/2025\/11\/image-1-1.jpeg 1920w\" sizes=\"(max-width: 1024px) 100vw, 1024px\" \/>                                            <p class=\"j-title\">El Hotel d&#8217;Ass\u00e9zat<\/p>\n                                            <a href=\"https:\/\/www.vap-camping.fr\/es\/lieux\/lhotel-dassezat\/\"\n                                                title=\"El Hotel d&#8217;Ass\u00e9zat\"\n                                                class=\"j-button\">Descubre<\/a>\n                                        <\/div>\n                                        <div class=\"j-desc\">\n                                            <p class=\"j-desc-title\">El Hotel d&#8217;Ass\u00e9zat<\/p>\n                                            <p class=\"j-desc-excerpt\">Una joya Renacimiento en el coraz\u00f3n de Toulouse Descubre el H\u00f4tel d&#8217;Ass\u00e9zat de Toulouse, una mezcla de arquitectura prestigiosa y \u2026<\/p>\n                                            <a href=\"https:\/\/www.vap-camping.fr\/es\/lieux\/lhotel-dassezat\/\"\n                                                title=\"El Hotel d&#8217;Ass\u00e9zat\"\n                                                class=\"j-desc-button\">Ver m\u00e1s<\/a>\n                                        <\/div>\n                                    <\/div>\n                                                                                                            <\/div>\n                <\/div>\n                        <\/div>\n<\/div>\n\n\n<div class=\"wp-block-group reveal has-global-padding is-layout-constrained wp-block-group-is-layout-constrained\">\n<div class=\"wp-block-group alignwide is-style-title-simple is-layout-flow wp-block-group-is-layout-flow is-style-title-simple--3\" style=\"margin-top:4rem;margin-bottom:4rem\">\n<p class=\"has-text-align-center has-secondary-color has-text-color has-link-color has-secondary-font-family has-xl-font-size wp-elements-4292de61de7822613e815fa80746a606\">Elija<\/p>\n\n\n\n<p class=\"has-text-align-center has-primary-font-family has-sm-font-size\" style=\"text-transform:uppercase\"><strong>TUS VACACIONES TEM\u00c1TICAS<\/strong><\/p>\n<\/div>\n\n\n\n    <div class=\"journey-wrapper is-layout-flow wp-block-slider-taxo-is-layout-flow\">\n        <div class=\"journey-slides\">\n                            <div class=\"journey-slide\">\n                    <a href=\"https:\/\/www.vap-camping.fr\/es\/sejours\/weekend-depaysant-dans-les-paysages-verdoyants-de-lariege\/\" class=\"journey\" title=\"Un fin de semana en los verdes paisajes del Ari\u00e8ge\">\n                        <img decoding=\"async\" width=\"2560\" height=\"1707\" src=\"https:\/\/www.vap-camping.fr\/wp-content\/uploads\/2025\/05\/AdobeStock_1440628082-scaled.jpeg\" class=\"attachment-3018 size-3018 wp-post-image\" alt=\"waterfall Ari\u00e8ge\" large=\"\" srcset=\"https:\/\/www.vap-camping.fr\/wp-content\/uploads\/2025\/05\/AdobeStock_1440628082-scaled.jpeg 2560w, https:\/\/www.vap-camping.fr\/wp-content\/uploads\/2025\/05\/AdobeStock_1440628082-600x400.jpeg 600w, https:\/\/www.vap-camping.fr\/wp-content\/uploads\/2025\/05\/AdobeStock_1440628082-1024x683.jpeg 1024w, https:\/\/www.vap-camping.fr\/wp-content\/uploads\/2025\/05\/AdobeStock_1440628082-768x512.jpeg 768w, https:\/\/www.vap-camping.fr\/wp-content\/uploads\/2025\/05\/AdobeStock_1440628082-1536x1024.jpeg 1536w, https:\/\/www.vap-camping.fr\/wp-content\/uploads\/2025\/05\/AdobeStock_1440628082-2048x1365.jpeg 2048w\" sizes=\"(max-width: 2560px) 100vw, 2560px\" \/>                        <p class=\"j-title\">\n                            Un cambio de aires garantizado                        <\/p>\n                        <p class=\"j-more\">\n                            Descubre                        <\/p>\n                    <\/a>\n                <\/div>\n\n                            <div class=\"journey-slide\">\n                    <a href=\"https:\/\/www.vap-camping.fr\/es\/sejours\/10-jours-dans-la-terre-ariegeoise\/\" class=\"journey\" title=\"10 d\u00edas en la regi\u00f3n de Ari\u00e8ge\">\n                        <img decoding=\"async\" width=\"2000\" height=\"1333\" src=\"https:\/\/www.vap-camping.fr\/wp-content\/uploads\/2025\/04\/AdobeStock_917113788.jpg\" class=\"attachment-3025 size-3025 wp-post-image\" alt=\"\" large=\"\" srcset=\"https:\/\/www.vap-camping.fr\/wp-content\/uploads\/2025\/04\/AdobeStock_917113788.jpg 2000w, https:\/\/www.vap-camping.fr\/wp-content\/uploads\/2025\/04\/AdobeStock_917113788-300x200.jpg 300w, https:\/\/www.vap-camping.fr\/wp-content\/uploads\/2025\/04\/AdobeStock_917113788-1024x682.jpg 1024w, https:\/\/www.vap-camping.fr\/wp-content\/uploads\/2025\/04\/AdobeStock_917113788-768x512.jpg 768w, https:\/\/www.vap-camping.fr\/wp-content\/uploads\/2025\/04\/AdobeStock_917113788-1536x1024.jpg 1536w\" sizes=\"(max-width: 2000px) 100vw, 2000px\" \/>                        <p class=\"j-title\">\n                            Aventura total                        <\/p>\n                        <p class=\"j-more\">\n                            Descubre                        <\/p>\n                    <\/a>\n                <\/div>\n\n                            <div class=\"journey-slide\">\n                    <a href=\"https:\/\/www.vap-camping.fr\/es\/sejours\/3-jours-daventure-entre-nature-et-histoire-en-ariege\/\" class=\"journey\" title=\"Castillos y fortalezas\">\n                        <img decoding=\"async\" width=\"2560\" height=\"1750\" src=\"https:\/\/www.vap-camping.fr\/wp-content\/uploads\/2025\/05\/AdobeStock_505119846-scaled.jpeg\" class=\"attachment-3029 size-3029 wp-post-image\" alt=\"\" large=\"\" srcset=\"https:\/\/www.vap-camping.fr\/wp-content\/uploads\/2025\/05\/AdobeStock_505119846-scaled.jpeg 2560w, https:\/\/www.vap-camping.fr\/wp-content\/uploads\/2025\/05\/AdobeStock_505119846-600x410.jpeg 600w, https:\/\/www.vap-camping.fr\/wp-content\/uploads\/2025\/05\/AdobeStock_505119846-1024x700.jpeg 1024w, https:\/\/www.vap-camping.fr\/wp-content\/uploads\/2025\/05\/AdobeStock_505119846-768x525.jpeg 768w, https:\/\/www.vap-camping.fr\/wp-content\/uploads\/2025\/05\/AdobeStock_505119846-1536x1050.jpeg 1536w, https:\/\/www.vap-camping.fr\/wp-content\/uploads\/2025\/05\/AdobeStock_505119846-2048x1400.jpeg 2048w\" sizes=\"(max-width: 2560px) 100vw, 2560px\" \/>                        <p class=\"j-title\">\n                            Castillos y fincas                        <\/p>\n                        <p class=\"j-more\">\n                            Descubre                        <\/p>\n                    <\/a>\n                <\/div>\n\n                            <div class=\"journey-slide\">\n                    <a href=\"https:\/\/www.vap-camping.fr\/es\/sejours\/des-sensations-fortes-a-vivre\/\" class=\"journey\" title=\"Toda una vida de emociones\">\n                        <img decoding=\"async\" width=\"2560\" height=\"1709\" src=\"https:\/\/www.vap-camping.fr\/wp-content\/uploads\/2025\/05\/AdobeStock_135226020-scaled.jpeg\" class=\"attachment-2936 size-2936 wp-post-image\" alt=\"parapente\" large=\"\" srcset=\"https:\/\/www.vap-camping.fr\/wp-content\/uploads\/2025\/05\/AdobeStock_135226020-scaled.jpeg 2560w, https:\/\/www.vap-camping.fr\/wp-content\/uploads\/2025\/05\/AdobeStock_135226020-600x401.jpeg 600w, https:\/\/www.vap-camping.fr\/wp-content\/uploads\/2025\/05\/AdobeStock_135226020-1024x684.jpeg 1024w, https:\/\/www.vap-camping.fr\/wp-content\/uploads\/2025\/05\/AdobeStock_135226020-768x513.jpeg 768w, https:\/\/www.vap-camping.fr\/wp-content\/uploads\/2025\/05\/AdobeStock_135226020-1536x1025.jpeg 1536w, https:\/\/www.vap-camping.fr\/wp-content\/uploads\/2025\/05\/AdobeStock_135226020-2048x1367.jpeg 2048w\" sizes=\"(max-width: 2560px) 100vw, 2560px\" \/>                        <p class=\"j-title\">\n                            Emociones y derrames                        <\/p>\n                        <p class=\"j-more\">\n                            Descubre                        <\/p>\n                    <\/a>\n                <\/div>\n\n                            <div class=\"journey-slide\">\n                    <a href=\"https:\/\/www.vap-camping.fr\/es\/sejours\/les-sommets-des-pyrenees-a-travers-des-activites-montagne\/\" class=\"journey\" title=\"Paseos o excursiones por nuestros establecimientos\">\n                        <img decoding=\"async\" width=\"2560\" height=\"1434\" src=\"https:\/\/www.vap-camping.fr\/wp-content\/uploads\/2025\/05\/AdobeStock_773958435-scaled.jpeg\" class=\"attachment-2930 size-2930 wp-post-image\" alt=\"\" large=\"\" srcset=\"https:\/\/www.vap-camping.fr\/wp-content\/uploads\/2025\/05\/AdobeStock_773958435-scaled.jpeg 2560w, https:\/\/www.vap-camping.fr\/wp-content\/uploads\/2025\/05\/AdobeStock_773958435-600x336.jpeg 600w, https:\/\/www.vap-camping.fr\/wp-content\/uploads\/2025\/05\/AdobeStock_773958435-1024x574.jpeg 1024w, https:\/\/www.vap-camping.fr\/wp-content\/uploads\/2025\/05\/AdobeStock_773958435-768x430.jpeg 768w, https:\/\/www.vap-camping.fr\/wp-content\/uploads\/2025\/05\/AdobeStock_773958435-1536x861.jpeg 1536w, https:\/\/www.vap-camping.fr\/wp-content\/uploads\/2025\/05\/AdobeStock_773958435-2048x1148.jpeg 2048w\" sizes=\"(max-width: 2560px) 100vw, 2560px\" \/>                        <p class=\"j-title\">\n                            Paseos y excursiones                          <\/p>\n                        <p class=\"j-more\">\n                            Descubre                        <\/p>\n                    <\/a>\n                <\/div>\n\n                            <div class=\"journey-slide\">\n                    <a href=\"https:\/\/www.vap-camping.fr\/es\/sejours\/le-temps-des-legendes-a-travers-les-chateaux-de-lariege\/\" class=\"journey\" title=\"Toulouse y Ari\u00e8ge en bicicleta\">\n                        <img decoding=\"async\" width=\"1920\" height=\"1281\" src=\"https:\/\/www.vap-camping.fr\/wp-content\/uploads\/2025\/08\/activites-nature-ariege.webp\" class=\"attachment-2963 size-2963 wp-post-image\" alt=\"Activit\u00e9s nature pr\u00e8s de nos campings en Ari\u00e8ge.\" large=\"\" srcset=\"https:\/\/www.vap-camping.fr\/wp-content\/uploads\/2025\/08\/activites-nature-ariege.webp 1920w, https:\/\/www.vap-camping.fr\/wp-content\/uploads\/2025\/08\/activites-nature-ariege-600x400.webp 600w, https:\/\/www.vap-camping.fr\/wp-content\/uploads\/2025\/08\/activites-nature-ariege-1024x683.webp 1024w, https:\/\/www.vap-camping.fr\/wp-content\/uploads\/2025\/08\/activites-nature-ariege-768x512.webp 768w, https:\/\/www.vap-camping.fr\/wp-content\/uploads\/2025\/08\/activites-nature-ariege-1536x1025.webp 1536w\" sizes=\"(max-width: 1920px) 100vw, 1920px\" \/>                        <p class=\"j-title\">\n                            Toulouse y Ari\u00e8ge en bicicleta                        <\/p>\n                        <p class=\"j-more\">\n                            Descubre                        <\/p>\n                    <\/a>\n                <\/div>\n\n                            <div class=\"journey-slide\">\n                    <a href=\"https:\/\/www.vap-camping.fr\/es\/sejours\/lhiver-en-ariege-pour-vos-vacances-en-famille\/\" class=\"journey\" title=\"Invierno con VAP\">\n                        <img decoding=\"async\" width=\"2560\" height=\"1707\" src=\"https:\/\/www.vap-camping.fr\/wp-content\/uploads\/2025\/05\/AdobeStock_23369091-scaled.jpeg\" class=\"attachment-2968 size-2968 wp-post-image\" alt=\"\" large=\"\" srcset=\"https:\/\/www.vap-camping.fr\/wp-content\/uploads\/2025\/05\/AdobeStock_23369091-scaled.jpeg 2560w, https:\/\/www.vap-camping.fr\/wp-content\/uploads\/2025\/05\/AdobeStock_23369091-600x400.jpeg 600w, https:\/\/www.vap-camping.fr\/wp-content\/uploads\/2025\/05\/AdobeStock_23369091-1024x683.jpeg 1024w, https:\/\/www.vap-camping.fr\/wp-content\/uploads\/2025\/05\/AdobeStock_23369091-768x512.jpeg 768w, https:\/\/www.vap-camping.fr\/wp-content\/uploads\/2025\/05\/AdobeStock_23369091-1536x1024.jpeg 1536w, https:\/\/www.vap-camping.fr\/wp-content\/uploads\/2025\/05\/AdobeStock_23369091-2048x1365.jpeg 2048w\" sizes=\"(max-width: 2560px) 100vw, 2560px\" \/>                        <p class=\"j-title\">\n                            Invierno con VAP                        <\/p>\n                        <p class=\"j-more\">\n                            Descubre                        <\/p>\n                    <\/a>\n                <\/div>\n\n                            <div class=\"journey-slide\">\n                    <a href=\"https:\/\/www.vap-camping.fr\/es\/sejours\/offrez-vous-une-pause-bien-etre-en-ariege\/\" class=\"journey\" title=\"5 ideas para una escapada de bienestar\">\n                        <img decoding=\"async\" width=\"2560\" height=\"1637\" src=\"https:\/\/www.vap-camping.fr\/wp-content\/uploads\/2025\/05\/AdobeStock_1074550848-scaled.jpeg\" class=\"attachment-2486 size-2486 wp-post-image\" alt=\"\" large=\"\" srcset=\"https:\/\/www.vap-camping.fr\/wp-content\/uploads\/2025\/05\/AdobeStock_1074550848-scaled.jpeg 2560w, https:\/\/www.vap-camping.fr\/wp-content\/uploads\/2025\/05\/AdobeStock_1074550848-600x384.jpeg 600w, https:\/\/www.vap-camping.fr\/wp-content\/uploads\/2025\/05\/AdobeStock_1074550848-1024x655.jpeg 1024w, https:\/\/www.vap-camping.fr\/wp-content\/uploads\/2025\/05\/AdobeStock_1074550848-768x491.jpeg 768w, https:\/\/www.vap-camping.fr\/wp-content\/uploads\/2025\/05\/AdobeStock_1074550848-1536x982.jpeg 1536w, https:\/\/www.vap-camping.fr\/wp-content\/uploads\/2025\/05\/AdobeStock_1074550848-2048x1310.jpeg 2048w\" sizes=\"(max-width: 2560px) 100vw, 2560px\" \/>                        <p class=\"j-title\">\n                            Bienestar                        <\/p>\n                        <p class=\"j-more\">\n                            Descubre                        <\/p>\n                    <\/a>\n                <\/div>\n\n                            <div class=\"journey-slide\">\n                    <a href=\"https:\/\/www.vap-camping.fr\/es\/sejours\/primavera-en-edad-vivir-la-sensibilidad-renovacion\/\" class=\"journey\" title=\"Visitas industriales\">\n                        <img decoding=\"async\" width=\"1200\" height=\"789\" src=\"https:\/\/www.vap-camping.fr\/wp-content\/uploads\/2025\/09\/image-2.jpeg\" class=\"attachment-2990 size-2990 wp-post-image\" alt=\"Talcane\u00f4\" large=\"\" srcset=\"https:\/\/www.vap-camping.fr\/wp-content\/uploads\/2025\/09\/image-2.jpeg 1200w, https:\/\/www.vap-camping.fr\/wp-content\/uploads\/2025\/09\/image-2-600x395.jpeg 600w, https:\/\/www.vap-camping.fr\/wp-content\/uploads\/2025\/09\/image-2-1024x673.jpeg 1024w, https:\/\/www.vap-camping.fr\/wp-content\/uploads\/2025\/09\/image-2-768x505.jpeg 768w\" sizes=\"(max-width: 1200px) 100vw, 1200px\" \/>                        <p class=\"j-title\">\n                            Visitas industriales                          <\/p>\n                        <p class=\"j-more\">\n                            Descubre                        <\/p>\n                    <\/a>\n                <\/div>\n\n                            <div class=\"journey-slide\">\n                    <a href=\"https:\/\/www.vap-camping.fr\/es\/sejours\/voyage-prehistorique-a-travers-les-grottes-cachees-de-l-ariege\/\" class=\"journey\" title=\"Visita las cuevas\">\n                        <img decoding=\"async\" width=\"2560\" height=\"1707\" src=\"https:\/\/www.vap-camping.fr\/wp-content\/uploads\/2025\/04\/AdobeStock_885725894-scaled.jpeg\" class=\"attachment-2950 size-2950 wp-post-image\" alt=\"\" large=\"\" srcset=\"https:\/\/www.vap-camping.fr\/wp-content\/uploads\/2025\/04\/AdobeStock_885725894-scaled.jpeg 2560w, https:\/\/www.vap-camping.fr\/wp-content\/uploads\/2025\/04\/AdobeStock_885725894-600x400.jpeg 600w, https:\/\/www.vap-camping.fr\/wp-content\/uploads\/2025\/04\/AdobeStock_885725894-1024x683.jpeg 1024w, https:\/\/www.vap-camping.fr\/wp-content\/uploads\/2025\/04\/AdobeStock_885725894-768x512.jpeg 768w, https:\/\/www.vap-camping.fr\/wp-content\/uploads\/2025\/04\/AdobeStock_885725894-1536x1024.jpeg 1536w, https:\/\/www.vap-camping.fr\/wp-content\/uploads\/2025\/04\/AdobeStock_885725894-2048x1365.jpeg 2048w\" sizes=\"(max-width: 2560px) 100vw, 2560px\" \/>                        <p class=\"j-title\">\n                            Visita las cuevas                        <\/p>\n                        <p class=\"j-more\">\n                            Descubre                        <\/p>\n                    <\/a>\n                <\/div>\n\n                            <div class=\"journey-slide\">\n                    <a href=\"https:\/\/www.vap-camping.fr\/es\/sejours\/voyage-romantique-vos-vacances-a-deux-en-ariege\/\" class=\"journey\" title=\"Vacaciones rom\u00e1nticas para dos en Ari\u00e8ge\">\n                        <img decoding=\"async\" width=\"2560\" height=\"1707\" src=\"https:\/\/www.vap-camping.fr\/wp-content\/uploads\/2025\/05\/AdobeStock_693006007-scaled.jpeg\" class=\"attachment-3006 size-3006 wp-post-image\" alt=\"ap\u00e9ro\" large=\"\" srcset=\"https:\/\/www.vap-camping.fr\/wp-content\/uploads\/2025\/05\/AdobeStock_693006007-scaled.jpeg 2560w, https:\/\/www.vap-camping.fr\/wp-content\/uploads\/2025\/05\/AdobeStock_693006007-600x400.jpeg 600w, https:\/\/www.vap-camping.fr\/wp-content\/uploads\/2025\/05\/AdobeStock_693006007-1024x683.jpeg 1024w, https:\/\/www.vap-camping.fr\/wp-content\/uploads\/2025\/05\/AdobeStock_693006007-768x512.jpeg 768w, https:\/\/www.vap-camping.fr\/wp-content\/uploads\/2025\/05\/AdobeStock_693006007-1536x1024.jpeg 1536w, https:\/\/www.vap-camping.fr\/wp-content\/uploads\/2025\/05\/AdobeStock_693006007-2048x1365.jpeg 2048w\" sizes=\"(max-width: 2560px) 100vw, 2560px\" \/>                        <p class=\"j-title\">\n                            Viajes rom\u00e1nticos                        <\/p>\n                        <p class=\"j-more\">\n                            Descubre                        <\/p>\n                    <\/a>\n                <\/div>\n\n                            <div class=\"journey-slide\">\n                    <a href=\"https:\/\/www.vap-camping.fr\/es\/sejours\/aventure-en-groupe-au-coeur-de-lariege\/\" class=\"journey\" title=\"Aventura en grupo en el coraz\u00f3n del Ari\u00e8ge\">\n                        <img decoding=\"async\" width=\"2560\" height=\"1709\" src=\"https:\/\/www.vap-camping.fr\/wp-content\/uploads\/2025\/05\/AdobeStock_274495436-scaled.jpeg\" class=\"attachment-2994 size-2994 wp-post-image\" alt=\"speleological\" large=\"\" srcset=\"https:\/\/www.vap-camping.fr\/wp-content\/uploads\/2025\/05\/AdobeStock_274495436-scaled.jpeg 2560w, https:\/\/www.vap-camping.fr\/wp-content\/uploads\/2025\/05\/AdobeStock_274495436-600x401.jpeg 600w, https:\/\/www.vap-camping.fr\/wp-content\/uploads\/2025\/05\/AdobeStock_274495436-1024x684.jpeg 1024w, https:\/\/www.vap-camping.fr\/wp-content\/uploads\/2025\/05\/AdobeStock_274495436-768x513.jpeg 768w, https:\/\/www.vap-camping.fr\/wp-content\/uploads\/2025\/05\/AdobeStock_274495436-1536x1025.jpeg 1536w, https:\/\/www.vap-camping.fr\/wp-content\/uploads\/2025\/05\/AdobeStock_274495436-2048x1367.jpeg 2048w\" sizes=\"(max-width: 2560px) 100vw, 2560px\" \/>                        <p class=\"j-title\">\n                            Aventura en grupo                        <\/p>\n                        <p class=\"j-more\">\n                            Descubre                        <\/p>\n                    <\/a>\n                <\/div>\n\n                            <div class=\"journey-slide\">\n                    <a href=\"https:\/\/www.vap-camping.fr\/es\/sejours\/moments-partages-en-famille-au-coeur-de-lariege\/\" class=\"journey\" title=\"Diversi\u00f3n familiar en el coraz\u00f3n de Ari\u00e8ge\">\n                        <img decoding=\"async\" width=\"2560\" height=\"1683\" src=\"https:\/\/www.vap-camping.fr\/wp-content\/uploads\/2025\/05\/AdobeStock_285782136-scaled.jpeg\" class=\"attachment-2984 size-2984 wp-post-image\" alt=\"\" large=\"\" srcset=\"https:\/\/www.vap-camping.fr\/wp-content\/uploads\/2025\/05\/AdobeStock_285782136-scaled.jpeg 2560w, https:\/\/www.vap-camping.fr\/wp-content\/uploads\/2025\/05\/AdobeStock_285782136-600x395.jpeg 600w, https:\/\/www.vap-camping.fr\/wp-content\/uploads\/2025\/05\/AdobeStock_285782136-1024x673.jpeg 1024w, https:\/\/www.vap-camping.fr\/wp-content\/uploads\/2025\/05\/AdobeStock_285782136-768x505.jpeg 768w, https:\/\/www.vap-camping.fr\/wp-content\/uploads\/2025\/05\/AdobeStock_285782136-1536x1010.jpeg 1536w, https:\/\/www.vap-camping.fr\/wp-content\/uploads\/2025\/05\/AdobeStock_285782136-2048x1347.jpeg 2048w\" sizes=\"(max-width: 2560px) 100vw, 2560px\" \/>                        <p class=\"j-title\">\n                            Tiempo en familia                        <\/p>\n                        <p class=\"j-more\">\n                            Descubre                        <\/p>\n                    <\/a>\n                <\/div>\n\n                            <div class=\"journey-slide\">\n                    <a href=\"https:\/\/www.vap-camping.fr\/es\/sejours\/voyageur-solo-une-rencontre-avec-soi-meme-en-ariege\/\" class=\"journey\" title=\"Viajeros en solitario, un encuentro contigo mismo en Ari\u00e8ge\">\n                        <img decoding=\"async\" width=\"2560\" height=\"1920\" src=\"https:\/\/www.vap-camping.fr\/wp-content\/uploads\/2025\/05\/AdobeStock_1312971900.jpeg\" class=\"attachment-3001 size-3001 wp-post-image\" alt=\"randonee Ari\u00e8ge\" large=\"\" srcset=\"https:\/\/www.vap-camping.fr\/wp-content\/uploads\/2025\/05\/AdobeStock_1312971900.jpeg 2560w, https:\/\/www.vap-camping.fr\/wp-content\/uploads\/2025\/05\/AdobeStock_1312971900-600x450.jpeg 600w, https:\/\/www.vap-camping.fr\/wp-content\/uploads\/2025\/05\/AdobeStock_1312971900-1024x768.jpeg 1024w, https:\/\/www.vap-camping.fr\/wp-content\/uploads\/2025\/05\/AdobeStock_1312971900-768x576.jpeg 768w, https:\/\/www.vap-camping.fr\/wp-content\/uploads\/2025\/05\/AdobeStock_1312971900-1536x1152.jpeg 1536w, https:\/\/www.vap-camping.fr\/wp-content\/uploads\/2025\/05\/AdobeStock_1312971900-2048x1536.jpeg 2048w\" sizes=\"(max-width: 2560px) 100vw, 2560px\" \/>                        <p class=\"j-title\">\n                            Viajar solo                        <\/p>\n                        <p class=\"j-more\">\n                            Descubre                        <\/p>\n                    <\/a>\n                <\/div>\n\n                            <div class=\"journey-slide\">\n                    <a href=\"https:\/\/www.vap-camping.fr\/es\/sejours\/lautomne-en-ariege-a-travers-des-paysages-colores\/\" class=\"journey\" title=\"Oto\u00f1o en el Ari\u00e8ge a trav\u00e9s de paisajes llenos de color\">\n                        <img decoding=\"async\" width=\"2560\" height=\"1707\" src=\"https:\/\/www.vap-camping.fr\/wp-content\/uploads\/2025\/05\/AdobeStock_417307917-scaled.jpeg\" class=\"attachment-2978 size-2978 wp-post-image\" alt=\"lac de bexhmale printemps\" large=\"\" srcset=\"https:\/\/www.vap-camping.fr\/wp-content\/uploads\/2025\/05\/AdobeStock_417307917-scaled.jpeg 2560w, https:\/\/www.vap-camping.fr\/wp-content\/uploads\/2025\/05\/AdobeStock_417307917-600x400.jpeg 600w, https:\/\/www.vap-camping.fr\/wp-content\/uploads\/2025\/05\/AdobeStock_417307917-1024x683.jpeg 1024w, https:\/\/www.vap-camping.fr\/wp-content\/uploads\/2025\/05\/AdobeStock_417307917-768x512.jpeg 768w, https:\/\/www.vap-camping.fr\/wp-content\/uploads\/2025\/05\/AdobeStock_417307917-1536x1024.jpeg 1536w, https:\/\/www.vap-camping.fr\/wp-content\/uploads\/2025\/05\/AdobeStock_417307917-2048x1365.jpeg 2048w\" sizes=\"(max-width: 2560px) 100vw, 2560px\" \/>                        <p class=\"j-title\">\n                            Oto\u00f1o en Ari\u00e8ge                        <\/p>\n                        <p class=\"j-more\">\n                            Descubre                        <\/p>\n                    <\/a>\n                <\/div>\n\n                            <div class=\"journey-slide\">\n                    <a href=\"https:\/\/www.vap-camping.fr\/es\/sejours\/votre-ete-entre-charme-et-authenticite-en-ariege\/\" class=\"journey\" title=\"Un verano de encanto y autenticidad en Ari\u00e8ge\">\n                        <img decoding=\"async\" width=\"2560\" height=\"1919\" src=\"https:\/\/www.vap-camping.fr\/wp-content\/uploads\/2025\/05\/AdobeStock_289802388-scaled.jpeg\" class=\"attachment-2956 size-2956 wp-post-image\" alt=\"\" large=\"\" srcset=\"https:\/\/www.vap-camping.fr\/wp-content\/uploads\/2025\/05\/AdobeStock_289802388-scaled.jpeg 2560w, https:\/\/www.vap-camping.fr\/wp-content\/uploads\/2025\/05\/AdobeStock_289802388-600x450.jpeg 600w, https:\/\/www.vap-camping.fr\/wp-content\/uploads\/2025\/05\/AdobeStock_289802388-1024x767.jpeg 1024w, https:\/\/www.vap-camping.fr\/wp-content\/uploads\/2025\/05\/AdobeStock_289802388-768x576.jpeg 768w, https:\/\/www.vap-camping.fr\/wp-content\/uploads\/2025\/05\/AdobeStock_289802388-1536x1151.jpeg 1536w, https:\/\/www.vap-camping.fr\/wp-content\/uploads\/2025\/05\/AdobeStock_289802388-2048x1535.jpeg 2048w\" sizes=\"(max-width: 2560px) 100vw, 2560px\" \/>                        <p class=\"j-title\">\n                            Charmes                        <\/p>\n                        <p class=\"j-more\">\n                            Descubre                        <\/p>\n                    <\/a>\n                <\/div>\n\n                            <div class=\"journey-slide\">\n                    <a href=\"https:\/\/www.vap-camping.fr\/es\/sejours\/les-stations-thermales-pour-votre-bien-etre-et-votre-serenite\/\" class=\"journey\" title=\"Balnearios para tu bienestar y serenidad\">\n                        <img decoding=\"async\" width=\"2560\" height=\"1707\" src=\"https:\/\/www.vap-camping.fr\/wp-content\/uploads\/2025\/05\/AdobeStock_519183132-1-scaled.jpeg\" class=\"attachment-2974 size-2974 wp-post-image\" alt=\"\" large=\"\" srcset=\"https:\/\/www.vap-camping.fr\/wp-content\/uploads\/2025\/05\/AdobeStock_519183132-1-scaled.jpeg 2560w, https:\/\/www.vap-camping.fr\/wp-content\/uploads\/2025\/05\/AdobeStock_519183132-1-600x400.jpeg 600w, https:\/\/www.vap-camping.fr\/wp-content\/uploads\/2025\/05\/AdobeStock_519183132-1-1024x683.jpeg 1024w, https:\/\/www.vap-camping.fr\/wp-content\/uploads\/2025\/05\/AdobeStock_519183132-1-768x512.jpeg 768w, https:\/\/www.vap-camping.fr\/wp-content\/uploads\/2025\/05\/AdobeStock_519183132-1-1536x1024.jpeg 1536w, https:\/\/www.vap-camping.fr\/wp-content\/uploads\/2025\/05\/AdobeStock_519183132-1-2048x1365.jpeg 2048w\" sizes=\"(max-width: 2560px) 100vw, 2560px\" \/>                        <p class=\"j-title\">\n                            Serenidad                        <\/p>\n                        <p class=\"j-more\">\n                            Descubre                        <\/p>\n                    <\/a>\n                <\/div>\n\n                            <div class=\"journey-slide\">\n                    <a href=\"https:\/\/www.vap-camping.fr\/es\/sejours\/rendez-vous-aux-plus-beaux-villages-ariegeois\/\" class=\"journey\" title=\"Los pueblos m\u00e1s bonitos del Ari\u00e8ge\">\n                        <img decoding=\"async\" width=\"2560\" height=\"1707\" src=\"https:\/\/www.vap-camping.fr\/wp-content\/uploads\/2025\/05\/AdobeStock_124848663-scaled.jpeg\" class=\"attachment-2940 size-2940 wp-post-image\" alt=\"\" large=\"\" srcset=\"https:\/\/www.vap-camping.fr\/wp-content\/uploads\/2025\/05\/AdobeStock_124848663-scaled.jpeg 2560w, https:\/\/www.vap-camping.fr\/wp-content\/uploads\/2025\/05\/AdobeStock_124848663-600x400.jpeg 600w, https:\/\/www.vap-camping.fr\/wp-content\/uploads\/2025\/05\/AdobeStock_124848663-1024x683.jpeg 1024w, https:\/\/www.vap-camping.fr\/wp-content\/uploads\/2025\/05\/AdobeStock_124848663-768x512.jpeg 768w, https:\/\/www.vap-camping.fr\/wp-content\/uploads\/2025\/05\/AdobeStock_124848663-1536x1024.jpeg 1536w, https:\/\/www.vap-camping.fr\/wp-content\/uploads\/2025\/05\/AdobeStock_124848663-2048x1365.jpeg 2048w\" sizes=\"(max-width: 2560px) 100vw, 2560px\" \/>                        <p class=\"j-title\">\n                            En el coraz\u00f3n de los pueblos                        <\/p>\n                        <p class=\"j-more\">\n                            Descubre                        <\/p>\n                    <\/a>\n                <\/div>\n\n                            <div class=\"journey-slide\">\n                    <a href=\"https:\/\/www.vap-camping.fr\/es\/sejours\/marche-et-producteurs-locaux\/\" class=\"journey\" title=\"Mercado y productores locales\">\n                        <img decoding=\"async\" width=\"1200\" height=\"901\" src=\"https:\/\/www.vap-camping.fr\/wp-content\/uploads\/2025\/12\/image-30.jpeg\" class=\"attachment-6151 size-6151 wp-post-image\" alt=\"\" large=\"\" srcset=\"https:\/\/www.vap-camping.fr\/wp-content\/uploads\/2025\/12\/image-30.jpeg 1200w, https:\/\/www.vap-camping.fr\/wp-content\/uploads\/2025\/12\/image-30-600x451.jpeg 600w, https:\/\/www.vap-camping.fr\/wp-content\/uploads\/2025\/12\/image-30-1024x769.jpeg 1024w, https:\/\/www.vap-camping.fr\/wp-content\/uploads\/2025\/12\/image-30-768x577.jpeg 768w\" sizes=\"(max-width: 1200px) 100vw, 1200px\" \/>                        <p class=\"j-title\">\n                            Mercados y productores                          <\/p>\n                        <p class=\"j-more\">\n                            Descubre                        <\/p>\n                    <\/a>\n                <\/div>\n\n                            <div class=\"journey-slide\">\n                    <a href=\"https:\/\/www.vap-camping.fr\/es\/sejours\/nature-sauvage-de-l-ariege-a-decouvrir\/\" class=\"journey\" title=\"Descubre la naturaleza salvaje del Ari\u00e8ge\">\n                        <img decoding=\"async\" width=\"2560\" height=\"1463\" src=\"https:\/\/www.vap-camping.fr\/wp-content\/uploads\/2025\/05\/AdobeStock_1244397702-scaled.jpeg\" class=\"attachment-2946 size-2946 wp-post-image\" alt=\"\" large=\"\" srcset=\"https:\/\/www.vap-camping.fr\/wp-content\/uploads\/2025\/05\/AdobeStock_1244397702-scaled.jpeg 2560w, https:\/\/www.vap-camping.fr\/wp-content\/uploads\/2025\/05\/AdobeStock_1244397702-600x343.jpeg 600w, https:\/\/www.vap-camping.fr\/wp-content\/uploads\/2025\/05\/AdobeStock_1244397702-1024x585.jpeg 1024w, https:\/\/www.vap-camping.fr\/wp-content\/uploads\/2025\/05\/AdobeStock_1244397702-768x439.jpeg 768w, https:\/\/www.vap-camping.fr\/wp-content\/uploads\/2025\/05\/AdobeStock_1244397702-1536x878.jpeg 1536w, https:\/\/www.vap-camping.fr\/wp-content\/uploads\/2025\/05\/AdobeStock_1244397702-2048x1170.jpeg 2048w\" sizes=\"(max-width: 2560px) 100vw, 2560px\" \/>                        <p class=\"j-title\">\n                            Naturaleza salvaje                        <\/p>\n                        <p class=\"j-more\">\n                            Descubre                        <\/p>\n                    <\/a>\n                <\/div>\n\n                    <\/div>\n        <div class=\"journey-buttons\">\n            <button class=\"j-prev\">ARR<\/button>\n            <button class=\"j-next\">AV<\/button>\n        <\/div>\n    <\/div>\n\n\n<\/div>\n<\/div>\n","protected":false},"excerpt":{"rendered":"<p>Visitas culturales en Occitania \u00a1Esperamos recibirte en nuestras visitas culturales cerca de Toulouse y en Ari\u00e8ge! Occitanie est\u00e1 llena de tesoros culturales para descubrir durante tu estancia en nuestros establecimientos. Entre historia, patrimonio y tradiciones, cada escapada se convierte en una inmersi\u00f3n en el coraz\u00f3n de una regi\u00f3n aut\u00e9ntica. Pasea por encantadoras callejuelas, descubre monumentos [&hellip;]<\/p>\n","protected":false},"featured_media":3281,"parent":0,"template":"","format":"standard","meta":{"_acf_changed":false,"_seopress_robots_primary_cat":"","_seopress_titles_title":"","_seopress_titles_desc":"","_seopress_robots_index":"","ouverture":"","nombre_de_locations":"","nombre_demplacements":"","adresse":"","numero_de_telephone":"","email":"","url_du_site":"","footnotes":""},"class_list":["post-3013","sejours","type-sejours","status-publish","format-standard","has-post-thumbnail","hentry"],"acf":{"titre_court":"Visitas culturales","steps":[{"step_title":"D\u00eda 1","af_camping":[2487],"af_places":[6797]},{"step_title":"D\u00eda 2","af_camping":[3041],"af_places":[3893]},{"step_title":"D\u00eda 3","af_camping":[2503],"af_places":[3878,3902]},{"step_title":"D\u00edas 4 y 5","af_camping":[2571],"af_places":[3116,6592,6560,6538,6512]}]},"_links":{"self":[{"href":"https:\/\/www.vap-camping.fr\/es\/wp-json\/wp\/v2\/sejours\/3013","targetHints":{"allow":["GET"]}}],"collection":[{"href":"https:\/\/www.vap-camping.fr\/es\/wp-json\/wp\/v2\/sejours"}],"about":[{"href":"https:\/\/www.vap-camping.fr\/es\/wp-json\/wp\/v2\/types\/sejours"}],"version-history":[{"count":6,"href":"https:\/\/www.vap-camping.fr\/es\/wp-json\/wp\/v2\/sejours\/3013\/revisions"}],"predecessor-version":[{"id":7362,"href":"https:\/\/www.vap-camping.fr\/es\/wp-json\/wp\/v2\/sejours\/3013\/revisions\/7362"}],"wp:featuredmedia":[{"embeddable":true,"href":"https:\/\/www.vap-camping.fr\/es\/wp-json\/wp\/v2\/media\/3281"}],"wp:attachment":[{"href":"https:\/\/www.vap-camping.fr\/es\/wp-json\/wp\/v2\/media?parent=3013"}],"curies":[{"name":"wp","href":"https:\/\/api.w.org\/{rel}","templated":true}]}}